{"id":73083,"date":"2025-04-29T07:30:00","date_gmt":"2025-04-29T05:30:00","guid":{"rendered":"https:\/\/www.deinadieu.ch\/ratgeber\/eredita-e-disuguaglianza-sociale\/"},"modified":"2026-01-18T10:04:06","modified_gmt":"2026-01-18T09:04:06","slug":"eredita-e-disuguaglianza-sociale","status":"publish","type":"ratgeber","link":"https:\/\/www.deinadieu.ch\/it\/guida\/eredita-e-disuguaglianza-sociale\/","title":{"rendered":"Eredit\u00e0 e disuguaglianza sociale"},"content":{"rendered":"\n<p>La discussione sull&#8217;introduzione di un&#8217;imposta federale sulle successioni \u00e8 un tema che da anni viene dibattuto in modo controverso in Svizzera e, soprattutto con l&#8217;iniziativa presentata nella primavera del 2024, \u00e8 improbabile che l&#8217;argomento perda la sua attualit\u00e0 in futuro. Una domanda fondamentale \u00e8 se e come le eredit\u00e0 contribuiscono alla disuguaglianza sociale in quanto &#8220;ricchezza non guadagnata&#8221; e quali misure potrebbero essere adottate per mitigare questo effetto. <\/p>\n\n<!--more-->\n\n<div style=\"height:40px\" aria-hidden=\"true\" class=\"wp-block-spacer\"><\/div>\n\n<h3 class=\"wp-block-heading\" id=\"h-juristische-grundlagen\"><strong>Basi legali<\/strong><\/h3>\n\n<p>A differenza di altri Paesi, la Svizzera non ha un&#8217;imposta di successione a livello federale. La maggior parte dei cantoni (ad eccezione dei cantoni di Svitto e Obvaldo) prevede un&#8217;imposta di successione, il cui importo dipende in larga misura dal grado di parentela. Puoi trovare una panoramica dei cantoni <a href=\"https:\/\/www.deinadieu.ch\/it\/guida\/paragone-tra-limposta-sulle-successioni-in-svizzera\/\">qui<\/a>. <\/p>\n\n<h3 class=\"wp-block-heading\" id=\"h-erbschaften-als-unverdientes-vermogen\"><strong>Eredit\u00e0 come &#8220;beni non guadagnati&#8221;<\/strong><\/h3>\n\n<p>L&#8217;eredit\u00e0 \u00e8 spesso considerata una ricchezza non guadagnata, in quanto viene acquisita dai beneficiari senza che questi abbiano lavorato attivamente per ottenerla. In Svizzera, i patrimoni pi\u00f9 importanti possono essere tramandati di generazione in generazione, portando a una concentrazione della ricchezza in alcune famiglie. Questa dinamica rafforza la disuguaglianza sociale, in quanto le famiglie ricche possono offrire ai propri figli vantaggi finanziari che agli altri sono negati.  <\/p>\n\n<p>La disuguaglianza sociale si manifesta in diversi ambiti: L&#8217;accesso a un&#8217;istruzione di qualit\u00e0 e a gruppi specifici di persone, le opportunit\u00e0 nel mercato del lavoro e la capacit\u00e0 di accumulare ricchezza. Questo pu\u00f2 portare al radicamento di classi sociali in cui le prospettive economiche dipendono fortemente dal background familiare. <\/p>\n\n<h3 class=\"wp-block-heading\" id=\"h-massnahmen-gegen-die-verstarkung-sozialer-ungleichheit\"><strong>Misure contro l&#8217;aumento della disuguaglianza sociale<\/strong><\/h3>\n\n<p>Molti sostengono che la tassazione progressiva delle eredit\u00e0, in particolare, potrebbe essere un modo per contrastare questa tendenza e promuovere le pari opportunit\u00e0. Ci\u00f2 significherebbe che le eredit\u00e0 molto grandi verrebbero tassate pi\u00f9 pesantemente, mentre le eredit\u00e0 pi\u00f9 piccole perderebbero poco del loro substrato, con un effetto di redistribuzione a lungo termine. Il gettito di una tassa di successione potrebbe essere utilizzato specificamente per progetti di istruzione, programmi sociali e infrastrutture, previdenza per gli anziani o altri settori. In questo modo, i fondi verrebbero utilizzati per combattere le disuguaglianze sociali.   <\/p>\n\n<p>Si potrebbero anche ipotizzare sistemi di incentivi mirati che motivino i testatori a investire parte dei loro beni in fondazioni o progetti di beneficenza. Tali norme aumenterebbero il beneficio sociale delle eredit\u00e0. <\/p>\n\n<p>Vuoi sostenere un&#8217;istituzione sociale o un&#8217;organizzazione umanitaria? Scopri di pi\u00f9 <a href=\"https:\/\/www.deinadieu.ch\/it\/fare-del-bene-oltre-la-fine-della-vita\/\">qui<\/a>.<\/p>\n\n<h3 class=\"wp-block-heading\" id=\"h-argumente-fur-eine-erbschaftssteuer\"><strong>Argomenti a favore della tassa di successione<\/strong><\/h3>\n\n<ul class=\"wp-block-list\">\n<li><strong>Equit\u00e0<\/strong>: una tassa di successione contribuisce alla realizzazione della giustizia distributiva. Poich\u00e9 le eredit\u00e0 sono spesso basate sulla ricchezza esistente, la tassazione potrebbe aiutare a distribuire questa ricchezza in modo pi\u00f9 equo. <\/li>\n\n\n\n<li><strong>Finanze pubbliche<\/strong>: Il gettito di una tassa di successione potrebbe alleggerire l&#8217;onere del bilancio statale ed essere utilizzato per importanti investimenti nell&#8217;istruzione, nella sanit\u00e0 e nelle infrastrutture.<\/li>\n\n\n\n<li><strong>Pari opportunit\u00e0<\/strong>: la ridistribuzione della ricchezza permette di promuovere la mobilit\u00e0 sociale e di ridurre la dipendenza del benessere individuale dal contesto familiare.<\/li>\n\n\n\n<li><strong>Prevenire la concentrazione della ricchezza<\/strong>: tassare le eredit\u00e0 pu\u00f2 aiutare a prevenire la crescente concentrazione della ricchezza nelle mani di poche famiglie.<\/li>\n<\/ul>\n\n<h3 class=\"wp-block-heading\" id=\"h-argumente-gegen-eine-erbschaftssteuer\"><strong>Argomenti contro la tassa di successione<\/strong><\/h3>\n\n<ul class=\"wp-block-list\">\n<li><strong>Doppia imposizione<\/strong>: gli oppositori sostengono che l&#8217;imposta di successione costituisce una doppia imposizione ingiusta, in quanto i beni sono gi\u00e0 stati tassati durante la vita del defunto.<\/li>\n\n\n\n<li><strong>Rischio di fuga di capitali<\/strong>: In un sistema economico collegato in rete a livello internazionale, tasse di successione elevate potrebbero indurre gli individui pi\u00f9 ricchi a spostare i propri beni all&#8217;estero, con conseguenti svantaggi economici per la Svizzera. L&#8217;opinione pubblica sostiene che le attuali imposte di successione cantonali generano molto denaro e che un&#8217;imposta federale ne raccoglierebbe complessivamente meno. Se le persone ricche si trasferissero all&#8217;estero, si ridurrebbe anche il gettito dell&#8217;imposta sul reddito.  <\/li>\n\n\n\n<li><strong>Limitazione delle imprese familiari<\/strong>: Soprattutto in Svizzera, dove molte aziende di medie dimensioni sono a conduzione familiare, un&#8217;imposta di successione potrebbe rendere pi\u00f9 difficile o addirittura mettere a repentaglio la prosecuzione di tali attivit\u00e0. Gli sconti e le esenzioni per le imprese familiari di cui si \u00e8 discusso nell&#8217;ambito della progettazione di un&#8217;imposta di successione sono potenzialmente oggetto di abuso da parte di famiglie molto ricche. <\/li>\n\n\n\n<li><strong>Autonomia finanziaria<\/strong>: l&#8217;implementazione di un&#8217;imposta federale sulle successioni riduce l&#8217;autonomia finanziaria dei cantoni, in contrasto con i principi federalisti della Svizzera.<\/li>\n<\/ul>\n\n<h3 class=\"wp-block-heading\" id=\"h-alles-eine-frage-der-umsetzung\"><strong>\u00c8 tutta una questione di implementazione?<\/strong><\/h3>\n\n<p>Il fattore decisivo per l&#8217;accettazione di un&#8217;imposta di successione federale sarebbe, in ultima analisi, la progettazione specifica e l&#8217;attuazione pratica di una riforma legislativa. Da un lato, la struttura dell&#8217;imposta (ad esempio l&#8217;aliquota, l&#8217;imposizione lineare o progressiva, gli importi esenti da imposta, le esenzioni, ecc. <\/p>\n\n<h3 class=\"wp-block-heading\" id=\"h-fazit\"><strong>Conclusione<\/strong><\/h3>\n\n<p>L&#8217;introduzione di una tassa di successione rimane una questione complessa ed emotiva. Se da un lato ha il potenziale per ridurre le disuguaglianze sociali e promuovere le pari opportunit\u00e0, dall&#8217;altro nasconde rischi come la fuga di capitali e un potenziale indebolimento dell&#8217;economia. Il dibattito sulla tassa di successione dovrebbe quindi considerare non solo gli aspetti sociali ed etici, ma anche quelli economici. \u00c8 fondamentale un approccio equilibrato che armonizzi le esigenze sociali con le realt\u00e0 economiche.   <\/p>\n\n<div style=\"height:40px\" aria-hidden=\"true\" class=\"wp-block-spacer\"><\/div>\n\n<div class=\"wp-block-buttons is-layout-flex wp-block-buttons-is-layout-flex\">\n<div class=\"wp-block-button\"><a class=\"wp-block-button__link wp-element-button\" href=\"https:\/\/app.deinadieu.ch\/testament\">Create il vostro testamento online<\/a><\/div>\n<\/div>\n\n<h2 class=\"wp-block-heading\">Potrebbe anche interessarvi:<\/h2>\n\n<ul class=\"wp-block-list\">\n<li><a href=\"https:\/\/www.deinadieu.ch\/ratgeber\/sterbe-suizidhilfe-oesterreich-schweiz\/\">Morte assistita e suicidio assistito in Austria e Svizzera<\/a><\/li>\n\n\n\n<li><a href=\"https:\/\/www.deinadieu.ch\/ratgeber\/kann-man-kinder-enterben-internationaler-vergleich\/\">I figli possono essere diseredati? Un confronto internazionale <\/a><\/li>\n\n\n\n<li><a href=\"https:\/\/www.deinadieu.ch\/it\/guida\/donazioni-e-anticipazioni-deredita-ha-senso-per-me\/\">Donazioni e anticipazioni d&#8217;eredit\u00e0: ha senso per me?<\/a><\/li>\n<\/ul>\n\n<p><\/p>\n","protected":false},"excerpt":{"rendered":"<p>La discussione sull&#8217;introduzione di un&#8217;imposta federale sulle successioni \u00e8 un tema che da anni viene dibattuto in modo controverso in Svizzera e, soprattutto con l&#8217;iniziativa presentata nella primavera del 2024, \u00e8 improbabile che l&#8217;argomento perda la sua attualit\u00e0 in futuro. Una domanda fondamentale \u00e8 se e come le eredit\u00e0 contribuiscono alla disuguaglianza sociale in quanto [&hellip;]<\/p>\n","protected":false},"author":6045,"featured_media":68946,"menu_order":0,"comment_status":"closed","ping_status":"closed","template":"","tags":[3775,2720,3776,2116,2115,2713],"ratgeber-category":[3011],"class_list":["post-73083","ratgeber","type-ratgeber","status-publish","has-post-thumbnail","hentry","tag-disuguaglianza-sociale","tag-ereditare","tag-imposta-sulla-sostanza","tag-imposta-sulla-successione","tag-imposte","tag-patrimonio","ratgeber-category-imposte"],"acf":[],"yoast_head":"<title>Eredit\u00e0 e disuguaglianza sociale | DeinAdieu.ch<\/title>\n<meta name=\"description\" content=\"In questo articolo scoprirai tutto quello che c&#039;\u00e8 da sapere sul dibattito politico sull&#039;eredit\u00e0 e sulla disuguaglianza sociale.\" \/>\n<meta name=\"robots\" content=\"index, follow, max-snippet:-1, max-image-preview:large, max-video-preview:-1\" \/>\n<link rel=\"canonical\" href=\"https:\/\/www.deinadieu.ch\/it\/guida\/eredita-e-disuguaglianza-sociale\/\" \/>\n<meta property=\"og:locale\" content=\"it_IT\" \/>\n<meta property=\"og:type\" content=\"article\" \/>\n<meta property=\"og:title\" content=\"Eredit\u00e0 e disuguaglianza sociale\" \/>\n<meta property=\"og:description\" content=\"La discussione sull&#039;introduzione di un&#039;imposta federale sulle successioni \u00e8 un tema che da anni viene dibattuto in modo controverso in Svizzera e,\" \/>\n<meta property=\"og:url\" content=\"https:\/\/www.deinadieu.ch\/it\/guida\/eredita-e-disuguaglianza-sociale\/\" \/>\n<meta property=\"og:site_name\" content=\"DeinAdieu.ch\" \/>\n<meta property=\"article:publisher\" content=\"https:\/\/www.facebook.com\/deinadieu\" \/>\n<meta property=\"article:modified_time\" content=\"2026-01-18T09:04:06+00:00\" \/>\n<meta property=\"og:image\" content=\"https:\/\/www.deinadieu.ch\/wp-content\/uploads\/2025\/01\/pexels-element5-1550337-scaled.jpg\" \/>\n\t<meta property=\"og:image:width\" content=\"2560\" \/>\n\t<meta property=\"og:image:height\" content=\"1707\" \/>\n\t<meta property=\"og:image:type\" content=\"image\/jpeg\" \/>\n<meta name=\"twitter:card\" content=\"summary_large_image\" \/>\n<meta name=\"twitter:site\" content=\"@DeinAdieu\" \/>\n<meta name=\"twitter:label1\" content=\"Est. reading time\" \/>\n\t<meta name=\"twitter:data1\" content=\"4 minutes\" \/>\n<script type=\"application\/ld+json\" class=\"yoast-schema-graph\">{\"@context\":\"https:\\\/\\\/schema.org\",\"@graph\":[{\"@type\":\"WebPage\",\"@id\":\"https:\\\/\\\/www.deinadieu.ch\\\/it\\\/guida\\\/eredita-e-disuguaglianza-sociale\\\/\",\"url\":\"https:\\\/\\\/www.deinadieu.ch\\\/it\\\/guida\\\/eredita-e-disuguaglianza-sociale\\\/\",\"name\":\"Eredit\u00e0 e disuguaglianza sociale | DeinAdieu.ch\",\"isPartOf\":{\"@id\":\"https:\\\/\\\/www.deinadieu.ch\\\/it\\\/#website\"},\"primaryImageOfPage\":{\"@id\":\"https:\\\/\\\/www.deinadieu.ch\\\/it\\\/guida\\\/eredita-e-disuguaglianza-sociale\\\/#primaryimage\"},\"image\":{\"@id\":\"https:\\\/\\\/www.deinadieu.ch\\\/it\\\/guida\\\/eredita-e-disuguaglianza-sociale\\\/#primaryimage\"},\"thumbnailUrl\":\"https:\\\/\\\/www.deinadieu.ch\\\/wp-content\\\/uploads\\\/2025\\\/01\\\/pexels-element5-1550337-scaled.jpg\",\"datePublished\":\"2025-04-29T05:30:00+00:00\",\"dateModified\":\"2026-01-18T09:04:06+00:00\",\"description\":\"In questo articolo scoprirai tutto quello che c'\u00e8 da sapere sul dibattito politico sull'eredit\u00e0 e sulla disuguaglianza sociale.\",\"breadcrumb\":{\"@id\":\"https:\\\/\\\/www.deinadieu.ch\\\/it\\\/guida\\\/eredita-e-disuguaglianza-sociale\\\/#breadcrumb\"},\"inLanguage\":\"it-IT\",\"potentialAction\":[{\"@type\":\"ReadAction\",\"target\":[\"https:\\\/\\\/www.deinadieu.ch\\\/it\\\/guida\\\/eredita-e-disuguaglianza-sociale\\\/\"]}]},{\"@type\":\"ImageObject\",\"inLanguage\":\"it-IT\",\"@id\":\"https:\\\/\\\/www.deinadieu.ch\\\/it\\\/guida\\\/eredita-e-disuguaglianza-sociale\\\/#primaryimage\",\"url\":\"https:\\\/\\\/www.deinadieu.ch\\\/wp-content\\\/uploads\\\/2025\\\/01\\\/pexels-element5-1550337-scaled.jpg\",\"contentUrl\":\"https:\\\/\\\/www.deinadieu.ch\\\/wp-content\\\/uploads\\\/2025\\\/01\\\/pexels-element5-1550337-scaled.jpg\",\"width\":2560,\"height\":1707,\"caption\":\"Per saperne di pi\u00f9 sulla discussione sull'eredit\u00e0 e sulla disuguaglianza sociale, clicca qui (Foto: Pexels\\\/Element5 Digital).\"},{\"@type\":\"BreadcrumbList\",\"@id\":\"https:\\\/\\\/www.deinadieu.ch\\\/it\\\/guida\\\/eredita-e-disuguaglianza-sociale\\\/#breadcrumb\",\"itemListElement\":[{\"@type\":\"ListItem\",\"position\":1,\"name\":\"Home\",\"item\":\"https:\\\/\\\/www.deinadieu.ch\\\/it\\\/deinadieu-dialog-und-serviceportal-zum-lebensende\\\/\"},{\"@type\":\"ListItem\",\"position\":2,\"name\":\"Ratgeber\",\"item\":\"https:\\\/\\\/www.deinadieu.ch\\\/it\\\/guida\\\/\"},{\"@type\":\"ListItem\",\"position\":3,\"name\":\"Eredit\u00e0 e disuguaglianza sociale\"}]},{\"@type\":\"WebSite\",\"@id\":\"https:\\\/\\\/www.deinadieu.ch\\\/it\\\/#website\",\"url\":\"https:\\\/\\\/www.deinadieu.ch\\\/it\\\/\",\"name\":\"DeinAdieu.ch\",\"description\":\"Testament, Patientenverf\u00fcgung und Vorsorgeauftrag\",\"publisher\":{\"@id\":\"https:\\\/\\\/www.deinadieu.ch\\\/it\\\/#organization\"},\"potentialAction\":[{\"@type\":\"SearchAction\",\"target\":{\"@type\":\"EntryPoint\",\"urlTemplate\":\"https:\\\/\\\/www.deinadieu.ch\\\/it\\\/?s={search_term_string}\"},\"query-input\":{\"@type\":\"PropertyValueSpecification\",\"valueRequired\":true,\"valueName\":\"search_term_string\"}}],\"inLanguage\":\"it-IT\"},{\"@type\":\"Organization\",\"@id\":\"https:\\\/\\\/www.deinadieu.ch\\\/it\\\/#organization\",\"name\":\"EMNA Web GmbH\",\"url\":\"https:\\\/\\\/www.deinadieu.ch\\\/it\\\/\",\"logo\":{\"@type\":\"ImageObject\",\"inLanguage\":\"it-IT\",\"@id\":\"https:\\\/\\\/www.deinadieu.ch\\\/it\\\/#\\\/schema\\\/logo\\\/image\\\/\",\"url\":\"https:\\\/\\\/www.deinadieu.ch\\\/wp-content\\\/uploads\\\/2016\\\/01\\\/DeinAdieu_Logo.png\",\"contentUrl\":\"https:\\\/\\\/www.deinadieu.ch\\\/wp-content\\\/uploads\\\/2016\\\/01\\\/DeinAdieu_Logo.png\",\"width\":300,\"height\":117,\"caption\":\"EMNA Web GmbH\"},\"image\":{\"@id\":\"https:\\\/\\\/www.deinadieu.ch\\\/it\\\/#\\\/schema\\\/logo\\\/image\\\/\"},\"sameAs\":[\"https:\\\/\\\/www.facebook.com\\\/deinadieu\",\"https:\\\/\\\/x.com\\\/DeinAdieu\",\"https:\\\/\\\/www.instagram.com\\\/deinadieu\\\/\",\"https:\\\/\\\/www.linkedin.com\\\/company\\\/deinadieu.ch\"]}]}<\/script>","yoast_head_json":{"title":"Eredit\u00e0 e disuguaglianza sociale | DeinAdieu.ch","description":"In questo articolo scoprirai tutto quello che c'\u00e8 da sapere sul dibattito politico sull'eredit\u00e0 e sulla disuguaglianza sociale.","robots":{"index":"index","follow":"follow","max-snippet":"max-snippet:-1","max-image-preview":"max-image-preview:large","max-video-preview":"max-video-preview:-1"},"canonical":"https:\/\/www.deinadieu.ch\/it\/guida\/eredita-e-disuguaglianza-sociale\/","og_locale":"it_IT","og_type":"article","og_title":"Eredit\u00e0 e disuguaglianza sociale","og_description":"La discussione sull'introduzione di un'imposta federale sulle successioni \u00e8 un tema che da anni viene dibattuto in modo controverso in Svizzera e,","og_url":"https:\/\/www.deinadieu.ch\/it\/guida\/eredita-e-disuguaglianza-sociale\/","og_site_name":"DeinAdieu.ch","article_publisher":"https:\/\/www.facebook.com\/deinadieu","article_modified_time":"2026-01-18T09:04:06+00:00","og_image":[{"width":2560,"height":1707,"url":"https:\/\/www.deinadieu.ch\/wp-content\/uploads\/2025\/01\/pexels-element5-1550337-scaled.jpg","type":"image\/jpeg"}],"twitter_card":"summary_large_image","twitter_site":"@DeinAdieu","twitter_misc":{"Est. reading time":"4 minutes"},"schema":{"@context":"https:\/\/schema.org","@graph":[{"@type":"WebPage","@id":"https:\/\/www.deinadieu.ch\/it\/guida\/eredita-e-disuguaglianza-sociale\/","url":"https:\/\/www.deinadieu.ch\/it\/guida\/eredita-e-disuguaglianza-sociale\/","name":"Eredit\u00e0 e disuguaglianza sociale | DeinAdieu.ch","isPartOf":{"@id":"https:\/\/www.deinadieu.ch\/it\/#website"},"primaryImageOfPage":{"@id":"https:\/\/www.deinadieu.ch\/it\/guida\/eredita-e-disuguaglianza-sociale\/#primaryimage"},"image":{"@id":"https:\/\/www.deinadieu.ch\/it\/guida\/eredita-e-disuguaglianza-sociale\/#primaryimage"},"thumbnailUrl":"https:\/\/www.deinadieu.ch\/wp-content\/uploads\/2025\/01\/pexels-element5-1550337-scaled.jpg","datePublished":"2025-04-29T05:30:00+00:00","dateModified":"2026-01-18T09:04:06+00:00","description":"In questo articolo scoprirai tutto quello che c'\u00e8 da sapere sul dibattito politico sull'eredit\u00e0 e sulla disuguaglianza sociale.","breadcrumb":{"@id":"https:\/\/www.deinadieu.ch\/it\/guida\/eredita-e-disuguaglianza-sociale\/#breadcrumb"},"inLanguage":"it-IT","potentialAction":[{"@type":"ReadAction","target":["https:\/\/www.deinadieu.ch\/it\/guida\/eredita-e-disuguaglianza-sociale\/"]}]},{"@type":"ImageObject","inLanguage":"it-IT","@id":"https:\/\/www.deinadieu.ch\/it\/guida\/eredita-e-disuguaglianza-sociale\/#primaryimage","url":"https:\/\/www.deinadieu.ch\/wp-content\/uploads\/2025\/01\/pexels-element5-1550337-scaled.jpg","contentUrl":"https:\/\/www.deinadieu.ch\/wp-content\/uploads\/2025\/01\/pexels-element5-1550337-scaled.jpg","width":2560,"height":1707,"caption":"Per saperne di pi\u00f9 sulla discussione sull'eredit\u00e0 e sulla disuguaglianza sociale, clicca qui (Foto: Pexels\/Element5 Digital)."},{"@type":"BreadcrumbList","@id":"https:\/\/www.deinadieu.ch\/it\/guida\/eredita-e-disuguaglianza-sociale\/#breadcrumb","itemListElement":[{"@type":"ListItem","position":1,"name":"Home","item":"https:\/\/www.deinadieu.ch\/it\/deinadieu-dialog-und-serviceportal-zum-lebensende\/"},{"@type":"ListItem","position":2,"name":"Ratgeber","item":"https:\/\/www.deinadieu.ch\/it\/guida\/"},{"@type":"ListItem","position":3,"name":"Eredit\u00e0 e disuguaglianza sociale"}]},{"@type":"WebSite","@id":"https:\/\/www.deinadieu.ch\/it\/#website","url":"https:\/\/www.deinadieu.ch\/it\/","name":"DeinAdieu.ch","description":"Testament, Patientenverf\u00fcgung und Vorsorgeauftrag","publisher":{"@id":"https:\/\/www.deinadieu.ch\/it\/#organization"},"potentialAction":[{"@type":"SearchAction","target":{"@type":"EntryPoint","urlTemplate":"https:\/\/www.deinadieu.ch\/it\/?s={search_term_string}"},"query-input":{"@type":"PropertyValueSpecification","valueRequired":true,"valueName":"search_term_string"}}],"inLanguage":"it-IT"},{"@type":"Organization","@id":"https:\/\/www.deinadieu.ch\/it\/#organization","name":"EMNA Web GmbH","url":"https:\/\/www.deinadieu.ch\/it\/","logo":{"@type":"ImageObject","inLanguage":"it-IT","@id":"https:\/\/www.deinadieu.ch\/it\/#\/schema\/logo\/image\/","url":"https:\/\/www.deinadieu.ch\/wp-content\/uploads\/2016\/01\/DeinAdieu_Logo.png","contentUrl":"https:\/\/www.deinadieu.ch\/wp-content\/uploads\/2016\/01\/DeinAdieu_Logo.png","width":300,"height":117,"caption":"EMNA Web GmbH"},"image":{"@id":"https:\/\/www.deinadieu.ch\/it\/#\/schema\/logo\/image\/"},"sameAs":["https:\/\/www.facebook.com\/deinadieu","https:\/\/x.com\/DeinAdieu","https:\/\/www.instagram.com\/deinadieu\/","https:\/\/www.linkedin.com\/company\/deinadieu.ch"]}]}},"_links":{"self":[{"href":"https:\/\/www.deinadieu.ch\/it\/wp-json\/wp\/v2\/ratgeber\/73083","targetHints":{"allow":["GET"]}}],"collection":[{"href":"https:\/\/www.deinadieu.ch\/it\/wp-json\/wp\/v2\/ratgeber"}],"about":[{"href":"https:\/\/www.deinadieu.ch\/it\/wp-json\/wp\/v2\/types\/ratgeber"}],"author":[{"embeddable":true,"href":"https:\/\/www.deinadieu.ch\/it\/wp-json\/wp\/v2\/users\/6045"}],"replies":[{"embeddable":true,"href":"https:\/\/www.deinadieu.ch\/it\/wp-json\/wp\/v2\/comments?post=73083"}],"version-history":[{"count":3,"href":"https:\/\/www.deinadieu.ch\/it\/wp-json\/wp\/v2\/ratgeber\/73083\/revisions"}],"predecessor-version":[{"id":74691,"href":"https:\/\/www.deinadieu.ch\/it\/wp-json\/wp\/v2\/ratgeber\/73083\/revisions\/74691"}],"wp:featuredmedia":[{"embeddable":true,"href":"https:\/\/www.deinadieu.ch\/it\/wp-json\/wp\/v2\/media\/68946"}],"wp:attachment":[{"href":"https:\/\/www.deinadieu.ch\/it\/wp-json\/wp\/v2\/media?parent=73083"}],"wp:term":[{"taxonomy":"post_tag","embeddable":true,"href":"https:\/\/www.deinadieu.ch\/it\/wp-json\/wp\/v2\/tags?post=73083"},{"taxonomy":"ratgeber-category","embeddable":true,"href":"https:\/\/www.deinadieu.ch\/it\/wp-json\/wp\/v2\/ratgeber-category?post=73083"}],"curies":[{"name":"wp","href":"https:\/\/api.w.org\/{rel}","templated":true}]}}