{"id":66626,"date":"2024-03-05T07:31:00","date_gmt":"2024-03-05T06:31:00","guid":{"rendered":"https:\/\/www.deinadieu.ch\/?post_type=ratgeber&#038;p=66626"},"modified":"2024-03-26T00:29:13","modified_gmt":"2024-03-25T23:29:13","slug":"prestazioni-complementari-allavs-ai","status":"publish","type":"ratgeber","link":"https:\/\/www.deinadieu.ch\/it\/guida\/prestazioni-complementari-allavs-ai\/","title":{"rendered":"Prestazioni complementari all&#8217;AVS\/AI"},"content":{"rendered":"\n<p>Molte persone in Svizzera non riescono a coprire il minimo vitale con le loro pensioni AVS o AI. Le prestazioni complementari sono destinate a colmare le lacune finanziarie. Ci\u00f2 solleva delle domande: Quali tipi di prestazioni complementari esistono? E chi \u00e8 autorizzato a usarle?<\/p>\n\n<!--more-->\n\n<div class=\"wp-block-create-block-deinadieu-simple\">\n<div class=\"wp-block-group da-pull has-lightgrey-background-color has-background is-layout-flow wp-block-group-is-layout-flow\" style=\"border-top-color:var(--wp--preset--color--da-dark);border-top-width:4px;padding-right:3rem;padding-left:3rem\">\n<h2 class=\"wp-block-heading\" id=\"h-\">L&#8217;essenziale in breve<\/h2>\n\n\n\n<ul class=\"is-style-default wp-block-list\">\n<li>Le prestazioni complementari sono prestazioni soggette a verifica del reddito e fanno quindi parte del finanziamento dell&#8217;assistenza.<\/li>\n\n\n\n<li>\u00c8 necessaria l&#8217;iscrizione alle prestazioni complementari. Le prestazioni complementari non vengono concesse automaticamente.<\/li>\n\n\n\n<li>Chi ha diritto alle prestazioni del 1\u00b0 pilastro (AVS\/AI) pu\u00f2 potenzialmente richiedere le prestazioni complementari. Inoltre, le spese legalmente riconosciute devono essere pi\u00f9 numerose delle entrate. Deve quindi esserci un meno.<\/li>\n\n\n\n<li>Occorre distinguere tra due tipi di prestazioni complementari: Le prestazioni complementari annuali e l&#8217;indennit\u00e0 per spese di malattia e invalidit\u00e0.<\/li>\n\n\n\n<li>Di norma, le prestazioni complementari ricevute dal 1\u00b0 gennaio 2021 devono essere rimborsate. Tuttavia, l&#8217;obbligo sorge solo dopo la morte del beneficiario o del suo coniuge.<\/li>\n\n\n\n<li>Se si ritiene di avere diritto a prestazioni complementari, \u00e8 meglio chiarirlo con la propria cassa di compensazione cantonale. Chi non ha diritto alle prestazioni pu\u00f2 trovare informazioni sull&#8217;<a href=\"https:\/\/www.deinadieu.ch\/ratgeber\/hinterlassenenrente-ahv\/\">AVS<\/a> e sulla <a href=\"https:\/\/www.deinadieu.ch\/ratgeber\/pensionskasse-im-todesfall\/\">cassa pensioni<\/a> qui.<\/li>\n<\/ul>\n<\/div>\n<\/div>\n\n<h2 class=\"wp-block-heading\">Qual \u00e8 la funzione delle prestazioni complementari?<\/h2>\n\n<p>Il <a href=\"https:\/\/www.deinadieu.ch\/ratgeber\/was-wird-aus-meinen-obligatorischen-vorsorgeguthaben\/\">sistema a 3 pilastri<\/a> copre i rischi di vecchiaia, invalidit\u00e0 e morte. La previdenza professionale (2\u00b0 pilastro) \u00e8 generalmente disponibile solo per i lavoratori dipendenti. D&#8217;altra parte, ognuno \u00e8 libero di fare ulteriori accantonamenti con i risparmi attraverso il <a href=\"https:\/\/www.deinadieu.ch\/ratgeber\/was-geschieht-mit-meinen-privaten-vorsorgeguthaben-3-saeule\/\">sistema pensionistico personale (3\u00b0 pilastro)<\/a>.<\/p>\n\n<p>Ma se 2. e e 3 pilastro sono poco o per nulla disponibili? I lavoratori autonomi, in particolare, ne beneficiano raramente. La situazione \u00e8 simile per le donne che si sono occupate a lungo della casa e dell&#8217;educazione dei figli. Queste persone ricevono (quasi) solo prestazioni dal regime pensionistico statale di base (1\u00b0 pilastro). Inizialmente riceverete le rendite AVS o AI (pilastro 1a).<\/p>\n\n<p>Se le prestazioni del 1\u00b0 pilastro non sono sufficienti a coprire il costo minimo della vita (acquisti, spese di cura, affitto, ecc.), si pu\u00f2 ricorrere a prestazioni complementari. Questi si basano sulle esigenze specifiche della persona che li riceve.<\/p>\n\n<h2 class=\"wp-block-heading\">Quali sono i tipi di prestazioni complementari?<\/h2>\n\n<p>La legge distingue tra prestazioni complementari annuali e rimborso delle spese di malattia e invalidit\u00e0.<\/p>\n\n<h3 class=\"wp-block-heading\">Le prestazioni complementari annuali<\/h3>\n\n<p>Una volta all&#8217;anno, i beneficiari ricevono la prestazione complementare sotto forma di pagamento in contanti. Questo importo corrisponde alla somma di cui le <strong>spese legalmente riconosciute<\/strong> superano il <strong>reddito ammissibile<\/strong>.<\/p>\n\n<p>La Legge federale sulle prestazioni complementari fornisce un elenco esaustivo di ci\u00f2 che conta come <strong>spesa riconosciuta<\/strong>. Le voci finanziarie pi\u00f9 importanti comprendono<\/p>\n\n<ul class=\"wp-block-list\">\n<li>Spese per la vita di base<\/li>\n\n\n\n<li>Costi dell&#8217;alloggio<\/li>\n\n\n\n<li>Contributi previdenziali<\/li>\n\n\n\n<li>Premi di assicurazione sanitaria<\/li>\n<\/ul>\n\n<p><strong>Per le spese generali di sostentamento, le persone sole hanno diritto a un importo forfettario di Fr. 20&#8217;100, coppie sposate 30&#8217;150 possono essere accreditati<\/strong> (stato: 2024). Nel caso dell&#8217;affitto e delle spese accessorie, la legge si basa generalmente sui costi effettivamente sostenuti. Tuttavia, esistono importi massimi che dipendono dal numero di persone che vivono nel nucleo familiare e dal luogo di residenza. Se l&#8217;immobile occupato \u00e8 di propriet\u00e0 degli occupanti, \u00e8 determinante il valore locativo figurativo. Tuttavia, anche in questo caso si applicano gli importi massimi consentiti per l&#8217;affitto.<\/p>\n\n<p>La legge prevede anche un elenco fisso di fonti di reddito ammissibili. Ad esempio, i <strong>redditi che possono essere compensati<\/strong> comprendono<\/p>\n\n<ul class=\"wp-block-list\">\n<li>2\/3 del reddito da lavoro dopo la deduzione dell&#8217;indennit\u00e0 (deve essere dedotta un&#8217;indennit\u00e0 di 1.000 franchi per le persone sole e di 1.500 franchi per le coppie sposate)<\/li>\n\n\n\n<li>Reddito delle attivit\u00e0<\/li>\n\n\n\n<li>Assegni familiari<\/li>\n<\/ul>\n\n<h3 class=\"wp-block-heading\">Rimborso dei costi di malattia e invalidit\u00e0<\/h3>\n\n<p>L&#8217;obiettivo di questo tipo di prestazione complementare \u00e8 quello di coprire le spese di assistenza costose, come quelle per le case di riposo o i ricoveri ospedalieri. Le spese sanitarie individuali devono essere rimborsate alle persone che ricevono prestazioni integrative annuali. <strong>Anche le persone che non ricevono prestazioni integrative annuali hanno diritto al rimborso delle spese mediche e di invalidit\u00e0<\/strong> se queste superano il loro reddito ammissibile.<\/p>\n\n<p>L&#8217;elenco dei costi di malattia e invalidit\u00e0 previsto dalla legge \u00e8 esaustivo. Entro 15 mesi dalla fatturazione, gli interessati devono far valere la loro richiesta di risarcimento. Allo scadere di questo periodo, l&#8217;organismo competente non rimborser\u00e0 pi\u00f9 le spese.<\/p>\n\n<h2 class=\"wp-block-heading\">Chi ha diritto alle prestazioni complementari?<\/h2>\n\n<p><strong>Solo le persone che ricevono prestazioni dal 1\u00b0 pilastro hanno diritto alle prestazioni complementari<\/strong>. Una rendita AVS o una rendita AI \u00e8 quindi un requisito indispensabile.<\/p>\n\n<p>Il destinatario deve essere residente in Svizzera. Le <strong>prestazioni complementari non vengono esportate all&#8217;estero<\/strong>. Le persone senza cittadinanza svizzera devono aver vissuto in Svizzera per almeno 10 anni senza interruzioni significative. Ai rifugiati si applica una durata minima di 5 anni.<\/p>\n\n<p>Per avere diritto alle prestazioni complementari annuali, anche il patrimonio netto (= patrimonio meno debiti) del beneficiario deve essere inferiore alle seguenti <strong>soglie<\/strong>:<\/p>\n\n<ul class=\"wp-block-list\">\n<li>Fr. 100.000 per le persone sole<\/li>\n\n\n\n<li>Fr. 200.000 per le coppie sposate<\/li>\n\n\n\n<li>Fr. 50.000 per gli orfani\/bambini che hanno diritto a una pensione<\/li>\n<\/ul>\n\n<p>Le autorit\u00e0 competenti non pagano automaticamente le prestazioni complementari. Chi desidera ricevere in futuro prestazioni complementari deve registrarsi presso l&#8217;<strong>ufficio cantonale per le prestazioni complementari<\/strong> (di solito la cassa di compensazione cantonale). Di norma, il centro prestazioni complementari non effettua pagamenti retroattivi.<\/p>\n\n<h2 class=\"wp-block-heading\">Che cos&#8217;\u00e8 il patrimonio netto?<a><\/a><\/h2>\n\n<p>Per poter quantificare il patrimonio netto, non \u00e8 possibile basarsi esclusivamente sul conto bancario. La legge contiene invece un elenco di redditi da aggiungere al patrimonio e di spese da dedurre dal patrimonio.<\/p>\n\n<p>Il patrimonio netto viene calcolato sottraendo i debiti accertati dal patrimonio lordo. Dopo che tutto \u00e8 stato aggiunto o dedotto, il saldo \u00e8 il patrimonio netto.<\/p>\n\n<h2 class=\"wp-block-heading\">Rimborso: Devo rimborsare le mie prestazioni complementari?<\/h2>\n\n<p>A partire dalla revisione della LPG nel 2021, le prestazioni complementari legittimamente ricevute devono essere rimborsate, ma solo <strong>dopo il decesso<\/strong>. L&#8217;obbligo di restituzione ricade sugli eredi. Se il beneficiario della prestazione complementare era sposato, il rimborso \u00e8 dovuto solo dopo la morte del coniuge.<\/p>\n\n<p>La legge consente una <strong>franchigia<\/strong>: il rimborso \u00e8 dovuto solo dalla parte dell&#8217;eredit\u00e0 che supera l&#8217;importo dell&#8217;imposta. supera i 40 000.<\/p>\n\n<p>Si noti inoltre che solo le prestazioni complementari ricevute dopo il 1\u00b0 gennaio 2021 sono soggette a rimborso.<\/p>\n\n<h2 class=\"wp-block-heading\">Una donazione vale come rinuncia al patrimonio?<\/h2>\n\n<p>Poco prima di entrare in una casa di riposo, gli anziani spesso cedono ai figli la casa in cui hanno vissuto in precedenza. Ci\u00f2 pu\u00f2 essere problematico quando si tratta di stabilire se si ha diritto a prestazioni integrative. I <strong>beni a cui si \u00e8 rinunciato vengono conteggiati come redditi qualificati<\/strong>. Ad esempio, anche se l&#8217;immobile non \u00e8 pi\u00f9 di propriet\u00e0 della persona che ha fatto la donazione, viene aggiunto al patrimonio netto. Ci\u00f2 pu\u00f2 comportare il superamento della soglia. In questo caso, il diritto alla prestazione complementare viene meno a causa della <a href=\"https:\/\/www.deinadieu.ch\/it\/faq\/a-partire-da-quale-importo-un-trasferimento-mensile-e-considerato-un-dono\/\">donazione<\/a>.<\/p>\n\n<p>La buona notizia \u00e8 che ogni anno (escluso l&#8217;anno di esonero) gli attivi di esonero ammissibili vengono ridotti di Fr. 10&#8217;000. <strong>\u00c8 quindi consigliabile donare il bene il prima possibile.<\/strong><\/p>\n\n<h3 class=\"wp-block-heading\" id=\"h-beispiel\">Esempio<\/h3>\n\n<p><em>I coniugi Tina e Alfred, 59 anni, cedono la casa in cui vivono (valore netto 400.000 franchi) al figlio Hans. Il giorno del loro 81\u00b0 compleanno si trasferiscono in una casa di riposo. I coniugi richiedono le prestazioni complementari. Il centro prestazioni complementari conta la casa solo per 190.000 franchi, poich\u00e9 vengono detratti 10.000 franchi per ciascuno dei 21 anni, per un totale di 210.000 franchi.    Poich\u00e9 il loro patrimonio netto \u00e8 inferiore a 200.000 franchi svizzeri. ricevono prestazioni complementari.<\/em><\/p>\n\n<h2 class=\"wp-block-heading\">A che punto sono le prestazioni complementari?<\/h2>\n\n<p>Le prestazioni complementari non vengono concesse automaticamente. \u00c8 richiesta la registrazione. La prima data possibile per l&#8217;organizzazione \u00e8 generalmente l&#8217;inizio del mese in cui viene presentata la domanda. Se la domanda viene presentata a met\u00e0 marzo, le prestazioni complementari saranno erogate non prima del 1\u00b0 marzo.<\/p>\n\n<p>La <strong>registrazione avviene di solito presso l&#8217;ufficio per le prestazioni complementari<\/strong>, che si trova nella cassa di compensazione del cantone di residenza. Poich\u00e9 le prestazioni complementari dipendono principalmente dalla situazione finanziaria di una persona, l&#8217;ufficio delle prestazioni complementari deve ricevere la prova del suo patrimonio. La domanda deve essere inviata all&#8217;ufficio competente il prima possibile. Le prestazioni integrative non vengono generalmente concesse con effetto retroattivo. Tuttavia, si pu\u00f2 derogare a questa regola se la domanda viene presentata entro 6 mesi dall&#8217;emissione della decisione di rendita AVS\/AI o dall&#8217;ingresso della persona in ospedale o in una casa di cura.<\/p>\n\n<h3 class=\"wp-block-heading\" id=\"h-beispiel-0\">Esempio<\/h3>\n\n<p><em>Il sig. Ammann ottiene la pensione 2 anni dopo l&#8217;iscrizione all&#8217;AI (a seconda della situazione, devono essere fatti diversi chiarimenti che possono ritardare la decisione sulla pensione). Il sig. Ammann riceve una rendita AI con effetto retroattivo per 20 mesi. Il sig. Ammann ha ora la possibilit\u00e0 di richiedere prestazioni complementari entro 6 mesi dal ricevimento della decisione sulla pensione. In questo caso, il sig. Ammann ricever\u00e0 prestazioni complementari retroattive per questi 20 mesi.<\/em><\/p>\n\n<h2 class=\"wp-block-heading\" id=\"h-fazit\">Conclusione<\/h2>\n\n<p>Se riuscite ad arrivare a fine mese solo con la vostra pensione, dovreste prendere in considerazione la possibilit\u00e0 di richiedere delle prestazioni complementari. Tuttavia, \u00e8 necessario stilare preventivamente un elenco della propria situazione finanziaria. In questo modo \u00e8 possibile verificare se i requisiti di legge sono soddisfatti. Potrebbe essere opportuno richiedere una consulenza legale.<\/p>\n\n<p>Non avete diritto alle prestazioni? Qui troverete ulteriori informazioni sull&#8217;<a href=\"https:\/\/www.deinadieu.ch\/ratgeber\/hinterlassenenrente-ahv\/\">AVS<\/a> e sulla <a href=\"https:\/\/www.deinadieu.ch\/ratgeber\/pensionskasse-im-todesfall\/\">cassa pensioni<\/a>.<\/p>\n\n<div style=\"height:40px\" aria-hidden=\"true\" class=\"wp-block-spacer\"><\/div>\n\n<div class=\"wp-block-buttons is-layout-flex wp-block-buttons-is-layout-flex\">\n<div class=\"wp-block-button\"><a class=\"wp-block-button__link wp-element-button\" href=\"https:\/\/app.deinadieu.ch\/testament\">Creare testamento online<\/a><\/div>\n<\/div>\n\n<h3 class=\"wp-block-heading\" id=\"h-das-konnte-sie-auch-interessieren\">Potrebbe anche interessarvi<\/h3>\n\n<ul class=\"wp-block-list\">\n<li><a href=\"https:\/\/www.deinadieu.ch\/ratgeber\/pensionskasse-im-todesfall\/\">La cassa pensioni in caso di decesso<\/a><\/li>\n\n\n\n<li><a href=\"https:\/\/www.deinadieu.ch\/ratgeber\/hinterlassenenrente-ahv\/\">Rendita AVS per i superstiti in caso di decesso<\/a><\/li>\n\n\n\n<li><a href=\"https:\/\/www.deinadieu.ch\/ratgeber\/schenkungen-an-kinder-zu-lebzeiten-und-erbvorbezuege\/\">Donazioni ai figli durante la vita e acconti della quota ereditaria<\/a><\/li>\n\n\n\n<li><a href=\"https:\/\/www.deinadieu.ch\/ratgeber\/immobilien-pflegefall\/\">Beni immobili in caso di assistenza a lungo termine<\/a><\/li>\n<\/ul>\n","protected":false},"excerpt":{"rendered":"<p>Molte persone in Svizzera non riescono a coprire il minimo vitale con le loro pensioni AVS o AI. Le prestazioni complementari sono destinate a colmare le lacune finanziarie. Ci\u00f2 solleva delle domande: Quali tipi di prestazioni complementari esistono? E chi \u00e8 autorizzato a usarle?<\/p>\n","protected":false},"author":6048,"featured_media":66581,"menu_order":0,"comment_status":"open","ping_status":"closed","template":"","tags":[2709,2318,3604,2015,3605],"ratgeber-category":[3606],"class_list":["post-66626","ratgeber","type-ratgeber","status-publish","has-post-thumbnail","hentry","tag-avs-ai-it","tag-donazione","tag-prestazioni-complementari","tag-previdenza","tag-rinuncia-alle-attivita","ratgeber-category-pensione-e-avs"],"acf":[],"yoast_head":"<title>Prestazioni complementari all&#039;AVS\/AI e successioni | DeinAdieu<\/title>\n<meta name=\"description\" content=\"Qual \u00e8 lo scopo delle prestazioni complementari e chi ne ha diritto? In quale caso le prestazioni complementari devono essere rimborsate?\" \/>\n<meta name=\"robots\" content=\"index, follow, max-snippet:-1, max-image-preview:large, max-video-preview:-1\" \/>\n<link rel=\"canonical\" href=\"https:\/\/www.deinadieu.ch\/it\/guida\/prestazioni-complementari-allavs-ai\/\" \/>\n<meta property=\"og:locale\" content=\"it_IT\" \/>\n<meta property=\"og:type\" content=\"article\" \/>\n<meta property=\"og:title\" content=\"Prestazioni complementari all&#039;AVS\/AI\" \/>\n<meta property=\"og:description\" content=\"Molte persone in Svizzera non riescono a coprire il minimo vitale con le loro pensioni AVS o AI. Le prestazioni complementari sono destinate a colmare le\" \/>\n<meta property=\"og:url\" content=\"https:\/\/www.deinadieu.ch\/it\/guida\/prestazioni-complementari-allavs-ai\/\" \/>\n<meta property=\"og:site_name\" content=\"DeinAdieu.ch\" \/>\n<meta property=\"article:publisher\" content=\"https:\/\/www.facebook.com\/deinadieu\" \/>\n<meta property=\"article:modified_time\" content=\"2024-03-25T23:29:13+00:00\" \/>\n<meta property=\"og:image\" content=\"https:\/\/static.deinadieu.ch\/uploads\/2024\/02\/pexels-kampus-production-8441778-scaled.jpg\" \/>\n\t<meta property=\"og:image:width\" content=\"2560\" \/>\n\t<meta property=\"og:image:height\" content=\"1709\" \/>\n\t<meta property=\"og:image:type\" content=\"image\/jpeg\" \/>\n<meta name=\"twitter:card\" content=\"summary_large_image\" \/>\n<meta name=\"twitter:site\" content=\"@DeinAdieu\" \/>\n<meta name=\"twitter:label1\" content=\"Est. reading time\" \/>\n\t<meta name=\"twitter:data1\" content=\"7 minutes\" \/>\n<script type=\"application\/ld+json\" class=\"yoast-schema-graph\">{\"@context\":\"https:\\\/\\\/schema.org\",\"@graph\":[{\"@type\":\"WebPage\",\"@id\":\"https:\\\/\\\/www.deinadieu.ch\\\/it\\\/guida\\\/prestazioni-complementari-allavs-ai\\\/\",\"url\":\"https:\\\/\\\/www.deinadieu.ch\\\/it\\\/guida\\\/prestazioni-complementari-allavs-ai\\\/\",\"name\":\"Prestazioni complementari all'AVS\\\/AI e successioni | DeinAdieu\",\"isPartOf\":{\"@id\":\"https:\\\/\\\/www.deinadieu.ch\\\/it\\\/#website\"},\"primaryImageOfPage\":{\"@id\":\"https:\\\/\\\/www.deinadieu.ch\\\/it\\\/guida\\\/prestazioni-complementari-allavs-ai\\\/#primaryimage\"},\"image\":{\"@id\":\"https:\\\/\\\/www.deinadieu.ch\\\/it\\\/guida\\\/prestazioni-complementari-allavs-ai\\\/#primaryimage\"},\"thumbnailUrl\":\"https:\\\/\\\/www.deinadieu.ch\\\/wp-content\\\/uploads\\\/2024\\\/02\\\/pexels-kampus-production-8441778-scaled.jpg\",\"datePublished\":\"2024-03-05T06:31:00+00:00\",\"dateModified\":\"2024-03-25T23:29:13+00:00\",\"description\":\"Qual \u00e8 lo scopo delle prestazioni complementari e chi ne ha diritto? In quale caso le prestazioni complementari devono essere rimborsate?\",\"breadcrumb\":{\"@id\":\"https:\\\/\\\/www.deinadieu.ch\\\/it\\\/guida\\\/prestazioni-complementari-allavs-ai\\\/#breadcrumb\"},\"inLanguage\":\"it-IT\",\"potentialAction\":[{\"@type\":\"ReadAction\",\"target\":[\"https:\\\/\\\/www.deinadieu.ch\\\/it\\\/guida\\\/prestazioni-complementari-allavs-ai\\\/\"]}]},{\"@type\":\"ImageObject\",\"inLanguage\":\"it-IT\",\"@id\":\"https:\\\/\\\/www.deinadieu.ch\\\/it\\\/guida\\\/prestazioni-complementari-allavs-ai\\\/#primaryimage\",\"url\":\"https:\\\/\\\/www.deinadieu.ch\\\/wp-content\\\/uploads\\\/2024\\\/02\\\/pexels-kampus-production-8441778-scaled.jpg\",\"contentUrl\":\"https:\\\/\\\/www.deinadieu.ch\\\/wp-content\\\/uploads\\\/2024\\\/02\\\/pexels-kampus-production-8441778-scaled.jpg\",\"width\":2560,\"height\":1709,\"caption\":\"Chi ha diritto alle prestazioni integrative e a quali condizioni? Qui ottenete maggiori informazioni. (Immagine: Kampus Production\\\/Pexels.com)\"},{\"@type\":\"BreadcrumbList\",\"@id\":\"https:\\\/\\\/www.deinadieu.ch\\\/it\\\/guida\\\/prestazioni-complementari-allavs-ai\\\/#breadcrumb\",\"itemListElement\":[{\"@type\":\"ListItem\",\"position\":1,\"name\":\"Home\",\"item\":\"https:\\\/\\\/www.deinadieu.ch\\\/it\\\/deinadieu-dialog-und-serviceportal-zum-lebensende\\\/\"},{\"@type\":\"ListItem\",\"position\":2,\"name\":\"Ratgeber\",\"item\":\"https:\\\/\\\/www.deinadieu.ch\\\/it\\\/guida\\\/\"},{\"@type\":\"ListItem\",\"position\":3,\"name\":\"Prestazioni complementari all&#8217;AVS\\\/AI\"}]},{\"@type\":\"WebSite\",\"@id\":\"https:\\\/\\\/www.deinadieu.ch\\\/it\\\/#website\",\"url\":\"https:\\\/\\\/www.deinadieu.ch\\\/it\\\/\",\"name\":\"DeinAdieu.ch\",\"description\":\"Testament, Patientenverf\u00fcgung und Vorsorgeauftrag\",\"publisher\":{\"@id\":\"https:\\\/\\\/www.deinadieu.ch\\\/it\\\/#organization\"},\"potentialAction\":[{\"@type\":\"SearchAction\",\"target\":{\"@type\":\"EntryPoint\",\"urlTemplate\":\"https:\\\/\\\/www.deinadieu.ch\\\/it\\\/?s={search_term_string}\"},\"query-input\":{\"@type\":\"PropertyValueSpecification\",\"valueRequired\":true,\"valueName\":\"search_term_string\"}}],\"inLanguage\":\"it-IT\"},{\"@type\":\"Organization\",\"@id\":\"https:\\\/\\\/www.deinadieu.ch\\\/it\\\/#organization\",\"name\":\"EMNA Web GmbH\",\"url\":\"https:\\\/\\\/www.deinadieu.ch\\\/it\\\/\",\"logo\":{\"@type\":\"ImageObject\",\"inLanguage\":\"it-IT\",\"@id\":\"https:\\\/\\\/www.deinadieu.ch\\\/it\\\/#\\\/schema\\\/logo\\\/image\\\/\",\"url\":\"https:\\\/\\\/www.deinadieu.ch\\\/wp-content\\\/uploads\\\/2016\\\/01\\\/DeinAdieu_Logo.png\",\"contentUrl\":\"https:\\\/\\\/www.deinadieu.ch\\\/wp-content\\\/uploads\\\/2016\\\/01\\\/DeinAdieu_Logo.png\",\"width\":300,\"height\":117,\"caption\":\"EMNA Web GmbH\"},\"image\":{\"@id\":\"https:\\\/\\\/www.deinadieu.ch\\\/it\\\/#\\\/schema\\\/logo\\\/image\\\/\"},\"sameAs\":[\"https:\\\/\\\/www.facebook.com\\\/deinadieu\",\"https:\\\/\\\/x.com\\\/DeinAdieu\",\"https:\\\/\\\/www.instagram.com\\\/deinadieu\\\/\",\"https:\\\/\\\/www.linkedin.com\\\/company\\\/deinadieu.ch\"]}]}<\/script>","yoast_head_json":{"title":"Prestazioni complementari all'AVS\/AI e successioni | DeinAdieu","description":"Qual \u00e8 lo scopo delle prestazioni complementari e chi ne ha diritto? In quale caso le prestazioni complementari devono essere rimborsate?","robots":{"index":"index","follow":"follow","max-snippet":"max-snippet:-1","max-image-preview":"max-image-preview:large","max-video-preview":"max-video-preview:-1"},"canonical":"https:\/\/www.deinadieu.ch\/it\/guida\/prestazioni-complementari-allavs-ai\/","og_locale":"it_IT","og_type":"article","og_title":"Prestazioni complementari all'AVS\/AI","og_description":"Molte persone in Svizzera non riescono a coprire il minimo vitale con le loro pensioni AVS o AI. Le prestazioni complementari sono destinate a colmare le","og_url":"https:\/\/www.deinadieu.ch\/it\/guida\/prestazioni-complementari-allavs-ai\/","og_site_name":"DeinAdieu.ch","article_publisher":"https:\/\/www.facebook.com\/deinadieu","article_modified_time":"2024-03-25T23:29:13+00:00","og_image":[{"width":2560,"height":1709,"url":"https:\/\/static.deinadieu.ch\/uploads\/2024\/02\/pexels-kampus-production-8441778-scaled.jpg","type":"image\/jpeg"}],"twitter_card":"summary_large_image","twitter_site":"@DeinAdieu","twitter_misc":{"Est. reading time":"7 minutes"},"schema":{"@context":"https:\/\/schema.org","@graph":[{"@type":"WebPage","@id":"https:\/\/www.deinadieu.ch\/it\/guida\/prestazioni-complementari-allavs-ai\/","url":"https:\/\/www.deinadieu.ch\/it\/guida\/prestazioni-complementari-allavs-ai\/","name":"Prestazioni complementari all'AVS\/AI e successioni | DeinAdieu","isPartOf":{"@id":"https:\/\/www.deinadieu.ch\/it\/#website"},"primaryImageOfPage":{"@id":"https:\/\/www.deinadieu.ch\/it\/guida\/prestazioni-complementari-allavs-ai\/#primaryimage"},"image":{"@id":"https:\/\/www.deinadieu.ch\/it\/guida\/prestazioni-complementari-allavs-ai\/#primaryimage"},"thumbnailUrl":"https:\/\/www.deinadieu.ch\/wp-content\/uploads\/2024\/02\/pexels-kampus-production-8441778-scaled.jpg","datePublished":"2024-03-05T06:31:00+00:00","dateModified":"2024-03-25T23:29:13+00:00","description":"Qual \u00e8 lo scopo delle prestazioni complementari e chi ne ha diritto? In quale caso le prestazioni complementari devono essere rimborsate?","breadcrumb":{"@id":"https:\/\/www.deinadieu.ch\/it\/guida\/prestazioni-complementari-allavs-ai\/#breadcrumb"},"inLanguage":"it-IT","potentialAction":[{"@type":"ReadAction","target":["https:\/\/www.deinadieu.ch\/it\/guida\/prestazioni-complementari-allavs-ai\/"]}]},{"@type":"ImageObject","inLanguage":"it-IT","@id":"https:\/\/www.deinadieu.ch\/it\/guida\/prestazioni-complementari-allavs-ai\/#primaryimage","url":"https:\/\/www.deinadieu.ch\/wp-content\/uploads\/2024\/02\/pexels-kampus-production-8441778-scaled.jpg","contentUrl":"https:\/\/www.deinadieu.ch\/wp-content\/uploads\/2024\/02\/pexels-kampus-production-8441778-scaled.jpg","width":2560,"height":1709,"caption":"Chi ha diritto alle prestazioni integrative e a quali condizioni? Qui ottenete maggiori informazioni. (Immagine: Kampus Production\/Pexels.com)"},{"@type":"BreadcrumbList","@id":"https:\/\/www.deinadieu.ch\/it\/guida\/prestazioni-complementari-allavs-ai\/#breadcrumb","itemListElement":[{"@type":"ListItem","position":1,"name":"Home","item":"https:\/\/www.deinadieu.ch\/it\/deinadieu-dialog-und-serviceportal-zum-lebensende\/"},{"@type":"ListItem","position":2,"name":"Ratgeber","item":"https:\/\/www.deinadieu.ch\/it\/guida\/"},{"@type":"ListItem","position":3,"name":"Prestazioni complementari all&#8217;AVS\/AI"}]},{"@type":"WebSite","@id":"https:\/\/www.deinadieu.ch\/it\/#website","url":"https:\/\/www.deinadieu.ch\/it\/","name":"DeinAdieu.ch","description":"Testament, Patientenverf\u00fcgung und Vorsorgeauftrag","publisher":{"@id":"https:\/\/www.deinadieu.ch\/it\/#organization"},"potentialAction":[{"@type":"SearchAction","target":{"@type":"EntryPoint","urlTemplate":"https:\/\/www.deinadieu.ch\/it\/?s={search_term_string}"},"query-input":{"@type":"PropertyValueSpecification","valueRequired":true,"valueName":"search_term_string"}}],"inLanguage":"it-IT"},{"@type":"Organization","@id":"https:\/\/www.deinadieu.ch\/it\/#organization","name":"EMNA Web GmbH","url":"https:\/\/www.deinadieu.ch\/it\/","logo":{"@type":"ImageObject","inLanguage":"it-IT","@id":"https:\/\/www.deinadieu.ch\/it\/#\/schema\/logo\/image\/","url":"https:\/\/www.deinadieu.ch\/wp-content\/uploads\/2016\/01\/DeinAdieu_Logo.png","contentUrl":"https:\/\/www.deinadieu.ch\/wp-content\/uploads\/2016\/01\/DeinAdieu_Logo.png","width":300,"height":117,"caption":"EMNA Web GmbH"},"image":{"@id":"https:\/\/www.deinadieu.ch\/it\/#\/schema\/logo\/image\/"},"sameAs":["https:\/\/www.facebook.com\/deinadieu","https:\/\/x.com\/DeinAdieu","https:\/\/www.instagram.com\/deinadieu\/","https:\/\/www.linkedin.com\/company\/deinadieu.ch"]}]}},"_links":{"self":[{"href":"https:\/\/www.deinadieu.ch\/it\/wp-json\/wp\/v2\/ratgeber\/66626","targetHints":{"allow":["GET"]}}],"collection":[{"href":"https:\/\/www.deinadieu.ch\/it\/wp-json\/wp\/v2\/ratgeber"}],"about":[{"href":"https:\/\/www.deinadieu.ch\/it\/wp-json\/wp\/v2\/types\/ratgeber"}],"author":[{"embeddable":true,"href":"https:\/\/www.deinadieu.ch\/it\/wp-json\/wp\/v2\/users\/6048"}],"replies":[{"embeddable":true,"href":"https:\/\/www.deinadieu.ch\/it\/wp-json\/wp\/v2\/comments?post=66626"}],"version-history":[{"count":4,"href":"https:\/\/www.deinadieu.ch\/it\/wp-json\/wp\/v2\/ratgeber\/66626\/revisions"}],"predecessor-version":[{"id":67384,"href":"https:\/\/www.deinadieu.ch\/it\/wp-json\/wp\/v2\/ratgeber\/66626\/revisions\/67384"}],"wp:featuredmedia":[{"embeddable":true,"href":"https:\/\/www.deinadieu.ch\/it\/wp-json\/wp\/v2\/media\/66581"}],"wp:attachment":[{"href":"https:\/\/www.deinadieu.ch\/it\/wp-json\/wp\/v2\/media?parent=66626"}],"wp:term":[{"taxonomy":"post_tag","embeddable":true,"href":"https:\/\/www.deinadieu.ch\/it\/wp-json\/wp\/v2\/tags?post=66626"},{"taxonomy":"ratgeber-category","embeddable":true,"href":"https:\/\/www.deinadieu.ch\/it\/wp-json\/wp\/v2\/ratgeber-category?post=66626"}],"curies":[{"name":"wp","href":"https:\/\/api.w.org\/{rel}","templated":true}]}}