{"id":62938,"date":"2023-05-02T07:00:00","date_gmt":"2023-05-02T05:00:00","guid":{"rendered":"https:\/\/www.deinadieu.ch\/?post_type=ratgeber&#038;p=62938"},"modified":"2023-04-12T11:17:54","modified_gmt":"2023-04-12T09:17:54","slug":"procura-precauzionale-e-mandato-precauzionale-cosa-sono","status":"publish","type":"ratgeber","link":"https:\/\/www.deinadieu.ch\/it\/guida\/procura-precauzionale-e-mandato-precauzionale-cosa-sono\/","title":{"rendered":"Procura precauzionale e mandato precauzionale: cosa sono?"},"content":{"rendered":"\n<p>Dal 2013 la Svizzera conosce il mandato precauzionale, che ha sostituito la precedente procura precauzionale. Entrambi servono come misura precauzionale per affidare a qualcuno la tutela degli interessi in caso di incapacit\u00e0. Vi spieghiamo quali sono le somiglianze e le differenze e a cosa fare attenzione.<\/p>\n\n<!--more-->\n\n<h2 class=\"wp-block-heading\" id=\"h-zu-den-begriffen-vorsorgevollmacht-und-vorsorgeauftrag\">Sui termini &#8220;procura precauzionale&#8221; e &#8220;mandato precauzionale&#8221;.<\/h2>\n\n<p>Fino alla revisione del diritto di protezione degli adulti nel 2013, in Svizzera non esisteva alcuno strumento speciale che regolasse chi potesse assumere la rappresentanza e la gestione degli affari necessari in caso di propria <a href=\"https:\/\/www.deinadieu.ch\/it\/guida\/incapacita-di-discernimento-come-si-possono-prendere-disposizioni\/\">incapacit\u00e0<\/a>. Esisteva solo la cosiddetta<strong>&#8220;legge sulla tutela<\/strong>&#8221; che, tra le altre cose, permetteva di nominare un tutore per le persone bisognose di aiuto. Il fattore decisivo era se la persona bisognosa di protezione potesse ricevere l&#8217;aiuto necessario in altro modo o se ne avesse bisogno. Le autorit\u00e0 di tutela cantonali hanno sempre dovuto decidere in merito. La tutela familiare, cio\u00e8 la possibilit\u00e0 che i parenti subentrino nella tutela, era ammessa solo in casi eccezionali.<\/p>\n\n<p>Ciononostante &#8211; o proprio a causa di questo sistema rigido &#8211; si \u00e8 diffusa l&#8217;esigenza di <strong>stabilire, in via preventiva, chi dovesse farsi carico della cura della persona, della gestione del patrimonio e della rappresentanza legale in caso di incapacit\u00e0<\/strong>. Anche chi pu\u00f2 acconsentire a qualsiasi misura medica al posto dell&#8217;incapace ha spesso richiesto una regolamentazione separata. Questo obiettivo poteva essere raggiunto, secondo la legge dell&#8217;epoca, mediante procure <strong>generali o cautelari<\/strong> e ordini specifici.<\/p>\n\n<p>La <strong>procura \u00e8 un negozio giuridico che conferisce alla persona autorizzata il potere di rappresentare il conferente nei confronti di terzi<\/strong>. La procura (precauzionale) pu\u00f2 essere conferita senza che venga contestualmente emessa un&#8217;ordinanza. La procura conferisce solo il diritto, ma non il dovere, di rappresentare qualcuno. <strong>Salvo accordi diversi, la procura si estingue, tra l&#8217;altro, al verificarsi dell&#8217;incapacit\u00e0 di agire<\/strong>. Al contrario, le parti coinvolte possono anche concordare che la procura continui a esistere anche dopo l&#8217;incapacit\u00e0 della persona che l&#8217;ha conferita. Se la procura contiene istruzioni che autorizzano la persona autorizzata a prendere disposizioni complete in materia di beni e assistenza personale, si parla di<strong>&#8220;procura anticipata<\/strong>&#8220;. <strong>Questo strumento di vecchia data (ma in linea di principio ancora ammissibile) \u00e8 quindi all&#8217;origine del concetto di procura per misure cautelari.<\/strong><\/p>\n\n<h3 class=\"wp-block-heading\">Revisione del sistema di tutela<\/h3>\n\n<p>Nel XXI secolo, il sistema di tutela non era pi\u00f9 ritenuto al passo con i tempi, per cui si \u00e8 proceduto a una revisione completa della legge. <strong>Dal 2013, questo settore della legge \u00e8 ora chiamato &#8220;legge sulla protezione dei minori e degli adulti&#8221; e contiene alcune nuove opzioni di progettazione pi\u00f9 flessibili<\/strong>. La revisione ha rafforzato in modo significativo la posizione giuridica in materia di previdenza propria. Due strumenti fondamentali a tal fine sono il <a href=\"https:\/\/www.deinadieu.ch\/it\/mandato-precauzionale\/\">mandato precauzionale<\/a> e le <a href=\"https:\/\/www.deinadieu.ch\/it\/decreto-del-paziente\/\">direttive anticipate<\/a>. Il mandato precauzionale riguarda la cura delle <a href=\"https:\/\/www.deinadieu.ch\/it\/mandato-precauzionale\/\">persone<\/a> e dei <a href=\"https:\/\/www.deinadieu.ch\/it\/mandato-precauzionale\/\">beni<\/a> e la <a href=\"https:\/\/www.deinadieu.ch\/it\/mandato-precauzionale\/\">rappresentanza nei negozi giuridici<\/a>. La direttiva anticipata riguarda specificamente il consenso o il rifiuto di misure mediche. Il termine &#8220;mandato precauzionale&#8221; chiarisce che non si tratta solo del diritto di rappresentare la persona incapace di giudizio, ma anche del dovere di sostenerla &#8211; in termini giuridici, si tratta (anche) di un mandato.<\/p>\n\n<p>In linea di principio, \u00e8 consigliabile avvalersi delle possibilit\u00e0 concesse dalla legge sulla protezione dei minori e degli adulti. <strong>Di norma non c&#8217;\u00e8 motivo di limitarsi a una procura precauzionale se anche il mandato precauzionale \u00e8 ammissibile<\/strong>. Di seguito, quindi, si affronta il tema del mandato precauzionale in modo pi\u00f9 dettagliato. Tuttavia, la maggior parte delle spiegazioni si applica mutatis mutandis alla procura precauzionale. Infine, una <strong>procura precauzionale<\/strong> pu\u00f2 anche essere reinterpretata come un mandato precauzionale se sono soddisfatti i requisiti formali e sostanziali per questo.<\/p>\n\n<h2 class=\"wp-block-heading\"><strong>Chi pu\u00f2 istruire chi con cosa<\/strong> o autorizzarlo a fare cosa<strong>?<\/strong><\/h2>\n\n<p><strong>Con un mandato precauzionale, la persona che la impartisce pu\u00f2 nominare un&#8217;altra persona che agisca per suo conto in caso di incapacit\u00e0<\/strong>. Chi desidera redigere un mandato precauzionale deve avere la <strong>capacit\u00e0 di agire<\/strong>, ossia essere <strong>maggiorenne<\/strong> e <strong>capace di giudizio<\/strong>. Ci\u00f2 significa che bisogna avere pi\u00f9 di 18 anni al momento della stesura ed essere in grado di comprendere le implicazioni della decisione di redigere un mandato precauzionale.<\/p>\n\n<p>L&#8217;ordinante pu\u00f2 scegliere se il mandato precauzionale debba riguardare <strong>tutte e tre le aree<\/strong> (cura della persona, cura dei beni e rappresentanza nei rapporti giuridici) o solo alcune di esse. Tuttavia, pu\u00f2 anche limitare il mandato precauzionale a singoli negozi giuridici o impartire istruzioni specifiche per l&#8217;azione. Si raccomanda di descrivere con precisione i compiti. <\/p>\n\n<p>Il mandato precauzionale \u00e8 valido anche se a qualcuno viene semplicemente affidata la &#8220;tutela degli interessi in caso di incapacit\u00e0&#8221;. In questi casi, si pu\u00f2 presumere che si tratti di un mandato precauzionale completo per tutte e tre le aree.<\/p>\n\n<p>La persona nominata deve essere indicata nel mandato precauzionale; \u00e8 inoltre utile fornire anche gli altri dati di contatto. \u00c8 possibile incaricare sia una persona fisica che una persona giuridica, come ad esempio un&#8217;<a href=\"https:\/\/www.deinadieu.ch\/it\/organizzazioni-caritatevoli\/\">organizzazione senza scopo di lucro<\/a>. \u00c8 anche possibile che pi\u00f9 persone ricevano il mandato insieme, nel qual caso deve essere regolato chi ha diritto a quali competenze.<\/p>\n\n<ul class=\"wp-block-list\">\n<li>Per l&#8217;<strong>assistenza personale<\/strong>, pu\u00f2 essere utile nominare un&#8217;organizzazione di supporto o un&#8217;organizzazione Spitex; <\/li>\n\n\n\n<li>per la <strong>custodia dei beni<\/strong>, ad esempio una banca o un ufficio fiduciario; <\/li>\n\n\n\n<li>per la <strong>rappresentanza nelle transazioni legali<\/strong> tipicamente <a href=\"https:\/\/www.deinadieu.ch\/it\/avvocati\/\">un avvocato<\/a>. <\/li>\n<\/ul>\n\n<p>Spesso, tuttavia, le persone scelgono semplicemente dei parenti che possono poi &#8220;passare&#8221; o delegare il lavoro a professionisti di fiducia. Tale autorit\u00e0 deve tuttavia essere espressamente registrata (ad esempio: &#8220;Autorizzo mia figlia a rivolgersi a una banca di sua fiducia per gestire il mio patrimonio in caso di mia incapacit\u00e0&#8221;).<\/p>\n\n<h2 class=\"wp-block-heading\">Come scrivere e dove memorizzare?<\/h2>\n\n<p>L&#8217;elaborazione di un mandato precauzionale \u00e8 un diritto altamente personale. Ci\u00f2 significa che la persona che desidera emettere il mandato precauzionale <strong>deve farlo personalmente<\/strong> e non pu\u00f2 affidarlo a nessun altro. A causa delle sue conseguenze di vasta portata, il mandato precauzionale &#8211; simile a un <a href=\"https:\/\/www.deinadieu.ch\/it\/testamento\/\">testamento<\/a> &#8211; deve essere <a href=\"https:\/\/www.deinadieu.ch\/it\/guida\/lautenticazione-notarile-quando-serve-un-notaio\/\">autenticato pubblicamente<\/a> o <a href=\"https:\/\/www.deinadieu.ch\/ratgeber\/das-handschriftliche-testament\/\">scritto di proprio pugno<\/a> e firmato e datato alla fine. Se non \u00e8 conforme a questi requisiti formali, \u00e8 nullo, cio\u00e8 non viene osservato &#8211; come se non esistesse. Per quanto riguarda le possibili formulazioni, vi invitiamo a utilizzare i nostri <a href=\"https:\/\/app.deinadieu.ch\/vorsorgeauftrag\">modelli<\/a> come guida.<\/p>\n\n<p>\u00c8 possibile comunicare all&#8217;ufficio dello stato civile cantonale di aver redatto un mandato precauzionale. Tuttavia, la registrazione non \u00e8 un requisito di validit\u00e0. Il luogo di deposito viene quindi inserito nel registro elettronico dello stato civile <a href=\"https:\/\/www.bj.admin.ch\/bj\/de\/home\/gesellschaft\/zivilstand\/infostar.html\" target=\"_blank\" rel=\"noreferrer noopener\">(INFOSTAR<\/a>). <strong>Non viene depositato il mandato precauzionale in s\u00e9, ma solo la nota che \u00e8 stato istituito un mandato precauzionale. <\/strong>In questo modo si vuole garantire che l&#8217;APMA sia informata dell&#8217;esistenza del mandato precauzionale in caso di incapacit\u00e0 e che quindi possa diventare efficace (vedi sotto).<\/p>\n\n<p>Per la <strong>custodia del<\/strong> mandato precauzionale valgono gli stessi principi del testamento: meglio se discreto, ma comunque facile da trovare in un luogo in cui si conservano anche altri documenti importanti che vengono tipicamente consultati in caso di incapacit\u00e0. L&#8217;ideale sarebbe informare anche una persona di fiducia dell&#8217;esistenza e dell&#8217;ubicazione del mandato precauzionale.<\/p>\n\n<h2 class=\"wp-block-heading\">Quando e come avviene l&#8217;entrata in vigore<strong>?<\/strong><\/h2>\n\n<p>Se l&#8217;<a href=\"https:\/\/www.deinadieu.ch\/it\/guida\/autorita-di-protezione-dei-minori-e-degli-adulti-apma-che-cose-e-quando-entra-in-gioco\/\">APMA<\/a> viene a sapere che una persona \u00e8 diventata incapace e non sa se esiste un mandato precauzionale, deve informarsi presso l&#8217;ufficio dello stato civile. Se esiste un testamento biologico, l&#8217;APMA verifica se \u00e8 stato validamente redatto e se l&#8217;<a href=\"https:\/\/www.deinadieu.ch\/ratgeber\/wie-wird-ein-testament-bei-demenz-uberpruft\/\">incapacit\u00e0 di giudicare \u00e8 diventata (permanente)<\/a>. Inoltre, chiarisce se la persona nominata \u00e8 adatta ai suoi compiti e disposta ad assumerli. A tal fine, contatter\u00e0 la persona designata, la informer\u00e0 del contenuto del mandato precauzionale e le chieder\u00e0 se \u00e8 disposta e in grado di accettarlo. Se l&#8217;APMA ha dei dubbi in merito, deve indagare. Deve inoltre verificare d&#8217;ufficio se sono necessarie ulteriori misure di protezione degli adulti.<\/p>\n\n<p><strong>Se questi requisiti sono soddisfatti, l&#8217;APMA dichiara il mandato precauzionale valido ed efficace<\/strong> (la cosiddetta decisione di convalida). Solo allora sviluppa i suoi effetti giuridici. La persona nominata riceve un documento che descrive i suoi poteri. Pu\u00f2 e deve collaborare con l&#8217;APMA. Ad esempio, pu\u00f2 chiedere all&#8217;autorit\u00e0 di protezione degli adulti di interpretare il mandato precauzionale e di integrarlo su punti secondari per evitare ambiguit\u00e0.<\/p>\n\n<p>I compiti della persona incaricata comprendono, in particolare, la rappresentanza degli interessi della persona incaricata e la cura degli affari ad essa assegnati. A tal fine, riceve messaggi e informazioni e svolge la corrispondenza per la persona che ha dato l&#8217;ordine. In questo contesto, la persona nominata \u00e8 tenuta a documentare le proprie attivit\u00e0 (almeno a grandi linee) e a renderne conto. In caso di conflitto di interessi o di incapacit\u00e0 a svolgere le mansioni, deve informare l&#8217;APMA. Questo per garantire che la persona incaricata agisca davvero nell&#8217;interesse della parte mandante e ne tuteli effettivamente gli interessi.<\/p>\n\n<h3 class=\"wp-block-heading\">Ulteriori articoli sull&#8217;argomento<\/h3>\n\n<ul class=\"wp-block-list\">\n<li><a href=\"https:\/\/www.deinadieu.ch\/it\/guida\/incapacita-di-discernimento-come-si-possono-prendere-disposizioni\/\">Incapacit\u00e0 di discernimento \u2013 come prendere provvedimenti?<\/a><\/li>\n\n\n\n<li><a href=\"https:\/\/www.deinadieu.ch\/it\/guida\/lautenticazione-notarile-quando-serve-un-notaio\/\">Autenticazione pubblica \u2013 quando \u00e8 necessario un notaio?<\/a><\/li>\n\n\n\n<li><a href=\"https:\/\/www.deinadieu.ch\/ratgeber\/das-handschriftliche-testament\/\">Il testamento manoscritto<\/a><\/li>\n\n\n\n<li><a href=\"https:\/\/www.deinadieu.ch\/it\/guida\/autorita-di-protezione-dei-minori-e-degli-adulti-apma-che-cose-e-quando-entra-in-gioco\/\">APMA \u2013 Che cos&#8217;\u00e8 e quando entra in gioco?<\/a><\/li>\n\n\n\n<li><a href=\"https:\/\/www.deinadieu.ch\/ratgeber\/wie-wird-ein-testament-bei-demenz-uberpruft\/\">Come viene rivisto un testamento in caso di demenza?<\/a><\/li>\n<\/ul>\n\n<div style=\"height:40px\" aria-hidden=\"true\" class=\"wp-block-spacer\"><\/div>\n\n<div class=\"wp-block-buttons is-layout-flex wp-block-buttons-is-layout-flex\">\n<div class=\"wp-block-button\"><a class=\"wp-block-button__link wp-element-button\" href=\"https:\/\/app.deinadieu.ch\/vorsorgeauftrag\">Creare mandato precauzionale<\/a><\/div>\n\n\n\n<div class=\"wp-block-button\"><a class=\"wp-block-button__link wp-element-button\" href=\"https:\/\/app.deinadieu.ch\/testament\">Creare testamento<\/a><\/div>\n<\/div>\n","protected":false},"excerpt":{"rendered":"<p>Dal 2013 la Svizzera conosce il mandato precauzionale, che ha sostituito la precedente procura precauzionale. Entrambi servono come misura precauzionale per affidare a qualcuno la tutela degli interessi in caso di incapacit\u00e0. Vi spieghiamo quali sono le somiglianze e le differenze e a cosa fare attenzione.<\/p>\n","protected":false},"author":2398,"featured_media":62876,"menu_order":0,"comment_status":"open","ping_status":"closed","template":"","tags":[2094,2869,2795,2796,2955,2958],"ratgeber-category":[3037],"class_list":["post-62938","ratgeber","type-ratgeber","status-publish","has-post-thumbnail","hentry","tag-apma","tag-capacita-di-discernimento","tag-direttiva-del-paziente","tag-mandato-precauzionale","tag-procura","tag-procura-del-paziente","ratgeber-category-mandato-precauzionale"],"acf":[],"yoast_head":"<title>Che cosa sono il mandato precauzionale e la procura precauzionale? | DeinAdieu<\/title>\n<meta name=\"description\" content=\"Dal 2013, ci\u00f2 che prima era una procura precauzionale pu\u00f2 essere regolato in un mandato precauzionale. Qui spieghiamo cos&#039;\u00e8 un mandato precauzionale e quando e perch\u00e9 si usa.\" \/>\n<meta name=\"robots\" content=\"index, follow, max-snippet:-1, max-image-preview:large, max-video-preview:-1\" \/>\n<link rel=\"canonical\" href=\"https:\/\/www.deinadieu.ch\/it\/guida\/procura-precauzionale-e-mandato-precauzionale-cosa-sono\/\" \/>\n<meta property=\"og:locale\" content=\"it_IT\" \/>\n<meta property=\"og:type\" content=\"article\" \/>\n<meta property=\"og:title\" content=\"Procura precauzionale e mandato precauzionale: cosa sono?\" \/>\n<meta property=\"og:description\" content=\"Dal 2013 la Svizzera conosce il mandato precauzionale, che ha sostituito la precedente procura precauzionale. Entrambi servono come misura precauzionale\" \/>\n<meta property=\"og:url\" content=\"https:\/\/www.deinadieu.ch\/it\/guida\/procura-precauzionale-e-mandato-precauzionale-cosa-sono\/\" \/>\n<meta property=\"og:site_name\" content=\"DeinAdieu.ch\" \/>\n<meta property=\"article:publisher\" content=\"https:\/\/www.facebook.com\/deinadieu\" \/>\n<meta property=\"og:image\" content=\"https:\/\/static.deinadieu.ch\/uploads\/2023\/04\/Unterschied_Vorsorgeauftr_Patientenverf_190214-1.jpg\" \/>\n\t<meta property=\"og:image:width\" content=\"1330\" \/>\n\t<meta property=\"og:image:height\" content=\"886\" \/>\n\t<meta property=\"og:image:type\" content=\"image\/jpeg\" \/>\n<meta name=\"twitter:card\" content=\"summary_large_image\" \/>\n<meta name=\"twitter:site\" content=\"@DeinAdieu\" \/>\n<meta name=\"twitter:label1\" content=\"Est. reading time\" \/>\n\t<meta name=\"twitter:data1\" content=\"7 minutes\" \/>\n<script type=\"application\/ld+json\" class=\"yoast-schema-graph\">{\"@context\":\"https:\\\/\\\/schema.org\",\"@graph\":[{\"@type\":\"WebPage\",\"@id\":\"https:\\\/\\\/www.deinadieu.ch\\\/it\\\/guida\\\/procura-precauzionale-e-mandato-precauzionale-cosa-sono\\\/\",\"url\":\"https:\\\/\\\/www.deinadieu.ch\\\/it\\\/guida\\\/procura-precauzionale-e-mandato-precauzionale-cosa-sono\\\/\",\"name\":\"Che cosa sono il mandato precauzionale e la procura precauzionale? | DeinAdieu\",\"isPartOf\":{\"@id\":\"https:\\\/\\\/www.deinadieu.ch\\\/it\\\/#website\"},\"primaryImageOfPage\":{\"@id\":\"https:\\\/\\\/www.deinadieu.ch\\\/it\\\/guida\\\/procura-precauzionale-e-mandato-precauzionale-cosa-sono\\\/#primaryimage\"},\"image\":{\"@id\":\"https:\\\/\\\/www.deinadieu.ch\\\/it\\\/guida\\\/procura-precauzionale-e-mandato-precauzionale-cosa-sono\\\/#primaryimage\"},\"thumbnailUrl\":\"https:\\\/\\\/www.deinadieu.ch\\\/wp-content\\\/uploads\\\/2023\\\/04\\\/Unterschied_Vorsorgeauftr_Patientenverf_190214-1.jpg\",\"datePublished\":\"2023-05-02T05:00:00+00:00\",\"description\":\"Dal 2013, ci\u00f2 che prima era una procura precauzionale pu\u00f2 essere regolato in un mandato precauzionale. Qui spieghiamo cos'\u00e8 un mandato precauzionale e quando e perch\u00e9 si usa.\",\"breadcrumb\":{\"@id\":\"https:\\\/\\\/www.deinadieu.ch\\\/it\\\/guida\\\/procura-precauzionale-e-mandato-precauzionale-cosa-sono\\\/#breadcrumb\"},\"inLanguage\":\"it-IT\",\"potentialAction\":[{\"@type\":\"ReadAction\",\"target\":[\"https:\\\/\\\/www.deinadieu.ch\\\/it\\\/guida\\\/procura-precauzionale-e-mandato-precauzionale-cosa-sono\\\/\"]}]},{\"@type\":\"ImageObject\",\"inLanguage\":\"it-IT\",\"@id\":\"https:\\\/\\\/www.deinadieu.ch\\\/it\\\/guida\\\/procura-precauzionale-e-mandato-precauzionale-cosa-sono\\\/#primaryimage\",\"url\":\"https:\\\/\\\/www.deinadieu.ch\\\/wp-content\\\/uploads\\\/2023\\\/04\\\/Unterschied_Vorsorgeauftr_Patientenverf_190214-1.jpg\",\"contentUrl\":\"https:\\\/\\\/www.deinadieu.ch\\\/wp-content\\\/uploads\\\/2023\\\/04\\\/Unterschied_Vorsorgeauftr_Patientenverf_190214-1.jpg\",\"width\":1330,\"height\":886,\"caption\":\"Che cos'\u00e8 un mandato precauzionale? (Immagine: iStock)\"},{\"@type\":\"BreadcrumbList\",\"@id\":\"https:\\\/\\\/www.deinadieu.ch\\\/it\\\/guida\\\/procura-precauzionale-e-mandato-precauzionale-cosa-sono\\\/#breadcrumb\",\"itemListElement\":[{\"@type\":\"ListItem\",\"position\":1,\"name\":\"Home\",\"item\":\"https:\\\/\\\/www.deinadieu.ch\\\/it\\\/deinadieu-dialog-und-serviceportal-zum-lebensende\\\/\"},{\"@type\":\"ListItem\",\"position\":2,\"name\":\"Ratgeber\",\"item\":\"https:\\\/\\\/www.deinadieu.ch\\\/it\\\/guida\\\/\"},{\"@type\":\"ListItem\",\"position\":3,\"name\":\"Procura precauzionale e mandato precauzionale: cosa sono?\"}]},{\"@type\":\"WebSite\",\"@id\":\"https:\\\/\\\/www.deinadieu.ch\\\/it\\\/#website\",\"url\":\"https:\\\/\\\/www.deinadieu.ch\\\/it\\\/\",\"name\":\"DeinAdieu.ch\",\"description\":\"Testament, Patientenverf\u00fcgung und Vorsorgeauftrag\",\"publisher\":{\"@id\":\"https:\\\/\\\/www.deinadieu.ch\\\/it\\\/#organization\"},\"potentialAction\":[{\"@type\":\"SearchAction\",\"target\":{\"@type\":\"EntryPoint\",\"urlTemplate\":\"https:\\\/\\\/www.deinadieu.ch\\\/it\\\/?s={search_term_string}\"},\"query-input\":{\"@type\":\"PropertyValueSpecification\",\"valueRequired\":true,\"valueName\":\"search_term_string\"}}],\"inLanguage\":\"it-IT\"},{\"@type\":\"Organization\",\"@id\":\"https:\\\/\\\/www.deinadieu.ch\\\/it\\\/#organization\",\"name\":\"EMNA Web GmbH\",\"url\":\"https:\\\/\\\/www.deinadieu.ch\\\/it\\\/\",\"logo\":{\"@type\":\"ImageObject\",\"inLanguage\":\"it-IT\",\"@id\":\"https:\\\/\\\/www.deinadieu.ch\\\/it\\\/#\\\/schema\\\/logo\\\/image\\\/\",\"url\":\"https:\\\/\\\/www.deinadieu.ch\\\/wp-content\\\/uploads\\\/2016\\\/01\\\/DeinAdieu_Logo.png\",\"contentUrl\":\"https:\\\/\\\/www.deinadieu.ch\\\/wp-content\\\/uploads\\\/2016\\\/01\\\/DeinAdieu_Logo.png\",\"width\":300,\"height\":117,\"caption\":\"EMNA Web GmbH\"},\"image\":{\"@id\":\"https:\\\/\\\/www.deinadieu.ch\\\/it\\\/#\\\/schema\\\/logo\\\/image\\\/\"},\"sameAs\":[\"https:\\\/\\\/www.facebook.com\\\/deinadieu\",\"https:\\\/\\\/x.com\\\/DeinAdieu\",\"https:\\\/\\\/www.instagram.com\\\/deinadieu\\\/\",\"https:\\\/\\\/www.linkedin.com\\\/company\\\/deinadieu.ch\"]}]}<\/script>","yoast_head_json":{"title":"Che cosa sono il mandato precauzionale e la procura precauzionale? | DeinAdieu","description":"Dal 2013, ci\u00f2 che prima era una procura precauzionale pu\u00f2 essere regolato in un mandato precauzionale. Qui spieghiamo cos'\u00e8 un mandato precauzionale e quando e perch\u00e9 si usa.","robots":{"index":"index","follow":"follow","max-snippet":"max-snippet:-1","max-image-preview":"max-image-preview:large","max-video-preview":"max-video-preview:-1"},"canonical":"https:\/\/www.deinadieu.ch\/it\/guida\/procura-precauzionale-e-mandato-precauzionale-cosa-sono\/","og_locale":"it_IT","og_type":"article","og_title":"Procura precauzionale e mandato precauzionale: cosa sono?","og_description":"Dal 2013 la Svizzera conosce il mandato precauzionale, che ha sostituito la precedente procura precauzionale. Entrambi servono come misura precauzionale","og_url":"https:\/\/www.deinadieu.ch\/it\/guida\/procura-precauzionale-e-mandato-precauzionale-cosa-sono\/","og_site_name":"DeinAdieu.ch","article_publisher":"https:\/\/www.facebook.com\/deinadieu","og_image":[{"width":1330,"height":886,"url":"https:\/\/static.deinadieu.ch\/uploads\/2023\/04\/Unterschied_Vorsorgeauftr_Patientenverf_190214-1.jpg","type":"image\/jpeg"}],"twitter_card":"summary_large_image","twitter_site":"@DeinAdieu","twitter_misc":{"Est. reading time":"7 minutes"},"schema":{"@context":"https:\/\/schema.org","@graph":[{"@type":"WebPage","@id":"https:\/\/www.deinadieu.ch\/it\/guida\/procura-precauzionale-e-mandato-precauzionale-cosa-sono\/","url":"https:\/\/www.deinadieu.ch\/it\/guida\/procura-precauzionale-e-mandato-precauzionale-cosa-sono\/","name":"Che cosa sono il mandato precauzionale e la procura precauzionale? | DeinAdieu","isPartOf":{"@id":"https:\/\/www.deinadieu.ch\/it\/#website"},"primaryImageOfPage":{"@id":"https:\/\/www.deinadieu.ch\/it\/guida\/procura-precauzionale-e-mandato-precauzionale-cosa-sono\/#primaryimage"},"image":{"@id":"https:\/\/www.deinadieu.ch\/it\/guida\/procura-precauzionale-e-mandato-precauzionale-cosa-sono\/#primaryimage"},"thumbnailUrl":"https:\/\/www.deinadieu.ch\/wp-content\/uploads\/2023\/04\/Unterschied_Vorsorgeauftr_Patientenverf_190214-1.jpg","datePublished":"2023-05-02T05:00:00+00:00","description":"Dal 2013, ci\u00f2 che prima era una procura precauzionale pu\u00f2 essere regolato in un mandato precauzionale. Qui spieghiamo cos'\u00e8 un mandato precauzionale e quando e perch\u00e9 si usa.","breadcrumb":{"@id":"https:\/\/www.deinadieu.ch\/it\/guida\/procura-precauzionale-e-mandato-precauzionale-cosa-sono\/#breadcrumb"},"inLanguage":"it-IT","potentialAction":[{"@type":"ReadAction","target":["https:\/\/www.deinadieu.ch\/it\/guida\/procura-precauzionale-e-mandato-precauzionale-cosa-sono\/"]}]},{"@type":"ImageObject","inLanguage":"it-IT","@id":"https:\/\/www.deinadieu.ch\/it\/guida\/procura-precauzionale-e-mandato-precauzionale-cosa-sono\/#primaryimage","url":"https:\/\/www.deinadieu.ch\/wp-content\/uploads\/2023\/04\/Unterschied_Vorsorgeauftr_Patientenverf_190214-1.jpg","contentUrl":"https:\/\/www.deinadieu.ch\/wp-content\/uploads\/2023\/04\/Unterschied_Vorsorgeauftr_Patientenverf_190214-1.jpg","width":1330,"height":886,"caption":"Che cos'\u00e8 un mandato precauzionale? (Immagine: iStock)"},{"@type":"BreadcrumbList","@id":"https:\/\/www.deinadieu.ch\/it\/guida\/procura-precauzionale-e-mandato-precauzionale-cosa-sono\/#breadcrumb","itemListElement":[{"@type":"ListItem","position":1,"name":"Home","item":"https:\/\/www.deinadieu.ch\/it\/deinadieu-dialog-und-serviceportal-zum-lebensende\/"},{"@type":"ListItem","position":2,"name":"Ratgeber","item":"https:\/\/www.deinadieu.ch\/it\/guida\/"},{"@type":"ListItem","position":3,"name":"Procura precauzionale e mandato precauzionale: cosa sono?"}]},{"@type":"WebSite","@id":"https:\/\/www.deinadieu.ch\/it\/#website","url":"https:\/\/www.deinadieu.ch\/it\/","name":"DeinAdieu.ch","description":"Testament, Patientenverf\u00fcgung und Vorsorgeauftrag","publisher":{"@id":"https:\/\/www.deinadieu.ch\/it\/#organization"},"potentialAction":[{"@type":"SearchAction","target":{"@type":"EntryPoint","urlTemplate":"https:\/\/www.deinadieu.ch\/it\/?s={search_term_string}"},"query-input":{"@type":"PropertyValueSpecification","valueRequired":true,"valueName":"search_term_string"}}],"inLanguage":"it-IT"},{"@type":"Organization","@id":"https:\/\/www.deinadieu.ch\/it\/#organization","name":"EMNA Web GmbH","url":"https:\/\/www.deinadieu.ch\/it\/","logo":{"@type":"ImageObject","inLanguage":"it-IT","@id":"https:\/\/www.deinadieu.ch\/it\/#\/schema\/logo\/image\/","url":"https:\/\/www.deinadieu.ch\/wp-content\/uploads\/2016\/01\/DeinAdieu_Logo.png","contentUrl":"https:\/\/www.deinadieu.ch\/wp-content\/uploads\/2016\/01\/DeinAdieu_Logo.png","width":300,"height":117,"caption":"EMNA Web GmbH"},"image":{"@id":"https:\/\/www.deinadieu.ch\/it\/#\/schema\/logo\/image\/"},"sameAs":["https:\/\/www.facebook.com\/deinadieu","https:\/\/x.com\/DeinAdieu","https:\/\/www.instagram.com\/deinadieu\/","https:\/\/www.linkedin.com\/company\/deinadieu.ch"]}]}},"_links":{"self":[{"href":"https:\/\/www.deinadieu.ch\/it\/wp-json\/wp\/v2\/ratgeber\/62938","targetHints":{"allow":["GET"]}}],"collection":[{"href":"https:\/\/www.deinadieu.ch\/it\/wp-json\/wp\/v2\/ratgeber"}],"about":[{"href":"https:\/\/www.deinadieu.ch\/it\/wp-json\/wp\/v2\/types\/ratgeber"}],"author":[{"embeddable":true,"href":"https:\/\/www.deinadieu.ch\/it\/wp-json\/wp\/v2\/users\/2398"}],"replies":[{"embeddable":true,"href":"https:\/\/www.deinadieu.ch\/it\/wp-json\/wp\/v2\/comments?post=62938"}],"version-history":[{"count":1,"href":"https:\/\/www.deinadieu.ch\/it\/wp-json\/wp\/v2\/ratgeber\/62938\/revisions"}],"predecessor-version":[{"id":62939,"href":"https:\/\/www.deinadieu.ch\/it\/wp-json\/wp\/v2\/ratgeber\/62938\/revisions\/62939"}],"wp:featuredmedia":[{"embeddable":true,"href":"https:\/\/www.deinadieu.ch\/it\/wp-json\/wp\/v2\/media\/62876"}],"wp:attachment":[{"href":"https:\/\/www.deinadieu.ch\/it\/wp-json\/wp\/v2\/media?parent=62938"}],"wp:term":[{"taxonomy":"post_tag","embeddable":true,"href":"https:\/\/www.deinadieu.ch\/it\/wp-json\/wp\/v2\/tags?post=62938"},{"taxonomy":"ratgeber-category","embeddable":true,"href":"https:\/\/www.deinadieu.ch\/it\/wp-json\/wp\/v2\/ratgeber-category?post=62938"}],"curies":[{"name":"wp","href":"https:\/\/api.w.org\/{rel}","templated":true}]}}