{"id":60048,"date":"2018-10-20T10:17:55","date_gmt":"2018-10-20T08:17:55","guid":{"rendered":"https:\/\/www.deinadieu.ch\/ratgeber\/tomba-di-famiglia-e-tomba-comune\/"},"modified":"2023-07-10T10:44:16","modified_gmt":"2023-07-10T08:44:16","slug":"tomba-di-famiglia-e-tomba-comune","status":"publish","type":"ratgeber","link":"https:\/\/www.deinadieu.ch\/it\/guida\/tomba-di-famiglia-e-tomba-comune\/","title":{"rendered":"Tomba di famiglia e tomba comune"},"content":{"rendered":"\n<h2 class=\"wp-block-heading\" id=\"h-das-familiengrab\"><b>La tomba di famiglia<\/b><\/h2>\n\n<p><span style=\"font-weight: 400;\">In una <strong>tomba di famiglia, diverse persone decedute, di solito membri della stessa famiglia, sono sepolte vicine l&#8217;una all&#8217;altra su richiesta comune<\/strong>. Chi acquisisce il diritto d&#8217;uso decide anche chi pu\u00f2 (ma non deve) essere sepolto nella tomba di famiglia in seguito.<\/span><\/p>\n\n<p><span style=\"font-weight: 400;\">Si distingue tra <strong>tombe di famiglia singola o doppia<\/strong>, a seconda del numero di persone che possono essere sepolte in un periodo di riposo individuale (di solito 20-30 anni) stabilito dall&#8217;amministrazione cimiteriale. Nelle tombe profonde, come in quelle a pi\u00f9 posti, possono essere sepolte pi\u00f9 persone in un unico periodo di riposo. La suddivisione varia a seconda dei regolamenti dei cimiteri, che sono per lo pi\u00f9 di competenza comunale.<\/span><\/p>\n\n<figure class=\"wp-block-image size-large\"><img loading=\"lazy\" decoding=\"async\" width=\"1024\" height=\"772\" src=\"https:\/\/www.deinadieu.ch\/wp-content\/uploads\/2018\/10\/Urnen-Kopie-2-1024x772.jpg\" alt=\"\" class=\"wp-image-21276\" srcset=\"https:\/\/www.deinadieu.ch\/wp-content\/uploads\/2018\/10\/Urnen-Kopie-2-1024x772.jpg 1024w, https:\/\/www.deinadieu.ch\/wp-content\/uploads\/2018\/10\/Urnen-Kopie-2-300x226.jpg 300w, https:\/\/www.deinadieu.ch\/wp-content\/uploads\/2018\/10\/Urnen-Kopie-2-180x136.jpg 180w, https:\/\/www.deinadieu.ch\/wp-content\/uploads\/2018\/10\/Urnen-Kopie-2-175x132.jpg 175w, https:\/\/www.deinadieu.ch\/wp-content\/uploads\/2018\/10\/Urnen-Kopie-2.jpg 1280w\" sizes=\"auto, (max-width: 1024px) 100vw, 1024px\" \/><figcaption class=\"wp-element-caption\">Tomba di famiglia con urne<\/figcaption><\/figure>\n\n<figure class=\"wp-block-image size-large\"><img loading=\"lazy\" decoding=\"async\" width=\"1024\" height=\"685\" src=\"https:\/\/www.deinadieu.ch\/wp-content\/uploads\/2018\/10\/01a_Familiengrab-1024x685.jpg\" alt=\"\" class=\"wp-image-21253\" srcset=\"https:\/\/www.deinadieu.ch\/wp-content\/uploads\/2018\/10\/01a_Familiengrab-1024x685.jpg 1024w, https:\/\/www.deinadieu.ch\/wp-content\/uploads\/2018\/10\/01a_Familiengrab-300x201.jpg 300w, https:\/\/www.deinadieu.ch\/wp-content\/uploads\/2018\/10\/01a_Familiengrab-180x120.jpg 180w, https:\/\/www.deinadieu.ch\/wp-content\/uploads\/2018\/10\/01a_Familiengrab-175x117.jpg 175w, https:\/\/www.deinadieu.ch\/wp-content\/uploads\/2018\/10\/01a_Familiengrab.jpg 1280w\" sizes=\"auto, (max-width: 1024px) 100vw, 1024px\" \/><figcaption class=\"wp-element-caption\">Tomba di famiglia<\/figcaption><\/figure>\n\n<p><span style=\"font-weight: 400;\">La tomba di famiglia \u00e8 una <strong>tomba elettiva<\/strong>, il che significa che pu\u00f2 essere <strong>scelta e prenotata prima che avvenga un decesso<\/strong>. Poich\u00e9 questo comporta <strong>costi aggiuntivi<\/strong>, ha senso soprattutto se si ha in mente un luogo molto specifico. Oltre a determinare il luogo, avete anche numerose libert\u00e0 per quanto riguarda la personalizzazione della vostra tomba di famiglia. La <strong>manutenzione<\/strong> della tomba \u00e8 pi\u00f9 costosa a causa della sua maggiore superficie e dell&#8217;individualizzazione (rispetto alla tomba di fila).<\/span><\/p>\n\n<p><span style=\"font-weight: 400;\"><strong>Il periodo di affitto di una tomba di famiglia al cimitero \u00e8 solitamente limitato<\/strong> (ad esempio a Zurigo: 50 anni), ma pu\u00f2 essere esteso su richiesta. In questo modo, la tomba di famiglia rimane disponibile per diverse generazioni come luogo in cui i defunti si ritrovano.<\/span><\/p>\n\n<p><span style=\"font-weight: 400;\">\n        <div class=\"relative shadow-lg -mx-12 mb-4 overflow-hidden\" style=\"background-image: url('https:\/\/www.deinadieu.ch\/wp-content\/themes\/da-v4\/assets\/v4\/banner\/bestattung.jpg'); background-size: cover; background-position: center\">\n            <div class=\"banner-white-box md:w-3\/5 text-black -ml-16 pl-16\" style=\"background-color: rgba(255,255,255,0.75)\">\n                <div class=\"inner\">\n                    <div class=\"text-2xl p-12\">Voglio <strong>definire da solo<\/strong> come dovrebbe essere il mio funerale.<\/div>\n                    <div class=\"px-12 md:mr-16\">\n                        <a href=\"https:\/\/www.deinadieu.ch\/vertraege-briefe\/view\/organisationshilfe-vor-der-bestattung\/\" target=\"_blank\" class=\"btn btn-da btn-small btn-block\">Organizzare funerale<\/a>\n                        <a href=\"https:\/\/www.deinadieu.ch\/todesfall\" target=\"_blank\" class=\"mt-4 btn btn-da btn-small btn-block\">Segnalare morte<\/a>\n                    <\/div>\n                    <div class=\"px-12 py-8\">\n                        <img decoding=\"async\" src=\"https:\/\/www.deinadieu.ch\/wp-content\/themes\/da-v4\/assets\/v4\/deinadieu_logo_dark.svg\" class=\"h-12\">\n                    <\/div>\n                <\/div>\n            <\/div>\n        <\/div>\n        Le tombe comuni danno la possibilit\u00e0 a pi\u00f9 persone che sono state vicine per motivi diversi durante la loro vita di riposare insieme. La sua manifestazione pi\u00f9 importante in Svizzera \u00e8 oggi la tomba di famiglia, che concede all&#8217;acquirente del diritto d&#8217;uso (locazione) un numero relativamente elevato di diritti di progettazione, design e prenotazione.[\/servicebox]\n\n<div style=\"height:40px\" aria-hidden=\"true\" class=\"wp-block-spacer\"><\/div>\n\n<div class=\"wp-block-buttons is-layout-flex wp-block-buttons-is-layout-flex\">\n<div class=\"wp-block-button\"><a class=\"wp-block-button__link wp-element-button\" href=\"https:\/\/app.deinadieu.ch\/testament\">Redigere un testamento qui<\/a><\/div>\n<\/div>\n","protected":false},"excerpt":{"rendered":"<p>La tomba di famiglia In una tomba di famiglia, diverse persone decedute, di solito membri della stessa famiglia, sono sepolte vicine l&#8217;una all&#8217;altra su richiesta comune. Chi acquisisce il diritto d&#8217;uso decide anche chi pu\u00f2 (ma non deve) essere sepolto nella tomba di famiglia in seguito. Si distingue tra tombe di famiglia singola o doppia, [&hellip;]<\/p>\n","protected":false},"author":2398,"featured_media":45544,"menu_order":0,"comment_status":"open","ping_status":"closed","template":"","tags":[2715,2780],"ratgeber-category":[2167],"class_list":["post-60048","ratgeber","type-ratgeber","status-publish","has-post-thumbnail","hentry","tag-funerale","tag-tomba","ratgeber-category-funerale"],"acf":[],"yoast_head":"<title>Differenza tra tomba di famiglia e tomba comune | DeinAdieu<\/title>\n<meta name=\"description\" content=\"Scoprite cos&#039;\u00e8 una tomba di famiglia o una tomba comune in questo articolo guida. Quali sono le differenze? Quali sono i costi? Quali sono le differenze? Quali sono i costi?\" \/>\n<meta name=\"robots\" content=\"index, follow, max-snippet:-1, max-image-preview:large, max-video-preview:-1\" \/>\n<link rel=\"canonical\" href=\"https:\/\/www.deinadieu.ch\/it\/guida\/tomba-di-famiglia-e-tomba-comune\/\" \/>\n<meta property=\"og:locale\" content=\"it_IT\" \/>\n<meta property=\"og:type\" content=\"article\" \/>\n<meta property=\"og:title\" content=\"Tomba di famiglia e tomba comune\" \/>\n<meta property=\"og:description\" content=\"La tomba di famiglia In una tomba di famiglia, diverse persone decedute, di solito membri della stessa famiglia, sono sepolte vicine l&#039;una all&#039;altra su\" \/>\n<meta property=\"og:url\" content=\"https:\/\/www.deinadieu.ch\/it\/guida\/tomba-di-famiglia-e-tomba-comune\/\" \/>\n<meta property=\"og:site_name\" content=\"DeinAdieu.ch\" \/>\n<meta property=\"article:publisher\" content=\"https:\/\/www.facebook.com\/deinadieu\" \/>\n<meta property=\"article:modified_time\" content=\"2023-07-10T08:44:16+00:00\" \/>\n<meta property=\"og:image\" content=\"https:\/\/static.deinadieu.ch\/uploads\/2020\/02\/Familiengrab_Gemeinschaftsgrab_627008872.jpg\" \/>\n\t<meta property=\"og:image:width\" content=\"1280\" \/>\n\t<meta property=\"og:image:height\" content=\"882\" \/>\n\t<meta property=\"og:image:type\" content=\"image\/jpeg\" \/>\n<meta name=\"twitter:card\" content=\"summary_large_image\" \/>\n<meta name=\"twitter:site\" content=\"@DeinAdieu\" \/>\n<meta name=\"twitter:label1\" content=\"Est. reading time\" \/>\n\t<meta name=\"twitter:data1\" content=\"2 minutes\" \/>\n<script type=\"application\/ld+json\" class=\"yoast-schema-graph\">{\"@context\":\"https:\\\/\\\/schema.org\",\"@graph\":[{\"@type\":\"WebPage\",\"@id\":\"https:\\\/\\\/www.deinadieu.ch\\\/it\\\/guida\\\/tomba-di-famiglia-e-tomba-comune\\\/\",\"url\":\"https:\\\/\\\/www.deinadieu.ch\\\/it\\\/guida\\\/tomba-di-famiglia-e-tomba-comune\\\/\",\"name\":\"Differenza tra tomba di famiglia e tomba comune | DeinAdieu\",\"isPartOf\":{\"@id\":\"https:\\\/\\\/www.deinadieu.ch\\\/it\\\/#website\"},\"primaryImageOfPage\":{\"@id\":\"https:\\\/\\\/www.deinadieu.ch\\\/it\\\/guida\\\/tomba-di-famiglia-e-tomba-comune\\\/#primaryimage\"},\"image\":{\"@id\":\"https:\\\/\\\/www.deinadieu.ch\\\/it\\\/guida\\\/tomba-di-famiglia-e-tomba-comune\\\/#primaryimage\"},\"thumbnailUrl\":\"https:\\\/\\\/www.deinadieu.ch\\\/wp-content\\\/uploads\\\/2020\\\/02\\\/Familiengrab_Gemeinschaftsgrab_627008872.jpg\",\"datePublished\":\"2018-10-20T08:17:55+00:00\",\"dateModified\":\"2023-07-10T08:44:16+00:00\",\"description\":\"Scoprite cos'\u00e8 una tomba di famiglia o una tomba comune in questo articolo guida. Quali sono le differenze? Quali sono i costi? Quali sono le differenze? Quali sono i costi?\",\"breadcrumb\":{\"@id\":\"https:\\\/\\\/www.deinadieu.ch\\\/it\\\/guida\\\/tomba-di-famiglia-e-tomba-comune\\\/#breadcrumb\"},\"inLanguage\":\"it-IT\",\"potentialAction\":[{\"@type\":\"ReadAction\",\"target\":[\"https:\\\/\\\/www.deinadieu.ch\\\/it\\\/guida\\\/tomba-di-famiglia-e-tomba-comune\\\/\"]}]},{\"@type\":\"ImageObject\",\"inLanguage\":\"it-IT\",\"@id\":\"https:\\\/\\\/www.deinadieu.ch\\\/it\\\/guida\\\/tomba-di-famiglia-e-tomba-comune\\\/#primaryimage\",\"url\":\"https:\\\/\\\/www.deinadieu.ch\\\/wp-content\\\/uploads\\\/2020\\\/02\\\/Familiengrab_Gemeinschaftsgrab_627008872.jpg\",\"contentUrl\":\"https:\\\/\\\/www.deinadieu.ch\\\/wp-content\\\/uploads\\\/2020\\\/02\\\/Familiengrab_Gemeinschaftsgrab_627008872.jpg\",\"width\":1280,\"height\":882,\"caption\":\"Tomba di famiglia e tomba comune (immagine: iStock)\"},{\"@type\":\"BreadcrumbList\",\"@id\":\"https:\\\/\\\/www.deinadieu.ch\\\/it\\\/guida\\\/tomba-di-famiglia-e-tomba-comune\\\/#breadcrumb\",\"itemListElement\":[{\"@type\":\"ListItem\",\"position\":1,\"name\":\"Home\",\"item\":\"https:\\\/\\\/www.deinadieu.ch\\\/it\\\/deinadieu-dialog-und-serviceportal-zum-lebensende\\\/\"},{\"@type\":\"ListItem\",\"position\":2,\"name\":\"Ratgeber\",\"item\":\"https:\\\/\\\/www.deinadieu.ch\\\/it\\\/guida\\\/\"},{\"@type\":\"ListItem\",\"position\":3,\"name\":\"Tomba di famiglia e tomba comune\"}]},{\"@type\":\"WebSite\",\"@id\":\"https:\\\/\\\/www.deinadieu.ch\\\/it\\\/#website\",\"url\":\"https:\\\/\\\/www.deinadieu.ch\\\/it\\\/\",\"name\":\"DeinAdieu.ch\",\"description\":\"Testament, Patientenverf\u00fcgung und Vorsorgeauftrag\",\"publisher\":{\"@id\":\"https:\\\/\\\/www.deinadieu.ch\\\/it\\\/#organization\"},\"potentialAction\":[{\"@type\":\"SearchAction\",\"target\":{\"@type\":\"EntryPoint\",\"urlTemplate\":\"https:\\\/\\\/www.deinadieu.ch\\\/it\\\/?s={search_term_string}\"},\"query-input\":{\"@type\":\"PropertyValueSpecification\",\"valueRequired\":true,\"valueName\":\"search_term_string\"}}],\"inLanguage\":\"it-IT\"},{\"@type\":\"Organization\",\"@id\":\"https:\\\/\\\/www.deinadieu.ch\\\/it\\\/#organization\",\"name\":\"EMNA Web GmbH\",\"url\":\"https:\\\/\\\/www.deinadieu.ch\\\/it\\\/\",\"logo\":{\"@type\":\"ImageObject\",\"inLanguage\":\"it-IT\",\"@id\":\"https:\\\/\\\/www.deinadieu.ch\\\/it\\\/#\\\/schema\\\/logo\\\/image\\\/\",\"url\":\"https:\\\/\\\/www.deinadieu.ch\\\/wp-content\\\/uploads\\\/2016\\\/01\\\/DeinAdieu_Logo.png\",\"contentUrl\":\"https:\\\/\\\/www.deinadieu.ch\\\/wp-content\\\/uploads\\\/2016\\\/01\\\/DeinAdieu_Logo.png\",\"width\":300,\"height\":117,\"caption\":\"EMNA Web GmbH\"},\"image\":{\"@id\":\"https:\\\/\\\/www.deinadieu.ch\\\/it\\\/#\\\/schema\\\/logo\\\/image\\\/\"},\"sameAs\":[\"https:\\\/\\\/www.facebook.com\\\/deinadieu\",\"https:\\\/\\\/x.com\\\/DeinAdieu\",\"https:\\\/\\\/www.instagram.com\\\/deinadieu\\\/\",\"https:\\\/\\\/www.linkedin.com\\\/company\\\/deinadieu.ch\"]}]}<\/script>","yoast_head_json":{"title":"Differenza tra tomba di famiglia e tomba comune | DeinAdieu","description":"Scoprite cos'\u00e8 una tomba di famiglia o una tomba comune in questo articolo guida. Quali sono le differenze? Quali sono i costi? Quali sono le differenze? Quali sono i costi?","robots":{"index":"index","follow":"follow","max-snippet":"max-snippet:-1","max-image-preview":"max-image-preview:large","max-video-preview":"max-video-preview:-1"},"canonical":"https:\/\/www.deinadieu.ch\/it\/guida\/tomba-di-famiglia-e-tomba-comune\/","og_locale":"it_IT","og_type":"article","og_title":"Tomba di famiglia e tomba comune","og_description":"La tomba di famiglia In una tomba di famiglia, diverse persone decedute, di solito membri della stessa famiglia, sono sepolte vicine l'una all'altra su","og_url":"https:\/\/www.deinadieu.ch\/it\/guida\/tomba-di-famiglia-e-tomba-comune\/","og_site_name":"DeinAdieu.ch","article_publisher":"https:\/\/www.facebook.com\/deinadieu","article_modified_time":"2023-07-10T08:44:16+00:00","og_image":[{"width":1280,"height":882,"url":"https:\/\/static.deinadieu.ch\/uploads\/2020\/02\/Familiengrab_Gemeinschaftsgrab_627008872.jpg","type":"image\/jpeg"}],"twitter_card":"summary_large_image","twitter_site":"@DeinAdieu","twitter_misc":{"Est. reading time":"2 minutes"},"schema":{"@context":"https:\/\/schema.org","@graph":[{"@type":"WebPage","@id":"https:\/\/www.deinadieu.ch\/it\/guida\/tomba-di-famiglia-e-tomba-comune\/","url":"https:\/\/www.deinadieu.ch\/it\/guida\/tomba-di-famiglia-e-tomba-comune\/","name":"Differenza tra tomba di famiglia e tomba comune | DeinAdieu","isPartOf":{"@id":"https:\/\/www.deinadieu.ch\/it\/#website"},"primaryImageOfPage":{"@id":"https:\/\/www.deinadieu.ch\/it\/guida\/tomba-di-famiglia-e-tomba-comune\/#primaryimage"},"image":{"@id":"https:\/\/www.deinadieu.ch\/it\/guida\/tomba-di-famiglia-e-tomba-comune\/#primaryimage"},"thumbnailUrl":"https:\/\/www.deinadieu.ch\/wp-content\/uploads\/2020\/02\/Familiengrab_Gemeinschaftsgrab_627008872.jpg","datePublished":"2018-10-20T08:17:55+00:00","dateModified":"2023-07-10T08:44:16+00:00","description":"Scoprite cos'\u00e8 una tomba di famiglia o una tomba comune in questo articolo guida. Quali sono le differenze? Quali sono i costi? Quali sono le differenze? Quali sono i costi?","breadcrumb":{"@id":"https:\/\/www.deinadieu.ch\/it\/guida\/tomba-di-famiglia-e-tomba-comune\/#breadcrumb"},"inLanguage":"it-IT","potentialAction":[{"@type":"ReadAction","target":["https:\/\/www.deinadieu.ch\/it\/guida\/tomba-di-famiglia-e-tomba-comune\/"]}]},{"@type":"ImageObject","inLanguage":"it-IT","@id":"https:\/\/www.deinadieu.ch\/it\/guida\/tomba-di-famiglia-e-tomba-comune\/#primaryimage","url":"https:\/\/www.deinadieu.ch\/wp-content\/uploads\/2020\/02\/Familiengrab_Gemeinschaftsgrab_627008872.jpg","contentUrl":"https:\/\/www.deinadieu.ch\/wp-content\/uploads\/2020\/02\/Familiengrab_Gemeinschaftsgrab_627008872.jpg","width":1280,"height":882,"caption":"Tomba di famiglia e tomba comune (immagine: iStock)"},{"@type":"BreadcrumbList","@id":"https:\/\/www.deinadieu.ch\/it\/guida\/tomba-di-famiglia-e-tomba-comune\/#breadcrumb","itemListElement":[{"@type":"ListItem","position":1,"name":"Home","item":"https:\/\/www.deinadieu.ch\/it\/deinadieu-dialog-und-serviceportal-zum-lebensende\/"},{"@type":"ListItem","position":2,"name":"Ratgeber","item":"https:\/\/www.deinadieu.ch\/it\/guida\/"},{"@type":"ListItem","position":3,"name":"Tomba di famiglia e tomba comune"}]},{"@type":"WebSite","@id":"https:\/\/www.deinadieu.ch\/it\/#website","url":"https:\/\/www.deinadieu.ch\/it\/","name":"DeinAdieu.ch","description":"Testament, Patientenverf\u00fcgung und Vorsorgeauftrag","publisher":{"@id":"https:\/\/www.deinadieu.ch\/it\/#organization"},"potentialAction":[{"@type":"SearchAction","target":{"@type":"EntryPoint","urlTemplate":"https:\/\/www.deinadieu.ch\/it\/?s={search_term_string}"},"query-input":{"@type":"PropertyValueSpecification","valueRequired":true,"valueName":"search_term_string"}}],"inLanguage":"it-IT"},{"@type":"Organization","@id":"https:\/\/www.deinadieu.ch\/it\/#organization","name":"EMNA Web GmbH","url":"https:\/\/www.deinadieu.ch\/it\/","logo":{"@type":"ImageObject","inLanguage":"it-IT","@id":"https:\/\/www.deinadieu.ch\/it\/#\/schema\/logo\/image\/","url":"https:\/\/www.deinadieu.ch\/wp-content\/uploads\/2016\/01\/DeinAdieu_Logo.png","contentUrl":"https:\/\/www.deinadieu.ch\/wp-content\/uploads\/2016\/01\/DeinAdieu_Logo.png","width":300,"height":117,"caption":"EMNA Web GmbH"},"image":{"@id":"https:\/\/www.deinadieu.ch\/it\/#\/schema\/logo\/image\/"},"sameAs":["https:\/\/www.facebook.com\/deinadieu","https:\/\/x.com\/DeinAdieu","https:\/\/www.instagram.com\/deinadieu\/","https:\/\/www.linkedin.com\/company\/deinadieu.ch"]}]}},"_links":{"self":[{"href":"https:\/\/www.deinadieu.ch\/it\/wp-json\/wp\/v2\/ratgeber\/60048","targetHints":{"allow":["GET"]}}],"collection":[{"href":"https:\/\/www.deinadieu.ch\/it\/wp-json\/wp\/v2\/ratgeber"}],"about":[{"href":"https:\/\/www.deinadieu.ch\/it\/wp-json\/wp\/v2\/types\/ratgeber"}],"author":[{"embeddable":true,"href":"https:\/\/www.deinadieu.ch\/it\/wp-json\/wp\/v2\/users\/2398"}],"replies":[{"embeddable":true,"href":"https:\/\/www.deinadieu.ch\/it\/wp-json\/wp\/v2\/comments?post=60048"}],"version-history":[{"count":7,"href":"https:\/\/www.deinadieu.ch\/it\/wp-json\/wp\/v2\/ratgeber\/60048\/revisions"}],"predecessor-version":[{"id":64830,"href":"https:\/\/www.deinadieu.ch\/it\/wp-json\/wp\/v2\/ratgeber\/60048\/revisions\/64830"}],"wp:featuredmedia":[{"embeddable":true,"href":"https:\/\/www.deinadieu.ch\/it\/wp-json\/wp\/v2\/media\/45544"}],"wp:attachment":[{"href":"https:\/\/www.deinadieu.ch\/it\/wp-json\/wp\/v2\/media?parent=60048"}],"wp:term":[{"taxonomy":"post_tag","embeddable":true,"href":"https:\/\/www.deinadieu.ch\/it\/wp-json\/wp\/v2\/tags?post=60048"},{"taxonomy":"ratgeber-category","embeddable":true,"href":"https:\/\/www.deinadieu.ch\/it\/wp-json\/wp\/v2\/ratgeber-category?post=60048"}],"curies":[{"name":"wp","href":"https:\/\/api.w.org\/{rel}","templated":true}]}}