{"id":59815,"date":"2022-07-27T07:06:00","date_gmt":"2022-07-27T05:06:00","guid":{"rendered":"https:\/\/www.deinadieu.ch\/ratgeber\/rappresentanza-in-caso-di-incapacita-di-discernimento-e-civile\/"},"modified":"2024-08-19T14:40:52","modified_gmt":"2024-08-19T12:40:52","slug":"rappresentanza-in-caso-di-incapacita-di-discernimento-e-civile","status":"publish","type":"ratgeber","link":"https:\/\/www.deinadieu.ch\/it\/guida\/rappresentanza-in-caso-di-incapacita-di-discernimento-e-civile\/","title":{"rendered":"Rappresentanza in caso di incapacit\u00e0 di discernimento e d&#8217;agire"},"content":{"rendered":"\n<p>Gli adulti possono, in linea di principio, decidere da soli sulle decisioni quotidiane e importanti della loro vita. Se la capacit\u00e0 di discernimento \u00e8 limitata da una malattia o da un&#8217;altra menomazione mentale, pu\u00f2 essere necessaria una rappresentanza.<\/p>\n\n<!--more-->\n\n<div class=\"wp-block-create-block-deinadieu-simple\"><div class=\"inner bg-lightgrey p-4 border-t-2 border-da-dark border-solid\"><p class=\"title font-semibold text-2xl\">L&#8217;essenziale in breve<\/p><div class=\"content\"><ul><li>La <strong>valutazione<\/strong> dell&#8217;incapacit\u00e0 di discernimento e dell&#8217;incapacit\u00e0 d&#8217;agire <strong>dipende sempre dalla situazione concreta<\/strong>. Un&#8217;incapacit\u00e0 d&#8217;agire generale esiste solo in casi gravi.<\/li><li>Si raccomanda di regolamentare il potere di rappresentanza in una <a href=\"https:\/\/www.deinadieu.ch\/it\/decreto-del-paziente\/\">direttiva del paziente<\/a> (rappresentanza per questioni mediche) o in un <a href=\"https:\/\/www.deinadieu.ch\/it\/mandato-precauzionale\/\">mandato precauzionale<\/a> (rappresentanza per altri ambiti della vita).<\/li><li>Se una persona <strong>non ha regolato la propria rappresentanza in un mandato precauzionale<\/strong>, la rappresentanza spetta in linea di principio al coniuge. L&#8217;ambito di rappresentanza \u00e8 tuttavia limitato e in caso di dubbio \u00e8 necessario contattare l&#8217;autorit\u00e0 di protezione degli adulti e dei minori (APMA).<\/li><li>Per quanto riguarda le <strong>questioni mediche<\/strong>, la legge regola l&#8217;ordine dei rappresentanti autorizzati nel caso in cui non ci sia una direttiva del paziente.<\/li><li>La <strong>funzione dell&#8217;APMA comprende la tutela della persona incapace di discernimento<\/strong>, motivo per cui controlla la rappresentanza. Inoltre, se necessario, pu\u00f2 anche nominare direttamente dei tutori e quindi designare dei rappresentanti autorizzati.<\/li><\/ul><\/div><\/div><\/div>\n\n<h2 class=\"wp-block-heading\" id=\"h-was-bedeutet-handlungsunfahigkeit-und-urteilsunfahigkeit\">Cosa si intende per incapacit\u00e0 d&#8217;agire e incapacit\u00e0 di discernimento?<\/h2>\n\n<h3 class=\"wp-block-heading\">Esercizio dei diritti civili<\/h3>\n\n<p>L&#8217;esercizio dei diritti civili comprende la capacit\u00e0 di stabilire diritti e obblighi con atti propri. Una persona pu\u00f2 per esempio, acquistare un televisore in un negozio di elettronica (stipulando un contratto di vendita), impegnandosi cos\u00ec a pagare il prezzo di acquisto. Se un affare viene concluso nonostante l&#8217;incapacit\u00e0 civile, esso non \u00e8 valido e la persona incapace di agire non \u00e8 vincolata. Affinch\u00e9 una persona abbia l&#8217;esercizio dei diritti civili devono essere soddisfatte due <strong>condizioni<\/strong>: <strong>la maggiore et\u00e0 e la capacit\u00e0 di discernimento<\/strong>.<\/p>\n\n<p>I <strong>minori non hanno mai l&#8217;esercizio dei diritti civili<\/strong>. Per la conclusione di transazioni \u00e8 necessario il consenso dei <strong>rappresentanti legali<\/strong> \u2013 di norma <strong>i genitori<\/strong>. Tuttavia, esistono delle eccezioni: ad esempio, un minore che non ha pienamente l&#8217;esercizio dei diritti civili pu\u00f2 occuparsi di questioni esigue della vita quotidiana (p.e. la spesa di tutti i giorni). Inoltre, va notato che nel caso di diritti altamente personali come il matrimonio o la stesura di un <a href=\"https:\/\/www.deinadieu.ch\/it\/testamento\/\">testamento<\/a>, non \u00e8 possibile la rappresentanza dei genitori. Pertanto, il minore capace di discernimento deve attendere il raggiungimento della maggiore et\u00e0 per esercitare questi diritti.<\/p>\n\n<p><strong>In altre parole, un minore \u00e8 fondamentalmente incapace di esercitare i diritti civili<\/strong> e ha bisogno del consenso dei genitori per effettuare, ad esempio, un acquisto importante. A seconda dell&#8217;affare, tuttavia, un minore capace di discernimento pu\u00f2 eccezionalmente avere un limitato esercizio dei diritti civili, motivo per cui anche i minori possono legalmente effettuare acquisti di minore entit\u00e0.<\/p>\n\n<h3 class=\"wp-block-heading\">Capacit\u00e0 di discernimento<\/h3>\n\n<p>La <strong>capacit\u00e0 di discernimento<\/strong> \u00e8 il secondo aspetto dell&#8217;esercizio dei diritti civili. <strong>Comprende la capacit\u00e0 di agire razionalmente<\/strong>. Ci\u00f2 significa che la persona \u00e8 consapevole delle implicazioni di una determinata decisione e pu\u00f2 agire di conseguenza. Se la persona non \u00e8 in grado di farlo, \u00e8 incapace di discernimento. Pertanto, l&#8217;incapacit\u00e0 di discernimento deve essere valutata individualmente, per la rispettiva situazione. <strong>Criteri importanti per valutare l&#8217;incapacit\u00e0 di discernimento<\/strong> sono la complessit\u00e0, ma anche l&#8217;entit\u00e0, delle conseguenze economiche dell&#8217;affare. Nel caso di <strong>malattie<\/strong> gravi (in particolare la demenza avanzata) e di altre <strong>menomazioni mentali<\/strong> pi\u00f9 gravi, vi \u00e8 un&#8217;incapacit\u00e0 di discernimento per tutte le azioni. Questo indipendentemente dalla complessit\u00e0 dell&#8217;affare e dal suo impatto economico. Anche gli acquisti quotidiani sono quindi inclusi in tale incapacit\u00e0 di discernimento. Una persona pu\u00f2 essere incapace di discernimento anche solo per un certo periodo di tempo. Questo \u00e8 il caso, ad esempio, quando la persona \u00e8 in coma e non \u00e8 in grado di parlare.<\/p>\n\n<p><strong>Esempio<\/strong><br\/><em>La donna X di 40 anni, che soffre di una disabilit\u00e0 mentale moderatamente grave, pu\u00f2 sbrigare la spesa quotidiana senza problemi. Tuttavia, potrebbe essere incapace di discernimento in relazione all&#8217;acquisto di una casa, alla stipulazione di un&#8217;ipoteca o alla stesura di un testamento.<\/em><\/p>\n\n<h2 class=\"wp-block-heading\">Determinazione del potere di rappresentanza mediante mandato precauzionale\/direttiva del paziente<\/h2>\n\n<p>Se una persona \u00e8 incapace di giudicare e quindi anche di agire, si pone il problema di chi possa e debba rappresentarla. <strong>Una persona pu\u00f2 farsi rappresentare in un mandato precauzionale in caso di incapacit\u00e0 di giudizio, finch\u00e9 \u00e8 ancora capace di giudizio e di azione<\/strong>. D&#8217;altra parte, la capacit\u00e0 di giudizio \u00e8 sufficiente per la redazione della direttiva del paziente. <strong>Con le <a href=\"https:\/\/www.deinadieu.ch\/it\/decreto-del-paziente\/\">direttive del paziente<\/a>, la persona pu\u00f2 specificare un rappresente per le questioni mediche.<\/strong> Nel <a href=\"https:\/\/www.deinadieu.ch\/it\/mandato-precauzionale\/\"><strong>direttive anticipate di cura<\/strong><\/a> pu\u00f2<strong> nominare<\/strong> un<strong> rappresentante che la rappresenti nelle decisioni relative ad altre aree della sua vita<\/strong>. Potete trovare informazioni dettagliate su questo argomento nell&#8217;articolo guida \u00ab<a href=\"https:\/\/www.deinadieu.ch\/ratgeber\/unterschied-vorsorgeauftrag-und-patientenverfuegung-brauche-ich-beides\/\">Mandato precauzionale e direttiva del paziente \u2013 ho bisogno di entrambi?<\/a>\u00bb.<\/p>\n\n<h3 class=\"wp-block-heading\">Chi ha il potere di rappresentanza se la persona incapace di discernimento non ha regolato nulla?<\/h3>\n\n<p>Se una persona non ha una persona autorizzata a rappresentarla, sono previste diverse norme giuridiche. Le questioni non mediche devono essere trattate in modo diverso da quelle mediche.<\/p>\n\n<p>Per quanto riguarda le decisioni non mediche, la legge prevede che la <strong>rappresentanza di una persona incapace di discernimento spetti in linea di principio al coniuge<\/strong>. Questa persona deve essere lei stessa capace di discernimento e avere un rapporto effettivo con la persona incapace di discernimento. I coniugi non possono rappresentare i partner ad esempio se sono legalmente sposati, ma in realt\u00e0 vivono separatamente e non si assistono regolarmente. Inoltre, non possono rappresentare il partner se la persona ormai incapace di discernimento ha escluso la rappresentanza del coniuge quando era ancora capace di discernimento.<\/p>\n\n<p><strong>Esempio<\/strong>:<br\/><em>Il signor Y vive in comunione domestica con la coniuge X quando diventa incapace di discernimento a causa di un incidente. Il signor Y non ha redatto un mandato precauzionale. La rappresentanza spetta alla signora X, se lo desidera. <\/em><br\/><em>La situazione sarebbe diversa se il signor Y, quando era ancora capace di discernimento, avesse stabilito che la signora X non potesse rappresentarlo. Se in un caso del genere non ha redatto un mandato precauzionale, l&#8217;autorit\u00e0 di protezione degli adulti APMA nominer\u00e0 un curatore.<\/em><\/p>\n\n<p>Un coniuge che soddisfa i requisiti <strong>pu\u00f2 compiere determinati atti e prendere decisioni per conto del partner incapace di discernimento<\/strong>.<\/p>\n\n<p>Ad esempio, pu\u00f2:<\/p>\n\n<ul class=\"wp-block-list\">\n<li><strong>Eseguire tutto ci\u00f2 che \u00e8 necessario per coprire l&#8217;abituale mantenimento<\/strong>: ci\u00f2 include, ad esempio, l&#8217;approvvigionamento di cibo e vestiti e la gestione della cassa malati o di altre assicurazioni. Di norma, viene utilizzato come parametro per determinare se qualcosa \u00e8 considerato abituale il tenore di vita dei coniugi fino a quel momento.<\/li>\n\n\n\n<li><strong>Effettuare l\u2019amministrazione ordinaria del reddito e dei rimanenti beni<\/strong>: ne sono un esempio la riscossione di crediti dovuti, la ricezione di pagamenti o la rivendicazione di diritti salariali o di crediti ai sensi della legge sulla previdenza sociale. La vendita di un immobile o la liquidazione di una societ\u00e0 sono esempi di atti straordinari. Tali affari non possono essere effettuati senza il consenso dell&#8217;autorit\u00e0 di protezione degli adulti. Non \u00e8 sempre facile stabilire se qualcosa rientra nell&#8217;amministrazione ordinaria o straordinaria del reddito. Per questo motivo, il coniuge con potere di rappresentanza pu\u00f2 chiedere all&#8217;autorit\u00e0 di protezione degli adulti quali operazioni in un caso concreto rientrano nell&#8217;amministrazione ordinaria del reddito.<\/li>\n\n\n\n<li><strong>Aprire e sbrigare la corrispondenza<\/strong>.<\/li>\n<\/ul>\n\n<p>Per quanto riguarda le <strong>decisioni in materia medica<\/strong>, la legge prevede un <strong>ordine chiaro<\/strong> di chi pu\u00f2 decidere sulle misure mediche per conto di una persona incapace di discernimento:<\/p>\n\n<ol class=\"wp-block-list\" type=\"1\">\n<li>la persona designata nelle direttive del paziente o nel mandato precauzionale;<\/li>\n\n\n\n<li>il curatore con diritto di rappresentanza in caso di provvedimenti medici;<\/li>\n\n\n\n<li>il coniuge o partner registrato che vive in comunione dome\u00adstica con la persona incapace di discernimento o la persona che gli presta regolare assistenza;<\/li>\n\n\n\n<li>la persona che vive in comunione domestica con la persona incapace di discernimento e le presta regolare assistenza;<\/li>\n\n\n\n<li>i discendenti, se prestano regolare assistenza alla persona incapace di discernimento;<\/li>\n\n\n\n<li>i genitori, se prestano regolare assistenza alla persona incapace di discernimento;<\/li>\n\n\n\n<li>i fratelli e le sorelle, se prestano regolare assistenza alla persona incapace di discernimento.<\/li>\n<\/ol>\n\n<p>Degno di menzione \u00e8 il fatto che i <strong>medici possono prendere autonomamente decisioni urgenti<\/strong>. Naturalmente, sono sempre obbligati a seguire la presunta volont\u00e0 della persona interessata.<\/p>\n\n<h2 class=\"wp-block-heading\">Ruolo dell&#8217;autorit\u00e0 di protezione degli adulti e dei minori (APMA)<\/h2>\n\n<p>L&#8217;obiettivo principale dell&#8217;<a href=\"https:\/\/www.deinadieu.ch\/it\/guida\/autorita-di-protezione-dei-minori-e-degli-adulti-apma-che-cose-e-quando-entra-in-gioco\/\">APMA<\/a> \u00e8 garantire la protezione delle persone che necessitano di assistenza. Le persone incapaci di discernimento vengono considerate persone bisognose di assistenza e rientrano quindi in questo incarico di protezione. Per questo motivo entra in gioco anche nelle questioni di rappresentanza. <strong>L&#8217;APMA stabilisce l&#8217;incapacit\u00e0 di discernimento di una persona e poi esamina d&#8217;ufficio se esiste un mandato precauzionale<\/strong> e se \u00e8 stato validamente redatto. Ci\u00f2 \u00e8 necessario affinch\u00e9 il mandato precauzionale entri in vigore. L&#8217;autorit\u00e0 contatta quindi la persona nominata nel mandato precauzionale e chiarisce se accetta il mandato. <strong>L&#8217;APMA deve essere informata per iscritto<\/strong> anche nel caso in cui una persona mediante mandato precauzionale rappresenti un&#8217;altra persona ma desideri rinunciare a tale rappresentanza. Inoltre, l&#8217;APMA ordina misure (in particolare curatele) nonostante l&#8217;esistenza di un mandato precauzionale, se gli interessi della persona incapace di discernimento sono in pericolo o non sono pi\u00f9 tutelati.<\/p>\n\n<p>Se non \u00e8 stato redatto un mandato precauzionale, se non c&#8217;\u00e8 un coniuge o se il coniuge rifiuta la rappresentanza, <strong>l&#8217;APMA nominer\u00e0 un curatore rappresentativo<\/strong>. Questo pu\u00f2 essere pronunciato in modi diversi: ad esempio, pu\u00f2 riguardare solo affari specifici o essere complessivo (il curatore si occupa di tutte le questioni).<\/p>\n\n<p>L&#8217;intervento dell&#8217;APMA pu\u00f2 anche essere necessario in relazione a questioni mediche. Ci\u00f2 avviene se, secondo l&#8217;ordinamento giuridico, non esiste una persona o se pi\u00f9 persone sarebbero autorizzate a prendere decisioni ma non riescono a mettersi d&#8217;accordo.<\/p>\n\n<p><strong>Esempio<\/strong><br\/><em>Il signor Y non ha redatto un mandato precauzionale e non ha un coniuge n\u00e9 vive con un&#8217;altra persona. Di conseguenza i suoi discendenti sarebbero stati autorizzati a prendere decisioni in merito alle misure mediche. Se i discendenti sono in disaccordo tra loro, l&#8217;APMA deve istituire un curatore rappresentativo.<\/em><\/p>\n\n<div style=\"height:40px\" aria-hidden=\"true\" class=\"wp-block-spacer\"><\/div>\n\n<div class=\"wp-block-buttons is-layout-flex wp-block-buttons-is-layout-flex\">\n<div class=\"wp-block-button\"><a class=\"wp-block-button__link wp-element-button\" href=\"https:\/\/app.deinadieu.ch\/patientenverfuegung\">Direttiva del paziente<\/a><\/div>\n\n\n\n<div class=\"wp-block-button\"><a class=\"wp-block-button__link wp-element-button\" href=\"https:\/\/app.deinadieu.ch\/vorsorgeauftrag\">Mandato precauzionale<\/a><\/div>\n\n\n\n<div class=\"wp-block-button\"><a class=\"wp-block-button__link wp-element-button\" href=\"https:\/\/app.deinadieu.ch\/testament\">Testamento<\/a><\/div>\n<\/div>\n\n<h3 class=\"wp-block-heading\"><strong>Potrebbe anche interessarvi<\/strong><\/h3>\n\n<ul class=\"wp-block-list\">\n<li><a href=\"https:\/\/www.deinadieu.ch\/ratgeber\/der-vorsorgeauftrag\/\">Il mandato precauzionale<\/a><\/li>\n\n\n\n<li><a href=\"https:\/\/www.deinadieu.ch\/ratgeber\/unterschied-vorsorgeauftrag-und-patientenverfuegung-brauche-ich-beides\/\">Mandato precauzionale e direttiva del paziente \u2013 mi servono entrambi?<\/a><\/li>\n\n\n\n<li><a href=\"https:\/\/www.deinadieu.ch\/ratgeber\/wo-kann-man-den-vorsorgeauftrag-und-die-patientenverfuegung-hinterlegen\/\">Dove si pu\u00f2 depositare il mandato precauzionale e la direttiva del paziente?<\/a><\/li>\n\n\n\n<li><a href=\"https:\/\/www.deinadieu.ch\/faq\/wie-lange-ist-der-vorsorgeauftrag-gueltig\/\">FAQ: Per quanto tempo \u00e8 valido il mandato precauzionale?<\/a><\/li>\n<\/ul>\n","protected":false},"excerpt":{"rendered":"<p>Gli adulti possono, in linea di principio, decidere da soli sulle decisioni quotidiane e importanti della loro vita. Se la capacit\u00e0 di discernimento \u00e8 limitata da una malattia o da un&#8217;altra menomazione mentale, pu\u00f2 essere necessaria una rappresentanza.<\/p>\n","protected":false},"author":6036,"featured_media":59525,"menu_order":0,"comment_status":"open","ping_status":"closed","template":"","tags":[2094,2795,3387,2796,3386,2015],"ratgeber-category":[3034,2021,3037],"class_list":["post-59815","ratgeber","type-ratgeber","status-publish","has-post-thumbnail","hentry","tag-apma","tag-direttiva-del-paziente","tag-esercizio-dei-diritti-civili","tag-mandato-precauzionale","tag-misure-mediche","tag-previdenza","ratgeber-category-direttiva-del-paziente-it","ratgeber-category-direttiva-del-paziente","ratgeber-category-mandato-precauzionale"],"acf":[],"yoast_head":"<title>Diritto di rappresentanza in caso di incapacit\u00e0 di giudicare o di agire | DeinAdieu<\/title>\n<meta name=\"description\" content=\"Chi \u00e8 autorizzato a rappresentare in caso di incapacit\u00e0 di discernimento o d&#039;agire? Come si nominano persone autorizzate nel mandato precauzionale e nella direttiva del paziente?\" \/>\n<meta name=\"robots\" content=\"index, follow, max-snippet:-1, max-image-preview:large, max-video-preview:-1\" \/>\n<link rel=\"canonical\" href=\"https:\/\/www.deinadieu.ch\/it\/guida\/rappresentanza-in-caso-di-incapacita-di-discernimento-e-civile\/\" \/>\n<meta property=\"og:locale\" content=\"it_IT\" \/>\n<meta property=\"og:type\" content=\"article\" \/>\n<meta property=\"og:title\" content=\"Rappresentanza in caso di incapacit\u00e0 di discernimento e d&#039;agire\" \/>\n<meta property=\"og:description\" content=\"Gli adulti possono, in linea di principio, decidere da soli sulle decisioni quotidiane e importanti della loro vita. Se la capacit\u00e0 di discernimento \u00e8\" \/>\n<meta property=\"og:url\" content=\"https:\/\/www.deinadieu.ch\/it\/guida\/rappresentanza-in-caso-di-incapacita-di-discernimento-e-civile\/\" \/>\n<meta property=\"og:site_name\" content=\"DeinAdieu.ch\" \/>\n<meta property=\"article:publisher\" content=\"https:\/\/www.facebook.com\/deinadieu\" \/>\n<meta property=\"article:modified_time\" content=\"2024-08-19T12:40:52+00:00\" \/>\n<meta property=\"og:image\" content=\"https:\/\/static.deinadieu.ch\/uploads\/2022\/07\/iStock-926312918.jpeg\" \/>\n\t<meta property=\"og:image:width\" content=\"1254\" \/>\n\t<meta property=\"og:image:height\" content=\"836\" \/>\n\t<meta property=\"og:image:type\" content=\"image\/jpeg\" \/>\n<meta name=\"twitter:card\" content=\"summary_large_image\" \/>\n<meta name=\"twitter:site\" content=\"@DeinAdieu\" \/>\n<meta name=\"twitter:label1\" content=\"Est. reading time\" \/>\n\t<meta name=\"twitter:data1\" content=\"8 minutes\" \/>\n<script type=\"application\/ld+json\" class=\"yoast-schema-graph\">{\"@context\":\"https:\\\/\\\/schema.org\",\"@graph\":[{\"@type\":\"WebPage\",\"@id\":\"https:\\\/\\\/www.deinadieu.ch\\\/it\\\/guida\\\/rappresentanza-in-caso-di-incapacita-di-discernimento-e-civile\\\/\",\"url\":\"https:\\\/\\\/www.deinadieu.ch\\\/it\\\/guida\\\/rappresentanza-in-caso-di-incapacita-di-discernimento-e-civile\\\/\",\"name\":\"Diritto di rappresentanza in caso di incapacit\u00e0 di giudicare o di agire | DeinAdieu\",\"isPartOf\":{\"@id\":\"https:\\\/\\\/www.deinadieu.ch\\\/it\\\/#website\"},\"primaryImageOfPage\":{\"@id\":\"https:\\\/\\\/www.deinadieu.ch\\\/it\\\/guida\\\/rappresentanza-in-caso-di-incapacita-di-discernimento-e-civile\\\/#primaryimage\"},\"image\":{\"@id\":\"https:\\\/\\\/www.deinadieu.ch\\\/it\\\/guida\\\/rappresentanza-in-caso-di-incapacita-di-discernimento-e-civile\\\/#primaryimage\"},\"thumbnailUrl\":\"https:\\\/\\\/www.deinadieu.ch\\\/wp-content\\\/uploads\\\/2022\\\/07\\\/iStock-926312918.jpeg\",\"datePublished\":\"2022-07-27T05:06:00+00:00\",\"dateModified\":\"2024-08-19T12:40:52+00:00\",\"description\":\"Chi \u00e8 autorizzato a rappresentare in caso di incapacit\u00e0 di discernimento o d'agire? Come si nominano persone autorizzate nel mandato precauzionale e nella direttiva del paziente?\",\"breadcrumb\":{\"@id\":\"https:\\\/\\\/www.deinadieu.ch\\\/it\\\/guida\\\/rappresentanza-in-caso-di-incapacita-di-discernimento-e-civile\\\/#breadcrumb\"},\"inLanguage\":\"it-IT\",\"potentialAction\":[{\"@type\":\"ReadAction\",\"target\":[\"https:\\\/\\\/www.deinadieu.ch\\\/it\\\/guida\\\/rappresentanza-in-caso-di-incapacita-di-discernimento-e-civile\\\/\"]}]},{\"@type\":\"ImageObject\",\"inLanguage\":\"it-IT\",\"@id\":\"https:\\\/\\\/www.deinadieu.ch\\\/it\\\/guida\\\/rappresentanza-in-caso-di-incapacita-di-discernimento-e-civile\\\/#primaryimage\",\"url\":\"https:\\\/\\\/www.deinadieu.ch\\\/wp-content\\\/uploads\\\/2022\\\/07\\\/iStock-926312918.jpeg\",\"contentUrl\":\"https:\\\/\\\/www.deinadieu.ch\\\/wp-content\\\/uploads\\\/2022\\\/07\\\/iStock-926312918.jpeg\",\"width\":1254,\"height\":836,\"caption\":\"Ecco come regolare le rappresentazioni nella direttiva del paziente e nel mandato precauzionale (immagine: istock\\\/FredFroese)\"},{\"@type\":\"BreadcrumbList\",\"@id\":\"https:\\\/\\\/www.deinadieu.ch\\\/it\\\/guida\\\/rappresentanza-in-caso-di-incapacita-di-discernimento-e-civile\\\/#breadcrumb\",\"itemListElement\":[{\"@type\":\"ListItem\",\"position\":1,\"name\":\"Home\",\"item\":\"https:\\\/\\\/www.deinadieu.ch\\\/it\\\/deinadieu-dialog-und-serviceportal-zum-lebensende\\\/\"},{\"@type\":\"ListItem\",\"position\":2,\"name\":\"Ratgeber\",\"item\":\"https:\\\/\\\/www.deinadieu.ch\\\/it\\\/guida\\\/\"},{\"@type\":\"ListItem\",\"position\":3,\"name\":\"Rappresentanza in caso di incapacit\u00e0 di discernimento e d&#8217;agire\"}]},{\"@type\":\"WebSite\",\"@id\":\"https:\\\/\\\/www.deinadieu.ch\\\/it\\\/#website\",\"url\":\"https:\\\/\\\/www.deinadieu.ch\\\/it\\\/\",\"name\":\"DeinAdieu.ch\",\"description\":\"Testament, Patientenverf\u00fcgung und Vorsorgeauftrag\",\"publisher\":{\"@id\":\"https:\\\/\\\/www.deinadieu.ch\\\/it\\\/#organization\"},\"potentialAction\":[{\"@type\":\"SearchAction\",\"target\":{\"@type\":\"EntryPoint\",\"urlTemplate\":\"https:\\\/\\\/www.deinadieu.ch\\\/it\\\/?s={search_term_string}\"},\"query-input\":{\"@type\":\"PropertyValueSpecification\",\"valueRequired\":true,\"valueName\":\"search_term_string\"}}],\"inLanguage\":\"it-IT\"},{\"@type\":\"Organization\",\"@id\":\"https:\\\/\\\/www.deinadieu.ch\\\/it\\\/#organization\",\"name\":\"EMNA Web GmbH\",\"url\":\"https:\\\/\\\/www.deinadieu.ch\\\/it\\\/\",\"logo\":{\"@type\":\"ImageObject\",\"inLanguage\":\"it-IT\",\"@id\":\"https:\\\/\\\/www.deinadieu.ch\\\/it\\\/#\\\/schema\\\/logo\\\/image\\\/\",\"url\":\"https:\\\/\\\/www.deinadieu.ch\\\/wp-content\\\/uploads\\\/2016\\\/01\\\/DeinAdieu_Logo.png\",\"contentUrl\":\"https:\\\/\\\/www.deinadieu.ch\\\/wp-content\\\/uploads\\\/2016\\\/01\\\/DeinAdieu_Logo.png\",\"width\":300,\"height\":117,\"caption\":\"EMNA Web GmbH\"},\"image\":{\"@id\":\"https:\\\/\\\/www.deinadieu.ch\\\/it\\\/#\\\/schema\\\/logo\\\/image\\\/\"},\"sameAs\":[\"https:\\\/\\\/www.facebook.com\\\/deinadieu\",\"https:\\\/\\\/x.com\\\/DeinAdieu\",\"https:\\\/\\\/www.instagram.com\\\/deinadieu\\\/\",\"https:\\\/\\\/www.linkedin.com\\\/company\\\/deinadieu.ch\"]}]}<\/script>","yoast_head_json":{"title":"Diritto di rappresentanza in caso di incapacit\u00e0 di giudicare o di agire | DeinAdieu","description":"Chi \u00e8 autorizzato a rappresentare in caso di incapacit\u00e0 di discernimento o d'agire? Come si nominano persone autorizzate nel mandato precauzionale e nella direttiva del paziente?","robots":{"index":"index","follow":"follow","max-snippet":"max-snippet:-1","max-image-preview":"max-image-preview:large","max-video-preview":"max-video-preview:-1"},"canonical":"https:\/\/www.deinadieu.ch\/it\/guida\/rappresentanza-in-caso-di-incapacita-di-discernimento-e-civile\/","og_locale":"it_IT","og_type":"article","og_title":"Rappresentanza in caso di incapacit\u00e0 di discernimento e d'agire","og_description":"Gli adulti possono, in linea di principio, decidere da soli sulle decisioni quotidiane e importanti della loro vita. Se la capacit\u00e0 di discernimento \u00e8","og_url":"https:\/\/www.deinadieu.ch\/it\/guida\/rappresentanza-in-caso-di-incapacita-di-discernimento-e-civile\/","og_site_name":"DeinAdieu.ch","article_publisher":"https:\/\/www.facebook.com\/deinadieu","article_modified_time":"2024-08-19T12:40:52+00:00","og_image":[{"width":1254,"height":836,"url":"https:\/\/static.deinadieu.ch\/uploads\/2022\/07\/iStock-926312918.jpeg","type":"image\/jpeg"}],"twitter_card":"summary_large_image","twitter_site":"@DeinAdieu","twitter_misc":{"Est. reading time":"8 minutes"},"schema":{"@context":"https:\/\/schema.org","@graph":[{"@type":"WebPage","@id":"https:\/\/www.deinadieu.ch\/it\/guida\/rappresentanza-in-caso-di-incapacita-di-discernimento-e-civile\/","url":"https:\/\/www.deinadieu.ch\/it\/guida\/rappresentanza-in-caso-di-incapacita-di-discernimento-e-civile\/","name":"Diritto di rappresentanza in caso di incapacit\u00e0 di giudicare o di agire | DeinAdieu","isPartOf":{"@id":"https:\/\/www.deinadieu.ch\/it\/#website"},"primaryImageOfPage":{"@id":"https:\/\/www.deinadieu.ch\/it\/guida\/rappresentanza-in-caso-di-incapacita-di-discernimento-e-civile\/#primaryimage"},"image":{"@id":"https:\/\/www.deinadieu.ch\/it\/guida\/rappresentanza-in-caso-di-incapacita-di-discernimento-e-civile\/#primaryimage"},"thumbnailUrl":"https:\/\/www.deinadieu.ch\/wp-content\/uploads\/2022\/07\/iStock-926312918.jpeg","datePublished":"2022-07-27T05:06:00+00:00","dateModified":"2024-08-19T12:40:52+00:00","description":"Chi \u00e8 autorizzato a rappresentare in caso di incapacit\u00e0 di discernimento o d'agire? Come si nominano persone autorizzate nel mandato precauzionale e nella direttiva del paziente?","breadcrumb":{"@id":"https:\/\/www.deinadieu.ch\/it\/guida\/rappresentanza-in-caso-di-incapacita-di-discernimento-e-civile\/#breadcrumb"},"inLanguage":"it-IT","potentialAction":[{"@type":"ReadAction","target":["https:\/\/www.deinadieu.ch\/it\/guida\/rappresentanza-in-caso-di-incapacita-di-discernimento-e-civile\/"]}]},{"@type":"ImageObject","inLanguage":"it-IT","@id":"https:\/\/www.deinadieu.ch\/it\/guida\/rappresentanza-in-caso-di-incapacita-di-discernimento-e-civile\/#primaryimage","url":"https:\/\/www.deinadieu.ch\/wp-content\/uploads\/2022\/07\/iStock-926312918.jpeg","contentUrl":"https:\/\/www.deinadieu.ch\/wp-content\/uploads\/2022\/07\/iStock-926312918.jpeg","width":1254,"height":836,"caption":"Ecco come regolare le rappresentazioni nella direttiva del paziente e nel mandato precauzionale (immagine: istock\/FredFroese)"},{"@type":"BreadcrumbList","@id":"https:\/\/www.deinadieu.ch\/it\/guida\/rappresentanza-in-caso-di-incapacita-di-discernimento-e-civile\/#breadcrumb","itemListElement":[{"@type":"ListItem","position":1,"name":"Home","item":"https:\/\/www.deinadieu.ch\/it\/deinadieu-dialog-und-serviceportal-zum-lebensende\/"},{"@type":"ListItem","position":2,"name":"Ratgeber","item":"https:\/\/www.deinadieu.ch\/it\/guida\/"},{"@type":"ListItem","position":3,"name":"Rappresentanza in caso di incapacit\u00e0 di discernimento e d&#8217;agire"}]},{"@type":"WebSite","@id":"https:\/\/www.deinadieu.ch\/it\/#website","url":"https:\/\/www.deinadieu.ch\/it\/","name":"DeinAdieu.ch","description":"Testament, Patientenverf\u00fcgung und Vorsorgeauftrag","publisher":{"@id":"https:\/\/www.deinadieu.ch\/it\/#organization"},"potentialAction":[{"@type":"SearchAction","target":{"@type":"EntryPoint","urlTemplate":"https:\/\/www.deinadieu.ch\/it\/?s={search_term_string}"},"query-input":{"@type":"PropertyValueSpecification","valueRequired":true,"valueName":"search_term_string"}}],"inLanguage":"it-IT"},{"@type":"Organization","@id":"https:\/\/www.deinadieu.ch\/it\/#organization","name":"EMNA Web GmbH","url":"https:\/\/www.deinadieu.ch\/it\/","logo":{"@type":"ImageObject","inLanguage":"it-IT","@id":"https:\/\/www.deinadieu.ch\/it\/#\/schema\/logo\/image\/","url":"https:\/\/www.deinadieu.ch\/wp-content\/uploads\/2016\/01\/DeinAdieu_Logo.png","contentUrl":"https:\/\/www.deinadieu.ch\/wp-content\/uploads\/2016\/01\/DeinAdieu_Logo.png","width":300,"height":117,"caption":"EMNA Web GmbH"},"image":{"@id":"https:\/\/www.deinadieu.ch\/it\/#\/schema\/logo\/image\/"},"sameAs":["https:\/\/www.facebook.com\/deinadieu","https:\/\/x.com\/DeinAdieu","https:\/\/www.instagram.com\/deinadieu\/","https:\/\/www.linkedin.com\/company\/deinadieu.ch"]}]}},"_links":{"self":[{"href":"https:\/\/www.deinadieu.ch\/it\/wp-json\/wp\/v2\/ratgeber\/59815","targetHints":{"allow":["GET"]}}],"collection":[{"href":"https:\/\/www.deinadieu.ch\/it\/wp-json\/wp\/v2\/ratgeber"}],"about":[{"href":"https:\/\/www.deinadieu.ch\/it\/wp-json\/wp\/v2\/types\/ratgeber"}],"author":[{"embeddable":true,"href":"https:\/\/www.deinadieu.ch\/it\/wp-json\/wp\/v2\/users\/6036"}],"replies":[{"embeddable":true,"href":"https:\/\/www.deinadieu.ch\/it\/wp-json\/wp\/v2\/comments?post=59815"}],"version-history":[{"count":10,"href":"https:\/\/www.deinadieu.ch\/it\/wp-json\/wp\/v2\/ratgeber\/59815\/revisions"}],"predecessor-version":[{"id":68323,"href":"https:\/\/www.deinadieu.ch\/it\/wp-json\/wp\/v2\/ratgeber\/59815\/revisions\/68323"}],"wp:featuredmedia":[{"embeddable":true,"href":"https:\/\/www.deinadieu.ch\/it\/wp-json\/wp\/v2\/media\/59525"}],"wp:attachment":[{"href":"https:\/\/www.deinadieu.ch\/it\/wp-json\/wp\/v2\/media?parent=59815"}],"wp:term":[{"taxonomy":"post_tag","embeddable":true,"href":"https:\/\/www.deinadieu.ch\/it\/wp-json\/wp\/v2\/tags?post=59815"},{"taxonomy":"ratgeber-category","embeddable":true,"href":"https:\/\/www.deinadieu.ch\/it\/wp-json\/wp\/v2\/ratgeber-category?post=59815"}],"curies":[{"name":"wp","href":"https:\/\/api.w.org\/{rel}","templated":true}]}}