{"id":57250,"date":"2018-09-14T09:54:22","date_gmt":"2018-09-14T07:54:22","guid":{"rendered":"https:\/\/www.deinadieu.ch\/ratgeber\/da-cosa-e-caratterizzata-una-sepoltura-e-da-cosa-dovrebbe-essere-caratterizzata-la-mia\/"},"modified":"2023-04-28T08:56:33","modified_gmt":"2023-04-28T06:56:33","slug":"da-cosa-e-caratterizzata-una-sepoltura-e-da-cosa-dovrebbe-essere-caratterizzata-la-mia","status":"publish","type":"ratgeber","link":"https:\/\/www.deinadieu.ch\/it\/guida\/da-cosa-e-caratterizzata-una-sepoltura-e-da-cosa-dovrebbe-essere-caratterizzata-la-mia\/","title":{"rendered":"Da cosa \u00e8 caratterizzata una sepoltura \u2013 e da cosa dovrebbe essere caratterizzata la mia?"},"content":{"rendered":"\n<p>Sebbene ora esista un&#8217;ampia selezione di servizi funebri diversi e personalizzati, ci sono alcuni elementi fondamentali che definiscono una sepoltura e la distinguono da altri servizi funebri o cerimonie. <\/p>\n\n<!--more-->\n\n<p>L&#8217;aspetto centrale della sepoltura \u00e8 l&#8217;addio a una persona cara e il trasporto delle sue spoglie mortali al luogo dell&#8217;ultimo riposo. La sepoltura fornisce un momento in cui le persone in lutto possono commemorare consapevolmente solo il defunto ed essere grati per il tempo trascorso insieme.<\/p>\n\n<h2 class=\"wp-block-heading\" id=\"h-was-ist-zwischen-dem-todesfall-und-der-bestattung-zu-beachten\"><b>Cosa si dovrebbe osservare tra il caso di morte e la sepoltura?<\/b><\/h2>\n\n<p><span style=\"font-weight: 400;\"><strong>Di norma, i parenti, il personale infermieristico o altri soggetti coinvolti devono<\/strong><\/span> <a href=\"https:\/\/www.deinadieu.ch\/ratgeber\/informationspflicht-und-behoerdengang\/\"><strong><span style=\"font-weight: 400;\">informare<\/span><\/strong><\/a> <span style=\"font-weight: 400;\"><strong>l&#8217;autorit\u00e0 competente<\/strong><\/span> <a href=\"https:\/\/www.deinadieu.ch\/it\/guida\/obbligo-di-avviso-cosa-fare-in-caso-di-decesso\/\"><strong><span style=\"font-weight: 400;\">entro due giorni lavorativi dal decesso<\/span><\/strong><\/a><span style=\"font-weight: 400;\"><strong>.<\/strong> Dal punto di vista legale per la sepoltura sono necessari un <a href=\"https:\/\/www.deinadieu.ch\/ratgeber\/die-aerztliche-todesbescheinigung\/\">certificato medico di morte<\/a> e un documento d&#8217;identit\u00e0 del defunto. Tuttavia, il diritto riguardo la sepoltura varia tra cantoni e comuni. Per questo motivo si consiglia di informarsi presso il centro funerario cantonale\/comunale (eventualmente anche l&#8217;ufficio dello stato civile) del luogo di residenza del defunto. <\/span><\/p>\n\n<p><span style=\"font-weight: 400;\">L\u00ec troverete anche un <strong>aiuto per la pianificazione della sepoltura<\/strong> (offerte per l&#8217;esposizione del feretro o la cremazione, tombe, informazioni su luogo e orario). I centri funerari cercano di tenere conto dei desideri degli interessati, a meno che non ci siano buone ragioni per agire diversamente.<\/span><\/p>\n\n<p><span style=\"font-weight: 400;\"><strong>La sepoltura pu\u00f2 essere effettuata non prima di 48 ore dal decesso<\/strong>; di norma avviene fino a 96 ore dopo. Le persone spirituali raccomandano di lasciare all&#8217;anima tre giorni per staccarsi dal corpo. <\/span><\/p>\n\n<p><span style=\"font-weight: 400;\">\u00c8 anche importante informare della morte altri conoscenti del defunto. I necrologi inviati per posta e\/o pubblicati sui giornali offrono l&#8217;opportunit\u00e0 di <\/span><a href=\"https:\/\/www.deinadieu.ch\/it\/modelli-necrologi\/\"><span style=\"font-weight: 400;\">farlo<\/span><\/a><span style=\"font-weight: 400;\">. Quando si invitano persone in lutto, si dovrebbe tenere conto dei desideri del defunto al riguardo, ma questo non \u00e8 sempre facile: non essere invitati al funerale di una persona cara pu\u00f2 essere un&#8217;esperienza molto sconvolgente per i superstiti. \u00c8 quindi essenziale trovare una soluzione o un compromesso bilaterale tempestivo che possa soddisfare tutte le parti.<\/span><\/p>\n\n<h2 class=\"wp-block-heading\" id=\"h-die-verbringung-der-sterblichen-uberreste\"><b>Il trasferimento delle spoglie mortali<\/b><\/h2>\n\n<p><span style=\"font-weight: 400;\">Mentre la strutturazione e la progettazione del funerale sono in gran parte nelle mani delle persone colpite e dei loro parenti, il corpo o le ceneri del defunto sono solitamente al centro della cerimonia. Dopo l&#8217;<strong>esposizione del feretro<\/strong> o la cremazione, le spoglie mortali vengono conservate in un apposito contenitore. Le persone colpite potrebbero averci gi\u00e0 pensato o essersi occupate della faccenda. Gli uffici funebri spesso forniscono gratuitamente bare o urne standard. Modelli pi\u00f9 finemente elaborati possono essere selezionati e acquistati da <a href=\"https:\/\/www.deinadieu.ch\/it\/elenco-dei-fornitori-di-servizi\/\">imprese di pompe funebri<\/a>. I pezzi realizzati singolarmente richiedono un pre-ordine tempestivo e una consultazione con il produttore, il che pu\u00f2 causare problemi in caso di decessi imprevisti.<\/span><\/p>\n\n<p><span style=\"font-weight: 400;\">Un servizio funebre senza sepoltura a terra (inumazione) o sepoltura delle ceneri (sepoltura dell&#8217;urna) pu\u00f2 essere tenuto sotto forma di messa funebre o veglia funebre.<\/span><\/p>\n\n        <div class=\"relative shadow-lg -mx-12 mb-4 overflow-hidden\" style=\"background-image: url('https:\/\/www.deinadieu.ch\/wp-content\/themes\/da-v4\/assets\/v4\/banner\/dienstleister.jpg'); background-size: cover; background-position: center\">\n            <div class=\"banner-white-box md:w-3\/5 text-black -ml-16 pl-16\" style=\"background-color: rgba(255,255,255,0.75)\">\n                <div class=\"inner\">\n                    <div class=\"text-2xl p-12\">Cercate specifici <strong>fornitori di servizi<\/strong>? DeinAdieu.ch offre un elenco completo!<\/div>\n                    <div class=\"px-12 md:mr-16\">\n                        <div class=\"hidden\">Scegliere comune<\/div>\n                        <a href=\"\/dienstleisterverzeichnis\/\" class=\"btn btn-da btn-small btn-block\">all'elenco<\/a>\n                    <\/div>\n                    <div class=\"px-12 py-8\">\n                        <img decoding=\"async\" src=\"https:\/\/www.deinadieu.ch\/wp-content\/themes\/da-v4\/assets\/v4\/deinadieu_logo_dark.svg\" class=\"h-12\">\n                    <\/div>\n                <\/div>\n            <\/div>\n        <\/div>\n        \n\n<h2 class=\"wp-block-heading\" id=\"h-die-traditionelle-bestattung\"><b>La sepoltura tradizionale<\/b><\/h2>\n\n<p><span style=\"font-weight: 400;\">In Svizzera \u00e8 oggi particolarmente diffusa la <strong>cremazione<\/strong>.<\/span> M<span style=\"font-weight: 400;\">a esiste sempre ancora la <strong>sepoltura a terra<\/strong>, che pu\u00f2 essere fatta risalire a origini religiose e che ha una tradizione lunga e di grande importanza nella comunit\u00e0 ecclesiastica. Il corpo del defunto viene prima lavato, unto e deposto in una cappella o in un luogo simile del cimitero fino alla <a href=\"https:\/\/www.deinadieu.ch\/bestattungsplaner\/\">sepoltura<\/a>, la quale avviene qualche giorno dopo il decesso. La bara viene a scelta <\/span><a href=\"https:\/\/www.deinadieu.ch\/blumen-machen-die-trauer-ertraeglicher\/\"><span style=\"font-weight: 400;\">decorata con fiori e ghirlande<\/span><\/a><span style=\"font-weight: 400;\"> e lasciata aperta per le persone in lutto (veglia funebre). Anche per la cremazione \u00e8 necessaria una bara da trasferire al crematorio che pu\u00f2 essere fornita dal centro funerario. <\/span><\/p>\n\n<p><span style=\"font-weight: 400;\">Al <strong>funerale<\/strong> vero e proprio i parenti portano la bara chiusa o l&#8217;urna dalla sala funebre alla tomba aperta o al loculo cinerario, dopo la cerimonia di addio<\/span>. Ci pu\u00f2 essere della <a href=\"https:\/\/www.deinadieu.ch\/alexander-seidel-musik-schafft-platz-fuer-trauer-und-traenen\/\"><span style=\"font-weight: 400;\">musica<\/span><\/a> ad <a href=\"https:\/\/www.deinadieu.ch\/musik-an-einer-beerdigung-trompete-und-orgel-ergaenzen-sich\/\"><span style=\"font-weight: 400;\">accompagnare<\/span><\/a> <span style=\"font-weight: 400;\">la<\/span><span style=\"font-weight: 400;\"> processione. Prima dell&#8217;abbassamento della bara o della sepoltura dell&#8217;urna, un <a href=\"https:\/\/www.deinadieu.ch\/it\/elenco-dei-fornitori-di-servizi\/\">oratore<\/a> scelto pu\u00f2 rievocare il ricordo del defunto e i partecipanti al lutto possono dirgli addio. Dopo il funerale, gli ospiti possono spostarsi in un ristorante per il pranzo funebre.<\/span><\/p>\n\n<h2 class=\"wp-block-heading\" id=\"h-was-spricht-fur-einen-traditionellen-ablauf-was-fur-variation\"><b>Cosa parla per una procedura tradizionale, cosa per una variazione?<\/b><\/h2>\n\n<p><span style=\"font-weight: 400;\">La <strong>pianificazione di una sepoltura<\/strong> \u00e8 una faccenda complessa con molti fattori da considerare. Gli elementi della sepoltura tradizionale sopra elencati non sono, purtroppo, i meno costosi: <strong>a seconda dell&#8217;esecuzione, una <a href=\"https:\/\/www.deinadieu.ch\/bestattungsplaner\/\">sepoltura<\/a> tradizionale pu\u00f2 costare oltre CHF 10&#8217;000<\/strong>. Oltre alle ovvie spese per le decorazioni, l&#8217;<a href=\"https:\/\/www.deinadieu.ch\/it\/elenco-dei-fornitori-di-servizi\/\">accompagnamento musicale<\/a>, il <strong>pranzo funebre<\/strong>, ecc. possono sorgere spese impreviste, ad esempio per l&#8217;<strong>affitto<\/strong> della cappella o della sala funebre, nonch\u00e9, in determinate circostanze, tasse alla comunit\u00e0 ecclesiastica. Non bisogna inoltre trascurare i <strong>costi di manutenzione della tomba<\/strong>. Idealmente, quindi, dovrebbe essere redatto in anticipo un budget in cui le spese previste siano stimate in modo realistico al fine di evitare spiacevoli sorprese. Tuttavia, molte persone decidono di non celebrare cerimonie funebri opulente non solo per motivi di costo, ma anche per motivi di modestia. <strong>Una cerimonia funebre pi\u00f9 semplice<\/strong> pu\u00f2 lasciare pi\u00f9 spazio alla concentrazione sul defunto e sul rapporto con lui. Se non bisogna attenersi a una struttura tradizionalmente prescritta, si pu\u00f2 ottenere una maggiore libert\u00e0 di personalizzazione. <\/span><\/p>\n\n<h2 class=\"wp-block-heading\" id=\"h-soll-im-anschluss-an-meine-bestattung-ein-leidmahl-abgehalten-werden\"><b>Dovrebbe esserci un pranzo funebre dopo la mia sepoltura? <\/b><\/h2>\n\n<p>Secondo <a href=\"https:\/\/www.deinadieu.ch\/mediarelease\/jean-louis-parel\/\"><span style=\"font-weight: 400;\">Jean-Louis Parel<\/span><\/a>, <span style=\"font-weight: 400;\">membro del comitato consultivo di DeinAdieu, il pranzo funebre offre<\/span><span style=\"font-weight: 400;\"> alla comunit\u00e0 un modo per recuperare le forze dopo il servizio funebre e per ricordare il defunto in modo positivo. Il pranzo funebre o l&#8217;aperitivo alla fine possono essere altrettanto importanti della sepoltura stessa e della sequenza dei singoli passaggi: <\/span><\/p>\n\n<p><span style=\"font-weight: 400;\">Le persone in lutto di solito vanno prima alla tomba per seppellire la persona che li ha lasciati. Per far fronte a questo momento doloroso ed emotivamente stressante, di solito ci si trasferisce in una cappella per l&#8217;abdicazione. Il pastore predica il suo sermone e pronuncia la benedizione per dare forza ai parenti per il futuro. All&#8217;aperitivo o al pranzo funebre torna la vita nella comunit\u00e0, le persone in lutto osano a guardare di nuovo a un futuro pi\u00f9 luminoso, si raccontano aneddoti e condividono i bei ricordi del defunto.<\/span><\/p>\n\n        <div class=\"da-servicebox relative bg-gray-200 p-4 pt-8 border-solid border-t-8 border-da-dark mb-6\">\n            <i class=\"fas fa-info-circle mx-auto fa-7x text-da-dark\"><\/i>\n            <span style=\"hyphens: auto\">\n                Prima della sepoltura, il caso di morte deve essere <a href=\"https:\/\/www.deinadieu.ch\/ratgeber\/informationspflicht-und-behoerdengang\/\">segnalato quanto prima all&#8217;autorit\u00e0 competente<\/a>; l\u00ec potete richiedere i documenti necessari e ulteriori informazioni legali e pratiche. Per una procedura senza intoppi \u00e8 importante preventivare e pianificare il funerale in tempo utile e invitare le persone in lutto. Durante la <a href=\"https:\/\/www.deinadieu.ch\/bestattungsplaner\/\">sepoltura<\/a> stessa, che pu\u00f2 essere pi\u00f9 o meno tradizionale con diversi elementi (fiori, ghirlande, musica, discorso, messa funebre ecc.), il defunto viene portato alla tomba. Per la commemorazione possono essere celebrati altri riti spirituali e laici oltre al trasferimento stesso (messa funebre o pranzo funebre).<\/p>\n<p>\n                \n                \n            <\/span>\n        <\/div>\n        \n\n<div style=\"height:40px\" aria-hidden=\"true\" class=\"wp-block-spacer\"><\/div>\n\n<div class=\"wp-block-buttons is-layout-flex wp-block-buttons-is-layout-flex\">\n<div class=\"wp-block-button\"><a class=\"wp-block-button__link wp-element-button\" href=\"https:\/\/app.deinadieu.ch\/testament\">Creare testamento online<\/a><\/div>\n<\/div>\n","protected":false},"excerpt":{"rendered":"<p>Sebbene ora esista un&#8217;ampia selezione di servizi funebri diversi e personalizzati, ci sono alcuni elementi fondamentali che definiscono una sepoltura e la distinguono da altri servizi funebri o cerimonie.<\/p>\n","protected":false},"author":2398,"featured_media":45541,"menu_order":0,"comment_status":"open","ping_status":"closed","template":"","tags":[3323,2045,3329,3520,2715,3231,2777,3328,2714,2780],"ratgeber-category":[2167],"class_list":["post-57250","ratgeber","type-ratgeber","status-publish","has-post-thumbnail","hentry","tag-addio","tag-caso-di-morte","tag-cremazione","tag-forma-di-sepoltura","tag-funerale","tag-necrologio","tag-onoranze-funebri","tag-oratore-funebre-it","tag-sepoltura","tag-tomba","ratgeber-category-funerale"],"acf":[],"yoast_head":"<title>Sepoltura in Svizzera: procedura, momento, pianificazione | DeinAdieu<\/title>\n<meta name=\"description\" content=\"Qual \u00e8 la procedura di una sepoltura? Quali sono i diversi tipi di sepoltura? Quanto tempo dopo la morte ha luogo il funerale? Scoprite di pi\u00f9 qui.\" \/>\n<meta name=\"robots\" content=\"index, follow, max-snippet:-1, max-image-preview:large, max-video-preview:-1\" \/>\n<link rel=\"canonical\" href=\"https:\/\/www.deinadieu.ch\/it\/guida\/da-cosa-e-caratterizzata-una-sepoltura-e-da-cosa-dovrebbe-essere-caratterizzata-la-mia\/\" \/>\n<meta property=\"og:locale\" content=\"it_IT\" \/>\n<meta property=\"og:type\" content=\"article\" \/>\n<meta property=\"og:title\" content=\"Da cosa \u00e8 caratterizzata una sepoltura \u2013 e da cosa dovrebbe essere caratterizzata la mia?\" \/>\n<meta property=\"og:description\" content=\"Sebbene ora esista un&#039;ampia selezione di servizi funebri diversi e personalizzati, ci sono alcuni elementi fondamentali che definiscono una sepoltura e la\" \/>\n<meta property=\"og:url\" content=\"https:\/\/www.deinadieu.ch\/it\/guida\/da-cosa-e-caratterizzata-una-sepoltura-e-da-cosa-dovrebbe-essere-caratterizzata-la-mia\/\" \/>\n<meta property=\"og:site_name\" content=\"DeinAdieu.ch\" \/>\n<meta property=\"article:publisher\" content=\"https:\/\/www.facebook.com\/deinadieu\" \/>\n<meta property=\"article:modified_time\" content=\"2023-04-28T06:56:33+00:00\" \/>\n<meta property=\"og:image\" content=\"https:\/\/static.deinadieu.ch\/uploads\/2020\/02\/Elemente_der_Bestattung_1006574258.jpg\" \/>\n\t<meta property=\"og:image:width\" content=\"1253\" \/>\n\t<meta property=\"og:image:height\" content=\"836\" \/>\n\t<meta property=\"og:image:type\" content=\"image\/jpeg\" \/>\n<meta name=\"twitter:card\" content=\"summary_large_image\" \/>\n<meta name=\"twitter:site\" content=\"@DeinAdieu\" \/>\n<meta name=\"twitter:label1\" content=\"Est. reading time\" \/>\n\t<meta name=\"twitter:data1\" content=\"5 minutes\" \/>\n<script type=\"application\/ld+json\" class=\"yoast-schema-graph\">{\"@context\":\"https:\\\/\\\/schema.org\",\"@graph\":[{\"@type\":\"WebPage\",\"@id\":\"https:\\\/\\\/www.deinadieu.ch\\\/it\\\/guida\\\/da-cosa-e-caratterizzata-una-sepoltura-e-da-cosa-dovrebbe-essere-caratterizzata-la-mia\\\/\",\"url\":\"https:\\\/\\\/www.deinadieu.ch\\\/it\\\/guida\\\/da-cosa-e-caratterizzata-una-sepoltura-e-da-cosa-dovrebbe-essere-caratterizzata-la-mia\\\/\",\"name\":\"Sepoltura in Svizzera: procedura, momento, pianificazione | DeinAdieu\",\"isPartOf\":{\"@id\":\"https:\\\/\\\/www.deinadieu.ch\\\/it\\\/#website\"},\"primaryImageOfPage\":{\"@id\":\"https:\\\/\\\/www.deinadieu.ch\\\/it\\\/guida\\\/da-cosa-e-caratterizzata-una-sepoltura-e-da-cosa-dovrebbe-essere-caratterizzata-la-mia\\\/#primaryimage\"},\"image\":{\"@id\":\"https:\\\/\\\/www.deinadieu.ch\\\/it\\\/guida\\\/da-cosa-e-caratterizzata-una-sepoltura-e-da-cosa-dovrebbe-essere-caratterizzata-la-mia\\\/#primaryimage\"},\"thumbnailUrl\":\"https:\\\/\\\/www.deinadieu.ch\\\/wp-content\\\/uploads\\\/2020\\\/02\\\/Elemente_der_Bestattung_1006574258.jpg\",\"datePublished\":\"2018-09-14T07:54:22+00:00\",\"dateModified\":\"2023-04-28T06:56:33+00:00\",\"description\":\"Qual \u00e8 la procedura di una sepoltura? Quali sono i diversi tipi di sepoltura? Quanto tempo dopo la morte ha luogo il funerale? Scoprite di pi\u00f9 qui.\",\"breadcrumb\":{\"@id\":\"https:\\\/\\\/www.deinadieu.ch\\\/it\\\/guida\\\/da-cosa-e-caratterizzata-una-sepoltura-e-da-cosa-dovrebbe-essere-caratterizzata-la-mia\\\/#breadcrumb\"},\"inLanguage\":\"it-IT\",\"potentialAction\":[{\"@type\":\"ReadAction\",\"target\":[\"https:\\\/\\\/www.deinadieu.ch\\\/it\\\/guida\\\/da-cosa-e-caratterizzata-una-sepoltura-e-da-cosa-dovrebbe-essere-caratterizzata-la-mia\\\/\"]}]},{\"@type\":\"ImageObject\",\"inLanguage\":\"it-IT\",\"@id\":\"https:\\\/\\\/www.deinadieu.ch\\\/it\\\/guida\\\/da-cosa-e-caratterizzata-una-sepoltura-e-da-cosa-dovrebbe-essere-caratterizzata-la-mia\\\/#primaryimage\",\"url\":\"https:\\\/\\\/www.deinadieu.ch\\\/wp-content\\\/uploads\\\/2020\\\/02\\\/Elemente_der_Bestattung_1006574258.jpg\",\"contentUrl\":\"https:\\\/\\\/www.deinadieu.ch\\\/wp-content\\\/uploads\\\/2020\\\/02\\\/Elemente_der_Bestattung_1006574258.jpg\",\"width\":1253,\"height\":836,\"caption\":\"Elementi della sepoltura (immagine: iStock)\"},{\"@type\":\"BreadcrumbList\",\"@id\":\"https:\\\/\\\/www.deinadieu.ch\\\/it\\\/guida\\\/da-cosa-e-caratterizzata-una-sepoltura-e-da-cosa-dovrebbe-essere-caratterizzata-la-mia\\\/#breadcrumb\",\"itemListElement\":[{\"@type\":\"ListItem\",\"position\":1,\"name\":\"Home\",\"item\":\"https:\\\/\\\/www.deinadieu.ch\\\/it\\\/deinadieu-dialog-und-serviceportal-zum-lebensende\\\/\"},{\"@type\":\"ListItem\",\"position\":2,\"name\":\"Ratgeber\",\"item\":\"https:\\\/\\\/www.deinadieu.ch\\\/it\\\/guida\\\/\"},{\"@type\":\"ListItem\",\"position\":3,\"name\":\"Da cosa \u00e8 caratterizzata una sepoltura \u2013 e da cosa dovrebbe essere caratterizzata la mia?\"}]},{\"@type\":\"WebSite\",\"@id\":\"https:\\\/\\\/www.deinadieu.ch\\\/it\\\/#website\",\"url\":\"https:\\\/\\\/www.deinadieu.ch\\\/it\\\/\",\"name\":\"DeinAdieu.ch\",\"description\":\"Testament, Patientenverf\u00fcgung und Vorsorgeauftrag\",\"publisher\":{\"@id\":\"https:\\\/\\\/www.deinadieu.ch\\\/it\\\/#organization\"},\"potentialAction\":[{\"@type\":\"SearchAction\",\"target\":{\"@type\":\"EntryPoint\",\"urlTemplate\":\"https:\\\/\\\/www.deinadieu.ch\\\/it\\\/?s={search_term_string}\"},\"query-input\":{\"@type\":\"PropertyValueSpecification\",\"valueRequired\":true,\"valueName\":\"search_term_string\"}}],\"inLanguage\":\"it-IT\"},{\"@type\":\"Organization\",\"@id\":\"https:\\\/\\\/www.deinadieu.ch\\\/it\\\/#organization\",\"name\":\"EMNA Web GmbH\",\"url\":\"https:\\\/\\\/www.deinadieu.ch\\\/it\\\/\",\"logo\":{\"@type\":\"ImageObject\",\"inLanguage\":\"it-IT\",\"@id\":\"https:\\\/\\\/www.deinadieu.ch\\\/it\\\/#\\\/schema\\\/logo\\\/image\\\/\",\"url\":\"https:\\\/\\\/www.deinadieu.ch\\\/wp-content\\\/uploads\\\/2016\\\/01\\\/DeinAdieu_Logo.png\",\"contentUrl\":\"https:\\\/\\\/www.deinadieu.ch\\\/wp-content\\\/uploads\\\/2016\\\/01\\\/DeinAdieu_Logo.png\",\"width\":300,\"height\":117,\"caption\":\"EMNA Web GmbH\"},\"image\":{\"@id\":\"https:\\\/\\\/www.deinadieu.ch\\\/it\\\/#\\\/schema\\\/logo\\\/image\\\/\"},\"sameAs\":[\"https:\\\/\\\/www.facebook.com\\\/deinadieu\",\"https:\\\/\\\/x.com\\\/DeinAdieu\",\"https:\\\/\\\/www.instagram.com\\\/deinadieu\\\/\",\"https:\\\/\\\/www.linkedin.com\\\/company\\\/deinadieu.ch\"]}]}<\/script>","yoast_head_json":{"title":"Sepoltura in Svizzera: procedura, momento, pianificazione | DeinAdieu","description":"Qual \u00e8 la procedura di una sepoltura? Quali sono i diversi tipi di sepoltura? Quanto tempo dopo la morte ha luogo il funerale? Scoprite di pi\u00f9 qui.","robots":{"index":"index","follow":"follow","max-snippet":"max-snippet:-1","max-image-preview":"max-image-preview:large","max-video-preview":"max-video-preview:-1"},"canonical":"https:\/\/www.deinadieu.ch\/it\/guida\/da-cosa-e-caratterizzata-una-sepoltura-e-da-cosa-dovrebbe-essere-caratterizzata-la-mia\/","og_locale":"it_IT","og_type":"article","og_title":"Da cosa \u00e8 caratterizzata una sepoltura \u2013 e da cosa dovrebbe essere caratterizzata la mia?","og_description":"Sebbene ora esista un'ampia selezione di servizi funebri diversi e personalizzati, ci sono alcuni elementi fondamentali che definiscono una sepoltura e la","og_url":"https:\/\/www.deinadieu.ch\/it\/guida\/da-cosa-e-caratterizzata-una-sepoltura-e-da-cosa-dovrebbe-essere-caratterizzata-la-mia\/","og_site_name":"DeinAdieu.ch","article_publisher":"https:\/\/www.facebook.com\/deinadieu","article_modified_time":"2023-04-28T06:56:33+00:00","og_image":[{"width":1253,"height":836,"url":"https:\/\/static.deinadieu.ch\/uploads\/2020\/02\/Elemente_der_Bestattung_1006574258.jpg","type":"image\/jpeg"}],"twitter_card":"summary_large_image","twitter_site":"@DeinAdieu","twitter_misc":{"Est. reading time":"5 minutes"},"schema":{"@context":"https:\/\/schema.org","@graph":[{"@type":"WebPage","@id":"https:\/\/www.deinadieu.ch\/it\/guida\/da-cosa-e-caratterizzata-una-sepoltura-e-da-cosa-dovrebbe-essere-caratterizzata-la-mia\/","url":"https:\/\/www.deinadieu.ch\/it\/guida\/da-cosa-e-caratterizzata-una-sepoltura-e-da-cosa-dovrebbe-essere-caratterizzata-la-mia\/","name":"Sepoltura in Svizzera: procedura, momento, pianificazione | DeinAdieu","isPartOf":{"@id":"https:\/\/www.deinadieu.ch\/it\/#website"},"primaryImageOfPage":{"@id":"https:\/\/www.deinadieu.ch\/it\/guida\/da-cosa-e-caratterizzata-una-sepoltura-e-da-cosa-dovrebbe-essere-caratterizzata-la-mia\/#primaryimage"},"image":{"@id":"https:\/\/www.deinadieu.ch\/it\/guida\/da-cosa-e-caratterizzata-una-sepoltura-e-da-cosa-dovrebbe-essere-caratterizzata-la-mia\/#primaryimage"},"thumbnailUrl":"https:\/\/www.deinadieu.ch\/wp-content\/uploads\/2020\/02\/Elemente_der_Bestattung_1006574258.jpg","datePublished":"2018-09-14T07:54:22+00:00","dateModified":"2023-04-28T06:56:33+00:00","description":"Qual \u00e8 la procedura di una sepoltura? Quali sono i diversi tipi di sepoltura? Quanto tempo dopo la morte ha luogo il funerale? Scoprite di pi\u00f9 qui.","breadcrumb":{"@id":"https:\/\/www.deinadieu.ch\/it\/guida\/da-cosa-e-caratterizzata-una-sepoltura-e-da-cosa-dovrebbe-essere-caratterizzata-la-mia\/#breadcrumb"},"inLanguage":"it-IT","potentialAction":[{"@type":"ReadAction","target":["https:\/\/www.deinadieu.ch\/it\/guida\/da-cosa-e-caratterizzata-una-sepoltura-e-da-cosa-dovrebbe-essere-caratterizzata-la-mia\/"]}]},{"@type":"ImageObject","inLanguage":"it-IT","@id":"https:\/\/www.deinadieu.ch\/it\/guida\/da-cosa-e-caratterizzata-una-sepoltura-e-da-cosa-dovrebbe-essere-caratterizzata-la-mia\/#primaryimage","url":"https:\/\/www.deinadieu.ch\/wp-content\/uploads\/2020\/02\/Elemente_der_Bestattung_1006574258.jpg","contentUrl":"https:\/\/www.deinadieu.ch\/wp-content\/uploads\/2020\/02\/Elemente_der_Bestattung_1006574258.jpg","width":1253,"height":836,"caption":"Elementi della sepoltura (immagine: iStock)"},{"@type":"BreadcrumbList","@id":"https:\/\/www.deinadieu.ch\/it\/guida\/da-cosa-e-caratterizzata-una-sepoltura-e-da-cosa-dovrebbe-essere-caratterizzata-la-mia\/#breadcrumb","itemListElement":[{"@type":"ListItem","position":1,"name":"Home","item":"https:\/\/www.deinadieu.ch\/it\/deinadieu-dialog-und-serviceportal-zum-lebensende\/"},{"@type":"ListItem","position":2,"name":"Ratgeber","item":"https:\/\/www.deinadieu.ch\/it\/guida\/"},{"@type":"ListItem","position":3,"name":"Da cosa \u00e8 caratterizzata una sepoltura \u2013 e da cosa dovrebbe essere caratterizzata la mia?"}]},{"@type":"WebSite","@id":"https:\/\/www.deinadieu.ch\/it\/#website","url":"https:\/\/www.deinadieu.ch\/it\/","name":"DeinAdieu.ch","description":"Testament, Patientenverf\u00fcgung und Vorsorgeauftrag","publisher":{"@id":"https:\/\/www.deinadieu.ch\/it\/#organization"},"potentialAction":[{"@type":"SearchAction","target":{"@type":"EntryPoint","urlTemplate":"https:\/\/www.deinadieu.ch\/it\/?s={search_term_string}"},"query-input":{"@type":"PropertyValueSpecification","valueRequired":true,"valueName":"search_term_string"}}],"inLanguage":"it-IT"},{"@type":"Organization","@id":"https:\/\/www.deinadieu.ch\/it\/#organization","name":"EMNA Web GmbH","url":"https:\/\/www.deinadieu.ch\/it\/","logo":{"@type":"ImageObject","inLanguage":"it-IT","@id":"https:\/\/www.deinadieu.ch\/it\/#\/schema\/logo\/image\/","url":"https:\/\/www.deinadieu.ch\/wp-content\/uploads\/2016\/01\/DeinAdieu_Logo.png","contentUrl":"https:\/\/www.deinadieu.ch\/wp-content\/uploads\/2016\/01\/DeinAdieu_Logo.png","width":300,"height":117,"caption":"EMNA Web GmbH"},"image":{"@id":"https:\/\/www.deinadieu.ch\/it\/#\/schema\/logo\/image\/"},"sameAs":["https:\/\/www.facebook.com\/deinadieu","https:\/\/x.com\/DeinAdieu","https:\/\/www.instagram.com\/deinadieu\/","https:\/\/www.linkedin.com\/company\/deinadieu.ch"]}]}},"_links":{"self":[{"href":"https:\/\/www.deinadieu.ch\/it\/wp-json\/wp\/v2\/ratgeber\/57250","targetHints":{"allow":["GET"]}}],"collection":[{"href":"https:\/\/www.deinadieu.ch\/it\/wp-json\/wp\/v2\/ratgeber"}],"about":[{"href":"https:\/\/www.deinadieu.ch\/it\/wp-json\/wp\/v2\/types\/ratgeber"}],"author":[{"embeddable":true,"href":"https:\/\/www.deinadieu.ch\/it\/wp-json\/wp\/v2\/users\/2398"}],"replies":[{"embeddable":true,"href":"https:\/\/www.deinadieu.ch\/it\/wp-json\/wp\/v2\/comments?post=57250"}],"version-history":[{"count":6,"href":"https:\/\/www.deinadieu.ch\/it\/wp-json\/wp\/v2\/ratgeber\/57250\/revisions"}],"predecessor-version":[{"id":63264,"href":"https:\/\/www.deinadieu.ch\/it\/wp-json\/wp\/v2\/ratgeber\/57250\/revisions\/63264"}],"wp:featuredmedia":[{"embeddable":true,"href":"https:\/\/www.deinadieu.ch\/it\/wp-json\/wp\/v2\/media\/45541"}],"wp:attachment":[{"href":"https:\/\/www.deinadieu.ch\/it\/wp-json\/wp\/v2\/media?parent=57250"}],"wp:term":[{"taxonomy":"post_tag","embeddable":true,"href":"https:\/\/www.deinadieu.ch\/it\/wp-json\/wp\/v2\/tags?post=57250"},{"taxonomy":"ratgeber-category","embeddable":true,"href":"https:\/\/www.deinadieu.ch\/it\/wp-json\/wp\/v2\/ratgeber-category?post=57250"}],"curies":[{"name":"wp","href":"https:\/\/api.w.org\/{rel}","templated":true}]}}