{"id":52954,"date":"2018-06-10T14:00:23","date_gmt":"2018-06-10T12:00:23","guid":{"rendered":"https:\/\/www.deinadieu.ch\/ratgeber\/il-testamento-orale\/"},"modified":"2022-09-06T15:06:52","modified_gmt":"2022-09-06T13:06:52","slug":"il-testamento-orale","status":"publish","type":"ratgeber","link":"https:\/\/www.deinadieu.ch\/it\/guida\/il-testamento-orale\/","title":{"rendered":"Il testamento orale"},"content":{"rendered":"\n<p>In rari casi, le circostanze non consentono al testatore di redigere un testamento olografo o autenticato pubblicamente. In questi casi la legge prevede il testamento orale. A tal fine, tuttavia, devono essere soddisfatti determinati requisiti.<\/p>\n\n<!--more-->\n\n<h2 class=\"wp-block-heading\" id=\"h-wann-kann-ich-ein-mundliches-testament-erstellen\"><b>Quando posso fare un testamento orale?<\/b><\/h2>\n\n<p><span style=\"font-weight: 400;\">Il<\/span> testamento orale d&#8217;emergenza \u00e8, <span style=\"font-weight: 400;\">insieme al<\/span> <a href=\"https:\/\/www.deinadieu.ch\/ratgeber\/das-handschriftliche-testament\/\" target=\"_blank\" rel=\"noopener\"><span style=\"font-weight: 400;\">testamento scritto a mano<\/span><\/a><span style=\"font-weight: 400;\"> e al <a href=\"https:\/\/www.deinadieu.ch\/it\/guida\/il-testamento-pubblico\/\" target=\"_blank\" rel=\"noopener\">testamento autenticato pubblicamente<\/a>, uno dei tre modi in cui potete fare una disposizione testamentaria unilaterale. Gi\u00e0 secondo la formulazione della legge, il testatore <strong>\u00e8 autorizzato a scegliere la disposizione orale solo se gli altri tipi non sono disponibili<\/strong>. Questo pu\u00f2 essere dovuto <\/span>a circostanze straordinarie <span style=\"font-weight: 400;\">o se l&#8217;uso di questi tipi<\/span> non \u00e8<span style=\"font-weight: 400;\"> praticabile. Come esempi di tali circostanze, la legge cita i pericoli di morte imminente, co\u00admuni\u00adcazioni interrotte, epidemia o guerra. Ma sono ipotizzabili anche altri scenari che legittimano una disposizione orale.<\/span><\/p>\n\n<h2 class=\"wp-block-heading\" id=\"h-voraussetzungen-wann-ist-das-mundliche-testament-gultig\"><b>Requisiti: quando \u00e8 valido il testamento orale?<\/b><\/h2>\n\n<p><span style=\"font-weight: 400;\">Il<\/span> testatore capace di disporre<span style=\"font-weight: 400;\"> si rivolge oralmente a <strong>due testimoni<\/strong>. Spiega loro la sua ultima volont\u00e0. Questi, a loro volta, devono successivamente dare alla sua dichiarazione d&#8217;intenti la necessaria autenticazione. Gli <\/span>testimoni <span style=\"font-weight: 400;\">devono<\/span> essere capaci di agire<span style=\"font-weight: 400;\"> e non possono essere analfabeti. Inoltre, non possono <\/span>essere <span style=\"font-weight: 400;\">direttamente<\/span> imparentati o sposati con il<span style=\"font-weight: 400;\"> testatore. In questo modo, la legge mira a garantire la corretta riproduzione della disposizione e a prevenire i conflitti di interesse tra gli eredi interessati dalla disposizione.<\/span><\/p>\n\n<p><span style=\"font-weight: 400;\">In considerazione delle circostanze straordinarie in cui \u00e8 nata, la disposizione orale passa in secondo piano rispetto a una delle altre forme per ragioni di certezza del diritto. Per questo motivo <\/span>perde la sua validit\u00e0 14 giorni dopo che <span style=\"font-weight: 400;\">il testatore<\/span> <span style=\"font-weight: 400;\">ha potuto utilizzare<\/span> un&#8217;altra forma di disposizione.<\/p>\n\n<h2 class=\"wp-block-heading\" id=\"h-wie-erfolgt-die-beurkundung-des-mundlichen-testaments\">Come viene autenticato il testamento orale?<\/h2>\n\n<p><strong>Dopo che il testatore ha dichiarato la sua ultima volont\u00e0, uno dei due testimoni deve immediatamente scriverla<\/strong>. Deve inoltre indicare il luogo di stesura, l&#8217;anno, il mese e il giorno. Entrambi i testimoni devono poi firmare questo documento. In una fase successiva, i testimoni devono consegnare questa disposizione testamentaria a un tribunale. Al momento della consegna, i testimoni assicurano che il testatore era capace di disporre e che sussisteva una circostanza straordinaria, ragion per cui ha dovuto redigere il testamento orale. I testimoni possono anche dire direttamente all&#8217;autorit\u00e0 il contenuto del testamento orale.<\/p>\n\n<h2 class=\"wp-block-heading\" id=\"h-vorausplanen-hilft\"><b>Pianificare in anticipo aiuta<\/b><\/h2>\n\n<p><span style=\"font-weight: 400;\"><strong>Idealmente, non \u00e8 mai necessario fare una disposizione testamentaria orale<\/strong>. Se si redige un <a href=\"https:\/\/www.deinadieu.ch\/testamentgenerator\/\" target=\"_blank\" rel=\"noopener\">testamento<\/a> formalmente valido scritto a mano o autenticato pubblicamente e <\/span>lo si adatta regolarmente alle <span style=\"font-weight: 400;\">proprie circostanze personali<\/span>,<span style=\"font-weight: 400;\">non c&#8217;\u00e8 bisogno di misure di emergenza. Poich\u00e9 queste possono riflettere solo in modo incompleto o scorretto la vera volont\u00e0 o possono essere nulle per mancanza di una testimonianza valida.<\/span><\/p>\n\n<p><span style=\"font-weight: 400;\">Tuttavia, \u00e8 utile e bene conoscere la possibilit\u00e0 e la procedura<\/span> <span style=\"font-weight: 400;\">di redazione di un <a href=\"https:\/\/www.deinadieu.ch\/it\/guida\/il-testamento-orale\/\">testamento d&#8217;emergenza<\/a> legalmente valido.<\/span><\/p>\n\n<p><span style=\"font-weight: 300;\"><\/span><\/p>\n\n        <div class=\"da-servicebox relative bg-gray-200 p-4 pt-8 border-solid border-t-8 border-da-dark mb-6\">\n            <i class=\"fas fa-info-circle mx-auto fa-7x text-da-dark\"><\/i>\n            <span style=\"hyphens: auto\">\n                <br \/>\nIl testamento orale \u00e8 un&#8217;autenticazione dell&#8217;ultima volont\u00e0 del testatore riservata a circostanze straordinarie. Entra in gioco quando il testatore non \u00e8 (pi\u00f9) in grado di scriverlo o di recarsi presso un pubblico ufficiale. Essendo incerto e difficile da verificare, i requisiti non sono sempre facilmente soddisfatti per quanto riguarda la sua correttezza formale e la sua testimonianza. <strong>Se il testatore \u00e8 in grado di fare una disposizione valida con altre forme, la disposizione orale perde la sua validit\u00e0 dopo due settimane<\/strong>.<br \/>\n\n                \n                \n            <\/span>\n        <\/div>\n        \n\n<h2 class=\"wp-block-heading\" id=\"h-dies-sollten-sie-beachten\">\u00c8 necessario tenere presente quanto segue<\/h2>\n\n<ul class=\"wp-block-list\"><li>Se possibile, create gi\u00e0 ora la vostra disposizione testamentaria. Cos\u00ec avete sistemato la vostra successione e potete modificare e adattare il testamento tutte le volte che volete in futuro. Qui trovate il nostro <a href=\"https:\/\/app.deinadieu.ch\/testamentgenerator\" target=\"_blank\" rel=\"noopener\">Generatore di testamento<\/a> dove potete creare il vostro testamento gratuitamente.<\/li><li>Non potete usare il testamento orale in qualunque caso. Ci deve essere uno dei motivi sopra menzionati per farlo.<\/li><li>Se siete stati nominati come testimoni di un testamento orale, dovete comunicare al tribunale la disposizione testamentaria entro il termine previsto.<\/li><\/ul>\n\n<div style=\"height:40px\" aria-hidden=\"true\" class=\"wp-block-spacer\"><\/div>\n\n<div class=\"wp-block-buttons is-layout-flex wp-block-buttons-is-layout-flex\">\n<div class=\"wp-block-button\"><a class=\"wp-block-button__link\" href=\"https:\/\/app.deinadieu.ch\/testamentgenerator\">Create il vostro testamento scritto qui<\/a><\/div>\n<\/div>\n\n<h2 class=\"wp-block-heading\" id=\"h-weitere-artikel-zum-thema\"><b>Altri articoli sul tema<\/b><\/h2>\n\n<ul class=\"wp-block-list\"><li><a style=\"font-size: 16px;\" href=\"https:\/\/www.deinadieu.ch\/it\/elenco-dei-fornitori-di-servizi\/\"><span style=\"font-weight: 400;\">Elenco dei fornitori di servizi | Specialisti in diritto successorio<\/span><\/a><\/li><li><a href=\"https:\/\/www.deinadieu.ch\/ratgeber\/notarielle-beglaubigung\/\"><span style=\"font-weight: 400;\">Certificazione notarile \u2013 quando \u00e8 necessario un notaio?<\/span><\/a><\/li><li><span style=\"font-weight: 400;\"><a href=\"https:\/\/www.deinadieu.ch\/ratgeber\/das-handschriftliche-testament\/\">Il testamento olografo<\/a><\/span><\/li><li><a href=\"https:\/\/www.deinadieu.ch\/it\/guida\/il-testamento-pubblico\/\"><span style=\"font-weight: 400;\">Il testamento autenticato pubblicamente<\/span><\/a><\/li><\/ul>\n","protected":false},"excerpt":{"rendered":"<p>In rari casi, le circostanze non consentono al testatore di redigere un testamento olografo o autenticato pubblicamente. In questi casi la legge prevede il testamento orale. A tal fine, tuttavia, devono essere soddisfatti determinati requisiti.<\/p>\n","protected":false},"author":2398,"featured_media":23398,"menu_order":0,"comment_status":"open","ping_status":"closed","template":"","tags":[2880,2124,2873],"ratgeber-category":[2023],"class_list":["post-52954","ratgeber","type-ratgeber","status-publish","has-post-thumbnail","hentry","tag-autenticazione-pubblica-it","tag-disposizione-testamentaria","tag-testamento-scritto-a-mano","ratgeber-category-testamento"],"acf":[],"yoast_head":"<title>Testamento orale: validit\u00e0 e requisiti | DeinAdieu<\/title>\n<meta name=\"description\" content=\"La disposizione orale sull&#039;ultima volont\u00e0 \u00e8 un&#039;alternativa sussidiaria al testamento olografo e a quello autenticato pubblicamente.\" \/>\n<meta name=\"robots\" content=\"index, follow, max-snippet:-1, max-image-preview:large, max-video-preview:-1\" \/>\n<link rel=\"canonical\" href=\"https:\/\/www.deinadieu.ch\/it\/guida\/il-testamento-orale\/\" \/>\n<meta property=\"og:locale\" content=\"it_IT\" \/>\n<meta property=\"og:type\" content=\"article\" \/>\n<meta property=\"og:title\" content=\"Il testamento orale\" \/>\n<meta property=\"og:description\" content=\"In rari casi, le circostanze non consentono al testatore di redigere un testamento olografo o autenticato pubblicamente. In questi casi la legge prevede\" \/>\n<meta property=\"og:url\" content=\"https:\/\/www.deinadieu.ch\/it\/guida\/il-testamento-orale\/\" \/>\n<meta property=\"og:site_name\" content=\"DeinAdieu.ch\" \/>\n<meta property=\"article:publisher\" content=\"https:\/\/www.facebook.com\/deinadieu\" \/>\n<meta property=\"article:modified_time\" content=\"2022-09-06T13:06:52+00:00\" \/>\n<meta property=\"og:image\" content=\"https:\/\/static.deinadieu.ch\/uploads\/2018\/06\/Rat_Das-mu\u0308ndliche-Testament.jpg\" \/>\n\t<meta property=\"og:image:width\" content=\"1330\" \/>\n\t<meta property=\"og:image:height\" content=\"886\" \/>\n\t<meta property=\"og:image:type\" content=\"image\/jpeg\" \/>\n<meta name=\"twitter:card\" content=\"summary_large_image\" \/>\n<meta name=\"twitter:site\" content=\"@DeinAdieu\" \/>\n<meta name=\"twitter:label1\" content=\"Est. reading time\" \/>\n\t<meta name=\"twitter:data1\" content=\"3 minutes\" \/>\n<script type=\"application\/ld+json\" class=\"yoast-schema-graph\">{\"@context\":\"https:\\\/\\\/schema.org\",\"@graph\":[{\"@type\":\"WebPage\",\"@id\":\"https:\\\/\\\/www.deinadieu.ch\\\/it\\\/guida\\\/il-testamento-orale\\\/\",\"url\":\"https:\\\/\\\/www.deinadieu.ch\\\/it\\\/guida\\\/il-testamento-orale\\\/\",\"name\":\"Testamento orale: validit\u00e0 e requisiti | DeinAdieu\",\"isPartOf\":{\"@id\":\"https:\\\/\\\/www.deinadieu.ch\\\/it\\\/#website\"},\"primaryImageOfPage\":{\"@id\":\"https:\\\/\\\/www.deinadieu.ch\\\/it\\\/guida\\\/il-testamento-orale\\\/#primaryimage\"},\"image\":{\"@id\":\"https:\\\/\\\/www.deinadieu.ch\\\/it\\\/guida\\\/il-testamento-orale\\\/#primaryimage\"},\"thumbnailUrl\":\"https:\\\/\\\/www.deinadieu.ch\\\/wp-content\\\/uploads\\\/2018\\\/06\\\/Rat_Das-mu\u0308ndliche-Testament.jpg\",\"datePublished\":\"2018-06-10T12:00:23+00:00\",\"dateModified\":\"2022-09-06T13:06:52+00:00\",\"description\":\"La disposizione orale sull'ultima volont\u00e0 \u00e8 un'alternativa sussidiaria al testamento olografo e a quello autenticato pubblicamente.\",\"breadcrumb\":{\"@id\":\"https:\\\/\\\/www.deinadieu.ch\\\/it\\\/guida\\\/il-testamento-orale\\\/#breadcrumb\"},\"inLanguage\":\"it-IT\",\"potentialAction\":[{\"@type\":\"ReadAction\",\"target\":[\"https:\\\/\\\/www.deinadieu.ch\\\/it\\\/guida\\\/il-testamento-orale\\\/\"]}]},{\"@type\":\"ImageObject\",\"inLanguage\":\"it-IT\",\"@id\":\"https:\\\/\\\/www.deinadieu.ch\\\/it\\\/guida\\\/il-testamento-orale\\\/#primaryimage\",\"url\":\"https:\\\/\\\/www.deinadieu.ch\\\/wp-content\\\/uploads\\\/2018\\\/06\\\/Rat_Das-mu\u0308ndliche-Testament.jpg\",\"contentUrl\":\"https:\\\/\\\/www.deinadieu.ch\\\/wp-content\\\/uploads\\\/2018\\\/06\\\/Rat_Das-mu\u0308ndliche-Testament.jpg\",\"width\":1330,\"height\":886,\"caption\":\"Il testamento orale \u00e8 consentito solo se le altre forme non sono disponibili o non sono praticabili a causa di circostanze straordinarie (immagine esempio: iStock)\"},{\"@type\":\"BreadcrumbList\",\"@id\":\"https:\\\/\\\/www.deinadieu.ch\\\/it\\\/guida\\\/il-testamento-orale\\\/#breadcrumb\",\"itemListElement\":[{\"@type\":\"ListItem\",\"position\":1,\"name\":\"Home\",\"item\":\"https:\\\/\\\/www.deinadieu.ch\\\/it\\\/deinadieu-dialog-und-serviceportal-zum-lebensende\\\/\"},{\"@type\":\"ListItem\",\"position\":2,\"name\":\"Ratgeber\",\"item\":\"https:\\\/\\\/www.deinadieu.ch\\\/it\\\/guida\\\/\"},{\"@type\":\"ListItem\",\"position\":3,\"name\":\"Il testamento orale\"}]},{\"@type\":\"WebSite\",\"@id\":\"https:\\\/\\\/www.deinadieu.ch\\\/it\\\/#website\",\"url\":\"https:\\\/\\\/www.deinadieu.ch\\\/it\\\/\",\"name\":\"DeinAdieu.ch\",\"description\":\"Testament, Patientenverf\u00fcgung und Vorsorgeauftrag\",\"publisher\":{\"@id\":\"https:\\\/\\\/www.deinadieu.ch\\\/it\\\/#organization\"},\"potentialAction\":[{\"@type\":\"SearchAction\",\"target\":{\"@type\":\"EntryPoint\",\"urlTemplate\":\"https:\\\/\\\/www.deinadieu.ch\\\/it\\\/?s={search_term_string}\"},\"query-input\":{\"@type\":\"PropertyValueSpecification\",\"valueRequired\":true,\"valueName\":\"search_term_string\"}}],\"inLanguage\":\"it-IT\"},{\"@type\":\"Organization\",\"@id\":\"https:\\\/\\\/www.deinadieu.ch\\\/it\\\/#organization\",\"name\":\"EMNA Web GmbH\",\"url\":\"https:\\\/\\\/www.deinadieu.ch\\\/it\\\/\",\"logo\":{\"@type\":\"ImageObject\",\"inLanguage\":\"it-IT\",\"@id\":\"https:\\\/\\\/www.deinadieu.ch\\\/it\\\/#\\\/schema\\\/logo\\\/image\\\/\",\"url\":\"https:\\\/\\\/www.deinadieu.ch\\\/wp-content\\\/uploads\\\/2016\\\/01\\\/DeinAdieu_Logo.png\",\"contentUrl\":\"https:\\\/\\\/www.deinadieu.ch\\\/wp-content\\\/uploads\\\/2016\\\/01\\\/DeinAdieu_Logo.png\",\"width\":300,\"height\":117,\"caption\":\"EMNA Web GmbH\"},\"image\":{\"@id\":\"https:\\\/\\\/www.deinadieu.ch\\\/it\\\/#\\\/schema\\\/logo\\\/image\\\/\"},\"sameAs\":[\"https:\\\/\\\/www.facebook.com\\\/deinadieu\",\"https:\\\/\\\/x.com\\\/DeinAdieu\",\"https:\\\/\\\/www.instagram.com\\\/deinadieu\\\/\",\"https:\\\/\\\/www.linkedin.com\\\/company\\\/deinadieu.ch\"]}]}<\/script>","yoast_head_json":{"title":"Testamento orale: validit\u00e0 e requisiti | DeinAdieu","description":"La disposizione orale sull'ultima volont\u00e0 \u00e8 un'alternativa sussidiaria al testamento olografo e a quello autenticato pubblicamente.","robots":{"index":"index","follow":"follow","max-snippet":"max-snippet:-1","max-image-preview":"max-image-preview:large","max-video-preview":"max-video-preview:-1"},"canonical":"https:\/\/www.deinadieu.ch\/it\/guida\/il-testamento-orale\/","og_locale":"it_IT","og_type":"article","og_title":"Il testamento orale","og_description":"In rari casi, le circostanze non consentono al testatore di redigere un testamento olografo o autenticato pubblicamente. In questi casi la legge prevede","og_url":"https:\/\/www.deinadieu.ch\/it\/guida\/il-testamento-orale\/","og_site_name":"DeinAdieu.ch","article_publisher":"https:\/\/www.facebook.com\/deinadieu","article_modified_time":"2022-09-06T13:06:52+00:00","og_image":[{"width":1330,"height":886,"url":"https:\/\/static.deinadieu.ch\/uploads\/2018\/06\/Rat_Das-mu\u0308ndliche-Testament.jpg","type":"image\/jpeg"}],"twitter_card":"summary_large_image","twitter_site":"@DeinAdieu","twitter_misc":{"Est. reading time":"3 minutes"},"schema":{"@context":"https:\/\/schema.org","@graph":[{"@type":"WebPage","@id":"https:\/\/www.deinadieu.ch\/it\/guida\/il-testamento-orale\/","url":"https:\/\/www.deinadieu.ch\/it\/guida\/il-testamento-orale\/","name":"Testamento orale: validit\u00e0 e requisiti | DeinAdieu","isPartOf":{"@id":"https:\/\/www.deinadieu.ch\/it\/#website"},"primaryImageOfPage":{"@id":"https:\/\/www.deinadieu.ch\/it\/guida\/il-testamento-orale\/#primaryimage"},"image":{"@id":"https:\/\/www.deinadieu.ch\/it\/guida\/il-testamento-orale\/#primaryimage"},"thumbnailUrl":"https:\/\/www.deinadieu.ch\/wp-content\/uploads\/2018\/06\/Rat_Das-mu\u0308ndliche-Testament.jpg","datePublished":"2018-06-10T12:00:23+00:00","dateModified":"2022-09-06T13:06:52+00:00","description":"La disposizione orale sull'ultima volont\u00e0 \u00e8 un'alternativa sussidiaria al testamento olografo e a quello autenticato pubblicamente.","breadcrumb":{"@id":"https:\/\/www.deinadieu.ch\/it\/guida\/il-testamento-orale\/#breadcrumb"},"inLanguage":"it-IT","potentialAction":[{"@type":"ReadAction","target":["https:\/\/www.deinadieu.ch\/it\/guida\/il-testamento-orale\/"]}]},{"@type":"ImageObject","inLanguage":"it-IT","@id":"https:\/\/www.deinadieu.ch\/it\/guida\/il-testamento-orale\/#primaryimage","url":"https:\/\/www.deinadieu.ch\/wp-content\/uploads\/2018\/06\/Rat_Das-mu\u0308ndliche-Testament.jpg","contentUrl":"https:\/\/www.deinadieu.ch\/wp-content\/uploads\/2018\/06\/Rat_Das-mu\u0308ndliche-Testament.jpg","width":1330,"height":886,"caption":"Il testamento orale \u00e8 consentito solo se le altre forme non sono disponibili o non sono praticabili a causa di circostanze straordinarie (immagine esempio: iStock)"},{"@type":"BreadcrumbList","@id":"https:\/\/www.deinadieu.ch\/it\/guida\/il-testamento-orale\/#breadcrumb","itemListElement":[{"@type":"ListItem","position":1,"name":"Home","item":"https:\/\/www.deinadieu.ch\/it\/deinadieu-dialog-und-serviceportal-zum-lebensende\/"},{"@type":"ListItem","position":2,"name":"Ratgeber","item":"https:\/\/www.deinadieu.ch\/it\/guida\/"},{"@type":"ListItem","position":3,"name":"Il testamento orale"}]},{"@type":"WebSite","@id":"https:\/\/www.deinadieu.ch\/it\/#website","url":"https:\/\/www.deinadieu.ch\/it\/","name":"DeinAdieu.ch","description":"Testament, Patientenverf\u00fcgung und Vorsorgeauftrag","publisher":{"@id":"https:\/\/www.deinadieu.ch\/it\/#organization"},"potentialAction":[{"@type":"SearchAction","target":{"@type":"EntryPoint","urlTemplate":"https:\/\/www.deinadieu.ch\/it\/?s={search_term_string}"},"query-input":{"@type":"PropertyValueSpecification","valueRequired":true,"valueName":"search_term_string"}}],"inLanguage":"it-IT"},{"@type":"Organization","@id":"https:\/\/www.deinadieu.ch\/it\/#organization","name":"EMNA Web GmbH","url":"https:\/\/www.deinadieu.ch\/it\/","logo":{"@type":"ImageObject","inLanguage":"it-IT","@id":"https:\/\/www.deinadieu.ch\/it\/#\/schema\/logo\/image\/","url":"https:\/\/www.deinadieu.ch\/wp-content\/uploads\/2016\/01\/DeinAdieu_Logo.png","contentUrl":"https:\/\/www.deinadieu.ch\/wp-content\/uploads\/2016\/01\/DeinAdieu_Logo.png","width":300,"height":117,"caption":"EMNA Web GmbH"},"image":{"@id":"https:\/\/www.deinadieu.ch\/it\/#\/schema\/logo\/image\/"},"sameAs":["https:\/\/www.facebook.com\/deinadieu","https:\/\/x.com\/DeinAdieu","https:\/\/www.instagram.com\/deinadieu\/","https:\/\/www.linkedin.com\/company\/deinadieu.ch"]}]}},"_links":{"self":[{"href":"https:\/\/www.deinadieu.ch\/it\/wp-json\/wp\/v2\/ratgeber\/52954","targetHints":{"allow":["GET"]}}],"collection":[{"href":"https:\/\/www.deinadieu.ch\/it\/wp-json\/wp\/v2\/ratgeber"}],"about":[{"href":"https:\/\/www.deinadieu.ch\/it\/wp-json\/wp\/v2\/types\/ratgeber"}],"author":[{"embeddable":true,"href":"https:\/\/www.deinadieu.ch\/it\/wp-json\/wp\/v2\/users\/2398"}],"replies":[{"embeddable":true,"href":"https:\/\/www.deinadieu.ch\/it\/wp-json\/wp\/v2\/comments?post=52954"}],"version-history":[{"count":9,"href":"https:\/\/www.deinadieu.ch\/it\/wp-json\/wp\/v2\/ratgeber\/52954\/revisions"}],"predecessor-version":[{"id":60126,"href":"https:\/\/www.deinadieu.ch\/it\/wp-json\/wp\/v2\/ratgeber\/52954\/revisions\/60126"}],"wp:featuredmedia":[{"embeddable":true,"href":"https:\/\/www.deinadieu.ch\/it\/wp-json\/wp\/v2\/media\/23398"}],"wp:attachment":[{"href":"https:\/\/www.deinadieu.ch\/it\/wp-json\/wp\/v2\/media?parent=52954"}],"wp:term":[{"taxonomy":"post_tag","embeddable":true,"href":"https:\/\/www.deinadieu.ch\/it\/wp-json\/wp\/v2\/tags?post=52954"},{"taxonomy":"ratgeber-category","embeddable":true,"href":"https:\/\/www.deinadieu.ch\/it\/wp-json\/wp\/v2\/ratgeber-category?post=52954"}],"curies":[{"name":"wp","href":"https:\/\/api.w.org\/{rel}","templated":true}]}}