{"id":52952,"date":"2021-08-31T08:00:00","date_gmt":"2021-08-31T06:00:00","guid":{"rendered":"https:\/\/www.deinadieu.ch\/?post_type=ratgeber&#038;p=52952"},"modified":"2023-04-28T09:01:28","modified_gmt":"2023-04-28T07:01:28","slug":"decorso-della-malattia-nella-demenza","status":"publish","type":"ratgeber","link":"https:\/\/www.deinadieu.ch\/it\/guida\/decorso-della-malattia-nella-demenza\/","title":{"rendered":"Decorso della malattia nella demenza"},"content":{"rendered":"\n<p>Le malattie da demenza di solito hanno un decorso cronico. Nel tempo, le capacit\u00e0 mentali delle persone colpite diminuiscono. Per evitare difficolt\u00e0 nella vita quotidiana e problemi di pianificazione successoria, \u00e8 importante essere ben preparati.<\/p>\n\n<!--more-->\n\n<div class=\"wp-block-create-block-deinadieu-simple\"><div class=\"inner\"><p class=\"title\">L&#8217;essenziale in breve<\/p><div class=\"content\"><ul><li>Una malattia da demenza \u00e8 un disturbo neurocognitivo. Di solito \u00e8 cronica e pu\u00f2 peggiorare gradualmente o in fasi.<\/li><li>I segni di una malattia da demenza sono dimenticanza, difficolt\u00e0 con la pianificazione e le routine, o problemi con il linguaggio, l&#8217;orientamento e le abilit\u00e0 motorie. Possono verificarsi anche cambiamenti di personalit\u00e0.<\/li><li>Con il <a href=\"https:\/\/www.deinadieu.ch\/it\/mandato-precauzionale\/\">mandato precauzionale<\/a> e la <a href=\"https:\/\/www.deinadieu.ch\/it\/decreto-del-paziente\/\">direttiva del paziente<\/a> la legge svizzera dispone di strumenti adeguati per favorire l&#8217;autodeterminazione in caso di demenza. Le persone con demenza dovrebbero inoltre pianificare la loro successione per tempo.<\/li><\/ul><\/div><\/div><\/div>\n\n<h2 class=\"wp-block-heading\" id=\"h-wie-sieht-ein-typischer-krankheitsverlauf-bei-demenz-aus\">Com&#8217;\u00e8 un tipico decorso della demenza?<\/h2>\n\n<p>\u00abDemenza\u00bb descrive una variet\u00e0 di malattie con sintomi simili. A seconda della diagnosi specifica possono quindi essere previsti diversi decorsi. Ciononostante, ci sono somiglianze fondamentali in modo che pu\u00f2 essere descritto un tipico quadro clinico in termini generali.<\/p>\n\n<p>Nella medicina specialistica (DSM-5), le <strong><a href=\"https:\/\/www.deinadieu.ch\/it\/guida\/cose-la-demenza-e-come-la-affronto\/\">malattie da demenza<\/a> sono classificate come un disturbo neurocognitivo<\/strong>. Viene fatta una distinzione tra disturbi lievi e gravi. <strong>I disturbi lievi sono quelli che il cervello pu\u00f2 compensare<\/strong>, cos\u00ec che le limitazioni sono solo temporanee e le persone colpite possono continuare a gestire la loro vita quotidiana in modo indipendente. <strong>I disturbi gravi, invece, non possono essere compensati dal cervello<\/strong>, e vengono ulteriormente suddivisi in disturbi da lievi a gravi. La demenza \u00e8 uno dei principali disturbi neurocognitivi.<\/p>\n\n<p>Tuttavia, ci\u00f2 non significa che il quadro clinico di un paziente possa essere classificato esattamente. Piuttosto, si muove nel corso del tempo in un continuum, all&#8217;interno del quale le prestazioni mentali diminuiscono. I continuum sono anche conosciuti come le fasi della demenza.<\/p>\n\n<figure class=\"wp-block-image size-large\"><img loading=\"lazy\" decoding=\"async\" width=\"913\" height=\"629\" src=\"https:\/\/www.deinadieu.ch\/wp-content\/uploads\/2021\/06\/Picture-1.png\" alt=\"\" class=\"wp-image-50844\" srcset=\"https:\/\/www.deinadieu.ch\/wp-content\/uploads\/2021\/06\/Picture-1.png 913w, https:\/\/www.deinadieu.ch\/wp-content\/uploads\/2021\/06\/Picture-1-300x207.png 300w\" sizes=\"auto, (max-width: 913px) 100vw, 913px\" \/><figcaption class=\"wp-element-caption\">Figura 1: Continuum del disturbo neurocognitivo. Rappresentazione del Prof. Dr. Andreas U. Monsch.<\/figcaption><\/figure>\n\n<h2 class=\"wp-block-heading\" id=\"h-was-sind-die-haufigsten-anzeichen-einer-demenzerkrankung\">Quali sono i segnali pi\u00f9 comuni di una malattia da demenza?<\/h2>\n\n<p><strong>I segnali di una malattia da demenza sono molteplici<\/strong>. I sintomi individuali non indicano necessariamente la presenza di una tale malattia. Pertanto, \u00e8 da osservare lo stato generale della condizione mentale. Il sospetto di una malattia da demenza \u00e8 quindi confermato solo quando diversi dei seguenti segnali si verificano insieme e in combinazione.<\/p>\n\n<p>Un \u00abclassico\u00bb, forse <strong>l&#8217;indicazione pi\u00f9 conosciuta di demenza iniziale, \u00e8 la dimenticanza<\/strong>, che rende sempre pi\u00f9 difficile far fronte in modo indipendente alle questioni quotidiane come fissare appuntamenti o trovare oggetti di uso quotidiano. Strettamente correlate a questo sono le <strong>difficolt\u00e0 nel pianificare semplici attivit\u00e0 o risolvere problemi<\/strong>, come pianificare brevi viaggi o cucinare semplici pasti.<\/p>\n\n<p>Con il progredire della malattia, i processi quotidiani diventano sempre pi\u00f9 impegnativi. Esempi di ci\u00f2 sono l&#8217;utilizzo di dispositivi elettronici o il pagamento di bollette. Spesso sorgono anche difficolt\u00e0 con il linguaggio, l&#8217;orientamento e le capacit\u00e0 motorie. Ci\u00f2 significa che le persone con demenza hanno difficolt\u00e0 a trovare parole adatte o a formare frasi sensate. Possono anche avere difficolt\u00e0 a determinare il luogo in cui si trovano o la data, il giorno della settimana e l&#8217;ora. <strong>Cadere o far cadere oggetti sono esempi tipici di conseguenze motorie di una malattia da demenza<\/strong>.<\/p>\n\n<p>Tali problemi sono associati a un sentimento di vergogna per le persone colpite. Questo pu\u00f2 portare a svogliatezza e ritiro sociale, in definitiva anche a stati d&#8217;animo depressivi e cambiamenti di personalit\u00e0. Al pi\u00f9 tardi in questa fase, la malattia difficilmente pu\u00f2 essere nascosta a parenti o ad altre persone di riferimento.<\/p>\n\n\n        <div class=\"relative shadow-lg -mx-12 mb-4 overflow-hidden\" style=\"background-image: url('https:\/\/www.deinadieu.ch\/wp-content\/themes\/da-v4\/assets\/v4\/banner\/testament.jpg'); background-size: cover; background-position: center\">\n            <div class=\"banner-white-box md:w-3\/5 text-black -ml-16 pl-16\" style=\"background-color: rgba(255,255,255,0.75)\">\n                <div class=\"inner\">\n                    <div class=\"text-2xl p-12\"><strong>Non avete ancora scritto un testamento?<\/strong> Generate ora un modello PDF gratuito per<\/div>\n                    <div class=\"px-12 md:mr-16\">\n                        <a href=\"https:\/\/app.deinadieu.ch\/testament\" target=\"_blank\" class=\"btn btn-da btn-small btn-block\">me<\/a>\n                        <a href=\"https:\/\/app.deinadieu.ch\/testament\" target=\"_blank\" class=\"mt-4 btn btn-da btn-small btn-block\">un'altra persona<\/a>\n                    <\/div>\n                    <div class=\"px-12 py-8\">\n                        <img decoding=\"async\" src=\"https:\/\/www.deinadieu.ch\/wp-content\/themes\/da-v4\/assets\/v4\/deinadieu_logo_dark.svg\" class=\"h-12\">\n                    <\/div>\n                <\/div>\n            <\/div>\n        <\/div>\n        \n\n<h2 class=\"wp-block-heading\" id=\"h-welche-massnahmen-kann-ich-treffen-um-vorzusorgen\">Quali misure posso prendere per provvedere?<\/h2>\n\n<p>Affrontare la demenza apertamente (sin dall&#8217;inizio) pu\u00f2 rendere la vita molto pi\u00f9 facile, cos\u00ec come quella di parenti e amici. <strong>Il primo passo da fare se si sospetta una malattia da demenza \u00e8 quello di farla diagnosticare da un professionista sanitario.<\/strong> Quest&#8217;ultimo utilizza metodi standardizzati per verificare le capacit\u00e0 cognitive. Se essi confermano il sospetto di demenza iniziale, \u00e8 importante prendere <a href=\"https:\/\/www.deinadieu.ch\/it\/dossier-di-previdenza\/\">misure preventive<\/a> in caso di peggioramento. Le misure preventive sono di fondamentale importanza perch\u00e9 da un certo stadio della demenza la <a href=\"https:\/\/www.deinadieu.ch\/it\/guida\/incapacita-di-discernimento-come-si-possono-prendere-disposizioni\/\">capacit\u00e0 di discernimento<\/a> viene persa. Tuttavia, essa \u00e8 un requisito fondamentale per molte azioni nei rapporti legali e commerciali. Se una persona non ha la capacit\u00e0 di discernimento, in certi casi pu\u00f2 non essere pi\u00f9 in grado di stipulare contratti validi o redigere <a href=\"https:\/\/www.deinadieu.ch\/it\/testamento\/\">testamenti<\/a>. <strong>Una pianificazione successoria dovrebbe quindi essere fatta per tempo al fine di evitare la contestazione di una disposizione a causa di morte per motivi di <a href=\"https:\/\/www.deinadieu.ch\/ratgeber\/folgen-verfugungsunfahigkeit-bei-demenz\/\">incapacit\u00e0 di disporre<\/a>.<\/strong><\/p>\n\n<p>Inoltre, le persone incapaci di discernimento non possono pi\u00f9 prendere determinate decisioni da sole, per cui \u00e8 necessario nominare un rappresentante o un curatore per la loro protezione. Per salvaguardare il diritto di ogni persona all&#8217;autodeterminazione anche in caso di incapacit\u00e0 di discernimento, la legge svizzera sulla protezione degli adulti conosce gli strumenti del <a href=\"https:\/\/www.deinadieu.ch\/ratgeber\/unterschied-vorsorgeauftrag-und-patientenverfuegung-brauche-ich-beides\/\">mandato precauzionale e della direttiva del paziente<\/a>. Con il mandato precauzionale potete affidare a persone di vostra scelta la cura degli interessi patrimoniali, la cura della persona o la cura delle relazioni giuridiche. Nella direttiva del paziente si pu\u00f2 dichiarare preventivamente l&#8217;approvazione o il rifiuto di determinate misure mediche. Anche in questo caso \u00e8 possibile nominare come rappresentante una persona fisica.<\/p>\n\n<p>Specialmente nel caso di una malattia da demenza, \u00e8 consigliabile, sensato e importante <a href=\"https:\/\/www.deinadieu.ch\/ratgeber\/vorsorgeauftrag-erstellen-zum-nulltarif\/\">fare uso<\/a> di queste opzioni di progettazione. Ci\u00f2 consente di prendere decisioni ponderate e vincolanti, creare sicurezza e guardare al futuro con fiducia.<\/p>\n\n<div style=\"height:50px\" aria-hidden=\"true\" class=\"wp-block-spacer\"><\/div>\n\n<div class=\"wp-block-buttons is-layout-flex wp-block-buttons-is-layout-flex\">\n<div class=\"wp-block-button\"><a class=\"wp-block-button__link wp-element-button\" href=\"https:\/\/app.deinadieu.ch\/testamentgenerator\">Provvedere e creare testamento qui<\/a><\/div>\n<\/div>\n\n<h2 class=\"wp-block-heading\" id=\"h-das-konnte-sie-auch-interessieren\">Potrebbe anche interessarvi<\/h2>\n\n<ul class=\"wp-block-list\">\n<li>I: <a href=\"https:\/\/www.deinadieu.ch\/it\/guida\/cose-la-demenza-e-come-la-affronto\/\">Cos&#8217;\u00e8 la demenza e come la affronto?<\/a><\/li>\n\n\n\n<li>III: <a href=\"https:\/\/www.deinadieu.ch\/it\/guida\/come-viene-valutata-la-capacita-di-disporre-in-caso-di-demenza\/\">Come viene valutata la capacit\u00e0 di disporre in caso di demenza?<\/a><\/li>\n\n\n\n<li>IV: <a href=\"https:\/\/www.deinadieu.ch\/ratgeber\/folgen-verfugungsunfahigkeit-bei-demenz\/\">Conseguenze dell&#8217;incapacit\u00e0 di disporre nel caso di demenza<\/a><\/li>\n\n\n\n<li>V: <a href=\"https:\/\/www.deinadieu.ch\/ratgeber\/wie-wird-ein-testament-bei-demenz-uberpruft\/\">Come viene esaminato un testamento in caso di demenza?<\/a><\/li>\n\n\n\n<li><a href=\"https:\/\/www.deinadieu.ch\/it\/decreto-del-paziente\/\">Creare direttiva del paziente<\/a><\/li>\n\n\n\n<li><a href=\"https:\/\/www.deinadieu.ch\/it\/mandato-precauzionale\/\">Creare mandato precauzionale<\/a><\/li>\n\n\n\n<li><a href=\"https:\/\/www.deinadieu.ch\/it\/testamento\/\">Creare testamento<\/a><\/li>\n\n\n\n<li><a href=\"https:\/\/www.deinadieu.ch\/it\/guida\/incapacita-di-discernimento-come-si-possono-prendere-disposizioni\/\">Incapacit\u00e0 di discernimento \u2013 come prendere provvedimenti?<\/a><\/li>\n<\/ul>\n\n<h2 class=\"wp-block-heading\" id=\"h-externe-links\">Link esterni<\/h2>\n\n<ul class=\"wp-block-list\">\n<li><a href=\"https:\/\/www.alzheimer-schweiz.ch\/de\/publikationen-produkte\/produkt\/demenz-in-der-schweiz-zahlen-und-fakten\">Alzheimer Svizzera: Demenza in Svizzera: cifre e fatti<\/a><\/li>\n\n\n\n<li><a href=\"https:\/\/www.bag.admin.ch\/bag\/de\/home\/zahlen-und-statistiken\/zahlen-fakten-demenz.html\">Ufficio federale della sanit\u00e0 pubblica UFSP: cifre e fatti sulla demenza<\/a><\/li>\n\n\n\n<li><a href=\"https:\/\/sgec.stanford.edu\/content\/dam\/sm\/sgec\/documents\/resources\/dementia_and_caregiving\/1_DiagnosisRosenDSM5NCD_AR4.pdf\">Disturbi neurocognitivi del DSM-5<\/a><\/li>\n\n\n\n<li><a href=\"https:\/\/pubmed.ncbi.nlm.nih.gov\/25266297\/\">Classificazione dei disturbi neurocognitivi: l&#8217;approccio del DSM-5<\/a><\/li>\n<\/ul>\n","protected":false},"excerpt":{"rendered":"<p>Le malattie da demenza di solito hanno un decorso cronico. Nel tempo, le capacit\u00e0 mentali delle persone colpite diminuiscono. Per evitare difficolt\u00e0 nella vita quotidiana e problemi di pianificazione successoria, \u00e8 importante essere ben preparati.<\/p>\n","protected":false},"author":2398,"featured_media":51934,"menu_order":0,"comment_status":"open","ping_status":"closed","template":"","tags":[3517,2869,2867,2392],"ratgeber-category":[2870],"class_list":["post-52952","ratgeber","type-ratgeber","status-publish","has-post-thumbnail","hentry","tag-assicurazione-per-la-vecchiaia","tag-capacita-di-discernimento","tag-demenza","tag-immobiliare","ratgeber-category-malattia"],"acf":[],"yoast_head":"<title>Demenza: decorso, sintomi e cause | DeinAdieu<\/title>\n<meta name=\"description\" content=\"Quali sono i sintomi della demenza, qual \u00e8 il corso della malattia e quali sono i segni premonitori? Scoprite di pi\u00f9 sul decorso della demenza qui.\" \/>\n<meta name=\"robots\" content=\"index, follow, max-snippet:-1, max-image-preview:large, max-video-preview:-1\" \/>\n<link rel=\"canonical\" href=\"https:\/\/www.deinadieu.ch\/it\/guida\/decorso-della-malattia-nella-demenza\/\" \/>\n<meta property=\"og:locale\" content=\"it_IT\" \/>\n<meta property=\"og:type\" content=\"article\" \/>\n<meta property=\"og:title\" content=\"Decorso della malattia nella demenza\" \/>\n<meta property=\"og:description\" content=\"Le malattie da demenza di solito hanno un decorso cronico. Nel tempo, le capacit\u00e0 mentali delle persone colpite diminuiscono. Per evitare difficolt\u00e0 nella\" \/>\n<meta property=\"og:url\" content=\"https:\/\/www.deinadieu.ch\/it\/guida\/decorso-della-malattia-nella-demenza\/\" \/>\n<meta property=\"og:site_name\" content=\"DeinAdieu.ch\" \/>\n<meta property=\"article:publisher\" content=\"https:\/\/www.facebook.com\/deinadieu\" \/>\n<meta property=\"article:modified_time\" content=\"2023-04-28T07:01:28+00:00\" \/>\n<meta property=\"og:image\" content=\"https:\/\/static.deinadieu.ch\/uploads\/2021\/06\/iStock-1181228916-scaled.jpg\" \/>\n\t<meta property=\"og:image:width\" content=\"2560\" \/>\n\t<meta property=\"og:image:height\" content=\"1708\" \/>\n\t<meta property=\"og:image:type\" content=\"image\/jpeg\" \/>\n<meta name=\"twitter:card\" content=\"summary_large_image\" \/>\n<meta name=\"twitter:site\" content=\"@DeinAdieu\" \/>\n<meta name=\"twitter:label1\" content=\"Est. reading time\" \/>\n\t<meta name=\"twitter:data1\" content=\"5 minutes\" \/>\n<script type=\"application\/ld+json\" class=\"yoast-schema-graph\">{\"@context\":\"https:\\\/\\\/schema.org\",\"@graph\":[{\"@type\":\"WebPage\",\"@id\":\"https:\\\/\\\/www.deinadieu.ch\\\/it\\\/guida\\\/decorso-della-malattia-nella-demenza\\\/\",\"url\":\"https:\\\/\\\/www.deinadieu.ch\\\/it\\\/guida\\\/decorso-della-malattia-nella-demenza\\\/\",\"name\":\"Demenza: decorso, sintomi e cause | DeinAdieu\",\"isPartOf\":{\"@id\":\"https:\\\/\\\/www.deinadieu.ch\\\/it\\\/#website\"},\"primaryImageOfPage\":{\"@id\":\"https:\\\/\\\/www.deinadieu.ch\\\/it\\\/guida\\\/decorso-della-malattia-nella-demenza\\\/#primaryimage\"},\"image\":{\"@id\":\"https:\\\/\\\/www.deinadieu.ch\\\/it\\\/guida\\\/decorso-della-malattia-nella-demenza\\\/#primaryimage\"},\"thumbnailUrl\":\"https:\\\/\\\/www.deinadieu.ch\\\/wp-content\\\/uploads\\\/2021\\\/06\\\/iStock-1181228916-scaled.jpg\",\"datePublished\":\"2021-08-31T06:00:00+00:00\",\"dateModified\":\"2023-04-28T07:01:28+00:00\",\"description\":\"Quali sono i sintomi della demenza, qual \u00e8 il corso della malattia e quali sono i segni premonitori? Scoprite di pi\u00f9 sul decorso della demenza qui.\",\"breadcrumb\":{\"@id\":\"https:\\\/\\\/www.deinadieu.ch\\\/it\\\/guida\\\/decorso-della-malattia-nella-demenza\\\/#breadcrumb\"},\"inLanguage\":\"it-IT\",\"potentialAction\":[{\"@type\":\"ReadAction\",\"target\":[\"https:\\\/\\\/www.deinadieu.ch\\\/it\\\/guida\\\/decorso-della-malattia-nella-demenza\\\/\"]}]},{\"@type\":\"ImageObject\",\"inLanguage\":\"it-IT\",\"@id\":\"https:\\\/\\\/www.deinadieu.ch\\\/it\\\/guida\\\/decorso-della-malattia-nella-demenza\\\/#primaryimage\",\"url\":\"https:\\\/\\\/www.deinadieu.ch\\\/wp-content\\\/uploads\\\/2021\\\/06\\\/iStock-1181228916-scaled.jpg\",\"contentUrl\":\"https:\\\/\\\/www.deinadieu.ch\\\/wp-content\\\/uploads\\\/2021\\\/06\\\/iStock-1181228916-scaled.jpg\",\"width\":2560,\"height\":1708,\"caption\":\"Come si riconosce una malattia da demenza? Come prendere provvedimenti? Scoprite di pi\u00f9 qui. (immagine: istock\\\/FG Trade)\"},{\"@type\":\"BreadcrumbList\",\"@id\":\"https:\\\/\\\/www.deinadieu.ch\\\/it\\\/guida\\\/decorso-della-malattia-nella-demenza\\\/#breadcrumb\",\"itemListElement\":[{\"@type\":\"ListItem\",\"position\":1,\"name\":\"Home\",\"item\":\"https:\\\/\\\/www.deinadieu.ch\\\/it\\\/deinadieu-dialog-und-serviceportal-zum-lebensende\\\/\"},{\"@type\":\"ListItem\",\"position\":2,\"name\":\"Ratgeber\",\"item\":\"https:\\\/\\\/www.deinadieu.ch\\\/it\\\/guida\\\/\"},{\"@type\":\"ListItem\",\"position\":3,\"name\":\"Decorso della malattia nella demenza\"}]},{\"@type\":\"WebSite\",\"@id\":\"https:\\\/\\\/www.deinadieu.ch\\\/it\\\/#website\",\"url\":\"https:\\\/\\\/www.deinadieu.ch\\\/it\\\/\",\"name\":\"DeinAdieu.ch\",\"description\":\"Testament, Patientenverf\u00fcgung und Vorsorgeauftrag\",\"publisher\":{\"@id\":\"https:\\\/\\\/www.deinadieu.ch\\\/it\\\/#organization\"},\"potentialAction\":[{\"@type\":\"SearchAction\",\"target\":{\"@type\":\"EntryPoint\",\"urlTemplate\":\"https:\\\/\\\/www.deinadieu.ch\\\/it\\\/?s={search_term_string}\"},\"query-input\":{\"@type\":\"PropertyValueSpecification\",\"valueRequired\":true,\"valueName\":\"search_term_string\"}}],\"inLanguage\":\"it-IT\"},{\"@type\":\"Organization\",\"@id\":\"https:\\\/\\\/www.deinadieu.ch\\\/it\\\/#organization\",\"name\":\"EMNA Web GmbH\",\"url\":\"https:\\\/\\\/www.deinadieu.ch\\\/it\\\/\",\"logo\":{\"@type\":\"ImageObject\",\"inLanguage\":\"it-IT\",\"@id\":\"https:\\\/\\\/www.deinadieu.ch\\\/it\\\/#\\\/schema\\\/logo\\\/image\\\/\",\"url\":\"https:\\\/\\\/www.deinadieu.ch\\\/wp-content\\\/uploads\\\/2016\\\/01\\\/DeinAdieu_Logo.png\",\"contentUrl\":\"https:\\\/\\\/www.deinadieu.ch\\\/wp-content\\\/uploads\\\/2016\\\/01\\\/DeinAdieu_Logo.png\",\"width\":300,\"height\":117,\"caption\":\"EMNA Web GmbH\"},\"image\":{\"@id\":\"https:\\\/\\\/www.deinadieu.ch\\\/it\\\/#\\\/schema\\\/logo\\\/image\\\/\"},\"sameAs\":[\"https:\\\/\\\/www.facebook.com\\\/deinadieu\",\"https:\\\/\\\/x.com\\\/DeinAdieu\",\"https:\\\/\\\/www.instagram.com\\\/deinadieu\\\/\",\"https:\\\/\\\/www.linkedin.com\\\/company\\\/deinadieu.ch\"]}]}<\/script>","yoast_head_json":{"title":"Demenza: decorso, sintomi e cause | DeinAdieu","description":"Quali sono i sintomi della demenza, qual \u00e8 il corso della malattia e quali sono i segni premonitori? Scoprite di pi\u00f9 sul decorso della demenza qui.","robots":{"index":"index","follow":"follow","max-snippet":"max-snippet:-1","max-image-preview":"max-image-preview:large","max-video-preview":"max-video-preview:-1"},"canonical":"https:\/\/www.deinadieu.ch\/it\/guida\/decorso-della-malattia-nella-demenza\/","og_locale":"it_IT","og_type":"article","og_title":"Decorso della malattia nella demenza","og_description":"Le malattie da demenza di solito hanno un decorso cronico. Nel tempo, le capacit\u00e0 mentali delle persone colpite diminuiscono. Per evitare difficolt\u00e0 nella","og_url":"https:\/\/www.deinadieu.ch\/it\/guida\/decorso-della-malattia-nella-demenza\/","og_site_name":"DeinAdieu.ch","article_publisher":"https:\/\/www.facebook.com\/deinadieu","article_modified_time":"2023-04-28T07:01:28+00:00","og_image":[{"width":2560,"height":1708,"url":"https:\/\/static.deinadieu.ch\/uploads\/2021\/06\/iStock-1181228916-scaled.jpg","type":"image\/jpeg"}],"twitter_card":"summary_large_image","twitter_site":"@DeinAdieu","twitter_misc":{"Est. reading time":"5 minutes"},"schema":{"@context":"https:\/\/schema.org","@graph":[{"@type":"WebPage","@id":"https:\/\/www.deinadieu.ch\/it\/guida\/decorso-della-malattia-nella-demenza\/","url":"https:\/\/www.deinadieu.ch\/it\/guida\/decorso-della-malattia-nella-demenza\/","name":"Demenza: decorso, sintomi e cause | DeinAdieu","isPartOf":{"@id":"https:\/\/www.deinadieu.ch\/it\/#website"},"primaryImageOfPage":{"@id":"https:\/\/www.deinadieu.ch\/it\/guida\/decorso-della-malattia-nella-demenza\/#primaryimage"},"image":{"@id":"https:\/\/www.deinadieu.ch\/it\/guida\/decorso-della-malattia-nella-demenza\/#primaryimage"},"thumbnailUrl":"https:\/\/www.deinadieu.ch\/wp-content\/uploads\/2021\/06\/iStock-1181228916-scaled.jpg","datePublished":"2021-08-31T06:00:00+00:00","dateModified":"2023-04-28T07:01:28+00:00","description":"Quali sono i sintomi della demenza, qual \u00e8 il corso della malattia e quali sono i segni premonitori? Scoprite di pi\u00f9 sul decorso della demenza qui.","breadcrumb":{"@id":"https:\/\/www.deinadieu.ch\/it\/guida\/decorso-della-malattia-nella-demenza\/#breadcrumb"},"inLanguage":"it-IT","potentialAction":[{"@type":"ReadAction","target":["https:\/\/www.deinadieu.ch\/it\/guida\/decorso-della-malattia-nella-demenza\/"]}]},{"@type":"ImageObject","inLanguage":"it-IT","@id":"https:\/\/www.deinadieu.ch\/it\/guida\/decorso-della-malattia-nella-demenza\/#primaryimage","url":"https:\/\/www.deinadieu.ch\/wp-content\/uploads\/2021\/06\/iStock-1181228916-scaled.jpg","contentUrl":"https:\/\/www.deinadieu.ch\/wp-content\/uploads\/2021\/06\/iStock-1181228916-scaled.jpg","width":2560,"height":1708,"caption":"Come si riconosce una malattia da demenza? Come prendere provvedimenti? Scoprite di pi\u00f9 qui. (immagine: istock\/FG Trade)"},{"@type":"BreadcrumbList","@id":"https:\/\/www.deinadieu.ch\/it\/guida\/decorso-della-malattia-nella-demenza\/#breadcrumb","itemListElement":[{"@type":"ListItem","position":1,"name":"Home","item":"https:\/\/www.deinadieu.ch\/it\/deinadieu-dialog-und-serviceportal-zum-lebensende\/"},{"@type":"ListItem","position":2,"name":"Ratgeber","item":"https:\/\/www.deinadieu.ch\/it\/guida\/"},{"@type":"ListItem","position":3,"name":"Decorso della malattia nella demenza"}]},{"@type":"WebSite","@id":"https:\/\/www.deinadieu.ch\/it\/#website","url":"https:\/\/www.deinadieu.ch\/it\/","name":"DeinAdieu.ch","description":"Testament, Patientenverf\u00fcgung und Vorsorgeauftrag","publisher":{"@id":"https:\/\/www.deinadieu.ch\/it\/#organization"},"potentialAction":[{"@type":"SearchAction","target":{"@type":"EntryPoint","urlTemplate":"https:\/\/www.deinadieu.ch\/it\/?s={search_term_string}"},"query-input":{"@type":"PropertyValueSpecification","valueRequired":true,"valueName":"search_term_string"}}],"inLanguage":"it-IT"},{"@type":"Organization","@id":"https:\/\/www.deinadieu.ch\/it\/#organization","name":"EMNA Web GmbH","url":"https:\/\/www.deinadieu.ch\/it\/","logo":{"@type":"ImageObject","inLanguage":"it-IT","@id":"https:\/\/www.deinadieu.ch\/it\/#\/schema\/logo\/image\/","url":"https:\/\/www.deinadieu.ch\/wp-content\/uploads\/2016\/01\/DeinAdieu_Logo.png","contentUrl":"https:\/\/www.deinadieu.ch\/wp-content\/uploads\/2016\/01\/DeinAdieu_Logo.png","width":300,"height":117,"caption":"EMNA Web GmbH"},"image":{"@id":"https:\/\/www.deinadieu.ch\/it\/#\/schema\/logo\/image\/"},"sameAs":["https:\/\/www.facebook.com\/deinadieu","https:\/\/x.com\/DeinAdieu","https:\/\/www.instagram.com\/deinadieu\/","https:\/\/www.linkedin.com\/company\/deinadieu.ch"]}]}},"_links":{"self":[{"href":"https:\/\/www.deinadieu.ch\/it\/wp-json\/wp\/v2\/ratgeber\/52952","targetHints":{"allow":["GET"]}}],"collection":[{"href":"https:\/\/www.deinadieu.ch\/it\/wp-json\/wp\/v2\/ratgeber"}],"about":[{"href":"https:\/\/www.deinadieu.ch\/it\/wp-json\/wp\/v2\/types\/ratgeber"}],"author":[{"embeddable":true,"href":"https:\/\/www.deinadieu.ch\/it\/wp-json\/wp\/v2\/users\/2398"}],"replies":[{"embeddable":true,"href":"https:\/\/www.deinadieu.ch\/it\/wp-json\/wp\/v2\/comments?post=52952"}],"version-history":[{"count":15,"href":"https:\/\/www.deinadieu.ch\/it\/wp-json\/wp\/v2\/ratgeber\/52952\/revisions"}],"predecessor-version":[{"id":63279,"href":"https:\/\/www.deinadieu.ch\/it\/wp-json\/wp\/v2\/ratgeber\/52952\/revisions\/63279"}],"wp:featuredmedia":[{"embeddable":true,"href":"https:\/\/www.deinadieu.ch\/it\/wp-json\/wp\/v2\/media\/51934"}],"wp:attachment":[{"href":"https:\/\/www.deinadieu.ch\/it\/wp-json\/wp\/v2\/media?parent=52952"}],"wp:term":[{"taxonomy":"post_tag","embeddable":true,"href":"https:\/\/www.deinadieu.ch\/it\/wp-json\/wp\/v2\/tags?post=52952"},{"taxonomy":"ratgeber-category","embeddable":true,"href":"https:\/\/www.deinadieu.ch\/it\/wp-json\/wp\/v2\/ratgeber-category?post=52952"}],"curies":[{"name":"wp","href":"https:\/\/api.w.org\/{rel}","templated":true}]}}