{"id":52950,"date":"2021-08-24T08:00:00","date_gmt":"2021-08-24T06:00:00","guid":{"rendered":"https:\/\/www.deinadieu.ch\/?post_type=ratgeber&#038;p=52950"},"modified":"2024-03-25T15:27:21","modified_gmt":"2024-03-25T14:27:21","slug":"cose-la-demenza-e-come-la-affronto","status":"publish","type":"ratgeber","link":"https:\/\/www.deinadieu.ch\/it\/guida\/cose-la-demenza-e-come-la-affronto\/","title":{"rendered":"Cos&#8217;\u00e8 la demenza e come la affronto?"},"content":{"rendered":"\n<p>Una malattia da demenza non \u00e8 facile da affrontare per le persone colpite e i loro parenti. \u00c8 proprio per questo che \u00e8 importante riconoscerne i segnali in una fase iniziale. Ci\u00f2 consente di adottare misure preventive efficaci e di pianificare in anticipo.<\/p>\n\n<!--more-->\n\n<div class=\"wp-block-create-block-deinadieu-simple\">\n<div class=\"wp-block-group da-pull has-lightgrey-background-color has-background is-layout-flow wp-block-group-is-layout-flow\" style=\"border-top-color:var(--wp--preset--color--da-dark);border-top-width:4px;padding-right:3rem;padding-left:3rem\">\n<h2 class=\"wp-block-heading\">L&#8217;essenziale in breve<\/h2>\n\n\n\n<ul class=\"wp-block-list\">\n<li>La demenza \u00e8 un termine generico per varie malattie con cause diverse. I principali fattori di rischio sono la vecchiaia, la predisposizione genetica e uno stile di vita malsano.<\/li>\n\n\n\n<li>Le malattie da demenza colpiscono sempre pi\u00f9 persone in Svizzera \u2013 direttamente in quanto pazienti, ma anche come parenti. Questa tendenza continuer\u00e0 ad intensificarsi in futuro.<\/li>\n\n\n\n<li>Rilevamento tempestivo e provvedimenti sono di fondamentale importanza. Il passaggio a uno stile di vita pi\u00f9 sano pu\u00f2 rallentare significativamente la progressione della malattia.<\/li>\n\n\n\n<li>Il <a href=\"https:\/\/www.deinadieu.ch\/it\/mandato-precauzionale\/\">mandato precauzionale<\/a> e la <a href=\"https:\/\/www.deinadieu.ch\/it\/decreto-del-paziente\/\">direttiva del paziente<\/a> sono strumenti legali per prendere provvedimenti in caso di malattia da demenza.<\/li>\n<\/ul>\n<\/div>\n<\/div>\n\n<h2 class=\"wp-block-heading\" id=\"h-was-ist-demenz-und-wodurch-wird-sie-ausgelost\">Cos&#8217;\u00e8 la demenza e cosa la causa?<\/h2>\n\n<p><strong>Il termine generico \u00abdemenza\u00bb si riferisce a un <a href=\"https:\/\/www.deinadieu.ch\/it\/guida\/decorso-della-malattia-nella-demenza\/\">declino progressivo<\/a> o persistente della memoria, del pensiero o di altre funzioni cerebrali.<\/strong> In medicina sono conosciute pi\u00f9 di 50 manifestazioni diverse. Il morbo di <strong>Alzheimer<\/strong>, di cui sono responsabili i depositi di proteine, o la <strong>demenza vascolare<\/strong>, che \u00e8 innescata da disturbi circolatori nel cervello, sono particolarmente diffusi. In alcune forme di demenza vengono danneggiate le cellule nervose del cervello, il che provoca un calo delle prestazioni mentali.<\/p>\n\n<p>Le <strong>cause delle malattie da demenza<\/strong> possono essere diverse. Il fattore pi\u00f9 importante nello sviluppo delle malattie da demenza \u00e8 la vecchiaia, quindi la maggior parte dei casi della malattia si verifica dall&#8217;et\u00e0 di 70 anni (la cosiddetta demenza senile). Ma anche altri fattori, come la predisposizione genetica, le malattie preesistenti, l&#8217;assunzione di farmaci, il consumo di alcol e tabacco o la mancanza di esercizio fisico nella vita quotidiana possono influenzare il decorso.<\/p>\n\n<p><strong>Viene fatta una distinzione fondamentale tra demenze primarie e secondarie. <\/strong>Le forme primarie di demenza sono malattie indipendenti (come l&#8217;Alzheimer) che portano a un calo delle prestazioni mentali. La demenza secondaria, invece, \u00e8 la conseguenza di altre malattie, come disturbi metabolici o dipendenze.<\/p>\n\n<h2 class=\"wp-block-heading\" id=\"h-wie-verbreitet-sind-demenzerkrankungen-in-der-schweiz\">Quanto sono comuni le malattie da demenza in Svizzera?<\/h2>\n\n<p>Con l&#8217;aumento dell&#8217;et\u00e0 media della popolazione svizzera le malattie da demenza sono una diagnosi sempre pi\u00f9 comune. Secondo una <a href=\"https:\/\/www.alzheimer-schweiz.ch\/de\/publikationen-produkte\/produkt\/demenz-in-der-schweiz-zahlen-und-fakten\">statistica di Alzheimer Svizzera<\/a>, 144&#8217;300 persone sono state colpite da una malattia da demenza nel 2020 in questo paese. Quasi due terzi di loro sono donne e solo circa la met\u00e0 delle persone colpite \u00e8 stata diagnosticata da uno specialista. Secondo le previsioni, il numero di malattie da demenza raddoppier\u00e0 a ca. 300&#8217;000 persone entro il 2040.<\/p>\n\n<p>La demenza non colpisce solo i malati stessi, ma anche i loro parenti stretti, che sono spesso confrontati con compiti di cura e assistenza. <strong>Il fatto che la demenza stia diventando sempre pi\u00f9 una \u00abmalattia diffusa\u00bb pone grandi sfide al sistema sanitario e assistenziale svizzero<\/strong>. Allo stesso tempo, tuttavia, significa anche che gli svizzeri stanno sviluppando una comprensione sempre migliore di come trattare i pazienti affetti da demenza. Al fine di migliorare durevolmente l&#8217;accompagnamento, l&#8217;assistenza, la cura e il trattamento delle persone affette da demenza, l&#8217;Ufficio federale della sanit\u00e0 pubblica (UFSP) ha sviluppato una <a href=\"https:\/\/www.bag.admin.ch\/dam\/bag\/de\/dokumente\/nat-gesundheitsstrategien\/nationale-demenzstrategie\/nds_uebersicht.pdf.download.pdf\/Demenzstrategie_Uebersicht_DE_191021.pdf\">strategia nazionale sulla demenza<\/a> dal 2014 al 2019. Sulla base dei loro risultati, la confederazione e i cantoni stanno creando una <a href=\"https:\/\/www.gdk-cds.ch\/de\/gesundheitsversorgung\/weitere-versorgungsbereiche\/demenz\">piattaforma nazionale sulla demenza<\/a>.<\/p>\n\n<figure class=\"wp-block-image size-large\"><img loading=\"lazy\" decoding=\"async\" width=\"1024\" height=\"617\" src=\"https:\/\/www.deinadieu.ch\/wp-content\/uploads\/2021\/06\/Screenshot-2021-06-16-at-12.23.44-1024x617.png\" alt=\"\" class=\"wp-image-50835\" srcset=\"https:\/\/www.deinadieu.ch\/wp-content\/uploads\/2021\/06\/Screenshot-2021-06-16-at-12.23.44-1024x617.png 1024w, https:\/\/www.deinadieu.ch\/wp-content\/uploads\/2021\/06\/Screenshot-2021-06-16-at-12.23.44-300x181.png 300w, https:\/\/www.deinadieu.ch\/wp-content\/uploads\/2021\/06\/Screenshot-2021-06-16-at-12.23.44-1536x925.png 1536w, https:\/\/www.deinadieu.ch\/wp-content\/uploads\/2021\/06\/Screenshot-2021-06-16-at-12.23.44-2048x1234.png 2048w\" sizes=\"auto, (max-width: 1024px) 100vw, 1024px\" \/><figcaption class=\"wp-element-caption\">Immagine 1: Persone con demenza per et\u00e0, in data 2020. Raffigurazione di <a href=\"https:\/\/www.alzheimer-schweiz.ch\/de\/publikationen-produkte\/produkt\/demenz-in-der-schweiz-zahlen-und-fakten\" target=\"_blank\" rel=\"noreferrer noopener\">Alzheimer Svizzera<\/a><\/figcaption><\/figure>\n\n<h2 class=\"wp-block-heading\" id=\"h-wie-erkennt-man-demenz\">Come si riconosce la demenza?<\/h2>\n\n<p>I quadri della malattia sono diversi e dinamici tanto quanto le cause della demenza. Inoltre variano da persona a persona, quindi una diagnosi non \u00e8 sempre facile. Tipicamente, <strong>c&#8217;\u00e8 un leggero, appena percettibile declino delle capacit\u00e0 cognitive all&#8217;inizio, che aumenta nel tempo<\/strong>. Nella malattia di Alzheimer si nota una graduale diminuzione delle prestazioni della memoria a breve termine e della capacit\u00e0 di concentrazione. <strong>Nella demenza vascolare spesso si notano aggravamenti pi\u00f9 pronunciati<\/strong>. Successivamente, questi sintomi si diffondono anche alla memoria a lungo termine, per cui le persone colpite trovano sempre pi\u00f9 difficile distinguere tra passato e presente. Da un lato mancano i ricordi delle esperienze passate, dall&#8217;altro i malati di demenza a volte non riconoscono pi\u00f9 nemmeno i loro parenti stretti.<\/p>\n\n\n        <div class=\"relative shadow-lg -mx-12 mb-4 overflow-hidden\" style=\"background-image: url('https:\/\/www.deinadieu.ch\/wp-content\/themes\/da-v4\/assets\/v4\/banner\/testament.jpg'); background-size: cover; background-position: center\">\n            <div class=\"banner-white-box md:w-3\/5 text-black -ml-16 pl-16\" style=\"background-color: rgba(255,255,255,0.75)\">\n                <div class=\"inner\">\n                    <div class=\"text-2xl p-12\"><strong>Non avete ancora scritto un testamento?<\/strong> Generate ora un modello PDF gratuito per<\/div>\n                    <div class=\"px-12 md:mr-16\">\n                        <a href=\"https:\/\/app.deinadieu.ch\/testament\" target=\"_blank\" class=\"btn btn-da btn-small btn-block\">me<\/a>\n                        <a href=\"https:\/\/app.deinadieu.ch\/testament\" target=\"_blank\" class=\"mt-4 btn btn-da btn-small btn-block\">un'altra persona<\/a>\n                    <\/div>\n                    <div class=\"px-12 py-8\">\n                        <img decoding=\"async\" src=\"https:\/\/www.deinadieu.ch\/wp-content\/themes\/da-v4\/assets\/v4\/deinadieu_logo_dark.svg\" class=\"h-12\">\n                    <\/div>\n                <\/div>\n            <\/div>\n        <\/div>\n        \n\n<h2 class=\"wp-block-heading\" id=\"h-wieso-ist-die-fruhzeitige-erkennung-wichtig\">Perch\u00e9 \u00e8 importante la diagnosi precoce?<\/h2>\n\n<p>Date queste prospettive, \u00e8 difficile accettare la diagnosi di demenza. Tuttavia, ci sono molte buone ragioni per agire per tempo. Una ragione importante \u00e8 quella di alleggerire i parenti e di <a href=\"https:\/\/www.deinadieu.ch\/ratgeber\/vorsorgeauftrag-erstellen-zum-nulltarif\/\">provvedere<\/a> in caso di <a href=\"https:\/\/www.deinadieu.ch\/it\/guida\/incapacita-di-discernimento-come-si-possono-prendere-disposizioni\/\">incapacit\u00e0 di discernimento<\/a>, poich\u00e9 una malattia da demenza pu\u00f2 compromettere la capacit\u00e0 di discernimento delle persone colpite e quindi la loro capacit\u00e0 di fare disposizioni testamentarie. Il <a href=\"https:\/\/www.deinadieu.ch\/it\/mandato-precauzionale\/\">mandato precauzionale<\/a> e la <a href=\"https:\/\/www.deinadieu.ch\/it\/decreto-del-paziente\/\">direttiva del paziente<\/a> forniscono strumenti legali per regolare in anticipo la cura della persona, la cura degli interessi patrimoniali, la cura delle relazioni giuridiche e il consenso al trattamento medico in caso di incapacit\u00e0 di discernimento permanente.<\/p>\n\n<p><strong>La diagnosi precoce \u00e8 almeno altrettanto importante per prendere misure preventive<\/strong>: solo se si \u00e8 consapevoli del rischio di demenza si possono eliminare specificamente i fattori che favoriscono la progressione della malattia \u2013 idealmente sotto controllo medico. Questi includono pressione alta, obesit\u00e0 o alti livelli di colesterolo. I rimedi pi\u00f9 efficaci sono tanto semplici quanto conosciuti: la migliore prevenzione \u00e8 uno stile di vita attivo, l&#8217;esercizio all&#8217;aria aperta e un&#8217;alimentazione consapevole e sana con tanta frutta, verdura, pesce e prodotti integrali. Anche gli esercizi per il cervello \u2013 cruciverba, sudoku o giochi di carte e da tavolo \u2013 aiutano a mantenere il corpo e la mente in forma. Anche il mantenimento dei contatti sociali non dovrebbe essere trascurato: il contatto e lo scambio regolare con amici e parenti non solo creano qualit\u00e0 di vita, ma promuovono anche in modo dimostrabile la salute mentale.<\/p>\n\n<div style=\"height:50px\" aria-hidden=\"true\" class=\"wp-block-spacer\"><\/div>\n\n<div class=\"wp-block-buttons is-layout-flex wp-block-buttons-is-layout-flex\">\n<div class=\"wp-block-button\"><a class=\"wp-block-button__link wp-element-button\" href=\"https:\/\/app.deinadieu.ch\/testamentgenerator\">Provvedere e creare testamento qui<\/a><\/div>\n<\/div>\n\n<h2 class=\"wp-block-heading\" id=\"h-das-konnte-sie-auch-interessieren\">Potrebbe anche interessarvi<\/h2>\n\n<ul class=\"wp-block-list\">\n<li>II: <a href=\"https:\/\/www.deinadieu.ch\/it\/guida\/decorso-della-malattia-nella-demenza\/\">Com&#8217;\u00e8 il decorso della malattia nella demenza?<\/a><\/li>\n\n\n\n<li>III: <a href=\"https:\/\/www.deinadieu.ch\/it\/guida\/come-viene-valutata-la-capacita-di-disporre-in-caso-di-demenza\/\">Come viene valutata la capacit\u00e0 di disporre in caso di demenza?<\/a><\/li>\n\n\n\n<li>IV: <a href=\"https:\/\/www.deinadieu.ch\/ratgeber\/folgen-verfugungsunfahigkeit-bei-demenz\/\">Conseguenze dell&#8217;incapacit\u00e0 di disporre nel caso di demenza<\/a><\/li>\n\n\n\n<li>V: <a href=\"https:\/\/www.deinadieu.ch\/ratgeber\/wie-wird-ein-testament-bei-demenz-uberpruft\/\">Come viene esaminato un testamento in caso di demenza?<\/a><\/li>\n\n\n\n<li><a href=\"https:\/\/www.deinadieu.ch\/ihr-ehemann-ist-dement-es-war-wie-eine-faust-ins-gesicht\/\">Suo marito \u00e8 demente: \u00ab\u00c8 stato come un pugno in faccia\u00bb<\/a><\/li>\n\n\n\n<li><a href=\"https:\/\/www.deinadieu.ch\/demenz-alle-beduerfnisse-muessen-sofort-befriedigt-werden\/\">Demenza: \u00abTutte le esigenze vanno soddisfatte subito\u00bb<\/a><\/li>\n\n\n\n<li><a href=\"https:\/\/www.deinadieu.ch\/demenz-wenn-der-ehemann-zum-kind-wird\/\">Demenza: Quando il marito diventa bambino<\/a><\/li>\n\n\n\n<li><a href=\"https:\/\/www.deinadieu.ch\/it\/guida\/incapacita-di-discernimento-come-si-possono-prendere-disposizioni\/\">Incapacit\u00e0 di discernimento \u2013 come prendere provvedimenti?<\/a><\/li>\n\n\n\n<li><a href=\"https:\/\/www.deinadieu.ch\/ratgeber\/unterschied-vorsorgeauftrag-und-patientenverfuegung-brauche-ich-beides\/\">Mandato precauzionale e direttiva del paziente \u2013 mi servono entrambi?<\/a><\/li>\n<\/ul>\n\n<h2 class=\"wp-block-heading\" id=\"h-externe-links\">Link esterni<\/h2>\n\n<ul class=\"wp-block-list\">\n<li><a href=\"https:\/\/www.alzheimer-schweiz.ch\/de\/publikationen-produkte\/produkt\/demenz-in-der-schweiz-zahlen-und-fakten\">Alzheimer Svizzera: Demenza in Svizzera: cifre e fatti<\/a><\/li>\n\n\n\n<li><a href=\"https:\/\/www.bag.admin.ch\/bag\/de\/home\/zahlen-und-statistiken\/zahlen-fakten-demenz.html\">Ufficio federale della sanit\u00e0 pubblica UFSP: cifre e fatti sulla demenza<\/a><\/li>\n\n\n\n<li><a href=\"https:\/\/www.bag.admin.ch\/dam\/bag\/de\/dokumente\/nat-gesundheitsstrategien\/nationale-demenzstrategie\/nds_uebersicht.pdf.download.pdf\/Demenzstrategie_Uebersicht_DE_191021.pdf\">Ufficio federale della sanit\u00e0 pubblica UFSP: Panoramica dei risultati della Strategia nazionale sulla demenza 2014-2019<\/a><\/li>\n\n\n\n<li><a href=\"https:\/\/www.gdk-cds.ch\/de\/gesundheitsversorgung\/weitere-versorgungsbereiche\/demenz\">Conferenza dei direttori cantonali della sanit\u00e0: Demenza<\/a><\/li>\n<\/ul>\n\n<p><\/p>\n","protected":false},"excerpt":{"rendered":"<p>Una malattia da demenza non \u00e8 facile da affrontare per le persone colpite e i loro parenti. \u00c8 proprio per questo che \u00e8 importante riconoscerne i segnali in una fase iniziale. Ci\u00f2 consente di adottare misure preventive efficaci e di pianificare in anticipo.<\/p>\n","protected":false},"author":2398,"featured_media":51928,"menu_order":0,"comment_status":"open","ping_status":"closed","template":"","tags":[2871,2869,2867,2795,2796],"ratgeber-category":[2870],"class_list":["post-52950","ratgeber","type-ratgeber","status-publish","has-post-thumbnail","hentry","tag-alzheimer-it","tag-capacita-di-discernimento","tag-demenza","tag-direttiva-del-paziente","tag-mandato-precauzionale","ratgeber-category-malattia"],"acf":[],"yoast_head":"<title>Cos&#039;\u00e8 la demenza? Ecco come potete fare disposizioni (legali) | DeinAdieu<\/title>\n<meta name=\"description\" content=\"Demenza \u00e8 il termine generico per indicare diverse malattie che influiscono sulla funzionalit\u00e0 del cervello. Qui potete scoprire di pi\u00f9 sulle cause e su come prevenire la malattia.\" \/>\n<meta name=\"robots\" content=\"index, follow, max-snippet:-1, max-image-preview:large, max-video-preview:-1\" \/>\n<link rel=\"canonical\" href=\"https:\/\/www.deinadieu.ch\/it\/guida\/cose-la-demenza-e-come-la-affronto\/\" \/>\n<meta property=\"og:locale\" content=\"it_IT\" \/>\n<meta property=\"og:type\" content=\"article\" \/>\n<meta property=\"og:title\" content=\"Cos&#039;\u00e8 la demenza e come la affronto?\" \/>\n<meta property=\"og:description\" content=\"Una malattia da demenza non \u00e8 facile da affrontare per le persone colpite e i loro parenti. \u00c8 proprio per questo che \u00e8 importante riconoscerne i segnali\" \/>\n<meta property=\"og:url\" content=\"https:\/\/www.deinadieu.ch\/it\/guida\/cose-la-demenza-e-come-la-affronto\/\" \/>\n<meta property=\"og:site_name\" content=\"DeinAdieu.ch\" \/>\n<meta property=\"article:publisher\" content=\"https:\/\/www.facebook.com\/deinadieu\" \/>\n<meta property=\"article:modified_time\" content=\"2024-03-25T14:27:21+00:00\" \/>\n<meta property=\"og:image\" content=\"https:\/\/static.deinadieu.ch\/uploads\/2021\/07\/iStock-1201091115.jpg\" \/>\n\t<meta property=\"og:image:width\" content=\"1254\" \/>\n\t<meta property=\"og:image:height\" content=\"836\" \/>\n\t<meta property=\"og:image:type\" content=\"image\/jpeg\" \/>\n<meta name=\"twitter:card\" content=\"summary_large_image\" \/>\n<meta name=\"twitter:site\" content=\"@DeinAdieu\" \/>\n<meta name=\"twitter:label1\" content=\"Est. reading time\" \/>\n\t<meta name=\"twitter:data1\" content=\"5 minutes\" \/>\n<script type=\"application\/ld+json\" class=\"yoast-schema-graph\">{\"@context\":\"https:\\\/\\\/schema.org\",\"@graph\":[{\"@type\":\"WebPage\",\"@id\":\"https:\\\/\\\/www.deinadieu.ch\\\/it\\\/guida\\\/cose-la-demenza-e-come-la-affronto\\\/\",\"url\":\"https:\\\/\\\/www.deinadieu.ch\\\/it\\\/guida\\\/cose-la-demenza-e-come-la-affronto\\\/\",\"name\":\"Cos'\u00e8 la demenza? Ecco come potete fare disposizioni (legali) | DeinAdieu\",\"isPartOf\":{\"@id\":\"https:\\\/\\\/www.deinadieu.ch\\\/it\\\/#website\"},\"primaryImageOfPage\":{\"@id\":\"https:\\\/\\\/www.deinadieu.ch\\\/it\\\/guida\\\/cose-la-demenza-e-come-la-affronto\\\/#primaryimage\"},\"image\":{\"@id\":\"https:\\\/\\\/www.deinadieu.ch\\\/it\\\/guida\\\/cose-la-demenza-e-come-la-affronto\\\/#primaryimage\"},\"thumbnailUrl\":\"https:\\\/\\\/www.deinadieu.ch\\\/wp-content\\\/uploads\\\/2021\\\/07\\\/iStock-1201091115.jpg\",\"datePublished\":\"2021-08-24T06:00:00+00:00\",\"dateModified\":\"2024-03-25T14:27:21+00:00\",\"description\":\"Demenza \u00e8 il termine generico per indicare diverse malattie che influiscono sulla funzionalit\u00e0 del cervello. Qui potete scoprire di pi\u00f9 sulle cause e su come prevenire la malattia.\",\"breadcrumb\":{\"@id\":\"https:\\\/\\\/www.deinadieu.ch\\\/it\\\/guida\\\/cose-la-demenza-e-come-la-affronto\\\/#breadcrumb\"},\"inLanguage\":\"it-IT\",\"potentialAction\":[{\"@type\":\"ReadAction\",\"target\":[\"https:\\\/\\\/www.deinadieu.ch\\\/it\\\/guida\\\/cose-la-demenza-e-come-la-affronto\\\/\"]}]},{\"@type\":\"ImageObject\",\"inLanguage\":\"it-IT\",\"@id\":\"https:\\\/\\\/www.deinadieu.ch\\\/it\\\/guida\\\/cose-la-demenza-e-come-la-affronto\\\/#primaryimage\",\"url\":\"https:\\\/\\\/www.deinadieu.ch\\\/wp-content\\\/uploads\\\/2021\\\/07\\\/iStock-1201091115.jpg\",\"contentUrl\":\"https:\\\/\\\/www.deinadieu.ch\\\/wp-content\\\/uploads\\\/2021\\\/07\\\/iStock-1201091115.jpg\",\"width\":1254,\"height\":836,\"caption\":\"Che cos'\u00e8 la demenza e come posso prendere provvedimenti? Scoprite di pi\u00f9 in questo articolo. (immagine: istock\\\/LPETTET)\"},{\"@type\":\"BreadcrumbList\",\"@id\":\"https:\\\/\\\/www.deinadieu.ch\\\/it\\\/guida\\\/cose-la-demenza-e-come-la-affronto\\\/#breadcrumb\",\"itemListElement\":[{\"@type\":\"ListItem\",\"position\":1,\"name\":\"Home\",\"item\":\"https:\\\/\\\/www.deinadieu.ch\\\/it\\\/deinadieu-dialog-und-serviceportal-zum-lebensende\\\/\"},{\"@type\":\"ListItem\",\"position\":2,\"name\":\"Ratgeber\",\"item\":\"https:\\\/\\\/www.deinadieu.ch\\\/it\\\/guida\\\/\"},{\"@type\":\"ListItem\",\"position\":3,\"name\":\"Cos&#8217;\u00e8 la demenza e come la affronto?\"}]},{\"@type\":\"WebSite\",\"@id\":\"https:\\\/\\\/www.deinadieu.ch\\\/it\\\/#website\",\"url\":\"https:\\\/\\\/www.deinadieu.ch\\\/it\\\/\",\"name\":\"DeinAdieu.ch\",\"description\":\"Testament, Patientenverf\u00fcgung und Vorsorgeauftrag\",\"publisher\":{\"@id\":\"https:\\\/\\\/www.deinadieu.ch\\\/it\\\/#organization\"},\"potentialAction\":[{\"@type\":\"SearchAction\",\"target\":{\"@type\":\"EntryPoint\",\"urlTemplate\":\"https:\\\/\\\/www.deinadieu.ch\\\/it\\\/?s={search_term_string}\"},\"query-input\":{\"@type\":\"PropertyValueSpecification\",\"valueRequired\":true,\"valueName\":\"search_term_string\"}}],\"inLanguage\":\"it-IT\"},{\"@type\":\"Organization\",\"@id\":\"https:\\\/\\\/www.deinadieu.ch\\\/it\\\/#organization\",\"name\":\"EMNA Web GmbH\",\"url\":\"https:\\\/\\\/www.deinadieu.ch\\\/it\\\/\",\"logo\":{\"@type\":\"ImageObject\",\"inLanguage\":\"it-IT\",\"@id\":\"https:\\\/\\\/www.deinadieu.ch\\\/it\\\/#\\\/schema\\\/logo\\\/image\\\/\",\"url\":\"https:\\\/\\\/www.deinadieu.ch\\\/wp-content\\\/uploads\\\/2016\\\/01\\\/DeinAdieu_Logo.png\",\"contentUrl\":\"https:\\\/\\\/www.deinadieu.ch\\\/wp-content\\\/uploads\\\/2016\\\/01\\\/DeinAdieu_Logo.png\",\"width\":300,\"height\":117,\"caption\":\"EMNA Web GmbH\"},\"image\":{\"@id\":\"https:\\\/\\\/www.deinadieu.ch\\\/it\\\/#\\\/schema\\\/logo\\\/image\\\/\"},\"sameAs\":[\"https:\\\/\\\/www.facebook.com\\\/deinadieu\",\"https:\\\/\\\/x.com\\\/DeinAdieu\",\"https:\\\/\\\/www.instagram.com\\\/deinadieu\\\/\",\"https:\\\/\\\/www.linkedin.com\\\/company\\\/deinadieu.ch\"]}]}<\/script>","yoast_head_json":{"title":"Cos'\u00e8 la demenza? Ecco come potete fare disposizioni (legali) | DeinAdieu","description":"Demenza \u00e8 il termine generico per indicare diverse malattie che influiscono sulla funzionalit\u00e0 del cervello. Qui potete scoprire di pi\u00f9 sulle cause e su come prevenire la malattia.","robots":{"index":"index","follow":"follow","max-snippet":"max-snippet:-1","max-image-preview":"max-image-preview:large","max-video-preview":"max-video-preview:-1"},"canonical":"https:\/\/www.deinadieu.ch\/it\/guida\/cose-la-demenza-e-come-la-affronto\/","og_locale":"it_IT","og_type":"article","og_title":"Cos'\u00e8 la demenza e come la affronto?","og_description":"Una malattia da demenza non \u00e8 facile da affrontare per le persone colpite e i loro parenti. \u00c8 proprio per questo che \u00e8 importante riconoscerne i segnali","og_url":"https:\/\/www.deinadieu.ch\/it\/guida\/cose-la-demenza-e-come-la-affronto\/","og_site_name":"DeinAdieu.ch","article_publisher":"https:\/\/www.facebook.com\/deinadieu","article_modified_time":"2024-03-25T14:27:21+00:00","og_image":[{"width":1254,"height":836,"url":"https:\/\/static.deinadieu.ch\/uploads\/2021\/07\/iStock-1201091115.jpg","type":"image\/jpeg"}],"twitter_card":"summary_large_image","twitter_site":"@DeinAdieu","twitter_misc":{"Est. reading time":"5 minutes"},"schema":{"@context":"https:\/\/schema.org","@graph":[{"@type":"WebPage","@id":"https:\/\/www.deinadieu.ch\/it\/guida\/cose-la-demenza-e-come-la-affronto\/","url":"https:\/\/www.deinadieu.ch\/it\/guida\/cose-la-demenza-e-come-la-affronto\/","name":"Cos'\u00e8 la demenza? Ecco come potete fare disposizioni (legali) | DeinAdieu","isPartOf":{"@id":"https:\/\/www.deinadieu.ch\/it\/#website"},"primaryImageOfPage":{"@id":"https:\/\/www.deinadieu.ch\/it\/guida\/cose-la-demenza-e-come-la-affronto\/#primaryimage"},"image":{"@id":"https:\/\/www.deinadieu.ch\/it\/guida\/cose-la-demenza-e-come-la-affronto\/#primaryimage"},"thumbnailUrl":"https:\/\/www.deinadieu.ch\/wp-content\/uploads\/2021\/07\/iStock-1201091115.jpg","datePublished":"2021-08-24T06:00:00+00:00","dateModified":"2024-03-25T14:27:21+00:00","description":"Demenza \u00e8 il termine generico per indicare diverse malattie che influiscono sulla funzionalit\u00e0 del cervello. Qui potete scoprire di pi\u00f9 sulle cause e su come prevenire la malattia.","breadcrumb":{"@id":"https:\/\/www.deinadieu.ch\/it\/guida\/cose-la-demenza-e-come-la-affronto\/#breadcrumb"},"inLanguage":"it-IT","potentialAction":[{"@type":"ReadAction","target":["https:\/\/www.deinadieu.ch\/it\/guida\/cose-la-demenza-e-come-la-affronto\/"]}]},{"@type":"ImageObject","inLanguage":"it-IT","@id":"https:\/\/www.deinadieu.ch\/it\/guida\/cose-la-demenza-e-come-la-affronto\/#primaryimage","url":"https:\/\/www.deinadieu.ch\/wp-content\/uploads\/2021\/07\/iStock-1201091115.jpg","contentUrl":"https:\/\/www.deinadieu.ch\/wp-content\/uploads\/2021\/07\/iStock-1201091115.jpg","width":1254,"height":836,"caption":"Che cos'\u00e8 la demenza e come posso prendere provvedimenti? Scoprite di pi\u00f9 in questo articolo. (immagine: istock\/LPETTET)"},{"@type":"BreadcrumbList","@id":"https:\/\/www.deinadieu.ch\/it\/guida\/cose-la-demenza-e-come-la-affronto\/#breadcrumb","itemListElement":[{"@type":"ListItem","position":1,"name":"Home","item":"https:\/\/www.deinadieu.ch\/it\/deinadieu-dialog-und-serviceportal-zum-lebensende\/"},{"@type":"ListItem","position":2,"name":"Ratgeber","item":"https:\/\/www.deinadieu.ch\/it\/guida\/"},{"@type":"ListItem","position":3,"name":"Cos&#8217;\u00e8 la demenza e come la affronto?"}]},{"@type":"WebSite","@id":"https:\/\/www.deinadieu.ch\/it\/#website","url":"https:\/\/www.deinadieu.ch\/it\/","name":"DeinAdieu.ch","description":"Testament, Patientenverf\u00fcgung und Vorsorgeauftrag","publisher":{"@id":"https:\/\/www.deinadieu.ch\/it\/#organization"},"potentialAction":[{"@type":"SearchAction","target":{"@type":"EntryPoint","urlTemplate":"https:\/\/www.deinadieu.ch\/it\/?s={search_term_string}"},"query-input":{"@type":"PropertyValueSpecification","valueRequired":true,"valueName":"search_term_string"}}],"inLanguage":"it-IT"},{"@type":"Organization","@id":"https:\/\/www.deinadieu.ch\/it\/#organization","name":"EMNA Web GmbH","url":"https:\/\/www.deinadieu.ch\/it\/","logo":{"@type":"ImageObject","inLanguage":"it-IT","@id":"https:\/\/www.deinadieu.ch\/it\/#\/schema\/logo\/image\/","url":"https:\/\/www.deinadieu.ch\/wp-content\/uploads\/2016\/01\/DeinAdieu_Logo.png","contentUrl":"https:\/\/www.deinadieu.ch\/wp-content\/uploads\/2016\/01\/DeinAdieu_Logo.png","width":300,"height":117,"caption":"EMNA Web GmbH"},"image":{"@id":"https:\/\/www.deinadieu.ch\/it\/#\/schema\/logo\/image\/"},"sameAs":["https:\/\/www.facebook.com\/deinadieu","https:\/\/x.com\/DeinAdieu","https:\/\/www.instagram.com\/deinadieu\/","https:\/\/www.linkedin.com\/company\/deinadieu.ch"]}]}},"_links":{"self":[{"href":"https:\/\/www.deinadieu.ch\/it\/wp-json\/wp\/v2\/ratgeber\/52950","targetHints":{"allow":["GET"]}}],"collection":[{"href":"https:\/\/www.deinadieu.ch\/it\/wp-json\/wp\/v2\/ratgeber"}],"about":[{"href":"https:\/\/www.deinadieu.ch\/it\/wp-json\/wp\/v2\/types\/ratgeber"}],"author":[{"embeddable":true,"href":"https:\/\/www.deinadieu.ch\/it\/wp-json\/wp\/v2\/users\/2398"}],"replies":[{"embeddable":true,"href":"https:\/\/www.deinadieu.ch\/it\/wp-json\/wp\/v2\/comments?post=52950"}],"version-history":[{"count":25,"href":"https:\/\/www.deinadieu.ch\/it\/wp-json\/wp\/v2\/ratgeber\/52950\/revisions"}],"predecessor-version":[{"id":67310,"href":"https:\/\/www.deinadieu.ch\/it\/wp-json\/wp\/v2\/ratgeber\/52950\/revisions\/67310"}],"wp:featuredmedia":[{"embeddable":true,"href":"https:\/\/www.deinadieu.ch\/it\/wp-json\/wp\/v2\/media\/51928"}],"wp:attachment":[{"href":"https:\/\/www.deinadieu.ch\/it\/wp-json\/wp\/v2\/media?parent=52950"}],"wp:term":[{"taxonomy":"post_tag","embeddable":true,"href":"https:\/\/www.deinadieu.ch\/it\/wp-json\/wp\/v2\/tags?post=52950"},{"taxonomy":"ratgeber-category","embeddable":true,"href":"https:\/\/www.deinadieu.ch\/it\/wp-json\/wp\/v2\/ratgeber-category?post=52950"}],"curies":[{"name":"wp","href":"https:\/\/api.w.org\/{rel}","templated":true}]}}