{"id":52948,"date":"2021-09-07T08:00:00","date_gmt":"2021-09-07T06:00:00","guid":{"rendered":"https:\/\/www.deinadieu.ch\/?post_type=ratgeber&#038;p=52948"},"modified":"2022-09-11T11:37:48","modified_gmt":"2022-09-11T09:37:48","slug":"come-viene-valutata-la-capacita-di-disporre-in-caso-di-demenza","status":"publish","type":"ratgeber","link":"https:\/\/www.deinadieu.ch\/it\/guida\/come-viene-valutata-la-capacita-di-disporre-in-caso-di-demenza\/","title":{"rendered":"Come viene valutata la capacit\u00e0 di disporre in caso di demenza?"},"content":{"rendered":"\n<p>Una malattia da demenza colpisce lo stato mentale delle persone colpite. Nelle fasi avanzate, la capacit\u00e0 di discernimento potrebbe non esserci pi\u00f9. Ci\u00f2 influisce sulle possibilit\u00e0 di agire durante la vita e sulla successione.<\/p>\n\n<!--more-->\n\n<div class=\"wp-block-create-block-deinadieu-simple\"><div class=\"inner\"><p class=\"title\">L&#8217;essenziale in breve<\/p><div class=\"content\"><ul><li>Per la valida realizzazione di una disposizione a causa di morte (<a href=\"https:\/\/app.deinadieu.ch\/testament\">testamento<\/a>\/contratto successorio) devono essere soddisfatti requisiti formali, di contenuto e personali, inclusa la capacit\u00e0 di disporre del defunto o della defunta. Nel caso delle malattie da demenza \u00e8 spesso problematica la capacit\u00e0 di discernimento.<\/li><li><strong>La demenza non \u00e8 sinonimo di incapacit\u00e0 di disporre<\/strong>. La diagnosi di una malattia da demenza \u00e8 fatta da un medico professionista. Il tribunale decide invece sulla capacit\u00e0 di discernimento e di disporre.<\/li><li>La <strong>capacit\u00e0 di disporre viene valutata in base alle singole circostanze<\/strong>. \u00c8 pi\u00f9 probabile che venga affermata in questioni semplici che in casi complessi e confusi.<\/li><\/ul><\/div><\/div><\/div>\n\n<h2 class=\"wp-block-heading\" id=\"h-voraussetzungen-fur-die-errichtung-einer-verfugung-von-todes-wegen\">Requisiti per l&#8217;istituzione di una disposizione a causa di morte<\/h2>\n\n<p>La <a href=\"https:\/\/www.deinadieu.ch\/it\/guida\/la-successione-legale-in-svizzera\/\">successione legale<\/a> del <a href=\"https:\/\/www.fedlex.admin.ch\/eli\/cc\/24\/233_245_233\/de\">codice civile svizzero (CC)<\/a> non \u00e8 adatta a tutti. Molte svizzere e molti svizzeri vogliono <a href=\"https:\/\/www.deinadieu.ch\/ratgeber\/damit-der-letzte-wille-geschehe\/\">modificarla<\/a>. Possono farlo con una disposizione a causa morte \u2013 questa comprende la disposizione testamentaria (il <a href=\"https:\/\/www.deinadieu.ch\/it\/testamento\/\">testamento<\/a>) e il <a href=\"https:\/\/www.deinadieu.ch\/it\/tag\/contratto-successorio\/\">contratto successorio<\/a>. Per entrambi ci sono diversi requisiti formali (<a href=\"https:\/\/www.deinadieu.ch\/ratgeber\/das-handschriftliche-testament\/\">scrittura a mano<\/a> o <a href=\"https:\/\/www.deinadieu.ch\/it\/guida\/il-testamento-pubblico\/\">autenticazione pubblica<\/a>), ma anche requisiti relativi al contenuto (come il rispetto del <a href=\"https:\/\/www.deinadieu.ch\/ratgeber\/mehr-spielraum-fuer-erblasser\/\">diritto alla porzione legittima<\/a>).<\/p>\n\n<p>Inoltre, ci sono requisiti personali relativi alla testatrice o al testatore. Per poter acquisire in maniera valida diritti e assumere obblighi durante la propria vita, si deve essere in grado di agire. Ci\u00f2 significa che bisogna aver compiuto 18 anni ed essere capaci di discernimento. La corrispondenza nel diritto successorio \u00e8 la cosiddetta <strong>capacit\u00e0 di disporre: questo \u00e8 il presupposto per redigere un testamento o un contratto successorio valido.<\/strong> Con questa \u00e8 intesa la capacit\u00e0 di una testatrice o di un testatore di fare una disposizione a causa di morte e di dare in essa istruzioni sulla propria successione. Nel caso del testamento si parla della capacit\u00e0 di testare, nel caso del contratto successorio della capacit\u00e0 di redigere un contratto successorio \u2013 i requisiti di base sono per\u00f2 molto simili.<\/p>\n\n<h2 class=\"wp-block-heading\" id=\"h-was-bedeutet-urteilsfahigkeit-und-wie-wird-demenz-festgestellt\">Cosa significa capacit\u00e0 di discernimento e come viene diagnosticata la demenza?<\/h2>\n\n<p><strong>Il criterio pi\u00f9 importante che determina la validit\u00e0 o l&#8217;invalidit\u00e0 di una disposizione testamentaria \u00e8 la <a href=\"https:\/\/www.deinadieu.ch\/it\/guida\/incapacita-di-discernimento-come-si-possono-prendere-disposizioni\/\">capacit\u00e0 di discernimento<\/a><\/strong>. Consiste in un elemento intellettivo e in uno volitivo. L&#8217;elemento intellettivo \u00e8 la capacit\u00e0 di una persona di valutare il senso e le conseguenze delle sue azioni. L&#8217;elemento volitivo \u00e8 la capacit\u00e0 di agire conformemente alla razionale valutazione delle circostanze secondo la propria volont\u00e0 e senza influenze esterne.<\/p>\n\n<p>La capacit\u00e0 di discernimento \u00e8 disciplinata dall&#8217;art. 16 CC come segue:<\/p>\n\n<figure class=\"wp-block-pullquote\"><blockquote><p>\u00c8 capace di discernimento, nel senso di questa legge, qualunque persona che non sia priva della capacit\u00e0 di agire ragionevolmente per effetto della sua et\u00e0 infantile o di <em>disabilit\u00e0 mentale<\/em>, turba psichica, ebbrezza o stato consimile.<\/p><cite>Art. 16 CC capacit\u00e0 di discernimento<\/cite><\/blockquote><\/figure>\n\n<p><strong>In linea di principio, quindi, la capacit\u00e0 di discernimento di una persona \u00e8 presunta a meno che certe condizioni, comprese le disabilit\u00e0 mentali, non suggeriscano il contrario.<\/strong> La <a href=\"https:\/\/www.deinadieu.ch\/demenz-wenn-der-ehemann-zum-kind-wird\/\">demenza<\/a> come disabilit\u00e0 mentale \u00e8 un termine medico. Tale <strong>diagnosi deve essere fatta da professionisti medici<\/strong>. Questi utilizzano metodi standardizzati per verificare le capacit\u00e0 cognitive. Diverse applicazioni sono ancora in una fase iniziale. Tuttavia, i progressi dell&#8217;<a href=\"https:\/\/www.medica.de\/de\/News\/Archiv\/KI_Software_zur_Fr%C3%BCherkennung_neurodegenerativer_Erkrankungen\">intelligenza artificiale<\/a> supporteranno e miglioreranno notevolmente la diagnostica in futuro.<\/p>\n\n<p><strong>Un buon metodo per esaminare malattie da demenza \u00e8 quello che \u00e8 noto come \u00abMini-Mental Status\u00bb.<\/strong> Questo test comprende vari compiti per il cui corretto completamento si possono ottenere punti. I compiti coprono una vasta gamma di processi di pensiero, ad es. orientamento temporale e spaziale, calcolo mentale, riproduzione di parole o frasi, ecc. Pi\u00f9 basso \u00e8 il punteggio totale, pi\u00f9 evidente \u00e8 la diagnosi di una <a href=\"https:\/\/www.deinadieu.ch\/it\/guida\/cose-la-demenza-e-come-la-affronto\/\">malattia da demenza<\/a>.<\/p>\n\n<p>La valutazione della capacit\u00e0 di discernimento di una persona e le sue conseguenze sulla sua capacit\u00e0 di agire e disporre non \u00e8 una questione medica, ma giuridica. <strong>\u00c8 quindi il tribunale che deve decidere sulla capacit\u00e0 di discernimento<\/strong>. Per farlo si basa su risultati medici che sono scritti in perizie mediche. I medici vi dichiarano dei fatti, ma non fanno alcuna valutazione giuridica. Tale competenza \u00e8 sempre riservata al tribunale.<\/p>\n\n\n        <div class=\"relative shadow-lg -mx-12 mb-4 overflow-hidden\" style=\"background-image: url('https:\/\/www.deinadieu.ch\/wp-content\/themes\/da-v4\/assets\/v4\/banner\/testament.jpg'); background-size: cover; background-position: center\">\n            <div class=\"banner-white-box md:w-3\/5 text-black -ml-16 pl-16\" style=\"background-color: rgba(255,255,255,0.75)\">\n                <div class=\"inner\">\n                    <div class=\"text-2xl p-12\"><strong>Non avete ancora scritto un testamento?<\/strong> Generate ora un modello PDF gratuito per<\/div>\n                    <div class=\"px-12 md:mr-16\">\n                        <a href=\"https:\/\/app.deinadieu.ch\/testament\" target=\"_blank\" class=\"btn btn-da btn-small btn-block\">me<\/a>\n                        <a href=\"https:\/\/app.deinadieu.ch\/testament\" target=\"_blank\" class=\"mt-4 btn btn-da btn-small btn-block\">un'altra persona<\/a>\n                    <\/div>\n                    <div class=\"px-12 py-8\">\n                        <img decoding=\"async\" src=\"https:\/\/www.deinadieu.ch\/wp-content\/themes\/da-v4\/assets\/v4\/deinadieu_logo_dark.svg\" class=\"h-12\">\n                    <\/div>\n                <\/div>\n            <\/div>\n        <\/div>\n        \n\n<h2 class=\"wp-block-heading\" id=\"h-wie-beurteilt-sich-die-verfugungsfahigkeit-bei-demenz-im-einzelfall\">Come viene valutata la capacit\u00e0 di disporre in caso di demenza nei singoli casi?<\/h2>\n\n<p>Non esiste uno standard generale e oggettivo per determinare se qualcuno \u00e8 capace di discernimento e quindi anche capace di agire o disporre. <strong>Solo perch\u00e9 un rapporto medico afferma che una persona soffre di una malattia da demenza non significa che la persona interessata non sia capace di discernimento.<\/strong> Il tribunale considera piuttosto tutte le circostanze del caso specifico individuale per rispondere alla domanda sulla capacit\u00e0 di discernimento. In altre parole, la capacit\u00e0 di discernimento \u00e8 <a href=\"https:\/\/www.deinadieu.ch\/ratgeber\/wie-wird-ein-testament-bei-demenz-uberpruft\/\">relativa<\/a> in termini fattuali e temporali \u2013 dipende da quanto complessa sia una questione di vita e quanto lucida fosse una persona al momento di formare ed esprimere la sua volont\u00e0.<br\/>Se quindi in relazione a una disposizione a causa di morte si pone la questione se l&#8217;autrice o l&#8217;autore avesse la capacit\u00e0 di disporre al momento in cui \u00e8 stata fatta, il tribunale guarder\u00e0 prima il suo contenuto. Se \u00e8 piuttosto semplice, si deve applicare uno standard pi\u00f9 basso alla capacit\u00e0 di disporre che nel caso di relazioni patrimoniali e familiari complesse.<\/p>\n\n<h3 class=\"wp-block-heading\" id=\"h-zwei-beispiele-zur-veranschaulichung\">Due esempi per illustrare<\/h3>\n\n<blockquote class=\"wp-block-quote is-layout-flow wp-block-quote-is-layout-flow\"><p>(1) \u00abA mia figlia Tanja e mio figlio Stefan lascio solo la porzione legittima. Il patrimonio a libera disposizione va a mia moglie Elfriede.\u00bb<\/p><p>(2) \u00abCome miei eredi, per un terzo e due terzi, nomino i miei amici Anton e Bert. A mio nipote Norbert lascio in eredit\u00e0 la mia collezione d&#8217;arte. Ai tre figli di mia cugina Clara lascio in eredit\u00e0 CHF 100&#8217;000.00 ciascuno. Inoltre, alla mia morte, creo una fondazione con lo scopo di sostenere i rifugiati e le persone bisognose.\u00bb<\/p><\/blockquote>\n\n<p>La disposizione sopra (1) \u00e8 espressa in modo relativamente semplice e chiaro. Pertanto, \u00e8 pi\u00f9 probabile che anche in caso di demenza la capacit\u00e0 di disporre venga affermata in una fase successiva. Per la disposizione sotto (2), invece, sono necessarie molte considerazioni complesse che mettono alla prova anche persone sane non esperte e possono persino richiedere la <a href=\"https:\/\/www.deinadieu.ch\/eine-fachperson-sorgt-dafuer-dass-ihr-letzter-wille-geschehe\/\">consulenza di un esperto<\/a>. Pertanto, a tale disposizione deve essere applicato uno standard pi\u00f9 rigoroso per quanto riguarda la capacit\u00e0 di disporre. Per evitare l&#8217;insorgere di problemi nella trasmissione dell&#8217;eredit\u00e0 dovuti alla mancanza o all&#8217;incapacit\u00e0 di disporre, \u00e8 importante iniziare a pensare per tempo alla pianificazione successoria quando viene diagnosticata una <a href=\"https:\/\/www.deinadieu.ch\/demenz-alle-beduerfnisse-muessen-sofort-befriedigt-werden\/\">malattia da demenza<\/a>. Cosa succede se la capacit\u00e0 di disporre viene messa in dubbio lo spieghiamo in un <a href=\"https:\/\/www.deinadieu.ch\/ratgeber\/folgen-verfugungsunfahigkeit-bei-demenz\/\">altro articolo guida<\/a>.<\/p>\n\n<div style=\"height:40px\" aria-hidden=\"true\" class=\"wp-block-spacer\"><\/div>\n\n<div class=\"wp-block-buttons is-layout-flex wp-block-buttons-is-layout-flex\">\n<div class=\"wp-block-button\"><a class=\"wp-block-button__link\" href=\"https:\/\/app.deinadieu.ch\/testamentgenerator\">Provvedere e creare testamento<\/a><\/div>\n<\/div>\n\n<h2 class=\"wp-block-heading\" id=\"h-das-konnte-sie-auch-interessieren\">Potrebbe anche interessarvi<\/h2>\n\n<ul class=\"wp-block-list\"><li>I: <a href=\"https:\/\/www.deinadieu.ch\/it\/guida\/cose-la-demenza-e-come-la-affronto\/\">Cos&#8217;\u00e8 la demenza e come la affronto?<\/a><\/li><li>II: <a href=\"https:\/\/www.deinadieu.ch\/it\/guida\/decorso-della-malattia-nella-demenza\/\">Com&#8217;\u00e8 il decorso della malattia nella demenza?<\/a><\/li><li>IV: <a href=\"https:\/\/www.deinadieu.ch\/ratgeber\/folgen-verfugungsunfahigkeit-bei-demenz\/\">Conseguenze dell&#8217;incapacit\u00e0 di disporre nel caso di demenza<\/a><\/li><li>V: <a href=\"https:\/\/www.deinadieu.ch\/ratgeber\/wie-wird-ein-testament-bei-demenz-uberpruft\/\">Come viene esaminato un testamento in caso di demenza?<\/a><\/li><li><a href=\"https:\/\/www.deinadieu.ch\/ratgeber\/damit-der-letzte-wille-geschehe\/\">Volont\u00e0 \u2013 in modo che l&#8217;ultima volont\u00e0 venga attuata<\/a><\/li><li><a href=\"https:\/\/www.deinadieu.ch\/eine-fachperson-sorgt-dafuer-dass-ihr-letzter-wille-geschehe\/\">Sia fatta la vostra ultima volont\u00e0 \u2013 lo specialista aiuta<\/a><\/li><\/ul>\n","protected":false},"excerpt":{"rendered":"<p>Una malattia da demenza colpisce lo stato mentale delle persone colpite. Nelle fasi avanzate, la capacit\u00e0 di discernimento potrebbe non esserci pi\u00f9. Ci\u00f2 influisce sulle possibilit\u00e0 di agire durante la vita e sulla successione.<\/p>\n","protected":false},"author":2398,"featured_media":51942,"menu_order":0,"comment_status":"open","ping_status":"closed","template":"","tags":[2869,2868,2867,2866,2121],"ratgeber-category":[2021,2870],"class_list":["post-52948","ratgeber","type-ratgeber","status-publish","has-post-thumbnail","hentry","tag-capacita-di-discernimento","tag-capacita-di-disporre","tag-demenza","tag-successione","tag-testamento","ratgeber-category-direttiva-del-paziente","ratgeber-category-malattia"],"acf":[],"yoast_head":"<title>Demenza: capacit\u00e0 di discernimento e capacit\u00e0 di disporre | DeinAdieu<\/title>\n<meta name=\"description\" content=\"La capacit\u00e0 di disporre \u00e8 un requisito per la redazione di un testamento o di un contratto successorio valido. Leggete qui come viene determinata in caso di demenza.\" \/>\n<meta name=\"robots\" content=\"index, follow, max-snippet:-1, max-image-preview:large, max-video-preview:-1\" \/>\n<link rel=\"canonical\" href=\"https:\/\/www.deinadieu.ch\/it\/guida\/come-viene-valutata-la-capacita-di-disporre-in-caso-di-demenza\/\" \/>\n<meta property=\"og:locale\" content=\"it_IT\" \/>\n<meta property=\"og:type\" content=\"article\" \/>\n<meta property=\"og:title\" content=\"Come viene valutata la capacit\u00e0 di disporre in caso di demenza?\" \/>\n<meta property=\"og:description\" content=\"Una malattia da demenza colpisce lo stato mentale delle persone colpite. Nelle fasi avanzate, la capacit\u00e0 di discernimento potrebbe non esserci pi\u00f9. Ci\u00f2\" \/>\n<meta property=\"og:url\" content=\"https:\/\/www.deinadieu.ch\/it\/guida\/come-viene-valutata-la-capacita-di-disporre-in-caso-di-demenza\/\" \/>\n<meta property=\"og:site_name\" content=\"DeinAdieu.ch\" \/>\n<meta property=\"article:publisher\" content=\"https:\/\/www.facebook.com\/deinadieu\" \/>\n<meta property=\"article:modified_time\" content=\"2022-09-11T09:37:48+00:00\" \/>\n<meta property=\"og:image\" content=\"https:\/\/static.deinadieu.ch\/uploads\/2021\/06\/iStock-979946210.jpg\" \/>\n\t<meta property=\"og:image:width\" content=\"2121\" \/>\n\t<meta property=\"og:image:height\" content=\"1414\" \/>\n\t<meta property=\"og:image:type\" content=\"image\/jpeg\" \/>\n<meta name=\"twitter:card\" content=\"summary_large_image\" \/>\n<meta name=\"twitter:site\" content=\"@DeinAdieu\" \/>\n<meta name=\"twitter:label1\" content=\"Est. reading time\" \/>\n\t<meta name=\"twitter:data1\" content=\"6 minutes\" \/>\n<script type=\"application\/ld+json\" class=\"yoast-schema-graph\">{\"@context\":\"https:\\\/\\\/schema.org\",\"@graph\":[{\"@type\":\"WebPage\",\"@id\":\"https:\\\/\\\/www.deinadieu.ch\\\/it\\\/guida\\\/come-viene-valutata-la-capacita-di-disporre-in-caso-di-demenza\\\/\",\"url\":\"https:\\\/\\\/www.deinadieu.ch\\\/it\\\/guida\\\/come-viene-valutata-la-capacita-di-disporre-in-caso-di-demenza\\\/\",\"name\":\"Demenza: capacit\u00e0 di discernimento e capacit\u00e0 di disporre | DeinAdieu\",\"isPartOf\":{\"@id\":\"https:\\\/\\\/www.deinadieu.ch\\\/it\\\/#website\"},\"primaryImageOfPage\":{\"@id\":\"https:\\\/\\\/www.deinadieu.ch\\\/it\\\/guida\\\/come-viene-valutata-la-capacita-di-disporre-in-caso-di-demenza\\\/#primaryimage\"},\"image\":{\"@id\":\"https:\\\/\\\/www.deinadieu.ch\\\/it\\\/guida\\\/come-viene-valutata-la-capacita-di-disporre-in-caso-di-demenza\\\/#primaryimage\"},\"thumbnailUrl\":\"https:\\\/\\\/www.deinadieu.ch\\\/wp-content\\\/uploads\\\/2021\\\/06\\\/iStock-979946210.jpg\",\"datePublished\":\"2021-09-07T06:00:00+00:00\",\"dateModified\":\"2022-09-11T09:37:48+00:00\",\"description\":\"La capacit\u00e0 di disporre \u00e8 un requisito per la redazione di un testamento o di un contratto successorio valido. Leggete qui come viene determinata in caso di demenza.\",\"breadcrumb\":{\"@id\":\"https:\\\/\\\/www.deinadieu.ch\\\/it\\\/guida\\\/come-viene-valutata-la-capacita-di-disporre-in-caso-di-demenza\\\/#breadcrumb\"},\"inLanguage\":\"it-IT\",\"potentialAction\":[{\"@type\":\"ReadAction\",\"target\":[\"https:\\\/\\\/www.deinadieu.ch\\\/it\\\/guida\\\/come-viene-valutata-la-capacita-di-disporre-in-caso-di-demenza\\\/\"]}]},{\"@type\":\"ImageObject\",\"inLanguage\":\"it-IT\",\"@id\":\"https:\\\/\\\/www.deinadieu.ch\\\/it\\\/guida\\\/come-viene-valutata-la-capacita-di-disporre-in-caso-di-demenza\\\/#primaryimage\",\"url\":\"https:\\\/\\\/www.deinadieu.ch\\\/wp-content\\\/uploads\\\/2021\\\/06\\\/iStock-979946210.jpg\",\"contentUrl\":\"https:\\\/\\\/www.deinadieu.ch\\\/wp-content\\\/uploads\\\/2021\\\/06\\\/iStock-979946210.jpg\",\"width\":2121,\"height\":1414,\"caption\":\"La capacit\u00e0 di disporre \u00e8 un requisito per redigere un testamento (immagine: istock\\\/SilviaJansen)\"},{\"@type\":\"BreadcrumbList\",\"@id\":\"https:\\\/\\\/www.deinadieu.ch\\\/it\\\/guida\\\/come-viene-valutata-la-capacita-di-disporre-in-caso-di-demenza\\\/#breadcrumb\",\"itemListElement\":[{\"@type\":\"ListItem\",\"position\":1,\"name\":\"Home\",\"item\":\"https:\\\/\\\/www.deinadieu.ch\\\/it\\\/deinadieu-dialog-und-serviceportal-zum-lebensende\\\/\"},{\"@type\":\"ListItem\",\"position\":2,\"name\":\"Ratgeber\",\"item\":\"https:\\\/\\\/www.deinadieu.ch\\\/it\\\/guida\\\/\"},{\"@type\":\"ListItem\",\"position\":3,\"name\":\"Come viene valutata la capacit\u00e0 di disporre in caso di demenza?\"}]},{\"@type\":\"WebSite\",\"@id\":\"https:\\\/\\\/www.deinadieu.ch\\\/it\\\/#website\",\"url\":\"https:\\\/\\\/www.deinadieu.ch\\\/it\\\/\",\"name\":\"DeinAdieu.ch\",\"description\":\"Testament, Patientenverf\u00fcgung und Vorsorgeauftrag\",\"publisher\":{\"@id\":\"https:\\\/\\\/www.deinadieu.ch\\\/it\\\/#organization\"},\"potentialAction\":[{\"@type\":\"SearchAction\",\"target\":{\"@type\":\"EntryPoint\",\"urlTemplate\":\"https:\\\/\\\/www.deinadieu.ch\\\/it\\\/?s={search_term_string}\"},\"query-input\":{\"@type\":\"PropertyValueSpecification\",\"valueRequired\":true,\"valueName\":\"search_term_string\"}}],\"inLanguage\":\"it-IT\"},{\"@type\":\"Organization\",\"@id\":\"https:\\\/\\\/www.deinadieu.ch\\\/it\\\/#organization\",\"name\":\"EMNA Web GmbH\",\"url\":\"https:\\\/\\\/www.deinadieu.ch\\\/it\\\/\",\"logo\":{\"@type\":\"ImageObject\",\"inLanguage\":\"it-IT\",\"@id\":\"https:\\\/\\\/www.deinadieu.ch\\\/it\\\/#\\\/schema\\\/logo\\\/image\\\/\",\"url\":\"https:\\\/\\\/www.deinadieu.ch\\\/wp-content\\\/uploads\\\/2016\\\/01\\\/DeinAdieu_Logo.png\",\"contentUrl\":\"https:\\\/\\\/www.deinadieu.ch\\\/wp-content\\\/uploads\\\/2016\\\/01\\\/DeinAdieu_Logo.png\",\"width\":300,\"height\":117,\"caption\":\"EMNA Web GmbH\"},\"image\":{\"@id\":\"https:\\\/\\\/www.deinadieu.ch\\\/it\\\/#\\\/schema\\\/logo\\\/image\\\/\"},\"sameAs\":[\"https:\\\/\\\/www.facebook.com\\\/deinadieu\",\"https:\\\/\\\/x.com\\\/DeinAdieu\",\"https:\\\/\\\/www.instagram.com\\\/deinadieu\\\/\",\"https:\\\/\\\/www.linkedin.com\\\/company\\\/deinadieu.ch\"]}]}<\/script>","yoast_head_json":{"title":"Demenza: capacit\u00e0 di discernimento e capacit\u00e0 di disporre | DeinAdieu","description":"La capacit\u00e0 di disporre \u00e8 un requisito per la redazione di un testamento o di un contratto successorio valido. Leggete qui come viene determinata in caso di demenza.","robots":{"index":"index","follow":"follow","max-snippet":"max-snippet:-1","max-image-preview":"max-image-preview:large","max-video-preview":"max-video-preview:-1"},"canonical":"https:\/\/www.deinadieu.ch\/it\/guida\/come-viene-valutata-la-capacita-di-disporre-in-caso-di-demenza\/","og_locale":"it_IT","og_type":"article","og_title":"Come viene valutata la capacit\u00e0 di disporre in caso di demenza?","og_description":"Una malattia da demenza colpisce lo stato mentale delle persone colpite. Nelle fasi avanzate, la capacit\u00e0 di discernimento potrebbe non esserci pi\u00f9. Ci\u00f2","og_url":"https:\/\/www.deinadieu.ch\/it\/guida\/come-viene-valutata-la-capacita-di-disporre-in-caso-di-demenza\/","og_site_name":"DeinAdieu.ch","article_publisher":"https:\/\/www.facebook.com\/deinadieu","article_modified_time":"2022-09-11T09:37:48+00:00","og_image":[{"width":2121,"height":1414,"url":"https:\/\/static.deinadieu.ch\/uploads\/2021\/06\/iStock-979946210.jpg","type":"image\/jpeg"}],"twitter_card":"summary_large_image","twitter_site":"@DeinAdieu","twitter_misc":{"Est. reading time":"6 minutes"},"schema":{"@context":"https:\/\/schema.org","@graph":[{"@type":"WebPage","@id":"https:\/\/www.deinadieu.ch\/it\/guida\/come-viene-valutata-la-capacita-di-disporre-in-caso-di-demenza\/","url":"https:\/\/www.deinadieu.ch\/it\/guida\/come-viene-valutata-la-capacita-di-disporre-in-caso-di-demenza\/","name":"Demenza: capacit\u00e0 di discernimento e capacit\u00e0 di disporre | DeinAdieu","isPartOf":{"@id":"https:\/\/www.deinadieu.ch\/it\/#website"},"primaryImageOfPage":{"@id":"https:\/\/www.deinadieu.ch\/it\/guida\/come-viene-valutata-la-capacita-di-disporre-in-caso-di-demenza\/#primaryimage"},"image":{"@id":"https:\/\/www.deinadieu.ch\/it\/guida\/come-viene-valutata-la-capacita-di-disporre-in-caso-di-demenza\/#primaryimage"},"thumbnailUrl":"https:\/\/www.deinadieu.ch\/wp-content\/uploads\/2021\/06\/iStock-979946210.jpg","datePublished":"2021-09-07T06:00:00+00:00","dateModified":"2022-09-11T09:37:48+00:00","description":"La capacit\u00e0 di disporre \u00e8 un requisito per la redazione di un testamento o di un contratto successorio valido. Leggete qui come viene determinata in caso di demenza.","breadcrumb":{"@id":"https:\/\/www.deinadieu.ch\/it\/guida\/come-viene-valutata-la-capacita-di-disporre-in-caso-di-demenza\/#breadcrumb"},"inLanguage":"it-IT","potentialAction":[{"@type":"ReadAction","target":["https:\/\/www.deinadieu.ch\/it\/guida\/come-viene-valutata-la-capacita-di-disporre-in-caso-di-demenza\/"]}]},{"@type":"ImageObject","inLanguage":"it-IT","@id":"https:\/\/www.deinadieu.ch\/it\/guida\/come-viene-valutata-la-capacita-di-disporre-in-caso-di-demenza\/#primaryimage","url":"https:\/\/www.deinadieu.ch\/wp-content\/uploads\/2021\/06\/iStock-979946210.jpg","contentUrl":"https:\/\/www.deinadieu.ch\/wp-content\/uploads\/2021\/06\/iStock-979946210.jpg","width":2121,"height":1414,"caption":"La capacit\u00e0 di disporre \u00e8 un requisito per redigere un testamento (immagine: istock\/SilviaJansen)"},{"@type":"BreadcrumbList","@id":"https:\/\/www.deinadieu.ch\/it\/guida\/come-viene-valutata-la-capacita-di-disporre-in-caso-di-demenza\/#breadcrumb","itemListElement":[{"@type":"ListItem","position":1,"name":"Home","item":"https:\/\/www.deinadieu.ch\/it\/deinadieu-dialog-und-serviceportal-zum-lebensende\/"},{"@type":"ListItem","position":2,"name":"Ratgeber","item":"https:\/\/www.deinadieu.ch\/it\/guida\/"},{"@type":"ListItem","position":3,"name":"Come viene valutata la capacit\u00e0 di disporre in caso di demenza?"}]},{"@type":"WebSite","@id":"https:\/\/www.deinadieu.ch\/it\/#website","url":"https:\/\/www.deinadieu.ch\/it\/","name":"DeinAdieu.ch","description":"Testament, Patientenverf\u00fcgung und Vorsorgeauftrag","publisher":{"@id":"https:\/\/www.deinadieu.ch\/it\/#organization"},"potentialAction":[{"@type":"SearchAction","target":{"@type":"EntryPoint","urlTemplate":"https:\/\/www.deinadieu.ch\/it\/?s={search_term_string}"},"query-input":{"@type":"PropertyValueSpecification","valueRequired":true,"valueName":"search_term_string"}}],"inLanguage":"it-IT"},{"@type":"Organization","@id":"https:\/\/www.deinadieu.ch\/it\/#organization","name":"EMNA Web GmbH","url":"https:\/\/www.deinadieu.ch\/it\/","logo":{"@type":"ImageObject","inLanguage":"it-IT","@id":"https:\/\/www.deinadieu.ch\/it\/#\/schema\/logo\/image\/","url":"https:\/\/www.deinadieu.ch\/wp-content\/uploads\/2016\/01\/DeinAdieu_Logo.png","contentUrl":"https:\/\/www.deinadieu.ch\/wp-content\/uploads\/2016\/01\/DeinAdieu_Logo.png","width":300,"height":117,"caption":"EMNA Web GmbH"},"image":{"@id":"https:\/\/www.deinadieu.ch\/it\/#\/schema\/logo\/image\/"},"sameAs":["https:\/\/www.facebook.com\/deinadieu","https:\/\/x.com\/DeinAdieu","https:\/\/www.instagram.com\/deinadieu\/","https:\/\/www.linkedin.com\/company\/deinadieu.ch"]}]}},"_links":{"self":[{"href":"https:\/\/www.deinadieu.ch\/it\/wp-json\/wp\/v2\/ratgeber\/52948","targetHints":{"allow":["GET"]}}],"collection":[{"href":"https:\/\/www.deinadieu.ch\/it\/wp-json\/wp\/v2\/ratgeber"}],"about":[{"href":"https:\/\/www.deinadieu.ch\/it\/wp-json\/wp\/v2\/types\/ratgeber"}],"author":[{"embeddable":true,"href":"https:\/\/www.deinadieu.ch\/it\/wp-json\/wp\/v2\/users\/2398"}],"replies":[{"embeddable":true,"href":"https:\/\/www.deinadieu.ch\/it\/wp-json\/wp\/v2\/comments?post=52948"}],"version-history":[{"count":6,"href":"https:\/\/www.deinadieu.ch\/it\/wp-json\/wp\/v2\/ratgeber\/52948\/revisions"}],"predecessor-version":[{"id":60202,"href":"https:\/\/www.deinadieu.ch\/it\/wp-json\/wp\/v2\/ratgeber\/52948\/revisions\/60202"}],"wp:featuredmedia":[{"embeddable":true,"href":"https:\/\/www.deinadieu.ch\/it\/wp-json\/wp\/v2\/media\/51942"}],"wp:attachment":[{"href":"https:\/\/www.deinadieu.ch\/it\/wp-json\/wp\/v2\/media?parent=52948"}],"wp:term":[{"taxonomy":"post_tag","embeddable":true,"href":"https:\/\/www.deinadieu.ch\/it\/wp-json\/wp\/v2\/tags?post=52948"},{"taxonomy":"ratgeber-category","embeddable":true,"href":"https:\/\/www.deinadieu.ch\/it\/wp-json\/wp\/v2\/ratgeber-category?post=52948"}],"curies":[{"name":"wp","href":"https:\/\/api.w.org\/{rel}","templated":true}]}}