{"id":52603,"date":"2021-02-02T09:39:05","date_gmt":"2021-02-02T08:39:05","guid":{"rendered":"https:\/\/www.deinadieu.ch\/ratgeber\/incapacita-di-discernimento-come-si-possono-prendere-disposizioni\/"},"modified":"2022-01-16T13:40:59","modified_gmt":"2022-01-16T12:40:59","slug":"incapacita-di-discernimento-come-si-possono-prendere-disposizioni","status":"publish","type":"ratgeber","link":"https:\/\/www.deinadieu.ch\/it\/guida\/incapacita-di-discernimento-come-si-possono-prendere-disposizioni\/","title":{"rendered":"Incapacit\u00e0 di discernimento &#8211; come si possono prendere disposizioni?"},"content":{"rendered":"\n<p><strong>A nessuno piace preoccuparsi di cosa accadr\u00e0 se un giorno non sar\u00e0 pi\u00f9 in grado di prendere decisioni indipendenti o di condurre una vita autodeterminata. Questo rende ancora pi\u00f9 importante prendere misure preventive per questa eventualit\u00e0.<\/strong><\/p>\n\n<!--more-->\n\n<h2 class=\"wp-block-heading\" id=\"h-definition-der-urteilsunfahigkeit\">Definizione di \u00abincapacit\u00e0 di discernimento\u00bb<\/h2>\n\n<p>Il CC presuppone che qualunque persona \u00e8 capace di discernimento \u00abche non sia priva della capacit\u00e0 di agire ragionevolmente per effetto della sua et\u00e0 infantile o di disabilit\u00e0 mentale, turba psichica, ebbrezza o stato consimile\u00bb. Quindi \u2013 almeno in teoria \u2013 anche altre circostanze o ragioni possono compromettere la capacit\u00e0 di discernimento. In ogni caso \u00e8 sempre necessaria una valutazione nel singolo caso, tenendo conto delle capacit\u00e0 personali e della complessit\u00e0 della situazione (cosiddetta capacit\u00e0 relativa di discernimento) per un&#8217;incapacit\u00e0 di discernimento. Se necessario, la capacit\u00e0 di discernimento pu\u00f2 essere determinata sulla base di esami o rapporti medici (forensi).<\/p>\n\n<p>Una distinzione importante riguarda la <strong>durata dell&#8217;incapacit\u00e0 di discernimento<\/strong>: questa pu\u00f2 essere solo temporanea, per esempio a causa del consumo di alcol, o durevole, come nel caso di disabilit\u00e0 o malattia mentale. Quest&#8217;ultimo caso \u00e8 principalmente problematico e richiede misure precauzionali, poich\u00e9 in questo caso non \u00e8 chiaro se, e se s\u00ec quando, la persona interessata riacquister\u00e0 la sua capacit\u00e0 di discernimento e come sar\u00e0 condotta la sua vita fino ad allora.<\/p>\n\n<p>Prevenire l&#8217;incapacit\u00e0 di discernimento stessa, per esempio in caso di demenza o incidenti, \u00e8 possibile solo in misura molto limitata. D&#8217;altro canto, esistono strumenti adeguati per misure precauzionali giuridicamente vincolanti su ci\u00f2 che dovrebbe accadere in un caso del genere.<\/p>\n\n<h2 class=\"wp-block-heading\" id=\"h-wie-vorsorgen-fur-den-fall-einer-dauerhaften-urteilsunfahigkeit\">Come prendere precauzioni in caso di incapacit\u00e0 di discernimento permanente?<\/h2>\n\n<h3 class=\"wp-block-heading\" id=\"h-der-vorsorgeauftrag-person-vermogen-rechtsverkehr\">Il mandato precauzionale: persona, patrimonio, relazioni giuridiche<\/h3>\n\n<p><strong>La prima misura \u00e8 il <a href=\"https:\/\/www.deinadieu.ch\/it\/mandato-precauzionale\/\">mandato precauzionale<\/a><\/strong>, che dall&#8217;entrata in vigore della nuova legge sulla protezione degli adulti nel 2013 ha completato gli istituti esistenti di <a href=\"https:\/\/www.deinadieu.ch\/it\/guida\/la-procura-in-nome-e-per-conto-di-terzi\/\">procura<\/a>, mandato e direttiva del paziente. In questo, le persone capaci di agire possono fare <a href=\"https:\/\/www.deinadieu.ch\/ratgeber\/kesb-was-muss-ich-beim-vorsorgeauftrag-beachten\/\">ordini precauzionali<\/a> per tre aree essenziali della vita o dei compiti.<\/p>\n\n<p><strong>La prima area di previdenza \u00e8 la \u00abcura della persona\u00bb<\/strong>. Questa include, in particolare, il <strong>sostegno e la cura<\/strong> nella vita quotidiana, ad esempio con commissioni domestiche, igiene personale o corrispondenza personale. La cura della persona pu\u00f2 includere anche aspetti dell&#8217;assistenza medica come il consenso del rappresentante a trattamenti medici o il controllo dell&#8217;assunzione di farmaci.<\/p>\n\n<p><strong>La seconda area di previdenza \u00e8 la \u00abcura degli interessi patrimoniali\u00bb.<\/strong> Il concetto ampio di patrimonio include \u00abtutti i diritti e gli obblighi patrimoniali\u00bb. La cura degli interessi patrimoniali \u00e8 quindi l&#8217;<strong>amministrazione del patrimonio<\/strong> o il disbrigo di affari finanziari di una persona che non \u00e8 in grado di farlo per mancanza di capacit\u00e0 di discernimento. L&#8217;obiettivo dell&#8217;amministrazione del patrimonio \u00e8 quello di mantenere o, se necessario, aumentare i diritti patrimoniali di una persona, nonch\u00e9 l&#8217;uso appropriato del suo patrimonio per estinguere obblighi finanziari.<\/p>\n\n<p><strong>La terza area \u00e8 la \u00abrappresentanza nelle relazioni giuridiche\u00bb<\/strong>. Oggetto del mandato precauzionale riguardo queste cose \u00e8 la rappresentanza del mandante del mandato precauzionale nelle relazioni giuridiche con le autorit\u00e0 o altri soggetti privati. A tal fine non sono richieste necessariamente competenze legali, poich\u00e9 la rappresentanza nei negozi giuridici comprende anche cose di uso quotidiano, come la presentazione e la ricezione di dichiarazioni di intenti o la conclusione di contratti. Ma pu\u00f2 anche significare rappresentanza in procedimenti civili, penali o amministrativi davanti ad autorit\u00e0 o tribunali che richiedono una migliore conoscenza giuridica.<\/p>\n\n<div style=\"height:31px\" aria-hidden=\"true\" class=\"wp-block-spacer\"><\/div>\n\n<div class=\"wp-block-buttons is-layout-flex wp-block-buttons-is-layout-flex\">\n<div class=\"wp-block-button\"><a class=\"wp-block-button__link has-background\" href=\"http:\/\/www.deinadieu.ch\/vorsorgeauftrag\" style=\"background-color:#755669\" target=\"_blank\" rel=\"noreferrer noopener\">Create qui il vostro mandato precauzionale<\/a><\/div>\n<\/div>\n\n<div style=\"height:31px\" aria-hidden=\"true\" class=\"wp-block-spacer\"><\/div>\n\n<h2 class=\"wp-block-heading\" id=\"h-die-patientenverfugung-medizin-im-fokus\">La direttiva del paziente \u2013 medicina in primo piano<\/h2>\n\n<p><strong>Il campo di applicazione della <a href=\"https:\/\/www.deinadieu.ch\/it\/decreto-del-paziente\/\">direttiva del paziente<\/a> \u00e8 molto pi\u00f9 ristretto di quello del mandato precauzionale<\/strong>. Riguarda essenzialmente l&#8217;<strong>aspetto medico della cura della persona<\/strong>. In particolare, la persona che redige una direttiva del paziente pu\u00f2 specificare in essa con <strong>quali <a href=\"https:\/\/www.deinadieu.ch\/ratgeber\/patientenverfuegung-was-sind-medizinischen-massnahmen\/\">misure mediche<\/a> specifiche \u00e8 d&#8217;accordo e quali rifiuta in caso di sua incapacit\u00e0 di discernimento<\/strong>. Tuttavia, pu\u00f2 anche delegare la decisione su questo ad un&#8217;altra persona fisica e dare istruzioni a questa persona come deve decidere. Questa forma di direttiva del paziente si avvicina particolarmente alla cura della persona secondo il mandato precauzionale, per cui \u00e8 consigliabile <a href=\"https:\/\/www.deinadieu.ch\/ratgeber\/unterschied-vorsorgeauftrag-und-patientenverfuegung-brauche-ich-beides\/\">coordinare i due strumenti<\/a> tra loro.<\/p>\n\n<p>La direttiva del paziente ha effetto solo quando due condizioni si verificano insieme. In primo luogo, l&#8217;autore della direttiva del paziente deve essere diventato incapace di discernimento. In secondo luogo, deve essere presa una decisione sull&#8217;esecuzione di misure o trattamenti medici che la persona interessata non \u00e8 in grado di prendere a causa della sua incapacit\u00e0 di discernimento.<\/p>\n\n<p>I possibili contenuti della direttiva del paziente riguardano ad esempio la rianimazione in caso di arresto cardiovascolare, la somministrazione di farmaci antidolorifici o l&#8217;uso di misure che prolungano la vita o mantengono in vita. Se e quali disposizioni specifiche debbano essere prese dipende dai desideri e dalle convinzioni individuali. Indipendentemente da questi, si consiglia prima una <a href=\"https:\/\/www.deinadieu.ch\/ratgeber\/patientenverfuegung-hilft-mir-der-hausarzt\/\">consulenza con un professionista sanitario<\/a>, ad esempio un medico di fiducia.<\/p>\n\n<div style=\"height:30px\" aria-hidden=\"true\" class=\"wp-block-spacer\"><\/div>\n\n<div class=\"wp-block-buttons is-layout-flex wp-block-buttons-is-layout-flex\">\n<div class=\"wp-block-button\"><a class=\"wp-block-button__link has-background\" href=\"https:\/\/www.deinadieu.ch\/it\/decreto-del-paziente\/\" style=\"background-color:#755669\" target=\"_blank\" rel=\"noreferrer noopener\">Create qui la vostra direttiva del paziente<\/a><\/div>\n<\/div>\n\n<div style=\"height:70px\" aria-hidden=\"true\" class=\"wp-block-spacer\"><\/div>\n\n<hr class=\"wp-block-separator is-style-wide\"\/>\n\n<h2 class=\"wp-block-heading\" id=\"h-das-konnte-sie-auch-interessieren\">Potrebbe anche interessarvi:<\/h2>\n\n<ul class=\"list-disc ml-4 wp-block-list\"><li><a href=\"https:\/\/www.deinadieu.ch\/it\/mandato-precauzionale\/\">Creare mandato precauzionale<\/a><\/li><li><a href=\"https:\/\/www.deinadieu.ch\/it\/decreto-del-paziente\/\">Creare direttiva del paziente<\/a><\/li><li><a href=\"https:\/\/www.deinadieu.ch\/ratgeber\/kesb-was-muss-ich-beim-vorsorgeauftrag-beachten\/\">APMA \u2013 Cosa devo tenere presente in un mandato precauzionale?<\/a><\/li><li><a href=\"https:\/\/www.deinadieu.ch\/it\/guida\/la-procura-in-nome-e-per-conto-di-terzi\/\">La procura \u2013 in nome e per conto di terzi<\/a><\/li><li><a href=\"https:\/\/www.deinadieu.ch\/ratgeber\/unterschied-vorsorgeauftrag-und-patientenverfuegung-brauche-ich-beides\/\">Differenza tra mandato precauzionale e direttiva del paziente \u2013 ho bisogno di entrambi?<\/a><\/li><li><a href=\"https:\/\/www.deinadieu.ch\/ratgeber\/patientenverfuegung-was-sind-medizinischen-massnahmen\/\">Direttiva del paziente \u2013 Cosa sono misure mediche?<\/a><\/li><li><a href=\"https:\/\/www.deinadieu.ch\/ratgeber\/patientenverfuegung-hilft-mir-der-hausarzt\/\">Direttiva del paziente \u2013 Il medico di famiglia mi aiuta?<\/a><\/li><\/ul>","protected":false},"excerpt":{"rendered":"<p>A nessuno piace preoccuparsi di cosa accadr\u00e0 se un giorno non sar\u00e0 pi\u00f9 in grado di prendere decisioni indipendenti o di condurre una vita autodeterminata. Questo rende ancora pi\u00f9 importante prendere misure preventive per questa eventualit\u00e0.<\/p>\n","protected":false},"author":2398,"featured_media":29175,"menu_order":0,"comment_status":"open","ping_status":"closed","template":"","tags":[2795,2796,2015],"ratgeber-category":[3034,3037],"class_list":["post-52603","ratgeber","type-ratgeber","status-publish","has-post-thumbnail","hentry","tag-direttiva-del-paziente","tag-mandato-precauzionale","tag-previdenza","ratgeber-category-direttiva-del-paziente-it","ratgeber-category-mandato-precauzionale"],"acf":[],"yoast_head":"<title>Incapacit\u00e0 di discernimento \u2013 il modo ideale per prendere disposizioni | DeinAdieu<\/title>\n<meta name=\"description\" content=\"Trovate qui la definizione di incapacit\u00e0 di discernimento e scoprite come prendere le giuste disposizioni: con un mandato precauzionale e una direttiva del paziente.\" \/>\n<meta name=\"robots\" content=\"index, follow, max-snippet:-1, max-image-preview:large, max-video-preview:-1\" \/>\n<link rel=\"canonical\" href=\"https:\/\/www.deinadieu.ch\/it\/guida\/incapacita-di-discernimento-come-si-possono-prendere-disposizioni\/\" \/>\n<meta property=\"og:locale\" content=\"it_IT\" \/>\n<meta property=\"og:type\" content=\"article\" \/>\n<meta property=\"og:title\" content=\"Incapacit\u00e0 di discernimento - come si possono prendere disposizioni?\" \/>\n<meta property=\"og:description\" content=\"A nessuno piace preoccuparsi di cosa accadr\u00e0 se un giorno non sar\u00e0 pi\u00f9 in grado di prendere decisioni indipendenti o di condurre una vita autodeterminata.\" \/>\n<meta property=\"og:url\" content=\"https:\/\/www.deinadieu.ch\/it\/guida\/incapacita-di-discernimento-come-si-possono-prendere-disposizioni\/\" \/>\n<meta property=\"og:site_name\" content=\"DeinAdieu.ch\" \/>\n<meta property=\"article:publisher\" content=\"https:\/\/www.facebook.com\/deinadieu\" \/>\n<meta property=\"article:modified_time\" content=\"2022-01-16T12:40:59+00:00\" \/>\n<meta property=\"og:image\" content=\"https:\/\/static.deinadieu.ch\/uploads\/2021\/02\/iStock-628349242-scaled.jpg\" \/>\n\t<meta property=\"og:image:width\" content=\"2560\" \/>\n\t<meta property=\"og:image:height\" content=\"1707\" \/>\n\t<meta property=\"og:image:type\" content=\"image\/jpeg\" \/>\n<meta name=\"twitter:card\" content=\"summary_large_image\" \/>\n<meta name=\"twitter:site\" content=\"@DeinAdieu\" \/>\n<meta name=\"twitter:label1\" content=\"Est. reading time\" \/>\n\t<meta name=\"twitter:data1\" content=\"4 minutes\" \/>\n<script type=\"application\/ld+json\" class=\"yoast-schema-graph\">{\"@context\":\"https:\\\/\\\/schema.org\",\"@graph\":[{\"@type\":\"WebPage\",\"@id\":\"https:\\\/\\\/www.deinadieu.ch\\\/it\\\/guida\\\/incapacita-di-discernimento-come-si-possono-prendere-disposizioni\\\/\",\"url\":\"https:\\\/\\\/www.deinadieu.ch\\\/it\\\/guida\\\/incapacita-di-discernimento-come-si-possono-prendere-disposizioni\\\/\",\"name\":\"Incapacit\u00e0 di discernimento \u2013 il modo ideale per prendere disposizioni | DeinAdieu\",\"isPartOf\":{\"@id\":\"https:\\\/\\\/www.deinadieu.ch\\\/it\\\/#website\"},\"primaryImageOfPage\":{\"@id\":\"https:\\\/\\\/www.deinadieu.ch\\\/it\\\/guida\\\/incapacita-di-discernimento-come-si-possono-prendere-disposizioni\\\/#primaryimage\"},\"image\":{\"@id\":\"https:\\\/\\\/www.deinadieu.ch\\\/it\\\/guida\\\/incapacita-di-discernimento-come-si-possono-prendere-disposizioni\\\/#primaryimage\"},\"thumbnailUrl\":\"https:\\\/\\\/www.deinadieu.ch\\\/wp-content\\\/uploads\\\/2021\\\/02\\\/iStock-628349242-scaled.jpg\",\"datePublished\":\"2021-02-02T08:39:05+00:00\",\"dateModified\":\"2022-01-16T12:40:59+00:00\",\"description\":\"Trovate qui la definizione di incapacit\u00e0 di discernimento e scoprite come prendere le giuste disposizioni: con un mandato precauzionale e una direttiva del paziente.\",\"breadcrumb\":{\"@id\":\"https:\\\/\\\/www.deinadieu.ch\\\/it\\\/guida\\\/incapacita-di-discernimento-come-si-possono-prendere-disposizioni\\\/#breadcrumb\"},\"inLanguage\":\"it-IT\",\"potentialAction\":[{\"@type\":\"ReadAction\",\"target\":[\"https:\\\/\\\/www.deinadieu.ch\\\/it\\\/guida\\\/incapacita-di-discernimento-come-si-possono-prendere-disposizioni\\\/\"]}]},{\"@type\":\"ImageObject\",\"inLanguage\":\"it-IT\",\"@id\":\"https:\\\/\\\/www.deinadieu.ch\\\/it\\\/guida\\\/incapacita-di-discernimento-come-si-possono-prendere-disposizioni\\\/#primaryimage\",\"url\":\"https:\\\/\\\/www.deinadieu.ch\\\/wp-content\\\/uploads\\\/2021\\\/02\\\/iStock-628349242-scaled.jpg\",\"contentUrl\":\"https:\\\/\\\/www.deinadieu.ch\\\/wp-content\\\/uploads\\\/2021\\\/02\\\/iStock-628349242-scaled.jpg\",\"width\":2560,\"height\":1707,\"caption\":\"Incapacit\u00e0 di discernimento - Come potete prendere disposizioni?\"},{\"@type\":\"BreadcrumbList\",\"@id\":\"https:\\\/\\\/www.deinadieu.ch\\\/it\\\/guida\\\/incapacita-di-discernimento-come-si-possono-prendere-disposizioni\\\/#breadcrumb\",\"itemListElement\":[{\"@type\":\"ListItem\",\"position\":1,\"name\":\"Home\",\"item\":\"https:\\\/\\\/www.deinadieu.ch\\\/it\\\/deinadieu-dialog-und-serviceportal-zum-lebensende\\\/\"},{\"@type\":\"ListItem\",\"position\":2,\"name\":\"Ratgeber\",\"item\":\"https:\\\/\\\/www.deinadieu.ch\\\/it\\\/guida\\\/\"},{\"@type\":\"ListItem\",\"position\":3,\"name\":\"Incapacit\u00e0 di discernimento &#8211; come si possono prendere disposizioni?\"}]},{\"@type\":\"WebSite\",\"@id\":\"https:\\\/\\\/www.deinadieu.ch\\\/it\\\/#website\",\"url\":\"https:\\\/\\\/www.deinadieu.ch\\\/it\\\/\",\"name\":\"DeinAdieu.ch\",\"description\":\"Testament, Patientenverf\u00fcgung und Vorsorgeauftrag\",\"publisher\":{\"@id\":\"https:\\\/\\\/www.deinadieu.ch\\\/it\\\/#organization\"},\"potentialAction\":[{\"@type\":\"SearchAction\",\"target\":{\"@type\":\"EntryPoint\",\"urlTemplate\":\"https:\\\/\\\/www.deinadieu.ch\\\/it\\\/?s={search_term_string}\"},\"query-input\":{\"@type\":\"PropertyValueSpecification\",\"valueRequired\":true,\"valueName\":\"search_term_string\"}}],\"inLanguage\":\"it-IT\"},{\"@type\":\"Organization\",\"@id\":\"https:\\\/\\\/www.deinadieu.ch\\\/it\\\/#organization\",\"name\":\"EMNA Web GmbH\",\"url\":\"https:\\\/\\\/www.deinadieu.ch\\\/it\\\/\",\"logo\":{\"@type\":\"ImageObject\",\"inLanguage\":\"it-IT\",\"@id\":\"https:\\\/\\\/www.deinadieu.ch\\\/it\\\/#\\\/schema\\\/logo\\\/image\\\/\",\"url\":\"https:\\\/\\\/www.deinadieu.ch\\\/wp-content\\\/uploads\\\/2016\\\/01\\\/DeinAdieu_Logo.png\",\"contentUrl\":\"https:\\\/\\\/www.deinadieu.ch\\\/wp-content\\\/uploads\\\/2016\\\/01\\\/DeinAdieu_Logo.png\",\"width\":300,\"height\":117,\"caption\":\"EMNA Web GmbH\"},\"image\":{\"@id\":\"https:\\\/\\\/www.deinadieu.ch\\\/it\\\/#\\\/schema\\\/logo\\\/image\\\/\"},\"sameAs\":[\"https:\\\/\\\/www.facebook.com\\\/deinadieu\",\"https:\\\/\\\/x.com\\\/DeinAdieu\",\"https:\\\/\\\/www.instagram.com\\\/deinadieu\\\/\",\"https:\\\/\\\/www.linkedin.com\\\/company\\\/deinadieu.ch\"]}]}<\/script>","yoast_head_json":{"title":"Incapacit\u00e0 di discernimento \u2013 il modo ideale per prendere disposizioni | DeinAdieu","description":"Trovate qui la definizione di incapacit\u00e0 di discernimento e scoprite come prendere le giuste disposizioni: con un mandato precauzionale e una direttiva del paziente.","robots":{"index":"index","follow":"follow","max-snippet":"max-snippet:-1","max-image-preview":"max-image-preview:large","max-video-preview":"max-video-preview:-1"},"canonical":"https:\/\/www.deinadieu.ch\/it\/guida\/incapacita-di-discernimento-come-si-possono-prendere-disposizioni\/","og_locale":"it_IT","og_type":"article","og_title":"Incapacit\u00e0 di discernimento - come si possono prendere disposizioni?","og_description":"A nessuno piace preoccuparsi di cosa accadr\u00e0 se un giorno non sar\u00e0 pi\u00f9 in grado di prendere decisioni indipendenti o di condurre una vita autodeterminata.","og_url":"https:\/\/www.deinadieu.ch\/it\/guida\/incapacita-di-discernimento-come-si-possono-prendere-disposizioni\/","og_site_name":"DeinAdieu.ch","article_publisher":"https:\/\/www.facebook.com\/deinadieu","article_modified_time":"2022-01-16T12:40:59+00:00","og_image":[{"width":2560,"height":1707,"url":"https:\/\/static.deinadieu.ch\/uploads\/2021\/02\/iStock-628349242-scaled.jpg","type":"image\/jpeg"}],"twitter_card":"summary_large_image","twitter_site":"@DeinAdieu","twitter_misc":{"Est. reading time":"4 minutes"},"schema":{"@context":"https:\/\/schema.org","@graph":[{"@type":"WebPage","@id":"https:\/\/www.deinadieu.ch\/it\/guida\/incapacita-di-discernimento-come-si-possono-prendere-disposizioni\/","url":"https:\/\/www.deinadieu.ch\/it\/guida\/incapacita-di-discernimento-come-si-possono-prendere-disposizioni\/","name":"Incapacit\u00e0 di discernimento \u2013 il modo ideale per prendere disposizioni | DeinAdieu","isPartOf":{"@id":"https:\/\/www.deinadieu.ch\/it\/#website"},"primaryImageOfPage":{"@id":"https:\/\/www.deinadieu.ch\/it\/guida\/incapacita-di-discernimento-come-si-possono-prendere-disposizioni\/#primaryimage"},"image":{"@id":"https:\/\/www.deinadieu.ch\/it\/guida\/incapacita-di-discernimento-come-si-possono-prendere-disposizioni\/#primaryimage"},"thumbnailUrl":"https:\/\/www.deinadieu.ch\/wp-content\/uploads\/2021\/02\/iStock-628349242-scaled.jpg","datePublished":"2021-02-02T08:39:05+00:00","dateModified":"2022-01-16T12:40:59+00:00","description":"Trovate qui la definizione di incapacit\u00e0 di discernimento e scoprite come prendere le giuste disposizioni: con un mandato precauzionale e una direttiva del paziente.","breadcrumb":{"@id":"https:\/\/www.deinadieu.ch\/it\/guida\/incapacita-di-discernimento-come-si-possono-prendere-disposizioni\/#breadcrumb"},"inLanguage":"it-IT","potentialAction":[{"@type":"ReadAction","target":["https:\/\/www.deinadieu.ch\/it\/guida\/incapacita-di-discernimento-come-si-possono-prendere-disposizioni\/"]}]},{"@type":"ImageObject","inLanguage":"it-IT","@id":"https:\/\/www.deinadieu.ch\/it\/guida\/incapacita-di-discernimento-come-si-possono-prendere-disposizioni\/#primaryimage","url":"https:\/\/www.deinadieu.ch\/wp-content\/uploads\/2021\/02\/iStock-628349242-scaled.jpg","contentUrl":"https:\/\/www.deinadieu.ch\/wp-content\/uploads\/2021\/02\/iStock-628349242-scaled.jpg","width":2560,"height":1707,"caption":"Incapacit\u00e0 di discernimento - Come potete prendere disposizioni?"},{"@type":"BreadcrumbList","@id":"https:\/\/www.deinadieu.ch\/it\/guida\/incapacita-di-discernimento-come-si-possono-prendere-disposizioni\/#breadcrumb","itemListElement":[{"@type":"ListItem","position":1,"name":"Home","item":"https:\/\/www.deinadieu.ch\/it\/deinadieu-dialog-und-serviceportal-zum-lebensende\/"},{"@type":"ListItem","position":2,"name":"Ratgeber","item":"https:\/\/www.deinadieu.ch\/it\/guida\/"},{"@type":"ListItem","position":3,"name":"Incapacit\u00e0 di discernimento &#8211; come si possono prendere disposizioni?"}]},{"@type":"WebSite","@id":"https:\/\/www.deinadieu.ch\/it\/#website","url":"https:\/\/www.deinadieu.ch\/it\/","name":"DeinAdieu.ch","description":"Testament, Patientenverf\u00fcgung und Vorsorgeauftrag","publisher":{"@id":"https:\/\/www.deinadieu.ch\/it\/#organization"},"potentialAction":[{"@type":"SearchAction","target":{"@type":"EntryPoint","urlTemplate":"https:\/\/www.deinadieu.ch\/it\/?s={search_term_string}"},"query-input":{"@type":"PropertyValueSpecification","valueRequired":true,"valueName":"search_term_string"}}],"inLanguage":"it-IT"},{"@type":"Organization","@id":"https:\/\/www.deinadieu.ch\/it\/#organization","name":"EMNA Web GmbH","url":"https:\/\/www.deinadieu.ch\/it\/","logo":{"@type":"ImageObject","inLanguage":"it-IT","@id":"https:\/\/www.deinadieu.ch\/it\/#\/schema\/logo\/image\/","url":"https:\/\/www.deinadieu.ch\/wp-content\/uploads\/2016\/01\/DeinAdieu_Logo.png","contentUrl":"https:\/\/www.deinadieu.ch\/wp-content\/uploads\/2016\/01\/DeinAdieu_Logo.png","width":300,"height":117,"caption":"EMNA Web GmbH"},"image":{"@id":"https:\/\/www.deinadieu.ch\/it\/#\/schema\/logo\/image\/"},"sameAs":["https:\/\/www.facebook.com\/deinadieu","https:\/\/x.com\/DeinAdieu","https:\/\/www.instagram.com\/deinadieu\/","https:\/\/www.linkedin.com\/company\/deinadieu.ch"]}]}},"_links":{"self":[{"href":"https:\/\/www.deinadieu.ch\/it\/wp-json\/wp\/v2\/ratgeber\/52603","targetHints":{"allow":["GET"]}}],"collection":[{"href":"https:\/\/www.deinadieu.ch\/it\/wp-json\/wp\/v2\/ratgeber"}],"about":[{"href":"https:\/\/www.deinadieu.ch\/it\/wp-json\/wp\/v2\/types\/ratgeber"}],"author":[{"embeddable":true,"href":"https:\/\/www.deinadieu.ch\/it\/wp-json\/wp\/v2\/users\/2398"}],"replies":[{"embeddable":true,"href":"https:\/\/www.deinadieu.ch\/it\/wp-json\/wp\/v2\/comments?post=52603"}],"version-history":[{"count":6,"href":"https:\/\/www.deinadieu.ch\/it\/wp-json\/wp\/v2\/ratgeber\/52603\/revisions"}],"predecessor-version":[{"id":55173,"href":"https:\/\/www.deinadieu.ch\/it\/wp-json\/wp\/v2\/ratgeber\/52603\/revisions\/55173"}],"wp:featuredmedia":[{"embeddable":true,"href":"https:\/\/www.deinadieu.ch\/it\/wp-json\/wp\/v2\/media\/29175"}],"wp:attachment":[{"href":"https:\/\/www.deinadieu.ch\/it\/wp-json\/wp\/v2\/media?parent=52603"}],"wp:term":[{"taxonomy":"post_tag","embeddable":true,"href":"https:\/\/www.deinadieu.ch\/it\/wp-json\/wp\/v2\/tags?post=52603"},{"taxonomy":"ratgeber-category","embeddable":true,"href":"https:\/\/www.deinadieu.ch\/it\/wp-json\/wp\/v2\/ratgeber-category?post=52603"}],"curies":[{"name":"wp","href":"https:\/\/api.w.org\/{rel}","templated":true}]}}