{"id":27488,"date":"2017-08-08T14:58:45","date_gmt":"2017-08-08T12:58:45","guid":{"rendered":"https:\/\/www.deinadieu.ch\/ratgeber\/caso-di-morte-senza-parenti-chi-e-responsabile\/"},"modified":"2023-10-15T06:05:27","modified_gmt":"2023-10-15T04:05:27","slug":"caso-di-morte-senza-parenti-chi-e-responsabile","status":"publish","type":"ratgeber","link":"https:\/\/www.deinadieu.ch\/it\/guida\/caso-di-morte-senza-parenti-chi-e-responsabile\/","title":{"rendered":"Caso di decesso senza parenti \u2013 chi \u00e8 responsabile?"},"content":{"rendered":"\n<p>Se il defunto non ha parenti \u00e8 il comune che inizialmente si occupa del funerale. Tuttavia, trasferir\u00e0 i costi ai parenti se si dovessero trovare.<\/p>\n\n<!--more-->\n\n<h2 class=\"wp-block-heading\">Chi si occupa della successione se non ci sono parenti?<\/h2>\n\n<p>In caso di decesso, il comune cerca prima di tutto di trovare i parenti del defunto. Il comune in cui il defunto era residente \u00e8 responsabile per questo. <strong>Se i parenti non si occupano della sepoltura o se la persona deceduta non ha parenti, in un primo momento \u00e8 il comune che organizza la sepoltura del defunto.<\/strong> Se dopo il caso di decesso dovesse comunque risultare che il defunto ha dei parenti, questi dovranno successivamente pagare il funerale. Tuttavia, questo \u00e8 pi\u00f9 costoso per i parenti che se avessero organizzato loro stessi il funerale. <\/p>\n\n<h2 class=\"wp-block-heading\">Cosa bisogna considerare in relazione a un funerale?<\/h2>\n\n<p>L&#8217;ufficio responsabile della <a href=\"https:\/\/www.deinadieu.ch\/it\/modelli-di-contratto-e-lettera\/\">sepoltura<\/a> deve chiarire se il defunto ha espresso una volont\u00e0 specifica in una qualsiasi forma riguardo la sepoltura. Questo pu\u00f2 essere per esempio una disposizione su <a href=\"https:\/\/www.deinadieu.ch\/ratgeber\/graeber-und-grabarten\/\">quale tipo di sepoltura si desidera<\/a> (per esempio nell&#8217;urna, sotto terra o nella tomba comune). Ci\u00f2 che dovete anche considerare nel contesto del funerale \u00e8 l&#8217;eventuale affiliazione religiosa del defunto. Poich\u00e9, a seconda dei casi, la sepoltura deve avvenire secondo un determinato rito religioso.<\/p>\n\n<p>Se <a href=\"https:\/\/www.deinadieu.ch\/ratgeber\/ich-habe-keine-nachkommen-wer-erbt\/\" target=\"_blank\" rel=\"noreferrer noopener\">qualcuno muore senza discendenti<\/a>, la legge prevede come eredi altri parenti. <a href=\"https:\/\/www.deinadieu.ch\/ratgeber\/vererben-ohne-testament-das-parentel-system\/\" target=\"_blank\" rel=\"noreferrer noopener\">Il sistema delle parentele<\/a> passa quindi alla seconda parentela dei genitori. In caso di decesso, i fratelli prendono il loro posto. Infine, la cosa pi\u00f9 sensata \u00e8 nominare come eredi persone non imparentate o organizzazioni di vostra scelta attraverso una disposizione testamentaria.<\/p>\n\n        <div class=\"relative shadow-lg -mx-12 mb-4 overflow-hidden\" style=\"background-image: url('https:\/\/www.deinadieu.ch\/wp-content\/themes\/da-v4\/assets\/v4\/banner\/bestattung.jpg'); background-size: cover; background-position: center\">\n            <div class=\"banner-white-box md:w-3\/5 text-black -ml-16 pl-16\" style=\"background-color: rgba(255,255,255,0.75)\">\n                <div class=\"inner\">\n                    <div class=\"text-2xl p-12\">Voglio <strong>definire da solo<\/strong> come dovrebbe essere il mio funerale.<\/div>\n                    <div class=\"px-12 md:mr-16\">\n                        <a href=\"https:\/\/www.deinadieu.ch\/vertraege-briefe\/view\/organisationshilfe-vor-der-bestattung\/\" target=\"_blank\" class=\"btn btn-da btn-small btn-block\">Organizzare funerale<\/a>\n                        <a href=\"https:\/\/www.deinadieu.ch\/todesfall\" target=\"_blank\" class=\"mt-4 btn btn-da btn-small btn-block\">Segnalare morte<\/a>\n                    <\/div>\n                    <div class=\"px-12 py-8\">\n                        <img decoding=\"async\" src=\"https:\/\/www.deinadieu.ch\/wp-content\/themes\/da-v4\/assets\/v4\/deinadieu_logo_dark.svg\" class=\"h-12\">\n                    <\/div>\n                <\/div>\n            <\/div>\n        <\/div>\n        \n\n<h2 class=\"wp-block-heading\" id=\"h-wer-zahlt-wenn-eine-person-ohne-vermogen-verstirbt\">Chi paga se una persona muore senza patrimonio?<\/h2>\n\n<p>Poich\u00e9 l\u2019assistenza sociale \u00e8 destinata a fornire un\u2019adeguata sussistenza, il suo ambito di applicazione \u00e8 limitato ai vivi e non si applica in caso di morte. Anche il sostegno dei parenti per le spese funebri \u00e8 escluso per legge, poich\u00e9 esso si riferisce solo a prestazioni di sussistenza. \u00c8 lasciato ai <a href=\"https:\/\/www.bern.ch\/themen\/personliches\/todesfall\/unentgeltliche-bestattung\" target=\"_blank\" rel=\"noreferrer noopener\">comuni<\/a> il compito di assicurare un funerale adeguato per tutti. Ogni persona ha infatti diritto a tale sepoltura, poich\u00e9 questo diritto fa parte della dignit\u00e0 umana ed \u00e8 protetto dalla <a href=\"https:\/\/www.fedlex.admin.ch\/eli\/cc\/1999\/404\/de\" target=\"_blank\" rel=\"noreferrer noopener\">Costituzione federale<\/a>. Per costi di sepoltura si intendono tutti i costi derivanti da una sepoltura in un luogo di sepoltura ufficiale nella localit\u00e0 di residenza o di morte. <\/p>\n\n<h2 class=\"wp-block-heading\" id=\"h-woruber-man-sich-gedanken-machen-kann\">Su cosa si pu\u00f2 riflettere:<\/h2>\n\n<ul class=\"wp-block-list\">\n<li>Avete gi\u00e0 pensato quale tipo di tomba vorreste per il vostro funerale?<\/li>\n\n\n\n<li>C&#8217;\u00e8 un particolare rito religioso da seguire? Allora una disposizione avrebbe senso.<\/li>\n\n\n\n<li>Avete discendenti che ereditano per legge?<\/li>\n\n\n\n<li>A chi volete lasciare cosa? <\/li>\n\n\n\n<li>Avrebbe senso un testamento?<\/li>\n<\/ul>\n\n<div style=\"height:25px\" aria-hidden=\"true\" class=\"wp-block-spacer\"><\/div>\n\n<div class=\"wp-block-buttons is-layout-flex wp-block-buttons-is-layout-flex\">\n<div class=\"wp-block-button\"><a class=\"wp-block-button__link wp-element-button\" href=\"https:\/\/app.deinadieu.ch\/testament\">Creare testamento gratuitamente<\/a><\/div>\n<\/div>\n\n<h2 class=\"wp-block-heading text-2xl\" id=\"h-das-konnte-sie-auch-interessieren\">Potrebbe anche interessarvi:<\/h2>\n\n<ul class=\"list-disc ml-4 wp-block-list\">\n<li><a href=\"https:\/\/www.deinadieu.ch\/it\/guida\/cosa-fare-dopo-un-caso-di-decesso\/\">Morte &#8211; Cosa fare quando qualcuno muore?<\/a><\/li>\n\n\n\n<li><a href=\"https:\/\/www.deinadieu.ch\/ratgeber\/graeber-und-grabarten\/\" target=\"_blank\" rel=\"noreferrer noopener\">Pi\u00f9 di una semplice tomba \u2013 un luogo di commemorazione dignitoso<\/a><\/li>\n\n\n\n<li><a href=\"https:\/\/www.deinadieu.ch\/it\/guida\/da-cosa-e-caratterizzata-una-sepoltura-e-da-cosa-dovrebbe-essere-caratterizzata-la-mia\/\" target=\"_blank\" rel=\"noreferrer noopener\">Da cosa \u00e8 caratterizzata una sepoltura \u2013 e da cosa dovrebbe essere caratterizzata la mia?<\/a><\/li>\n\n\n\n<li><a href=\"https:\/\/www.deinadieu.ch\/it\/guida\/obbligo-di-avviso-cosa-fare-in-caso-di-decesso\/\" target=\"_blank\" rel=\"noreferrer noopener\">Doveri successivi \u2013 quando e chi devo informare del decesso?<\/a><\/li>\n\n\n\n<li><a href=\"https:\/\/www.deinadieu.ch\/ratgeber\/vertraege-kuendigen\/\" target=\"_blank\" rel=\"noreferrer noopener\">Disdire contratti in caso di decesso \u2013 i contratti terminano automaticamente?<\/a><\/li>\n<\/ul>\n","protected":false},"excerpt":{"rendered":"<p>Se il defunto non ha parenti \u00e8 il comune che inizialmente si occupa del funerale. Tuttavia, trasferir\u00e0 i costi ai parenti se si dovessero trovare.<\/p>\n","protected":false},"author":2399,"featured_media":27489,"menu_order":0,"comment_status":"open","ping_status":"closed","template":"","tags":[2718,2045,2715,2713,2714,2719],"ratgeber-category":[3039,2167],"class_list":["post-27488","ratgeber","type-ratgeber","status-publish","has-post-thumbnail","hentry","tag-assistenza-sociale","tag-caso-di-morte","tag-funerale","tag-patrimonio","tag-sepoltura","tag-sostegno-dei-parenti","ratgeber-category-caso-di-decesso","ratgeber-category-funerale"],"acf":[],"yoast_head":"<title>Caso di decesso senza parenti \u2013 Chi \u00e8 responsabile? | DeinAdieu<\/title>\n<meta name=\"description\" content=\"Cosa succede quando una persona muore senza parenti? Chi si occupa del lascito e del funerale? Chi paga le spese funebri?\" \/>\n<meta name=\"robots\" content=\"index, follow, max-snippet:-1, max-image-preview:large, max-video-preview:-1\" \/>\n<link rel=\"canonical\" href=\"https:\/\/www.deinadieu.ch\/it\/guida\/caso-di-morte-senza-parenti-chi-e-responsabile\/\" \/>\n<meta property=\"og:locale\" content=\"it_IT\" \/>\n<meta property=\"og:type\" content=\"article\" \/>\n<meta property=\"og:title\" content=\"Caso di decesso senza parenti \u2013 chi \u00e8 responsabile?\" \/>\n<meta property=\"og:description\" content=\"Se il defunto non ha parenti \u00e8 il comune che inizialmente si occupa del funerale. Tuttavia, trasferir\u00e0 i costi ai parenti se si dovessero trovare. Chi si\" \/>\n<meta property=\"og:url\" content=\"https:\/\/www.deinadieu.ch\/it\/guida\/caso-di-morte-senza-parenti-chi-e-responsabile\/\" \/>\n<meta property=\"og:site_name\" content=\"DeinAdieu.ch\" \/>\n<meta property=\"article:publisher\" content=\"https:\/\/www.facebook.com\/deinadieu\" \/>\n<meta property=\"article:modified_time\" content=\"2023-10-15T04:05:27+00:00\" \/>\n<meta property=\"og:image\" content=\"https:\/\/static.deinadieu.ch\/uploads\/2017\/08\/Rat_Todesfall-ohne-Angehorige.jpg\" \/>\n\t<meta property=\"og:image:width\" content=\"1329\" \/>\n\t<meta property=\"og:image:height\" content=\"719\" \/>\n\t<meta property=\"og:image:type\" content=\"image\/jpeg\" \/>\n<meta name=\"twitter:card\" content=\"summary_large_image\" \/>\n<meta name=\"twitter:site\" content=\"@DeinAdieu\" \/>\n<meta name=\"twitter:label1\" content=\"Est. reading time\" \/>\n\t<meta name=\"twitter:data1\" content=\"2 minutes\" \/>\n<script type=\"application\/ld+json\" class=\"yoast-schema-graph\">{\"@context\":\"https:\\\/\\\/schema.org\",\"@graph\":[{\"@type\":\"WebPage\",\"@id\":\"https:\\\/\\\/www.deinadieu.ch\\\/it\\\/guida\\\/caso-di-morte-senza-parenti-chi-e-responsabile\\\/\",\"url\":\"https:\\\/\\\/www.deinadieu.ch\\\/it\\\/guida\\\/caso-di-morte-senza-parenti-chi-e-responsabile\\\/\",\"name\":\"Caso di decesso senza parenti \u2013 Chi \u00e8 responsabile? | DeinAdieu\",\"isPartOf\":{\"@id\":\"https:\\\/\\\/www.deinadieu.ch\\\/it\\\/#website\"},\"primaryImageOfPage\":{\"@id\":\"https:\\\/\\\/www.deinadieu.ch\\\/it\\\/guida\\\/caso-di-morte-senza-parenti-chi-e-responsabile\\\/#primaryimage\"},\"image\":{\"@id\":\"https:\\\/\\\/www.deinadieu.ch\\\/it\\\/guida\\\/caso-di-morte-senza-parenti-chi-e-responsabile\\\/#primaryimage\"},\"thumbnailUrl\":\"https:\\\/\\\/www.deinadieu.ch\\\/wp-content\\\/uploads\\\/2017\\\/08\\\/Rat_Todesfall-ohne-Angehorige.jpg\",\"datePublished\":\"2017-08-08T12:58:45+00:00\",\"dateModified\":\"2023-10-15T04:05:27+00:00\",\"description\":\"Cosa succede quando una persona muore senza parenti? Chi si occupa del lascito e del funerale? Chi paga le spese funebri?\",\"breadcrumb\":{\"@id\":\"https:\\\/\\\/www.deinadieu.ch\\\/it\\\/guida\\\/caso-di-morte-senza-parenti-chi-e-responsabile\\\/#breadcrumb\"},\"inLanguage\":\"it-IT\",\"potentialAction\":[{\"@type\":\"ReadAction\",\"target\":[\"https:\\\/\\\/www.deinadieu.ch\\\/it\\\/guida\\\/caso-di-morte-senza-parenti-chi-e-responsabile\\\/\"]}]},{\"@type\":\"ImageObject\",\"inLanguage\":\"it-IT\",\"@id\":\"https:\\\/\\\/www.deinadieu.ch\\\/it\\\/guida\\\/caso-di-morte-senza-parenti-chi-e-responsabile\\\/#primaryimage\",\"url\":\"https:\\\/\\\/www.deinadieu.ch\\\/wp-content\\\/uploads\\\/2017\\\/08\\\/Rat_Todesfall-ohne-Angehorige.jpg\",\"contentUrl\":\"https:\\\/\\\/www.deinadieu.ch\\\/wp-content\\\/uploads\\\/2017\\\/08\\\/Rat_Todesfall-ohne-Angehorige.jpg\",\"width\":1329,\"height\":719,\"caption\":\"Deceduto senza parenti: chi si occupa della successione? (Foto: Daniela Friedli)\"},{\"@type\":\"BreadcrumbList\",\"@id\":\"https:\\\/\\\/www.deinadieu.ch\\\/it\\\/guida\\\/caso-di-morte-senza-parenti-chi-e-responsabile\\\/#breadcrumb\",\"itemListElement\":[{\"@type\":\"ListItem\",\"position\":1,\"name\":\"Home\",\"item\":\"https:\\\/\\\/www.deinadieu.ch\\\/it\\\/deinadieu-dialog-und-serviceportal-zum-lebensende\\\/\"},{\"@type\":\"ListItem\",\"position\":2,\"name\":\"Ratgeber\",\"item\":\"https:\\\/\\\/www.deinadieu.ch\\\/it\\\/guida\\\/\"},{\"@type\":\"ListItem\",\"position\":3,\"name\":\"Caso di decesso senza parenti \u2013 chi \u00e8 responsabile?\"}]},{\"@type\":\"WebSite\",\"@id\":\"https:\\\/\\\/www.deinadieu.ch\\\/it\\\/#website\",\"url\":\"https:\\\/\\\/www.deinadieu.ch\\\/it\\\/\",\"name\":\"DeinAdieu.ch\",\"description\":\"Testament, Patientenverf\u00fcgung und Vorsorgeauftrag\",\"publisher\":{\"@id\":\"https:\\\/\\\/www.deinadieu.ch\\\/it\\\/#organization\"},\"potentialAction\":[{\"@type\":\"SearchAction\",\"target\":{\"@type\":\"EntryPoint\",\"urlTemplate\":\"https:\\\/\\\/www.deinadieu.ch\\\/it\\\/?s={search_term_string}\"},\"query-input\":{\"@type\":\"PropertyValueSpecification\",\"valueRequired\":true,\"valueName\":\"search_term_string\"}}],\"inLanguage\":\"it-IT\"},{\"@type\":\"Organization\",\"@id\":\"https:\\\/\\\/www.deinadieu.ch\\\/it\\\/#organization\",\"name\":\"EMNA Web GmbH\",\"url\":\"https:\\\/\\\/www.deinadieu.ch\\\/it\\\/\",\"logo\":{\"@type\":\"ImageObject\",\"inLanguage\":\"it-IT\",\"@id\":\"https:\\\/\\\/www.deinadieu.ch\\\/it\\\/#\\\/schema\\\/logo\\\/image\\\/\",\"url\":\"https:\\\/\\\/www.deinadieu.ch\\\/wp-content\\\/uploads\\\/2016\\\/01\\\/DeinAdieu_Logo.png\",\"contentUrl\":\"https:\\\/\\\/www.deinadieu.ch\\\/wp-content\\\/uploads\\\/2016\\\/01\\\/DeinAdieu_Logo.png\",\"width\":300,\"height\":117,\"caption\":\"EMNA Web GmbH\"},\"image\":{\"@id\":\"https:\\\/\\\/www.deinadieu.ch\\\/it\\\/#\\\/schema\\\/logo\\\/image\\\/\"},\"sameAs\":[\"https:\\\/\\\/www.facebook.com\\\/deinadieu\",\"https:\\\/\\\/x.com\\\/DeinAdieu\",\"https:\\\/\\\/www.instagram.com\\\/deinadieu\\\/\",\"https:\\\/\\\/www.linkedin.com\\\/company\\\/deinadieu.ch\"]}]}<\/script>","yoast_head_json":{"title":"Caso di decesso senza parenti \u2013 Chi \u00e8 responsabile? | DeinAdieu","description":"Cosa succede quando una persona muore senza parenti? Chi si occupa del lascito e del funerale? Chi paga le spese funebri?","robots":{"index":"index","follow":"follow","max-snippet":"max-snippet:-1","max-image-preview":"max-image-preview:large","max-video-preview":"max-video-preview:-1"},"canonical":"https:\/\/www.deinadieu.ch\/it\/guida\/caso-di-morte-senza-parenti-chi-e-responsabile\/","og_locale":"it_IT","og_type":"article","og_title":"Caso di decesso senza parenti \u2013 chi \u00e8 responsabile?","og_description":"Se il defunto non ha parenti \u00e8 il comune che inizialmente si occupa del funerale. Tuttavia, trasferir\u00e0 i costi ai parenti se si dovessero trovare. Chi si","og_url":"https:\/\/www.deinadieu.ch\/it\/guida\/caso-di-morte-senza-parenti-chi-e-responsabile\/","og_site_name":"DeinAdieu.ch","article_publisher":"https:\/\/www.facebook.com\/deinadieu","article_modified_time":"2023-10-15T04:05:27+00:00","og_image":[{"width":1329,"height":719,"url":"https:\/\/static.deinadieu.ch\/uploads\/2017\/08\/Rat_Todesfall-ohne-Angehorige.jpg","type":"image\/jpeg"}],"twitter_card":"summary_large_image","twitter_site":"@DeinAdieu","twitter_misc":{"Est. reading time":"2 minutes"},"schema":{"@context":"https:\/\/schema.org","@graph":[{"@type":"WebPage","@id":"https:\/\/www.deinadieu.ch\/it\/guida\/caso-di-morte-senza-parenti-chi-e-responsabile\/","url":"https:\/\/www.deinadieu.ch\/it\/guida\/caso-di-morte-senza-parenti-chi-e-responsabile\/","name":"Caso di decesso senza parenti \u2013 Chi \u00e8 responsabile? | DeinAdieu","isPartOf":{"@id":"https:\/\/www.deinadieu.ch\/it\/#website"},"primaryImageOfPage":{"@id":"https:\/\/www.deinadieu.ch\/it\/guida\/caso-di-morte-senza-parenti-chi-e-responsabile\/#primaryimage"},"image":{"@id":"https:\/\/www.deinadieu.ch\/it\/guida\/caso-di-morte-senza-parenti-chi-e-responsabile\/#primaryimage"},"thumbnailUrl":"https:\/\/www.deinadieu.ch\/wp-content\/uploads\/2017\/08\/Rat_Todesfall-ohne-Angehorige.jpg","datePublished":"2017-08-08T12:58:45+00:00","dateModified":"2023-10-15T04:05:27+00:00","description":"Cosa succede quando una persona muore senza parenti? Chi si occupa del lascito e del funerale? Chi paga le spese funebri?","breadcrumb":{"@id":"https:\/\/www.deinadieu.ch\/it\/guida\/caso-di-morte-senza-parenti-chi-e-responsabile\/#breadcrumb"},"inLanguage":"it-IT","potentialAction":[{"@type":"ReadAction","target":["https:\/\/www.deinadieu.ch\/it\/guida\/caso-di-morte-senza-parenti-chi-e-responsabile\/"]}]},{"@type":"ImageObject","inLanguage":"it-IT","@id":"https:\/\/www.deinadieu.ch\/it\/guida\/caso-di-morte-senza-parenti-chi-e-responsabile\/#primaryimage","url":"https:\/\/www.deinadieu.ch\/wp-content\/uploads\/2017\/08\/Rat_Todesfall-ohne-Angehorige.jpg","contentUrl":"https:\/\/www.deinadieu.ch\/wp-content\/uploads\/2017\/08\/Rat_Todesfall-ohne-Angehorige.jpg","width":1329,"height":719,"caption":"Deceduto senza parenti: chi si occupa della successione? (Foto: Daniela Friedli)"},{"@type":"BreadcrumbList","@id":"https:\/\/www.deinadieu.ch\/it\/guida\/caso-di-morte-senza-parenti-chi-e-responsabile\/#breadcrumb","itemListElement":[{"@type":"ListItem","position":1,"name":"Home","item":"https:\/\/www.deinadieu.ch\/it\/deinadieu-dialog-und-serviceportal-zum-lebensende\/"},{"@type":"ListItem","position":2,"name":"Ratgeber","item":"https:\/\/www.deinadieu.ch\/it\/guida\/"},{"@type":"ListItem","position":3,"name":"Caso di decesso senza parenti \u2013 chi \u00e8 responsabile?"}]},{"@type":"WebSite","@id":"https:\/\/www.deinadieu.ch\/it\/#website","url":"https:\/\/www.deinadieu.ch\/it\/","name":"DeinAdieu.ch","description":"Testament, Patientenverf\u00fcgung und Vorsorgeauftrag","publisher":{"@id":"https:\/\/www.deinadieu.ch\/it\/#organization"},"potentialAction":[{"@type":"SearchAction","target":{"@type":"EntryPoint","urlTemplate":"https:\/\/www.deinadieu.ch\/it\/?s={search_term_string}"},"query-input":{"@type":"PropertyValueSpecification","valueRequired":true,"valueName":"search_term_string"}}],"inLanguage":"it-IT"},{"@type":"Organization","@id":"https:\/\/www.deinadieu.ch\/it\/#organization","name":"EMNA Web GmbH","url":"https:\/\/www.deinadieu.ch\/it\/","logo":{"@type":"ImageObject","inLanguage":"it-IT","@id":"https:\/\/www.deinadieu.ch\/it\/#\/schema\/logo\/image\/","url":"https:\/\/www.deinadieu.ch\/wp-content\/uploads\/2016\/01\/DeinAdieu_Logo.png","contentUrl":"https:\/\/www.deinadieu.ch\/wp-content\/uploads\/2016\/01\/DeinAdieu_Logo.png","width":300,"height":117,"caption":"EMNA Web GmbH"},"image":{"@id":"https:\/\/www.deinadieu.ch\/it\/#\/schema\/logo\/image\/"},"sameAs":["https:\/\/www.facebook.com\/deinadieu","https:\/\/x.com\/DeinAdieu","https:\/\/www.instagram.com\/deinadieu\/","https:\/\/www.linkedin.com\/company\/deinadieu.ch"]}]}},"_links":{"self":[{"href":"https:\/\/www.deinadieu.ch\/it\/wp-json\/wp\/v2\/ratgeber\/27488","targetHints":{"allow":["GET"]}}],"collection":[{"href":"https:\/\/www.deinadieu.ch\/it\/wp-json\/wp\/v2\/ratgeber"}],"about":[{"href":"https:\/\/www.deinadieu.ch\/it\/wp-json\/wp\/v2\/types\/ratgeber"}],"author":[{"embeddable":true,"href":"https:\/\/www.deinadieu.ch\/it\/wp-json\/wp\/v2\/users\/2399"}],"replies":[{"embeddable":true,"href":"https:\/\/www.deinadieu.ch\/it\/wp-json\/wp\/v2\/comments?post=27488"}],"version-history":[{"count":20,"href":"https:\/\/www.deinadieu.ch\/it\/wp-json\/wp\/v2\/ratgeber\/27488\/revisions"}],"predecessor-version":[{"id":65703,"href":"https:\/\/www.deinadieu.ch\/it\/wp-json\/wp\/v2\/ratgeber\/27488\/revisions\/65703"}],"wp:featuredmedia":[{"embeddable":true,"href":"https:\/\/www.deinadieu.ch\/it\/wp-json\/wp\/v2\/media\/27489"}],"wp:attachment":[{"href":"https:\/\/www.deinadieu.ch\/it\/wp-json\/wp\/v2\/media?parent=27488"}],"wp:term":[{"taxonomy":"post_tag","embeddable":true,"href":"https:\/\/www.deinadieu.ch\/it\/wp-json\/wp\/v2\/tags?post=27488"},{"taxonomy":"ratgeber-category","embeddable":true,"href":"https:\/\/www.deinadieu.ch\/it\/wp-json\/wp\/v2\/ratgeber-category?post=27488"}],"curies":[{"name":"wp","href":"https:\/\/api.w.org\/{rel}","templated":true}]}}