{"id":65617,"date":"2023-10-03T14:18:35","date_gmt":"2023-10-03T12:18:35","guid":{"rendered":"https:\/\/www.deinadieu.ch\/deinadieu-per-le-organizzazioni-non-profit\/"},"modified":"2025-04-22T13:18:23","modified_gmt":"2025-04-22T11:18:23","slug":"deinadieu-per-le-organizzazioni-non-profit","status":"publish","type":"page","link":"https:\/\/www.deinadieu.ch\/it\/deinadieu-per-le-organizzazioni-non-profit\/","title":{"rendered":"DeinAdieu per le organizzazioni non profit"},"content":{"rendered":"\n<div class=\"wp-block-columns is-layout-flex wp-container-core-columns-is-layout-28f84493 wp-block-columns-is-layout-flex\">\n<div class=\"wp-block-column is-layout-flow wp-block-column-is-layout-flow\">\n<figure class=\"wp-block-image size-full\"><img decoding=\"async\" src=\"https:\/\/www.deinadieu.ch\/wp-content\/uploads\/2023\/09\/Group-58.svg\" alt=\"\" class=\"wp-image-65504\" style=\"object-fit:cover\"\/><\/figure>\n\n\n\n<p class=\"has-text-align-center\">&gt; 200 organizzazioni si fidano di DeinAdieu e utilizzano i link speciali.<\/p>\n<\/div>\n\n\n\n<div class=\"wp-block-column is-layout-flow wp-block-column-is-layout-flow\">\n<figure class=\"wp-block-image size-full\"><img decoding=\"async\" src=\"https:\/\/www.deinadieu.ch\/wp-content\/uploads\/2023\/09\/Group-61.svg\" alt=\"\" class=\"wp-image-65512\" style=\"object-fit:cover\"\/><\/figure>\n\n\n\n<p class=\"has-text-align-center\">I modelli di testamento vengono creati da circa 70.000 utenti ogni anno.<\/p>\n<\/div>\n\n\n\n<div class=\"wp-block-column is-layout-flow wp-block-column-is-layout-flow\">\n<figure class=\"wp-block-image size-full\"><img decoding=\"async\" src=\"https:\/\/www.deinadieu.ch\/wp-content\/uploads\/2023\/09\/Group-60.svg\" alt=\"\" class=\"wp-image-65516\" style=\"object-fit:cover\"\/><\/figure>\n\n\n\n<p class=\"has-text-align-center\">&gt; 1000 potenziali lasciti vengono determinati nel corso dell&#8217;anno attraverso DeinAdieu.<\/p>\n<\/div>\n<\/div>\n\n<div class=\"wp-block-columns is-layout-flex wp-container-core-columns-is-layout-28f84493 wp-block-columns-is-layout-flex\">\n<div class=\"wp-block-column is-layout-flow wp-block-column-is-layout-flow\" style=\"flex-basis:33.33%\"><\/div>\n\n\n\n<div class=\"wp-block-column is-layout-flow wp-block-column-is-layout-flow\" style=\"flex-basis:66.66%\">\n<div class=\"wp-block-buttons is-content-justification-right is-layout-flex wp-container-core-buttons-is-layout-d445cf74 wp-block-buttons-is-layout-flex\">\n<div class=\"wp-block-button is-style-da-dark\"><a class=\"wp-block-button__link has-da-default-color has-da-blue-background-color has-text-color has-background wp-element-button\" href=\"https:\/\/www.deinadieu.ch\/it\/la-raccolta-di-fondi-per-leredita-diventa-facile-con-deinadieu\/\">Alle offerte per le organizzazioni<\/a><\/div>\n<\/div>\n<\/div>\n<\/div>\n\n<div style=\"height:100px\" aria-hidden=\"true\" class=\"wp-block-spacer\"><\/div>\n\n<h2 class=\"wp-block-heading title text-4xl font-semibold mb-10 has-text-color\" id=\"h-warum-erbschafts-legatefundraising\" style=\"color:#4a5568\">Perch\u00e9 <strong><strong>Raccolta fondi ereditaria<\/strong><\/strong>?<\/h2>\n\n<div style=\"height:25px\" aria-hidden=\"true\" class=\"wp-block-spacer\"><\/div>\n\n<div class=\"wp-block-columns is-layout-flex wp-container-core-columns-is-layout-28f84493 wp-block-columns-is-layout-flex\">\n<div class=\"wp-block-column is-layout-flow wp-block-column-is-layout-flow\" style=\"flex-basis:66.66%\">\n<p class=\"has-text-color\" style=\"color:#4a5568\">Perch\u00e9 il potenziale delle organizzazioni svizzere \u00e8 grande. Perch\u00e9 in tutta la Svizzera, <strong>vengono lasciati in eredit\u00e0 circa 95 Mrd di franchi all&#8217;anno (2019, NZZ).<\/strong> Di questi, le organizzazioni non profit ricevono attualmente una cifra stimata al <strong>3-4 per mille<\/strong>.<\/p>\n\n\n\n<p class=\"has-text-color\" style=\"color:#4a5568\">DeinAdieu offre alla vostra organizzazione non profit <strong>visibilit\u00e0 presso il giusto pubblico di riferimento<\/strong>, propone la vostra <strong>organizzazione a migliaia di potenziali legatari ogni anno <\/strong>e vi fornisce un portafoglio innovativo e collaudato di <strong>strumenti di raccolta fondi online<\/strong>.<\/p>\n<\/div>\n<\/div>\n\n<div style=\"height:100px\" aria-hidden=\"true\" class=\"wp-block-spacer\"><\/div>\n\n<div class=\"wp-block-group alignwide has-da-yellow-background-color has-background is-layout-constrained wp-block-group-is-layout-constrained\" style=\"border-radius:1rem\">\n<div class=\"wp-block-columns are-vertically-aligned-center is-layout-flex wp-container-core-columns-is-layout-28f84493 wp-block-columns-is-layout-flex\">\n<div class=\"wp-block-column is-vertically-aligned-center is-layout-flow wp-block-column-is-layout-flow\">\n<div class=\"wp-block-group aspect-square has-white-background-color has-background is-nowrap is-layout-flex wp-container-core-group-is-layout-6c531013 wp-block-group-is-layout-flex\" style=\"border-style:none;border-width:0px;border-radius:20rem\">\n<p class=\"has-text-align-center\" style=\"font-size:1.8rem\">150 milioni di franchi in potenziali lasciti a scopo benefico negli ultimi quattro anni<\/p>\n<\/div>\n<\/div>\n\n\n\n<div class=\"wp-block-column is-vertically-aligned-center is-layout-flow wp-block-column-is-layout-flow\">\n<h2 class=\"wp-block-heading has-da-default-color has-text-color\" id=\"h-wir-bedanken-uns-herzlich-bei-unseren-partner-innen-und-spender-innen-fur-das-vertrauen-und-die-grosszugigkeit\">Desideriamo ringraziare i nostri partner e donatori per la loro fiducia e generosit\u00e0! <\/h2>\n<\/div>\n<\/div>\n<\/div>\n\n<h2 class=\"wp-block-heading\" id=\"h-diese-organisationen-vertrauen-auf-deinadieu\">Queste organizzazioni si affidano a DeinAdieu:<\/h2>\n\n<div class=\"wp-block-columns is-layout-flex wp-container-core-columns-is-layout-28f84493 wp-block-columns-is-layout-flex\">\n<div class=\"wp-block-column is-layout-flow wp-block-column-is-layout-flow\">\n<figure class=\"wp-block-image size-full\"><img loading=\"lazy\" decoding=\"async\" width=\"810\" height=\"916\" src=\"https:\/\/www.deinadieu.ch\/wp-content\/uploads\/2025\/04\/vier_pfoten.png\" alt=\"\" class=\"wp-image-69069\" srcset=\"https:\/\/www.deinadieu.ch\/wp-content\/uploads\/2025\/04\/vier_pfoten.png 810w, https:\/\/www.deinadieu.ch\/wp-content\/uploads\/2025\/04\/vier_pfoten-265x300.png 265w\" sizes=\"auto, (max-width: 810px) 100vw, 810px\" \/><\/figure>\n<\/div>\n\n\n\n<div class=\"wp-block-column is-layout-flow wp-block-column-is-layout-flow\">\n<figure class=\"wp-block-image size-full\"><img loading=\"lazy\" decoding=\"async\" width=\"810\" height=\"916\" src=\"https:\/\/www.deinadieu.ch\/wp-content\/uploads\/2025\/04\/krebsliga.png\" alt=\"\" class=\"wp-image-69073\" srcset=\"https:\/\/www.deinadieu.ch\/wp-content\/uploads\/2025\/04\/krebsliga.png 810w, https:\/\/www.deinadieu.ch\/wp-content\/uploads\/2025\/04\/krebsliga-265x300.png 265w\" sizes=\"auto, (max-width: 810px) 100vw, 810px\" \/><\/figure>\n<\/div>\n\n\n\n<div class=\"wp-block-column is-layout-flow wp-block-column-is-layout-flow\">\n<figure class=\"wp-block-image size-full\"><img loading=\"lazy\" decoding=\"async\" width=\"810\" height=\"916\" src=\"https:\/\/www.deinadieu.ch\/wp-content\/uploads\/2025\/04\/pro_alps.png\" alt=\"\" class=\"wp-image-69065\" srcset=\"https:\/\/www.deinadieu.ch\/wp-content\/uploads\/2025\/04\/pro_alps.png 810w, https:\/\/www.deinadieu.ch\/wp-content\/uploads\/2025\/04\/pro_alps-265x300.png 265w\" sizes=\"auto, (max-width: 810px) 100vw, 810px\" \/><\/figure>\n<\/div>\n<\/div>\n\n<div class=\"wp-block-buttons is-content-justification-right is-layout-flex wp-container-core-buttons-is-layout-d445cf74 wp-block-buttons-is-layout-flex\">\n<div class=\"wp-block-button is-style-da-dark\"><a class=\"wp-block-button__link has-da-default-color has-da-blue-background-color has-text-color has-background wp-element-button\" href=\"https:\/\/www.deinadieu.ch\/it\/organizzazioni-caritatevoli\/\">A tutte le organizzazioni partner<\/a><\/div>\n<\/div>\n\n<div style=\"height:100px\" aria-hidden=\"true\" class=\"wp-block-spacer\"><\/div>\n\n<div class=\"wp-block-group alignwide has-white-color has-da-default-background-color has-text-color has-background is-layout-constrained wp-block-group-is-layout-constrained\" style=\"border-radius:1rem\">\n<div class=\"wp-block-columns are-vertically-aligned-center is-layout-flex wp-container-core-columns-is-layout-28f84493 wp-block-columns-is-layout-flex\">\n<div class=\"wp-block-column is-vertically-aligned-center is-layout-flow wp-block-column-is-layout-flow\">\n<h2 class=\"wp-block-heading has-white-color has-text-color\" id=\"h-werden-sie-jetzt-partnerorganisation-von-deinadieu\">Diventate ora un&#8217;organizzazione partner di DeinAdieu<\/h2>\n\n\n\n<p>Compilare il modulo di contatto per le organizzazioni partner. Dopo un esame iniziale, saremo lieti di invitarvi a una presentazione online senza impegno dove vi spiegheremo in dettaglio tutta la nostra <a href=\"https:\/\/www.deinadieu.ch\/it\/la-raccolta-di-fondi-per-leredita-diventa-facile-con-deinadieu\/\" target=\"_blank\" rel=\"noreferrer noopener\">offerta<\/a>.<\/p>\n\n\n\n<div class=\"wp-block-buttons is-layout-flex wp-block-buttons-is-layout-flex\">\n<div class=\"wp-block-button is-style-da-dark\"><a class=\"wp-block-button__link has-da-default-color has-da-blue-background-color has-text-color has-background wp-element-button\" href=\"https:\/\/www.deinadieu.ch\/it\/richiesta-partnership-deinadieu\/\">Al modulo di contatto<\/a><\/div>\n<\/div>\n<\/div>\n<\/div>\n<\/div>\n\n<div style=\"height:100px\" aria-hidden=\"true\" class=\"wp-block-spacer\"><\/div>\n\n<h2 class=\"wp-block-heading\" id=\"h-jahresruckblick-news-blogartikel-und-weitere-spannende-ressourcen\">Bilancio dell&#8217;anno, notizie, articoli di blog e altre interessanti risorse<\/h2>\n\n<div class=\"wp-block-group is-layout-constrained wp-block-group-is-layout-constrained\">\n<h3 class=\"wp-block-heading\" id=\"h-jahresruckblick-2023\">Revisione dell&#8217;anno 2023<\/h3>\n\n\n\n<p>I punti salienti dell&#8217;anno passato e le prospettive per l&#8217;anno successivo sono riportate nel nostro bilancio annuale.<\/p>\n\n\n\n<div class=\"wp-block-buttons is-content-justification-right is-layout-flex wp-container-core-buttons-is-layout-d445cf74 wp-block-buttons-is-layout-flex\">\n<div class=\"wp-block-button is-style-da-dark\"><a class=\"wp-block-button__link has-da-default-color has-da-blue-background-color has-text-color has-background wp-element-button\" href=\"https:\/\/www.deinadieu.ch\/jahresrueckblick-2023-und-ausblick-2024\/\" target=\"_blank\" rel=\"noreferrer noopener\">Alla revisione dell&#8217;anno in corso<\/a><\/div>\n<\/div>\n<\/div>\n\n<div class=\"wp-block-group is-layout-constrained wp-block-group-is-layout-constrained\">\n<h3 class=\"wp-block-heading\" id=\"h-jahresruckblick-2022\">Revisione annuale 2022<\/h3>\n\n\n\n<p>Tutti i punti salienti del 2022 sono riportati nella rassegna annuale.<\/p>\n\n\n\n<div class=\"wp-block-buttons is-content-justification-right is-layout-flex wp-container-core-buttons-is-layout-d445cf74 wp-block-buttons-is-layout-flex\">\n<div class=\"wp-block-button is-style-da-dark\"><a class=\"wp-block-button__link has-da-default-color has-da-blue-background-color has-text-color has-background wp-element-button\" href=\"https:\/\/www.deinadieu.ch\/it\/bilancio-annuale-2022-e-prospettive-2023\/\">Alla revisione annuale del 2022<\/a><\/div>\n<\/div>\n<\/div>\n\n<div class=\"wp-block-group is-layout-constrained wp-block-group-is-layout-constrained\">\n<h3 class=\"wp-block-heading\" id=\"h-news\">Notizie<\/h3>\n\n\n\n<p>Gli sviluppi importanti di DeinAdieu in sintesi &#8211; le nostre notizie. <\/p>\n\n\n\n<div class=\"wp-block-buttons is-content-justification-right is-layout-flex wp-container-core-buttons-is-layout-d445cf74 wp-block-buttons-is-layout-flex\">\n<div class=\"wp-block-button is-style-da-dark\"><a class=\"wp-block-button__link has-da-default-color has-da-blue-background-color has-text-color has-background wp-element-button\" href=\"https:\/\/www.deinadieu.ch\/news\/\">Agli articoli di cronaca<\/a><\/div>\n<\/div>\n<\/div>\n\n<div class=\"wp-block-group is-layout-constrained wp-block-group-is-layout-constrained\">\n<h3 class=\"wp-block-heading\" id=\"h-vergleichsartikel-fundraising-magazin\">Articolo a confronto Rivista di Fundraising<\/h3>\n\n\n\n<p>Nell&#8217;articolo comparativo &#8220;Legacy marketing: ecco i portali online pi\u00f9 utili&#8221;, Fundraising Magazin online mette a confronto i portali pi\u00f9 noti. Leggete qui come si comporta DeinAdieu.<\/p>\n\n\n\n<div class=\"wp-block-buttons is-content-justification-right is-layout-flex wp-container-core-buttons-is-layout-d445cf74 wp-block-buttons-is-layout-flex\">\n<div class=\"wp-block-button is-style-da-dark\"><a class=\"wp-block-button__link has-da-default-color has-da-blue-background-color has-text-color has-background wp-element-button\" href=\"https:\/\/www.deinadieu.ch\/wp-content\/uploads\/2023\/03\/230316_Erbschafts-Marketing%E2%80%93Online-Portale_im_Ueberblick_Fundraiser_Download.pdf\">All&#8217;articolo di confronto<\/a><\/div>\n<\/div>\n<\/div>\n\n<div class=\"wp-block-group is-layout-constrained wp-block-group-is-layout-constrained\">\n<h3 class=\"wp-block-heading\" id=\"h-vergleichsartikel-fundcom\">Articolo di confronto FundCom<\/h3>\n\n\n\n<p>Per conto di DeinAdieu, FundCom ha messo a confronto i tre pi\u00f9 noti portali svizzeri di legacy fundraising. Leggi qui l&#8217;articolo &#8220;DeinAdieu a confronto con moribono AG e l&#8217;Alleanza per il Bene Comune&#8221;.<\/p>\n\n\n\n<div class=\"wp-block-buttons is-content-justification-right is-layout-flex wp-container-core-buttons-is-layout-d445cf74 wp-block-buttons-is-layout-flex\">\n<div class=\"wp-block-button is-style-da-dark\"><a class=\"wp-block-button__link has-da-default-color has-da-blue-background-color has-text-color has-background wp-element-button\" href=\"https:\/\/www.deinadieu.ch\/it\/guida-ong\/raccolta-fondi-deinadieu-a-confronto-con-moribono-sa-e-alleanza-per-il-bene-comune\/\">All&#8217;articolo di confronto<\/a><\/div>\n<\/div>\n<\/div>\n\n<div class=\"wp-block-group is-layout-constrained wp-block-group-is-layout-constrained\">\n<h3 class=\"wp-block-heading\" id=\"h-faqs-fur-ngos\">Domande frequenti per le ONG<\/h3>\n\n\n\n<p>Nelle nostre FAQ rispondiamo alle domande pi\u00f9 importanti e frequenti sulle offerte e sulle funzionalit\u00e0 di DeinAdieu per le organizzazioni non profit.<\/p>\n\n\n\n<div class=\"wp-block-buttons is-content-justification-right is-layout-flex wp-container-core-buttons-is-layout-d445cf74 wp-block-buttons-is-layout-flex\">\n<div class=\"wp-block-button is-style-da-dark\"><a class=\"wp-block-button__link has-da-default-color has-da-blue-background-color has-text-color has-background wp-element-button\" href=\"https:\/\/www.deinadieu.ch\/it\/domande-frequenti-faq\/\">Alle FAQ per le organizzazioni<\/a><\/div>\n<\/div>\n<\/div>\n\n<p><\/p>\n\n<div class=\"wp-block-group is-layout-constrained wp-block-group-is-layout-constrained\">\n<h3 class=\"wp-block-heading\" id=\"h-ratgeberbeitrage-fur-ngos\">Contributi alla guida per le ONG<\/h3>\n\n\n\n<p>Per informazioni e suggerimenti importanti per le organizzazioni, consultare gli articoli della nostra guida per le ONG.<\/p>\n\n\n\n<div class=\"wp-block-buttons is-content-justification-right is-layout-flex wp-container-core-buttons-is-layout-d445cf74 wp-block-buttons-is-layout-flex\">\n<div class=\"wp-block-button is-style-da-dark\"><a class=\"wp-block-button__link has-da-default-color has-da-blue-background-color has-text-color has-background wp-element-button\" href=\"https:\/\/www.deinadieu.ch\/ngo-ratgeber\/\">Agli articoli della guida<\/a><\/div>\n<\/div>\n<\/div>\n\n<div class=\"wp-block-group is-layout-constrained wp-block-group-is-layout-constrained\">\n<h3 class=\"wp-block-heading\" id=\"h-facebook-und-linkedin\">Facebook e LinkedIn<\/h3>\n\n\n\n<p>Seguiteci sui nostri social media e rimanete sempre informati.<\/p>\n\n\n\n<div class=\"wp-block-columns is-layout-flex wp-container-core-columns-is-layout-28f84493 wp-block-columns-is-layout-flex\">\n<div class=\"wp-block-column is-layout-flow wp-block-column-is-layout-flow\">\n<figure class=\"wp-block-image size-large is-style-default\"><a href=\"https:\/\/www.facebook.com\/deinadieu\"><img loading=\"lazy\" decoding=\"async\" width=\"982\" height=\"1024\" src=\"https:\/\/www.deinadieu.ch\/wp-content\/uploads\/2023\/09\/Frame-64-982x1024.png\" alt=\"\" class=\"wp-image-65486\" srcset=\"https:\/\/www.deinadieu.ch\/wp-content\/uploads\/2023\/09\/Frame-64-982x1024.png 982w, https:\/\/www.deinadieu.ch\/wp-content\/uploads\/2023\/09\/Frame-64-288x300.png 288w, https:\/\/www.deinadieu.ch\/wp-content\/uploads\/2023\/09\/Frame-64.png 1236w\" sizes=\"auto, (max-width: 982px) 100vw, 982px\" \/><\/a><\/figure>\n\n\n\n<div class=\"wp-block-buttons is-content-justification-right is-layout-flex wp-container-core-buttons-is-layout-d445cf74 wp-block-buttons-is-layout-flex\">\n<div class=\"wp-block-button is-style-da-dark\"><a class=\"wp-block-button__link has-da-default-color has-da-blue-background-color has-text-color has-background wp-element-button\" href=\"https:\/\/www.facebook.com\/deinadieu\">Alla pagina Facebook<\/a><\/div>\n<\/div>\n<\/div>\n\n\n\n<div class=\"wp-block-column is-layout-flow wp-block-column-is-layout-flow\">\n<figure class=\"wp-block-image size-large\"><a href=\"https:\/\/www.linkedin.com\/company\/10548409\/admin\/feed\/posts\/\"><img loading=\"lazy\" decoding=\"async\" width=\"982\" height=\"1024\" src=\"https:\/\/www.deinadieu.ch\/wp-content\/uploads\/2023\/09\/Frame-65-982x1024.png\" alt=\"\" class=\"wp-image-65490\" srcset=\"https:\/\/www.deinadieu.ch\/wp-content\/uploads\/2023\/09\/Frame-65-982x1024.png 982w, https:\/\/www.deinadieu.ch\/wp-content\/uploads\/2023\/09\/Frame-65-288x300.png 288w, https:\/\/www.deinadieu.ch\/wp-content\/uploads\/2023\/09\/Frame-65.png 1236w\" sizes=\"auto, (max-width: 982px) 100vw, 982px\" \/><\/a><\/figure>\n\n\n\n<div class=\"wp-block-buttons is-content-justification-right is-layout-flex wp-container-core-buttons-is-layout-d445cf74 wp-block-buttons-is-layout-flex\">\n<div class=\"wp-block-button is-style-da-dark\"><a class=\"wp-block-button__link has-da-default-color has-da-blue-background-color has-text-color has-background wp-element-button\" href=\"https:\/\/www.linkedin.com\/company\/deinadieu\/\">Alla pagina LinkedIn<\/a><\/div>\n<\/div>\n<\/div>\n<\/div>\n<\/div>\n\n<div style=\"height:100px\" aria-hidden=\"true\" class=\"wp-block-spacer\"><\/div>\n\n<h2 class=\"wp-block-heading\">Conoscere il team DeinAdieu<\/h2>\n\n<div class=\"wp-block-columns is-layout-flex wp-container-core-columns-is-layout-28f84493 wp-block-columns-is-layout-flex\">\n<div class=\"wp-block-column is-layout-flow wp-block-column-is-layout-flow\">\n<figure class=\"wp-block-image size-large\"><img loading=\"lazy\" decoding=\"async\" width=\"768\" height=\"1024\" src=\"https:\/\/www.deinadieu.ch\/wp-content\/uploads\/2023\/09\/DA-Team-768x1024.jpeg\" alt=\"\" class=\"wp-image-65428\" style=\"aspect-ratio:1;object-fit:cover\" srcset=\"https:\/\/www.deinadieu.ch\/wp-content\/uploads\/2023\/09\/DA-Team-768x1024.jpeg 768w, https:\/\/www.deinadieu.ch\/wp-content\/uploads\/2023\/09\/DA-Team-225x300.jpeg 225w, https:\/\/www.deinadieu.ch\/wp-content\/uploads\/2023\/09\/DA-Team-1152x1536.jpeg 1152w, https:\/\/www.deinadieu.ch\/wp-content\/uploads\/2023\/09\/DA-Team.jpeg 1536w\" sizes=\"auto, (max-width: 768px) 100vw, 768px\" \/><\/figure>\n<\/div>\n\n\n\n<div class=\"wp-block-column is-layout-flow wp-block-column-is-layout-flow\">\n<p>Servizi ai clienti, articoli legali, relazioni, traduzioni, social media: il team di DeinAdieu \u00e8 vario come le organizzazioni che serve. Ogni membro del team utilizza i propri punti di forza per la causa comune: questo non solo \u00e8 divertente, ma garantisce anche la migliore qualit\u00e0 possibile.<\/p>\n\n\n\n<div class=\"wp-block-buttons is-content-justification-right is-layout-flex wp-container-core-buttons-is-layout-d445cf74 wp-block-buttons-is-layout-flex\">\n<div class=\"wp-block-button is-style-da-dark\"><a class=\"wp-block-button__link has-da-default-color has-da-blue-background-color has-text-color has-background wp-element-button\" href=\"https:\/\/www.deinadieu.ch\/it\/cose-deinadieu\/il-team-e-la-rete\/\">Conoscere il team DeinAdieu e fare rete ora<\/a><\/div>\n<\/div>\n<\/div>\n<\/div>\n\n<div style=\"height:100px\" aria-hidden=\"true\" class=\"wp-block-spacer\"><\/div>\n\n<div class=\"wp-block-create-block-deinadieu-ngo-teaser\"><div id=\"ngo-teaser\" data-title=\"\" data-slug=\"\"><\/div><\/div>\n","protected":false},"excerpt":{"rendered":"<p>&gt; 200 organizzazioni si fidano di DeinAdieu e utilizzano i link speciali. I modelli di testamento vengono creati da circa 70.000 utenti ogni anno. &gt; 1000 potenziali lasciti vengono determinati nel corso dell&#8217;anno attraverso DeinAdieu. Perch\u00e9 Raccolta fondi ereditaria? Perch\u00e9 il potenziale delle organizzazioni svizzere \u00e8 grande. Perch\u00e9 in tutta la Svizzera, vengono lasciati in [&hellip;]<\/p>\n","protected":false},"author":6041,"featured_media":25587,"parent":0,"menu_order":0,"comment_status":"closed","ping_status":"closed","template":"","meta":{"_acf_changed":false,"footnotes":""},"class_list":["post-65617","page","type-page","status-publish","has-post-thumbnail","hentry"],"acf":[],"yoast_head":"<title>Organizzazioni senza scopo di lucro: raccolta fondi e legati | DeinAdieu<\/title>\n<meta name=\"description\" content=\"DeinAdieu gestisce un portale online con una vasta gamma di argomenti. Per noi sono quindi essenziali Partner forti.\" \/>\n<meta name=\"robots\" content=\"index, follow, max-snippet:-1, max-image-preview:large, max-video-preview:-1\" \/>\n<link rel=\"canonical\" href=\"https:\/\/www.deinadieu.ch\/it\/deinadieu-per-le-organizzazioni-non-profit\/\" \/>\n<meta property=\"og:locale\" content=\"it_IT\" \/>\n<meta property=\"og:type\" content=\"article\" \/>\n<meta property=\"og:title\" content=\"DeinAdieu per le organizzazioni non profit\" \/>\n<meta property=\"og:description\" content=\"&gt; 200 organizzazioni si fidano di DeinAdieu e utilizzano i link speciali. I modelli di testamento vengono creati da circa 70.000 utenti ogni anno. &gt;\" \/>\n<meta property=\"og:url\" content=\"https:\/\/www.deinadieu.ch\/it\/deinadieu-per-le-organizzazioni-non-profit\/\" \/>\n<meta property=\"og:site_name\" content=\"DeinAdieu.ch\" \/>\n<meta property=\"article:publisher\" content=\"https:\/\/www.facebook.com\/deinadieu\" \/>\n<meta property=\"article:modified_time\" content=\"2025-04-22T11:18:23+00:00\" \/>\n<meta property=\"og:image\" content=\"https:\/\/static.deinadieu.ch\/uploads\/2020\/07\/iStock-813460430-e1600435231398.jpg\" \/>\n\t<meta property=\"og:image:width\" content=\"1280\" \/>\n\t<meta property=\"og:image:height\" content=\"482\" \/>\n\t<meta property=\"og:image:type\" content=\"image\/jpeg\" \/>\n<meta name=\"twitter:card\" content=\"summary_large_image\" \/>\n<meta name=\"twitter:site\" content=\"@DeinAdieu\" \/>\n<meta name=\"twitter:label1\" content=\"Est. reading time\" \/>\n\t<meta name=\"twitter:data1\" content=\"5 minutes\" \/>\n<script type=\"application\/ld+json\" class=\"yoast-schema-graph\">{\"@context\":\"https:\\\/\\\/schema.org\",\"@graph\":[{\"@type\":\"WebPage\",\"@id\":\"https:\\\/\\\/www.deinadieu.ch\\\/it\\\/deinadieu-per-le-organizzazioni-non-profit\\\/\",\"url\":\"https:\\\/\\\/www.deinadieu.ch\\\/it\\\/deinadieu-per-le-organizzazioni-non-profit\\\/\",\"name\":\"Organizzazioni senza scopo di lucro: raccolta fondi e legati | DeinAdieu\",\"isPartOf\":{\"@id\":\"https:\\\/\\\/www.deinadieu.ch\\\/it\\\/#website\"},\"primaryImageOfPage\":{\"@id\":\"https:\\\/\\\/www.deinadieu.ch\\\/it\\\/deinadieu-per-le-organizzazioni-non-profit\\\/#primaryimage\"},\"image\":{\"@id\":\"https:\\\/\\\/www.deinadieu.ch\\\/it\\\/deinadieu-per-le-organizzazioni-non-profit\\\/#primaryimage\"},\"thumbnailUrl\":\"https:\\\/\\\/www.deinadieu.ch\\\/wp-content\\\/uploads\\\/2020\\\/07\\\/iStock-813460430-e1600435231398.jpg\",\"datePublished\":\"2023-10-03T12:18:35+00:00\",\"dateModified\":\"2025-04-22T11:18:23+00:00\",\"description\":\"DeinAdieu gestisce un portale online con una vasta gamma di argomenti. Per noi sono quindi essenziali Partner forti.\",\"breadcrumb\":{\"@id\":\"https:\\\/\\\/www.deinadieu.ch\\\/it\\\/deinadieu-per-le-organizzazioni-non-profit\\\/#breadcrumb\"},\"inLanguage\":\"it-IT\",\"potentialAction\":[{\"@type\":\"ReadAction\",\"target\":[\"https:\\\/\\\/www.deinadieu.ch\\\/it\\\/deinadieu-per-le-organizzazioni-non-profit\\\/\"]}]},{\"@type\":\"ImageObject\",\"inLanguage\":\"it-IT\",\"@id\":\"https:\\\/\\\/www.deinadieu.ch\\\/it\\\/deinadieu-per-le-organizzazioni-non-profit\\\/#primaryimage\",\"url\":\"https:\\\/\\\/www.deinadieu.ch\\\/wp-content\\\/uploads\\\/2020\\\/07\\\/iStock-813460430-e1600435231398.jpg\",\"contentUrl\":\"https:\\\/\\\/www.deinadieu.ch\\\/wp-content\\\/uploads\\\/2020\\\/07\\\/iStock-813460430-e1600435231398.jpg\",\"width\":1280,\"height\":482,\"caption\":\"Esenzione fiscale di una ONG - cosa significa? (immagine: iStock)\"},{\"@type\":\"BreadcrumbList\",\"@id\":\"https:\\\/\\\/www.deinadieu.ch\\\/it\\\/deinadieu-per-le-organizzazioni-non-profit\\\/#breadcrumb\",\"itemListElement\":[{\"@type\":\"ListItem\",\"position\":1,\"name\":\"Home\",\"item\":\"https:\\\/\\\/www.deinadieu.ch\\\/it\\\/deinadieu-dialog-und-serviceportal-zum-lebensende\\\/\"},{\"@type\":\"ListItem\",\"position\":2,\"name\":\"DeinAdieu per le organizzazioni non profit\"}]},{\"@type\":\"WebSite\",\"@id\":\"https:\\\/\\\/www.deinadieu.ch\\\/it\\\/#website\",\"url\":\"https:\\\/\\\/www.deinadieu.ch\\\/it\\\/\",\"name\":\"DeinAdieu.ch\",\"description\":\"Testament, Patientenverf\u00fcgung und Vorsorgeauftrag\",\"publisher\":{\"@id\":\"https:\\\/\\\/www.deinadieu.ch\\\/it\\\/#organization\"},\"potentialAction\":[{\"@type\":\"SearchAction\",\"target\":{\"@type\":\"EntryPoint\",\"urlTemplate\":\"https:\\\/\\\/www.deinadieu.ch\\\/it\\\/?s={search_term_string}\"},\"query-input\":{\"@type\":\"PropertyValueSpecification\",\"valueRequired\":true,\"valueName\":\"search_term_string\"}}],\"inLanguage\":\"it-IT\"},{\"@type\":\"Organization\",\"@id\":\"https:\\\/\\\/www.deinadieu.ch\\\/it\\\/#organization\",\"name\":\"EMNA Web GmbH\",\"url\":\"https:\\\/\\\/www.deinadieu.ch\\\/it\\\/\",\"logo\":{\"@type\":\"ImageObject\",\"inLanguage\":\"it-IT\",\"@id\":\"https:\\\/\\\/www.deinadieu.ch\\\/it\\\/#\\\/schema\\\/logo\\\/image\\\/\",\"url\":\"https:\\\/\\\/www.deinadieu.ch\\\/wp-content\\\/uploads\\\/2016\\\/01\\\/DeinAdieu_Logo.png\",\"contentUrl\":\"https:\\\/\\\/www.deinadieu.ch\\\/wp-content\\\/uploads\\\/2016\\\/01\\\/DeinAdieu_Logo.png\",\"width\":300,\"height\":117,\"caption\":\"EMNA Web GmbH\"},\"image\":{\"@id\":\"https:\\\/\\\/www.deinadieu.ch\\\/it\\\/#\\\/schema\\\/logo\\\/image\\\/\"},\"sameAs\":[\"https:\\\/\\\/www.facebook.com\\\/deinadieu\",\"https:\\\/\\\/x.com\\\/DeinAdieu\",\"https:\\\/\\\/www.instagram.com\\\/deinadieu\\\/\",\"https:\\\/\\\/www.linkedin.com\\\/company\\\/deinadieu.ch\"]}]}<\/script>","yoast_head_json":{"title":"Organizzazioni senza scopo di lucro: raccolta fondi e legati | DeinAdieu","description":"DeinAdieu gestisce un portale online con una vasta gamma di argomenti. Per noi sono quindi essenziali Partner forti.","robots":{"index":"index","follow":"follow","max-snippet":"max-snippet:-1","max-image-preview":"max-image-preview:large","max-video-preview":"max-video-preview:-1"},"canonical":"https:\/\/www.deinadieu.ch\/it\/deinadieu-per-le-organizzazioni-non-profit\/","og_locale":"it_IT","og_type":"article","og_title":"DeinAdieu per le organizzazioni non profit","og_description":"&gt; 200 organizzazioni si fidano di DeinAdieu e utilizzano i link speciali. I modelli di testamento vengono creati da circa 70.000 utenti ogni anno. &gt;","og_url":"https:\/\/www.deinadieu.ch\/it\/deinadieu-per-le-organizzazioni-non-profit\/","og_site_name":"DeinAdieu.ch","article_publisher":"https:\/\/www.facebook.com\/deinadieu","article_modified_time":"2025-04-22T11:18:23+00:00","og_image":[{"width":1280,"height":482,"url":"https:\/\/static.deinadieu.ch\/uploads\/2020\/07\/iStock-813460430-e1600435231398.jpg","type":"image\/jpeg"}],"twitter_card":"summary_large_image","twitter_site":"@DeinAdieu","twitter_misc":{"Est. reading time":"5 minutes"},"schema":{"@context":"https:\/\/schema.org","@graph":[{"@type":"WebPage","@id":"https:\/\/www.deinadieu.ch\/it\/deinadieu-per-le-organizzazioni-non-profit\/","url":"https:\/\/www.deinadieu.ch\/it\/deinadieu-per-le-organizzazioni-non-profit\/","name":"Organizzazioni senza scopo di lucro: raccolta fondi e legati | DeinAdieu","isPartOf":{"@id":"https:\/\/www.deinadieu.ch\/it\/#website"},"primaryImageOfPage":{"@id":"https:\/\/www.deinadieu.ch\/it\/deinadieu-per-le-organizzazioni-non-profit\/#primaryimage"},"image":{"@id":"https:\/\/www.deinadieu.ch\/it\/deinadieu-per-le-organizzazioni-non-profit\/#primaryimage"},"thumbnailUrl":"https:\/\/www.deinadieu.ch\/wp-content\/uploads\/2020\/07\/iStock-813460430-e1600435231398.jpg","datePublished":"2023-10-03T12:18:35+00:00","dateModified":"2025-04-22T11:18:23+00:00","description":"DeinAdieu gestisce un portale online con una vasta gamma di argomenti. Per noi sono quindi essenziali Partner forti.","breadcrumb":{"@id":"https:\/\/www.deinadieu.ch\/it\/deinadieu-per-le-organizzazioni-non-profit\/#breadcrumb"},"inLanguage":"it-IT","potentialAction":[{"@type":"ReadAction","target":["https:\/\/www.deinadieu.ch\/it\/deinadieu-per-le-organizzazioni-non-profit\/"]}]},{"@type":"ImageObject","inLanguage":"it-IT","@id":"https:\/\/www.deinadieu.ch\/it\/deinadieu-per-le-organizzazioni-non-profit\/#primaryimage","url":"https:\/\/www.deinadieu.ch\/wp-content\/uploads\/2020\/07\/iStock-813460430-e1600435231398.jpg","contentUrl":"https:\/\/www.deinadieu.ch\/wp-content\/uploads\/2020\/07\/iStock-813460430-e1600435231398.jpg","width":1280,"height":482,"caption":"Esenzione fiscale di una ONG - cosa significa? (immagine: iStock)"},{"@type":"BreadcrumbList","@id":"https:\/\/www.deinadieu.ch\/it\/deinadieu-per-le-organizzazioni-non-profit\/#breadcrumb","itemListElement":[{"@type":"ListItem","position":1,"name":"Home","item":"https:\/\/www.deinadieu.ch\/it\/deinadieu-dialog-und-serviceportal-zum-lebensende\/"},{"@type":"ListItem","position":2,"name":"DeinAdieu per le organizzazioni non profit"}]},{"@type":"WebSite","@id":"https:\/\/www.deinadieu.ch\/it\/#website","url":"https:\/\/www.deinadieu.ch\/it\/","name":"DeinAdieu.ch","description":"Testament, Patientenverf\u00fcgung und Vorsorgeauftrag","publisher":{"@id":"https:\/\/www.deinadieu.ch\/it\/#organization"},"potentialAction":[{"@type":"SearchAction","target":{"@type":"EntryPoint","urlTemplate":"https:\/\/www.deinadieu.ch\/it\/?s={search_term_string}"},"query-input":{"@type":"PropertyValueSpecification","valueRequired":true,"valueName":"search_term_string"}}],"inLanguage":"it-IT"},{"@type":"Organization","@id":"https:\/\/www.deinadieu.ch\/it\/#organization","name":"EMNA Web GmbH","url":"https:\/\/www.deinadieu.ch\/it\/","logo":{"@type":"ImageObject","inLanguage":"it-IT","@id":"https:\/\/www.deinadieu.ch\/it\/#\/schema\/logo\/image\/","url":"https:\/\/www.deinadieu.ch\/wp-content\/uploads\/2016\/01\/DeinAdieu_Logo.png","contentUrl":"https:\/\/www.deinadieu.ch\/wp-content\/uploads\/2016\/01\/DeinAdieu_Logo.png","width":300,"height":117,"caption":"EMNA Web GmbH"},"image":{"@id":"https:\/\/www.deinadieu.ch\/it\/#\/schema\/logo\/image\/"},"sameAs":["https:\/\/www.facebook.com\/deinadieu","https:\/\/x.com\/DeinAdieu","https:\/\/www.instagram.com\/deinadieu\/","https:\/\/www.linkedin.com\/company\/deinadieu.ch"]}]}},"_links":{"self":[{"href":"https:\/\/www.deinadieu.ch\/it\/wp-json\/wp\/v2\/pages\/65617","targetHints":{"allow":["GET"]}}],"collection":[{"href":"https:\/\/www.deinadieu.ch\/it\/wp-json\/wp\/v2\/pages"}],"about":[{"href":"https:\/\/www.deinadieu.ch\/it\/wp-json\/wp\/v2\/types\/page"}],"author":[{"embeddable":true,"href":"https:\/\/www.deinadieu.ch\/it\/wp-json\/wp\/v2\/users\/6041"}],"replies":[{"embeddable":true,"href":"https:\/\/www.deinadieu.ch\/it\/wp-json\/wp\/v2\/comments?post=65617"}],"version-history":[{"count":14,"href":"https:\/\/www.deinadieu.ch\/it\/wp-json\/wp\/v2\/pages\/65617\/revisions"}],"predecessor-version":[{"id":69080,"href":"https:\/\/www.deinadieu.ch\/it\/wp-json\/wp\/v2\/pages\/65617\/revisions\/69080"}],"wp:featuredmedia":[{"embeddable":true,"href":"https:\/\/www.deinadieu.ch\/it\/wp-json\/wp\/v2\/media\/25587"}],"wp:attachment":[{"href":"https:\/\/www.deinadieu.ch\/it\/wp-json\/wp\/v2\/media?parent=65617"}],"curies":[{"name":"wp","href":"https:\/\/api.w.org\/{rel}","templated":true}]}}