{"id":64666,"date":"2023-06-21T15:00:57","date_gmt":"2023-06-21T13:00:57","guid":{"rendered":"https:\/\/www.deinadieu.ch\/la-raccolta-di-fondi-per-leredita-diventa-facile-con-deinadieu\/"},"modified":"2024-11-20T11:58:43","modified_gmt":"2024-11-20T10:58:43","slug":"la-raccolta-di-fondi-per-leredita-diventa-facile-con-deinadieu","status":"publish","type":"page","link":"https:\/\/www.deinadieu.ch\/it\/la-raccolta-di-fondi-per-leredita-diventa-facile-con-deinadieu\/","title":{"rendered":"La raccolta di fondi ereditaria diventa facile &#8211; con DeinAdieu"},"content":{"rendered":"\n<div class=\"wp-block-columns alignwide are-vertically-aligned-center has-darkgrey-color has-da-blue-background-color has-text-color has-background is-layout-flex wp-container-core-columns-is-layout-28f84493 wp-block-columns-is-layout-flex\" style=\"border-radius:1rem\">\n<div class=\"wp-block-column is-vertically-aligned-center is-layout-flow wp-block-column-is-layout-flow\" style=\"padding-top:var(--wp--preset--spacing--50);padding-bottom:var(--wp--preset--spacing--50);flex-basis:50%\">\n<h1 class=\"wp-block-heading da-md-text-2xl\" id=\"h-raccolta-fondi-digitale-per-le-organizzazioni-non-profit\" style=\"font-size:45px;font-style:normal;font-weight:700;line-height:1.3\">Raccolta fondi digitale per le organizzazioni non profit<\/h1>\n\n\n\n<div class=\"wp-block-buttons is-layout-flex wp-block-buttons-is-layout-flex\">\n<div class=\"wp-block-button is-style-fill\"><a class=\"wp-block-button__link wp-element-button\" href=\"https:\/\/www.deinadieu.ch\/it\/richiesta-partnership-deinadieu\/\">Richiedi subito una consulenza<\/a><\/div>\n<\/div>\n<\/div>\n\n\n\n<div class=\"wp-block-column is-vertically-aligned-center is-layout-flow wp-block-column-is-layout-flow\" style=\"flex-basis:50%\">\n<figure class=\"wp-block-embed is-type-video is-provider-youtube wp-block-embed-youtube wp-embed-aspect-16-9 wp-has-aspect-ratio\"><div class=\"wp-block-embed__wrapper\">\n<iframe loading=\"lazy\" title=\"Was wir tun \u2013 Erkla\u0308rvideo DeinAdieu und Testamentservice\" width=\"500\" height=\"281\" src=\"https:\/\/www.youtube.com\/embed\/Snc621xRZIM?feature=oembed\" frameborder=\"0\" allow=\"accelerometer; autoplay; clipboard-write; encrypted-media; gyroscope; picture-in-picture; web-share\" referrerpolicy=\"strict-origin-when-cross-origin\" allowfullscreen><\/iframe>\n<\/div><\/figure>\n<\/div>\n<\/div>\n\n\n\n<div style=\"height:60px\" aria-hidden=\"true\" class=\"wp-block-spacer\"><\/div>\n\n\n\n<div class=\"wp-block-group alignwide is-layout-flex wp-block-group-is-layout-flex\">\n<div class=\"wp-block-columns sm-w-full-reverse is-layout-flex wp-container-core-columns-is-layout-28f84493 wp-block-columns-is-layout-flex\">\n<div class=\"wp-block-column da-md-px-0 is-layout-flow wp-block-column-is-layout-flow\" style=\"padding-right:6%;flex-basis:58%\">\n<p id=\"h-warum-erbschafts-und-legatefundraising\" style=\"font-size:30px;font-style:normal;font-weight:600\">Perch\u00e8 la raccolta fondi ereditaria?<\/p>\n\n\n\n<p>In tutta la Svizzera, pi\u00f9 di 500 ONG si battono per un volume di donazioni pari a 2,1 miliardi di franchi svizzeri. Con la concorrenza per le donazioni sempre pi\u00f9 agguerrita e le sovvenzioni statali sempre pi\u00f9 basse, le attivit\u00e0 di raccolta fondi di molte ONG sono molto richieste. <\/p>\n\n\n\n<p>Allo stesso tempo, ogni anno vengono ereditati pi\u00f9 di 95 miliardi di franchi svizzeri<sup>.1<\/sup> In nessun altro Paese europeo si eredita cos\u00ec tanto denaro pro capite. Se una ONG viene considerata in un testamento, ci\u00f2 avviene con importi compresi tra 50&#8217;000 e 80&#8217;000 franchi.<\/p>\n\n\n\n<p>La raccolta di fondi per eredit\u00e0 e legati \u00e8 quindi la fonte di finanziamento pi\u00f9 interessante per le organizzazioni umanitarie, le organizzazioni culturali no-profit e tutte le ONG operative con una base di donatori e membri. \u00c8 giunto il momento di entrare in questo mercato in crescita.<\/p>\n<\/div>\n\n\n\n<div class=\"wp-block-column is-layout-flow wp-block-column-is-layout-flow\" style=\"flex-basis:42%\">\n<div class=\"wp-block-cover is-light\"><span aria-hidden=\"true\" class=\"wp-block-cover__background has-da-default-background-color has-background-dim\"><\/span><img loading=\"lazy\" decoding=\"async\" width=\"1024\" height=\"604\" class=\"wp-block-cover__image-background wp-image-63246\" alt=\"\" src=\"https:\/\/www.deinadieu.ch\/wp-content\/uploads\/2023\/04\/Frame-36-1024x604.png\" style=\"object-position:62% 32%\" data-object-fit=\"cover\" data-object-position=\"62% 32%\" srcset=\"https:\/\/www.deinadieu.ch\/wp-content\/uploads\/2023\/04\/Frame-36-1024x604.png 1024w, https:\/\/www.deinadieu.ch\/wp-content\/uploads\/2023\/04\/Frame-36-300x177.png 300w, https:\/\/www.deinadieu.ch\/wp-content\/uploads\/2023\/04\/Frame-36.png 1093w\" sizes=\"auto, (max-width: 1024px) 100vw, 1024px\" \/><div class=\"wp-block-cover__inner-container is-layout-flow wp-block-cover-is-layout-flow\">\n<p class=\"has-text-align-left has-small-font-size\"><\/p>\n\n\n\n<div class=\"wp-block-columns is-layout-flex wp-container-core-columns-is-layout-28f84493 wp-block-columns-is-layout-flex\">\n<div class=\"wp-block-column has-white-color has-text-color is-layout-flow wp-block-column-is-layout-flow\">\n<p>Ogni anno in Svizzera vengono <strong>ereditati<\/strong><strong>95 miliardi di <\/strong>franchi.<\/p>\n<\/div>\n\n\n\n<div class=\"wp-block-column has-white-color has-text-color is-layout-flow wp-block-column-is-layout-flow\">\n<p>Ogni anno vengono <strong>donati<\/strong><strong>2,1 miliardi di <\/strong>franchi alle ONG.<\/p>\n<\/div>\n\n\n\n<div class=\"wp-block-column has-white-color has-text-color is-layout-flow wp-block-column-is-layout-flow\">\n<p><strong>Solo 300 milioni di franchi svizzeri<\/strong> vengono <strong>lasciati in eredit\u00e0 alle ONG<\/strong>.<\/p>\n<\/div>\n<\/div>\n<\/div><\/div>\n<\/div>\n<\/div>\n<\/div>\n\n\n\n<div style=\"height:60px\" aria-hidden=\"true\" class=\"wp-block-spacer\"><\/div>\n\n\n\n<div class=\"wp-block-create-block-deinadieu-info-block-grid alignwide\"><\/div>\n\n\n\n<div style=\"height:120px\" aria-hidden=\"true\" class=\"wp-block-spacer\"><\/div>\n\n\n\n<div class=\"wp-block-group alignwide is-layout-flex wp-block-group-is-layout-flex\">\n<div class=\"wp-block-columns is-not-stacked-on-mobile sm-w-full is-layout-flex wp-container-core-columns-is-layout-28f84493 wp-block-columns-is-layout-flex\">\n<div class=\"wp-block-column is-layout-flow wp-block-column-is-layout-flow\">\n<p id=\"h-wie-legate-erbschaften-akquirieren\" style=\"font-size:30px;font-style:normal;font-weight:600\">Come acquisire legati ed eredit\u00e0?<\/p>\n\n\n\n<p>Eredit\u00e0 e lasciti non &#8220;cadono dal cielo&#8221; per caso. Nella maggior parte dei casi, esiste gi\u00e0 una relazione emotiva tra una persona e l&#8217;organizzazione beneficiaria. Con l&#8217;aiuto di strumenti adeguati, \u00e8 importante identificare queste persone e chiedere il loro supporto.<\/p>\n\n\n\n<p>In passato le organizzazioni si affidavano principalmente alla costosa spedizione di opuscoli sul patrimonio. Il tasso di risposta per questi opuscoli \u00e8 solitamente basso e la misurabilit\u00e0 \u00e8 difficile.<\/p>\n\n\n\n<p>Il loro sito web e i portali di raccolta fondi online come DeinAdieu.ch sono oggi gli <a href=\"https:\/\/zewo.ch\/wp-content\/uploads\/2021\/08\/Zewo-Studie-digitale-Spenden.pdf\" target=\"_blank\" rel=\"noreferrer noopener\">strumenti di raccolta fondi pi\u00f9 importanti per le organizzazioni non governative (cfr. studio ZEWO, pag. 6).<\/a><\/p>\n<\/div>\n\n\n\n<div class=\"wp-block-column is-layout-flow wp-block-column-is-layout-flow\"><\/div>\n<\/div>\n<\/div>\n\n\n\n<div style=\"height:80px\" aria-hidden=\"true\" class=\"wp-block-spacer\"><\/div>\n\n\n\n<div class=\"wp-block-group alignwide is-layout-flex wp-block-group-is-layout-flex\">\n<div class=\"wp-block-columns sm-w-full-reverse is-layout-flex wp-container-core-columns-is-layout-28f84493 wp-block-columns-is-layout-flex\">\n<div class=\"wp-block-column is-layout-flow wp-block-column-is-layout-flow\" style=\"flex-basis:9%\"><\/div>\n\n\n\n<div class=\"wp-block-column is-layout-flow wp-block-column-is-layout-flow\" style=\"flex-basis:82%\">\n<div class=\"wp-block-columns is-not-stacked-on-mobile stone-border-400 sm-w-full-reverse has-da-blue-light-background-color has-background is-layout-flex wp-container-core-columns-is-layout-c6bc58be wp-block-columns-is-layout-flex\" style=\"padding-top:0px;padding-right:0px;padding-bottom:0px;padding-left:0px\">\n<div class=\"wp-block-column is-vertically-aligned-center has-white-background-color has-background is-layout-flow wp-block-column-is-layout-flow\" style=\"flex-basis:43%\">\n<figure class=\"wp-block-image aligncenter size-full\"><img decoding=\"async\" src=\"https:\/\/www.deinadieu.de\/wp-content\/uploads\/2022\/10\/image-2.jpg\" alt=\"\" class=\"wp-image-160\"\/><\/figure>\n<\/div>\n\n\n\n<div class=\"wp-block-column p-5-pl-0-mb-5 mb-p-2-5 is-layout-flow wp-block-column-is-layout-flow\" style=\"padding-top:0px;padding-right:0px;padding-bottom:0px;padding-left:0px;flex-basis:57%\">\n<p id=\"h-das-kinderspital-zurich-erhalt-uber-den-testamentservice-von-deinadieu-jahrlich-mehrere-dutzend-potentielle-legate-dies-ohne-personellen-einsatz-von-unserer-seite\" style=\"font-size:25px;font-style:normal;font-weight:600;line-height:1.3\">L&#8217;Ospedale pediatrico di Zurigo riceve ogni anno diverse decine di potenziali lasciti tramite il servizio testamentario di DeinAdieu, senza alcun intervento da parte nostra.<\/p>\n\n\n\n<p style=\"font-size:14px\">Wanda Arnet, responsabilie lasciti, legati e filantropia<\/p>\n<\/div>\n<\/div>\n<\/div>\n\n\n\n<div class=\"wp-block-column is-layout-flow wp-block-column-is-layout-flow\" style=\"flex-basis:9%\"><\/div>\n<\/div>\n<\/div>\n\n\n\n<div style=\"height:120px\" aria-hidden=\"true\" class=\"wp-block-spacer\"><\/div>\n\n\n\n<div class=\"wp-block-group alignfull is-layout-flex wp-block-group-is-layout-flex\">\n<div class=\"wp-block-group container da-mx-auto is-nowrap is-layout-flex wp-container-core-group-is-layout-6c531013 wp-block-group-is-layout-flex\">\n<p id=\"h-was-bietet-deinadieu\" style=\"font-size:30px;font-style:normal;font-weight:600\">Cosa offre DeinAdieu?<\/p>\n<\/div>\n<\/div>\n\n\n\n<div style=\"height:40px\" aria-hidden=\"true\" class=\"wp-block-spacer\"><\/div>\n\n\n\n<div class=\"wp-block-group alignwide is-layout-flex wp-block-group-is-layout-flex\">\n<div class=\"wp-block-columns sm-w-full-reverse da-gap-0 is-layout-flex wp-container-core-columns-is-layout-28f84493 wp-block-columns-is-layout-flex\">\n<div class=\"wp-block-column is-vertically-aligned-center mb-p-2-5 is-layout-flow wp-block-column-is-layout-flow\" style=\"padding-top:0px;padding-right:110px;padding-bottom:0px;padding-left:110px;flex-basis:50%\">\n<h2 class=\"wp-block-heading\" id=\"h-assistente-al-testamento-creazione-interattiva-di-testamenti-sulla-tua-pagina\">Assistente al testamento &#8211; creazione interattiva di testamenti sulla tua pagina<\/h2>\n\n\n\n<p>Con l&#8217;assistente al testamento, donatori, mecenati, soci e altri visitatori del tuo sito web possono creare gratuitamente un modello di testamento personalizzato.<\/p>\n\n\n\n<ul class=\"wp-block-list is-style-check-circle\">\n<li>La vostra organizzazione sar\u00e0 automaticamente proposta per essere presa in considerazione<\/li>\n\n\n\n<li>Contattare il responsabile della raccolta fondi<\/li>\n\n\n\n<li>Facile da incorporare nel vostro sito web<\/li>\n\n\n\n<li>Multilingua (DE, EN, FR, IT)<\/li>\n\n\n\n<li>100% conforme alla protezione dei dati e legalmente sicuro<\/li>\n\n\n\n<li>Ulteriori strumenti: direttiva del paziente e mandato precauzionale<\/li>\n<\/ul>\n<\/div>\n\n\n\n<div class=\"wp-block-column is-vertically-aligned-center da-ml-0 has-da-default-background-color has-background is-layout-flow wp-block-column-is-layout-flow\" style=\"padding-top:20px;padding-right:20px;padding-bottom:20px;padding-left:20px;flex-basis:50%\">\n<figure class=\"wp-block-image aligncenter size-large\"><img decoding=\"async\" src=\"https:\/\/www.deinadieu.ch\/wp-content\/uploads\/2023\/07\/Screenshot-testamentgenerator-IT-1024x686.png\" alt=\"Screenshot testamentgenerator\" class=\"wp-image-64743\"\/><\/figure>\n<\/div>\n<\/div>\n<\/div>\n\n\n\n<div class=\"wp-block-group alignwide is-layout-flex wp-block-group-is-layout-flex\">\n<div class=\"wp-block-columns w-full sm-w-full da-gap-0 is-layout-flex wp-container-core-columns-is-layout-28f84493 wp-block-columns-is-layout-flex\">\n<div class=\"wp-block-column is-vertically-aligned-center has-da-default-background-color has-background is-layout-flow wp-block-column-is-layout-flow\" style=\"padding-top:20px;padding-right:20px;padding-bottom:20px;padding-left:20px;flex-basis:50%\">\n<figure class=\"wp-block-image aligncenter size-large\"><img decoding=\"async\" src=\"https:\/\/www.deinadieu.ch\/wp-content\/uploads\/2023\/07\/screenshot-statistik-IT-1024x554.png\" alt=\"screenshot statistik\" class=\"wp-image-64753\"\/><\/figure>\n<\/div>\n\n\n\n<div class=\"wp-block-column is-vertically-aligned-center da-ml-0 mb-p-2-5 is-layout-flow wp-block-column-is-layout-flow\" style=\"padding-top:0px;padding-right:110px;padding-bottom:0px;padding-left:110px;flex-basis:50%\">\n<h2 class=\"wp-block-heading\" id=\"h-funzioni-e-strumenti-aggiuntivi-per-una-raccolta-fondi-completa\">Funzioni e strumenti aggiuntivi per una raccolta fondi completa<\/h2>\n\n\n\n<p>Per una raccolta fondi olistica, vi supportiamo con ulteriori strumenti e modelli nel vostro login partner. <\/p>\n\n\n\n<ul class=\"wp-block-list is-style-check-circle\">\n<li>Consulenza iniziale gratuita per i vostri donatori da parte di uno specialista di diritto successorio<\/li>\n\n\n\n<li>Vari ausili alla comunicazione e modelli da scaricare<\/li>\n\n\n\n<li>Login partner per gestire la vostra organizzazione<\/li>\n<\/ul>\n<\/div>\n<\/div>\n<\/div>\n\n\n\n<div class=\"wp-block-group alignwide is-layout-flex wp-block-group-is-layout-flex\">\n<div class=\"wp-block-columns w-full sm-w-full-reverse da-gap-0 is-layout-flex wp-container-core-columns-is-layout-28f84493 wp-block-columns-is-layout-flex\">\n<div class=\"wp-block-column is-vertically-aligned-center mb-p-2-5 is-layout-flow wp-block-column-is-layout-flow\" style=\"padding-top:0px;padding-right:110px;padding-bottom:0px;padding-left:110px;flex-basis:50%\">\n<h2 class=\"wp-block-heading\" id=\"h-successo-misurabile-grazie-al-reporting\">Successo misurabile grazie al reporting<\/h2>\n\n\n\n<p>Il tuo login partner ti d\u00e0 accesso ai dati di misurazione in tempo reale come i click, le visite, le vendite e i lead generati dall&#8217;assistente al testamento. Inoltre, vi offriamo una serie di ulteriori risorse per il vostro lavoro<\/p>\n\n\n\n<ul class=\"wp-block-list is-style-check-circle\">\n<li>Tracciamento in tempo reale<\/li>\n\n\n\n<li>Generazione di lead (contatti)<\/li>\n\n\n\n<li>Base per l&#8217;ulteriore coltivazione di relazioni<\/li>\n\n\n\n<li>Esempi di ringraziamento<\/li>\n\n\n\n<li>Classifica comparativa per il proprio sito web<\/li>\n<\/ul>\n<\/div>\n\n\n\n<div class=\"wp-block-column is-vertically-aligned-center da-ml-0 has-da-default-background-color has-background is-layout-flow wp-block-column-is-layout-flow\" style=\"padding-top:20px;padding-right:20px;padding-bottom:20px;padding-left:20px;flex-basis:50%\">\n<figure class=\"wp-block-image aligncenter size-large\"><img decoding=\"async\" src=\"https:\/\/www.deinadieu.de\/wp-content\/uploads\/2022\/11\/graphic_2-1024x721.webp\" alt=\"\" class=\"wp-image-717\"\/><\/figure>\n<\/div>\n<\/div>\n<\/div>\n\n\n\n<div class=\"wp-block-group alignwide is-layout-flex wp-block-group-is-layout-flex\">\n<div class=\"wp-block-columns w-full sm-w-full da-gap-0 is-layout-flex wp-container-core-columns-is-layout-28f84493 wp-block-columns-is-layout-flex\">\n<div class=\"wp-block-column is-vertically-aligned-center has-da-default-background-color has-background is-layout-flow wp-block-column-is-layout-flow\" style=\"padding-top:20px;padding-right:20px;padding-bottom:20px;padding-left:20px;flex-basis:50%\">\n<figure class=\"wp-block-image aligncenter size-large\"><img decoding=\"async\" src=\"https:\/\/www.deinadieu.ch\/wp-content\/uploads\/2023\/07\/screenshot-organisationen-IT-1024x776.png\" alt=\"screenshot organizzazioni\" class=\"wp-image-64748\"\/><\/figure>\n<\/div>\n\n\n\n<div class=\"wp-block-column is-vertically-aligned-center da-ml-0 mb-p-2-5 is-layout-flow wp-block-column-is-layout-flow\" style=\"padding-top:0px;padding-right:110px;padding-bottom:0px;padding-left:110px;flex-basis:50%\">\n<div style=\"height:26px\" aria-hidden=\"true\" class=\"wp-block-spacer\"><\/div>\n\n\n\n<h2 class=\"wp-block-heading\" id=\"h-visibilita-su-deinadieu-ch\">Visibilit\u00e0 su DeinAdieu.ch<\/h2>\n\n\n\n<p>Presentiamo la vostra organizzazione con il proprio profilo e i dettagli dei vostri progetti. Viene inoltre presentata la persona responsabile della raccolta fondi per il lascito. <a href=\"https:\/\/www.deinadieu.ch\/it\/organizzazioni-caritatevoli\/\" target=\"_blank\" rel=\"noreferrer noopener\">Qui<\/a> si trova l&#8217;elenco con i profili: <a href=\"https:\/\/www.deinadieu.ch\/it\/organizzazioni-caritatevoli\/\" target=\"_blank\" rel=\"noreferrer noopener\">all&#8217;elenco delle organizzazioni <\/a> <\/p>\n\n\n\n<p>Inoltre, siete presenti sui nostri canali di comunicazione.<\/p>\n\n\n\n<ul class=\"wp-block-list is-style-check-circle\">\n<li>Iscrizione nell&#8217;elenco delle organizzazioni<\/li>\n\n\n\n<li>Il vostro profilo personale con i dati chiave della vostra organizzazione<\/li>\n\n\n\n<li>Contatta la raccolta fondi<\/li>\n\n\n\n<li><a href=\"https:\/\/www.deinadieu.ch\/it\/blog\/\" target=\"_blank\" rel=\"noreferrer noopener\">Relazione sulla tua organizzazione e\/o con potenziali testatori<\/a> (a pagamento)<\/li>\n<\/ul>\n<\/div>\n<\/div>\n<\/div>\n\n\n\n<div style=\"height:100px\" aria-hidden=\"true\" class=\"wp-block-spacer\"><\/div>\n\n\n\n<div class=\"wp-block-group alignwide is-layout-flex wp-block-group-is-layout-flex\">\n<div class=\"wp-block-columns sm-w-full-reverse is-layout-flex wp-container-core-columns-is-layout-28f84493 wp-block-columns-is-layout-flex\">\n<div class=\"wp-block-column is-layout-flow wp-block-column-is-layout-flow\" style=\"flex-basis:9%\"><\/div>\n\n\n\n<div class=\"wp-block-column is-layout-flow wp-block-column-is-layout-flow\" style=\"flex-basis:82%\">\n<div class=\"wp-block-columns is-not-stacked-on-mobile stone-border-400 sm-w-full-reverse has-da-blue-light-background-color has-background is-layout-flex wp-container-core-columns-is-layout-c6bc58be wp-block-columns-is-layout-flex\" style=\"padding-top:0px;padding-right:0px;padding-bottom:0px;padding-left:0px\">\n<div class=\"wp-block-column is-vertically-aligned-center has-white-background-color has-background is-layout-flow wp-block-column-is-layout-flow\" style=\"flex-basis:43%\">\n<figure class=\"wp-block-image aligncenter size-full\"><img loading=\"lazy\" decoding=\"async\" width=\"388\" height=\"329\" src=\"https:\/\/www.deinadieu.ch\/wp-content\/uploads\/2024\/10\/can-deniz.jpg\" alt=\"can deniz\" class=\"wp-image-68530\" srcset=\"https:\/\/www.deinadieu.ch\/wp-content\/uploads\/2024\/10\/can-deniz.jpg 388w, https:\/\/www.deinadieu.ch\/wp-content\/uploads\/2024\/10\/can-deniz-300x254.jpg 300w\" sizes=\"auto, (max-width: 388px) 100vw, 388px\" \/><\/figure>\n<\/div>\n\n\n\n<div class=\"wp-block-column p-5-pl-0-mb-5 mb-p-2-5 is-layout-flow wp-block-column-is-layout-flow\" style=\"padding-top:0px;padding-right:0px;padding-bottom:0px;padding-left:0px;flex-basis:57%\">\n<p class=\"has-text-align-left\" id=\"h-das-kinderspital-zurich-erhalt-uber-den-testamentservice-von-deinadieu-jahrlich-mehrere-dutzend-potentielle-legate-dies-ohne-personellen-einsatz-von-unserer-seite\" style=\"font-size:25px;font-style:normal;font-weight:600;line-height:1.3\">Le soluzioni digitali e la consulenza legale di Dein Adieu offrono ai nostri sostenitori un supporto facilmente accessibile e prezioso per il loro impegno filantropico al di l\u00e0 delle loro vite. Grazie per la grande collaborazione. <\/p>\n\n\n\n<p class=\"has-text-align-left\" style=\"font-size:14px\">Can Deniz, Responsabile delle partnership e della filantropia di Biovision<\/p>\n<\/div>\n<\/div>\n<\/div>\n\n\n\n<div class=\"wp-block-column is-layout-flow wp-block-column-is-layout-flow\" style=\"flex-basis:9%\"><\/div>\n<\/div>\n<\/div>\n\n\n\n<div style=\"height:120px\" aria-hidden=\"true\" class=\"wp-block-spacer\"><\/div>\n\n\n\n<div class=\"wp-block-group alignwide is-layout-flex wp-block-group-is-layout-flex\">\n<p id=\"h-was-sind-die-erfolgsfaktoren\" style=\"font-size:30px;font-style:normal;font-weight:600\">Quali sono i fattori di successo?<\/p>\n\n\n\n<p>I prerequisiti per una raccolta fondi digitale di successo sono i donatori, i membri, gli stakeholder, i mecenati o i clienti esistenti. \u00c8 inoltre vantaggioso disporre di un marchio noto che abbia un&#8217;elevata fedelt\u00e0 del gruppo target, nonch\u00e9 di un proprio sito web attraverso il quale ci si possa rivolgere al gruppo target:<\/p>\n\n\n\n<div class=\"wp-block-columns sm-w-full is-layout-flex wp-container-core-columns-is-layout-28f84493 wp-block-columns-is-layout-flex\">\n<div class=\"wp-block-column is-layout-flow wp-block-column-is-layout-flow\">\n<div class=\"wp-block-cover aligncenter is-light\" style=\"min-height:242px;aspect-ratio:unset;\"><span aria-hidden=\"true\" class=\"wp-block-cover__background has-lightgrey-background-color has-background-dim-100 has-background-dim\"><\/span><div class=\"wp-block-cover__inner-container is-layout-flow wp-block-cover-is-layout-flow\">\n<figure class=\"wp-block-image aligncenter size-full da-mx-auto\"><img decoding=\"async\" src=\"https:\/\/www.deinadieu.de\/wp-content\/uploads\/2022\/10\/icon-1.svg\" alt=\"\" class=\"wp-image-166\"\/><\/figure>\n<\/div><\/div>\n\n\n\n<div style=\"height:15px\" aria-hidden=\"true\" class=\"wp-block-spacer\"><\/div>\n\n\n\n<p id=\"h-zielgruppe\" style=\"font-size:24px;font-style:normal;font-weight:600\">Gruppo target &#8211; collegato emotivamente<\/p>\n\n\n\n<p>L&#8217;ideale sarebbe avere un database di donatori con almeno qualche migliaio di contatti da informare sulla possibilit\u00e0 di donare attraverso un testamento. Anche i soci, i mecenati, i clienti o le persone altrimenti legate emotivamente alla vostra organizzazione sono potenziali testatori. Ci\u00f2 che \u00e8 rilevante in questo caso non \u00e8 una donazione particolarmente generosa in passato, ma il legame emotivo o, nella migliore delle ipotesi, la frequenza\/fedelt\u00e0 delle donazioni. Con l&#8217;assistente al testamento ci rivolgiamo a persone di et\u00e0 compresa tra i 60 e i 75 anni.<\/p>\n<\/div>\n\n\n\n<div class=\"wp-block-column is-layout-flow wp-block-column-is-layout-flow\">\n<div class=\"wp-block-cover aligncenter is-light\" style=\"min-height:242px;aspect-ratio:unset;\"><span aria-hidden=\"true\" class=\"wp-block-cover__background has-lightgrey-background-color has-background-dim-100 has-background-dim\"><\/span><div class=\"wp-block-cover__inner-container is-layout-flow wp-block-cover-is-layout-flow\">\n<figure class=\"wp-block-image aligncenter size-full da-mx-auto\"><img decoding=\"async\" src=\"https:\/\/www.deinadieu.de\/wp-content\/uploads\/2022\/10\/icon-2.svg\" alt=\"\" class=\"wp-image-168\"\/><\/figure>\n<\/div><\/div>\n\n\n\n<div style=\"height:15px\" aria-hidden=\"true\" class=\"wp-block-spacer\"><\/div>\n\n\n\n<p id=\"h-page\" style=\"font-size:24px;font-style:normal;font-weight:600\">Sito web &#8211; facile da trovare e comprensibile facilmente<\/p>\n\n\n\n<p>La vostra pagina di marketing successorio, in cui richiamate l&#8217;attenzione sulle opportunit\u00e0 di supporto della vostra organizzazione, deve essere facile da trovare. Il tema del legato\/eredit\u00e0 deve essere descritto in modo evidente e l&#8217;assistente al testamento deve essere facilmente accessibile. Ecco un esempio: <a href=\"https:\/\/www.werkheim-uster.ch\/werkheim\/unterstuetzen\/erbschaft\/\" target=\"_blank\" rel=\"noreferrer noopener\">Werkheim Uster.<\/a><\/p>\n<\/div>\n\n\n\n<div class=\"wp-block-column is-layout-flow wp-block-column-is-layout-flow\">\n<div class=\"wp-block-cover aligncenter is-light\" style=\"min-height:242px;aspect-ratio:unset;\"><span aria-hidden=\"true\" class=\"wp-block-cover__background has-lightgrey-background-color has-background-dim-100 has-background-dim\"><\/span><div class=\"wp-block-cover__inner-container is-layout-flow wp-block-cover-is-layout-flow\">\n<figure class=\"wp-block-image aligncenter size-full da-mx-auto\"><img decoding=\"async\" src=\"https:\/\/www.deinadieu.de\/wp-content\/uploads\/2022\/10\/icon-3.svg\" alt=\"\" class=\"wp-image-170\"\/><\/figure>\n<\/div><\/div>\n\n\n\n<div style=\"height:15px\" aria-hidden=\"true\" class=\"wp-block-spacer\"><\/div>\n\n\n\n<p id=\"h-traffic\" style=\"font-size:24px;font-style:normal;font-weight:600\">Numero di visitatori: utilizzate i vostri canali di comunicazione<\/p>\n\n\n\n<p>Solo le grandi organizzazioni hanno un numero sufficiente di visite organiche al sito web sul tema delle eredit\u00e0\/legati. Pertanto, utilizzate i canali di comunicazione esistenti per indirizzare il vostro gruppo target alla pagina di destinazione appropriata. Sono possibili invii fisici, campagne e-mail o newsletter, social media, opuscoli, relazioni annuali, webinar, ecc. Troverete esempi di campagne di successo nel vostro login partner.<\/p>\n<\/div>\n<\/div>\n<\/div>\n\n\n\n<div style=\"height:100px\" aria-hidden=\"true\" class=\"wp-block-spacer\"><\/div>\n\n\n\n<h2 class=\"wp-block-heading alignwide\" id=\"h-i-nostri-abbonamenti-di-base-le-top-listings-e-la-soluzione-whitelabel\">I nostri abbonamenti di base, le Top Listings e la soluzione Whitelabel<\/h2>\n\n\n\n<div class=\"wp-block-columns alignwide is-layout-flex wp-container-core-columns-is-layout-28f84493 wp-block-columns-is-layout-flex\">\n<div class=\"wp-block-column is-layout-flow wp-block-column-is-layout-flow\">\n<h3 class=\"wp-block-heading\" id=\"h-abbonamento-di-base\">Abbonamento di base <\/h3>\n\n\n\n<p>Ottenete tutti i servizi* di DeinAdieu in un comodo modello di abbonamento.<\/p>\n\n\n\n<p>\n          <strong>L&#8217;abbonamento a DeinAdieu comprende:<\/strong>\n        <\/p>\n\n\n\n<ul class=\"wp-block-list\">\n<li>L&#8217;assistente al testamento che si occuper\u00e0 della tua pagina<\/li>\n\n\n\n<li>Ulteriori strumenti precauzionali online per la vostra pagina (direttive del aziente, mandati precauzionali)<\/li>\n\n\n\n<li>Presenza su DeinAdieu.ch nell&#8217;indice con il proprio profilo<\/li>\n\n\n\n<li>Accesso al login per i partner con tracking, lead e altre risorse.<\/li>\n\n\n\n<li>Assistenza e consulenza gratuita (1 ora all&#8217;anno)<\/li>\n\n\n\n<li>Possibilit\u00e0 di cancellazione annuale fino a 3 mesi prima della scadenza dell&#8217;abbonamento<\/li>\n\n\n\n<li>Data di inizio flessibile<\/li>\n<\/ul>\n\n\n\n<p>*I report non sono inclusi nel prezzo dell&#8217;abbonamento e saranno fatturati separatamente.<\/p>\n<\/div>\n\n\n\n<div class=\"wp-block-column is-layout-flow wp-block-column-is-layout-flow\">\n<h3 class=\"wp-block-heading\" id=\"h-top-list-per-una-maggiore-presenza\">Top list per una maggiore presenza<\/h3>\n\n\n\n<ul class=\"wp-block-list\">\n<li>Gli elenchi in alto danno alla tua organizzazione maggiore visibilit\u00e0 sul portale DeinAdieu.ch per i visitatori che visitano direttamente il nostro portale: La tua organizzazione sar\u00e0 elencata in cima all&#8217;<a href=\"https:\/\/app.deinadieu.ch\/testament\" target=\"_blank\" rel=\"noreferrer noopener\">assistente al testamento<\/a> o<a href=\"https:\/\/www.deinadieu.ch\/it\/organizzazioni-caritatevoli\/\" target=\"_blank\" rel=\"noreferrer noopener\"> all&#8217;indice<\/a>. <br><strong>Importante: questo non vale per gli strumenti di raccolta fondi presenti nella tua pagina (solo la tua organizzazione sar\u00e0 suggerita in modo esclusivo).<\/strong><\/li>\n\n\n\n<li>I costi d&#8217;investimento annuali per i primi elenchi sono calcolati anche in base al volume di entrate totali della vostra organizzazione (vedi tabella seguente).<\/li>\n<\/ul>\n\n\n\n<h3 class=\"wp-block-heading\" id=\"h-servizio-webinar\">Servizio Webinar:<\/h3>\n\n\n\n<ul class=\"wp-block-list\">\n<li>Gruppo target: I tuoi donatori<\/li>\n\n\n\n<li>Contenuto: Presentazione legale, demo dell&#8217;assistente al testamento, domande e risposte con i donatori tramite chat dal vivo.<\/li>\n\n\n\n<li>Misurazione del successo: Tracciamento dettagliato degli utenti registrati, dati di interazione, incluse le richieste di considerazione.<\/li>\n\n\n\n<li>Durata: 50 minuti<\/li>\n\n\n\n<li>Realizzazioni all&#8217;anno: 3x in tedesco; 2x in francese<\/li>\n<\/ul>\n<\/div>\n\n\n\n<div class=\"wp-block-column is-layout-flow wp-block-column-is-layout-flow\">\n<h3 class=\"wp-block-heading\" id=\"h-soluzione-whitelabel-per-una-maggiore-individualita\">Soluzione whitelabel per una maggiore individualit\u00e0<\/h3>\n\n\n\n<p>Il prerequisito per la soluzione whitelabel \u00e8 una partnership attiva con DeinAdieu nell&#8217;ambito di un abbonamento di base.<\/p>\n\n\n\n<p>\n          <strong>Ambito dei servizi della soluzione:<\/strong>\n        <\/p>\n\n\n\n<ul class=\"wp-block-list\">\n<li>Nessun logo, informazioni di contatto di <a href=\"http:\/\/DeinAdieu.ch\">DeinAdieu.ch<\/a>;<\/li>\n\n\n\n<li>Dominio proprio in 4 lingue<\/li>\n\n\n\n<li>Mail brandizzate agli utenti e dai domini di posta <a href=\"mailto:info@testamentservice.ch\">info@testamentservice.ch<\/a><\/li>\n\n\n\n<li>Design personalizzabile e pagina iniziale personalizzata<\/li>\n\n\n\n<li>Opzione pagina finale con link all&#8217;organizzazione al posto della consulenza iniziale gratuita<\/li>\n<\/ul>\n\n\n\n<p>\n          <strong>Ambito di impostazione:<\/strong>\n        <\/p>\n\n\n\n<ul class=\"wp-block-list\">\n<li>Impostazione dell&#8217;opzione Whitelabelling<\/li>\n\n\n\n<li>Creazione di abbonamenti<\/li>\n\n\n\n<li>Impostazione del dominio individuale<\/li>\n\n\n\n<li>Esecuzione di test con l&#8217;organizzazione partner e supporto tecnico di 1 ora da parte dello sviluppatore software<\/li>\n<\/ul>\n\n\n\n<p><\/p>\n<\/div>\n<\/div>\n\n\n\n<figure class=\"wp-block-table alignwide is-style-regular has-medium-font-size\"><table class=\"has-da-blue-light-background-color has-background\"><thead><tr><td class=\"has-text-align-left\" data-align=\"left\" rowspan=\"2\">\n          <strong>Entrate delle ONG in CHF<\/strong>\n        <\/td><th class=\"has-text-align-center\" data-align=\"center\">\n          <strong>La ONG pi\u00f9 piccola <\/strong>\n        <\/th><th class=\"has-text-align-center\" data-align=\"center\">\n          <strong>ONG di piccole dimensioni<\/strong>\n        <\/th><th class=\"has-text-align-center\" data-align=\"center\">\n          <strong>ONG media<\/strong>\n        <\/th><th class=\"has-text-align-center\" data-align=\"center\">\n          <strong>ONG di grandi dimensioni<\/strong>\n        <\/th><\/tr><tr><td class=\"has-text-align-center\" data-align=\"center\">\n          <strong>&lt; 2 milioni<\/strong>\n        <\/td><td class=\"has-text-align-center\" data-align=\"center\">\n          <strong>2-6 milioni<\/strong>\n        <\/td><td class=\"has-text-align-center\" data-align=\"center\">\n          <strong>6-30 milioni<\/strong>\n        <\/td><td class=\"has-text-align-center\" data-align=\"center\">\n          <strong>&gt; 30 milioni<\/strong>\n        <\/td><\/tr><\/thead><tbody><tr><td class=\"has-text-align-left\" data-align=\"left\"><br>A<strong>bbonamento base<\/strong> (in CHF all&#8217;anno, IVA esclusa) <\/td><td class=\"has-text-align-center\" data-align=\"center\"><strong>CHF<\/strong> <strong>1900<\/strong><\/td><td class=\"has-text-align-center\" data-align=\"center\"><strong>CHF<\/strong> <strong>2700<\/strong><\/td><td class=\"has-text-align-center\" data-align=\"center\"><strong>CHF<\/strong> <strong>3900<\/strong><\/td><td class=\"has-text-align-center\" data-align=\"center\"><strong>CHF<\/strong> <strong>5400<\/strong><\/td><\/tr><tr><td class=\"has-text-align-left\" data-align=\"left\">S<strong>oluzione Whitelabel<\/strong> incl. configurazione una tantum (in CHF IVA esclusa) <\/td><td class=\"has-text-align-center\" data-align=\"center\" colspan=\"4\"><br><strong>+ <strong>CHF<\/strong><\/strong> <strong>5900 <\/strong>(soluzione white label all&#8217;anno) +<strong> <strong>CHF<\/strong><\/strong> <strong>1900 <\/strong>(configurazione unica)<\/td><\/tr><tr><td class=\"has-text-align-left\" data-align=\"left\">Top listing:<br><strong>Assistente al testamento<\/strong><br>(in CHF all&#8217;anno IVA esclusa)<\/td><td class=\"has-text-align-center\" data-align=\"center\"><strong>+ <strong>CHF<\/strong><\/strong><strong>2400<\/strong><\/td><td class=\"has-text-align-center\" data-align=\"center\"><strong>+ <strong>CHF<\/strong><\/strong><strong>3400<\/strong><\/td><td class=\"has-text-align-center\" data-align=\"center\"><strong>+ <strong>CHF<\/strong><\/strong><strong>4900<\/strong><\/td><td class=\"has-text-align-center\" data-align=\"center\"><strong>+ <strong>CHF<\/strong><\/strong><strong>5400<\/strong><\/td><\/tr><tr><td class=\"has-text-align-left\" data-align=\"left\">Top listing:<br><strong>Indice<\/strong> <br>(in CHF all&#8217;anno IVA esclusa)<\/td><td class=\"has-text-align-center\" data-align=\"center\"><strong>+ <strong>CHF<\/strong><\/strong><strong>1400<\/strong><\/td><td class=\"has-text-align-center\" data-align=\"center\"><strong>+ <strong>CHF<\/strong><\/strong><strong>1900<\/strong><\/td><td class=\"has-text-align-center\" data-align=\"center\"><strong>+ <strong>CHF<\/strong><\/strong><strong>2900<\/strong><\/td><td class=\"has-text-align-center\" data-align=\"center\"><strong>+ <strong>CHF<\/strong><\/strong><strong>3400<\/strong><\/td><\/tr><tr><td class=\"has-text-align-left\" data-align=\"left\">Servizio Webinar<br>(in CHF all&#8217;anno, IVA esclusa)<\/td><td class=\"has-text-align-center\" data-align=\"center\" colspan=\"4\"><strong>+ <strong>CHF<\/strong><\/strong> <strong>600 <\/strong> <\/td><\/tr><\/tbody><\/table><\/figure>\n\n\n\n<div style=\"height:50px\" aria-hidden=\"true\" class=\"wp-block-spacer\"><\/div>\n\n\n\n<div class=\"wp-block-group alignwide is-layout-flex wp-block-group-is-layout-flex\"><\/div>\n\n\n\n<div style=\"height:20px\" aria-hidden=\"true\" class=\"wp-block-spacer\"><\/div>\n\n\n\n<div style=\"height:120px\" aria-hidden=\"true\" class=\"wp-block-spacer\"><\/div>\n\n\n\n<div class=\"wp-block-group alignwide is-layout-flex wp-block-group-is-layout-flex\">\n<div class=\"wp-block-columns full-width sm-w-full is-layout-flex wp-container-core-columns-is-layout-28f84493 wp-block-columns-is-layout-flex\">\n<div class=\"wp-block-column is-layout-flow wp-block-column-is-layout-flow\" style=\"flex-basis:9%\"><\/div>\n\n\n\n<div class=\"wp-block-column is-layout-flow wp-block-column-is-layout-flow\" style=\"flex-basis:82%\">\n<div class=\"wp-block-cover mb-p-2-5\" style=\"padding-top:28px;padding-right:88px;padding-bottom:28px;padding-left:88px;min-height:316px;aspect-ratio:unset;\"><span aria-hidden=\"true\" class=\"wp-block-cover__background has-da-default-background-color has-background-dim-100 has-background-dim\"><\/span><div class=\"wp-block-cover__inner-container is-layout-flow wp-block-cover-is-layout-flow\">\n<p class=\"mb-0\" id=\"h-jetzt-partner-in-von-deinadieu-de-werden\" style=\"font-size:48px;font-style:normal;font-weight:600;line-height:1\">Diventare partner di DeinAdieu.ch ora<\/p>\n\n\n\n<p id=\"h-jetzt-partner-in-von-deinadieu-de-werden\" style=\"font-size:48px;font-style:normal;font-weight:600;line-height:1\">diventare<\/p>\n\n\n\n<p>Saremo lieti di illustrarti tutte le funzioni della nostra piattaforma e dell&#8217;assistente al testamento durante un incontro online. Sfruttate i nostri oltre sette anni di esperienza nella raccolta di fondi per lasciti digitali e attirate potenziali legatari.<\/p>\n\n\n\n<div style=\"height:20px\" aria-hidden=\"true\" class=\"wp-block-spacer\"><\/div>\n\n\n\n<div class=\"wp-block-buttons is-layout-flex wp-block-buttons-is-layout-flex\">\n<div class=\"wp-block-button is-style-outline-white\"><a class=\"wp-block-button__link wp-element-button\" href=\"https:\/\/www.deinadieu.ch\/it\/richiesta-partnership-deinadieu\/\">Richiesta di consulenza<\/a><\/div>\n<\/div>\n<\/div><\/div>\n<\/div>\n\n\n\n<div class=\"wp-block-column is-layout-flow wp-block-column-is-layout-flow\" style=\"flex-basis:9%\"><\/div>\n<\/div>\n\n\n\n<p><\/p>\n<\/div>\n\n\n\n<p><\/p>\n\n\n\n<h2 class=\"wp-block-heading\" id=\"h-\"><\/h2>\n\n\n\n<div class=\"wp-block-columns is-layout-flex wp-container-core-columns-is-layout-28f84493 wp-block-columns-is-layout-flex\"><\/div>\n\n\n\n<div style=\"height:6rem\" aria-hidden=\"true\" class=\"wp-block-spacer\"><\/div>\n\n\n\n<div class=\"wp-block-group is-content-justification-center is-nowrap is-layout-flex wp-container-core-group-is-layout-23441af8 wp-block-group-is-layout-flex\">\n<h4 class=\"wp-block-heading\">Cosa dicono di noi gli altri raccoglitori di fondi: <\/h4>\n<\/div>\n\n\n\n<div style=\"height:140px\" aria-hidden=\"true\" class=\"wp-block-spacer\"><\/div>\n\n\n\n<hr class=\"wp-block-separator has-css-opacity alignwide is-style-wide\"\/>\n\n\n\n<div style=\"height:30px\" aria-hidden=\"true\" class=\"wp-block-spacer\"><\/div>\n\n\n\n<div class=\"wp-block-group alignwide is-layout-flex wp-block-group-is-layout-flex\">\n<p id=\"h-quellen\" style=\"font-size:30px;font-style:normal;font-weight:600\">Fonti<\/p>\n<\/div>\n\n\n\n<p><\/p>\n\n\n\n<div class=\"wp-block-group alignwide is-layout-flex wp-block-group-is-layout-flex\">\n<p>1: \u201cIn Svizzera si eredita pi\u00f9 che mai: 95 miliardi quasi esentasse\u201d, NZZ\/Marius Br\u00fclhart, 10.12.2019<\/p>\n\n\n\n<p>2: Rapporto donazione Svizzera, Swissfundraising e fondazione Zewo, edizione 1, dic. 2019. 2019<\/p>\n\n\n\n<p><\/p>\n\n\n\n<p>3: Messaggio del 29 agosto 2018 sulla modifica del Codice civile svizzero (diritto successorio), <a href=\"https:\/\/www.admin.ch\/opc\/de\/federal-gazette\/2018\/5813.pdf\">https:\/\/www.admin.ch\/opc\/de\/federal-gazette\/2018\/5813.pdf<\/a><\/p>\n\n\n\n<p>4: Previsti altri miliardi per le ONG svizzere &#8211; Intervista con il Dr. Br\u00fclhart (HEC Lausanne), DeinAdieu, 7.10.2020, <a href=\"https:\/\/www.deinadieu.ch\/it\/ulteriori-miliardi-previsti-per-le-ong-svizzere-intervista-con-il-dr-bruelhart-hec-losanna\/\">https:\/\/www.deinadieu.ch\/zusaetzliche-milliarden-fuer-schweizer-ngos\/<\/a><\/p>\n\n\n\n<p>5: Rapporto sul sondaggio \u201cStrumenti di marketing dell\u2019eredit\u00e0 e dei legati\u201d da richiedere a DeinAdieu.ch, Zurigo, settembre 2020 <a href=\"https:\/\/survey.deinadieu.ch\/zs\/36B8GY\">hier<\/a><\/p>\n\n\n\n<p><\/p>\n\n\n\n<p><\/p>\n<\/div>\n\n\n\n<div style=\"height:80px\" aria-hidden=\"true\" class=\"wp-block-spacer\"><\/div>\n","protected":false},"excerpt":{"rendered":"<p>Raccolta fondi digitale per le organizzazioni non profit Perch\u00e8 la raccolta fondi ereditaria? In tutta la Svizzera, pi\u00f9 di 500 ONG si battono per un volume di donazioni pari a 2,1 miliardi di franchi svizzeri. Con la concorrenza per le donazioni sempre pi\u00f9 agguerrita e le sovvenzioni statali sempre pi\u00f9 basse, le attivit\u00e0 di raccolta [&hellip;]<\/p>\n","protected":false},"author":4998,"featured_media":0,"parent":0,"menu_order":0,"comment_status":"closed","ping_status":"closed","template":"","meta":{"_acf_changed":false,"footnotes":""},"class_list":["post-64666","page","type-page","status-publish","hentry"],"acf":[],"yoast_head":"<title>La raccolta di fondi ereditaria diventa facile - con DeinAdieu | DeinAdieu.ch<\/title>\n<meta name=\"description\" content=\"DeinAdieu hilft rund um die Themen Vorsorge, Testament, Patientenverf\u00fcgung, Vorsorgeauftrag und testamentarische Ber\u00fccksichtigung eines Schweizer Hilfswerks.\" \/>\n<meta name=\"robots\" content=\"index, follow, max-snippet:-1, max-image-preview:large, max-video-preview:-1\" \/>\n<link rel=\"canonical\" href=\"https:\/\/www.deinadieu.ch\/it\/la-raccolta-di-fondi-per-leredita-diventa-facile-con-deinadieu\/\" \/>\n<meta property=\"og:locale\" content=\"it_IT\" \/>\n<meta property=\"og:type\" content=\"article\" \/>\n<meta property=\"og:title\" content=\"La raccolta di fondi ereditaria diventa facile - con DeinAdieu\" \/>\n<meta property=\"og:description\" content=\"Raccolta fondi digitale per le organizzazioni non profit Richiedi subito una consulenza https:\/\/www.youtube.com\/watch?v=Snc621xRZIM Perch\u00e8 la raccolta\" \/>\n<meta property=\"og:url\" content=\"https:\/\/www.deinadieu.ch\/it\/la-raccolta-di-fondi-per-leredita-diventa-facile-con-deinadieu\/\" \/>\n<meta property=\"og:site_name\" content=\"DeinAdieu.ch\" \/>\n<meta property=\"article:publisher\" content=\"https:\/\/www.facebook.com\/deinadieu\" \/>\n<meta property=\"article:modified_time\" content=\"2024-11-20T10:58:43+00:00\" \/>\n<meta property=\"og:image\" content=\"https:\/\/www.deinadieu.ch\/wp-content\/uploads\/2023\/04\/Frame-36.png\" \/>\n\t<meta property=\"og:image:width\" content=\"1093\" \/>\n\t<meta property=\"og:image:height\" content=\"645\" \/>\n\t<meta property=\"og:image:type\" content=\"image\/png\" \/>\n<meta name=\"twitter:card\" content=\"summary_large_image\" \/>\n<meta name=\"twitter:site\" content=\"@DeinAdieu\" \/>\n<meta name=\"twitter:label1\" content=\"Est. reading time\" \/>\n\t<meta name=\"twitter:data1\" content=\"11 minutes\" \/>\n<script type=\"application\/ld+json\" class=\"yoast-schema-graph\">{\"@context\":\"https:\\\/\\\/schema.org\",\"@graph\":[{\"@type\":\"WebPage\",\"@id\":\"https:\\\/\\\/www.deinadieu.ch\\\/it\\\/la-raccolta-di-fondi-per-leredita-diventa-facile-con-deinadieu\\\/\",\"url\":\"https:\\\/\\\/www.deinadieu.ch\\\/it\\\/la-raccolta-di-fondi-per-leredita-diventa-facile-con-deinadieu\\\/\",\"name\":\"La raccolta di fondi ereditaria diventa facile - con DeinAdieu | DeinAdieu.ch\",\"isPartOf\":{\"@id\":\"https:\\\/\\\/www.deinadieu.ch\\\/it\\\/#website\"},\"primaryImageOfPage\":{\"@id\":\"https:\\\/\\\/www.deinadieu.ch\\\/it\\\/la-raccolta-di-fondi-per-leredita-diventa-facile-con-deinadieu\\\/#primaryimage\"},\"image\":{\"@id\":\"https:\\\/\\\/www.deinadieu.ch\\\/it\\\/la-raccolta-di-fondi-per-leredita-diventa-facile-con-deinadieu\\\/#primaryimage\"},\"thumbnailUrl\":\"https:\\\/\\\/www.deinadieu.ch\\\/wp-content\\\/uploads\\\/2023\\\/04\\\/Frame-36-1024x604.png\",\"datePublished\":\"2023-06-21T13:00:57+00:00\",\"dateModified\":\"2024-11-20T10:58:43+00:00\",\"description\":\"DeinAdieu hilft rund um die Themen Vorsorge, Testament, Patientenverf\u00fcgung, Vorsorgeauftrag und testamentarische Ber\u00fccksichtigung eines Schweizer Hilfswerks.\",\"breadcrumb\":{\"@id\":\"https:\\\/\\\/www.deinadieu.ch\\\/it\\\/la-raccolta-di-fondi-per-leredita-diventa-facile-con-deinadieu\\\/#breadcrumb\"},\"inLanguage\":\"it-IT\",\"potentialAction\":[{\"@type\":\"ReadAction\",\"target\":[\"https:\\\/\\\/www.deinadieu.ch\\\/it\\\/la-raccolta-di-fondi-per-leredita-diventa-facile-con-deinadieu\\\/\"]}]},{\"@type\":\"ImageObject\",\"inLanguage\":\"it-IT\",\"@id\":\"https:\\\/\\\/www.deinadieu.ch\\\/it\\\/la-raccolta-di-fondi-per-leredita-diventa-facile-con-deinadieu\\\/#primaryimage\",\"url\":\"https:\\\/\\\/www.deinadieu.ch\\\/wp-content\\\/uploads\\\/2023\\\/04\\\/Frame-36-1024x604.png\",\"contentUrl\":\"https:\\\/\\\/www.deinadieu.ch\\\/wp-content\\\/uploads\\\/2023\\\/04\\\/Frame-36-1024x604.png\"},{\"@type\":\"BreadcrumbList\",\"@id\":\"https:\\\/\\\/www.deinadieu.ch\\\/it\\\/la-raccolta-di-fondi-per-leredita-diventa-facile-con-deinadieu\\\/#breadcrumb\",\"itemListElement\":[{\"@type\":\"ListItem\",\"position\":1,\"name\":\"Home\",\"item\":\"https:\\\/\\\/www.deinadieu.ch\\\/it\\\/deinadieu-dialog-und-serviceportal-zum-lebensende\\\/\"},{\"@type\":\"ListItem\",\"position\":2,\"name\":\"La raccolta di fondi ereditaria diventa facile &#8211; con DeinAdieu\"}]},{\"@type\":\"WebSite\",\"@id\":\"https:\\\/\\\/www.deinadieu.ch\\\/it\\\/#website\",\"url\":\"https:\\\/\\\/www.deinadieu.ch\\\/it\\\/\",\"name\":\"DeinAdieu.ch\",\"description\":\"Testament, Patientenverf\u00fcgung und Vorsorgeauftrag\",\"publisher\":{\"@id\":\"https:\\\/\\\/www.deinadieu.ch\\\/it\\\/#organization\"},\"potentialAction\":[{\"@type\":\"SearchAction\",\"target\":{\"@type\":\"EntryPoint\",\"urlTemplate\":\"https:\\\/\\\/www.deinadieu.ch\\\/it\\\/?s={search_term_string}\"},\"query-input\":{\"@type\":\"PropertyValueSpecification\",\"valueRequired\":true,\"valueName\":\"search_term_string\"}}],\"inLanguage\":\"it-IT\"},{\"@type\":\"Organization\",\"@id\":\"https:\\\/\\\/www.deinadieu.ch\\\/it\\\/#organization\",\"name\":\"EMNA Web GmbH\",\"url\":\"https:\\\/\\\/www.deinadieu.ch\\\/it\\\/\",\"logo\":{\"@type\":\"ImageObject\",\"inLanguage\":\"it-IT\",\"@id\":\"https:\\\/\\\/www.deinadieu.ch\\\/it\\\/#\\\/schema\\\/logo\\\/image\\\/\",\"url\":\"https:\\\/\\\/www.deinadieu.ch\\\/wp-content\\\/uploads\\\/2016\\\/01\\\/DeinAdieu_Logo.png\",\"contentUrl\":\"https:\\\/\\\/www.deinadieu.ch\\\/wp-content\\\/uploads\\\/2016\\\/01\\\/DeinAdieu_Logo.png\",\"width\":300,\"height\":117,\"caption\":\"EMNA Web GmbH\"},\"image\":{\"@id\":\"https:\\\/\\\/www.deinadieu.ch\\\/it\\\/#\\\/schema\\\/logo\\\/image\\\/\"},\"sameAs\":[\"https:\\\/\\\/www.facebook.com\\\/deinadieu\",\"https:\\\/\\\/x.com\\\/DeinAdieu\",\"https:\\\/\\\/www.instagram.com\\\/deinadieu\\\/\",\"https:\\\/\\\/www.linkedin.com\\\/company\\\/deinadieu.ch\"]}]}<\/script>","yoast_head_json":{"title":"La raccolta di fondi ereditaria diventa facile - con DeinAdieu | DeinAdieu.ch","description":"DeinAdieu hilft rund um die Themen Vorsorge, Testament, Patientenverf\u00fcgung, Vorsorgeauftrag und testamentarische Ber\u00fccksichtigung eines Schweizer Hilfswerks.","robots":{"index":"index","follow":"follow","max-snippet":"max-snippet:-1","max-image-preview":"max-image-preview:large","max-video-preview":"max-video-preview:-1"},"canonical":"https:\/\/www.deinadieu.ch\/it\/la-raccolta-di-fondi-per-leredita-diventa-facile-con-deinadieu\/","og_locale":"it_IT","og_type":"article","og_title":"La raccolta di fondi ereditaria diventa facile - con DeinAdieu","og_description":"Raccolta fondi digitale per le organizzazioni non profit Richiedi subito una consulenza https:\/\/www.youtube.com\/watch?v=Snc621xRZIM Perch\u00e8 la raccolta","og_url":"https:\/\/www.deinadieu.ch\/it\/la-raccolta-di-fondi-per-leredita-diventa-facile-con-deinadieu\/","og_site_name":"DeinAdieu.ch","article_publisher":"https:\/\/www.facebook.com\/deinadieu","article_modified_time":"2024-11-20T10:58:43+00:00","og_image":[{"width":1093,"height":645,"url":"https:\/\/www.deinadieu.ch\/wp-content\/uploads\/2023\/04\/Frame-36.png","type":"image\/png"}],"twitter_card":"summary_large_image","twitter_site":"@DeinAdieu","twitter_misc":{"Est. reading time":"11 minutes"},"schema":{"@context":"https:\/\/schema.org","@graph":[{"@type":"WebPage","@id":"https:\/\/www.deinadieu.ch\/it\/la-raccolta-di-fondi-per-leredita-diventa-facile-con-deinadieu\/","url":"https:\/\/www.deinadieu.ch\/it\/la-raccolta-di-fondi-per-leredita-diventa-facile-con-deinadieu\/","name":"La raccolta di fondi ereditaria diventa facile - con DeinAdieu | DeinAdieu.ch","isPartOf":{"@id":"https:\/\/www.deinadieu.ch\/it\/#website"},"primaryImageOfPage":{"@id":"https:\/\/www.deinadieu.ch\/it\/la-raccolta-di-fondi-per-leredita-diventa-facile-con-deinadieu\/#primaryimage"},"image":{"@id":"https:\/\/www.deinadieu.ch\/it\/la-raccolta-di-fondi-per-leredita-diventa-facile-con-deinadieu\/#primaryimage"},"thumbnailUrl":"https:\/\/www.deinadieu.ch\/wp-content\/uploads\/2023\/04\/Frame-36-1024x604.png","datePublished":"2023-06-21T13:00:57+00:00","dateModified":"2024-11-20T10:58:43+00:00","description":"DeinAdieu hilft rund um die Themen Vorsorge, Testament, Patientenverf\u00fcgung, Vorsorgeauftrag und testamentarische Ber\u00fccksichtigung eines Schweizer Hilfswerks.","breadcrumb":{"@id":"https:\/\/www.deinadieu.ch\/it\/la-raccolta-di-fondi-per-leredita-diventa-facile-con-deinadieu\/#breadcrumb"},"inLanguage":"it-IT","potentialAction":[{"@type":"ReadAction","target":["https:\/\/www.deinadieu.ch\/it\/la-raccolta-di-fondi-per-leredita-diventa-facile-con-deinadieu\/"]}]},{"@type":"ImageObject","inLanguage":"it-IT","@id":"https:\/\/www.deinadieu.ch\/it\/la-raccolta-di-fondi-per-leredita-diventa-facile-con-deinadieu\/#primaryimage","url":"https:\/\/www.deinadieu.ch\/wp-content\/uploads\/2023\/04\/Frame-36-1024x604.png","contentUrl":"https:\/\/www.deinadieu.ch\/wp-content\/uploads\/2023\/04\/Frame-36-1024x604.png"},{"@type":"BreadcrumbList","@id":"https:\/\/www.deinadieu.ch\/it\/la-raccolta-di-fondi-per-leredita-diventa-facile-con-deinadieu\/#breadcrumb","itemListElement":[{"@type":"ListItem","position":1,"name":"Home","item":"https:\/\/www.deinadieu.ch\/it\/deinadieu-dialog-und-serviceportal-zum-lebensende\/"},{"@type":"ListItem","position":2,"name":"La raccolta di fondi ereditaria diventa facile &#8211; con DeinAdieu"}]},{"@type":"WebSite","@id":"https:\/\/www.deinadieu.ch\/it\/#website","url":"https:\/\/www.deinadieu.ch\/it\/","name":"DeinAdieu.ch","description":"Testament, Patientenverf\u00fcgung und Vorsorgeauftrag","publisher":{"@id":"https:\/\/www.deinadieu.ch\/it\/#organization"},"potentialAction":[{"@type":"SearchAction","target":{"@type":"EntryPoint","urlTemplate":"https:\/\/www.deinadieu.ch\/it\/?s={search_term_string}"},"query-input":{"@type":"PropertyValueSpecification","valueRequired":true,"valueName":"search_term_string"}}],"inLanguage":"it-IT"},{"@type":"Organization","@id":"https:\/\/www.deinadieu.ch\/it\/#organization","name":"EMNA Web GmbH","url":"https:\/\/www.deinadieu.ch\/it\/","logo":{"@type":"ImageObject","inLanguage":"it-IT","@id":"https:\/\/www.deinadieu.ch\/it\/#\/schema\/logo\/image\/","url":"https:\/\/www.deinadieu.ch\/wp-content\/uploads\/2016\/01\/DeinAdieu_Logo.png","contentUrl":"https:\/\/www.deinadieu.ch\/wp-content\/uploads\/2016\/01\/DeinAdieu_Logo.png","width":300,"height":117,"caption":"EMNA Web GmbH"},"image":{"@id":"https:\/\/www.deinadieu.ch\/it\/#\/schema\/logo\/image\/"},"sameAs":["https:\/\/www.facebook.com\/deinadieu","https:\/\/x.com\/DeinAdieu","https:\/\/www.instagram.com\/deinadieu\/","https:\/\/www.linkedin.com\/company\/deinadieu.ch"]}]}},"_links":{"self":[{"href":"https:\/\/www.deinadieu.ch\/it\/wp-json\/wp\/v2\/pages\/64666","targetHints":{"allow":["GET"]}}],"collection":[{"href":"https:\/\/www.deinadieu.ch\/it\/wp-json\/wp\/v2\/pages"}],"about":[{"href":"https:\/\/www.deinadieu.ch\/it\/wp-json\/wp\/v2\/types\/page"}],"author":[{"embeddable":true,"href":"https:\/\/www.deinadieu.ch\/it\/wp-json\/wp\/v2\/users\/4998"}],"replies":[{"embeddable":true,"href":"https:\/\/www.deinadieu.ch\/it\/wp-json\/wp\/v2\/comments?post=64666"}],"version-history":[{"count":15,"href":"https:\/\/www.deinadieu.ch\/it\/wp-json\/wp\/v2\/pages\/64666\/revisions"}],"predecessor-version":[{"id":68780,"href":"https:\/\/www.deinadieu.ch\/it\/wp-json\/wp\/v2\/pages\/64666\/revisions\/68780"}],"wp:attachment":[{"href":"https:\/\/www.deinadieu.ch\/it\/wp-json\/wp\/v2\/media?parent=64666"}],"curies":[{"name":"wp","href":"https:\/\/api.w.org\/{rel}","templated":true}]}}