{"id":61977,"date":"2023-02-08T16:51:45","date_gmt":"2023-02-08T15:51:45","guid":{"rendered":"https:\/\/www.deinadieu.ch\/bilancio-annuale-2022-e-prospettive-2023\/"},"modified":"2023-02-28T12:31:08","modified_gmt":"2023-02-28T11:31:08","slug":"bilancio-annuale-2022-e-prospettive-2023","status":"publish","type":"page","link":"https:\/\/www.deinadieu.ch\/it\/bilancio-annuale-2022-e-prospettive-2023\/","title":{"rendered":"Bilancio annuale 2022 e prospettive 2023"},"content":{"rendered":"\n<figure class=\"wp-block-image alignwide size-large\"><img loading=\"lazy\" decoding=\"async\" width=\"1024\" height=\"422\" src=\"https:\/\/www.deinadieu.ch\/wp-content\/uploads\/2023\/01\/Rectangle-9-1024x422.png\" alt=\"\" class=\"wp-image-61425\" srcset=\"https:\/\/www.deinadieu.ch\/wp-content\/uploads\/2023\/01\/Rectangle-9-1024x422.png 1024w, https:\/\/www.deinadieu.ch\/wp-content\/uploads\/2023\/01\/Rectangle-9-300x124.png 300w, https:\/\/www.deinadieu.ch\/wp-content\/uploads\/2023\/01\/Rectangle-9.png 1440w\" sizes=\"auto, (max-width: 1024px) 100vw, 1024px\" \/><figcaption class=\"wp-element-caption\">Immagine: Lukas Blazek, Unsplash<\/figcaption><\/figure>\n\n<p><\/p>\n\n<div class=\"wp-block-columns is-layout-flex wp-container-core-columns-is-layout-28f84493 wp-block-columns-is-layout-flex\">\n<div class=\"wp-block-column is-layout-flow wp-block-column-is-layout-flow\">\n<figure class=\"wp-block-image size-full\"><img loading=\"lazy\" decoding=\"async\" width=\"518\" height=\"217\" src=\"https:\/\/www.deinadieu.ch\/wp-content\/uploads\/2023\/02\/ngo-1.png\" alt=\"\" class=\"wp-image-61820\" srcset=\"https:\/\/www.deinadieu.ch\/wp-content\/uploads\/2023\/02\/ngo-1.png 518w, https:\/\/www.deinadieu.ch\/wp-content\/uploads\/2023\/02\/ngo-1-300x126.png 300w\" sizes=\"auto, (max-width: 518px) 100vw, 518px\" \/><\/figure>\n\n\n\n<h2 class=\"has-text-align-center wp-block-heading\" id=\"h-13-mehr-berucksichtigungen\">13%  <br\/>ulteriori considerazioni<\/h2>\n\n\n\n<p class=\"has-text-align-center\">Nel 2022, le ONG sono state incluse nei testamenti 780 volte. Questo \u00e8 <br\/>80 in pi\u00f9 rispetto al 2021.<\/p>\n\n\n\n<div style=\"height:94px\" aria-hidden=\"true\" class=\"wp-block-spacer\"><\/div>\n<\/div>\n\n\n\n<div class=\"wp-block-column is-layout-flow wp-block-column-is-layout-flow\">\n<figure class=\"wp-block-image size-full\"><img loading=\"lazy\" decoding=\"async\" width=\"518\" height=\"217\" src=\"https:\/\/www.deinadieu.ch\/wp-content\/uploads\/2023\/02\/testaments-1.png\" alt=\"\" class=\"wp-image-61824\" srcset=\"https:\/\/www.deinadieu.ch\/wp-content\/uploads\/2023\/02\/testaments-1.png 518w, https:\/\/www.deinadieu.ch\/wp-content\/uploads\/2023\/02\/testaments-1-300x126.png 300w\" sizes=\"auto, (max-width: 518px) 100vw, 518px\" \/><\/figure>\n\n\n\n<h2 class=\"has-text-align-center wp-block-heading\" id=\"h-3600-testamentvorlagen-wurden-erstellt\">Sono stati creati 3600 testamento<\/h2>\n\n\n\n<p class=\"has-text-align-center\">Questo accade da quando \u00e8 stato introdotto l&#8217;indirizzo e-mail come campo obbligatorio.<br\/>Nel 2021 sono stati creati circa 7000 testamenti.<\/p>\n<\/div>\n\n\n\n<div class=\"wp-block-column is-layout-flow wp-block-column-is-layout-flow\">\n<figure class=\"wp-block-image size-full\"><img loading=\"lazy\" decoding=\"async\" width=\"518\" height=\"217\" src=\"https:\/\/www.deinadieu.ch\/wp-content\/uploads\/2023\/02\/users-1.png\" alt=\"\" class=\"wp-image-61828\" srcset=\"https:\/\/www.deinadieu.ch\/wp-content\/uploads\/2023\/02\/users-1.png 518w, https:\/\/www.deinadieu.ch\/wp-content\/uploads\/2023\/02\/users-1-300x126.png 300w\" sizes=\"auto, (max-width: 518px) 100vw, 518px\" \/><\/figure>\n\n\n\n<h2 class=\"has-text-align-center wp-block-heading\" id=\"h-1-007-451unique-user-auf-der-plattform\">1&#8217;007&#8217;451<br\/>Unique User <br\/>sulla piattaforma<\/h2>\n\n\n\n<p class=\"has-text-align-center\">In confronto, nel 2021 <br\/>541.700 utenti hanno visitato la piattaforma. Quindi l&#8217;anno scorso DeinAdieu ha raggiunto il doppio delle persone.<\/p>\n<\/div>\n<\/div>\n\n<figure class=\"wp-block-image alignwide size-large\"><img loading=\"lazy\" decoding=\"async\" width=\"1024\" height=\"325\" src=\"https:\/\/www.deinadieu.ch\/wp-content\/uploads\/2023\/01\/Rectangle-13-1024x325.png\" alt=\"\" class=\"wp-image-61429\" srcset=\"https:\/\/www.deinadieu.ch\/wp-content\/uploads\/2023\/01\/Rectangle-13-1024x325.png 1024w, https:\/\/www.deinadieu.ch\/wp-content\/uploads\/2023\/01\/Rectangle-13-300x95.png 300w, https:\/\/www.deinadieu.ch\/wp-content\/uploads\/2023\/01\/Rectangle-13.png 1348w\" sizes=\"auto, (max-width: 1024px) 100vw, 1024px\" \/><figcaption class=\"wp-element-caption\">Immagine: Geojango Maps, Unsplash<\/figcaption><\/figure>\n\n<div class=\"wp-block-columns is-layout-flex wp-container-core-columns-is-layout-28f84493 wp-block-columns-is-layout-flex\">\n<div class=\"wp-block-column is-layout-flow wp-block-column-is-layout-flow\" style=\"flex-basis:66.66%\">\n<h2 class=\"has-text-align-center wp-block-heading\" id=\"h-woran-wir-2022-gearbeitet-haben-unsere-meilensteine\">Su cosa abbiamo lavorato nel 2022 &#8211; le nostre pietre miliari<\/h2>\n\n\n\n<div style=\"height:40px\" aria-hidden=\"true\" class=\"wp-block-spacer\"><\/div>\n<\/div>\n<\/div>\n\n<div class=\"wp-block-columns is-layout-flex wp-container-core-columns-is-layout-28f84493 wp-block-columns-is-layout-flex\">\n<div class=\"wp-block-column is-layout-flow wp-block-column-is-layout-flow\">\n<div class=\"wp-block-columns is-layout-flex wp-container-core-columns-is-layout-28f84493 wp-block-columns-is-layout-flex\">\n<div class=\"wp-block-column is-layout-flow wp-block-column-is-layout-flow\">\n<figure class=\"wp-block-image size-full\"><img loading=\"lazy\" decoding=\"async\" width=\"188\" height=\"217\" src=\"https:\/\/www.deinadieu.ch\/wp-content\/uploads\/2023\/02\/Frame-28.png\" alt=\"\" class=\"wp-image-61796\"\/><\/figure>\n<\/div>\n\n\n\n<div class=\"wp-block-column is-layout-flow wp-block-column-is-layout-flow\"><\/div>\n\n\n\n<div class=\"wp-block-column is-layout-flow wp-block-column-is-layout-flow\"><\/div>\n<\/div>\n\n\n\n<h3 class=\"wp-block-heading\" id=\"h-qualitativ-hohe-leads-dank-obligatorischer-e-mail-abfrage\">Lead di alta qualit\u00e0 grazie alla richiesta obbligatoria di informazioni via e-mail<\/h3>\n\n\n\n<p>Se viene creato un modello di testamento, dal 2022 gli utenti devono fornire il proprio indirizzo e-mail per la verifica. Questo garantisce che il modello di testamento possa essere assegnato a una persona reale, aumentando cos\u00ec la qualit\u00e0 dei contatti.<\/p>\n<\/div>\n\n\n\n<div class=\"wp-block-column is-layout-flow wp-block-column-is-layout-flow\">\n<div class=\"wp-block-columns is-layout-flex wp-container-core-columns-is-layout-28f84493 wp-block-columns-is-layout-flex\">\n<div class=\"wp-block-column is-layout-flow wp-block-column-is-layout-flow\">\n<figure class=\"wp-block-image size-full\"><img loading=\"lazy\" decoding=\"async\" width=\"188\" height=\"217\" src=\"https:\/\/www.deinadieu.ch\/wp-content\/uploads\/2023\/02\/vorlagen.png\" alt=\"\" class=\"wp-image-61776\"\/><\/figure>\n<\/div>\n\n\n\n<div class=\"wp-block-column is-layout-flow wp-block-column-is-layout-flow\"><\/div>\n\n\n\n<div class=\"wp-block-column is-layout-flow wp-block-column-is-layout-flow\"><\/div>\n<\/div>\n\n\n\n<h3 class=\"wp-block-heading\" id=\"h-thema-erbschaft-und-legate-einfacher-aufnehmen-vorlagen-bieten-unterstutzung\">Facilitare l&#8217;accettazione di eredit\u00e0 e lasciti &#8211; i modelli offrono supporto<\/h3>\n\n\n\n<p>Per aiutare le organizzazioni partner a comunicare con i loro donatori sul tema dell&#8217;eredit\u00e0 e dei lasciti, DeinAdieu ha creato diversi modelli. Questi possono essere facilmente scaricati e utilizzati dalle organizzazioni nel login dei partner.<\/p>\n<\/div>\n<\/div>\n\n<div class=\"wp-block-columns is-layout-flex wp-container-core-columns-is-layout-28f84493 wp-block-columns-is-layout-flex\">\n<div class=\"wp-block-column is-layout-flow wp-block-column-is-layout-flow\">\n<div class=\"wp-block-columns is-layout-flex wp-container-core-columns-is-layout-28f84493 wp-block-columns-is-layout-flex\">\n<div class=\"wp-block-column is-layout-flow wp-block-column-is-layout-flow\">\n<figure class=\"wp-block-image size-full\"><img loading=\"lazy\" decoding=\"async\" width=\"188\" height=\"217\" src=\"https:\/\/www.deinadieu.ch\/wp-content\/uploads\/2023\/02\/Frame-26-1.png\" alt=\"\" class=\"wp-image-61784\"\/><\/figure>\n<\/div>\n\n\n\n<div class=\"wp-block-column is-layout-flow wp-block-column-is-layout-flow\"><\/div>\n\n\n\n<div class=\"wp-block-column is-layout-flow wp-block-column-is-layout-flow\"><\/div>\n<\/div>\n\n\n\n<h3 class=\"wp-block-heading\" id=\"h-vielversprechende-ergebnisse-bei-crm-anbindung\">Risultati promettenti con la connessione al CRM<\/h3>\n\n\n\n<p>In futuro, i deceduti dovranno essere identificati nei sistemi CRM delle ONG. A tal fine, l&#8217;interfaccia tra la piattaforma DeinAdieu e il sistema CRM di alcune organizzazioni \u00e8 stata adattata e testata in un progetto pilota. I risultati sono promettenti, tanto che la connessione ai sistemi CRM delle organizzazioni sar\u00e0 possibile quest&#8217;anno.<\/p>\n<\/div>\n\n\n\n<div class=\"wp-block-column is-layout-flow wp-block-column-is-layout-flow\">\n<div class=\"wp-block-columns is-layout-flex wp-container-core-columns-is-layout-28f84493 wp-block-columns-is-layout-flex\">\n<div class=\"wp-block-column is-layout-flow wp-block-column-is-layout-flow\">\n<div class=\"wp-block-columns is-layout-flex wp-container-core-columns-is-layout-28f84493 wp-block-columns-is-layout-flex\">\n<div class=\"wp-block-column is-layout-flow wp-block-column-is-layout-flow\">\n<figure class=\"wp-block-image size-full\"><img loading=\"lazy\" decoding=\"async\" width=\"188\" height=\"217\" src=\"https:\/\/www.deinadieu.ch\/wp-content\/uploads\/2023\/02\/Frame-27-1.png\" alt=\"\" class=\"wp-image-61924\"\/><\/figure>\n<\/div>\n\n\n\n<div class=\"wp-block-column is-layout-flow wp-block-column-is-layout-flow\"><\/div>\n\n\n\n<div class=\"wp-block-column is-layout-flow wp-block-column-is-layout-flow\"><\/div>\n<\/div>\n<\/div>\n<\/div>\n\n\n\n<h3 class=\"wp-block-heading\" id=\"h-unser-partnernetzwerk-wachst-weiter\">La nostra rete di partner continua a crescere<\/h3>\n\n\n\n<p>Nel 2022, la nostra rete di partner \u00e8 cresciuta di 41 organizzazioni, passando da 148 a 189, cosa di cui siamo molto soddisfatti.<br\/><br\/>Vi ringraziamo per questa fiducia e ci auguriamo di lavorare ancora con voi nel 2023.<\/p>\n\n\n\n<div class=\"wp-block-columns is-layout-flex wp-container-core-columns-is-layout-28f84493 wp-block-columns-is-layout-flex\">\n<div class=\"wp-block-column is-layout-flow wp-block-column-is-layout-flow\"><\/div>\n<\/div>\n<\/div>\n<\/div>\n\n<div class=\"wp-block-columns is-layout-flex wp-container-core-columns-is-layout-28f84493 wp-block-columns-is-layout-flex\">\n<div class=\"wp-block-column is-layout-flow wp-block-column-is-layout-flow\">\n<div style=\"height:12px\" aria-hidden=\"true\" class=\"wp-block-spacer\"><\/div>\n\n\n\n<div class=\"wp-block-columns is-layout-flex wp-container-core-columns-is-layout-28f84493 wp-block-columns-is-layout-flex\">\n<div class=\"wp-block-column is-layout-flow wp-block-column-is-layout-flow\">\n<figure class=\"wp-block-image size-full\"><img loading=\"lazy\" decoding=\"async\" width=\"188\" height=\"217\" src=\"https:\/\/www.deinadieu.ch\/wp-content\/uploads\/2023\/02\/leads-2.png\" alt=\"\" class=\"wp-image-61792\"\/><\/figure>\n<\/div>\n\n\n\n<div class=\"wp-block-column is-layout-flow wp-block-column-is-layout-flow\"><\/div>\n\n\n\n<div class=\"wp-block-column is-layout-flow wp-block-column-is-layout-flow\"><\/div>\n<\/div>\n\n\n\n<h3 class=\"wp-block-heading\" id=\"h-kostenlose-erstberatung-bringt-spannende-leads\">La consulenza iniziale gratuita porta a interessanti contatti<\/h3>\n\n\n\n<p>Dal maggio 2022, gli utenti possono accedere a una prima consulenza gratuita tramite le organizzazioni partner o direttamente tramite DeinAdieu.ch. Dalla sua introduzione, circa 80 persone hanno usufruito della consulenza iniziale gratuita. Si tratta di circa 10 contatti al mese con una tendenza all&#8217;aumento.<br\/><br\/>Alcune organizzazioni stanno gi\u00e0 promuovendo la consulenza iniziale gratuita e si prevede un aumento delle richieste, in parte dovuto alla tempestivit\u00e0 dell&#8217;introduzione del nuovo diritto successorio.<\/p>\n<\/div>\n\n\n\n<div class=\"wp-block-column is-layout-flow wp-block-column-is-layout-flow\">\n<div style=\"height:40px\" aria-hidden=\"true\" class=\"wp-block-spacer\"><\/div>\n\n\n\n<div style=\"height:21px\" aria-hidden=\"true\" class=\"wp-block-spacer\"><\/div>\n<\/div>\n<\/div>\n\n<div style=\"height:100px\" aria-hidden=\"true\" class=\"wp-block-spacer\"><\/div>\n\n<figure class=\"wp-block-image alignwide size-large\"><img loading=\"lazy\" decoding=\"async\" width=\"1024\" height=\"325\" src=\"https:\/\/www.deinadieu.ch\/wp-content\/uploads\/2023\/01\/Rectangle-15-1024x325.png\" alt=\"\" class=\"wp-image-61437\" srcset=\"https:\/\/www.deinadieu.ch\/wp-content\/uploads\/2023\/01\/Rectangle-15-1024x325.png 1024w, https:\/\/www.deinadieu.ch\/wp-content\/uploads\/2023\/01\/Rectangle-15-300x95.png 300w, https:\/\/www.deinadieu.ch\/wp-content\/uploads\/2023\/01\/Rectangle-15.png 1348w\" sizes=\"auto, (max-width: 1024px) 100vw, 1024px\" \/><figcaption class=\"wp-element-caption\">Immagine: Javier Allegue Barros, Unsplash<\/figcaption><\/figure>\n\n<div style=\"height:49px\" aria-hidden=\"true\" class=\"wp-block-spacer\"><\/div>\n\n<h2 class=\"has-text-align-center wp-block-heading\" id=\"h-spannender-start-ins-2023\">Un inizio entusiasmante per il 2023<\/h2>\n\n<div style=\"height:21px\" aria-hidden=\"true\" class=\"wp-block-spacer\"><\/div>\n\n<div class=\"wp-block-media-text is-stacked-on-mobile\"><figure class=\"wp-block-media-text__media\"><img loading=\"lazy\" decoding=\"async\" width=\"926\" height=\"593\" src=\"https:\/\/www.deinadieu.ch\/wp-content\/uploads\/2023\/02\/Frame-24-1.png\" alt=\"\" class=\"wp-image-61932 size-full\" srcset=\"https:\/\/www.deinadieu.ch\/wp-content\/uploads\/2023\/02\/Frame-24-1.png 926w, https:\/\/www.deinadieu.ch\/wp-content\/uploads\/2023\/02\/Frame-24-1-300x192.png 300w\" sizes=\"auto, (max-width: 926px) 100vw, 926px\" \/><\/figure><div class=\"wp-block-media-text__content\">\n<div class=\"wp-block-columns is-layout-flex wp-container-core-columns-is-layout-28f84493 wp-block-columns-is-layout-flex\">\n<div class=\"wp-block-column is-layout-flow wp-block-column-is-layout-flow\">\n<figure class=\"wp-block-image size-full\"><img loading=\"lazy\" decoding=\"async\" width=\"188\" height=\"217\" src=\"https:\/\/www.deinadieu.ch\/wp-content\/uploads\/2023\/02\/rocket_-1.png\" alt=\"\" class=\"wp-image-61928\"\/><\/figure>\n<\/div>\n\n\n\n<div class=\"wp-block-column is-layout-flow wp-block-column-is-layout-flow\"><\/div>\n\n\n\n<div class=\"wp-block-column is-layout-flow wp-block-column-is-layout-flow\"><\/div>\n<\/div>\n\n\n\n<h2 class=\"wp-block-heading\" id=\"h-das-neue-erbrecht-ein-fulminanter-start-ins-2023\">Il nuovo diritto successorio: una partenza brillante verso il 2023<\/h2>\n\n\n\n<p>Il nuovo diritto successorio \u00e8 in vigore dal 1\u00b0 gennaio 2023 e apre nuove possibilit\u00e0 ai donatori in termini di pianificazione successoria.<br\/><br\/>Sfruttate la modifica della legge e l&#8217;attuale forte presenza sui media per comunicare con i vostri donatori sul tema dell&#8217;eredit\u00e0 e dei lasciti. Solo negli ultimi 30 giorni, infatti, la nostra piattaforma ha registrato un numero di visualizzazioni di pagine tre volte superiore rispetto allo stesso periodo dell&#8217;anno precedente e sono state prese in considerazione pi\u00f9 di 130 ONG nei nuovi modelli di testamento.<br\/>(Periodo 25.12.2022 &#8211; 24.01.2023)<\/p>\n<\/div><\/div>\n\n<div class=\"wp-block-columns is-layout-flex wp-container-core-columns-is-layout-28f84493 wp-block-columns-is-layout-flex\">\n<div class=\"wp-block-column is-layout-flow wp-block-column-is-layout-flow\">\n<div class=\"wp-block-columns is-layout-flex wp-container-core-columns-is-layout-28f84493 wp-block-columns-is-layout-flex\">\n<div class=\"wp-block-column is-layout-flow wp-block-column-is-layout-flow\">\n<figure class=\"wp-block-image size-full\"><img loading=\"lazy\" decoding=\"async\" width=\"188\" height=\"217\" src=\"https:\/\/www.deinadieu.ch\/wp-content\/uploads\/2023\/02\/goal_-2.png\" alt=\"\" class=\"wp-image-61936\"\/><\/figure>\n<\/div>\n\n\n\n<div class=\"wp-block-column is-layout-flow wp-block-column-is-layout-flow\"><\/div>\n\n\n\n<div class=\"wp-block-column is-layout-flow wp-block-column-is-layout-flow\"><\/div>\n<\/div>\n\n\n\n<h3 class=\"wp-block-heading\" id=\"h-rollout-von-deinadieu-de-geplant\">Previsto il lancio di DeinAdieu.de<\/h3>\n\n\n\n<p>Anche in Germania, il patrimonio potenziale che pu\u00f2 essere lasciato in eredit\u00e0 alle organizzazioni caritatevoli \u00e8 ampio. Per questo motivo, a partire da marzo 2023 DeinAdieu offrir\u00e0 anche alle raccolte fondi tedesche la possibilit\u00e0 di inserire link speciali nelle loro pagine e di richiamare pi\u00f9 facilmente l&#8217;attenzione sul tema dell&#8217;eredit\u00e0 e dei lasciti. Il lavoro su DeinAdieu.de \u00e8 attualmente in fase di completamento.<\/p>\n\n\n\n<div class=\"wp-block-columns is-layout-flex wp-container-core-columns-is-layout-28f84493 wp-block-columns-is-layout-flex\">\n<div class=\"wp-block-column is-layout-flow wp-block-column-is-layout-flow\"><\/div>\n<\/div>\n<\/div>\n\n\n\n<div class=\"wp-block-column is-layout-flow wp-block-column-is-layout-flow\">\n<div class=\"wp-block-columns is-layout-flex wp-container-core-columns-is-layout-28f84493 wp-block-columns-is-layout-flex\">\n<div class=\"wp-block-column is-layout-flow wp-block-column-is-layout-flow\">\n<figure class=\"wp-block-image size-full is-style-default\"><img loading=\"lazy\" decoding=\"async\" width=\"188\" height=\"217\" src=\"https:\/\/www.deinadieu.ch\/wp-content\/uploads\/2023\/02\/news_-1.png\" alt=\"\" class=\"wp-image-61940\"\/><\/figure>\n<\/div>\n\n\n\n<div class=\"wp-block-column is-layout-flow wp-block-column-is-layout-flow\"><\/div>\n\n\n\n<div class=\"wp-block-column is-layout-flow wp-block-column-is-layout-flow\"><\/div>\n<\/div>\n\n\n\n<h3 class=\"wp-block-heading\" id=\"h-vergleichsartikel-uber-die-nutzlichsten-online-portale-im-erbschaftsmarketing\">Articolo di confronto sui portali online pi\u00f9 utili nel marketing dell&#8217;eredit\u00e0<\/h3>\n\n\n\n<p>La rivista Fundraiser online ha pubblicato un articolo comparativo in cui nove portali di legacy marketing sono stati analizzati. DeinAdieu ha sottolineato l&#8217;importanza dei rapporti periodici e dei vari strumenti e widget, disponibili anche per le organizzazioni con un budget inferiore.<br\/><br\/>Leggi l&#8217;articolo completo qui: <a href=\"https:\/\/web.fundraiser-magazin.de\/erbschafts-marketing-das-sind-die-nuetzlichsten-online-portale\" target=\"_blank\" rel=\"noreferrer noopener\">https:\/\/web.fundraiser-magazin.de\/erbschafts-marketing-das-sind-die-nuetzlichsten-online-portale<\/a><\/p>\n<\/div>\n<\/div>\n\n<div style=\"height:40px\" aria-hidden=\"true\" class=\"wp-block-spacer\"><\/div>\n\n<div class=\"wp-block-columns is-layout-flex wp-container-core-columns-is-layout-28f84493 wp-block-columns-is-layout-flex\">\n<div class=\"wp-block-column is-layout-flow wp-block-column-is-layout-flow\">\n<div class=\"wp-block-columns is-layout-flex wp-container-core-columns-is-layout-28f84493 wp-block-columns-is-layout-flex\">\n<div class=\"wp-block-column is-layout-flow wp-block-column-is-layout-flow\">\n<figure class=\"wp-block-image size-full\"><img loading=\"lazy\" decoding=\"async\" width=\"188\" height=\"217\" src=\"https:\/\/www.deinadieu.ch\/wp-content\/uploads\/2023\/02\/goal_-3.png\" alt=\"\" class=\"wp-image-61944\"\/><\/figure>\n<\/div>\n\n\n\n<div class=\"wp-block-column is-layout-flow wp-block-column-is-layout-flow\"><\/div>\n\n\n\n<div class=\"wp-block-column is-layout-flow wp-block-column-is-layout-flow\"><\/div>\n<\/div>\n\n\n\n<h3 class=\"wp-block-heading\" id=\"h-white-label-losung-der-deinadieu-app-schon-bald-verfugbar\">Presto disponibile la soluzione white label dell&#8217;app DeinAdieu<\/h3>\n\n\n\n<p>A partire da maggio 2023, le organizzazioni potranno utilizzare l&#8217;applicazione DeinAdieu con un modello di testamento, un testamento biologico, ecc. come soluzione white-label. In questo modo, il CI\/CD di DeinAdieu sar\u00e0 sostituito da quello delle rispettive organizzazioni. Anche l&#8217;URL \u00e8 adattato all&#8217;organizzazione specifica e le e-mail del sistema agli utenti sono inviate da un indirizzo e-mail generico. Nel modello di testamento, anche le altre organizzazioni sono completamente nascoste.<\/p>\n\n\n\n<p>La soluzione white label pu\u00f2 essere prenotata come supplemento all&#8217;iscrizione attiva. <\/p>\n\n\n\n<p><\/p>\n\n\n\n<p><\/p>\n<\/div>\n\n\n\n<div class=\"wp-block-column is-layout-flow wp-block-column-is-layout-flow\">\n<div class=\"wp-block-columns is-layout-flex wp-container-core-columns-is-layout-28f84493 wp-block-columns-is-layout-flex\">\n<div class=\"wp-block-column is-layout-flow wp-block-column-is-layout-flow\"><\/div>\n<\/div>\n<\/div>\n<\/div>\n\n<div class=\"wp-block-columns is-layout-flex wp-container-core-columns-is-layout-28f84493 wp-block-columns-is-layout-flex\">\n<div class=\"wp-block-column is-layout-flow wp-block-column-is-layout-flow\">\n<p><\/p>\n<\/div>\n\n\n\n<div class=\"wp-block-column is-layout-flow wp-block-column-is-layout-flow\"><\/div>\n<\/div>\n\n<div style=\"height:33px\" aria-hidden=\"true\" class=\"wp-block-spacer\"><\/div>\n\n<div class=\"wp-block-media-text is-stacked-on-mobile\"><figure class=\"wp-block-media-text__media\"><img loading=\"lazy\" decoding=\"async\" width=\"768\" height=\"1024\" src=\"https:\/\/www.deinadieu.ch\/wp-content\/uploads\/2023\/01\/WhatsApp-Image-2022-12-03-at-14.28.56-768x1024.jpeg\" alt=\"\" class=\"wp-image-61414 size-full\" srcset=\"https:\/\/www.deinadieu.ch\/wp-content\/uploads\/2023\/01\/WhatsApp-Image-2022-12-03-at-14.28.56-768x1024.jpeg 768w, https:\/\/www.deinadieu.ch\/wp-content\/uploads\/2023\/01\/WhatsApp-Image-2022-12-03-at-14.28.56-225x300.jpeg 225w, https:\/\/www.deinadieu.ch\/wp-content\/uploads\/2023\/01\/WhatsApp-Image-2022-12-03-at-14.28.56-1152x1536.jpeg 1152w, https:\/\/www.deinadieu.ch\/wp-content\/uploads\/2023\/01\/WhatsApp-Image-2022-12-03-at-14.28.56.jpeg 1536w\" sizes=\"auto, (max-width: 768px) 100vw, 768px\" \/><\/figure><div class=\"wp-block-media-text__content\">\n<div class=\"wp-block-columns is-layout-flex wp-container-core-columns-is-layout-28f84493 wp-block-columns-is-layout-flex\">\n<div class=\"wp-block-column is-layout-flow wp-block-column-is-layout-flow\">\n<figure class=\"wp-block-image size-full\"><img loading=\"lazy\" decoding=\"async\" width=\"188\" height=\"217\" src=\"https:\/\/www.deinadieu.ch\/wp-content\/uploads\/2023\/02\/support_-1.png\" alt=\"\" class=\"wp-image-61862\"\/><\/figure>\n<\/div>\n\n\n\n<div class=\"wp-block-column is-layout-flow wp-block-column-is-layout-flow\"><\/div>\n\n\n\n<div class=\"wp-block-column is-layout-flow wp-block-column-is-layout-flow\"><\/div>\n<\/div>\n\n\n\n<h2 class=\"wp-block-heading\" id=\"h-verschiedene-fachkompetenzen-kommen-zusammen-ihr-deinadieu-team\">Le diverse competenze si uniscono &#8211; Il vostro team DeinAdieu<\/h2>\n\n\n\n<p>Servizi ai clienti, articoli legali, relazioni, traduzioni, social media: il team di DeinAdieu \u00e8 vario come le organizzazioni che serve. Ogni membro del team utilizza i propri punti di forza per la causa comune: questo non solo \u00e8 divertente, ma garantisce anche la migliore qualit\u00e0 possibile. <br\/><br\/>Non vediamo l&#8217;ora di fare del bene con voi anche quest&#8217;anno e siamo lieti di rispondere a qualsiasi domanda o dubbio che possiate avere.<\/p>\n\n\n\n<div class=\"wp-block-buttons is-layout-flex wp-block-buttons-is-layout-flex\">\n<div class=\"wp-block-button\"><a class=\"wp-block-button__link wp-element-button\" href=\"https:\/\/www.deinadieu.ch\/it\/cose-deinadieu\/il-team-e-la-rete\/\">Conoscere il nostro team<\/a><\/div>\n<\/div>\n<\/div><\/div>\n\n<div style=\"height:100px\" aria-hidden=\"true\" class=\"wp-block-spacer\"><\/div>\n\n<p><\/p>\n\n<p>Icone: Flaticon<\/p>\n","protected":false},"excerpt":{"rendered":"<p>13% ulteriori considerazioni Nel 2022, le ONG sono state incluse nei testamenti 780 volte. Questo \u00e8 80 in pi\u00f9 rispetto al 2021. Sono stati creati 3600 testamento Questo accade da quando \u00e8 stato introdotto l&#8217;indirizzo e-mail come campo obbligatorio.Nel 2021 sono stati creati circa 7000 testamenti. 1&#8217;007&#8217;451Unique User sulla piattaforma In confronto, nel 2021 541.700 [&hellip;]<\/p>\n","protected":false},"author":6041,"featured_media":0,"parent":0,"menu_order":0,"comment_status":"closed","ping_status":"closed","template":"","meta":{"_acf_changed":false,"footnotes":""},"class_list":["post-61977","page","type-page","status-publish","hentry"],"acf":[],"yoast_head":"<title>Bilancio annuale 2022 e prospettive 2023 | DeinAdieu.ch<\/title>\n<meta name=\"description\" content=\"DeinAdieu hilft rund um die Themen Vorsorge, Testament, Patientenverf\u00fcgung, Vorsorgeauftrag und testamentarische Ber\u00fccksichtigung eines Schweizer Hilfswerks.\" \/>\n<meta name=\"robots\" content=\"index, follow, max-snippet:-1, max-image-preview:large, max-video-preview:-1\" \/>\n<link rel=\"canonical\" href=\"https:\/\/www.deinadieu.ch\/it\/bilancio-annuale-2022-e-prospettive-2023\/\" \/>\n<meta property=\"og:locale\" content=\"it_IT\" \/>\n<meta property=\"og:type\" content=\"article\" \/>\n<meta property=\"og:title\" content=\"Bilancio annuale 2022 e prospettive 2023\" \/>\n<meta property=\"og:description\" content=\"Immagine: Lukas Blazek, Unsplash 13% ulteriori considerazioni Nel 2022, le ONG sono state incluse nei testamenti 780 volte. Questo \u00e8 80 in pi\u00f9 rispetto al\" \/>\n<meta property=\"og:url\" content=\"https:\/\/www.deinadieu.ch\/it\/bilancio-annuale-2022-e-prospettive-2023\/\" \/>\n<meta property=\"og:site_name\" content=\"DeinAdieu.ch\" \/>\n<meta property=\"article:publisher\" content=\"https:\/\/www.facebook.com\/deinadieu\" \/>\n<meta property=\"article:modified_time\" content=\"2023-02-28T11:31:08+00:00\" \/>\n<meta property=\"og:image\" content=\"https:\/\/static.deinadieu.ch\/uploads\/2023\/01\/Rectangle-9-1024x422.png\" \/>\n<meta name=\"twitter:card\" content=\"summary_large_image\" \/>\n<meta name=\"twitter:site\" content=\"@DeinAdieu\" \/>\n<meta name=\"twitter:label1\" content=\"Est. reading time\" \/>\n\t<meta name=\"twitter:data1\" content=\"4 minutes\" \/>\n<script type=\"application\/ld+json\" class=\"yoast-schema-graph\">{\"@context\":\"https:\\\/\\\/schema.org\",\"@graph\":[{\"@type\":\"WebPage\",\"@id\":\"https:\\\/\\\/www.deinadieu.ch\\\/it\\\/bilancio-annuale-2022-e-prospettive-2023\\\/\",\"url\":\"https:\\\/\\\/www.deinadieu.ch\\\/it\\\/bilancio-annuale-2022-e-prospettive-2023\\\/\",\"name\":\"Bilancio annuale 2022 e prospettive 2023 | DeinAdieu.ch\",\"isPartOf\":{\"@id\":\"https:\\\/\\\/www.deinadieu.ch\\\/it\\\/#website\"},\"primaryImageOfPage\":{\"@id\":\"https:\\\/\\\/www.deinadieu.ch\\\/it\\\/bilancio-annuale-2022-e-prospettive-2023\\\/#primaryimage\"},\"image\":{\"@id\":\"https:\\\/\\\/www.deinadieu.ch\\\/it\\\/bilancio-annuale-2022-e-prospettive-2023\\\/#primaryimage\"},\"thumbnailUrl\":\"https:\\\/\\\/www.deinadieu.ch\\\/wp-content\\\/uploads\\\/2023\\\/01\\\/Rectangle-9-1024x422.png\",\"datePublished\":\"2023-02-08T15:51:45+00:00\",\"dateModified\":\"2023-02-28T11:31:08+00:00\",\"description\":\"DeinAdieu hilft rund um die Themen Vorsorge, Testament, Patientenverf\u00fcgung, Vorsorgeauftrag und testamentarische Ber\u00fccksichtigung eines Schweizer Hilfswerks.\",\"breadcrumb\":{\"@id\":\"https:\\\/\\\/www.deinadieu.ch\\\/it\\\/bilancio-annuale-2022-e-prospettive-2023\\\/#breadcrumb\"},\"inLanguage\":\"it-IT\",\"potentialAction\":[{\"@type\":\"ReadAction\",\"target\":[\"https:\\\/\\\/www.deinadieu.ch\\\/it\\\/bilancio-annuale-2022-e-prospettive-2023\\\/\"]}]},{\"@type\":\"ImageObject\",\"inLanguage\":\"it-IT\",\"@id\":\"https:\\\/\\\/www.deinadieu.ch\\\/it\\\/bilancio-annuale-2022-e-prospettive-2023\\\/#primaryimage\",\"url\":\"https:\\\/\\\/www.deinadieu.ch\\\/wp-content\\\/uploads\\\/2023\\\/01\\\/Rectangle-9-1024x422.png\",\"contentUrl\":\"https:\\\/\\\/www.deinadieu.ch\\\/wp-content\\\/uploads\\\/2023\\\/01\\\/Rectangle-9-1024x422.png\"},{\"@type\":\"BreadcrumbList\",\"@id\":\"https:\\\/\\\/www.deinadieu.ch\\\/it\\\/bilancio-annuale-2022-e-prospettive-2023\\\/#breadcrumb\",\"itemListElement\":[{\"@type\":\"ListItem\",\"position\":1,\"name\":\"Home\",\"item\":\"https:\\\/\\\/www.deinadieu.ch\\\/it\\\/deinadieu-dialog-und-serviceportal-zum-lebensende\\\/\"},{\"@type\":\"ListItem\",\"position\":2,\"name\":\"Bilancio annuale 2022 e prospettive 2023\"}]},{\"@type\":\"WebSite\",\"@id\":\"https:\\\/\\\/www.deinadieu.ch\\\/it\\\/#website\",\"url\":\"https:\\\/\\\/www.deinadieu.ch\\\/it\\\/\",\"name\":\"DeinAdieu.ch\",\"description\":\"Testament, Patientenverf\u00fcgung und Vorsorgeauftrag\",\"publisher\":{\"@id\":\"https:\\\/\\\/www.deinadieu.ch\\\/it\\\/#organization\"},\"potentialAction\":[{\"@type\":\"SearchAction\",\"target\":{\"@type\":\"EntryPoint\",\"urlTemplate\":\"https:\\\/\\\/www.deinadieu.ch\\\/it\\\/?s={search_term_string}\"},\"query-input\":{\"@type\":\"PropertyValueSpecification\",\"valueRequired\":true,\"valueName\":\"search_term_string\"}}],\"inLanguage\":\"it-IT\"},{\"@type\":\"Organization\",\"@id\":\"https:\\\/\\\/www.deinadieu.ch\\\/it\\\/#organization\",\"name\":\"EMNA Web GmbH\",\"url\":\"https:\\\/\\\/www.deinadieu.ch\\\/it\\\/\",\"logo\":{\"@type\":\"ImageObject\",\"inLanguage\":\"it-IT\",\"@id\":\"https:\\\/\\\/www.deinadieu.ch\\\/it\\\/#\\\/schema\\\/logo\\\/image\\\/\",\"url\":\"https:\\\/\\\/www.deinadieu.ch\\\/wp-content\\\/uploads\\\/2016\\\/01\\\/DeinAdieu_Logo.png\",\"contentUrl\":\"https:\\\/\\\/www.deinadieu.ch\\\/wp-content\\\/uploads\\\/2016\\\/01\\\/DeinAdieu_Logo.png\",\"width\":300,\"height\":117,\"caption\":\"EMNA Web GmbH\"},\"image\":{\"@id\":\"https:\\\/\\\/www.deinadieu.ch\\\/it\\\/#\\\/schema\\\/logo\\\/image\\\/\"},\"sameAs\":[\"https:\\\/\\\/www.facebook.com\\\/deinadieu\",\"https:\\\/\\\/x.com\\\/DeinAdieu\",\"https:\\\/\\\/www.instagram.com\\\/deinadieu\\\/\",\"https:\\\/\\\/www.linkedin.com\\\/company\\\/deinadieu.ch\"]}]}<\/script>","yoast_head_json":{"title":"Bilancio annuale 2022 e prospettive 2023 | DeinAdieu.ch","description":"DeinAdieu hilft rund um die Themen Vorsorge, Testament, Patientenverf\u00fcgung, Vorsorgeauftrag und testamentarische Ber\u00fccksichtigung eines Schweizer Hilfswerks.","robots":{"index":"index","follow":"follow","max-snippet":"max-snippet:-1","max-image-preview":"max-image-preview:large","max-video-preview":"max-video-preview:-1"},"canonical":"https:\/\/www.deinadieu.ch\/it\/bilancio-annuale-2022-e-prospettive-2023\/","og_locale":"it_IT","og_type":"article","og_title":"Bilancio annuale 2022 e prospettive 2023","og_description":"Immagine: Lukas Blazek, Unsplash 13% ulteriori considerazioni Nel 2022, le ONG sono state incluse nei testamenti 780 volte. Questo \u00e8 80 in pi\u00f9 rispetto al","og_url":"https:\/\/www.deinadieu.ch\/it\/bilancio-annuale-2022-e-prospettive-2023\/","og_site_name":"DeinAdieu.ch","article_publisher":"https:\/\/www.facebook.com\/deinadieu","article_modified_time":"2023-02-28T11:31:08+00:00","og_image":[{"url":"https:\/\/static.deinadieu.ch\/uploads\/2023\/01\/Rectangle-9-1024x422.png","type":"","width":"","height":""}],"twitter_card":"summary_large_image","twitter_site":"@DeinAdieu","twitter_misc":{"Est. reading time":"4 minutes"},"schema":{"@context":"https:\/\/schema.org","@graph":[{"@type":"WebPage","@id":"https:\/\/www.deinadieu.ch\/it\/bilancio-annuale-2022-e-prospettive-2023\/","url":"https:\/\/www.deinadieu.ch\/it\/bilancio-annuale-2022-e-prospettive-2023\/","name":"Bilancio annuale 2022 e prospettive 2023 | DeinAdieu.ch","isPartOf":{"@id":"https:\/\/www.deinadieu.ch\/it\/#website"},"primaryImageOfPage":{"@id":"https:\/\/www.deinadieu.ch\/it\/bilancio-annuale-2022-e-prospettive-2023\/#primaryimage"},"image":{"@id":"https:\/\/www.deinadieu.ch\/it\/bilancio-annuale-2022-e-prospettive-2023\/#primaryimage"},"thumbnailUrl":"https:\/\/www.deinadieu.ch\/wp-content\/uploads\/2023\/01\/Rectangle-9-1024x422.png","datePublished":"2023-02-08T15:51:45+00:00","dateModified":"2023-02-28T11:31:08+00:00","description":"DeinAdieu hilft rund um die Themen Vorsorge, Testament, Patientenverf\u00fcgung, Vorsorgeauftrag und testamentarische Ber\u00fccksichtigung eines Schweizer Hilfswerks.","breadcrumb":{"@id":"https:\/\/www.deinadieu.ch\/it\/bilancio-annuale-2022-e-prospettive-2023\/#breadcrumb"},"inLanguage":"it-IT","potentialAction":[{"@type":"ReadAction","target":["https:\/\/www.deinadieu.ch\/it\/bilancio-annuale-2022-e-prospettive-2023\/"]}]},{"@type":"ImageObject","inLanguage":"it-IT","@id":"https:\/\/www.deinadieu.ch\/it\/bilancio-annuale-2022-e-prospettive-2023\/#primaryimage","url":"https:\/\/www.deinadieu.ch\/wp-content\/uploads\/2023\/01\/Rectangle-9-1024x422.png","contentUrl":"https:\/\/www.deinadieu.ch\/wp-content\/uploads\/2023\/01\/Rectangle-9-1024x422.png"},{"@type":"BreadcrumbList","@id":"https:\/\/www.deinadieu.ch\/it\/bilancio-annuale-2022-e-prospettive-2023\/#breadcrumb","itemListElement":[{"@type":"ListItem","position":1,"name":"Home","item":"https:\/\/www.deinadieu.ch\/it\/deinadieu-dialog-und-serviceportal-zum-lebensende\/"},{"@type":"ListItem","position":2,"name":"Bilancio annuale 2022 e prospettive 2023"}]},{"@type":"WebSite","@id":"https:\/\/www.deinadieu.ch\/it\/#website","url":"https:\/\/www.deinadieu.ch\/it\/","name":"DeinAdieu.ch","description":"Testament, Patientenverf\u00fcgung und Vorsorgeauftrag","publisher":{"@id":"https:\/\/www.deinadieu.ch\/it\/#organization"},"potentialAction":[{"@type":"SearchAction","target":{"@type":"EntryPoint","urlTemplate":"https:\/\/www.deinadieu.ch\/it\/?s={search_term_string}"},"query-input":{"@type":"PropertyValueSpecification","valueRequired":true,"valueName":"search_term_string"}}],"inLanguage":"it-IT"},{"@type":"Organization","@id":"https:\/\/www.deinadieu.ch\/it\/#organization","name":"EMNA Web GmbH","url":"https:\/\/www.deinadieu.ch\/it\/","logo":{"@type":"ImageObject","inLanguage":"it-IT","@id":"https:\/\/www.deinadieu.ch\/it\/#\/schema\/logo\/image\/","url":"https:\/\/www.deinadieu.ch\/wp-content\/uploads\/2016\/01\/DeinAdieu_Logo.png","contentUrl":"https:\/\/www.deinadieu.ch\/wp-content\/uploads\/2016\/01\/DeinAdieu_Logo.png","width":300,"height":117,"caption":"EMNA Web GmbH"},"image":{"@id":"https:\/\/www.deinadieu.ch\/it\/#\/schema\/logo\/image\/"},"sameAs":["https:\/\/www.facebook.com\/deinadieu","https:\/\/x.com\/DeinAdieu","https:\/\/www.instagram.com\/deinadieu\/","https:\/\/www.linkedin.com\/company\/deinadieu.ch"]}]}},"_links":{"self":[{"href":"https:\/\/www.deinadieu.ch\/it\/wp-json\/wp\/v2\/pages\/61977","targetHints":{"allow":["GET"]}}],"collection":[{"href":"https:\/\/www.deinadieu.ch\/it\/wp-json\/wp\/v2\/pages"}],"about":[{"href":"https:\/\/www.deinadieu.ch\/it\/wp-json\/wp\/v2\/types\/page"}],"author":[{"embeddable":true,"href":"https:\/\/www.deinadieu.ch\/it\/wp-json\/wp\/v2\/users\/6041"}],"replies":[{"embeddable":true,"href":"https:\/\/www.deinadieu.ch\/it\/wp-json\/wp\/v2\/comments?post=61977"}],"version-history":[{"count":4,"href":"https:\/\/www.deinadieu.ch\/it\/wp-json\/wp\/v2\/pages\/61977\/revisions"}],"predecessor-version":[{"id":62161,"href":"https:\/\/www.deinadieu.ch\/it\/wp-json\/wp\/v2\/pages\/61977\/revisions\/62161"}],"wp:attachment":[{"href":"https:\/\/www.deinadieu.ch\/it\/wp-json\/wp\/v2\/media?parent=61977"}],"curies":[{"name":"wp","href":"https:\/\/api.w.org\/{rel}","templated":true}]}}