{"id":49761,"date":"2021-02-10T13:19:27","date_gmt":"2021-02-10T12:19:27","guid":{"rendered":"https:\/\/www.deinadieu.ch\/fare-del-bene-oltre-la-fine-della-vita\/"},"modified":"2023-10-23T11:53:04","modified_gmt":"2023-10-23T09:53:04","slug":"fare-del-bene-oltre-la-fine-della-vita","status":"publish","type":"page","link":"https:\/\/www.deinadieu.ch\/it\/fare-del-bene-oltre-la-fine-della-vita\/","title":{"rendered":"Fare del bene \u2013 oltre la fine della vita"},"content":{"rendered":"\n<div class=\"wp-block-columns alignwide is-layout-flex wp-container-core-columns-is-layout-28f84493 wp-block-columns-is-layout-flex\">\n<div class=\"wp-block-column is-layout-flow wp-block-column-is-layout-flow\">            <da-featured-tool\n                more=\"Per saperne di pi\u00f9\"\n                direct=\"\"\n                text=\"Leggete di pi\u00f9 sui desideri del cuore dei nostri donatori testamentari\"\n                title=\"Cosa pu\u00f2 fare la mia ultima volont\u00e0?\"\n                tool=\"\"\n                href=\"#mein-wille\"\n                icon=\"heart\"\n            ><\/da-featured-tool>\n<\/div>\n\n\n\n<div class=\"wp-block-column is-layout-flow wp-block-column-is-layout-flow\">            <da-featured-tool\n                more=\"Per saperne di pi\u00f9\"\n                direct=\"\"\n                text=\"Le nostre organizzazioni partner informano su come potete cambiare il mondo con i vostri soldi\"\n                title=\"Il vostro contributo fa un&#039;enorme differenza\"\n                tool=\"\"\n                href=\"#organisation\"\n                icon=\"nonprofit\"\n            ><\/da-featured-tool>\n<\/div>\n\n\n\n<div class=\"wp-block-column is-layout-flow wp-block-column-is-layout-flow\">            <da-featured-tool\n                more=\"Per saperne di pi\u00f9\"\n                direct=\"\"\n                text=\"I nostri avvocati specializzati vi mostrano a cosa dovreste prestare attenzione quando regolate l&#039;eredit\u00e0\"\n                title=\"Fare del bene - ma nel modo giusto\"\n                tool=\"\"\n                href=\"#wichtiges\"\n                icon=\"information\"\n            ><\/da-featured-tool>\n<\/div>\n<\/div>\n\n<div class=\"wp-block-group alignfull has-background is-layout-flow wp-block-group-is-layout-flow\" style=\"background-color:#f3f7fa\">\n<p class=\"has-text-align-center py-12 has-large-font-size\"><em>\u00abPosso guardare indietro a una vita felice e voglio<br\/>trasmettere qualcosa\u00bb<\/em><\/p>\n<\/div>\n\n<h2 class=\"wp-block-heading px-2 md:px-64 md:mt-16\">Fare del bene rende felici<\/h2>\n\n<p class=\"px-2 md:px-64 mb-12\">Gli studi dimostrano ancora e ancora: donare denaro e tempo per una buona causa rende le persone felici. Anche voi potete fare del bene agli altri oltre la fine della vita \u2013 e questo senza molto sforzo. Su questo sito vi diciamo come. <br\/><br\/>Cosa dovete sapere: la popolazione in Svizzera <a href=\"https:\/\/www.deinadieu.ch\/it\/ulteriori-miliardi-previsti-per-le-ong-svizzere-intervista-con-il-dr-bruelhart-hec-losanna\/\" target=\"_blank\" rel=\"noreferrer noopener\">lascia in eredit\u00e0 circa 95 miliardi di franchi all&#8217;anno<\/a> ai propri cari. Tuttavia, solamente meno di mezzo percento di questa enorme somma va a organizzazioni senza scopo di lucro.<\/p>\n\n<h3 class=\"wp-block-heading px-2 md:px-64 md:mt-16\" id=\"h-mit-erbschaft-legat-und-trauerspende-gutes-tun\">Fare del bene con un&#8217;eredit\u00e0, un legato e una donazione funebre <\/h3>\n\n<p class=\"px-2 md:px-64 mb-12\">Vi piacerebbe restituire qualcosa alla societ\u00e0 dopo la morte con l&#8217;aiuto di organizzazioni professionali e creare qualcosa di duraturo? Qui, con pochi clic e informazioni, potete considerare nel vostro <a href=\"https:\/\/www.deinadieu.ch\/it\/testamento\/\" target=\"_blank\" rel=\"noreferrer noopener\">testamento<\/a>, oltre che i vostri cari, anche organizzazioni senza scopo di lucro o beneficiarle con un appello a una <a href=\"https:\/\/www.deinadieu.ch\/todesanzeige\/\" target=\"_blank\" rel=\"noreferrer noopener\">donazione funebre<\/a>. I nostri aiutanti digitali sono gratuiti e vi guidano passo dopo passo verso l&#8217;obiettivo: fare del bene oltre la fine della vita.<br\/><\/p>\n\n<h3 class=\"wp-block-heading px-2 md:px-64 md:mt-16\" id=\"h-grosse-auswahl-an-verlasslichen-hilfswerken\">Ampia selezione di enti assistenziali affidabili <\/h3>\n\n<p class=\"px-2 md:px-64 mb-12\">Selezionate durante la <a href=\"https:\/\/app.deinadieu.ch\/testamentgenerator\" target=\"_blank\" rel=\"noreferrer noopener\">creazione del testamento<\/a> enti assistenziali adeguati per le questioni che vi stanno a cuore. Avete la scelta tra oltre <a href=\"https:\/\/www.deinadieu.ch\/hilfswerke\/\" target=\"_blank\" rel=\"noreferrer noopener\">100 enti assistenziali certificati<\/a>. Le nostre organizzazioni partner utilizzano i vostri soldi in modo responsabile ed efficiente nei vostri interessi a beneficio delle persone, degli animali o dell&#8217;ambiente. Aiutate ora per l&#8217;eternit\u00e0!<\/p>\n\n<div class=\"wp-block-group alignwide px-2 md:px-56 is-layout-flow wp-block-group-is-layout-flow\">\n        <div class=\"relative shadow-lg -mx-12 mb-4 overflow-hidden\" style=\"background-image: url('https:\/\/www.deinadieu.ch\/wp-content\/themes\/da-v4\/assets\/v4\/banner\/gutestun.jpg'); background-size: cover; background-position: center\">\n            <div class=\"banner-white-box md:w-3\/5 text-black -ml-16 pl-16\" style=\"background-color: rgba(255,255,255,0.75)\">\n                <div class=\"inner\">\n                    <div class=\"text-2xl p-12\">Fare del bene oltre la fine della vita<\/div>\n                    <div class=\"px-12 md:mr-16\">\n                        <a href=\"https:\/\/www.deinadieu.ch\/gemeinnuetzige-organisationen\/\" target=\"_blank\" class=\"btn btn-da block mb-2 text-center\">Alle organizzazioni<\/a>\n                        <a href=\"https:\/\/www.deinadieu.ch\/testament\/\" target=\"_blank\" class=\"btn btn-da block mb-2 text-center\">Considerare un'organizzazione nel testamento<\/a>\n                        <a href=\"\" target=\"_blank\" class=\"btn btn-da block mb-2 text-center\">Appellare alla donazione funebre per un organizzazione<\/a>\n                    <\/div>\n                    <div class=\"px-12 py-8\">\n                        <img decoding=\"async\" src=\"https:\/\/www.deinadieu.ch\/wp-content\/themes\/da-v4\/assets\/v4\/deinadieu_logo_dark.svg\" class=\"h-12\">\n                    <\/div>\n                <\/div>\n            <\/div>\n        <\/div>\n        \n<\/div>\n\n<h2 class=\"wp-block-heading px-2 md:px-64 md:mt-16\" id=\"mein-wille\">I desideri del vostro cuore si avverano <\/h2>\n\n<p class=\"px-2 md:px-64 mb-12\">Sempre pi\u00f9 persone vogliono trasmettere valori e questioni che sono importanti per loro nella vita oltre la morte. Questo \u00e8 molto facile su DeinAdieu con l&#8217;aiuto di <a href=\"https:\/\/www.deinadieu.ch\/it\/guida\/considerazione-di-unorganizzazione-senza-scopo-di-lucro-donazione-testamentaria\/\" target=\"_blank\" rel=\"noreferrer noopener\">organizzazioni partner senza scopo di lucro<\/a>. Le organizzazioni elencate da noi sono enti assistenziali riconosciuti e certificati. Alcuni di loro danno da decenni un importante contributo a una societ\u00e0 degna di essere vissuta. Si prendono cura di persone o animali malati e bisognosi, aiutano in caso di catastrofi, promuovono lo sviluppo sostenibile nei paesi poveri o lottano per la salvaguardia del nostro ambiente. In breve: si impegnano a lungo termine anche per i desideri del vostro cuore. Su DeinAdieu trovate <a href=\"https:\/\/www.deinadieu.ch\/hilfswerke\/\" target=\"_blank\" rel=\"noreferrer noopener\">enti assistenziali<\/a> da settori come bambini, cultura, animali, questioni sociali, ambiente e molti altri. Ne siamo sicuri: anche per i desideri del vostro cuore c&#8217;\u00e8 un&#8217;organizzazione.<\/p>\n\n<div class=\"wp-block-group alignwide pt-4 has-background is-layout-flow wp-block-group-is-layout-flow\" id=\"letzter-wille\" style=\"background-color:#f3f7fa\">\n<p class=\"has-text-align-center has-large-font-size\">Cosa pu\u00f2 fare la mia ultima volont\u00e0?<\/p>\n\n\n            <da-posts-slider\n                lang=\"it\"\n                more-text=\"Leggete di pi\u00f9\"\n                title=\"colloquio con donatore testamentario\"\n                tags=\"2337\"\n            ><\/da-posts-slider>\n\n\n\n<p><\/p>\n<\/div>\n\n<h2 class=\"wp-block-heading px-2 md:px-64 md:mt-16\" id=\"organisation\"><strong>Il vostro contributo fa un&#8217;enorme differenza<\/strong><\/h2>\n\n<p class=\"px-2 md:px-64 mb-12\">Molti problemi sul nostro pianeta possono essere risolti o almeno combattuti in modo pi\u00f9 efficace con abbastanza soldi. Questo \u00e8 dimostrato dal successo dello sviluppo in tempo record di vaccini efficaci contro il corona. La povert\u00e0, la sofferenza dei bambini o degli animali, i cambiamenti climatici o anche malattie mortali come il cancro sono temi che possono essere affrontati in modo ancora pi\u00f9 efficace con la vostra benevolenza.<\/p>\n\n<p class=\"px-2 md:px-64 mb-12\">Grazie alla loro pluriennale esperienza e ai bassi costi amministrativi, le nostre consolidate organizzazioni partner ottengono un effetto duraturo anche con poche risorse. Con la vostra eredit\u00e0 sostenete il loro lavoro e quindi contribuite concretamente a rendere il mondo un po&#8217; migliore. Ogni contributo, non importa quanto piccolo, fa una grande differenza.<\/p>\n\n<p><\/p>\n\n<div class=\"wp-block-group alignwide has-background is-layout-flow wp-block-group-is-layout-flow\" id=\"letzter-wille\" style=\"background-color:#f3f7fa\">\n<p class=\"has-text-align-center pt-4 has-large-font-size\">Ci\u00f2 che i nostri enti assistenziali raggiungono con il vostro contributo<\/p>\n\n\n            <da-posts-slider\n                lang=\"it\"\n                more-text=\"Leggete di pi\u00f9\"\n                title=\"organizzazione\"\n                tags=\"2338\"\n            ><\/da-posts-slider>\n<\/div>\n\n<h2 class=\"wp-block-heading px-2 md:px-64 mt-16\"><strong>Dovreste chiarire queste domande<\/strong><\/h2>\n\n<p class=\"px-2 md:px-64 mb-12\">Una pianificazione successoria tempestiva \u00e8 necessaria per garantire che il vostro patrimonio sia gestito con cura e utilizzato secondo i desideri del vostro cuore. Perch\u00e9 i vostri soldi dovrebbero fare del bene e non causare controversie tra i vostri cari. Se volete considerare un&#8217;organizzazione senza scopo di lucro nel vostro <a href=\"https:\/\/www.deinadieu.ch\/it\/testamento\/\" target=\"_blank\" rel=\"noreferrer noopener\">testamento<\/a> o <a href=\"https:\/\/www.deinadieu.ch\/it\/eredita-legato\/\" target=\"_blank\" rel=\"noreferrer noopener\">contratto successorio<\/a>, \u00e8 importante chiarire domande come:<\/p>\n\n<ul class=\"px-2 md:px-64 mb-12 wp-block-list\">\n<li>Quanto sar\u00e0 grande il mio patrimonio alla fine della mia vita?<\/li>\n\n\n\n<li>Il mio patrimonio tender\u00e0 ad aumentare o a diminuire con la vecchiaia?<\/li>\n\n\n\n<li>Chi ha un <a href=\"https:\/\/www.deinadieu.ch\/ratgeber\/erbteil-pflichtteile-und-verfuegbare-quote\/\" target=\"_blank\" rel=\"noreferrer noopener\">diritto legale<\/a> sulla mia eredit\u00e0?<\/li>\n\n\n\n<li>Dovrei favorire un&#8217;organizzazione come parte della comunione ereditaria?<\/li>\n\n\n\n<li>Dovrei lasciare ad un&#8217;organizzazione solo <a href=\"https:\/\/www.deinadieu.ch\/it\/eredita-legato\/\" target=\"_blank\" rel=\"noreferrer noopener\">un legato<\/a>?<\/li>\n<\/ul>\n\n<h3 class=\"wp-block-heading px-2 md:px-64 md:mt-16\" id=\"h-das-gesprach-suchen\"><strong>Cercare il dialogo<\/strong><\/h3>\n\n<p class=\"px-2 md:px-64 mb-12\">A seconda della situazione finanziaria e familiare, pu\u00f2 avere senso <a href=\"https:\/\/www.deinadieu.ch\/ratgeber\/schenkung\/\" target=\"_blank\" rel=\"noreferrer noopener\">fare regali durante la vita<\/a> ai propri cari. Le donazioni alle organizzazioni di beneficenza sono deducibili dalle imposte e sono anche un modo sensato per fare molto del bene senza troppo sforzo. Su DeinAdieu trovate le risposte alle domande pi\u00f9 frequenti sull&#8217;eredit\u00e0. \u00c8 meglio parlare per tempo con i propri cari o un&#8217;organizzazione di beneificenza adatta a voi.<\/p>\n\n<div class=\"wp-block-group alignwide px-2 md:px-56 is-layout-flow wp-block-group-is-layout-flow\">\n        <div class=\"relative shadow-lg -mx-12 mb-4 overflow-hidden\" style=\"background-image: url('https:\/\/www.deinadieu.ch\/wp-content\/themes\/da-v4\/assets\/v4\/banner\/gutestun.jpg'); background-size: cover; background-position: center\">\n            <div class=\"banner-white-box md:w-3\/5 text-black -ml-16 pl-16\" style=\"background-color: rgba(255,255,255,0.75)\">\n                <div class=\"inner\">\n                    <div class=\"text-2xl p-12\">Fare del bene oltre la fine della vita<\/div>\n                    <div class=\"px-12 md:mr-16\">\n                        <a href=\"https:\/\/www.deinadieu.ch\/gemeinnuetzige-organisationen\/\" target=\"_blank\" class=\"btn btn-da block mb-2 text-center\">Alle organizzazioni<\/a>\n                        <a href=\"https:\/\/www.deinadieu.ch\/testament\/\" target=\"_blank\" class=\"btn btn-da block mb-2 text-center\">Considerare un'organizzazione nel testamento<\/a>\n                        <a href=\"\" target=\"_blank\" class=\"btn btn-da block mb-2 text-center\">Appellare alla donazione funebre per un organizzazione<\/a>\n                    <\/div>\n                    <div class=\"px-12 py-8\">\n                        <img decoding=\"async\" src=\"https:\/\/www.deinadieu.ch\/wp-content\/themes\/da-v4\/assets\/v4\/deinadieu_logo_dark.svg\" class=\"h-12\">\n                    <\/div>\n                <\/div>\n            <\/div>\n        <\/div>\n        \n<\/div>\n\n<h2 class=\"wp-block-heading px-2 md:px-64 md:mt-16\" id=\"wichtiges\">Fare del bene <strong>\u2013<\/strong> ma nel modo giusto<\/h2>\n\n<p class=\"px-2 md:px-64 mb-12\">La forma pi\u00f9 semplice ed economica di disposizione di ultima volont\u00e0 \u00e8 quella dell&#8217;indipendente, liberamante revocabile <a href=\"https:\/\/www.deinadieu.ch\/it\/testamento\/\" target=\"_blank\" rel=\"noreferrer noopener\">testamento<\/a>. Deve essere scritto interamente a mano. Se non redigete un testamento o un contratto successorio durante la vostra vita, il vostro patrimonio sar\u00e0 distribuito secondo la successione legale. Una parte potrebbe andare allo stato. Con un testamento legalmente corretto o un <a href=\"https:\/\/www.deinadieu.ch\/it\/modelli-di-contratto-e-lettera\/\" target=\"_blank\" rel=\"noreferrer noopener\">contratto successorio<\/a> potete progettare la vostra eredit\u00e0 secondo le vostre idee e anche favorire le organizzazioni senza scopo di lucro. In linea di principio, \u00e8 possibile nominare un&#8217;organizzazione di beneficenza come membro della comunione ereditaria. Dovete poi regolare la quota con cui questa organizzazione partecipa all&#8217;eredit\u00e0 o al vostro patrimonio. Importante da sapere: gli eredi sono responsabili anche per eventuali debiti del defunto.<\/p>\n\n<h3 class=\"wp-block-heading px-2 md:px-64 md:mt-16\" id=\"h-vermachtnis-per-testament-oder-erbvertrag-ausrichten\"><strong>Attribuire legato attraverso testamento o contratto successorio<\/strong><\/h3>\n\n<p class=\"px-2 md:px-64 mb-12\">Un <a href=\"https:\/\/www.deinadieu.ch\/it\/eredita-legato\/\" target=\"_blank\" rel=\"noreferrer noopener\">legato<\/a> \u00e8 un modo semplice per fare del bene. Ci\u00f2 consente di favorire qualcuno con denaro, un oggetto di valore o una propriet\u00e0 nel proprio testamento o contratto successorio che non avrebbe legalmente diritto all&#8217;eredit\u00e0 \u2013 come per esempio un&#8217;organizzazione di beneficenza. Un legatario non entra a far parte della comunione ereditaria e quindi non \u00e8 responsabile per eventuali debiti di una persona deceduta.<\/p>\n\n<div class=\"wp-block-group alignwide has-background is-layout-flow wp-block-group-is-layout-flow\" id=\"letzter-wille\" style=\"background-color:#f3f7fa\">\n<p class=\"has-text-align-center pt-4 has-large-font-size\">Uno specialista competente crea sicurezza.<\/p>\n\n\n            <da-posts-slider\n                lang=\"it\"\n                more-text=\"Leggete di pi\u00f9\"\n                title=\"Avvocata\"\n                tags=\"3567\"\n            ><\/da-posts-slider>\n\n\n\n<p><\/p>\n<\/div>\n\n<h3 class=\"wp-block-heading px-2 md:px-64 md:mt-16\" id=\"h-mit-rechtlich-korrekten-losungen-konflikte-vermeiden\"><strong>Evitare conflitti con soluzioni legalmente corrette<\/strong><\/h3>\n\n<p class=\"px-2 md:px-64 mb-12\">Al fine di prevenire conflitti di eredit\u00e0, dovreste chiedere consulenza legale in caso di circostanze familiari e finanziarie complicate. L&#8217;autenticazione dei contratti con il notaio crea certezza del diritto e d\u00e0 a voi e agli eredi legali una buona sensazione. Su DeinAdieu trovate <a href=\"https:\/\/www.deinadieu.ch\/it\/elenco-dei-fornitori-di-servizi\/?partner_type=18\" target=\"_blank\" rel=\"noreferrer noopener\">fornitori di servizi<\/a> affidabili, che vi aiuteranno con questioni legali aperte.<\/p>\n\n<div class=\"wp-block-group alignwide px-2 md:px-56 is-layout-flow wp-block-group-is-layout-flow\">\n        <div class=\"relative shadow-lg -mx-12 mb-4 overflow-hidden\" style=\"background-image: url('https:\/\/www.deinadieu.ch\/wp-content\/themes\/da-v4\/assets\/v4\/banner\/gutestun.jpg'); background-size: cover; background-position: center\">\n            <div class=\"banner-white-box md:w-3\/5 text-black -ml-16 pl-16\" style=\"background-color: rgba(255,255,255,0.75)\">\n                <div class=\"inner\">\n                    <div class=\"text-2xl p-12\">Fare del bene oltre la fine della vita<\/div>\n                    <div class=\"px-12 md:mr-16\">\n                        <a href=\"https:\/\/www.deinadieu.ch\/gemeinnuetzige-organisationen\/\" target=\"_blank\" class=\"btn btn-da block mb-2 text-center\">Alle organizzazioni<\/a>\n                        <a href=\"https:\/\/www.deinadieu.ch\/testament\/\" target=\"_blank\" class=\"btn btn-da block mb-2 text-center\">Considerare un'organizzazione nel testamento<\/a>\n                        <a href=\"\" target=\"_blank\" class=\"btn btn-da block mb-2 text-center\">Appellare alla donazione funebre per un organizzazione<\/a>\n                    <\/div>\n                    <div class=\"px-12 py-8\">\n                        <img decoding=\"async\" src=\"https:\/\/www.deinadieu.ch\/wp-content\/themes\/da-v4\/assets\/v4\/deinadieu_logo_dark.svg\" class=\"h-12\">\n                    <\/div>\n                <\/div>\n            <\/div>\n        <\/div>\n        \n<\/div>\n\n<div style=\"height:100px\" aria-hidden=\"true\" class=\"wp-block-spacer\"><\/div>\n\n<div class=\"wp-block-group alignfull py-8 has-background is-layout-flow wp-block-group-is-layout-flow\" style=\"background-color:#f3f7fa\">\n<p class=\"has-text-align-center has-large-font-size\">Queste organizzazioni permettono DeinAdieu<\/p>\n\n\n\n<div class=\"wp-block-columns container mx-auto is-layout-flex wp-container-core-columns-is-layout-28f84493 wp-block-columns-is-layout-flex\">\n<div class=\"wp-block-column bg-white rounded-t-lg is-layout-flow wp-block-column-is-layout-flow\">\n<img decoding=\"async\" class=\"object-cover h-48 w-full rounded-t-lg\" src=\"\/wp-content\/uploads\/2020\/12\/500x300_Matthias-von-Allmen.jpg\"\/>\n            <div class=\"bg-white py-2\">\n                <img decoding=\"async\" class=\"object-fill mx-auto h-16\" src=\"\/wp-content\/uploads\/2020\/12\/sws_schrift_blau-300x145.jpg\"\/>\n            <\/div>\n            <div class=\"pb-4 pt-6 bg-da-dark text-white text-center rounded-b-lg\">\n                <strong>Organizzazione di assistenza sociale Pastore Sieber<\/strong>\n                <p>Matthias von Allmen<\/p>\n            <\/div>\n<\/div>\n\n\n\n<div class=\"wp-block-column bg-white rounded-t-lg is-layout-flow wp-block-column-is-layout-flow\">\n<img decoding=\"async\" class=\"object-cover h-48 w-full rounded-t-lg\" src=\"https:\/\/app.deinadieu.ch\/storage\/profiles\/7424\/images\/Foto%20Brigitte%20Schmid%20.jpg\"\/>\n            <div class=\"bg-white py-2\">\n                <img decoding=\"async\" class=\"object-fill mx-auto h-16\" src=\"https:\/\/app.deinadieu.ch\/storage\/profiles\/7424\/images\/h_r_w_logo-_copy._j_p_g\"\/>\n            <\/div>\n            <div class=\"pb-4 pt-6 bg-da-dark text-white text-center rounded-b-lg\">\n                <strong>Human Rights Watch<\/strong>\n                <p>Brigitte Schmid<\/p>\n            <\/div>\n<\/div>\n\n\n\n<div class=\"wp-block-column bg-white rounded-t-lg is-layout-flow wp-block-column-is-layout-flow\">\n<img decoding=\"async\" class=\"object-cover h-48 w-full rounded-t-lg\" src=\"https:\/\/app.deinadieu.ch\/storage\/profiles\/7141\/images\/Muralt_Regula.jpg\"\/>\n            <div class=\"bg-white py-2\">\n                <img decoding=\"async\" class=\"object-fill mx-auto h-16\" src=\"https:\/\/app.deinadieu.ch\/storage\/profiles\/7141\/images\/logo_plusport_de-1.png\"\/>\n            <\/div>\n            <div class=\"pb-4 pt-6 bg-da-dark text-white text-center rounded-b-lg\">\n                <strong>Sport per disabili PluSport<\/strong>\n                <p>Regula Muralt<\/p>\n            <\/div>\n<\/div>\n\n\n\n<div class=\"wp-block-column bg-white rounded-t-lg is-layout-flow wp-block-column-is-layout-flow\">\n<img decoding=\"async\" class=\"object-cover h-48 w-full rounded-t-lg\" src=\"https:\/\/www.deinadieu.ch\/wp-content\/uploads\/2023\/02\/stiftung_synapsis_eva_helene_roese_ilardi.png\"\/>\n            <div class=\"bg-white p-2\">\n                <img decoding=\"async\" class=\"object-fill mx-auto h-16\" src=\"https:\/\/app.deinadieu.ch\/storage\/profiles\/7363\/images\/WmztCwueSJikSeBNJeG4Vg8Y9vpNyd6io8aygDRx.jpg\"\/>\n            <\/div>\n            <div class=\"pb-4 pt-6 bg-da-dark text-white text-center rounded-b-lg\">\n                <strong>Fondazione Synapsis<\/strong>\n                <p>Eva Helene R\u00f6se Ilardi<\/p>\n            <\/div>\n<\/div>\n<\/div>\n\n\n\n<div class=\"wp-block-columns container mx-auto is-layout-flex wp-container-core-columns-is-layout-28f84493 wp-block-columns-is-layout-flex\">\n<div class=\"wp-block-column bg-white rounded-t-lg is-layout-flow wp-block-column-is-layout-flow\">\n<img decoding=\"async\" class=\"object-cover h-48 w-full rounded-t-lg\" src=\"https:\/\/app.deinadieu.ch\/storage\/profiles\/7440\/images\/ahiltbrunner.jpg\"\/>\n            <div class=\"bg-white p-2\">\n                <img decoding=\"async\" class=\"object-fill mx-auto h-16\" src=\"https:\/\/app.deinadieu.ch\/storage\/profiles\/7440\/images\/ibcsg%20etop%20gross.jpg\"\/>\n            <\/div>\n            <div class=\"pb-4 pt-6 bg-da-dark text-white text-center rounded-b-lg\">\n                <strong>IBCSG e ETOP<\/strong>\n                <p>Anita Hiltbrunner<\/p>\n            <\/div>\n<\/div>\n\n\n\n<div class=\"wp-block-column bg-white rounded-t-lg is-layout-flow wp-block-column-is-layout-flow\">\n<img decoding=\"async\" class=\"object-cover h-48 w-full rounded-t-lg\" src=\"https:\/\/app.deinadieu.ch\/storage\/profiles\/7485\/images\/AGr.jpg\"\/>\n            <div class=\"bg-white p-2\">\n                <img decoding=\"async\" class=\"object-fill mx-auto h-16\" src=\"https:\/\/app.deinadieu.ch\/storage\/profiles\/7485\/images\/Logo_4f_340x130.jpg\"\/>\n            <\/div>\n            <div class=\"pb-4 pt-6 bg-da-dark text-white text-center rounded-b-lg\">\n                <strong>Fondazione Vivendra<\/strong>\n                <p>Angela Grossmann<\/p>\n            <\/div>\n<\/div>\n\n\n\n<div class=\"wp-block-column bg-white rounded-t-lg is-layout-flow wp-block-column-is-layout-flow\">\n<img decoding=\"async\" class=\"object-cover h-48 w-full rounded-t-lg\" src=\"https:\/\/app.deinadieu.ch\/storage\/OcGjHJBmW6LiNtI60qOZQFW5LMxAmON7QGZ4lHtH.jpeg\"\/>\n            <div class=\"bg-white p-2\">\n                <img decoding=\"async\" class=\"object-fill mx-auto h-16\" src=\"https:\/\/app.deinadieu.ch\/storage\/profiles\/7396\/images\/pro-natura-schweizerischer-bund-fuer-naturschutz_logo_big_de-1.png\"\/>\n            <\/div>\n            <div class=\"pb-4 pt-6 bg-da-dark text-white text-center rounded-b-lg\">\n                <strong>Pro Natura<\/strong>\n                <p>Nathalie Schaufelberger<\/p>\n            <\/div>\n<\/div>\n\n\n\n<div class=\"wp-block-column bg-white rounded-t-lg is-layout-flow wp-block-column-is-layout-flow\">\n<img decoding=\"async\" class=\"object-cover h-48 w-full rounded-t-lg\" src=\"https:\/\/app.deinadieu.ch\/storage\/profiles\/7127\/images\/KarinWecke%20.jpg\"\/>\n            <div class=\"bg-white p-2\">\n                <img decoding=\"async\" class=\"object-fill mx-auto h-16\" src=\"https:\/\/app.deinadieu.ch\/storage\/profiles\/7127\/images\/RS25887_Helvetas_logo_rotating_small-scr-1.jpg\"\/>\n            <\/div>\n            <div class=\"pb-4 pt-6 bg-da-dark text-white text-center rounded-b-lg\">\n                <strong>Helvetas<\/strong>\n                <p>Karin Wecke<\/p>\n            <\/div>\n<\/div>\n<\/div>\n\n\n\n<div class=\"wp-block-group container mx-auto text-center is-layout-flow wp-block-group-is-layout-flow\">\n<a class=\"btn btn-da mx-auto\" href=\"\/hilfswerke\" target=\"_blank\" rel=\"noopener noreferrer\">Altri enti assistenziali<\/a>\n<\/div>\n\n\n\n<p><\/p>\n<\/div>\n\n<p><\/p>\n","protected":false},"excerpt":{"rendered":"<p>\u00abPosso guardare indietro a una vita felice e vogliotrasmettere qualcosa\u00bb Fare del bene rende felici Gli studi dimostrano ancora e ancora: donare denaro e tempo per una buona causa rende le persone felici. Anche voi potete fare del bene agli altri oltre la fine della vita \u2013 e questo senza molto sforzo. Su questo sito [&hellip;]<\/p>\n","protected":false},"author":4939,"featured_media":27815,"parent":0,"menu_order":0,"comment_status":"closed","ping_status":"closed","template":"","meta":{"_acf_changed":false,"footnotes":""},"class_list":["post-49761","page","type-page","status-publish","has-post-thumbnail","hentry"],"acf":[],"yoast_head":"<title>Fare del bene \u2013 oltre la fine della vita | DeinAdieu.ch<\/title>\n<meta name=\"description\" content=\"Fare del bene rende felici. Sempre pi\u00f9 persone considerano un ente assistenziale nel loro testamento alla fine della loro vita.\" \/>\n<meta name=\"robots\" content=\"index, follow, max-snippet:-1, max-image-preview:large, max-video-preview:-1\" \/>\n<link rel=\"canonical\" href=\"https:\/\/www.deinadieu.ch\/it\/fare-del-bene-oltre-la-fine-della-vita\/\" \/>\n<meta property=\"og:locale\" content=\"it_IT\" \/>\n<meta property=\"og:type\" content=\"article\" \/>\n<meta property=\"og:title\" content=\"Fare del bene \u2013 oltre la fine della vita\" \/>\n<meta property=\"og:description\" content=\"\u00abPosso guardare indietro a una vita felice e vogliotrasmettere qualcosa\u00bb Fare del bene rende felici Gli studi dimostrano ancora e ancora: donare denaro e\" \/>\n<meta property=\"og:url\" content=\"https:\/\/www.deinadieu.ch\/it\/fare-del-bene-oltre-la-fine-della-vita\/\" \/>\n<meta property=\"og:site_name\" content=\"DeinAdieu.ch\" \/>\n<meta property=\"article:publisher\" content=\"https:\/\/www.facebook.com\/deinadieu\" \/>\n<meta property=\"article:modified_time\" content=\"2023-10-23T09:53:04+00:00\" \/>\n<meta property=\"og:image\" content=\"https:\/\/static.deinadieu.ch\/uploads\/2020\/12\/gutes_tun_teaser.jpg\" \/>\n\t<meta property=\"og:image:width\" content=\"1280\" \/>\n\t<meta property=\"og:image:height\" content=\"530\" \/>\n\t<meta property=\"og:image:type\" content=\"image\/jpeg\" \/>\n<meta name=\"twitter:card\" content=\"summary_large_image\" \/>\n<meta name=\"twitter:site\" content=\"@DeinAdieu\" \/>\n<meta name=\"twitter:label1\" content=\"Est. reading time\" \/>\n\t<meta name=\"twitter:data1\" content=\"6 minutes\" \/>\n<script type=\"application\/ld+json\" class=\"yoast-schema-graph\">{\"@context\":\"https:\\\/\\\/schema.org\",\"@graph\":[{\"@type\":\"WebPage\",\"@id\":\"https:\\\/\\\/www.deinadieu.ch\\\/it\\\/fare-del-bene-oltre-la-fine-della-vita\\\/\",\"url\":\"https:\\\/\\\/www.deinadieu.ch\\\/it\\\/fare-del-bene-oltre-la-fine-della-vita\\\/\",\"name\":\"Fare del bene \u2013 oltre la fine della vita | DeinAdieu.ch\",\"isPartOf\":{\"@id\":\"https:\\\/\\\/www.deinadieu.ch\\\/it\\\/#website\"},\"primaryImageOfPage\":{\"@id\":\"https:\\\/\\\/www.deinadieu.ch\\\/it\\\/fare-del-bene-oltre-la-fine-della-vita\\\/#primaryimage\"},\"image\":{\"@id\":\"https:\\\/\\\/www.deinadieu.ch\\\/it\\\/fare-del-bene-oltre-la-fine-della-vita\\\/#primaryimage\"},\"thumbnailUrl\":\"https:\\\/\\\/www.deinadieu.ch\\\/wp-content\\\/uploads\\\/2020\\\/12\\\/gutes_tun_teaser.jpg\",\"datePublished\":\"2021-02-10T12:19:27+00:00\",\"dateModified\":\"2023-10-23T09:53:04+00:00\",\"description\":\"Fare del bene rende felici. Sempre pi\u00f9 persone considerano un ente assistenziale nel loro testamento alla fine della loro vita.\",\"breadcrumb\":{\"@id\":\"https:\\\/\\\/www.deinadieu.ch\\\/it\\\/fare-del-bene-oltre-la-fine-della-vita\\\/#breadcrumb\"},\"inLanguage\":\"it-IT\",\"potentialAction\":[{\"@type\":\"ReadAction\",\"target\":[\"https:\\\/\\\/www.deinadieu.ch\\\/it\\\/fare-del-bene-oltre-la-fine-della-vita\\\/\"]}]},{\"@type\":\"ImageObject\",\"inLanguage\":\"it-IT\",\"@id\":\"https:\\\/\\\/www.deinadieu.ch\\\/it\\\/fare-del-bene-oltre-la-fine-della-vita\\\/#primaryimage\",\"url\":\"https:\\\/\\\/www.deinadieu.ch\\\/wp-content\\\/uploads\\\/2020\\\/12\\\/gutes_tun_teaser.jpg\",\"contentUrl\":\"https:\\\/\\\/www.deinadieu.ch\\\/wp-content\\\/uploads\\\/2020\\\/12\\\/gutes_tun_teaser.jpg\",\"width\":1280,\"height\":530},{\"@type\":\"BreadcrumbList\",\"@id\":\"https:\\\/\\\/www.deinadieu.ch\\\/it\\\/fare-del-bene-oltre-la-fine-della-vita\\\/#breadcrumb\",\"itemListElement\":[{\"@type\":\"ListItem\",\"position\":1,\"name\":\"Home\",\"item\":\"https:\\\/\\\/www.deinadieu.ch\\\/it\\\/deinadieu-dialog-und-serviceportal-zum-lebensende\\\/\"},{\"@type\":\"ListItem\",\"position\":2,\"name\":\"Fare del bene \u2013 oltre la fine della vita\"}]},{\"@type\":\"WebSite\",\"@id\":\"https:\\\/\\\/www.deinadieu.ch\\\/it\\\/#website\",\"url\":\"https:\\\/\\\/www.deinadieu.ch\\\/it\\\/\",\"name\":\"DeinAdieu.ch\",\"description\":\"Testament, Patientenverf\u00fcgung und Vorsorgeauftrag\",\"publisher\":{\"@id\":\"https:\\\/\\\/www.deinadieu.ch\\\/it\\\/#organization\"},\"potentialAction\":[{\"@type\":\"SearchAction\",\"target\":{\"@type\":\"EntryPoint\",\"urlTemplate\":\"https:\\\/\\\/www.deinadieu.ch\\\/it\\\/?s={search_term_string}\"},\"query-input\":{\"@type\":\"PropertyValueSpecification\",\"valueRequired\":true,\"valueName\":\"search_term_string\"}}],\"inLanguage\":\"it-IT\"},{\"@type\":\"Organization\",\"@id\":\"https:\\\/\\\/www.deinadieu.ch\\\/it\\\/#organization\",\"name\":\"EMNA Web GmbH\",\"url\":\"https:\\\/\\\/www.deinadieu.ch\\\/it\\\/\",\"logo\":{\"@type\":\"ImageObject\",\"inLanguage\":\"it-IT\",\"@id\":\"https:\\\/\\\/www.deinadieu.ch\\\/it\\\/#\\\/schema\\\/logo\\\/image\\\/\",\"url\":\"https:\\\/\\\/www.deinadieu.ch\\\/wp-content\\\/uploads\\\/2016\\\/01\\\/DeinAdieu_Logo.png\",\"contentUrl\":\"https:\\\/\\\/www.deinadieu.ch\\\/wp-content\\\/uploads\\\/2016\\\/01\\\/DeinAdieu_Logo.png\",\"width\":300,\"height\":117,\"caption\":\"EMNA Web GmbH\"},\"image\":{\"@id\":\"https:\\\/\\\/www.deinadieu.ch\\\/it\\\/#\\\/schema\\\/logo\\\/image\\\/\"},\"sameAs\":[\"https:\\\/\\\/www.facebook.com\\\/deinadieu\",\"https:\\\/\\\/x.com\\\/DeinAdieu\",\"https:\\\/\\\/www.instagram.com\\\/deinadieu\\\/\",\"https:\\\/\\\/www.linkedin.com\\\/company\\\/deinadieu.ch\"]}]}<\/script>","yoast_head_json":{"title":"Fare del bene \u2013 oltre la fine della vita | DeinAdieu.ch","description":"Fare del bene rende felici. Sempre pi\u00f9 persone considerano un ente assistenziale nel loro testamento alla fine della loro vita.","robots":{"index":"index","follow":"follow","max-snippet":"max-snippet:-1","max-image-preview":"max-image-preview:large","max-video-preview":"max-video-preview:-1"},"canonical":"https:\/\/www.deinadieu.ch\/it\/fare-del-bene-oltre-la-fine-della-vita\/","og_locale":"it_IT","og_type":"article","og_title":"Fare del bene \u2013 oltre la fine della vita","og_description":"\u00abPosso guardare indietro a una vita felice e vogliotrasmettere qualcosa\u00bb Fare del bene rende felici Gli studi dimostrano ancora e ancora: donare denaro e","og_url":"https:\/\/www.deinadieu.ch\/it\/fare-del-bene-oltre-la-fine-della-vita\/","og_site_name":"DeinAdieu.ch","article_publisher":"https:\/\/www.facebook.com\/deinadieu","article_modified_time":"2023-10-23T09:53:04+00:00","og_image":[{"width":1280,"height":530,"url":"https:\/\/static.deinadieu.ch\/uploads\/2020\/12\/gutes_tun_teaser.jpg","type":"image\/jpeg"}],"twitter_card":"summary_large_image","twitter_site":"@DeinAdieu","twitter_misc":{"Est. reading time":"6 minutes"},"schema":{"@context":"https:\/\/schema.org","@graph":[{"@type":"WebPage","@id":"https:\/\/www.deinadieu.ch\/it\/fare-del-bene-oltre-la-fine-della-vita\/","url":"https:\/\/www.deinadieu.ch\/it\/fare-del-bene-oltre-la-fine-della-vita\/","name":"Fare del bene \u2013 oltre la fine della vita | DeinAdieu.ch","isPartOf":{"@id":"https:\/\/www.deinadieu.ch\/it\/#website"},"primaryImageOfPage":{"@id":"https:\/\/www.deinadieu.ch\/it\/fare-del-bene-oltre-la-fine-della-vita\/#primaryimage"},"image":{"@id":"https:\/\/www.deinadieu.ch\/it\/fare-del-bene-oltre-la-fine-della-vita\/#primaryimage"},"thumbnailUrl":"https:\/\/www.deinadieu.ch\/wp-content\/uploads\/2020\/12\/gutes_tun_teaser.jpg","datePublished":"2021-02-10T12:19:27+00:00","dateModified":"2023-10-23T09:53:04+00:00","description":"Fare del bene rende felici. Sempre pi\u00f9 persone considerano un ente assistenziale nel loro testamento alla fine della loro vita.","breadcrumb":{"@id":"https:\/\/www.deinadieu.ch\/it\/fare-del-bene-oltre-la-fine-della-vita\/#breadcrumb"},"inLanguage":"it-IT","potentialAction":[{"@type":"ReadAction","target":["https:\/\/www.deinadieu.ch\/it\/fare-del-bene-oltre-la-fine-della-vita\/"]}]},{"@type":"ImageObject","inLanguage":"it-IT","@id":"https:\/\/www.deinadieu.ch\/it\/fare-del-bene-oltre-la-fine-della-vita\/#primaryimage","url":"https:\/\/www.deinadieu.ch\/wp-content\/uploads\/2020\/12\/gutes_tun_teaser.jpg","contentUrl":"https:\/\/www.deinadieu.ch\/wp-content\/uploads\/2020\/12\/gutes_tun_teaser.jpg","width":1280,"height":530},{"@type":"BreadcrumbList","@id":"https:\/\/www.deinadieu.ch\/it\/fare-del-bene-oltre-la-fine-della-vita\/#breadcrumb","itemListElement":[{"@type":"ListItem","position":1,"name":"Home","item":"https:\/\/www.deinadieu.ch\/it\/deinadieu-dialog-und-serviceportal-zum-lebensende\/"},{"@type":"ListItem","position":2,"name":"Fare del bene \u2013 oltre la fine della vita"}]},{"@type":"WebSite","@id":"https:\/\/www.deinadieu.ch\/it\/#website","url":"https:\/\/www.deinadieu.ch\/it\/","name":"DeinAdieu.ch","description":"Testament, Patientenverf\u00fcgung und Vorsorgeauftrag","publisher":{"@id":"https:\/\/www.deinadieu.ch\/it\/#organization"},"potentialAction":[{"@type":"SearchAction","target":{"@type":"EntryPoint","urlTemplate":"https:\/\/www.deinadieu.ch\/it\/?s={search_term_string}"},"query-input":{"@type":"PropertyValueSpecification","valueRequired":true,"valueName":"search_term_string"}}],"inLanguage":"it-IT"},{"@type":"Organization","@id":"https:\/\/www.deinadieu.ch\/it\/#organization","name":"EMNA Web GmbH","url":"https:\/\/www.deinadieu.ch\/it\/","logo":{"@type":"ImageObject","inLanguage":"it-IT","@id":"https:\/\/www.deinadieu.ch\/it\/#\/schema\/logo\/image\/","url":"https:\/\/www.deinadieu.ch\/wp-content\/uploads\/2016\/01\/DeinAdieu_Logo.png","contentUrl":"https:\/\/www.deinadieu.ch\/wp-content\/uploads\/2016\/01\/DeinAdieu_Logo.png","width":300,"height":117,"caption":"EMNA Web GmbH"},"image":{"@id":"https:\/\/www.deinadieu.ch\/it\/#\/schema\/logo\/image\/"},"sameAs":["https:\/\/www.facebook.com\/deinadieu","https:\/\/x.com\/DeinAdieu","https:\/\/www.instagram.com\/deinadieu\/","https:\/\/www.linkedin.com\/company\/deinadieu.ch"]}]}},"_links":{"self":[{"href":"https:\/\/www.deinadieu.ch\/it\/wp-json\/wp\/v2\/pages\/49761","targetHints":{"allow":["GET"]}}],"collection":[{"href":"https:\/\/www.deinadieu.ch\/it\/wp-json\/wp\/v2\/pages"}],"about":[{"href":"https:\/\/www.deinadieu.ch\/it\/wp-json\/wp\/v2\/types\/page"}],"author":[{"embeddable":true,"href":"https:\/\/www.deinadieu.ch\/it\/wp-json\/wp\/v2\/users\/4939"}],"replies":[{"embeddable":true,"href":"https:\/\/www.deinadieu.ch\/it\/wp-json\/wp\/v2\/comments?post=49761"}],"version-history":[{"count":31,"href":"https:\/\/www.deinadieu.ch\/it\/wp-json\/wp\/v2\/pages\/49761\/revisions"}],"predecessor-version":[{"id":65792,"href":"https:\/\/www.deinadieu.ch\/it\/wp-json\/wp\/v2\/pages\/49761\/revisions\/65792"}],"wp:featuredmedia":[{"embeddable":true,"href":"https:\/\/www.deinadieu.ch\/it\/wp-json\/wp\/v2\/media\/27815"}],"wp:attachment":[{"href":"https:\/\/www.deinadieu.ch\/it\/wp-json\/wp\/v2\/media?parent=49761"}],"curies":[{"name":"wp","href":"https:\/\/api.w.org\/{rel}","templated":true}]}}