{"id":26009,"date":"2020-09-29T13:50:35","date_gmt":"2020-09-29T11:50:35","guid":{"rendered":"http:\/\/www.deinadieu.ch\/poesie\/"},"modified":"2023-05-14T10:26:42","modified_gmt":"2023-05-14T08:26:42","slug":"poesie","status":"publish","type":"page","link":"https:\/\/www.deinadieu.ch\/it\/poesie\/","title":{"rendered":"Poesie"},"content":{"rendered":"\n<p class=\"has-text-color\" style=\"color:#4a5568\">DeinAdieu fornisce alcuni esempi di biglietti di ringraziamento. Lasciatevi ispirare dai diversi esempi e scrivete il vostro testo personale.<\/p>\n\n<div style=\"height:100px\" aria-hidden=\"true\" class=\"wp-block-spacer\"><\/div>\n\n<div class=\"wp-block-columns is-layout-flex wp-container-core-columns-is-layout-28f84493 wp-block-columns-is-layout-flex\">\n<div class=\"wp-block-column is-layout-flow wp-block-column-is-layout-flow\" style=\"flex-basis:50%\">\n<div class=\"wp-block-group has-white-background-color has-background is-layout-flow wp-block-group-is-layout-flow\">\n<div class=\"wp-block-group is-layout-flow wp-block-group-is-layout-flow\">\n<hr class=\"wp-block-separator has-css-opacity is-style-wide\"\/>\n\n\n\n<div style=\"height:24px\" aria-hidden=\"true\" class=\"wp-block-spacer\"><\/div>\n\n\n\n<p class=\"title text-lg font-semibold has-text-color\" style=\"color:#4a5568\"><strong><strong>Assenza<\/strong><\/strong>t<\/p>\n\n\n\n<p class=\"has-text-color\" style=\"color:#4a5568\">Non c&#8217;\u00e8 nulla che sostituisce l&#8217;assenza<br\/>di una persona cara.<br\/>Pi\u00f9 bello e pieno \u00e8 il ricordo,<br\/>pi\u00f9 difficile \u00e8 la separazione,<br\/>ma la gratitudine regala<br\/>nel dolore, una gioia tranquilla.<br\/>Si indossa la bellezza del passato<br\/>come un dono prezioso in s\u00e9.<\/p>\n\n\n\n<p class=\"has-text-color\" style=\"color:#4a5568\"><em>Dietrich Bonhoeffer, 1906 &#8211; 1945<\/em><br\/><\/p>\n<\/div>\n<\/div>\n<\/div>\n\n\n\n<div class=\"wp-block-column is-layout-flow wp-block-column-is-layout-flow\" style=\"flex-basis:50%\">\n<div class=\"wp-block-group has-white-background-color has-background is-layout-flow wp-block-group-is-layout-flow\">\n<div class=\"wp-block-group is-layout-flow wp-block-group-is-layout-flow\">\n<hr class=\"wp-block-separator has-css-opacity is-style-wide\"\/>\n\n\n\n<div style=\"height:24px\" aria-hidden=\"true\" class=\"wp-block-spacer\"><\/div>\n\n\n\n<p class=\"title text-lg font-semibold has-text-color\" style=\"color:#4a5568\"><strong><strong><strong>La fine<\/strong><\/strong><\/strong><\/p>\n\n\n\n<p class=\"has-text-color\" style=\"color:#4a5568\">Sempre pi\u00f9 stretta, tacita e silenziosa,<br\/>I cerchi della vita si allungano,<br\/>Ci\u00f2 che \u00e8 vanaglorioso e ostentato scompare,<br\/>La speranza, l&#8217;odio, l&#8217;amore scompaiono,<br\/>E nulla \u00e8 rimasto in vista<br\/>Come l&#8217;ultimo punto oscuro.<\/p>\n\n\n\n<p class=\"has-text-color\" style=\"color:#4a5568\"><em>Theodor F., 1819-1898<\/em><br\/><\/p>\n<\/div>\n<\/div>\n<\/div>\n\n\n\n<div class=\"wp-block-column is-layout-flow wp-block-column-is-layout-flow\" style=\"flex-basis:50%\">\n<div class=\"wp-block-group has-white-background-color has-background is-layout-flow wp-block-group-is-layout-flow\">\n<div class=\"wp-block-group is-layout-flow wp-block-group-is-layout-flow\">\n<hr class=\"wp-block-separator has-css-opacity is-style-wide\"\/>\n\n\n\n<div style=\"height:24px\" aria-hidden=\"true\" class=\"wp-block-spacer\"><\/div>\n\n\n\n<p class=\"title text-lg font-semibold has-text-color\" style=\"color:#4a5568\"><strong><strong><strong><strong><strong>Come se la vita non fosse altro<\/strong><\/strong><\/strong><\/strong><\/strong><\/p>\n\n\n\n<p class=\"has-text-color\" style=\"color:#4a5568\">Come se la vita non fosse altro<br\/>Come l&#8217;ardere di una luce!<br\/>Non viene persa nemmeno una particella,<br\/>Tuttavia, noi stessi stiamo andando verso il nulla!<\/p>\n\n\n\n<p class=\"has-text-color\" style=\"color:#4a5568\">Per quello che chiamiamo corpo e anima,<br\/>Difficilmente \u00e8 stata progettata in modo cos\u00ec stretto in un&#8217;unica soluzione,<br\/>Si dissolve in mille particelle<br\/>E riempe lo spazio desolato.<\/p>\n\n\n\n<p class=\"has-text-color\" style=\"color:#4a5568\">La stessa vita prevale sempre,<br\/>La natura segue il suo corso eterno;<br\/>In mille nuove creature<br\/>Migliaia di particelle si alzano.<\/p>\n\n\n\n<p class=\"has-text-color\" style=\"color:#4a5568\">Ma l&#8217;essenza \u00e8 persa,<br\/>Questo esisteva solo attraverso la loro alleanza,<br\/>Se non fosse per la coincidenza con la nebulizzazione<br\/>I due si unirono nuovamente per formare un unico essere.<\/p>\n\n\n\n<p class=\"has-text-color\" style=\"color:#4a5568\"><em>Theodor Storm, 1817-1888<\/em><br\/><\/p>\n<\/div>\n<\/div>\n<\/div>\n<\/div>\n\n<div class=\"wp-block-columns is-layout-flex wp-container-core-columns-is-layout-28f84493 wp-block-columns-is-layout-flex\">\n<div class=\"wp-block-column is-layout-flow wp-block-column-is-layout-flow\" style=\"flex-basis:50%\">\n<div class=\"wp-block-group has-white-background-color has-background is-layout-flow wp-block-group-is-layout-flow\">\n<div class=\"wp-block-group is-layout-flow wp-block-group-is-layout-flow\">\n<hr class=\"wp-block-separator has-css-opacity is-style-wide\"\/>\n\n\n\n<div style=\"height:24px\" aria-hidden=\"true\" class=\"wp-block-spacer\"><\/div>\n\n\n\n<p class=\"title text-lg font-semibold has-text-color\" style=\"color:#4a5568\"><strong><strong><strong><strong>Le mie tombe<\/strong><\/strong><\/strong><\/strong><\/p>\n\n\n\n<p class=\"has-text-color\" style=\"color:#4a5568\">Nessuna sepoltura ereditaria mi rende orgoglioso;<br\/>le mie tombe sono troppo lontane e disperse,<br\/>ampiamente sparsi in citt\u00e0 e in campagna,<br\/>ma tutti nella sabbia della palude.<\/p>\n\n\n\n<p class=\"has-text-color\" style=\"color:#4a5568\">Colline decadute, le rondini migrano,<br\/>Il Rhin passa serpeggiando,<br\/>su pietre bianche, si sbriciola tutto&#8221;,<br\/>il vecchio muro di Ruppiner si affaccia,<br\/>i faggi si ergono, le querce frusciano,<br\/>i cespugli della tomba si scambiano discordie,<br\/>e campi di avena in alto e in basso, &#8211;<br\/>c&#8217;\u00e8 la tomba di mia madre.<\/p>\n\n\n\n<p class=\"has-text-color\" style=\"color:#4a5568\">E un altro luogo a cui sono legato:<br\/>La montagna si appoggia, l&#8217;Oder scorre lungo di essa,<br\/>Passa in una corsa pigra,<br\/>Le mummie gialle ci nuotano sopra.<\/p>\n\n\n\n<p class=\"has-text-color\" style=\"color:#4a5568\">Sulla riva, pontile, canna e giunco,<br\/>e le croci brillano sul pendio,<br\/>su uno cade il sole splendente, &#8211;<br\/>\u00c8 l\u00ec che mio padre ha la sua pietra.<\/p>\n\n\n\n<p class=\"has-text-color\" style=\"color:#4a5568\">Il terzo, contento della sua morte,<br\/>si trova sull&#8217;ampio altopiano di Teltow,<br\/>Tetti di tegole, tetti di ardesia,<br\/>ogni tanto un pino zoppo,<br\/>un fosso silenzioso lo spartiacque,<br\/>Betulle qua e l\u00e0 e un salice,<br\/>ultimo un pioppo all&#8217;orizzonte, &#8211;<br\/>si crogiola nel bagliore della sera.<\/p>\n\n\n\n<p class=\"has-text-color\" style=\"color:#4a5568\">Fiori e posacenere sulle tombe,<br\/>i treni passano sferragliando in lontananza,<br\/>tace la tomba e il dormiente dentro di essa, &#8211;<br\/>il vento, il vento ci passa sopra.<\/p>\n\n\n\n<p class=\"has-text-color\" style=\"color:#4a5568\"><em>T. Fontane, 1819-1888<\/em><br\/><\/p>\n<\/div>\n<\/div>\n<\/div>\n\n\n\n<div class=\"wp-block-column is-layout-flow wp-block-column-is-layout-flow\" style=\"flex-basis:50%\">\n<div class=\"wp-block-group has-white-background-color has-background is-layout-flow wp-block-group-is-layout-flow\">\n<div class=\"wp-block-group is-layout-flow wp-block-group-is-layout-flow\">\n<hr class=\"wp-block-separator has-css-opacity is-style-wide\"\/>\n\n\n\n<div style=\"height:24px\" aria-hidden=\"true\" class=\"wp-block-spacer\"><\/div>\n\n\n\n<p class=\"title text-lg font-semibold has-text-color\" style=\"color:#4a5568\"><strong><strong><strong><strong>Autunno<\/strong><\/strong><\/strong><\/strong><br\/><\/p>\n\n\n\n<p class=\"has-text-color\" style=\"color:#4a5568\">Le foglie cadono, cadono come da lontano, come se giardini lontani stessero appassendo nel cielo; cadono con un gesto di diniego.<\/p>\n\n\n\n<p class=\"has-text-color\" style=\"color:#4a5568\">E nelle notti, la terra pesante cade da tutte le stelle nella solitudine.<\/p>\n\n\n\n<p class=\"has-text-color\" style=\"color:#4a5568\">Tutti cadiamo. Questa mano cade. E guardate gli altri: \u00e8 in tutti loro.<\/p>\n\n\n\n<p class=\"has-text-color\" style=\"color:#4a5568\">Eppure c&#8217;\u00e8 Uno che tiene questa caduta infinitamente dolce nelle sue mani.<\/p>\n\n\n\n<p class=\"has-text-color\" style=\"color:#4a5568\"><em>Rainer Maria Rilke, 1875-1926<\/em><\/p>\n<\/div>\n<\/div>\n<\/div>\n\n\n\n<div class=\"wp-block-column is-layout-flow wp-block-column-is-layout-flow\" style=\"flex-basis:50%\">\n<div class=\"wp-block-group has-white-background-color has-background is-layout-flow wp-block-group-is-layout-flow\">\n<div class=\"wp-block-group is-layout-flow wp-block-group-is-layout-flow\">\n<hr class=\"wp-block-separator has-css-opacity is-style-wide\"\/>\n\n\n\n<div style=\"height:24px\" aria-hidden=\"true\" class=\"wp-block-spacer\"><\/div>\n\n\n\n<p class=\"title text-lg font-semibold has-text-color\" style=\"color:#4a5568\"><strong><strong><strong><strong><strong>Cosa succeder\u00e0 senza di te?<\/strong><\/strong><\/strong><\/strong><\/strong><\/p>\n\n\n\n<p>Dovremmo camminare allegramente attraverso una stanza dopo l&#8217;altra, senza aggrapparci a nessuna di esse come a una casa, lo spirito del mondo non vuole legarci e costringerci, ma vuole sollevarci passo dopo passo, allargarci.<\/p>\n\n\n\n<p>Forse anche l&#8217;ora della morte ci far\u00e0 partire giovani verso nuovi spazi, il richiamo della vita per noi non pu\u00f2 mai finire. Allora, cuore, congedati e stai bene!<\/p>\n\n\n\n<p class=\"has-text-color\" style=\"color:#4a5568\"><em>Hermann Hesse, 1877-1962<\/em><br\/><\/p>\n<\/div>\n<\/div>\n<\/div>\n<\/div>\n\n<div class=\"wp-block-group is-layout-flow wp-block-group-is-layout-flow\">\n<div style=\"height:42px\" aria-hidden=\"true\" class=\"wp-block-spacer\"><\/div>\n\n\n\n<div class=\"wp-block-group is-layout-flow wp-block-group-is-layout-flow\">\n<div class=\"wp-block-group is-layout-flow wp-block-group-is-layout-flow\"><\/div>\n<\/div>\n\n\n\n<div style=\"height:42px\" aria-hidden=\"true\" class=\"wp-block-spacer\"><\/div>\n\n\n\n<p><\/p>\n<\/div>\n\n<div class=\"wp-block-columns is-layout-flex wp-container-core-columns-is-layout-28f84493 wp-block-columns-is-layout-flex\">\n<div class=\"wp-block-column is-layout-flow wp-block-column-is-layout-flow\" style=\"flex-basis:50%\">\n<div class=\"wp-block-group has-white-background-color has-background is-layout-flow wp-block-group-is-layout-flow\">\n<div class=\"wp-block-group is-layout-flow wp-block-group-is-layout-flow\">\n<hr class=\"wp-block-separator has-css-opacity is-style-wide\"\/>\n\n\n\n<div style=\"height:24px\" aria-hidden=\"true\" class=\"wp-block-spacer\"><\/div>\n\n\n\n<p class=\"title text-lg font-semibold has-text-color\" style=\"color:#4a5568\"><strong><strong><strong><strong><strong>La separazione \u00e8 la nostra sorte,<\/strong><\/strong><\/strong><\/strong><\/strong><\/p>\n\n\n\n<p class=\"has-text-color\" style=\"color:#4a5568\">Il ricongiungimento \u00e8 la nostra speranza. Per quanto amara sia la morte, non pu\u00f2 separare l&#8217;amore. Egli \u00e8 uscito dalla vita, ma non dalla nostra vita, perch\u00e9 come potremmo pensare che sia morto chi \u00e8 cos\u00ec vivo nei nostri cuori!<\/p>\n\n\n\n<p class=\"has-text-color\" style=\"color:#4a5568\"><em>Theo. F., 1819-1888<\/em><br\/><\/p>\n<\/div>\n<\/div>\n<\/div>\n\n\n\n<div class=\"wp-block-column is-layout-flow wp-block-column-is-layout-flow\" style=\"flex-basis:50%\">\n<div class=\"wp-block-group has-white-background-color has-background is-layout-flow wp-block-group-is-layout-flow\">\n<div class=\"wp-block-group is-layout-flow wp-block-group-is-layout-flow\"><\/div>\n<\/div>\n<\/div>\n<\/div>\n\n<div class=\"wp-block-columns is-layout-flex wp-container-core-columns-is-layout-28f84493 wp-block-columns-is-layout-flex\">\n<div class=\"wp-block-column is-layout-flow wp-block-column-is-layout-flow\" style=\"flex-basis:50%\">\n<div class=\"wp-block-group has-white-background-color has-background is-layout-flow wp-block-group-is-layout-flow\">\n<div class=\"wp-block-group is-layout-flow wp-block-group-is-layout-flow\">\n<hr class=\"wp-block-separator has-css-opacity is-style-wide\"\/>\n\n\n\n<div style=\"height:24px\" aria-hidden=\"true\" class=\"wp-block-spacer\"><\/div>\n\n\n\n<p class=\"title text-lg font-semibold has-text-color\" style=\"color:#4a5568\"><strong><strong><strong><strong><strong><strong>Nel tramonto<\/strong><\/strong><\/strong><\/strong><\/strong><\/strong><\/p>\n\n\n\n<p class=\"has-text-color\" style=\"color:#4a5568\">Abbiamo attraversato difficolt\u00e0 e gioie<br\/>Camminavano mano nella mano,<br\/>Dal vagabondaggio ci riposiamo entrambi<br\/>Ora sulla terra silenziosa.<br\/>Intorno alla curva delle valli,<br\/>L&#8217;aria si sta gi\u00e0 oscurando,<br\/>Si alzano solo due allodole<br\/>Sognare di notte nella fragranza.<br\/>Accostatevi e lasciate che si mettano a ronzare,<br\/>Presto sar\u00e0 ora di andare a letto,<br\/>Che non ci perdiamo<br\/>In questa solitudine.<br\/>O ulteriore, silenziosa pace!<br\/>Cos\u00ec profondo nel bagliore della sera<br\/>Come siamo stanchi di vagare<br\/>\u00c8 la morte?<\/p>\n\n\n\n<p class=\"has-text-color\" style=\"color:#4a5568\"><em>Agostino, 345-430<\/em><br\/><\/p>\n<\/div>\n<\/div>\n<\/div>\n\n\n\n<div class=\"wp-block-column is-layout-flow wp-block-column-is-layout-flow\" style=\"flex-basis:50%\">\n<div class=\"wp-block-group has-white-background-color has-background is-layout-flow wp-block-group-is-layout-flow\">\n<div class=\"wp-block-group is-layout-flow wp-block-group-is-layout-flow\">\n<hr class=\"wp-block-separator has-css-opacity is-style-wide\"\/>\n\n\n\n<div style=\"height:24px\" aria-hidden=\"true\" class=\"wp-block-spacer\"><\/div>\n\n\n\n<p class=\"title text-lg font-semibold has-text-color\" style=\"color:#4a5568\"><strong><strong><strong><strong><strong><strong><strong>Notte al chiaro di luna<\/strong><\/strong><\/strong><\/strong><\/strong><\/strong><\/strong><\/p>\n\n\n\n<p class=\"has-text-color\" style=\"color:#4a5568\">Era come se il cielo<br\/>ha baciato la terra in silenzio,<br\/>che nel luccichio dei fiori<br\/>deve ora sognare di lui!<\/p>\n\n\n\n<p class=\"has-text-color\" style=\"color:#4a5568\">L&#8217;aria attraversava i campi, le spighe ondeggiavano dolcemente,<br\/>il bosco frusciava dolcemente,<br\/>la notte era cos\u00ec stellata.<\/p>\n\n\n\n<p class=\"has-text-color\" style=\"color:#4a5568\">E la mia anima si \u00e8 allungata<br\/>aprire le ali,<br\/>volava attraverso le terre silenziose,<br\/>come se stesse volando verso casa.<\/p>\n\n\n\n<p class=\"has-text-color\" style=\"color:#4a5568\"><em>Joseph von Eichendorff, 1788-1857<\/em><\/p>\n<\/div>\n<\/div>\n<\/div>\n\n\n\n<div class=\"wp-block-column is-layout-flow wp-block-column-is-layout-flow\" style=\"flex-basis:50%\">\n<div class=\"wp-block-group has-white-background-color has-background is-layout-flow wp-block-group-is-layout-flow\">\n<div class=\"wp-block-group is-layout-flow wp-block-group-is-layout-flow\">\n<hr class=\"wp-block-separator has-css-opacity is-style-wide\"\/>\n\n\n\n<div style=\"height:24px\" aria-hidden=\"true\" class=\"wp-block-spacer\"><\/div>\n\n\n\n<p class=\"title text-lg font-semibold has-text-color\" style=\"color:#4a5568\"><strong><strong><strong><strong><strong><strong><strong><strong>Il cielo<\/strong><\/strong><\/strong><\/strong><\/strong><\/strong><\/strong><\/strong><\/p>\n\n\n\n<p class=\"has-text-color\" style=\"color:#4a5568\">Quando si guarda il cielo di notte,<br\/>sar\u00e0 come se tutte le stelle ridessero,<br\/>perch\u00e9 vivo su una di esse,<br\/>perch\u00e9 rido su uno di essi.<br\/>Solo voi avrete stelle in grado di ridere.<\/p>\n\n\n\n<p class=\"has-text-color\" style=\"color:#4a5568\"><em>Antoine de Saint-Exup\u00e9ry, 1900-1944<\/em><\/p>\n<\/div>\n<\/div>\n<\/div>\n<\/div>\n\n<div class=\"wp-block-group is-layout-flow wp-block-group-is-layout-flow\">\n<div style=\"height:42px\" aria-hidden=\"true\" class=\"wp-block-spacer\"><\/div>\n\n\n\n<div class=\"wp-block-group is-layout-flow wp-block-group-is-layout-flow\">\n<div class=\"wp-block-group is-layout-flow wp-block-group-is-layout-flow\">\n        <div class=\"relative shadow-lg -mx-12 mb-4 overflow-hidden\" style=\"background-image: url('https:\/\/www.deinadieu.ch\/wp-content\/themes\/da-v4\/assets\/v4\/banner\/bestattung.jpg'); background-size: cover; background-position: center\">\n            <div class=\"banner-white-box md:w-3\/5 text-black -ml-16 pl-16\" style=\"background-color: rgba(255,255,255,0.75)\">\n                <div class=\"inner\">\n                    <div class=\"text-2xl p-12\">Voglio <strong>definire da solo<\/strong> come dovrebbe essere il mio funerale.<\/div>\n                    <div class=\"px-12 md:mr-16\">\n                        <a href=\"https:\/\/www.deinadieu.ch\/vertraege-briefe\/view\/organisationshilfe-vor-der-bestattung\/\" target=\"_blank\" class=\"btn btn-da btn-small btn-block\">Organizzare funerale<\/a>\n                        <a href=\"https:\/\/www.deinadieu.ch\/todesfall\" target=\"_blank\" class=\"mt-4 btn btn-da btn-small btn-block\">Segnalare morte<\/a>\n                    <\/div>\n                    <div class=\"px-12 py-8\">\n                        <img decoding=\"async\" src=\"https:\/\/www.deinadieu.ch\/wp-content\/themes\/da-v4\/assets\/v4\/deinadieu_logo_dark.svg\" class=\"h-12\">\n                    <\/div>\n                <\/div>\n            <\/div>\n        <\/div>\n        \n<\/div>\n<\/div>\n\n\n\n<div style=\"height:42px\" aria-hidden=\"true\" class=\"wp-block-spacer\"><\/div>\n<\/div>\n\n<div class=\"wp-block-columns is-layout-flex wp-container-core-columns-is-layout-28f84493 wp-block-columns-is-layout-flex\">\n<div class=\"wp-block-column is-layout-flow wp-block-column-is-layout-flow\" style=\"flex-basis:50%\">\n<div class=\"wp-block-group has-white-background-color has-background is-layout-flow wp-block-group-is-layout-flow\">\n<div class=\"wp-block-group is-layout-flow wp-block-group-is-layout-flow\">\n<hr class=\"wp-block-separator has-css-opacity is-style-wide\"\/>\n\n\n\n<div style=\"height:24px\" aria-hidden=\"true\" class=\"wp-block-spacer\"><\/div>\n\n\n\n<p class=\"title text-lg font-semibold has-text-color\" style=\"color:#4a5568\"><strong><strong><strong><strong><strong><strong><strong>La separazione \u00e8 la nostra sorte,<\/strong><\/strong><\/strong><\/strong><\/strong><\/strong><\/strong><\/p>\n\n\n\n<p class=\"has-text-color\" style=\"color:#4a5568\">Il ricongiungimento \u00e8 la nostra speranza.<br\/>Amara come la morte,<br\/>Non \u00e8 in grado di separare l&#8217;amore.<br\/>\u00c8 divorziato dalla vita,<br\/>ma non dalla nostra vita;<br\/>perch\u00e9 come potremmo pensare che sia morto,<br\/>che abita cos\u00ec vividamente nei nostri cuori!<\/p>\n\n\n\n<p class=\"has-text-color\" style=\"color:#4a5568\"><em>Agostino, 345-430<\/em> (d.C.)<br\/><\/p>\n<\/div>\n<\/div>\n<\/div>\n\n\n\n<div class=\"wp-block-column is-layout-flow wp-block-column-is-layout-flow\" style=\"flex-basis:50%\">\n<div class=\"wp-block-group has-white-background-color has-background is-layout-flow wp-block-group-is-layout-flow\">\n<div class=\"wp-block-group is-layout-flow wp-block-group-is-layout-flow\">\n<hr class=\"wp-block-separator has-css-opacity is-style-wide\"\/>\n\n\n\n<div style=\"height:24px\" aria-hidden=\"true\" class=\"wp-block-spacer\"><\/div>\n\n\n\n<p class=\"title text-lg font-semibold has-text-color\" style=\"color:#4a5568\"><strong><strong><strong><strong><strong><strong><strong><strong>Pezzo finale<\/strong><\/strong><\/strong><\/strong><\/strong><\/strong><\/strong><\/strong><\/p>\n\n\n\n<p class=\"has-text-color\" style=\"color:#4a5568\">La morte \u00e8 grande,<br\/>Noi siamo i suoi<br\/>bocca che ride.<br\/>Quando intendiamo noi stessi in mezzo alla vita,<br\/>osa piangere<br\/>in mezzo a noi.<\/p>\n\n\n\n<p class=\"has-text-color\" style=\"color:#4a5568\"><em>R. M. Rilke, 1875-1926<\/em><\/p>\n<\/div>\n<\/div>\n<\/div>\n\n\n\n<div class=\"wp-block-column is-layout-flow wp-block-column-is-layout-flow\" style=\"flex-basis:50%\">\n<div class=\"wp-block-group has-white-background-color has-background is-layout-flow wp-block-group-is-layout-flow\">\n<div class=\"wp-block-group is-layout-flow wp-block-group-is-layout-flow\">\n<hr class=\"wp-block-separator has-css-opacity is-style-wide\"\/>\n\n\n\n<div style=\"height:24px\" aria-hidden=\"true\" class=\"wp-block-spacer\"><\/div>\n\n\n\n<p class=\"title text-lg font-semibold has-text-color\" style=\"color:#4a5568\"><strong><strong><strong><strong><strong><strong><strong><strong><strong>Evensong<\/strong><\/strong><\/strong><\/strong><\/strong><\/strong><\/strong><\/strong><\/strong><\/p>\n\n\n\n<p class=\"has-text-color\" style=\"color:#4a5568\">La luna \u00e8 sorta<br\/>Le stelle dorate brillano<br\/>Il cielo \u00e8 luminoso e limpido;<br\/>La foresta \u00e8 nera e silenziosa,<br\/>E dai prati sale<br\/>La nebbia bianca \u00e8 meravigliosa.<\/p>\n\n\n\n<p class=\"has-text-color\" style=\"color:#4a5568\">Come il mondo \u00e8 cos\u00ec silenzioso,<br\/>E nel guscio isolante<br\/>Cos\u00ec tranquillo e cos\u00ec dolce!<br\/>Come una camera silenziosa,<br\/>Dove il loro lamento del giorno<br\/>Dormire e dimenticare.<\/p>\n\n\n\n<p class=\"has-text-color\" style=\"color:#4a5568\">Vedete la luna l\u00ec in piedi? &#8211;<br\/>\u00c8 visibile solo a met\u00e0,<br\/>Eppure \u00e8 rotonda e bella!<br\/>Credo che alcune cose siano cos\u00ec,<br\/>Di cui possiamo tranquillamente ridere,<br\/>Perch\u00e9 i nostri occhi non li vedono.<\/p>\n\n\n\n<p class=\"has-text-color\" style=\"color:#4a5568\">Noi orgogliosi figli umani<br\/>Sono vani poveri peccatori,<br\/>E non ne sanno molto;<br\/>Noi tessiamo ragnatele d&#8217;aria,<br\/>E cercare molte arti,<br\/>E allontanarsi dall&#8217;obiettivo.<\/p>\n\n\n\n<p class=\"has-text-color\" style=\"color:#4a5568\">Dio, facci vedere la tua salvezza,<br\/>Non confidare in nulla di transitorio,<br\/>Non la vanit\u00e0 ci rallegra!<br\/>Diventiamo semplici,<br\/>E prima di voi, qui sulla terra<br\/>Come i bambini possono essere pii e gioiosi!<\/p>\n\n\n\n<p class=\"has-text-color\" style=\"color:#4a5568\">Volete finalmente liberarvi dal dolore<br\/>Portaci via da questo mondo<br\/>Con una morte dolce!<br\/>E, se ci avete preso,<br\/>Andiamo in paradiso,<br\/>Tu, nostro Signore e nostro Dio!<\/p>\n\n\n\n<p class=\"has-text-color\" style=\"color:#4a5568\">Sdraiatevi, allora, fratelli,<br\/>Nel nome di Dio, gi\u00f9;<br\/>La brezza serale \u00e8 fredda.<br\/>Risparmiaci, Dio, i castighi,<br\/>E lasciateci dormire tranquilli!<br\/>E anche il nostro vicino malato!<\/p>\n\n\n\n<p class=\"has-text-color\" style=\"color:#4a5568\"><em>Mattia Claudio, 1740-1815<\/em><\/p>\n<\/div>\n<\/div>\n<\/div>\n<\/div>\n\n<div class=\"wp-block-columns is-layout-flex wp-container-core-columns-is-layout-28f84493 wp-block-columns-is-layout-flex\">\n<div class=\"wp-block-column is-layout-flow wp-block-column-is-layout-flow\" style=\"flex-basis:50%\">\n<div class=\"wp-block-group has-white-background-color has-background is-layout-flow wp-block-group-is-layout-flow\">\n<div class=\"wp-block-group is-layout-flow wp-block-group-is-layout-flow\">\n<hr class=\"wp-block-separator has-css-opacity is-style-wide\"\/>\n\n\n\n<div style=\"height:24px\" aria-hidden=\"true\" class=\"wp-block-spacer\"><\/div>\n\n\n\n<p class=\"title text-lg font-semibold has-text-color\" style=\"color:#4a5568\"><strong><strong><strong><strong><strong><strong><strong><strong>L&#8217;angelo della morte<\/strong><\/strong><\/strong><\/strong><\/strong><\/strong><\/strong><\/strong><\/p>\n\n\n\n<p class=\"has-text-color\" style=\"color:#4a5568\">C&#8217;\u00e8 una leggenda secondo la quale, quando all&#8217;improvviso si spegne<br\/>Un brivido inquietante vi percorre,<br\/>Che poi sul suo futuro luogo di sepoltura<br\/>L&#8217;angelo della morte avanza.<br\/>Li ho sentiti e mi sono dipinto un&#8217;immagine<br\/>Con riccioli di lutto, fronte illuminata dalla luna,<br\/>Per quanto a volte sia inquietantemente bello<br\/>Nel cervello fluttuante.<br\/>Nella sua mano ho visto il bastone<br\/>Misurare la posizione del letto con un colpo morbido,<br\/>&#8211; Fin qui la testa &#8211; fin qui il piede &#8211; gi\u00f9!<br\/>Versato e dimenticato!<br\/>Ero terrorizzata, ma mi sono presa gioco dell&#8217;orrore,<br\/>Ho tenuto l&#8217;immagine prigioniera nella rete di Rhyme,<br\/>E sacrilegio osai dalla corona della morte<br\/>Una foglia di alloro troppo lunga.<br\/>Oh, quante ore ci penso adesso,<br\/>Sento il mio sangue scorrere debolmente e a fatica,<br\/>Un volto mi guarda dallo specchio -.<br\/>Non mi piace fare paragoni.<br\/>Quando ti ho trovato per la prima volta nel cimitero,<br\/>Girovagando profondamente tra i monumenti,<br\/>Il bastone nero nella tua mano<br\/>Macinando lungo le colline;<br\/>Quando hai alzato lo sguardo, cos\u00ec acuto e vicino,<br\/>Un brivido silenzioso mi colse all&#8217;improvviso,<br\/>Oh bene, bene l&#8217;angelo della morte \u00e8 qui<br\/>Ha camminato sulla mia tomba!<\/p>\n\n\n\n<p class=\"has-text-color\" style=\"color:#4a5568\"><em>Annette von Droste-H\u00fclshoff, 1797-1848<\/em><br\/><\/p>\n<\/div>\n<\/div>\n<\/div>\n\n\n\n<div class=\"wp-block-column is-layout-flow wp-block-column-is-layout-flow\" style=\"flex-basis:50%\">\n<div class=\"wp-block-group has-white-background-color has-background is-layout-flow wp-block-group-is-layout-flow\">\n<div class=\"wp-block-group is-layout-flow wp-block-group-is-layout-flow\">\n<hr class=\"wp-block-separator has-css-opacity is-style-wide\"\/>\n\n\n\n<div style=\"height:24px\" aria-hidden=\"true\" class=\"wp-block-spacer\"><\/div>\n\n\n\n<p class=\"title text-lg font-semibold has-text-color\" style=\"color:#4a5568\"><strong><strong><strong><strong><strong><strong><strong><strong><strong>Qualunque cosa accada<\/strong><\/strong><\/strong><\/strong><\/strong><\/strong><\/strong><\/strong><\/strong><\/p>\n\n\n\n<p class=\"has-text-color\" style=\"color:#4a5568\">Che sia quel che sia!<br\/>Finch\u00e9 si viveva, era giorno.<br\/>E va nel mondo,<br\/>dove tu sei con me, io sono a casa.<br\/>Vedo il tuo caro viso,<br\/>Non vedo le ombre del futuro<\/p>\n\n\n\n<p class=\"has-text-color\" style=\"color:#4a5568\"><em>T. Tempesta, 1817-1888<\/em><\/p>\n<\/div>\n<\/div>\n<\/div>\n\n\n\n<div class=\"wp-block-column is-layout-flow wp-block-column-is-layout-flow\" style=\"flex-basis:50%\">\n<div class=\"wp-block-group has-white-background-color has-background is-layout-flow wp-block-group-is-layout-flow\">\n<div class=\"wp-block-group is-layout-flow wp-block-group-is-layout-flow\">\n<hr class=\"wp-block-separator has-css-opacity is-style-wide\"\/>\n\n\n\n<div style=\"height:24px\" aria-hidden=\"true\" class=\"wp-block-spacer\"><\/div>\n\n\n\n<p class=\"title text-lg font-semibold has-text-color\" style=\"color:#4a5568\"><strong><strong><strong><strong><strong><strong><strong><strong><strong><strong>La morte che \u00e8 la notte fresca<\/strong><\/strong><\/strong><\/strong><\/strong><\/strong><\/strong><\/strong><\/strong><\/strong><\/p>\n\n\n\n<p class=\"has-text-color\" style=\"color:#4a5568\">La morte che \u00e8 la notte fresca,<br\/>La vita \u00e8 un giorno afoso.<br\/>\u00c8 gi\u00e0 buio, mi fa addormentare,<br\/>La giornata mi ha reso stanco.<br\/>Un albero si erge sopra il mio letto,<br\/>All&#8217;interno canta il giovane usignolo;<br\/>Canta l&#8217;amore puro,<br\/>Lo sento persino nei miei sogni.<\/p>\n\n\n\n<p class=\"has-text-color\" style=\"color:#4a5568\"><em>H. Heine, 1797-1856<\/em><\/p>\n<\/div>\n<\/div>\n<\/div>\n<\/div>\n\n<div class=\"wp-block-columns is-layout-flex wp-container-core-columns-is-layout-28f84493 wp-block-columns-is-layout-flex\">\n<div class=\"wp-block-column is-layout-flow wp-block-column-is-layout-flow\" style=\"flex-basis:50%\">\n<div class=\"wp-block-group has-white-background-color has-background is-layout-flow wp-block-group-is-layout-flow\">\n<div class=\"wp-block-group is-layout-flow wp-block-group-is-layout-flow\">\n<hr class=\"wp-block-separator has-css-opacity is-style-wide\"\/>\n\n\n\n<div style=\"height:24px\" aria-hidden=\"true\" class=\"wp-block-spacer\"><\/div>\n\n\n\n<p class=\"title text-lg font-semibold has-text-color\" style=\"color:#4a5568\"><strong><strong><strong><strong><strong><strong><strong><strong><strong>Comfort<\/strong><\/strong><\/strong><\/strong><\/strong><\/strong><\/strong><\/strong><\/strong><\/p>\n\n\n\n<p class=\"has-text-color\" style=\"color:#4a5568\">O conforto del mondo, notte silenziosa!<br\/>La giornata mi ha reso cos\u00ec stanco,<br\/>l&#8217;ampio mare \u00e8 gi\u00e0 buio.<br\/>Lasciami riposare dal desiderio e dal bisogno,<br\/>fino a quell&#8217;alba eterna<br\/>scintilla nella foresta silenziosa.<\/p>\n\n\n\n<p class=\"has-text-color\" style=\"color:#4a5568\"><em>J. von Eichendorff, 1788-1857<\/em><br\/><\/p>\n<\/div>\n<\/div>\n<\/div>\n\n\n\n<div class=\"wp-block-column is-layout-flow wp-block-column-is-layout-flow\" style=\"flex-basis:50%\">\n<div class=\"wp-block-group has-white-background-color has-background is-layout-flow wp-block-group-is-layout-flow\">\n<div class=\"wp-block-group is-layout-flow wp-block-group-is-layout-flow\">\n<hr class=\"wp-block-separator has-css-opacity is-style-wide\"\/>\n\n\n\n<div style=\"height:24px\" aria-hidden=\"true\" class=\"wp-block-spacer\"><\/div>\n\n\n\n<p class=\"title text-lg font-semibold has-text-color\" style=\"color:#4a5568\"><strong><strong><strong><strong><strong><strong><strong><strong><strong>Il dolore<\/strong><\/strong><\/strong><\/strong><\/strong><\/strong><\/strong><\/strong><\/strong><\/p>\n\n\n\n<p class=\"has-text-color\" style=\"color:#4a5568\">Quando qualcosa ci viene tolto,<br\/>con cui siamo profondamente e meravigliosamente connessi,<br\/>molto di noi stessi viene portato via con noi.<br\/>Ma Dio vuole che ci ritroviamo.<br\/>Pi\u00f9 ricco per tutto ci\u00f2 che ha perso, e accresciuto da quel dolore infinito.<\/p>\n\n\n\n<p class=\"has-text-color\" style=\"color:#4a5568\"><em>R. Maria Rilke, 1875-1926<\/em><\/p>\n<\/div>\n<\/div>\n<\/div>\n\n\n\n<div class=\"wp-block-column is-layout-flow wp-block-column-is-layout-flow\" style=\"flex-basis:50%\">\n<div class=\"wp-block-group has-white-background-color has-background is-layout-flow wp-block-group-is-layout-flow\">\n<div class=\"wp-block-group is-layout-flow wp-block-group-is-layout-flow\">\n<p class=\"has-text-color\" style=\"color:#4a5568\"><\/p>\n<\/div>\n<\/div>\n<\/div>\n<\/div>\n\n<div style=\"height:70px\" aria-hidden=\"true\" class=\"wp-block-spacer\"><\/div>\n\n<div style=\"height:100px\" aria-hidden=\"true\" class=\"wp-block-spacer\"><\/div>\n","protected":false},"excerpt":{"rendered":"<p>DeinAdieu fornisce alcuni esempi di biglietti di ringraziamento. Lasciatevi ispirare dai diversi esempi e scrivete il vostro testo personale. Assenzat Non c&#8217;\u00e8 nulla che sostituisce l&#8217;assenzadi una persona cara.Pi\u00f9 bello e pieno \u00e8 il ricordo,pi\u00f9 difficile \u00e8 la separazione,ma la gratitudine regalanel dolore, una gioia tranquilla.Si indossa la bellezza del passatocome un dono prezioso in [&hellip;]<\/p>\n","protected":false},"author":6026,"featured_media":24699,"parent":0,"menu_order":0,"comment_status":"closed","ping_status":"closed","template":"","meta":{"_acf_changed":false,"footnotes":""},"class_list":["post-26009","page","type-page","status-publish","has-post-thumbnail","hentry"],"acf":[],"yoast_head":"<title>Morte - Poesie per dire addio a una persona cara | DeinAdieu<\/title>\n<meta name=\"description\" content=\"Esprimete la vostra gratitudine e compassione per una morte con una poesia. Qui troverete alcune famose poesie sulla morte.\" \/>\n<meta name=\"robots\" content=\"index, follow, max-snippet:-1, max-image-preview:large, max-video-preview:-1\" \/>\n<link rel=\"canonical\" href=\"https:\/\/www.deinadieu.ch\/it\/poesie\/\" \/>\n<meta property=\"og:locale\" content=\"it_IT\" \/>\n<meta property=\"og:type\" content=\"article\" \/>\n<meta property=\"og:title\" content=\"Poesie\" \/>\n<meta property=\"og:description\" content=\"DeinAdieu fornisce alcuni esempi di biglietti di ringraziamento. Lasciatevi ispirare dai diversi esempi e scrivete il vostro testo personale. Assenzat Non\" \/>\n<meta property=\"og:url\" content=\"https:\/\/www.deinadieu.ch\/it\/poesie\/\" \/>\n<meta property=\"og:site_name\" content=\"DeinAdieu.ch\" \/>\n<meta property=\"article:publisher\" content=\"https:\/\/www.facebook.com\/deinadieu\" \/>\n<meta property=\"article:modified_time\" content=\"2023-05-14T08:26:42+00:00\" \/>\n<meta property=\"og:image\" content=\"https:\/\/static.deinadieu.ch\/uploads\/2020\/09\/carolyn-v-PUjAEwV9PeQ-unsplash-scaled-e1601367437102.jpg\" \/>\n\t<meta property=\"og:image:width\" content=\"2560\" \/>\n\t<meta property=\"og:image:height\" content=\"1829\" \/>\n\t<meta property=\"og:image:type\" content=\"image\/jpeg\" \/>\n<meta name=\"twitter:card\" content=\"summary_large_image\" \/>\n<meta name=\"twitter:site\" content=\"@DeinAdieu\" \/>\n<meta name=\"twitter:label1\" content=\"Est. reading time\" \/>\n\t<meta name=\"twitter:data1\" content=\"7 minutes\" \/>\n<script type=\"application\/ld+json\" class=\"yoast-schema-graph\">{\"@context\":\"https:\\\/\\\/schema.org\",\"@graph\":[{\"@type\":\"WebPage\",\"@id\":\"https:\\\/\\\/www.deinadieu.ch\\\/it\\\/poesie\\\/\",\"url\":\"https:\\\/\\\/www.deinadieu.ch\\\/it\\\/poesie\\\/\",\"name\":\"Morte - Poesie per dire addio a una persona cara | DeinAdieu\",\"isPartOf\":{\"@id\":\"https:\\\/\\\/www.deinadieu.ch\\\/it\\\/#website\"},\"primaryImageOfPage\":{\"@id\":\"https:\\\/\\\/www.deinadieu.ch\\\/it\\\/poesie\\\/#primaryimage\"},\"image\":{\"@id\":\"https:\\\/\\\/www.deinadieu.ch\\\/it\\\/poesie\\\/#primaryimage\"},\"thumbnailUrl\":\"https:\\\/\\\/www.deinadieu.ch\\\/wp-content\\\/uploads\\\/2020\\\/09\\\/carolyn-v-PUjAEwV9PeQ-unsplash-scaled-e1601367437102.jpg\",\"datePublished\":\"2020-09-29T11:50:35+00:00\",\"dateModified\":\"2023-05-14T08:26:42+00:00\",\"description\":\"Esprimete la vostra gratitudine e compassione per una morte con una poesia. Qui troverete alcune famose poesie sulla morte.\",\"breadcrumb\":{\"@id\":\"https:\\\/\\\/www.deinadieu.ch\\\/it\\\/poesie\\\/#breadcrumb\"},\"inLanguage\":\"it-IT\",\"potentialAction\":[{\"@type\":\"ReadAction\",\"target\":[\"https:\\\/\\\/www.deinadieu.ch\\\/it\\\/poesie\\\/\"]}]},{\"@type\":\"ImageObject\",\"inLanguage\":\"it-IT\",\"@id\":\"https:\\\/\\\/www.deinadieu.ch\\\/it\\\/poesie\\\/#primaryimage\",\"url\":\"https:\\\/\\\/www.deinadieu.ch\\\/wp-content\\\/uploads\\\/2020\\\/09\\\/carolyn-v-PUjAEwV9PeQ-unsplash-scaled-e1601367437102.jpg\",\"contentUrl\":\"https:\\\/\\\/www.deinadieu.ch\\\/wp-content\\\/uploads\\\/2020\\\/09\\\/carolyn-v-PUjAEwV9PeQ-unsplash-scaled-e1601367437102.jpg\",\"width\":2560,\"height\":1829},{\"@type\":\"BreadcrumbList\",\"@id\":\"https:\\\/\\\/www.deinadieu.ch\\\/it\\\/poesie\\\/#breadcrumb\",\"itemListElement\":[{\"@type\":\"ListItem\",\"position\":1,\"name\":\"Home\",\"item\":\"https:\\\/\\\/www.deinadieu.ch\\\/it\\\/deinadieu-dialog-und-serviceportal-zum-lebensende\\\/\"},{\"@type\":\"ListItem\",\"position\":2,\"name\":\"Poesie\"}]},{\"@type\":\"WebSite\",\"@id\":\"https:\\\/\\\/www.deinadieu.ch\\\/it\\\/#website\",\"url\":\"https:\\\/\\\/www.deinadieu.ch\\\/it\\\/\",\"name\":\"DeinAdieu.ch\",\"description\":\"Testament, Patientenverf\u00fcgung und Vorsorgeauftrag\",\"publisher\":{\"@id\":\"https:\\\/\\\/www.deinadieu.ch\\\/it\\\/#organization\"},\"potentialAction\":[{\"@type\":\"SearchAction\",\"target\":{\"@type\":\"EntryPoint\",\"urlTemplate\":\"https:\\\/\\\/www.deinadieu.ch\\\/it\\\/?s={search_term_string}\"},\"query-input\":{\"@type\":\"PropertyValueSpecification\",\"valueRequired\":true,\"valueName\":\"search_term_string\"}}],\"inLanguage\":\"it-IT\"},{\"@type\":\"Organization\",\"@id\":\"https:\\\/\\\/www.deinadieu.ch\\\/it\\\/#organization\",\"name\":\"EMNA Web GmbH\",\"url\":\"https:\\\/\\\/www.deinadieu.ch\\\/it\\\/\",\"logo\":{\"@type\":\"ImageObject\",\"inLanguage\":\"it-IT\",\"@id\":\"https:\\\/\\\/www.deinadieu.ch\\\/it\\\/#\\\/schema\\\/logo\\\/image\\\/\",\"url\":\"https:\\\/\\\/www.deinadieu.ch\\\/wp-content\\\/uploads\\\/2016\\\/01\\\/DeinAdieu_Logo.png\",\"contentUrl\":\"https:\\\/\\\/www.deinadieu.ch\\\/wp-content\\\/uploads\\\/2016\\\/01\\\/DeinAdieu_Logo.png\",\"width\":300,\"height\":117,\"caption\":\"EMNA Web GmbH\"},\"image\":{\"@id\":\"https:\\\/\\\/www.deinadieu.ch\\\/it\\\/#\\\/schema\\\/logo\\\/image\\\/\"},\"sameAs\":[\"https:\\\/\\\/www.facebook.com\\\/deinadieu\",\"https:\\\/\\\/x.com\\\/DeinAdieu\",\"https:\\\/\\\/www.instagram.com\\\/deinadieu\\\/\",\"https:\\\/\\\/www.linkedin.com\\\/company\\\/deinadieu.ch\"]}]}<\/script>","yoast_head_json":{"title":"Morte - Poesie per dire addio a una persona cara | DeinAdieu","description":"Esprimete la vostra gratitudine e compassione per una morte con una poesia. Qui troverete alcune famose poesie sulla morte.","robots":{"index":"index","follow":"follow","max-snippet":"max-snippet:-1","max-image-preview":"max-image-preview:large","max-video-preview":"max-video-preview:-1"},"canonical":"https:\/\/www.deinadieu.ch\/it\/poesie\/","og_locale":"it_IT","og_type":"article","og_title":"Poesie","og_description":"DeinAdieu fornisce alcuni esempi di biglietti di ringraziamento. Lasciatevi ispirare dai diversi esempi e scrivete il vostro testo personale. Assenzat Non","og_url":"https:\/\/www.deinadieu.ch\/it\/poesie\/","og_site_name":"DeinAdieu.ch","article_publisher":"https:\/\/www.facebook.com\/deinadieu","article_modified_time":"2023-05-14T08:26:42+00:00","og_image":[{"width":2560,"height":1829,"url":"https:\/\/static.deinadieu.ch\/uploads\/2020\/09\/carolyn-v-PUjAEwV9PeQ-unsplash-scaled-e1601367437102.jpg","type":"image\/jpeg"}],"twitter_card":"summary_large_image","twitter_site":"@DeinAdieu","twitter_misc":{"Est. reading time":"7 minutes"},"schema":{"@context":"https:\/\/schema.org","@graph":[{"@type":"WebPage","@id":"https:\/\/www.deinadieu.ch\/it\/poesie\/","url":"https:\/\/www.deinadieu.ch\/it\/poesie\/","name":"Morte - Poesie per dire addio a una persona cara | DeinAdieu","isPartOf":{"@id":"https:\/\/www.deinadieu.ch\/it\/#website"},"primaryImageOfPage":{"@id":"https:\/\/www.deinadieu.ch\/it\/poesie\/#primaryimage"},"image":{"@id":"https:\/\/www.deinadieu.ch\/it\/poesie\/#primaryimage"},"thumbnailUrl":"https:\/\/www.deinadieu.ch\/wp-content\/uploads\/2020\/09\/carolyn-v-PUjAEwV9PeQ-unsplash-scaled-e1601367437102.jpg","datePublished":"2020-09-29T11:50:35+00:00","dateModified":"2023-05-14T08:26:42+00:00","description":"Esprimete la vostra gratitudine e compassione per una morte con una poesia. Qui troverete alcune famose poesie sulla morte.","breadcrumb":{"@id":"https:\/\/www.deinadieu.ch\/it\/poesie\/#breadcrumb"},"inLanguage":"it-IT","potentialAction":[{"@type":"ReadAction","target":["https:\/\/www.deinadieu.ch\/it\/poesie\/"]}]},{"@type":"ImageObject","inLanguage":"it-IT","@id":"https:\/\/www.deinadieu.ch\/it\/poesie\/#primaryimage","url":"https:\/\/www.deinadieu.ch\/wp-content\/uploads\/2020\/09\/carolyn-v-PUjAEwV9PeQ-unsplash-scaled-e1601367437102.jpg","contentUrl":"https:\/\/www.deinadieu.ch\/wp-content\/uploads\/2020\/09\/carolyn-v-PUjAEwV9PeQ-unsplash-scaled-e1601367437102.jpg","width":2560,"height":1829},{"@type":"BreadcrumbList","@id":"https:\/\/www.deinadieu.ch\/it\/poesie\/#breadcrumb","itemListElement":[{"@type":"ListItem","position":1,"name":"Home","item":"https:\/\/www.deinadieu.ch\/it\/deinadieu-dialog-und-serviceportal-zum-lebensende\/"},{"@type":"ListItem","position":2,"name":"Poesie"}]},{"@type":"WebSite","@id":"https:\/\/www.deinadieu.ch\/it\/#website","url":"https:\/\/www.deinadieu.ch\/it\/","name":"DeinAdieu.ch","description":"Testament, Patientenverf\u00fcgung und Vorsorgeauftrag","publisher":{"@id":"https:\/\/www.deinadieu.ch\/it\/#organization"},"potentialAction":[{"@type":"SearchAction","target":{"@type":"EntryPoint","urlTemplate":"https:\/\/www.deinadieu.ch\/it\/?s={search_term_string}"},"query-input":{"@type":"PropertyValueSpecification","valueRequired":true,"valueName":"search_term_string"}}],"inLanguage":"it-IT"},{"@type":"Organization","@id":"https:\/\/www.deinadieu.ch\/it\/#organization","name":"EMNA Web GmbH","url":"https:\/\/www.deinadieu.ch\/it\/","logo":{"@type":"ImageObject","inLanguage":"it-IT","@id":"https:\/\/www.deinadieu.ch\/it\/#\/schema\/logo\/image\/","url":"https:\/\/www.deinadieu.ch\/wp-content\/uploads\/2016\/01\/DeinAdieu_Logo.png","contentUrl":"https:\/\/www.deinadieu.ch\/wp-content\/uploads\/2016\/01\/DeinAdieu_Logo.png","width":300,"height":117,"caption":"EMNA Web GmbH"},"image":{"@id":"https:\/\/www.deinadieu.ch\/it\/#\/schema\/logo\/image\/"},"sameAs":["https:\/\/www.facebook.com\/deinadieu","https:\/\/x.com\/DeinAdieu","https:\/\/www.instagram.com\/deinadieu\/","https:\/\/www.linkedin.com\/company\/deinadieu.ch"]}]}},"_links":{"self":[{"href":"https:\/\/www.deinadieu.ch\/it\/wp-json\/wp\/v2\/pages\/26009","targetHints":{"allow":["GET"]}}],"collection":[{"href":"https:\/\/www.deinadieu.ch\/it\/wp-json\/wp\/v2\/pages"}],"about":[{"href":"https:\/\/www.deinadieu.ch\/it\/wp-json\/wp\/v2\/types\/page"}],"author":[{"embeddable":true,"href":"https:\/\/www.deinadieu.ch\/it\/wp-json\/wp\/v2\/users\/6026"}],"replies":[{"embeddable":true,"href":"https:\/\/www.deinadieu.ch\/it\/wp-json\/wp\/v2\/comments?post=26009"}],"version-history":[{"count":24,"href":"https:\/\/www.deinadieu.ch\/it\/wp-json\/wp\/v2\/pages\/26009\/revisions"}],"predecessor-version":[{"id":63671,"href":"https:\/\/www.deinadieu.ch\/it\/wp-json\/wp\/v2\/pages\/26009\/revisions\/63671"}],"wp:featuredmedia":[{"embeddable":true,"href":"https:\/\/www.deinadieu.ch\/it\/wp-json\/wp\/v2\/media\/24699"}],"wp:attachment":[{"href":"https:\/\/www.deinadieu.ch\/it\/wp-json\/wp\/v2\/media?parent=26009"}],"curies":[{"name":"wp","href":"https:\/\/api.w.org\/{rel}","templated":true}]}}