{"id":25852,"date":"2020-09-18T11:27:22","date_gmt":"2020-09-18T09:27:22","guid":{"rendered":"http:\/\/www.deinadieu.ch\/cose-deinadieu\/comitato-consultivo-onorario\/"},"modified":"2022-08-31T10:15:50","modified_gmt":"2022-08-31T08:15:50","slug":"comitato-consultivo-onorario","status":"publish","type":"page","link":"https:\/\/www.deinadieu.ch\/it\/cose-deinadieu\/comitato-consultivo-onorario\/","title":{"rendered":"Il comitato consultivo onorario"},"content":{"rendered":"\n<p class=\"has-text-color\" style=\"color:#2e2f30\">DeinAdieu \u00e8 la prima e indipendente piattaforma svizzera di dialogo e di servizio per una fine della vita autodeterminata. DeinAdieu si occupa in particolare dei seguenti temi: testamento, cure palliative, direttiva del paziente, mandato precauzionale e funerale. E lo fa attraverso contenuti editoriali e strumenti e servizi online. DeinAdieu rispetta la dignit\u00e0 di tutte le personalit\u00e0 ritratte ed \u00e8 sinonimo di un approccio rispettoso verso tutti gli argomenti trattati.<\/p>\n\n<div style=\"height:80px\" aria-hidden=\"true\" class=\"wp-block-spacer\"><\/div>\n\n<h2 class=\"wp-block-heading\" id=\"h-deinadieu-verpflichtet-sich-folgenden-grunds-tzen\">DeinAdieu si impegna a rispettare i seguenti principi:<\/h2>\n\n<div style=\"height:35px\" aria-hidden=\"true\" class=\"wp-block-spacer\"><\/div>\n\n<div class=\"wp-block-columns is-layout-flex wp-container-core-columns-is-layout-28f84493 wp-block-columns-is-layout-flex\">\n<div class=\"wp-block-column is-layout-flow wp-block-column-is-layout-flow\">\n<p><strong>Autodeterminazione<\/strong><\/p>\n\n\n\n<p>DeinAdieu si fa garante di un invecchiamento autodeterminato e una realizzazione autodeterminata dell&#8217;ultimo capitolo della vita.<\/p>\n\n\n\n<p><\/p>\n\n\n\n<p><strong>Indipendenza<\/strong><\/p>\n\n\n\n<p>DeinAdieu richiama l\u2019attenzione sulla possibilit\u00e0 di fare una donazione tramite testamento a enti assistenziali svizzeri controllati, ma per il resto \u00e8 indipendente da gruppi di interessi, gruppi professionali o istituzioni.<\/p>\n\n\n\n<p><\/p>\n\n\n\n<p><strong>Neutralit\u00e0<\/strong> <\/p>\n\n\n\n<p>DeinAdieu \u00e8 politicamente neutrale e aperta a qualsiasi visione filantropica del mondo.<\/p>\n<\/div>\n\n\n\n<div class=\"wp-block-column is-layout-flow wp-block-column-is-layout-flow\">\n<p><strong>Aconfessionale<\/strong> <\/p>\n\n\n\n<p>DeinAdieu non \u00e8 impegnata in alcuna religione o confessione, ma offre la possibilit\u00e0 di farsi un&#8217;idea su varie tradizioni di lutto e vari rituali di addio.<\/p>\n\n\n\n<p><\/p>\n\n\n\n<p><strong>Solidariet\u00e0 con malati terminali<\/strong><\/p>\n\n\n\n<p>DeinAdieu si impegna a garantire la migliore qualit\u00e0 di vita possibile e l&#8217;accesso alle cure palliative per tutte le persone colpite.<\/p>\n\n\n\n<p><\/p>\n<\/div>\n<\/div>\n\n<div style=\"height:80px\" aria-hidden=\"true\" class=\"wp-block-spacer\"><\/div>\n\n<h2 class=\"wp-block-heading\" id=\"h-unser-beirat\">Il nostro comitato consultivo<\/h2>\n\n<p class=\"has-text-color\" style=\"color:#2e2f30\">Il seguente comitato consultivo onorario sostiene DeinAdieu con i suoi principi e la sua visione. E contribuisce con la sua esperienza, le sue conoscenze e la sua rete a promuovere l&#8217;autodeterminazione in Svizzera.<\/p>\n\n<div class=\"wp-block-columns is-layout-flex wp-container-core-columns-is-layout-28f84493 wp-block-columns-is-layout-flex\">\n<div class=\"wp-block-column is-layout-flow wp-block-column-is-layout-flow\">\n<div class=\"wp-block-group is-layout-flow wp-block-group-is-layout-flow\">\n<div style=\"height:20px\" aria-hidden=\"true\" class=\"wp-block-spacer\"><\/div>\n\n\n\n<figure class=\"wp-block-image aligncenter size-large is-style-default\"><img loading=\"lazy\" decoding=\"async\" width=\"731\" height=\"1024\" src=\"https:\/\/www.deinadieu.ch\/wp-content\/uploads\/2020\/09\/DSC8475-731x1024.png\" alt=\"\" class=\"wp-image-24186\" srcset=\"https:\/\/www.deinadieu.ch\/wp-content\/uploads\/2020\/09\/DSC8475-731x1024.png 731w, https:\/\/www.deinadieu.ch\/wp-content\/uploads\/2020\/09\/DSC8475-214x300.png 214w, https:\/\/www.deinadieu.ch\/wp-content\/uploads\/2020\/09\/DSC8475-1097x1536.png 1097w, https:\/\/www.deinadieu.ch\/wp-content\/uploads\/2020\/09\/DSC8475.png 1200w\" sizes=\"auto, (max-width: 731px) 100vw, 731px\" \/><\/figure>\n\n\n\n<h4 class=\"has-text-align-left has-text-color wp-block-heading\" id=\"h-dr-med-roland-kunz\" style=\"color:#2e2f30;font-size:24px\">Dr. med. Roland Kunz<\/h4>\n\n\n\n<p class=\"has-text-align-left has-text-color\" style=\"color:#2e2f30\"><br\/>Direttore medico Centro di cure palliative<br\/>\u2013<br\/>Ex Primario Clinica Universitaria di geriatria acuta<br\/>Ospedale cittadino Waid<\/p>\n<\/div>\n\n\n\n<p class=\"has-text-color\" style=\"color:#765666\"><em>\u00abLa morte \u00e8 una realt\u00e0 della vita. Dobbiamo accettarlo.\u00bb<\/em><\/p>\n<\/div>\n\n\n\n<div class=\"wp-block-column is-layout-flow wp-block-column-is-layout-flow\">\n<div class=\"wp-block-group is-layout-flow wp-block-group-is-layout-flow\">\n<div style=\"height:20px\" aria-hidden=\"true\" class=\"wp-block-spacer\"><\/div>\n\n\n\n<figure class=\"wp-block-image aligncenter size-large\"><img loading=\"lazy\" decoding=\"async\" width=\"600\" height=\"840\" src=\"https:\/\/www.deinadieu.ch\/wp-content\/uploads\/2020\/09\/Frame-7-2.png\" alt=\"\" class=\"wp-image-24191\" srcset=\"https:\/\/www.deinadieu.ch\/wp-content\/uploads\/2020\/09\/Frame-7-2.png 600w, https:\/\/www.deinadieu.ch\/wp-content\/uploads\/2020\/09\/Frame-7-2-214x300.png 214w\" sizes=\"auto, (max-width: 600px) 100vw, 600px\" \/><\/figure>\n\n\n\n<h4 class=\"has-text-align-left has-text-color wp-block-heading\" id=\"h-prof-dr-regina-aebi-m-ller\" style=\"color:#2e2f30;font-size:24px\">Prof. Dr. Regina Aebi-M\u00fcller<\/h4>\n\n\n\n<p class=\"has-text-align-left has-text-color\" style=\"color:#2e2f30\"><br\/>Cattedra di diritto privato e diritto privato comparato<br\/>presso l&#8217;Universit\u00e0 di Lucerna<br\/>\u2013<br\/>Dirigente del Programma nazionale di ricerca<\/p>\n<\/div>\n\n\n\n<p class=\"has-text-color\" style=\"color:#765666\"><em>\u00abDobbiamo tutelare meglio i bisogni centrali della persona che sta morendo \u2013 e questo naturalmente include la protezione da influenze esterne.\u00bb<\/em><\/p>\n<\/div>\n\n\n\n<div class=\"wp-block-column is-layout-flow wp-block-column-is-layout-flow\">\n<div class=\"wp-block-group is-layout-flow wp-block-group-is-layout-flow\">\n<div style=\"height:20px\" aria-hidden=\"true\" class=\"wp-block-spacer\"><\/div>\n\n\n\n<figure class=\"wp-block-image aligncenter size-large\"><img loading=\"lazy\" decoding=\"async\" width=\"600\" height=\"840\" src=\"https:\/\/www.deinadieu.ch\/wp-content\/uploads\/2020\/09\/Frame-9.png\" alt=\"\" class=\"wp-image-24201\" srcset=\"https:\/\/www.deinadieu.ch\/wp-content\/uploads\/2020\/09\/Frame-9.png 600w, https:\/\/www.deinadieu.ch\/wp-content\/uploads\/2020\/09\/Frame-9-214x300.png 214w\" sizes=\"auto, (max-width: 600px) 100vw, 600px\" \/><\/figure>\n\n\n\n<h4 class=\"has-text-align-left has-text-color wp-block-heading\" id=\"h-dr-ruth-baumann-h-lzle\" style=\"color:#2e2f30;font-size:24px\">Dr. Ruth Baumann-H\u00f6lzle<\/h4>\n\n\n\n<p class=\"has-text-align-left has-text-color\" style=\"color:#2e2f30\"><br\/>Co-fondatrice e dirigente di Dialog Ethik, l\u2019Istituto<br\/>per l\u2019etica nell\u2019assistenza sanitaria<br\/>\u2013<br\/>Membro della<br\/>Commissione cantonale d\u2019etica Zurigo<\/p>\n<\/div>\n\n\n\n<p class=\"has-text-color\" style=\"color:#765666\"><em>\u00abUna direttiva del paziente dettagliata incoraggia le persone ad affrontare le proprie idee sulla qualit\u00e0 della vita e sulla morte.\u00bb<\/em><\/p>\n<\/div>\n<\/div>\n\n<div class=\"wp-block-columns is-layout-flex wp-container-core-columns-is-layout-28f84493 wp-block-columns-is-layout-flex\">\n<div class=\"wp-block-column is-layout-flow wp-block-column-is-layout-flow\"><\/div>\n\n\n\n<div class=\"wp-block-column is-layout-flow wp-block-column-is-layout-flow\"><\/div>\n\n\n\n<div class=\"wp-block-column is-layout-flow wp-block-column-is-layout-flow\">\n<div class=\"wp-block-group is-layout-flow wp-block-group-is-layout-flow\">\n<div style=\"height:20px\" aria-hidden=\"true\" class=\"wp-block-spacer\"><\/div>\n<\/div>\n<\/div>\n<\/div>\n\n<div style=\"height:100px\" aria-hidden=\"true\" class=\"wp-block-spacer\"><\/div>\n","protected":false},"excerpt":{"rendered":"<p>DeinAdieu \u00e8 la prima e indipendente piattaforma svizzera di dialogo e di servizio per una fine della vita autodeterminata. DeinAdieu si occupa in particolare dei seguenti temi: testamento, cure palliative, direttiva del paziente, mandato precauzionale e funerale. E lo fa attraverso contenuti editoriali e strumenti e servizi online. DeinAdieu rispetta la dignit\u00e0 di tutte le [&hellip;]<\/p>\n","protected":false},"author":6026,"featured_media":24170,"parent":25785,"menu_order":0,"comment_status":"closed","ping_status":"closed","template":"","meta":{"_acf_changed":false,"footnotes":""},"class_list":["post-25852","page","type-page","status-publish","has-post-thumbnail","hentry"],"acf":[],"yoast_head":"<title>Il comitato consultivo onorario | DeinAdieu.ch<\/title>\n<meta name=\"description\" content=\"Conoscete i membri del comitato consultivo onorario di DeinAdieu. Ci sostengono nella promozione dell&#039;autodeterminazione in Svizzera.\" \/>\n<meta name=\"robots\" content=\"index, follow, max-snippet:-1, max-image-preview:large, max-video-preview:-1\" \/>\n<link rel=\"canonical\" href=\"https:\/\/www.deinadieu.ch\/it\/cose-deinadieu\/comitato-consultivo-onorario\/\" \/>\n<meta property=\"og:locale\" content=\"it_IT\" \/>\n<meta property=\"og:type\" content=\"article\" \/>\n<meta property=\"og:title\" content=\"Il comitato consultivo onorario\" \/>\n<meta property=\"og:description\" content=\"DeinAdieu \u00e8 la prima e indipendente piattaforma svizzera di dialogo e di servizio per una fine della vita autodeterminata. DeinAdieu si occupa in\" \/>\n<meta property=\"og:url\" content=\"https:\/\/www.deinadieu.ch\/it\/cose-deinadieu\/comitato-consultivo-onorario\/\" \/>\n<meta property=\"og:site_name\" content=\"DeinAdieu.ch\" \/>\n<meta property=\"article:publisher\" content=\"https:\/\/www.facebook.com\/deinadieu\" \/>\n<meta property=\"article:modified_time\" content=\"2022-08-31T08:15:50+00:00\" \/>\n<meta property=\"og:image\" content=\"https:\/\/static.deinadieu.ch\/uploads\/2020\/09\/headway-5QgIuuBxKwM-unsplash-scaled-e1600437346118.jpg\" \/>\n\t<meta property=\"og:image:width\" content=\"2560\" \/>\n\t<meta property=\"og:image:height\" content=\"1707\" \/>\n\t<meta property=\"og:image:type\" content=\"image\/jpeg\" \/>\n<meta name=\"twitter:card\" content=\"summary_large_image\" \/>\n<meta name=\"twitter:site\" content=\"@DeinAdieu\" \/>\n<meta name=\"twitter:label1\" content=\"Est. reading time\" \/>\n\t<meta name=\"twitter:data1\" content=\"2 minutes\" \/>\n<script type=\"application\/ld+json\" class=\"yoast-schema-graph\">{\"@context\":\"https:\\\/\\\/schema.org\",\"@graph\":[{\"@type\":\"WebPage\",\"@id\":\"https:\\\/\\\/www.deinadieu.ch\\\/it\\\/cose-deinadieu\\\/comitato-consultivo-onorario\\\/\",\"url\":\"https:\\\/\\\/www.deinadieu.ch\\\/it\\\/cose-deinadieu\\\/comitato-consultivo-onorario\\\/\",\"name\":\"Il comitato consultivo onorario | DeinAdieu.ch\",\"isPartOf\":{\"@id\":\"https:\\\/\\\/www.deinadieu.ch\\\/it\\\/#website\"},\"primaryImageOfPage\":{\"@id\":\"https:\\\/\\\/www.deinadieu.ch\\\/it\\\/cose-deinadieu\\\/comitato-consultivo-onorario\\\/#primaryimage\"},\"image\":{\"@id\":\"https:\\\/\\\/www.deinadieu.ch\\\/it\\\/cose-deinadieu\\\/comitato-consultivo-onorario\\\/#primaryimage\"},\"thumbnailUrl\":\"https:\\\/\\\/www.deinadieu.ch\\\/wp-content\\\/uploads\\\/2020\\\/09\\\/headway-5QgIuuBxKwM-unsplash-scaled-e1600437346118.jpg\",\"datePublished\":\"2020-09-18T09:27:22+00:00\",\"dateModified\":\"2022-08-31T08:15:50+00:00\",\"description\":\"Conoscete i membri del comitato consultivo onorario di DeinAdieu. Ci sostengono nella promozione dell'autodeterminazione in Svizzera.\",\"breadcrumb\":{\"@id\":\"https:\\\/\\\/www.deinadieu.ch\\\/it\\\/cose-deinadieu\\\/comitato-consultivo-onorario\\\/#breadcrumb\"},\"inLanguage\":\"it-IT\",\"potentialAction\":[{\"@type\":\"ReadAction\",\"target\":[\"https:\\\/\\\/www.deinadieu.ch\\\/it\\\/cose-deinadieu\\\/comitato-consultivo-onorario\\\/\"]}]},{\"@type\":\"ImageObject\",\"inLanguage\":\"it-IT\",\"@id\":\"https:\\\/\\\/www.deinadieu.ch\\\/it\\\/cose-deinadieu\\\/comitato-consultivo-onorario\\\/#primaryimage\",\"url\":\"https:\\\/\\\/www.deinadieu.ch\\\/wp-content\\\/uploads\\\/2020\\\/09\\\/headway-5QgIuuBxKwM-unsplash-scaled-e1600437346118.jpg\",\"contentUrl\":\"https:\\\/\\\/www.deinadieu.ch\\\/wp-content\\\/uploads\\\/2020\\\/09\\\/headway-5QgIuuBxKwM-unsplash-scaled-e1600437346118.jpg\",\"width\":2560,\"height\":1707},{\"@type\":\"BreadcrumbList\",\"@id\":\"https:\\\/\\\/www.deinadieu.ch\\\/it\\\/cose-deinadieu\\\/comitato-consultivo-onorario\\\/#breadcrumb\",\"itemListElement\":[{\"@type\":\"ListItem\",\"position\":1,\"name\":\"Home\",\"item\":\"https:\\\/\\\/www.deinadieu.ch\\\/it\\\/deinadieu-dialog-und-serviceportal-zum-lebensende\\\/\"},{\"@type\":\"ListItem\",\"position\":2,\"name\":\"Cos&#8217;\u00e8 DeinAdieu?\",\"item\":\"https:\\\/\\\/www.deinadieu.ch\\\/it\\\/cose-deinadieu\\\/\"},{\"@type\":\"ListItem\",\"position\":3,\"name\":\"Il comitato consultivo onorario\"}]},{\"@type\":\"WebSite\",\"@id\":\"https:\\\/\\\/www.deinadieu.ch\\\/it\\\/#website\",\"url\":\"https:\\\/\\\/www.deinadieu.ch\\\/it\\\/\",\"name\":\"DeinAdieu.ch\",\"description\":\"Testament, Patientenverf\u00fcgung und Vorsorgeauftrag\",\"publisher\":{\"@id\":\"https:\\\/\\\/www.deinadieu.ch\\\/it\\\/#organization\"},\"potentialAction\":[{\"@type\":\"SearchAction\",\"target\":{\"@type\":\"EntryPoint\",\"urlTemplate\":\"https:\\\/\\\/www.deinadieu.ch\\\/it\\\/?s={search_term_string}\"},\"query-input\":{\"@type\":\"PropertyValueSpecification\",\"valueRequired\":true,\"valueName\":\"search_term_string\"}}],\"inLanguage\":\"it-IT\"},{\"@type\":\"Organization\",\"@id\":\"https:\\\/\\\/www.deinadieu.ch\\\/it\\\/#organization\",\"name\":\"EMNA Web GmbH\",\"url\":\"https:\\\/\\\/www.deinadieu.ch\\\/it\\\/\",\"logo\":{\"@type\":\"ImageObject\",\"inLanguage\":\"it-IT\",\"@id\":\"https:\\\/\\\/www.deinadieu.ch\\\/it\\\/#\\\/schema\\\/logo\\\/image\\\/\",\"url\":\"https:\\\/\\\/www.deinadieu.ch\\\/wp-content\\\/uploads\\\/2016\\\/01\\\/DeinAdieu_Logo.png\",\"contentUrl\":\"https:\\\/\\\/www.deinadieu.ch\\\/wp-content\\\/uploads\\\/2016\\\/01\\\/DeinAdieu_Logo.png\",\"width\":300,\"height\":117,\"caption\":\"EMNA Web GmbH\"},\"image\":{\"@id\":\"https:\\\/\\\/www.deinadieu.ch\\\/it\\\/#\\\/schema\\\/logo\\\/image\\\/\"},\"sameAs\":[\"https:\\\/\\\/www.facebook.com\\\/deinadieu\",\"https:\\\/\\\/x.com\\\/DeinAdieu\",\"https:\\\/\\\/www.instagram.com\\\/deinadieu\\\/\",\"https:\\\/\\\/www.linkedin.com\\\/company\\\/deinadieu.ch\"]}]}<\/script>","yoast_head_json":{"title":"Il comitato consultivo onorario | DeinAdieu.ch","description":"Conoscete i membri del comitato consultivo onorario di DeinAdieu. Ci sostengono nella promozione dell'autodeterminazione in Svizzera.","robots":{"index":"index","follow":"follow","max-snippet":"max-snippet:-1","max-image-preview":"max-image-preview:large","max-video-preview":"max-video-preview:-1"},"canonical":"https:\/\/www.deinadieu.ch\/it\/cose-deinadieu\/comitato-consultivo-onorario\/","og_locale":"it_IT","og_type":"article","og_title":"Il comitato consultivo onorario","og_description":"DeinAdieu \u00e8 la prima e indipendente piattaforma svizzera di dialogo e di servizio per una fine della vita autodeterminata. DeinAdieu si occupa in","og_url":"https:\/\/www.deinadieu.ch\/it\/cose-deinadieu\/comitato-consultivo-onorario\/","og_site_name":"DeinAdieu.ch","article_publisher":"https:\/\/www.facebook.com\/deinadieu","article_modified_time":"2022-08-31T08:15:50+00:00","og_image":[{"width":2560,"height":1707,"url":"https:\/\/static.deinadieu.ch\/uploads\/2020\/09\/headway-5QgIuuBxKwM-unsplash-scaled-e1600437346118.jpg","type":"image\/jpeg"}],"twitter_card":"summary_large_image","twitter_site":"@DeinAdieu","twitter_misc":{"Est. reading time":"2 minutes"},"schema":{"@context":"https:\/\/schema.org","@graph":[{"@type":"WebPage","@id":"https:\/\/www.deinadieu.ch\/it\/cose-deinadieu\/comitato-consultivo-onorario\/","url":"https:\/\/www.deinadieu.ch\/it\/cose-deinadieu\/comitato-consultivo-onorario\/","name":"Il comitato consultivo onorario | DeinAdieu.ch","isPartOf":{"@id":"https:\/\/www.deinadieu.ch\/it\/#website"},"primaryImageOfPage":{"@id":"https:\/\/www.deinadieu.ch\/it\/cose-deinadieu\/comitato-consultivo-onorario\/#primaryimage"},"image":{"@id":"https:\/\/www.deinadieu.ch\/it\/cose-deinadieu\/comitato-consultivo-onorario\/#primaryimage"},"thumbnailUrl":"https:\/\/www.deinadieu.ch\/wp-content\/uploads\/2020\/09\/headway-5QgIuuBxKwM-unsplash-scaled-e1600437346118.jpg","datePublished":"2020-09-18T09:27:22+00:00","dateModified":"2022-08-31T08:15:50+00:00","description":"Conoscete i membri del comitato consultivo onorario di DeinAdieu. Ci sostengono nella promozione dell'autodeterminazione in Svizzera.","breadcrumb":{"@id":"https:\/\/www.deinadieu.ch\/it\/cose-deinadieu\/comitato-consultivo-onorario\/#breadcrumb"},"inLanguage":"it-IT","potentialAction":[{"@type":"ReadAction","target":["https:\/\/www.deinadieu.ch\/it\/cose-deinadieu\/comitato-consultivo-onorario\/"]}]},{"@type":"ImageObject","inLanguage":"it-IT","@id":"https:\/\/www.deinadieu.ch\/it\/cose-deinadieu\/comitato-consultivo-onorario\/#primaryimage","url":"https:\/\/www.deinadieu.ch\/wp-content\/uploads\/2020\/09\/headway-5QgIuuBxKwM-unsplash-scaled-e1600437346118.jpg","contentUrl":"https:\/\/www.deinadieu.ch\/wp-content\/uploads\/2020\/09\/headway-5QgIuuBxKwM-unsplash-scaled-e1600437346118.jpg","width":2560,"height":1707},{"@type":"BreadcrumbList","@id":"https:\/\/www.deinadieu.ch\/it\/cose-deinadieu\/comitato-consultivo-onorario\/#breadcrumb","itemListElement":[{"@type":"ListItem","position":1,"name":"Home","item":"https:\/\/www.deinadieu.ch\/it\/deinadieu-dialog-und-serviceportal-zum-lebensende\/"},{"@type":"ListItem","position":2,"name":"Cos&#8217;\u00e8 DeinAdieu?","item":"https:\/\/www.deinadieu.ch\/it\/cose-deinadieu\/"},{"@type":"ListItem","position":3,"name":"Il comitato consultivo onorario"}]},{"@type":"WebSite","@id":"https:\/\/www.deinadieu.ch\/it\/#website","url":"https:\/\/www.deinadieu.ch\/it\/","name":"DeinAdieu.ch","description":"Testament, Patientenverf\u00fcgung und Vorsorgeauftrag","publisher":{"@id":"https:\/\/www.deinadieu.ch\/it\/#organization"},"potentialAction":[{"@type":"SearchAction","target":{"@type":"EntryPoint","urlTemplate":"https:\/\/www.deinadieu.ch\/it\/?s={search_term_string}"},"query-input":{"@type":"PropertyValueSpecification","valueRequired":true,"valueName":"search_term_string"}}],"inLanguage":"it-IT"},{"@type":"Organization","@id":"https:\/\/www.deinadieu.ch\/it\/#organization","name":"EMNA Web GmbH","url":"https:\/\/www.deinadieu.ch\/it\/","logo":{"@type":"ImageObject","inLanguage":"it-IT","@id":"https:\/\/www.deinadieu.ch\/it\/#\/schema\/logo\/image\/","url":"https:\/\/www.deinadieu.ch\/wp-content\/uploads\/2016\/01\/DeinAdieu_Logo.png","contentUrl":"https:\/\/www.deinadieu.ch\/wp-content\/uploads\/2016\/01\/DeinAdieu_Logo.png","width":300,"height":117,"caption":"EMNA Web GmbH"},"image":{"@id":"https:\/\/www.deinadieu.ch\/it\/#\/schema\/logo\/image\/"},"sameAs":["https:\/\/www.facebook.com\/deinadieu","https:\/\/x.com\/DeinAdieu","https:\/\/www.instagram.com\/deinadieu\/","https:\/\/www.linkedin.com\/company\/deinadieu.ch"]}]}},"_links":{"self":[{"href":"https:\/\/www.deinadieu.ch\/it\/wp-json\/wp\/v2\/pages\/25852","targetHints":{"allow":["GET"]}}],"collection":[{"href":"https:\/\/www.deinadieu.ch\/it\/wp-json\/wp\/v2\/pages"}],"about":[{"href":"https:\/\/www.deinadieu.ch\/it\/wp-json\/wp\/v2\/types\/page"}],"author":[{"embeddable":true,"href":"https:\/\/www.deinadieu.ch\/it\/wp-json\/wp\/v2\/users\/6026"}],"replies":[{"embeddable":true,"href":"https:\/\/www.deinadieu.ch\/it\/wp-json\/wp\/v2\/comments?post=25852"}],"version-history":[{"count":32,"href":"https:\/\/www.deinadieu.ch\/it\/wp-json\/wp\/v2\/pages\/25852\/revisions"}],"predecessor-version":[{"id":59993,"href":"https:\/\/www.deinadieu.ch\/it\/wp-json\/wp\/v2\/pages\/25852\/revisions\/59993"}],"up":[{"embeddable":true,"href":"https:\/\/www.deinadieu.ch\/it\/wp-json\/wp\/v2\/pages\/25785"}],"wp:featuredmedia":[{"embeddable":true,"href":"https:\/\/www.deinadieu.ch\/it\/wp-json\/wp\/v2\/media\/24170"}],"wp:attachment":[{"href":"https:\/\/www.deinadieu.ch\/it\/wp-json\/wp\/v2\/media?parent=25852"}],"curies":[{"name":"wp","href":"https:\/\/api.w.org\/{rel}","templated":true}]}}