{"id":25824,"date":"2022-12-01T17:00:35","date_gmt":"2022-12-01T16:00:35","guid":{"rendered":"http:\/\/www.deinadieu.ch\/condizioni-duso\/"},"modified":"2025-11-29T12:09:23","modified_gmt":"2025-11-29T11:09:23","slug":"condizioni-duso","status":"publish","type":"page","link":"https:\/\/www.deinadieu.ch\/it\/condizioni-duso\/","title":{"rendered":"Condizioni generali di utilizzo di DeinAdieu di EMNA Web AG"},"content":{"rendered":"\n<h2 class=\"wp-block-heading\" id=\"h-1-geltungsbereich\">1. Campo d\u2019applicazione<\/h2>\n\n<p>1.1. I seguenti termini e le condizioni d\u2019uso (&#8220;CGU&#8221;) regolano il rapporto giuridico tra le persone (&#8220;Utenti&#8221;) che accedono al sito web deinadieu.ch (il &#8220;Sito&#8221;) e l&#8217;operatore del Sito, EMNA Web AG (per i dettagli dell&#8217;operatore, vedere l&#8217;impronta, l'&#8221;Operatore&#8221;).<\/p>\n\n<p>1.2. Le CGU si applicano a partire dal primo accesso dell&#8217;utente al sito web. A ci\u00f2 si aggiungono l&#8217;<a href=\"https:\/\/www.deinadieu.ch\/it\/datenschutzerklaerung-impressum\/\">informativa sulla privacy<\/a> e le descrizioni dei servizi specifici e le note presenti sul sito web.<\/p>\n\n<h2 class=\"wp-block-heading\">2. Offerta di servizi<\/h2>\n\n<p>2.1. Sul sito web gli utenti possono ottenere informazioni sui temi della pianificazione successoria. In particolare, il sito fornisce informazioni sul tema delle donazione ereditarie. Gli utenti hanno la possibilit\u00e0 di utilizzare uno strumento online per generare testi testamentari (&#8220;Assistente al testamento&#8221;) e altri generatori di documenti (ad esempio necrologi, direttive del paziente, ecc.) in conformit\u00e0 con le disposizioni della sezione 3 delle presenti CGC. Gli utenti sono autorizzati a utilizzare il sito web per scopi privati. Per l&#8217;uso commerciale \u00e8 necessario il consenso scritto dell&#8217;operatore. <\/p>\n\n<p>2.2 Il sito web offre a organizzazioni non governative, Spitex, organizzazioni senza scopo di lucro, ecc. (i &#8220;Partner per la raccolta fondi&#8221;) la possibilit\u00e0 di presentarsi come destinatari di donazioni ereditarie. Inoltre, i fornitori di servizi (in particolare gli avvocati specializzati in diritto successorio, i &#8220;Partner&#8221;) possono presentare se stessi e i loro servizi sul sito web. L&#8217;utilizzo del sito web da parte dei partner di raccolta fondi e degli affiliati \u00e8 soggetto a condizioni separate.<\/p>\n\n<p>2.3. Il sito web consente agli utenti di contattare i partner e i partner della raccolta fondi. Su richiesta degli utenti, l&#8217;operatore trasmette le richieste individuali e i dati di contatto degli utenti ai partner e ai partner di raccolta fondi.<\/p>\n\n<p>2.4. Gli utenti possono accedere alle informazioni pubblicate sul sito web e utilizzare l&#8217;assistente al testamento e altri generatori di documenti gratuitamente. L&#8217;operatore si riserva il diritto di concordare condizioni e prezzi supplementari per singoli servizi, in particolare per quelli da fornire alle aziende. Nel caso in cui singoli servizi siano forniti solo a pagamento &#8211; anche sotto forma di dati &#8211; l&#8217;operatore ne informa espressamente gli utenti. La conclusione del contratto, che comporta l&#8217;obbligo di pagamento, avviene solo cliccando sul pulsante &#8220;Ordina ora con obbligo di pagamento&#8221;.<\/p>\n\n<p>2.5. La formulazione e l&#8217;esecuzione di contratti con terzi, in particolare con i partner, \u00e8 di esclusiva responsabilit\u00e0 dell&#8217;utente e del terzo. Per questi contratti, l&#8217;operatore non si assume n\u00e9 una garanzia di esecuzione n\u00e9 una responsabilit\u00e0 per eventuali difetti materiali o di titolo. In particolare, le informazioni fornite da terzi e pubblicate sul sito web non rappresentano alcuna propriet\u00e0 garantita dall&#8217;operatore. L&#8217;operatore non \u00e8 tenuto a garantire l&#8217;adempimento dei contratti stipulati tra gli utenti e i terzi.<\/p>\n\n<h2 class=\"wp-block-heading\" id=\"h-3-online-testament-assistent-dokumentengeneratoren\">3. assistente al testamento \/ generatori di documenti<\/h2>\n\n<p>3.1. Il sito web, in particolare l&#8217;assistente al testamento e gli altri generatori di documenti, non costituisce una consulenza o un servizio legale.<\/p>\n\n<p>3.2. L&#8217;assistente al testamento e gli altri generatori di documenti tengono conto solo del diritto successorio svizzero.<\/p>\n\n<p>3.3. Il servizio supporta l&#8217;utente con un processo di creazione di domande\/risposte e documenti legalmente verificato e supportato da un software per la creazione indipendente di un modello di testamento e di altri documenti. \u00c8 responsabilit\u00e0 dell&#8217;utente osservare le note relative alla spiegazione e all&#8217;utilizzo della procedura guidata per l&#8217;assistente al testamento e degli altri generatori di documenti. Nel farlo, dovete esaminare criticamente le opzioni di risposta e selezionarle in modo che riflettano correttamente il vostro caso di applicazione. Se gli utenti non ritengono che le opzioni di risposta siano adatte alla loro situazione, l&#8217;assistente al testamento o i generatori di documenti non sono adatti a questi utenti. Al di l\u00e0 della selezione di opzioni di risposta preformulate, non c&#8217;\u00e8 alcuna concretizzazione per il rispettivo caso individuale.<\/p>\n\n<p>3.4. L&#8217;assistente al testamento e gli altri generatori di documenti non sono quindi in grado di registrare ogni singolo caso con le sue caratteristiche specifiche. \u00c8 responsabilit\u00e0 dell&#8217;utente verificare la plausibilit\u00e0 del documento legale creato in relazione all&#8217;uso che intende farne. In caso di dubbi, ambiguit\u00e0 o costellazioni in cui non \u00e8 consigliabile una procedura standardizzata, si consiglia agli utenti di consultare un avvocato.<\/p>\n\n<p>3.5. Quando si utilizza l&#8217;assistente al testamento e gli altri generatori di documenti, gli utenti vengono informati della possibilit\u00e0 di fare una donazione all&#8217;eredit\u00e0. L&#8217;operatore propone dei partner per la raccolta fondi come destinatari di tale donazione. L&#8217;ordine dei partner di raccolta fondi proposti agli utenti segue criteri definiti: Principio di casualit\u00e0: le organizzazioni che hanno prenotato un top listing sono elencate con la stessa portata mensile prima delle organizzazioni che non hanno prenotato un top listing. Non vi \u00e8 alcun obbligo di effettuare una donazione o di scegliere uno dei partner proposti per la raccolta di fondi.<\/p>\n\n<h2 class=\"wp-block-heading\">4. Registrazione; conto utente<\/h2>\n\n<p>4.1. Gli utenti hanno la possibilit\u00e0 di creare un account utente sul sito web per salvare e gestire il testo creato con l&#8217;assistente al testamento e gli altri generatori di documenti. La memorizzazione serve solo a facilitare l&#8217;accesso dell&#8217;utente al testo generato e non sostituisce in nessun caso, ad esempio, il deposito di un testamento, in particolare presso il tribunale competente.<\/p>\n\n<p>4.2. Per creare un account utente, l&#8217;utente stipula un contratto d&#8217;uso inserendo il proprio indirizzo e-mail e una password di sua scelta negli appositi campi, cliccando sul pulsante &#8220;Registrati ora&#8221; e confermando il proprio indirizzo e-mail cliccando sul link di registrazione contenuto nell&#8217;e-mail inviata dall&#8217;operatore.<\/p>\n\n<p>4.3. Gli utenti si impegnano a trattare con riservatezza i propri dati di accesso e a utilizzarli esclusivamente per se stessi.<\/p>\n\n<p>4.4. L&#8217;operatore pu\u00f2 rifiutare la registrazione in qualsiasi momento e anche successivamente, senza fornire motivazioni.<\/p>\n\n<p>4.5. Il contratto d&#8217;uso ha durata indeterminata e decorre dalla stipula, conformemente a quanto previsto al punto 4.1. Gli utenti hanno il diritto di cancellare il proprio account utente in qualsiasi momento e senza fornire motivazioni e quindi anche di rescindere il contratto di utilizzo.<\/p>\n\n<p>4.6. Dopo la cancellazione dell&#8217;account utente, l&#8217;accesso ai dati memorizzati nell&#8217;account utente non \u00e8 pi\u00f9 possibile. L&#8217;operatore canceller\u00e0 i dati memorizzati nel profilo dopo un ragionevole periodo di conservazione.<\/p>\n\n<h2 class=\"wp-block-heading\" id=\"h-5-kommentierungsfunktion\">5. Funzione commenti<\/h2>\n\n<p>5.1 Nell&#8217;ambito della funzione di commento fornita dall&#8217;operatore, gli utenti sono tenuti a garantire che i loro commenti e i contenuti autogenerati non violino le disposizioni di legge applicabili, in particolare che non siano offensivi o violino i diritti di terzi (diritto d&#8217;autore, diritto dei marchi e altri diritti). Gli utenti sono tenuti a risarcire completamente l&#8217;operatore e i suoi dipendenti e organi contro le richieste di risarcimento da parte di terzi in relazione ai commenti e ai contenuti da loro pubblicati. <\/p>\n\n<p>5.2 Gli utenti non possono inserire nei loro commenti dati personali di terzi che consentano l&#8217;identificazione di questi ultimi.<\/p>\n\n<p>5.3 Abbiamo il diritto di cancellare i tuoi commenti in qualsiasi momento senza preavviso o di non pubblicarli affatto se scopriamo che il tuo commento o contenuto autogenerato viola la legge, i diritti di terzi o le disposizioni di cui sopra, o se ne siamo informati da terzi.<\/p>\n\n<h2 class=\"wp-block-heading\" id=\"h-6-anderung-oder-unterbrechung-des-leistungsangebots-und-loschung-von-profilen\">6. Modifica o interruzione della gamma di servizi e cancellazione dei profili.<\/h2>\n\n<p>6.1. La gestrice pu\u00f2 adattare o modificare il sito web o singole parti di esso in qualsiasi momento, o interromperlo temporaneamente o definitivamente.<\/p>\n\n<p>6.2. L&#8217;operatore si riserva il diritto di eliminare gli account degli utenti senza indicarne i motivi e senza preavviso o successiva comunicazione agli utenti interessati.<\/p>\n\n<h2 class=\"wp-block-heading\" id=\"h-7-gewahrleistung-der-funktionalitat-der-leistungen\">7. Garanzia del corretto funzionamento dei servizi<\/h2>\n\n<p>7.1. L&#8217;operatore manterr\u00e0 e aggiorner\u00e0 il sito web con la consueta cura. Il sito web \u00e8 generalmente reso disponibile con la qualit\u00e0, compresa la funzionalit\u00e0, la compatibilit\u00e0, l&#8217;accessibilit\u00e0, la continuit\u00e0 e la sicurezza, che \u00e8 consueta per i prodotti digitali dello stesso tipo e che gli utenti possono aspettarsi, tenendo conto della natura del prodotto digitale.<\/p>\n\n<p>7.2. Il gestore non garantisce la correttezza, la completezza e l&#8217;accuratezza dei contenuti, dei documenti e degli altri servizi.<\/p>\n\n<h2 class=\"wp-block-heading\" id=\"h-8-haftung\">8. Responsabilit\u00e0<\/h2>\n\n<p>8.1. L&#8217;operatore \u00e8 responsabile per dolo e colpa grave nella misura massima. La responsabilit\u00e0 per negligenza lieve e per le persone ausiliarie (art. 101 CO) \u00e8 completamente esclusa.<\/p>\n\n<p>8.2. Nella misura in cui il sito web fornisce l&#8217;accesso ad altri siti web tramite link, il gestore non \u00e8 responsabile dei contenuti di terzi in essi contenuti. L&#8217;operatore non adotta il contenuto esterno come proprio. La responsabilit\u00e0 per i contenuti di terzi \u00e8 esclusa. Se il gestore viene a conoscenza di contenuti illegali su siti web esterni, rimuover\u00e0 immediatamente il link a questi ultimi.<\/p>\n\n<p>8.3. Il gestore non \u00e8 responsabile dell&#8217;esattezza dei contenuti e dei dati di terzi o dell&#8217;assenza di virus nei file inseriti nel sito web dagli utenti o da altri utenti, aziende o terzi esterni riconoscibili dagli utenti. Per avviare una procedura di rimozione di contenuti inappropriati, contatta EMNA Web AG, Limmatstrasse 65, CH 8005 Zurigo oppure <a href=\"mailto:support@deinadieu.ch\">support@deinadieu.ch.<\/a><\/p>\n\n<p>8.4. L&#8217;operatore non \u00e8 responsabile di eventuali danni subiti dagli utenti o da terzi in seguito all&#8217;osservanza o meno di raccomandazioni, suggerimenti, best practice o all&#8217;utilizzo di modelli.<\/p>\n\n<p>8.5. Le limitazioni di responsabilit\u00e0 e le esclusioni di cui sopra non si applicano a eventuali reclami degli utenti nei confronti dell&#8217;operatore derivanti dalla responsabilit\u00e0 del prodotto. Inoltre, le limitazioni di responsabilit\u00e0 non si applicano alle lesioni fisiche o ai danni alla salute degli utenti imputabili all&#8217;operatore.<\/p>\n\n<h2 class=\"wp-block-heading\" id=\"h-9-datenschutz\">9. Protezione dei dati<\/h2>\n\n<p>9.1. L&#8217;operatore ha adottato ampie precauzioni tecniche e organizzative per garantire che i dati siano trattati in modo riservato ed esclusivamente per lo scopo previsto. Tuttavia, non \u00e8 possibile escludere completamente l&#8217;uso improprio da parte di terzi.<\/p>\n\n<p>9.2. L&#8217;operatore \u00e8 tenuto a utilizzare i dati memorizzati durante la registrazione e l&#8217;utilizzo solo per i propri scopi e a non trasmetterli a terzi esterni, a meno che non vi sia un obbligo ufficiale in tal senso o che gli utenti abbiano espressamente dato il loro consenso, ad esempio per l&#8217;utilizzo del sito web. selezionando esplicitamente una casella di controllo quando si contattano i partner della raccolta fondi. Questo regolamento sul trattamento dei dati \u00e8 concretizzato e integrato dalla <a href=\"https:\/\/www.deinadieu.ch\/it\/datenschutzerklaerung-impressum\/\">dichiarazione sulla protezione dei dati<\/a>.<\/p>\n\n<p>9.3. L&#8217;operatore ha obbligato i propri dipendenti incaricati dell&#8217;amministrazione e\/o del funzionamento del sito web a rispettare rigorosamente le norme sulla protezione dei dati.<\/p>\n\n<p>9.4. Il gestore ha il diritto di osservare e registrare il comportamento di utilizzo degli utenti al fine di garantire il corretto funzionamento del sito web e di combattere gli abusi. La clausola 8.2 si applica di conseguenza a tali dati.<\/p>\n\n<p>9.5. Se gli utenti inseriscono i dati personali di terzi sul sito web, garantiscono di essere autorizzati a farlo. Gli utenti sono tenuti a informare i terzi prima di trasmettere i loro dati personali.<\/p>\n\n<h2 class=\"wp-block-heading\" id=\"h-10-salvatorische-klausel\">10. Clausola di salvaguardia<\/h2>\n\n<p>Se una disposizione o parte di una disposizione delle presenti CGU o dei suoi allegati \u00e8 o diventa invalida o inapplicabile, ci\u00f2 non pregiudica la validit\u00e0 del resto delle presenti CGU. L&#8217;operatore e gli utenti sono tenuti in buona fede a sostituire la disposizione non valida o non applicabile con una disposizione valida e applicabile che sia equivalente in termini di effetto economico, a condizione che ci\u00f2 non comporti una modifica sostanziale del contenuto dei presenti CGU o dei relativi allegati.<\/p>\n\n<h2 class=\"wp-block-heading\" id=\"h-11-anwendbares-recht-und-gerichtsstand\">11 Legge applicabile e foro competente<\/h2>\n\n<p>11.1. I contratti tra il gestore e gli utenti sono disciplinati dal diritto svizzero, a esclusione della Convenzione sulla vendita internazionale di beni delle Nazioni Unite. Le disposizioni di legge sulla limitazione della scelta della legge e sull&#8217;applicabilit\u00e0 delle disposizioni imperative, in particolare dello Stato in cui l&#8217;utente ha la sua residenza abituale in qualit\u00e0 di consumatore, rimangono inalterate.<\/p>\n\n<p>11.2. Il foro competente esclusivo per tutte le controversie derivanti da o connesse al presente contratto \u00e8 la citt\u00e0 di Zurigo, Svizzera, a condizione che l&#8217;utente sia un commerciante o una societ\u00e0 di diritto pubblico. Inoltre, l&#8217;operatore ha il diritto e, nel caso dei consumatori, l&#8217;obbligo di intentare un&#8217;azione legale presso il foro competente generale dell&#8217;utente.<\/p>\n\n<div style=\"height:100px\" aria-hidden=\"true\" class=\"wp-block-spacer\"><\/div>\n\n<p><br\/>Stato: 28 maggio 2024 Responsabile: EMNA Web AG<\/p>\n","protected":false},"excerpt":{"rendered":"<p>1. Campo d\u2019applicazione 1.1. I seguenti termini e le condizioni d\u2019uso (&#8220;CGU&#8221;) regolano il rapporto giuridico tra le persone (&#8220;Utenti&#8221;) che accedono al sito web deinadieu.ch (il &#8220;Sito&#8221;) e l&#8217;operatore del Sito, EMNA Web AG (per i dettagli dell&#8217;operatore, vedere l&#8217;impronta, l&#8217;&#8221;Operatore&#8221;). 1.2. Le CGU si applicano a partire dal primo accesso dell&#8217;utente al sito [&hellip;]<\/p>\n","protected":false},"author":4,"featured_media":25780,"parent":0,"menu_order":0,"comment_status":"closed","ping_status":"closed","template":"","meta":{"_acf_changed":false,"footnotes":""},"class_list":["post-25824","page","type-page","status-publish","has-post-thumbnail","hentry"],"acf":[],"yoast_head":"<title>Termini e condizioni d&#039;uso di DeinAdieu - leggete di pi\u00f9!<\/title>\n<meta name=\"description\" content=\"I seguenti termini e le condizioni d&#039;uso regolano i rapporti giuridici tra gli utenti del sito web deinadieu.ch e la gestrice del sito web.\" \/>\n<meta name=\"robots\" content=\"index, follow, max-snippet:-1, max-image-preview:large, max-video-preview:-1\" \/>\n<link rel=\"canonical\" href=\"https:\/\/www.deinadieu.ch\/it\/condizioni-duso\/\" \/>\n<meta property=\"og:locale\" content=\"it_IT\" \/>\n<meta property=\"og:type\" content=\"article\" \/>\n<meta property=\"og:title\" content=\"Condizioni generali di utilizzo di DeinAdieu di EMNA Web AG\" \/>\n<meta property=\"og:description\" content=\"1. Campo d\u2019applicazione 1.1. I seguenti termini e le condizioni d\u2019uso (&quot;CGU&quot;) regolano il rapporto giuridico tra le persone (&quot;Utenti&quot;) che accedono al\" \/>\n<meta property=\"og:url\" content=\"https:\/\/www.deinadieu.ch\/it\/condizioni-duso\/\" \/>\n<meta property=\"og:site_name\" content=\"DeinAdieu.ch\" \/>\n<meta property=\"article:publisher\" content=\"https:\/\/www.facebook.com\/deinadieu\" \/>\n<meta property=\"article:modified_time\" content=\"2025-11-29T11:09:23+00:00\" \/>\n<meta property=\"og:image\" content=\"https:\/\/static.deinadieu.ch\/uploads\/2016\/05\/26.png\" \/>\n\t<meta property=\"og:image:width\" content=\"1918\" \/>\n\t<meta property=\"og:image:height\" content=\"361\" \/>\n\t<meta property=\"og:image:type\" content=\"image\/png\" \/>\n<meta name=\"twitter:card\" content=\"summary_large_image\" \/>\n<meta name=\"twitter:site\" content=\"@DeinAdieu\" \/>\n<meta name=\"twitter:label1\" content=\"Est. reading time\" \/>\n\t<meta name=\"twitter:data1\" content=\"9 minutes\" \/>\n<script type=\"application\/ld+json\" class=\"yoast-schema-graph\">{\"@context\":\"https:\\\/\\\/schema.org\",\"@graph\":[{\"@type\":\"WebPage\",\"@id\":\"https:\\\/\\\/www.deinadieu.ch\\\/it\\\/condizioni-duso\\\/\",\"url\":\"https:\\\/\\\/www.deinadieu.ch\\\/it\\\/condizioni-duso\\\/\",\"name\":\"Termini e condizioni d'uso di DeinAdieu - leggete di pi\u00f9!\",\"isPartOf\":{\"@id\":\"https:\\\/\\\/www.deinadieu.ch\\\/it\\\/#website\"},\"primaryImageOfPage\":{\"@id\":\"https:\\\/\\\/www.deinadieu.ch\\\/it\\\/condizioni-duso\\\/#primaryimage\"},\"image\":{\"@id\":\"https:\\\/\\\/www.deinadieu.ch\\\/it\\\/condizioni-duso\\\/#primaryimage\"},\"thumbnailUrl\":\"https:\\\/\\\/www.deinadieu.ch\\\/wp-content\\\/uploads\\\/2016\\\/05\\\/26.png\",\"datePublished\":\"2022-12-01T16:00:35+00:00\",\"dateModified\":\"2025-11-29T11:09:23+00:00\",\"description\":\"I seguenti termini e le condizioni d'uso regolano i rapporti giuridici tra gli utenti del sito web deinadieu.ch e la gestrice del sito web.\",\"breadcrumb\":{\"@id\":\"https:\\\/\\\/www.deinadieu.ch\\\/it\\\/condizioni-duso\\\/#breadcrumb\"},\"inLanguage\":\"it-IT\",\"potentialAction\":[{\"@type\":\"ReadAction\",\"target\":[\"https:\\\/\\\/www.deinadieu.ch\\\/it\\\/condizioni-duso\\\/\"]}]},{\"@type\":\"ImageObject\",\"inLanguage\":\"it-IT\",\"@id\":\"https:\\\/\\\/www.deinadieu.ch\\\/it\\\/condizioni-duso\\\/#primaryimage\",\"url\":\"https:\\\/\\\/www.deinadieu.ch\\\/wp-content\\\/uploads\\\/2016\\\/05\\\/26.png\",\"contentUrl\":\"https:\\\/\\\/www.deinadieu.ch\\\/wp-content\\\/uploads\\\/2016\\\/05\\\/26.png\",\"width\":1918,\"height\":361},{\"@type\":\"BreadcrumbList\",\"@id\":\"https:\\\/\\\/www.deinadieu.ch\\\/it\\\/condizioni-duso\\\/#breadcrumb\",\"itemListElement\":[{\"@type\":\"ListItem\",\"position\":1,\"name\":\"Home\",\"item\":\"https:\\\/\\\/www.deinadieu.ch\\\/it\\\/deinadieu-dialog-und-serviceportal-zum-lebensende\\\/\"},{\"@type\":\"ListItem\",\"position\":2,\"name\":\"Condizioni generali di utilizzo di DeinAdieu di EMNA Web AG\"}]},{\"@type\":\"WebSite\",\"@id\":\"https:\\\/\\\/www.deinadieu.ch\\\/it\\\/#website\",\"url\":\"https:\\\/\\\/www.deinadieu.ch\\\/it\\\/\",\"name\":\"DeinAdieu.ch\",\"description\":\"Testament, Patientenverf\u00fcgung und Vorsorgeauftrag\",\"publisher\":{\"@id\":\"https:\\\/\\\/www.deinadieu.ch\\\/it\\\/#organization\"},\"potentialAction\":[{\"@type\":\"SearchAction\",\"target\":{\"@type\":\"EntryPoint\",\"urlTemplate\":\"https:\\\/\\\/www.deinadieu.ch\\\/it\\\/?s={search_term_string}\"},\"query-input\":{\"@type\":\"PropertyValueSpecification\",\"valueRequired\":true,\"valueName\":\"search_term_string\"}}],\"inLanguage\":\"it-IT\"},{\"@type\":\"Organization\",\"@id\":\"https:\\\/\\\/www.deinadieu.ch\\\/it\\\/#organization\",\"name\":\"EMNA Web GmbH\",\"url\":\"https:\\\/\\\/www.deinadieu.ch\\\/it\\\/\",\"logo\":{\"@type\":\"ImageObject\",\"inLanguage\":\"it-IT\",\"@id\":\"https:\\\/\\\/www.deinadieu.ch\\\/it\\\/#\\\/schema\\\/logo\\\/image\\\/\",\"url\":\"https:\\\/\\\/www.deinadieu.ch\\\/wp-content\\\/uploads\\\/2016\\\/01\\\/DeinAdieu_Logo.png\",\"contentUrl\":\"https:\\\/\\\/www.deinadieu.ch\\\/wp-content\\\/uploads\\\/2016\\\/01\\\/DeinAdieu_Logo.png\",\"width\":300,\"height\":117,\"caption\":\"EMNA Web GmbH\"},\"image\":{\"@id\":\"https:\\\/\\\/www.deinadieu.ch\\\/it\\\/#\\\/schema\\\/logo\\\/image\\\/\"},\"sameAs\":[\"https:\\\/\\\/www.facebook.com\\\/deinadieu\",\"https:\\\/\\\/x.com\\\/DeinAdieu\",\"https:\\\/\\\/www.instagram.com\\\/deinadieu\\\/\",\"https:\\\/\\\/www.linkedin.com\\\/company\\\/deinadieu.ch\"]}]}<\/script>","yoast_head_json":{"title":"Termini e condizioni d'uso di DeinAdieu - leggete di pi\u00f9!","description":"I seguenti termini e le condizioni d'uso regolano i rapporti giuridici tra gli utenti del sito web deinadieu.ch e la gestrice del sito web.","robots":{"index":"index","follow":"follow","max-snippet":"max-snippet:-1","max-image-preview":"max-image-preview:large","max-video-preview":"max-video-preview:-1"},"canonical":"https:\/\/www.deinadieu.ch\/it\/condizioni-duso\/","og_locale":"it_IT","og_type":"article","og_title":"Condizioni generali di utilizzo di DeinAdieu di EMNA Web AG","og_description":"1. Campo d\u2019applicazione 1.1. I seguenti termini e le condizioni d\u2019uso (\"CGU\") regolano il rapporto giuridico tra le persone (\"Utenti\") che accedono al","og_url":"https:\/\/www.deinadieu.ch\/it\/condizioni-duso\/","og_site_name":"DeinAdieu.ch","article_publisher":"https:\/\/www.facebook.com\/deinadieu","article_modified_time":"2025-11-29T11:09:23+00:00","og_image":[{"width":1918,"height":361,"url":"https:\/\/static.deinadieu.ch\/uploads\/2016\/05\/26.png","type":"image\/png"}],"twitter_card":"summary_large_image","twitter_site":"@DeinAdieu","twitter_misc":{"Est. reading time":"9 minutes"},"schema":{"@context":"https:\/\/schema.org","@graph":[{"@type":"WebPage","@id":"https:\/\/www.deinadieu.ch\/it\/condizioni-duso\/","url":"https:\/\/www.deinadieu.ch\/it\/condizioni-duso\/","name":"Termini e condizioni d'uso di DeinAdieu - leggete di pi\u00f9!","isPartOf":{"@id":"https:\/\/www.deinadieu.ch\/it\/#website"},"primaryImageOfPage":{"@id":"https:\/\/www.deinadieu.ch\/it\/condizioni-duso\/#primaryimage"},"image":{"@id":"https:\/\/www.deinadieu.ch\/it\/condizioni-duso\/#primaryimage"},"thumbnailUrl":"https:\/\/www.deinadieu.ch\/wp-content\/uploads\/2016\/05\/26.png","datePublished":"2022-12-01T16:00:35+00:00","dateModified":"2025-11-29T11:09:23+00:00","description":"I seguenti termini e le condizioni d'uso regolano i rapporti giuridici tra gli utenti del sito web deinadieu.ch e la gestrice del sito web.","breadcrumb":{"@id":"https:\/\/www.deinadieu.ch\/it\/condizioni-duso\/#breadcrumb"},"inLanguage":"it-IT","potentialAction":[{"@type":"ReadAction","target":["https:\/\/www.deinadieu.ch\/it\/condizioni-duso\/"]}]},{"@type":"ImageObject","inLanguage":"it-IT","@id":"https:\/\/www.deinadieu.ch\/it\/condizioni-duso\/#primaryimage","url":"https:\/\/www.deinadieu.ch\/wp-content\/uploads\/2016\/05\/26.png","contentUrl":"https:\/\/www.deinadieu.ch\/wp-content\/uploads\/2016\/05\/26.png","width":1918,"height":361},{"@type":"BreadcrumbList","@id":"https:\/\/www.deinadieu.ch\/it\/condizioni-duso\/#breadcrumb","itemListElement":[{"@type":"ListItem","position":1,"name":"Home","item":"https:\/\/www.deinadieu.ch\/it\/deinadieu-dialog-und-serviceportal-zum-lebensende\/"},{"@type":"ListItem","position":2,"name":"Condizioni generali di utilizzo di DeinAdieu di EMNA Web AG"}]},{"@type":"WebSite","@id":"https:\/\/www.deinadieu.ch\/it\/#website","url":"https:\/\/www.deinadieu.ch\/it\/","name":"DeinAdieu.ch","description":"Testament, Patientenverf\u00fcgung und Vorsorgeauftrag","publisher":{"@id":"https:\/\/www.deinadieu.ch\/it\/#organization"},"potentialAction":[{"@type":"SearchAction","target":{"@type":"EntryPoint","urlTemplate":"https:\/\/www.deinadieu.ch\/it\/?s={search_term_string}"},"query-input":{"@type":"PropertyValueSpecification","valueRequired":true,"valueName":"search_term_string"}}],"inLanguage":"it-IT"},{"@type":"Organization","@id":"https:\/\/www.deinadieu.ch\/it\/#organization","name":"EMNA Web GmbH","url":"https:\/\/www.deinadieu.ch\/it\/","logo":{"@type":"ImageObject","inLanguage":"it-IT","@id":"https:\/\/www.deinadieu.ch\/it\/#\/schema\/logo\/image\/","url":"https:\/\/www.deinadieu.ch\/wp-content\/uploads\/2016\/01\/DeinAdieu_Logo.png","contentUrl":"https:\/\/www.deinadieu.ch\/wp-content\/uploads\/2016\/01\/DeinAdieu_Logo.png","width":300,"height":117,"caption":"EMNA Web GmbH"},"image":{"@id":"https:\/\/www.deinadieu.ch\/it\/#\/schema\/logo\/image\/"},"sameAs":["https:\/\/www.facebook.com\/deinadieu","https:\/\/x.com\/DeinAdieu","https:\/\/www.instagram.com\/deinadieu\/","https:\/\/www.linkedin.com\/company\/deinadieu.ch"]}]}},"_links":{"self":[{"href":"https:\/\/www.deinadieu.ch\/it\/wp-json\/wp\/v2\/pages\/25824","targetHints":{"allow":["GET"]}}],"collection":[{"href":"https:\/\/www.deinadieu.ch\/it\/wp-json\/wp\/v2\/pages"}],"about":[{"href":"https:\/\/www.deinadieu.ch\/it\/wp-json\/wp\/v2\/types\/page"}],"author":[{"embeddable":true,"href":"https:\/\/www.deinadieu.ch\/it\/wp-json\/wp\/v2\/users\/4"}],"replies":[{"embeddable":true,"href":"https:\/\/www.deinadieu.ch\/it\/wp-json\/wp\/v2\/comments?post=25824"}],"version-history":[{"count":46,"href":"https:\/\/www.deinadieu.ch\/it\/wp-json\/wp\/v2\/pages\/25824\/revisions"}],"predecessor-version":[{"id":74602,"href":"https:\/\/www.deinadieu.ch\/it\/wp-json\/wp\/v2\/pages\/25824\/revisions\/74602"}],"wp:featuredmedia":[{"embeddable":true,"href":"https:\/\/www.deinadieu.ch\/it\/wp-json\/wp\/v2\/media\/25780"}],"wp:attachment":[{"href":"https:\/\/www.deinadieu.ch\/it\/wp-json\/wp\/v2\/media?parent=25824"}],"curies":[{"name":"wp","href":"https:\/\/api.w.org\/{rel}","templated":true}]}}