{"id":25549,"date":"2020-09-28T18:19:28","date_gmt":"2020-09-28T16:19:28","guid":{"rendered":"http:\/\/www.deinadieu.ch\/modelli-necrologi\/"},"modified":"2023-05-08T12:18:35","modified_gmt":"2023-05-08T10:18:35","slug":"modelli-necrologi","status":"publish","type":"page","link":"https:\/\/www.deinadieu.ch\/it\/modelli-necrologi\/","title":{"rendered":"Modelli necrologi"},"content":{"rendered":"\n<p>Trovate qui modelli per necrologi<\/p>\n\n<div class=\"wp-block-columns is-layout-flex wp-container-core-columns-is-layout-28f84493 wp-block-columns-is-layout-flex\">\n<div class=\"wp-block-column is-layout-flow wp-block-column-is-layout-flow\">\n<h2 class=\"title text-4xl font-semibold mb-10 wp-block-heading\" id=\"h-unfall-mitarbeitende\">Collega di lavoro : incidente<\/h2>\n\n\n\n<div class=\"wp-block-group is-layout-flow wp-block-group-is-layout-flow\">\n<div class=\"wp-block-cover aligncenter is-light has-parallax box_info p-10 rounded-lg\"><span aria-hidden=\"true\" class=\"wp-block-cover__background has-background-dim-0 has-background-dim\"><\/span><div role=\"img\" class=\"wp-block-cover__image-background wp-image-24639 has-parallax\" style=\"background-position:50% 50%;background-image:url(http:\/\/www.deinadieu.ch\/wp-content\/uploads\/2020\/09\/hannah-bruckner-GlfXOy04DLk-unsplash-square3.jpg)\"><\/div><div class=\"wp-block-cover__inner-container is-layout-flow wp-block-cover-is-layout-flow\">\n<p class=\"has-black-color has-text-color\">Abbiamo il doloroso dovere di informarvi che la nostra stimata collega Signora<\/p>\n\n\n\n<p class=\"title text-lg font-semibold has-black-color has-text-color\"><strong><strong>Anja M\u00fcller, 15.10.1970 \u2013 13. aprile 2014<\/strong><\/strong><\/p>\n\n\n\n<p class=\"has-black-color has-text-color\">\u00e8 morta in seguito a un tragico incidente.<\/p>\n\n\n\n<p class=\"has-black-color has-text-color\">Ringraziamo di cuore la Signora M\u00fcller per il suo sempre ottimo e preciso lavoro nella nostra azienda grafica.<\/p>\n\n\n\n<p class=\"has-black-color has-text-color\">Con la Signora M\u00fcller perdiamo una preziosa collaboratrice e una buona collega. Il suo modo cordiale rimarr\u00e0 nella nostra memoria.<\/p>\n\n\n\n<p class=\"has-black-color has-text-color\">Desideriamo esprimere le nostre sincere condoglianze ai suoi parenti.<\/p>\n\n\n\n<p class=\"has-black-color has-text-color\"><strong>ArtDeco Graphic Designs<br\/>Ivo Eggenberger (gerente) e tutto il personale<\/strong><\/p>\n<\/div><\/div>\n<\/div>\n<\/div>\n\n\n\n<div class=\"wp-block-column is-layout-flow wp-block-column-is-layout-flow\">\n<div class=\"wp-block-group is-layout-flow wp-block-group-is-layout-flow\">\n<h2 class=\"title text-4xl font-semibold mb-10 wp-block-heading\" id=\"h-krankheit-mitarbeitende\">Collega di lavoro: malattia<\/h2>\n\n\n\n<div class=\"wp-block-group is-layout-flow wp-block-group-is-layout-flow\">\n<div class=\"wp-block-cover aligncenter is-light has-parallax box_info p-10 rounded-lg\"><span aria-hidden=\"true\" class=\"wp-block-cover__background has-background-dim-0 has-background-dim\"><\/span><div role=\"img\" class=\"wp-block-cover__image-background wp-image-24639 has-parallax\" style=\"background-position:50% 50%;background-image:url(http:\/\/www.deinadieu.ch\/wp-content\/uploads\/2020\/09\/hannah-bruckner-GlfXOy04DLk-unsplash-square3.jpg)\"><\/div><div class=\"wp-block-cover__inner-container is-layout-flow wp-block-cover-is-layout-flow\">\n<p class=\"has-black-color has-text-color\">Il 7 maggio 2015 il nostro dipendente di lunga data Signor<\/p>\n\n\n\n<p class=\"title text-lg font-semibold has-black-color has-text-color\"><strong><strong><strong>Stefan Oberholzer, 26.11.1965<\/strong><\/strong><\/strong><\/p>\n\n\n\n<p class=\"has-black-color has-text-color\">\u00e8 morto dopo molti anni di malattia.<\/p>\n\n\n\n<p class=\"has-black-color has-text-color\">Ringraziamo di cuore il Signor Oberholzer per il suo costante e duraturo lavoro nella nostra ditta. Il Signor Oberholzer era un pittore appassionato e amava occuparsi degli apprendisti.<\/p>\n\n\n\n<p class=\"has-black-color has-text-color\">Con il Signor Oberholzer perdiamo un valido collaboratore e un buon collega.<\/p>\n\n\n\n<p class=\"has-black-color has-text-color\">Esprimiamo le nostre sincere condoglianze ai parenti.<\/p>\n\n\n\n<p class=\"has-black-color has-text-color\"><strong><strong>Schubiger &amp; Co. Maestro pittore<br\/>Urs Schubiger (gerente) e Team<\/strong><\/strong><\/p>\n<\/div><\/div>\n<\/div>\n<\/div>\n<\/div>\n<\/div>\n\n<div style=\"height:70px\" aria-hidden=\"true\" class=\"wp-block-spacer\"><\/div>\n\n<div style=\"height:70px\" aria-hidden=\"true\" class=\"wp-block-spacer\"><\/div>\n\n<div class=\"wp-block-columns is-layout-flex wp-container-core-columns-is-layout-28f84493 wp-block-columns-is-layout-flex\">\n<div class=\"wp-block-column is-layout-flow wp-block-column-is-layout-flow\">\n<h2 class=\"title text-4xl font-semibold mb-10 wp-block-heading\" id=\"h-todesfall-grossmutter\">Decesso Nonna<\/h2>\n\n\n\n<div class=\"wp-block-group is-layout-flow wp-block-group-is-layout-flow\">\n<div class=\"wp-block-cover aligncenter is-light has-parallax box_info p-10 rounded-lg\"><span aria-hidden=\"true\" class=\"wp-block-cover__background has-background-dim-0 has-background-dim\"><\/span><div role=\"img\" class=\"wp-block-cover__image-background wp-image-24639 has-parallax\" style=\"background-position:50% 50%;background-image:url(http:\/\/www.deinadieu.ch\/wp-content\/uploads\/2020\/09\/hannah-bruckner-GlfXOy04DLk-unsplash-square3.jpg)\"><\/div><div class=\"wp-block-cover__inner-container is-layout-flow wp-block-cover-is-layout-flow\">\n<p class=\"has-black-color has-text-color\">Un grande cuore ha smesso di battere.<br\/>Dopo una vita lunga e piena di soddisfazioni, la nostra cara Nani<\/p>\n\n\n\n<p class=\"title text-lg font-semibold has-black-color has-text-color\"><strong><strong><strong>Lina B\u00e4chler, 05.03.19129 \u2013 08.08.2013<\/strong><\/strong><\/strong><\/p>\n\n\n\n<p class=\"has-black-color has-text-color\">si \u00e8 pacificamente addormentata.<\/p>\n\n\n\n<p class=\"has-black-color has-text-color\">Ci hai insegnato tanto e continuerai a vivere in noi. Con amore e nel ricordo riconoscente ci congediamo.<\/p>\n\n\n\n<p class=\"has-black-color has-text-color\">Marianne e Paul B\u00e4chler-M\u00fcggler con Simon, Anna &amp; Lara Sepp e Annelies Eisenring, con Florian &amp; Samuel Bruno B\u00e4chler<\/p>\n\n\n\n<p class=\"has-black-color has-text-color\"><strong><strong>Indirizzo di lutto<br\/>Marianne B\u00e4chler-M\u00fcggler, im First 17, 8515 Goldbrunnen<\/strong><\/strong><\/p>\n\n\n\n<p class=\"has-black-color has-text-color\">Il funerale avr\u00e0 luogo il 15 agosto 2013 alle ore 14.00 nella chiesa evangelica Paulus di Goldbrunnen. La sepoltura dell&#8217;urna avr\u00e0 luogo su richiesta del defunto nella cerchia dei parenti pi\u00f9 stretti. Al posto dei fiori chiediamo su richiesta della nostra Nani una donazione a Fl\u00fcchtlingshilfe Schweiz (PC-801729), 3005 Berna.<\/p>\n<\/div><\/div>\n<\/div>\n<\/div>\n\n\n\n<div class=\"wp-block-column is-layout-flow wp-block-column-is-layout-flow\">\n<div class=\"wp-block-group is-layout-flow wp-block-group-is-layout-flow\">\n<h2 class=\"title text-4xl font-semibold mb-10 wp-block-heading\" id=\"h-todesfall-kind-nach-krankheit\">Decesso bambino dopo malattia<\/h2>\n\n\n\n<div class=\"wp-block-group is-layout-flow wp-block-group-is-layout-flow\">\n<div class=\"wp-block-cover aligncenter is-light has-parallax box_info p-10 rounded-lg\"><span aria-hidden=\"true\" class=\"wp-block-cover__background has-background-dim-0 has-background-dim\"><\/span><div role=\"img\" class=\"wp-block-cover__image-background wp-image-24639 has-parallax\" style=\"background-position:50% 50%;background-image:url(http:\/\/www.deinadieu.ch\/wp-content\/uploads\/2020\/09\/hannah-bruckner-GlfXOy04DLk-unsplash-square3.jpg)\"><\/div><div class=\"wp-block-cover__inner-container is-layout-flow wp-block-cover-is-layout-flow\">\n<p class=\"has-black-color has-text-color\">Hai combattuto fino alla fine \u2013 tuttavia perso.<br\/>Profondamente tristi dobbiamo dire un doloroso addio al nostro sole<\/p>\n\n\n\n<p class=\"title text-lg font-semibold has-black-color has-text-color\"><strong>Noah *19.12.2004 +6.02.2015<\/strong><br\/><\/p>\n\n\n\n<p class=\"has-black-color has-text-color\">In tutti questi anni non hai mai perso la tua risata e ci hai contagiati tutti con il tuo sorriso. Hai sopportato la tua malattia con pazienza e sei riuscito persino a condizionare il team di trattamento. Ancora pi\u00f9 difficile \u00e8 per noi lasciarti andare.<\/p>\n\n\n\n<p class=\"has-black-color has-text-color\">Nel nostro cuore splendi ancora.<\/p>\n\n\n\n<p class=\"has-black-color has-text-color\">Mamm\u00e0 &amp; Pap\u00e0<br\/>Sarah &amp; Leah<br\/>Tutta la Famiglia Sch\u00f6nenberger<br\/>Tutti i compagni della Classe 5c<\/p>\n\n\n\n<p class=\"has-black-color has-text-color\"><strong>Indirizzo di lutto<br\/>Irene Sch\u00f6nenberger, Heiligkreuzstrasse 33, 9017 Oberwil<\/strong><\/p>\n\n\n\n<p class=\"has-black-color has-text-color\">Il funerale avr\u00e0 luogo il 13 febbraio 2015 alle ore 15.00 nella chiesa cattolica di Oberwil. La sepoltura dell&#8217;urna avr\u00e0 luogo nel vicino cimitero. Su richiesta di Noah, chiediamo a tutti i partecipanti di venire vestiti con abiti colorati.<\/p>\n<\/div><\/div>\n<\/div>\n<\/div>\n<\/div>\n<\/div>\n\n<div style=\"height:100px\" aria-hidden=\"true\" class=\"wp-block-spacer\"><\/div>\n\n<div class=\"wp-block-columns is-layout-flex wp-container-core-columns-is-layout-28f84493 wp-block-columns-is-layout-flex\">\n<div class=\"wp-block-column is-layout-flow wp-block-column-is-layout-flow\">\n<h2 class=\"title text-4xl font-semibold mb-10 wp-block-heading\" id=\"h-todesfall-ehemann\">Decesso marito<\/h2>\n\n\n\n<div class=\"wp-block-group is-layout-flow wp-block-group-is-layout-flow\">\n<div class=\"wp-block-cover aligncenter is-light has-parallax box_info p-10 rounded-lg\"><span aria-hidden=\"true\" class=\"wp-block-cover__background has-background-dim-0 has-background-dim\"><\/span><div role=\"img\" class=\"wp-block-cover__image-background wp-image-24639 has-parallax\" style=\"background-position:50% 50%;background-image:url(http:\/\/www.deinadieu.ch\/wp-content\/uploads\/2020\/09\/hannah-bruckner-GlfXOy04DLk-unsplash-square3.jpg)\"><\/div><div class=\"wp-block-cover__inner-container is-layout-flow wp-block-cover-is-layout-flow\">\n<p class=\"has-black-color has-text-color\">Le persone che amiamo vivono per sempre, perch\u00e9 lasciano tracce nel nostro cuore.<\/p>\n\n\n\n<p class=\"has-black-color has-text-color\">Il mio amato marito e padre dei nostri meravigliosi figli<\/p>\n\n\n\n<p class=\"title text-lg font-semibold has-black-color has-text-color\"><strong><strong><strong>Pius Cavegn *23.01. 1963 +18.09.2012<\/strong><\/strong><\/strong><\/p>\n\n\n\n<p class=\"has-black-color has-text-color\">ha dovuto lasciarci troppo presto.<\/p>\n\n\n\n<p class=\"has-black-color has-text-color\">Durante uno dei suoi amati giri in montagna ha improvvisamente avuto un infarto.<\/p>\n\n\n\n<p class=\"has-black-color has-text-color\">Siamo senza parole e infinitamente tristi. Continuerai a vivere in noi.<\/p>\n\n\n\n<p class=\"has-black-color has-text-color\">Con infinito dolore<\/p>\n\n\n\n<p class=\"has-black-color has-text-color\">La tua Silvia<br\/>Daniela, Stefanie, Leandro e Michele<br\/>Parenti e Amici<br\/>Associazione dei giri in montagna \u201eClimbers\u201c<\/p>\n\n\n\n<p class=\"has-black-color has-text-color\"><strong><strong>Indirizzo di lutto<br\/>Silvia Cavegn, Burgd\u00f6rfli 57, 4726 Sch\u00fcpfen<\/strong><\/strong><\/p>\n\n\n\n<p class=\"has-black-color has-text-color\">Il funerale aperto a tutti avr\u00e0 luogo il 27 settembre 2012 alle ore 13.00 presso il cimitero est di Sch\u00fcpfen.<\/p>\n<\/div><\/div>\n<\/div>\n<\/div>\n\n\n\n<div class=\"wp-block-column is-layout-flow wp-block-column-is-layout-flow\">\n<div class=\"wp-block-group is-layout-flow wp-block-group-is-layout-flow\">\n<div class=\"wp-block-group is-layout-flow wp-block-group-is-layout-flow\"><\/div>\n<\/div>\n<\/div>\n<\/div>\n\n<div style=\"height:100px\" aria-hidden=\"true\" class=\"wp-block-spacer\"><\/div>\n","protected":false},"excerpt":{"rendered":"<p>Trovate qui modelli per necrologi Collega di lavoro : incidente Collega di lavoro: malattia Decesso Nonna Decesso bambino dopo malattia Decesso marito<\/p>\n","protected":false},"author":6026,"featured_media":24699,"parent":0,"menu_order":0,"comment_status":"closed","ping_status":"closed","template":"","meta":{"_acf_changed":false,"footnotes":""},"class_list":["post-25549","page","type-page","status-publish","has-post-thumbnail","hentry"],"acf":[],"yoast_head":"<title>Modelli necrologi: ispirazione e esempi | DeinAdieu<\/title>\n<meta name=\"description\" content=\"Qui trovate diversi necrologi per familiari, collaboratori, nonni e coniugi come modello per la redazione di un necrologio.\" \/>\n<meta name=\"robots\" content=\"index, follow, max-snippet:-1, max-image-preview:large, max-video-preview:-1\" \/>\n<link rel=\"canonical\" href=\"https:\/\/www.deinadieu.ch\/it\/modelli-necrologi\/\" \/>\n<meta property=\"og:locale\" content=\"it_IT\" \/>\n<meta property=\"og:type\" content=\"article\" \/>\n<meta property=\"og:title\" content=\"Modelli necrologi\" \/>\n<meta property=\"og:description\" content=\"Trovate qui modelli per necrologi Collega di lavoro : incidente Abbiamo il doloroso dovere di informarvi che la nostra stimata collega Signora Anja\" \/>\n<meta property=\"og:url\" content=\"https:\/\/www.deinadieu.ch\/it\/modelli-necrologi\/\" \/>\n<meta property=\"og:site_name\" content=\"DeinAdieu.ch\" \/>\n<meta property=\"article:publisher\" content=\"https:\/\/www.facebook.com\/deinadieu\" \/>\n<meta property=\"article:modified_time\" content=\"2023-05-08T10:18:35+00:00\" \/>\n<meta property=\"og:image\" content=\"https:\/\/static.deinadieu.ch\/uploads\/2020\/09\/carolyn-v-PUjAEwV9PeQ-unsplash-scaled-e1601367437102.jpg\" \/>\n\t<meta property=\"og:image:width\" content=\"2560\" \/>\n\t<meta property=\"og:image:height\" content=\"1829\" \/>\n\t<meta property=\"og:image:type\" content=\"image\/jpeg\" \/>\n<meta name=\"twitter:card\" content=\"summary_large_image\" \/>\n<meta name=\"twitter:site\" content=\"@DeinAdieu\" \/>\n<meta name=\"twitter:label1\" content=\"Est. reading time\" \/>\n\t<meta name=\"twitter:data1\" content=\"3 minutes\" \/>\n<script type=\"application\/ld+json\" class=\"yoast-schema-graph\">{\"@context\":\"https:\\\/\\\/schema.org\",\"@graph\":[{\"@type\":\"WebPage\",\"@id\":\"https:\\\/\\\/www.deinadieu.ch\\\/it\\\/modelli-necrologi\\\/\",\"url\":\"https:\\\/\\\/www.deinadieu.ch\\\/it\\\/modelli-necrologi\\\/\",\"name\":\"Modelli necrologi: ispirazione e esempi | DeinAdieu\",\"isPartOf\":{\"@id\":\"https:\\\/\\\/www.deinadieu.ch\\\/it\\\/#website\"},\"primaryImageOfPage\":{\"@id\":\"https:\\\/\\\/www.deinadieu.ch\\\/it\\\/modelli-necrologi\\\/#primaryimage\"},\"image\":{\"@id\":\"https:\\\/\\\/www.deinadieu.ch\\\/it\\\/modelli-necrologi\\\/#primaryimage\"},\"thumbnailUrl\":\"https:\\\/\\\/www.deinadieu.ch\\\/wp-content\\\/uploads\\\/2020\\\/09\\\/carolyn-v-PUjAEwV9PeQ-unsplash-scaled-e1601367437102.jpg\",\"datePublished\":\"2020-09-28T16:19:28+00:00\",\"dateModified\":\"2023-05-08T10:18:35+00:00\",\"description\":\"Qui trovate diversi necrologi per familiari, collaboratori, nonni e coniugi come modello per la redazione di un necrologio.\",\"breadcrumb\":{\"@id\":\"https:\\\/\\\/www.deinadieu.ch\\\/it\\\/modelli-necrologi\\\/#breadcrumb\"},\"inLanguage\":\"it-IT\",\"potentialAction\":[{\"@type\":\"ReadAction\",\"target\":[\"https:\\\/\\\/www.deinadieu.ch\\\/it\\\/modelli-necrologi\\\/\"]}]},{\"@type\":\"ImageObject\",\"inLanguage\":\"it-IT\",\"@id\":\"https:\\\/\\\/www.deinadieu.ch\\\/it\\\/modelli-necrologi\\\/#primaryimage\",\"url\":\"https:\\\/\\\/www.deinadieu.ch\\\/wp-content\\\/uploads\\\/2020\\\/09\\\/carolyn-v-PUjAEwV9PeQ-unsplash-scaled-e1601367437102.jpg\",\"contentUrl\":\"https:\\\/\\\/www.deinadieu.ch\\\/wp-content\\\/uploads\\\/2020\\\/09\\\/carolyn-v-PUjAEwV9PeQ-unsplash-scaled-e1601367437102.jpg\",\"width\":2560,\"height\":1829},{\"@type\":\"BreadcrumbList\",\"@id\":\"https:\\\/\\\/www.deinadieu.ch\\\/it\\\/modelli-necrologi\\\/#breadcrumb\",\"itemListElement\":[{\"@type\":\"ListItem\",\"position\":1,\"name\":\"Home\",\"item\":\"https:\\\/\\\/www.deinadieu.ch\\\/it\\\/deinadieu-dialog-und-serviceportal-zum-lebensende\\\/\"},{\"@type\":\"ListItem\",\"position\":2,\"name\":\"Modelli necrologi\"}]},{\"@type\":\"WebSite\",\"@id\":\"https:\\\/\\\/www.deinadieu.ch\\\/it\\\/#website\",\"url\":\"https:\\\/\\\/www.deinadieu.ch\\\/it\\\/\",\"name\":\"DeinAdieu.ch\",\"description\":\"Testament, Patientenverf\u00fcgung und Vorsorgeauftrag\",\"publisher\":{\"@id\":\"https:\\\/\\\/www.deinadieu.ch\\\/it\\\/#organization\"},\"potentialAction\":[{\"@type\":\"SearchAction\",\"target\":{\"@type\":\"EntryPoint\",\"urlTemplate\":\"https:\\\/\\\/www.deinadieu.ch\\\/it\\\/?s={search_term_string}\"},\"query-input\":{\"@type\":\"PropertyValueSpecification\",\"valueRequired\":true,\"valueName\":\"search_term_string\"}}],\"inLanguage\":\"it-IT\"},{\"@type\":\"Organization\",\"@id\":\"https:\\\/\\\/www.deinadieu.ch\\\/it\\\/#organization\",\"name\":\"EMNA Web GmbH\",\"url\":\"https:\\\/\\\/www.deinadieu.ch\\\/it\\\/\",\"logo\":{\"@type\":\"ImageObject\",\"inLanguage\":\"it-IT\",\"@id\":\"https:\\\/\\\/www.deinadieu.ch\\\/it\\\/#\\\/schema\\\/logo\\\/image\\\/\",\"url\":\"https:\\\/\\\/www.deinadieu.ch\\\/wp-content\\\/uploads\\\/2016\\\/01\\\/DeinAdieu_Logo.png\",\"contentUrl\":\"https:\\\/\\\/www.deinadieu.ch\\\/wp-content\\\/uploads\\\/2016\\\/01\\\/DeinAdieu_Logo.png\",\"width\":300,\"height\":117,\"caption\":\"EMNA Web GmbH\"},\"image\":{\"@id\":\"https:\\\/\\\/www.deinadieu.ch\\\/it\\\/#\\\/schema\\\/logo\\\/image\\\/\"},\"sameAs\":[\"https:\\\/\\\/www.facebook.com\\\/deinadieu\",\"https:\\\/\\\/x.com\\\/DeinAdieu\",\"https:\\\/\\\/www.instagram.com\\\/deinadieu\\\/\",\"https:\\\/\\\/www.linkedin.com\\\/company\\\/deinadieu.ch\"]}]}<\/script>","yoast_head_json":{"title":"Modelli necrologi: ispirazione e esempi | DeinAdieu","description":"Qui trovate diversi necrologi per familiari, collaboratori, nonni e coniugi come modello per la redazione di un necrologio.","robots":{"index":"index","follow":"follow","max-snippet":"max-snippet:-1","max-image-preview":"max-image-preview:large","max-video-preview":"max-video-preview:-1"},"canonical":"https:\/\/www.deinadieu.ch\/it\/modelli-necrologi\/","og_locale":"it_IT","og_type":"article","og_title":"Modelli necrologi","og_description":"Trovate qui modelli per necrologi Collega di lavoro : incidente Abbiamo il doloroso dovere di informarvi che la nostra stimata collega Signora Anja","og_url":"https:\/\/www.deinadieu.ch\/it\/modelli-necrologi\/","og_site_name":"DeinAdieu.ch","article_publisher":"https:\/\/www.facebook.com\/deinadieu","article_modified_time":"2023-05-08T10:18:35+00:00","og_image":[{"width":2560,"height":1829,"url":"https:\/\/static.deinadieu.ch\/uploads\/2020\/09\/carolyn-v-PUjAEwV9PeQ-unsplash-scaled-e1601367437102.jpg","type":"image\/jpeg"}],"twitter_card":"summary_large_image","twitter_site":"@DeinAdieu","twitter_misc":{"Est. reading time":"3 minutes"},"schema":{"@context":"https:\/\/schema.org","@graph":[{"@type":"WebPage","@id":"https:\/\/www.deinadieu.ch\/it\/modelli-necrologi\/","url":"https:\/\/www.deinadieu.ch\/it\/modelli-necrologi\/","name":"Modelli necrologi: ispirazione e esempi | DeinAdieu","isPartOf":{"@id":"https:\/\/www.deinadieu.ch\/it\/#website"},"primaryImageOfPage":{"@id":"https:\/\/www.deinadieu.ch\/it\/modelli-necrologi\/#primaryimage"},"image":{"@id":"https:\/\/www.deinadieu.ch\/it\/modelli-necrologi\/#primaryimage"},"thumbnailUrl":"https:\/\/www.deinadieu.ch\/wp-content\/uploads\/2020\/09\/carolyn-v-PUjAEwV9PeQ-unsplash-scaled-e1601367437102.jpg","datePublished":"2020-09-28T16:19:28+00:00","dateModified":"2023-05-08T10:18:35+00:00","description":"Qui trovate diversi necrologi per familiari, collaboratori, nonni e coniugi come modello per la redazione di un necrologio.","breadcrumb":{"@id":"https:\/\/www.deinadieu.ch\/it\/modelli-necrologi\/#breadcrumb"},"inLanguage":"it-IT","potentialAction":[{"@type":"ReadAction","target":["https:\/\/www.deinadieu.ch\/it\/modelli-necrologi\/"]}]},{"@type":"ImageObject","inLanguage":"it-IT","@id":"https:\/\/www.deinadieu.ch\/it\/modelli-necrologi\/#primaryimage","url":"https:\/\/www.deinadieu.ch\/wp-content\/uploads\/2020\/09\/carolyn-v-PUjAEwV9PeQ-unsplash-scaled-e1601367437102.jpg","contentUrl":"https:\/\/www.deinadieu.ch\/wp-content\/uploads\/2020\/09\/carolyn-v-PUjAEwV9PeQ-unsplash-scaled-e1601367437102.jpg","width":2560,"height":1829},{"@type":"BreadcrumbList","@id":"https:\/\/www.deinadieu.ch\/it\/modelli-necrologi\/#breadcrumb","itemListElement":[{"@type":"ListItem","position":1,"name":"Home","item":"https:\/\/www.deinadieu.ch\/it\/deinadieu-dialog-und-serviceportal-zum-lebensende\/"},{"@type":"ListItem","position":2,"name":"Modelli necrologi"}]},{"@type":"WebSite","@id":"https:\/\/www.deinadieu.ch\/it\/#website","url":"https:\/\/www.deinadieu.ch\/it\/","name":"DeinAdieu.ch","description":"Testament, Patientenverf\u00fcgung und Vorsorgeauftrag","publisher":{"@id":"https:\/\/www.deinadieu.ch\/it\/#organization"},"potentialAction":[{"@type":"SearchAction","target":{"@type":"EntryPoint","urlTemplate":"https:\/\/www.deinadieu.ch\/it\/?s={search_term_string}"},"query-input":{"@type":"PropertyValueSpecification","valueRequired":true,"valueName":"search_term_string"}}],"inLanguage":"it-IT"},{"@type":"Organization","@id":"https:\/\/www.deinadieu.ch\/it\/#organization","name":"EMNA Web GmbH","url":"https:\/\/www.deinadieu.ch\/it\/","logo":{"@type":"ImageObject","inLanguage":"it-IT","@id":"https:\/\/www.deinadieu.ch\/it\/#\/schema\/logo\/image\/","url":"https:\/\/www.deinadieu.ch\/wp-content\/uploads\/2016\/01\/DeinAdieu_Logo.png","contentUrl":"https:\/\/www.deinadieu.ch\/wp-content\/uploads\/2016\/01\/DeinAdieu_Logo.png","width":300,"height":117,"caption":"EMNA Web GmbH"},"image":{"@id":"https:\/\/www.deinadieu.ch\/it\/#\/schema\/logo\/image\/"},"sameAs":["https:\/\/www.facebook.com\/deinadieu","https:\/\/x.com\/DeinAdieu","https:\/\/www.instagram.com\/deinadieu\/","https:\/\/www.linkedin.com\/company\/deinadieu.ch"]}]}},"_links":{"self":[{"href":"https:\/\/www.deinadieu.ch\/it\/wp-json\/wp\/v2\/pages\/25549","targetHints":{"allow":["GET"]}}],"collection":[{"href":"https:\/\/www.deinadieu.ch\/it\/wp-json\/wp\/v2\/pages"}],"about":[{"href":"https:\/\/www.deinadieu.ch\/it\/wp-json\/wp\/v2\/types\/page"}],"author":[{"embeddable":true,"href":"https:\/\/www.deinadieu.ch\/it\/wp-json\/wp\/v2\/users\/6026"}],"replies":[{"embeddable":true,"href":"https:\/\/www.deinadieu.ch\/it\/wp-json\/wp\/v2\/comments?post=25549"}],"version-history":[{"count":62,"href":"https:\/\/www.deinadieu.ch\/it\/wp-json\/wp\/v2\/pages\/25549\/revisions"}],"predecessor-version":[{"id":63520,"href":"https:\/\/www.deinadieu.ch\/it\/wp-json\/wp\/v2\/pages\/25549\/revisions\/63520"}],"wp:featuredmedia":[{"embeddable":true,"href":"https:\/\/www.deinadieu.ch\/it\/wp-json\/wp\/v2\/media\/24699"}],"wp:attachment":[{"href":"https:\/\/www.deinadieu.ch\/it\/wp-json\/wp\/v2\/media?parent=25549"}],"curies":[{"name":"wp","href":"https:\/\/api.w.org\/{rel}","templated":true}]}}