{"id":25535,"date":"2020-09-29T10:20:51","date_gmt":"2020-09-29T08:20:51","guid":{"rendered":"http:\/\/www.deinadieu.ch\/modelli-ringraziamenti\/"},"modified":"2023-05-08T12:18:43","modified_gmt":"2023-05-08T10:18:43","slug":"modelli-ringraziamenti","status":"publish","type":"page","link":"https:\/\/www.deinadieu.ch\/it\/modelli-ringraziamenti\/","title":{"rendered":"Modelli ringraziamenti"},"content":{"rendered":"\n<p>DeinAdieu fornisce qui alcuni modelli di ringraziamenti in caso di morte. Lasciatevi ispirare dai diversi esempi e scrivete il vostro testo personale.<\/p>\n\n<div style=\"height:60px\" aria-hidden=\"true\" class=\"wp-block-spacer\"><\/div>\n\n<h2 class=\"wp-block-heading\" id=\"h-gedruckte-danksagungen-in-zeitungen\"><strong>Ringraziamenti stampati nei giornali<\/strong><\/h2>\n\n<p><\/p>\n\n<div class=\"wp-block-columns is-layout-flex wp-container-core-columns-is-layout-28f84493 wp-block-columns-is-layout-flex\">\n<div class=\"wp-block-column is-layout-flow wp-block-column-is-layout-flow\" style=\"flex-basis:50%\">\n<div class=\"wp-block-group is-layout-flow wp-block-group-is-layout-flow\">\n<div class=\"wp-block-cover aligncenter is-light has-parallax box_info p-10 rounded-lg\"><span aria-hidden=\"true\" class=\"wp-block-cover__background has-background-dim-0 has-background-dim\"><\/span><div role=\"img\" class=\"wp-block-cover__image-background wp-image-24676 has-parallax\" style=\"background-position:50% 50%;background-image:url(http:\/\/www.deinadieu.ch\/wp-content\/uploads\/2020\/09\/anthony-delanoix-1lE3-DUBr_I-unsplash-square.jpg)\"><\/div><div class=\"wp-block-cover__inner-container is-layout-flow wp-block-cover-is-layout-flow\">\n<p class=\"has-black-color has-text-color\">Il sincero affetto e la grande partecipazione che abbiamo provato quando abbiamo detto addio a<\/p>\n\n\n\n<p class=\"title text-lg font-semibold has-black-color has-text-color\"><strong>Anja M\u00fcller, 15.10.1970 \u2013 13. aprile 2014<\/strong><\/p>\n\n\n\n<p class=\"has-black-color has-text-color\">ci ha travolti. Tutti coloro che ci hanno accompagnato in questo difficile momento ci danno la forza per elaborare la dolorosa perdita. Per questo vi siamo infinitamente grati.<\/p>\n\n\n\n<p class=\"has-black-color has-text-color\">Pertanto vi ringraziamo di cuore.<\/p>\n\n\n\n<p class=\"has-black-color has-text-color\"><strong>Thomas M\u00fcller e Famiglia, maggio 2014<\/strong><\/p>\n<\/div><\/div>\n<\/div>\n\n\n\n<div style=\"height:60px\" aria-hidden=\"true\" class=\"wp-block-spacer\"><\/div>\n<\/div>\n\n\n\n<div class=\"wp-block-column is-layout-flow wp-block-column-is-layout-flow\" style=\"flex-basis:50%\">\n<div class=\"wp-block-group is-layout-flow wp-block-group-is-layout-flow\">\n<div class=\"wp-block-cover aligncenter is-light has-parallax box_info p-10 rounded-lg\"><span aria-hidden=\"true\" class=\"wp-block-cover__background has-background-dim-0 has-background-dim\"><\/span><div role=\"img\" class=\"wp-block-cover__image-background wp-image-24676 has-parallax\" style=\"background-position:50% 50%;background-image:url(http:\/\/www.deinadieu.ch\/wp-content\/uploads\/2020\/09\/anthony-delanoix-1lE3-DUBr_I-unsplash-square.jpg)\"><\/div><div class=\"wp-block-cover__inner-container is-layout-flow wp-block-cover-is-layout-flow\">\n<p class=\"has-black-color has-text-color\">Ringraziamo tutti dal profondo del cuore per la grande partecipazione all&#8217;addio della nostra cara Nani<\/p>\n\n\n\n<p class=\"title text-lg font-semibold has-black-color has-text-color\"><strong>Lina B\u00e4chler, 05.03.1929 \u2013 08.08.2013<\/strong><\/p>\n\n\n\n<p class=\"has-black-color has-text-color\">.<\/p>\n\n\n\n<p class=\"has-black-color has-text-color\">Le tante parole gentili e i tanti segni di affetto ci hanno toccato molto.<\/p>\n\n\n\n<p class=\"has-black-color has-text-color\">A nome di tutti i parenti<\/p>\n\n\n\n<p class=\"has-black-color has-text-color\"><strong>Marianne B\u00e4chler-M\u00fcggler<br\/>Goldbrunnen, agosto 2013<\/strong><\/p>\n<\/div><\/div>\n<\/div>\n<\/div>\n<\/div>\n\n<div class=\"wp-block-columns is-layout-flex wp-container-core-columns-is-layout-28f84493 wp-block-columns-is-layout-flex\">\n<div class=\"wp-block-column is-layout-flow wp-block-column-is-layout-flow\" style=\"flex-basis:50%\">\n<div class=\"wp-block-group is-layout-flow wp-block-group-is-layout-flow\">\n<div class=\"wp-block-cover aligncenter is-light has-parallax box_info p-10 rounded-lg\"><span aria-hidden=\"true\" class=\"wp-block-cover__background has-background-dim-0 has-background-dim\"><\/span><div role=\"img\" class=\"wp-block-cover__image-background wp-image-24676 has-parallax\" style=\"background-position:50% 50%;background-image:url(http:\/\/www.deinadieu.ch\/wp-content\/uploads\/2020\/09\/anthony-delanoix-1lE3-DUBr_I-unsplash-square.jpg)\"><\/div><div class=\"wp-block-cover__inner-container is-layout-flow wp-block-cover-is-layout-flow\">\n<p class=\"has-black-color has-text-color\">L\u2019unica cosa importante nella vita sono le tracce d\u2019amore che lasciamo quando diciamo addio. <br\/><em>ALBERT SCHWEITZER<\/em><\/p>\n\n\n\n<p class=\"title text-lg font-semibold has-black-color has-text-color\"><strong>Noah *19.12.2004 +6.02.2015<\/strong><\/p>\n\n\n\n<p class=\"has-black-color has-text-color\">Siamo senza parole. Grazie.<\/p>\n\n\n\n<p class=\"has-black-color has-text-color\">Personale infermieristico e team medico del reparto C, Ospedale cantonale Churfirsten<\/p>\n\n\n\n<p class=\"has-black-color has-text-color\">Pastore N\u00e4geli per il dignitoso addio e le parole di consolazione<\/p>\n\n\n\n<p class=\"has-black-color has-text-color\">Classe 5c per il bellissimo collage e la canzone cantata<\/p>\n\n\n\n<p class=\"has-black-color has-text-color\">A tutti quelli che hanno detto addio con noi e sono rimasti al nostro fianco<\/p>\n\n\n\n<p class=\"has-black-color has-text-color\">Irene, Louis, Sarah e Leah<\/p>\n\n\n\n<p class=\"has-black-color has-text-color\">Tutta la Famiglia Sch\u00f6nenberger<br\/>Oberwil, febbraio 201<\/p>\n<\/div><\/div>\n<\/div>\n\n\n\n<div style=\"height:60px\" aria-hidden=\"true\" class=\"wp-block-spacer\"><\/div>\n<\/div>\n\n\n\n<div class=\"wp-block-column is-layout-flow wp-block-column-is-layout-flow\" style=\"flex-basis:50%\">\n<div class=\"wp-block-group is-layout-flow wp-block-group-is-layout-flow\"><\/div>\n<\/div>\n<\/div>\n\n<div class=\"wp-block-group is-layout-flow wp-block-group-is-layout-flow\">\n<div class=\"wp-block-group is-layout-flow wp-block-group-is-layout-flow\">\n<div class=\"wp-block-group is-layout-flow wp-block-group-is-layout-flow\"><\/div>\n<\/div>\n<\/div>\n\n<div style=\"height:100px\" aria-hidden=\"true\" class=\"wp-block-spacer\"><\/div>\n\n<div class=\"wp-block-columns is-layout-flex wp-container-core-columns-is-layout-28f84493 wp-block-columns-is-layout-flex\">\n<div class=\"wp-block-column is-layout-flow wp-block-column-is-layout-flow\" style=\"flex-basis:50%\">\n<h2 class=\"wp-block-heading\" id=\"h-gedruckte-karte-fur-den-massenversand\"><strong><strong>Biglietto stampato per la spedizione di massa<\/strong><\/strong><\/h2>\n\n\n\n<p><\/p>\n\n\n\n<div class=\"wp-block-group is-layout-flow wp-block-group-is-layout-flow\">\n<div class=\"wp-block-cover aligncenter is-light has-parallax box_info p-10 rounded-lg\"><span aria-hidden=\"true\" class=\"wp-block-cover__background has-background-dim-0 has-background-dim\"><\/span><div role=\"img\" class=\"wp-block-cover__image-background wp-image-24676 has-parallax\" style=\"background-position:50% 50%;background-image:url(http:\/\/www.deinadieu.ch\/wp-content\/uploads\/2020\/09\/anthony-delanoix-1lE3-DUBr_I-unsplash-square.jpg)\"><\/div><div class=\"wp-block-cover__inner-container is-layout-flow wp-block-cover-is-layout-flow\">\n<p class=\"has-black-color has-text-color\">Siamo molto grati di sentire la profonda partecipazione di cos\u00ec tante persone nelle difficili ore di addio dal mio amato marito e nostro caro pap\u00e0. I segni travolgenti della compassione ci danno conforto e forza per elaborare la dolorosa perdita. Ringraziamo tutti coloro che ci hanno accompagnato in questo difficile cammino.<\/p>\n<\/div><\/div>\n<\/div>\n\n\n\n<div style=\"height:60px\" aria-hidden=\"true\" class=\"wp-block-spacer\"><\/div>\n<\/div>\n\n\n\n<div class=\"wp-block-column is-layout-flow wp-block-column-is-layout-flow\" style=\"flex-basis:50%\">\n<h2 class=\"wp-block-heading\" id=\"h-personliche-zeilen-individuelle-danksagung\"><strong>Righe personali \u2013 ringraziamento individuale<\/strong><\/h2>\n\n\n\n<p><\/p>\n\n\n\n<div class=\"wp-block-group is-layout-flow wp-block-group-is-layout-flow\">\n<div class=\"wp-block-cover aligncenter is-light has-parallax box_info p-10 rounded-lg\"><span aria-hidden=\"true\" class=\"wp-block-cover__background has-background-dim-0 has-background-dim\"><\/span><div role=\"img\" class=\"wp-block-cover__image-background wp-image-24676 has-parallax\" style=\"background-position:50% 50%;background-image:url(http:\/\/www.deinadieu.ch\/wp-content\/uploads\/2020\/09\/anthony-delanoix-1lE3-DUBr_I-unsplash-square.jpg)\"><\/div><div class=\"wp-block-cover__inner-container is-layout-flow wp-block-cover-is-layout-flow\">\n<p class=\"title text-lg font-semibold has-black-color has-text-color\">Cara Sandra e Famiglia,<\/p>\n\n\n\n<p class=\"has-black-color has-text-color\">Vi ringrazio per la partecipazione e il sostegno negli ultimi tempi. Il tempo dopo la morte della mamma \u00e8 stato duro e talvolta ci ha paralizzato. Sapere di avere dei buoni amici al proprio fianco ti d\u00e0 forza e conforto. Il fatto che tu abbia cucinato il pranzo per i bambini \u00e8 stato per me un grande sostegno e alleggerimento. Ti sono infinitamente grata per questo. Ora posso guardare avanti e conservare per sempre in memoria mia mamma.<\/p>\n\n\n\n<p class=\"has-black-color has-text-color\"><strong>Cari saluti, Marianne<\/strong><\/p>\n<\/div><\/div>\n<\/div>\n<\/div>\n<\/div>\n\n<div style=\"height:70px\" aria-hidden=\"true\" class=\"wp-block-spacer\"><\/div>\n\n<div style=\"height:100px\" aria-hidden=\"true\" class=\"wp-block-spacer\"><\/div>\n","protected":false},"excerpt":{"rendered":"<p>DeinAdieu fornisce qui alcuni modelli di ringraziamenti in caso di morte. Lasciatevi ispirare dai diversi esempi e scrivete il vostro testo personale. Ringraziamenti stampati nei giornali Biglietto stampato per la spedizione di massa Righe personali \u2013 ringraziamento individuale<\/p>\n","protected":false},"author":6026,"featured_media":24901,"parent":0,"menu_order":0,"comment_status":"closed","ping_status":"closed","template":"","meta":{"_acf_changed":false,"footnotes":""},"class_list":["post-25535","page","type-page","status-publish","has-post-thumbnail","hentry"],"acf":[],"yoast_head":"<title>Ringraziamento condoglianze - modelli per ringraziamenti | DeinAdieu<\/title>\n<meta name=\"description\" content=\"Esprimete la vostra gratitudine per la partecipazione al dolore con un biglietto di ringraziamento. Ecco alcuni esempi per ispirarvi.\" \/>\n<meta name=\"robots\" content=\"index, follow, max-snippet:-1, max-image-preview:large, max-video-preview:-1\" \/>\n<link rel=\"canonical\" href=\"https:\/\/www.deinadieu.ch\/it\/modelli-ringraziamenti\/\" \/>\n<meta property=\"og:locale\" content=\"it_IT\" \/>\n<meta property=\"og:type\" content=\"article\" \/>\n<meta property=\"og:title\" content=\"Modelli ringraziamenti\" \/>\n<meta property=\"og:description\" content=\"DeinAdieu fornisce qui alcuni modelli di ringraziamenti in caso di morte. Lasciatevi ispirare dai diversi esempi e scrivete il vostro testo personale.\" \/>\n<meta property=\"og:url\" content=\"https:\/\/www.deinadieu.ch\/it\/modelli-ringraziamenti\/\" \/>\n<meta property=\"og:site_name\" content=\"DeinAdieu.ch\" \/>\n<meta property=\"article:publisher\" content=\"https:\/\/www.facebook.com\/deinadieu\" \/>\n<meta property=\"article:modified_time\" content=\"2023-05-08T10:18:43+00:00\" \/>\n<meta property=\"og:image\" content=\"https:\/\/static.deinadieu.ch\/uploads\/2020\/09\/tom-the-photographer-ByqC3ko_sQY-unsplash-scaled.jpg\" \/>\n\t<meta property=\"og:image:width\" content=\"2560\" \/>\n\t<meta property=\"og:image:height\" content=\"1707\" \/>\n\t<meta property=\"og:image:type\" content=\"image\/jpeg\" \/>\n<meta name=\"twitter:card\" content=\"summary_large_image\" \/>\n<meta name=\"twitter:site\" content=\"@DeinAdieu\" \/>\n<meta name=\"twitter:label1\" content=\"Est. reading time\" \/>\n\t<meta name=\"twitter:data1\" content=\"2 minutes\" \/>\n<script type=\"application\/ld+json\" class=\"yoast-schema-graph\">{\"@context\":\"https:\\\/\\\/schema.org\",\"@graph\":[{\"@type\":\"WebPage\",\"@id\":\"https:\\\/\\\/www.deinadieu.ch\\\/it\\\/modelli-ringraziamenti\\\/\",\"url\":\"https:\\\/\\\/www.deinadieu.ch\\\/it\\\/modelli-ringraziamenti\\\/\",\"name\":\"Ringraziamento condoglianze - modelli per ringraziamenti | DeinAdieu\",\"isPartOf\":{\"@id\":\"https:\\\/\\\/www.deinadieu.ch\\\/it\\\/#website\"},\"primaryImageOfPage\":{\"@id\":\"https:\\\/\\\/www.deinadieu.ch\\\/it\\\/modelli-ringraziamenti\\\/#primaryimage\"},\"image\":{\"@id\":\"https:\\\/\\\/www.deinadieu.ch\\\/it\\\/modelli-ringraziamenti\\\/#primaryimage\"},\"thumbnailUrl\":\"https:\\\/\\\/www.deinadieu.ch\\\/wp-content\\\/uploads\\\/2020\\\/09\\\/tom-the-photographer-ByqC3ko_sQY-unsplash-scaled.jpg\",\"datePublished\":\"2020-09-29T08:20:51+00:00\",\"dateModified\":\"2023-05-08T10:18:43+00:00\",\"description\":\"Esprimete la vostra gratitudine per la partecipazione al dolore con un biglietto di ringraziamento. Ecco alcuni esempi per ispirarvi.\",\"breadcrumb\":{\"@id\":\"https:\\\/\\\/www.deinadieu.ch\\\/it\\\/modelli-ringraziamenti\\\/#breadcrumb\"},\"inLanguage\":\"it-IT\",\"potentialAction\":[{\"@type\":\"ReadAction\",\"target\":[\"https:\\\/\\\/www.deinadieu.ch\\\/it\\\/modelli-ringraziamenti\\\/\"]}]},{\"@type\":\"ImageObject\",\"inLanguage\":\"it-IT\",\"@id\":\"https:\\\/\\\/www.deinadieu.ch\\\/it\\\/modelli-ringraziamenti\\\/#primaryimage\",\"url\":\"https:\\\/\\\/www.deinadieu.ch\\\/wp-content\\\/uploads\\\/2020\\\/09\\\/tom-the-photographer-ByqC3ko_sQY-unsplash-scaled.jpg\",\"contentUrl\":\"https:\\\/\\\/www.deinadieu.ch\\\/wp-content\\\/uploads\\\/2020\\\/09\\\/tom-the-photographer-ByqC3ko_sQY-unsplash-scaled.jpg\",\"width\":2560,\"height\":1707},{\"@type\":\"BreadcrumbList\",\"@id\":\"https:\\\/\\\/www.deinadieu.ch\\\/it\\\/modelli-ringraziamenti\\\/#breadcrumb\",\"itemListElement\":[{\"@type\":\"ListItem\",\"position\":1,\"name\":\"Home\",\"item\":\"https:\\\/\\\/www.deinadieu.ch\\\/it\\\/deinadieu-dialog-und-serviceportal-zum-lebensende\\\/\"},{\"@type\":\"ListItem\",\"position\":2,\"name\":\"Modelli ringraziamenti\"}]},{\"@type\":\"WebSite\",\"@id\":\"https:\\\/\\\/www.deinadieu.ch\\\/it\\\/#website\",\"url\":\"https:\\\/\\\/www.deinadieu.ch\\\/it\\\/\",\"name\":\"DeinAdieu.ch\",\"description\":\"Testament, Patientenverf\u00fcgung und Vorsorgeauftrag\",\"publisher\":{\"@id\":\"https:\\\/\\\/www.deinadieu.ch\\\/it\\\/#organization\"},\"potentialAction\":[{\"@type\":\"SearchAction\",\"target\":{\"@type\":\"EntryPoint\",\"urlTemplate\":\"https:\\\/\\\/www.deinadieu.ch\\\/it\\\/?s={search_term_string}\"},\"query-input\":{\"@type\":\"PropertyValueSpecification\",\"valueRequired\":true,\"valueName\":\"search_term_string\"}}],\"inLanguage\":\"it-IT\"},{\"@type\":\"Organization\",\"@id\":\"https:\\\/\\\/www.deinadieu.ch\\\/it\\\/#organization\",\"name\":\"EMNA Web GmbH\",\"url\":\"https:\\\/\\\/www.deinadieu.ch\\\/it\\\/\",\"logo\":{\"@type\":\"ImageObject\",\"inLanguage\":\"it-IT\",\"@id\":\"https:\\\/\\\/www.deinadieu.ch\\\/it\\\/#\\\/schema\\\/logo\\\/image\\\/\",\"url\":\"https:\\\/\\\/www.deinadieu.ch\\\/wp-content\\\/uploads\\\/2016\\\/01\\\/DeinAdieu_Logo.png\",\"contentUrl\":\"https:\\\/\\\/www.deinadieu.ch\\\/wp-content\\\/uploads\\\/2016\\\/01\\\/DeinAdieu_Logo.png\",\"width\":300,\"height\":117,\"caption\":\"EMNA Web GmbH\"},\"image\":{\"@id\":\"https:\\\/\\\/www.deinadieu.ch\\\/it\\\/#\\\/schema\\\/logo\\\/image\\\/\"},\"sameAs\":[\"https:\\\/\\\/www.facebook.com\\\/deinadieu\",\"https:\\\/\\\/x.com\\\/DeinAdieu\",\"https:\\\/\\\/www.instagram.com\\\/deinadieu\\\/\",\"https:\\\/\\\/www.linkedin.com\\\/company\\\/deinadieu.ch\"]}]}<\/script>","yoast_head_json":{"title":"Ringraziamento condoglianze - modelli per ringraziamenti | DeinAdieu","description":"Esprimete la vostra gratitudine per la partecipazione al dolore con un biglietto di ringraziamento. Ecco alcuni esempi per ispirarvi.","robots":{"index":"index","follow":"follow","max-snippet":"max-snippet:-1","max-image-preview":"max-image-preview:large","max-video-preview":"max-video-preview:-1"},"canonical":"https:\/\/www.deinadieu.ch\/it\/modelli-ringraziamenti\/","og_locale":"it_IT","og_type":"article","og_title":"Modelli ringraziamenti","og_description":"DeinAdieu fornisce qui alcuni modelli di ringraziamenti in caso di morte. Lasciatevi ispirare dai diversi esempi e scrivete il vostro testo personale.","og_url":"https:\/\/www.deinadieu.ch\/it\/modelli-ringraziamenti\/","og_site_name":"DeinAdieu.ch","article_publisher":"https:\/\/www.facebook.com\/deinadieu","article_modified_time":"2023-05-08T10:18:43+00:00","og_image":[{"width":2560,"height":1707,"url":"https:\/\/static.deinadieu.ch\/uploads\/2020\/09\/tom-the-photographer-ByqC3ko_sQY-unsplash-scaled.jpg","type":"image\/jpeg"}],"twitter_card":"summary_large_image","twitter_site":"@DeinAdieu","twitter_misc":{"Est. reading time":"2 minutes"},"schema":{"@context":"https:\/\/schema.org","@graph":[{"@type":"WebPage","@id":"https:\/\/www.deinadieu.ch\/it\/modelli-ringraziamenti\/","url":"https:\/\/www.deinadieu.ch\/it\/modelli-ringraziamenti\/","name":"Ringraziamento condoglianze - modelli per ringraziamenti | DeinAdieu","isPartOf":{"@id":"https:\/\/www.deinadieu.ch\/it\/#website"},"primaryImageOfPage":{"@id":"https:\/\/www.deinadieu.ch\/it\/modelli-ringraziamenti\/#primaryimage"},"image":{"@id":"https:\/\/www.deinadieu.ch\/it\/modelli-ringraziamenti\/#primaryimage"},"thumbnailUrl":"https:\/\/www.deinadieu.ch\/wp-content\/uploads\/2020\/09\/tom-the-photographer-ByqC3ko_sQY-unsplash-scaled.jpg","datePublished":"2020-09-29T08:20:51+00:00","dateModified":"2023-05-08T10:18:43+00:00","description":"Esprimete la vostra gratitudine per la partecipazione al dolore con un biglietto di ringraziamento. Ecco alcuni esempi per ispirarvi.","breadcrumb":{"@id":"https:\/\/www.deinadieu.ch\/it\/modelli-ringraziamenti\/#breadcrumb"},"inLanguage":"it-IT","potentialAction":[{"@type":"ReadAction","target":["https:\/\/www.deinadieu.ch\/it\/modelli-ringraziamenti\/"]}]},{"@type":"ImageObject","inLanguage":"it-IT","@id":"https:\/\/www.deinadieu.ch\/it\/modelli-ringraziamenti\/#primaryimage","url":"https:\/\/www.deinadieu.ch\/wp-content\/uploads\/2020\/09\/tom-the-photographer-ByqC3ko_sQY-unsplash-scaled.jpg","contentUrl":"https:\/\/www.deinadieu.ch\/wp-content\/uploads\/2020\/09\/tom-the-photographer-ByqC3ko_sQY-unsplash-scaled.jpg","width":2560,"height":1707},{"@type":"BreadcrumbList","@id":"https:\/\/www.deinadieu.ch\/it\/modelli-ringraziamenti\/#breadcrumb","itemListElement":[{"@type":"ListItem","position":1,"name":"Home","item":"https:\/\/www.deinadieu.ch\/it\/deinadieu-dialog-und-serviceportal-zum-lebensende\/"},{"@type":"ListItem","position":2,"name":"Modelli ringraziamenti"}]},{"@type":"WebSite","@id":"https:\/\/www.deinadieu.ch\/it\/#website","url":"https:\/\/www.deinadieu.ch\/it\/","name":"DeinAdieu.ch","description":"Testament, Patientenverf\u00fcgung und Vorsorgeauftrag","publisher":{"@id":"https:\/\/www.deinadieu.ch\/it\/#organization"},"potentialAction":[{"@type":"SearchAction","target":{"@type":"EntryPoint","urlTemplate":"https:\/\/www.deinadieu.ch\/it\/?s={search_term_string}"},"query-input":{"@type":"PropertyValueSpecification","valueRequired":true,"valueName":"search_term_string"}}],"inLanguage":"it-IT"},{"@type":"Organization","@id":"https:\/\/www.deinadieu.ch\/it\/#organization","name":"EMNA Web GmbH","url":"https:\/\/www.deinadieu.ch\/it\/","logo":{"@type":"ImageObject","inLanguage":"it-IT","@id":"https:\/\/www.deinadieu.ch\/it\/#\/schema\/logo\/image\/","url":"https:\/\/www.deinadieu.ch\/wp-content\/uploads\/2016\/01\/DeinAdieu_Logo.png","contentUrl":"https:\/\/www.deinadieu.ch\/wp-content\/uploads\/2016\/01\/DeinAdieu_Logo.png","width":300,"height":117,"caption":"EMNA Web GmbH"},"image":{"@id":"https:\/\/www.deinadieu.ch\/it\/#\/schema\/logo\/image\/"},"sameAs":["https:\/\/www.facebook.com\/deinadieu","https:\/\/x.com\/DeinAdieu","https:\/\/www.instagram.com\/deinadieu\/","https:\/\/www.linkedin.com\/company\/deinadieu.ch"]}]}},"_links":{"self":[{"href":"https:\/\/www.deinadieu.ch\/it\/wp-json\/wp\/v2\/pages\/25535","targetHints":{"allow":["GET"]}}],"collection":[{"href":"https:\/\/www.deinadieu.ch\/it\/wp-json\/wp\/v2\/pages"}],"about":[{"href":"https:\/\/www.deinadieu.ch\/it\/wp-json\/wp\/v2\/types\/page"}],"author":[{"embeddable":true,"href":"https:\/\/www.deinadieu.ch\/it\/wp-json\/wp\/v2\/users\/6026"}],"replies":[{"embeddable":true,"href":"https:\/\/www.deinadieu.ch\/it\/wp-json\/wp\/v2\/comments?post=25535"}],"version-history":[{"count":30,"href":"https:\/\/www.deinadieu.ch\/it\/wp-json\/wp\/v2\/pages\/25535\/revisions"}],"predecessor-version":[{"id":63425,"href":"https:\/\/www.deinadieu.ch\/it\/wp-json\/wp\/v2\/pages\/25535\/revisions\/63425"}],"wp:featuredmedia":[{"embeddable":true,"href":"https:\/\/www.deinadieu.ch\/it\/wp-json\/wp\/v2\/media\/24901"}],"wp:attachment":[{"href":"https:\/\/www.deinadieu.ch\/it\/wp-json\/wp\/v2\/media?parent=25535"}],"curies":[{"name":"wp","href":"https:\/\/api.w.org\/{rel}","templated":true}]}}