{"id":25491,"date":"2020-09-29T11:31:44","date_gmt":"2020-09-29T09:31:44","guid":{"rendered":"http:\/\/www.deinadieu.ch\/modello-discorso-funebre\/"},"modified":"2023-05-08T12:18:14","modified_gmt":"2023-05-08T10:18:14","slug":"modello-discorso-funebre","status":"publish","type":"page","link":"https:\/\/www.deinadieu.ch\/it\/modello-discorso-funebre\/","title":{"rendered":"Modelli elogi funebri"},"content":{"rendered":"\n<p>DeinAdieu fornisce qui alcuni esempi di elogi funebri. Lasciatevi ispirare dai diversi esempi e scrivete il vostro testo personale.<\/p>\n\n<div style=\"height:60px\" aria-hidden=\"true\" class=\"wp-block-spacer\"><\/div>\n\n<div class=\"wp-block-columns is-layout-flex wp-container-core-columns-is-layout-28f84493 wp-block-columns-is-layout-flex\">\n<div class=\"wp-block-column is-layout-flow wp-block-column-is-layout-flow\" style=\"flex-basis:75%\">\n<h2 class=\"wp-block-heading\" id=\"h-grabreden-der-patentante\"><strong>Elogi funebri alla madrina<\/strong><\/h2>\n\n\n\n<p class=\"has-white-color has-text-color\">  <\/p>\n\n\n\n<div class=\"wp-block-group is-layout-flow wp-block-group-is-layout-flow\">\n<div class=\"wp-block-cover aligncenter is-light has-parallax box_info p-10 rounded-lg\"><span aria-hidden=\"true\" class=\"wp-block-cover__background has-background-dim-0 has-background-dim\"><\/span><div role=\"img\" class=\"wp-block-cover__image-background wp-image-24670 has-parallax\" style=\"background-position:50% 50%;background-image:url(http:\/\/www.deinadieu.ch\/wp-content\/uploads\/2020\/09\/nikhil-kumar-JdPHvI7VF0o-unsplash-square-2.jpg)\"><\/div><div class=\"wp-block-cover__inner-container is-layout-flow wp-block-cover-is-layout-flow\">\n<p class=\"has-black-color has-text-color\">Cari partecipanti al funerale,<\/p>\n\n\n\n<p class=\"has-black-color has-text-color\">la nostra cara zia e la mia madrina Silvia purtroppo ci ha lasciato per sempre ed \u00e8 inconcepibile per me che non sentir\u00f2 mai pi\u00f9 la sua felice risata. So che le piacerebbe vedere come oggi i raggi del sole penetrano nella nebbia del mattino.<\/p>\n\n\n\n<p class=\"has-black-color has-text-color\">Silvia aveva un cuore incredibilmente grande e una gioia di vivere contagiosa. Mi ha accompagnato dalla nascita in avanti e durante il mio sviluppo mi ha tenuto per mano durante tutte le fasi della vita. Era una donna forte e indipendente e mi ha insegnato a essere sicuri di s\u00e9 stessi e a lottare per ci\u00f2 che si vuole raggiungere. Poich\u00e9 lei stessa non aveva figli, il nostro rapporto era diverso da quello coi miei genitori. Naturalmente non aveva la stessa severit\u00e0, ma mi ha insegnato dei valori e un atteggiamento che ho sempre ammirato. Per tutti questi anni \u00e8 rimasta un&#8217;amica intima dei miei genitori.<\/p>\n\n\n\n<p class=\"has-black-color has-text-color\">Non ha lasciato trasparire la sua malattia e ha continuato a godersi la vita. Non voleva essere trattata in modo diverso e ha lottato fino alla fine. Anche se la sua perdita mi ferisce profondamente e mi lascia un grande vuoto, mi conforta il fatto che le sia stata risparmiata una lunga sofferenza. Quello che ho imparato da lei e i ricordi che abbiamo condiviso rimarranno per sempre nel mio cuore.<\/p>\n\n\n\n<p class=\"has-black-color has-text-color\">Cara Silvia, spero di poter continuare il mio cammino di vita come tu mi hai mostrato.<\/p>\n<\/div><\/div>\n<\/div>\n<\/div>\n<\/div>\n\n<div class=\"wp-block-group is-layout-flow wp-block-group-is-layout-flow\">\n<div class=\"wp-block-group is-layout-flow wp-block-group-is-layout-flow\">\n<div class=\"wp-block-group is-layout-flow wp-block-group-is-layout-flow\">\n<div style=\"height:99px\" aria-hidden=\"true\" class=\"wp-block-spacer\"><\/div>\n\n\n\n        <div class=\"relative shadow-lg -mx-12 mb-4 overflow-hidden\" style=\"background-image: url('https:\/\/www.deinadieu.ch\/wp-content\/themes\/da-v4\/assets\/v4\/banner\/testament.jpg'); background-size: cover; background-position: center\">\n            <div class=\"banner-white-box md:w-3\/5 text-black -ml-16 pl-16\" style=\"background-color: rgba(255,255,255,0.75)\">\n                <div class=\"inner\">\n                    <div class=\"text-2xl p-12\"><strong>Non avete ancora scritto un testamento?<\/strong> Generate ora un modello PDF gratuito per<\/div>\n                    <div class=\"px-12 md:mr-16\">\n                        <a href=\"https:\/\/app.deinadieu.ch\/testament\" target=\"_blank\" class=\"btn btn-da btn-small btn-block\">me<\/a>\n                        <a href=\"https:\/\/app.deinadieu.ch\/testament\" target=\"_blank\" class=\"mt-4 btn btn-da btn-small btn-block\">un'altra persona<\/a>\n                    <\/div>\n                    <div class=\"px-12 py-8\">\n                        <img decoding=\"async\" src=\"https:\/\/www.deinadieu.ch\/wp-content\/themes\/da-v4\/assets\/v4\/deinadieu_logo_dark.svg\" class=\"h-12\">\n                    <\/div>\n                <\/div>\n            <\/div>\n        <\/div>\n        \n\n\n\n<div style=\"height:100px\" aria-hidden=\"true\" class=\"wp-block-spacer\"><\/div>\n<\/div>\n<\/div>\n<\/div>\n\n<div class=\"wp-block-columns is-layout-flex wp-container-core-columns-is-layout-28f84493 wp-block-columns-is-layout-flex\">\n<div class=\"wp-block-column is-layout-flow wp-block-column-is-layout-flow\" style=\"flex-basis:75%\">\n<h2 class=\"wp-block-heading\" id=\"h-trauerfeier-lehrerin\"><strong>Esequie maestra<\/strong><\/h2>\n\n\n\n<p><em>Il direttore tiene il discorso<\/em><\/p>\n\n\n\n<div class=\"wp-block-group is-layout-flow wp-block-group-is-layout-flow\">\n<div class=\"wp-block-cover aligncenter is-light has-parallax box_info p-10 rounded-lg\"><span aria-hidden=\"true\" class=\"wp-block-cover__background has-background-dim-0 has-background-dim\"><\/span><div role=\"img\" class=\"wp-block-cover__image-background wp-image-24670 has-parallax\" style=\"background-position:50% 50%;background-image:url(http:\/\/www.deinadieu.ch\/wp-content\/uploads\/2020\/09\/nikhil-kumar-JdPHvI7VF0o-unsplash-square-2.jpg)\"><\/div><div class=\"wp-block-cover__inner-container is-layout-flow wp-block-cover-is-layout-flow\">\n<p class=\"has-black-color has-text-color\">Gentile Famiglia Gubser, stimata comunit\u00e0 in lutto,<\/p>\n\n\n\n<p class=\"has-black-color has-text-color\">oggi ho il difficile compito di dare alla nostra stimata collega e amica Angela Z\u00fcger le ultime parole. Il team di insegnanti e studenti della Scuola Rothaus \u00e8 profondamente scosso dalla morte improvvisa della Signora Z\u00fcger. A nome di tutti vorrei esprimere le nostre pi\u00f9 sincere condoglianze alla Famiglia Gubser e a tutti i presenti. Ci uniamo al vostro cordoglio.<\/p>\n\n\n\n<p class=\"has-black-color has-text-color\">Con la Signora Z\u00fcger la nostra scuola perde una pedagoga estremamente competente e appassionata, che esercitava la sua professione con passione da oltre 10 anni. \u00c8 sempre riuscita a suscitare l&#8217;interesse degli studenti e a entusiasmarli per le cose. Ha regolarmente condiviso con noi il suo talento musicale &#8211; sia alle feste della scuola, che nelle lezioni di musica o nei campi scolastici. Riusciva addirittura a far entusiasmare i pi\u00f9 brontoloni ad imparare uno strumento.<\/p>\n\n\n\n<p class=\"has-black-color has-text-color\">Oltre al suo regolare lavoro di insegnante, \u00e8 stata molto attiva nell&#8217;aiutare i bambini svantaggiati e ha realizzato a titolo gratuito progetti a sostegno di questi bambini. Ricordiamo ancora tutti quel sabato, quando pioveva a dirotto e la Signora Z\u00fcger ha organizzato una corsa benefica. \u00c8 certamente grazie al suo modo motivante e allegro che tutta la scuola ci ha partecipato.<\/p>\n\n\n\n<p class=\"has-black-color has-text-color\">Ha plasmato la nostra scuola e il nostro spirito di squadra e noi la ricorderemo e porteremo a termine con dignit\u00e0 i suoi progetti.<\/p>\n<\/div><\/div>\n<\/div>\n\n\n\n<div style=\"height:60px\" aria-hidden=\"true\" class=\"wp-block-spacer\"><\/div>\n<\/div>\n<\/div>\n\n<div class=\"wp-block-columns is-layout-flex wp-container-core-columns-is-layout-28f84493 wp-block-columns-is-layout-flex\">\n<div class=\"wp-block-column is-layout-flow wp-block-column-is-layout-flow\" style=\"flex-basis:75%\">\n<h2 class=\"wp-block-heading\" id=\"h-urnenbeisetzung-ehemann\"><strong>Sepoltura dell\u2019urna marito<\/strong><\/h2>\n\n\n\n<p><em>solo Famiglia<\/em><\/p>\n\n\n\n<div class=\"wp-block-group is-layout-flow wp-block-group-is-layout-flow\">\n<div class=\"wp-block-cover aligncenter is-light has-parallax box_info p-10 rounded-lg\"><span aria-hidden=\"true\" class=\"wp-block-cover__background has-background-dim-0 has-background-dim\"><\/span><div role=\"img\" class=\"wp-block-cover__image-background wp-image-24670 has-parallax\" style=\"background-position:50% 50%;background-image:url(http:\/\/www.deinadieu.ch\/wp-content\/uploads\/2020\/09\/nikhil-kumar-JdPHvI7VF0o-unsplash-square-2.jpg)\"><\/div><div class=\"wp-block-cover__inner-container is-layout-flow wp-block-cover-is-layout-flow\">\n<p class=\"has-black-color has-text-color\">Caro Fritz,<\/p>\n\n\n\n<p class=\"has-black-color has-text-color\">\u00e8 infinitamente difficile per me stare qui oggi e trovare le parole giuste. Mi sento incredibilmente vuota. Solo il dolore della tua perdita mi fa sentire che il mio cuore batte ancora.<\/p>\n\n\n\n<p class=\"has-black-color has-text-color\">Lasci un grande vuoto nella nostra vita. Hai reso completa la nostra famiglia e ci hai fatto sentire importanti. Come piccolo imprenditore hai dovuto guidare due squadre. Eri sempre presente per i tuoi dipendenti e la sera e nei fine settimana ti prendevi tempo e andavi in montagna con noi o giocavi per ore a &#8220;Uno&#8221; con i bambini. Per tutte le difficolt\u00e0 e i problemi avevi una soluzione pronta e sei sempre rimasto calmo. Finch\u00e9 lo facciamo insieme, allora possiamo farcela &#8211; questo \u00e8 sempre stato il tuo credo. Tu eri la mia roccia e non so come posso tenere lontane le acque turbolenti senza di te.<\/p>\n\n\n\n<p class=\"has-black-color has-text-color\">Sono infinitamente grata di aver potuto trascorrere tutti questi anni al tuo fianco. Sei stato un padre amorevole per i bambini e la mia anima gemella. Avrai sempre un posto nel mio cuore e rimarrai il mio grande amore. Tutti noi sentiamo molto la tua mancanza &#8211; e guarderemo ogni aereo nel cielo, proprio come hai sempre fatto tu e immagineremo che tu vegli su di noi.<\/p>\n<\/div><\/div>\n<\/div>\n\n\n\n<div style=\"height:70px\" aria-hidden=\"true\" class=\"wp-block-spacer\"><\/div>\n\n\n\n<p><\/p>\n<\/div>\n<\/div>\n","protected":false},"excerpt":{"rendered":"<p>DeinAdieu fornisce qui alcuni esempi di elogi funebri. Lasciatevi ispirare dai diversi esempi e scrivete il vostro testo personale. Elogi funebri alla madrina Esequie maestra Il direttore tiene il discorso Sepoltura dell\u2019urna marito solo Famiglia<\/p>\n","protected":false},"author":6026,"featured_media":24771,"parent":0,"menu_order":0,"comment_status":"closed","ping_status":"closed","template":"","meta":{"_acf_changed":false,"footnotes":""},"class_list":["post-25491","page","type-page","status-publish","has-post-thumbnail","hentry"],"acf":[],"yoast_head":"<title>Elogi funebri: modelli, esempi e ispirazione | DeinAdieu<\/title>\n<meta name=\"description\" content=\"Dovete fare un elogio funebre o inviare una lettera di condoglianze? Qui trovate ispirazioni e idee per un addio dignitoso.\" \/>\n<meta name=\"robots\" content=\"index, follow, max-snippet:-1, max-image-preview:large, max-video-preview:-1\" \/>\n<link rel=\"canonical\" href=\"https:\/\/www.deinadieu.ch\/it\/modello-discorso-funebre\/\" \/>\n<meta property=\"og:locale\" content=\"it_IT\" \/>\n<meta property=\"og:type\" content=\"article\" \/>\n<meta property=\"og:title\" content=\"Modelli elogi funebri\" \/>\n<meta property=\"og:description\" content=\"DeinAdieu fornisce qui alcuni esempi di elogi funebri. Lasciatevi ispirare dai diversi esempi e scrivete il vostro testo personale. Elogi funebri alla\" \/>\n<meta property=\"og:url\" content=\"https:\/\/www.deinadieu.ch\/it\/modello-discorso-funebre\/\" \/>\n<meta property=\"og:site_name\" content=\"DeinAdieu.ch\" \/>\n<meta property=\"article:publisher\" content=\"https:\/\/www.facebook.com\/deinadieu\" \/>\n<meta property=\"article:modified_time\" content=\"2023-05-08T10:18:14+00:00\" \/>\n<meta property=\"og:image\" content=\"https:\/\/static.deinadieu.ch\/uploads\/2020\/09\/eder-pozo-perez-ymqeugh2Ns8-unsplash-scaled.jpg\" \/>\n\t<meta property=\"og:image:width\" content=\"2560\" \/>\n\t<meta property=\"og:image:height\" content=\"1700\" \/>\n\t<meta property=\"og:image:type\" content=\"image\/jpeg\" \/>\n<meta name=\"twitter:card\" content=\"summary_large_image\" \/>\n<meta name=\"twitter:site\" content=\"@DeinAdieu\" \/>\n<meta name=\"twitter:label1\" content=\"Est. reading time\" \/>\n\t<meta name=\"twitter:data1\" content=\"4 minutes\" \/>\n<script type=\"application\/ld+json\" class=\"yoast-schema-graph\">{\"@context\":\"https:\\\/\\\/schema.org\",\"@graph\":[{\"@type\":\"WebPage\",\"@id\":\"https:\\\/\\\/www.deinadieu.ch\\\/it\\\/modello-discorso-funebre\\\/\",\"url\":\"https:\\\/\\\/www.deinadieu.ch\\\/it\\\/modello-discorso-funebre\\\/\",\"name\":\"Elogi funebri: modelli, esempi e ispirazione | DeinAdieu\",\"isPartOf\":{\"@id\":\"https:\\\/\\\/www.deinadieu.ch\\\/it\\\/#website\"},\"primaryImageOfPage\":{\"@id\":\"https:\\\/\\\/www.deinadieu.ch\\\/it\\\/modello-discorso-funebre\\\/#primaryimage\"},\"image\":{\"@id\":\"https:\\\/\\\/www.deinadieu.ch\\\/it\\\/modello-discorso-funebre\\\/#primaryimage\"},\"thumbnailUrl\":\"https:\\\/\\\/www.deinadieu.ch\\\/wp-content\\\/uploads\\\/2020\\\/09\\\/eder-pozo-perez-ymqeugh2Ns8-unsplash-scaled.jpg\",\"datePublished\":\"2020-09-29T09:31:44+00:00\",\"dateModified\":\"2023-05-08T10:18:14+00:00\",\"description\":\"Dovete fare un elogio funebre o inviare una lettera di condoglianze? Qui trovate ispirazioni e idee per un addio dignitoso.\",\"breadcrumb\":{\"@id\":\"https:\\\/\\\/www.deinadieu.ch\\\/it\\\/modello-discorso-funebre\\\/#breadcrumb\"},\"inLanguage\":\"it-IT\",\"potentialAction\":[{\"@type\":\"ReadAction\",\"target\":[\"https:\\\/\\\/www.deinadieu.ch\\\/it\\\/modello-discorso-funebre\\\/\"]}]},{\"@type\":\"ImageObject\",\"inLanguage\":\"it-IT\",\"@id\":\"https:\\\/\\\/www.deinadieu.ch\\\/it\\\/modello-discorso-funebre\\\/#primaryimage\",\"url\":\"https:\\\/\\\/www.deinadieu.ch\\\/wp-content\\\/uploads\\\/2020\\\/09\\\/eder-pozo-perez-ymqeugh2Ns8-unsplash-scaled.jpg\",\"contentUrl\":\"https:\\\/\\\/www.deinadieu.ch\\\/wp-content\\\/uploads\\\/2020\\\/09\\\/eder-pozo-perez-ymqeugh2Ns8-unsplash-scaled.jpg\",\"width\":2560,\"height\":1700},{\"@type\":\"BreadcrumbList\",\"@id\":\"https:\\\/\\\/www.deinadieu.ch\\\/it\\\/modello-discorso-funebre\\\/#breadcrumb\",\"itemListElement\":[{\"@type\":\"ListItem\",\"position\":1,\"name\":\"Home\",\"item\":\"https:\\\/\\\/www.deinadieu.ch\\\/it\\\/deinadieu-dialog-und-serviceportal-zum-lebensende\\\/\"},{\"@type\":\"ListItem\",\"position\":2,\"name\":\"Modelli elogi funebri\"}]},{\"@type\":\"WebSite\",\"@id\":\"https:\\\/\\\/www.deinadieu.ch\\\/it\\\/#website\",\"url\":\"https:\\\/\\\/www.deinadieu.ch\\\/it\\\/\",\"name\":\"DeinAdieu.ch\",\"description\":\"Testament, Patientenverf\u00fcgung und Vorsorgeauftrag\",\"publisher\":{\"@id\":\"https:\\\/\\\/www.deinadieu.ch\\\/it\\\/#organization\"},\"potentialAction\":[{\"@type\":\"SearchAction\",\"target\":{\"@type\":\"EntryPoint\",\"urlTemplate\":\"https:\\\/\\\/www.deinadieu.ch\\\/it\\\/?s={search_term_string}\"},\"query-input\":{\"@type\":\"PropertyValueSpecification\",\"valueRequired\":true,\"valueName\":\"search_term_string\"}}],\"inLanguage\":\"it-IT\"},{\"@type\":\"Organization\",\"@id\":\"https:\\\/\\\/www.deinadieu.ch\\\/it\\\/#organization\",\"name\":\"EMNA Web GmbH\",\"url\":\"https:\\\/\\\/www.deinadieu.ch\\\/it\\\/\",\"logo\":{\"@type\":\"ImageObject\",\"inLanguage\":\"it-IT\",\"@id\":\"https:\\\/\\\/www.deinadieu.ch\\\/it\\\/#\\\/schema\\\/logo\\\/image\\\/\",\"url\":\"https:\\\/\\\/www.deinadieu.ch\\\/wp-content\\\/uploads\\\/2016\\\/01\\\/DeinAdieu_Logo.png\",\"contentUrl\":\"https:\\\/\\\/www.deinadieu.ch\\\/wp-content\\\/uploads\\\/2016\\\/01\\\/DeinAdieu_Logo.png\",\"width\":300,\"height\":117,\"caption\":\"EMNA Web GmbH\"},\"image\":{\"@id\":\"https:\\\/\\\/www.deinadieu.ch\\\/it\\\/#\\\/schema\\\/logo\\\/image\\\/\"},\"sameAs\":[\"https:\\\/\\\/www.facebook.com\\\/deinadieu\",\"https:\\\/\\\/x.com\\\/DeinAdieu\",\"https:\\\/\\\/www.instagram.com\\\/deinadieu\\\/\",\"https:\\\/\\\/www.linkedin.com\\\/company\\\/deinadieu.ch\"]}]}<\/script>","yoast_head_json":{"title":"Elogi funebri: modelli, esempi e ispirazione | DeinAdieu","description":"Dovete fare un elogio funebre o inviare una lettera di condoglianze? Qui trovate ispirazioni e idee per un addio dignitoso.","robots":{"index":"index","follow":"follow","max-snippet":"max-snippet:-1","max-image-preview":"max-image-preview:large","max-video-preview":"max-video-preview:-1"},"canonical":"https:\/\/www.deinadieu.ch\/it\/modello-discorso-funebre\/","og_locale":"it_IT","og_type":"article","og_title":"Modelli elogi funebri","og_description":"DeinAdieu fornisce qui alcuni esempi di elogi funebri. Lasciatevi ispirare dai diversi esempi e scrivete il vostro testo personale. Elogi funebri alla","og_url":"https:\/\/www.deinadieu.ch\/it\/modello-discorso-funebre\/","og_site_name":"DeinAdieu.ch","article_publisher":"https:\/\/www.facebook.com\/deinadieu","article_modified_time":"2023-05-08T10:18:14+00:00","og_image":[{"width":2560,"height":1700,"url":"https:\/\/static.deinadieu.ch\/uploads\/2020\/09\/eder-pozo-perez-ymqeugh2Ns8-unsplash-scaled.jpg","type":"image\/jpeg"}],"twitter_card":"summary_large_image","twitter_site":"@DeinAdieu","twitter_misc":{"Est. reading time":"4 minutes"},"schema":{"@context":"https:\/\/schema.org","@graph":[{"@type":"WebPage","@id":"https:\/\/www.deinadieu.ch\/it\/modello-discorso-funebre\/","url":"https:\/\/www.deinadieu.ch\/it\/modello-discorso-funebre\/","name":"Elogi funebri: modelli, esempi e ispirazione | DeinAdieu","isPartOf":{"@id":"https:\/\/www.deinadieu.ch\/it\/#website"},"primaryImageOfPage":{"@id":"https:\/\/www.deinadieu.ch\/it\/modello-discorso-funebre\/#primaryimage"},"image":{"@id":"https:\/\/www.deinadieu.ch\/it\/modello-discorso-funebre\/#primaryimage"},"thumbnailUrl":"https:\/\/www.deinadieu.ch\/wp-content\/uploads\/2020\/09\/eder-pozo-perez-ymqeugh2Ns8-unsplash-scaled.jpg","datePublished":"2020-09-29T09:31:44+00:00","dateModified":"2023-05-08T10:18:14+00:00","description":"Dovete fare un elogio funebre o inviare una lettera di condoglianze? Qui trovate ispirazioni e idee per un addio dignitoso.","breadcrumb":{"@id":"https:\/\/www.deinadieu.ch\/it\/modello-discorso-funebre\/#breadcrumb"},"inLanguage":"it-IT","potentialAction":[{"@type":"ReadAction","target":["https:\/\/www.deinadieu.ch\/it\/modello-discorso-funebre\/"]}]},{"@type":"ImageObject","inLanguage":"it-IT","@id":"https:\/\/www.deinadieu.ch\/it\/modello-discorso-funebre\/#primaryimage","url":"https:\/\/www.deinadieu.ch\/wp-content\/uploads\/2020\/09\/eder-pozo-perez-ymqeugh2Ns8-unsplash-scaled.jpg","contentUrl":"https:\/\/www.deinadieu.ch\/wp-content\/uploads\/2020\/09\/eder-pozo-perez-ymqeugh2Ns8-unsplash-scaled.jpg","width":2560,"height":1700},{"@type":"BreadcrumbList","@id":"https:\/\/www.deinadieu.ch\/it\/modello-discorso-funebre\/#breadcrumb","itemListElement":[{"@type":"ListItem","position":1,"name":"Home","item":"https:\/\/www.deinadieu.ch\/it\/deinadieu-dialog-und-serviceportal-zum-lebensende\/"},{"@type":"ListItem","position":2,"name":"Modelli elogi funebri"}]},{"@type":"WebSite","@id":"https:\/\/www.deinadieu.ch\/it\/#website","url":"https:\/\/www.deinadieu.ch\/it\/","name":"DeinAdieu.ch","description":"Testament, Patientenverf\u00fcgung und Vorsorgeauftrag","publisher":{"@id":"https:\/\/www.deinadieu.ch\/it\/#organization"},"potentialAction":[{"@type":"SearchAction","target":{"@type":"EntryPoint","urlTemplate":"https:\/\/www.deinadieu.ch\/it\/?s={search_term_string}"},"query-input":{"@type":"PropertyValueSpecification","valueRequired":true,"valueName":"search_term_string"}}],"inLanguage":"it-IT"},{"@type":"Organization","@id":"https:\/\/www.deinadieu.ch\/it\/#organization","name":"EMNA Web GmbH","url":"https:\/\/www.deinadieu.ch\/it\/","logo":{"@type":"ImageObject","inLanguage":"it-IT","@id":"https:\/\/www.deinadieu.ch\/it\/#\/schema\/logo\/image\/","url":"https:\/\/www.deinadieu.ch\/wp-content\/uploads\/2016\/01\/DeinAdieu_Logo.png","contentUrl":"https:\/\/www.deinadieu.ch\/wp-content\/uploads\/2016\/01\/DeinAdieu_Logo.png","width":300,"height":117,"caption":"EMNA Web GmbH"},"image":{"@id":"https:\/\/www.deinadieu.ch\/it\/#\/schema\/logo\/image\/"},"sameAs":["https:\/\/www.facebook.com\/deinadieu","https:\/\/x.com\/DeinAdieu","https:\/\/www.instagram.com\/deinadieu\/","https:\/\/www.linkedin.com\/company\/deinadieu.ch"]}]}},"_links":{"self":[{"href":"https:\/\/www.deinadieu.ch\/it\/wp-json\/wp\/v2\/pages\/25491","targetHints":{"allow":["GET"]}}],"collection":[{"href":"https:\/\/www.deinadieu.ch\/it\/wp-json\/wp\/v2\/pages"}],"about":[{"href":"https:\/\/www.deinadieu.ch\/it\/wp-json\/wp\/v2\/types\/page"}],"author":[{"embeddable":true,"href":"https:\/\/www.deinadieu.ch\/it\/wp-json\/wp\/v2\/users\/6026"}],"replies":[{"embeddable":true,"href":"https:\/\/www.deinadieu.ch\/it\/wp-json\/wp\/v2\/comments?post=25491"}],"version-history":[{"count":27,"href":"https:\/\/www.deinadieu.ch\/it\/wp-json\/wp\/v2\/pages\/25491\/revisions"}],"predecessor-version":[{"id":63468,"href":"https:\/\/www.deinadieu.ch\/it\/wp-json\/wp\/v2\/pages\/25491\/revisions\/63468"}],"wp:featuredmedia":[{"embeddable":true,"href":"https:\/\/www.deinadieu.ch\/it\/wp-json\/wp\/v2\/media\/24771"}],"wp:attachment":[{"href":"https:\/\/www.deinadieu.ch\/it\/wp-json\/wp\/v2\/media?parent=25491"}],"curies":[{"name":"wp","href":"https:\/\/api.w.org\/{rel}","templated":true}]}}