{"id":67507,"date":"2020-12-16T15:12:23","date_gmt":"2020-12-16T14:12:23","guid":{"rendered":"https:\/\/www.deinadieu.ch\/faq\/i-miei-fratellastri-hanno-diritto-alleredita-perche-abbiamo-lo-stesso-padre\/"},"modified":"2024-04-07T10:31:46","modified_gmt":"2024-04-07T08:31:46","slug":"i-miei-fratellastri-hanno-diritto-alleredita-perche-abbiamo-lo-stesso-padre","status":"publish","type":"da_faq","link":"https:\/\/www.deinadieu.ch\/it\/faq\/i-miei-fratellastri-hanno-diritto-alleredita-perche-abbiamo-lo-stesso-padre\/","title":{"rendered":"I miei fratellastri hanno diritto all&#8217;eredit\u00e0 perch\u00e9 abbiamo lo stesso padre?"},"content":{"rendered":"\n<p>I miei genitori hanno divorziato e io e i miei fratelli siamo rimasti con mia madre. Il padre si \u00e8 risposato e ha avuto 3 figli dalla moglie. Domanda: I miei fratellastri hanno diritto all&#8217;eredit\u00e0 perch\u00e9 abbiamo lo stesso padre?<br\/>Ho depositato il testamento biologico presso l&#8217;APMA e vorrei apportare delle modifiche. Come devo procedere?<br\/>Desidero nominare eredi, tra gli altri, le mie nipoti. E l&#8217;imposta di successione? (nipoti contro fratelli)<br\/>Il testamento \u00e8 gi\u00e0 stato depositato. Come devo procedere per un prelievo anticipato? \u00c8 sufficiente una dichiarazione scritta?<\/p>\n\n<!--more-->\n\n<p>Anche i vostri fratellastri sono eredi del patrimonio paterno e hanno diritto a una quota obbligatoria. Tuttavia, i fratellastri non hanno diritto a ereditare dal patrimonio di vostra madre.<\/p>\n\n<p>\u00c8 meglio chiedere all&#8217;APMA il mandato precauzionale e scriverne uno nuovo (con revoca di quello vecchio) o formulare un&#8217;aggiunta non ambigua al mandato precauzionale esistente.<\/p>\n\n<p>Le imposte di successione sono regolate a livello cantonale. Il fattore decisivo \u00e8 il cantone di residenza. Purtroppo non lo so. Fratelli nel Canton Zurigo una franchigia fiscale di 15.000 franchi. I nipoti non godono di alcuna franchigia fiscale. Fratelli nel Cantone Gli zurighesi hanno un&#8217;aliquota d&#8217;imposta di successione inferiore a quella dei nipoti. Per realizzarlo in modo ottimale, consiglio una pianificazione successoria e fiscale.<\/p>\n\n<p>Per il Canton Zurigo, potete calcolare l&#8217;imposta di successione qui:<br\/><a href=\"https:\/\/www.zh.ch\/de\/steuern-finanzen\/steuern\/steuern-natuerliche-personen\/erbschafts-und-schenkungssteuer.html?calculatorId=inheritance\">https:\/\/www.zh.ch\/de\/steuern-finanzen\/steuern\/steuern-natuerliche-personen\/erbschafts-und-schenkungssteuer.html?calculatorId=inheritance<\/a><\/p>\n\n<p>Gli anticipi sulle eredit\u00e0 vengono perequati tra gli eredi legali, a meno che non sia stato espressamente disposto il contrario (dispensa dalla perequazione ai sensi dell&#8217;art. 626 cpv. 2 CC). \u00c8 possibile impartire queste istruzioni in forma scritta semplice anche in un secondo momento, senza modificare il testamento. \u00c8 importante che queste istruzioni vengano poi trovate dalla persona giusta (ad esempio l&#8217;esecutore testamentario).<\/p>\n\n<p>In caso di prelievi anticipati, la questione delle quote obbligatorie deve sempre essere presa in considerazione in anticipo. Se questi violano la quota obbligatoria, possono essere contestati a seconda delle disposizioni contrattuali (in particolare nel caso di beni immobili o quote societarie), anche se esiste una dispensa di perequazione.<\/p>\n\n<p><strong>Per saperne di pi\u00f9<\/strong><br\/><a href=\"https:\/\/www.deinadieu.ch\/ratgeber\/ist-eine-ungleichbehandlung-von-geschwistern-erlaubt\/\" target=\"_blank\" rel=\"noreferrer noopener\">\u00c8 consentita la disparit\u00e0 di trattamento dei fratelli?<br\/><\/a><a href=\"https:\/\/www.deinadieu.ch\/it\/guida\/lasciare-leredita-ed-ereditare-correttamente-in-una-famiglia-patchwork\/\">Lasciare l&#8217;eredit\u00e0 ed ereditare correttamente in una famiglia patchwork<\/a><\/p>\n\n<div style=\"height:40px\" aria-hidden=\"true\" class=\"wp-block-spacer\"><\/div>\n\n<div class=\"wp-block-buttons is-layout-flex wp-block-buttons-is-layout-flex\">\n<div class=\"wp-block-button\"><a class=\"wp-block-button__link\" href=\"https:\/\/app.deinadieu.ch\/testamentgenerator\">Scrivete qui il vostro testamento<\/a><\/div>\n<\/div>\n","protected":false},"author":4998,"parent":0,"comment_status":"open","ping_status":"closed","template":"","da_faq_categories":[1314],"class_list":["post-67507","da_faq","type-da_faq","status-publish","hentry","da_faq_categories-erben"],"acf":[],"yoast_head":"<title>Diritto di successione: i fratellastri hanno gli stessi diritti? | DeinAdieu<\/title>\n<meta name=\"description\" content=\"&quot;I miei genitori hanno divorziato e io e i miei fratelli siamo rimasti con mia madre. Il padre si \u00e8 risposato e ha avuto 3 figli dalla moglie. Domanda: &quot;I miei fratellastri hanno diritto all&#039;eredit\u00e0 perch\u00e9 abbiamo lo stesso padre?&quot;.\" \/>\n<meta name=\"robots\" content=\"index, follow, max-snippet:-1, max-image-preview:large, max-video-preview:-1\" \/>\n<link rel=\"canonical\" href=\"https:\/\/www.deinadieu.ch\/it\/faq\/i-miei-fratellastri-hanno-diritto-alleredita-perche-abbiamo-lo-stesso-padre\/\" \/>\n<meta property=\"og:locale\" content=\"it_IT\" \/>\n<meta property=\"og:type\" content=\"article\" \/>\n<meta property=\"og:title\" content=\"I miei fratellastri hanno diritto all&#039;eredit\u00e0 perch\u00e9 abbiamo lo stesso padre?\" \/>\n<meta property=\"og:description\" content=\"I miei genitori hanno divorziato e io e i miei fratelli siamo rimasti con mia madre. Il padre si \u00e8 risposato e ha avuto 3 figli dalla moglie. Domanda: I\" \/>\n<meta property=\"og:url\" content=\"https:\/\/www.deinadieu.ch\/it\/faq\/i-miei-fratellastri-hanno-diritto-alleredita-perche-abbiamo-lo-stesso-padre\/\" \/>\n<meta property=\"og:site_name\" content=\"DeinAdieu.ch\" \/>\n<meta property=\"article:publisher\" content=\"https:\/\/www.facebook.com\/deinadieu\" \/>\n<meta property=\"article:modified_time\" content=\"2024-04-07T08:31:46+00:00\" \/>\n<meta name=\"twitter:card\" content=\"summary_large_image\" \/>\n<meta name=\"twitter:site\" content=\"@DeinAdieu\" \/>\n<meta name=\"twitter:label1\" content=\"Est. reading time\" \/>\n\t<meta name=\"twitter:data1\" content=\"2 minutes\" \/>\n<script type=\"application\/ld+json\" class=\"yoast-schema-graph\">{\"@context\":\"https:\\\/\\\/schema.org\",\"@graph\":[{\"@type\":\"WebPage\",\"@id\":\"https:\\\/\\\/www.deinadieu.ch\\\/it\\\/faq\\\/i-miei-fratellastri-hanno-diritto-alleredita-perche-abbiamo-lo-stesso-padre\\\/\",\"url\":\"https:\\\/\\\/www.deinadieu.ch\\\/it\\\/faq\\\/i-miei-fratellastri-hanno-diritto-alleredita-perche-abbiamo-lo-stesso-padre\\\/\",\"name\":\"Diritto di successione: i fratellastri hanno gli stessi diritti? | DeinAdieu\",\"isPartOf\":{\"@id\":\"https:\\\/\\\/www.deinadieu.ch\\\/it\\\/#website\"},\"datePublished\":\"2020-12-16T14:12:23+00:00\",\"dateModified\":\"2024-04-07T08:31:46+00:00\",\"description\":\"\\\"I miei genitori hanno divorziato e io e i miei fratelli siamo rimasti con mia madre. Il padre si \u00e8 risposato e ha avuto 3 figli dalla moglie. Domanda: \\\"I miei fratellastri hanno diritto all'eredit\u00e0 perch\u00e9 abbiamo lo stesso padre?\\\".\",\"breadcrumb\":{\"@id\":\"https:\\\/\\\/www.deinadieu.ch\\\/it\\\/faq\\\/i-miei-fratellastri-hanno-diritto-alleredita-perche-abbiamo-lo-stesso-padre\\\/#breadcrumb\"},\"inLanguage\":\"it-IT\",\"potentialAction\":[{\"@type\":\"ReadAction\",\"target\":[\"https:\\\/\\\/www.deinadieu.ch\\\/it\\\/faq\\\/i-miei-fratellastri-hanno-diritto-alleredita-perche-abbiamo-lo-stesso-padre\\\/\"]}]},{\"@type\":\"BreadcrumbList\",\"@id\":\"https:\\\/\\\/www.deinadieu.ch\\\/it\\\/faq\\\/i-miei-fratellastri-hanno-diritto-alleredita-perche-abbiamo-lo-stesso-padre\\\/#breadcrumb\",\"itemListElement\":[{\"@type\":\"ListItem\",\"position\":1,\"name\":\"Home\",\"item\":\"https:\\\/\\\/www.deinadieu.ch\\\/it\\\/deinadieu-dialog-und-serviceportal-zum-lebensende\\\/\"},{\"@type\":\"ListItem\",\"position\":2,\"name\":\"FAQ's\",\"item\":\"https:\\\/\\\/www.deinadieu.ch\\\/it\\\/faq\\\/\"},{\"@type\":\"ListItem\",\"position\":3,\"name\":\"I miei fratellastri hanno diritto all&#8217;eredit\u00e0 perch\u00e9 abbiamo lo stesso padre?\"}]},{\"@type\":\"WebSite\",\"@id\":\"https:\\\/\\\/www.deinadieu.ch\\\/it\\\/#website\",\"url\":\"https:\\\/\\\/www.deinadieu.ch\\\/it\\\/\",\"name\":\"DeinAdieu.ch\",\"description\":\"Testament, Patientenverf\u00fcgung und Vorsorgeauftrag\",\"publisher\":{\"@id\":\"https:\\\/\\\/www.deinadieu.ch\\\/it\\\/#organization\"},\"potentialAction\":[{\"@type\":\"SearchAction\",\"target\":{\"@type\":\"EntryPoint\",\"urlTemplate\":\"https:\\\/\\\/www.deinadieu.ch\\\/it\\\/?s={search_term_string}\"},\"query-input\":{\"@type\":\"PropertyValueSpecification\",\"valueRequired\":true,\"valueName\":\"search_term_string\"}}],\"inLanguage\":\"it-IT\"},{\"@type\":\"Organization\",\"@id\":\"https:\\\/\\\/www.deinadieu.ch\\\/it\\\/#organization\",\"name\":\"EMNA Web GmbH\",\"url\":\"https:\\\/\\\/www.deinadieu.ch\\\/it\\\/\",\"logo\":{\"@type\":\"ImageObject\",\"inLanguage\":\"it-IT\",\"@id\":\"https:\\\/\\\/www.deinadieu.ch\\\/it\\\/#\\\/schema\\\/logo\\\/image\\\/\",\"url\":\"https:\\\/\\\/www.deinadieu.ch\\\/wp-content\\\/uploads\\\/2016\\\/01\\\/DeinAdieu_Logo.png\",\"contentUrl\":\"https:\\\/\\\/www.deinadieu.ch\\\/wp-content\\\/uploads\\\/2016\\\/01\\\/DeinAdieu_Logo.png\",\"width\":300,\"height\":117,\"caption\":\"EMNA Web GmbH\"},\"image\":{\"@id\":\"https:\\\/\\\/www.deinadieu.ch\\\/it\\\/#\\\/schema\\\/logo\\\/image\\\/\"},\"sameAs\":[\"https:\\\/\\\/www.facebook.com\\\/deinadieu\",\"https:\\\/\\\/x.com\\\/DeinAdieu\",\"https:\\\/\\\/www.instagram.com\\\/deinadieu\\\/\",\"https:\\\/\\\/www.linkedin.com\\\/company\\\/deinadieu.ch\"]}]}<\/script>","yoast_head_json":{"title":"Diritto di successione: i fratellastri hanno gli stessi diritti? | DeinAdieu","description":"\"I miei genitori hanno divorziato e io e i miei fratelli siamo rimasti con mia madre. Il padre si \u00e8 risposato e ha avuto 3 figli dalla moglie. Domanda: \"I miei fratellastri hanno diritto all'eredit\u00e0 perch\u00e9 abbiamo lo stesso padre?\".","robots":{"index":"index","follow":"follow","max-snippet":"max-snippet:-1","max-image-preview":"max-image-preview:large","max-video-preview":"max-video-preview:-1"},"canonical":"https:\/\/www.deinadieu.ch\/it\/faq\/i-miei-fratellastri-hanno-diritto-alleredita-perche-abbiamo-lo-stesso-padre\/","og_locale":"it_IT","og_type":"article","og_title":"I miei fratellastri hanno diritto all'eredit\u00e0 perch\u00e9 abbiamo lo stesso padre?","og_description":"I miei genitori hanno divorziato e io e i miei fratelli siamo rimasti con mia madre. Il padre si \u00e8 risposato e ha avuto 3 figli dalla moglie. Domanda: I","og_url":"https:\/\/www.deinadieu.ch\/it\/faq\/i-miei-fratellastri-hanno-diritto-alleredita-perche-abbiamo-lo-stesso-padre\/","og_site_name":"DeinAdieu.ch","article_publisher":"https:\/\/www.facebook.com\/deinadieu","article_modified_time":"2024-04-07T08:31:46+00:00","twitter_card":"summary_large_image","twitter_site":"@DeinAdieu","twitter_misc":{"Est. reading time":"2 minutes"},"schema":{"@context":"https:\/\/schema.org","@graph":[{"@type":"WebPage","@id":"https:\/\/www.deinadieu.ch\/it\/faq\/i-miei-fratellastri-hanno-diritto-alleredita-perche-abbiamo-lo-stesso-padre\/","url":"https:\/\/www.deinadieu.ch\/it\/faq\/i-miei-fratellastri-hanno-diritto-alleredita-perche-abbiamo-lo-stesso-padre\/","name":"Diritto di successione: i fratellastri hanno gli stessi diritti? | DeinAdieu","isPartOf":{"@id":"https:\/\/www.deinadieu.ch\/it\/#website"},"datePublished":"2020-12-16T14:12:23+00:00","dateModified":"2024-04-07T08:31:46+00:00","description":"\"I miei genitori hanno divorziato e io e i miei fratelli siamo rimasti con mia madre. Il padre si \u00e8 risposato e ha avuto 3 figli dalla moglie. Domanda: \"I miei fratellastri hanno diritto all'eredit\u00e0 perch\u00e9 abbiamo lo stesso padre?\".","breadcrumb":{"@id":"https:\/\/www.deinadieu.ch\/it\/faq\/i-miei-fratellastri-hanno-diritto-alleredita-perche-abbiamo-lo-stesso-padre\/#breadcrumb"},"inLanguage":"it-IT","potentialAction":[{"@type":"ReadAction","target":["https:\/\/www.deinadieu.ch\/it\/faq\/i-miei-fratellastri-hanno-diritto-alleredita-perche-abbiamo-lo-stesso-padre\/"]}]},{"@type":"BreadcrumbList","@id":"https:\/\/www.deinadieu.ch\/it\/faq\/i-miei-fratellastri-hanno-diritto-alleredita-perche-abbiamo-lo-stesso-padre\/#breadcrumb","itemListElement":[{"@type":"ListItem","position":1,"name":"Home","item":"https:\/\/www.deinadieu.ch\/it\/deinadieu-dialog-und-serviceportal-zum-lebensende\/"},{"@type":"ListItem","position":2,"name":"FAQ's","item":"https:\/\/www.deinadieu.ch\/it\/faq\/"},{"@type":"ListItem","position":3,"name":"I miei fratellastri hanno diritto all&#8217;eredit\u00e0 perch\u00e9 abbiamo lo stesso padre?"}]},{"@type":"WebSite","@id":"https:\/\/www.deinadieu.ch\/it\/#website","url":"https:\/\/www.deinadieu.ch\/it\/","name":"DeinAdieu.ch","description":"Testament, Patientenverf\u00fcgung und Vorsorgeauftrag","publisher":{"@id":"https:\/\/www.deinadieu.ch\/it\/#organization"},"potentialAction":[{"@type":"SearchAction","target":{"@type":"EntryPoint","urlTemplate":"https:\/\/www.deinadieu.ch\/it\/?s={search_term_string}"},"query-input":{"@type":"PropertyValueSpecification","valueRequired":true,"valueName":"search_term_string"}}],"inLanguage":"it-IT"},{"@type":"Organization","@id":"https:\/\/www.deinadieu.ch\/it\/#organization","name":"EMNA Web GmbH","url":"https:\/\/www.deinadieu.ch\/it\/","logo":{"@type":"ImageObject","inLanguage":"it-IT","@id":"https:\/\/www.deinadieu.ch\/it\/#\/schema\/logo\/image\/","url":"https:\/\/www.deinadieu.ch\/wp-content\/uploads\/2016\/01\/DeinAdieu_Logo.png","contentUrl":"https:\/\/www.deinadieu.ch\/wp-content\/uploads\/2016\/01\/DeinAdieu_Logo.png","width":300,"height":117,"caption":"EMNA Web GmbH"},"image":{"@id":"https:\/\/www.deinadieu.ch\/it\/#\/schema\/logo\/image\/"},"sameAs":["https:\/\/www.facebook.com\/deinadieu","https:\/\/x.com\/DeinAdieu","https:\/\/www.instagram.com\/deinadieu\/","https:\/\/www.linkedin.com\/company\/deinadieu.ch"]}]}},"_links":{"self":[{"href":"https:\/\/www.deinadieu.ch\/it\/wp-json\/wp\/v2\/da_faq\/67507","targetHints":{"allow":["GET"]}}],"collection":[{"href":"https:\/\/www.deinadieu.ch\/it\/wp-json\/wp\/v2\/da_faq"}],"about":[{"href":"https:\/\/www.deinadieu.ch\/it\/wp-json\/wp\/v2\/types\/da_faq"}],"author":[{"embeddable":true,"href":"https:\/\/www.deinadieu.ch\/it\/wp-json\/wp\/v2\/users\/4998"}],"replies":[{"embeddable":true,"href":"https:\/\/www.deinadieu.ch\/it\/wp-json\/wp\/v2\/comments?post=67507"}],"version-history":[{"count":2,"href":"https:\/\/www.deinadieu.ch\/it\/wp-json\/wp\/v2\/da_faq\/67507\/revisions"}],"predecessor-version":[{"id":67509,"href":"https:\/\/www.deinadieu.ch\/it\/wp-json\/wp\/v2\/da_faq\/67507\/revisions\/67509"}],"wp:attachment":[{"href":"https:\/\/www.deinadieu.ch\/it\/wp-json\/wp\/v2\/media?parent=67507"}],"wp:term":[{"taxonomy":"da_faq_categories","embeddable":true,"href":"https:\/\/www.deinadieu.ch\/it\/wp-json\/wp\/v2\/da_faq_categories?post=67507"}],"curies":[{"name":"wp","href":"https:\/\/api.w.org\/{rel}","templated":true}]}}