{"version":"1.0","provider_name":"DeinAdieu.ch","provider_url":"https:\/\/www.deinadieu.ch\/it\/","author_name":"Bernhard Gerstl, M.A. HSG in Law &amp; Economics","author_url":"https:\/\/www.deinadieu.ch\/it\/author\/bernhard-gerstl\/","title":"Cos'\u00e8 la demenza e come la affronto?","type":"rich","width":600,"height":338,"html":"<blockquote class=\"wp-embedded-content\" data-secret=\"znrE7JfzMM\"><a href=\"https:\/\/www.deinadieu.ch\/it\/guida\/cose-la-demenza-e-come-la-affronto\/\">Cos&#8217;\u00e8 la demenza e come la affronto?<\/a><\/blockquote><iframe sandbox=\"allow-scripts\" security=\"restricted\" src=\"https:\/\/www.deinadieu.ch\/it\/guida\/cose-la-demenza-e-come-la-affronto\/embed\/#?secret=znrE7JfzMM\" width=\"600\" height=\"338\" title=\"&#8220;Cos&#8217;\u00e8 la demenza e come la affronto?&#8221; &#8212; DeinAdieu.ch\" data-secret=\"znrE7JfzMM\" frameborder=\"0\" marginwidth=\"0\" marginheight=\"0\" scrolling=\"no\" class=\"wp-embedded-content\"><\/iframe><script type=\"text\/javascript\">\n\/* <![CDATA[ *\/\n\/*! This file is auto-generated *\/\n!function(d,l){\"use strict\";l.querySelector&&d.addEventListener&&\"undefined\"!=typeof URL&&(d.wp=d.wp||{},d.wp.receiveEmbedMessage||(d.wp.receiveEmbedMessage=function(e){var t=e.data;if((t||t.secret||t.message||t.value)&&!\/[^a-zA-Z0-9]\/.test(t.secret)){for(var s,r,n,a=l.querySelectorAll('iframe[data-secret=\"'+t.secret+'\"]'),o=l.querySelectorAll('blockquote[data-secret=\"'+t.secret+'\"]'),c=new RegExp(\"^https?:$\",\"i\"),i=0;i<o.length;i++)o[i].style.display=\"none\";for(i=0;i<a.length;i++)s=a[i],e.source===s.contentWindow&&(s.removeAttribute(\"style\"),\"height\"===t.message?(1e3<(r=parseInt(t.value,10))?r=1e3:~~r<200&&(r=200),s.height=r):\"link\"===t.message&&(r=new URL(s.getAttribute(\"src\")),n=new URL(t.value),c.test(n.protocol))&&n.host===r.host&&l.activeElement===s&&(d.top.location.href=t.value))}},d.addEventListener(\"message\",d.wp.receiveEmbedMessage,!1),l.addEventListener(\"DOMContentLoaded\",function(){for(var e,t,s=l.querySelectorAll(\"iframe.wp-embedded-content\"),r=0;r<s.length;r++)(t=(e=s[r]).getAttribute(\"data-secret\"))||(t=Math.random().toString(36).substring(2,12),e.src+=\"#?secret=\"+t,e.setAttribute(\"data-secret\",t)),e.contentWindow.postMessage({message:\"ready\",secret:t},\"*\")},!1)))}(window,document);\n\/\/# sourceURL=https:\/\/www.deinadieu.ch\/wp-includes\/js\/wp-embed.min.js\n\/* ]]> *\/\n<\/script>\n","thumbnail_url":"https:\/\/static.deinadieu.ch\/uploads\/2021\/07\/iStock-1201091115.jpg","thumbnail_width":1254,"thumbnail_height":836,"description":"Una malattia da demenza non \u00e8 facile da affrontare per le persone colpite e i loro parenti. \u00c8 proprio per questo che \u00e8 importante riconoscerne i segnali"}