{"id":74663,"date":"2024-11-05T07:30:00","date_gmt":"2024-11-05T06:30:00","guid":{"rendered":"https:\/\/www.deinadieu.ch\/ratgeber\/designation-de-lavocat-comme-beneficiaire-dans-le-testament\/"},"modified":"2025-12-14T17:19:46","modified_gmt":"2025-12-14T16:19:46","slug":"designation-de-lavocat-comme-beneficiaire-dans-le-testament","status":"publish","type":"ratgeber","link":"https:\/\/www.deinadieu.ch\/fr\/conseiller\/designation-de-lavocat-comme-beneficiaire-dans-le-testament\/","title":{"rendered":"D\u00e9signation de l&#8217;avocat comme b\u00e9n\u00e9ficiaire dans le testament"},"content":{"rendered":"\n<p>Il arrive r\u00e9guli\u00e8rement qu&#8217;une personne souhaite d\u00e9signer son avocat ou sa notaire de confiance comme b\u00e9n\u00e9ficiaire dans son testament. Nous vous expliquons dans cet article si cela est autoris\u00e9 et ce \u00e0 quoi il faut \u00e9ventuellement pr\u00eater attention. <\/p>\n\n<!--more-->\n\n<div class=\"wp-block-create-block-deinadieu-simple\">\n<div class=\"wp-block-group da-pull has-lightgrey-background-color has-background is-layout-flow wp-block-group-is-layout-flow\" style=\"border-top-color:var(--wp--preset--color--da-dark);border-top-width:4px;padding-right:3rem;padding-left:3rem\">\n<h2 class=\"wp-block-heading\" id=\"h-das-wichtigste-in-kurze\">L&#8217;essentiel en bref :<\/h2>\n\n\n\n<ul class=\"wp-block-list is-style-default\">\n<li>En principe, la testatrice ou le testateur peut <strong>favoriser toute personne de son choix<\/strong> dans les limites de la quotit\u00e9 disponible sans avoir \u00e0 se justifier, que ce soit par le biais d&#8217;un testament ou d&#8217;un pacte successoral, d&#8217;une institution d&#8217;h\u00e9ritier, d&#8217;un legs ou d&#8217;une charge.<\/li>\n\n\n\n<li>Toutefois, si une testatrice ou un testateur souhaite favoriser son avocat.e ou notaire de confiance (ou les proches de cette personne) dans le cadre de sa succession, cela peut soulever des questions d\u00e9licates quant \u00e0 ses obligations professionnelles : les avocat.e.s et les notaires <strong>sont tenus de prot\u00e9ger fid\u00e8lement et avec diligence les int\u00e9r\u00eats de leurs client.e.s et de rester ind\u00e9pendant.e.s.<\/strong><\/li>\n\n\n\n<li>Ces obligations professionnelles peuvent sembler compromises lorsque des avocat.e.s ou des personnes habilit\u00e9es \u00e0 dresser des actes authentiques doivent recevoir des lib\u00e9ralit\u00e9s successorales. Le <strong>risque de violation<\/strong> de ces obligations augmente avec le montant des lib\u00e9ralit\u00e9s, l&#8217;importance du mandat, la vuln\u00e9rabilit\u00e9 de la testatrice ou du testateur et l&#8217;intensit\u00e9 de la relation. <\/li>\n\n\n\n<li>A certaines conditions, les dispositions correspondantes peuvent \u00eatre contest\u00e9es. Si l&#8217;<strong>action en nullit\u00e9<\/strong> est admise, les lib\u00e9ralit\u00e9s sont annul\u00e9es. En outre, la personne b\u00e9n\u00e9ficiaire peut \u00eatre amen\u00e9e \u00e0 r\u00e9pondre d&#8217;infractions disciplinaires, voire p\u00e9nales.  <\/li>\n\n\n\n<li>Il est donc toujours recommand\u00e9 de garder <strong>une distance professionnelle.<\/strong> A cette fin, il est notamment conseill\u00e9 de faire appel \u00e0 des tiers ind\u00e9pendants comme conseillers et\/ou personnes habilit\u00e9es \u00e0 dresser des actes authentiques et de mettre fin aux mandats susceptibles d&#8217;\u00eatre influenc\u00e9s par la disposition successorale.<\/li>\n<\/ul>\n<\/div>\n<\/div>\n\n<p>Une relation de confiance est un facteur important dans la <strong>relation particuli\u00e8re qui existe entre <a href=\"https:\/\/www.deinadieu.ch\/ratgeber\/brauche-ich-einen-anwalt-oder-notar-fuer-den-nachlass\/\">l&#8217;avocat.e<\/a> et son client<\/strong>. Dans certains cas, cette relation de confiance se poursuit m\u00eame apr\u00e8s le d\u00e9c\u00e8s, au point qu&#8217;il est pr\u00e9vu dans un testament ou un pacte successoral de favoriser l&#8217;avocat.e. Sur la base de quelques pr\u00e9c\u00e9dents, la <strong>jurisprudence<\/strong> suisse a identifi\u00e9 les facteurs d\u00e9terminants pour \u00e9valuer l&#8217;<strong>admissibilit\u00e9 des lib\u00e9ralit\u00e9s successorales en faveur d&#8217;un.e avocat.e<\/strong>. Ceux-ci s&#8217;appliquent \u00e9galement, par analogie, \u00e0 d&#8217;autres professionnels du droit qui occupent une position comparable, notamment aux <strong><a href=\"https:\/\/www.deinadieu.ch\/ratgeber\/was-ist-ein-notar\/\">notaires<\/a><\/strong>.   <\/p>\n\n<h2 class=\"wp-block-heading\">Est-il autoris\u00e9 d&#8217;inclure un.e avocat.e dans son testament ?<\/h2>\n\n<p>La <strong>libert\u00e9 de disposer<\/strong> est un principe important du droit des successions : la testatrice ou le testateur est en principe libre de d\u00e9cider <strong>\u00e0 qui elle ou il souhaite attribuer tel ou tel bien de sa succession<\/strong>. Il n&#8217;existe pratiquement aucune restriction quant au cercle des b\u00e9n\u00e9ficiaires potentiels (h\u00e9riti\u00e8res, h\u00e9ritiers, l\u00e9gataires et b\u00e9n\u00e9ficiaires d&#8217;une charge). Les personnes morales peuvent \u00eatre b\u00e9n\u00e9ficiaires au m\u00eame titre que les personnes physiques ; <a href=\"https:\/\/www.deinadieu.ch\/fr\/conseiller\/animal-domestique-en-cas-de-deces\/\">les animaux<\/a> ne peuvent certes pas h\u00e9riter au sens strict, mais la loi pr\u00e9voit une solution sp\u00e9cifique pour eux \u00e9galement.  <\/p>\n\n<p>Les <strong>principales limites \u00e0 la libert\u00e9 de disposer sont les <a href=\"https:\/\/www.deinadieu.ch\/fr\/conseiller\/les-reserves-hereditaires-en-droit-des-successions\/\">r\u00e9serves h\u00e9r\u00e9ditaires <\/a><\/strong>: l&#8217;<a href=\"https:\/\/www.deinadieu.ch\/fr\/conseiller\/retablir-la-reserve-hereditaire-au-moyen-de-laction-en-reduction\/\">action en r\u00e9duction<\/a> permet <a href=\"https:\/\/www.deinadieu.ch\/fr\/conseiller\/quelles-sont-les-reserves-hereditaires-de-mes-enfants-existe-t-il-des-alternatives\/\">aux descendants<\/a> et au conjoint ou \u00e0 la conjointe de la personne d\u00e9funte de faire valoir leur droit \u00e0 une part de la succession qui leur revient obligatoirement. Au del\u00e0 des r\u00e9serves h\u00e9r\u00e9ditaires \u2013 <strong>dans les limites de ce qu&#8217;on appelle la <a href=\"https:\/\/www.deinadieu.ch\/ratgeber\/erbteil-pflichtteile-und-verfuegbare-quote\/\">quotit\u00e9 disponible<\/a><\/strong> \u2013, les testatrices et testateurs peuvent inclure les b\u00e9n\u00e9ficiaires de leur choix dans un <a href=\"https:\/\/app.deinadieu.ch\/testament\">testament<\/a> ou un <a href=\"https:\/\/www.deinadieu.ch\/fr\/contrats-modeles-de-lettres\/\">pacte successoral<\/a>. <\/p>\n\n<p>Cela vaut bien s\u00fbr \u00e9galement pour les avocat.e.s, dont <strong>l&#8217;activit\u00e9 professionnelle n&#8217;est pertinente que si<\/strong> elle pr\u00e9sente un <strong>lien de causalit\u00e9 avec la lib\u00e9ralit\u00e9<\/strong>. En d&#8217;autres termes, si p. ex. un grand-p\u00e8re l\u00e8gue sa <a href=\"https:\/\/www.deinadieu.ch\/ratgeber\/immobilien-im-nachlass-was-sollte-der-erblasser-regeln\/\">maison<\/a> \u00e0 sa petite-fille et que celle-ci est avocate mais qu&#8217;elle ne conseille pas ni ne repr\u00e9sente son grand-p\u00e8re sur le plan juridique, sa profession n&#8217;a aucune importance \u2013 elle pourrait tout aussi bien \u00eatre m\u00e9decin, informaticienne ou enseignante. Une <strong>avocate qui ne conseille pas ni ne repr\u00e9sente la testatrice ou le testateur peut \u00eatre favoris\u00e9e en mati\u00e8re successorale<\/strong> sans que cela ne pose de probl\u00e8me particulier.   <\/p>\n\n<p>En effet, la caract\u00e9ristique d&#8217;un mandat d&#8217;avocat.e \u2013 et le <strong>point critique<\/strong> en mati\u00e8re d&#8217;avantages successoraux \u2013 est la <strong>relation de confiance<\/strong> particuli\u00e8re qui existe g\u00e9n\u00e9ralement entre les parties. Il existe un <strong>risque de conflit d&#8217;int\u00e9r\u00eats<\/strong> lorsque des actifs importants sont en jeu. C&#8217;est l\u00e0, comme nous le verrons plus loin, que r\u00e9side la source des probl\u00e8mes qui peuvent survenir lorsque l&#8217;avocat.e b\u00e9n\u00e9ficie d&#8217;un avantage successoral.  <\/p>\n\n<h2 class=\"wp-block-heading\">Dans quelles circonstances existe-t-il un risque particulier de conflit d&#8217;int\u00e9r\u00eats ?<\/h2>\n\n<p>Conform\u00e9ment \u00e0 l&#8217;art. 12 let. a \u00e0 c de la <a href=\"https:\/\/www.fedlex.admin.ch\/eli\/cc\/2002\/153\/de\" target=\"_blank\" rel=\"noreferrer noopener\">loi f\u00e9d\u00e9rale sur la libre circulation des avocats (LLCA)<\/a>, les <strong>avocats doivent exercer leur profession avec soin et diligence, en toute ind\u00e9pendance et \u00e9viter tout conflit d&#8217;int\u00e9r\u00eats avec les int\u00e9r\u00eats de leurs clients<\/strong>. Il n&#8217;est pas possible de d\u00e9terminer de mani\u00e8re g\u00e9n\u00e9rale si ces obligations professionnelles sont respect\u00e9es ou non dans un cas particulier ; cela doit \u00eatre \u00e9valu\u00e9 au cas par cas, <strong>en fonction des circonstances concr\u00e8tes.<\/strong>  <\/p>\n\n<p>Dans une affaire de 2006, une <strong>veuve fortun\u00e9e avait institu\u00e9 son avocat comme h\u00e9ritier unique.<\/strong> Apr\u00e8s son d\u00e9c\u00e8s, le testament correspondant a \u00e9t\u00e9 <strong>contest\u00e9 avec succ\u00e8s<\/strong> par le b\u00e9n\u00e9ficiaire d&#8217;une disposition ant\u00e9rieure. Les circonstances suivantes ont notamment \u00e9t\u00e9 d\u00e9terminantes pour l&#8217;annulation des lib\u00e9ralit\u00e9s en faveur de l&#8217;avocat.  <\/p>\n\n<p>Le Tribunal f\u00e9d\u00e9ral a tout d&#8217;abord constat\u00e9 qu&#8217;un avocat et conseiller en mati\u00e8re successorale, lui-m\u00eame institut\u00e9 h\u00e9ritier unique, ne pouvait <strong>plus fournir de conseils juridiques neutres et ind\u00e9pendants<\/strong> et se trouvait manifestement dans une situation de grave conflit d&#8217;int\u00e9r\u00eats. En raison de ses <strong>connaissances<\/strong> en mati\u00e8re de droit des successions et de droit de la profession d&#8217;avocat ainsi que de ses <strong>obligations de fid\u00e9lit\u00e9 et de diligence<\/strong> envers sa cliente vuln\u00e9rable, \u00e2g\u00e9e et largement isol\u00e9e des tiers, il \u00e9tait tenu de la convaincre du caract\u00e8re inadmissible et inappropri\u00e9 de la r\u00e9glementation successorale adopt\u00e9e et de lui <strong>proposer d&#8217;autres solutions<\/strong>. Il aurait au moins d\u00fb l&#8217;<strong>informer de son conflit d&#8217;int\u00e9r\u00eats<\/strong> et lui <strong>recommander de consulter un conseiller ind\u00e9pendant<\/strong>.  <\/p>\n\n<p>Contrairement \u00e0 cela, il a <strong>profit\u00e9 de la relation de confiance et de d\u00e9pendance <\/strong>existante et a contribu\u00e9 \u00e0 isoler davantage la testatrice. Finalement, il a m\u00eame <strong>emport\u00e9 le testament qui le favorisait, de sorte que la testatrice ne pouvait plus<\/strong> le d\u00e9truire ou le<strong> r\u00e9voquer<\/strong> ou le remplacer par un nouveau testament sans difficult\u00e9s consid\u00e9rables. <\/p>\n\n<p>M\u00eame s&#8217;il s&#8217;agit l\u00e0 d&#8217;un cas particuli\u00e8rement choquant, on peut en tirer quelques <strong>le\u00e7ons<\/strong> g\u00e9n\u00e9rales :<\/p>\n\n<ul class=\"wp-block-list\">\n<li>Plus <strong>l&#8217;avantage dont b\u00e9n\u00e9ficie l&#8217;avocate ou le notaire impliqu\u00e9.e est important<\/strong>, plus il y a lieu de supposer l&#8217;existence d&#8217;un <strong>grave conflit d&#8217;int\u00e9r\u00eats<\/strong> qui porte atteinte \u00e0 l&#8217;ind\u00e9pendance et \u00e0 la neutralit\u00e9 exig\u00e9es par les r\u00e8gles professionnelles et d\u00e9ontologiques.<\/li>\n\n\n\n<li>Plus <strong>une succession est peu claire et complexe<\/strong> \u2013 et plus elle n\u00e9cessite donc d&#8217;expertise \u2013, moins on peut supposer que la testatrice ou le testateur est en mesure d&#8217;avoir sa propre vue d&#8217;ensemble de la situation et de prendre des d\u00e9cisions m\u00fbrement r\u00e9fl\u00e9chies. Dans de tels cas, les <strong>obligations de fid\u00e9lit\u00e9 et de diligence et les devoirs d&#8217;information des professionnels sont plus \u00e9tendus<\/strong> que dans des situations simples. <\/li>\n\n\n\n<li>Plus <strong>la testatrice ou le testateur a besoin d&#8217;\u00eatre prot\u00e9g\u00e9.e<\/strong> en raison de son \u00e2ge, de son \u00e9tat mental, de son isolement social ou d&#8217;autres limitations, plus le risque qu&#8217;elle ou il soit exploit\u00e9.e semble \u00e9lev\u00e9. Dans de telles circonstances, il para\u00eet n\u00e9cessaire de <strong>faire appel \u00e0 des tiers neutres<\/strong>. Le conseil ne doit pas \u00eatre fourni uniquement par la personne b\u00e9n\u00e9ficiaire, qui se trouve en situation de conflit d&#8217;int\u00e9r\u00eats.  <\/li>\n\n\n\n<li>Enfin, dans tous les cas, la <strong>libert\u00e9 de d\u00e9cision de la testatrice ou du testateur doit \u00eatre pr\u00e9serv\u00e9e et encourag\u00e9e autant que possible<\/strong>. Cela signifie notamment qu&#8217;elle ou il doit avoir la possibilit\u00e9 de r\u00e9voquer <strong>en tout temps<\/strong> une <a href=\"https:\/\/www.deinadieu.ch\/ratgeber\/welche-probleme-koennen-auftreten-bei-testamente\/\">disposition probl\u00e9matique<\/a> en faveur d&#8217;un.e avocat.e ou d&#8217;un.e notaire ou de la remplacer par une nouvelle disposition. Tout comportement du b\u00e9n\u00e9ficiaire qui pourrait avoir pour but d&#8217;emp\u00eacher cela semble inadmissible \u00e0 la lumi\u00e8re de la jurisprudence du Tribunal f\u00e9d\u00e9ral.   <\/li>\n<\/ul>\n\n<p>Non seulement une lib\u00e9ralit\u00e9 en faveur d&#8217;un.e avocat.e ou d&#8217;un.e notaire mais \u00e9galement <strong>le fait de favoriser des personnes qui lui sont proches<\/strong> peut \u00eatre probl\u00e9matique. En raison des liens personnels et patrimoniaux, l&#8217;ind\u00e9pendance requise des professionnels peut \u00e9galement \u00eatre compromise dans ce genre de cas. La prudence est toujours de mise lorsqu&#8217;ils <strong>devraient se r\u00e9cuser<\/strong> en raison (de l&#8217;apparence) d&#8217;un int\u00e9r\u00eat personnel. Tel est notamment le cas lorsqu&#8217;eux-m\u00eames, <strong>leur concubin.e, fianc\u00e9.e ou leur conjoint.e, leur partenaire enregistr\u00e9.e, leurs parents et beaux-parents<\/strong> jusqu&#8217;au troisi\u00e8me degr\u00e9, leurs parents ou enfants adoptifs, nourriciers ou leurs enfants d&#8217;un autre lit sont personnellement impliqu\u00e9s dans l&#8217;affaire.    <\/p>\n\n<h2 class=\"wp-block-heading\">Que peuvent faire les h\u00e9riti\u00e8res et h\u00e9ritiers s&#8217;ils ne sont pas d&#8217;accord avec l&#8217;inclusion de l&#8217;avocat.e comme b\u00e9n\u00e9ficiaire dans un testament ?<\/h2>\n\n<p>En cas de violation des principes susmentionn\u00e9s, les h\u00e9riti\u00e8res et h\u00e9ritiers peuvent contester la disposition testamentaire correspondante si les conditions l\u00e9gales sont remplies. La loi offre deux possibilit\u00e9s aux h\u00e9riti\u00e8res et h\u00e9ritiers : l&#8217;<strong>action en nullit\u00e9<\/strong> et l&#8217;<strong>invocation de l&#8217;indignit\u00e9 successorale<\/strong> de l&#8217;avocat.e b\u00e9n\u00e9ficiaire. <\/p>\n\n<p>Cela n&#8217;exclut toutefois pas que d&#8217;autres motifs de contestation puissent \u00eatre invoqu\u00e9s dans certains cas particuliers (p. ex. des vices de forme de la disposition, l&#8217;incapacit\u00e9 de disposer de la testatrice ou du testateur, la violation des r\u00e9serves h\u00e9r\u00e9ditaires, etc.).<\/p>\n\n<p>Les h\u00e9riti\u00e8res et h\u00e9ritiers peuvent ouvrir <strong><a href=\"https:\/\/www.deinadieu.ch\/ratgeber\/ungueltigkeitsklage-eines-testaments\/\">action en nullit\u00e9<\/a><\/strong> s&#8217;il existe un des <strong>motifs de nullit\u00e9<\/strong> pr\u00e9vus aux art. 519 ss CC. La loi mentionne le <strong>vice de la volont\u00e9, la contrari\u00e9t\u00e9 aux m\u0153urs ou l&#8217;ill\u00e9galit\u00e9 de la disposition testamentaire comme motifs possibles de nullit\u00e9. <\/strong>Si le tribunal admet l&#8217;action, cela entra\u00eene l&#8217;<strong>annulation totale ou partielle de la disposition concern\u00e9e<\/strong>. Elle est alors remplac\u00e9e par une disposition ant\u00e9rieure ou par la <a href=\"https:\/\/www.deinadieu.ch\/fr\/conseiller\/la-succession-legale-en-suisse\/\">succession l\u00e9gale<\/a>. Toute personne qui, en tant qu&#8217;<strong>h\u00e9riti\u00e8re ou l\u00e9gataire<\/strong>, a un int\u00e9r\u00eat \u00e0 ce que la disposition soit annul\u00e9e a la qualit\u00e9 pour agir ; l&#8217;action est dirig\u00e9e contre la personne b\u00e9n\u00e9ficiaire de la disposition contest\u00e9e. Si l&#8217;action n&#8217;est pas ouverte dans les d\u00e9lais, la <a href=\"https:\/\/www.deinadieu.ch\/fr\/conseiller\/erreurs-dans-le-testament-mon-testament-est-il-encore-valable\/\">disposition entach\u00e9e d&#8217;irr\u00e9gularit\u00e9<\/a> reste en vigueur et la personne b\u00e9n\u00e9ficiaire peut exiger les lib\u00e9ralit\u00e9s en sa faveur.    <\/p>\n\n<ul class=\"wp-block-list\">\n<li>Toute erreur ayant caus\u00e9 la disposition peut \u00eatre consid\u00e9r\u00e9e comme un <strong>vice de la volont\u00e9<\/strong> : il y a vice de la volont\u00e9 lorsque la testatrice ou le testateur avait une conception erron\u00e9e des circonstances d\u00e9terminantes et qu&#8217;elle ou il n&#8217;aurait pris aucune disposition ou aurait pris d&#8217;autres dispositions si elle ou il avait eu connaissance des faits r\u00e9els. Si le conflit d&#8217;int\u00e9r\u00eats et les v\u00e9ritables intentions (d&#8217;enrichissement) de l&#8217;avocat.e ont \u00e9chapp\u00e9 \u00e0 la testatrice et si celle-ci aurait pris d&#8217;autres dispositions testamentaires si elle en avait eu connaissance, la disposition peut \u00eatre contest\u00e9e. La preuve \u2013 g\u00e9n\u00e9ralement tr\u00e8s difficile \u00e0 apporter \u2013 de l&#8217;ignorance et de la disposition hypoth\u00e9tique divergente doit \u00eatre fournie par la personne qui demande l&#8217;annulation.   <\/li>\n\n\n\n<li>La <strong>contrari\u00e9t\u00e9 aux m\u0153urs ou l&#8217;illic\u00e9it\u00e9<\/strong> du contenu de la disposition concerne la prestation en tant que telle ou le r\u00e9sultat recherch\u00e9 et non la motivation de la lib\u00e9ralit\u00e9. En tant que cause de nullit\u00e9, elle se rapporte toujours au comportement du testateur ou de la testatrice et non \u00e0 celui du b\u00e9n\u00e9ficiaire \u2013 pour ce dernier, ce sont les motifs d&#8217;indignit\u00e9 successorale qui sont d\u00e9terminants (cf. ci-apr\u00e8s). Une testatrice qui favorise un.e avocat.e en mati\u00e8re successorale ne violera que rarement le droit en vigueur (cf. les explications ci-dessus relatives \u00e0 la libert\u00e9 de disposer) et ne se rendra gu\u00e8re coupable d&#8217;un comportement contraire aux bonnes m\u0153urs, d&#8217;autant plus qu&#8217;elle appara\u00eet souvent, selon les circonstances, comme une \u00ab victime \u00bb plut\u00f4t que comme une \u00ab coupable \u00bb.  <\/li>\n<\/ul>\n\n<p>La solution la plus prometteuse pour les h\u00e9riti\u00e8res et h\u00e9ritiers d\u00e9savantag\u00e9s consiste donc \u00e0 invoquer <strong><a href=\"https:\/\/www.deinadieu.ch\/fr\/conseiller\/lindignite-successorale\/\">l&#8217;indignit\u00e9 successorale<\/a><\/strong> de l&#8217;avocat.e ou du notaire b\u00e9n\u00e9ficiaire : est indigne d&#8217;acqu\u00e9rir quoi que ce soit en vertu d&#8217;une disposition pour cause de mort, entre autres, <strong>toute personne qui, par dol, a incit\u00e9 ou emp\u00each\u00e9 la testatrice ou le testateur de faire ou de r\u00e9voquer une disposition pour cause de mort<\/strong>.<\/p>\n\n<p>Cela a \u00e9galement \u00e9t\u00e9 confirm\u00e9 dans la d\u00e9cision de principe du Tribunal f\u00e9d\u00e9ral mentionn\u00e9e ci-dessus : dans cette affaire, l&#8217;avocat a exploit\u00e9 de mani\u00e8re cibl\u00e9e la relation de d\u00e9pendance existante, en omettant de fournir toute information et en emportant le testament, emp\u00eachant ainsi la testatrice de r\u00e9voquer la disposition qui lui \u00e9tait favorable. Il a donc \u00e9t\u00e9 <strong>d\u00e9clar\u00e9 indigne de succ\u00e9der en raison de son comportement qui, dans l&#8217;ensemble, devait \u00eatre consid\u00e9r\u00e9 comme dolosif<\/strong>. <\/p>\n\n<p>Il convient toutefois de noter que le dol <strong>ne peut \u00eatre admis \u00e0 la l\u00e9g\u00e8re<\/strong>. Tout comportement douteux d&#8217;une personne de confiance b\u00e9n\u00e9ficiaire ne justifie pas n\u00e9cessairement de la d\u00e9clarer indigne de succ\u00e9der. Il faut plut\u00f4t que <strong>l&#8217;ensemble des circonstances permette de conclure objectivement<\/strong> que cette personne a exploit\u00e9 <strong>de mani\u00e8re intentionnelle et illicite<\/strong> la faiblesse de l&#8217;autre partie afin <strong>de s&#8217;enrichir ou d&#8217;enrichir <\/strong>ses proches. Dans des cas moins clairs que celui d\u00e9crit ci-dessus, cela peut s&#8217;av\u00e9rer tr\u00e8s difficile \u00e0 \u00e9valuer.   <\/p>\n\n<p>Dans l&#8217;int\u00e9r\u00eat d&#8217;une planification successorale juridiquement s\u00fbre et d&#8217;une apparence irr\u00e9prochable, il est donc recommand\u00e9 de <strong>faire appel \u00e0 des tiers ind\u00e9pendants<\/strong> lorsqu&#8217;un.e avocat.e ou un.e notaire doit \u00eatre d\u00e9sign\u00e9.e b\u00e9n\u00e9ficiaire en mati\u00e8re successorale. Afin de respecter les exigences professionnelles relatives au devoir de diligence et de loyaut\u00e9 et \u00e0 l&#8217;ind\u00e9pendance, il est \u00e9galement fortement recommand\u00e9 au professionnel b\u00e9n\u00e9ficiaire d&#8217;examiner attentivement ses <strong>mandats pour la testatrice ou le testateur<\/strong> et, en cas de doute, de les r\u00e9silier, de les <strong>c\u00e9der \u00e0 des coll\u00e8gues ou, au moins, de les suspendre jusqu&#8217;\u00e0 nouvel ordre<\/strong>. <\/p>\n\n<div style=\"height:40px\" aria-hidden=\"true\" class=\"wp-block-spacer\"><\/div>\n\n<div class=\"wp-block-buttons is-layout-flex wp-block-buttons-is-layout-flex\">\n<div class=\"wp-block-button\"><a class=\"wp-block-button__link wp-element-button\" href=\"https:\/\/app.deinadieu.ch\/testament\">\u00c9tablir votre testament en ligne<\/a><\/div>\n<\/div>\n\n<h3 class=\"wp-block-heading\" id=\"h-weitere-beitrage-zu-diesem-thema\">Davantage d&#8217;articles sur ce sujet<\/h3>\n\n<ul class=\"wp-block-list\">\n<li><a href=\"https:\/\/www.deinadieu.ch\/ratgeber\/wo-liegen-die-unterschiede-zwischen-fachanwalt-und-notar\/\"><strong>Avocat sp\u00e9cialis\u00e9 \u2013 notaire : quelle est la diff\u00e9rence ?<\/strong><\/a><\/li>\n\n\n\n<li><strong><a href=\"https:\/\/www.deinadieu.ch\/ratgeber\/brauche-ich-einen-anwalt-oder-notar-fuer-den-nachlass\/\">Ai-je besoin d&#8217;un.e avocat.e ou d&#8217;un.e notaire pour la succession ?<\/a><\/strong><\/li>\n\n\n\n<li><strong><a href=\"https:\/\/www.deinadieu.ch\/ratgeber\/welche-probleme-koennen-auftreten-bei-testamente\/\">Probl\u00e8mes possibles lors de la r\u00e9daction d&#8217;un testament<\/a><\/strong><\/li>\n<\/ul>\n\n<p><\/p>\n","protected":false},"excerpt":{"rendered":"<p>Il arrive r\u00e9guli\u00e8rement qu&#8217;une personne souhaite d\u00e9signer son avocat ou sa notaire de confiance comme b\u00e9n\u00e9ficiaire dans son testament. Nous vous expliquons dans cet article si cela est autoris\u00e9 et ce \u00e0 quoi il faut \u00e9ventuellement pr\u00eater attention.<\/p>\n","protected":false},"author":2398,"featured_media":68575,"menu_order":0,"comment_status":"open","ping_status":"closed","template":"","tags":[2657,3374,3496,3852,3492,2006,3853],"ratgeber-category":[3000],"class_list":["post-74663","ratgeber","type-ratgeber","status-publish","has-post-thumbnail","hentry","tag-action-en-nullite","tag-attribution-beneficiaire","tag-avocat","tag-conflit-dinterets","tag-lindignite-successorale","tag-notaire","tag-relation-de-confiance","ratgeber-category-avocat-notariat"],"acf":[],"yoast_head":"<title>D\u00e9signation de l&#039;avocat comme b\u00e9n\u00e9ficiaire dans le testament | DeinAdieu.ch<\/title>\n<meta name=\"description\" content=\"Cet article examine plus en d\u00e9tail la d\u00e9signation de l&#039;avocat comme b\u00e9n\u00e9ficiaire dans un testament.\" \/>\n<meta name=\"robots\" content=\"index, follow, max-snippet:-1, max-image-preview:large, max-video-preview:-1\" \/>\n<link rel=\"canonical\" href=\"https:\/\/www.deinadieu.ch\/fr\/conseiller\/designation-de-lavocat-comme-beneficiaire-dans-le-testament\/\" \/>\n<meta property=\"og:locale\" content=\"fr_FR\" \/>\n<meta property=\"og:type\" content=\"article\" \/>\n<meta property=\"og:title\" content=\"D\u00e9signation de l&#039;avocat comme b\u00e9n\u00e9ficiaire dans le testament\" \/>\n<meta property=\"og:description\" content=\"Il arrive r\u00e9guli\u00e8rement qu&#039;une personne souhaite d\u00e9signer son avocat ou sa notaire de confiance comme b\u00e9n\u00e9ficiaire dans son testament. Nous vous\" \/>\n<meta property=\"og:url\" content=\"https:\/\/www.deinadieu.ch\/fr\/conseiller\/designation-de-lavocat-comme-beneficiaire-dans-le-testament\/\" \/>\n<meta property=\"og:site_name\" content=\"DeinAdieu.ch\" \/>\n<meta property=\"article:publisher\" content=\"https:\/\/www.facebook.com\/deinadieu\" \/>\n<meta property=\"article:modified_time\" content=\"2025-12-14T16:19:46+00:00\" \/>\n<meta property=\"og:image\" content=\"https:\/\/static.deinadieu.ch\/uploads\/2024\/10\/pexels-sora-shimazaki-5673501-scaled.jpg\" \/>\n\t<meta property=\"og:image:width\" content=\"2560\" \/>\n\t<meta property=\"og:image:height\" content=\"1707\" \/>\n\t<meta property=\"og:image:type\" content=\"image\/jpeg\" \/>\n<meta name=\"twitter:card\" content=\"summary_large_image\" \/>\n<meta name=\"twitter:site\" content=\"@DeinAdieu\" \/>\n<meta name=\"twitter:label1\" content=\"Est. reading time\" \/>\n\t<meta name=\"twitter:data1\" content=\"13 minutes\" \/>\n<script type=\"application\/ld+json\" class=\"yoast-schema-graph\">{\"@context\":\"https:\\\/\\\/schema.org\",\"@graph\":[{\"@type\":\"WebPage\",\"@id\":\"https:\\\/\\\/www.deinadieu.ch\\\/fr\\\/conseiller\\\/designation-de-lavocat-comme-beneficiaire-dans-le-testament\\\/\",\"url\":\"https:\\\/\\\/www.deinadieu.ch\\\/fr\\\/conseiller\\\/designation-de-lavocat-comme-beneficiaire-dans-le-testament\\\/\",\"name\":\"D\u00e9signation de l'avocat comme b\u00e9n\u00e9ficiaire dans le testament | DeinAdieu.ch\",\"isPartOf\":{\"@id\":\"https:\\\/\\\/www.deinadieu.ch\\\/fr\\\/#website\"},\"primaryImageOfPage\":{\"@id\":\"https:\\\/\\\/www.deinadieu.ch\\\/fr\\\/conseiller\\\/designation-de-lavocat-comme-beneficiaire-dans-le-testament\\\/#primaryimage\"},\"image\":{\"@id\":\"https:\\\/\\\/www.deinadieu.ch\\\/fr\\\/conseiller\\\/designation-de-lavocat-comme-beneficiaire-dans-le-testament\\\/#primaryimage\"},\"thumbnailUrl\":\"https:\\\/\\\/www.deinadieu.ch\\\/wp-content\\\/uploads\\\/2024\\\/10\\\/pexels-sora-shimazaki-5673501-scaled.jpg\",\"datePublished\":\"2024-11-05T06:30:00+00:00\",\"dateModified\":\"2025-12-14T16:19:46+00:00\",\"description\":\"Cet article examine plus en d\u00e9tail la d\u00e9signation de l'avocat comme b\u00e9n\u00e9ficiaire dans un testament.\",\"breadcrumb\":{\"@id\":\"https:\\\/\\\/www.deinadieu.ch\\\/fr\\\/conseiller\\\/designation-de-lavocat-comme-beneficiaire-dans-le-testament\\\/#breadcrumb\"},\"inLanguage\":\"fr-FR\",\"potentialAction\":[{\"@type\":\"ReadAction\",\"target\":[\"https:\\\/\\\/www.deinadieu.ch\\\/fr\\\/conseiller\\\/designation-de-lavocat-comme-beneficiaire-dans-le-testament\\\/\"]}]},{\"@type\":\"ImageObject\",\"inLanguage\":\"fr-FR\",\"@id\":\"https:\\\/\\\/www.deinadieu.ch\\\/fr\\\/conseiller\\\/designation-de-lavocat-comme-beneficiaire-dans-le-testament\\\/#primaryimage\",\"url\":\"https:\\\/\\\/www.deinadieu.ch\\\/wp-content\\\/uploads\\\/2024\\\/10\\\/pexels-sora-shimazaki-5673501-scaled.jpg\",\"contentUrl\":\"https:\\\/\\\/www.deinadieu.ch\\\/wp-content\\\/uploads\\\/2024\\\/10\\\/pexels-sora-shimazaki-5673501-scaled.jpg\",\"width\":2560,\"height\":1707,\"caption\":\"D\u00e9couvrez ici ce \u00e0 quoi vous devez pr\u00eater attention si vous souhaitez inclure un.e avocat.e dans votre testament. (Pexels\\\/Sora Shimazaki)\"},{\"@type\":\"BreadcrumbList\",\"@id\":\"https:\\\/\\\/www.deinadieu.ch\\\/fr\\\/conseiller\\\/designation-de-lavocat-comme-beneficiaire-dans-le-testament\\\/#breadcrumb\",\"itemListElement\":[{\"@type\":\"ListItem\",\"position\":1,\"name\":\"Home\",\"item\":\"https:\\\/\\\/www.deinadieu.ch\\\/fr\\\/deinadieu-dialog-und-serviceportal-zum-lebensende\\\/\"},{\"@type\":\"ListItem\",\"position\":2,\"name\":\"Ratgeber\",\"item\":\"https:\\\/\\\/www.deinadieu.ch\\\/fr\\\/conseiller\\\/\"},{\"@type\":\"ListItem\",\"position\":3,\"name\":\"D\u00e9signation de l&#8217;avocat comme b\u00e9n\u00e9ficiaire dans le testament\"}]},{\"@type\":\"WebSite\",\"@id\":\"https:\\\/\\\/www.deinadieu.ch\\\/fr\\\/#website\",\"url\":\"https:\\\/\\\/www.deinadieu.ch\\\/fr\\\/\",\"name\":\"DeinAdieu.ch\",\"description\":\"Testament, Patientenverf\u00fcgung und Vorsorgeauftrag\",\"publisher\":{\"@id\":\"https:\\\/\\\/www.deinadieu.ch\\\/fr\\\/#organization\"},\"potentialAction\":[{\"@type\":\"SearchAction\",\"target\":{\"@type\":\"EntryPoint\",\"urlTemplate\":\"https:\\\/\\\/www.deinadieu.ch\\\/fr\\\/?s={search_term_string}\"},\"query-input\":{\"@type\":\"PropertyValueSpecification\",\"valueRequired\":true,\"valueName\":\"search_term_string\"}}],\"inLanguage\":\"fr-FR\"},{\"@type\":\"Organization\",\"@id\":\"https:\\\/\\\/www.deinadieu.ch\\\/fr\\\/#organization\",\"name\":\"EMNA Web GmbH\",\"url\":\"https:\\\/\\\/www.deinadieu.ch\\\/fr\\\/\",\"logo\":{\"@type\":\"ImageObject\",\"inLanguage\":\"fr-FR\",\"@id\":\"https:\\\/\\\/www.deinadieu.ch\\\/fr\\\/#\\\/schema\\\/logo\\\/image\\\/\",\"url\":\"https:\\\/\\\/www.deinadieu.ch\\\/wp-content\\\/uploads\\\/2016\\\/01\\\/DeinAdieu_Logo.png\",\"contentUrl\":\"https:\\\/\\\/www.deinadieu.ch\\\/wp-content\\\/uploads\\\/2016\\\/01\\\/DeinAdieu_Logo.png\",\"width\":300,\"height\":117,\"caption\":\"EMNA Web GmbH\"},\"image\":{\"@id\":\"https:\\\/\\\/www.deinadieu.ch\\\/fr\\\/#\\\/schema\\\/logo\\\/image\\\/\"},\"sameAs\":[\"https:\\\/\\\/www.facebook.com\\\/deinadieu\",\"https:\\\/\\\/x.com\\\/DeinAdieu\",\"https:\\\/\\\/www.instagram.com\\\/deinadieu\\\/\",\"https:\\\/\\\/www.linkedin.com\\\/company\\\/deinadieu.ch\"]}]}<\/script>","yoast_head_json":{"title":"D\u00e9signation de l'avocat comme b\u00e9n\u00e9ficiaire dans le testament | DeinAdieu.ch","description":"Cet article examine plus en d\u00e9tail la d\u00e9signation de l'avocat comme b\u00e9n\u00e9ficiaire dans un testament.","robots":{"index":"index","follow":"follow","max-snippet":"max-snippet:-1","max-image-preview":"max-image-preview:large","max-video-preview":"max-video-preview:-1"},"canonical":"https:\/\/www.deinadieu.ch\/fr\/conseiller\/designation-de-lavocat-comme-beneficiaire-dans-le-testament\/","og_locale":"fr_FR","og_type":"article","og_title":"D\u00e9signation de l'avocat comme b\u00e9n\u00e9ficiaire dans le testament","og_description":"Il arrive r\u00e9guli\u00e8rement qu'une personne souhaite d\u00e9signer son avocat ou sa notaire de confiance comme b\u00e9n\u00e9ficiaire dans son testament. Nous vous","og_url":"https:\/\/www.deinadieu.ch\/fr\/conseiller\/designation-de-lavocat-comme-beneficiaire-dans-le-testament\/","og_site_name":"DeinAdieu.ch","article_publisher":"https:\/\/www.facebook.com\/deinadieu","article_modified_time":"2025-12-14T16:19:46+00:00","og_image":[{"width":2560,"height":1707,"url":"https:\/\/static.deinadieu.ch\/uploads\/2024\/10\/pexels-sora-shimazaki-5673501-scaled.jpg","type":"image\/jpeg"}],"twitter_card":"summary_large_image","twitter_site":"@DeinAdieu","twitter_misc":{"Est. reading time":"13 minutes"},"schema":{"@context":"https:\/\/schema.org","@graph":[{"@type":"WebPage","@id":"https:\/\/www.deinadieu.ch\/fr\/conseiller\/designation-de-lavocat-comme-beneficiaire-dans-le-testament\/","url":"https:\/\/www.deinadieu.ch\/fr\/conseiller\/designation-de-lavocat-comme-beneficiaire-dans-le-testament\/","name":"D\u00e9signation de l'avocat comme b\u00e9n\u00e9ficiaire dans le testament | DeinAdieu.ch","isPartOf":{"@id":"https:\/\/www.deinadieu.ch\/fr\/#website"},"primaryImageOfPage":{"@id":"https:\/\/www.deinadieu.ch\/fr\/conseiller\/designation-de-lavocat-comme-beneficiaire-dans-le-testament\/#primaryimage"},"image":{"@id":"https:\/\/www.deinadieu.ch\/fr\/conseiller\/designation-de-lavocat-comme-beneficiaire-dans-le-testament\/#primaryimage"},"thumbnailUrl":"https:\/\/www.deinadieu.ch\/wp-content\/uploads\/2024\/10\/pexels-sora-shimazaki-5673501-scaled.jpg","datePublished":"2024-11-05T06:30:00+00:00","dateModified":"2025-12-14T16:19:46+00:00","description":"Cet article examine plus en d\u00e9tail la d\u00e9signation de l'avocat comme b\u00e9n\u00e9ficiaire dans un testament.","breadcrumb":{"@id":"https:\/\/www.deinadieu.ch\/fr\/conseiller\/designation-de-lavocat-comme-beneficiaire-dans-le-testament\/#breadcrumb"},"inLanguage":"fr-FR","potentialAction":[{"@type":"ReadAction","target":["https:\/\/www.deinadieu.ch\/fr\/conseiller\/designation-de-lavocat-comme-beneficiaire-dans-le-testament\/"]}]},{"@type":"ImageObject","inLanguage":"fr-FR","@id":"https:\/\/www.deinadieu.ch\/fr\/conseiller\/designation-de-lavocat-comme-beneficiaire-dans-le-testament\/#primaryimage","url":"https:\/\/www.deinadieu.ch\/wp-content\/uploads\/2024\/10\/pexels-sora-shimazaki-5673501-scaled.jpg","contentUrl":"https:\/\/www.deinadieu.ch\/wp-content\/uploads\/2024\/10\/pexels-sora-shimazaki-5673501-scaled.jpg","width":2560,"height":1707,"caption":"D\u00e9couvrez ici ce \u00e0 quoi vous devez pr\u00eater attention si vous souhaitez inclure un.e avocat.e dans votre testament. (Pexels\/Sora Shimazaki)"},{"@type":"BreadcrumbList","@id":"https:\/\/www.deinadieu.ch\/fr\/conseiller\/designation-de-lavocat-comme-beneficiaire-dans-le-testament\/#breadcrumb","itemListElement":[{"@type":"ListItem","position":1,"name":"Home","item":"https:\/\/www.deinadieu.ch\/fr\/deinadieu-dialog-und-serviceportal-zum-lebensende\/"},{"@type":"ListItem","position":2,"name":"Ratgeber","item":"https:\/\/www.deinadieu.ch\/fr\/conseiller\/"},{"@type":"ListItem","position":3,"name":"D\u00e9signation de l&#8217;avocat comme b\u00e9n\u00e9ficiaire dans le testament"}]},{"@type":"WebSite","@id":"https:\/\/www.deinadieu.ch\/fr\/#website","url":"https:\/\/www.deinadieu.ch\/fr\/","name":"DeinAdieu.ch","description":"Testament, Patientenverf\u00fcgung und Vorsorgeauftrag","publisher":{"@id":"https:\/\/www.deinadieu.ch\/fr\/#organization"},"potentialAction":[{"@type":"SearchAction","target":{"@type":"EntryPoint","urlTemplate":"https:\/\/www.deinadieu.ch\/fr\/?s={search_term_string}"},"query-input":{"@type":"PropertyValueSpecification","valueRequired":true,"valueName":"search_term_string"}}],"inLanguage":"fr-FR"},{"@type":"Organization","@id":"https:\/\/www.deinadieu.ch\/fr\/#organization","name":"EMNA Web GmbH","url":"https:\/\/www.deinadieu.ch\/fr\/","logo":{"@type":"ImageObject","inLanguage":"fr-FR","@id":"https:\/\/www.deinadieu.ch\/fr\/#\/schema\/logo\/image\/","url":"https:\/\/www.deinadieu.ch\/wp-content\/uploads\/2016\/01\/DeinAdieu_Logo.png","contentUrl":"https:\/\/www.deinadieu.ch\/wp-content\/uploads\/2016\/01\/DeinAdieu_Logo.png","width":300,"height":117,"caption":"EMNA Web GmbH"},"image":{"@id":"https:\/\/www.deinadieu.ch\/fr\/#\/schema\/logo\/image\/"},"sameAs":["https:\/\/www.facebook.com\/deinadieu","https:\/\/x.com\/DeinAdieu","https:\/\/www.instagram.com\/deinadieu\/","https:\/\/www.linkedin.com\/company\/deinadieu.ch"]}]}},"_links":{"self":[{"href":"https:\/\/www.deinadieu.ch\/fr\/wp-json\/wp\/v2\/ratgeber\/74663","targetHints":{"allow":["GET"]}}],"collection":[{"href":"https:\/\/www.deinadieu.ch\/fr\/wp-json\/wp\/v2\/ratgeber"}],"about":[{"href":"https:\/\/www.deinadieu.ch\/fr\/wp-json\/wp\/v2\/types\/ratgeber"}],"author":[{"embeddable":true,"href":"https:\/\/www.deinadieu.ch\/fr\/wp-json\/wp\/v2\/users\/2398"}],"replies":[{"embeddable":true,"href":"https:\/\/www.deinadieu.ch\/fr\/wp-json\/wp\/v2\/comments?post=74663"}],"version-history":[{"count":3,"href":"https:\/\/www.deinadieu.ch\/fr\/wp-json\/wp\/v2\/ratgeber\/74663\/revisions"}],"predecessor-version":[{"id":74666,"href":"https:\/\/www.deinadieu.ch\/fr\/wp-json\/wp\/v2\/ratgeber\/74663\/revisions\/74666"}],"wp:featuredmedia":[{"embeddable":true,"href":"https:\/\/www.deinadieu.ch\/fr\/wp-json\/wp\/v2\/media\/68575"}],"wp:attachment":[{"href":"https:\/\/www.deinadieu.ch\/fr\/wp-json\/wp\/v2\/media?parent=74663"}],"wp:term":[{"taxonomy":"post_tag","embeddable":true,"href":"https:\/\/www.deinadieu.ch\/fr\/wp-json\/wp\/v2\/tags?post=74663"},{"taxonomy":"ratgeber-category","embeddable":true,"href":"https:\/\/www.deinadieu.ch\/fr\/wp-json\/wp\/v2\/ratgeber-category?post=74663"}],"curies":[{"name":"wp","href":"https:\/\/api.w.org\/{rel}","templated":true}]}}