{"id":74524,"date":"2025-04-29T07:30:00","date_gmt":"2025-04-29T05:30:00","guid":{"rendered":"https:\/\/www.deinadieu.ch\/ratgeber\/heritages-et-inegalites-sociales\/"},"modified":"2026-02-28T09:33:05","modified_gmt":"2026-02-28T08:33:05","slug":"heritages-et-inegalites-sociales","status":"publish","type":"ratgeber","link":"https:\/\/www.deinadieu.ch\/fr\/conseiller\/heritages-et-inegalites-sociales\/","title":{"rendered":"H\u00e9ritages et in\u00e9galit\u00e9s sociales"},"content":{"rendered":"\n<p>Le d\u00e9bat sur l&#8217;introduction d&#8217;un imp\u00f4t f\u00e9d\u00e9ral sur les successions est un sujet controvers\u00e9 en Suisse depuis des ann\u00e9es. Avec l&#8217;initiative d\u00e9pos\u00e9e au printemps 2024, ce th\u00e8me devrait rester d&#8217;actualit\u00e9 \u00e0 l&#8217;avenir. Une question centrale est de savoir si et comment les h\u00e9ritages, en tant que \u00ab fortune imm\u00e9rit\u00e9e \u00bb, contribuent aux in\u00e9galit\u00e9s sociales et quelles mesures pourraient \u00eatre prises pour att\u00e9nuer cet effet. <\/p>\n\n<!--more-->\n\n<div style=\"height:40px\" aria-hidden=\"true\" class=\"wp-block-spacer\"><\/div>\n\n<h3 class=\"wp-block-heading\" id=\"h-juristische-grundlagen\"><strong>Bases juridiques<\/strong><\/h3>\n\n<p>Contrairement \u00e0 certains autres pays, la Suisse ne pr\u00e9l\u00e8ve pas d&#8217;imp\u00f4t sur les successions au niveau f\u00e9d\u00e9ral. Dans la plupart des cantons (\u00e0 l&#8217;exception des cantons de Schwyz et d&#8217;Obwald), il existe un imp\u00f4t sur les successions dont le montant d\u00e9pend essentiellement du degr\u00e9 de parent\u00e9. Vous trouverez <a href=\"https:\/\/www.deinadieu.ch\/fr\/conseiller\/comparaison-des-impots-sur-les-successions-en-suisse\/\">ici<\/a> un aper\u00e7u des r\u00e8gles dans les diff\u00e9rents cantons. <\/p>\n\n<h3 class=\"wp-block-heading\" id=\"h-erbschaften-als-unverdientes-vermogen\"><strong>Les h\u00e9ritages comme \u00ab fortune imm\u00e9rit\u00e9e \u00bb<\/strong><\/h3>\n\n<p>Les h\u00e9ritages sont souvent consid\u00e9r\u00e9s comme des fortunes imm\u00e9rit\u00e9es, car ils reviennent aux b\u00e9n\u00e9ficiaires sans que ceux-ci aient travaill\u00e9 activement pour les obtenir. En Suisse, des actifs consid\u00e9rables peuvent \u00eatre transmis de g\u00e9n\u00e9ration en g\u00e9n\u00e9ration, ce qui entra\u00eene une concentration des richesses dans certaines familles. Cette dynamique renforce les in\u00e9galit\u00e9s sociales, car les familles ais\u00e9es peuvent offrir \u00e0 leurs enfants des avantages financiers que d&#8217;autres n&#8217;ont pas.  <\/p>\n\n<p>Les in\u00e9galit\u00e9s sociales se manifestent dans divers domaines : acc\u00e8s \u00e0 une \u00e9ducation de qualit\u00e9 et \u00e0 certains cercles sociaux, opportunit\u00e9s sur le march\u00e9 du travail et capacit\u00e9 \u00e0 accumuler des richesses. Cela peut conduire \u00e0 une consolidation des classes sociales, dans lesquelles les perspectives \u00e9conomiques d\u00e9pendent fortement de l&#8217;origine familiale. <\/p>\n\n<h3 class=\"wp-block-heading\" id=\"h-massnahmen-gegen-die-verstarkung-sozialer-ungleichheit\"><strong>Mesures contre l&#8217;aggravation des in\u00e9galit\u00e9s sociales<\/strong><\/h3>\n\n<p>Nombreux sont ceux qui affirment que l&#8217;imposition progressive des successions pourrait notamment \u00eatre un moyen de contrer cette tendance et de promouvoir l&#8217;\u00e9galit\u00e9 des chances. Ainsi, les tr\u00e8s grosses successions seraient davantage tax\u00e9es, alors que les petites successions ne perdraient que peu de substance, ce qui aurait un effet redistributif \u00e0 long terme. Les recettes d&#8217;un imp\u00f4t sur les successions pourraient \u00eatre utilis\u00e9es de mani\u00e8re cibl\u00e9e pour des projets \u00e9ducatifs, des programmes sociaux et des infrastructures, la pr\u00e9voyance vieillesse ou d&#8217;autres domaines. Les fonds seraient ainsi utilis\u00e9s pour lutter contre les in\u00e9galit\u00e9s sociales.   <\/p>\n\n<p>On pourrait \u00e9galement envisager des syst\u00e8mes d&#8217;incitation cibl\u00e9s pour encourager les futures personnes d\u00e9funtes \u00e0 investir une partie de leur patrimoine dans des fondations ou des projets d&#8217;utilit\u00e9 publique. De telles r\u00e8glementations permettraient d&#8217;accro\u00eetre l&#8217;utilit\u00e9 sociale des successions. <\/p>\n\n<p>Vous souhaitez favoriser une institution sociale ou une \u0153uvre d&#8217;entraide ? Pour en savoir davantage, cliquez <a href=\"https:\/\/www.deinadieu.ch\/fr\/faire-le-bien-au-dela-de-la-fin-de-la-vie\/\">ici<\/a>.<\/p>\n\n<h3 class=\"wp-block-heading\" id=\"h-argumente-fur-eine-erbschaftssteuer\"><strong>Arguments en faveur d&#8217;un imp\u00f4t sur les successions<\/strong><\/h3>\n\n<ul class=\"wp-block-list\">\n<li><strong>\u00c9quit\u00e9 <\/strong>: Un imp\u00f4t sur les successions contribue \u00e0 une justice distributive et une \u00e9quit\u00e9 sociale. Comme les successions reposent souvent sur des richesses d\u00e9j\u00e0 existantes, leur imposition pourrait contribuer \u00e0 une r\u00e9partition plus \u00e9quitable des richesses. <\/li>\n\n\n\n<li><strong>Finances publiques <\/strong>: Les recettes d&#8217;un imp\u00f4t sur les successions pourraient all\u00e9ger le budget de l&#8217;\u00c9tat et \u00eatre utilis\u00e9es pour des investissements importants dans l&#8217;\u00e9ducation, la sant\u00e9 et les infrastructures.<\/li>\n\n\n\n<li><strong>\u00c9galit\u00e9 des chances <\/strong>: La redistribution des richesses permet de favoriser la mobilit\u00e9 sociale et de r\u00e9duire le lien entre aisance financi\u00e8re individuelle et origine familiale.<\/li>\n\n\n\n<li><strong>Pr\u00e9vention de la concentration des richesses <\/strong>: L&#8217;imposition des successions peut contribuer \u00e0 emp\u00eacher la concentration croissante des richesses entre les mains d&#8217;un petit nombre de familles.<\/li>\n<\/ul>\n\n<h3 class=\"wp-block-heading\" id=\"h-argumente-gegen-eine-erbschaftssteuer\"><strong>Arguments contre un imp\u00f4t sur les successions<\/strong><\/h3>\n\n<ul class=\"wp-block-list\">\n<li><strong>Double imposition <\/strong>: Les opposants font valoir qu&#8217;un imp\u00f4t sur les successions constitue une double imposition injuste car le patrimoine a d\u00e9j\u00e0 \u00e9t\u00e9 impos\u00e9 du vivant de la personne d\u00e9funte.<\/li>\n\n\n\n<li><strong>Risque de fuite des capitaux <\/strong>: Dans un syst\u00e8me \u00e9conomique internationalis\u00e9, des imp\u00f4ts sur les successions \u00e9lev\u00e9s pourraient inciter les personnes fortun\u00e9es \u00e0 transf\u00e9rer leur patrimoine \u00e0 l&#8217;\u00e9tranger, ce qui entra\u00eenerait des d\u00e9savantages \u00e9conomiques pour la Suisse. Les opposants font valoir que les imp\u00f4ts cantonaux sur les successions existants rapportent beaucoup d&#8217;argent et qu&#8217;un imp\u00f4t f\u00e9d\u00e9ral sur les successions rapporterait globalement moins. Si les personnes fortun\u00e9es s&#8217;\u00e9tablissaient \u00e0 l&#8217;\u00e9tranger, cela r\u00e9duirait \u00e9galement les recettes provenant de l&#8217;imp\u00f4t sur le revenu.  <\/li>\n\n\n\n<li><strong>Limitation des entreprises familiales <\/strong>: En Suisse notamment, o\u00f9 de nombreuses entreprises de taille moyenne sont d\u00e9tenues par des familles, un imp\u00f4t sur les successions pourrait compliquer, voire compromettre, la poursuite de leurs activit\u00e9s. Les abattements et les exceptions pour les entreprises familiales dont il est question dans le cadre de la conception d&#8217;un imp\u00f4t sur les successions pr\u00e9sentent un risque d&#8217;abus par les familles tr\u00e8s ais\u00e9es. <\/li>\n\n\n\n<li><strong>Autonomie financi\u00e8re <\/strong>: L&#8217;introduction d&#8217;un imp\u00f4t f\u00e9d\u00e9ral sur les successions r\u00e9duit l&#8217;autonomie financi\u00e8re des cantons, ce qui est contraire aux principes f\u00e9d\u00e9ralistes de la Suisse.<\/li>\n<\/ul>\n\n<h3 class=\"wp-block-heading\" id=\"h-alles-eine-frage-der-umsetzung\"><strong>Tout est-il une question de mise en \u0153uvre ?<\/strong><\/h3>\n\n<p>En fin de compte, l&#8217;acceptation d&#8217;un imp\u00f4t f\u00e9d\u00e9ral sur les successions d\u00e9pendrait sans doute de la forme concr\u00e8te et de la mise en \u0153uvre pratique d&#8217;une r\u00e9forme l\u00e9gislative. D&#8217;une part, la conception de l&#8217;imp\u00f4t (p. ex. taux d&#8217;imposition, imposition lin\u00e9aire ou progressive, montants exon\u00e9r\u00e9s, exceptions, etc.) influence de mani\u00e8re d\u00e9terminante son acceptation ; d&#8217;autre part, l&#8217;affectation des recettes fiscales est \u00e9galement un \u00e9l\u00e9ment essentiel. <\/p>\n\n<h3 class=\"wp-block-heading\" id=\"h-fazit\"><strong>Conclusion<\/strong><\/h3>\n\n<p>L&#8217;introduction d&#8217;un imp\u00f4t sur les successions reste un sujet complexe et sensible. S&#8217;il peut contribuer \u00e0 r\u00e9duire les in\u00e9galit\u00e9s sociales et \u00e0 promouvoir l&#8217;\u00e9galit\u00e9 des chances, il comporte \u00e9galement des risques tels que la fuite des capitaux et un affaiblissement potentiel de l&#8217;\u00e9conomie. Le d\u00e9bat sur un imp\u00f4t sur les successions doit donc tenir compte non seulement des aspects sociaux et \u00e9thiques, mais \u00e9galement des aspects \u00e9conomiques. Il est essentiel d&#8217;adopter une approche \u00e9quilibr\u00e9e qui concilie les besoins de la soci\u00e9t\u00e9 et les r\u00e9alit\u00e9s \u00e9conomiques.   <\/p>\n\n<div style=\"height:40px\" aria-hidden=\"true\" class=\"wp-block-spacer\"><\/div>\n\n<div class=\"wp-block-buttons is-layout-flex wp-block-buttons-is-layout-flex\">\n<div class=\"wp-block-button\"><a class=\"wp-block-button__link wp-element-button\" href=\"https:\/\/app.deinadieu.ch\/testament\">\u00c9tablir votre testament en ligne<\/a><\/div>\n<\/div>\n\n<h2 class=\"wp-block-heading\">Ceci pourrait \u00e9galement vous int\u00e9resser :<\/h2>\n\n<ul class=\"wp-block-list\">\n<li><a href=\"https:\/\/www.deinadieu.ch\/ratgeber\/sterbe-suizidhilfe-oesterreich-schweiz\/\">Assistance au d\u00e9c\u00e8s et au suicide en Autriche et en Suisse<\/a><\/li>\n\n\n\n<li><a href=\"https:\/\/www.deinadieu.ch\/ratgeber\/kann-man-kinder-enterben-internationaler-vergleich\/\">Peut-on exh\u00e9r\u00e9der ses enfants ? Une comparaison internationale <\/a><\/li>\n\n\n\n<li><a href=\"https:\/\/www.deinadieu.ch\/fr\/conseiller\/donation-et-avancement-dhoirie-est-ce-judicieux-pour-moi\/\">Donation et avancement d&#8217;hoirie : est-ce judicieux pour moi ?<\/a><\/li>\n<\/ul>\n\n<p><\/p>\n","protected":false},"excerpt":{"rendered":"<p>Le d\u00e9bat sur l&#8217;introduction d&#8217;un imp\u00f4t f\u00e9d\u00e9ral sur les successions est un sujet controvers\u00e9 en Suisse depuis des ann\u00e9es. Avec l&#8217;initiative d\u00e9pos\u00e9e au printemps 2024, ce th\u00e8me devrait rester d&#8217;actualit\u00e9 \u00e0 l&#8217;avenir. Une question centrale est de savoir si et comment les h\u00e9ritages, en tant que \u00ab fortune imm\u00e9rit\u00e9e \u00bb, contribuent aux in\u00e9galit\u00e9s sociales et [&hellip;]<\/p>\n","protected":false},"author":6045,"featured_media":68945,"menu_order":0,"comment_status":"closed","ping_status":"closed","template":"","tags":[2410,3834,2195,2194,3833,2420],"ratgeber-category":[3006],"class_list":["post-74524","ratgeber","type-ratgeber","status-publish","has-post-thumbnail","hentry","tag-heriter","tag-impot-sur-la-fortune","tag-impot-sur-la-succession","tag-impots","tag-inegalites-sociales","tag-patrimoine","ratgeber-category-impots-dun-point-de-vue-organisationnel"],"acf":[],"yoast_head":"<title>H\u00e9ritages et in\u00e9galit\u00e9s sociales | DeinAdieu.ch<\/title>\n<meta name=\"description\" content=\"Dans cet article, vous apprendrez tout ce que vous devez savoir sur le d\u00e9bat politique concernant les h\u00e9ritages et les in\u00e9galit\u00e9s sociales.\" \/>\n<meta name=\"robots\" content=\"index, follow, max-snippet:-1, max-image-preview:large, max-video-preview:-1\" \/>\n<link rel=\"canonical\" href=\"https:\/\/www.deinadieu.ch\/fr\/conseiller\/heritages-et-inegalites-sociales\/\" \/>\n<meta property=\"og:locale\" content=\"fr_FR\" \/>\n<meta property=\"og:type\" content=\"article\" \/>\n<meta property=\"og:title\" content=\"H\u00e9ritages et in\u00e9galit\u00e9s sociales\" \/>\n<meta property=\"og:description\" content=\"Le d\u00e9bat sur l&#039;introduction d&#039;un imp\u00f4t f\u00e9d\u00e9ral sur les successions est un sujet controvers\u00e9 en Suisse depuis des ann\u00e9es. Avec l&#039;initiative d\u00e9pos\u00e9e au\" \/>\n<meta property=\"og:url\" content=\"https:\/\/www.deinadieu.ch\/fr\/conseiller\/heritages-et-inegalites-sociales\/\" \/>\n<meta property=\"og:site_name\" content=\"DeinAdieu.ch\" \/>\n<meta property=\"article:publisher\" content=\"https:\/\/www.facebook.com\/deinadieu\" \/>\n<meta property=\"article:modified_time\" content=\"2026-02-28T08:33:05+00:00\" \/>\n<meta property=\"og:image\" content=\"https:\/\/www.deinadieu.ch\/wp-content\/uploads\/2025\/01\/pexels-element5-1550337-scaled.jpg\" \/>\n\t<meta property=\"og:image:width\" content=\"2560\" \/>\n\t<meta property=\"og:image:height\" content=\"1707\" \/>\n\t<meta property=\"og:image:type\" content=\"image\/jpeg\" \/>\n<meta name=\"twitter:card\" content=\"summary_large_image\" \/>\n<meta name=\"twitter:site\" content=\"@DeinAdieu\" \/>\n<meta name=\"twitter:label1\" content=\"Est. reading time\" \/>\n\t<meta name=\"twitter:data1\" content=\"5 minutes\" \/>\n<script type=\"application\/ld+json\" class=\"yoast-schema-graph\">{\"@context\":\"https:\\\/\\\/schema.org\",\"@graph\":[{\"@type\":\"WebPage\",\"@id\":\"https:\\\/\\\/www.deinadieu.ch\\\/fr\\\/conseiller\\\/heritages-et-inegalites-sociales\\\/\",\"url\":\"https:\\\/\\\/www.deinadieu.ch\\\/fr\\\/conseiller\\\/heritages-et-inegalites-sociales\\\/\",\"name\":\"H\u00e9ritages et in\u00e9galit\u00e9s sociales | DeinAdieu.ch\",\"isPartOf\":{\"@id\":\"https:\\\/\\\/www.deinadieu.ch\\\/fr\\\/#website\"},\"primaryImageOfPage\":{\"@id\":\"https:\\\/\\\/www.deinadieu.ch\\\/fr\\\/conseiller\\\/heritages-et-inegalites-sociales\\\/#primaryimage\"},\"image\":{\"@id\":\"https:\\\/\\\/www.deinadieu.ch\\\/fr\\\/conseiller\\\/heritages-et-inegalites-sociales\\\/#primaryimage\"},\"thumbnailUrl\":\"https:\\\/\\\/www.deinadieu.ch\\\/wp-content\\\/uploads\\\/2025\\\/01\\\/pexels-element5-1550337-scaled.jpg\",\"datePublished\":\"2025-04-29T05:30:00+00:00\",\"dateModified\":\"2026-02-28T08:33:05+00:00\",\"description\":\"Dans cet article, vous apprendrez tout ce que vous devez savoir sur le d\u00e9bat politique concernant les h\u00e9ritages et les in\u00e9galit\u00e9s sociales.\",\"breadcrumb\":{\"@id\":\"https:\\\/\\\/www.deinadieu.ch\\\/fr\\\/conseiller\\\/heritages-et-inegalites-sociales\\\/#breadcrumb\"},\"inLanguage\":\"fr-FR\",\"potentialAction\":[{\"@type\":\"ReadAction\",\"target\":[\"https:\\\/\\\/www.deinadieu.ch\\\/fr\\\/conseiller\\\/heritages-et-inegalites-sociales\\\/\"]}]},{\"@type\":\"ImageObject\",\"inLanguage\":\"fr-FR\",\"@id\":\"https:\\\/\\\/www.deinadieu.ch\\\/fr\\\/conseiller\\\/heritages-et-inegalites-sociales\\\/#primaryimage\",\"url\":\"https:\\\/\\\/www.deinadieu.ch\\\/wp-content\\\/uploads\\\/2025\\\/01\\\/pexels-element5-1550337-scaled.jpg\",\"contentUrl\":\"https:\\\/\\\/www.deinadieu.ch\\\/wp-content\\\/uploads\\\/2025\\\/01\\\/pexels-element5-1550337-scaled.jpg\",\"width\":2560,\"height\":1707,\"caption\":\"D\u00e9couvrez ici les d\u00e9tails du d\u00e9bat sur les h\u00e9ritages et les in\u00e9galit\u00e9s sociales (Photo : Pexels\\\/Element5 Digital).\"},{\"@type\":\"BreadcrumbList\",\"@id\":\"https:\\\/\\\/www.deinadieu.ch\\\/fr\\\/conseiller\\\/heritages-et-inegalites-sociales\\\/#breadcrumb\",\"itemListElement\":[{\"@type\":\"ListItem\",\"position\":1,\"name\":\"Home\",\"item\":\"https:\\\/\\\/www.deinadieu.ch\\\/fr\\\/deinadieu-dialog-und-serviceportal-zum-lebensende\\\/\"},{\"@type\":\"ListItem\",\"position\":2,\"name\":\"Ratgeber\",\"item\":\"https:\\\/\\\/www.deinadieu.ch\\\/fr\\\/conseiller\\\/\"},{\"@type\":\"ListItem\",\"position\":3,\"name\":\"H\u00e9ritages et in\u00e9galit\u00e9s sociales\"}]},{\"@type\":\"WebSite\",\"@id\":\"https:\\\/\\\/www.deinadieu.ch\\\/fr\\\/#website\",\"url\":\"https:\\\/\\\/www.deinadieu.ch\\\/fr\\\/\",\"name\":\"DeinAdieu.ch\",\"description\":\"Testament, Patientenverf\u00fcgung und Vorsorgeauftrag\",\"publisher\":{\"@id\":\"https:\\\/\\\/www.deinadieu.ch\\\/fr\\\/#organization\"},\"potentialAction\":[{\"@type\":\"SearchAction\",\"target\":{\"@type\":\"EntryPoint\",\"urlTemplate\":\"https:\\\/\\\/www.deinadieu.ch\\\/fr\\\/?s={search_term_string}\"},\"query-input\":{\"@type\":\"PropertyValueSpecification\",\"valueRequired\":true,\"valueName\":\"search_term_string\"}}],\"inLanguage\":\"fr-FR\"},{\"@type\":\"Organization\",\"@id\":\"https:\\\/\\\/www.deinadieu.ch\\\/fr\\\/#organization\",\"name\":\"EMNA Web GmbH\",\"url\":\"https:\\\/\\\/www.deinadieu.ch\\\/fr\\\/\",\"logo\":{\"@type\":\"ImageObject\",\"inLanguage\":\"fr-FR\",\"@id\":\"https:\\\/\\\/www.deinadieu.ch\\\/fr\\\/#\\\/schema\\\/logo\\\/image\\\/\",\"url\":\"https:\\\/\\\/www.deinadieu.ch\\\/wp-content\\\/uploads\\\/2016\\\/01\\\/DeinAdieu_Logo.png\",\"contentUrl\":\"https:\\\/\\\/www.deinadieu.ch\\\/wp-content\\\/uploads\\\/2016\\\/01\\\/DeinAdieu_Logo.png\",\"width\":300,\"height\":117,\"caption\":\"EMNA Web GmbH\"},\"image\":{\"@id\":\"https:\\\/\\\/www.deinadieu.ch\\\/fr\\\/#\\\/schema\\\/logo\\\/image\\\/\"},\"sameAs\":[\"https:\\\/\\\/www.facebook.com\\\/deinadieu\",\"https:\\\/\\\/x.com\\\/DeinAdieu\",\"https:\\\/\\\/www.instagram.com\\\/deinadieu\\\/\",\"https:\\\/\\\/www.linkedin.com\\\/company\\\/deinadieu.ch\"]}]}<\/script>","yoast_head_json":{"title":"H\u00e9ritages et in\u00e9galit\u00e9s sociales | DeinAdieu.ch","description":"Dans cet article, vous apprendrez tout ce que vous devez savoir sur le d\u00e9bat politique concernant les h\u00e9ritages et les in\u00e9galit\u00e9s sociales.","robots":{"index":"index","follow":"follow","max-snippet":"max-snippet:-1","max-image-preview":"max-image-preview:large","max-video-preview":"max-video-preview:-1"},"canonical":"https:\/\/www.deinadieu.ch\/fr\/conseiller\/heritages-et-inegalites-sociales\/","og_locale":"fr_FR","og_type":"article","og_title":"H\u00e9ritages et in\u00e9galit\u00e9s sociales","og_description":"Le d\u00e9bat sur l'introduction d'un imp\u00f4t f\u00e9d\u00e9ral sur les successions est un sujet controvers\u00e9 en Suisse depuis des ann\u00e9es. Avec l'initiative d\u00e9pos\u00e9e au","og_url":"https:\/\/www.deinadieu.ch\/fr\/conseiller\/heritages-et-inegalites-sociales\/","og_site_name":"DeinAdieu.ch","article_publisher":"https:\/\/www.facebook.com\/deinadieu","article_modified_time":"2026-02-28T08:33:05+00:00","og_image":[{"width":2560,"height":1707,"url":"https:\/\/www.deinadieu.ch\/wp-content\/uploads\/2025\/01\/pexels-element5-1550337-scaled.jpg","type":"image\/jpeg"}],"twitter_card":"summary_large_image","twitter_site":"@DeinAdieu","twitter_misc":{"Est. reading time":"5 minutes"},"schema":{"@context":"https:\/\/schema.org","@graph":[{"@type":"WebPage","@id":"https:\/\/www.deinadieu.ch\/fr\/conseiller\/heritages-et-inegalites-sociales\/","url":"https:\/\/www.deinadieu.ch\/fr\/conseiller\/heritages-et-inegalites-sociales\/","name":"H\u00e9ritages et in\u00e9galit\u00e9s sociales | DeinAdieu.ch","isPartOf":{"@id":"https:\/\/www.deinadieu.ch\/fr\/#website"},"primaryImageOfPage":{"@id":"https:\/\/www.deinadieu.ch\/fr\/conseiller\/heritages-et-inegalites-sociales\/#primaryimage"},"image":{"@id":"https:\/\/www.deinadieu.ch\/fr\/conseiller\/heritages-et-inegalites-sociales\/#primaryimage"},"thumbnailUrl":"https:\/\/www.deinadieu.ch\/wp-content\/uploads\/2025\/01\/pexels-element5-1550337-scaled.jpg","datePublished":"2025-04-29T05:30:00+00:00","dateModified":"2026-02-28T08:33:05+00:00","description":"Dans cet article, vous apprendrez tout ce que vous devez savoir sur le d\u00e9bat politique concernant les h\u00e9ritages et les in\u00e9galit\u00e9s sociales.","breadcrumb":{"@id":"https:\/\/www.deinadieu.ch\/fr\/conseiller\/heritages-et-inegalites-sociales\/#breadcrumb"},"inLanguage":"fr-FR","potentialAction":[{"@type":"ReadAction","target":["https:\/\/www.deinadieu.ch\/fr\/conseiller\/heritages-et-inegalites-sociales\/"]}]},{"@type":"ImageObject","inLanguage":"fr-FR","@id":"https:\/\/www.deinadieu.ch\/fr\/conseiller\/heritages-et-inegalites-sociales\/#primaryimage","url":"https:\/\/www.deinadieu.ch\/wp-content\/uploads\/2025\/01\/pexels-element5-1550337-scaled.jpg","contentUrl":"https:\/\/www.deinadieu.ch\/wp-content\/uploads\/2025\/01\/pexels-element5-1550337-scaled.jpg","width":2560,"height":1707,"caption":"D\u00e9couvrez ici les d\u00e9tails du d\u00e9bat sur les h\u00e9ritages et les in\u00e9galit\u00e9s sociales (Photo : Pexels\/Element5 Digital)."},{"@type":"BreadcrumbList","@id":"https:\/\/www.deinadieu.ch\/fr\/conseiller\/heritages-et-inegalites-sociales\/#breadcrumb","itemListElement":[{"@type":"ListItem","position":1,"name":"Home","item":"https:\/\/www.deinadieu.ch\/fr\/deinadieu-dialog-und-serviceportal-zum-lebensende\/"},{"@type":"ListItem","position":2,"name":"Ratgeber","item":"https:\/\/www.deinadieu.ch\/fr\/conseiller\/"},{"@type":"ListItem","position":3,"name":"H\u00e9ritages et in\u00e9galit\u00e9s sociales"}]},{"@type":"WebSite","@id":"https:\/\/www.deinadieu.ch\/fr\/#website","url":"https:\/\/www.deinadieu.ch\/fr\/","name":"DeinAdieu.ch","description":"Testament, Patientenverf\u00fcgung und Vorsorgeauftrag","publisher":{"@id":"https:\/\/www.deinadieu.ch\/fr\/#organization"},"potentialAction":[{"@type":"SearchAction","target":{"@type":"EntryPoint","urlTemplate":"https:\/\/www.deinadieu.ch\/fr\/?s={search_term_string}"},"query-input":{"@type":"PropertyValueSpecification","valueRequired":true,"valueName":"search_term_string"}}],"inLanguage":"fr-FR"},{"@type":"Organization","@id":"https:\/\/www.deinadieu.ch\/fr\/#organization","name":"EMNA Web GmbH","url":"https:\/\/www.deinadieu.ch\/fr\/","logo":{"@type":"ImageObject","inLanguage":"fr-FR","@id":"https:\/\/www.deinadieu.ch\/fr\/#\/schema\/logo\/image\/","url":"https:\/\/www.deinadieu.ch\/wp-content\/uploads\/2016\/01\/DeinAdieu_Logo.png","contentUrl":"https:\/\/www.deinadieu.ch\/wp-content\/uploads\/2016\/01\/DeinAdieu_Logo.png","width":300,"height":117,"caption":"EMNA Web GmbH"},"image":{"@id":"https:\/\/www.deinadieu.ch\/fr\/#\/schema\/logo\/image\/"},"sameAs":["https:\/\/www.facebook.com\/deinadieu","https:\/\/x.com\/DeinAdieu","https:\/\/www.instagram.com\/deinadieu\/","https:\/\/www.linkedin.com\/company\/deinadieu.ch"]}]}},"_links":{"self":[{"href":"https:\/\/www.deinadieu.ch\/fr\/wp-json\/wp\/v2\/ratgeber\/74524","targetHints":{"allow":["GET"]}}],"collection":[{"href":"https:\/\/www.deinadieu.ch\/fr\/wp-json\/wp\/v2\/ratgeber"}],"about":[{"href":"https:\/\/www.deinadieu.ch\/fr\/wp-json\/wp\/v2\/types\/ratgeber"}],"author":[{"embeddable":true,"href":"https:\/\/www.deinadieu.ch\/fr\/wp-json\/wp\/v2\/users\/6045"}],"replies":[{"embeddable":true,"href":"https:\/\/www.deinadieu.ch\/fr\/wp-json\/wp\/v2\/comments?post=74524"}],"version-history":[{"count":6,"href":"https:\/\/www.deinadieu.ch\/fr\/wp-json\/wp\/v2\/ratgeber\/74524\/revisions"}],"predecessor-version":[{"id":74793,"href":"https:\/\/www.deinadieu.ch\/fr\/wp-json\/wp\/v2\/ratgeber\/74524\/revisions\/74793"}],"wp:featuredmedia":[{"embeddable":true,"href":"https:\/\/www.deinadieu.ch\/fr\/wp-json\/wp\/v2\/media\/68945"}],"wp:attachment":[{"href":"https:\/\/www.deinadieu.ch\/fr\/wp-json\/wp\/v2\/media?parent=74524"}],"wp:term":[{"taxonomy":"post_tag","embeddable":true,"href":"https:\/\/www.deinadieu.ch\/fr\/wp-json\/wp\/v2\/tags?post=74524"},{"taxonomy":"ratgeber-category","embeddable":true,"href":"https:\/\/www.deinadieu.ch\/fr\/wp-json\/wp\/v2\/ratgeber-category?post=74524"}],"curies":[{"name":"wp","href":"https:\/\/api.w.org\/{rel}","templated":true}]}}