{"id":68021,"date":"2024-06-18T07:30:00","date_gmt":"2024-06-18T05:30:00","guid":{"rendered":"https:\/\/www.deinadieu.ch\/ratgeber\/liquider-le-logement-en-cas-de-deces\/"},"modified":"2024-09-17T11:14:06","modified_gmt":"2024-09-17T09:14:06","slug":"liquider-le-logement-en-cas-de-deces","status":"publish","type":"ratgeber","link":"https:\/\/www.deinadieu.ch\/fr\/conseiller\/liquider-le-logement-en-cas-de-deces\/","title":{"rendered":"R\u00e9silier le logement en cas de d\u00e9c\u00e8s"},"content":{"rendered":"\n<p>Apr\u00e8s le d\u00e9c\u00e8s d&#8217;un \u00eatre cher, il reste souvent beaucoup de choses administratives \u00e0 g\u00e9rer, comme par exemple la r\u00e9siliation du bail du logement. Il est important de r\u00e9silier le bail du logement \u00e0 temps. Le d\u00e9c\u00e8s n&#8217;entra\u00eene pas une r\u00e9siliation automatique.<\/p>\n\n<!--more-->\n\n<div class=\"wp-block-create-block-deinadieu-simple\">\n<div class=\"wp-block-group da-pull has-lightgrey-background-color has-background is-layout-flow wp-block-group-is-layout-flow\" style=\"border-top-color:var(--wp--preset--color--da-dark);border-top-width:4px;padding-right:3rem;padding-left:3rem\">\n<h2 class=\"wp-block-heading\" id=\"h-das-wichtigste-in-kurze\">L&#8217;essentiel en bref :<\/h2>\n\n\n\n<ul class=\"wp-block-list is-style-default\">\n<li>Lorsque la ou le <strong>locataire d&#8217;un logement d\u00e9c\u00e8de, le contrat de bail ne prend pas fin automatiquement<\/strong>. Les h\u00e9riti\u00e8res et h\u00e9ritiers disposent toutefois d&#8217;un <strong>droit de r\u00e9siliation (extraordinaire)<\/strong>. Ils peuvent r\u00e9silier ensemble le contrat de bail pour le prochain terme possible, en respectant le d\u00e9lai l\u00e9gal.<\/li>\n\n\n\n<li>Les h\u00e9riti\u00e8res et h\u00e9ritiers doivent <strong>lib\u00e9rer le logement d&#8217;ici \u00e0 l&#8217;\u00e9ch\u00e9ance du d\u00e9lai de r\u00e9siliation<\/strong> et le restituer dans l&#8217;\u00e9tat pr\u00e9vu par le contrat (meubl\u00e9\/non meubl\u00e9, nettoy\u00e9, etc.). Si le partage de la succession n&#8217;est pas encore termin\u00e9 \u00e0 ce moment-l\u00e0, il se peut qu&#8217;un lieu soit n\u00e9cessaire pour <strong>conserver les biens de la succession dans l&#8217;intervalle<\/strong>.<\/li>\n\n\n\n<li>Les loyers encore dus ainsi que les <strong>frais<\/strong> d&#8217;\u00e9vacuation du logement sont en principe support\u00e9s <strong>par la communaut\u00e9 h\u00e9r\u00e9ditaire au moyen des fonds successoraux<\/strong>. Les h\u00e9riti\u00e8res et h\u00e9ritiers peuvent toutefois convenir d&#8217;autre chose, p. ex. si l&#8217;un d&#8217;entre eux souhaite emm\u00e9nager dans le logement.<\/li>\n<\/ul>\n<\/div>\n<\/div>\n\n<h2 class=\"wp-block-heading\">Qu&#8217;advient-il d&#8217;un logement en cas de d\u00e9c\u00e8s de la ou du locataire ?<\/h2>\n\n<p>Certains <a href=\"https:\/\/www.deinadieu.ch\/fr\/conseiller\/resilier-les-contrats-en-cas-de-deces-est-ce-que-les-contrats-prennent-fin-automatiquement\/\">contrats<\/a> de dur\u00e9e deviennent caducs de plein droit au d\u00e9c\u00e8s de l&#8217;une des parties (p. ex. un mandat). Ce n&#8217;est pas le cas du <a href=\"https:\/\/www.deinadieu.ch\/fr\/conseiller\/liquider-le-logement-en-cas-de-deces\/\">contrat de bail<\/a> : en mati\u00e8re de <strong>bail, le d\u00e9c\u00e8s n&#8217;entra\u00eene pas automatiquement la r\u00e9siliation<\/strong> du contrat. Au contraire, les droits et les obligations d\u00e9coulant du contrat de bail <strong>sont transmis aux h\u00e9riti\u00e8res et h\u00e9ritiers<\/strong>. Le droit le plus important est celui d&#8217;utiliser la chose lou\u00e9e conform\u00e9ment \u00e0 ce qui a \u00e9t\u00e9 convenu dans le contrat. Dans le cas d&#8217;un appartement ou d&#8217;une maison, cela signifie y vivre, l&#8217;am\u00e9nager avec des meubles, etc. L&#8217;obligation la plus importante est celle de payer le loyer fix\u00e9 dans le contrat (plus les \u00e9ventuelles charges).<\/p>\n\n<p>Or, on ne peut pas simplement partir du principe que les h\u00e9riti\u00e8res et h\u00e9ritiers du locataire ont int\u00e9r\u00eat \u00e0 entrer dans le contrat de bail \u2013 apr\u00e8s tout, ils ont g\u00e9n\u00e9ralement d\u00e9j\u00e0 leur propre logement. C&#8217;est pourquoi ils disposent d&#8217;un <strong>droit de r\u00e9siliation extraordinaire<\/strong>, de sorte qu&#8217;ils peuvent r\u00e9silier le bail pour le prochain terme l\u00e9gal en respectant le d\u00e9lai de r\u00e9siliation l\u00e9gal. Cela vaut m\u00eame si le contrat de bail ne permet qu&#8217;une r\u00e9siliation ult\u00e9rieure. Il arrive cependant \u00e9galement que le contrat de bail permette de r\u00e9silier le bail du logement plus t\u00f4t que ne le pr\u00e9voit le droit du bail \u00e0 loyer. Il est donc important de <strong>lire attentivement le contrat<\/strong> et de demander un <strong><a href=\"https:\/\/www.deinadieu.ch\/fr\/premiere-consultation-gratuite\/\">conseil juridique<\/a><\/strong> si n\u00e9cessaire.<\/p>\n\n<p>Le droit de r\u00e9siliation extraordinaire s&#8217;applique aussi bien aux ayants droit d&#8217;un.e locataire unique qu&#8217;aux \u00e9ventuels co-locataires. Ainsi, si <strong>plusieurs personnes<\/strong> sont parties \u00e0 un contrat de bail (par exemple une <a href=\"https:\/\/www.deinadieu.ch\/fr\/conseiller\/la-communaute-hereditaire-quand-et-pourquoi\/\">communaut\u00e9 h\u00e9r\u00e9ditaire<\/a> ou des personnes qui ont sign\u00e9 ensemble le contrat de bail), elles doivent d\u00e9cider \u00e0 l&#8217;unanimit\u00e9 de r\u00e9silier le bail et <strong>le faire savoir conjointement au bailleur ou \u00e0 la bailleresse<\/strong>. Un ex\u00e9cuteur testamentaire ou une repr\u00e9sentante des h\u00e9riti\u00e8res et h\u00e9ritiers peut \u00e9galement \u00eatre habilit\u00e9.e \u00e0 r\u00e9silier le bail au nom de la communaut\u00e9 h\u00e9r\u00e9ditaire.<\/p>\n\n<p>Attention : S&#8217;il s&#8217;agit d&#8217;un <strong>logement de familile<\/strong>, le <a href=\"https:\/\/www.deinadieu.ch\/ratgeber\/vorrechte-des-ehepartners\/\">conjoint<\/a> ou la <a href=\"https:\/\/www.deinadieu.ch\/fr\/conseiller\/le-mariage-pour-tous-le-mariage-entre-personnes-de-meme-sexe-et-ses-consequences-juridiques\/\">partenaire enregistr\u00e9e<\/a> survivant.e doit donner son accord \u00e0 la r\u00e9siliation m\u00eame s&#8217;il ou elle n&#8217;est ni h\u00e9ritier ou h\u00e9riti\u00e8re, ni partie au contrat de bail.<\/p>\n\n<p>En outre, vous avez toujours la possibilit\u00e9 de <strong>proposer un nouveau locataire<\/strong> qui ne saurait \u00eatre raisonnablement refus\u00e9. Si vous en trouvez un, vous pouvez vous retirer du contrat de bail sans avoir \u00e0 respecter les d\u00e9lais et termes de r\u00e9siliation. Il peut donc \u00e9galement \u00eatre int\u00e9ressant de chercher un nouveau locataire parmi vos proches, vos amis et vos connaissances ou via des plateformes d&#8217;\u00e9change.<\/p>\n\n<h2 class=\"wp-block-heading\">Comment fonctionne la r\u00e9siliation du contrat de bail ?<\/h2>\n\n<p>Bien que l&#8217;avis de r\u00e9siliation ne soit pas soumis \u00e0 une forme particuli\u00e8re, il est recommand\u00e9, pour des raisons de preuve, de l&#8217;envoyer par \u00e9crit, c&#8217;est-\u00e0-dire <strong>sign\u00e9 par toutes les personnes impliqu\u00e9es du c\u00f4t\u00e9 du locataire et par courrier recommand\u00e9<\/strong>. Vous pouvez \u00e9galement vous inspirer du <a href=\"https:\/\/www.deinadieu.ch\/fr\/contrats-modeles-de-lettres\/\">mod\u00e8le de r\u00e9siliation d&#8217;un contrat de bail<\/a> propos\u00e9 par DeinAdieu.ch.<\/p>\n\n<p>La r\u00e9ception de l&#8217;avis de r\u00e9siliation par le bailleur ou la bailleresse d\u00e9clenche le <strong>d\u00e9lai de cong\u00e9<\/strong>. Pour les immeubles d&#8217;habitation, il est de <strong>trois mois pour le terme fix\u00e9 par l&#8217;usage local<\/strong>, alors que, pour les autres immeubles et les locaux commerciaux, il est g\u00e9n\u00e9ralement de trois \u00e0 six mois. Les termes de r\u00e9siliation usuels sont fix\u00e9s par le <strong>droit cantonal<\/strong> et peuvent \u00eatre obtenus aupr\u00e8s des organisations de protection des locataires (voir p. ex. : <a href=\"https:\/\/www.newhome.ch\/blog\/de\/mieten\/mietrecht\/kuendigung-mietvertrag\/wohnungskuendigung-welche-fristen-und-kuendigungstermine-gelten\/\" target=\"_blank\" rel=\"noreferrer noopener\">Newhome.ch &#8211; R\u00e9siliation du bail \u00e0 loyer : Quels sont les d\u00e9lais et les termes de r\u00e9siliation applicables ?) <\/a><\/p>\n\n<p><em>Voici un exemple de <strong>calcul du d\u00e9lai et du terme de r\u00e9siliation<\/strong> : Anna vivait seule dans un appartement \u00e0 Zurich depuis le d\u00e9c\u00e8s de son mari. A son d\u00e9c\u00e8s, d\u00e9but d\u00e9cembre 2023, elle laisse un fils et une fille, qui sont \u00e9galement ses seuls h\u00e9ritiers. Apr\u00e8s le d\u00e9c\u00e8s d&#8217;Anna, les enfants se mettent d&#8217;accord pour r\u00e9silier le contrat de bail de l&#8217;appartement d\u00e8s que possible. A Zurich, il y a deux termes de r\u00e9siliation fix\u00e9s par l&#8217;usage local, \u00e0 savoir le le 31 mars et le 30 septembre. Afin d&#8217;\u00e9viter que le contrat de bail ne se poursuive jusqu&#8217;au 30 septembre 2024, le courrier de r\u00e9siliation (sign\u00e9 par les deux enfants) doit parvenir au bailleur ou \u00e0 la bailleresse au plus tard le 31 d\u00e9cembre 2023.   Ce n&#8217;est pas la date de la signature ou de l&#8217;envoi postal qui est d\u00e9terminante, mais la date \u00e0 laquelle il est prouv\u00e9 que la r\u00e9siliation est parvenue au bailleur ou \u00e0 la bailleresse.<\/em><\/p>\n\n<p>Attention : il n&#8217;est pas toujours judicieux de r\u00e9silier le bail du logement (comme dans cet exemple) le plus rapidement possible. Il ne faut pas oublier que le <a href=\"https:\/\/www.deinadieu.ch\/fr\/conseiller\/le-chemin-vers-lheritage-comment-fonctionne-le-partage-successoral\/\">partage de la succession<\/a> prend souvent plusieurs mois, voire plusieurs ann\u00e9es, et qu&#8217;au d\u00e9but, on ne sait g\u00e9n\u00e9ralement pas du tout quels sont les actifs successoraux et les dispositions pour cause de mort. S&#8217;il existe des <strong>testaments<\/strong>, ils doivent \u00eatre remis \u00e0 l&#8217;autorit\u00e9 cantonale comp\u00e9tente et <a href=\"https:\/\/www.deinadieu.ch\/fr\/conseiller\/louverture-du-testament-et-le-certificat-dheritier\/\">notifi\u00e9s<\/a> aux h\u00e9riti\u00e8res et h\u00e9ritiers pour qu&#8217;ils puissent d\u00e9ployer correctement leurs effets. C&#8217;est pourquoi \u2013 en fonction de la situation personnelle et des termes de r\u00e9siliation selon l&#8217;usage local \u2013 il est <strong>parfois pr\u00e9f\u00e9rable de conserver le logement pendant quelques mois<\/strong> et de prendre le temps de dresser l&#8217;<a href=\"https:\/\/www.deinadieu.ch\/fr\/conseiller\/linventaire-public-le-bilan-du-defunt\/\">inventaire successoral<\/a> et de proc\u00e9der \u00e0 la liquidation de la succession, plut\u00f4t que de vider le logement de mani\u00e8re pr\u00e9cipit\u00e9e et de jeter ainsi possiblement des objets importants de la succession.<\/p>\n\n<p>Une <strong>alternative<\/strong> \u00e0 la poursuite de la location ou \u00e0 l&#8217;\u00e9limination des objets de la succession peut \u00e9galement \u00eatre de conserver ceux-ci dans un <strong>espace de stockage <a href=\"https:\/\/www.selfstorages.ch\/selfstorage-kosten\" target=\"_blank\" rel=\"noreferrer noopener\">en libre service<\/a><\/strong> entre la lib\u00e9ration du logement et le <a href=\"https:\/\/www.deinadieu.ch\/fr\/conseiller\/le-chemin-vers-lheritage-comment-fonctionne-le-partage-successoral\/\">partage de la succession<\/a>. Ce type d&#8217;entrep\u00f4t n&#8217;entra\u00eene pas de frais importants de chauffage, d&#8217;eau ou d&#8217;\u00e9lectricit\u00e9 et peut donc s&#8217;av\u00e9rer nettement plus avantageux que la poursuite du bail du logement.<\/p>\n\n<h2 class=\"wp-block-heading\">Quand et comment le logement peut-il ou doit-il \u00eatre lib\u00e9r\u00e9 ?<\/h2>\n\n<p>Si la r\u00e9siliation a \u00e9t\u00e9 valablement effectu\u00e9e, l&#8217;\u00e9tape suivante consiste \u00e0 veiller \u00e0 ce que le <strong>logement puisse \u00eatre remis dans les d\u00e9lais et dans l&#8217;\u00e9tat pr\u00e9vu par le contrat<\/strong>. En particulier si la personne d\u00e9c\u00e9d\u00e9e a v\u00e9cu longtemps dans son dernier logement ou y a laiss\u00e9 de nombreux biens, la dissolution du m\u00e9nage ou l&#8217;<a href=\"https:\/\/www.deinadieu.ch\/ratgeber\/wohnungsaufloesung-im-todesfall-wohin-mit-den-sachen\/\">\u00e9vacuation du logement<\/a> peut engendrer un <strong>travail<\/strong> consid\u00e9rable. Les h\u00e9riti\u00e8res et h\u00e9ritiers ne peuvent pas toujours s&#8217;en charger eux-m\u00eames, surtout s&#8217;ils travaillent ou s&#8217;ils habitent loin.<\/p>\n\n<p>Dans de tels cas, il peut \u00eatre judicieux de recourir aux <strong>services d&#8217;entreprises<\/strong> sp\u00e9cialis\u00e9es dans l&#8217;\u00e9vacuation de logements. Elles aident \u00e0 \u00e9vacuer le mobilier et peuvent m\u00eame en reprendre une partie (\u00e9ventuellement contre une indemnit\u00e9) ; les vendeurs d&#8217;articles d&#8217;occasion (\u00ab <a href=\"https:\/\/www.brockisearch.ch\/brockenhaeuser\/\">brocantes<\/a> \u00bb) se chargent parfois m\u00eame gratuitement de l&#8217;\u00e9vacuation dans l&#8217;espoir de pouvoir revendre les objets plus tard. Il est souvent recommand\u00e9 de <strong>comparer les prestataires<\/strong>, de <strong>visiter avec eux le logement \u00e0 vider et de leur demander des offres<\/strong>. Dans le <a href=\"https:\/\/www.brockisearch.ch\/brockenhaeuser\/\" target=\"_blank\" rel=\"noreferrer noopener\">r\u00e9pertoire des services<\/a> de DeinAdieu.ch, vous trouverez diff\u00e9rentes offres concernant le d\u00e9m\u00e9nagement et le nettoyage des logements.<\/p>\n\n<p>Cependant, tout n&#8217;est pas r\u00e9cup\u00e9rable et certains objets ne seront pas non plus \u00e9vacu\u00e9s par les entreprises de d\u00e9barras. S&#8217;agissant des d\u00e9chets encombrants et des autres objets m\u00e9nagers (p. ex. cass\u00e9s ou v\u00e9tustes), les h\u00e9riti\u00e8res et h\u00e9ritiers, en tant que nouveaux propri\u00e9taires, sont responsables de leur <strong>correcte \u00e9limination<\/strong> :<\/p>\n\n<ul class=\"wp-block-list\">\n<li>Les appareils \u00e9lectriques, les luminaires, la ferraille, la verrerie et le papier ou les cartons peuvent souvent \u00eatre retourn\u00e9s gratuitement dans les <strong>centres de collecte de recyclage<\/strong>.<\/li>\n\n\n\n<li>Les meubles encombrants, les tapis, etc. peuvent \u00eatre d\u00e9pos\u00e9s dans la rue avec une \u00e9tiquette pour objets encombrants et \u00eatre ensuite emport\u00e9s par le <strong>service de collecte des ordures m\u00e9nag\u00e8res<\/strong>.<\/li>\n\n\n\n<li>Les v\u00eatements peuvent \u00eatre donn\u00e9s gratuitement aux <a href=\"https:\/\/www.texaid.ch\/de\/\" target=\"_blank\" rel=\"noreferrer noopener\">centres de collecte TEXAID <\/a> en vue d&#8217;une utilisation durable et sociale. Les v\u00eatements qui sont en bon \u00e9tat sont trait\u00e9s dans la mesure du n\u00e9cessaire et <strong>remis ensuite \u00e0 des personnes dans le besoin<\/strong>.<\/li>\n<\/ul>\n\n<p>Le guide des d\u00e9chets de la commune de domicile et le <a href=\"https:\/\/www.bafu.admin.ch\/bafu\/de\/home\/themen\/abfall\/abfallwegweiser-a-z.html\" target=\"_blank\" rel=\"noreferrer noopener\">guide des d\u00e9chets de l&#8217;Office f\u00e9d\u00e9ral de l&#8217;environnement<\/a> (OFEV), notamment, fournissent de plus amples informations sur l&#8217;\u00e9limination des d\u00e9chets.<\/p>\n\n<h2 class=\"wp-block-heading\">Qui paie les frais d&#8217;\u00e9vacuation du logement ?<\/h2>\n\n<p>Les frais de liquidation du logement apr\u00e8s un d\u00e9c\u00e8s sont des <strong>d\u00e9penses \u00e9troitement li\u00e9es \u00e0 la succession<\/strong>. Ces frais comprennent \u00e9galement les loyers impay\u00e9s, les frais d&#8217;\u00e9vacuation et les \u00e9ventuelles pr\u00e9tentions du bailleur ou de la bailleresse \u00e0 des dommages-int\u00e9r\u00eats pour usure ou dommages. Ils sont <strong>en principe support\u00e9s solidairement par la <a href=\"https:\/\/www.deinadieu.ch\/ratgeber\/hinterlassenschaft-erbschaft-nachlass-was-ist-das\/\">succession<\/a> ou la <a href=\"https:\/\/www.deinadieu.ch\/fr\/conseiller\/comment-et-quand-puis-je-dissoudre-une-communaute-hereditaire\/\">communaut\u00e9 h\u00e9r\u00e9ditaire<\/a><\/strong>. Cela signifie que chaque h\u00e9riti\u00e8re et chaque h\u00e9ritier prend en charge la part des frais qui correspond \u00e0 sa part successorale.<\/p>\n\n<p>Il est toutefois \u00e9galement possible de conclure des accords diff\u00e9rents : si par exemple une h\u00e9riti\u00e8re emm\u00e9nage dans le logement du d\u00e9funt, il peut \u00eatre justifi\u00e9 qu&#8217;elle prenne en charge, dans les rapports internes, la majeure partie ou la totalit\u00e9 des frais li\u00e9s au logement. Cependant, cela ne change rien au fait que, vis-\u00e0-vis des tiers \u2013 c\u2019est-\u00e0-dire par exemple du bailleur ou de la bailleresse ou de l\u2019entreprise charg\u00e9e de l\u2019\u00e9vacuation \u2013, tous les h\u00e9ritiers et h\u00e9riti\u00e8res <strong><a href=\"https:\/\/www.deinadieu.ch\/ratgeber\/erbe-ausschlagen\/\">r\u00e9pondent conjointement<\/a><\/strong> et peuvent \u00eatre poursuivis <strong>individuellement pour la totalit\u00e9 du montant<\/strong>. Ils doivent alors <strong>se retourner<\/strong> \u00e0 l&#8217;interne contre leurs coh\u00e9ritiers pour les montants avanc\u00e9s. Ainsi, par exemple, si sur trois enfants, une fille emm\u00e9nage dans le logement du d\u00e9funt mais ne paie pas le loyer, le bailleur peut ouvrir action contre les trois enfants. Les deux autres enfants doivent alors (\u00e9galement) payer et faire valoir ult\u00e9rieurement contre la fille qu&#8217;ils lui ont \u00ab avanc\u00e9 \u00bb les loyers et qu&#8217;ils souhaitent en obtenir le remboursement.<\/p>\n\n<h2 class=\"wp-block-heading\">Ce \u00e0 quoi vous pourriez ou devriez penser :<\/h2>\n\n<ul class=\"wp-block-list\">\n<li>Souhaitez-vous <strong>inspecter et vider vous-m\u00eame<\/strong> le logement de la personne d\u00e9c\u00e9d\u00e9e ou pr\u00e9f\u00e9rez-vous charger quelqu&#8217;un de l&#8217;inventaire et de l&#8217;\u00e9vacuation du logement ?<\/li>\n\n\n\n<li>Y a-t-il dans le logement des objets qui ont une <strong>valeur sentimentale<\/strong> particuli\u00e8re et que vous souhaitez conserver ? Y a-t-il des objets qui se pr\u00eatent mieux \u00e0 la <strong>vente<\/strong> ? Existe-t-il \u00e9ventuellement <strong>des objets de valeur<\/strong> cach\u00e9s ou conserv\u00e9s dans un coffre-fort ?<\/li>\n\n\n\n<li>Que pr\u00e9voit le <strong>contrat de bail<\/strong> en cas de d\u00e9c\u00e8s du ou de la locataire ? Le cas \u00e9ch\u00e9ant, est-ce que quelque chose a \u00e9t\u00e9 <strong>convenu<\/strong> avec le bailleur ou la bailleresse en plus du contrat ?<\/li>\n\n\n\n<li>Quels sont les <strong>termes l\u00e9gaux<\/strong> applicables au lieu o\u00f9 se trouve le logement dont on souhaite r\u00e9silier le bail ? Existe-t-il des <strong>possibilit\u00e9s de r\u00e9siliation particuli\u00e8res<\/strong> dans le canton du lieu de situation du logement ?<\/li>\n\n\n\n<li>Tous les h\u00e9ritiers et h\u00e9riti\u00e8res et toutes les parties contractantes sont-ils <strong>d&#8217;accord pour r\u00e9silier le bail du logement<\/strong> et sont-ils pr\u00eats \u00e0 signer l&#8217;avis de r\u00e9siliation ?<\/li>\n<\/ul>\n\n<div style=\"height:30px\" aria-hidden=\"true\" class=\"wp-block-spacer\"><\/div>\n\n<div class=\"wp-block-buttons is-layout-flex wp-block-buttons-is-layout-flex\">\n<div class=\"wp-block-button\"><a class=\"wp-block-button__link wp-element-button\" href=\"https:\/\/app.deinadieu.ch\/testament\">Vers l&#8217;Assistant testamentaire<\/a><\/div>\n<\/div>\n\n<h2 class=\"wp-block-heading\" id=\"h-das-konnte-sie-auch-interessieren\">Ceci pourrait \u00e9galement vous int\u00e9resser :<\/h2>\n\n<ul class=\"wp-block-list\">\n<li><a href=\"https:\/\/www.deinadieu.ch\/fr\/conseiller\/liquider-le-logement-en-cas-de-deces\/\">R\u00e9siliation du contrat de bail en cas de d\u00e9c\u00e8s<\/a><\/li>\n\n\n\n<li><a href=\"https:\/\/www.deinadieu.ch\/fr\/conseiller\/resilier-les-contrats-en-cas-de-deces-est-ce-que-les-contrats-prennent-fin-automatiquement\/\">Les contrats prennent-ils fin automatiquement en cas de d\u00e9c\u00e8s ?<\/a><\/li>\n\n\n\n<li><a href=\"https:\/\/www.deinadieu.ch\/fr\/conseiller\/obligation-dannoncer-que-faire-en-cas-de-deces\/\">Obligations apr\u00e8s le d\u00e9c\u00e8s \u2013 Quand et \u00e0 qui dois-je annoncer le d\u00e9c\u00e8s ?<\/a><\/li>\n\n\n\n<li><a href=\"https:\/\/www.deinadieu.ch\/faq\/wann-darf-man-die-wohnung-einer-verstorbenen-person-raeumen\/\">Quand puis-je vider le logement d&#8217;une personne d\u00e9c\u00e9d\u00e9e ?<\/a><\/li>\n\n\n\n<li><a href=\"https:\/\/www.deinadieu.ch\/fr\/faq\/qui-paie-levacuation-du-logement-apres-un-deces\/\">Qui paie l&#8217;expulsion du logement en cas de d\u00e9c\u00e8s ?<\/a><\/li>\n<\/ul>\n","protected":false},"excerpt":{"rendered":"<p>Apr\u00e8s le d\u00e9c\u00e8s d&#8217;un \u00eatre cher, il reste souvent beaucoup de choses administratives \u00e0 g\u00e9rer, comme par exemple la r\u00e9siliation du bail du logement. Il est important de r\u00e9silier le bail du logement \u00e0 temps. Le d\u00e9c\u00e8s n&#8217;entra\u00eene pas une r\u00e9siliation automatique.<\/p>\n","protected":false},"author":2398,"featured_media":37100,"menu_order":0,"comment_status":"open","ping_status":"closed","template":"","tags":[],"ratgeber-category":[2093,2997,3004],"class_list":["post-68021","ratgeber","type-ratgeber","status-publish","has-post-thumbnail","hentry","ratgeber-category-deces","ratgeber-category-en-cas-de-deces","ratgeber-category-maison-habitat-domaines-juridiques"],"acf":[],"yoast_head":"<title>R\u00e9siliation du bail en cas de d\u00e9c\u00e8s - Que faut-il faire ?<\/title>\n<meta name=\"description\" content=\"Le d\u00e9c\u00e8s n&#039;entra\u00eene pas automatiquement la r\u00e9siliation du bail. Qu&#039;advient-il du appartement d&#039;une personne d\u00e9c\u00e9d\u00e9e et quel est le d\u00e9lai de pr\u00e9avis ? Pour en savoir plus, cliquez ici.\" \/>\n<meta name=\"robots\" content=\"index, follow, max-snippet:-1, max-image-preview:large, max-video-preview:-1\" \/>\n<link rel=\"canonical\" href=\"https:\/\/www.deinadieu.ch\/fr\/conseiller\/liquider-le-logement-en-cas-de-deces\/\" \/>\n<meta property=\"og:locale\" content=\"fr_FR\" \/>\n<meta property=\"og:type\" content=\"article\" \/>\n<meta property=\"og:title\" content=\"R\u00e9silier le logement en cas de d\u00e9c\u00e8s\" \/>\n<meta property=\"og:description\" content=\"Apr\u00e8s le d\u00e9c\u00e8s d&#039;un \u00eatre cher, il reste souvent beaucoup de choses administratives \u00e0 g\u00e9rer, comme par exemple la r\u00e9siliation du bail du logement. Il est\" \/>\n<meta property=\"og:url\" content=\"https:\/\/www.deinadieu.ch\/fr\/conseiller\/liquider-le-logement-en-cas-de-deces\/\" \/>\n<meta property=\"og:site_name\" content=\"DeinAdieu.ch\" \/>\n<meta property=\"article:publisher\" content=\"https:\/\/www.facebook.com\/deinadieu\" \/>\n<meta property=\"article:modified_time\" content=\"2024-09-17T09:14:06+00:00\" \/>\n<meta property=\"og:image\" content=\"https:\/\/static.deinadieu.ch\/uploads\/2017\/08\/Rat_Wohnungskundigung.jpg\" \/>\n\t<meta property=\"og:image:width\" content=\"1077\" \/>\n\t<meta property=\"og:image:height\" content=\"719\" \/>\n\t<meta property=\"og:image:type\" content=\"image\/jpeg\" \/>\n<meta name=\"twitter:card\" content=\"summary_large_image\" \/>\n<meta name=\"twitter:site\" content=\"@DeinAdieu\" \/>\n<meta name=\"twitter:label1\" content=\"Est. reading time\" \/>\n\t<meta name=\"twitter:data1\" content=\"11 minutes\" \/>\n<script type=\"application\/ld+json\" class=\"yoast-schema-graph\">{\"@context\":\"https:\\\/\\\/schema.org\",\"@graph\":[{\"@type\":\"WebPage\",\"@id\":\"https:\\\/\\\/www.deinadieu.ch\\\/fr\\\/conseiller\\\/liquider-le-logement-en-cas-de-deces\\\/\",\"url\":\"https:\\\/\\\/www.deinadieu.ch\\\/fr\\\/conseiller\\\/liquider-le-logement-en-cas-de-deces\\\/\",\"name\":\"R\u00e9siliation du bail en cas de d\u00e9c\u00e8s - Que faut-il faire ?\",\"isPartOf\":{\"@id\":\"https:\\\/\\\/www.deinadieu.ch\\\/fr\\\/#website\"},\"primaryImageOfPage\":{\"@id\":\"https:\\\/\\\/www.deinadieu.ch\\\/fr\\\/conseiller\\\/liquider-le-logement-en-cas-de-deces\\\/#primaryimage\"},\"image\":{\"@id\":\"https:\\\/\\\/www.deinadieu.ch\\\/fr\\\/conseiller\\\/liquider-le-logement-en-cas-de-deces\\\/#primaryimage\"},\"thumbnailUrl\":\"https:\\\/\\\/www.deinadieu.ch\\\/wp-content\\\/uploads\\\/2017\\\/08\\\/Rat_Wohnungskundigung.jpg\",\"datePublished\":\"2024-06-18T05:30:00+00:00\",\"dateModified\":\"2024-09-17T09:14:06+00:00\",\"description\":\"Le d\u00e9c\u00e8s n'entra\u00eene pas automatiquement la r\u00e9siliation du bail. Qu'advient-il du appartement d'une personne d\u00e9c\u00e9d\u00e9e et quel est le d\u00e9lai de pr\u00e9avis ? Pour en savoir plus, cliquez ici.\",\"breadcrumb\":{\"@id\":\"https:\\\/\\\/www.deinadieu.ch\\\/fr\\\/conseiller\\\/liquider-le-logement-en-cas-de-deces\\\/#breadcrumb\"},\"inLanguage\":\"fr-FR\",\"potentialAction\":[{\"@type\":\"ReadAction\",\"target\":[\"https:\\\/\\\/www.deinadieu.ch\\\/fr\\\/conseiller\\\/liquider-le-logement-en-cas-de-deces\\\/\"]}]},{\"@type\":\"ImageObject\",\"inLanguage\":\"fr-FR\",\"@id\":\"https:\\\/\\\/www.deinadieu.ch\\\/fr\\\/conseiller\\\/liquider-le-logement-en-cas-de-deces\\\/#primaryimage\",\"url\":\"https:\\\/\\\/www.deinadieu.ch\\\/wp-content\\\/uploads\\\/2017\\\/08\\\/Rat_Wohnungskundigung.jpg\",\"contentUrl\":\"https:\\\/\\\/www.deinadieu.ch\\\/wp-content\\\/uploads\\\/2017\\\/08\\\/Rat_Wohnungskundigung.jpg\",\"width\":1077,\"height\":719,\"caption\":\"Il est important de r\u00e9silier le bail du logement \u00e0 temps. Le d\u00e9c\u00e8s n'entra\u00eene pas une r\u00e9siliation automatique. (Image : iStock)\"},{\"@type\":\"BreadcrumbList\",\"@id\":\"https:\\\/\\\/www.deinadieu.ch\\\/fr\\\/conseiller\\\/liquider-le-logement-en-cas-de-deces\\\/#breadcrumb\",\"itemListElement\":[{\"@type\":\"ListItem\",\"position\":1,\"name\":\"Home\",\"item\":\"https:\\\/\\\/www.deinadieu.ch\\\/fr\\\/deinadieu-dialog-und-serviceportal-zum-lebensende\\\/\"},{\"@type\":\"ListItem\",\"position\":2,\"name\":\"Ratgeber\",\"item\":\"https:\\\/\\\/www.deinadieu.ch\\\/fr\\\/conseiller\\\/\"},{\"@type\":\"ListItem\",\"position\":3,\"name\":\"R\u00e9silier le logement en cas de d\u00e9c\u00e8s\"}]},{\"@type\":\"WebSite\",\"@id\":\"https:\\\/\\\/www.deinadieu.ch\\\/fr\\\/#website\",\"url\":\"https:\\\/\\\/www.deinadieu.ch\\\/fr\\\/\",\"name\":\"DeinAdieu.ch\",\"description\":\"Testament, Patientenverf\u00fcgung und Vorsorgeauftrag\",\"publisher\":{\"@id\":\"https:\\\/\\\/www.deinadieu.ch\\\/fr\\\/#organization\"},\"potentialAction\":[{\"@type\":\"SearchAction\",\"target\":{\"@type\":\"EntryPoint\",\"urlTemplate\":\"https:\\\/\\\/www.deinadieu.ch\\\/fr\\\/?s={search_term_string}\"},\"query-input\":{\"@type\":\"PropertyValueSpecification\",\"valueRequired\":true,\"valueName\":\"search_term_string\"}}],\"inLanguage\":\"fr-FR\"},{\"@type\":\"Organization\",\"@id\":\"https:\\\/\\\/www.deinadieu.ch\\\/fr\\\/#organization\",\"name\":\"EMNA Web GmbH\",\"url\":\"https:\\\/\\\/www.deinadieu.ch\\\/fr\\\/\",\"logo\":{\"@type\":\"ImageObject\",\"inLanguage\":\"fr-FR\",\"@id\":\"https:\\\/\\\/www.deinadieu.ch\\\/fr\\\/#\\\/schema\\\/logo\\\/image\\\/\",\"url\":\"https:\\\/\\\/www.deinadieu.ch\\\/wp-content\\\/uploads\\\/2016\\\/01\\\/DeinAdieu_Logo.png\",\"contentUrl\":\"https:\\\/\\\/www.deinadieu.ch\\\/wp-content\\\/uploads\\\/2016\\\/01\\\/DeinAdieu_Logo.png\",\"width\":300,\"height\":117,\"caption\":\"EMNA Web GmbH\"},\"image\":{\"@id\":\"https:\\\/\\\/www.deinadieu.ch\\\/fr\\\/#\\\/schema\\\/logo\\\/image\\\/\"},\"sameAs\":[\"https:\\\/\\\/www.facebook.com\\\/deinadieu\",\"https:\\\/\\\/x.com\\\/DeinAdieu\",\"https:\\\/\\\/www.instagram.com\\\/deinadieu\\\/\",\"https:\\\/\\\/www.linkedin.com\\\/company\\\/deinadieu.ch\"]}]}<\/script>","yoast_head_json":{"title":"R\u00e9siliation du bail en cas de d\u00e9c\u00e8s - Que faut-il faire ?","description":"Le d\u00e9c\u00e8s n'entra\u00eene pas automatiquement la r\u00e9siliation du bail. Qu'advient-il du appartement d'une personne d\u00e9c\u00e9d\u00e9e et quel est le d\u00e9lai de pr\u00e9avis ? Pour en savoir plus, cliquez ici.","robots":{"index":"index","follow":"follow","max-snippet":"max-snippet:-1","max-image-preview":"max-image-preview:large","max-video-preview":"max-video-preview:-1"},"canonical":"https:\/\/www.deinadieu.ch\/fr\/conseiller\/liquider-le-logement-en-cas-de-deces\/","og_locale":"fr_FR","og_type":"article","og_title":"R\u00e9silier le logement en cas de d\u00e9c\u00e8s","og_description":"Apr\u00e8s le d\u00e9c\u00e8s d'un \u00eatre cher, il reste souvent beaucoup de choses administratives \u00e0 g\u00e9rer, comme par exemple la r\u00e9siliation du bail du logement. Il est","og_url":"https:\/\/www.deinadieu.ch\/fr\/conseiller\/liquider-le-logement-en-cas-de-deces\/","og_site_name":"DeinAdieu.ch","article_publisher":"https:\/\/www.facebook.com\/deinadieu","article_modified_time":"2024-09-17T09:14:06+00:00","og_image":[{"width":1077,"height":719,"url":"https:\/\/static.deinadieu.ch\/uploads\/2017\/08\/Rat_Wohnungskundigung.jpg","type":"image\/jpeg"}],"twitter_card":"summary_large_image","twitter_site":"@DeinAdieu","twitter_misc":{"Est. reading time":"11 minutes"},"schema":{"@context":"https:\/\/schema.org","@graph":[{"@type":"WebPage","@id":"https:\/\/www.deinadieu.ch\/fr\/conseiller\/liquider-le-logement-en-cas-de-deces\/","url":"https:\/\/www.deinadieu.ch\/fr\/conseiller\/liquider-le-logement-en-cas-de-deces\/","name":"R\u00e9siliation du bail en cas de d\u00e9c\u00e8s - Que faut-il faire ?","isPartOf":{"@id":"https:\/\/www.deinadieu.ch\/fr\/#website"},"primaryImageOfPage":{"@id":"https:\/\/www.deinadieu.ch\/fr\/conseiller\/liquider-le-logement-en-cas-de-deces\/#primaryimage"},"image":{"@id":"https:\/\/www.deinadieu.ch\/fr\/conseiller\/liquider-le-logement-en-cas-de-deces\/#primaryimage"},"thumbnailUrl":"https:\/\/www.deinadieu.ch\/wp-content\/uploads\/2017\/08\/Rat_Wohnungskundigung.jpg","datePublished":"2024-06-18T05:30:00+00:00","dateModified":"2024-09-17T09:14:06+00:00","description":"Le d\u00e9c\u00e8s n'entra\u00eene pas automatiquement la r\u00e9siliation du bail. Qu'advient-il du appartement d'une personne d\u00e9c\u00e9d\u00e9e et quel est le d\u00e9lai de pr\u00e9avis ? Pour en savoir plus, cliquez ici.","breadcrumb":{"@id":"https:\/\/www.deinadieu.ch\/fr\/conseiller\/liquider-le-logement-en-cas-de-deces\/#breadcrumb"},"inLanguage":"fr-FR","potentialAction":[{"@type":"ReadAction","target":["https:\/\/www.deinadieu.ch\/fr\/conseiller\/liquider-le-logement-en-cas-de-deces\/"]}]},{"@type":"ImageObject","inLanguage":"fr-FR","@id":"https:\/\/www.deinadieu.ch\/fr\/conseiller\/liquider-le-logement-en-cas-de-deces\/#primaryimage","url":"https:\/\/www.deinadieu.ch\/wp-content\/uploads\/2017\/08\/Rat_Wohnungskundigung.jpg","contentUrl":"https:\/\/www.deinadieu.ch\/wp-content\/uploads\/2017\/08\/Rat_Wohnungskundigung.jpg","width":1077,"height":719,"caption":"Il est important de r\u00e9silier le bail du logement \u00e0 temps. Le d\u00e9c\u00e8s n'entra\u00eene pas une r\u00e9siliation automatique. (Image : iStock)"},{"@type":"BreadcrumbList","@id":"https:\/\/www.deinadieu.ch\/fr\/conseiller\/liquider-le-logement-en-cas-de-deces\/#breadcrumb","itemListElement":[{"@type":"ListItem","position":1,"name":"Home","item":"https:\/\/www.deinadieu.ch\/fr\/deinadieu-dialog-und-serviceportal-zum-lebensende\/"},{"@type":"ListItem","position":2,"name":"Ratgeber","item":"https:\/\/www.deinadieu.ch\/fr\/conseiller\/"},{"@type":"ListItem","position":3,"name":"R\u00e9silier le logement en cas de d\u00e9c\u00e8s"}]},{"@type":"WebSite","@id":"https:\/\/www.deinadieu.ch\/fr\/#website","url":"https:\/\/www.deinadieu.ch\/fr\/","name":"DeinAdieu.ch","description":"Testament, Patientenverf\u00fcgung und Vorsorgeauftrag","publisher":{"@id":"https:\/\/www.deinadieu.ch\/fr\/#organization"},"potentialAction":[{"@type":"SearchAction","target":{"@type":"EntryPoint","urlTemplate":"https:\/\/www.deinadieu.ch\/fr\/?s={search_term_string}"},"query-input":{"@type":"PropertyValueSpecification","valueRequired":true,"valueName":"search_term_string"}}],"inLanguage":"fr-FR"},{"@type":"Organization","@id":"https:\/\/www.deinadieu.ch\/fr\/#organization","name":"EMNA Web GmbH","url":"https:\/\/www.deinadieu.ch\/fr\/","logo":{"@type":"ImageObject","inLanguage":"fr-FR","@id":"https:\/\/www.deinadieu.ch\/fr\/#\/schema\/logo\/image\/","url":"https:\/\/www.deinadieu.ch\/wp-content\/uploads\/2016\/01\/DeinAdieu_Logo.png","contentUrl":"https:\/\/www.deinadieu.ch\/wp-content\/uploads\/2016\/01\/DeinAdieu_Logo.png","width":300,"height":117,"caption":"EMNA Web GmbH"},"image":{"@id":"https:\/\/www.deinadieu.ch\/fr\/#\/schema\/logo\/image\/"},"sameAs":["https:\/\/www.facebook.com\/deinadieu","https:\/\/x.com\/DeinAdieu","https:\/\/www.instagram.com\/deinadieu\/","https:\/\/www.linkedin.com\/company\/deinadieu.ch"]}]}},"_links":{"self":[{"href":"https:\/\/www.deinadieu.ch\/fr\/wp-json\/wp\/v2\/ratgeber\/68021","targetHints":{"allow":["GET"]}}],"collection":[{"href":"https:\/\/www.deinadieu.ch\/fr\/wp-json\/wp\/v2\/ratgeber"}],"about":[{"href":"https:\/\/www.deinadieu.ch\/fr\/wp-json\/wp\/v2\/types\/ratgeber"}],"author":[{"embeddable":true,"href":"https:\/\/www.deinadieu.ch\/fr\/wp-json\/wp\/v2\/users\/2398"}],"replies":[{"embeddable":true,"href":"https:\/\/www.deinadieu.ch\/fr\/wp-json\/wp\/v2\/comments?post=68021"}],"version-history":[{"count":9,"href":"https:\/\/www.deinadieu.ch\/fr\/wp-json\/wp\/v2\/ratgeber\/68021\/revisions"}],"predecessor-version":[{"id":68456,"href":"https:\/\/www.deinadieu.ch\/fr\/wp-json\/wp\/v2\/ratgeber\/68021\/revisions\/68456"}],"wp:featuredmedia":[{"embeddable":true,"href":"https:\/\/www.deinadieu.ch\/fr\/wp-json\/wp\/v2\/media\/37100"}],"wp:attachment":[{"href":"https:\/\/www.deinadieu.ch\/fr\/wp-json\/wp\/v2\/media?parent=68021"}],"wp:term":[{"taxonomy":"post_tag","embeddable":true,"href":"https:\/\/www.deinadieu.ch\/fr\/wp-json\/wp\/v2\/tags?post=68021"},{"taxonomy":"ratgeber-category","embeddable":true,"href":"https:\/\/www.deinadieu.ch\/fr\/wp-json\/wp\/v2\/ratgeber-category?post=68021"}],"curies":[{"name":"wp","href":"https:\/\/api.w.org\/{rel}","templated":true}]}}