{"id":67056,"date":"2024-03-05T07:31:00","date_gmt":"2024-03-05T06:31:00","guid":{"rendered":"https:\/\/www.deinadieu.ch\/ratgeber\/les-prestations-complementaires-a-lavs-ai\/"},"modified":"2024-03-26T00:26:44","modified_gmt":"2024-03-25T23:26:44","slug":"les-prestations-complementaires-a-lavs-ai","status":"publish","type":"ratgeber","link":"https:\/\/www.deinadieu.ch\/fr\/conseiller\/les-prestations-complementaires-a-lavs-ai\/","title":{"rendered":"Les prestations compl\u00e9mentaires \u00e0 l&#8217;AVS\/AI"},"content":{"rendered":"\n<p>En Suisse, de nombreuses personnes ne peuvent pas couvrir leurs co\u00fbts de la vie minimaux avec leurs rentes AVS ou AI. Dans de tels cas, les prestations compl\u00e9mentaires (PC) doivent combler les lacunes financi\u00e8res. Cela soul\u00e8ve des questions : Quels sont les diff\u00e9rents types de prestations compl\u00e9mentaires ? Et qui peut les percevoir ?<\/p>\n\n<!--more-->\n\n<div class=\"wp-block-create-block-deinadieu-simple\">\n<div class=\"wp-block-group da-pull has-lightgrey-background-color has-background is-layout-flow wp-block-group-is-layout-flow\" style=\"border-top-color:var(--wp--preset--color--da-dark);border-top-width:4px;padding-right:3rem;padding-left:3rem\">\n<h2 class=\"wp-block-heading\" id=\"h-\">L&#8217;essentiel en bref<\/h2>\n\n\n\n<ul class=\"is-style-default wp-block-list\">\n<li>Les prestations compl\u00e9mentaires sont des prestations sous condition de ressources et font ainsi partie int\u00e9grante du financement des soins.<\/li>\n\n\n\n<li>Une demande de prestations compl\u00e9mentaires est n\u00e9cessaire. Les prestations compl\u00e9mentaires ne sont pas accord\u00e9es automatiquement.<\/li>\n\n\n\n<li>Toute personne ayant droit \u00e0 des prestations du 1er pilier (AVS\/AI) peut potentiellement demander des prestations compl\u00e9mentaires. Il faut en outre avoir davantage de d\u00e9penses reconnues par la loi que de recettes. Il doit donc qu&#8217;il y ait un solde n\u00e9gatif.<\/li>\n\n\n\n<li>Il convient de distinguer deux types de prestations compl\u00e9mentaires : les prestations compl\u00e9mentaires annuelles et le remboursement des frais de maladie et d&#8217;invalidit\u00e9.<\/li>\n\n\n\n<li>En r\u00e8gle g\u00e9n\u00e9rale, les prestations compl\u00e9mentaires per\u00e7ues depuis le 1.1.2021 doivent \u00eatre rembours\u00e9es. Cette obligation ne na\u00eet toutefois qu&#8217;apr\u00e8s le d\u00e9c\u00e8s de la personne b\u00e9n\u00e9ficiaire, respectivement de son conjoint ou de sa conjointe.<\/li>\n\n\n\n<li>Si vous pensez avoir droit \u00e0 des prestations compl\u00e9mentaires, le mieux est de vous renseigner aupr\u00e8s de votre caisse de compensation cantonale. Les personnes n&#8217;ayant pas droit aux prestations trouveront ici des informations relatives \u00e0 l&#8217;<a href=\"https:\/\/www.deinadieu.ch\/ratgeber\/hinterlassenenrente-ahv\/\">AVS<\/a> et \u00e0 la <a href=\"https:\/\/www.deinadieu.ch\/ratgeber\/pensionskasse-im-todesfall\/\">caisse de pension<\/a>.<\/li>\n<\/ul>\n<\/div>\n<\/div>\n\n<h2 class=\"wp-block-heading\">Quelle est la fonction des prestations compl\u00e9mentaires ?<\/h2>\n\n<p>Le <a href=\"https:\/\/www.deinadieu.ch\/ratgeber\/was-wird-aus-meinen-obligatorischen-vorsorgeguthaben\/\">syst\u00e8me des 3 piliers<\/a> couvre les risques de vieillesse, d&#8217;invalidit\u00e9 et de d\u00e9c\u00e8s. En r\u00e8gle g\u00e9n\u00e9rale, seules les personnes exer\u00e7ant une activit\u00e9 professionnelle d\u00e9pendante peuvent s&#8217;assurer au moyen de la pr\u00e9voyance professionnelle (2\u00e8me pilier). En revanche, toutes les personnes sont libres de se constituer une pr\u00e9voyance compl\u00e9mentaire avec leurs \u00e9conomies par le biais de la <a href=\"https:\/\/www.deinadieu.ch\/ratgeber\/was-geschieht-mit-meinen-privaten-vorsorgeguthaben-3-saeule\/\">pr\u00e9voyance personnelle (3\u00e8me pilier)<\/a>.<\/p>\n\n<p>Mais que se passe-t-il si les 2\u00e8me et 3\u00e8me piliers ne sont gu\u00e8re ou pas du tout disponibles ? Les ind\u00e9pendants, en particulier, peuvent rarement en profiter. Il en va de m\u00eame pour les femmes qui se sont longtemps occup\u00e9es du m\u00e9nage et de l&#8217;\u00e9ducation des enfants. Ces personnes ne re\u00e7oivent (presque) que des prestations de la pr\u00e9voyance \u00e9tatique de base (1er pilier). Elles re\u00e7oivent d&#8217;abord des rentes AVS ou AI (pilier 1a).<\/p>\n\n<p>Lorsque les prestations du pilier 1a ne suffisent pas \u00e0 couvrir les co\u00fbts minimaux de la vie (achats, frais de soins, loyer, etc.), il est possible de percevoir des prestations compl\u00e9mentaires. Celles-ci d\u00e9pendent des besoins concrets de la personne qui les per\u00e7oit.<\/p>\n\n<h2 class=\"wp-block-heading\">Quels sont les diff\u00e9rents types de prestations compl\u00e9mentaires ?<\/h2>\n\n<p>La loi fait une distinction entre les prestations compl\u00e9mentaires annuelles et le remboursement des frais de maladie et d&#8217;invalidit\u00e9.<\/p>\n\n<h3 class=\"wp-block-heading\">Les prestations compl\u00e9mentaires annuelles<\/h3>\n\n<p>Une fois par an, les b\u00e9n\u00e9ficiaires re\u00e7oivent leur prestation compl\u00e9mentaire sous la forme d&#8217;une prestation en esp\u00e8ces. Ce montant correspond \u00e0 la somme dont les <strong>d\u00e9penses reconnues par la loi<\/strong> d\u00e9passent le <strong>revenu d\u00e9terminant<\/strong>.<\/p>\n\n<p>La loi f\u00e9d\u00e9rale sur les prestations compl\u00e9mentaires \u00e9num\u00e8re de mani\u00e8re exhaustive ce qui est consid\u00e9r\u00e9 comme des <strong>d\u00e9penses reconnues<\/strong>. Les principaux postes financiers sont les suivants :<\/p>\n\n<ul class=\"wp-block-list\">\n<li>les montants destin\u00e9s \u00e0 la couverture des besoins vitaux<\/li>\n\n\n\n<li>les frais de logement<\/li>\n\n\n\n<li>les cotisations aux assurances sociales<\/li>\n\n\n\n<li>les primes d&#8217;assurance-maladie<\/li>\n<\/ul>\n\n<p><strong>Pour les besoins vitaux g\u00e9n\u00e9raux, les personnes seules ont droit \u00e0 un forfait de CHF 20&#8217;100.- et les couples \u00e0 un montant de CHF 30&#8217;150.-<\/strong> (\u00e9tat : 2024). Pour le loyer et les charges, la loi se base en principe sur les co\u00fbts r\u00e9els. Il existe toutefois des montants maximaux qui d\u00e9pendent du nombre de personnes vivant dans le m\u00e9nage ainsi que du lieu de domicile. Si le bien-fonds occup\u00e9 est la propri\u00e9t\u00e9 du ou de la b\u00e9n\u00e9ficiaire, la valeur locative est d\u00e9terminante. Dans ce cas, les montants maximaux pris en compte pour le loyer s&#8217;appliquent \u00e9galement.<\/p>\n\n<p>Il existe \u00e9galement une liste fixe dans la loi pour les sources de revenus \u00e0 prendre en compte. Sont par exemple consid\u00e9r\u00e9s comme faisant partie <strong>des revenus d\u00e9terminants<\/strong> :<\/p>\n\n<ul class=\"wp-block-list\">\n<li>deux tiers du revenu de l&#8217;activit\u00e9 lucrative apr\u00e8s d\u00e9duction de la franchise pr\u00e9vue (il faut d\u00e9duire une franchise de CHF 1&#8217;000.- pour les personnes seules et de CHF 1&#8217;500.- pour les couples)<\/li>\n\n\n\n<li>les revenus de la fortune<\/li>\n\n\n\n<li>les allocations familiales<\/li>\n<\/ul>\n\n<h3 class=\"wp-block-heading\">Le remboursement des frais de maladie et d&#8217;invalidit\u00e9<\/h3>\n\n<p>L&#8217;objectif de ce type de prestation compl\u00e9mentaire est de couvrir les frais de soins co\u00fbteux tels que les maisons de retraite ou les h\u00f4pitaux. Les personnes qui per\u00e7oivent des prestations compl\u00e9mentaires annuelles doivent se voir rembourser leurs frais de sant\u00e9 individuels. <strong>Les personnes qui ne re\u00e7oivent pas de prestations compl\u00e9mentaires annuelles ont \u00e9galement droit au remboursement de leurs frais de maladie et d&#8217;invalidit\u00e9<\/strong>, dans la mesure o\u00f9 ceux-ci d\u00e9passent leurs revenus d\u00e9terminants.<\/p>\n\n<p>La liste l\u00e9gale des frais de maladie et d&#8217;invalidit\u00e9 est exhaustive. Les personnes concern\u00e9es doivent faire valoir leur droit au remboursement dans un d\u00e9lai de 15 mois \u00e0 compter de la date de facturation. Pass\u00e9 ce d\u00e9lai, l&#8217;organisme comp\u00e9tent ne rembourse plus les frais.<\/p>\n\n<h2 class=\"wp-block-heading\">Qui a droit aux prestations compl\u00e9mentaires ?<\/h2>\n\n<p><strong>Seules les personnes qui per\u00e7oivent des prestations du pilier 1a ont droit \u00e0 des prestations compl\u00e9mentaires<\/strong>. Une rente AVS ou une rente AI est donc requise.<\/p>\n\n<p>Le domicile des b\u00e9n\u00e9ficiaires doit \u00eatre en Suisse. Il n&#8217;y a <strong>pas d&#8217;exportation de prestations compl\u00e9mentaires \u00e0 l&#8217;\u00e9tranger<\/strong>. Les personnes qui n&#8217;ont pas la nationalit\u00e9 suisse doivent vivre en Suisse depuis au moins 10 ans sans interruption notable. Pour les r\u00e9fugi\u00e9s, la dur\u00e9e minimale est de 5 ans.<\/p>\n\n<p>Pour avoir droit \u00e0 des prestations compl\u00e9mentaires annuelles, la fortune nette (soit la fortune moins les dettes) des personnes b\u00e9n\u00e9ficiaires doit en outre \u00eatre inf\u00e9rieure aux <strong>seuils<\/strong> suivants :<\/p>\n\n<ul class=\"wp-block-list\">\n<li>CHF 100&#8217;000.- pour les personnes seules<\/li>\n\n\n\n<li>CHF 200&#8217;000.- pour les couples mari\u00e9s<\/li>\n\n\n\n<li>CHF 50&#8217;000.- pour les orphelins\/enfants ayant droit \u00e0 une rente<\/li>\n<\/ul>\n\n<p>Les autorit\u00e9s comp\u00e9tentes ne versent pas automatiquement les prestations compl\u00e9mentaires. Les personnes qui souhaitent recevoir des prestations compl\u00e9mentaires \u00e0 l&#8217;avenir en font la demande aupr\u00e8s de l&#8217;<strong>organe cantonal en charge des PC<\/strong> (g\u00e9n\u00e9ralement la caisse de compensation cantonale). En r\u00e8gle g\u00e9n\u00e9rale, l&#8217;organe en charge des PC n&#8217;effectue pas de paiements r\u00e9troactifs.<\/p>\n\n<h2 class=\"wp-block-heading\">Qu&#8217;est-ce que la fortune nette ?<a><\/a><\/h2>\n\n<p>Pour pouvoir chiffrer la fortune nette, on ne peut pas se baser uniquement sur le compte bancaire. La loi \u00e9num\u00e8re au contraire les revenus qui doivent \u00eatre ajout\u00e9s \u00e0 la fortune et les d\u00e9penses qui doivent en \u00eatre d\u00e9duites.<\/p>\n\n<p>La fortune nette est d\u00e9termin\u00e9e en d\u00e9duisant les dettes prouv\u00e9es de la fortune brute. Une fois que tout a \u00e9t\u00e9 imput\u00e9 ou d\u00e9duit, le solde donne la fortune nette.<\/p>\n\n<h2 class=\"wp-block-heading\">Restitution : dois-je rembourser mes PC ?<\/h2>\n\n<p>Depuis la r\u00e9vision de la LPC en 2021, les prestations compl\u00e9mentaires per\u00e7ues l\u00e9galement doivent en principe \u00eatre rembours\u00e9es, mais seulement <strong>apr\u00e8s le d\u00e9c\u00e8s<\/strong>. L&#8217;obligation de restitution incombe aux h\u00e9ritiers. Si la personne b\u00e9n\u00e9ficiaire des PC \u00e9tait mari\u00e9e, le remboursement n&#8217;est d\u00fb qu&#8217;apr\u00e8s le d\u00e9c\u00e8s du conjoint ou de la conjointe.<\/p>\n\n<p>La loi accorde une <strong>franchise<\/strong>: la restitution ne doit \u00eatre effectu\u00e9e que sur la part de la succession qui d\u00e9passe le montant de CHF 40 000.-.<\/p>\n\n<p>Il convient \u00e9galement de pr\u00eater attention au fait que seules les prestations compl\u00e9mentaires per\u00e7ues apr\u00e8s le 1.1.2021 sont sujettes \u00e0 restitution.<\/p>\n\n<h2 class=\"wp-block-heading\">Une donation est-elle consid\u00e9r\u00e9e comme un dessaisissement de fortune ?<\/h2>\n\n<p>Peu avant l&#8217;entr\u00e9e en maison de retraite, les personnes \u00e2g\u00e9es font souvent don \u00e0 leurs enfants du logement qu&#8217;elles occupaient jusqu&#8217;alors. Cela peut s&#8217;av\u00e9rer probl\u00e9matique lorsqu&#8217;il s&#8217;agit de d\u00e9terminer s&#8217;il existe un droit \u00e0 des prestations compl\u00e9mentaires. <strong>En effet, la fortune dont une personne se dessaisit fait partie des revenus d\u00e9terminants<\/strong>. Par exemple, bien que le bien-fonds ne soit plus la propri\u00e9t\u00e9 de la personne qui fait la donation, il est ajout\u00e9 \u00e0 la fortune nette. Il est possible que cela entra\u00eene le d\u00e9passement de la valeur seuil. Dans un tel cas, le droit aux PC est perdu \u00e0 cause de la <a href=\"https:\/\/www.deinadieu.ch\/fr\/faq\/a-partir-de-quel-montant-un-virement-mensuel-est-il-considere-comme-une-donation\/\">donation<\/a>.<\/p>\n\n<p>Il y a toutefois une bonne nouvelle : chaque ann\u00e9e (\u00e0 l&#8217;exception de l&#8217;ann\u00e9e de dessaisissement), la part de fortune de laquelle on s&#8217;est dessaisi qui est prise en compte diminue de CHF 10&#8217;000.-. <strong>Par cons\u00e9quent, il est recommand\u00e9 de faire don du bien concern\u00e9 le plus t\u00f4t possible.<\/strong><\/p>\n\n<h3 class=\"wp-block-heading\" id=\"h-beispiel\">Exemple<\/h3>\n\n<p><em>Les \u00e9poux Tina et Alfred, \u00e2g\u00e9s de 59 ans, font don de la maison qu&#8217;ils occupent (valeur nette de CHF 400 000.-) \u00e0 leur fils Jean. Le jour de leur 81\u00e8me anniversaire, ils d\u00e9m\u00e9nagent dans une maison de retraite. Les \u00e9poux demandent des prestations compl\u00e9mentaires. L&#8217;organe PC ne leur impute la maison donn\u00e9e qu&#8217;\u00e0 hauteur de Fr. 190&#8217;000, car pour 21 ans, chaque ann\u00e9e, Fr. 10&#8217;000, soit un total de Fr. 210&#8217;000 sont d\u00e9duits.    Puisque leur fortune nette est inf\u00e9rieure \u00e0 CHF 200&#8217;000.-, ils re\u00e7oivent des prestations compl\u00e9mentaires.<\/em><\/p>\n\n<h2 class=\"wp-block-heading\">A partir de quel moment les prestations compl\u00e9mentaires sont-elles vers\u00e9es ?<\/h2>\n\n<p>Les prestations compl\u00e9mentaires ne sont pas accord\u00e9es automatiquement. Une demande est n\u00e9cessaire. La premi\u00e8re date possible pour le versement est en principe le d\u00e9but du mois au cours duquel la demande est d\u00e9pos\u00e9e. Si une demande est d\u00e9pos\u00e9e \u00e0 la mi-mars, les prestations compl\u00e9mentaires sont donc vers\u00e9es au plus t\u00f4t \u00e0 partir du 1er mars.<\/p>\n\n<p><strong>La demande est g\u00e9n\u00e9ralement d\u00e9pos\u00e9e aupr\u00e8s de l&#8217;office des prestations compl\u00e9mentaires<\/strong>, qui est rattach\u00e9 \u00e0 la caisse de compensation du canton de r\u00e9sidence. Comme les prestations compl\u00e9mentaires d\u00e9pendent avant tout de la situation financi\u00e8re d&#8217;une personne, les justificatifs qui refl\u00e8tent la fortune d&#8217;une personne doivent \u00eatre remis \u00e0 l&#8217;office de prestations compl\u00e9mentaires. La demande devrait ainsi \u00eatre envoy\u00e9e le plus rapidement possible \u00e0 l&#8217;office comp\u00e9tent. En effet, les prestations compl\u00e9mentaires ne sont en principe pas accord\u00e9es r\u00e9troactivement. Il est toutefois d\u00e9rog\u00e9 \u00e0 cette r\u00e8gle si la demande est d\u00e9pos\u00e9e dans les six mois qui suivent la notification de la d\u00e9cision de rente AVS\/AI ou l&#8217;entr\u00e9e \u00e0 l&#8217;h\u00f4pital ou dans un home.<\/p>\n\n<h3 class=\"wp-block-heading\" id=\"h-beispiel-0\">Exemple<\/h3>\n\n<p><em>Monsieur Ammann se voit attribuer une rente deux ans apr\u00e8s avoir d\u00e9pos\u00e9 sa demande aupr\u00e8s de l&#8217;AI (en fonction de la situation, diff\u00e9rentes clarifications doivent \u00eatre effectu\u00e9es, ce qui peut retarder la d\u00e9cision sur les rentes). Monsieur Ammann re\u00e7oit alors une rente AI avec un effet r\u00e9troactif de 20 mois. Monsieur Ammann a maintenant la possibilit\u00e9 de demander des prestations compl\u00e9mentaires dans les 6 mois qui suivent la notification de la d\u00e9cision sur les rentes. Dans ce cas, Monsieur Ammann re\u00e7oit avec effet r\u00e9troactif des prestations compl\u00e9mentaires pour ces 20 mois.<\/em><\/p>\n\n<h2 class=\"wp-block-heading\" id=\"h-fazit\">Conclusion<\/h2>\n\n<p>Les personnes qui parviennent difficilement \u00e0 joindre les deux bouts avec la rente disponible devraient envisager de faire une demande pour des prestations compl\u00e9mentaires. Au pr\u00e9alable, il convient toutefois de dresser une liste de sa propre situation patrimoniale. Cela permet de v\u00e9rifier si les conditions l\u00e9gales sont remplies. Pour cela, il peut \u00eatre utile de demander un conseil juridique.<\/p>\n\n<p>Vous n&#8217;avez pas droit aux prestations ? Vous trouverez ici de plus amples informations sur l&#8217;<a href=\"https:\/\/www.deinadieu.ch\/ratgeber\/hinterlassenenrente-ahv\/\">AVS<\/a> et la <a href=\"https:\/\/www.deinadieu.ch\/ratgeber\/pensionskasse-im-todesfall\/\">caisse de pension<\/a>.<\/p>\n\n<div style=\"height:40px\" aria-hidden=\"true\" class=\"wp-block-spacer\"><\/div>\n\n<div class=\"wp-block-buttons is-layout-flex wp-block-buttons-is-layout-flex\">\n<div class=\"wp-block-button\"><a class=\"wp-block-button__link wp-element-button\" href=\"https:\/\/app.deinadieu.ch\/testament\">\u00c9tablir un testament en ligne<\/a><\/div>\n<\/div>\n\n<h3 class=\"wp-block-heading\" id=\"h-das-konnte-sie-auch-interessieren\">Ceci pourrait \u00e9galement vous int\u00e9resser<\/h3>\n\n<ul class=\"wp-block-list\">\n<li><a href=\"https:\/\/www.deinadieu.ch\/ratgeber\/pensionskasse-im-todesfall\/\">La caisse de pension en cas de d\u00e9c\u00e8s<\/a><\/li>\n\n\n\n<li><a href=\"https:\/\/www.deinadieu.ch\/ratgeber\/hinterlassenenrente-ahv\/\">La rente de survivants de l&#8217;AVS en cas de d\u00e9c\u00e8s<\/a><\/li>\n\n\n\n<li><a href=\"https:\/\/www.deinadieu.ch\/ratgeber\/schenkungen-an-kinder-zu-lebzeiten-und-erbvorbezuege\/\">Les donations aux enfants de son vivant et les avancements d&#8217;hoirie<\/a><\/li>\n\n\n\n<li><a href=\"https:\/\/www.deinadieu.ch\/ratgeber\/immobilien-pflegefall\/\">L&#8217;immobilier en cas de d\u00e9pendance<\/a><\/li>\n<\/ul>\n","protected":false},"excerpt":{"rendered":"<p>En Suisse, de nombreuses personnes ne peuvent pas couvrir leurs co\u00fbts de la vie minimaux avec leurs rentes AVS ou AI. Dans de tels cas, les prestations compl\u00e9mentaires (PC) doivent combler les lacunes financi\u00e8res. Cela soul\u00e8ve des questions : Quels sont les diff\u00e9rents types de prestations compl\u00e9mentaires ? Et qui peut les percevoir ?<\/p>\n","protected":false},"author":6048,"featured_media":66580,"menu_order":0,"comment_status":"open","ping_status":"closed","template":"","tags":[2429,3618,2187,3617,2087],"ratgeber-category":[3028],"class_list":["post-67056","ratgeber","type-ratgeber","status-publish","has-post-thumbnail","hentry","tag-avs-ai","tag-dessaisissement-de-fortune","tag-donation","tag-prestations-complementaires","tag-prevoyance","ratgeber-category-pension-avs"],"acf":[],"yoast_head":"<title>Les prestations compl\u00e9mentaires \u00e0 l&#039;AVS\/AI &amp; les h\u00e9ritages | DeinAdieu<\/title>\n<meta name=\"description\" content=\"Quel est le but des prestations compl\u00e9mentaires et qui y a droit ? Dans quel cas doit-on restituer les prestations compl\u00e9mentaires ?\" \/>\n<meta name=\"robots\" content=\"index, follow, max-snippet:-1, max-image-preview:large, max-video-preview:-1\" \/>\n<link rel=\"canonical\" href=\"https:\/\/www.deinadieu.ch\/fr\/conseiller\/les-prestations-complementaires-a-lavs-ai\/\" \/>\n<meta property=\"og:locale\" content=\"fr_FR\" \/>\n<meta property=\"og:type\" content=\"article\" \/>\n<meta property=\"og:title\" content=\"Les prestations compl\u00e9mentaires \u00e0 l&#039;AVS\/AI\" \/>\n<meta property=\"og:description\" content=\"En Suisse, de nombreuses personnes ne peuvent pas couvrir leurs co\u00fbts de la vie minimaux avec leurs rentes AVS ou AI. Dans de tels cas, les prestations\" \/>\n<meta property=\"og:url\" content=\"https:\/\/www.deinadieu.ch\/fr\/conseiller\/les-prestations-complementaires-a-lavs-ai\/\" \/>\n<meta property=\"og:site_name\" content=\"DeinAdieu.ch\" \/>\n<meta property=\"article:publisher\" content=\"https:\/\/www.facebook.com\/deinadieu\" \/>\n<meta property=\"article:modified_time\" content=\"2024-03-25T23:26:44+00:00\" \/>\n<meta property=\"og:image\" content=\"https:\/\/static.deinadieu.ch\/uploads\/2024\/02\/pexels-kampus-production-8441778-scaled.jpg\" \/>\n\t<meta property=\"og:image:width\" content=\"2560\" \/>\n\t<meta property=\"og:image:height\" content=\"1709\" \/>\n\t<meta property=\"og:image:type\" content=\"image\/jpeg\" \/>\n<meta name=\"twitter:card\" content=\"summary_large_image\" \/>\n<meta name=\"twitter:site\" content=\"@DeinAdieu\" \/>\n<meta name=\"twitter:label1\" content=\"Est. reading time\" \/>\n\t<meta name=\"twitter:data1\" content=\"10 minutes\" \/>\n<script type=\"application\/ld+json\" class=\"yoast-schema-graph\">{\"@context\":\"https:\\\/\\\/schema.org\",\"@graph\":[{\"@type\":\"WebPage\",\"@id\":\"https:\\\/\\\/www.deinadieu.ch\\\/fr\\\/conseiller\\\/les-prestations-complementaires-a-lavs-ai\\\/\",\"url\":\"https:\\\/\\\/www.deinadieu.ch\\\/fr\\\/conseiller\\\/les-prestations-complementaires-a-lavs-ai\\\/\",\"name\":\"Les prestations compl\u00e9mentaires \u00e0 l'AVS\\\/AI & les h\u00e9ritages | DeinAdieu\",\"isPartOf\":{\"@id\":\"https:\\\/\\\/www.deinadieu.ch\\\/fr\\\/#website\"},\"primaryImageOfPage\":{\"@id\":\"https:\\\/\\\/www.deinadieu.ch\\\/fr\\\/conseiller\\\/les-prestations-complementaires-a-lavs-ai\\\/#primaryimage\"},\"image\":{\"@id\":\"https:\\\/\\\/www.deinadieu.ch\\\/fr\\\/conseiller\\\/les-prestations-complementaires-a-lavs-ai\\\/#primaryimage\"},\"thumbnailUrl\":\"https:\\\/\\\/www.deinadieu.ch\\\/wp-content\\\/uploads\\\/2024\\\/02\\\/pexels-kampus-production-8441778-scaled.jpg\",\"datePublished\":\"2024-03-05T06:31:00+00:00\",\"dateModified\":\"2024-03-25T23:26:44+00:00\",\"description\":\"Quel est le but des prestations compl\u00e9mentaires et qui y a droit ? Dans quel cas doit-on restituer les prestations compl\u00e9mentaires ?\",\"breadcrumb\":{\"@id\":\"https:\\\/\\\/www.deinadieu.ch\\\/fr\\\/conseiller\\\/les-prestations-complementaires-a-lavs-ai\\\/#breadcrumb\"},\"inLanguage\":\"fr-FR\",\"potentialAction\":[{\"@type\":\"ReadAction\",\"target\":[\"https:\\\/\\\/www.deinadieu.ch\\\/fr\\\/conseiller\\\/les-prestations-complementaires-a-lavs-ai\\\/\"]}]},{\"@type\":\"ImageObject\",\"inLanguage\":\"fr-FR\",\"@id\":\"https:\\\/\\\/www.deinadieu.ch\\\/fr\\\/conseiller\\\/les-prestations-complementaires-a-lavs-ai\\\/#primaryimage\",\"url\":\"https:\\\/\\\/www.deinadieu.ch\\\/wp-content\\\/uploads\\\/2024\\\/02\\\/pexels-kampus-production-8441778-scaled.jpg\",\"contentUrl\":\"https:\\\/\\\/www.deinadieu.ch\\\/wp-content\\\/uploads\\\/2024\\\/02\\\/pexels-kampus-production-8441778-scaled.jpg\",\"width\":2560,\"height\":1709,\"caption\":\"Qui a droit aux prestations compl\u00e9mentaires et \u00e0 quelles conditions ? Vous en apprendrez davantage ici. (Image : Kampus Production\\\/Pexels.com)\"},{\"@type\":\"BreadcrumbList\",\"@id\":\"https:\\\/\\\/www.deinadieu.ch\\\/fr\\\/conseiller\\\/les-prestations-complementaires-a-lavs-ai\\\/#breadcrumb\",\"itemListElement\":[{\"@type\":\"ListItem\",\"position\":1,\"name\":\"Home\",\"item\":\"https:\\\/\\\/www.deinadieu.ch\\\/fr\\\/deinadieu-dialog-und-serviceportal-zum-lebensende\\\/\"},{\"@type\":\"ListItem\",\"position\":2,\"name\":\"Ratgeber\",\"item\":\"https:\\\/\\\/www.deinadieu.ch\\\/fr\\\/conseiller\\\/\"},{\"@type\":\"ListItem\",\"position\":3,\"name\":\"Les prestations compl\u00e9mentaires \u00e0 l&#8217;AVS\\\/AI\"}]},{\"@type\":\"WebSite\",\"@id\":\"https:\\\/\\\/www.deinadieu.ch\\\/fr\\\/#website\",\"url\":\"https:\\\/\\\/www.deinadieu.ch\\\/fr\\\/\",\"name\":\"DeinAdieu.ch\",\"description\":\"Testament, Patientenverf\u00fcgung und Vorsorgeauftrag\",\"publisher\":{\"@id\":\"https:\\\/\\\/www.deinadieu.ch\\\/fr\\\/#organization\"},\"potentialAction\":[{\"@type\":\"SearchAction\",\"target\":{\"@type\":\"EntryPoint\",\"urlTemplate\":\"https:\\\/\\\/www.deinadieu.ch\\\/fr\\\/?s={search_term_string}\"},\"query-input\":{\"@type\":\"PropertyValueSpecification\",\"valueRequired\":true,\"valueName\":\"search_term_string\"}}],\"inLanguage\":\"fr-FR\"},{\"@type\":\"Organization\",\"@id\":\"https:\\\/\\\/www.deinadieu.ch\\\/fr\\\/#organization\",\"name\":\"EMNA Web GmbH\",\"url\":\"https:\\\/\\\/www.deinadieu.ch\\\/fr\\\/\",\"logo\":{\"@type\":\"ImageObject\",\"inLanguage\":\"fr-FR\",\"@id\":\"https:\\\/\\\/www.deinadieu.ch\\\/fr\\\/#\\\/schema\\\/logo\\\/image\\\/\",\"url\":\"https:\\\/\\\/www.deinadieu.ch\\\/wp-content\\\/uploads\\\/2016\\\/01\\\/DeinAdieu_Logo.png\",\"contentUrl\":\"https:\\\/\\\/www.deinadieu.ch\\\/wp-content\\\/uploads\\\/2016\\\/01\\\/DeinAdieu_Logo.png\",\"width\":300,\"height\":117,\"caption\":\"EMNA Web GmbH\"},\"image\":{\"@id\":\"https:\\\/\\\/www.deinadieu.ch\\\/fr\\\/#\\\/schema\\\/logo\\\/image\\\/\"},\"sameAs\":[\"https:\\\/\\\/www.facebook.com\\\/deinadieu\",\"https:\\\/\\\/x.com\\\/DeinAdieu\",\"https:\\\/\\\/www.instagram.com\\\/deinadieu\\\/\",\"https:\\\/\\\/www.linkedin.com\\\/company\\\/deinadieu.ch\"]}]}<\/script>","yoast_head_json":{"title":"Les prestations compl\u00e9mentaires \u00e0 l'AVS\/AI & les h\u00e9ritages | DeinAdieu","description":"Quel est le but des prestations compl\u00e9mentaires et qui y a droit ? Dans quel cas doit-on restituer les prestations compl\u00e9mentaires ?","robots":{"index":"index","follow":"follow","max-snippet":"max-snippet:-1","max-image-preview":"max-image-preview:large","max-video-preview":"max-video-preview:-1"},"canonical":"https:\/\/www.deinadieu.ch\/fr\/conseiller\/les-prestations-complementaires-a-lavs-ai\/","og_locale":"fr_FR","og_type":"article","og_title":"Les prestations compl\u00e9mentaires \u00e0 l'AVS\/AI","og_description":"En Suisse, de nombreuses personnes ne peuvent pas couvrir leurs co\u00fbts de la vie minimaux avec leurs rentes AVS ou AI. Dans de tels cas, les prestations","og_url":"https:\/\/www.deinadieu.ch\/fr\/conseiller\/les-prestations-complementaires-a-lavs-ai\/","og_site_name":"DeinAdieu.ch","article_publisher":"https:\/\/www.facebook.com\/deinadieu","article_modified_time":"2024-03-25T23:26:44+00:00","og_image":[{"width":2560,"height":1709,"url":"https:\/\/static.deinadieu.ch\/uploads\/2024\/02\/pexels-kampus-production-8441778-scaled.jpg","type":"image\/jpeg"}],"twitter_card":"summary_large_image","twitter_site":"@DeinAdieu","twitter_misc":{"Est. reading time":"10 minutes"},"schema":{"@context":"https:\/\/schema.org","@graph":[{"@type":"WebPage","@id":"https:\/\/www.deinadieu.ch\/fr\/conseiller\/les-prestations-complementaires-a-lavs-ai\/","url":"https:\/\/www.deinadieu.ch\/fr\/conseiller\/les-prestations-complementaires-a-lavs-ai\/","name":"Les prestations compl\u00e9mentaires \u00e0 l'AVS\/AI & les h\u00e9ritages | DeinAdieu","isPartOf":{"@id":"https:\/\/www.deinadieu.ch\/fr\/#website"},"primaryImageOfPage":{"@id":"https:\/\/www.deinadieu.ch\/fr\/conseiller\/les-prestations-complementaires-a-lavs-ai\/#primaryimage"},"image":{"@id":"https:\/\/www.deinadieu.ch\/fr\/conseiller\/les-prestations-complementaires-a-lavs-ai\/#primaryimage"},"thumbnailUrl":"https:\/\/www.deinadieu.ch\/wp-content\/uploads\/2024\/02\/pexels-kampus-production-8441778-scaled.jpg","datePublished":"2024-03-05T06:31:00+00:00","dateModified":"2024-03-25T23:26:44+00:00","description":"Quel est le but des prestations compl\u00e9mentaires et qui y a droit ? Dans quel cas doit-on restituer les prestations compl\u00e9mentaires ?","breadcrumb":{"@id":"https:\/\/www.deinadieu.ch\/fr\/conseiller\/les-prestations-complementaires-a-lavs-ai\/#breadcrumb"},"inLanguage":"fr-FR","potentialAction":[{"@type":"ReadAction","target":["https:\/\/www.deinadieu.ch\/fr\/conseiller\/les-prestations-complementaires-a-lavs-ai\/"]}]},{"@type":"ImageObject","inLanguage":"fr-FR","@id":"https:\/\/www.deinadieu.ch\/fr\/conseiller\/les-prestations-complementaires-a-lavs-ai\/#primaryimage","url":"https:\/\/www.deinadieu.ch\/wp-content\/uploads\/2024\/02\/pexels-kampus-production-8441778-scaled.jpg","contentUrl":"https:\/\/www.deinadieu.ch\/wp-content\/uploads\/2024\/02\/pexels-kampus-production-8441778-scaled.jpg","width":2560,"height":1709,"caption":"Qui a droit aux prestations compl\u00e9mentaires et \u00e0 quelles conditions ? Vous en apprendrez davantage ici. (Image : Kampus Production\/Pexels.com)"},{"@type":"BreadcrumbList","@id":"https:\/\/www.deinadieu.ch\/fr\/conseiller\/les-prestations-complementaires-a-lavs-ai\/#breadcrumb","itemListElement":[{"@type":"ListItem","position":1,"name":"Home","item":"https:\/\/www.deinadieu.ch\/fr\/deinadieu-dialog-und-serviceportal-zum-lebensende\/"},{"@type":"ListItem","position":2,"name":"Ratgeber","item":"https:\/\/www.deinadieu.ch\/fr\/conseiller\/"},{"@type":"ListItem","position":3,"name":"Les prestations compl\u00e9mentaires \u00e0 l&#8217;AVS\/AI"}]},{"@type":"WebSite","@id":"https:\/\/www.deinadieu.ch\/fr\/#website","url":"https:\/\/www.deinadieu.ch\/fr\/","name":"DeinAdieu.ch","description":"Testament, Patientenverf\u00fcgung und Vorsorgeauftrag","publisher":{"@id":"https:\/\/www.deinadieu.ch\/fr\/#organization"},"potentialAction":[{"@type":"SearchAction","target":{"@type":"EntryPoint","urlTemplate":"https:\/\/www.deinadieu.ch\/fr\/?s={search_term_string}"},"query-input":{"@type":"PropertyValueSpecification","valueRequired":true,"valueName":"search_term_string"}}],"inLanguage":"fr-FR"},{"@type":"Organization","@id":"https:\/\/www.deinadieu.ch\/fr\/#organization","name":"EMNA Web GmbH","url":"https:\/\/www.deinadieu.ch\/fr\/","logo":{"@type":"ImageObject","inLanguage":"fr-FR","@id":"https:\/\/www.deinadieu.ch\/fr\/#\/schema\/logo\/image\/","url":"https:\/\/www.deinadieu.ch\/wp-content\/uploads\/2016\/01\/DeinAdieu_Logo.png","contentUrl":"https:\/\/www.deinadieu.ch\/wp-content\/uploads\/2016\/01\/DeinAdieu_Logo.png","width":300,"height":117,"caption":"EMNA Web GmbH"},"image":{"@id":"https:\/\/www.deinadieu.ch\/fr\/#\/schema\/logo\/image\/"},"sameAs":["https:\/\/www.facebook.com\/deinadieu","https:\/\/x.com\/DeinAdieu","https:\/\/www.instagram.com\/deinadieu\/","https:\/\/www.linkedin.com\/company\/deinadieu.ch"]}]}},"_links":{"self":[{"href":"https:\/\/www.deinadieu.ch\/fr\/wp-json\/wp\/v2\/ratgeber\/67056","targetHints":{"allow":["GET"]}}],"collection":[{"href":"https:\/\/www.deinadieu.ch\/fr\/wp-json\/wp\/v2\/ratgeber"}],"about":[{"href":"https:\/\/www.deinadieu.ch\/fr\/wp-json\/wp\/v2\/types\/ratgeber"}],"author":[{"embeddable":true,"href":"https:\/\/www.deinadieu.ch\/fr\/wp-json\/wp\/v2\/users\/6048"}],"replies":[{"embeddable":true,"href":"https:\/\/www.deinadieu.ch\/fr\/wp-json\/wp\/v2\/comments?post=67056"}],"version-history":[{"count":6,"href":"https:\/\/www.deinadieu.ch\/fr\/wp-json\/wp\/v2\/ratgeber\/67056\/revisions"}],"predecessor-version":[{"id":67381,"href":"https:\/\/www.deinadieu.ch\/fr\/wp-json\/wp\/v2\/ratgeber\/67056\/revisions\/67381"}],"wp:featuredmedia":[{"embeddable":true,"href":"https:\/\/www.deinadieu.ch\/fr\/wp-json\/wp\/v2\/media\/66580"}],"wp:attachment":[{"href":"https:\/\/www.deinadieu.ch\/fr\/wp-json\/wp\/v2\/media?parent=67056"}],"wp:term":[{"taxonomy":"post_tag","embeddable":true,"href":"https:\/\/www.deinadieu.ch\/fr\/wp-json\/wp\/v2\/tags?post=67056"},{"taxonomy":"ratgeber-category","embeddable":true,"href":"https:\/\/www.deinadieu.ch\/fr\/wp-json\/wp\/v2\/ratgeber-category?post=67056"}],"curies":[{"name":"wp","href":"https:\/\/api.w.org\/{rel}","templated":true}]}}