{"id":64946,"date":"2023-08-29T07:30:00","date_gmt":"2023-08-29T05:30:00","guid":{"rendered":"https:\/\/www.deinadieu.ch\/?post_type=ratgeber&#038;p=64946"},"modified":"2024-02-05T17:08:03","modified_gmt":"2024-02-05T16:08:03","slug":"comment-puis-je-etablir-un-mandat-pour-cause-dinaptitude","status":"publish","type":"ratgeber","link":"https:\/\/www.deinadieu.ch\/fr\/conseiller\/comment-puis-je-etablir-un-mandat-pour-cause-dinaptitude\/","title":{"rendered":"Comment puis-je \u00e9tablir un mandat pour cause d&#8217;inaptitude ?"},"content":{"rendered":"\n<p>Toute personne souhaitant s&#8217;assurer une prise en charge et une repr\u00e9sentation fiables pour le cas o\u00f9 elle deviendrait incapable de discernement devrait r\u00e9diger un mandat pour cause d&#8217;inaptitude. Dans cet article, nous vous montrons comment r\u00e9diger facilement votre mandat pour cause d&#8217;inaptitude sur DeinAdieu.<\/p>\n\n<!--more-->\n\n<div class=\"wp-block-create-block-deinadieu-simple\">\n<div class=\"wp-block-group da-pull has-lightgrey-background-color has-background is-layout-flow wp-block-group-is-layout-flow\" style=\"border-top-color:var(--wp--preset--color--da-dark);border-top-width:4px;padding-right:3rem;padding-left:3rem\">\n<h2 class=\"wp-block-heading\">L&#8217;essentiel en bref<\/h2>\n\n\n\n<ul class=\"wp-block-list\">\n<li>Le mandat pour cause d&#8217;inaptitude vous permet de confier l&#8217;assistance personnelle, la gestion du patrimoine et la repr\u00e9sentation dans les rapports juridiques avec les tiers \u00e0 une ou plusieurs personnes de votre choix pour le cas o\u00f9 vous deviendriez incapable de discernement.<\/li>\n\n\n\n<li>Le mandat pour cause d&#8217;inaptitude doit \u00eatre r\u00e9dig\u00e9 de votre propre main ou \u00eatre \u00e9tabli en la forme authentique. Vous devez avoir l&#8217;exercice des droits civils, c&#8217;est-\u00e0-dire \u00eatre majeur et capable de discernement, au moment de sa r\u00e9daction. Pour qu&#8217;il d\u00e9ploie ses effets, le mandat pour cause d&#8217;inaptitude doit \u00eatre valid\u00e9 par l&#8217;APEA apr\u00e8s la survenance de l&#8217;incapacit\u00e9 de discernement.<\/li>\n\n\n\n<li>Le <a href=\"https:\/\/app.deinadieu.ch\/vorsorgeauftrag\">g\u00e9n\u00e9rateur de mandats pour cause d&#8217;inaptitude<\/a> de DeinAdieu vous aide \u00e0 cr\u00e9er un mod\u00e8le. Si vous avez des questions, nous sommes \u00e0 votre disposition \u00e0 l&#8217;adresse \u00e9lecrtronique <a href=\"mailto:support@deinadieu.ch\">support@deinadieu.ch<\/a>).<\/li>\n<\/ul>\n<\/div>\n<\/div>\n\n<h2 class=\"wp-block-heading\" id=\"h-was-umfasst-der-vorsorgeauftrag\"><strong>Que comprend le<\/strong> mandat pour cause d&#8217;inaptitude ?<\/h2>\n\n<p>Le droit suisse de la protection de l&#8217;adulte conna\u00eet deux instruments centraux pour la pr\u00e9voyance personnelle : le mandat pour cause d&#8217;inaptitude et les <a href=\"https:\/\/www.deinadieu.ch\/fr\/directives-anticipees-du-patient\/\">directives<\/a> <a href=\"https:\/\/www.deinadieu.ch\/fr\/directives-anticipees-du-patient\/\">anticip\u00e9es du patient<\/a>. Les <strong><a href=\"https:\/\/www.deinadieu.ch\/fr\/directives-anticipees-du-patient\/\">directives anticip\u00e9es du patient<\/a><\/strong> traitent uniquement des mesures m\u00e9dicales. Le <strong><a href=\"https:\/\/www.deinadieu.ch\/fr\/mandat-pour-cause-d-inaptitude\/\">mandat pour cause d&#8217;inaptitude<\/a><\/strong> est nettement plus \u00e9tendu et porte sur l&#8217;assistance personnelle et la gestion du patrimoine ainsi que sur la repr\u00e9sentation dans les rapports juridiques avec les tiers. Le terme indique clairement qu&#8217;il ne s&#8217;agit pas seulement du droit de repr\u00e9senter une personne incapable de discernement, mais \u00e9galement du devoir de prendre soin d&#8217;elle \u2013 il s&#8217;agit (\u00e9galement) d&#8217;un mandat.<\/p>\n\n<h3 class=\"wp-block-heading\">Le mandat pour cause d&#8217;inaptitude comprend trois domaines :<\/h3>\n\n<ul class=\"wp-block-list\">\n<li><strong>L&#8217;assistance personnelle concerne le bien-\u00eatre physique et psychique<\/strong>, comme par exemple la d\u00e9termination du lieu de r\u00e9sidence, la planification quotidienne, l&#8217;alimentation. <strong>Dans ce domaine, il y a des recoupements partiels avec les directives anticip\u00e9es du patient<\/strong>, notamment lorsque se pose la question du consentement \u00e0 des traitements m\u00e9dicaux. Il faut alors veiller \u00e0 ce que le mandat pour cause d&#8217;inaptitude et les \u00e9ventuelles directives anticip\u00e9es ne se contredisent pas ou \u00e0 ce que les personnes comp\u00e9tentes se coordonnent entre elles.<\/li>\n\n\n\n<li><strong>Dans le cadre de la gestion du patrimoine, vous d\u00e9l\u00e9guez la responsabilit\u00e9 pour votre patrimoine<\/strong>, comme p. ex. la gestion des comptes bancaires et des titres ou le paiement des factures et des imp\u00f4ts. La personne charg\u00e9e de la gestion du patrimoine veille \u00e9galement \u00e0 la couverture de vos entretien courant, p. ex. en budg\u00e9tant les achats ou en r\u00e9glant les frais de soins et de traitement. Il est en principe possible de donner \u00e0 la personne d\u00e9sign\u00e9e dans le mandat pour cause d&#8217;inaptitude des instructions concernant l&#8217;utilisation du patrimoine.<\/li>\n\n\n\n<li><strong>Avec la repr\u00e9sentation dans les rapports juridiques avec les tiers, vous r\u00e9glez la repr\u00e9sentation vis-\u00e0-vis des autorit\u00e9s, des partenaires commerciaux et d&#8217;autres tiers<\/strong>. La personne charg\u00e9e de la repr\u00e9sentation dans les rapports juridiques avec les tiers peut signer des contrats \u00e0 votre place, faire des d\u00e9clarations de volont\u00e9, etc. C&#8217;est pourquoi il est recommand\u00e9 de nommer des personnes de confiance et disposant de connaissances juridiques, comme un avocat ou une avocate par exemple.<\/li>\n<\/ul>\n\n<p><strong>Vous pouvez d\u00e9cider librement si le mandat pour cause d&#8217;inaptitude doit couvrir les trois domaines ou seulement certains d&#8217;entre eux.<\/strong> Le mandat pour cause d&#8217;inaptitude peut \u00e9galement se limiter \u00e0 certains actes juridiques d\u00e9termin\u00e9s ou donner des instructions concr\u00e8tes d&#8217;agir. Dans un tel cas, il est recommand\u00e9 de d\u00e9crire les t\u00e2ches de mani\u00e8re pr\u00e9cise. <\/p>\n\n<p><strong>Toutefois, le mandat pour cause d&#8217;inaptitude est \u00e9galement valable si une personne d\u00e9termin\u00e9e est simplement charg\u00e9e globalement de \u00ab veiller \u00e0 pr\u00e9servation des int\u00e9r\u00eats en cas d&#8217;incapacit\u00e9 de discernement \u00bb<\/strong>. Dans cette hypoth\u00e8se, on supposera qu&#8217;il s&#8217;agit d&#8217;un mandat pour cause d&#8217;inaptitude global qui couvre les trois domaines.<\/p>\n\n<h2 class=\"wp-block-heading\">Qui puis-je mandater et comment ?<\/h2>\n\n<p>Le mandat pour cause d&#8217;inaptitude vous permet de mandater quelqu&#8217;un pour qu&#8217;il ou elle agisse \u00e0 votre place dans le cas o\u00f9 vous deviendriez <a href=\"https:\/\/www.deinadieu.ch\/fr\/conseiller\/lincapacite-de-discernement-comment-prendre-des-dispositions\/\">incapable de discernement<\/a>. Pour \u00e9tablir un mandat pour cause d&#8217;inaptitude, il faut avoir l&#8217;exercice des droits civils, c&#8217;est-\u00e0-dire \u00eatre majeur et capable de discernement. Cela signifie qu&#8217;au moment de l&#8217;\u00e9tablissement du mandat, il faut avoir plus de 18 ans et \u00eatre capable de comprendre la port\u00e9e de la d\u00e9cision de r\u00e9diger un mandat pour cause d&#8217;inaptitude. <strong>Comme un <a href=\"https:\/\/www.deinadieu.ch\/fr\/testament\/\">testament<\/a>, le mandat pour cause d&#8217;inaptitude doit \u00eatre soit <a href=\"https:\/\/www.deinadieu.ch\/fr\/conseiller\/la-forme-authentique-quand-a-t-on-besoin-dun-notaire\/\">\u00e9tabli en la forme authentique<\/a>, soit <a href=\"https:\/\/www.deinadieu.ch\/fr\/conseiller\/le-testament-manuscrit\/\">\u00eatre r\u00e9dig\u00e9 de la main du mandant<\/a> et \u00eatre sign\u00e9 et dat\u00e9 \u00e0 la fin<\/strong>. S&#8217;il ne respecte pas ces conditions de forme, le mandat pour cause d&#8217;inaptitude demeure sans effets.<\/p>\n\n<p>La personne que l&#8217;on mandate doit \u00eatre nomm\u00e9ment d\u00e9sign\u00e9e dans le mandat pour cause d&#8217;inaptitude ; il est en outre judicieux d&#8217;indiquer ses coordonn\u00e9es (adresse, num\u00e9ro de t\u00e9l\u00e9phone, adresse \u00e9lectronique). Vous pouvez mandater aussi bien une personne physique qu&#8217;une personne morale, comme p. ex. une <a href=\"https:\/\/www.deinadieu.ch\/hilfswerke\/\">organisation d&#8217;utilit\u00e9 publique<\/a>. Vous pouvez \u00e9galement confier le mandat \u00e0 plusieurs personnes, mais vous devez alors d\u00e9crire et d\u00e9limiter pr\u00e9cis\u00e9ment les comp\u00e9tences de chacune d&#8217;elles. <\/p>\n\n<p>Un exemple : <strong>pour l&#8217;assistance personnelle, il est souvent judicieux de d\u00e9signer des proches, une \u0153uvre d&#8217;entraide ou une organisation de soins \u00e0 domicile<\/strong>; pour la gestion du patrimoine, il est plus judicieux de d\u00e9signer une banque ou un bureau fiduciaire ; pour la repr\u00e9sentation dans les rapports juridiques avec les tiers, <a href=\"https:\/\/www.deinadieu.ch\/fr\/avocats\/\">une avocate ou un avocat<\/a> est g\u00e9n\u00e9ralement le meilleur choix.<\/p>\n\n<p><strong>Vous pouvez annoncer \u00e0 l&#8217;office de l&#8217;\u00e9tat civil cantonal que vous avez \u00e9tabli un mandat pour cause d&#8217;inaptitude<\/strong>. Celui-ci veillera \u00e0 ce qu&#8217;en cas d&#8217;incapacit\u00e9 de discernement, l&#8217;<a href=\"https:\/\/www.deinadieu.ch\/fr\/conseiller\/autorite-de-protection-de-lenfant-et-de-ladulte-apea-quest-ce-que-cest-et-quand-intervient-elle\/\">APEA<\/a> ait connaissance de l&#8217;existence du mandat pour cause d&#8217;inaptitude et puisse le valider. En ce qui concerne la conservation du mandat pour cause d&#8217;inaptitude, les m\u00eames principes que pour le testament s&#8217;appliquent : il est pr\u00e9f\u00e9rable de le conserver aupr\u00e8s d&#8217;un service officiel ou d&#8217;un officier public ou, si vous le conservez chez vous, il devrait \u00eatre conserv\u00e9 discr\u00e8tement, mais de mani\u00e8re \u00e0 ce qu&#8217;on puisse le trouver facilement, dans un endroit o\u00f9 vous conservez des documents importants qui devront \u00eatre consult\u00e9s en cas de perte de l&#8217;exercice des droits civils. L&#8217;id\u00e9al est d&#8217;informer \u2013 outre la ou le mandataire \u2013 au moins une personne de confiance de l&#8217;existence du mandat pour cause d&#8217;inaptitude.<\/p>\n\n<h2 class=\"wp-block-heading\">Instructions \u2013 Comment r\u00e9diger votre mandat pour cause d&#8217;inaptitude<\/h2>\n\n<p>Sur DeinAdieu, vous pouvez cr\u00e9er en quelques minutes un mod\u00e8le pour votre propre mandat pour cause d&#8217;inaptitude. Vous pouvez suivre le processus reproduit ci-dessous dans notre <a href=\"https:\/\/app.deinadieu.ch\/vorsorgeauftrag\" target=\"_blank\" rel=\"noreferrer noopener\">g\u00e9n\u00e9rateur de mandats pour cause d&#8217;inaptitude<\/a>.<\/p>\n\n<figure class=\"wp-block-image size-large\"><img decoding=\"async\" src=\"https:\/\/www.deinadieu.ch\/wp-content\/uploads\/2023\/06\/deinadieu-vorsorgeauftrag-schritt-01-FR-1024x324.png\" alt=\"mandat pour cause d'inaptitude &#xE9;tape 1\" class=\"wp-image-64361\"\/><figcaption class=\"wp-element-caption\">Indiquez vos coordonn\u00e9es et cliquez sur \u00ab Continuer \u00bb.<\/figcaption><\/figure>\n\n<figure class=\"wp-block-image size-large\"><img decoding=\"async\" src=\"https:\/\/www.deinadieu.ch\/wp-content\/uploads\/2023\/06\/deinadieu-vorsorgeauftrag-schritt-02-FR-1024x464.png\" alt=\"mandat pour cause d'inaptitude &#xE9;tape 2\" class=\"wp-image-64365\"\/><figcaption class=\"wp-element-caption\">Vous pouvez ensuite indiquer la personne habilit\u00e9e \u00e0 vous repr\u00e9senter et ses coordonn\u00e9es. Cliquez ensuite sur \u00ab Continuer \u00bb.<\/figcaption><\/figure>\n\n<div style=\"height:20px\" aria-hidden=\"true\" class=\"wp-block-spacer\"><\/div>\n\n<h3 class=\"wp-block-heading\">Personne de remplacement<\/h3>\n\n<figure class=\"wp-block-image size-large\"><img decoding=\"async\" src=\"https:\/\/www.deinadieu.ch\/wp-content\/uploads\/2023\/06\/deinadieu-vorsorgeauftrag-schritt-04-FR-1024x188.png\" alt=\"\" class=\"wp-image-64375\"\/><figcaption class=\"wp-element-caption\">Si vous le souhaitez, vous pouvez d\u00e9signer une personne de remplacement. Si vous ne souhaitez pas indiquer de personne(s) de remplacement, vous pouvez d\u00e9sactiver cette option.<\/figcaption><\/figure>\n\n<figure class=\"wp-block-image size-large\"><img decoding=\"async\" src=\"https:\/\/www.deinadieu.ch\/wp-content\/uploads\/2023\/06\/deinadieu-vorsorgeauftrag-schritt-03-FR-1024x448.png\" alt=\"mandat pour cause d'inaptitude &#xE9;tape 3\" class=\"wp-image-64371\"\/><figcaption class=\"wp-element-caption\">Le mandat pour cause d&#8217;inaptitude incombe \u00e0 la personne de remplacement si la personne de votre choix ne peut ou ne veut pas l&#8217;accepter.<\/figcaption><\/figure>\n\n<div style=\"height:20px\" aria-hidden=\"true\" class=\"wp-block-spacer\"><\/div>\n\n<h3 class=\"wp-block-heading\">Seconde personne de remplacement<\/h3>\n\n<figure class=\"wp-block-image size-large is-resized\"><img decoding=\"async\" src=\"https:\/\/www.deinadieu.ch\/wp-content\/uploads\/2023\/06\/deinadieu-vorsorgeauftrag-schritt-05-FR-1024x190.png\" alt=\"\" class=\"wp-image-64379\" style=\"width:768px;height:102px\"\/><figcaption class=\"wp-element-caption\">Vous pouvez \u00e9galement indiquer une seconde personne de remplacement, qui interviendra en cas de d\u00e9faillance de la personne habilit\u00e9e \u00e0 vous repr\u00e9senter et de la premi\u00e8re personne de remplacement. <\/figcaption><\/figure>\n\n<div style=\"height:20px\" aria-hidden=\"true\" class=\"wp-block-spacer\"><\/div>\n\n<h3 class=\"wp-block-heading\">R\u00e9mun\u00e9ration &amp; modalit\u00e9s<\/h3>\n\n<p>Apr\u00e8s avoir indiqu\u00e9 les donn\u00e9es personnelles, vous pouvez d\u00e9terminer les modalit\u00e9s de la repr\u00e9sentation. Il s&#8217;agit d&#8217;abord de la r\u00e9mun\u00e9ration du mandat pour cause d&#8217;inaptitude. Vous pouvez d\u00e9finir si la repr\u00e9sentation est r\u00e9mun\u00e9r\u00e9e ou non. Si une r\u00e9mun\u00e9ration est pr\u00e9vue, vous pouvez soit vous r\u00e9f\u00e9rer \u00e0 la collecte des honoraires du mandataire et au montant conforme \u00e0 l&#8217;usage local, soit fixer un plafond horaire et\/ou mensuel afin de plafonner les co\u00fbts.<\/p>\n\n<figure class=\"wp-block-image size-large is-resized\"><img decoding=\"async\" src=\"https:\/\/www.deinadieu.ch\/wp-content\/uploads\/2023\/06\/deinadieu-vorsorgeauftrag-schritt-06-FR-1024x591.png\" alt=\"\" class=\"wp-image-64383\" style=\"width:768px;height:359px\"\/><figcaption class=\"wp-element-caption\"> En principe, le plafond de co\u00fbts que vous avez fix\u00e9 ne peut pas \u00eatre d\u00e9pass\u00e9.<\/figcaption><\/figure>\n\n<p>Une remarque <strong>vous rappelle de discuter du mandat pour cause d&#8217;inaptitude avec les personnes mandat\u00e9es<\/strong>. Il est utile qu&#8217;elles sachent que vous les avez d\u00e9sign\u00e9es. Ce n&#8217;est qu&#8217;ainsi qu&#8217;elles pourront d\u00e9fendre vos int\u00e9r\u00eats de mani\u00e8re optimale.<\/p>\n\n<p>Vous pouvez ensuite, de mani\u00e8re optionnnelle, vous abonner \u00e0 un rappel p\u00e9riodique pour mettre \u00e0 jour votre mandat pour cause d&#8217;inaptitude. Enfin, vous devez consentir au traitement des donn\u00e9es et obtenir le consentement des personnes mandat\u00e9es. Ceci est n\u00e9cessaire pour que nous puissions g\u00e9n\u00e9rer votre mandat pour cause d&#8217;inaptitude. Cliquez ensuite sur \u00ab Continuer \u00bb.<\/p>\n\n<p><\/p>\n\n<figure class=\"wp-block-image size-large\"><img decoding=\"async\" src=\"https:\/\/www.deinadieu.ch\/wp-content\/uploads\/2023\/06\/deinadieu-vorsorgeauftrag-schritt-07-FR-1024x175.png\" alt=\"mandat pour cause d'inaptitude &#xE9;tape 7\" class=\"wp-image-64387\"\/><figcaption class=\"wp-element-caption\">C&#8217;est presque termin\u00e9 \u2013 vous pouvez d\u00e9sormais g\u00e9n\u00e9rer un document PDF avec le mod\u00e8le.<\/figcaption><\/figure>\n\n<div style=\"height:30px\" aria-hidden=\"true\" class=\"wp-block-spacer\"><\/div>\n\n<h3 class=\"wp-block-heading\">Finalisation : enregistrer et recopier<\/h3>\n\n<figure class=\"wp-block-image size-large\"><img decoding=\"async\" src=\"https:\/\/www.deinadieu.ch\/wp-content\/uploads\/2023\/06\/deinadieu-vorsorgeauftrag-schritt-08-FR-1024x620.png\" alt=\"mandat pour cause d'inaptitude &#xE9;tape 8\" class=\"wp-image-64391\"\/><figcaption class=\"wp-element-caption\">Cliquez sur \u00ab T\u00e9l\u00e9charger le PDF \u00bb et enregistrez le document. <\/figcaption><\/figure>\n\n<p>Vous pouvez enregistrer votre mod\u00e8le sur votre ordinateur. Pour que le mandat pour cause d&#8217;inaptitude soit valable, recopiez-le \u00e0 la main, en le datant et en le signant. En outre, vous pouvez le d\u00e9poser en ligne sur DeinAdieu dans un dossier de pr\u00e9voyance num\u00e9rique. De cette mani\u00e8re, vous pourrez y acc\u00e9der \u00e0 tout moment. De plus, vous pouvez d\u00e9poser d&#8217;autres mod\u00e8les de documents dans votre dossier de pr\u00e9voyance num\u00e9rique, par exemple pour des testaments ou des directives anticip\u00e9es.<\/p>\n\n<figure class=\"wp-block-image size-large\"><img decoding=\"async\" src=\"https:\/\/www.deinadieu.ch\/wp-content\/uploads\/2023\/06\/deinadieu-vorsorgeauftrag-beispiel-FR-1024x726.png\" alt=\"exemple de mandat pour cause d'inaptitude deinadieu\" class=\"wp-image-64396\"\/><figcaption class=\"wp-element-caption\">Votre mod\u00e8le se pr\u00e9sentera alors sous cette forme ou sous une forme similaire.<\/figcaption><\/figure>\n\n<div style=\"height:80px\" aria-hidden=\"true\" class=\"wp-block-spacer\"><\/div>\n\n<div class=\"wp-block-buttons is-layout-flex wp-block-buttons-is-layout-flex\">\n<div class=\"wp-block-button\"><a class=\"wp-block-button__link wp-element-button\" href=\"https:\/\/app.deinadieu.ch\/vorsorgeauftrag\">Etablir un mandat pour cause d&#8217;inaptitude ici<\/a><\/div>\n<\/div>\n\n\n        <div class=\"da-servicebox relative bg-gray-200 p-4 pt-8 border-solid border-t-8 border-da-dark mb-6\">\n            <i class=\"fas fa-info-circle mx-auto fa-7x text-da-dark\"><\/i>\n            <span style=\"hyphens: auto\">\n                <strong>Important<\/strong> : Pour que le mandat pour cause d&#8217;inaptitude soit valable, il ne suffit pas de l&#8217;imprimer et de le signer. Vous devez <strong>recopier l&#8217;ensemble du texte \u00e0 la main, dater et signer le document<\/strong> ou faire \u00e9tablir le mandat pour cause d&#8217;inaptitude en la forme authentique.\n                \n                \n            <\/span>\n        <\/div>\n        \n\n<h3 class=\"wp-block-heading\">Davantage d&#8217;articles sur le sujet<\/h3>\n\n<ul class=\"wp-block-list\">\n<li><a href=\"https:\/\/www.deinadieu.ch\/fr\/mandat-pour-cause-d-inaptitude\/\">Le mandat pour cause d&#8217;inaptitude<\/a><\/li>\n\n\n\n<li><a href=\"https:\/\/www.deinadieu.ch\/fr\/directives-anticipees-du-patient\/\">Les directives anticip\u00e9es du patient<\/a><\/li>\n\n\n\n<li><a href=\"https:\/\/www.deinadieu.ch\/fr\/conseiller\/lincapacite-de-discernement-comment-prendre-des-dispositions\/\">Incapacit\u00e9 de discernement \u2013 Comment prendre des dispositions ?<\/a><\/li>\n\n\n\n<li><a href=\"https:\/\/www.deinadieu.ch\/fr\/testament\/\">Etablir un testament<\/a><\/li>\n<\/ul>\n\n<p><\/p>\n","protected":false},"excerpt":{"rendered":"<p>Toute personne souhaitant s&#8217;assurer une prise en charge et une repr\u00e9sentation fiables pour le cas o\u00f9 elle deviendrait incapable de discernement devrait r\u00e9diger un mandat pour cause d&#8217;inaptitude. Dans cet article, nous vous montrons comment r\u00e9diger facilement votre mandat pour cause d&#8217;inaptitude sur DeinAdieu.<\/p>\n","protected":false},"author":2398,"featured_media":65307,"menu_order":0,"comment_status":"open","ping_status":"closed","template":"","tags":[2069,3550,2932,2741,3420,3551,2742,2087],"ratgeber-category":[3005],"class_list":["post-64946","ratgeber","type-ratgeber","status-publish","has-post-thumbnail","hentry","tag-apea","tag-assistance-personnelle","tag-capacite-de-discernement","tag-directive-anticipee-du-patient","tag-exercice-des-droits-civils","tag-gestion-du-patrimoine","tag-mandat-pour-cause-dinaptitude","tag-prevoyance","ratgeber-category-mandat-pour-cause-dinaptitude-directives-anticipees-du-patient-procuration"],"acf":[],"yoast_head":"<title>Comment puis-je \u00e9tablir un mandat pour cause d&#039;inaptitude ? | DeinAdieu.ch<\/title>\n<meta name=\"description\" content=\"Nous vous expliquons ici pourquoi vous avez besoin d&#039;un mandat pour cause d&#039;inaptitude et vous montrons \u00e9tape par \u00e9tape comment vous pouvez le r\u00e9diger gratuitement sur DeinAdieu.\" \/>\n<meta name=\"robots\" content=\"index, follow, max-snippet:-1, max-image-preview:large, max-video-preview:-1\" \/>\n<link rel=\"canonical\" href=\"https:\/\/www.deinadieu.ch\/fr\/conseiller\/comment-puis-je-etablir-un-mandat-pour-cause-dinaptitude\/\" \/>\n<meta property=\"og:locale\" content=\"fr_FR\" \/>\n<meta property=\"og:type\" content=\"article\" \/>\n<meta property=\"og:title\" content=\"Comment puis-je \u00e9tablir un mandat pour cause d&#039;inaptitude ?\" \/>\n<meta property=\"og:description\" content=\"Toute personne souhaitant s&#039;assurer une prise en charge et une repr\u00e9sentation fiables pour le cas o\u00f9 elle deviendrait incapable de discernement devrait\" \/>\n<meta property=\"og:url\" content=\"https:\/\/www.deinadieu.ch\/fr\/conseiller\/comment-puis-je-etablir-un-mandat-pour-cause-dinaptitude\/\" \/>\n<meta property=\"og:site_name\" content=\"DeinAdieu.ch\" \/>\n<meta property=\"article:publisher\" content=\"https:\/\/www.facebook.com\/deinadieu\" \/>\n<meta property=\"article:modified_time\" content=\"2024-02-05T16:08:03+00:00\" \/>\n<meta property=\"og:image\" content=\"https:\/\/static.deinadieu.ch\/uploads\/2023\/10\/Screenshot-2023-10-06-at-17.02.42.png\" \/>\n\t<meta property=\"og:image:width\" content=\"2018\" \/>\n\t<meta property=\"og:image:height\" content=\"1096\" \/>\n\t<meta property=\"og:image:type\" content=\"image\/png\" \/>\n<meta name=\"twitter:card\" content=\"summary_large_image\" \/>\n<meta name=\"twitter:site\" content=\"@DeinAdieu\" \/>\n<meta name=\"twitter:label1\" content=\"Est. reading time\" \/>\n\t<meta name=\"twitter:data1\" content=\"8 minutes\" \/>\n<script type=\"application\/ld+json\" class=\"yoast-schema-graph\">{\"@context\":\"https:\\\/\\\/schema.org\",\"@graph\":[{\"@type\":\"WebPage\",\"@id\":\"https:\\\/\\\/www.deinadieu.ch\\\/fr\\\/conseiller\\\/comment-puis-je-etablir-un-mandat-pour-cause-dinaptitude\\\/\",\"url\":\"https:\\\/\\\/www.deinadieu.ch\\\/fr\\\/conseiller\\\/comment-puis-je-etablir-un-mandat-pour-cause-dinaptitude\\\/\",\"name\":\"Comment puis-je \u00e9tablir un mandat pour cause d'inaptitude ? | DeinAdieu.ch\",\"isPartOf\":{\"@id\":\"https:\\\/\\\/www.deinadieu.ch\\\/fr\\\/#website\"},\"primaryImageOfPage\":{\"@id\":\"https:\\\/\\\/www.deinadieu.ch\\\/fr\\\/conseiller\\\/comment-puis-je-etablir-un-mandat-pour-cause-dinaptitude\\\/#primaryimage\"},\"image\":{\"@id\":\"https:\\\/\\\/www.deinadieu.ch\\\/fr\\\/conseiller\\\/comment-puis-je-etablir-un-mandat-pour-cause-dinaptitude\\\/#primaryimage\"},\"thumbnailUrl\":\"https:\\\/\\\/www.deinadieu.ch\\\/wp-content\\\/uploads\\\/2023\\\/10\\\/Screenshot-2023-10-06-at-17.02.42.png\",\"datePublished\":\"2023-08-29T05:30:00+00:00\",\"dateModified\":\"2024-02-05T16:08:03+00:00\",\"description\":\"Nous vous expliquons ici pourquoi vous avez besoin d'un mandat pour cause d'inaptitude et vous montrons \u00e9tape par \u00e9tape comment vous pouvez le r\u00e9diger gratuitement sur DeinAdieu.\",\"breadcrumb\":{\"@id\":\"https:\\\/\\\/www.deinadieu.ch\\\/fr\\\/conseiller\\\/comment-puis-je-etablir-un-mandat-pour-cause-dinaptitude\\\/#breadcrumb\"},\"inLanguage\":\"fr-FR\",\"potentialAction\":[{\"@type\":\"ReadAction\",\"target\":[\"https:\\\/\\\/www.deinadieu.ch\\\/fr\\\/conseiller\\\/comment-puis-je-etablir-un-mandat-pour-cause-dinaptitude\\\/\"]}]},{\"@type\":\"ImageObject\",\"inLanguage\":\"fr-FR\",\"@id\":\"https:\\\/\\\/www.deinadieu.ch\\\/fr\\\/conseiller\\\/comment-puis-je-etablir-un-mandat-pour-cause-dinaptitude\\\/#primaryimage\",\"url\":\"https:\\\/\\\/www.deinadieu.ch\\\/wp-content\\\/uploads\\\/2023\\\/10\\\/Screenshot-2023-10-06-at-17.02.42.png\",\"contentUrl\":\"https:\\\/\\\/www.deinadieu.ch\\\/wp-content\\\/uploads\\\/2023\\\/10\\\/Screenshot-2023-10-06-at-17.02.42.png\",\"width\":2018,\"height\":1096,\"caption\":\"Mod\u00e8le de mandat pour cause d'inaptitude chez DeinAdieu\"},{\"@type\":\"BreadcrumbList\",\"@id\":\"https:\\\/\\\/www.deinadieu.ch\\\/fr\\\/conseiller\\\/comment-puis-je-etablir-un-mandat-pour-cause-dinaptitude\\\/#breadcrumb\",\"itemListElement\":[{\"@type\":\"ListItem\",\"position\":1,\"name\":\"Home\",\"item\":\"https:\\\/\\\/www.deinadieu.ch\\\/fr\\\/deinadieu-dialog-und-serviceportal-zum-lebensende\\\/\"},{\"@type\":\"ListItem\",\"position\":2,\"name\":\"Ratgeber\",\"item\":\"https:\\\/\\\/www.deinadieu.ch\\\/fr\\\/conseiller\\\/\"},{\"@type\":\"ListItem\",\"position\":3,\"name\":\"Comment puis-je \u00e9tablir un mandat pour cause d&#8217;inaptitude ?\"}]},{\"@type\":\"WebSite\",\"@id\":\"https:\\\/\\\/www.deinadieu.ch\\\/fr\\\/#website\",\"url\":\"https:\\\/\\\/www.deinadieu.ch\\\/fr\\\/\",\"name\":\"DeinAdieu.ch\",\"description\":\"Testament, Patientenverf\u00fcgung und Vorsorgeauftrag\",\"publisher\":{\"@id\":\"https:\\\/\\\/www.deinadieu.ch\\\/fr\\\/#organization\"},\"potentialAction\":[{\"@type\":\"SearchAction\",\"target\":{\"@type\":\"EntryPoint\",\"urlTemplate\":\"https:\\\/\\\/www.deinadieu.ch\\\/fr\\\/?s={search_term_string}\"},\"query-input\":{\"@type\":\"PropertyValueSpecification\",\"valueRequired\":true,\"valueName\":\"search_term_string\"}}],\"inLanguage\":\"fr-FR\"},{\"@type\":\"Organization\",\"@id\":\"https:\\\/\\\/www.deinadieu.ch\\\/fr\\\/#organization\",\"name\":\"EMNA Web GmbH\",\"url\":\"https:\\\/\\\/www.deinadieu.ch\\\/fr\\\/\",\"logo\":{\"@type\":\"ImageObject\",\"inLanguage\":\"fr-FR\",\"@id\":\"https:\\\/\\\/www.deinadieu.ch\\\/fr\\\/#\\\/schema\\\/logo\\\/image\\\/\",\"url\":\"https:\\\/\\\/www.deinadieu.ch\\\/wp-content\\\/uploads\\\/2016\\\/01\\\/DeinAdieu_Logo.png\",\"contentUrl\":\"https:\\\/\\\/www.deinadieu.ch\\\/wp-content\\\/uploads\\\/2016\\\/01\\\/DeinAdieu_Logo.png\",\"width\":300,\"height\":117,\"caption\":\"EMNA Web GmbH\"},\"image\":{\"@id\":\"https:\\\/\\\/www.deinadieu.ch\\\/fr\\\/#\\\/schema\\\/logo\\\/image\\\/\"},\"sameAs\":[\"https:\\\/\\\/www.facebook.com\\\/deinadieu\",\"https:\\\/\\\/x.com\\\/DeinAdieu\",\"https:\\\/\\\/www.instagram.com\\\/deinadieu\\\/\",\"https:\\\/\\\/www.linkedin.com\\\/company\\\/deinadieu.ch\"]}]}<\/script>","yoast_head_json":{"title":"Comment puis-je \u00e9tablir un mandat pour cause d'inaptitude ? | DeinAdieu.ch","description":"Nous vous expliquons ici pourquoi vous avez besoin d'un mandat pour cause d'inaptitude et vous montrons \u00e9tape par \u00e9tape comment vous pouvez le r\u00e9diger gratuitement sur DeinAdieu.","robots":{"index":"index","follow":"follow","max-snippet":"max-snippet:-1","max-image-preview":"max-image-preview:large","max-video-preview":"max-video-preview:-1"},"canonical":"https:\/\/www.deinadieu.ch\/fr\/conseiller\/comment-puis-je-etablir-un-mandat-pour-cause-dinaptitude\/","og_locale":"fr_FR","og_type":"article","og_title":"Comment puis-je \u00e9tablir un mandat pour cause d'inaptitude ?","og_description":"Toute personne souhaitant s'assurer une prise en charge et une repr\u00e9sentation fiables pour le cas o\u00f9 elle deviendrait incapable de discernement devrait","og_url":"https:\/\/www.deinadieu.ch\/fr\/conseiller\/comment-puis-je-etablir-un-mandat-pour-cause-dinaptitude\/","og_site_name":"DeinAdieu.ch","article_publisher":"https:\/\/www.facebook.com\/deinadieu","article_modified_time":"2024-02-05T16:08:03+00:00","og_image":[{"width":2018,"height":1096,"url":"https:\/\/static.deinadieu.ch\/uploads\/2023\/10\/Screenshot-2023-10-06-at-17.02.42.png","type":"image\/png"}],"twitter_card":"summary_large_image","twitter_site":"@DeinAdieu","twitter_misc":{"Est. reading time":"8 minutes"},"schema":{"@context":"https:\/\/schema.org","@graph":[{"@type":"WebPage","@id":"https:\/\/www.deinadieu.ch\/fr\/conseiller\/comment-puis-je-etablir-un-mandat-pour-cause-dinaptitude\/","url":"https:\/\/www.deinadieu.ch\/fr\/conseiller\/comment-puis-je-etablir-un-mandat-pour-cause-dinaptitude\/","name":"Comment puis-je \u00e9tablir un mandat pour cause d'inaptitude ? | DeinAdieu.ch","isPartOf":{"@id":"https:\/\/www.deinadieu.ch\/fr\/#website"},"primaryImageOfPage":{"@id":"https:\/\/www.deinadieu.ch\/fr\/conseiller\/comment-puis-je-etablir-un-mandat-pour-cause-dinaptitude\/#primaryimage"},"image":{"@id":"https:\/\/www.deinadieu.ch\/fr\/conseiller\/comment-puis-je-etablir-un-mandat-pour-cause-dinaptitude\/#primaryimage"},"thumbnailUrl":"https:\/\/www.deinadieu.ch\/wp-content\/uploads\/2023\/10\/Screenshot-2023-10-06-at-17.02.42.png","datePublished":"2023-08-29T05:30:00+00:00","dateModified":"2024-02-05T16:08:03+00:00","description":"Nous vous expliquons ici pourquoi vous avez besoin d'un mandat pour cause d'inaptitude et vous montrons \u00e9tape par \u00e9tape comment vous pouvez le r\u00e9diger gratuitement sur DeinAdieu.","breadcrumb":{"@id":"https:\/\/www.deinadieu.ch\/fr\/conseiller\/comment-puis-je-etablir-un-mandat-pour-cause-dinaptitude\/#breadcrumb"},"inLanguage":"fr-FR","potentialAction":[{"@type":"ReadAction","target":["https:\/\/www.deinadieu.ch\/fr\/conseiller\/comment-puis-je-etablir-un-mandat-pour-cause-dinaptitude\/"]}]},{"@type":"ImageObject","inLanguage":"fr-FR","@id":"https:\/\/www.deinadieu.ch\/fr\/conseiller\/comment-puis-je-etablir-un-mandat-pour-cause-dinaptitude\/#primaryimage","url":"https:\/\/www.deinadieu.ch\/wp-content\/uploads\/2023\/10\/Screenshot-2023-10-06-at-17.02.42.png","contentUrl":"https:\/\/www.deinadieu.ch\/wp-content\/uploads\/2023\/10\/Screenshot-2023-10-06-at-17.02.42.png","width":2018,"height":1096,"caption":"Mod\u00e8le de mandat pour cause d'inaptitude chez DeinAdieu"},{"@type":"BreadcrumbList","@id":"https:\/\/www.deinadieu.ch\/fr\/conseiller\/comment-puis-je-etablir-un-mandat-pour-cause-dinaptitude\/#breadcrumb","itemListElement":[{"@type":"ListItem","position":1,"name":"Home","item":"https:\/\/www.deinadieu.ch\/fr\/deinadieu-dialog-und-serviceportal-zum-lebensende\/"},{"@type":"ListItem","position":2,"name":"Ratgeber","item":"https:\/\/www.deinadieu.ch\/fr\/conseiller\/"},{"@type":"ListItem","position":3,"name":"Comment puis-je \u00e9tablir un mandat pour cause d&#8217;inaptitude ?"}]},{"@type":"WebSite","@id":"https:\/\/www.deinadieu.ch\/fr\/#website","url":"https:\/\/www.deinadieu.ch\/fr\/","name":"DeinAdieu.ch","description":"Testament, Patientenverf\u00fcgung und Vorsorgeauftrag","publisher":{"@id":"https:\/\/www.deinadieu.ch\/fr\/#organization"},"potentialAction":[{"@type":"SearchAction","target":{"@type":"EntryPoint","urlTemplate":"https:\/\/www.deinadieu.ch\/fr\/?s={search_term_string}"},"query-input":{"@type":"PropertyValueSpecification","valueRequired":true,"valueName":"search_term_string"}}],"inLanguage":"fr-FR"},{"@type":"Organization","@id":"https:\/\/www.deinadieu.ch\/fr\/#organization","name":"EMNA Web GmbH","url":"https:\/\/www.deinadieu.ch\/fr\/","logo":{"@type":"ImageObject","inLanguage":"fr-FR","@id":"https:\/\/www.deinadieu.ch\/fr\/#\/schema\/logo\/image\/","url":"https:\/\/www.deinadieu.ch\/wp-content\/uploads\/2016\/01\/DeinAdieu_Logo.png","contentUrl":"https:\/\/www.deinadieu.ch\/wp-content\/uploads\/2016\/01\/DeinAdieu_Logo.png","width":300,"height":117,"caption":"EMNA Web GmbH"},"image":{"@id":"https:\/\/www.deinadieu.ch\/fr\/#\/schema\/logo\/image\/"},"sameAs":["https:\/\/www.facebook.com\/deinadieu","https:\/\/x.com\/DeinAdieu","https:\/\/www.instagram.com\/deinadieu\/","https:\/\/www.linkedin.com\/company\/deinadieu.ch"]}]}},"_links":{"self":[{"href":"https:\/\/www.deinadieu.ch\/fr\/wp-json\/wp\/v2\/ratgeber\/64946","targetHints":{"allow":["GET"]}}],"collection":[{"href":"https:\/\/www.deinadieu.ch\/fr\/wp-json\/wp\/v2\/ratgeber"}],"about":[{"href":"https:\/\/www.deinadieu.ch\/fr\/wp-json\/wp\/v2\/types\/ratgeber"}],"author":[{"embeddable":true,"href":"https:\/\/www.deinadieu.ch\/fr\/wp-json\/wp\/v2\/users\/2398"}],"replies":[{"embeddable":true,"href":"https:\/\/www.deinadieu.ch\/fr\/wp-json\/wp\/v2\/comments?post=64946"}],"version-history":[{"count":17,"href":"https:\/\/www.deinadieu.ch\/fr\/wp-json\/wp\/v2\/ratgeber\/64946\/revisions"}],"predecessor-version":[{"id":66688,"href":"https:\/\/www.deinadieu.ch\/fr\/wp-json\/wp\/v2\/ratgeber\/64946\/revisions\/66688"}],"wp:featuredmedia":[{"embeddable":true,"href":"https:\/\/www.deinadieu.ch\/fr\/wp-json\/wp\/v2\/media\/65307"}],"wp:attachment":[{"href":"https:\/\/www.deinadieu.ch\/fr\/wp-json\/wp\/v2\/media?parent=64946"}],"wp:term":[{"taxonomy":"post_tag","embeddable":true,"href":"https:\/\/www.deinadieu.ch\/fr\/wp-json\/wp\/v2\/tags?post=64946"},{"taxonomy":"ratgeber-category","embeddable":true,"href":"https:\/\/www.deinadieu.ch\/fr\/wp-json\/wp\/v2\/ratgeber-category?post=64946"}],"curies":[{"name":"wp","href":"https:\/\/api.w.org\/{rel}","templated":true}]}}