{"id":63032,"date":"2023-05-02T07:00:00","date_gmt":"2023-05-02T05:00:00","guid":{"rendered":"https:\/\/www.deinadieu.ch\/?post_type=ratgeber&#038;p=63032"},"modified":"2023-04-15T14:18:19","modified_gmt":"2023-04-15T12:18:19","slug":"que-sont-la-procuration-de-prevoyance-et-le-mandat-pour-cause-dinaptitude","status":"publish","type":"ratgeber","link":"https:\/\/www.deinadieu.ch\/fr\/conseiller\/que-sont-la-procuration-de-prevoyance-et-le-mandat-pour-cause-dinaptitude\/","title":{"rendered":"Que sont la procuration de pr\u00e9voyance et le mandat pour cause d&#8217;inaptitude ?"},"content":{"rendered":"\n<p>Depuis 2013, la Suisse conna\u00eet le mandat pour cause d&#8217;inaptitude, qui a remplac\u00e9 l&#8217;ancienne procuration de pr\u00e9voyance. Tous deux servent \u00e0 confier \u00e0 quelqu&#8217;un, \u00e0 titre pr\u00e9ventif, la d\u00e9fense de ses int\u00e9r\u00eats en cas d&#8217;incapacit\u00e9 de discernement. Nous vous expliquons quels sont les points communs et les diff\u00e9rences entre ces instruments et ce \u00e0 quoi il faut pr\u00eater attention.<\/p>\n\n<!--more-->\n\n<h2 class=\"wp-block-heading\" id=\"h-zu-den-begriffen-vorsorgevollmacht-und-vorsorgeauftrag\">A propos des notions de \u00ab procuration \u00bb et de \u00ab mandat pour cause d&#8217;inaptitude \u00bb<\/h2>\n\n<p>Jusqu&#8217;\u00e0 la r\u00e9vision du droit de la protection de l&#8217;adulte en 2013, il n&#8217;existait pas, en Suisse, d&#8217;instrument particulier permettant de r\u00e9gler la question de savoir qui pourrait nous repr\u00e9senter et s&#8217;occuper de nos affaires en cas d&#8217;<a href=\"https:\/\/www.deinadieu.ch\/fr\/conseiller\/lincapacite-de-discernement-comment-prendre-des-dispositions\/\">incapacit\u00e9 de discernement<\/a>. Il n&#8217;y avait que ce que l&#8217;on appelait le \u00ab <strong>droit de la tutelle<\/strong> \u00bb, qui permettait notamment de d\u00e9signer un tuteur aux personnes ayant besoin d&#8217;aide. L&#8217;\u00e9l\u00e9ment d\u00e9terminant \u00e9tait de savoir si la personne \u00e0 prot\u00e9ger pouvait obtenir l&#8217;aide dont elle avait besoin d&#8217;une autre mani\u00e8re ou si elle avait besoin d&#8217;une telle aide. C&#8217;\u00e9tait toujours les autorit\u00e9s cantonales de tutelle qui prenaient une d\u00e9cision \u00e0 ce sujet. Une tutelle de famille, c&#8217;est-\u00e0-dire le fait que des proches puissent execer la tutelle, n&#8217;\u00e9tait autoris\u00e9e qu&#8217;\u00e0 titre exceptionnel.<\/p>\n\n<p>N\u00e9anmoins \u2013 ou justement en raison de ce syst\u00e8me rigide \u2013, il existait un besoin largement r\u00e9pandu de <strong>d\u00e9terminer \u00e0 titre pr\u00e9ventif qui devait se charger de l&#8217;assistance personnelle, de la gestion du patrimoine et de la repr\u00e9sentation juridique en cas d&#8217;incapacit\u00e9 de discernement<\/strong>. De m\u00eame, la question de savoir qui pouvait consentir \u00e0 d&#8217;\u00e9ventuelles mesures m\u00e9dicales \u00e0 la place de la personne incapable de discernement n\u00e9cessitait souvent une r\u00e9glementation sp\u00e9cifique. Sous l&#8217;ancien droit, cet objectif pouvait \u00eatre atteint par le biais de <strong>procurations g\u00e9n\u00e9rales ou de procurations de pr\u00e9voyance<\/strong>.<\/p>\n\n<p><strong>La procuration est un acte juridique qui donne au mandataire le pouvoir de repr\u00e9senter le mandant vis-\u00e0-vis des tiers<\/strong>. Une procuration (de pr\u00e9voyance) peut \u00eatre octroy\u00e9e sans qu&#8217;un mandat ne soit donn\u00e9 en m\u00eame temps. Elle conf\u00e8re uniquement le droit, et non l&#8217;obligation, de repr\u00e9senter quelqu&#8217;un. <strong>Sauf convention contraire, la procuration s&#8217;\u00e9teint, entre autres, par la perte de l&#8217;exercice des droits civils<\/strong>. A l&#8217;inverse, les parties peuvent convenir que la procuration conserve sa validit\u00e9 \u00e9galement apr\u00e8s que la personne qui l&#8217;a donn\u00e9e a perdu l&#8217;exercice des droits civils. Si la procuration contient des dispositions autorisant le mandataire \u00e0 prendre des mesures globales, relatives \u00e0 la gestion du patrimoine et \u00e0 l&#8217;assistance personnelle, il s&#8217;agit de ce que l&#8217;on appelle une \u00ab <strong>procuration de pr\u00e9voyance<\/strong> \u00bb. <strong>Cet instrument de l&#8217;ancien droit (mais qui reste en principe admissible) est donc \u00e0 l&#8217;origine de la notion de mandat pour cause d&#8217;inaptitude.<\/strong><\/p>\n\n<h3 class=\"wp-block-heading\">La r\u00e9vision du syst\u00e8me des tutelles<\/h3>\n\n<p>Au 21\u00e8me si\u00e8cle, le syst\u00e8me des tutelles a \u00e9t\u00e9 jug\u00e9 inadapt\u00e9, ce qui a entra\u00een\u00e9 une importante r\u00e9vision de la loi. <strong>Depuis 2013, ce domaine juridique est appel\u00e9 \u00ab droit de la protection de l&#8217;enfant et de l&#8217;adulte \u00bb et contient quelques nouvelles possibilit\u00e9s d&#8217;am\u00e9nagement plus flexibles<\/strong>. Cette r\u00e9vision a consid\u00e9rablement renforc\u00e9 la situation juridique en mati\u00e8re de pr\u00e9voyance personnelle. Dans ce cadre, le <a href=\"https:\/\/www.deinadieu.ch\/fr\/mandat-pour-cause-d-inaptitude\/\">mandat pour cause d&#8217;inaptitude<\/a> et les <a href=\"https:\/\/www.deinadieu.ch\/fr\/directives-anticipees-du-patient\/\">directives anticip\u00e9es du patient<\/a> constituent deux instruments essentiels. Le mandat pour cause d&#8217;inaptitude porte sur l&#8217;<a href=\"https:\/\/www.deinadieu.ch\/fr\/mandat-pour-cause-d-inaptitude\/\">assistance personnelle<\/a> et la <a href=\"https:\/\/www.deinadieu.ch\/fr\/mandat-pour-cause-d-inaptitude\/\">gestion du patrimoine<\/a> ainsi que sur la <a href=\"https:\/\/www.deinadieu.ch\/fr\/mandat-pour-cause-d-inaptitude\/\">repr\u00e9sentation dans les rapports juridiques avec les tiers<\/a>. Les directives anticip\u00e9es du patient traitent sp\u00e9cifiquement du consentement ou du refus de mesures m\u00e9dicales. Le terme de \u00ab mandat pour cause d&#8217;inaptitude \u00bb indique clairement qu&#8217;il ne porte pas seulement sur le droit de repr\u00e9senter la personne incapable de discernement, mais \u00e9galement sur l&#8217;obligation de l&#8217;assister \u2013 il s&#8217;agit (\u00e9galement) d&#8217;un mandat du point de vue juridique.<\/p>\n\n<p>En principe, il est conseill\u00e9 de faire usage des possibilit\u00e9s offertes par le droit de la protection de l&#8217;enfant et de l&#8217;adulte. <strong>Il n&#8217;y a normalement aucune raison de se limiter \u00e0 une procuration de pr\u00e9voyance si le mandat pour cause d&#8217;inaptitude est \u00e9galement autoris\u00e9<\/strong>. Le mandat pour cause d&#8217;inaptitude est ainsi abord\u00e9 plus en d\u00e9tail dans les paragraphes qui suivent. La plupart des explications s&#8217;appliquent toutefois \u00e9galement par analogie \u00e0 la procuration de pr\u00e9voyance. Enfin, <strong>une procuration de pr\u00e9voyance peut aussi \u00eatre convertie en mandat pour cause d&#8217;inaptitude<\/strong> si les conditions de forme et de fond pour une telle conversion sont remplies.<\/p>\n\n<h2 class=\"wp-block-heading\"><strong>Qui peut mandater qui<\/strong>, respectivement donner procuration \u00e0 qui, et pour quoi faire <strong>?<\/strong><\/h2>\n\n<p><strong>Le mandat pour cause d&#8217;inaptitude permet \u00e0 la mandante de charger quelqu&#8217;un d&#8217;autre d&#8217;agir en son nom dans l&#8217;hypoth\u00e8se o\u00f9 elle deviendrait elle-m\u00eame incapable de discernement<\/strong>. La personne qui souhaite \u00e9tablir un mandat pour cause d&#8217;inaptitude doit <strong>avoir l&#8217;exercice des droits civils<\/strong>, c&#8217;est-\u00e0-dire \u00eatre <strong>majeure<\/strong> et <strong>capable de discernement<\/strong>. Cela signifie qu&#8217;il faut avoir plus de 18 ans au moment de la r\u00e9daction et \u00eatre capable de comprendre la port\u00e9e de la d\u00e9cision de r\u00e9diger un mandat pour cause d&#8217;inaptitude.<\/p>\n\n<p>La mandante peut choisir si le mandat pour cause d&#8217;inaptitude doit couvrir les <strong>trois domaines<\/strong> (assistance personnelle, gestion du patrimoine et repr\u00e9sentation dans les rapports juridiques avec les tiers) ou seulement une partie d&#8217;entre eux. Elle peut \u00e9galement limiter le mandat \u00e0 certains actes juridiques ou donner des instructions concr\u00e8tes. Il est recommand\u00e9 de d\u00e9crire avec pr\u00e9cision les t\u00e2ches \u00e0 accomplir. <\/p>\n\n<p>Le mandat pour cause d&#8217;inaptitude est \u00e9galement valable si quelqu&#8217;un est simplement charg\u00e9 de \u00ab veiller \u00e0 la pr\u00e9servation des int\u00e9r\u00eats en cas d&#8217;incapacit\u00e9 de discernement \u00bb. Dans ces cas-l\u00e0, il faut partir du principe qu&#8217;il s&#8217;agit d&#8217;un mandat pour cause d&#8217;inaptitude global qui couvre les trois domaines.<\/p>\n\n<p>Le nom de la personne mandat\u00e9e doit \u00eatre mentionn\u00e9 dans le mandat pour cause d&#8217;inaptitude ; il est en outre judicieux d&#8217;indiquer ses autres coordonn\u00e9es. Il est possible de mandater aussi bien une personne physique qu&#8217;une personne morale, comme p. ex. une <a href=\"https:\/\/www.deinadieu.ch\/fr\/oeuvres-de-bienfaisance\/\">organisation d&#8217;utilit\u00e9 publique<\/a>. Il est m\u00eame possible de confier le mandat \u00e0 plusieurs personnes ensemble, auquel cas il convient de pr\u00e9ciser qui aura quelles comp\u00e9tences.<\/p>\n\n<ul class=\"wp-block-list\">\n<li>Pour l&#8217;<strong>assistance personnelle<\/strong>, il peut \u00eatre judicieux de d\u00e9signer une \u0153uvre d&#8217;entraide ou une organisation d&#8217;aide et de soins \u00e0 domicile ; <\/li>\n\n\n\n<li>pour la <strong>gestion du patrimoine<\/strong>, une banque ou un bureau fiduciaire p. ex. ; <\/li>\n\n\n\n<li>pour la <strong>repr\u00e9sentation dans les rapports juridiques avec les tiers<\/strong>, g\u00e9n\u00e9ralement <a href=\"https:\/\/www.deinadieu.ch\/fr\/avocats\/\">un avocat ou une avocate<\/a>. <\/li>\n<\/ul>\n\n<p>Souvent, on optera toutefois simplement pour des proches, qui pourront ensuite \u00ab transmettre \u00bb ou d\u00e9l\u00e9guer le mandat \u00e0 des professionnels de confiance. L&#8217;autorisation de d\u00e9l\u00e9guer le mandat devrait toutefois \u00eatre express\u00e9ment pr\u00e9vue (p. ex. : \u00ab Dans le cas o\u00f9 je deviendrais incapable de discernement, j&#8217;autorise ma fille \u00e0 faire appel \u00e0 une banque de confiance pour g\u00e9rer mon patrimoine \u00bb).<\/p>\n\n<h2 class=\"wp-block-heading\">Comment r\u00e9diger le mandat et o\u00f9 le conserver ?<\/h2>\n\n<p>L&#8217;\u00e9tablissement d&#8217;un mandat pour cause d&#8217;inaptitude est un droit strictement personnel. Cela signifie que la personne qui souhaite \u00e9tablir un mandat pour cause d&#8217;inaptitude <strong>doit imp\u00e9rativement le faire elle-m\u00eame<\/strong> et qu&#8217;elle ne peut laisser personne d&#8217;autre de le faire \u00e0 sa place. En raison de ses implications importantes, le mandat pour cause d&#8217;inaptitude doit, \u00e0 l&#8217;instar d&#8217;un <a href=\"https:\/\/www.deinadieu.ch\/fr\/testament\/\">testament<\/a>, soit \u00eatre <a href=\"https:\/\/www.deinadieu.ch\/fr\/conseiller\/la-forme-authentique-quand-a-t-on-besoin-dun-notaire\/\">\u00e9tabli en la forme authentique<\/a>, soit \u00eatre <a href=\"https:\/\/www.deinadieu.ch\/fr\/conseiller\/le-testament-manuscrit\/\">r\u00e9dig\u00e9 \u00e0 la main<\/a> et sign\u00e9 et dat\u00e9 \u00e0 la fin. S&#8217;il ne respecte pas ces conditions de forme, le mandat est nul, c&#8217;est-\u00e0-dire qu&#8217;il n&#8217;est pas pris en consid\u00e9ration, comme s&#8217;il n&#8217;existait pas. En ce qui concerne les formulations envisageables, nous vous invitons \u00e0 vous inspirer de nos <a href=\"https:\/\/app.deinadieu.ch\/vorsorgeauftrag\">mod\u00e8les<\/a>.<\/p>\n\n<p>Vous pouvez annoncer \u00e0 l&#8217;office de l&#8217;\u00e9tat civil cantonal que vous avez \u00e9tabli un mandat pour cause d&#8217;inaptitude. L&#8217;enregistrement du mandat n&#8217;est toutefois pas une condition de validit\u00e9. Le lieu de d\u00e9p\u00f4t est ensuite inscrit dans le registre \u00e9lectronique de l&#8217;\u00e9tat civil (<a href=\"https:\/\/www.bj.admin.ch\/bj\/de\/home\/gesellschaft\/zivilstand\/infostar.html\" target=\"_blank\" rel=\"noreferrer noopener\">INFOSTAR<\/a>). <strong>Le mandat pour cause d&#8217;inaptitude lui-m\u00eame n&#8217;est pas d\u00e9pos\u00e9, seule la mention qu&#8217;un mandat a \u00e9t\u00e9 \u00e9tabli est enregistr\u00e9e. <\/strong>Cette mention doit permettre de s&#8217;assurer que l&#8217;APEA ait connaissance de l&#8217;existence du mandat pour cause d&#8217;inaptitude en cas d&#8217;incapacit\u00e9 de discernement et que celui-ci puisse ainsi d\u00e9ployer ses effets (voir ci-dessous).<\/p>\n\n<p>S&#8217;agissant de la <strong>conservation<\/strong> du mandat pour cause d&#8217;inaptitude lui-m\u00eame, les m\u00eames principes que pour la conservation du testament sont applicables : il est pr\u00e9f\u00e9rable de le conserver discr\u00e8tement, tout en veillant \u00e0 ce qu&#8217;il reste facile \u00e0 trouver, dans un endroit o\u00f9 vous conservez \u00e9galement d&#8217;autres documents importants qui seront g\u00e9n\u00e9ralement consult\u00e9s en cas de perte de l&#8217;exercice des droits civils. Id\u00e9alement, vous devriez \u00e9galement informer une personne de confiance de l&#8217;existence et du lieu de conservation du mandat pour cause d&#8217;inaptitude.<\/p>\n\n<h2 class=\"wp-block-heading\">Quand et comment le mandat entre-t-il en vigueur <strong>?<\/strong><\/h2>\n\n<p>Si l&#8217;<a href=\"https:\/\/www.deinadieu.ch\/fr\/conseiller\/autorite-de-protection-de-lenfant-et-de-ladulte-apea-quest-ce-que-cest-et-quand-intervient-elle\/\">APEA<\/a> apprend qu&#8217;une personne est devenue incapable de discernement et qu&#8217;elle ne sait pas s&#8217;il existe un mandat pour cause d&#8217;inaptitude, elle se renseigne aupr\u00e8s de l&#8217;office de l&#8217;\u00e9tat civil. S&#8217;il existe un mandat pour cause d&#8217;inaptitude, l&#8217;APEA v\u00e9rifie s&#8217;il a \u00e9t\u00e9 valablement \u00e9tabli et si l&#8217;<a href=\"https:\/\/www.deinadieu.ch\/ratgeber\/wie-wird-ein-testament-bei-demenz-uberpruft\/\">incapacit\u00e9 de discernement est durable<\/a>. En outre, elle v\u00e9rifie si la personne mandat\u00e9e est apte \u00e0 remplir le mandat et pr\u00eate \u00e0 le faire. Pour ce faire, elle contactera la personne mandat\u00e9e, l&#8217;informera du contenu du mandat pour cause d&#8217;inaptitude et lui demandera si elle a la volont\u00e9 et la capacit\u00e9 de l&#8217;accepter. Si l&#8217;APEA a des doutes \u00e0 ce sujet, elle doit enqu\u00eater. Elle doit \u00e9galement examiner d&#8217;office si d&#8217;autres mesures de protection de l&#8217;adulte sont n\u00e9cessaires.<\/p>\n\n<p><strong>Si ces conditions sont remplies, l&#8217;APEA d\u00e9clare le mandat pour cause d&#8217;inaptitude valable et efficace<\/strong> (d\u00e9cision de constatation de validit\u00e9). Ce n&#8217;est qu&#8217;\u00e0 ce moment-l\u00e0 qu&#8217;il d\u00e9ploie ses effets juridiques. La personne mandat\u00e9e re\u00e7oit un document qui fait \u00e9tat de ses comp\u00e9tences. Elle peut et doit collaborer avec l&#8217;APEA. Par exemple, elle peut demander \u00e0 l&#8217;autorit\u00e9 de protection de l&#8217;adulte d&#8217;interpr\u00e9ter le mandat pour cause d&#8217;inaptitude et de le compl\u00e9ter sur des points accessoires afin d&#8217;\u00e9viter tous doutes.<\/p>\n\n<p>Les t\u00e2ches de la personne mandat\u00e9e consistent notamment \u00e0 repr\u00e9senter les int\u00e9r\u00eats du mandant ou de la mandante et \u00e0 s&#8217;occuper des affaires qui lui sont confi\u00e9es. A cet effet, elle re\u00e7oit par exemple les communications et les informations et g\u00e8re la correspondance pour le compte de la mandante ou du mandant. Dans ce cadre, la personne mandat\u00e9e est tenu de documenter ses activit\u00e9s (au moins dans les grandes lignes) et de rendre des comptes. En cas de conflit d&#8217;int\u00e9r\u00eats ou d&#8217;incapacit\u00e9 \u00e0 assumer ses t\u00e2ches, elle doit en informer l&#8217;APEA. Cela doit permettre de garantir que la personne mandat\u00e9e agit vraiment dans l&#8217;int\u00e9r\u00eat de la mandante ou du mandant et qu&#8217;elle d\u00e9fend effectivement ses int\u00e9r\u00eats.<\/p>\n\n<h3 class=\"wp-block-heading\">Plus d&#8217;articles sur le sujet<\/h3>\n\n<ul class=\"wp-block-list\">\n<li><a href=\"https:\/\/www.deinadieu.ch\/fr\/conseiller\/lincapacite-de-discernement-comment-prendre-des-dispositions\/\">Incapacit\u00e9 de discernement \u2013 Comment prendre des dispositions ?<\/a><\/li>\n\n\n\n<li><a href=\"https:\/\/www.deinadieu.ch\/fr\/conseiller\/la-forme-authentique-quand-a-t-on-besoin-dun-notaire\/\">La forme authentique \u2013 Quand a-t-on besoin d&#8217;un notaire ?<\/a><\/li>\n\n\n\n<li><a href=\"https:\/\/www.deinadieu.ch\/fr\/conseiller\/le-testament-manuscrit\/\">Le testament manuscrit<\/a><\/li>\n\n\n\n<li><a href=\"https:\/\/www.deinadieu.ch\/fr\/conseiller\/autorite-de-protection-de-lenfant-et-de-ladulte-apea-quest-ce-que-cest-et-quand-intervient-elle\/\">L&#8217;APEA \u2013 De quoi s&#8217;agit-il et quand intervient-elle ?<\/a><\/li>\n\n\n\n<li><a href=\"https:\/\/www.deinadieu.ch\/ratgeber\/wie-wird-ein-testament-bei-demenz-uberpruft\/\">Comment un testament est-il contr\u00f4l\u00e9 en cas de d\u00e9mence ?<\/a><\/li>\n<\/ul>\n\n<div style=\"height:40px\" aria-hidden=\"true\" class=\"wp-block-spacer\"><\/div>\n\n<div class=\"wp-block-buttons is-layout-flex wp-block-buttons-is-layout-flex\">\n<div class=\"wp-block-button\"><a class=\"wp-block-button__link wp-element-button\" href=\"https:\/\/app.deinadieu.ch\/vorsorgeauftrag\">Etablir un mandat pour cause d&#8217;inaptitude<\/a><\/div>\n\n\n\n<div class=\"wp-block-button\"><a class=\"wp-block-button__link wp-element-button\" href=\"https:\/\/app.deinadieu.ch\/testament\">Etablir un testament<\/a><\/div>\n<\/div>\n","protected":false},"excerpt":{"rendered":"<p>Depuis 2013, la Suisse conna\u00eet le mandat pour cause d&#8217;inaptitude, qui a remplac\u00e9 l&#8217;ancienne procuration de pr\u00e9voyance. Tous deux servent \u00e0 confier \u00e0 quelqu&#8217;un, \u00e0 titre pr\u00e9ventif, la d\u00e9fense de ses int\u00e9r\u00eats en cas d&#8217;incapacit\u00e9 de discernement. Nous vous expliquons quels sont les points communs et les diff\u00e9rences entre ces instruments et ce \u00e0 quoi [&hellip;]<\/p>\n","protected":false},"author":2398,"featured_media":62875,"menu_order":0,"comment_status":"open","ping_status":"closed","template":"","tags":[2069,2932,2741,2742,2842,2845],"ratgeber-category":[3005],"class_list":["post-63032","ratgeber","type-ratgeber","status-publish","has-post-thumbnail","hentry","tag-apea","tag-capacite-de-discernement","tag-directive-anticipee-du-patient","tag-mandat-pour-cause-dinaptitude","tag-procuration","tag-procuration-du-patient","ratgeber-category-mandat-pour-cause-dinaptitude-directives-anticipees-du-patient-procuration"],"acf":[],"yoast_head":"<title>Qu&#039;est-ce que sont le mandat pour cause d&#039;inaptitude et la procuration de pr\u00e9voyance ? | DeinAdieu<\/title>\n<meta name=\"description\" content=\"Ce qui \u00e9tait autrefois la procuration de pr\u00e9voyance peut \u00eatre r\u00e9gl\u00e9 dans un mandat pour cause d&#039;inaptitude depuis 2013. Nous expliquons ici ce qu&#039;est un mandat pour cause d&#039;inaptitude, ainsi que quand et pourquoi il est utilis\u00e9.\" \/>\n<meta name=\"robots\" content=\"index, follow, max-snippet:-1, max-image-preview:large, max-video-preview:-1\" \/>\n<link rel=\"canonical\" href=\"https:\/\/www.deinadieu.ch\/fr\/conseiller\/que-sont-la-procuration-de-prevoyance-et-le-mandat-pour-cause-dinaptitude\/\" \/>\n<meta property=\"og:locale\" content=\"fr_FR\" \/>\n<meta property=\"og:type\" content=\"article\" \/>\n<meta property=\"og:title\" content=\"Que sont la procuration de pr\u00e9voyance et le mandat pour cause d&#039;inaptitude ?\" \/>\n<meta property=\"og:description\" content=\"Depuis 2013, la Suisse conna\u00eet le mandat pour cause d&#039;inaptitude, qui a remplac\u00e9 l&#039;ancienne procuration de pr\u00e9voyance. Tous deux servent \u00e0 confier \u00e0\" \/>\n<meta property=\"og:url\" content=\"https:\/\/www.deinadieu.ch\/fr\/conseiller\/que-sont-la-procuration-de-prevoyance-et-le-mandat-pour-cause-dinaptitude\/\" \/>\n<meta property=\"og:site_name\" content=\"DeinAdieu.ch\" \/>\n<meta property=\"article:publisher\" content=\"https:\/\/www.facebook.com\/deinadieu\" \/>\n<meta property=\"og:image\" content=\"https:\/\/static.deinadieu.ch\/uploads\/2023\/04\/Unterschied_Vorsorgeauftr_Patientenverf_190214-1.jpg\" \/>\n\t<meta property=\"og:image:width\" content=\"1330\" \/>\n\t<meta property=\"og:image:height\" content=\"886\" \/>\n\t<meta property=\"og:image:type\" content=\"image\/jpeg\" \/>\n<meta name=\"twitter:card\" content=\"summary_large_image\" \/>\n<meta name=\"twitter:site\" content=\"@DeinAdieu\" \/>\n<meta name=\"twitter:label1\" content=\"Est. reading time\" \/>\n\t<meta name=\"twitter:data1\" content=\"9 minutes\" \/>\n<script type=\"application\/ld+json\" class=\"yoast-schema-graph\">{\"@context\":\"https:\\\/\\\/schema.org\",\"@graph\":[{\"@type\":\"WebPage\",\"@id\":\"https:\\\/\\\/www.deinadieu.ch\\\/fr\\\/conseiller\\\/que-sont-la-procuration-de-prevoyance-et-le-mandat-pour-cause-dinaptitude\\\/\",\"url\":\"https:\\\/\\\/www.deinadieu.ch\\\/fr\\\/conseiller\\\/que-sont-la-procuration-de-prevoyance-et-le-mandat-pour-cause-dinaptitude\\\/\",\"name\":\"Qu'est-ce que sont le mandat pour cause d'inaptitude et la procuration de pr\u00e9voyance ? | DeinAdieu\",\"isPartOf\":{\"@id\":\"https:\\\/\\\/www.deinadieu.ch\\\/fr\\\/#website\"},\"primaryImageOfPage\":{\"@id\":\"https:\\\/\\\/www.deinadieu.ch\\\/fr\\\/conseiller\\\/que-sont-la-procuration-de-prevoyance-et-le-mandat-pour-cause-dinaptitude\\\/#primaryimage\"},\"image\":{\"@id\":\"https:\\\/\\\/www.deinadieu.ch\\\/fr\\\/conseiller\\\/que-sont-la-procuration-de-prevoyance-et-le-mandat-pour-cause-dinaptitude\\\/#primaryimage\"},\"thumbnailUrl\":\"https:\\\/\\\/www.deinadieu.ch\\\/wp-content\\\/uploads\\\/2023\\\/04\\\/Unterschied_Vorsorgeauftr_Patientenverf_190214-1.jpg\",\"datePublished\":\"2023-05-02T05:00:00+00:00\",\"description\":\"Ce qui \u00e9tait autrefois la procuration de pr\u00e9voyance peut \u00eatre r\u00e9gl\u00e9 dans un mandat pour cause d'inaptitude depuis 2013. Nous expliquons ici ce qu'est un mandat pour cause d'inaptitude, ainsi que quand et pourquoi il est utilis\u00e9.\",\"breadcrumb\":{\"@id\":\"https:\\\/\\\/www.deinadieu.ch\\\/fr\\\/conseiller\\\/que-sont-la-procuration-de-prevoyance-et-le-mandat-pour-cause-dinaptitude\\\/#breadcrumb\"},\"inLanguage\":\"fr-FR\",\"potentialAction\":[{\"@type\":\"ReadAction\",\"target\":[\"https:\\\/\\\/www.deinadieu.ch\\\/fr\\\/conseiller\\\/que-sont-la-procuration-de-prevoyance-et-le-mandat-pour-cause-dinaptitude\\\/\"]}]},{\"@type\":\"ImageObject\",\"inLanguage\":\"fr-FR\",\"@id\":\"https:\\\/\\\/www.deinadieu.ch\\\/fr\\\/conseiller\\\/que-sont-la-procuration-de-prevoyance-et-le-mandat-pour-cause-dinaptitude\\\/#primaryimage\",\"url\":\"https:\\\/\\\/www.deinadieu.ch\\\/wp-content\\\/uploads\\\/2023\\\/04\\\/Unterschied_Vorsorgeauftr_Patientenverf_190214-1.jpg\",\"contentUrl\":\"https:\\\/\\\/www.deinadieu.ch\\\/wp-content\\\/uploads\\\/2023\\\/04\\\/Unterschied_Vorsorgeauftr_Patientenverf_190214-1.jpg\",\"width\":1330,\"height\":886,\"caption\":\"Qu'est-ce qu'un mandat pour cause d'inaptitude ? (Image : iStock)\"},{\"@type\":\"BreadcrumbList\",\"@id\":\"https:\\\/\\\/www.deinadieu.ch\\\/fr\\\/conseiller\\\/que-sont-la-procuration-de-prevoyance-et-le-mandat-pour-cause-dinaptitude\\\/#breadcrumb\",\"itemListElement\":[{\"@type\":\"ListItem\",\"position\":1,\"name\":\"Home\",\"item\":\"https:\\\/\\\/www.deinadieu.ch\\\/fr\\\/deinadieu-dialog-und-serviceportal-zum-lebensende\\\/\"},{\"@type\":\"ListItem\",\"position\":2,\"name\":\"Ratgeber\",\"item\":\"https:\\\/\\\/www.deinadieu.ch\\\/fr\\\/conseiller\\\/\"},{\"@type\":\"ListItem\",\"position\":3,\"name\":\"Que sont la procuration de pr\u00e9voyance et le mandat pour cause d&#8217;inaptitude ?\"}]},{\"@type\":\"WebSite\",\"@id\":\"https:\\\/\\\/www.deinadieu.ch\\\/fr\\\/#website\",\"url\":\"https:\\\/\\\/www.deinadieu.ch\\\/fr\\\/\",\"name\":\"DeinAdieu.ch\",\"description\":\"Testament, Patientenverf\u00fcgung und Vorsorgeauftrag\",\"publisher\":{\"@id\":\"https:\\\/\\\/www.deinadieu.ch\\\/fr\\\/#organization\"},\"potentialAction\":[{\"@type\":\"SearchAction\",\"target\":{\"@type\":\"EntryPoint\",\"urlTemplate\":\"https:\\\/\\\/www.deinadieu.ch\\\/fr\\\/?s={search_term_string}\"},\"query-input\":{\"@type\":\"PropertyValueSpecification\",\"valueRequired\":true,\"valueName\":\"search_term_string\"}}],\"inLanguage\":\"fr-FR\"},{\"@type\":\"Organization\",\"@id\":\"https:\\\/\\\/www.deinadieu.ch\\\/fr\\\/#organization\",\"name\":\"EMNA Web GmbH\",\"url\":\"https:\\\/\\\/www.deinadieu.ch\\\/fr\\\/\",\"logo\":{\"@type\":\"ImageObject\",\"inLanguage\":\"fr-FR\",\"@id\":\"https:\\\/\\\/www.deinadieu.ch\\\/fr\\\/#\\\/schema\\\/logo\\\/image\\\/\",\"url\":\"https:\\\/\\\/www.deinadieu.ch\\\/wp-content\\\/uploads\\\/2016\\\/01\\\/DeinAdieu_Logo.png\",\"contentUrl\":\"https:\\\/\\\/www.deinadieu.ch\\\/wp-content\\\/uploads\\\/2016\\\/01\\\/DeinAdieu_Logo.png\",\"width\":300,\"height\":117,\"caption\":\"EMNA Web GmbH\"},\"image\":{\"@id\":\"https:\\\/\\\/www.deinadieu.ch\\\/fr\\\/#\\\/schema\\\/logo\\\/image\\\/\"},\"sameAs\":[\"https:\\\/\\\/www.facebook.com\\\/deinadieu\",\"https:\\\/\\\/x.com\\\/DeinAdieu\",\"https:\\\/\\\/www.instagram.com\\\/deinadieu\\\/\",\"https:\\\/\\\/www.linkedin.com\\\/company\\\/deinadieu.ch\"]}]}<\/script>","yoast_head_json":{"title":"Qu'est-ce que sont le mandat pour cause d'inaptitude et la procuration de pr\u00e9voyance ? | DeinAdieu","description":"Ce qui \u00e9tait autrefois la procuration de pr\u00e9voyance peut \u00eatre r\u00e9gl\u00e9 dans un mandat pour cause d'inaptitude depuis 2013. Nous expliquons ici ce qu'est un mandat pour cause d'inaptitude, ainsi que quand et pourquoi il est utilis\u00e9.","robots":{"index":"index","follow":"follow","max-snippet":"max-snippet:-1","max-image-preview":"max-image-preview:large","max-video-preview":"max-video-preview:-1"},"canonical":"https:\/\/www.deinadieu.ch\/fr\/conseiller\/que-sont-la-procuration-de-prevoyance-et-le-mandat-pour-cause-dinaptitude\/","og_locale":"fr_FR","og_type":"article","og_title":"Que sont la procuration de pr\u00e9voyance et le mandat pour cause d'inaptitude ?","og_description":"Depuis 2013, la Suisse conna\u00eet le mandat pour cause d'inaptitude, qui a remplac\u00e9 l'ancienne procuration de pr\u00e9voyance. Tous deux servent \u00e0 confier \u00e0","og_url":"https:\/\/www.deinadieu.ch\/fr\/conseiller\/que-sont-la-procuration-de-prevoyance-et-le-mandat-pour-cause-dinaptitude\/","og_site_name":"DeinAdieu.ch","article_publisher":"https:\/\/www.facebook.com\/deinadieu","og_image":[{"width":1330,"height":886,"url":"https:\/\/static.deinadieu.ch\/uploads\/2023\/04\/Unterschied_Vorsorgeauftr_Patientenverf_190214-1.jpg","type":"image\/jpeg"}],"twitter_card":"summary_large_image","twitter_site":"@DeinAdieu","twitter_misc":{"Est. reading time":"9 minutes"},"schema":{"@context":"https:\/\/schema.org","@graph":[{"@type":"WebPage","@id":"https:\/\/www.deinadieu.ch\/fr\/conseiller\/que-sont-la-procuration-de-prevoyance-et-le-mandat-pour-cause-dinaptitude\/","url":"https:\/\/www.deinadieu.ch\/fr\/conseiller\/que-sont-la-procuration-de-prevoyance-et-le-mandat-pour-cause-dinaptitude\/","name":"Qu'est-ce que sont le mandat pour cause d'inaptitude et la procuration de pr\u00e9voyance ? | DeinAdieu","isPartOf":{"@id":"https:\/\/www.deinadieu.ch\/fr\/#website"},"primaryImageOfPage":{"@id":"https:\/\/www.deinadieu.ch\/fr\/conseiller\/que-sont-la-procuration-de-prevoyance-et-le-mandat-pour-cause-dinaptitude\/#primaryimage"},"image":{"@id":"https:\/\/www.deinadieu.ch\/fr\/conseiller\/que-sont-la-procuration-de-prevoyance-et-le-mandat-pour-cause-dinaptitude\/#primaryimage"},"thumbnailUrl":"https:\/\/www.deinadieu.ch\/wp-content\/uploads\/2023\/04\/Unterschied_Vorsorgeauftr_Patientenverf_190214-1.jpg","datePublished":"2023-05-02T05:00:00+00:00","description":"Ce qui \u00e9tait autrefois la procuration de pr\u00e9voyance peut \u00eatre r\u00e9gl\u00e9 dans un mandat pour cause d'inaptitude depuis 2013. Nous expliquons ici ce qu'est un mandat pour cause d'inaptitude, ainsi que quand et pourquoi il est utilis\u00e9.","breadcrumb":{"@id":"https:\/\/www.deinadieu.ch\/fr\/conseiller\/que-sont-la-procuration-de-prevoyance-et-le-mandat-pour-cause-dinaptitude\/#breadcrumb"},"inLanguage":"fr-FR","potentialAction":[{"@type":"ReadAction","target":["https:\/\/www.deinadieu.ch\/fr\/conseiller\/que-sont-la-procuration-de-prevoyance-et-le-mandat-pour-cause-dinaptitude\/"]}]},{"@type":"ImageObject","inLanguage":"fr-FR","@id":"https:\/\/www.deinadieu.ch\/fr\/conseiller\/que-sont-la-procuration-de-prevoyance-et-le-mandat-pour-cause-dinaptitude\/#primaryimage","url":"https:\/\/www.deinadieu.ch\/wp-content\/uploads\/2023\/04\/Unterschied_Vorsorgeauftr_Patientenverf_190214-1.jpg","contentUrl":"https:\/\/www.deinadieu.ch\/wp-content\/uploads\/2023\/04\/Unterschied_Vorsorgeauftr_Patientenverf_190214-1.jpg","width":1330,"height":886,"caption":"Qu'est-ce qu'un mandat pour cause d'inaptitude ? (Image : iStock)"},{"@type":"BreadcrumbList","@id":"https:\/\/www.deinadieu.ch\/fr\/conseiller\/que-sont-la-procuration-de-prevoyance-et-le-mandat-pour-cause-dinaptitude\/#breadcrumb","itemListElement":[{"@type":"ListItem","position":1,"name":"Home","item":"https:\/\/www.deinadieu.ch\/fr\/deinadieu-dialog-und-serviceportal-zum-lebensende\/"},{"@type":"ListItem","position":2,"name":"Ratgeber","item":"https:\/\/www.deinadieu.ch\/fr\/conseiller\/"},{"@type":"ListItem","position":3,"name":"Que sont la procuration de pr\u00e9voyance et le mandat pour cause d&#8217;inaptitude ?"}]},{"@type":"WebSite","@id":"https:\/\/www.deinadieu.ch\/fr\/#website","url":"https:\/\/www.deinadieu.ch\/fr\/","name":"DeinAdieu.ch","description":"Testament, Patientenverf\u00fcgung und Vorsorgeauftrag","publisher":{"@id":"https:\/\/www.deinadieu.ch\/fr\/#organization"},"potentialAction":[{"@type":"SearchAction","target":{"@type":"EntryPoint","urlTemplate":"https:\/\/www.deinadieu.ch\/fr\/?s={search_term_string}"},"query-input":{"@type":"PropertyValueSpecification","valueRequired":true,"valueName":"search_term_string"}}],"inLanguage":"fr-FR"},{"@type":"Organization","@id":"https:\/\/www.deinadieu.ch\/fr\/#organization","name":"EMNA Web GmbH","url":"https:\/\/www.deinadieu.ch\/fr\/","logo":{"@type":"ImageObject","inLanguage":"fr-FR","@id":"https:\/\/www.deinadieu.ch\/fr\/#\/schema\/logo\/image\/","url":"https:\/\/www.deinadieu.ch\/wp-content\/uploads\/2016\/01\/DeinAdieu_Logo.png","contentUrl":"https:\/\/www.deinadieu.ch\/wp-content\/uploads\/2016\/01\/DeinAdieu_Logo.png","width":300,"height":117,"caption":"EMNA Web GmbH"},"image":{"@id":"https:\/\/www.deinadieu.ch\/fr\/#\/schema\/logo\/image\/"},"sameAs":["https:\/\/www.facebook.com\/deinadieu","https:\/\/x.com\/DeinAdieu","https:\/\/www.instagram.com\/deinadieu\/","https:\/\/www.linkedin.com\/company\/deinadieu.ch"]}]}},"_links":{"self":[{"href":"https:\/\/www.deinadieu.ch\/fr\/wp-json\/wp\/v2\/ratgeber\/63032","targetHints":{"allow":["GET"]}}],"collection":[{"href":"https:\/\/www.deinadieu.ch\/fr\/wp-json\/wp\/v2\/ratgeber"}],"about":[{"href":"https:\/\/www.deinadieu.ch\/fr\/wp-json\/wp\/v2\/types\/ratgeber"}],"author":[{"embeddable":true,"href":"https:\/\/www.deinadieu.ch\/fr\/wp-json\/wp\/v2\/users\/2398"}],"replies":[{"embeddable":true,"href":"https:\/\/www.deinadieu.ch\/fr\/wp-json\/wp\/v2\/comments?post=63032"}],"version-history":[{"count":1,"href":"https:\/\/www.deinadieu.ch\/fr\/wp-json\/wp\/v2\/ratgeber\/63032\/revisions"}],"predecessor-version":[{"id":63033,"href":"https:\/\/www.deinadieu.ch\/fr\/wp-json\/wp\/v2\/ratgeber\/63032\/revisions\/63033"}],"wp:featuredmedia":[{"embeddable":true,"href":"https:\/\/www.deinadieu.ch\/fr\/wp-json\/wp\/v2\/media\/62875"}],"wp:attachment":[{"href":"https:\/\/www.deinadieu.ch\/fr\/wp-json\/wp\/v2\/media?parent=63032"}],"wp:term":[{"taxonomy":"post_tag","embeddable":true,"href":"https:\/\/www.deinadieu.ch\/fr\/wp-json\/wp\/v2\/tags?post=63032"},{"taxonomy":"ratgeber-category","embeddable":true,"href":"https:\/\/www.deinadieu.ch\/fr\/wp-json\/wp\/v2\/ratgeber-category?post=63032"}],"curies":[{"name":"wp","href":"https:\/\/api.w.org\/{rel}","templated":true}]}}