{"id":59595,"date":"2020-07-06T10:08:37","date_gmt":"2020-07-06T08:08:37","guid":{"rendered":"https:\/\/www.deinadieu.ch\/ratgeber\/quelles-ong-et-organisations-a-but-non-lucratif-sont-exonerees-dimpots\/"},"modified":"2023-11-15T09:11:35","modified_gmt":"2023-11-15T08:11:35","slug":"quelles-ong-et-organisations-a-but-non-lucratif-sont-exonerees-dimpots","status":"publish","type":"ratgeber","link":"https:\/\/www.deinadieu.ch\/fr\/conseiller\/quelles-ong-et-organisations-a-but-non-lucratif-sont-exonerees-dimpots\/","title":{"rendered":"Quelles ONG et organisations \u00e0 but non lucratif sont exon\u00e9r\u00e9es de l&#8217;imp\u00f4t ?"},"content":{"rendered":"\n<h2 class=\"wp-block-heading\" id=\"h-schweizweit-und-kantonal-steuerbefreite-organisationen\">Les organisations exon\u00e9r\u00e9es d&#8217;imp\u00f4ts au niveau national et cantonal<\/h2>\n\n<p>Toutes les ONG ne se valent pas. La d\u00e9signation abr\u00e9g\u00e9e d&#8217;organisations non gouvernementales (ou non-governmental organization en anglais) est souvent assimil\u00e9e de mani\u00e8re simplifi\u00e9e aux organisations d&#8217;utilit\u00e9 publique. Nous apportons un peu plus de clart\u00e9 au sujet de la terminologie dans un autre article. En principe, la forme juridique d&#8217;une ONG, d&#8217;une ONG internationale ou d&#8217;une organisation \u00e0 but non lucratif n&#8217;a pas d&#8217;importance pour l&#8217;exon\u00e9ration fiscale : <strong>elles choisissent g\u00e9n\u00e9ralement la forme juridique de l&#8217;association au sens des <a href=\"https:\/\/www.admin.ch\/opc\/de\/classified-compilation\/19070042\/index.html#id-1-2-2\">art. 60 ss CC<\/a> ou de la <a href=\"https:\/\/www.deinadieu.ch\/fr\/conseiller\/fondation-et-trust\/\">fondation<\/a><\/strong> au sens des <a href=\"https:\/\/www.admin.ch\/opc\/de\/classified-compilation\/19070042\/index.html#id-1-2-3\">art. 80 ss CC<\/a>. Contrairement aux soci\u00e9t\u00e9s commerciales du droit des obligations, elles poursuivent des buts id\u00e9aux. Pour autant qu&#8217;une organisation remplisse les conditions mat\u00e9rielles de l&#8217;exon\u00e9ration fiscale en raison de son utilit\u00e9 publique et qu&#8217;elle passe par une proc\u00e9dure cantonale d&#8217;autorisation sur demande, une <strong>exon\u00e9ration fiscale pour toute la Suisse<\/strong> est possible. Dans ce cas, vous pouvez <strong>d\u00e9duire de vos imp\u00f4ts<\/strong> les <strong>lib\u00e9ralit\u00e9s<\/strong> (dons, donations, legs, successions, etc.) que vous faites \u00e0 ces organisations.<\/p>\n\n<h2 class=\"wp-block-heading\" id=\"h-zertifizierte-organisationen-und-deinadieu-partner\">Organisations certifi\u00e9es et partenaires de DeinAdieu<\/h2>\n\n<p><span style=\"font-weight: 400;\">DeinAdieu.ch travaille en \u00e9troite collaboration avec<\/span> <span style=\"font-weight: 400;\">des organisations d&#8217;utilit\u00e9 publique certifi\u00e9es pour la collecte de fonds<\/span>. Nous travaillons <span style=\"font-weight: 400;\">avec<\/span> <a href=\"https:\/\/www.deinadieu.ch\/hilfswerke\/\"><span style=\"font-weight: 400;\">plus de quatre-vingts organisations \u00e0 but non lucratif<\/span><\/a>, <span style=\"font-weight: 400;\">que nous classons dans sept domaines th\u00e9matiques :<\/span><\/p>\n\n<h2 class=\"wp-block-heading\" id=\"h-menschenrechte-humanitares\">Droits de l&#8217;homme &amp; affaires humanitaires<\/h2>\n\n<p>Parmi nos organisations partenaires peut-\u00eatre les plus connues, on trouve des organisations humanitaires internationales comme <a href=\"https:\/\/www.deinadieu.ch\/hilfswerke\/amnesty-international\/\">Amnesty International<\/a> ou le <a href=\"https:\/\/www.deinadieu.ch\/hilfswerke\/internationales-komitee-vom-roten-kreuz\/\">CICR<\/a> et <a href=\"https:\/\/www.deinadieu.ch\/hilfswerke\/aerzte-ohne-grenzen-msf\/\">M\u00e9decins sans fronti\u00e8res<\/a>. Elles s&#8217;engagent pour am\u00e9liorer la situation humanitaire dans les zones de crise et les pays o\u00f9 la population est confront\u00e9e \u00e0 la pauvret\u00e9 et \u00e0 la violence. Afin de poursuivre leurs objectifs et de mettre en \u0153uvre des programmes tels que des rapports critiques sur la situation des droits de l&#8217;homme ou le d\u00e9ploiement des soins m\u00e9dicaux de base, elles d\u00e9pendent du soutien d&#8217;\u00c9tats prosp\u00e8res comme la Suisse. Par cons\u00e9quent, <strong>les filiales locales de telles ONG internationales peuvent b\u00e9n\u00e9ficier d&#8217;avantages fiscaux<\/strong>, m\u00eame si elles n&#8217;exercent pas leurs activit\u00e9s d&#8217;utilit\u00e9 publique directement en faveur de la population suisse.<\/p>\n\n<h2 class=\"wp-block-heading\" id=\"h-natur-umwelt-tierschutz\">Protection de la nature, de l&#8217;environnement et des animaux<\/h2>\n\n<p>L&#8217;environnement est une de nos pr\u00e9occupations et la protection de la nature rev\u00eat une plus grande importance que jamais. C&#8217;est pourquoi nous comptons parmi nos partenaires des organisations de protection de la nature renomm\u00e9es telles que <a href=\"https:\/\/www.deinadieu.ch\/hilfswerke\/pro-natura\/\">Pro Natura<\/a> et la <a href=\"https:\/\/www.deinadieu.ch\/hilfswerke\/stiftung-landschaftsschutz-schweiz-sl\/\">Fondation suisse pour la protection et l&#8217;am\u00e9nagement du paysage<\/a>. Nous soutenons la protection des animaux dans notre pays et dans le monde entier en collaboration avec <a href=\"https:\/\/www.deinadieu.ch\/hilfswerke\/vier-pfoten-stiftung-fuer-tierschutz\/\">Quatre Pattes \u2013 Fondation pour la protection des animaux<\/a> ou <a href=\"https:\/\/www.deinadieu.ch\/hilfswerke\/veterinaires-sans-frontieres-suisse-vsf-suisse\/\">V\u00e9t\u00e9rinaires Sans Fronti\u00e8res Suisse<\/a>. Le <a href=\"https:\/\/www.deinadieu.ch\/hilfswerke\/zoo-zuerich\/\">zoo de Zurich<\/a> et le <a href=\"https:\/\/www.deinadieu.ch\/hilfswerke\/natur-und-tierpark-goldau\/\">parc naturel et animalier de Goldau<\/a> dans le canton de Schwyz font \u00e9galement partie des organisations \u00e0 but non lucratif qui se consacrent \u00e0 la d\u00e9tention d&#8217;animaux dans le respect de leurs besoins.<\/p>\n\n<h2 class=\"wp-block-heading\" id=\"h-menschen-mit-behinderung\">Personnes en situation de handicap<\/h2>\n\n<p>La promotion de l&#8217;\u00e9galit\u00e9 des chances et de la qualit\u00e9 de vie des personnes en situation de handicap ou qui ont des besoins particuliers est essentielle pour une soci\u00e9t\u00e9 humaine et \u00e9clair\u00e9e. Certaines organisations se consacrent \u00e0 un groupe cible sp\u00e9cifique, comme par exemple l&#8217;<a href=\"https:\/\/www.deinadieu.ch\/hilfswerke\/schweizerischer-zentralverein-fuer-das-blindenwesen-szblind\/\">Union centrale suisse pour le bien des aveugles<\/a> ou la <a href=\"https:\/\/www.deinadieu.ch\/hilfswerke\/schweizerischer-blindenbund\/\">F\u00e9d\u00e9ration suisse des aveugles<\/a>. D&#8217;autres, comme <a href=\"https:\/\/www.deinadieu.ch\/hilfswerke\/plusport-behindertensport-schweiz\/\">PluSport<\/a>, la <a href=\"https:\/\/www.deinadieu.ch\/hilfswerke\/sad-swiss-academy-for-development\/\">Swiss Academy for Development<\/a> ou les fondations <a href=\"https:\/\/www.deinadieu.ch\/hilfswerke\/stiftung-denk-an-mich\/\">Denk an mich<\/a> ou <a href=\"https:\/\/www.deinadieu.ch\/hilfswerke\/stiftung-wohn-und-buerozentrum-fuer-koerperbehinderte-wbz\/\">Wohn- und B\u00fcrozentrum f\u00fcr K\u00f6rperbehinderte<\/a>, permettent chaque ann\u00e9e \u00e0 des centaines de milliers de personnes de prendre plaisir \u00e0 bouger et \u00e0 s&#8217;int\u00e9grer dans la vie professionnelle.<\/p>\n\n<h2 class=\"wp-block-heading\" id=\"h-kinder-jugendliche\">Enfants &amp; adolescents<\/h2>\n\n<p><span style=\"font-weight: 400;\">Les enfants et les adolescents sont l&#8217;avenir de notre monde. Des organisations comme la<\/span> <a href=\"https:\/\/www.deinadieu.ch\/fr\/stiftung-sos-kinderdorf-schweiz-2\/\"><span style=\"font-weight: 400;\">Fondation SOS Villages d&#8217;Enfants,<\/span><\/a><span style=\"font-weight: 400;\">,<\/span><a href=\"https:\/\/www.deinadieu.ch\/hilfswerke\/pro-juventute\/\"> <span style=\"font-weight: 400;\">Pro Juventute<\/span><\/a><span style=\"font-weight: 400;\"> ou<\/span> <a href=\"https:\/\/www.deinadieu.ch\/hilfswerke\/kinderanwaltschaft-schweiz\/\"><span style=\"font-weight: 400;\">Kinderanwaltschaft Schweiz<\/span><\/a><span style=\"font-weight: 400;\"> aident les jeunes en Suisse \u00e0 faire face aux situations d&#8217;urgence.<\/span> <a href=\"https:\/\/www.deinadieu.ch\/hilfswerke\/terre-des-hommes-schweiz\/\"><span style=\"font-weight: 400;\">Terre des hommes Suisse,<\/span><\/a><span style=\"font-weight: 400;\">,<\/span><a href=\"https:\/\/www.deinadieu.ch\/hilfswerke\/co-operaid\/\"> <span style=\"font-weight: 400;\">CO-OPERAID<\/span><\/a><span style=\"font-weight: 400;\"> ou<\/span> <a href=\"https:\/\/www.deinadieu.ch\/hilfswerke\/save-the-children\/\"><span style=\"font-weight: 400;\">Save the Children<\/span><\/a><span style=\"font-weight: 400;\"> s&#8217;engagent pour la reconnaissance et l&#8217;application des droits de l&#8217;enfant dans les pays en d\u00e9veloppement en Afrique, en Asie ou en Am\u00e9rique latine.<\/span><\/p>\n\n<h2 class=\"wp-block-heading\" id=\"h-senioren-sozial-nothilfe\">Aide aux personnes \u00e2g\u00e9es, aide sociale et aide d&#8217;urgence<\/h2>\n\n<p><span style=\"font-weight: 400;\">Les personnes \u00e2g\u00e9es ou les personnes se trouvant dans des situations difficiles peuvent avoir besoin de conseils ou de soutien. Des associations d&#8217;int\u00e9r\u00eats et des organisations caritatives telles que<\/span> <a href=\"https:\/\/www.deinadieu.ch\/hilfswerke\/pro-senectute-kanton-zuerich\/\"><span style=\"font-weight: 400;\">Pro Senectute<\/span><\/a><span style=\"font-weight: 400;\">,<\/span> <span style=\"font-weight: 400;\">Caritas Berne<\/span> <span style=\"font-weight: 400;\">ou<\/span> <a href=\"https:\/\/www.deinadieu.ch\/hilfswerke\/pro-infirmis\/\"><span style=\"font-weight: 400;\">Pro Infirmis<\/span><\/a> <span style=\"font-weight: 400;\">veillent \u00e0 ce que le droit fondamental \u00e0 une vie autod\u00e9termin\u00e9e et digne soit garanti, m\u00eame en cas de coups du sort et de situations probl\u00e9matiques.<\/span><\/p>\n\n<h2 class=\"wp-block-heading\" id=\"h-gesundheitsvorsorge-forschung\">Sant\u00e9 et recherche<\/h2>\n\n<p><span style=\"font-weight: 400;\">La Suisse se caract\u00e9rise par une conscience \u00e9lev\u00e9es des aspects relatifs \u00e0 la sant\u00e9 et de bons standards de soins m\u00e9dicaux. Ainsi, en plus des prestations des assurances-maladie, les personnes atteintes de maladies chroniques peuvent compter sur des associations telles que la<\/span> <a href=\"https:\/\/www.deinadieu.ch\/hilfswerke\/lungenliga-thurgau\/\"><span style=\"font-weight: 400;\">Ligue pulmonaire de Thurgovie<\/span><\/a><span style=\"font-weight: 400;\">, la<\/span> <a href=\"https:\/\/www.deinadieu.ch\/hilfswerke\/rheumaliga-schweiz\/\"><span style=\"font-weight: 400;\">Ligue suisse contre le rhumatisme<\/span><\/a> <span style=\"font-weight: 400;\">ou la<\/span> <a href=\"https:\/\/www.deinadieu.ch\/hilfswerke\/krebsliga-schweiz\/\"><span style=\"font-weight: 400;\">Ligue suisse contre le cancer<\/span><\/a><span style=\"font-weight: 400;\"> pour les conseiller, les assister et d\u00e9fendre leurs int\u00e9r\u00eats de mani\u00e8re efficace. Ces groupes sont \u00e9galement financ\u00e9s principalement ou enti\u00e8rement par<\/span><span style=\"font-weight: 400;\">des dons priv\u00e9s<\/span> (<a href=\"https:\/\/www.deinadieu.ch\/ratgeber\/befreiungen-von-erbschafts-und-schenkungssteuern-nutzen\/\"><span style=\"font-weight: 400;\">exon\u00e9r\u00e9s d&#8217;imp\u00f4ts<\/span><\/a>).<\/p>\n\n<h2 class=\"wp-block-heading\" id=\"h-entwicklungszusammenarbeit\">Coop\u00e9ration au d\u00e9veloppement<\/h2>\n\n<p><span style=\"font-weight: 400;\">Le d\u00e9veloppement pacifique et durable des pays pauvres est dans l&#8217;int\u00e9r\u00eat de toute la communaut\u00e9 internationale. L&#8217;un des objectifs fondamentaux est que, dans un avenir proche, plus personne dans le monde ne souffre de la faim, de la soif, de la guerre, de l&#8217;extr\u00eame pauvret\u00e9 ou de carences inacceptables en mati\u00e8re d&#8217;hygi\u00e8ne. Des organisations telles que<\/span> <a href=\"https:\/\/www.deinadieu.ch\/hilfswerke\/biovision\/\"><span style=\"font-weight: 400;\">Biovision<\/span><\/a> <span style=\"font-weight: 400;\">ou<\/span> <a href=\"https:\/\/www.deinadieu.ch\/hilfswerke\/bruecke-le-pont\/\"><span style=\"font-weight: 400;\">Br\u00fccke &#8211; Le Pont<\/span><\/a> <span style=\"font-weight: 400;\">fournissent une coop\u00e9ration au d\u00e9veloppement qui a fait ses preuves dans des r\u00e9gions qui ont un grand besoin de rattrapage et un fort potentiel de croissance.<\/span><\/p>\n\n<p><span style=\"font-weight: 400;\">\n        <div class=\"relative shadow-lg -mx-12 mb-4 overflow-hidden\" style=\"background-image: url('https:\/\/www.deinadieu.ch\/wp-content\/themes\/da-v4\/assets\/v4\/banner\/testament.jpg'); background-size: cover; background-position: center\">\n            <div class=\"banner-white-box md:w-3\/5 text-black -ml-16 pl-16\" style=\"background-color: rgba(255,255,255,0.75)\">\n                <div class=\"inner\">\n                    <div class=\"text-2xl p-12\"><strong>Vous n'avez pas encore r\u00e9dig\u00e9 de testament ?<\/strong> G\u00e9n\u00e9rez d\u00e8s maintenant un mod\u00e8le PDF gratuit pour<\/div>\n                    <div class=\"px-12 md:mr-16\">\n                        <a href=\"https:\/\/app.deinadieu.ch\/testament\" target=\"_blank\" class=\"btn btn-da btn-small btn-block\">moi<\/a>\n                        <a href=\"https:\/\/app.deinadieu.ch\/testament\" target=\"_blank\" class=\"mt-4 btn btn-da btn-small btn-block\">une autre personne<\/a>\n                    <\/div>\n                    <div class=\"px-12 py-8\">\n                        <img decoding=\"async\" src=\"https:\/\/www.deinadieu.ch\/wp-content\/themes\/da-v4\/assets\/v4\/deinadieu_logo_dark.svg\" class=\"h-12\">\n                    <\/div>\n                <\/div>\n            <\/div>\n        <\/div>\n        <\/span><\/p>\n\n<h2 class=\"wp-block-heading\" id=\"h-gibt-es-alternativen-welche\">Existe-t-il des alternatives ? Lesquelles ?<\/h2>\n\n<p>Avec des milliers de fondations, d&#8217;associations et de soci\u00e9t\u00e9s exon\u00e9r\u00e9es d&#8217;imp\u00f4ts en Suisse, il existe un large \u00e9ventail des souhaits possibles La <a href=\"https:\/\/zewo.ch\/de\/\">fondation Zewo<\/a>, dont le si\u00e8ge est \u00e0 Zurich, attribue aux organisations contr\u00f4l\u00e9es et dignes de confiance qui sont financ\u00e9es par des dons volontaires un label de qualit\u00e9 qui atteste leur int\u00e9grit\u00e9. Vous trouverez sur le <a href=\"https:\/\/zewo.ch\/de\/\">site internet<\/a> un grand choix d&#8217;initiatives et de projets qui m\u00e9ritent d&#8217;\u00eatre soutenus. Si vous n&#8217;y trouvez pas ce que vous cherchez, ni dans le r\u00e9pertoire des personnes morales exon\u00e9r\u00e9es d&#8217;imp\u00f4ts de votre administration fiscale cantonale, rien \u2013 \u00e0 l&#8217;exception des formalit\u00e9s et des frais \u00e9l\u00e9mentaires \u2013 ne vous emp\u00eache de <a href=\"https:\/\/www.deinadieu.ch\/fr\/conseiller\/constituer-une-fondation-dutilite-publique\/\">cr\u00e9er votre propre fondation d&#8217;utilit\u00e9 publique<\/a> par acte authentique ou par disposition testamentaire. Nous r\u00e9pondons tr\u00e8s volontiers \u00e0 vos questions par t\u00e9l\u00e9phone (+41 44 500 52 37), par courriel (support@deinadieu.ch) ou dans le chat. Au besoin, nous vous mettons en contact avec des experts comp\u00e9tents en mati\u00e8re de droit des successions et de droit des fondations.<\/p>\n\n<p><span style=\"font-weight: 400;\"><\/span><\/p>\n\n        <div class=\"da-servicebox relative bg-gray-200 p-4 pt-8 border-solid border-t-8 border-da-dark mb-6\">\n            <i class=\"fas fa-info-circle mx-auto fa-7x text-da-dark\"><\/i>\n            <span style=\"hyphens: auto\">\n                <br \/>\nLa Suisse dispose d&#8217;une offre impressionnante d&#8217;initiatives de la soci\u00e9t\u00e9 civile et d&#8217;organisations d&#8217;utilit\u00e9 publique. Gr\u00e2ce \u00e0 un syst\u00e8me dual de contr\u00f4le \u00e9tatique par le biais d&#8217;exon\u00e9rations fiscales et de surveillance volontaire au moyen de certifications, un haut niveau de responsabilit\u00e9 et de transparence est atteint, de sorte que vos dons arrivent exactement l\u00e0 o\u00f9 ils sont cens\u00e9s arriver. DeinAdieu se fera un plaisir de vous informer et de vous mettre en contact avec certaines ONG et organisations partenaires.\n                \n                \n            <\/span>\n        <\/div>\n        \n\n<div style=\"height:40px\" aria-hidden=\"true\" class=\"wp-block-spacer\"><\/div>\n\n<div class=\"wp-block-buttons is-layout-flex wp-block-buttons-is-layout-flex\">\n<div class=\"wp-block-button\"><a class=\"wp-block-button__link wp-element-button\" href=\"https:\/\/app.deinadieu.ch\/testament\">R\u00e9diger un testament et faire un don<\/a><\/div>\n<\/div>\n\n<p><b>Plus d&#8217;articles sur le sujet :<\/b><\/p>\n\n<ul class=\"wp-block-list\">\n<li><a href=\"https:\/\/www.deinadieu.ch\/fr\/conseiller\/quels-dons-sont-deductibles-des-impots\/\">Quels dons puis-je d\u00e9duire de mes imp\u00f4ts ?<\/a><\/li>\n\n\n\n<li><a href=\"https:\/\/www.deinadieu.ch\/fr\/conseiller\/constituer-une-fondation-dutilite-publique\/\">La constitution d&#8217;une fondation d&#8217;utilit\u00e9 publique<\/a><\/li>\n\n\n\n<li><a href=\"https:\/\/www.deinadieu.ch\/fr\/conseiller\/fondation-et-trust\/\">Fondations et trusts<\/a><\/li>\n\n\n\n<li><a href=\"https:\/\/www.deinadieu.ch\/ratgeber\/befreiungen-von-erbschafts-und-schenkungssteuern-nutzen\/\">Utiliser les exon\u00e9rations d&#8217;imp\u00f4ts sur les successions et les donations<\/a><\/li>\n<\/ul>\n\n<p><strong>Liens externes :<\/strong><\/p>\n\n<ul class=\"wp-block-list\">\n<li><a href=\"https:\/\/www.admin.ch\/opc\/de\/classified-compilation\/19070042\/index.html\"><span style=\"font-weight: 400;\">Code civil suisse du 10 d\u00e9cembre 1907 (CC, RS 210 ; \u00e9tat au 1er janvier 2020)<\/span><\/a><\/li>\n\n\n\n<li><a href=\"https:\/\/www.admin.ch\/opc\/de\/classified-compilation\/19110009\/index.html\"><span style=\"font-weight: 400;\">Loi f\u00e9d\u00e9rale du 30 mars 1911 compl\u00e9tant le Code civil suisse (Livre cinqui\u00e8me : Droit des obligations, CO, RS 220 ; \u00e9tat au 1er avril 2020)<\/span><\/a><\/li>\n\n\n\n<li><a href=\"https:\/\/zewo.ch\/de\/\"><span style=\"font-weight: 400;\">zewo.ch &#8211; Votre don en de bonnes mains<\/span><\/a><\/li>\n<\/ul>\n","protected":false},"excerpt":{"rendered":"<p>Les organisations exon\u00e9r\u00e9es d&#8217;imp\u00f4ts au niveau national et cantonal Toutes les ONG ne se valent pas. La d\u00e9signation abr\u00e9g\u00e9e d&#8217;organisations non gouvernementales (ou non-governmental organization en anglais) est souvent assimil\u00e9e de mani\u00e8re simplifi\u00e9e aux organisations d&#8217;utilit\u00e9 publique. Nous apportons un peu plus de clart\u00e9 au sujet de la terminologie dans un autre article. En principe, [&hellip;]<\/p>\n","protected":false},"author":2398,"featured_media":46608,"menu_order":0,"comment_status":"open","ping_status":"closed","template":"","tags":[2729,2187,3070,3355,2584,3114,3354,2466,2105,2195,2673,2194,2106,3367],"ratgeber-category":[3003],"class_list":["post-59595","ratgeber","type-ratgeber","status-publish","has-post-thumbnail","hentry","tag-association","tag-donation","tag-enfants","tag-exoneration-fiscale","tag-faire-un-don","tag-fondation","tag-fondation-zewo","tag-handicap","tag-heritage","tag-impot-sur-la-succession","tag-impot-sur-les-donations","tag-impots","tag-legs","tag-ong-fr","ratgeber-category-donations-legs"],"acf":[],"yoast_head":"<title>Les organisations d&#039;utili\u00e9 publique : quelles ONG sont exon\u00e9r\u00e9es d&#039;imp\u00f4ts ?<\/title>\n<meta name=\"description\" content=\"Les organisations d&#039;utilit\u00e9 publique en Suisse b\u00e9n\u00e9ficient d&#039;une exon\u00e9ration fiscale lorsqu&#039;elles accomplissent de mani\u00e8re d\u00e9sint\u00e9ress\u00e9e des t\u00e2ches utiles \u00e0 la soci\u00e9t\u00e9.\" \/>\n<meta name=\"robots\" content=\"index, follow, max-snippet:-1, max-image-preview:large, max-video-preview:-1\" \/>\n<link rel=\"canonical\" href=\"https:\/\/www.deinadieu.ch\/fr\/conseiller\/quelles-ong-et-organisations-a-but-non-lucratif-sont-exonerees-dimpots\/\" \/>\n<meta property=\"og:locale\" content=\"fr_FR\" \/>\n<meta property=\"og:type\" content=\"article\" \/>\n<meta property=\"og:title\" content=\"Quelles ONG et organisations \u00e0 but non lucratif sont exon\u00e9r\u00e9es de l&#039;imp\u00f4t ?\" \/>\n<meta property=\"og:description\" content=\"Les organisations exon\u00e9r\u00e9es d&#039;imp\u00f4ts au niveau national et cantonal Toutes les ONG ne se valent pas. La d\u00e9signation abr\u00e9g\u00e9e d&#039;organisations non\" \/>\n<meta property=\"og:url\" content=\"https:\/\/www.deinadieu.ch\/fr\/conseiller\/quelles-ong-et-organisations-a-but-non-lucratif-sont-exonerees-dimpots\/\" \/>\n<meta property=\"og:site_name\" content=\"DeinAdieu.ch\" \/>\n<meta property=\"article:publisher\" content=\"https:\/\/www.facebook.com\/deinadieu\" \/>\n<meta property=\"article:modified_time\" content=\"2023-11-15T08:11:35+00:00\" \/>\n<meta property=\"og:image\" content=\"https:\/\/static.deinadieu.ch\/uploads\/2020\/07\/welche-ngos-und-npos-sind-steuerbefreit.jpg\" \/>\n\t<meta property=\"og:image:width\" content=\"1280\" \/>\n\t<meta property=\"og:image:height\" content=\"1029\" \/>\n\t<meta property=\"og:image:type\" content=\"image\/jpeg\" \/>\n<meta name=\"twitter:card\" content=\"summary_large_image\" \/>\n<meta name=\"twitter:site\" content=\"@DeinAdieu\" \/>\n<meta name=\"twitter:label1\" content=\"Est. reading time\" \/>\n\t<meta name=\"twitter:data1\" content=\"7 minutes\" \/>\n<script type=\"application\/ld+json\" class=\"yoast-schema-graph\">{\"@context\":\"https:\\\/\\\/schema.org\",\"@graph\":[{\"@type\":\"WebPage\",\"@id\":\"https:\\\/\\\/www.deinadieu.ch\\\/fr\\\/conseiller\\\/quelles-ong-et-organisations-a-but-non-lucratif-sont-exonerees-dimpots\\\/\",\"url\":\"https:\\\/\\\/www.deinadieu.ch\\\/fr\\\/conseiller\\\/quelles-ong-et-organisations-a-but-non-lucratif-sont-exonerees-dimpots\\\/\",\"name\":\"Les organisations d'utili\u00e9 publique : quelles ONG sont exon\u00e9r\u00e9es d'imp\u00f4ts ?\",\"isPartOf\":{\"@id\":\"https:\\\/\\\/www.deinadieu.ch\\\/fr\\\/#website\"},\"primaryImageOfPage\":{\"@id\":\"https:\\\/\\\/www.deinadieu.ch\\\/fr\\\/conseiller\\\/quelles-ong-et-organisations-a-but-non-lucratif-sont-exonerees-dimpots\\\/#primaryimage\"},\"image\":{\"@id\":\"https:\\\/\\\/www.deinadieu.ch\\\/fr\\\/conseiller\\\/quelles-ong-et-organisations-a-but-non-lucratif-sont-exonerees-dimpots\\\/#primaryimage\"},\"thumbnailUrl\":\"https:\\\/\\\/www.deinadieu.ch\\\/wp-content\\\/uploads\\\/2020\\\/07\\\/welche-ngos-und-npos-sind-steuerbefreit.jpg\",\"datePublished\":\"2020-07-06T08:08:37+00:00\",\"dateModified\":\"2023-11-15T08:11:35+00:00\",\"description\":\"Les organisations d'utilit\u00e9 publique en Suisse b\u00e9n\u00e9ficient d'une exon\u00e9ration fiscale lorsqu'elles accomplissent de mani\u00e8re d\u00e9sint\u00e9ress\u00e9e des t\u00e2ches utiles \u00e0 la soci\u00e9t\u00e9.\",\"breadcrumb\":{\"@id\":\"https:\\\/\\\/www.deinadieu.ch\\\/fr\\\/conseiller\\\/quelles-ong-et-organisations-a-but-non-lucratif-sont-exonerees-dimpots\\\/#breadcrumb\"},\"inLanguage\":\"fr-FR\",\"potentialAction\":[{\"@type\":\"ReadAction\",\"target\":[\"https:\\\/\\\/www.deinadieu.ch\\\/fr\\\/conseiller\\\/quelles-ong-et-organisations-a-but-non-lucratif-sont-exonerees-dimpots\\\/\"]}]},{\"@type\":\"ImageObject\",\"inLanguage\":\"fr-FR\",\"@id\":\"https:\\\/\\\/www.deinadieu.ch\\\/fr\\\/conseiller\\\/quelles-ong-et-organisations-a-but-non-lucratif-sont-exonerees-dimpots\\\/#primaryimage\",\"url\":\"https:\\\/\\\/www.deinadieu.ch\\\/wp-content\\\/uploads\\\/2020\\\/07\\\/welche-ngos-und-npos-sind-steuerbefreit.jpg\",\"contentUrl\":\"https:\\\/\\\/www.deinadieu.ch\\\/wp-content\\\/uploads\\\/2020\\\/07\\\/welche-ngos-und-npos-sind-steuerbefreit.jpg\",\"width\":1280,\"height\":1029,\"caption\":\"Quelles ONG et organisations \u00e0 but non lucratif sont exon\u00e9r\u00e9es d'imp\u00f4ts ? (Image : iStock)\"},{\"@type\":\"BreadcrumbList\",\"@id\":\"https:\\\/\\\/www.deinadieu.ch\\\/fr\\\/conseiller\\\/quelles-ong-et-organisations-a-but-non-lucratif-sont-exonerees-dimpots\\\/#breadcrumb\",\"itemListElement\":[{\"@type\":\"ListItem\",\"position\":1,\"name\":\"Home\",\"item\":\"https:\\\/\\\/www.deinadieu.ch\\\/fr\\\/deinadieu-dialog-und-serviceportal-zum-lebensende\\\/\"},{\"@type\":\"ListItem\",\"position\":2,\"name\":\"Ratgeber\",\"item\":\"https:\\\/\\\/www.deinadieu.ch\\\/fr\\\/conseiller\\\/\"},{\"@type\":\"ListItem\",\"position\":3,\"name\":\"Quelles ONG et organisations \u00e0 but non lucratif sont exon\u00e9r\u00e9es de l&#8217;imp\u00f4t ?\"}]},{\"@type\":\"WebSite\",\"@id\":\"https:\\\/\\\/www.deinadieu.ch\\\/fr\\\/#website\",\"url\":\"https:\\\/\\\/www.deinadieu.ch\\\/fr\\\/\",\"name\":\"DeinAdieu.ch\",\"description\":\"Testament, Patientenverf\u00fcgung und Vorsorgeauftrag\",\"publisher\":{\"@id\":\"https:\\\/\\\/www.deinadieu.ch\\\/fr\\\/#organization\"},\"potentialAction\":[{\"@type\":\"SearchAction\",\"target\":{\"@type\":\"EntryPoint\",\"urlTemplate\":\"https:\\\/\\\/www.deinadieu.ch\\\/fr\\\/?s={search_term_string}\"},\"query-input\":{\"@type\":\"PropertyValueSpecification\",\"valueRequired\":true,\"valueName\":\"search_term_string\"}}],\"inLanguage\":\"fr-FR\"},{\"@type\":\"Organization\",\"@id\":\"https:\\\/\\\/www.deinadieu.ch\\\/fr\\\/#organization\",\"name\":\"EMNA Web GmbH\",\"url\":\"https:\\\/\\\/www.deinadieu.ch\\\/fr\\\/\",\"logo\":{\"@type\":\"ImageObject\",\"inLanguage\":\"fr-FR\",\"@id\":\"https:\\\/\\\/www.deinadieu.ch\\\/fr\\\/#\\\/schema\\\/logo\\\/image\\\/\",\"url\":\"https:\\\/\\\/www.deinadieu.ch\\\/wp-content\\\/uploads\\\/2016\\\/01\\\/DeinAdieu_Logo.png\",\"contentUrl\":\"https:\\\/\\\/www.deinadieu.ch\\\/wp-content\\\/uploads\\\/2016\\\/01\\\/DeinAdieu_Logo.png\",\"width\":300,\"height\":117,\"caption\":\"EMNA Web GmbH\"},\"image\":{\"@id\":\"https:\\\/\\\/www.deinadieu.ch\\\/fr\\\/#\\\/schema\\\/logo\\\/image\\\/\"},\"sameAs\":[\"https:\\\/\\\/www.facebook.com\\\/deinadieu\",\"https:\\\/\\\/x.com\\\/DeinAdieu\",\"https:\\\/\\\/www.instagram.com\\\/deinadieu\\\/\",\"https:\\\/\\\/www.linkedin.com\\\/company\\\/deinadieu.ch\"]}]}<\/script>","yoast_head_json":{"title":"Les organisations d'utili\u00e9 publique : quelles ONG sont exon\u00e9r\u00e9es d'imp\u00f4ts ?","description":"Les organisations d'utilit\u00e9 publique en Suisse b\u00e9n\u00e9ficient d'une exon\u00e9ration fiscale lorsqu'elles accomplissent de mani\u00e8re d\u00e9sint\u00e9ress\u00e9e des t\u00e2ches utiles \u00e0 la soci\u00e9t\u00e9.","robots":{"index":"index","follow":"follow","max-snippet":"max-snippet:-1","max-image-preview":"max-image-preview:large","max-video-preview":"max-video-preview:-1"},"canonical":"https:\/\/www.deinadieu.ch\/fr\/conseiller\/quelles-ong-et-organisations-a-but-non-lucratif-sont-exonerees-dimpots\/","og_locale":"fr_FR","og_type":"article","og_title":"Quelles ONG et organisations \u00e0 but non lucratif sont exon\u00e9r\u00e9es de l'imp\u00f4t ?","og_description":"Les organisations exon\u00e9r\u00e9es d'imp\u00f4ts au niveau national et cantonal Toutes les ONG ne se valent pas. La d\u00e9signation abr\u00e9g\u00e9e d'organisations non","og_url":"https:\/\/www.deinadieu.ch\/fr\/conseiller\/quelles-ong-et-organisations-a-but-non-lucratif-sont-exonerees-dimpots\/","og_site_name":"DeinAdieu.ch","article_publisher":"https:\/\/www.facebook.com\/deinadieu","article_modified_time":"2023-11-15T08:11:35+00:00","og_image":[{"width":1280,"height":1029,"url":"https:\/\/static.deinadieu.ch\/uploads\/2020\/07\/welche-ngos-und-npos-sind-steuerbefreit.jpg","type":"image\/jpeg"}],"twitter_card":"summary_large_image","twitter_site":"@DeinAdieu","twitter_misc":{"Est. reading time":"7 minutes"},"schema":{"@context":"https:\/\/schema.org","@graph":[{"@type":"WebPage","@id":"https:\/\/www.deinadieu.ch\/fr\/conseiller\/quelles-ong-et-organisations-a-but-non-lucratif-sont-exonerees-dimpots\/","url":"https:\/\/www.deinadieu.ch\/fr\/conseiller\/quelles-ong-et-organisations-a-but-non-lucratif-sont-exonerees-dimpots\/","name":"Les organisations d'utili\u00e9 publique : quelles ONG sont exon\u00e9r\u00e9es d'imp\u00f4ts ?","isPartOf":{"@id":"https:\/\/www.deinadieu.ch\/fr\/#website"},"primaryImageOfPage":{"@id":"https:\/\/www.deinadieu.ch\/fr\/conseiller\/quelles-ong-et-organisations-a-but-non-lucratif-sont-exonerees-dimpots\/#primaryimage"},"image":{"@id":"https:\/\/www.deinadieu.ch\/fr\/conseiller\/quelles-ong-et-organisations-a-but-non-lucratif-sont-exonerees-dimpots\/#primaryimage"},"thumbnailUrl":"https:\/\/www.deinadieu.ch\/wp-content\/uploads\/2020\/07\/welche-ngos-und-npos-sind-steuerbefreit.jpg","datePublished":"2020-07-06T08:08:37+00:00","dateModified":"2023-11-15T08:11:35+00:00","description":"Les organisations d'utilit\u00e9 publique en Suisse b\u00e9n\u00e9ficient d'une exon\u00e9ration fiscale lorsqu'elles accomplissent de mani\u00e8re d\u00e9sint\u00e9ress\u00e9e des t\u00e2ches utiles \u00e0 la soci\u00e9t\u00e9.","breadcrumb":{"@id":"https:\/\/www.deinadieu.ch\/fr\/conseiller\/quelles-ong-et-organisations-a-but-non-lucratif-sont-exonerees-dimpots\/#breadcrumb"},"inLanguage":"fr-FR","potentialAction":[{"@type":"ReadAction","target":["https:\/\/www.deinadieu.ch\/fr\/conseiller\/quelles-ong-et-organisations-a-but-non-lucratif-sont-exonerees-dimpots\/"]}]},{"@type":"ImageObject","inLanguage":"fr-FR","@id":"https:\/\/www.deinadieu.ch\/fr\/conseiller\/quelles-ong-et-organisations-a-but-non-lucratif-sont-exonerees-dimpots\/#primaryimage","url":"https:\/\/www.deinadieu.ch\/wp-content\/uploads\/2020\/07\/welche-ngos-und-npos-sind-steuerbefreit.jpg","contentUrl":"https:\/\/www.deinadieu.ch\/wp-content\/uploads\/2020\/07\/welche-ngos-und-npos-sind-steuerbefreit.jpg","width":1280,"height":1029,"caption":"Quelles ONG et organisations \u00e0 but non lucratif sont exon\u00e9r\u00e9es d'imp\u00f4ts ? (Image : iStock)"},{"@type":"BreadcrumbList","@id":"https:\/\/www.deinadieu.ch\/fr\/conseiller\/quelles-ong-et-organisations-a-but-non-lucratif-sont-exonerees-dimpots\/#breadcrumb","itemListElement":[{"@type":"ListItem","position":1,"name":"Home","item":"https:\/\/www.deinadieu.ch\/fr\/deinadieu-dialog-und-serviceportal-zum-lebensende\/"},{"@type":"ListItem","position":2,"name":"Ratgeber","item":"https:\/\/www.deinadieu.ch\/fr\/conseiller\/"},{"@type":"ListItem","position":3,"name":"Quelles ONG et organisations \u00e0 but non lucratif sont exon\u00e9r\u00e9es de l&#8217;imp\u00f4t ?"}]},{"@type":"WebSite","@id":"https:\/\/www.deinadieu.ch\/fr\/#website","url":"https:\/\/www.deinadieu.ch\/fr\/","name":"DeinAdieu.ch","description":"Testament, Patientenverf\u00fcgung und Vorsorgeauftrag","publisher":{"@id":"https:\/\/www.deinadieu.ch\/fr\/#organization"},"potentialAction":[{"@type":"SearchAction","target":{"@type":"EntryPoint","urlTemplate":"https:\/\/www.deinadieu.ch\/fr\/?s={search_term_string}"},"query-input":{"@type":"PropertyValueSpecification","valueRequired":true,"valueName":"search_term_string"}}],"inLanguage":"fr-FR"},{"@type":"Organization","@id":"https:\/\/www.deinadieu.ch\/fr\/#organization","name":"EMNA Web GmbH","url":"https:\/\/www.deinadieu.ch\/fr\/","logo":{"@type":"ImageObject","inLanguage":"fr-FR","@id":"https:\/\/www.deinadieu.ch\/fr\/#\/schema\/logo\/image\/","url":"https:\/\/www.deinadieu.ch\/wp-content\/uploads\/2016\/01\/DeinAdieu_Logo.png","contentUrl":"https:\/\/www.deinadieu.ch\/wp-content\/uploads\/2016\/01\/DeinAdieu_Logo.png","width":300,"height":117,"caption":"EMNA Web GmbH"},"image":{"@id":"https:\/\/www.deinadieu.ch\/fr\/#\/schema\/logo\/image\/"},"sameAs":["https:\/\/www.facebook.com\/deinadieu","https:\/\/x.com\/DeinAdieu","https:\/\/www.instagram.com\/deinadieu\/","https:\/\/www.linkedin.com\/company\/deinadieu.ch"]}]}},"_links":{"self":[{"href":"https:\/\/www.deinadieu.ch\/fr\/wp-json\/wp\/v2\/ratgeber\/59595","targetHints":{"allow":["GET"]}}],"collection":[{"href":"https:\/\/www.deinadieu.ch\/fr\/wp-json\/wp\/v2\/ratgeber"}],"about":[{"href":"https:\/\/www.deinadieu.ch\/fr\/wp-json\/wp\/v2\/types\/ratgeber"}],"author":[{"embeddable":true,"href":"https:\/\/www.deinadieu.ch\/fr\/wp-json\/wp\/v2\/users\/2398"}],"replies":[{"embeddable":true,"href":"https:\/\/www.deinadieu.ch\/fr\/wp-json\/wp\/v2\/comments?post=59595"}],"version-history":[{"count":7,"href":"https:\/\/www.deinadieu.ch\/fr\/wp-json\/wp\/v2\/ratgeber\/59595\/revisions"}],"predecessor-version":[{"id":66047,"href":"https:\/\/www.deinadieu.ch\/fr\/wp-json\/wp\/v2\/ratgeber\/59595\/revisions\/66047"}],"wp:featuredmedia":[{"embeddable":true,"href":"https:\/\/www.deinadieu.ch\/fr\/wp-json\/wp\/v2\/media\/46608"}],"wp:attachment":[{"href":"https:\/\/www.deinadieu.ch\/fr\/wp-json\/wp\/v2\/media?parent=59595"}],"wp:term":[{"taxonomy":"post_tag","embeddable":true,"href":"https:\/\/www.deinadieu.ch\/fr\/wp-json\/wp\/v2\/tags?post=59595"},{"taxonomy":"ratgeber-category","embeddable":true,"href":"https:\/\/www.deinadieu.ch\/fr\/wp-json\/wp\/v2\/ratgeber-category?post=59595"}],"curies":[{"name":"wp","href":"https:\/\/api.w.org\/{rel}","templated":true}]}}