{"id":57274,"date":"2018-10-20T10:17:55","date_gmt":"2018-10-20T08:17:55","guid":{"rendered":"https:\/\/www.deinadieu.ch\/ratgeber\/caveau-de-famille-et-tombe-commune\/"},"modified":"2023-07-10T10:44:16","modified_gmt":"2023-07-10T08:44:16","slug":"caveau-de-famille-et-tombe-commune","status":"publish","type":"ratgeber","link":"https:\/\/www.deinadieu.ch\/fr\/conseiller\/caveau-de-famille-et-tombe-commune\/","title":{"rendered":"Caveau de famille et tombe commune"},"content":{"rendered":"\n<h2 class=\"wp-block-heading\" id=\"h-das-familiengrab\"><b>Le caveau de famille<\/b><\/h2>\n\n<p><span style=\"font-weight: 400;\">Dans un <strong>caveau de famille, plusieurs d\u00e9funts, g\u00e9n\u00e9ralement des membres d&#8217;une m\u00eame famille, sont enterr\u00e9s \u00e0 proximit\u00e9 les uns des autres, suite \u00e0 une demande commune<\/strong>. Celui qui acquiert le droit de l&#8217;utiliser d\u00e9cide \u00e9galement qui peut (mais n&#8217;y est pas oblig\u00e9) \u00eatre enterr\u00e9 ensuite dans le caveau de famille.<\/span><\/p>\n\n<p><span style=\"font-weight: 400;\">On distingue les <strong>caveaux de familile \u00e0 un ou plusieurs emplacements<\/strong>, en fonction du nombre de personnes pouvant \u00eatre enterr\u00e9es pendant une p\u00e9riode de repos fix\u00e9e de mani\u00e8re individuelle par l&#8217;office des cimeti\u00e8res et des ensevelissements (g\u00e9n\u00e9ralement 20 \u00e0 30 ans). Dans les tombes dites profondes, il est possible d&#8217;enterrer plusieurs personnes pendant une m\u00eame phase de repos, comme dans les tombes \u00e0 plusieurs places. La r\u00e9partition varie en fonction des r\u00e8glements des cimeti\u00e8res, qui rel\u00e8vent g\u00e9n\u00e9ralement de la comp\u00e9tence de la commune.<\/span><\/p>\n\n<figure class=\"wp-block-image size-large\"><img loading=\"lazy\" decoding=\"async\" width=\"1024\" height=\"772\" src=\"https:\/\/www.deinadieu.ch\/wp-content\/uploads\/2018\/10\/Urnen-Kopie-2-1024x772.jpg\" alt=\"\" class=\"wp-image-21276\" srcset=\"https:\/\/www.deinadieu.ch\/wp-content\/uploads\/2018\/10\/Urnen-Kopie-2-1024x772.jpg 1024w, https:\/\/www.deinadieu.ch\/wp-content\/uploads\/2018\/10\/Urnen-Kopie-2-300x226.jpg 300w, https:\/\/www.deinadieu.ch\/wp-content\/uploads\/2018\/10\/Urnen-Kopie-2-180x136.jpg 180w, https:\/\/www.deinadieu.ch\/wp-content\/uploads\/2018\/10\/Urnen-Kopie-2-175x132.jpg 175w, https:\/\/www.deinadieu.ch\/wp-content\/uploads\/2018\/10\/Urnen-Kopie-2.jpg 1280w\" sizes=\"auto, (max-width: 1024px) 100vw, 1024px\" \/><figcaption class=\"wp-element-caption\">tombe \u00e0 urne familiale<\/figcaption><\/figure>\n\n<figure class=\"wp-block-image size-large\"><img loading=\"lazy\" decoding=\"async\" width=\"1024\" height=\"685\" src=\"https:\/\/www.deinadieu.ch\/wp-content\/uploads\/2018\/10\/01a_Familiengrab-1024x685.jpg\" alt=\"\" class=\"wp-image-21253\" srcset=\"https:\/\/www.deinadieu.ch\/wp-content\/uploads\/2018\/10\/01a_Familiengrab-1024x685.jpg 1024w, https:\/\/www.deinadieu.ch\/wp-content\/uploads\/2018\/10\/01a_Familiengrab-300x201.jpg 300w, https:\/\/www.deinadieu.ch\/wp-content\/uploads\/2018\/10\/01a_Familiengrab-180x120.jpg 180w, https:\/\/www.deinadieu.ch\/wp-content\/uploads\/2018\/10\/01a_Familiengrab-175x117.jpg 175w, https:\/\/www.deinadieu.ch\/wp-content\/uploads\/2018\/10\/01a_Familiengrab.jpg 1280w\" sizes=\"auto, (max-width: 1024px) 100vw, 1024px\" \/><figcaption class=\"wp-element-caption\">caveau de famille<\/figcaption><\/figure>\n\n<p><span style=\"font-weight: 400;\">Le caveau de famille est une <strong>tombe de choix<\/strong> ce qui signifie qu&#8217;il peut \u00eatre <strong>choisi et r\u00e9serv\u00e9 avant m\u00eame qu&#8217;un d\u00e9c\u00e8s ne survienne<\/strong>. \u00c9tant donn\u00e9 que cela implique des <strong>co\u00fbts suppl\u00e9mentaires<\/strong>, cela a surtout du sens si vous avez un endroit bien pr\u00e9cis en t\u00eate. Outre la d\u00e9termination de l&#8217;emplacement, vous disposez \u00e9galement de libert\u00e9s \u00e9tendues quant \u00e0 l&#8217;am\u00e9nagement de votre caveau de famille. L&#8217;<strong>entretien<\/strong> de la tombe est plus on\u00e9reux compte tenu de sa surface plus \u00e9tendue et de son individualisation (par rapport \u00e0 la tombe en rang\u00e9e).<\/span><\/p>\n\n<p><span style=\"font-weight: 400;\"><strong>La dur\u00e9e de location d&#8217;un caveau de famille au cimeti\u00e8re est g\u00e9n\u00e9ralement limit\u00e9e<\/strong> (p. ex. 50 ans \u00e0 Zurich), mais elle peut \u00eatre prolong\u00e9e sur demande. Ainsi, le caveau de famille reste disponible pendant plusieurs g\u00e9n\u00e9rations comme un lieu o\u00f9 les d\u00e9funts se retrouvent.<\/span><\/p>\n\n<p><span style=\"font-weight: 400;\">\n        <div class=\"relative shadow-lg -mx-12 mb-4 overflow-hidden\" style=\"background-image: url('https:\/\/www.deinadieu.ch\/wp-content\/themes\/da-v4\/assets\/v4\/banner\/bestattung.jpg'); background-size: cover; background-position: center\">\n            <div class=\"banner-white-box md:w-3\/5 text-black -ml-16 pl-16\" style=\"background-color: rgba(255,255,255,0.75)\">\n                <div class=\"inner\">\n                    <div class=\"text-2xl p-12\">Je voudrais <strong>d\u00e9cider moi-m\u00eame de<\/strong> la mani\u00e8re dont mes fun\u00e9railles devraient se d\u00e9rouler.<\/div>\n                    <div class=\"px-12 md:mr-16\">\n                        <a href=\"https:\/\/www.deinadieu.ch\/vertraege-briefe\/view\/organisationshilfe-vor-der-bestattung\/\" target=\"_blank\" class=\"btn btn-da btn-small btn-block\">Planifier les fun\u00e9railles<\/a>\n                        <a href=\"https:\/\/www.deinadieu.ch\/todesfall\" target=\"_blank\" class=\"mt-4 btn btn-da btn-small btn-block\">Annoncer un d\u00e9c\u00e8s<\/a>\n                    <\/div>\n                    <div class=\"px-12 py-8\">\n                        <img decoding=\"async\" src=\"https:\/\/www.deinadieu.ch\/wp-content\/themes\/da-v4\/assets\/v4\/deinadieu_logo_dark.svg\" class=\"h-12\">\n                    <\/div>\n                <\/div>\n            <\/div>\n        <\/div>\n        Les tombes communes offrent un espace permettant \u00e0 plusieurs personnes, qui, pour diff\u00e9rentes raisons, ont \u00e9t\u00e9 proches les unes des autres de leur vivant, de reposer en paix ensemble. Sa forme la plus importante en Suisse aujourd&#8217;hui est le caveau de famille, qui accorde \u00e0 l&#8217;acqu\u00e9reur du droit d&#8217;usage (location) un nombre relativement important de droits en ce qui concerne la conception, le design et la r\u00e9servation.[\/servicebox]\n\n<div style=\"height:40px\" aria-hidden=\"true\" class=\"wp-block-spacer\"><\/div>\n\n<div class=\"wp-block-buttons is-layout-flex wp-block-buttons-is-layout-flex\">\n<div class=\"wp-block-button\"><a class=\"wp-block-button__link wp-element-button\" href=\"https:\/\/app.deinadieu.ch\/testament\">R\u00e9digez un testament ici<\/a><\/div>\n<\/div>\n","protected":false},"excerpt":{"rendered":"<p>Le caveau de famille Dans un caveau de famille, plusieurs d\u00e9funts, g\u00e9n\u00e9ralement des membres d&#8217;une m\u00eame famille, sont enterr\u00e9s \u00e0 proximit\u00e9 les uns des autres, suite \u00e0 une demande commune. Celui qui acquiert le droit de l&#8217;utiliser d\u00e9cide \u00e9galement qui peut (mais n&#8217;y est pas oblig\u00e9) \u00eatre enterr\u00e9 ensuite dans le caveau de famille. On [&hellip;]<\/p>\n","protected":false},"author":2398,"featured_media":45543,"menu_order":0,"comment_status":"open","ping_status":"closed","template":"","tags":[2422,2828],"ratgeber-category":[2104],"class_list":["post-57274","ratgeber","type-ratgeber","status-publish","has-post-thumbnail","hentry","tag-enterrement","tag-tombe","ratgeber-category-funerailles"],"acf":[],"yoast_head":"<title>La diff\u00e9rence entre le caveau de famille et la tombe commune | DeinAdieu<\/title>\n<meta name=\"description\" content=\"D\u00e9couvrez dans cet article de conseil ce qu&#039;est un caveau de famille et une tombe commune. Quelles sont les diff\u00e9rences ? Quels sont les co\u00fbts ? Quelles sont les diff\u00e9rences ? Quels sont les co\u00fbts ?\" \/>\n<meta name=\"robots\" content=\"index, follow, max-snippet:-1, max-image-preview:large, max-video-preview:-1\" \/>\n<link rel=\"canonical\" href=\"https:\/\/www.deinadieu.ch\/fr\/conseiller\/caveau-de-famille-et-tombe-commune\/\" \/>\n<meta property=\"og:locale\" content=\"fr_FR\" \/>\n<meta property=\"og:type\" content=\"article\" \/>\n<meta property=\"og:title\" content=\"Caveau de famille et tombe commune\" \/>\n<meta property=\"og:description\" content=\"Le caveau de famille Dans un caveau de famille, plusieurs d\u00e9funts, g\u00e9n\u00e9ralement des membres d&#039;une m\u00eame famille, sont enterr\u00e9s \u00e0 proximit\u00e9 les uns des\" \/>\n<meta property=\"og:url\" content=\"https:\/\/www.deinadieu.ch\/fr\/conseiller\/caveau-de-famille-et-tombe-commune\/\" \/>\n<meta property=\"og:site_name\" content=\"DeinAdieu.ch\" \/>\n<meta property=\"article:publisher\" content=\"https:\/\/www.facebook.com\/deinadieu\" \/>\n<meta property=\"article:modified_time\" content=\"2023-07-10T08:44:16+00:00\" \/>\n<meta property=\"og:image\" content=\"https:\/\/static.deinadieu.ch\/uploads\/2020\/02\/Familiengrab_Gemeinschaftsgrab_627008872.jpg\" \/>\n\t<meta property=\"og:image:width\" content=\"1280\" \/>\n\t<meta property=\"og:image:height\" content=\"882\" \/>\n\t<meta property=\"og:image:type\" content=\"image\/jpeg\" \/>\n<meta name=\"twitter:card\" content=\"summary_large_image\" \/>\n<meta name=\"twitter:site\" content=\"@DeinAdieu\" \/>\n<meta name=\"twitter:label1\" content=\"Est. reading time\" \/>\n\t<meta name=\"twitter:data1\" content=\"3 minutes\" \/>\n<script type=\"application\/ld+json\" class=\"yoast-schema-graph\">{\"@context\":\"https:\\\/\\\/schema.org\",\"@graph\":[{\"@type\":\"WebPage\",\"@id\":\"https:\\\/\\\/www.deinadieu.ch\\\/fr\\\/conseiller\\\/caveau-de-famille-et-tombe-commune\\\/\",\"url\":\"https:\\\/\\\/www.deinadieu.ch\\\/fr\\\/conseiller\\\/caveau-de-famille-et-tombe-commune\\\/\",\"name\":\"La diff\u00e9rence entre le caveau de famille et la tombe commune | DeinAdieu\",\"isPartOf\":{\"@id\":\"https:\\\/\\\/www.deinadieu.ch\\\/fr\\\/#website\"},\"primaryImageOfPage\":{\"@id\":\"https:\\\/\\\/www.deinadieu.ch\\\/fr\\\/conseiller\\\/caveau-de-famille-et-tombe-commune\\\/#primaryimage\"},\"image\":{\"@id\":\"https:\\\/\\\/www.deinadieu.ch\\\/fr\\\/conseiller\\\/caveau-de-famille-et-tombe-commune\\\/#primaryimage\"},\"thumbnailUrl\":\"https:\\\/\\\/www.deinadieu.ch\\\/wp-content\\\/uploads\\\/2020\\\/02\\\/Familiengrab_Gemeinschaftsgrab_627008872.jpg\",\"datePublished\":\"2018-10-20T08:17:55+00:00\",\"dateModified\":\"2023-07-10T08:44:16+00:00\",\"description\":\"D\u00e9couvrez dans cet article de conseil ce qu'est un caveau de famille et une tombe commune. Quelles sont les diff\u00e9rences ? Quels sont les co\u00fbts ? Quelles sont les diff\u00e9rences ? Quels sont les co\u00fbts ?\",\"breadcrumb\":{\"@id\":\"https:\\\/\\\/www.deinadieu.ch\\\/fr\\\/conseiller\\\/caveau-de-famille-et-tombe-commune\\\/#breadcrumb\"},\"inLanguage\":\"fr-FR\",\"potentialAction\":[{\"@type\":\"ReadAction\",\"target\":[\"https:\\\/\\\/www.deinadieu.ch\\\/fr\\\/conseiller\\\/caveau-de-famille-et-tombe-commune\\\/\"]}]},{\"@type\":\"ImageObject\",\"inLanguage\":\"fr-FR\",\"@id\":\"https:\\\/\\\/www.deinadieu.ch\\\/fr\\\/conseiller\\\/caveau-de-famille-et-tombe-commune\\\/#primaryimage\",\"url\":\"https:\\\/\\\/www.deinadieu.ch\\\/wp-content\\\/uploads\\\/2020\\\/02\\\/Familiengrab_Gemeinschaftsgrab_627008872.jpg\",\"contentUrl\":\"https:\\\/\\\/www.deinadieu.ch\\\/wp-content\\\/uploads\\\/2020\\\/02\\\/Familiengrab_Gemeinschaftsgrab_627008872.jpg\",\"width\":1280,\"height\":882,\"caption\":\"Caveau de famille et tombe commune (Image : iStock)\"},{\"@type\":\"BreadcrumbList\",\"@id\":\"https:\\\/\\\/www.deinadieu.ch\\\/fr\\\/conseiller\\\/caveau-de-famille-et-tombe-commune\\\/#breadcrumb\",\"itemListElement\":[{\"@type\":\"ListItem\",\"position\":1,\"name\":\"Home\",\"item\":\"https:\\\/\\\/www.deinadieu.ch\\\/fr\\\/deinadieu-dialog-und-serviceportal-zum-lebensende\\\/\"},{\"@type\":\"ListItem\",\"position\":2,\"name\":\"Ratgeber\",\"item\":\"https:\\\/\\\/www.deinadieu.ch\\\/fr\\\/conseiller\\\/\"},{\"@type\":\"ListItem\",\"position\":3,\"name\":\"Caveau de famille et tombe commune\"}]},{\"@type\":\"WebSite\",\"@id\":\"https:\\\/\\\/www.deinadieu.ch\\\/fr\\\/#website\",\"url\":\"https:\\\/\\\/www.deinadieu.ch\\\/fr\\\/\",\"name\":\"DeinAdieu.ch\",\"description\":\"Testament, Patientenverf\u00fcgung und Vorsorgeauftrag\",\"publisher\":{\"@id\":\"https:\\\/\\\/www.deinadieu.ch\\\/fr\\\/#organization\"},\"potentialAction\":[{\"@type\":\"SearchAction\",\"target\":{\"@type\":\"EntryPoint\",\"urlTemplate\":\"https:\\\/\\\/www.deinadieu.ch\\\/fr\\\/?s={search_term_string}\"},\"query-input\":{\"@type\":\"PropertyValueSpecification\",\"valueRequired\":true,\"valueName\":\"search_term_string\"}}],\"inLanguage\":\"fr-FR\"},{\"@type\":\"Organization\",\"@id\":\"https:\\\/\\\/www.deinadieu.ch\\\/fr\\\/#organization\",\"name\":\"EMNA Web GmbH\",\"url\":\"https:\\\/\\\/www.deinadieu.ch\\\/fr\\\/\",\"logo\":{\"@type\":\"ImageObject\",\"inLanguage\":\"fr-FR\",\"@id\":\"https:\\\/\\\/www.deinadieu.ch\\\/fr\\\/#\\\/schema\\\/logo\\\/image\\\/\",\"url\":\"https:\\\/\\\/www.deinadieu.ch\\\/wp-content\\\/uploads\\\/2016\\\/01\\\/DeinAdieu_Logo.png\",\"contentUrl\":\"https:\\\/\\\/www.deinadieu.ch\\\/wp-content\\\/uploads\\\/2016\\\/01\\\/DeinAdieu_Logo.png\",\"width\":300,\"height\":117,\"caption\":\"EMNA Web GmbH\"},\"image\":{\"@id\":\"https:\\\/\\\/www.deinadieu.ch\\\/fr\\\/#\\\/schema\\\/logo\\\/image\\\/\"},\"sameAs\":[\"https:\\\/\\\/www.facebook.com\\\/deinadieu\",\"https:\\\/\\\/x.com\\\/DeinAdieu\",\"https:\\\/\\\/www.instagram.com\\\/deinadieu\\\/\",\"https:\\\/\\\/www.linkedin.com\\\/company\\\/deinadieu.ch\"]}]}<\/script>","yoast_head_json":{"title":"La diff\u00e9rence entre le caveau de famille et la tombe commune | DeinAdieu","description":"D\u00e9couvrez dans cet article de conseil ce qu'est un caveau de famille et une tombe commune. Quelles sont les diff\u00e9rences ? Quels sont les co\u00fbts ? Quelles sont les diff\u00e9rences ? Quels sont les co\u00fbts ?","robots":{"index":"index","follow":"follow","max-snippet":"max-snippet:-1","max-image-preview":"max-image-preview:large","max-video-preview":"max-video-preview:-1"},"canonical":"https:\/\/www.deinadieu.ch\/fr\/conseiller\/caveau-de-famille-et-tombe-commune\/","og_locale":"fr_FR","og_type":"article","og_title":"Caveau de famille et tombe commune","og_description":"Le caveau de famille Dans un caveau de famille, plusieurs d\u00e9funts, g\u00e9n\u00e9ralement des membres d'une m\u00eame famille, sont enterr\u00e9s \u00e0 proximit\u00e9 les uns des","og_url":"https:\/\/www.deinadieu.ch\/fr\/conseiller\/caveau-de-famille-et-tombe-commune\/","og_site_name":"DeinAdieu.ch","article_publisher":"https:\/\/www.facebook.com\/deinadieu","article_modified_time":"2023-07-10T08:44:16+00:00","og_image":[{"width":1280,"height":882,"url":"https:\/\/static.deinadieu.ch\/uploads\/2020\/02\/Familiengrab_Gemeinschaftsgrab_627008872.jpg","type":"image\/jpeg"}],"twitter_card":"summary_large_image","twitter_site":"@DeinAdieu","twitter_misc":{"Est. reading time":"3 minutes"},"schema":{"@context":"https:\/\/schema.org","@graph":[{"@type":"WebPage","@id":"https:\/\/www.deinadieu.ch\/fr\/conseiller\/caveau-de-famille-et-tombe-commune\/","url":"https:\/\/www.deinadieu.ch\/fr\/conseiller\/caveau-de-famille-et-tombe-commune\/","name":"La diff\u00e9rence entre le caveau de famille et la tombe commune | DeinAdieu","isPartOf":{"@id":"https:\/\/www.deinadieu.ch\/fr\/#website"},"primaryImageOfPage":{"@id":"https:\/\/www.deinadieu.ch\/fr\/conseiller\/caveau-de-famille-et-tombe-commune\/#primaryimage"},"image":{"@id":"https:\/\/www.deinadieu.ch\/fr\/conseiller\/caveau-de-famille-et-tombe-commune\/#primaryimage"},"thumbnailUrl":"https:\/\/www.deinadieu.ch\/wp-content\/uploads\/2020\/02\/Familiengrab_Gemeinschaftsgrab_627008872.jpg","datePublished":"2018-10-20T08:17:55+00:00","dateModified":"2023-07-10T08:44:16+00:00","description":"D\u00e9couvrez dans cet article de conseil ce qu'est un caveau de famille et une tombe commune. Quelles sont les diff\u00e9rences ? Quels sont les co\u00fbts ? Quelles sont les diff\u00e9rences ? Quels sont les co\u00fbts ?","breadcrumb":{"@id":"https:\/\/www.deinadieu.ch\/fr\/conseiller\/caveau-de-famille-et-tombe-commune\/#breadcrumb"},"inLanguage":"fr-FR","potentialAction":[{"@type":"ReadAction","target":["https:\/\/www.deinadieu.ch\/fr\/conseiller\/caveau-de-famille-et-tombe-commune\/"]}]},{"@type":"ImageObject","inLanguage":"fr-FR","@id":"https:\/\/www.deinadieu.ch\/fr\/conseiller\/caveau-de-famille-et-tombe-commune\/#primaryimage","url":"https:\/\/www.deinadieu.ch\/wp-content\/uploads\/2020\/02\/Familiengrab_Gemeinschaftsgrab_627008872.jpg","contentUrl":"https:\/\/www.deinadieu.ch\/wp-content\/uploads\/2020\/02\/Familiengrab_Gemeinschaftsgrab_627008872.jpg","width":1280,"height":882,"caption":"Caveau de famille et tombe commune (Image : iStock)"},{"@type":"BreadcrumbList","@id":"https:\/\/www.deinadieu.ch\/fr\/conseiller\/caveau-de-famille-et-tombe-commune\/#breadcrumb","itemListElement":[{"@type":"ListItem","position":1,"name":"Home","item":"https:\/\/www.deinadieu.ch\/fr\/deinadieu-dialog-und-serviceportal-zum-lebensende\/"},{"@type":"ListItem","position":2,"name":"Ratgeber","item":"https:\/\/www.deinadieu.ch\/fr\/conseiller\/"},{"@type":"ListItem","position":3,"name":"Caveau de famille et tombe commune"}]},{"@type":"WebSite","@id":"https:\/\/www.deinadieu.ch\/fr\/#website","url":"https:\/\/www.deinadieu.ch\/fr\/","name":"DeinAdieu.ch","description":"Testament, Patientenverf\u00fcgung und Vorsorgeauftrag","publisher":{"@id":"https:\/\/www.deinadieu.ch\/fr\/#organization"},"potentialAction":[{"@type":"SearchAction","target":{"@type":"EntryPoint","urlTemplate":"https:\/\/www.deinadieu.ch\/fr\/?s={search_term_string}"},"query-input":{"@type":"PropertyValueSpecification","valueRequired":true,"valueName":"search_term_string"}}],"inLanguage":"fr-FR"},{"@type":"Organization","@id":"https:\/\/www.deinadieu.ch\/fr\/#organization","name":"EMNA Web GmbH","url":"https:\/\/www.deinadieu.ch\/fr\/","logo":{"@type":"ImageObject","inLanguage":"fr-FR","@id":"https:\/\/www.deinadieu.ch\/fr\/#\/schema\/logo\/image\/","url":"https:\/\/www.deinadieu.ch\/wp-content\/uploads\/2016\/01\/DeinAdieu_Logo.png","contentUrl":"https:\/\/www.deinadieu.ch\/wp-content\/uploads\/2016\/01\/DeinAdieu_Logo.png","width":300,"height":117,"caption":"EMNA Web GmbH"},"image":{"@id":"https:\/\/www.deinadieu.ch\/fr\/#\/schema\/logo\/image\/"},"sameAs":["https:\/\/www.facebook.com\/deinadieu","https:\/\/x.com\/DeinAdieu","https:\/\/www.instagram.com\/deinadieu\/","https:\/\/www.linkedin.com\/company\/deinadieu.ch"]}]}},"_links":{"self":[{"href":"https:\/\/www.deinadieu.ch\/fr\/wp-json\/wp\/v2\/ratgeber\/57274","targetHints":{"allow":["GET"]}}],"collection":[{"href":"https:\/\/www.deinadieu.ch\/fr\/wp-json\/wp\/v2\/ratgeber"}],"about":[{"href":"https:\/\/www.deinadieu.ch\/fr\/wp-json\/wp\/v2\/types\/ratgeber"}],"author":[{"embeddable":true,"href":"https:\/\/www.deinadieu.ch\/fr\/wp-json\/wp\/v2\/users\/2398"}],"replies":[{"embeddable":true,"href":"https:\/\/www.deinadieu.ch\/fr\/wp-json\/wp\/v2\/comments?post=57274"}],"version-history":[{"count":7,"href":"https:\/\/www.deinadieu.ch\/fr\/wp-json\/wp\/v2\/ratgeber\/57274\/revisions"}],"predecessor-version":[{"id":64821,"href":"https:\/\/www.deinadieu.ch\/fr\/wp-json\/wp\/v2\/ratgeber\/57274\/revisions\/64821"}],"wp:featuredmedia":[{"embeddable":true,"href":"https:\/\/www.deinadieu.ch\/fr\/wp-json\/wp\/v2\/media\/45543"}],"wp:attachment":[{"href":"https:\/\/www.deinadieu.ch\/fr\/wp-json\/wp\/v2\/media?parent=57274"}],"wp:term":[{"taxonomy":"post_tag","embeddable":true,"href":"https:\/\/www.deinadieu.ch\/fr\/wp-json\/wp\/v2\/tags?post=57274"},{"taxonomy":"ratgeber-category","embeddable":true,"href":"https:\/\/www.deinadieu.ch\/fr\/wp-json\/wp\/v2\/ratgeber-category?post=57274"}],"curies":[{"name":"wp","href":"https:\/\/api.w.org\/{rel}","templated":true}]}}