{"id":57255,"date":"2018-09-14T09:54:22","date_gmt":"2018-09-14T07:54:22","guid":{"rendered":"https:\/\/www.deinadieu.ch\/ratgeber\/de-quoi-sont-composees-les-funerailles-et-a-quoi-devraient-ressembler-les-miennes\/"},"modified":"2023-04-28T08:56:30","modified_gmt":"2023-04-28T06:56:30","slug":"de-quoi-sont-composees-les-funerailles-et-a-quoi-devraient-ressembler-les-miennes","status":"publish","type":"ratgeber","link":"https:\/\/www.deinadieu.ch\/fr\/conseiller\/de-quoi-sont-composees-les-funerailles-et-a-quoi-devraient-ressembler-les-miennes\/","title":{"rendered":"Qu&#8217;est-ce qui composent les fun\u00e9railles et \u00e0 quoi devraient ressembler les miennes ?"},"content":{"rendered":"\n<p>Bien qu&#8217;il existe d\u00e9sormais un grand choix de services fun\u00e9raires diff\u00e9rents et individualis\u00e9s, certains \u00e9l\u00e9ments cl\u00e9s caract\u00e9risent les obs\u00e8ques et les distinguent des autres c\u00e9r\u00e9monies ou services fun\u00e8bres. <\/p>\n\n<!--more-->\n\n<p>Le point central des fun\u00e9railles sont les adieux \u00e0 un \u00eatre cher et le transfert de sa d\u00e9pouille vers le lieu de sa derni\u00e8re demeure. Les fun\u00e9railles fournissent un cadre dans lequel les personnes en deuil peuvent consciemment comm\u00e9morer uniquement le d\u00e9funt et \u00eatre reconnaissantes pour le temps pass\u00e9 ensemble.<\/p>\n\n<h2 class=\"wp-block-heading\" id=\"h-was-ist-zwischen-dem-todesfall-und-der-bestattung-zu-beachten\"><b>A quoi faut-il pr\u00eater attention entre le d\u00e9c\u00e8s et les fun\u00e9railles ?<\/b><\/h2>\n\n<p><span style=\"font-weight: 400;\"><strong>Les proches, le personnel soignant ou toute autre personne concern\u00e9e doivent, en r\u00e8gle g\u00e9n\u00e9rale,<\/strong><\/span> <a href=\"https:\/\/www.deinadieu.ch\/ratgeber\/informationspflicht-und-behoerdengang\/\"><strong><span style=\"font-weight: 400;\">informer l&#8217;autorit\u00e9<\/span><\/strong><\/a> <span style=\"font-weight: 400;\"><strong>comp\u00e9tente<\/strong><\/span> <a href=\"https:\/\/www.deinadieu.ch\/fr\/conseiller\/obligation-dannoncer-que-faire-en-cas-de-deces\/\"><strong><span style=\"font-weight: 400;\">dans les deux jours ouvrables suivant le d\u00e9c\u00e8s<\/span><\/strong><\/a><span style=\"font-weight: 400;\"><strong>.<\/strong> D&#8217;un point de vue juridique, un <a href=\"https:\/\/www.deinadieu.ch\/ratgeber\/die-aerztliche-todesbescheinigung\/\">certificat m\u00e9dical de d\u00e9c\u00e8s<\/a> et une pi\u00e8ce d&#8217;identit\u00e9 du d\u00e9funt sont n\u00e9cessaires pour les fun\u00e9railles. Cependant, la l\u00e9gislation en mati\u00e8re de fun\u00e9railles varie en fonction des cantons et des communes. C&#8217;est pourquoi nous vous recommandons, en cas de doute, de vous renseigner aupr\u00e8s de l&#8217;office cantonal\/communal des ensevelissements (\u00e9ventuellement aussi aupr\u00e8s de l&#8217;office de l&#8217;\u00e9tat civil) du domicile du d\u00e9funt. <\/span><\/p>\n\n<p><span style=\"font-weight: 400;\">Vous y trouverez \u00e9galement de l&#8217;<strong>aide pour la planification des obs\u00e8ques<\/strong> (offres pour la mise en bi\u00e8re ou la cr\u00e9mation, tombes, informations sur le lieu et l&#8217;heure). Les offices des ensevelissements s&#8217;efforcent de tenir compte des souhaits des personnes concern\u00e9es, \u00e0 moins que des motifs importants ne s&#8217;y opposent.<\/span><\/p>\n\n<p><span style=\"font-weight: 400;\"><strong>Les fun\u00e9railles peuvent avoir lieu au plus t\u00f4t 48 heures apr\u00e8s le d\u00e9c\u00e8s<\/strong>; en r\u00e8gle g\u00e9n\u00e9rale, elles ont lieu jusqu&#8217;\u00e0 96 heures apr\u00e8s celui-ci. Les personnes ayant une sensibilit\u00e9 spirituelle recommandent de laisser \u00e0 l&#8217;\u00e2me trois jours pour se d\u00e9tacher du corps. <\/span><\/p>\n\n<p><span style=\"font-weight: 400;\">Il est \u00e9galement important d&#8217;informer les autres connaissances du d\u00e9funt de son d\u00e9c\u00e8s. Les faire-part de d\u00e9c\u00e8s envoy\u00e9s par la poste et\/ou publi\u00e9s dans les journaux constituent un moyen <\/span><a href=\"https:\/\/www.deinadieu.ch\/fr\/exemples-davis-de-deces\/\"><span style=\"font-weight: 400;\">de le faire.<\/span><\/a><span style=\"font-weight: 400;\">. Lors de l&#8217;invitation des personnes endeuill\u00e9es, il faut tenir compte des souhaits du d\u00e9funt, mais ce n&#8217;est pas toujours facile : ne pas \u00eatre invit\u00e9 \u00e0 l&#8217;enterrement d&#8217;un proche peut \u00eatre une exp\u00e9rience tr\u00e8s blessante pour les personnes en deuil. Il est ainsi indispensable de trouver, en temps utile et de mani\u00e8re bilat\u00e9rale, une solution ou un compromis qui puisse satisfaire toutes les parties.<\/span><\/p>\n\n<h2 class=\"wp-block-heading\" id=\"h-die-verbringung-der-sterblichen-uberreste\"><b>Le transfert de la d\u00e9pouille<\/b><\/h2>\n\n<p><span style=\"font-weight: 400;\">Alors que la structuration et l&#8217;organisation de l&#8217;enterrement sont en grande partie entre les mains de la personne concern\u00e9e et de ses proches, la c\u00e9r\u00e9monie se concentre g\u00e9n\u00e9ralement sur le corps ou les cendres du d\u00e9funt. Apr\u00e8s la <strong>mise en bi\u00e8re<\/strong> ou la cr\u00e9mation, la d\u00e9pouille ou les cendres sont conserv\u00e9es dans un r\u00e9cipient appropri\u00e9. Il est possible que les personnes concern\u00e9es y aient d\u00e9j\u00e0 r\u00e9fl\u00e9chi ou se soient occup\u00e9es de l&#8217;achat. Les offices des ensevelissements mettent souvent gratuitement \u00e0 disposition des cercueils ou des urnes standards. Des mod\u00e8les plus finement travaill\u00e9s peuvent \u00eatre choisis et achet\u00e9s aupr\u00e8s des <a href=\"https:\/\/www.deinadieu.ch\/fr\/repertoire-des-prestataires-de-services\/\">pompes fun\u00e8bres<\/a>. Les pi\u00e8ces confectionn\u00e9es individuellement n\u00e9cessitent une commande pr\u00e9alable en temps utile et une consultation avec le fabricant, ce qui peut poser des probl\u00e8mes en cas de d\u00e9c\u00e8s inattendu.<\/span><\/p>\n\n<p><span style=\"font-weight: 400;\">Une c\u00e9r\u00e9monie de comm\u00e9moration sans enterrement (inhumation) ou sans mise en terre (d\u00e9p\u00f4t d&#8217;urne) peut \u00eatre organis\u00e9e sous la forme d&#8217;une messe fun\u00e8bre ou d&#8217;une veill\u00e9e fun\u00e8bre.<\/span><\/p>\n\n        <div class=\"relative shadow-lg -mx-12 mb-4 overflow-hidden\" style=\"background-image: url('https:\/\/www.deinadieu.ch\/wp-content\/themes\/da-v4\/assets\/v4\/banner\/dienstleister.jpg'); background-size: cover; background-position: center\">\n            <div class=\"banner-white-box md:w-3\/5 text-black -ml-16 pl-16\" style=\"background-color: rgba(255,255,255,0.75)\">\n                <div class=\"inner\">\n                    <div class=\"text-2xl p-12\">Cherchez-vous des <strong>prestataires de services<\/strong> ? DeinAdieu.ch propose un r\u00e9pertoire complet !<\/div>\n                    <div class=\"px-12 md:mr-16\">\n                        <div class=\"hidden\">Choisir la commune<\/div>\n                        <a href=\"\/dienstleisterverzeichnis\/\" class=\"btn btn-da btn-small btn-block\">vers le r\u00e9pertoire<\/a>\n                    <\/div>\n                    <div class=\"px-12 py-8\">\n                        <img decoding=\"async\" src=\"https:\/\/www.deinadieu.ch\/wp-content\/themes\/da-v4\/assets\/v4\/deinadieu_logo_dark.svg\" class=\"h-12\">\n                    <\/div>\n                <\/div>\n            <\/div>\n        <\/div>\n        \n\n<h2 class=\"wp-block-heading\" id=\"h-die-traditionelle-bestattung\"><b>Les fun\u00e9railles traditionnelles<\/b><\/h2>\n\n<p><span style=\"font-weight: 400;\">En Suisse, la <strong>cr\u00e9mation<\/strong> est largement r\u00e9pandue de nos jours.<\/span><span style=\"font-weight: 400;\">Par ailleurs, l&#8217;<strong>inhumation<\/strong>, qui a des origines religieuses, a une longue et consid\u00e9rable tradition dans la paroisse. Le corps du d\u00e9funt est d&#8217;abord lav\u00e9, puis oint et d\u00e9pos\u00e9 dans une chapelle ou un lieu similaire au cimeti\u00e8re, jusqu&#8217;\u00e0 ce que les <a href=\"https:\/\/www.deinadieu.ch\/bestattungsplaner\/\">fun\u00e9railles<\/a> aient lieu quelques jours apr\u00e8s le d\u00e9c\u00e8s. Le cercueil est, au choix, <\/span><a href=\"https:\/\/www.deinadieu.ch\/blumen-machen-die-trauer-ertraeglicher\/\"><span style=\"font-weight: 400;\">d\u00e9cor\u00e9 de fleurs et de couronnes<\/span><\/a><span style=\"font-weight: 400;\"> et laiss\u00e9 ouvert pour les personnes en deuil (veill\u00e9e fun\u00e8bre). En cas d&#8217;incin\u00e9ration \u00e9galement, un cercueil est \u00e9galement n\u00e9cessaire pour le transfert au cr\u00e9matorium ou est mis \u00e0 disposition par l&#8217;office des ensevelissements. <\/span><\/p>\n\n<p><span style=\"font-weight: 400;\">Lors de l&#8217;<strong>inhumation<\/strong> proprement dite, apr\u00e8s la c\u00e9r\u00e9monie d&#8217;adieu, les proches portent le cercueil ferm\u00e9, respectivement l&#8217;urne, du fun\u00e9rarium \u00e0 la tombe ouverte, respectivement \u00e0 la niche pour urne fun\u00e9raire<\/span>. <span style=\"font-weight: 400;\">La procession peut<\/span> \u00eatre <a href=\"https:\/\/www.deinadieu.ch\/musik-an-einer-beerdigung-trompete-und-orgel-ergaenzen-sich\/\"><span style=\"font-weight: 400;\">accompagn\u00e9e<\/span><\/a> <a href=\"https:\/\/www.deinadieu.ch\/alexander-seidel-musik-schafft-platz-fuer-trauer-und-traenen\/\"><span style=\"font-weight: 400;\">musicalement<\/span><\/a><span style=\"font-weight: 400;\"> . Avant que le cercueil ne soit descendu ou que l&#8217;urne ne soit enterr\u00e9e, un <a href=\"https:\/\/www.deinadieu.ch\/fr\/repertoire-des-prestataires-de-services\/\">orateur<\/a> choisi peut \u00e9voquer une derni\u00e8re fois le souvenir du d\u00e9funt et permettre aux personnes en deuil de lui faire ses adieux. Apr\u00e8s l&#8217;enterrement, les invit\u00e9s peuvent encore se rendre dans un restaurant pour un repas de deuil.<\/span><\/p>\n\n<h2 class=\"wp-block-heading\" id=\"h-was-spricht-fur-einen-traditionellen-ablauf-was-fur-variation\"><b>Pourquoi opter pour un d\u00e9roulement traditionnel et pourquoi opter pour une variante ?<\/b><\/h2>\n\n<p><span style=\"font-weight: 400;\">La <strong>planification des fun\u00e9railles<\/strong> est un sujet complexe dans le cadre duquel il convient de tenir compte de nombreux facteurs. Les \u00e9l\u00e9ments de fun\u00e9railles classiques cit\u00e9s ci-dessus sont \u2013 malheureusement \u2013 \u00e9galement co\u00fbteux : <strong>en fonction de sa conception, un <a href=\"https:\/\/www.deinadieu.ch\/bestattungsplaner\/\">enterrement<\/a> traditionnel peut co\u00fbter plus de CHF 10&#8217;000.-<\/strong>. Outre les d\u00e9penses \u00e9videntes pour les ornements, <a href=\"https:\/\/www.deinadieu.ch\/fr\/repertoire-des-prestataires-de-services\/\">l&#8217;accompagnement musical<\/a>, <strong>le repas de fun\u00e9railles<\/strong>, etc., des frais inattendus peuvent s&#8217;ajouter, tels que des frais pour la <strong>location<\/strong> de la chapelle ou du fun\u00e9rarium, ainsi que, dans certaines circonstances, des taxes \u00e0 la paroisse. Il ne faut pas non plus n\u00e9gliger les <strong>frais continus d&#8217;entretien de la tombe<\/strong>. L&#8217;id\u00e9al est ainsi d&#8217;\u00e9tablir \u00e0 l&#8217;avance un budget dans lequel les d\u00e9penses pr\u00e9vues sont estim\u00e9es de mani\u00e8re prudente et r\u00e9aliste afin d&#8217;\u00e9viter les mauvaises surprises. Cependant, de nombreuses personnes renoncent \u00e0 organiser des fun\u00e9railles opulentes, non seulement pour des raisons de co\u00fbts, mais aussi par souci de modestie. <strong>Une c\u00e9r\u00e9monie fun\u00e9raire plus simple<\/strong> peut laisser davantage de place \u00e0 la concentration sur le d\u00e9funt et \u00e0 la relation avec lui. Si l&#8217;on n&#8217;a pas besoin de s&#8217;en tenir \u00e0 un cadre traditionnel sp\u00e9cifique, cela peut laisser au final davantage de libert\u00e9 de conception. <\/span><\/p>\n\n<h2 class=\"wp-block-heading\" id=\"h-soll-im-anschluss-an-meine-bestattung-ein-leidmahl-abgehalten-werden\"><b>Un repas de fun\u00e9railles doit-il \u00eatre organis\u00e9 \u00e0 l&#8217;issue de mes obs\u00e8ques ? <\/b><\/h2>\n\n<p><span style=\"font-weight: 400;\">Selon le conseiller de DeinAdieu<\/span> <a href=\"https:\/\/www.deinadieu.ch\/mediarelease\/jean-louis-parel\/\"><span style=\"font-weight: 400;\">Jean-Louis Parel,<\/span><\/a> un repas de fun\u00e9railles<span style=\"font-weight: 400;\"> permet \u00e0 la communaut\u00e9 de se ressourcer apr\u00e8s la c\u00e9r\u00e9monie fun\u00e9raire et de comm\u00e9morer le d\u00e9funt de mani\u00e8re positive. Le repas de fun\u00e9railles et l&#8217;ap\u00e9ritif final peuvent \u00eatre aussi importants que les fun\u00e9railles elles-m\u00eames et le d\u00e9roulement des diff\u00e9rentes \u00e9tapes : <\/span><\/p>\n\n<p><span style=\"font-weight: 400;\">En r\u00e8gle g\u00e9n\u00e9rale, les personnes en deuil se rendent d&#8217;abord sur la tombe pour y inhumer la personne d\u00e9c\u00e9d\u00e9e. Pour surmonter ce moment douloureux et charg\u00e9 d&#8217;\u00e9motions, elles se rendent ensuite g\u00e9n\u00e9ralement dans une chapelle pour la c\u00e9r\u00e9monie fun\u00e9raire. Le pasteur prononce son hom\u00e9lie et donne sa b\u00e9n\u00e9diction pour donner aux proches la force d&#8217;affronter l&#8217;avenir. Lors de l&#8217;ap\u00e9ritif ou du repas de fun\u00e9railles, la communaut\u00e9 reprend vie, les personnes en deuil osent \u00e0 nouveau envisager un avenir plus lumineux, \u00e9changer des anecdotes et partager de bons souvenirs du d\u00e9funt.<\/span><\/p>\n\n        <div class=\"da-servicebox relative bg-gray-200 p-4 pt-8 border-solid border-t-8 border-da-dark mb-6\">\n            <i class=\"fas fa-info-circle mx-auto fa-7x text-da-dark\"><\/i>\n            <span style=\"hyphens: auto\">\n                Avant les fun\u00e9railles, le d\u00e9c\u00e8s doit \u00eatre <a href=\"https:\/\/www.deinadieu.ch\/ratgeber\/informationspflicht-und-behoerdengang\/\">annonc\u00e9 \u00e0 l&#8217;autorit\u00e9 comp\u00e9tente<\/a> dans les meilleurs d\u00e9lais ; celle-ci vous fournira les documents n\u00e9cessaires ainsi que d&#8217;autres informations juridiques et pratiques. Pour que tout se passe bien, il est important de budg\u00e9tiser et de planifier les obs\u00e8ques \u00e0 temps et d&#8217;inviter les personnes endeuill\u00e9es. Pendant les <a href=\"https:\/\/www.deinadieu.ch\/bestattungsplaner\/\">fun\u00e9railles<\/a> elles-m\u00eames, qui peuvent \u00eatre plus ou moins traditionnelles en fonction de diff\u00e9rents \u00e9l\u00e9ments (fleurs, couronnes, musique, discours, messe, etc.), le d\u00e9funt est enterr\u00e9. Outre le transfert, d&#8217;autres rites religieux et la\u00efcs peuvent \u00eatre organis\u00e9s pour la comm\u00e9moration (messe ou repas de deuil).<\/p>\n<p>\n                \n                \n            <\/span>\n        <\/div>\n        \n\n<div style=\"height:40px\" aria-hidden=\"true\" class=\"wp-block-spacer\"><\/div>\n\n<div class=\"wp-block-buttons is-layout-flex wp-block-buttons-is-layout-flex\">\n<div class=\"wp-block-button\"><a class=\"wp-block-button__link wp-element-button\" href=\"https:\/\/app.deinadieu.ch\/testament\">\u00c9tablir un testament en ligne<\/a><\/div>\n<\/div>\n","protected":false},"excerpt":{"rendered":"<p>Bien qu&#8217;il existe d\u00e9sormais un grand choix de services fun\u00e9raires diff\u00e9rents et individualis\u00e9s, certains \u00e9l\u00e9ments cl\u00e9s caract\u00e9risent les obs\u00e8ques et les distinguent des autres c\u00e9r\u00e9monies ou services fun\u00e8bres.<\/p>\n","protected":false},"author":2398,"featured_media":45540,"menu_order":0,"comment_status":"open","ping_status":"closed","template":"","tags":[3337,3342,2059,2422,3229,2421,3519,2825,3340,2828],"ratgeber-category":[2104],"class_list":["post-57255","ratgeber","type-ratgeber","status-publish","has-post-thumbnail","hentry","tag-adieux","tag-cremation","tag-deces","tag-enterrement","tag-faire-part-de-deces","tag-inhumation","tag-modes-denterrement","tag-office-des-cimetieres-et-des-ensevelissements","tag-orateur-funebre","tag-tombe","ratgeber-category-funerailles"],"acf":[],"yoast_head":"<title>Fun\u00e9railles en Suisse : d\u00e9roulement, moment et planification | DeinAdieu<\/title>\n<meta name=\"description\" content=\"Comment se d\u00e9roulent les fun\u00e9railles ? \u00c0 quoi ressemblent les diff\u00e9rents types de fun\u00e9railles ? Combien de temps apr\u00e8s le d\u00e9c\u00e8s l&#039;enterrement a-t-il lieu ? Apprenez-en davantage ici.\" \/>\n<meta name=\"robots\" content=\"index, follow, max-snippet:-1, max-image-preview:large, max-video-preview:-1\" \/>\n<link rel=\"canonical\" href=\"https:\/\/www.deinadieu.ch\/fr\/conseiller\/de-quoi-sont-composees-les-funerailles-et-a-quoi-devraient-ressembler-les-miennes\/\" \/>\n<meta property=\"og:locale\" content=\"fr_FR\" \/>\n<meta property=\"og:type\" content=\"article\" \/>\n<meta property=\"og:title\" content=\"Qu&#039;est-ce qui composent les fun\u00e9railles et \u00e0 quoi devraient ressembler les miennes ?\" \/>\n<meta property=\"og:description\" content=\"Bien qu&#039;il existe d\u00e9sormais un grand choix de services fun\u00e9raires diff\u00e9rents et individualis\u00e9s, certains \u00e9l\u00e9ments cl\u00e9s caract\u00e9risent les obs\u00e8ques et les\" \/>\n<meta property=\"og:url\" content=\"https:\/\/www.deinadieu.ch\/fr\/conseiller\/de-quoi-sont-composees-les-funerailles-et-a-quoi-devraient-ressembler-les-miennes\/\" \/>\n<meta property=\"og:site_name\" content=\"DeinAdieu.ch\" \/>\n<meta property=\"article:publisher\" content=\"https:\/\/www.facebook.com\/deinadieu\" \/>\n<meta property=\"article:modified_time\" content=\"2023-04-28T06:56:30+00:00\" \/>\n<meta property=\"og:image\" content=\"https:\/\/static.deinadieu.ch\/uploads\/2020\/02\/Elemente_der_Bestattung_1006574258.jpg\" \/>\n\t<meta property=\"og:image:width\" content=\"1253\" \/>\n\t<meta property=\"og:image:height\" content=\"836\" \/>\n\t<meta property=\"og:image:type\" content=\"image\/jpeg\" \/>\n<meta name=\"twitter:card\" content=\"summary_large_image\" \/>\n<meta name=\"twitter:site\" content=\"@DeinAdieu\" \/>\n<meta name=\"twitter:label1\" content=\"Est. reading time\" \/>\n\t<meta name=\"twitter:data1\" content=\"7 minutes\" \/>\n<script type=\"application\/ld+json\" class=\"yoast-schema-graph\">{\"@context\":\"https:\\\/\\\/schema.org\",\"@graph\":[{\"@type\":\"WebPage\",\"@id\":\"https:\\\/\\\/www.deinadieu.ch\\\/fr\\\/conseiller\\\/de-quoi-sont-composees-les-funerailles-et-a-quoi-devraient-ressembler-les-miennes\\\/\",\"url\":\"https:\\\/\\\/www.deinadieu.ch\\\/fr\\\/conseiller\\\/de-quoi-sont-composees-les-funerailles-et-a-quoi-devraient-ressembler-les-miennes\\\/\",\"name\":\"Fun\u00e9railles en Suisse : d\u00e9roulement, moment et planification | DeinAdieu\",\"isPartOf\":{\"@id\":\"https:\\\/\\\/www.deinadieu.ch\\\/fr\\\/#website\"},\"primaryImageOfPage\":{\"@id\":\"https:\\\/\\\/www.deinadieu.ch\\\/fr\\\/conseiller\\\/de-quoi-sont-composees-les-funerailles-et-a-quoi-devraient-ressembler-les-miennes\\\/#primaryimage\"},\"image\":{\"@id\":\"https:\\\/\\\/www.deinadieu.ch\\\/fr\\\/conseiller\\\/de-quoi-sont-composees-les-funerailles-et-a-quoi-devraient-ressembler-les-miennes\\\/#primaryimage\"},\"thumbnailUrl\":\"https:\\\/\\\/www.deinadieu.ch\\\/wp-content\\\/uploads\\\/2020\\\/02\\\/Elemente_der_Bestattung_1006574258.jpg\",\"datePublished\":\"2018-09-14T07:54:22+00:00\",\"dateModified\":\"2023-04-28T06:56:30+00:00\",\"description\":\"Comment se d\u00e9roulent les fun\u00e9railles ? \u00c0 quoi ressemblent les diff\u00e9rents types de fun\u00e9railles ? Combien de temps apr\u00e8s le d\u00e9c\u00e8s l'enterrement a-t-il lieu ? Apprenez-en davantage ici.\",\"breadcrumb\":{\"@id\":\"https:\\\/\\\/www.deinadieu.ch\\\/fr\\\/conseiller\\\/de-quoi-sont-composees-les-funerailles-et-a-quoi-devraient-ressembler-les-miennes\\\/#breadcrumb\"},\"inLanguage\":\"fr-FR\",\"potentialAction\":[{\"@type\":\"ReadAction\",\"target\":[\"https:\\\/\\\/www.deinadieu.ch\\\/fr\\\/conseiller\\\/de-quoi-sont-composees-les-funerailles-et-a-quoi-devraient-ressembler-les-miennes\\\/\"]}]},{\"@type\":\"ImageObject\",\"inLanguage\":\"fr-FR\",\"@id\":\"https:\\\/\\\/www.deinadieu.ch\\\/fr\\\/conseiller\\\/de-quoi-sont-composees-les-funerailles-et-a-quoi-devraient-ressembler-les-miennes\\\/#primaryimage\",\"url\":\"https:\\\/\\\/www.deinadieu.ch\\\/wp-content\\\/uploads\\\/2020\\\/02\\\/Elemente_der_Bestattung_1006574258.jpg\",\"contentUrl\":\"https:\\\/\\\/www.deinadieu.ch\\\/wp-content\\\/uploads\\\/2020\\\/02\\\/Elemente_der_Bestattung_1006574258.jpg\",\"width\":1253,\"height\":836,\"caption\":\"\u00c9l\u00e9ments des fun\u00e9railles (Image : iStock)\"},{\"@type\":\"BreadcrumbList\",\"@id\":\"https:\\\/\\\/www.deinadieu.ch\\\/fr\\\/conseiller\\\/de-quoi-sont-composees-les-funerailles-et-a-quoi-devraient-ressembler-les-miennes\\\/#breadcrumb\",\"itemListElement\":[{\"@type\":\"ListItem\",\"position\":1,\"name\":\"Home\",\"item\":\"https:\\\/\\\/www.deinadieu.ch\\\/fr\\\/deinadieu-dialog-und-serviceportal-zum-lebensende\\\/\"},{\"@type\":\"ListItem\",\"position\":2,\"name\":\"Ratgeber\",\"item\":\"https:\\\/\\\/www.deinadieu.ch\\\/fr\\\/conseiller\\\/\"},{\"@type\":\"ListItem\",\"position\":3,\"name\":\"Qu&#8217;est-ce qui composent les fun\u00e9railles et \u00e0 quoi devraient ressembler les miennes ?\"}]},{\"@type\":\"WebSite\",\"@id\":\"https:\\\/\\\/www.deinadieu.ch\\\/fr\\\/#website\",\"url\":\"https:\\\/\\\/www.deinadieu.ch\\\/fr\\\/\",\"name\":\"DeinAdieu.ch\",\"description\":\"Testament, Patientenverf\u00fcgung und Vorsorgeauftrag\",\"publisher\":{\"@id\":\"https:\\\/\\\/www.deinadieu.ch\\\/fr\\\/#organization\"},\"potentialAction\":[{\"@type\":\"SearchAction\",\"target\":{\"@type\":\"EntryPoint\",\"urlTemplate\":\"https:\\\/\\\/www.deinadieu.ch\\\/fr\\\/?s={search_term_string}\"},\"query-input\":{\"@type\":\"PropertyValueSpecification\",\"valueRequired\":true,\"valueName\":\"search_term_string\"}}],\"inLanguage\":\"fr-FR\"},{\"@type\":\"Organization\",\"@id\":\"https:\\\/\\\/www.deinadieu.ch\\\/fr\\\/#organization\",\"name\":\"EMNA Web GmbH\",\"url\":\"https:\\\/\\\/www.deinadieu.ch\\\/fr\\\/\",\"logo\":{\"@type\":\"ImageObject\",\"inLanguage\":\"fr-FR\",\"@id\":\"https:\\\/\\\/www.deinadieu.ch\\\/fr\\\/#\\\/schema\\\/logo\\\/image\\\/\",\"url\":\"https:\\\/\\\/www.deinadieu.ch\\\/wp-content\\\/uploads\\\/2016\\\/01\\\/DeinAdieu_Logo.png\",\"contentUrl\":\"https:\\\/\\\/www.deinadieu.ch\\\/wp-content\\\/uploads\\\/2016\\\/01\\\/DeinAdieu_Logo.png\",\"width\":300,\"height\":117,\"caption\":\"EMNA Web GmbH\"},\"image\":{\"@id\":\"https:\\\/\\\/www.deinadieu.ch\\\/fr\\\/#\\\/schema\\\/logo\\\/image\\\/\"},\"sameAs\":[\"https:\\\/\\\/www.facebook.com\\\/deinadieu\",\"https:\\\/\\\/x.com\\\/DeinAdieu\",\"https:\\\/\\\/www.instagram.com\\\/deinadieu\\\/\",\"https:\\\/\\\/www.linkedin.com\\\/company\\\/deinadieu.ch\"]}]}<\/script>","yoast_head_json":{"title":"Fun\u00e9railles en Suisse : d\u00e9roulement, moment et planification | DeinAdieu","description":"Comment se d\u00e9roulent les fun\u00e9railles ? \u00c0 quoi ressemblent les diff\u00e9rents types de fun\u00e9railles ? Combien de temps apr\u00e8s le d\u00e9c\u00e8s l'enterrement a-t-il lieu ? Apprenez-en davantage ici.","robots":{"index":"index","follow":"follow","max-snippet":"max-snippet:-1","max-image-preview":"max-image-preview:large","max-video-preview":"max-video-preview:-1"},"canonical":"https:\/\/www.deinadieu.ch\/fr\/conseiller\/de-quoi-sont-composees-les-funerailles-et-a-quoi-devraient-ressembler-les-miennes\/","og_locale":"fr_FR","og_type":"article","og_title":"Qu'est-ce qui composent les fun\u00e9railles et \u00e0 quoi devraient ressembler les miennes ?","og_description":"Bien qu'il existe d\u00e9sormais un grand choix de services fun\u00e9raires diff\u00e9rents et individualis\u00e9s, certains \u00e9l\u00e9ments cl\u00e9s caract\u00e9risent les obs\u00e8ques et les","og_url":"https:\/\/www.deinadieu.ch\/fr\/conseiller\/de-quoi-sont-composees-les-funerailles-et-a-quoi-devraient-ressembler-les-miennes\/","og_site_name":"DeinAdieu.ch","article_publisher":"https:\/\/www.facebook.com\/deinadieu","article_modified_time":"2023-04-28T06:56:30+00:00","og_image":[{"width":1253,"height":836,"url":"https:\/\/static.deinadieu.ch\/uploads\/2020\/02\/Elemente_der_Bestattung_1006574258.jpg","type":"image\/jpeg"}],"twitter_card":"summary_large_image","twitter_site":"@DeinAdieu","twitter_misc":{"Est. reading time":"7 minutes"},"schema":{"@context":"https:\/\/schema.org","@graph":[{"@type":"WebPage","@id":"https:\/\/www.deinadieu.ch\/fr\/conseiller\/de-quoi-sont-composees-les-funerailles-et-a-quoi-devraient-ressembler-les-miennes\/","url":"https:\/\/www.deinadieu.ch\/fr\/conseiller\/de-quoi-sont-composees-les-funerailles-et-a-quoi-devraient-ressembler-les-miennes\/","name":"Fun\u00e9railles en Suisse : d\u00e9roulement, moment et planification | DeinAdieu","isPartOf":{"@id":"https:\/\/www.deinadieu.ch\/fr\/#website"},"primaryImageOfPage":{"@id":"https:\/\/www.deinadieu.ch\/fr\/conseiller\/de-quoi-sont-composees-les-funerailles-et-a-quoi-devraient-ressembler-les-miennes\/#primaryimage"},"image":{"@id":"https:\/\/www.deinadieu.ch\/fr\/conseiller\/de-quoi-sont-composees-les-funerailles-et-a-quoi-devraient-ressembler-les-miennes\/#primaryimage"},"thumbnailUrl":"https:\/\/www.deinadieu.ch\/wp-content\/uploads\/2020\/02\/Elemente_der_Bestattung_1006574258.jpg","datePublished":"2018-09-14T07:54:22+00:00","dateModified":"2023-04-28T06:56:30+00:00","description":"Comment se d\u00e9roulent les fun\u00e9railles ? \u00c0 quoi ressemblent les diff\u00e9rents types de fun\u00e9railles ? Combien de temps apr\u00e8s le d\u00e9c\u00e8s l'enterrement a-t-il lieu ? Apprenez-en davantage ici.","breadcrumb":{"@id":"https:\/\/www.deinadieu.ch\/fr\/conseiller\/de-quoi-sont-composees-les-funerailles-et-a-quoi-devraient-ressembler-les-miennes\/#breadcrumb"},"inLanguage":"fr-FR","potentialAction":[{"@type":"ReadAction","target":["https:\/\/www.deinadieu.ch\/fr\/conseiller\/de-quoi-sont-composees-les-funerailles-et-a-quoi-devraient-ressembler-les-miennes\/"]}]},{"@type":"ImageObject","inLanguage":"fr-FR","@id":"https:\/\/www.deinadieu.ch\/fr\/conseiller\/de-quoi-sont-composees-les-funerailles-et-a-quoi-devraient-ressembler-les-miennes\/#primaryimage","url":"https:\/\/www.deinadieu.ch\/wp-content\/uploads\/2020\/02\/Elemente_der_Bestattung_1006574258.jpg","contentUrl":"https:\/\/www.deinadieu.ch\/wp-content\/uploads\/2020\/02\/Elemente_der_Bestattung_1006574258.jpg","width":1253,"height":836,"caption":"\u00c9l\u00e9ments des fun\u00e9railles (Image : iStock)"},{"@type":"BreadcrumbList","@id":"https:\/\/www.deinadieu.ch\/fr\/conseiller\/de-quoi-sont-composees-les-funerailles-et-a-quoi-devraient-ressembler-les-miennes\/#breadcrumb","itemListElement":[{"@type":"ListItem","position":1,"name":"Home","item":"https:\/\/www.deinadieu.ch\/fr\/deinadieu-dialog-und-serviceportal-zum-lebensende\/"},{"@type":"ListItem","position":2,"name":"Ratgeber","item":"https:\/\/www.deinadieu.ch\/fr\/conseiller\/"},{"@type":"ListItem","position":3,"name":"Qu&#8217;est-ce qui composent les fun\u00e9railles et \u00e0 quoi devraient ressembler les miennes ?"}]},{"@type":"WebSite","@id":"https:\/\/www.deinadieu.ch\/fr\/#website","url":"https:\/\/www.deinadieu.ch\/fr\/","name":"DeinAdieu.ch","description":"Testament, Patientenverf\u00fcgung und Vorsorgeauftrag","publisher":{"@id":"https:\/\/www.deinadieu.ch\/fr\/#organization"},"potentialAction":[{"@type":"SearchAction","target":{"@type":"EntryPoint","urlTemplate":"https:\/\/www.deinadieu.ch\/fr\/?s={search_term_string}"},"query-input":{"@type":"PropertyValueSpecification","valueRequired":true,"valueName":"search_term_string"}}],"inLanguage":"fr-FR"},{"@type":"Organization","@id":"https:\/\/www.deinadieu.ch\/fr\/#organization","name":"EMNA Web GmbH","url":"https:\/\/www.deinadieu.ch\/fr\/","logo":{"@type":"ImageObject","inLanguage":"fr-FR","@id":"https:\/\/www.deinadieu.ch\/fr\/#\/schema\/logo\/image\/","url":"https:\/\/www.deinadieu.ch\/wp-content\/uploads\/2016\/01\/DeinAdieu_Logo.png","contentUrl":"https:\/\/www.deinadieu.ch\/wp-content\/uploads\/2016\/01\/DeinAdieu_Logo.png","width":300,"height":117,"caption":"EMNA Web GmbH"},"image":{"@id":"https:\/\/www.deinadieu.ch\/fr\/#\/schema\/logo\/image\/"},"sameAs":["https:\/\/www.facebook.com\/deinadieu","https:\/\/x.com\/DeinAdieu","https:\/\/www.instagram.com\/deinadieu\/","https:\/\/www.linkedin.com\/company\/deinadieu.ch"]}]}},"_links":{"self":[{"href":"https:\/\/www.deinadieu.ch\/fr\/wp-json\/wp\/v2\/ratgeber\/57255","targetHints":{"allow":["GET"]}}],"collection":[{"href":"https:\/\/www.deinadieu.ch\/fr\/wp-json\/wp\/v2\/ratgeber"}],"about":[{"href":"https:\/\/www.deinadieu.ch\/fr\/wp-json\/wp\/v2\/types\/ratgeber"}],"author":[{"embeddable":true,"href":"https:\/\/www.deinadieu.ch\/fr\/wp-json\/wp\/v2\/users\/2398"}],"replies":[{"embeddable":true,"href":"https:\/\/www.deinadieu.ch\/fr\/wp-json\/wp\/v2\/comments?post=57255"}],"version-history":[{"count":3,"href":"https:\/\/www.deinadieu.ch\/fr\/wp-json\/wp\/v2\/ratgeber\/57255\/revisions"}],"predecessor-version":[{"id":63262,"href":"https:\/\/www.deinadieu.ch\/fr\/wp-json\/wp\/v2\/ratgeber\/57255\/revisions\/63262"}],"wp:featuredmedia":[{"embeddable":true,"href":"https:\/\/www.deinadieu.ch\/fr\/wp-json\/wp\/v2\/media\/45540"}],"wp:attachment":[{"href":"https:\/\/www.deinadieu.ch\/fr\/wp-json\/wp\/v2\/media?parent=57255"}],"wp:term":[{"taxonomy":"post_tag","embeddable":true,"href":"https:\/\/www.deinadieu.ch\/fr\/wp-json\/wp\/v2\/tags?post=57255"},{"taxonomy":"ratgeber-category","embeddable":true,"href":"https:\/\/www.deinadieu.ch\/fr\/wp-json\/wp\/v2\/ratgeber-category?post=57255"}],"curies":[{"name":"wp","href":"https:\/\/api.w.org\/{rel}","templated":true}]}}