{"id":56806,"date":"2020-06-30T09:06:35","date_gmt":"2020-06-30T07:06:35","guid":{"rendered":"https:\/\/www.deinadieu.ch\/ratgeber\/les-veuves-et-les-veufs-recoivent-moins-de-rentes\/"},"modified":"2024-08-20T14:52:36","modified_gmt":"2024-08-20T12:52:36","slug":"les-veuves-et-les-veufs-recoivent-moins-de-rentes","status":"publish","type":"ratgeber","link":"https:\/\/www.deinadieu.ch\/fr\/conseiller\/les-veuves-et-les-veufs-recoivent-moins-de-rentes\/","title":{"rendered":"Les veuves et les veufs re\u00e7oivent moins de rentes"},"content":{"rendered":"\n<p>Outre la rente de vieillesse, il existe d&#8217;autres cat\u00e9gories, comme la rente d&#8217;invalidit\u00e9, la rente de veuf, de veuve ou d&#8217;orphelin ou la rente viag\u00e8re. En fonction du type de rente, vous pouvez faire valoir des droits \u00e0 diff\u00e9rents moments. Cependant, une planification minutieuse est indispensable.<\/p>\n\n<!--more-->\n\n<h2 class=\"wp-block-heading\" id=\"h-die-renten-zu-lebzeiten-und-ihre-finanzierung\">Les rentes de son vivant et leur financement<\/h2>\n\n<p>Les rentes sont des versements p\u00e9riodiques qui permettent d&#8217;obtenir un revenu r\u00e9gulier sans travailler. La plupart des Suissesses et des Suisses per\u00e7oivent une rente de vieillesse apr\u00e8s leur d\u00e9part \u00e0 la retraite. Les rentes du syst\u00e8me de pr\u00e9voyance suisse sont financ\u00e9es par les cotisations de la population active. Toute personne qui per\u00e7oit un certain revenu minimal dans le cadre de son activit\u00e9 lucrative est tenue d&#8217;en verser une partie \u00e0 la <a href=\"https:\/\/www.deinadieu.ch\/ratgeber\/was-wird-aus-meinen-obligatorischen-vorsorgeguthaben\/\" target=\"_blank\" rel=\"noopener\">pr\u00e9voyance obligatoire<\/a> du premier pilier (AVS\/AI) et du <a href=\"https:\/\/www.deinadieu.ch\/ratgeber\/pensionskasse-im-todesfall\/\" target=\"_blank\" rel=\"noopener\">deuxi\u00e8me pilier (pr\u00e9voyance professionnelle)<\/a>.<\/p>\n\n<h3 class=\"wp-block-heading\" id=\"h-wie-berechnet-sich-die-ahv-iv-rente\">Comment la rente AVS\/AI est-elle calcul\u00e9e ?<\/h3>\n\n<p>Les rentes AVS\/AI sont vers\u00e9es directement aux personnes qui sont \u00e0 la retraite sous la forme d&#8217;une r\u00e9partition des cotisations des actifs. En r\u00e8gle g\u00e9n\u00e9rale, l&#8217;employeur et l&#8217;employ\u00e9 versent chacun 4,2 % du salaire comme cotisation AVS\/AI, soit 8,4 % au total. Pour les revenus d&#8217;une activit\u00e9 ind\u00e9pendante, le pourcentage est l\u00e9g\u00e8rement inf\u00e9rieur. La cotisation minimale par personne et par an est de CHF 395.- (tous les chiffres sont ceux de 2019). Le droit \u00e0 une rente AVS\/AI existe pour toutes les personnes auxquelles des cotisations ou des bonifications pour t\u00e2ches \u00e9ducatives ou d&#8217;assistance peuvent \u00eatre attribu\u00e9es pendant au moins une ann\u00e9e. Si une personne remplit la dur\u00e9e de cotisation compl\u00e8te, elle re\u00e7oit une rente compl\u00e8te. S&#8217;il manque des ann\u00e9es de cotisation, une d\u00e9duction est op\u00e9r\u00e9e, de sorte que seule une rente partielle est vers\u00e9e.<\/p>\n\n<h3 class=\"wp-block-heading\" id=\"h-wann-hat-man-anspruch-auf-das-altersguthaben-der-beruflichen-vorsorge\">Quand a-t-on droit \u00e0 l&#8217;avoir de vieillesse de la pr\u00e9voyance professionnelle ?<\/h3>\n\n<p>Dans le cadre de la <a href=\"https:\/\/www.deinadieu.ch\/ratgeber\/pensionskasse-im-todesfall\/\" target=\"_blank\" rel=\"noreferrer noopener\">pr\u00e9voyance professionnelle<\/a>, vous \u00e9pargnez pendant votre activit\u00e9 professionnelle votre propre avoir de vieillesse (\u00e9galement appel\u00e9 capital-vieillesse) aupr\u00e8s des caisses de pension de vos employeurs respectifs. Lorsque vous quittez l&#8217;entreprise, vous pouvez \u00ab emporter \u00bb cet avoir de vieillesse en tant qu&#8217;avoir de libre passage ou, dans certaines circonstances bien pr\u00e9cises, le retirer de mani\u00e8re anticip\u00e9e. En r\u00e8gle g\u00e9n\u00e9rale, l&#8217;avoir portant int\u00e9r\u00eat (taux d&#8217;int\u00e9r\u00eat minimal : 1%) est vers\u00e9 sous forme de rente de vieillesse d\u00e8s l&#8217;\u00e2ge ordinaire de la retraite (64 ans pour les femmes, 65 ans pour les hommes), conform\u00e9ment au taux de conversion l\u00e9gal (6,8%). Cela signifie qu&#8217;\u00e0 partir du moment o\u00f9 le droit \u00e0 la rente na\u00eet. vous recevez chaque ann\u00e9e 6,8% du capital-vieillesse accumul\u00e9 et bonifi\u00e9 des int\u00e9r\u00eats et des int\u00e9r\u00eats compos\u00e9s.<\/p>\n\n<h3 class=\"wp-block-heading\" id=\"h-vermeiden-sie-vorsorgelucken\">\u00c9vitez les lacunes de pr\u00e9voyance<\/h3>\n\n<p>Les personnes qui pr\u00e9sentent ce que l&#8217;on appelle des lacunes de pr\u00e9voyance ont la possibilit\u00e9 d&#8217;\u00ab effectuer des rachats \u00bb \u00e0 la caisse de pension en effectuant ult\u00e9rieurement des versements volontaires d\u00e9ductibles fiscalement. Il s&#8217;agit ainsi de cr\u00e9er, d&#8217;une part, l&#8217;\u00e9galit\u00e9 dans le deuxi\u00e8me pilier et, d&#8217;autre part, une incitation \u00e0 une planification active de la pr\u00e9voyance. Il y a lacune de pr\u00e9voyance lorsqu&#8217;il existe une diff\u00e9rence significative (plus de 20-25%) entre le revenu actuel et la somme des rentes de vieillesse probables. Cela peut \u00eatre d\u00fb p. ex. au fait qu&#8217;il manque des ann\u00e9es de cotisation, ce qui est notamment le cas pour les ind\u00e9pendants qui ne sont pas affili\u00e9s \u00e0 une caisse de pension ou pour les travailleurs venus de l&#8217;\u00e9tranger. Un revenu sup\u00e9rieur \u00e0 la moyenne, un divorce ou une retraite anticip\u00e9e peuvent \u00e9galement \u00eatre \u00e0 l&#8217;origine de lacunes de pr\u00e9voyance si vous n&#8217;avez pas souscrit une assurance surobligatoire aupr\u00e8s de votre caisse de pension ou si vous n&#8217;avez pas constitu\u00e9 une pr\u00e9voyance priv\u00e9e.<\/p>\n\n<p>La pr\u00e9voyance surobligatoire est la partie du deuxi\u00e8me pilier que les caisses de pension et les institutions de pr\u00e9voyance peuvent proposer et qui va au-del\u00e0 des exigences minimales l\u00e9gales. Elles ne sont alors pas tenues de respecter un taux d&#8217;int\u00e9r\u00eat et un taux de conversion minimaux. Dans le r\u00e9gime surobligatoire, il est par exemple possible d&#8217;assurer des parties du revenu r\u00e9alis\u00e9es avant l&#8217;\u00e2ge minimum l\u00e9gal de 24 ans ou celles qui d\u00e9passent le montant maximum du salaire coordonn\u00e9 (salaire maximum assur\u00e9 CHF 85&#8217;320.00 \u2013 montant de coordination CHF 24&#8217;885.00 = CHF 60&#8217;435.00). Les personnes qui sont assur\u00e9es de mani\u00e8re surobligatoire aupr\u00e8s de la caisse de pension \u00e9pargnent un avoir de vieillesse plus \u00e9lev\u00e9 dans le deuxi\u00e8me pilier et peuvent ainsi \u00e9galement s&#8217;attendre \u00e0 une rente plus \u00e9lev\u00e9e \u00e0 la retraite. En fonction des directives du r\u00e8glement de la caisse de pension, vous pouvez \u00e9galement financer des prestations suppl\u00e9mentaires telles qu&#8217;une rente de partenaire en cas de d\u00e9c\u00e8s ou un capital d\u00e9c\u00e8s suppl\u00e9mentaire (versement unique) avec l&#8217;avoir surobligatoire.<\/p>\n\n<h2 class=\"wp-block-heading\" id=\"h-witwerrente-und-witwenrenten-aus-ahv-und-beruflicher-vorsorge\">Rentes de veuf et rentes de veuve de l&#8217;AVS et de la pr\u00e9voyance professionnelle<\/h2>\n\n<p>La rente de vieillesse ou d&#8217;invalidit\u00e9 totale se compose d&#8217;une part AVS\/AI et d&#8217;une part provenant de la pr\u00e9voyance professionnelle. Elle sert de base de calcul pour les autres rentes pr\u00e9vues par la loi, notamment la rente de conjoint survivant (rente de veuf\/veuve), l&#8217;indemnit\u00e9 pour le conjoint, la rente pour enfant et la rente d&#8217;orphelin.<\/p>\n\n<h3 class=\"wp-block-heading\" id=\"h-wie-hoch-ist-die-ahv-rente\">A combien s&#8217;\u00e9l\u00e8ve la rente AVS ?<\/h3>\n\n<p><span style=\"font-weight: 400;\">La rente de vieillesse AVS \/AI minimale pour une personne seule s&#8217;\u00e9l\u00e8ve \u00e0 CHF 1&#8217;185.-. La rente maximale correspond au double (CHF 2370.- ). Un<\/span><span style=\"font-weight: 400;\">couple mari\u00e9 faisant m\u00e9nage commun re\u00e7oit au maximum une fois et demie la rente maximale, soit CHF 3&#8217;555.-<\/span><span style=\"font-weight: 400;\">.<\/span><\/p>\n\n<h3 class=\"wp-block-heading\" id=\"h-unter-welchen-umstanden-erhalten-sie-eine-witwer-bzw-witwenrente-in-der-schweiz\">Dans quelles circonstances recevez-vous une rente de veuf ou de veuve en Suisse ?<\/h3>\n\n<p>Les conditions pour obtenir une rente de veuf ou de veuve en cas de d\u00e9c\u00e8s du partenaire sont les suivantes : <strong> Les veuves<\/strong> ont droit \u00e0 une pension si elles ont des enfants mineurs \u00e0 charge ou si elles ont atteint l&#8217;\u00e2ge de 45 ans et ont \u00e9t\u00e9 mari\u00e9es pendant au moins cinq ans. <strong>Les veufs<\/strong> ont longtemps \u00e9t\u00e9 d\u00e9savantag\u00e9s par rapport aux veuves. Ainsi, ils ne percevaient une pension que tant qu&#8217;ils avaient des enfants mineurs \u00e0 charge. Cela a chang\u00e9 le 11 octobre 2022. Les veufs qui ont des enfants mineurs au 11 octobre 2022 re\u00e7oivent une rente viag\u00e8re comme les veuves. <strong>Le droit \u00e0 la rente de veuve ou de veuf s&#8217;\u00e9teint en Suisse avec le <\/strong><a href=\"https:\/\/www.deinadieu.ch\/ratgeber\/die-wiederverheiratung-und-ihre-erbrechtlichen-konsequenzen\/\"><strong>remariage<\/strong><\/a><strong> ou au d\u00e9c\u00e8s<\/strong> du b\u00e9n\u00e9ficiaire de la rente. Dans certaines circonstances, les personnes divorc\u00e9es peuvent \u00e9galement avoir droit \u00e0 une rente de conjoint survivant.<\/p>\n\n<p>Les personnes veuves qui ont elles-m\u00eames droit \u00e0 une rente AVS\/AI re\u00e7oivent, suite au d\u00e9c\u00e8s de leur conjoint, un suppl\u00e9ment de 20% sur la rente de vieillesse \u00e0 laquelle elles avaient droit seules. Si elles n&#8217;ont pas de rente propre, elles ont droit \u00e0 une rente de veuf ou de veuve qui correspond \u00e0 80% du revenu annuel moyen d\u00e9terminant.<\/p>\n\n<p>A cette rente s&#8217;ajoutent les versements des institutions de pr\u00e9voyance professionnelle, de la part desquelles les veufs et les veuves re\u00e7oivent, \u00e0 certaines conditions, une rente correspondant \u00e0 60% du droit entier \u00e0 la rente de vieillesse ou d&#8217;invalidit\u00e9 de la personne d\u00e9c\u00e9d\u00e9e. Avec un taux de conversion l\u00e9gal de 6,8% (voir ci-dessus), cela signifie que la rente annuelle compl\u00e8te de veuf ou de veuve correspond \u00e0 4,08% de l&#8217;avoir de vieillesse du partenaire d\u00e9c\u00e9d\u00e9.<\/p>\n\n<p>Elle est vers\u00e9e lorsque le conjoint ou le partenaire enregistr\u00e9 survivant doit subvenir \u00e0 l&#8217;entretien d&#8217;au moins un enfant ou est \u00e2g\u00e9 de plus de 45 ans et que le mariage ou le partenariat a dur\u00e9 au moins cinq ans. Si les conditions ne sont pas remplies, il existe \u00e0 la place un droit \u00e0 une prestation en capital correspondant au montant de trois rentes annuelles.<\/p>\n\n<p>Comme les rentes de survivants sont calcul\u00e9es comme une fraction du droit \u00e0 la rente compl\u00e8te, en application des exigences minimales l\u00e9gales, les veuves et les veufs ont moins d&#8217;argent \u00e0 disposition qu&#8217;avant le d\u00e9c\u00e8s de leur conjoint. Pour cette raison, il est judicieux et recommand\u00e9 de prendre d&#8217;autres mesures que l&#8217;assurance surobligatoire susmentionn\u00e9e pour offrir une s\u00e9curit\u00e9 financi\u00e8re aux membres de votre famille les plus proches.<\/p>\n\n<h2 class=\"wp-block-heading\" id=\"h-zusatzliche-vorsorgemassnahmen-fur-hinterbliebene\">Les mesures de pr\u00e9voyance suppl\u00e9mentaires pour les survivants<\/h2>\n\n<p>Il s&#8217;agit avant tout de la <a href=\"https:\/\/www.deinadieu.ch\/ratgeber\/was-geschieht-mit-meinen-privaten-vorsorgeguthaben-3-saeule\/\" target=\"_blank\" rel=\"noreferrer noopener\">pr\u00e9voyance priv\u00e9e<\/a> dans le cadre du troisi\u00e8me pilier ainsi que du traitement pr\u00e9f\u00e9rentiel du conjoint dans le testament.<\/p>\n\n<p>Vous pouvez prendre des mesures de pr\u00e9voyance volontaires, par exemple sous la forme d&#8217;une <a href=\"https:\/\/www.deinadieu.ch\/ratgeber\/lebensversicherung\/\" target=\"_blank\" rel=\"noreferrer noopener\">assurance-vie<\/a>, sachant qu&#8217;il existe d&#8217;innombrables offres et possibilit\u00e9s d&#8217;am\u00e9nagement diff\u00e9rentes. L&#8217;assurance-vie temporaire en cas de d\u00e9c\u00e8s (aussi appel\u00e9e simplement <a href=\"https:\/\/www.deinadieu.ch\/ratgeber\/todesfallversicherung\/\" target=\"_blank\" rel=\"noreferrer noopener\">assurance en cas de d\u00e9c\u00e8s<\/a>) constitue notamment un outil appropri\u00e9. Elle vise \u00e0 offire aux proches une s\u00e9curit\u00e9 financi\u00e8re pour le cas o\u00f9 l&#8217;assur\u00e9 d\u00e9c\u00e9derait pendant la dur\u00e9e de l&#8217;assurance et que les autres droits ou actifs patrimoniaux ne suffiraient pas \u00e0 maintenir leur niveau de vie. L&#8217;option de combiner l&#8217;assurance en cas de d\u00e9c\u00e8s avec une assurance d&#8217;\u00e9pargne (assurance-vie mixte) est \u00e9galement souvent choisie. Si l&#8217;assur\u00e9 survit \u00e0 l&#8217;\u00e9ch\u00e9ance de la police, il re\u00e7oit le capital accumul\u00e9 sous la forme d&#8217;un versement unique ou de rentes p\u00e9riodiques, en fonction de ce que pr\u00e9voit le contrat. S&#8217;il d\u00e9c\u00e8de avant l&#8217;\u00e9ch\u00e9ance de la police, ses proches ont droit \u00e0 la prestation d&#8217;assurance pr\u00e9vue en cas de d\u00e9c\u00e8s. En outre, il est possible de conclure un contrat de rente viag\u00e8re sur deux t\u00eates afin de garantir une s\u00e9curit\u00e9 financi\u00e8re commune (cf. <a href=\"https:\/\/www.admin.ch\/opc\/de\/classified-compilation\/19110009\/index.html#a516\">art. 516 ss CO<\/a>). Dans ce cas, une rente viag\u00e8re est vers\u00e9e jusqu&#8217;au d\u00e9c\u00e8s des deux conjoints.<\/p>\n\n<p>Le <a href=\"https:\/\/www.deinadieu.ch\/ratgeber\/warum-ein-testament-als-absicherung-nicht-ausreicht\/\" target=\"_blank\" rel=\"noreferrer noopener\">testament<\/a>, le <a href=\"https:\/\/www.deinadieu.ch\/der-ehevertrag\/\" target=\"_blank\" rel=\"noreferrer noopener\">contrat de mariage<\/a> ou le <a href=\"https:\/\/www.deinadieu.ch\/der-erbvertrag\/\" target=\"_blank\" rel=\"noreferrer noopener\">pacte successoral<\/a> offrent \u00e9galement de nombreuses <a href=\"https:\/\/www.deinadieu.ch\/ratgeber\/vertragliche-gestaltungsmoeglichkeiten-im-erb-und-eherecht\/\" target=\"_blank\" rel=\"noreferrer noopener\">possibilit\u00e9s<\/a> de <a href=\"https:\/\/www.deinadieu.ch\/fr\/conseiller\/favoriser-au-maximum-lepoux\/\" target=\"_blank\" rel=\"noreferrer noopener\">s\u2019accorder<\/a> mutuellement des traitements pr\u00e9f\u00e9rentiels en cas de d\u00e9c\u00e8s : Il peut s\u2019agir d\u2019une participation plus importante au <a href=\"https:\/\/www.deinadieu.ch\/ratgeber\/der-nachlass-verheirateter-erblasser\/\" target=\"_blank\" rel=\"noreferrer noopener\">b\u00e9n\u00e9fice du compte d\u2019acqu\u00eats<\/a> dans le cadre de la <a href=\"https:\/\/www.deinadieu.ch\/ratgeber\/die-gueterrechtliche-auseinandersetzung\/\" target=\"_blank\" rel=\"noreferrer noopener\">liquidation du r\u00e9gime matrimonial<\/a> ou \u00e0 la <a href=\"https:\/\/www.deinadieu.ch\/ratgeber\/erbteil-pflichtteile-und-verfuegbare-quote\/\" target=\"_blank\" rel=\"noreferrer noopener\">quotit\u00e9 disponible<\/a> dans la succession, ou encore de l\u2019octroi d\u2019un droit <a href=\"https:\/\/www.deinadieu.ch\/ratgeber\/nutzniessung\/\" target=\"_blank\" rel=\"noreferrer noopener\">d\u2019usufruit<\/a> ou <a href=\"https:\/\/www.deinadieu.ch\/fr\/conseiller\/le-droit-dhabitation-sassurer-une-vie-entiere-dans-son-propre-logement\/\" target=\"_blank\" rel=\"noreferrer noopener\">d\u2019habitation<\/a>, pour ne citer que quelques exemples. Dans tous les cas, vous devriez v\u00e9rifier r\u00e9guli\u00e8rement votre situation patrimoniale et votre couverture d&#8217;assurance et, id\u00e9alement, demander conseil \u00e0 un expert ind\u00e9pendant toutes les quelques ann\u00e9es ou apr\u00e8s des \u00e9v\u00e9nements importants, afin de vous assurer que vous et vos proches disposez d&#8217;une pr\u00e9voyance ad\u00e9quate.<\/p>\n\n<div style=\"height:40px\" aria-hidden=\"true\" class=\"wp-block-spacer\"><\/div>\n\n<div class=\"wp-block-buttons is-layout-flex wp-block-buttons-is-layout-flex\">\n<div class=\"wp-block-button\"><a class=\"wp-block-button__link wp-element-button\" href=\"https:\/\/app.deinadieu.ch\/testamentgenerator\">\u00c9tablir un testament en ligne<\/a><\/div>\n<\/div>\n\n        <div class=\"da-servicebox relative bg-gray-200 p-4 pt-8 border-solid border-t-8 border-da-dark mb-6\">\n            <i class=\"fas fa-info-circle mx-auto fa-7x text-da-dark\"><\/i>\n            <span style=\"hyphens: auto\">\n                <br \/>\nGr\u00e2ce \u00e0 un syst\u00e8me de pr\u00e9voyance qui fonctionne bien, les personnes vivant en Suisse peuvent g\u00e9n\u00e9ralement compter sur des rentes de vieillesse s\u00fbres et suffisantes. Les personnes qui ont cotis\u00e9 \u00e0 l&#8217;AVS\/AI et \u00e0 des institutions de pr\u00e9voyance professionnelle pendant leur vie professionnelle re\u00e7oivent une rente p\u00e9riodique apr\u00e8s leur d\u00e9part \u00e0 la retraite ou en cas d&#8217;invalidit\u00e9. Si une personne assur\u00e9e d\u00e9c\u00e8de, la veuve ou le veuf a \u00e9galement droit aux prestations de pr\u00e9voyance de son avoir. Celles-ci sont toutefois inf\u00e9rieures \u00e0 la somme des deux revenus (ce qui est justifi\u00e9, car le co\u00fbt de la vie est moins \u00e9lev\u00e9 seul qu&#8217;\u00e0 deux). Afin de ne pas perdre trop de qualit\u00e9 de vie, il faut absolument prendre des mesures de pr\u00e9voyance priv\u00e9es suppl\u00e9mentaires. Diff\u00e9rentes assurances-vie, des rentes viag\u00e8res ou des plans d&#8217;\u00e9pargne offrent la meilleure couverture, en compl\u00e9ment des clauses b\u00e9n\u00e9ficiaires d&#8217;un testament, d&#8217;un contrat de mariage et d&#8217;un pacte successoral.\n                \n                \n            <\/span>\n        <\/div>\n        \n\n<p><span style=\"font-weight: 400;\"> <\/span><\/p>\n\n<h2 class=\"wp-block-heading\" id=\"h-das-konnte-sie-ebenfalls-interessieren\"><strong>Ceci pourrait \u00e9galement vous int\u00e9resser<\/strong><\/h2>\n\n<ul class=\"wp-block-list\">\n<li><a href=\"https:\/\/www.deinadieu.ch\/fr\/conseiller\/les-veuves-et-les-veufs-recoivent-moins-de-rentes\/\">Les veuves et les veufs re\u00e7oivent moins de rentes<\/a><\/li>\n\n\n\n<li><a href=\"https:\/\/www.deinadieu.ch\/ratgeber\/hinterlassenenrente-ahv\/\">La rente de survivant de l&#8217;AVS en cas de d\u00e9c\u00e8s<\/a><\/li>\n\n\n\n<li><a href=\"https:\/\/www.deinadieu.ch\/ratgeber\/pensionskasse-im-todesfall\/\">La caisse de pension en cas de d\u00e9c\u00e8s<\/a><\/li>\n\n\n\n<li><a href=\"https:\/\/www.deinadieu.ch\/fr\/conseiller\/linventaire-public-le-bilan-du-defunt\/\" target=\"_blank\" rel=\"noreferrer noopener\">Que deviennent les avoirs de pr\u00e9voyance obligatoire ?<\/a><\/li>\n\n\n\n<li><a href=\"https:\/\/www.deinadieu.ch\/ratgeber\/die-wiederverheiratung-und-ihre-erbrechtlichen-konsequenzen\/\" target=\"_blank\" rel=\"noreferrer noopener\">Le remariage et ses cons\u00e9quences<\/a><\/li>\n\n\n\n<li><a href=\"https:\/\/www.deinadieu.ch\/ratgeber\/vertragliche-gestaltungsmoeglichkeiten-im-erb-und-eherecht\/\" target=\"_blank\" rel=\"noreferrer noopener\">Les possibilit\u00e9s contractuelles en droit des successions et en droit matrimonial<\/a><\/li>\n\n\n\n<li><a href=\"https:\/\/www.deinadieu.ch\/ratgeber\/was-geschieht-mit-meinen-privaten-vorsorgeguthaben-3-saeule\/\" target=\"_blank\" rel=\"noreferrer noopener\">Avoirs de pr\u00e9voyance priv\u00e9s (pilier 3a) dans le droit successoral<\/a><br\/><a href=\"https:\/\/www.deinadieu.ch\/faq\/wie-hoch-ist-die-witwenrente-in-der-schweiz\/\">Quel est le montant de la rente de veuf ou de veuve en Suisse ?<\/a><span style=\"font-weight: 400;\"> <\/span><\/li>\n<\/ul>\n\n<h2 class=\"wp-block-heading\"><strong>Liens externes<\/strong><\/h2>\n\n<ul class=\"wp-block-list\">\n<li><a href=\"https:\/\/www.admin.ch\/opc\/de\/classified-compilation\/19460217\/index.html\" target=\"_blank\" rel=\"noreferrer noopener\"><span style=\"font-weight: 400;\">Loi f\u00e9d\u00e9rale sur l&#8217;assurance-vieillesse et survivants (LAVS, RS 831.10)<\/span><\/a><\/li>\n\n\n\n<li><a href=\"https:\/\/www.admin.ch\/opc\/de\/classified-compilation\/19840067\/index.html\" target=\"_blank\" rel=\"noreferrer noopener\"><span style=\"font-weight: 400;\">Ordonnance sur la pr\u00e9voyance professionnelle vieillesse, survivants et invalidit\u00e9 (OPP 2, RS 831.441.1)<\/span><\/a><\/li>\n\n\n\n<li><a href=\"https:\/\/www.admin.ch\/opc\/de\/classified-compilation\/19820152\/index.html\" target=\"_blank\" rel=\"noreferrer noopener\"><span style=\"font-weight: 400;\">Loi f\u00e9d\u00e9rale sur la pr\u00e9voyance professionnelle vieillesse, survivants et invalidit\u00e9 (LPP, RS 831.40)<\/span><\/a><\/li>\n\n\n\n<li><a href=\"https:\/\/www.admin.ch\/opc\/de\/classified-compilation\/19110009\/index.html\" target=\"_blank\" rel=\"noreferrer noopener\"><span style=\"font-weight: 400;\">Loi f\u00e9d\u00e9rale compl\u00e9tant le Code civil suisse (Livre cinqui\u00e8me: Droit des obligations, RS 220)<\/span><\/a><\/li>\n<\/ul>\n","protected":false},"excerpt":{"rendered":"<p>Outre la rente de vieillesse, il existe d&#8217;autres cat\u00e9gories, comme la rente d&#8217;invalidit\u00e9, la rente de veuf, de veuve ou d&#8217;orphelin ou la rente viag\u00e8re. En fonction du type de rente, vous pouvez faire valoir des droits \u00e0 diff\u00e9rents moments. Cependant, une planification minutieuse est indispensable.<\/p>\n","protected":false},"author":2398,"featured_media":46941,"menu_order":0,"comment_status":"open","ping_status":"closed","template":"","tags":[3273,3271,2429,3275,2063,3559,2134,2087,3502,3278,3277,2005,3279],"ratgeber-category":[3002],"class_list":["post-56806","ratgeber","type-ratgeber","status-publish","has-post-thumbnail","hentry","tag-assurance-en-cas-de-deces-2","tag-assurance-vie-fr","tag-avs-ai","tag-caisse-de-pensions-2","tag-contrat-de-mariage","tag-droit-succession-international","tag-pacte-successoral","tag-prevoyance","tag-prevoyance-vieillesse","tag-rente-de-veuf","tag-rente-de-veuve","tag-testament-fr","tag-traitement-preferentiel","ratgeber-category-mariage-famille-domaines-juridiques"],"acf":[],"yoast_head":"<title>Rente de veuve et rente de veuf en Suisse | DeinAdieu<\/title>\n<meta name=\"description\" content=\"Quel est le droit \u00e0 une rente de veuf ou de veuve et comment la rente de survivant est-elle calcul\u00e9e ? Vous en apprendrez davantage ici.\" \/>\n<meta name=\"robots\" content=\"index, follow, max-snippet:-1, max-image-preview:large, max-video-preview:-1\" \/>\n<link rel=\"canonical\" href=\"https:\/\/www.deinadieu.ch\/fr\/conseiller\/les-veuves-et-les-veufs-recoivent-moins-de-rentes\/\" \/>\n<meta property=\"og:locale\" content=\"fr_FR\" \/>\n<meta property=\"og:type\" content=\"article\" \/>\n<meta property=\"og:title\" content=\"Les veuves et les veufs re\u00e7oivent moins de rentes\" \/>\n<meta property=\"og:description\" content=\"Outre la rente de vieillesse, il existe d&#039;autres cat\u00e9gories, comme la rente d&#039;invalidit\u00e9, la rente de veuf, de veuve ou d&#039;orphelin ou la rente viag\u00e8re. En\" \/>\n<meta property=\"og:url\" content=\"https:\/\/www.deinadieu.ch\/fr\/conseiller\/les-veuves-et-les-veufs-recoivent-moins-de-rentes\/\" \/>\n<meta property=\"og:site_name\" content=\"DeinAdieu.ch\" \/>\n<meta property=\"article:publisher\" content=\"https:\/\/www.facebook.com\/deinadieu\" \/>\n<meta property=\"article:modified_time\" content=\"2024-08-20T12:52:36+00:00\" \/>\n<meta property=\"og:image\" content=\"https:\/\/static.deinadieu.ch\/uploads\/2020\/06\/iStock-95340089.jpg\" \/>\n\t<meta property=\"og:image:width\" content=\"1280\" \/>\n\t<meta property=\"og:image:height\" content=\"853\" \/>\n\t<meta property=\"og:image:type\" content=\"image\/jpeg\" \/>\n<meta name=\"twitter:card\" content=\"summary_large_image\" \/>\n<meta name=\"twitter:site\" content=\"@DeinAdieu\" \/>\n<meta name=\"twitter:label1\" content=\"Est. reading time\" \/>\n\t<meta name=\"twitter:data1\" content=\"11 minutes\" \/>\n<script type=\"application\/ld+json\" class=\"yoast-schema-graph\">{\"@context\":\"https:\\\/\\\/schema.org\",\"@graph\":[{\"@type\":\"WebPage\",\"@id\":\"https:\\\/\\\/www.deinadieu.ch\\\/fr\\\/conseiller\\\/les-veuves-et-les-veufs-recoivent-moins-de-rentes\\\/\",\"url\":\"https:\\\/\\\/www.deinadieu.ch\\\/fr\\\/conseiller\\\/les-veuves-et-les-veufs-recoivent-moins-de-rentes\\\/\",\"name\":\"Rente de veuve et rente de veuf en Suisse | DeinAdieu\",\"isPartOf\":{\"@id\":\"https:\\\/\\\/www.deinadieu.ch\\\/fr\\\/#website\"},\"primaryImageOfPage\":{\"@id\":\"https:\\\/\\\/www.deinadieu.ch\\\/fr\\\/conseiller\\\/les-veuves-et-les-veufs-recoivent-moins-de-rentes\\\/#primaryimage\"},\"image\":{\"@id\":\"https:\\\/\\\/www.deinadieu.ch\\\/fr\\\/conseiller\\\/les-veuves-et-les-veufs-recoivent-moins-de-rentes\\\/#primaryimage\"},\"thumbnailUrl\":\"https:\\\/\\\/www.deinadieu.ch\\\/wp-content\\\/uploads\\\/2020\\\/06\\\/iStock-95340089.jpg\",\"datePublished\":\"2020-06-30T07:06:35+00:00\",\"dateModified\":\"2024-08-20T12:52:36+00:00\",\"description\":\"Quel est le droit \u00e0 une rente de veuf ou de veuve et comment la rente de survivant est-elle calcul\u00e9e ? Vous en apprendrez davantage ici.\",\"breadcrumb\":{\"@id\":\"https:\\\/\\\/www.deinadieu.ch\\\/fr\\\/conseiller\\\/les-veuves-et-les-veufs-recoivent-moins-de-rentes\\\/#breadcrumb\"},\"inLanguage\":\"fr-FR\",\"potentialAction\":[{\"@type\":\"ReadAction\",\"target\":[\"https:\\\/\\\/www.deinadieu.ch\\\/fr\\\/conseiller\\\/les-veuves-et-les-veufs-recoivent-moins-de-rentes\\\/\"]}]},{\"@type\":\"ImageObject\",\"inLanguage\":\"fr-FR\",\"@id\":\"https:\\\/\\\/www.deinadieu.ch\\\/fr\\\/conseiller\\\/les-veuves-et-les-veufs-recoivent-moins-de-rentes\\\/#primaryimage\",\"url\":\"https:\\\/\\\/www.deinadieu.ch\\\/wp-content\\\/uploads\\\/2020\\\/06\\\/iStock-95340089.jpg\",\"contentUrl\":\"https:\\\/\\\/www.deinadieu.ch\\\/wp-content\\\/uploads\\\/2020\\\/06\\\/iStock-95340089.jpg\",\"width\":1280,\"height\":853,\"caption\":\"Les veuves et les veufs re\u00e7oivent moins de rentes (Image : iStock)\"},{\"@type\":\"BreadcrumbList\",\"@id\":\"https:\\\/\\\/www.deinadieu.ch\\\/fr\\\/conseiller\\\/les-veuves-et-les-veufs-recoivent-moins-de-rentes\\\/#breadcrumb\",\"itemListElement\":[{\"@type\":\"ListItem\",\"position\":1,\"name\":\"Home\",\"item\":\"https:\\\/\\\/www.deinadieu.ch\\\/fr\\\/deinadieu-dialog-und-serviceportal-zum-lebensende\\\/\"},{\"@type\":\"ListItem\",\"position\":2,\"name\":\"Ratgeber\",\"item\":\"https:\\\/\\\/www.deinadieu.ch\\\/fr\\\/conseiller\\\/\"},{\"@type\":\"ListItem\",\"position\":3,\"name\":\"Les veuves et les veufs re\u00e7oivent moins de rentes\"}]},{\"@type\":\"WebSite\",\"@id\":\"https:\\\/\\\/www.deinadieu.ch\\\/fr\\\/#website\",\"url\":\"https:\\\/\\\/www.deinadieu.ch\\\/fr\\\/\",\"name\":\"DeinAdieu.ch\",\"description\":\"Testament, Patientenverf\u00fcgung und Vorsorgeauftrag\",\"publisher\":{\"@id\":\"https:\\\/\\\/www.deinadieu.ch\\\/fr\\\/#organization\"},\"potentialAction\":[{\"@type\":\"SearchAction\",\"target\":{\"@type\":\"EntryPoint\",\"urlTemplate\":\"https:\\\/\\\/www.deinadieu.ch\\\/fr\\\/?s={search_term_string}\"},\"query-input\":{\"@type\":\"PropertyValueSpecification\",\"valueRequired\":true,\"valueName\":\"search_term_string\"}}],\"inLanguage\":\"fr-FR\"},{\"@type\":\"Organization\",\"@id\":\"https:\\\/\\\/www.deinadieu.ch\\\/fr\\\/#organization\",\"name\":\"EMNA Web GmbH\",\"url\":\"https:\\\/\\\/www.deinadieu.ch\\\/fr\\\/\",\"logo\":{\"@type\":\"ImageObject\",\"inLanguage\":\"fr-FR\",\"@id\":\"https:\\\/\\\/www.deinadieu.ch\\\/fr\\\/#\\\/schema\\\/logo\\\/image\\\/\",\"url\":\"https:\\\/\\\/www.deinadieu.ch\\\/wp-content\\\/uploads\\\/2016\\\/01\\\/DeinAdieu_Logo.png\",\"contentUrl\":\"https:\\\/\\\/www.deinadieu.ch\\\/wp-content\\\/uploads\\\/2016\\\/01\\\/DeinAdieu_Logo.png\",\"width\":300,\"height\":117,\"caption\":\"EMNA Web GmbH\"},\"image\":{\"@id\":\"https:\\\/\\\/www.deinadieu.ch\\\/fr\\\/#\\\/schema\\\/logo\\\/image\\\/\"},\"sameAs\":[\"https:\\\/\\\/www.facebook.com\\\/deinadieu\",\"https:\\\/\\\/x.com\\\/DeinAdieu\",\"https:\\\/\\\/www.instagram.com\\\/deinadieu\\\/\",\"https:\\\/\\\/www.linkedin.com\\\/company\\\/deinadieu.ch\"]}]}<\/script>","yoast_head_json":{"title":"Rente de veuve et rente de veuf en Suisse | DeinAdieu","description":"Quel est le droit \u00e0 une rente de veuf ou de veuve et comment la rente de survivant est-elle calcul\u00e9e ? Vous en apprendrez davantage ici.","robots":{"index":"index","follow":"follow","max-snippet":"max-snippet:-1","max-image-preview":"max-image-preview:large","max-video-preview":"max-video-preview:-1"},"canonical":"https:\/\/www.deinadieu.ch\/fr\/conseiller\/les-veuves-et-les-veufs-recoivent-moins-de-rentes\/","og_locale":"fr_FR","og_type":"article","og_title":"Les veuves et les veufs re\u00e7oivent moins de rentes","og_description":"Outre la rente de vieillesse, il existe d'autres cat\u00e9gories, comme la rente d'invalidit\u00e9, la rente de veuf, de veuve ou d'orphelin ou la rente viag\u00e8re. En","og_url":"https:\/\/www.deinadieu.ch\/fr\/conseiller\/les-veuves-et-les-veufs-recoivent-moins-de-rentes\/","og_site_name":"DeinAdieu.ch","article_publisher":"https:\/\/www.facebook.com\/deinadieu","article_modified_time":"2024-08-20T12:52:36+00:00","og_image":[{"width":1280,"height":853,"url":"https:\/\/static.deinadieu.ch\/uploads\/2020\/06\/iStock-95340089.jpg","type":"image\/jpeg"}],"twitter_card":"summary_large_image","twitter_site":"@DeinAdieu","twitter_misc":{"Est. reading time":"11 minutes"},"schema":{"@context":"https:\/\/schema.org","@graph":[{"@type":"WebPage","@id":"https:\/\/www.deinadieu.ch\/fr\/conseiller\/les-veuves-et-les-veufs-recoivent-moins-de-rentes\/","url":"https:\/\/www.deinadieu.ch\/fr\/conseiller\/les-veuves-et-les-veufs-recoivent-moins-de-rentes\/","name":"Rente de veuve et rente de veuf en Suisse | DeinAdieu","isPartOf":{"@id":"https:\/\/www.deinadieu.ch\/fr\/#website"},"primaryImageOfPage":{"@id":"https:\/\/www.deinadieu.ch\/fr\/conseiller\/les-veuves-et-les-veufs-recoivent-moins-de-rentes\/#primaryimage"},"image":{"@id":"https:\/\/www.deinadieu.ch\/fr\/conseiller\/les-veuves-et-les-veufs-recoivent-moins-de-rentes\/#primaryimage"},"thumbnailUrl":"https:\/\/www.deinadieu.ch\/wp-content\/uploads\/2020\/06\/iStock-95340089.jpg","datePublished":"2020-06-30T07:06:35+00:00","dateModified":"2024-08-20T12:52:36+00:00","description":"Quel est le droit \u00e0 une rente de veuf ou de veuve et comment la rente de survivant est-elle calcul\u00e9e ? Vous en apprendrez davantage ici.","breadcrumb":{"@id":"https:\/\/www.deinadieu.ch\/fr\/conseiller\/les-veuves-et-les-veufs-recoivent-moins-de-rentes\/#breadcrumb"},"inLanguage":"fr-FR","potentialAction":[{"@type":"ReadAction","target":["https:\/\/www.deinadieu.ch\/fr\/conseiller\/les-veuves-et-les-veufs-recoivent-moins-de-rentes\/"]}]},{"@type":"ImageObject","inLanguage":"fr-FR","@id":"https:\/\/www.deinadieu.ch\/fr\/conseiller\/les-veuves-et-les-veufs-recoivent-moins-de-rentes\/#primaryimage","url":"https:\/\/www.deinadieu.ch\/wp-content\/uploads\/2020\/06\/iStock-95340089.jpg","contentUrl":"https:\/\/www.deinadieu.ch\/wp-content\/uploads\/2020\/06\/iStock-95340089.jpg","width":1280,"height":853,"caption":"Les veuves et les veufs re\u00e7oivent moins de rentes (Image : iStock)"},{"@type":"BreadcrumbList","@id":"https:\/\/www.deinadieu.ch\/fr\/conseiller\/les-veuves-et-les-veufs-recoivent-moins-de-rentes\/#breadcrumb","itemListElement":[{"@type":"ListItem","position":1,"name":"Home","item":"https:\/\/www.deinadieu.ch\/fr\/deinadieu-dialog-und-serviceportal-zum-lebensende\/"},{"@type":"ListItem","position":2,"name":"Ratgeber","item":"https:\/\/www.deinadieu.ch\/fr\/conseiller\/"},{"@type":"ListItem","position":3,"name":"Les veuves et les veufs re\u00e7oivent moins de rentes"}]},{"@type":"WebSite","@id":"https:\/\/www.deinadieu.ch\/fr\/#website","url":"https:\/\/www.deinadieu.ch\/fr\/","name":"DeinAdieu.ch","description":"Testament, Patientenverf\u00fcgung und Vorsorgeauftrag","publisher":{"@id":"https:\/\/www.deinadieu.ch\/fr\/#organization"},"potentialAction":[{"@type":"SearchAction","target":{"@type":"EntryPoint","urlTemplate":"https:\/\/www.deinadieu.ch\/fr\/?s={search_term_string}"},"query-input":{"@type":"PropertyValueSpecification","valueRequired":true,"valueName":"search_term_string"}}],"inLanguage":"fr-FR"},{"@type":"Organization","@id":"https:\/\/www.deinadieu.ch\/fr\/#organization","name":"EMNA Web GmbH","url":"https:\/\/www.deinadieu.ch\/fr\/","logo":{"@type":"ImageObject","inLanguage":"fr-FR","@id":"https:\/\/www.deinadieu.ch\/fr\/#\/schema\/logo\/image\/","url":"https:\/\/www.deinadieu.ch\/wp-content\/uploads\/2016\/01\/DeinAdieu_Logo.png","contentUrl":"https:\/\/www.deinadieu.ch\/wp-content\/uploads\/2016\/01\/DeinAdieu_Logo.png","width":300,"height":117,"caption":"EMNA Web GmbH"},"image":{"@id":"https:\/\/www.deinadieu.ch\/fr\/#\/schema\/logo\/image\/"},"sameAs":["https:\/\/www.facebook.com\/deinadieu","https:\/\/x.com\/DeinAdieu","https:\/\/www.instagram.com\/deinadieu\/","https:\/\/www.linkedin.com\/company\/deinadieu.ch"]}]}},"_links":{"self":[{"href":"https:\/\/www.deinadieu.ch\/fr\/wp-json\/wp\/v2\/ratgeber\/56806","targetHints":{"allow":["GET"]}}],"collection":[{"href":"https:\/\/www.deinadieu.ch\/fr\/wp-json\/wp\/v2\/ratgeber"}],"about":[{"href":"https:\/\/www.deinadieu.ch\/fr\/wp-json\/wp\/v2\/types\/ratgeber"}],"author":[{"embeddable":true,"href":"https:\/\/www.deinadieu.ch\/fr\/wp-json\/wp\/v2\/users\/2398"}],"replies":[{"embeddable":true,"href":"https:\/\/www.deinadieu.ch\/fr\/wp-json\/wp\/v2\/comments?post=56806"}],"version-history":[{"count":10,"href":"https:\/\/www.deinadieu.ch\/fr\/wp-json\/wp\/v2\/ratgeber\/56806\/revisions"}],"predecessor-version":[{"id":68334,"href":"https:\/\/www.deinadieu.ch\/fr\/wp-json\/wp\/v2\/ratgeber\/56806\/revisions\/68334"}],"wp:featuredmedia":[{"embeddable":true,"href":"https:\/\/www.deinadieu.ch\/fr\/wp-json\/wp\/v2\/media\/46941"}],"wp:attachment":[{"href":"https:\/\/www.deinadieu.ch\/fr\/wp-json\/wp\/v2\/media?parent=56806"}],"wp:term":[{"taxonomy":"post_tag","embeddable":true,"href":"https:\/\/www.deinadieu.ch\/fr\/wp-json\/wp\/v2\/tags?post=56806"},{"taxonomy":"ratgeber-category","embeddable":true,"href":"https:\/\/www.deinadieu.ch\/fr\/wp-json\/wp\/v2\/ratgeber-category?post=56806"}],"curies":[{"name":"wp","href":"https:\/\/api.w.org\/{rel}","templated":true}]}}