{"id":56425,"date":"2022-03-21T10:17:05","date_gmt":"2022-03-21T09:17:05","guid":{"rendered":"https:\/\/deinadieu.ch\/ratgeber\/la-liquidation-officielle-de-la-succession\/"},"modified":"2022-09-27T08:40:36","modified_gmt":"2022-09-27T06:40:36","slug":"la-liquidation-officielle-de-la-succession","status":"publish","type":"ratgeber","link":"https:\/\/www.deinadieu.ch\/fr\/conseiller\/la-liquidation-officielle-de-la-succession\/","title":{"rendered":"La liquidation officielle de la succession"},"content":{"rendered":"\n<p>En cas de liquidation officielle, les h\u00e9ritiers peuvent b\u00e9n\u00e9ficier d&#8217;un \u00e9ventuel exc\u00e9dent. En outre, les cr\u00e9anciers h\u00e9r\u00e9ditaires sont r\u00e9mun\u00e9r\u00e9s de mani\u00e8re \u00e9quitable. Le droit cantonal d\u00e9termine l&#8217;autorit\u00e9 comp\u00e9tente.<\/p>\n\n<!--more-->\n\n<h2 class=\"wp-block-heading\">Quand la liquidation officielle est-elle pr\u00e9vue ?<\/h2>\n\n<p><span style=\"font-weight: 400;\">La liquidation officielle d&#8217;une succession est une proc\u00e9dure r\u00e9gie par le droit civil. Dans ce cadre, une succession peut \u00eatre liquid\u00e9e \u00e0 la demande d&#8217;un h\u00e9ritier ou d&#8217;un cr\u00e9ancier h\u00e9r\u00e9ditaire. Elle constitue ainsi une <strong>alternative \u00e0 l&#8217;acceptation d&#8217;une succession<\/strong> (soit de mani\u00e8re inconditionnelle, soit sous <\/span>b\u00e9n\u00e9fice d&#8217;<a href=\"https:\/\/www.deinadieu.ch\/fr\/conseiller\/linventaire-public-le-bilan-du-defunt\/\" target=\"_blank\" rel=\"noreferrer noopener\"><span style=\"font-weight: 400;\">inventaire public<\/span><\/a>) <span style=\"font-weight: 400;\">ainsi qu&#8217;\u00e0 la<\/span> <a href=\"https:\/\/www.deinadieu.ch\/ratgeber\/die-erbschaft-annehmen-oder-ausschlagen\/\" target=\"_blank\" rel=\"noreferrer noopener\"><span style=\"font-weight: 400;\">r\u00e9pudiation<\/span><\/a>. Une liquidation pr\u00e9sente l&#8217;avantage majeur de permettre aux h\u00e9ritiers de profiter encore d&#8217;un \u00e9ventuel exc\u00e9dent d&#8217;actifs.<\/p>\n\n<p>Chaque h\u00e9ritier ayant le droit de r\u00e9pudier est autoris\u00e9 \u00e0 demander individuellement la liquidation officielle de la succession. <strong>Il faut toutefois qu&#8217;aucun de ses coh\u00e9ritiers ne se d\u00e9clare pr\u00eat \u00e0 accepter la succession<\/strong>. Comme pour la r\u00e9pudiation, la demande peut \u00eatre d\u00e9pos\u00e9e oralement ou par \u00e9crit aupr\u00e8s de l&#8217;<a href=\"https:\/\/www.deinadieu.ch\/ratgeber\/wo-erbt-man-und-welcher-kanton-ist-wofuer-massgeblich-2\/\" target=\"_blank\" rel=\"noreferrer noopener\">autorit\u00e9 cantonale comp\u00e9tente<\/a> du dernier domicile du d\u00e9funt (p. ex. dans le canton de Zurich, le juge unique du tribunal de district). Le <strong>d\u00e9lai<\/strong> pour ce faire d\u00e9coule du d\u00e9lai de r\u00e9pudiation, \u00e0 l&#8217;issue duquel la succession est consid\u00e9r\u00e9e comme accept\u00e9e sans r\u00e9serve \u00e0 d\u00e9faut de r\u00e9pudiation. Il est donc \u00e9galement de <strong>trois mois<\/strong> \u00e0 compter de la connaissance de l&#8217;ouverture de la succession. La demande n&#8217;a pas besoin d&#8217;\u00eatre motiv\u00e9e.<\/p>\n\n<p>D\u00e8s qu&#8217;un h\u00e9ritier accepte la succession, il devient le successeur l\u00e9gal du d\u00e9funt. Il reprend les actifs, mais r\u00e9pond \u00e9galement des dettes que le d\u00e9funt a contract\u00e9es de son vivant. Les autres h\u00e9ritiers ont alors la possibilit\u00e9 soit de se joindre \u00e0 l&#8217;acceptation, soit de <a href=\"https:\/\/www.deinadieu.ch\/ratgeber\/erbe-ausschlagen\/\">r\u00e9pudier la succession<\/a>. En r\u00e9pudiant, ils renonceraient \u00e0 leur qualit\u00e9 d&#8217;h\u00e9ritiers. La <strong>r\u00e9pudiation est totale<\/strong> ; on ne peut donc pas profiter d&#8217;un \u00e9ventuel exc\u00e9dent d&#8217;actifs r\u00e9sultant de la liquidation. L&#8217;acceptation peut se faire sans condition, c&#8217;est-\u00e0-dire en incluant toutes les dettes, ou sous b\u00e9n\u00e9fice d&#8217;<a href=\"https:\/\/www.deinadieu.ch\/fr\/conseiller\/linventaire-public-le-bilan-du-defunt\/\" target=\"_blank\" rel=\"noopener\">inventaire public<\/a>. Dans ce dernier cas, les h\u00e9ritiers acceptants ne r\u00e9pondent que des dettes que les cr\u00e9anciers ont annonc\u00e9es en temps utile.<\/p>\n\n<p><span style=\"font-weight: 400;\">Outre les h\u00e9ritiers, la liquidation officielle peut \u00eatre demand\u00e9e dans deux cas par les<\/span> <span style=\"font-weight: 400;\">cr\u00e9anciers<\/span> <span style=\"font-weight: 400;\">qui, en tant que tels,<\/span> <span style=\"font-weight: 400;\">n&#8217;ont pas droit<\/span> <span style=\"font-weight: 400;\">\u00e0 la succession. Par souci de clart\u00e9, il convient de faire une distinction entre les cr\u00e9anciers h\u00e9r\u00e9ditaires, les cr\u00e9anciers successoraux et les cr\u00e9anciers des h\u00e9ritiers : <\/span><\/p>\n\n<ul class=\"wp-block-list\"><li><span style=\"font-weight: 400;\">Les <strong>cr\u00e9anciers h\u00e9r\u00e9ditaires<\/strong> sont des cr\u00e9anciers envers lesquels le d\u00e9funt a contract\u00e9 des dettes avant son d\u00e9c\u00e8s ou dont les cr\u00e9ances ont un lien direct avec les biens de la succession. <\/span><\/li><li><span style=\"font-weight: 400;\">Les <strong>cr\u00e9anciers successoraux<\/strong> sont des personnes dont les cr\u00e9ances sont li\u00e9es \u00e0 la succession elle-m\u00eame ; outre les pompes fun\u00e8bres et<\/span> <a href=\"https:\/\/www.deinadieu.ch\/ratgeber\/warum-ein-willensvollstrecker-die-erben-entlastet-und-wie-man-ihn-absetzt\/\" target=\"_blank\" rel=\"noreferrer noopener\"><span style=\"font-weight: 400;\">les ex\u00e9cuteurs testamentaires<\/span><\/a>, <span style=\"font-weight: 400;\">ce groupe comprend \u00e9galement les liquidateurs et leur droit \u00e0 une indemnisation.<\/span> <\/li><li><span style=\"font-weight: 400;\">Les <strong>cr\u00e9anciers des h\u00e9ritiers<\/strong> sont des personnes qui ont des cr\u00e9ances envers un ou plusieurs h\u00e9ritiers qui n&#8217;ont toutefois aucun lien avec la succession.<\/span><\/li><\/ul>\n\n<p><span style=\"font-weight: 400;\">Les cr\u00e9anciers d&#8217;un h\u00e9ritier surendett\u00e9 (<strong>cr\u00e9anciers de l&#8217;h\u00e9ritier<\/strong>) ont en principe le droit de contester sa r\u00e9pudiation dans un d\u00e9lai de six mois si aucune garantie suffisante n&#8217;est fournie pour leurs cr\u00e9ances. Si la contestation abouti, il s&#8217;ensuit une proc\u00e9dure de liquidation.<\/span><\/p>\n\n<p><span style=\"font-weight: 400;\">En revanche, tout cr\u00e9ancier du d\u00e9funt (<strong>cr\u00e9ancier successoral<\/strong>) peut demander la liquidation officielle dans un d\u00e9lai de trois mois. Pour ce faire, il doit rendre vraisemblable une crainte fond\u00e9e que ses cr\u00e9ances ne soient ni r\u00e9gl\u00e9es ni garanties de mani\u00e8re ad\u00e9quate par les h\u00e9ritiers. Le cr\u00e9ancier doit ainsi exiger (sans succ\u00e8s) des h\u00e9ritiers le remboursement ou la garantie de sa cr\u00e9ance avant de pouvoir d\u00e9poser la demande de liquidation. Il peut \u00e9galement indiquer comme fondement de sa demande des cr\u00e9ances non encore \u00e9chues ou incertaines, \u00e9chues, de dur\u00e9e limit\u00e9e, conditionnelles ou (insuffisamment) garanties. Leur existence doit toutefois pouvoir \u00eatre prouv\u00e9e.<br\/><\/span><\/p>\n\n<p><span style=\"font-weight: 400;\">Outre <strong>le surendettement et l&#8217;insolvabilit\u00e9<\/strong>, des raisons pratiques telles que l&#8217;absence durable ou le refus de payer des h\u00e9ritiers peuvent compromettre l&#8217;ex\u00e9cution de la cr\u00e9ance et \u00eatre admises comme motifs valables. L&#8217;acceptation d&#8217;un h\u00e9ritier ne fait pas obstacle \u00e0 la demande motiv\u00e9e d&#8217;un cr\u00e9ancier. L&#8217;autorit\u00e9 peut ainsi faire droit \u00e0 la demande et engager la liquidation malgr\u00e9 l&#8217;acceptation de la succession.<\/span><\/p>\n\n<p><span style=\"font-weight: 400;\">Dans les deux cas, l&#8217;autorit\u00e9 cantonale doit accepter la demande de liquidation officielle pour que son ex\u00e9cution puisse commencer. Aucune liquidation ne peut avoir lieu si elle n&#8217;est pas demand\u00e9e par une partie habilit\u00e9e \u00e0 la requ\u00e9rir. Cependant, l&#8217;autorit\u00e9 n&#8217;est pas oblig\u00e9e de donner suite \u00e0 une demande dans tous les cas. Une d\u00e9claration d&#8217;acceptation d&#8217;un h\u00e9ritier ou d&#8217;une h\u00e9riti\u00e8re apr\u00e8s l&#8217;ouverture de la proc\u00e9dure de liquidation ne peut plus arr\u00eater celle-ci.<\/span><\/p>\n\n<h2 class=\"wp-block-heading\">Le d\u00e9roulement de la liquidation officielle<\/h2>\n\n<p><span style=\"font-weight: 400;\">La liquidation officielle d\u00e9bute par une d\u00e9cision de l&#8217;autorit\u00e9 comp\u00e9tente. La liquidation officielle peut \u00eatre effectu\u00e9e par l&#8217;autorit\u00e9 elle-m\u00eame ou par un<\/span> <a href=\"https:\/\/www.deinadieu.ch\/ratgeber\/der-unterschied-zwischen-willensvollstrecker-und-erbschaftsverwaltung\/\" target=\"_blank\" rel=\"noreferrer noopener\"><span style=\"font-weight: 400;\">administrateur de la succession<\/span><\/a> d\u00e9sign\u00e9 \u00e0 cet effet et plac\u00e9 sous la surveillance de l&#8217;autorit\u00e9. <span style=\"font-weight: 400;\"><strong>Les h\u00e9ritiers et les cr\u00e9anciers ont le droit d&#8217;\u00eatre trait\u00e9s de mani\u00e8re \u00e9gale<\/strong>, d&#8217;exprimer leurs souhaits et de d\u00e9poser une plainte aupr\u00e8s de l&#8217;autorit\u00e9 de surveillance concernant les actes du liquidateur de la succession.<\/span><\/p>\n\n<p><span style=\"font-weight: 400;\">La premi\u00e8re \u00e9tape consiste dans tous les cas \u00e0 dresser l&#8217;inventaire de la succession selon la proc\u00e9dure, la forme et le contenu de l&#8217;inventaire public, pour autant qu&#8217;il n&#8217;ait pas d\u00e9j\u00e0 \u00e9t\u00e9 \u00e9tabli auparavant. Ni un<\/span> <a href=\"https:\/\/www.deinadieu.ch\/ratgeber\/vermoegensschutz-im-erbrecht\/\" target=\"_blank\" rel=\"noreferrer noopener\"><span style=\"font-weight: 400;\">inventaire de s\u00fbret\u00e9<\/span><\/a> <span style=\"font-weight: 400;\">ni<\/span> <a href=\"https:\/\/www.deinadieu.ch\/fr\/conseiller\/linventaire-fiscal-de-la-succession\/\" target=\"_blank\" rel=\"noreferrer noopener\"><span style=\"font-weight: 400;\">inventaire fiscal<\/span><\/a><span style=\"font-weight: 400;\"> ne suffisent. Les actifs existants sont list\u00e9s et leur valeur respective est estim\u00e9e (\u00e0 la valeur v\u00e9nale ou selon le produit de vente r\u00e9alisable). Enfin, les cr\u00e9anciers sont invit\u00e9s par une sommation publique ou un appel aux cr\u00e9anciers \u00e0 annoncer leurs cr\u00e9ances dans un d\u00e9lai d&#8217;au moins un mois. A l&#8217;\u00e9ch\u00e9ance du d\u00e9lai, les actifs sont confront\u00e9s aux passifs.<\/span><\/p>\n\n<h2 class=\"wp-block-heading\">La proc\u00e9dure de liquidation ordinaire<\/h2>\n\n<p><span style=\"font-weight: 400;\">Si les cr\u00e9ances sont couvertes par les actifs, la proc\u00e9dure de liquidation ordinaire s&#8217;applique. <strong>Par cons\u00e9quent, le liquidateur de la succession met fin aux affaires du d\u00e9funt encore en cours et ex\u00e9cute les obligations qui en d\u00e9coulent<\/strong>. Enfin, il fait valoir les cr\u00e9ances \u00e0 l&#8217;\u00e9gard des tiers et liquide les biens restants de la succession en les vendant ou en les mettant aux ench\u00e8res.<\/span> <a href=\"https:\/\/www.deinadieu.ch\/ratgeber\/immobilien-im-nachlass-was-sollte-der-erblasser-regeln\/\" target=\"_blank\" rel=\"noreferrer noopener\"><span style=\"font-weight: 400;\">Les biens immobiliers<\/span><\/a><span style=\"font-weight: 400;\"> doivent \u00eatre vendus aux ench\u00e8res publiques, \u00e0 moins que tous les h\u00e9ritiers n&#8217;acceptent une vente de gr\u00e9 \u00e0 gr\u00e9 afin d&#8217;obtenir le meilleur prix possible. Avant m\u00eame la cl\u00f4ture de la proc\u00e9dure, le liquidateur peut remettre aux h\u00e9ritiers qui en font la demande des objets sans valeur ou de valeur uniquement sentimentale (p. ex. des objets personnels d\u2019usage courant, des journaux intimes, des notes, etc.).<\/span><\/p>\n\n<p><span style=\"font-weight: 400;\">La liquidation ordinaire prend officiellement fin par une d\u00e9cision administrative d&#8217;office. Soit toutes les dettes ont \u00e9t\u00e9 r\u00e9gl\u00e9es au pr\u00e9alable,<\/span> <a href=\"https:\/\/www.deinadieu.ch\/fr\/conseiller\/le-legs-une-alternative-au-statut-dheritier\/\" target=\"_blank\" rel=\"noreferrer noopener\"><span style=\"font-weight: 400;\">les legs<\/span><\/a><span style=\"font-weight: 400;\"> ont \u00e9t\u00e9 d\u00e9livr\u00e9s et les exc\u00e9dents d&#8217;actifs ont \u00e9t\u00e9 remis aux h\u00e9ritiers. Soit une liquidation pour faillite a \u00e9t\u00e9 engag\u00e9e dans l&#8217;hypoth\u00e8se o\u00f9 la succession \u00e9tait surendett\u00e9e.<\/span><\/p>\n\n<h2 class=\"wp-block-heading\">La proc\u00e9dure de liquidation par voie de faillite<\/h2>\n\n<p><span style=\"font-weight: 400;\"><strong>Si la succession est surendett\u00e9e ou si tous les h\u00e9ritiers r\u00e9pudient la succession<\/strong>, l&#8217;autorit\u00e9 cantonale en informe le tribunal de la faillite comp\u00e9tent pour liquidation. Celui-ci ordonne la liquidation par voie de faillite. A cette fin, la masse en faillite est constitu\u00e9e \u00e0 partir des biens et des droits r\u00e9els ou personnels appartenant \u00e0 la succession. La masse en faillite doit \u00eatre liquid\u00e9e dans le cadre d&#8217;une proc\u00e9dure de faillite, conform\u00e9ment aux dispositions du droit de la faillite, <\/span><\/p>\n\n<p><span style=\"font-weight: 400;\">ce qui a des implications importantes pour la liquidation. Apr\u00e8s l&#8217;ouverture de la liquidation par voie de faillite, les h\u00e9ritiers ne peuvent plus disposer des biens de la succession. Cette comp\u00e9tence revient d\u00e9sormais \u00e0 l&#8217;administration de la faillite. L&#8217;inventaire requis par le droit de la faillite est en g\u00e9n\u00e9ral d\u00e9j\u00e0 disponible sous la forme d&#8217;un inventaire public ou de liquidation et un nouvel appel aux cr\u00e9anciers est effectu\u00e9 dans les dix jours. Il s&#8217;ensuit l&#8217;ordonnancement des cr\u00e9ances des cr\u00e9anciers et la r\u00e9alisation des biens de la succession. Pour les cr\u00e9ances non couvertes, les cr\u00e9anciers re\u00e7oivent des actes de d\u00e9faut de biens et les h\u00e9ritiers ne r\u00e9pondent pas avec leurs propres biens.<\/span><\/p>\n\n<h2 class=\"wp-block-heading\">Les avantages et les inconv\u00e9nients de la liquidation<\/h2>\n\n<p><span style=\"font-weight: 400;\">Le principal <strong>avantage de la liquidation officielle est que les h\u00e9ritiers ne r\u00e9pondent pas des dettes du d\u00e9funt avec leurs propres biens<\/strong>. Il n&#8217;y a pas de m\u00e9lange de patrimoine entre le d\u00e9funt et les h\u00e9ritiers. Cela vaut pour tous les h\u00e9ritiers<\/span> <a href=\"https:\/\/www.deinadieu.ch\/die-erbfolge-nach-dem-gesetz\/\" target=\"_blank\" rel=\"noreferrer noopener\"><span style=\"font-weight: 400;\">l\u00e9gaux<\/span><\/a> <span style=\"font-weight: 400;\">et<\/span> <a href=\"https:\/\/www.deinadieu.ch\/ratgeber\/die-gesetzliche-und-die-gewillkuerte-erbfolge-wer-erbt-wie-viel\/\" target=\"_blank\" rel=\"noreferrer noopener\"><span style=\"font-weight: 400;\">testamentaires<\/span><\/a><span style=\"font-weight: 400;\"> et pas uniquement pour ceux qui ont demand\u00e9 la liquidation officielle. <strong>Seuls les objets de valeur de la succession sont ainsi disponibles pour le remboursement des dettes de la succession et des dettes dues au d\u00e9c\u00e8s<\/strong>. Comme mentionn\u00e9 ci-dessus, un exc\u00e9dent revient \u00e0 la<\/span> <a href=\"https:\/\/www.deinadieu.ch\/ratgeber\/kreis-der-erbberechtigten\/\" target=\"_blank\" rel=\"noreferrer noopener\"><span style=\"font-weight: 400;\">communaut\u00e9<\/span><\/a><span style=\"font-weight: 400;\"> h\u00e9r\u00e9ditaire. Il n&#8217;appartient pas aux liquidateurs de la succession de<\/span> <a href=\"https:\/\/www.deinadieu.ch\/fr\/conseiller\/le-chemin-vers-lheritage-comment-fonctionne-le-partage-successoral\/\" target=\"_blank\" rel=\"noreferrer noopener\"><span style=\"font-weight: 400;\">proc\u00e9der au partage<\/span><\/a><span style=\"font-weight: 400;\"> successoral. Les h\u00e9ritiers doivent effectuer cette t\u00e2che entre eux apr\u00e8s la cl\u00f4ture de la liquidation officielle.<\/span><\/p>\n\n<p><span style=\"font-weight: 400;\"><strong>La liquidation officielle assure aux cr\u00e9anciers un minimum de ressources<\/strong> pour satisfaire leurs cr\u00e9ances, si celles-ci ne peuvent pas \u00eatre garanties par les h\u00e9ritiers. C&#8217;est pourquoi, dans certaines circonstances, les cr\u00e9anciers peuvent imposer la liquidation officielle m\u00eame contre la volont\u00e9 des h\u00e9ritiers.<\/span><\/p>\n\n<p>Le droit du liquidateur ou des liquidateurs au remboursement des honoraires et des frais est une <strong>dette due au d\u00e9c\u00e8s<\/strong> qui na\u00eet explicitement de la liquidation officielle. Elle peut \u00eatre d\u00e9duite avant la d\u00e9livrance des legs et la transmission des biens aux h\u00e9ritiers. En cas de doute, son montant doit \u00eatre fix\u00e9 par l&#8217;autorit\u00e9 cantonale en fonction de la charge de travail et de la valeur de la succession.<\/p>\n\n<p><span style=\"font-weight: 400;\"><\/span><\/p>\n\n        <div class=\"da-servicebox relative bg-gray-200 p-4 pt-8 border-solid border-t-8 border-da-dark mb-6\">\n            <i class=\"fas fa-info-circle mx-auto fa-7x text-da-dark\"><\/i>\n            <span style=\"hyphens: auto\">\n                Dans certaines circonstances, la liquidation officielle peut \u00eatre demand\u00e9e tant par les ayants droit \u00e0 la succession que par les cr\u00e9anciers de la succession ou des h\u00e9ritiers. Le droit cantonal d\u00e9termine l&#8217;autorit\u00e9 comp\u00e9tente pour la demande et la surveillance ou l&#8217;ex\u00e9cution. La proc\u00e9dure de liquidation d\u00e9bute par un appel aux cr\u00e9anciers et un inventaire afin d&#8217;obtenir une vue d&#8217;ensemble des actifs et des passifs de la succession. Si les dettes sont couvertes par l&#8217;actif, la liquidation ordinaire est applicable. Si tous les ayants droit r\u00e9pudient la succession ou si celle-ci est surendett\u00e9e, elle est liquid\u00e9e par l&#8217;office des faillites conform\u00e9ment aux dispositions de la LP. L&#8217;\u00e9ventuel exc\u00e9dent d&#8217;actifs apr\u00e8s paiement de toutes les dettes (y compris les honoraires du liquidateur et la d\u00e9livrance des legs) revient \u00e0 la communaut\u00e9 h\u00e9r\u00e9ditaire.<br \/>\n\n                \n                \n            <\/span>\n        <\/div>\n        \n\n<h2 class=\"wp-block-heading\" id=\"h-daruber-konnen-sie-sich-gedanken-machen\">Vous pouvez r\u00e9fl\u00e9chir \u00e0 cela<\/h2>\n\n<ul class=\"wp-block-list\"><li>Une succession peut-elle comporter des dettes ?<\/li><li>Un inventaire public serait-il utile ?<\/li><li>Une liquidation pourrait-elle entra\u00eener un exc\u00e9dent d&#8217;actifs ?<\/li><li>Suis-je \u00e9ventuellement cr\u00e9ancier dans une succession et puis-je demander une liquidation officielle ?<\/li><li>Est-il judicieux pour vous de r\u00e9diger un testament ou un pacte successoral ? Sur DeinAdieu, vous pouvez \u00e9tablir un <a href=\"https:\/\/app.deinadieu.ch\/testamentgenerator\" target=\"_blank\" rel=\"noreferrer noopener\">testament gratuit<\/a> tr\u00e8s facilement et rapidement.<\/li><li>Les d\u00e9lais ont-ils \u00e9t\u00e9 respect\u00e9s ?<\/li><\/ul>\n\n<div style=\"height:40px\" aria-hidden=\"true\" class=\"wp-block-spacer\"><\/div>\n\n<div class=\"wp-block-buttons is-layout-flex wp-block-buttons-is-layout-flex\">\n<div class=\"wp-block-button\"><a class=\"wp-block-button__link\" href=\"https:\/\/app.deinadieu.ch\/testamentgenerator\">R\u00e9diger votre testament maintenant<\/a><\/div>\n<\/div>\n\n<h2 class=\"wp-block-heading\" id=\"h-das-konnte-sie-ebenfalls-interessieren\"><strong>Ceci pourrait \u00e9galement vous int\u00e9resser<\/strong><\/h2>\n\n<ul class=\"wp-block-list\"><li><a href=\"https:\/\/www.deinadieu.ch\/fr\/conseiller\/linventaire-public-le-bilan-du-defunt\/\" target=\"_blank\" rel=\"noreferrer noopener\">L&#8217;inventaire public &#8211; Le bilan du d\u00e9funt<\/a><\/li><li><a href=\"https:\/\/www.deinadieu.ch\/ratgeber\/die-erbschaft-annehmen-oder-ausschlagen\/\" target=\"_blank\" rel=\"noreferrer noopener\">Dois-je accepter ou r\u00e9pudier la succession ?<\/a><\/li><li><a href=\"https:\/\/www.deinadieu.ch\/ratgeber\/wo-erbt-man-und-welcher-kanton-ist-wofuer-massgeblich-2\/\" target=\"_blank\" rel=\"noreferrer noopener\">Quel canton est comp\u00e9tent pour quoi ?<\/a><\/li><li><a href=\"https:\/\/www.deinadieu.ch\/ratgeber\/erbe-ausschlagen\/\" target=\"_blank\" rel=\"noreferrer noopener\">\u00ab Au secours, j&#8217;h\u00e9rite de dettes ! \u00bb &#8211; R\u00e9pudier la succession<\/a><\/li><li><a href=\"https:\/\/www.deinadieu.ch\/fr\/conseiller\/le-chemin-vers-lheritage-comment-fonctionne-le-partage-successoral\/\" target=\"_blank\" rel=\"noreferrer noopener\">Le chemin vers l&#8217;h\u00e9ritage &#8211; Comment se d\u00e9roule le partage successoral ?<\/a><\/li><li><a href=\"https:\/\/www.deinadieu.ch\/fr\/conseiller\/le-partage-successoral-qui-herite-de-combien\/\" target=\"_blank\" rel=\"noreferrer noopener\">Le partage successoral &#8211; Qui h\u00e9rite de combien ?<\/a><\/li><\/ul>\n","protected":false},"excerpt":{"rendered":"<p>En cas de liquidation officielle, les h\u00e9ritiers peuvent b\u00e9n\u00e9ficier d&#8217;un \u00e9ventuel exc\u00e9dent. En outre, les cr\u00e9anciers h\u00e9r\u00e9ditaires sont r\u00e9mun\u00e9r\u00e9s de mani\u00e8re \u00e9quitable. Le droit cantonal d\u00e9termine l&#8217;autorit\u00e9 comp\u00e9tente.<\/p>\n","protected":false},"author":2398,"featured_media":46599,"menu_order":0,"comment_status":"open","ping_status":"closed","template":"","tags":[3235,2839,3090,3087,3091],"ratgeber-category":[2996],"class_list":["post-56425","ratgeber","type-ratgeber","status-publish","has-post-thumbnail","hentry","tag-administration-de-la-succession","tag-inventaire-public","tag-liquidation-officielle","tag-repudiation","tag-responsabilite-des-heritiers","ratgeber-category-accepter-la-succession"],"acf":[],"yoast_head":"<title>La liquidation officielle de la succession | DeinAdieu<\/title>\n<meta name=\"description\" content=\"Si aucune des personnes ayant un droit \u00e0 la succession ne souhaite accepter une succession, les autorit\u00e9s cantonales peuvent, sur demande, proc\u00e9der \u00e0 la liquidation officielle.\" \/>\n<meta name=\"robots\" content=\"index, follow, max-snippet:-1, max-image-preview:large, max-video-preview:-1\" \/>\n<link rel=\"canonical\" href=\"https:\/\/www.deinadieu.ch\/fr\/conseiller\/la-liquidation-officielle-de-la-succession\/\" \/>\n<meta property=\"og:locale\" content=\"fr_FR\" \/>\n<meta property=\"og:type\" content=\"article\" \/>\n<meta property=\"og:title\" content=\"La liquidation officielle de la succession\" \/>\n<meta property=\"og:description\" content=\"En cas de liquidation officielle, les h\u00e9ritiers peuvent b\u00e9n\u00e9ficier d&#039;un \u00e9ventuel exc\u00e9dent. En outre, les cr\u00e9anciers h\u00e9r\u00e9ditaires sont r\u00e9mun\u00e9r\u00e9s de mani\u00e8re\" \/>\n<meta property=\"og:url\" content=\"https:\/\/www.deinadieu.ch\/fr\/conseiller\/la-liquidation-officielle-de-la-succession\/\" \/>\n<meta property=\"og:site_name\" content=\"DeinAdieu.ch\" \/>\n<meta property=\"article:publisher\" content=\"https:\/\/www.facebook.com\/deinadieu\" \/>\n<meta property=\"article:modified_time\" content=\"2022-09-27T06:40:36+00:00\" \/>\n<meta property=\"og:image\" content=\"https:\/\/static.deinadieu.ch\/uploads\/2020\/05\/iStock-517704238.jpg\" \/>\n\t<meta property=\"og:image:width\" content=\"1280\" \/>\n\t<meta property=\"og:image:height\" content=\"853\" \/>\n\t<meta property=\"og:image:type\" content=\"image\/jpeg\" \/>\n<meta name=\"twitter:card\" content=\"summary_large_image\" \/>\n<meta name=\"twitter:site\" content=\"@DeinAdieu\" \/>\n<meta name=\"twitter:label1\" content=\"Est. reading time\" \/>\n\t<meta name=\"twitter:data1\" content=\"10 minutes\" \/>\n<script type=\"application\/ld+json\" class=\"yoast-schema-graph\">{\"@context\":\"https:\\\/\\\/schema.org\",\"@graph\":[{\"@type\":\"WebPage\",\"@id\":\"https:\\\/\\\/www.deinadieu.ch\\\/fr\\\/conseiller\\\/la-liquidation-officielle-de-la-succession\\\/\",\"url\":\"https:\\\/\\\/www.deinadieu.ch\\\/fr\\\/conseiller\\\/la-liquidation-officielle-de-la-succession\\\/\",\"name\":\"La liquidation officielle de la succession | DeinAdieu\",\"isPartOf\":{\"@id\":\"https:\\\/\\\/www.deinadieu.ch\\\/fr\\\/#website\"},\"primaryImageOfPage\":{\"@id\":\"https:\\\/\\\/www.deinadieu.ch\\\/fr\\\/conseiller\\\/la-liquidation-officielle-de-la-succession\\\/#primaryimage\"},\"image\":{\"@id\":\"https:\\\/\\\/www.deinadieu.ch\\\/fr\\\/conseiller\\\/la-liquidation-officielle-de-la-succession\\\/#primaryimage\"},\"thumbnailUrl\":\"https:\\\/\\\/www.deinadieu.ch\\\/wp-content\\\/uploads\\\/2020\\\/05\\\/iStock-517704238.jpg\",\"datePublished\":\"2022-03-21T09:17:05+00:00\",\"dateModified\":\"2022-09-27T06:40:36+00:00\",\"description\":\"Si aucune des personnes ayant un droit \u00e0 la succession ne souhaite accepter une succession, les autorit\u00e9s cantonales peuvent, sur demande, proc\u00e9der \u00e0 la liquidation officielle.\",\"breadcrumb\":{\"@id\":\"https:\\\/\\\/www.deinadieu.ch\\\/fr\\\/conseiller\\\/la-liquidation-officielle-de-la-succession\\\/#breadcrumb\"},\"inLanguage\":\"fr-FR\",\"potentialAction\":[{\"@type\":\"ReadAction\",\"target\":[\"https:\\\/\\\/www.deinadieu.ch\\\/fr\\\/conseiller\\\/la-liquidation-officielle-de-la-succession\\\/\"]}]},{\"@type\":\"ImageObject\",\"inLanguage\":\"fr-FR\",\"@id\":\"https:\\\/\\\/www.deinadieu.ch\\\/fr\\\/conseiller\\\/la-liquidation-officielle-de-la-succession\\\/#primaryimage\",\"url\":\"https:\\\/\\\/www.deinadieu.ch\\\/wp-content\\\/uploads\\\/2020\\\/05\\\/iStock-517704238.jpg\",\"contentUrl\":\"https:\\\/\\\/www.deinadieu.ch\\\/wp-content\\\/uploads\\\/2020\\\/05\\\/iStock-517704238.jpg\",\"width\":1280,\"height\":853,\"caption\":\"La liquidation officielle de la succession (image : iStock)\"},{\"@type\":\"BreadcrumbList\",\"@id\":\"https:\\\/\\\/www.deinadieu.ch\\\/fr\\\/conseiller\\\/la-liquidation-officielle-de-la-succession\\\/#breadcrumb\",\"itemListElement\":[{\"@type\":\"ListItem\",\"position\":1,\"name\":\"Home\",\"item\":\"https:\\\/\\\/www.deinadieu.ch\\\/fr\\\/deinadieu-dialog-und-serviceportal-zum-lebensende\\\/\"},{\"@type\":\"ListItem\",\"position\":2,\"name\":\"Ratgeber\",\"item\":\"https:\\\/\\\/www.deinadieu.ch\\\/fr\\\/conseiller\\\/\"},{\"@type\":\"ListItem\",\"position\":3,\"name\":\"La liquidation officielle de la succession\"}]},{\"@type\":\"WebSite\",\"@id\":\"https:\\\/\\\/www.deinadieu.ch\\\/fr\\\/#website\",\"url\":\"https:\\\/\\\/www.deinadieu.ch\\\/fr\\\/\",\"name\":\"DeinAdieu.ch\",\"description\":\"Testament, Patientenverf\u00fcgung und Vorsorgeauftrag\",\"publisher\":{\"@id\":\"https:\\\/\\\/www.deinadieu.ch\\\/fr\\\/#organization\"},\"potentialAction\":[{\"@type\":\"SearchAction\",\"target\":{\"@type\":\"EntryPoint\",\"urlTemplate\":\"https:\\\/\\\/www.deinadieu.ch\\\/fr\\\/?s={search_term_string}\"},\"query-input\":{\"@type\":\"PropertyValueSpecification\",\"valueRequired\":true,\"valueName\":\"search_term_string\"}}],\"inLanguage\":\"fr-FR\"},{\"@type\":\"Organization\",\"@id\":\"https:\\\/\\\/www.deinadieu.ch\\\/fr\\\/#organization\",\"name\":\"EMNA Web GmbH\",\"url\":\"https:\\\/\\\/www.deinadieu.ch\\\/fr\\\/\",\"logo\":{\"@type\":\"ImageObject\",\"inLanguage\":\"fr-FR\",\"@id\":\"https:\\\/\\\/www.deinadieu.ch\\\/fr\\\/#\\\/schema\\\/logo\\\/image\\\/\",\"url\":\"https:\\\/\\\/www.deinadieu.ch\\\/wp-content\\\/uploads\\\/2016\\\/01\\\/DeinAdieu_Logo.png\",\"contentUrl\":\"https:\\\/\\\/www.deinadieu.ch\\\/wp-content\\\/uploads\\\/2016\\\/01\\\/DeinAdieu_Logo.png\",\"width\":300,\"height\":117,\"caption\":\"EMNA Web GmbH\"},\"image\":{\"@id\":\"https:\\\/\\\/www.deinadieu.ch\\\/fr\\\/#\\\/schema\\\/logo\\\/image\\\/\"},\"sameAs\":[\"https:\\\/\\\/www.facebook.com\\\/deinadieu\",\"https:\\\/\\\/x.com\\\/DeinAdieu\",\"https:\\\/\\\/www.instagram.com\\\/deinadieu\\\/\",\"https:\\\/\\\/www.linkedin.com\\\/company\\\/deinadieu.ch\"]}]}<\/script>","yoast_head_json":{"title":"La liquidation officielle de la succession | DeinAdieu","description":"Si aucune des personnes ayant un droit \u00e0 la succession ne souhaite accepter une succession, les autorit\u00e9s cantonales peuvent, sur demande, proc\u00e9der \u00e0 la liquidation officielle.","robots":{"index":"index","follow":"follow","max-snippet":"max-snippet:-1","max-image-preview":"max-image-preview:large","max-video-preview":"max-video-preview:-1"},"canonical":"https:\/\/www.deinadieu.ch\/fr\/conseiller\/la-liquidation-officielle-de-la-succession\/","og_locale":"fr_FR","og_type":"article","og_title":"La liquidation officielle de la succession","og_description":"En cas de liquidation officielle, les h\u00e9ritiers peuvent b\u00e9n\u00e9ficier d'un \u00e9ventuel exc\u00e9dent. En outre, les cr\u00e9anciers h\u00e9r\u00e9ditaires sont r\u00e9mun\u00e9r\u00e9s de mani\u00e8re","og_url":"https:\/\/www.deinadieu.ch\/fr\/conseiller\/la-liquidation-officielle-de-la-succession\/","og_site_name":"DeinAdieu.ch","article_publisher":"https:\/\/www.facebook.com\/deinadieu","article_modified_time":"2022-09-27T06:40:36+00:00","og_image":[{"width":1280,"height":853,"url":"https:\/\/static.deinadieu.ch\/uploads\/2020\/05\/iStock-517704238.jpg","type":"image\/jpeg"}],"twitter_card":"summary_large_image","twitter_site":"@DeinAdieu","twitter_misc":{"Est. reading time":"10 minutes"},"schema":{"@context":"https:\/\/schema.org","@graph":[{"@type":"WebPage","@id":"https:\/\/www.deinadieu.ch\/fr\/conseiller\/la-liquidation-officielle-de-la-succession\/","url":"https:\/\/www.deinadieu.ch\/fr\/conseiller\/la-liquidation-officielle-de-la-succession\/","name":"La liquidation officielle de la succession | DeinAdieu","isPartOf":{"@id":"https:\/\/www.deinadieu.ch\/fr\/#website"},"primaryImageOfPage":{"@id":"https:\/\/www.deinadieu.ch\/fr\/conseiller\/la-liquidation-officielle-de-la-succession\/#primaryimage"},"image":{"@id":"https:\/\/www.deinadieu.ch\/fr\/conseiller\/la-liquidation-officielle-de-la-succession\/#primaryimage"},"thumbnailUrl":"https:\/\/www.deinadieu.ch\/wp-content\/uploads\/2020\/05\/iStock-517704238.jpg","datePublished":"2022-03-21T09:17:05+00:00","dateModified":"2022-09-27T06:40:36+00:00","description":"Si aucune des personnes ayant un droit \u00e0 la succession ne souhaite accepter une succession, les autorit\u00e9s cantonales peuvent, sur demande, proc\u00e9der \u00e0 la liquidation officielle.","breadcrumb":{"@id":"https:\/\/www.deinadieu.ch\/fr\/conseiller\/la-liquidation-officielle-de-la-succession\/#breadcrumb"},"inLanguage":"fr-FR","potentialAction":[{"@type":"ReadAction","target":["https:\/\/www.deinadieu.ch\/fr\/conseiller\/la-liquidation-officielle-de-la-succession\/"]}]},{"@type":"ImageObject","inLanguage":"fr-FR","@id":"https:\/\/www.deinadieu.ch\/fr\/conseiller\/la-liquidation-officielle-de-la-succession\/#primaryimage","url":"https:\/\/www.deinadieu.ch\/wp-content\/uploads\/2020\/05\/iStock-517704238.jpg","contentUrl":"https:\/\/www.deinadieu.ch\/wp-content\/uploads\/2020\/05\/iStock-517704238.jpg","width":1280,"height":853,"caption":"La liquidation officielle de la succession (image : iStock)"},{"@type":"BreadcrumbList","@id":"https:\/\/www.deinadieu.ch\/fr\/conseiller\/la-liquidation-officielle-de-la-succession\/#breadcrumb","itemListElement":[{"@type":"ListItem","position":1,"name":"Home","item":"https:\/\/www.deinadieu.ch\/fr\/deinadieu-dialog-und-serviceportal-zum-lebensende\/"},{"@type":"ListItem","position":2,"name":"Ratgeber","item":"https:\/\/www.deinadieu.ch\/fr\/conseiller\/"},{"@type":"ListItem","position":3,"name":"La liquidation officielle de la succession"}]},{"@type":"WebSite","@id":"https:\/\/www.deinadieu.ch\/fr\/#website","url":"https:\/\/www.deinadieu.ch\/fr\/","name":"DeinAdieu.ch","description":"Testament, Patientenverf\u00fcgung und Vorsorgeauftrag","publisher":{"@id":"https:\/\/www.deinadieu.ch\/fr\/#organization"},"potentialAction":[{"@type":"SearchAction","target":{"@type":"EntryPoint","urlTemplate":"https:\/\/www.deinadieu.ch\/fr\/?s={search_term_string}"},"query-input":{"@type":"PropertyValueSpecification","valueRequired":true,"valueName":"search_term_string"}}],"inLanguage":"fr-FR"},{"@type":"Organization","@id":"https:\/\/www.deinadieu.ch\/fr\/#organization","name":"EMNA Web GmbH","url":"https:\/\/www.deinadieu.ch\/fr\/","logo":{"@type":"ImageObject","inLanguage":"fr-FR","@id":"https:\/\/www.deinadieu.ch\/fr\/#\/schema\/logo\/image\/","url":"https:\/\/www.deinadieu.ch\/wp-content\/uploads\/2016\/01\/DeinAdieu_Logo.png","contentUrl":"https:\/\/www.deinadieu.ch\/wp-content\/uploads\/2016\/01\/DeinAdieu_Logo.png","width":300,"height":117,"caption":"EMNA Web GmbH"},"image":{"@id":"https:\/\/www.deinadieu.ch\/fr\/#\/schema\/logo\/image\/"},"sameAs":["https:\/\/www.facebook.com\/deinadieu","https:\/\/x.com\/DeinAdieu","https:\/\/www.instagram.com\/deinadieu\/","https:\/\/www.linkedin.com\/company\/deinadieu.ch"]}]}},"_links":{"self":[{"href":"https:\/\/www.deinadieu.ch\/fr\/wp-json\/wp\/v2\/ratgeber\/56425","targetHints":{"allow":["GET"]}}],"collection":[{"href":"https:\/\/www.deinadieu.ch\/fr\/wp-json\/wp\/v2\/ratgeber"}],"about":[{"href":"https:\/\/www.deinadieu.ch\/fr\/wp-json\/wp\/v2\/types\/ratgeber"}],"author":[{"embeddable":true,"href":"https:\/\/www.deinadieu.ch\/fr\/wp-json\/wp\/v2\/users\/2398"}],"replies":[{"embeddable":true,"href":"https:\/\/www.deinadieu.ch\/fr\/wp-json\/wp\/v2\/comments?post=56425"}],"version-history":[{"count":3,"href":"https:\/\/www.deinadieu.ch\/fr\/wp-json\/wp\/v2\/ratgeber\/56425\/revisions"}],"predecessor-version":[{"id":60459,"href":"https:\/\/www.deinadieu.ch\/fr\/wp-json\/wp\/v2\/ratgeber\/56425\/revisions\/60459"}],"wp:featuredmedia":[{"embeddable":true,"href":"https:\/\/www.deinadieu.ch\/fr\/wp-json\/wp\/v2\/media\/46599"}],"wp:attachment":[{"href":"https:\/\/www.deinadieu.ch\/fr\/wp-json\/wp\/v2\/media?parent=56425"}],"wp:term":[{"taxonomy":"post_tag","embeddable":true,"href":"https:\/\/www.deinadieu.ch\/fr\/wp-json\/wp\/v2\/tags?post=56425"},{"taxonomy":"ratgeber-category","embeddable":true,"href":"https:\/\/www.deinadieu.ch\/fr\/wp-json\/wp\/v2\/ratgeber-category?post=56425"}],"curies":[{"name":"wp","href":"https:\/\/api.w.org\/{rel}","templated":true}]}}