{"id":56404,"date":"2021-01-26T08:15:00","date_gmt":"2021-01-26T07:15:00","guid":{"rendered":"https:\/\/deinadieu.ch\/ratgeber\/voici-comment-creer-un-faire-part-de-deces-gratuit\/"},"modified":"2025-08-18T08:02:56","modified_gmt":"2025-08-18T06:02:56","slug":"voici-comment-creer-un-faire-part-de-deces-gratuit","status":"publish","type":"ratgeber","link":"https:\/\/www.deinadieu.ch\/fr\/conseiller\/voici-comment-creer-un-faire-part-de-deces-gratuit\/","title":{"rendered":"Le faire-part de d\u00e9c\u00e8s"},"content":{"rendered":"\n<p>De nombreuses personnes en deuil souhaitent rendre hommage \u00e0 une personne d\u00e9c\u00e9d\u00e9e de mani\u00e8re appropri\u00e9e. Selon une longue tradition suisse, cela se fait souvent dans les avis de d\u00e9c\u00e8s publics \u2013 notamment dans les journaux. <\/p>\n\n<!--more-->\n\n<h2 class=\"wp-block-heading\" id=\"h-wieso-eine-todesanzeige-inserieren\">Pourquoi publier un faire-part de d\u00e9c\u00e8s ?<\/h2>\n\n<p>En Suisse, les faire-part de d\u00e9c\u00e8s ont une longue tradition et ils sont publi\u00e9s pour les particuliers et les personnalit\u00e9s publiques. Outre le caract\u00e8re informatif d&#8217;un avis de d\u00e9c\u00e8s, il permet de rendre hommage \u00e0 la personne d\u00e9c\u00e9d\u00e9e. Un faire-part de d\u00e9c\u00e8s dans un journal permet d&#8217;atteindre des personnes qui connaissaient le d\u00e9funt, mais qui n&#8217;ont peut-\u00eatre pas de lien \u00e9troit avec la famille. En plus des informations sur la personne, un avis de d\u00e9c\u00e8s donne g\u00e9n\u00e9ralement des informations sur la date, l&#8217;heure et le lieu de des fun\u00e9railles ou de l&#8217;inhumation, ainsi que, le cas \u00e9ch\u00e9ant, des adresses pour les lettres de condol\u00e9ances.<\/p>\n\n<h2 class=\"wp-block-heading\" id=\"h-was-gilt-es-zu-beachten-bei-einer-todesanzeige\">A quoi faut-il pr\u00eater attention dans un faire-part de d\u00e9c\u00e8s ?<\/h2>\n\n<p>Lors de la r\u00e9daction d&#8217;un avis de d\u00e9c\u00e8s, il faut veiller \u00e0 trouver un \u00e9quilibre entre le contenu informatif et la simplicit\u00e9. Les proches devraient accorder une consid\u00e9ration essentielle \u00e0 la port\u00e9e qu&#8217;ils souhaitent que le faire-part de d\u00e9c\u00e8s ait. Sur cette base, il est possible de choisir le bon m\u00e9dia (c&#8217;est-\u00e0-dire le journal local ou national) de mani\u00e8re optimale. Les sites internet de la plupart des journaux proposent des check-lists reprenant les \u00e9l\u00e9ments essentiels d&#8217;un avis de d\u00e9c\u00e8s. Ce \u00e0 quoi il faut pr\u00eater attention :<\/p>\n\n<ul class=\"list-disc ml-4\"> <li>Le nom du d\u00e9funt<\/li><li>Sa date de naissance et de d\u00e9c\u00e8s<\/li><li>Son lieu de r\u00e9sidence, \u00e9ventuellement son lieu de d\u00e9c\u00e8s<\/li><li>La date, l&#8217;heure, le lieu et le type de fun\u00e9railles\/d&#8217;obs\u00e8ques<\/li><li>La famille en deuil et les autres proches<\/li><li>L&#8217;adresse pour les dons de fleurs\/de couronnes ou l&#8217;indication du souhait alternatif (dons en argent \u00e0 des organisations d&#8217;utilit\u00e9 publique, etc.)<\/li><\/ul>\n\n<p>En outre, il est souvent possible d&#8217;obtenir un conseil personnalis\u00e9 par t\u00e9l\u00e9phone ou en personne.<\/p>\n\n<p>Voici quelques <a href=\"https:\/\/www.deinadieu.ch\/fr\/exemples-davis-de-deces\/\">id\u00e9es d&#8217;avis de d\u00e9c\u00e8s<\/a>.<\/p>\n\n<p><\/p>\n\n<h2 class=\"wp-block-heading\" id=\"h-preise-einer-todesanzeige\">Le prix d&#8217;un faire-part de d\u00e9c\u00e8s<\/h2>\n\n<p>Au contraire, les prix varient d\u2019un journal \u00e0 l\u2019autre en fonction de leur tirage. La base de calcul est g\u00e9n\u00e9ralement la largeur de l&#8217;annonce (en colonnes) ainsi que la longueur du texte (en lignes). L&#8217;emplacement souhait\u00e9 ainsi que, le cas \u00e9ch\u00e9ant, l&#8217;impression en couleur et les symboles sont \u00e9galement d\u00e9terminants. Souvent, les prix concrets sont \u00e9galement indiqu\u00e9s sur les sites Internet des journaux qui les proposent.<\/p>\n\n<p><\/p>\n\n<div class=\"wp-block-buttons is-layout-flex wp-block-buttons-is-layout-flex\"><\/div>\n\n<hr class=\"wp-block-separator has-css-opacity is-style-wide\"\/>\n\n<h2 class=\"wp-block-heading\" id=\"h-bei-uns-erstellen-sie-zudem-kostenlos\">Avec nous, vous pouvez \u00e9galement cr\u00e9er gratuitement :<\/h2>\n\n<div class=\"wp-block-buttons is-layout-flex wp-block-buttons-is-layout-flex\">\n<div class=\"wp-block-button\"><a class=\"wp-block-button__link has-background wp-element-button\" href=\"https:\/\/app.deinadieu.ch\/testamentgenerator\" style=\"background-color:#755569\">Votre testament<\/a><\/div>\n<\/div>\n\n<div class=\"wp-block-buttons is-layout-flex wp-block-buttons-is-layout-flex\">\n<div class=\"wp-block-button\"><a class=\"wp-block-button__link has-background wp-element-button\" href=\"https:\/\/app.deinadieu.ch\/patientenverfuegung\" style=\"background-color:#755569\">Vos directives anticip\u00e9es du patient<\/a><\/div>\n<\/div>\n\n<div class=\"wp-block-buttons is-layout-flex wp-block-buttons-is-layout-flex\">\n<div class=\"wp-block-button\"><a class=\"wp-block-button__link has-background wp-element-button\" href=\"https:\/\/www.deinadieu.ch\/fr\/mandat-pour-cause-d-inaptitude\/\" style=\"background-color:#755569\" target=\"_blank\" rel=\"noreferrer noopener\">Votre mandat pour cause d&#8217;inaptitude<\/a><\/div>\n<\/div>\n","protected":false},"excerpt":{"rendered":"<p>De nombreuses personnes en deuil souhaitent rendre hommage \u00e0 une personne d\u00e9c\u00e9d\u00e9e de mani\u00e8re appropri\u00e9e. Selon une longue tradition suisse, cela se fait souvent dans les avis de d\u00e9c\u00e8s publics \u2013 notamment dans les journaux.<\/p>\n","protected":false},"author":2398,"featured_media":28760,"menu_order":0,"comment_status":"open","ping_status":"closed","template":"","tags":[3337,3229],"ratgeber-category":[2093,2998,2997],"class_list":["post-56404","ratgeber","type-ratgeber","status-publish","has-post-thumbnail","hentry","tag-adieux","tag-faire-part-de-deces","ratgeber-category-deces","ratgeber-category-directives-anticipees-du-patient","ratgeber-category-en-cas-de-deces"],"acf":[],"yoast_head":"<title>Cr\u00e9er soi-m\u00eame un faire-part de d\u00e9c\u00e8s en ligne | DeinAdieu<\/title>\n<meta name=\"description\" content=\"DeinAdieu explique ce \u00e0 quoi il faut pr\u00eater attention dans un avis de d\u00e9c\u00e8s : Ici, vous pouvez cr\u00e9er, publier et partager gratuitement un faire-part de d\u00e9c\u00e8s en ligne.\" \/>\n<meta name=\"robots\" content=\"index, follow, max-snippet:-1, max-image-preview:large, max-video-preview:-1\" \/>\n<link rel=\"canonical\" href=\"https:\/\/www.deinadieu.ch\/fr\/conseiller\/voici-comment-creer-un-faire-part-de-deces-gratuit\/\" \/>\n<meta property=\"og:locale\" content=\"fr_FR\" \/>\n<meta property=\"og:type\" content=\"article\" \/>\n<meta property=\"og:title\" content=\"Le faire-part de d\u00e9c\u00e8s\" \/>\n<meta property=\"og:description\" content=\"De nombreuses personnes en deuil souhaitent rendre hommage \u00e0 une personne d\u00e9c\u00e9d\u00e9e de mani\u00e8re appropri\u00e9e. Selon une longue tradition suisse, cela se fait\" \/>\n<meta property=\"og:url\" content=\"https:\/\/www.deinadieu.ch\/fr\/conseiller\/voici-comment-creer-un-faire-part-de-deces-gratuit\/\" \/>\n<meta property=\"og:site_name\" content=\"DeinAdieu.ch\" \/>\n<meta property=\"article:publisher\" content=\"https:\/\/www.facebook.com\/deinadieu\" \/>\n<meta property=\"article:modified_time\" content=\"2025-08-18T06:02:56+00:00\" \/>\n<meta property=\"og:image\" content=\"https:\/\/static.deinadieu.ch\/uploads\/2021\/01\/iStock-599957928-scaled.jpg\" \/>\n\t<meta property=\"og:image:width\" content=\"2560\" \/>\n\t<meta property=\"og:image:height\" content=\"1925\" \/>\n\t<meta property=\"og:image:type\" content=\"image\/jpeg\" \/>\n<meta name=\"twitter:card\" content=\"summary_large_image\" \/>\n<meta name=\"twitter:site\" content=\"@DeinAdieu\" \/>\n<meta name=\"twitter:label1\" content=\"Est. reading time\" \/>\n\t<meta name=\"twitter:data1\" content=\"2 minutes\" \/>\n<script type=\"application\/ld+json\" class=\"yoast-schema-graph\">{\"@context\":\"https:\\\/\\\/schema.org\",\"@graph\":[{\"@type\":\"WebPage\",\"@id\":\"https:\\\/\\\/www.deinadieu.ch\\\/fr\\\/conseiller\\\/voici-comment-creer-un-faire-part-de-deces-gratuit\\\/\",\"url\":\"https:\\\/\\\/www.deinadieu.ch\\\/fr\\\/conseiller\\\/voici-comment-creer-un-faire-part-de-deces-gratuit\\\/\",\"name\":\"Cr\u00e9er soi-m\u00eame un faire-part de d\u00e9c\u00e8s en ligne | DeinAdieu\",\"isPartOf\":{\"@id\":\"https:\\\/\\\/www.deinadieu.ch\\\/fr\\\/#website\"},\"primaryImageOfPage\":{\"@id\":\"https:\\\/\\\/www.deinadieu.ch\\\/fr\\\/conseiller\\\/voici-comment-creer-un-faire-part-de-deces-gratuit\\\/#primaryimage\"},\"image\":{\"@id\":\"https:\\\/\\\/www.deinadieu.ch\\\/fr\\\/conseiller\\\/voici-comment-creer-un-faire-part-de-deces-gratuit\\\/#primaryimage\"},\"thumbnailUrl\":\"https:\\\/\\\/www.deinadieu.ch\\\/wp-content\\\/uploads\\\/2021\\\/01\\\/iStock-599957928-scaled.jpg\",\"datePublished\":\"2021-01-26T07:15:00+00:00\",\"dateModified\":\"2025-08-18T06:02:56+00:00\",\"description\":\"DeinAdieu explique ce \u00e0 quoi il faut pr\u00eater attention dans un avis de d\u00e9c\u00e8s : Ici, vous pouvez cr\u00e9er, publier et partager gratuitement un faire-part de d\u00e9c\u00e8s en ligne.\",\"breadcrumb\":{\"@id\":\"https:\\\/\\\/www.deinadieu.ch\\\/fr\\\/conseiller\\\/voici-comment-creer-un-faire-part-de-deces-gratuit\\\/#breadcrumb\"},\"inLanguage\":\"fr-FR\",\"potentialAction\":[{\"@type\":\"ReadAction\",\"target\":[\"https:\\\/\\\/www.deinadieu.ch\\\/fr\\\/conseiller\\\/voici-comment-creer-un-faire-part-de-deces-gratuit\\\/\"]}]},{\"@type\":\"ImageObject\",\"inLanguage\":\"fr-FR\",\"@id\":\"https:\\\/\\\/www.deinadieu.ch\\\/fr\\\/conseiller\\\/voici-comment-creer-un-faire-part-de-deces-gratuit\\\/#primaryimage\",\"url\":\"https:\\\/\\\/www.deinadieu.ch\\\/wp-content\\\/uploads\\\/2021\\\/01\\\/iStock-599957928-scaled.jpg\",\"contentUrl\":\"https:\\\/\\\/www.deinadieu.ch\\\/wp-content\\\/uploads\\\/2021\\\/01\\\/iStock-599957928-scaled.jpg\",\"width\":2560,\"height\":1925,\"caption\":\"Ragusa Ibla, Sicily, Italy - April 10, 2013: Two senior men reading public death notices in the main piazza of Ragusa Ibla, a UNESCO World Heritage site.\"},{\"@type\":\"BreadcrumbList\",\"@id\":\"https:\\\/\\\/www.deinadieu.ch\\\/fr\\\/conseiller\\\/voici-comment-creer-un-faire-part-de-deces-gratuit\\\/#breadcrumb\",\"itemListElement\":[{\"@type\":\"ListItem\",\"position\":1,\"name\":\"Home\",\"item\":\"https:\\\/\\\/www.deinadieu.ch\\\/fr\\\/deinadieu-dialog-und-serviceportal-zum-lebensende\\\/\"},{\"@type\":\"ListItem\",\"position\":2,\"name\":\"Ratgeber\",\"item\":\"https:\\\/\\\/www.deinadieu.ch\\\/fr\\\/conseiller\\\/\"},{\"@type\":\"ListItem\",\"position\":3,\"name\":\"Le faire-part de d\u00e9c\u00e8s\"}]},{\"@type\":\"WebSite\",\"@id\":\"https:\\\/\\\/www.deinadieu.ch\\\/fr\\\/#website\",\"url\":\"https:\\\/\\\/www.deinadieu.ch\\\/fr\\\/\",\"name\":\"DeinAdieu.ch\",\"description\":\"Testament, Patientenverf\u00fcgung und Vorsorgeauftrag\",\"publisher\":{\"@id\":\"https:\\\/\\\/www.deinadieu.ch\\\/fr\\\/#organization\"},\"potentialAction\":[{\"@type\":\"SearchAction\",\"target\":{\"@type\":\"EntryPoint\",\"urlTemplate\":\"https:\\\/\\\/www.deinadieu.ch\\\/fr\\\/?s={search_term_string}\"},\"query-input\":{\"@type\":\"PropertyValueSpecification\",\"valueRequired\":true,\"valueName\":\"search_term_string\"}}],\"inLanguage\":\"fr-FR\"},{\"@type\":\"Organization\",\"@id\":\"https:\\\/\\\/www.deinadieu.ch\\\/fr\\\/#organization\",\"name\":\"EMNA Web GmbH\",\"url\":\"https:\\\/\\\/www.deinadieu.ch\\\/fr\\\/\",\"logo\":{\"@type\":\"ImageObject\",\"inLanguage\":\"fr-FR\",\"@id\":\"https:\\\/\\\/www.deinadieu.ch\\\/fr\\\/#\\\/schema\\\/logo\\\/image\\\/\",\"url\":\"https:\\\/\\\/www.deinadieu.ch\\\/wp-content\\\/uploads\\\/2016\\\/01\\\/DeinAdieu_Logo.png\",\"contentUrl\":\"https:\\\/\\\/www.deinadieu.ch\\\/wp-content\\\/uploads\\\/2016\\\/01\\\/DeinAdieu_Logo.png\",\"width\":300,\"height\":117,\"caption\":\"EMNA Web GmbH\"},\"image\":{\"@id\":\"https:\\\/\\\/www.deinadieu.ch\\\/fr\\\/#\\\/schema\\\/logo\\\/image\\\/\"},\"sameAs\":[\"https:\\\/\\\/www.facebook.com\\\/deinadieu\",\"https:\\\/\\\/x.com\\\/DeinAdieu\",\"https:\\\/\\\/www.instagram.com\\\/deinadieu\\\/\",\"https:\\\/\\\/www.linkedin.com\\\/company\\\/deinadieu.ch\"]}]}<\/script>","yoast_head_json":{"title":"Cr\u00e9er soi-m\u00eame un faire-part de d\u00e9c\u00e8s en ligne | DeinAdieu","description":"DeinAdieu explique ce \u00e0 quoi il faut pr\u00eater attention dans un avis de d\u00e9c\u00e8s : Ici, vous pouvez cr\u00e9er, publier et partager gratuitement un faire-part de d\u00e9c\u00e8s en ligne.","robots":{"index":"index","follow":"follow","max-snippet":"max-snippet:-1","max-image-preview":"max-image-preview:large","max-video-preview":"max-video-preview:-1"},"canonical":"https:\/\/www.deinadieu.ch\/fr\/conseiller\/voici-comment-creer-un-faire-part-de-deces-gratuit\/","og_locale":"fr_FR","og_type":"article","og_title":"Le faire-part de d\u00e9c\u00e8s","og_description":"De nombreuses personnes en deuil souhaitent rendre hommage \u00e0 une personne d\u00e9c\u00e9d\u00e9e de mani\u00e8re appropri\u00e9e. Selon une longue tradition suisse, cela se fait","og_url":"https:\/\/www.deinadieu.ch\/fr\/conseiller\/voici-comment-creer-un-faire-part-de-deces-gratuit\/","og_site_name":"DeinAdieu.ch","article_publisher":"https:\/\/www.facebook.com\/deinadieu","article_modified_time":"2025-08-18T06:02:56+00:00","og_image":[{"width":2560,"height":1925,"url":"https:\/\/static.deinadieu.ch\/uploads\/2021\/01\/iStock-599957928-scaled.jpg","type":"image\/jpeg"}],"twitter_card":"summary_large_image","twitter_site":"@DeinAdieu","twitter_misc":{"Est. reading time":"2 minutes"},"schema":{"@context":"https:\/\/schema.org","@graph":[{"@type":"WebPage","@id":"https:\/\/www.deinadieu.ch\/fr\/conseiller\/voici-comment-creer-un-faire-part-de-deces-gratuit\/","url":"https:\/\/www.deinadieu.ch\/fr\/conseiller\/voici-comment-creer-un-faire-part-de-deces-gratuit\/","name":"Cr\u00e9er soi-m\u00eame un faire-part de d\u00e9c\u00e8s en ligne | DeinAdieu","isPartOf":{"@id":"https:\/\/www.deinadieu.ch\/fr\/#website"},"primaryImageOfPage":{"@id":"https:\/\/www.deinadieu.ch\/fr\/conseiller\/voici-comment-creer-un-faire-part-de-deces-gratuit\/#primaryimage"},"image":{"@id":"https:\/\/www.deinadieu.ch\/fr\/conseiller\/voici-comment-creer-un-faire-part-de-deces-gratuit\/#primaryimage"},"thumbnailUrl":"https:\/\/www.deinadieu.ch\/wp-content\/uploads\/2021\/01\/iStock-599957928-scaled.jpg","datePublished":"2021-01-26T07:15:00+00:00","dateModified":"2025-08-18T06:02:56+00:00","description":"DeinAdieu explique ce \u00e0 quoi il faut pr\u00eater attention dans un avis de d\u00e9c\u00e8s : Ici, vous pouvez cr\u00e9er, publier et partager gratuitement un faire-part de d\u00e9c\u00e8s en ligne.","breadcrumb":{"@id":"https:\/\/www.deinadieu.ch\/fr\/conseiller\/voici-comment-creer-un-faire-part-de-deces-gratuit\/#breadcrumb"},"inLanguage":"fr-FR","potentialAction":[{"@type":"ReadAction","target":["https:\/\/www.deinadieu.ch\/fr\/conseiller\/voici-comment-creer-un-faire-part-de-deces-gratuit\/"]}]},{"@type":"ImageObject","inLanguage":"fr-FR","@id":"https:\/\/www.deinadieu.ch\/fr\/conseiller\/voici-comment-creer-un-faire-part-de-deces-gratuit\/#primaryimage","url":"https:\/\/www.deinadieu.ch\/wp-content\/uploads\/2021\/01\/iStock-599957928-scaled.jpg","contentUrl":"https:\/\/www.deinadieu.ch\/wp-content\/uploads\/2021\/01\/iStock-599957928-scaled.jpg","width":2560,"height":1925,"caption":"Ragusa Ibla, Sicily, Italy - April 10, 2013: Two senior men reading public death notices in the main piazza of Ragusa Ibla, a UNESCO World Heritage site."},{"@type":"BreadcrumbList","@id":"https:\/\/www.deinadieu.ch\/fr\/conseiller\/voici-comment-creer-un-faire-part-de-deces-gratuit\/#breadcrumb","itemListElement":[{"@type":"ListItem","position":1,"name":"Home","item":"https:\/\/www.deinadieu.ch\/fr\/deinadieu-dialog-und-serviceportal-zum-lebensende\/"},{"@type":"ListItem","position":2,"name":"Ratgeber","item":"https:\/\/www.deinadieu.ch\/fr\/conseiller\/"},{"@type":"ListItem","position":3,"name":"Le faire-part de d\u00e9c\u00e8s"}]},{"@type":"WebSite","@id":"https:\/\/www.deinadieu.ch\/fr\/#website","url":"https:\/\/www.deinadieu.ch\/fr\/","name":"DeinAdieu.ch","description":"Testament, Patientenverf\u00fcgung und Vorsorgeauftrag","publisher":{"@id":"https:\/\/www.deinadieu.ch\/fr\/#organization"},"potentialAction":[{"@type":"SearchAction","target":{"@type":"EntryPoint","urlTemplate":"https:\/\/www.deinadieu.ch\/fr\/?s={search_term_string}"},"query-input":{"@type":"PropertyValueSpecification","valueRequired":true,"valueName":"search_term_string"}}],"inLanguage":"fr-FR"},{"@type":"Organization","@id":"https:\/\/www.deinadieu.ch\/fr\/#organization","name":"EMNA Web GmbH","url":"https:\/\/www.deinadieu.ch\/fr\/","logo":{"@type":"ImageObject","inLanguage":"fr-FR","@id":"https:\/\/www.deinadieu.ch\/fr\/#\/schema\/logo\/image\/","url":"https:\/\/www.deinadieu.ch\/wp-content\/uploads\/2016\/01\/DeinAdieu_Logo.png","contentUrl":"https:\/\/www.deinadieu.ch\/wp-content\/uploads\/2016\/01\/DeinAdieu_Logo.png","width":300,"height":117,"caption":"EMNA Web GmbH"},"image":{"@id":"https:\/\/www.deinadieu.ch\/fr\/#\/schema\/logo\/image\/"},"sameAs":["https:\/\/www.facebook.com\/deinadieu","https:\/\/x.com\/DeinAdieu","https:\/\/www.instagram.com\/deinadieu\/","https:\/\/www.linkedin.com\/company\/deinadieu.ch"]}]}},"_links":{"self":[{"href":"https:\/\/www.deinadieu.ch\/fr\/wp-json\/wp\/v2\/ratgeber\/56404","targetHints":{"allow":["GET"]}}],"collection":[{"href":"https:\/\/www.deinadieu.ch\/fr\/wp-json\/wp\/v2\/ratgeber"}],"about":[{"href":"https:\/\/www.deinadieu.ch\/fr\/wp-json\/wp\/v2\/types\/ratgeber"}],"author":[{"embeddable":true,"href":"https:\/\/www.deinadieu.ch\/fr\/wp-json\/wp\/v2\/users\/2398"}],"replies":[{"embeddable":true,"href":"https:\/\/www.deinadieu.ch\/fr\/wp-json\/wp\/v2\/comments?post=56404"}],"version-history":[{"count":11,"href":"https:\/\/www.deinadieu.ch\/fr\/wp-json\/wp\/v2\/ratgeber\/56404\/revisions"}],"predecessor-version":[{"id":73146,"href":"https:\/\/www.deinadieu.ch\/fr\/wp-json\/wp\/v2\/ratgeber\/56404\/revisions\/73146"}],"wp:featuredmedia":[{"embeddable":true,"href":"https:\/\/www.deinadieu.ch\/fr\/wp-json\/wp\/v2\/media\/28760"}],"wp:attachment":[{"href":"https:\/\/www.deinadieu.ch\/fr\/wp-json\/wp\/v2\/media?parent=56404"}],"wp:term":[{"taxonomy":"post_tag","embeddable":true,"href":"https:\/\/www.deinadieu.ch\/fr\/wp-json\/wp\/v2\/tags?post=56404"},{"taxonomy":"ratgeber-category","embeddable":true,"href":"https:\/\/www.deinadieu.ch\/fr\/wp-json\/wp\/v2\/ratgeber-category?post=56404"}],"curies":[{"name":"wp","href":"https:\/\/api.w.org\/{rel}","templated":true}]}}