{"id":56396,"date":"2022-03-29T07:00:00","date_gmt":"2022-03-29T05:00:00","guid":{"rendered":"https:\/\/deinadieu.ch\/ratgeber\/la-communaute-hereditaire-quand-et-pourquoi\/"},"modified":"2024-02-15T09:43:01","modified_gmt":"2024-02-15T08:43:01","slug":"la-communaute-hereditaire-quand-et-pourquoi","status":"publish","type":"ratgeber","link":"https:\/\/www.deinadieu.ch\/fr\/conseiller\/la-communaute-hereditaire-quand-et-pourquoi\/","title":{"rendered":"La communaut\u00e9 h\u00e9r\u00e9ditaire \u2013 Quand et pourquoi ?"},"content":{"rendered":"\n<p>S&#8217;il y a plusieurs h\u00e9ritiers dans une succession, ils re\u00e7oivent la succession en propri\u00e9t\u00e9 commune au d\u00e9c\u00e8s du de cujus. Ils forment une communaut\u00e9 h\u00e9r\u00e9ditaire jusqu&#8217;au partage. Cet article explique ce que cela signifie pour vous.<\/p>\n\n<!--more-->\n\n<h2 class=\"wp-block-heading\" id=\"h-was-ist-eine-erbengemeinschaft\">Qu&#8217;est-ce qu&#8217;une communaut\u00e9 h\u00e9r\u00e9ditaire ?<\/h2>\n\n<p>Au d\u00e9c\u00e8s d&#8217;une personne, la somme de ses actifs et de ses passifs (c&#8217;est-\u00e0-dire ses biens et ses dettes) est transf\u00e9r\u00e9e en bloc \u00e0 la communaut\u00e9 h\u00e9r\u00e9ditaire. Les \u00e9l\u00e9ments de la succession sont estim\u00e9s en fonction de leur <a href=\"https:\/\/www.deinadieu.ch\/faq\/was-ist-der-verkehrswert\/\">valeur v\u00e9nale<\/a> au moment du d\u00e9c\u00e8s et inscrits dans un inventaire.<\/p>\n\n<p>Au d\u00e9c\u00e8s du de cujus, les h\u00e9riti\u00e8res et les h\u00e9ritiers lui succ\u00e8dent. Toute personne qui participe \u00e0 la succession <a href=\"https:\/\/www.deinadieu.ch\/die-erbfolge-nach-dem-gesetz\/\">de par la loi<\/a> ou <a href=\"https:\/\/www.deinadieu.ch\/ratgeber\/die-gesetzliche-und-die-gewillkuerte-erbfolge-wer-erbt-wie-viel\/\">en vertu d&#8217;une disposition pour cause de mort<\/a> (<a href=\"https:\/\/www.deinadieu.ch\/fr\/conseiller\/les-trois-types-de-testaments-quil-faut-connaitre\/\">testament<\/a> ou <a href=\"https:\/\/www.deinadieu.ch\/ratgeber\/vererben-durch-vertrag\/\">pacte successoral positif<\/a>) est h\u00e9riti\u00e8re. Cependant, personne n&#8217;est oblig\u00e9 d&#8217;accepter une succession contre sa volont\u00e9. Celui qui a <a href=\"https:\/\/www.deinadieu.ch\/ratgeber\/wie-kann-ein-erbverzicht-aussehen\/\">renonc\u00e9<\/a> \u00e0 la succession ou qui l&#8217;a <a href=\"https:\/\/www.deinadieu.ch\/ratgeber\/die-erbschaft-annehmen-oder-ausschlagen\/\">r\u00e9pudi\u00e9e<\/a> apr\u00e8s l&#8217;ouverture de la succession n&#8217;a pas la qualit\u00e9 d&#8217;h\u00e9ritier. La r\u00e9pudiation de la succession est surtout recommand\u00e9e si vous avez des craintes fond\u00e9es de <a href=\"https:\/\/www.deinadieu.ch\/ratgeber\/erbe-ausschlagen\/\">surendettement<\/a>. Celui qui r\u00e9pudie n&#8217;est pas pris en compte dans la succession. Si tous les h\u00e9ritiers r\u00e9pudient la succession, il est proc\u00e9d\u00e9 \u00e0 la <a href=\"https:\/\/www.deinadieu.ch\/fr\/conseiller\/la-liquidation-officielle-de-la-succession\/\">liquidation officielle<\/a> de celle-ci. Celui qui a \u00e9t\u00e9 valablement <a href=\"https:\/\/www.deinadieu.ch\/ratgeber\/enterben-leichter-gesagt-als-getan\/\">exh\u00e9r\u00e9d\u00e9<\/a> ou qui est indigne de succ\u00e9der de par la loi n&#8217;appartient pas non plus au <a href=\"https:\/\/www.deinadieu.ch\/ratgeber\/kreis-der-erbberechtigten\/\">cercle des ayants droit \u00e0 la succession<\/a>.<\/p>\n\n<p>S&#8217;il n&#8217;y a qu&#8217;un seul h\u00e9ritier, il n&#8217;y a pas de communaut\u00e9 h\u00e9r\u00e9ditaire. En effet, la succession revient alors \u00e0 l&#8217;h\u00e9ritier unique et elle ne doit pas \u00eatre partag\u00e9e. Cependant, un tel cas est plut\u00f4t rare. Il arrive plus fr\u00e9quemment que le de cujus laisse plusieurs <a href=\"https:\/\/www.deinadieu.ch\/ratgeber\/erbschaft-und-vorsorge-wen-wie-einbinden\/\">proches ayant un droit \u00e0 la succession<\/a>. Il s&#8217;agit souvent du <a href=\"https:\/\/www.deinadieu.ch\/ratgeber\/vorrechte-des-ehepartners\/\">conjoint<\/a>, du <a href=\"https:\/\/www.deinadieu.ch\/ratgeber\/eingetragene-partnerschaft-die-grossten-irrtumer\/\">partenaire enregistr\u00e9<\/a>, de <a href=\"https:\/\/www.deinadieu.ch\/fr\/conseiller\/quelles-sont-les-reserves-hereditaires-de-mes-enfants-existe-t-il-des-alternatives\/\">descendants<\/a> ou de <a href=\"https:\/\/www.deinadieu.ch\/ratgeber\/vererben-ohne-testament-das-parentel-system\/\">parents appartenant \u00e0 la parent\u00e8le des p\u00e8re et m\u00e8re<\/a>. Par ailleurs, il est possible de d\u00e9signer d&#8217;autres ayants droit au moyen d&#8217;un <a href=\"https:\/\/www.deinadieu.ch\/fr\/conseiller\/comment-rediger-un-testament\/\">testament<\/a> ou d&#8217;un <a href=\"https:\/\/www.deinadieu.ch\/der-erbvertrag\/\">pacte successoral<\/a>. Il peut s&#8217;agir de personnes physiques, mais aussi de personnes morales (p. ex. des <a href=\"https:\/\/www.deinadieu.ch\/ratgeber\/steuerbefreiung-einer-ngo\/\">ONG<\/a> ou des <a href=\"https:\/\/www.deinadieu.ch\/fr\/conseiller\/constituer-une-fondation-dutilite-publique\/\">fondations d&#8217;utilit\u00e9 publique<\/a>).<\/p>\n\n<p>S&#8217;il y a plusieurs ayants droit \u00e0 la succession, ceux-ci ne peuvent pas s&#8217;approprier les biens de la succession imm\u00e9diatement apr\u00e8s le d\u00e9c\u00e8s du de cujus. En effet, jusqu&#8217;au partage de la succession, ils ne peuvent en disposer qu&#8217;\u00e0 l&#8217;unanimit\u00e9 en tant que propri\u00e9taires communs. Cette exigence peut poser des probl\u00e8mes en cas de d\u00e9saccord entre les h\u00e9ritiers, notamment dans les affaires urgentes (p. ex. pour le paiement de dettes ou la <a href=\"https:\/\/www.deinadieu.ch\/ratgeber\/wenn-die-papa-ag-zur-sohn-ag-wird-unternehmensnachfolge-bei-kmu\/\">poursuite de l&#8217;activit\u00e9 d&#8217;une entreprise<\/a>).<\/p>\n\n<h2 class=\"wp-block-heading\">Quels sont les droits et les obligations des membres d&#8217;une communaut\u00e9 h\u00e9r\u00e9ditaire ?<\/h2>\n\n<p>La communaut\u00e9 h\u00e9r\u00e9ditaire n&#8217;a pas de personnalit\u00e9 juridique propre, ce qui signifie que les diff\u00e9rents h\u00e9ritiers sont eux-m\u00eames directement titulaires des droits et des obligations li\u00e9s la succession. Ils ont des droits et obligations entre eux (dans les rapports internes), mais aussi vis-\u00e0-vis de tiers (dans les rapports externes).<\/p>\n\n<h2 class=\"wp-block-heading\">Les obligations des h\u00e9riti\u00e8res et des h\u00e9ritiers<\/h2>\n\n<p>Les h\u00e9ritiers sont l\u00e9galement tenus de payer les dettes de la succession. Les <strong>dettes du d\u00e9funt<\/strong> ou dettes successorales (obligations qui existaient d\u00e9j\u00e0 de son vivant) et les <strong>dettes de la succession<\/strong> (obligations qui naissent avec la succession, p. ex. les frais fun\u00e9raires ou les honoraires d&#8217;avocat) sont en principe pay\u00e9es par l&#8217;actif de la succession. Elles sont d\u00e9duites avant le calcul de la <a href=\"https:\/\/www.deinadieu.ch\/ratgeber\/erbteil-pflichtteile-und-verfuegbare-quote\/\">quotit\u00e9 disponible<\/a>. Il est recommand\u00e9 de rembourser le plus t\u00f4t possible toutes les dettes au moyen des actifs successoraux. Cela permet d&#8217;\u00e9viter de payer des int\u00e9r\u00eats de retard ou des dommages et int\u00e9r\u00eats co\u00fbteux, ou du moins de limiter les frais. \u00c0 tout le moins, on \u00e9vite \u00e0 toutes les parties concern\u00e9es une <a href=\"https:\/\/www.kmu.admin.ch\/kmu\/de\/home\/praktisches-wissen\/finanzielles\/buchhaltung-und-revision\/was-tun-bei-drohendem-zahlungsausfall\/betreibungsbegehren.html\">proc\u00e9dure de poursuite<\/a> qui est lourde et co\u00fbteuse.<\/p>\n\n<p>Les h\u00e9riti\u00e8res r\u00e9pondent solidairement des dettes de la d\u00e9funte avec leurs propres biens. Chaque membre peut ainsi exiger que les dettes de la succession soient rembours\u00e9es ou garanties avant le partage.<\/p>\n\n<p>Dans le cadre du <a href=\"https:\/\/www.deinadieu.ch\/fr\/conseiller\/le-chemin-vers-lheritage-comment-fonctionne-le-partage-successoral\/\">partage successoral<\/a> (voir ci-dessous), les h\u00e9ritiers doivent se communiquer tous les faits qui sont importants pour le partage \u00e9gal et \u00e9quitable de la succession \u2013 notamment les <a href=\"https:\/\/www.deinadieu.ch\/ratgeber\/schenkungen-an-kinder-zu-lebzeiten-und-erbvorbezuege\/\">donations entre vifs<\/a> et les <a href=\"https:\/\/www.deinadieu.ch\/ratgeber\/umwandlung-von-darlehen-zu-erbvorbezug-worauf-achten\/\">avancements d&#8217;hoirie<\/a>.<\/p>\n\n<p>En effet, l&#8217;obligation de <a href=\"https:\/\/www.deinadieu.ch\/ratgeber\/was-bedeutet-die-ausgleichung-von-erbvorbezuegen\/\">rapporter<\/a> s&#8217;applique \u00e0 certaines lib\u00e9ralit\u00e9s entre vifs : si certains h\u00e9ritiers ont re\u00e7u des biens de leur vivant en imputation sur leur part successorale, ils pourraient \u00eatre <a href=\"https:\/\/www.deinadieu.ch\/ausgleichungspflicht-unter-den-erben\/\">tenus de les rapporter<\/a>. Cela signifie qu&#8217;ils doivent <a href=\"https:\/\/www.deinadieu.ch\/fr\/conseiller\/obligation-de-renseigner-dans-le-cadre-dune-succession\/\">informer<\/a> leurs coh\u00e9ritiers des <a href=\"https:\/\/www.deinadieu.ch\/ratgeber\/welche-leistungen-werden-als-erbvorbezug-betrachtet\/\">avancements d&#8217;hoirie<\/a> et les \u00ab verser \u00bb dans la succession. Ainsi, la masse successorale augmente, ce qui permet de distribuer davantage de biens. Toutefois, le de cujus peut \u00e9galement <a href=\"https:\/\/www.deinadieu.ch\/ratgeber\/ausgleichungspflicht-erbvorbezug\/\">dispenser du rapport<\/a>.<\/p>\n\n<h2 class=\"wp-block-heading\">Les droits des h\u00e9riti\u00e8res et des h\u00e9ritiers<\/h2>\n\n<p>En principe, tous les h\u00e9ritiers ont les m\u00eames droits. Ind\u00e9pendamment du montant de sa part successorale, une seule h\u00e9riti\u00e8re peut <a href=\"https:\/\/www.deinadieu.ch\/ratgeber\/erbstreit\/\">s&#8217;opposer<\/a> \u00e0 toute d\u00e9cision de la communaut\u00e9 ou retarder le partage par diff\u00e9rents actes juridiques. Une seule personne peut ainsi bloquer l&#8217;ensemble de la <a href=\"https:\/\/www.deinadieu.ch\/fr\/conseiller\/comment-se-deroule-une-succession\/\">succession<\/a> avec son veto, qu&#8217;elle ait ou non de bonnes raisons de le faire.<\/p>\n\n<p>Les conflits entre les membres de la communaut\u00e9 h\u00e9r\u00e9ditaire doivent \u00eatre abord\u00e9s suffisamment t\u00f4t. Dans le meilleur des cas, la liquidation ne devrait pas faire peser une charge excessive sur la succession. A cette fin, le testateur est libre de d\u00e9signer un <a href=\"https:\/\/www.deinadieu.ch\/ratgeber\/willensvollstrecker\/\">ex\u00e9cuteur<\/a> ou une <a href=\"https:\/\/www.deinadieu.ch\/ratgeber\/warum-ein-willensvollstrecker-die-erben-entlastet-und-wie-man-ihn-absetzt\/\">ex\u00e9cutrice testamentaire<\/a> dans une disposition pour cause de mort. A la demande d&#8217;un coh\u00e9ritier, l&#8217;<a href=\"https:\/\/www.deinadieu.ch\/ratgeber\/wo-erbt-man-und-welcher-kanton-ist-wofuer-massgeblich\/\">autorit\u00e9 cantonale comp\u00e9tente<\/a> peut \u00e9galement d\u00e9signer un <a href=\"https:\/\/www.deinadieu.ch\/ratgeber\/erbenvertretung-fuer-erbengemeinschaften\/\">repr\u00e9sentant des h\u00e9ritiers<\/a> ou un <a href=\"https:\/\/www.deinadieu.ch\/ratgeber\/willensvollstrecker-und-erbschaftsverwalter\/\">administrateur de la succession<\/a> jusqu&#8217;au partage de la succession. L&#8217;ex\u00e9cuteur testamentaire, le repr\u00e9sentant des h\u00e9ritiers et l&#8217;administrateur de la succession ont des t\u00e2ches tr\u00e8s similaires : Ils g\u00e8rent la succession dans l&#8217;int\u00e9r\u00eat des h\u00e9ritiers afin de pr\u00e9server le patrimoine. En cons\u00e9quence, ils doivent \u00eatre habilit\u00e9s \u00e0 conclure tous les actes juridiques que leur mission implique habituellement. Cela comprend p. ex. l\u2019entretien, la location ou la vente de biens immobiliers ou la r\u00e9affectation d\u2019actifs dans des formes d\u2019investissement avantageuses. Les Les h\u00e9ritiers peuvent, \u00e0 leur tour, d\u00e9terminer ou limiter les droits et obligations de leur repr\u00e9sentant \u00e0 l&#8217;unanimit\u00e9. Les dispositions du <a href=\"https:\/\/www.deinadieu.ch\/ratgeber\/brauche-ich-einen-anwalt-oder-notar-fuer-den-nachlass\/\">droit des mandats<\/a> s&#8217;appliquent \u00e0 titre compl\u00e9mentaire. Tout h\u00e9ritier peut adresser une plainte \u00e0 l&#8217;autorit\u00e9 de surveillance comp\u00e9tente contre les actes d&#8217;un ex\u00e9cuteur testamentaire et demander sa r\u00e9vocation.<\/p>\n\n<p>En principe, tout h\u00e9ritier peut demander en tout temps le partage de la succession. Il s&#8217;agit de s&#8217;assurer ainsi que personne ne doive rester dans la communaut\u00e9 h\u00e9r\u00e9ditaire contre son gr\u00e9. Dans la pratique, il faut toutefois attendre que diff\u00e9rentes op\u00e9rations se d\u00e9roulent : en premier lieu, il faut d\u00e9terminer les membres de la communaut\u00e9 h\u00e9r\u00e9ditaire ainsi que l&#8217;\u00e9tendue de leurs droits. D\u00e8s lors, il convient d&#8217;attendre l&#8217;\u00e9ch\u00e9ance des d\u00e9lais pour r\u00e9pudier, demander un <a href=\"https:\/\/www.deinadieu.ch\/fr\/conseiller\/linventaire-public-le-bilan-du-defunt\/\">inventaire public<\/a> ou pour ouvrir une <a href=\"https:\/\/www.deinadieu.ch\/ratgeber\/die-anfechtung-des-testaments\/\">(action successorale<\/a>  (<a href=\"https:\/\/www.deinadieu.ch\/ungueltigkeitsklage-eines-testaments\/\">action en nullit\u00e9<\/a>,  <a href=\"https:\/\/www.deinadieu.ch\/fr\/conseiller\/retablir-la-reserve-hereditaire-au-moyen-de-laction-en-reduction\/\">action en r\u00e9duction,<\/a>etc.) En cas d\u2019acceptation sous b\u00e9n\u00e9fice d\u2019inventaire, les h\u00e9riti\u00e8res ne r\u00e9pondent que des dettes du d\u00e9funt qui ont \u00e9t\u00e9 annonc\u00e9es \u00e0 temps par les cr\u00e9anciers et qui ont \u00e9t\u00e9 port\u00e9es \u00e0 l\u2019inventaire. La naissance imminente d\u2019un enfant ayant droit \u00e0 la succession, les interdictions testamentaires de partage du d\u00e9funt ainsi que les ordonnances administratives ou judiciaires ont \u00e9galement un effet suspensif.<\/p>\n\n<h2 class=\"wp-block-heading\">Comment peut-on dissoudre la communaut\u00e9 h\u00e9r\u00e9ditaire ?<\/h2>\n\n<p>M\u00eame si la communaut\u00e9 h\u00e9r\u00e9ditaire peut durer des mois, des ann\u00e9es ou m\u00eame des d\u00e9cennies, elle n&#8217;est pas une solution durable. T\u00f4t ou tard, la <a href=\"https:\/\/www.deinadieu.ch\/ratgeber\/die-erbteilung-zuegig-abschliessen\/\">succession doit \u00eatre partag\u00e9e<\/a>. Cela est \u00e9galement dans l&#8217;int\u00e9r\u00eat des h\u00e9ritiers, car ce n&#8217;est qu&#8217;une fois le partage termin\u00e9 qu&#8217;ils peuvent d\u00e9terminer les biens h\u00e9rit\u00e9s ind\u00e9pendamment les uns des autres.<\/p>\n\n<p>Le partage peut se faire de <a href=\"https:\/\/www.deinadieu.ch\/ratgeber\/meine-tochter-bekommt-das-haus-was-kriegt-mein-sohn\/\">plusieurs mani\u00e8res<\/a>. D&#8217;une part, le de cujus peut pr\u00e9voir des <a href=\"https:\/\/www.deinadieu.ch\/ratgeber\/erbteilung-und-teilungsvorschriften\/\">r\u00e8gles de partage<\/a> dans un testament ou un pacte successoral. Il indique ainsi aux h\u00e9ritiers comment ils doivent partager les biens de la succession. L&#8217;ex\u00e9cuteur testamentaire mentionn\u00e9 ci-dessus a \u00e9galement pour t\u00e2che de proc\u00e9der au partage de la succession conform\u00e9ment aux instructions du de cujus ou aux dispositions l\u00e9gales.<\/p>\n\n<p>D&#8217;autre part, les h\u00e9riti\u00e8res peuvent d\u00e9roger aux r\u00e8gles de partage et convenir librement du partage si elles sont d&#8217;accord sur ce point. Cela n\u00e9cessite la conclusion d&#8217;une convention de partage \u00e9crite.<\/p>\n\n<p>Outre les r\u00e8gles testamentaires de partage et la convention de partage entre les h\u00e9ritiers, il est \u00e9galement possible de constituer des lots. Les h\u00e9ritiers peuvent se mettre d&#8217;accord sur l&#8217;attribution des lots ou laisser l&#8217;autorit\u00e9 comp\u00e9tente d\u00e9cider par tirage au sort.<\/p>\n\n<p>Si possible, les biens indivisibles doivent \u00eatre attribu\u00e9s int\u00e9gralement \u00e0 une seule personne. Les biens de la succession que certains h\u00e9ritiers ne peuvent pas racheter doivent \u00eatre vendus ou mis aux ench\u00e8res. Le produit de la vente peut ensuite servir \u00e0 r\u00e9gler les droits des h\u00e9riti\u00e8res.<\/p>\n\n<p>Les biens successoraux divisibles sont attribu\u00e9s aux diff\u00e9rents h\u00e9ritiers conform\u00e9ment aux r\u00e8gles de partage, \u00e0 la convention de partage ou aux lots. Les d\u00e9sormais seuls propri\u00e9taires peuvent ainsi d\u00e9cider ind\u00e9pendamment les uns des autres des biens successoraux qu&#8217;ils ont re\u00e7us. Cependant, dans certains cas, ils doivent s&#8217;acquitter d&#8217;un <a href=\"https:\/\/www.deinadieu.ch\/ratgeber\/das-wichtigste-zu-erbschafts-und-schenkungssteuern\/\">imp\u00f4t cantonal sur les successions<\/a> sur leur part successorale.<\/p>\n\n<p>Les h\u00e9ritiers r\u00e9pondent entre eux des vices qui affectent les biens de la succession pendant un an \u00e0 compter de la cl\u00f4ture du partage. Ils r\u00e9pondent en outre solidairement des dettes ouvertes du de cujus vis-\u00e0-vis des tiers pendant une dur\u00e9e maximale de cinq ans. Cela signifie que chaque cr\u00e9ancier peut exiger de chaque h\u00e9ritier le remboursement de la totalit\u00e9 de sa cr\u00e9ance. Chaque h\u00e9ritier r\u00e9pond non seulement sur sa part successorale, mais \u00e9galement sur le reste de son patrimoine priv\u00e9 si la succession ne suffit pas. Les h\u00e9ritiers ont entre eux un droit de recours proportionnel \u00e0 leur part successorale.<\/p>\n\n<p>A d\u00e9faut de paiement, les cr\u00e9anciers sont libres d&#8217;engager une proc\u00e9dure de poursuite pour les dettes p\u00e9cuniaires. Pour les prestations en nature et les prestations de service, ils doivent ouvrir une action en ex\u00e9cution. Dans tous les cas, les droits des cr\u00e9anciers de la succession doivent \u00eatre satisfaits avant ceux des <a href=\"https:\/\/www.deinadieu.ch\/ratgeber\/vermaechtnis\/\">l\u00e9gataires<\/a>.<\/p>\n\n<h2 class=\"wp-block-heading\">L&#8217;essentiel en bref<\/h2>\n\n<ul class=\"wp-block-list\">\n<li>Au d\u00e9c\u00e8s d&#8217;une personne, ses h\u00e9ritiers acqui\u00e8rent la propri\u00e9t\u00e9 commune de l&#8217;ensemble de la succession, c&#8217;est-\u00e0-dire de tous les biens et toutes les dettes. Ils forment une communaut\u00e9 h\u00e9r\u00e9ditaire qui, dans un premier temps, ne peut disposer de la succession qu&#8217;\u00e0 l&#8217;unanimit\u00e9.<\/li>\n\n\n\n<li>Les membres de la communaut\u00e9 h\u00e9r\u00e9ditaire ont des droits et des obligations. Les principales obligations sont la responsabilit\u00e9 pour les dettes de la succession, l&#8217;obligation d&#8217;information mutuelle et le rapport de certaines lib\u00e9ralit\u00e9s entre vifs. Ces droits comprennent p. ex. un droit de veto sur les d\u00e9cisions de la communaut\u00e9 h\u00e9r\u00e9ditaire, le droit de demander l&#8217;institution d&#8217;un repr\u00e9sentant des h\u00e9ritiers ou le droit de demander le partage de la succession.<\/li>\n\n\n\n<li>La communaut\u00e9 h\u00e9r\u00e9ditaire est <a href=\"https:\/\/www.deinadieu.ch\/fr\/conseiller\/comment-et-quand-puis-je-dissoudre-une-communaute-hereditaire\/\">dissoute<\/a> par le partage de la succession. Cela peut se faire par la mise en \u0153uvre de r\u00e8gles de partage, par la conclusion d&#8217;une convention de partage ou par tirage au sort. Lors du partage, chaque h\u00e9riti\u00e8re se voit attribuer certains biens de la succession ou le produit de leur vente afin de satisfaire ses droits en valeur.<\/li>\n<\/ul>\n\n<div style=\"height:40px\" aria-hidden=\"true\" class=\"wp-block-spacer\"><\/div>\n\n<div class=\"wp-block-buttons is-layout-flex wp-block-buttons-is-layout-flex\">\n<div class=\"wp-block-button\"><a class=\"wp-block-button__link wp-element-button\" href=\"https:\/\/app.deinadieu.ch\/testamentgenerator\">\u00c9tablir un testament en ligne<\/a><\/div>\n<\/div>\n\n<h2 class=\"wp-block-heading\">Ceci pourrait \u00e9galement vous int\u00e9resser<\/h2>\n\n<ul class=\"wp-block-list\">\n<li><a href=\"https:\/\/www.deinadieu.ch\/fr\/conseiller\/heritage-le-partage-de-la-succession\/\">Succession : le partage de l&#8217;h\u00e9ritage<\/a><\/li>\n\n\n\n<li><a href=\"https:\/\/www.deinadieu.ch\/fr\/conseiller\/en-cas-de-dettes-repudier-la-succession-ou-laccepter\/\">R\u00e9pudier la succession ou l&#8217;accepter en cas de dettes ?<\/a><\/li>\n\n\n\n<li><a href=\"https:\/\/www.deinadieu.ch\/fr\/conseiller\/la-succession-legale-en-suisse\/\">La succession l\u00e9gale en Suisse<\/a><\/li>\n\n\n\n<li><a href=\"https:\/\/www.deinadieu.ch\/fr\/conseiller\/comment-et-quand-puis-je-dissoudre-une-communaute-hereditaire\/\">Dissoudre la communaut\u00e9 h\u00e9r\u00e9ditaire<\/a><\/li>\n<\/ul>\n","protected":false},"excerpt":{"rendered":"<p>S&#8217;il y a plusieurs h\u00e9ritiers dans une succession, ils re\u00e7oivent la succession en propri\u00e9t\u00e9 commune au d\u00e9c\u00e8s du de cujus. Ils forment une communaut\u00e9 h\u00e9r\u00e9ditaire jusqu&#8217;au partage. Cet article explique ce que cela signifie pour vous.<\/p>\n","protected":false},"author":2398,"featured_media":55669,"menu_order":0,"comment_status":"open","ping_status":"closed","template":"","tags":[2108,3222,3221,2922],"ratgeber-category":[2996],"class_list":["post-56396","ratgeber","type-ratgeber","status-publish","has-post-thumbnail","hentry","tag-communaute-des-heritiers","tag-droit-a-la-succession","tag-inventaire","tag-succession-fr","ratgeber-category-accepter-la-succession"],"acf":[],"yoast_head":"<title>La communaut\u00e9 h\u00e9r\u00e9ditaire en droit suisse des successions | DeinAdieu<\/title>\n<meta name=\"description\" content=\"Apr\u00e8s le d\u00e9c\u00e8s du de cujus, les h\u00e9ritiers forment d&#039;abord une communaut\u00e9 h\u00e9r\u00e9ditaire. Celle-ci ne sera dissoute qu&#039;apr\u00e8s le partage de la succession.\" \/>\n<meta name=\"robots\" content=\"index, follow, max-snippet:-1, max-image-preview:large, max-video-preview:-1\" \/>\n<link rel=\"canonical\" href=\"https:\/\/www.deinadieu.ch\/fr\/conseiller\/la-communaute-hereditaire-quand-et-pourquoi\/\" \/>\n<meta property=\"og:locale\" content=\"fr_FR\" \/>\n<meta property=\"og:type\" content=\"article\" \/>\n<meta property=\"og:title\" content=\"La communaut\u00e9 h\u00e9r\u00e9ditaire \u2013 Quand et pourquoi ?\" \/>\n<meta property=\"og:description\" content=\"S&#039;il y a plusieurs h\u00e9ritiers dans une succession, ils re\u00e7oivent la succession en propri\u00e9t\u00e9 commune au d\u00e9c\u00e8s du de cujus. Ils forment une communaut\u00e9\" \/>\n<meta property=\"og:url\" content=\"https:\/\/www.deinadieu.ch\/fr\/conseiller\/la-communaute-hereditaire-quand-et-pourquoi\/\" \/>\n<meta property=\"og:site_name\" content=\"DeinAdieu.ch\" \/>\n<meta property=\"article:publisher\" content=\"https:\/\/www.facebook.com\/deinadieu\" \/>\n<meta property=\"article:modified_time\" content=\"2024-02-15T08:43:01+00:00\" \/>\n<meta property=\"og:image\" content=\"https:\/\/static.deinadieu.ch\/uploads\/2022\/02\/iStock-95339914.jpg\" \/>\n\t<meta property=\"og:image:width\" content=\"1249\" \/>\n\t<meta property=\"og:image:height\" content=\"840\" \/>\n\t<meta property=\"og:image:type\" content=\"image\/jpeg\" \/>\n<meta name=\"twitter:card\" content=\"summary_large_image\" \/>\n<meta name=\"twitter:site\" content=\"@DeinAdieu\" \/>\n<meta name=\"twitter:label1\" content=\"Est. reading time\" \/>\n\t<meta name=\"twitter:data1\" content=\"10 minutes\" \/>\n<script type=\"application\/ld+json\" class=\"yoast-schema-graph\">{\"@context\":\"https:\\\/\\\/schema.org\",\"@graph\":[{\"@type\":\"WebPage\",\"@id\":\"https:\\\/\\\/www.deinadieu.ch\\\/fr\\\/conseiller\\\/la-communaute-hereditaire-quand-et-pourquoi\\\/\",\"url\":\"https:\\\/\\\/www.deinadieu.ch\\\/fr\\\/conseiller\\\/la-communaute-hereditaire-quand-et-pourquoi\\\/\",\"name\":\"La communaut\u00e9 h\u00e9r\u00e9ditaire en droit suisse des successions | DeinAdieu\",\"isPartOf\":{\"@id\":\"https:\\\/\\\/www.deinadieu.ch\\\/fr\\\/#website\"},\"primaryImageOfPage\":{\"@id\":\"https:\\\/\\\/www.deinadieu.ch\\\/fr\\\/conseiller\\\/la-communaute-hereditaire-quand-et-pourquoi\\\/#primaryimage\"},\"image\":{\"@id\":\"https:\\\/\\\/www.deinadieu.ch\\\/fr\\\/conseiller\\\/la-communaute-hereditaire-quand-et-pourquoi\\\/#primaryimage\"},\"thumbnailUrl\":\"https:\\\/\\\/www.deinadieu.ch\\\/wp-content\\\/uploads\\\/2022\\\/02\\\/iStock-95339914.jpg\",\"datePublished\":\"2022-03-29T05:00:00+00:00\",\"dateModified\":\"2024-02-15T08:43:01+00:00\",\"description\":\"Apr\u00e8s le d\u00e9c\u00e8s du de cujus, les h\u00e9ritiers forment d'abord une communaut\u00e9 h\u00e9r\u00e9ditaire. Celle-ci ne sera dissoute qu'apr\u00e8s le partage de la succession.\",\"breadcrumb\":{\"@id\":\"https:\\\/\\\/www.deinadieu.ch\\\/fr\\\/conseiller\\\/la-communaute-hereditaire-quand-et-pourquoi\\\/#breadcrumb\"},\"inLanguage\":\"fr-FR\",\"potentialAction\":[{\"@type\":\"ReadAction\",\"target\":[\"https:\\\/\\\/www.deinadieu.ch\\\/fr\\\/conseiller\\\/la-communaute-hereditaire-quand-et-pourquoi\\\/\"]}]},{\"@type\":\"ImageObject\",\"inLanguage\":\"fr-FR\",\"@id\":\"https:\\\/\\\/www.deinadieu.ch\\\/fr\\\/conseiller\\\/la-communaute-hereditaire-quand-et-pourquoi\\\/#primaryimage\",\"url\":\"https:\\\/\\\/www.deinadieu.ch\\\/wp-content\\\/uploads\\\/2022\\\/02\\\/iStock-95339914.jpg\",\"contentUrl\":\"https:\\\/\\\/www.deinadieu.ch\\\/wp-content\\\/uploads\\\/2022\\\/02\\\/iStock-95339914.jpg\",\"width\":1249,\"height\":840,\"caption\":\"Mature couple talking to financial planner at home\"},{\"@type\":\"BreadcrumbList\",\"@id\":\"https:\\\/\\\/www.deinadieu.ch\\\/fr\\\/conseiller\\\/la-communaute-hereditaire-quand-et-pourquoi\\\/#breadcrumb\",\"itemListElement\":[{\"@type\":\"ListItem\",\"position\":1,\"name\":\"Home\",\"item\":\"https:\\\/\\\/www.deinadieu.ch\\\/fr\\\/deinadieu-dialog-und-serviceportal-zum-lebensende\\\/\"},{\"@type\":\"ListItem\",\"position\":2,\"name\":\"Ratgeber\",\"item\":\"https:\\\/\\\/www.deinadieu.ch\\\/fr\\\/conseiller\\\/\"},{\"@type\":\"ListItem\",\"position\":3,\"name\":\"La communaut\u00e9 h\u00e9r\u00e9ditaire \u2013 Quand et pourquoi ?\"}]},{\"@type\":\"WebSite\",\"@id\":\"https:\\\/\\\/www.deinadieu.ch\\\/fr\\\/#website\",\"url\":\"https:\\\/\\\/www.deinadieu.ch\\\/fr\\\/\",\"name\":\"DeinAdieu.ch\",\"description\":\"Testament, Patientenverf\u00fcgung und Vorsorgeauftrag\",\"publisher\":{\"@id\":\"https:\\\/\\\/www.deinadieu.ch\\\/fr\\\/#organization\"},\"potentialAction\":[{\"@type\":\"SearchAction\",\"target\":{\"@type\":\"EntryPoint\",\"urlTemplate\":\"https:\\\/\\\/www.deinadieu.ch\\\/fr\\\/?s={search_term_string}\"},\"query-input\":{\"@type\":\"PropertyValueSpecification\",\"valueRequired\":true,\"valueName\":\"search_term_string\"}}],\"inLanguage\":\"fr-FR\"},{\"@type\":\"Organization\",\"@id\":\"https:\\\/\\\/www.deinadieu.ch\\\/fr\\\/#organization\",\"name\":\"EMNA Web GmbH\",\"url\":\"https:\\\/\\\/www.deinadieu.ch\\\/fr\\\/\",\"logo\":{\"@type\":\"ImageObject\",\"inLanguage\":\"fr-FR\",\"@id\":\"https:\\\/\\\/www.deinadieu.ch\\\/fr\\\/#\\\/schema\\\/logo\\\/image\\\/\",\"url\":\"https:\\\/\\\/www.deinadieu.ch\\\/wp-content\\\/uploads\\\/2016\\\/01\\\/DeinAdieu_Logo.png\",\"contentUrl\":\"https:\\\/\\\/www.deinadieu.ch\\\/wp-content\\\/uploads\\\/2016\\\/01\\\/DeinAdieu_Logo.png\",\"width\":300,\"height\":117,\"caption\":\"EMNA Web GmbH\"},\"image\":{\"@id\":\"https:\\\/\\\/www.deinadieu.ch\\\/fr\\\/#\\\/schema\\\/logo\\\/image\\\/\"},\"sameAs\":[\"https:\\\/\\\/www.facebook.com\\\/deinadieu\",\"https:\\\/\\\/x.com\\\/DeinAdieu\",\"https:\\\/\\\/www.instagram.com\\\/deinadieu\\\/\",\"https:\\\/\\\/www.linkedin.com\\\/company\\\/deinadieu.ch\"]}]}<\/script>","yoast_head_json":{"title":"La communaut\u00e9 h\u00e9r\u00e9ditaire en droit suisse des successions | DeinAdieu","description":"Apr\u00e8s le d\u00e9c\u00e8s du de cujus, les h\u00e9ritiers forment d'abord une communaut\u00e9 h\u00e9r\u00e9ditaire. Celle-ci ne sera dissoute qu'apr\u00e8s le partage de la succession.","robots":{"index":"index","follow":"follow","max-snippet":"max-snippet:-1","max-image-preview":"max-image-preview:large","max-video-preview":"max-video-preview:-1"},"canonical":"https:\/\/www.deinadieu.ch\/fr\/conseiller\/la-communaute-hereditaire-quand-et-pourquoi\/","og_locale":"fr_FR","og_type":"article","og_title":"La communaut\u00e9 h\u00e9r\u00e9ditaire \u2013 Quand et pourquoi ?","og_description":"S'il y a plusieurs h\u00e9ritiers dans une succession, ils re\u00e7oivent la succession en propri\u00e9t\u00e9 commune au d\u00e9c\u00e8s du de cujus. Ils forment une communaut\u00e9","og_url":"https:\/\/www.deinadieu.ch\/fr\/conseiller\/la-communaute-hereditaire-quand-et-pourquoi\/","og_site_name":"DeinAdieu.ch","article_publisher":"https:\/\/www.facebook.com\/deinadieu","article_modified_time":"2024-02-15T08:43:01+00:00","og_image":[{"width":1249,"height":840,"url":"https:\/\/static.deinadieu.ch\/uploads\/2022\/02\/iStock-95339914.jpg","type":"image\/jpeg"}],"twitter_card":"summary_large_image","twitter_site":"@DeinAdieu","twitter_misc":{"Est. reading time":"10 minutes"},"schema":{"@context":"https:\/\/schema.org","@graph":[{"@type":"WebPage","@id":"https:\/\/www.deinadieu.ch\/fr\/conseiller\/la-communaute-hereditaire-quand-et-pourquoi\/","url":"https:\/\/www.deinadieu.ch\/fr\/conseiller\/la-communaute-hereditaire-quand-et-pourquoi\/","name":"La communaut\u00e9 h\u00e9r\u00e9ditaire en droit suisse des successions | DeinAdieu","isPartOf":{"@id":"https:\/\/www.deinadieu.ch\/fr\/#website"},"primaryImageOfPage":{"@id":"https:\/\/www.deinadieu.ch\/fr\/conseiller\/la-communaute-hereditaire-quand-et-pourquoi\/#primaryimage"},"image":{"@id":"https:\/\/www.deinadieu.ch\/fr\/conseiller\/la-communaute-hereditaire-quand-et-pourquoi\/#primaryimage"},"thumbnailUrl":"https:\/\/www.deinadieu.ch\/wp-content\/uploads\/2022\/02\/iStock-95339914.jpg","datePublished":"2022-03-29T05:00:00+00:00","dateModified":"2024-02-15T08:43:01+00:00","description":"Apr\u00e8s le d\u00e9c\u00e8s du de cujus, les h\u00e9ritiers forment d'abord une communaut\u00e9 h\u00e9r\u00e9ditaire. Celle-ci ne sera dissoute qu'apr\u00e8s le partage de la succession.","breadcrumb":{"@id":"https:\/\/www.deinadieu.ch\/fr\/conseiller\/la-communaute-hereditaire-quand-et-pourquoi\/#breadcrumb"},"inLanguage":"fr-FR","potentialAction":[{"@type":"ReadAction","target":["https:\/\/www.deinadieu.ch\/fr\/conseiller\/la-communaute-hereditaire-quand-et-pourquoi\/"]}]},{"@type":"ImageObject","inLanguage":"fr-FR","@id":"https:\/\/www.deinadieu.ch\/fr\/conseiller\/la-communaute-hereditaire-quand-et-pourquoi\/#primaryimage","url":"https:\/\/www.deinadieu.ch\/wp-content\/uploads\/2022\/02\/iStock-95339914.jpg","contentUrl":"https:\/\/www.deinadieu.ch\/wp-content\/uploads\/2022\/02\/iStock-95339914.jpg","width":1249,"height":840,"caption":"Mature couple talking to financial planner at home"},{"@type":"BreadcrumbList","@id":"https:\/\/www.deinadieu.ch\/fr\/conseiller\/la-communaute-hereditaire-quand-et-pourquoi\/#breadcrumb","itemListElement":[{"@type":"ListItem","position":1,"name":"Home","item":"https:\/\/www.deinadieu.ch\/fr\/deinadieu-dialog-und-serviceportal-zum-lebensende\/"},{"@type":"ListItem","position":2,"name":"Ratgeber","item":"https:\/\/www.deinadieu.ch\/fr\/conseiller\/"},{"@type":"ListItem","position":3,"name":"La communaut\u00e9 h\u00e9r\u00e9ditaire \u2013 Quand et pourquoi ?"}]},{"@type":"WebSite","@id":"https:\/\/www.deinadieu.ch\/fr\/#website","url":"https:\/\/www.deinadieu.ch\/fr\/","name":"DeinAdieu.ch","description":"Testament, Patientenverf\u00fcgung und Vorsorgeauftrag","publisher":{"@id":"https:\/\/www.deinadieu.ch\/fr\/#organization"},"potentialAction":[{"@type":"SearchAction","target":{"@type":"EntryPoint","urlTemplate":"https:\/\/www.deinadieu.ch\/fr\/?s={search_term_string}"},"query-input":{"@type":"PropertyValueSpecification","valueRequired":true,"valueName":"search_term_string"}}],"inLanguage":"fr-FR"},{"@type":"Organization","@id":"https:\/\/www.deinadieu.ch\/fr\/#organization","name":"EMNA Web GmbH","url":"https:\/\/www.deinadieu.ch\/fr\/","logo":{"@type":"ImageObject","inLanguage":"fr-FR","@id":"https:\/\/www.deinadieu.ch\/fr\/#\/schema\/logo\/image\/","url":"https:\/\/www.deinadieu.ch\/wp-content\/uploads\/2016\/01\/DeinAdieu_Logo.png","contentUrl":"https:\/\/www.deinadieu.ch\/wp-content\/uploads\/2016\/01\/DeinAdieu_Logo.png","width":300,"height":117,"caption":"EMNA Web GmbH"},"image":{"@id":"https:\/\/www.deinadieu.ch\/fr\/#\/schema\/logo\/image\/"},"sameAs":["https:\/\/www.facebook.com\/deinadieu","https:\/\/x.com\/DeinAdieu","https:\/\/www.instagram.com\/deinadieu\/","https:\/\/www.linkedin.com\/company\/deinadieu.ch"]}]}},"_links":{"self":[{"href":"https:\/\/www.deinadieu.ch\/fr\/wp-json\/wp\/v2\/ratgeber\/56396","targetHints":{"allow":["GET"]}}],"collection":[{"href":"https:\/\/www.deinadieu.ch\/fr\/wp-json\/wp\/v2\/ratgeber"}],"about":[{"href":"https:\/\/www.deinadieu.ch\/fr\/wp-json\/wp\/v2\/types\/ratgeber"}],"author":[{"embeddable":true,"href":"https:\/\/www.deinadieu.ch\/fr\/wp-json\/wp\/v2\/users\/2398"}],"replies":[{"embeddable":true,"href":"https:\/\/www.deinadieu.ch\/fr\/wp-json\/wp\/v2\/comments?post=56396"}],"version-history":[{"count":5,"href":"https:\/\/www.deinadieu.ch\/fr\/wp-json\/wp\/v2\/ratgeber\/56396\/revisions"}],"predecessor-version":[{"id":66829,"href":"https:\/\/www.deinadieu.ch\/fr\/wp-json\/wp\/v2\/ratgeber\/56396\/revisions\/66829"}],"wp:featuredmedia":[{"embeddable":true,"href":"https:\/\/www.deinadieu.ch\/fr\/wp-json\/wp\/v2\/media\/55669"}],"wp:attachment":[{"href":"https:\/\/www.deinadieu.ch\/fr\/wp-json\/wp\/v2\/media?parent=56396"}],"wp:term":[{"taxonomy":"post_tag","embeddable":true,"href":"https:\/\/www.deinadieu.ch\/fr\/wp-json\/wp\/v2\/tags?post=56396"},{"taxonomy":"ratgeber-category","embeddable":true,"href":"https:\/\/www.deinadieu.ch\/fr\/wp-json\/wp\/v2\/ratgeber-category?post=56396"}],"curies":[{"name":"wp","href":"https:\/\/api.w.org\/{rel}","templated":true}]}}