{"id":54713,"date":"2021-08-17T11:06:45","date_gmt":"2021-08-17T09:06:45","guid":{"rendered":"https:\/\/www.deinadieu.ch\/ratgeber\/lacte-de-deces\/"},"modified":"2024-06-19T08:22:15","modified_gmt":"2024-06-19T06:22:15","slug":"lacte-de-deces","status":"publish","type":"ratgeber","link":"https:\/\/www.deinadieu.ch\/fr\/conseiller\/lacte-de-deces\/","title":{"rendered":"L&#8217;acte de d\u00e9c\u00e8s"},"content":{"rendered":"\n<p>L&#8217;acte de d\u00e9c\u00e8s confirme le d\u00e9c\u00e8s d&#8217;une personne avec toutes les informations importantes. Il s&#8217;agit d&#8217;une condition pr\u00e9alable aux d\u00e9marches juridiques importantes qui doivent \u00eatre entreprises suite \u00e0 un d\u00e9c\u00e8s. L&#8217;acte de d\u00e9c\u00e8s permet p. ex. aux h\u00e9ritiers de demander le certificat d&#8217;h\u00e9ritier et d&#8217;organiser les fun\u00e9railles.<\/p>\n\n<!--more-->\n\n<div class=\"wp-block-create-block-deinadieu-simple\">\n<div class=\"wp-block-group da-pull has-lightgrey-background-color has-background is-layout-flow wp-block-group-is-layout-flow\" style=\"border-top-color:var(--wp--preset--color--da-dark);border-top-width:4px;padding-right:3rem;padding-left:3rem\">\n<h2 class=\"wp-block-heading\">L&#8217;essentiel en bref<\/h2>\n\n\n\n<ul class=\"wp-block-list\">\n<li>Pour l&#8217;acte de d\u00e9c\u00e8s, un professionnel de la sant\u00e9 doit d&#8217;abord \u00e9tablir un <strong>certificat m\u00e9dical de d\u00e9c\u00e8s<\/strong>.<\/li>\n\n\n\n<li>Vous pouvez ensuite commander l&#8217;<strong>acte de d\u00e9c\u00e8s de la personne d\u00e9c\u00e9d\u00e9e aupr\u00e8s de l&#8217;office cantonal de l&#8217;\u00e9tat civil<\/strong>. Vous pouvez \u00e9galement le commander \u00e0 nouveau ult\u00e9rieurement contre paiement de frais.<\/li>\n\n\n\n<li>Demandez-vous si vous avez besoin d&#8217;un <strong>acte de d\u00e9c\u00e8s national ou international<\/strong>. Si la personne d\u00e9c\u00e9d\u00e9e poss\u00e9dait des biens \u00e0 l&#8217;\u00e9tranger, il est judicieux de commander un acte de d\u00e9c\u00e8s international.<\/li>\n\n\n\n<li>L&#8217;acte de d\u00e9c\u00e8s est une condition pr\u00e9alable \u00e0 toute d\u00e9marche importante apr\u00e8s un d\u00e9c\u00e8s. Vous avez notamment besoin de l&#8217;acte de d\u00e9c\u00e8s pour la d\u00e9livrance du <strong>certificat d&#8217;h\u00e9ritier<\/strong>.<\/li>\n<\/ul>\n<\/div>\n<\/div>\n\n<h2 class=\"wp-block-heading\" id=\"h-was-ist-die-todesurkunde\"><b>Qu&#8217;est-ce que l&#8217;acte de d\u00e9c\u00e8s ?<\/b><\/h2>\n\n<p>L&#8217;<strong>acte de d\u00e9c\u00e8s<\/strong> (appel\u00e9 aussi <strong>certificat de d\u00e9c\u00e8s<\/strong> selon le canton et la commune) est la <strong>confirmation officielle du d\u00e9c\u00e8s<\/strong> d&#8217;une personne ainsi que <strong>du lieu et de la date<\/strong> de celui-ci. Il constitue ainsi le pendant, en fin de vie, de l&#8217;acte de naissance. Ces deux documents marquent, du point de vue des autorit\u00e9s de l&#8217;\u00e9tat civil, le d\u00e9but et la fin de la vie d&#8217;une personne.<\/p>\n\n<p>En Suisse, l&#8217;acte de d\u00e9c\u00e8s est \u00e9tabli par les <a href=\"https:\/\/www.e-service.admin.ch\/competency-app\/wicket\/bookmarkable\/ch.glue.suis.competency.app.pages.HeimatortPage?0\">offices cantonaux de l&#8217;\u00e9tat civil<\/a>. Pour ce faire, ils ont besoin d&#8217;un certain nombre d&#8217;informations et de documents (avis de d\u00e9c\u00e8s, voir ci-dessous).<\/p>\n\n<h2 class=\"wp-block-heading\" id=\"h-wovon-ist-die-todesurkunde-zu-unterscheiden\"><b>De quoi faut-il distinguer l&#8217;acte de d\u00e9c\u00e8s ?<\/b><\/h2>\n\n<p>L&#8217;<strong>acte de d\u00e9c\u00e8s<\/strong> doit \u00eatre distingu\u00e9 de plusieurs autres documents li\u00e9s \u00e0 un d\u00e9c\u00e8s :<\/p>\n\n<ul class=\"wp-block-list\">\n<li>D&#8217;une part, il doit \u00eatre distingu\u00e9 du <a href=\"https:\/\/www.deinadieu.ch\/ratgeber\/die-aerztliche-todesbescheinigung\/\" target=\"_blank\" rel=\"noopener\"><strong>certificat m\u00e9dical de d\u00e9c\u00e8s<\/strong><\/a>. Celui-ci est <strong>d\u00e9livr\u00e9 par un professionnel de la sant\u00e9<\/strong> imm\u00e9diatement apr\u00e8s le d\u00e9c\u00e8s, \u00e0 la suite de l&#8217;inspection l\u00e9gale (famili\u00e8rement appel\u00e9 l&#8217;examen du cadavre). Outre l&#8217;heure et le lieu du d\u00e9c\u00e8s, il donne des informations sur les circonstances du d\u00e9c\u00e8s. Le certificat m\u00e9dical de d\u00e9c\u00e8s constitue ainsi, entre autres, la pr\u00e9paration et la base de l&#8217;acte de d\u00e9c\u00e8s.<\/li>\n\n\n\n<li>D&#8217;autre part, il convient de distinguer l&#8217;acte de d\u00e9c\u00e8s de l&#8217;<strong>avis de d\u00e9c\u00e8s<\/strong>. Les termes \u00ab avis de d\u00e9c\u00e8s \u00bb peut avoir plusieurs significations. Il s&#8217;agit tout d&#8217;abord de l&#8217;<a href=\"https:\/\/www.deinadieu.ch\/ratgeber\/informationspflicht-und-behoerdengang\/\">information (obligatoire) aux autorit\u00e9s de l&#8217;\u00e9tat civil<\/a> \u00e0 propos d&#8217;un d\u00e9c\u00e8s. Cette d\u00e9marche est g\u00e9n\u00e9ralement effectu\u00e9e par les proches du d\u00e9funt dans un d\u00e9lai de deux jours ouvrables, sur pr\u00e9sentation de documents d&#8217;identit\u00e9 (certificat m\u00e9dical de d\u00e9c\u00e8s, <a href=\"https:\/\/www.renaca.ch\/dokchfafs-dt.html\">acte de famille<\/a>, <a href=\"https:\/\/de.wikipedia.org\/wiki\/Schriftenempfangsschein\">r\u00e9c\u00e9piss\u00e9 des papiers d\u00e9pos\u00e9s ou attestation d&#8217;annonce<\/a>). Par ailleurs, les <a href=\"https:\/\/www.deinadieu.ch\/fr\/exemples-davis-de-deces\/\">avis de d\u00e9c\u00e8s<\/a> d\u00e9signent la rubrique d\u2019un journal dans laquelle sont publi\u00e9s les d\u00e9c\u00e8s locaux.<\/li>\n\n\n\n<li>En outre, l&#8217;acte de d\u00e9c\u00e8s doit \u00eatre distingu\u00e9 du <a href=\"https:\/\/www.deinadieu.ch\/fr\/conseiller\/louverture-du-testament-et-le-certificat-dheritier\/\"><strong>certificat d&#8217;h\u00e9ritier<\/strong><\/a>, lequel confirme provisoirement le droit de certains h\u00e9ritiers dans la succession. Les certificats d&#8217;h\u00e9ritier ne sont d\u00e9livr\u00e9s qu&#8217;apr\u00e8s l&#8217;<a href=\"https:\/\/www.deinadieu.ch\/ratgeber\/kreis-der-erbberechtigten\/\">ouverture de la succession<\/a>, qui se d\u00e9roule elle-m\u00eame parall\u00e8lement \u00e0 l&#8217;\u00e9tablissement de l&#8217;acte de d\u00e9c\u00e8s. En d&#8217;autres termes, pas de certificat d&#8217;h\u00e9ritier sans acte de d\u00e9c\u00e8s.<\/li>\n<\/ul>\n\n<h2 class=\"wp-block-heading\" id=\"h-wer-erhalt-die-sterbeurkunde-und-welche-angaben-umfasst-sie\"><b>Qui re\u00e7oit l&#8217;acte de d\u00e9c\u00e8s et quelles informations contient-il ?<\/b><\/h2>\n\n<p><strong>L&#8217;acte de d\u00e9c\u00e8s est d\u00e9livr\u00e9 aux proches apr\u00e8s que l&#8217;avis de d\u00e9c\u00e8s a \u00e9t\u00e9 effectu\u00e9 aupr\u00e8s de l&#8217;office de l&#8217;\u00e9tat civil du lieu du d\u00e9c\u00e8s (canton ou commune)<\/strong>. Le d\u00e9c\u00e8s de la personne d\u00e9c\u00e9d\u00e9e est inscrit dans le registre de l&#8217;\u00e9tat civil. Il est ainsi possible de demander ult\u00e9rieurement (\u00e9ventuellement contre paiement, <strong>la plupart du temps, d&#8217;un montant de CHF 30.-<\/strong> pour les frais de dossier et les frais de port) d&#8217;autres copies de l&#8217;acte sous la forme d&#8217;un extrait du registre de l&#8217;\u00e9tat civil. En raison de restrictions l\u00e9gales ou pour des raisons de protection des donn\u00e9es, la commande ult\u00e9rieure doit \u00eatre justifi\u00e9e au cas par cas en indiquant un but d&#8217;utilisation.<\/p>\n\n<p>L&#8217;acte de d\u00e9c\u00e8s f\u00e9d\u00e9ral est \u00e9tabli en trois langues (allemand, fran\u00e7ais, italien) et est disponible pour les d\u00e9c\u00e8s survenus depuis 2005.<\/p>\n\n<p>Zudem ist es m\u00f6glich, einen internationalen Totenschein bzw. eine <strong>internationale Todesurkunde<\/strong> nach den Standards der Internationalen Kommission f\u00fcr das Zivilstandswesen (frz. Commission Internationale de l&#8217;Etat Civil, CIEC) zu bestellen. Diese ist f\u00fcnfsprachig (deutsch, franz\u00f6sisch, italienisch, englisch, spanisch) und gilt als Standard f\u00fcr Todesf\u00e4lle vor dem Jahr 2005.<\/p>\n\n<p><strong>Dans de nombreux cantons ou communes, l&#8217;acte de d\u00e9c\u00e8s peut \u00eatre command\u00e9 au moyen d&#8217;un formulaire en ligne et d\u00e9livr\u00e9 par voie postale<\/strong>. Il est \u00e9galement autoris\u00e9 de demander \u00e0 des tiers, p. ex. des collaborateurs ou des collaboratrices de DeinAdieu.ch, d&#8217;obtenir l&#8217;acte d\u00e9c\u00e8s. A cette fin, une <a href=\"https:\/\/www.deinadieu.ch\/fr\/conseiller\/la-procuration-au-nom-et-pour-le-compte-de-tiers\/\">procuration<\/a> \u00e9crite est n\u00e9cessaire.<\/p>\n\n<p>Les \u00e9l\u00e9ments suivants sont mentionn\u00e9s dans l&#8217;acte de d\u00e9c\u00e8s :<\/p>\n\n<ul class=\"wp-block-list\">\n<li>Donn\u00e9es relatives au d\u00e9c\u00e8s :\n<ul class=\"wp-block-list\">\n<li>Date et heure<\/li>\n\n\n\n<li>Lieu (commune) <\/li>\n<\/ul>\n<\/li>\n\n\n\n<li>Donn\u00e9es relatives \u00e0 la personne d\u00e9c\u00e9d\u00e9e :\n<ul class=\"wp-block-list\">\n<li>Nom et, le cas \u00e9ch\u00e9ant, nom de c\u00e9libataire et autres noms<\/li>\n\n\n\n<li>Pr\u00e9nom<\/li>\n\n\n\n<li>Date et lieu de naissance<\/li>\n\n\n\n<li>Droits de cit\u00e9 ou nationalit\u00e9 (pour les \u00e9trangers)<\/li>\n\n\n\n<li>Dernier \u00e9tat civil (c\u00e9libataire\/mari\u00e9\/en partenariat enregistr\u00e9\/divorc\u00e9\/veuf) avec, le cas \u00e9ch\u00e9ant, la date du changement<\/li>\n\n\n\n<li>Domicile <\/li>\n<\/ul>\n<\/li>\n\n\n\n<li>Donn\u00e9es relatives aux proches de la personne d\u00e9c\u00e9d\u00e9e :\n<ul class=\"wp-block-list\">\n<li>Nom et pr\u00e9nom de la m\u00e8re<\/li>\n\n\n\n<li>Nom et pr\u00e9nom du p\u00e8re<\/li>\n\n\n\n<li>Le cas \u00e9ch\u00e9ant, nom et pr\u00e9nom ainsi que sexe, droit de cit\u00e9 et domicile du dernier conjoint\/partenaire enregistr\u00e9 <\/li>\n<\/ul>\n<\/li>\n\n\n\n<li>Informations sur l&#8217;autorit\u00e9 \u00e9mettrice :\n<ul class=\"wp-block-list\">\n<li>Lieu, date, nom du fonctionnaire qui d\u00e9livre l&#8217;acte, fonction<\/li>\n\n\n\n<li>Sceau officiel<\/li>\n\n\n\n<li>Signature <\/li>\n<\/ul>\n<\/li>\n<\/ul>\n\n<h2 class=\"wp-block-heading\" id=\"h-wozu-wird-der-todesschein-benotigt\"><b>A quoi sert l&#8217;acte de d\u00e9c\u00e8s ?<\/b><\/h2>\n\n<h3 class=\"wp-block-heading\" id=\"h-der-hauptzweck\">L&#8217;objectif principal<\/h3>\n\n<p><strong>Dans les relations administratives et civiles, l&#8217;acte de d\u00e9c\u00e8s confirme le d\u00e9c\u00e8s d&#8217;une personne<\/strong>. En tant que document officiel, il jouit d&#8217;une cr\u00e9dibilit\u00e9 et d&#8217;une valeur probante accrues. C&#8217;est pourquoi la mise en circulation (ou le fait de faire circuler) ou l&#8217;utilisation abusive d&#8217;un document falsifi\u00e9 est punissable (art. 251 CP, faux dans les titres).<\/p>\n\n<p>Apr\u00e8s l&#8217;avis de d\u00e9c\u00e8s (et donc l&#8217;inscription dans le registre de l&#8217;\u00e9tat civil ou l&#8217;\u00e9tablissement d&#8217;un acte de d\u00e9c\u00e8s), les autorit\u00e9s cantonales comp\u00e9tentes ouvrent d&#8217;office la succession au dernier domicile du d\u00e9funt. En r\u00e8gle g\u00e9n\u00e9rale, il n&#8217;est pas n\u00e9cessaire de pr\u00e9senter un acte de d\u00e9c\u00e8s \u00e0 cette fin.<\/p>\n\n<p><strong>Les ayants droit \u00e0 la succession ont besoin de l&#8217;acte de d\u00e9c\u00e8s pour demander un certificat d&#8217;h\u00e9ritier<\/strong>. Celui-ci les identifie en tant que participants \u00e0 la succession et est notamment n\u00e9cessaire pour disposer des comptes bancaires ou des <a href=\"https:\/\/www.deinadieu.ch\/ratgeber\/immobilien-im-nachlass-was-sollte-der-erblasser-regeln\/\">biens immobiliers<\/a>. De m\u00eame, des <a href=\"https:\/\/www.deinadieu.ch\/zitate\/checklisten\/\">fun\u00e9railles<\/a> ne peuvent \u00eatre organis\u00e9es que si un certificat de d\u00e9c\u00e8s a \u00e9t\u00e9 \u00e9tabli.<\/p>\n\n<h3 class=\"wp-block-heading\" id=\"h-weitere-zwecke-des-todesscheins\">Les autres finalit\u00e9s de l&#8217;acte de d\u00e9c\u00e8s<\/h3>\n\n<p>En outre, l&#8217;acte de d\u00e9c\u00e8s est n\u00e9cessaire pour de nombreuses autres d\u00e9marches apr\u00e8s un d\u00e9c\u00e8s. En effet, il donne droit \u00e0 des prestations d&#8217;assurance, \u00e0 des <a href=\"https:\/\/www.deinadieu.ch\/ratgeber\/pensionskasse-im-todesfall\/\">rentes de survivants<\/a> ou \u00e0 des prestations de la pr\u00e9voyance obligatoire ainsi qu&#8217;au versement d&#8217;avoirs de pr\u00e9voyance priv\u00e9e (li\u00e9e). Celles-ci sont r\u00e9gies par le droit des assurances sociales et sont trait\u00e9es s\u00e9par\u00e9ment de la succession.<\/p>\n\n<p>Un autre aspect principal est la r\u00e9siliation des contrats en cours de la personne d\u00e9c\u00e9d\u00e9e. Tous les contrats ne prennent pas automatiquement fin au d\u00e9c\u00e8s de l&#8217;une des parties. Si cela n&#8217;est pas pr\u00e9vu par la loi (p. ex. contrat de travail, art. 338 CO) ou par le contrat lui-m\u00eame, la communaut\u00e9 h\u00e9r\u00e9ditaire ou, apr\u00e8s le partage successoral, certains h\u00e9ritiers prennent la place du d\u00e9funt en tant qu&#8217;ayants droit. Le cas le plus important dans lequel le contrat doit \u00eatre r\u00e9sili\u00e9 sur pr\u00e9sentation de l&#8217;acte de d\u00e9c\u00e8s est sans doute la <a href=\"https:\/\/www.deinadieu.ch\/ratgeber\/wohnung-kuendigen\/\">r\u00e9siliation extraordinaire d&#8217;un bail \u00e0 loyer selon l&#8217;art. 266i CO<\/a>. Souvent, une simple copie de l&#8217;acte de d\u00e9c\u00e8s suffit pour r\u00e9silier le contrat. Il n&#8217;est pas n\u00e9cessaire de pr\u00e9senter le document original ou de le faire authentifier.<\/p>\n\n        <div class=\"da-servicebox relative bg-gray-200 p-4 pt-8 border-solid border-t-8 border-da-dark mb-6\">\n            <i class=\"fas fa-info-circle mx-auto fa-7x text-da-dark\"><\/i>\n            <span style=\"hyphens: auto\">\n                <br \/>\nL&#8217;acte de d\u00e9c\u00e8s (\u00e9galement certificat de d\u00e9c\u00e8s, en allemand \u00ab Todesurkunde \u00bb et en italien \u00ab atto di morte \u00bb) est un extrait du registre de l&#8217;\u00e9tat civil qui confirme le d\u00e9c\u00e8s d&#8217;une personne avec le lieu, la date et l&#8217;heure. Sur la base de l&#8217;instance qui l&#8217;\u00e9tablit (l&#8217;office de l&#8217;\u00e9tat civil) et de sa fonction (acte authentique), il faut notamment le distinguer du certificat m\u00e9dical de d\u00e9c\u00e8s, de l&#8217;avis de d\u00e9c\u00e8s et du certificat d&#8217;h\u00e9ritier. L&#8217;acte de d\u00e9c\u00e8s est n\u00e9cessaire pour les fun\u00e9railles, pour certaines \u00e9tapes de la succession, pour percevoir les prestations de survivants ainsi que pour mettre fin de mani\u00e8re extraordinaire \u00e0 des contrats de la personne d\u00e9c\u00e9d\u00e9e.<br \/>\n\n                \n                \n            <\/span>\n        <\/div>\n        \n\n<div style=\"height:40px\" aria-hidden=\"true\" class=\"wp-block-spacer\"><\/div>\n\n<div class=\"wp-block-buttons is-layout-flex wp-block-buttons-is-layout-flex\">\n<div class=\"wp-block-button\"><a class=\"wp-block-button__link wp-element-button\" href=\"https:\/\/app.deinadieu.ch\/testamentgenerator\">R\u00e9digez votre testament ici<\/a><\/div>\n<\/div>\n\n<h3 class=\"wp-block-heading\" id=\"h-weitere-artikel-zum-thema-finden-sie-hier\">Vous trouverez ici d&#8217;autres articles sur le sujet<\/h3>\n\n<ul class=\"wp-block-list\">\n<li><a href=\"https:\/\/www.deinadieu.ch\/fr\/conseiller\/que-faut-il-faire-apres-un-deces\/\">D\u00e9c\u00e8s &#8211; Que faire en cas de d\u00e9c\u00e8s ?<\/a><\/li>\n\n\n\n<li><a href=\"https:\/\/www.deinadieu.ch\/ratgeber\/informationspflicht-und-behoerdengang\/\"><span style=\"font-weight: 400;\">L&#8217;obligation d&#8217;informer et les d\u00e9marches aupr\u00e8s des autorit\u00e9s<\/span><\/a><\/li>\n\n\n\n<li><a href=\"https:\/\/www.deinadieu.ch\/fr\/conseiller\/se-preparer-a-son-deces-voici-comment-vous-pouvez-soulager-vos-proches\/\">Se pr\u00e9parer au d\u00e9c\u00e8s<\/a><\/li>\n\n\n\n<li><a href=\"https:\/\/www.deinadieu.ch\/fr\/conseiller\/louverture-du-testament-et-le-certificat-dheritier\/\"><span style=\"font-weight: 400;\">L&#8217;ouverture du testament et le certificat d&#8217;h\u00e9ritier<\/span><\/a><\/li>\n\n\n\n<li><a href=\"https:\/\/www.deinadieu.ch\/ratgeber\/wo-erbt-man-und-welcher-kanton-ist-wofuer-massgeblich-2\/\"><span style=\"font-weight: 400;\">O\u00f9 h\u00e9rite-t-on et quel canton est d\u00e9terminant pour quels aspects ?<\/span><\/a><\/li>\n\n\n\n<li><a href=\"https:\/\/www.deinadieu.ch\/zitate\/checklisten\/\"><span style=\"font-weight: 400;\">Check-lists pr\u00e9voyance &amp; fun\u00e9railles<\/span><\/a><\/li>\n\n\n\n<li><a href=\"https:\/\/www.deinadieu.ch\/ratgeber\/wohnung-kuendigen\/\"><span style=\"font-weight: 400;\">R\u00e9siliation du contrat de bail en cas de d\u00e9c\u00e8s \u2013 Pas un motif de r\u00e9siliation automatique<\/span><\/a><\/li>\n<\/ul>\n\n<p><span style=\"font-weight: 400;\"> <\/span><\/p>\n","protected":false},"excerpt":{"rendered":"<p>L&#8217;acte de d\u00e9c\u00e8s confirme le d\u00e9c\u00e8s d&#8217;une personne avec toutes les informations importantes. Il s&#8217;agit d&#8217;une condition pr\u00e9alable aux d\u00e9marches juridiques importantes qui doivent \u00eatre entreprises suite \u00e0 un d\u00e9c\u00e8s. L&#8217;acte de d\u00e9c\u00e8s permet p. ex. aux h\u00e9ritiers de demander le certificat d&#8217;h\u00e9ritier et d&#8217;organiser les fun\u00e9railles.<\/p>\n","protected":false},"author":2398,"featured_media":44105,"menu_order":0,"comment_status":"open","ping_status":"closed","template":"","tags":[2411,3099,2771,3559,2824,3100,2427],"ratgeber-category":[2997,2163],"class_list":["post-54713","ratgeber","type-ratgeber","status-publish","has-post-thumbnail","hentry","tag-acte-de-deces","tag-assurance","tag-certificat-dheritier","tag-droit-succession-international","tag-office-de-letat-civil","tag-registre-de-letat-civil","tag-resiliation","ratgeber-category-en-cas-de-deces","ratgeber-category-dun-point-de-vue-organisationnel"],"acf":[],"yoast_head":"<title>L&#039;acte de d\u00e9c\u00e8s : que faire en cas de d\u00e9c\u00e8s ?<\/title>\n<meta name=\"description\" content=\"L&#039;acte de d\u00e9c\u00e8s (\u00e9galement appel\u00e9 certificat de d\u00e9c\u00e8s) est l&#039;un des documents centraux du droit suisse des successions. Vous trouverez ici tout ce qu&#039;il faut savoir sur le sujet.\" \/>\n<meta name=\"robots\" content=\"index, follow, max-snippet:-1, max-image-preview:large, max-video-preview:-1\" \/>\n<link rel=\"canonical\" href=\"https:\/\/www.deinadieu.ch\/fr\/conseiller\/lacte-de-deces\/\" \/>\n<meta property=\"og:locale\" content=\"fr_FR\" \/>\n<meta property=\"og:type\" content=\"article\" \/>\n<meta property=\"og:title\" content=\"L&#039;acte de d\u00e9c\u00e8s\" \/>\n<meta property=\"og:description\" content=\"L&#039;acte de d\u00e9c\u00e8s confirme le d\u00e9c\u00e8s d&#039;une personne avec toutes les informations importantes. Il s&#039;agit d&#039;une condition pr\u00e9alable aux d\u00e9marches juridiques\" \/>\n<meta property=\"og:url\" content=\"https:\/\/www.deinadieu.ch\/fr\/conseiller\/lacte-de-deces\/\" \/>\n<meta property=\"og:site_name\" content=\"DeinAdieu.ch\" \/>\n<meta property=\"article:publisher\" content=\"https:\/\/www.facebook.com\/deinadieu\" \/>\n<meta property=\"article:modified_time\" content=\"2024-06-19T06:22:15+00:00\" \/>\n<meta property=\"og:image\" content=\"https:\/\/static.deinadieu.ch\/uploads\/2019\/10\/die-todesurkunde.jpg\" \/>\n\t<meta property=\"og:image:width\" content=\"1280\" \/>\n\t<meta property=\"og:image:height\" content=\"853\" \/>\n\t<meta property=\"og:image:type\" content=\"image\/jpeg\" \/>\n<meta name=\"twitter:card\" content=\"summary_large_image\" \/>\n<meta name=\"twitter:site\" content=\"@DeinAdieu\" \/>\n<meta name=\"twitter:label1\" content=\"Est. reading time\" \/>\n\t<meta name=\"twitter:data1\" content=\"9 minutes\" \/>\n<script type=\"application\/ld+json\" class=\"yoast-schema-graph\">{\"@context\":\"https:\\\/\\\/schema.org\",\"@graph\":[{\"@type\":\"WebPage\",\"@id\":\"https:\\\/\\\/www.deinadieu.ch\\\/fr\\\/conseiller\\\/lacte-de-deces\\\/\",\"url\":\"https:\\\/\\\/www.deinadieu.ch\\\/fr\\\/conseiller\\\/lacte-de-deces\\\/\",\"name\":\"L'acte de d\u00e9c\u00e8s : que faire en cas de d\u00e9c\u00e8s ?\",\"isPartOf\":{\"@id\":\"https:\\\/\\\/www.deinadieu.ch\\\/fr\\\/#website\"},\"primaryImageOfPage\":{\"@id\":\"https:\\\/\\\/www.deinadieu.ch\\\/fr\\\/conseiller\\\/lacte-de-deces\\\/#primaryimage\"},\"image\":{\"@id\":\"https:\\\/\\\/www.deinadieu.ch\\\/fr\\\/conseiller\\\/lacte-de-deces\\\/#primaryimage\"},\"thumbnailUrl\":\"https:\\\/\\\/www.deinadieu.ch\\\/wp-content\\\/uploads\\\/2019\\\/10\\\/die-todesurkunde.jpg\",\"datePublished\":\"2021-08-17T09:06:45+00:00\",\"dateModified\":\"2024-06-19T06:22:15+00:00\",\"description\":\"L'acte de d\u00e9c\u00e8s (\u00e9galement appel\u00e9 certificat de d\u00e9c\u00e8s) est l'un des documents centraux du droit suisse des successions. Vous trouverez ici tout ce qu'il faut savoir sur le sujet.\",\"breadcrumb\":{\"@id\":\"https:\\\/\\\/www.deinadieu.ch\\\/fr\\\/conseiller\\\/lacte-de-deces\\\/#breadcrumb\"},\"inLanguage\":\"fr-FR\",\"potentialAction\":[{\"@type\":\"ReadAction\",\"target\":[\"https:\\\/\\\/www.deinadieu.ch\\\/fr\\\/conseiller\\\/lacte-de-deces\\\/\"]}]},{\"@type\":\"ImageObject\",\"inLanguage\":\"fr-FR\",\"@id\":\"https:\\\/\\\/www.deinadieu.ch\\\/fr\\\/conseiller\\\/lacte-de-deces\\\/#primaryimage\",\"url\":\"https:\\\/\\\/www.deinadieu.ch\\\/wp-content\\\/uploads\\\/2019\\\/10\\\/die-todesurkunde.jpg\",\"contentUrl\":\"https:\\\/\\\/www.deinadieu.ch\\\/wp-content\\\/uploads\\\/2019\\\/10\\\/die-todesurkunde.jpg\",\"width\":1280,\"height\":853,\"caption\":\"L'acte de d\u00e9c\u00e8s (image pr\u00e9texte : iStock)\"},{\"@type\":\"BreadcrumbList\",\"@id\":\"https:\\\/\\\/www.deinadieu.ch\\\/fr\\\/conseiller\\\/lacte-de-deces\\\/#breadcrumb\",\"itemListElement\":[{\"@type\":\"ListItem\",\"position\":1,\"name\":\"Home\",\"item\":\"https:\\\/\\\/www.deinadieu.ch\\\/fr\\\/deinadieu-dialog-und-serviceportal-zum-lebensende\\\/\"},{\"@type\":\"ListItem\",\"position\":2,\"name\":\"Ratgeber\",\"item\":\"https:\\\/\\\/www.deinadieu.ch\\\/fr\\\/conseiller\\\/\"},{\"@type\":\"ListItem\",\"position\":3,\"name\":\"L&#8217;acte de d\u00e9c\u00e8s\"}]},{\"@type\":\"WebSite\",\"@id\":\"https:\\\/\\\/www.deinadieu.ch\\\/fr\\\/#website\",\"url\":\"https:\\\/\\\/www.deinadieu.ch\\\/fr\\\/\",\"name\":\"DeinAdieu.ch\",\"description\":\"Testament, Patientenverf\u00fcgung und Vorsorgeauftrag\",\"publisher\":{\"@id\":\"https:\\\/\\\/www.deinadieu.ch\\\/fr\\\/#organization\"},\"potentialAction\":[{\"@type\":\"SearchAction\",\"target\":{\"@type\":\"EntryPoint\",\"urlTemplate\":\"https:\\\/\\\/www.deinadieu.ch\\\/fr\\\/?s={search_term_string}\"},\"query-input\":{\"@type\":\"PropertyValueSpecification\",\"valueRequired\":true,\"valueName\":\"search_term_string\"}}],\"inLanguage\":\"fr-FR\"},{\"@type\":\"Organization\",\"@id\":\"https:\\\/\\\/www.deinadieu.ch\\\/fr\\\/#organization\",\"name\":\"EMNA Web GmbH\",\"url\":\"https:\\\/\\\/www.deinadieu.ch\\\/fr\\\/\",\"logo\":{\"@type\":\"ImageObject\",\"inLanguage\":\"fr-FR\",\"@id\":\"https:\\\/\\\/www.deinadieu.ch\\\/fr\\\/#\\\/schema\\\/logo\\\/image\\\/\",\"url\":\"https:\\\/\\\/www.deinadieu.ch\\\/wp-content\\\/uploads\\\/2016\\\/01\\\/DeinAdieu_Logo.png\",\"contentUrl\":\"https:\\\/\\\/www.deinadieu.ch\\\/wp-content\\\/uploads\\\/2016\\\/01\\\/DeinAdieu_Logo.png\",\"width\":300,\"height\":117,\"caption\":\"EMNA Web GmbH\"},\"image\":{\"@id\":\"https:\\\/\\\/www.deinadieu.ch\\\/fr\\\/#\\\/schema\\\/logo\\\/image\\\/\"},\"sameAs\":[\"https:\\\/\\\/www.facebook.com\\\/deinadieu\",\"https:\\\/\\\/x.com\\\/DeinAdieu\",\"https:\\\/\\\/www.instagram.com\\\/deinadieu\\\/\",\"https:\\\/\\\/www.linkedin.com\\\/company\\\/deinadieu.ch\"]}]}<\/script>","yoast_head_json":{"title":"L'acte de d\u00e9c\u00e8s : que faire en cas de d\u00e9c\u00e8s ?","description":"L'acte de d\u00e9c\u00e8s (\u00e9galement appel\u00e9 certificat de d\u00e9c\u00e8s) est l'un des documents centraux du droit suisse des successions. Vous trouverez ici tout ce qu'il faut savoir sur le sujet.","robots":{"index":"index","follow":"follow","max-snippet":"max-snippet:-1","max-image-preview":"max-image-preview:large","max-video-preview":"max-video-preview:-1"},"canonical":"https:\/\/www.deinadieu.ch\/fr\/conseiller\/lacte-de-deces\/","og_locale":"fr_FR","og_type":"article","og_title":"L'acte de d\u00e9c\u00e8s","og_description":"L'acte de d\u00e9c\u00e8s confirme le d\u00e9c\u00e8s d'une personne avec toutes les informations importantes. Il s'agit d'une condition pr\u00e9alable aux d\u00e9marches juridiques","og_url":"https:\/\/www.deinadieu.ch\/fr\/conseiller\/lacte-de-deces\/","og_site_name":"DeinAdieu.ch","article_publisher":"https:\/\/www.facebook.com\/deinadieu","article_modified_time":"2024-06-19T06:22:15+00:00","og_image":[{"width":1280,"height":853,"url":"https:\/\/static.deinadieu.ch\/uploads\/2019\/10\/die-todesurkunde.jpg","type":"image\/jpeg"}],"twitter_card":"summary_large_image","twitter_site":"@DeinAdieu","twitter_misc":{"Est. reading time":"9 minutes"},"schema":{"@context":"https:\/\/schema.org","@graph":[{"@type":"WebPage","@id":"https:\/\/www.deinadieu.ch\/fr\/conseiller\/lacte-de-deces\/","url":"https:\/\/www.deinadieu.ch\/fr\/conseiller\/lacte-de-deces\/","name":"L'acte de d\u00e9c\u00e8s : que faire en cas de d\u00e9c\u00e8s ?","isPartOf":{"@id":"https:\/\/www.deinadieu.ch\/fr\/#website"},"primaryImageOfPage":{"@id":"https:\/\/www.deinadieu.ch\/fr\/conseiller\/lacte-de-deces\/#primaryimage"},"image":{"@id":"https:\/\/www.deinadieu.ch\/fr\/conseiller\/lacte-de-deces\/#primaryimage"},"thumbnailUrl":"https:\/\/www.deinadieu.ch\/wp-content\/uploads\/2019\/10\/die-todesurkunde.jpg","datePublished":"2021-08-17T09:06:45+00:00","dateModified":"2024-06-19T06:22:15+00:00","description":"L'acte de d\u00e9c\u00e8s (\u00e9galement appel\u00e9 certificat de d\u00e9c\u00e8s) est l'un des documents centraux du droit suisse des successions. Vous trouverez ici tout ce qu'il faut savoir sur le sujet.","breadcrumb":{"@id":"https:\/\/www.deinadieu.ch\/fr\/conseiller\/lacte-de-deces\/#breadcrumb"},"inLanguage":"fr-FR","potentialAction":[{"@type":"ReadAction","target":["https:\/\/www.deinadieu.ch\/fr\/conseiller\/lacte-de-deces\/"]}]},{"@type":"ImageObject","inLanguage":"fr-FR","@id":"https:\/\/www.deinadieu.ch\/fr\/conseiller\/lacte-de-deces\/#primaryimage","url":"https:\/\/www.deinadieu.ch\/wp-content\/uploads\/2019\/10\/die-todesurkunde.jpg","contentUrl":"https:\/\/www.deinadieu.ch\/wp-content\/uploads\/2019\/10\/die-todesurkunde.jpg","width":1280,"height":853,"caption":"L'acte de d\u00e9c\u00e8s (image pr\u00e9texte : iStock)"},{"@type":"BreadcrumbList","@id":"https:\/\/www.deinadieu.ch\/fr\/conseiller\/lacte-de-deces\/#breadcrumb","itemListElement":[{"@type":"ListItem","position":1,"name":"Home","item":"https:\/\/www.deinadieu.ch\/fr\/deinadieu-dialog-und-serviceportal-zum-lebensende\/"},{"@type":"ListItem","position":2,"name":"Ratgeber","item":"https:\/\/www.deinadieu.ch\/fr\/conseiller\/"},{"@type":"ListItem","position":3,"name":"L&#8217;acte de d\u00e9c\u00e8s"}]},{"@type":"WebSite","@id":"https:\/\/www.deinadieu.ch\/fr\/#website","url":"https:\/\/www.deinadieu.ch\/fr\/","name":"DeinAdieu.ch","description":"Testament, Patientenverf\u00fcgung und Vorsorgeauftrag","publisher":{"@id":"https:\/\/www.deinadieu.ch\/fr\/#organization"},"potentialAction":[{"@type":"SearchAction","target":{"@type":"EntryPoint","urlTemplate":"https:\/\/www.deinadieu.ch\/fr\/?s={search_term_string}"},"query-input":{"@type":"PropertyValueSpecification","valueRequired":true,"valueName":"search_term_string"}}],"inLanguage":"fr-FR"},{"@type":"Organization","@id":"https:\/\/www.deinadieu.ch\/fr\/#organization","name":"EMNA Web GmbH","url":"https:\/\/www.deinadieu.ch\/fr\/","logo":{"@type":"ImageObject","inLanguage":"fr-FR","@id":"https:\/\/www.deinadieu.ch\/fr\/#\/schema\/logo\/image\/","url":"https:\/\/www.deinadieu.ch\/wp-content\/uploads\/2016\/01\/DeinAdieu_Logo.png","contentUrl":"https:\/\/www.deinadieu.ch\/wp-content\/uploads\/2016\/01\/DeinAdieu_Logo.png","width":300,"height":117,"caption":"EMNA Web GmbH"},"image":{"@id":"https:\/\/www.deinadieu.ch\/fr\/#\/schema\/logo\/image\/"},"sameAs":["https:\/\/www.facebook.com\/deinadieu","https:\/\/x.com\/DeinAdieu","https:\/\/www.instagram.com\/deinadieu\/","https:\/\/www.linkedin.com\/company\/deinadieu.ch"]}]}},"_links":{"self":[{"href":"https:\/\/www.deinadieu.ch\/fr\/wp-json\/wp\/v2\/ratgeber\/54713","targetHints":{"allow":["GET"]}}],"collection":[{"href":"https:\/\/www.deinadieu.ch\/fr\/wp-json\/wp\/v2\/ratgeber"}],"about":[{"href":"https:\/\/www.deinadieu.ch\/fr\/wp-json\/wp\/v2\/types\/ratgeber"}],"author":[{"embeddable":true,"href":"https:\/\/www.deinadieu.ch\/fr\/wp-json\/wp\/v2\/users\/2398"}],"replies":[{"embeddable":true,"href":"https:\/\/www.deinadieu.ch\/fr\/wp-json\/wp\/v2\/comments?post=54713"}],"version-history":[{"count":18,"href":"https:\/\/www.deinadieu.ch\/fr\/wp-json\/wp\/v2\/ratgeber\/54713\/revisions"}],"predecessor-version":[{"id":67935,"href":"https:\/\/www.deinadieu.ch\/fr\/wp-json\/wp\/v2\/ratgeber\/54713\/revisions\/67935"}],"wp:featuredmedia":[{"embeddable":true,"href":"https:\/\/www.deinadieu.ch\/fr\/wp-json\/wp\/v2\/media\/44105"}],"wp:attachment":[{"href":"https:\/\/www.deinadieu.ch\/fr\/wp-json\/wp\/v2\/media?parent=54713"}],"wp:term":[{"taxonomy":"post_tag","embeddable":true,"href":"https:\/\/www.deinadieu.ch\/fr\/wp-json\/wp\/v2\/tags?post=54713"},{"taxonomy":"ratgeber-category","embeddable":true,"href":"https:\/\/www.deinadieu.ch\/fr\/wp-json\/wp\/v2\/ratgeber-category?post=54713"}],"curies":[{"name":"wp","href":"https:\/\/api.w.org\/{rel}","templated":true}]}}