{"id":53487,"date":"2021-09-07T08:00:00","date_gmt":"2021-09-07T06:00:00","guid":{"rendered":"https:\/\/www.deinadieu.ch\/ratgeber\/comment-la-capacite-de-disposer-est-elle-evaluee-en-cas-de-demence\/"},"modified":"2022-09-12T15:02:03","modified_gmt":"2022-09-12T13:02:03","slug":"comment-la-capacite-de-disposer-est-elle-evaluee-en-cas-de-demence","status":"publish","type":"ratgeber","link":"https:\/\/www.deinadieu.ch\/fr\/conseiller\/comment-la-capacite-de-disposer-est-elle-evaluee-en-cas-de-demence\/","title":{"rendered":"Comment la capacit\u00e9 de disposer est-elle \u00e9valu\u00e9e en cas de d\u00e9mence ?"},"content":{"rendered":"\n<p>La d\u00e9mence affecte l&#8217;\u00e9tat mental des personnes atteintes. Dans les stades avanc\u00e9s, il est possible que la capacit\u00e9 de discernement disparaisse. Cela a un impact sur les possibilit\u00e9s d&#8217;action de son vivant et dans le cadre de la succession.<\/p>\n\n<!--more-->\n\n<div class=\"wp-block-create-block-deinadieu-simple\"><div class=\"inner\"><p class=\"title\">L&#8217;essentiel en bref<\/p><div class=\"content\"><ul><li>Pour qu&#8217;une disposition pour cause de mort (<a href=\"https:\/\/app.deinadieu.ch\/testament\">testament<\/a>\/pacte successoral) soit valablement \u00e9tablie, des conditions de forme, mat\u00e9rielles et personnelles doivent \u00eatre remplies, parmi lesquelles la capacit\u00e9 de disposer du testateur ou de la testatrice. En cas de d\u00e9mence, la capacit\u00e9 de discernement est souvent probl\u00e9matique.<\/li><li><strong>La d\u00e9mence n&#8217;est toutefois pas synonyme d&#8217;incapacit\u00e9 de disposer<\/strong>. Le diagnostic de la d\u00e9mence est pos\u00e9 par un professionnel de la sant\u00e9. En revanche, un tribunal d\u00e9cide de la capacit\u00e9 de discernement et de la capacit\u00e9 de disposer.<\/li><li>La capacit\u00e9 de disposer est \u00e9valu\u00e9e en fonction des <strong>circonstances individuelles<\/strong> du cas concret. Elle a plus de chances d&#8217;\u00eatre confirm\u00e9e dans des situations simples que dans des cas complexes et confus.<\/li><\/ul><\/div><\/div><\/div>\n\n<h2 class=\"wp-block-heading\" id=\"h-voraussetzungen-fur-die-errichtung-einer-verfugung-von-todes-wegen\">Conditions pour l&#8217;\u00e9tablissement d&#8217;une disposition pour cause de mort<\/h2>\n\n<p>La <a href=\"https:\/\/www.deinadieu.ch\/fr\/conseiller\/la-succession-legale-en-suisse\/\">succession l\u00e9gale<\/a> du <a href=\"https:\/\/www.fedlex.admin.ch\/eli\/cc\/24\/233_245_233\/de\">Code civil suisse (CC)<\/a> ne convient pas \u00e0 tout le monde. Beaucoup de Suissesses et de Suisses souhaitent <a href=\"https:\/\/www.deinadieu.ch\/ratgeber\/damit-der-letzte-wille-geschehe\/\">s&#8217;en \u00e9carter<\/a>. Ils peuvent le faire au moyen d&#8217;une disposition pour cause de mort \u2013 soit d&#8217;un <a href=\"https:\/\/www.deinadieu.ch\/fr\/testament\/\">testament<\/a> ou d&#8217;un <a href=\"https:\/\/www.deinadieu.ch\/fr\/tag\/pacte-successoral\/\">pacte successoral<\/a>. Chacune de ces formes est soumise \u00e0 diff\u00e9rentes exigences de forme (<a href=\"https:\/\/www.deinadieu.ch\/fr\/conseiller\/le-testament-manuscrit\/\">\u00e9criture \u00e0 la main<\/a> ou <a href=\"https:\/\/www.deinadieu.ch\/fr\/conseiller\/le-testament-en-la-forme-authentique\/\">forme authentique<\/a>), mais \u00e9galement \u00e0 des exigences li\u00e9es au contenu (comme le respect du <a href=\"https:\/\/www.deinadieu.ch\/ratgeber\/mehr-spielraum-fuer-erblasser\/\">droit \u00e0 la r\u00e9serve h\u00e9r\u00e9ditaire)<\/a>.<\/p>\n\n<p>En outre, il existe des exigences personnelles en ce qui concerne la testatrice ou le testateur. Pour pouvoir valablement acqu\u00e9rir des droits et contracter des obligations de son vivant, il faut avoir l&#8217;exercice des droits civils, ce qui signifie qu&#8217;il faut avoir atteint l&#8217;\u00e2ge de 18 ans r\u00e9volus et \u00eatre capable de discernement. Le pendant en droit des successions est ce qu&#8217;on appelle la <strong>capacit\u00e9 de disposer : elle est la condition pr\u00e9alable \u00e0 la r\u00e9daction d&#8217;un testament ou d&#8217;un pacte successoral valable.<\/strong> Il s&#8217;agit de la capacit\u00e9 d&#8217;une testatrice ou d&#8217;un testateur d&#8217;\u00e9tablir une disposition pour cause de mort et d&#8217;y int\u00e9grer des instructions sur sa propre succession. Dans le cas d&#8217;un testament, on parle de la capacit\u00e9 de tester, alors que, dans le cas d&#8217;un pacte successoral, on parle de la capacit\u00e9 \u00e0 conclure un pacte successoral \u2013 mais les exigences de base sont tr\u00e8s similaires.<\/p>\n\n<h2 class=\"wp-block-heading\" id=\"h-was-bedeutet-urteilsfahigkeit-und-wie-wird-demenz-festgestellt\">Que signifie la capacit\u00e9 de discernement et comment la d\u00e9mence est-elle constat\u00e9e ?<\/h2>\n\n<p><strong>Le crit\u00e8re le plus important qui d\u00e9termine la validit\u00e9 ou l&#8217;invalidit\u00e9 d&#8217;un testament est la <a href=\"https:\/\/www.deinadieu.ch\/fr\/conseiller\/lincapacite-de-discernement-comment-prendre-des-dispositions\/\">capacit\u00e9 de discernement<\/a><\/strong>. Elle se compose d&#8217;un \u00e9l\u00e9ment intellectuel et d&#8217;un \u00e9l\u00e9ment volontaire. L&#8217;\u00e9l\u00e9ment intellectuel est la capacit\u00e9 d&#8217;une personne \u00e0 comprendre la signification et les cons\u00e9quences de ses actes. L&#8217;\u00e9l\u00e9ment volontaire est la capacit\u00e9 d&#8217;agir selon cette compr\u00e9hension en toute libert\u00e9 et sans \u00eatre influenc\u00e9.<\/p>\n\n<p>La capacit\u00e9 de discernement est r\u00e9glement\u00e9e \u00e0 l&#8217;art. 16 CC comme suit :<\/p>\n\n<figure class=\"wp-block-pullquote\"><blockquote><p>Toute personne qui n\u2019est pas priv\u00e9e de la facult\u00e9 d\u2019agir raisonnablement en raison de son jeune \u00e2ge, de d\u00e9ficience mentale, de <em>troubles psychiques<\/em>, d\u2019ivresse ou d\u2019autres causes semblables est capable de discernement au sens de la pr\u00e9sente loi.<\/p><cite>Art. 16 CC Discernement<\/cite><\/blockquote><\/figure>\n\n<p><strong>La capacit\u00e9 de discernement d&#8217;une personne est donc en principe pr\u00e9sum\u00e9e, sauf si certaines conditions, dont les troubles psychiques, laissent penser le contraire.<\/strong> La <a href=\"https:\/\/www.deinadieu.ch\/demenz-wenn-der-ehemann-zum-kind-wird\/\">d\u00e9mence<\/a>, en tant que trouble psychique, est un terme m\u00e9dical. Un tel <strong>diagnostic doit \u00eatre \u00e9tabli par des professionnels de la sant\u00e9<\/strong>. Ceux-ci utilisent des m\u00e9thodes standardis\u00e9es pour tester les capacit\u00e9s cognitives. Diverses applications sont encore \u00e0 un stade pr\u00e9coce, mais les progr\u00e8s en mati\u00e8re d&#8217;<a href=\"https:\/\/www.medica.de\/de\/News\/Archiv\/KI_Software_zur_Fr%C3%BCherkennung_neurodegenerativer_Erkrankungen\">intelligence artificielle<\/a> vont consid\u00e9rablement faciliter et am\u00e9liorer les diagnostics \u00e0 l&#8217;avenir.<\/p>\n\n<p><strong>Une m\u00e9thode \u00e9prouv\u00e9e de d\u00e9pistage de la d\u00e9mence est ce qu&#8217;on appelle le \u00ab mini-mental state \u00bb.<\/strong> Ce test comprend diverses t\u00e2ches, pour la r\u00e9alisation desquelles des points sont attribu\u00e9s. Les t\u00e2ches couvrent un large \u00e9ventail de processus de r\u00e9flexion, p. ex. l&#8217;orientation dans le temps et dans l&#8217;espace, le calcul mental, la reproduction de mots ou de phrases, etc. Plus le nombre total de points est faible, plus le diagnostic de <a href=\"https:\/\/www.deinadieu.ch\/fr\/conseiller\/quest-ce-que-la-demence-et-comment-la-gerer\/\">d\u00e9mence<\/a> est \u00e9vident.<\/p>\n\n<p>Cependant, l&#8217;\u00e9valuation de la capacit\u00e9 de discernement d&#8217;une personne et des cons\u00e9quences qui en d\u00e9coulent pour l&#8217;exercice des droits civils et sa capacit\u00e9 de disposer n&#8217;est pas une question m\u00e9dicale, mais une question juridique. <strong>Il revient ainsi au tribunal de se prononcer sur la capacit\u00e9 de discernement<\/strong>. Pour ce faire, il s&#8217;appuie sur des constatations m\u00e9dicales qui sont r\u00e9sum\u00e9es dans des expertises. Les m\u00e9decins y constatent des faits, mais ils ne proc\u00e8dent \u00e0 aucune \u00e9valuation juridique, car cette comp\u00e9tence est toujours r\u00e9serv\u00e9e au tribunal.<\/p>\n\n\n        <div class=\"relative shadow-lg -mx-12 mb-4 overflow-hidden\" style=\"background-image: url('https:\/\/www.deinadieu.ch\/wp-content\/themes\/da-v4\/assets\/v4\/banner\/testament.jpg'); background-size: cover; background-position: center\">\n            <div class=\"banner-white-box md:w-3\/5 text-black -ml-16 pl-16\" style=\"background-color: rgba(255,255,255,0.75)\">\n                <div class=\"inner\">\n                    <div class=\"text-2xl p-12\"><strong>Vous n'avez pas encore r\u00e9dig\u00e9 de testament ?<\/strong> G\u00e9n\u00e9rez d\u00e8s maintenant un mod\u00e8le PDF gratuit pour<\/div>\n                    <div class=\"px-12 md:mr-16\">\n                        <a href=\"https:\/\/app.deinadieu.ch\/testament\" target=\"_blank\" class=\"btn btn-da btn-small btn-block\">moi<\/a>\n                        <a href=\"https:\/\/app.deinadieu.ch\/testament\" target=\"_blank\" class=\"mt-4 btn btn-da btn-small btn-block\">une autre personne<\/a>\n                    <\/div>\n                    <div class=\"px-12 py-8\">\n                        <img decoding=\"async\" src=\"https:\/\/www.deinadieu.ch\/wp-content\/themes\/da-v4\/assets\/v4\/deinadieu_logo_dark.svg\" class=\"h-12\">\n                    <\/div>\n                <\/div>\n            <\/div>\n        <\/div>\n        \n\n<h2 class=\"wp-block-heading\" id=\"h-wie-beurteilt-sich-die-verfugungsfahigkeit-bei-demenz-im-einzelfall\">Comment la capacit\u00e9 de disposer est-elle \u00e9valu\u00e9e en cas de d\u00e9mence dans chaque cas particulier ?<\/h2>\n\n<p>Il n&#8217;existe pas de norme g\u00e9n\u00e9rale et objective permettant de d\u00e9terminer si une personne est capable de discernement et dispose ainsi \u00e9galement de l&#8217;exercice des droits civils et de la capacit\u00e9 de disposer. <strong>Le simple fait qu&#8217;une expertise m\u00e9dicale indique qu&#8217;une personne est atteinte de d\u00e9mence ne signifie pas que la personne concern\u00e9e n&#8217;est pas capable de discernement.<\/strong> Le tribunal examine plut\u00f4t l&#8217;ensemble des circonstances du cas concret afin de d\u00e9terminer si une personne est capable de discernement. En d&#8217;autres termes, la capacit\u00e9 de discernement est <a href=\"https:\/\/www.deinadieu.ch\/ratgeber\/wie-wird-ein-testament-bei-demenz-uberpruft\/\">relative<\/a> d&#8217;un point de vue mat\u00e9riel et temporel \u2013 elle d\u00e9pend de la complexit\u00e9 de la situation et de l&#8217;\u00e9tat de clart\u00e9 dans lequel se trouvait la personne au moment o\u00f9 elle a form\u00e9 et exprim\u00e9 sa volont\u00e9.<br\/>Ainsi, si, dans le cadre d&#8217;une disposition pour cause de mort, la question se pose de savoir si l&#8217;auteur avait la capacit\u00e9 de disposer au moment de son \u00e9tablissement, le tribunal examinera d&#8217;abord son contenu. Si celui-ci est plut\u00f4t simple, il convient d&#8217;appliquer un standard moins \u00e9lev\u00e9 \u00e0 la capacit\u00e9 de disposer que dans le cas de relations patrimoniales ou familiales complexes.<\/p>\n\n<h3 class=\"wp-block-heading\" id=\"h-zwei-beispiele-zur-veranschaulichung\">Deux exemples pour illustrer cela<\/h3>\n\n<blockquote class=\"wp-block-quote is-layout-flow wp-block-quote-is-layout-flow\"><p>(1) \u00ab Ma fille Tanja et mon fils Stefan ont droit \u00e0 leur r\u00e9serve h\u00e9r\u00e9ditaire. J&#8217;attribue les actifs qui seront ainsi lib\u00e9r\u00e9s \u00e0 ma femme Elfriede. \u00bb<\/p><p>(2) \u00ab Je d\u00e9signe mes amis Anton et Bert comme h\u00e9ritiers \u00e0 raison d&#8217;un et deux tiers chacun. Je donne au pr\u00e9alable ma collection d&#8217;art \u00e0 mon neveu Norbert. Je l\u00e8gue CHF 100&#8217;000.- \u00e0 chacun des trois enfants de ma cousine Clara. En outre, \u00e0 mon d\u00e9c\u00e8s, je cr\u00e9e une fondation destin\u00e9e \u00e0 soutenir les r\u00e9fugi\u00e9s et les personnes dans le besoin. \u00bb<\/p><\/blockquote>\n\n<p>La disposition (1) ci-dessus est relativement simple et exprim\u00e9e de mani\u00e8re claire. Par cons\u00e9quent, m\u00eame en cas de d\u00e9mence \u00e0 un stade ult\u00e9rieur, la capacit\u00e9 de disposer sera plus susceptible d&#8217;\u00eatre confirm\u00e9e. En revanche, pour la disposition (2), de nombreuses consid\u00e9rations complexes sont n\u00e9cessaires, qui posent probl\u00e8me m\u00eame aux profanes en bonne sant\u00e9 et qui peuvent \u00e9galement n\u00e9cessiter l&#8217;<a href=\"https:\/\/www.deinadieu.ch\/eine-fachperson-sorgt-dafuer-dass-ihr-letzter-wille-geschehe\/\">avis d&#8217;un expert<\/a>. Par cons\u00e9quent, un standard plus strict doit \u00eatre appliqu\u00e9 \u00e0 une telle disposition en ce qui concerne la capacit\u00e9 de disposer. Afin d&#8217;\u00e9viter les probl\u00e8mes de succession dus \u00e0 l&#8217;absence ou \u00e0 l&#8217;insuffisance de capacit\u00e9 de disposer, il est important de commencer \u00e0 penser \u00e0 la planification successorale suffisamment t\u00f4t, d\u00e8s le diagnostic de la <a href=\"https:\/\/www.deinadieu.ch\/demenz-alle-beduerfnisse-muessen-sofort-befriedigt-werden\/\">d\u00e9mence<\/a>. Nous expliquons dans un <a href=\"https:\/\/www.deinadieu.ch\/ratgeber\/folgen-verfugungsunfahigkeit-bei-demenz\/\">autre article sp\u00e9cialis\u00e9<\/a> ce qui se passe si la capacit\u00e9 de disposer est mise en doute.<\/p>\n\n<div style=\"height:40px\" aria-hidden=\"true\" class=\"wp-block-spacer\"><\/div>\n\n<div class=\"wp-block-buttons is-layout-flex wp-block-buttons-is-layout-flex\">\n<div class=\"wp-block-button\"><a class=\"wp-block-button__link\" href=\"https:\/\/app.deinadieu.ch\/testamentgenerator\">Prendre des dispositions et \u00e9tablir un testament<\/a><\/div>\n<\/div>\n\n<h2 class=\"wp-block-heading\" id=\"h-das-konnte-sie-auch-interessieren\">Ceci pourrait \u00e9galement vous int\u00e9resser<\/h2>\n\n<ul class=\"wp-block-list\"><li>I : <a href=\"https:\/\/www.deinadieu.ch\/fr\/conseiller\/quest-ce-que-la-demence-et-comment-la-gerer\/\">Qu&#8217;est-ce que la d\u00e9mence et comment la g\u00e9rer ?<\/a><\/li><li>II : <a href=\"https:\/\/www.deinadieu.ch\/fr\/conseiller\/levolution-de-la-demence\/\">Quelle est l&#8217;\u00e9volution de la maladie en ce qui concerne la d\u00e9mence ?<\/a><\/li><li>IV : <a href=\"https:\/\/www.deinadieu.ch\/ratgeber\/folgen-verfugungsunfahigkeit-bei-demenz\/\">Les cons\u00e9quences de l&#8217;incapacit\u00e9 de disposer en cas de d\u00e9mence<\/a><\/li><li>V : <a href=\"https:\/\/www.deinadieu.ch\/ratgeber\/wie-wird-ein-testament-bei-demenz-uberpruft\/\">Comment un testament est-il contr\u00f4l\u00e9 en cas de d\u00e9mence ?<\/a><\/li><li><a href=\"https:\/\/www.deinadieu.ch\/ratgeber\/damit-der-letzte-wille-geschehe\/\">Volont\u00e9s \u2013 Pour que les derni\u00e8res volont\u00e9s se r\u00e9alisent<\/a><\/li><li><a href=\"https:\/\/www.deinadieu.ch\/eine-fachperson-sorgt-dafuer-dass-ihr-letzter-wille-geschehe\/\">La r\u00e9alisation de vos derni\u00e8res volont\u00e9s \u2013 L&#8217;assistance d&#8217;un sp\u00e9cialiste aide<\/a><\/li><\/ul>\n","protected":false},"excerpt":{"rendered":"<p>La d\u00e9mence affecte l&#8217;\u00e9tat mental des personnes atteintes. Dans les stades avanc\u00e9s, il est possible que la capacit\u00e9 de discernement disparaisse. Cela a un impact sur les possibilit\u00e9s d&#8217;action de son vivant et dans le cadre de la succession.<\/p>\n","protected":false},"author":2398,"featured_media":51941,"menu_order":0,"comment_status":"open","ping_status":"closed","template":"","tags":[2932,2953,2944,2952,2005],"ratgeber-category":[2092,2881],"class_list":["post-53487","ratgeber","type-ratgeber","status-publish","has-post-thumbnail","hentry","tag-capacite-de-discernement","tag-capacite-de-disposer","tag-demence","tag-succession-fr-2","tag-testament-fr","ratgeber-category-directives-anticipees-patient","ratgeber-category-maladie-domaines-juridiques"],"acf":[],"yoast_head":"<title>La d\u00e9mence : capacit\u00e9 de discernement &amp; capacit\u00e9 de disposer | DeinAdieu<\/title>\n<meta name=\"description\" content=\"La capacit\u00e9 de disposer est une condition pr\u00e9alable \u00e0 la r\u00e9daction d&#039;un testament ou d&#039;un pacte successoral valable. Lisez ici comment elle est d\u00e9termin\u00e9 en cas de d\u00e9mence.\" \/>\n<meta name=\"robots\" content=\"index, follow, max-snippet:-1, max-image-preview:large, max-video-preview:-1\" \/>\n<link rel=\"canonical\" href=\"https:\/\/www.deinadieu.ch\/fr\/conseiller\/comment-la-capacite-de-disposer-est-elle-evaluee-en-cas-de-demence\/\" \/>\n<meta property=\"og:locale\" content=\"fr_FR\" \/>\n<meta property=\"og:type\" content=\"article\" \/>\n<meta property=\"og:title\" content=\"Comment la capacit\u00e9 de disposer est-elle \u00e9valu\u00e9e en cas de d\u00e9mence ?\" \/>\n<meta property=\"og:description\" content=\"La d\u00e9mence affecte l&#039;\u00e9tat mental des personnes atteintes. Dans les stades avanc\u00e9s, il est possible que la capacit\u00e9 de discernement disparaisse. Cela a un\" \/>\n<meta property=\"og:url\" content=\"https:\/\/www.deinadieu.ch\/fr\/conseiller\/comment-la-capacite-de-disposer-est-elle-evaluee-en-cas-de-demence\/\" \/>\n<meta property=\"og:site_name\" content=\"DeinAdieu.ch\" \/>\n<meta property=\"article:publisher\" content=\"https:\/\/www.facebook.com\/deinadieu\" \/>\n<meta property=\"article:modified_time\" content=\"2022-09-12T13:02:03+00:00\" \/>\n<meta property=\"og:image\" content=\"https:\/\/static.deinadieu.ch\/uploads\/2021\/06\/iStock-979946210.jpg\" \/>\n\t<meta property=\"og:image:width\" content=\"2121\" \/>\n\t<meta property=\"og:image:height\" content=\"1414\" \/>\n\t<meta property=\"og:image:type\" content=\"image\/jpeg\" \/>\n<meta name=\"twitter:card\" content=\"summary_large_image\" \/>\n<meta name=\"twitter:site\" content=\"@DeinAdieu\" \/>\n<meta name=\"twitter:label1\" content=\"Est. reading time\" \/>\n\t<meta name=\"twitter:data1\" content=\"7 minutes\" \/>\n<script type=\"application\/ld+json\" class=\"yoast-schema-graph\">{\"@context\":\"https:\\\/\\\/schema.org\",\"@graph\":[{\"@type\":\"WebPage\",\"@id\":\"https:\\\/\\\/www.deinadieu.ch\\\/fr\\\/conseiller\\\/comment-la-capacite-de-disposer-est-elle-evaluee-en-cas-de-demence\\\/\",\"url\":\"https:\\\/\\\/www.deinadieu.ch\\\/fr\\\/conseiller\\\/comment-la-capacite-de-disposer-est-elle-evaluee-en-cas-de-demence\\\/\",\"name\":\"La d\u00e9mence : capacit\u00e9 de discernement & capacit\u00e9 de disposer | DeinAdieu\",\"isPartOf\":{\"@id\":\"https:\\\/\\\/www.deinadieu.ch\\\/fr\\\/#website\"},\"primaryImageOfPage\":{\"@id\":\"https:\\\/\\\/www.deinadieu.ch\\\/fr\\\/conseiller\\\/comment-la-capacite-de-disposer-est-elle-evaluee-en-cas-de-demence\\\/#primaryimage\"},\"image\":{\"@id\":\"https:\\\/\\\/www.deinadieu.ch\\\/fr\\\/conseiller\\\/comment-la-capacite-de-disposer-est-elle-evaluee-en-cas-de-demence\\\/#primaryimage\"},\"thumbnailUrl\":\"https:\\\/\\\/www.deinadieu.ch\\\/wp-content\\\/uploads\\\/2021\\\/06\\\/iStock-979946210.jpg\",\"datePublished\":\"2021-09-07T06:00:00+00:00\",\"dateModified\":\"2022-09-12T13:02:03+00:00\",\"description\":\"La capacit\u00e9 de disposer est une condition pr\u00e9alable \u00e0 la r\u00e9daction d'un testament ou d'un pacte successoral valable. Lisez ici comment elle est d\u00e9termin\u00e9 en cas de d\u00e9mence.\",\"breadcrumb\":{\"@id\":\"https:\\\/\\\/www.deinadieu.ch\\\/fr\\\/conseiller\\\/comment-la-capacite-de-disposer-est-elle-evaluee-en-cas-de-demence\\\/#breadcrumb\"},\"inLanguage\":\"fr-FR\",\"potentialAction\":[{\"@type\":\"ReadAction\",\"target\":[\"https:\\\/\\\/www.deinadieu.ch\\\/fr\\\/conseiller\\\/comment-la-capacite-de-disposer-est-elle-evaluee-en-cas-de-demence\\\/\"]}]},{\"@type\":\"ImageObject\",\"inLanguage\":\"fr-FR\",\"@id\":\"https:\\\/\\\/www.deinadieu.ch\\\/fr\\\/conseiller\\\/comment-la-capacite-de-disposer-est-elle-evaluee-en-cas-de-demence\\\/#primaryimage\",\"url\":\"https:\\\/\\\/www.deinadieu.ch\\\/wp-content\\\/uploads\\\/2021\\\/06\\\/iStock-979946210.jpg\",\"contentUrl\":\"https:\\\/\\\/www.deinadieu.ch\\\/wp-content\\\/uploads\\\/2021\\\/06\\\/iStock-979946210.jpg\",\"width\":2121,\"height\":1414,\"caption\":\"La capacit\u00e9 de disposer est une condition pr\u00e9alable \u00e0 la r\u00e9daction d'un testament (image : istock \\\/ SilviaJansen)\"},{\"@type\":\"BreadcrumbList\",\"@id\":\"https:\\\/\\\/www.deinadieu.ch\\\/fr\\\/conseiller\\\/comment-la-capacite-de-disposer-est-elle-evaluee-en-cas-de-demence\\\/#breadcrumb\",\"itemListElement\":[{\"@type\":\"ListItem\",\"position\":1,\"name\":\"Home\",\"item\":\"https:\\\/\\\/www.deinadieu.ch\\\/fr\\\/deinadieu-dialog-und-serviceportal-zum-lebensende\\\/\"},{\"@type\":\"ListItem\",\"position\":2,\"name\":\"Ratgeber\",\"item\":\"https:\\\/\\\/www.deinadieu.ch\\\/fr\\\/conseiller\\\/\"},{\"@type\":\"ListItem\",\"position\":3,\"name\":\"Comment la capacit\u00e9 de disposer est-elle \u00e9valu\u00e9e en cas de d\u00e9mence ?\"}]},{\"@type\":\"WebSite\",\"@id\":\"https:\\\/\\\/www.deinadieu.ch\\\/fr\\\/#website\",\"url\":\"https:\\\/\\\/www.deinadieu.ch\\\/fr\\\/\",\"name\":\"DeinAdieu.ch\",\"description\":\"Testament, Patientenverf\u00fcgung und Vorsorgeauftrag\",\"publisher\":{\"@id\":\"https:\\\/\\\/www.deinadieu.ch\\\/fr\\\/#organization\"},\"potentialAction\":[{\"@type\":\"SearchAction\",\"target\":{\"@type\":\"EntryPoint\",\"urlTemplate\":\"https:\\\/\\\/www.deinadieu.ch\\\/fr\\\/?s={search_term_string}\"},\"query-input\":{\"@type\":\"PropertyValueSpecification\",\"valueRequired\":true,\"valueName\":\"search_term_string\"}}],\"inLanguage\":\"fr-FR\"},{\"@type\":\"Organization\",\"@id\":\"https:\\\/\\\/www.deinadieu.ch\\\/fr\\\/#organization\",\"name\":\"EMNA Web GmbH\",\"url\":\"https:\\\/\\\/www.deinadieu.ch\\\/fr\\\/\",\"logo\":{\"@type\":\"ImageObject\",\"inLanguage\":\"fr-FR\",\"@id\":\"https:\\\/\\\/www.deinadieu.ch\\\/fr\\\/#\\\/schema\\\/logo\\\/image\\\/\",\"url\":\"https:\\\/\\\/www.deinadieu.ch\\\/wp-content\\\/uploads\\\/2016\\\/01\\\/DeinAdieu_Logo.png\",\"contentUrl\":\"https:\\\/\\\/www.deinadieu.ch\\\/wp-content\\\/uploads\\\/2016\\\/01\\\/DeinAdieu_Logo.png\",\"width\":300,\"height\":117,\"caption\":\"EMNA Web GmbH\"},\"image\":{\"@id\":\"https:\\\/\\\/www.deinadieu.ch\\\/fr\\\/#\\\/schema\\\/logo\\\/image\\\/\"},\"sameAs\":[\"https:\\\/\\\/www.facebook.com\\\/deinadieu\",\"https:\\\/\\\/x.com\\\/DeinAdieu\",\"https:\\\/\\\/www.instagram.com\\\/deinadieu\\\/\",\"https:\\\/\\\/www.linkedin.com\\\/company\\\/deinadieu.ch\"]}]}<\/script>","yoast_head_json":{"title":"La d\u00e9mence : capacit\u00e9 de discernement & capacit\u00e9 de disposer | DeinAdieu","description":"La capacit\u00e9 de disposer est une condition pr\u00e9alable \u00e0 la r\u00e9daction d'un testament ou d'un pacte successoral valable. Lisez ici comment elle est d\u00e9termin\u00e9 en cas de d\u00e9mence.","robots":{"index":"index","follow":"follow","max-snippet":"max-snippet:-1","max-image-preview":"max-image-preview:large","max-video-preview":"max-video-preview:-1"},"canonical":"https:\/\/www.deinadieu.ch\/fr\/conseiller\/comment-la-capacite-de-disposer-est-elle-evaluee-en-cas-de-demence\/","og_locale":"fr_FR","og_type":"article","og_title":"Comment la capacit\u00e9 de disposer est-elle \u00e9valu\u00e9e en cas de d\u00e9mence ?","og_description":"La d\u00e9mence affecte l'\u00e9tat mental des personnes atteintes. Dans les stades avanc\u00e9s, il est possible que la capacit\u00e9 de discernement disparaisse. Cela a un","og_url":"https:\/\/www.deinadieu.ch\/fr\/conseiller\/comment-la-capacite-de-disposer-est-elle-evaluee-en-cas-de-demence\/","og_site_name":"DeinAdieu.ch","article_publisher":"https:\/\/www.facebook.com\/deinadieu","article_modified_time":"2022-09-12T13:02:03+00:00","og_image":[{"width":2121,"height":1414,"url":"https:\/\/static.deinadieu.ch\/uploads\/2021\/06\/iStock-979946210.jpg","type":"image\/jpeg"}],"twitter_card":"summary_large_image","twitter_site":"@DeinAdieu","twitter_misc":{"Est. reading time":"7 minutes"},"schema":{"@context":"https:\/\/schema.org","@graph":[{"@type":"WebPage","@id":"https:\/\/www.deinadieu.ch\/fr\/conseiller\/comment-la-capacite-de-disposer-est-elle-evaluee-en-cas-de-demence\/","url":"https:\/\/www.deinadieu.ch\/fr\/conseiller\/comment-la-capacite-de-disposer-est-elle-evaluee-en-cas-de-demence\/","name":"La d\u00e9mence : capacit\u00e9 de discernement & capacit\u00e9 de disposer | DeinAdieu","isPartOf":{"@id":"https:\/\/www.deinadieu.ch\/fr\/#website"},"primaryImageOfPage":{"@id":"https:\/\/www.deinadieu.ch\/fr\/conseiller\/comment-la-capacite-de-disposer-est-elle-evaluee-en-cas-de-demence\/#primaryimage"},"image":{"@id":"https:\/\/www.deinadieu.ch\/fr\/conseiller\/comment-la-capacite-de-disposer-est-elle-evaluee-en-cas-de-demence\/#primaryimage"},"thumbnailUrl":"https:\/\/www.deinadieu.ch\/wp-content\/uploads\/2021\/06\/iStock-979946210.jpg","datePublished":"2021-09-07T06:00:00+00:00","dateModified":"2022-09-12T13:02:03+00:00","description":"La capacit\u00e9 de disposer est une condition pr\u00e9alable \u00e0 la r\u00e9daction d'un testament ou d'un pacte successoral valable. Lisez ici comment elle est d\u00e9termin\u00e9 en cas de d\u00e9mence.","breadcrumb":{"@id":"https:\/\/www.deinadieu.ch\/fr\/conseiller\/comment-la-capacite-de-disposer-est-elle-evaluee-en-cas-de-demence\/#breadcrumb"},"inLanguage":"fr-FR","potentialAction":[{"@type":"ReadAction","target":["https:\/\/www.deinadieu.ch\/fr\/conseiller\/comment-la-capacite-de-disposer-est-elle-evaluee-en-cas-de-demence\/"]}]},{"@type":"ImageObject","inLanguage":"fr-FR","@id":"https:\/\/www.deinadieu.ch\/fr\/conseiller\/comment-la-capacite-de-disposer-est-elle-evaluee-en-cas-de-demence\/#primaryimage","url":"https:\/\/www.deinadieu.ch\/wp-content\/uploads\/2021\/06\/iStock-979946210.jpg","contentUrl":"https:\/\/www.deinadieu.ch\/wp-content\/uploads\/2021\/06\/iStock-979946210.jpg","width":2121,"height":1414,"caption":"La capacit\u00e9 de disposer est une condition pr\u00e9alable \u00e0 la r\u00e9daction d'un testament (image : istock \/ SilviaJansen)"},{"@type":"BreadcrumbList","@id":"https:\/\/www.deinadieu.ch\/fr\/conseiller\/comment-la-capacite-de-disposer-est-elle-evaluee-en-cas-de-demence\/#breadcrumb","itemListElement":[{"@type":"ListItem","position":1,"name":"Home","item":"https:\/\/www.deinadieu.ch\/fr\/deinadieu-dialog-und-serviceportal-zum-lebensende\/"},{"@type":"ListItem","position":2,"name":"Ratgeber","item":"https:\/\/www.deinadieu.ch\/fr\/conseiller\/"},{"@type":"ListItem","position":3,"name":"Comment la capacit\u00e9 de disposer est-elle \u00e9valu\u00e9e en cas de d\u00e9mence ?"}]},{"@type":"WebSite","@id":"https:\/\/www.deinadieu.ch\/fr\/#website","url":"https:\/\/www.deinadieu.ch\/fr\/","name":"DeinAdieu.ch","description":"Testament, Patientenverf\u00fcgung und Vorsorgeauftrag","publisher":{"@id":"https:\/\/www.deinadieu.ch\/fr\/#organization"},"potentialAction":[{"@type":"SearchAction","target":{"@type":"EntryPoint","urlTemplate":"https:\/\/www.deinadieu.ch\/fr\/?s={search_term_string}"},"query-input":{"@type":"PropertyValueSpecification","valueRequired":true,"valueName":"search_term_string"}}],"inLanguage":"fr-FR"},{"@type":"Organization","@id":"https:\/\/www.deinadieu.ch\/fr\/#organization","name":"EMNA Web GmbH","url":"https:\/\/www.deinadieu.ch\/fr\/","logo":{"@type":"ImageObject","inLanguage":"fr-FR","@id":"https:\/\/www.deinadieu.ch\/fr\/#\/schema\/logo\/image\/","url":"https:\/\/www.deinadieu.ch\/wp-content\/uploads\/2016\/01\/DeinAdieu_Logo.png","contentUrl":"https:\/\/www.deinadieu.ch\/wp-content\/uploads\/2016\/01\/DeinAdieu_Logo.png","width":300,"height":117,"caption":"EMNA Web GmbH"},"image":{"@id":"https:\/\/www.deinadieu.ch\/fr\/#\/schema\/logo\/image\/"},"sameAs":["https:\/\/www.facebook.com\/deinadieu","https:\/\/x.com\/DeinAdieu","https:\/\/www.instagram.com\/deinadieu\/","https:\/\/www.linkedin.com\/company\/deinadieu.ch"]}]}},"_links":{"self":[{"href":"https:\/\/www.deinadieu.ch\/fr\/wp-json\/wp\/v2\/ratgeber\/53487","targetHints":{"allow":["GET"]}}],"collection":[{"href":"https:\/\/www.deinadieu.ch\/fr\/wp-json\/wp\/v2\/ratgeber"}],"about":[{"href":"https:\/\/www.deinadieu.ch\/fr\/wp-json\/wp\/v2\/types\/ratgeber"}],"author":[{"embeddable":true,"href":"https:\/\/www.deinadieu.ch\/fr\/wp-json\/wp\/v2\/users\/2398"}],"replies":[{"embeddable":true,"href":"https:\/\/www.deinadieu.ch\/fr\/wp-json\/wp\/v2\/comments?post=53487"}],"version-history":[{"count":7,"href":"https:\/\/www.deinadieu.ch\/fr\/wp-json\/wp\/v2\/ratgeber\/53487\/revisions"}],"predecessor-version":[{"id":60244,"href":"https:\/\/www.deinadieu.ch\/fr\/wp-json\/wp\/v2\/ratgeber\/53487\/revisions\/60244"}],"wp:featuredmedia":[{"embeddable":true,"href":"https:\/\/www.deinadieu.ch\/fr\/wp-json\/wp\/v2\/media\/51941"}],"wp:attachment":[{"href":"https:\/\/www.deinadieu.ch\/fr\/wp-json\/wp\/v2\/media?parent=53487"}],"wp:term":[{"taxonomy":"post_tag","embeddable":true,"href":"https:\/\/www.deinadieu.ch\/fr\/wp-json\/wp\/v2\/tags?post=53487"},{"taxonomy":"ratgeber-category","embeddable":true,"href":"https:\/\/www.deinadieu.ch\/fr\/wp-json\/wp\/v2\/ratgeber-category?post=53487"}],"curies":[{"name":"wp","href":"https:\/\/api.w.org\/{rel}","templated":true}]}}