{"id":53483,"date":"2021-08-31T08:00:00","date_gmt":"2021-08-31T06:00:00","guid":{"rendered":"https:\/\/www.deinadieu.ch\/ratgeber\/levolution-de-la-demence\/"},"modified":"2023-04-28T09:01:26","modified_gmt":"2023-04-28T07:01:26","slug":"levolution-de-la-demence","status":"publish","type":"ratgeber","link":"https:\/\/www.deinadieu.ch\/fr\/conseiller\/levolution-de-la-demence\/","title":{"rendered":"L&#8217;\u00e9volution de la d\u00e9mence"},"content":{"rendered":"\n<p>Les pathologies d\u00e9mentielles ont g\u00e9n\u00e9ralement une \u00e9volution chronique. Avec le temps, les capacit\u00e9s mentales des personnes atteintes diminuent. Pour \u00e9viter les difficult\u00e9s de la vie quotidienne et les probl\u00e8mes de planification successorale, il est important d&#8217;\u00eatre bien pr\u00e9par\u00e9.<\/p>\n\n<!--more-->\n\n<div class=\"wp-block-create-block-deinadieu-simple\"><div class=\"inner\"><p class=\"title\">L&#8217;essentiel en bref<\/p><div class=\"content\"><ul><li>La d\u00e9mence est un trouble neurocognitif. Elle est g\u00e9n\u00e9ralement chronique et peut s&#8217;aggraver progressivement ou par phases.<\/li><li>Les signes de d\u00e9mence sont les oublis, les difficult\u00e9s avec la planification et les processus ou les probl\u00e8mes de langage, d&#8217;orientation et de motricit\u00e9. Des changements de la personnalit\u00e9 peuvent \u00e9galement survenir.<\/li><li>Avec le <a href=\"https:\/\/www.deinadieu.ch\/fr\/mandat-pour-cause-d-inaptitude\/\">mandat pour cause d&#8217;inaptitude<\/a> et la <a href=\"https:\/\/www.deinadieu.ch\/fr\/directives-anticipees-du-patient\/\">directive anticip\u00e9e du patient<\/a>, le droit suisse dispose d&#8217;instruments appropri\u00e9s pour promouvoir l&#8217;autod\u00e9termination en cas de d\u00e9mence. Les personnes atteintes de d\u00e9mence devraient \u00e9galement organiser leur succession suffisamment t\u00f4t.<\/li><\/ul><\/div><\/div><\/div>\n\n<h2 class=\"wp-block-heading\" id=\"h-wie-sieht-ein-typischer-krankheitsverlauf-bei-demenz-aus\">Quelle est l&#8217;\u00e9volution typique de la d\u00e9mence ?<\/h2>\n\n<p>Le terme \u00ab d\u00e9mence \u00bb d\u00e9signe une vari\u00e9t\u00e9 de maladies pr\u00e9sentant des sympt\u00f4mes similaires. En fonction du diagnostic sp\u00e9cifique, il faut donc s&#8217;attendre \u00e0 des \u00e9volutions diff\u00e9rentes. N\u00e9anmoins, il existe des similitudes fondamentales qui permettent de dresser un tableau clinique g\u00e9n\u00e9ral.<\/p>\n\n<p>En m\u00e9decine sp\u00e9cialis\u00e9e (DSM-5), <strong>la <a href=\"https:\/\/www.deinadieu.ch\/fr\/conseiller\/quest-ce-que-la-demence-et-comment-la-gerer\/\">d\u00e9mence<\/a> fait partie des troubles neurocognitifs<\/strong>. A cet \u00e9gard, on distingue entre les troubles l\u00e9gers et majeurs. <strong>Les troubles l\u00e9gers sont ceux que le cerveau peut compenser<\/strong>, de sorte que les limitations ne sont que temporaires et que les personnes touch\u00e9es peuvent continuer \u00e0 g\u00e9rer leur vie quotidienne de mani\u00e8re autonome. <strong>Les troubles majeurs, en revanche, ne peuvent pas \u00eatre compens\u00e9s par le cerveau<\/strong>. On proc\u00e8de encore \u00e0 une subdivision en troubles majeurs l\u00e9gers ou graves. La d\u00e9mence fait partie des troubles neurocognitifs majeurs.<\/p>\n\n<p>Cependant, cela ne signifie pas que le tableau clinique d&#8217;une patiente ou d&#8217;un patient peut \u00eatre class\u00e9 de mani\u00e8re exacte. Au contraire, celui-ci \u00e9volue avec le temps dans un continuum, au sein duquel les capacit\u00e9s mentales d\u00e9clinent. Les continuums sont \u00e9galement appel\u00e9s les stades de la d\u00e9mence.<\/p>\n\n<figure class=\"wp-block-image size-large\"><img loading=\"lazy\" decoding=\"async\" width=\"913\" height=\"629\" src=\"https:\/\/www.deinadieu.ch\/wp-content\/uploads\/2021\/06\/Picture-1.png\" alt=\"\" class=\"wp-image-50844\" srcset=\"https:\/\/www.deinadieu.ch\/wp-content\/uploads\/2021\/06\/Picture-1.png 913w, https:\/\/www.deinadieu.ch\/wp-content\/uploads\/2021\/06\/Picture-1-300x207.png 300w\" sizes=\"auto, (max-width: 913px) 100vw, 913px\" \/><figcaption class=\"wp-element-caption\">Figure 1 : Continuum des troubles neurocognitifs. Pr\u00e9sentation du Prof. Dr. Andreas U. Monsch.<\/figcaption><\/figure>\n\n<h2 class=\"wp-block-heading\" id=\"h-was-sind-die-haufigsten-anzeichen-einer-demenzerkrankung\">Quels sont les signes les plus courants de la d\u00e9mence ?<\/h2>\n\n<p><strong>Il existe de multiples signes de d\u00e9mence<\/strong>. Certains sympt\u00f4mes n&#8217;indiquent toutefois pas n\u00e9cessairement la pr\u00e9sence de la d\u00e9mence. Par cons\u00e9quent, il faut observer l&#8217;\u00e9tat g\u00e9n\u00e9ral de la condition mentale. La suspicion d&#8217;une pathologie d\u00e9mentielle n&#8217;est ainsi confirm\u00e9e que lorsque plusieurs des signes suivants se manifestent ensemble et plusieurs fois.<\/p>\n\n<p>Les <strong>oublis sont un signe \u00ab classique \u00bb, peut-\u00eatre le plus connu, d&#8217;un d\u00e9but de d\u00e9mence<\/strong> et ils rendent de plus en plus difficile la gestion autonome des affaires quotidiennes, comme la planification de rendez-vous ou la recherche d&#8217;objets d&#8217;usage courant. <strong>Les difficult\u00e9s \u00e0 planifier des activit\u00e9s simples ou \u00e0 r\u00e9soudre des probl\u00e8mes<\/strong>, par exemple lors de la planification de courts voyages ou la pr\u00e9paration de repas simples, sont \u00e9troitement li\u00e9es \u00e0 ce ph\u00e9nom\u00e8ne.<\/p>\n\n<p>\u00c0 mesure que la maladie progresse, les activit\u00e9s quotidiennes telles que l&#8217;utilisation d&#8217;appareils \u00e9lectroniques ou le paiement de factures deviennent de plus en plus difficiles. Souvent, des difficult\u00e9s de langage, d&#8217;orientation et de motricit\u00e9 apparaissent, ce qui signifie que les personnes atteintes de d\u00e9mence ont de la peine \u00e0 trouver les mots appropri\u00e9s ou \u00e0 former des phrases ayant du sens. Elles peuvent \u00e9galement avoir des difficult\u00e9s \u00e0 d\u00e9terminer le lieu o\u00f9 elles se trouvent ou la date, le jour de la semaine et l&#8217;heure. <strong>Le fait de laisser tomber des objets est un exemple typique des cons\u00e9quences motrices de la d\u00e9mence<\/strong>.<\/p>\n\n<p>Ces probl\u00e8mes sont associ\u00e9s \u00e0 un sentiment de honte pour les personnes concern\u00e9es. Cela peut conduire \u00e0 une apathie et un d\u00e9sengagement social, voire \u00e0 des humeurs d\u00e9pressives et \u00e0 des changements de la personnalit\u00e9. Au plus tard \u00e0 ce stade, il devient difficilement possible de cacher la maladie aux proches ou aux autres personnes de contact.<\/p>\n\n\n        <div class=\"relative shadow-lg -mx-12 mb-4 overflow-hidden\" style=\"background-image: url('https:\/\/www.deinadieu.ch\/wp-content\/themes\/da-v4\/assets\/v4\/banner\/testament.jpg'); background-size: cover; background-position: center\">\n            <div class=\"banner-white-box md:w-3\/5 text-black -ml-16 pl-16\" style=\"background-color: rgba(255,255,255,0.75)\">\n                <div class=\"inner\">\n                    <div class=\"text-2xl p-12\"><strong>Vous n'avez pas encore r\u00e9dig\u00e9 de testament ?<\/strong> G\u00e9n\u00e9rez d\u00e8s maintenant un mod\u00e8le PDF gratuit pour<\/div>\n                    <div class=\"px-12 md:mr-16\">\n                        <a href=\"https:\/\/app.deinadieu.ch\/testament\" target=\"_blank\" class=\"btn btn-da btn-small btn-block\">moi<\/a>\n                        <a href=\"https:\/\/app.deinadieu.ch\/testament\" target=\"_blank\" class=\"mt-4 btn btn-da btn-small btn-block\">une autre personne<\/a>\n                    <\/div>\n                    <div class=\"px-12 py-8\">\n                        <img decoding=\"async\" src=\"https:\/\/www.deinadieu.ch\/wp-content\/themes\/da-v4\/assets\/v4\/deinadieu_logo_dark.svg\" class=\"h-12\">\n                    <\/div>\n                <\/div>\n            <\/div>\n        <\/div>\n        \n\n<h2 class=\"wp-block-heading\" id=\"h-welche-massnahmen-kann-ich-treffen-um-vorzusorgen\">Quelles dispositions puis-je prendre ?<\/h2>\n\n<p>Aborder ouvertement la d\u00e9mence (d\u00e8s le d\u00e9but) peut rendre sa propre vie, mais aussi celle de ses proches et de ses amis, beaucoup plus facile. <strong>La premi\u00e8re mesure \u00e0 prendre si vous suspectez une d\u00e9mence est de la faire diagnostiquer par un professionnel de la sant\u00e9.<\/strong> Ceux-ci utilisent des m\u00e9thodes standardis\u00e9es pour tester les capacit\u00e9s cognitives. Si la suspicion d&#8217;un d\u00e9but de d\u00e9mence est confirm\u00e9e, il est important de prendre des <a href=\"https:\/\/www.deinadieu.ch\/fr\/outil-de-prevoyance\/\">mesures de pr\u00e9caution<\/a> en vue d&#8217;une possible d\u00e9t\u00e9rioration. Les mesures de pr\u00e9caution sont d&#8217;une importance capitale car, \u00e0 partir d&#8217;un certain stade de la d\u00e9mence, la <a href=\"https:\/\/www.deinadieu.ch\/fr\/conseiller\/lincapacite-de-discernement-comment-prendre-des-dispositions\/\">capacit\u00e9 de discernement<\/a> dispara\u00eet. Celle-ci est toutefois une condition de base pour de nombreuses actions dans les rapports juridiques et commerciaux. Si une personne n&#8217;a pas la capacit\u00e9 de discernement, elle ne peut plus, dans certains cas, conclure des contrats valables ou r\u00e9diger un <a href=\"https:\/\/www.deinadieu.ch\/fr\/testament\/\">testament<\/a>. <strong>Il convient ainsi d&#8217;organiser sa succession suffisamment t\u00f4t afin d&#8217;\u00e9viter la contestation d&#8217;une disposition pour cause de mort pour cause d&#8217;<a href=\"https:\/\/www.deinadieu.ch\/ratgeber\/folgen-verfugungsunfahigkeit-bei-demenz\/\">incapacit\u00e9 de disposer<\/a>.<\/strong><\/p>\n\n<p>De m\u00eame, les personnes incapables de discernement ne peuvent plus prendre certaines d\u00e9cisions par elles-m\u00eames, de sorte qu&#8217;un repr\u00e9sentant ou un curateur doit \u00eatre d\u00e9sign\u00e9 pour les prot\u00e9ger. Afin de garantir le droit de toute personne \u00e0 l&#8217;autod\u00e9termination m\u00eame en cas d&#8217;incapacit\u00e9 de discernement, le droit suisse de la protection de l&#8217;adulte dispose des instruments que sont le <a href=\"https:\/\/www.deinadieu.ch\/ratgeber\/unterschied-vorsorgeauftrag-und-patientenverfuegung-brauche-ich-beides\/\">mandat pour cause d&#8217;inaptitude et la directive anticip\u00e9e du patient<\/a>. Avec un mandat pour cause d&#8217;inaptitude, vous pouvez confier \u00e0 des personnes de votre choix la gestion de vos biens, votre prise en charge personnelle ou votre repr\u00e9sentation dans les rapports juridiques. Dans la directive anticip\u00e9e du patient, vous pouvez consentir ou rejeter \u00e0 l&#8217;avance certaines mesures m\u00e9dicales. Ici aussi, il est possible de d\u00e9signer une personne physique comme repr\u00e9sentante.<\/p>\n\n<p>En particulier dans le cas de la d\u00e9mence, il est conseill\u00e9, judicieux et important de <a href=\"https:\/\/www.deinadieu.ch\/ratgeber\/vorsorgeauftrag-erstellen-zum-nulltarif\/\">faire usage<\/a> de ces possibilit\u00e9s. Cela permet de prendre des d\u00e9cisions r\u00e9fl\u00e9chies et contraignantes, de cr\u00e9er une protection et d&#8217;envisager l&#8217;avenir avec confiance.<\/p>\n\n<div style=\"height:50px\" aria-hidden=\"true\" class=\"wp-block-spacer\"><\/div>\n\n<div class=\"wp-block-buttons is-layout-flex wp-block-buttons-is-layout-flex\">\n<div class=\"wp-block-button\"><a class=\"wp-block-button__link wp-element-button\" href=\"https:\/\/app.deinadieu.ch\/testamentgenerator\">Prendre des dispositions et \u00e9tablir un testament ici<\/a><\/div>\n<\/div>\n\n<h2 class=\"wp-block-heading\" id=\"h-das-konnte-sie-auch-interessieren\">Ceci pourrait \u00e9galement vous int\u00e9resser<\/h2>\n\n<ul class=\"wp-block-list\">\n<li>I : <a href=\"https:\/\/www.deinadieu.ch\/fr\/conseiller\/quest-ce-que-la-demence-et-comment-la-gerer\/\">Qu&#8217;est-ce que la d\u00e9mence et comment la g\u00e9rer ?<\/a><\/li>\n\n\n\n<li>III :<a href=\"https:\/\/www.deinadieu.ch\/fr\/conseiller\/comment-la-capacite-de-disposer-est-elle-evaluee-en-cas-de-demence\/\"> Comment la capacit\u00e9 de disposer est-elle \u00e9valu\u00e9e en cas de d\u00e9mence ?<\/a><\/li>\n\n\n\n<li>IV : <a href=\"https:\/\/www.deinadieu.ch\/ratgeber\/folgen-verfugungsunfahigkeit-bei-demenz\/\">Les cons\u00e9quences de l&#8217;incapacit\u00e9 de disposer en cas de d\u00e9mence<\/a><\/li>\n\n\n\n<li>V : <a href=\"https:\/\/www.deinadieu.ch\/ratgeber\/wie-wird-ein-testament-bei-demenz-uberpruft\/\">Comment un testament est-il contr\u00f4l\u00e9 en cas de d\u00e9mence ?<\/a><\/li>\n\n\n\n<li><a href=\"https:\/\/www.deinadieu.ch\/fr\/directives-anticipees-du-patient\/\">Etablir une directive anticip\u00e9e du patient<\/a><\/li>\n\n\n\n<li><a href=\"https:\/\/www.deinadieu.ch\/fr\/mandat-pour-cause-d-inaptitude\/\">Etablir un mandat pour cause d&#8217;inaptitude<\/a><\/li>\n\n\n\n<li><a href=\"https:\/\/www.deinadieu.ch\/fr\/testament\/\">Etablir un testament<\/a><\/li>\n\n\n\n<li><a href=\"https:\/\/www.deinadieu.ch\/fr\/conseiller\/lincapacite-de-discernement-comment-prendre-des-dispositions\/\">Incapacit\u00e9 de discernement \u2013 Comment prendre des dispositions ?<\/a><\/li>\n<\/ul>\n\n<h2 class=\"wp-block-heading\" id=\"h-externe-links\">Liens externes<\/h2>\n\n<ul class=\"wp-block-list\">\n<li><a href=\"https:\/\/www.alzheimer-schweiz.ch\/de\/publikationen-produkte\/produkt\/demenz-in-der-schweiz-zahlen-und-fakten\">Alzheimer Suisse : La d\u00e9mence en Suisse : faits et chiffres<\/a><\/li>\n\n\n\n<li><a href=\"https:\/\/www.bag.admin.ch\/bag\/de\/home\/zahlen-und-statistiken\/zahlen-fakten-demenz.html\">Office f\u00e9d\u00e9ral de la sant\u00e9 publique OFSP : Faits et chiffres sur la d\u00e9mence<\/a><\/li>\n\n\n\n<li><a href=\"https:\/\/sgec.stanford.edu\/content\/dam\/sm\/sgec\/documents\/resources\/dementia_and_caregiving\/1_DiagnosisRosenDSM5NCD_AR4.pdf\">Troubles neurocognitifs du DSM-5<\/a><\/li>\n\n\n\n<li><a href=\"https:\/\/pubmed.ncbi.nlm.nih.gov\/25266297\/\">Classification des troubles neurocognitifs : l&#8217;approche du DSM-5<\/a><\/li>\n<\/ul>\n","protected":false},"excerpt":{"rendered":"<p>Les pathologies d\u00e9mentielles ont g\u00e9n\u00e9ralement une \u00e9volution chronique. Avec le temps, les capacit\u00e9s mentales des personnes atteintes diminuent. Pour \u00e9viter les difficult\u00e9s de la vie quotidienne et les probl\u00e8mes de planification successorale, il est important d&#8217;\u00eatre bien pr\u00e9par\u00e9.<\/p>\n","protected":false},"author":2398,"featured_media":51933,"menu_order":0,"comment_status":"open","ping_status":"closed","template":"","tags":[2932,2944,3502,2383],"ratgeber-category":[2881],"class_list":["post-53483","ratgeber","type-ratgeber","status-publish","has-post-thumbnail","hentry","tag-capacite-de-discernement","tag-demence","tag-prevoyance-vieillesse","tag-succession","ratgeber-category-maladie-domaines-juridiques"],"acf":[],"yoast_head":"<title>La d\u00e9mence : \u00e9volution, sympt\u00f4mes et causes | DeinAdieu<\/title>\n<meta name=\"description\" content=\"Quels sont les sympt\u00f4mes de la d\u00e9mence, comment \u00e9volue la maladie et quels en sont les signes ? Apprenez-en davantage sur l&#039;\u00e9volution de la d\u00e9mence ici.\" \/>\n<meta name=\"robots\" content=\"index, follow, max-snippet:-1, max-image-preview:large, max-video-preview:-1\" \/>\n<link rel=\"canonical\" href=\"https:\/\/www.deinadieu.ch\/fr\/conseiller\/levolution-de-la-demence\/\" \/>\n<meta property=\"og:locale\" content=\"fr_FR\" \/>\n<meta property=\"og:type\" content=\"article\" \/>\n<meta property=\"og:title\" content=\"L&#039;\u00e9volution de la d\u00e9mence\" \/>\n<meta property=\"og:description\" content=\"Les pathologies d\u00e9mentielles ont g\u00e9n\u00e9ralement une \u00e9volution chronique. Avec le temps, les capacit\u00e9s mentales des personnes atteintes diminuent. Pour\" \/>\n<meta property=\"og:url\" content=\"https:\/\/www.deinadieu.ch\/fr\/conseiller\/levolution-de-la-demence\/\" \/>\n<meta property=\"og:site_name\" content=\"DeinAdieu.ch\" \/>\n<meta property=\"article:publisher\" content=\"https:\/\/www.facebook.com\/deinadieu\" \/>\n<meta property=\"article:modified_time\" content=\"2023-04-28T07:01:26+00:00\" \/>\n<meta property=\"og:image\" content=\"https:\/\/static.deinadieu.ch\/uploads\/2021\/06\/iStock-1181228916-scaled.jpg\" \/>\n\t<meta property=\"og:image:width\" content=\"2560\" \/>\n\t<meta property=\"og:image:height\" content=\"1708\" \/>\n\t<meta property=\"og:image:type\" content=\"image\/jpeg\" \/>\n<meta name=\"twitter:card\" content=\"summary_large_image\" \/>\n<meta name=\"twitter:site\" content=\"@DeinAdieu\" \/>\n<meta name=\"twitter:label1\" content=\"Est. reading time\" \/>\n\t<meta name=\"twitter:data1\" content=\"6 minutes\" \/>\n<script type=\"application\/ld+json\" class=\"yoast-schema-graph\">{\"@context\":\"https:\\\/\\\/schema.org\",\"@graph\":[{\"@type\":\"WebPage\",\"@id\":\"https:\\\/\\\/www.deinadieu.ch\\\/fr\\\/conseiller\\\/levolution-de-la-demence\\\/\",\"url\":\"https:\\\/\\\/www.deinadieu.ch\\\/fr\\\/conseiller\\\/levolution-de-la-demence\\\/\",\"name\":\"La d\u00e9mence : \u00e9volution, sympt\u00f4mes et causes | DeinAdieu\",\"isPartOf\":{\"@id\":\"https:\\\/\\\/www.deinadieu.ch\\\/fr\\\/#website\"},\"primaryImageOfPage\":{\"@id\":\"https:\\\/\\\/www.deinadieu.ch\\\/fr\\\/conseiller\\\/levolution-de-la-demence\\\/#primaryimage\"},\"image\":{\"@id\":\"https:\\\/\\\/www.deinadieu.ch\\\/fr\\\/conseiller\\\/levolution-de-la-demence\\\/#primaryimage\"},\"thumbnailUrl\":\"https:\\\/\\\/www.deinadieu.ch\\\/wp-content\\\/uploads\\\/2021\\\/06\\\/iStock-1181228916-scaled.jpg\",\"datePublished\":\"2021-08-31T06:00:00+00:00\",\"dateModified\":\"2023-04-28T07:01:26+00:00\",\"description\":\"Quels sont les sympt\u00f4mes de la d\u00e9mence, comment \u00e9volue la maladie et quels en sont les signes ? Apprenez-en davantage sur l'\u00e9volution de la d\u00e9mence ici.\",\"breadcrumb\":{\"@id\":\"https:\\\/\\\/www.deinadieu.ch\\\/fr\\\/conseiller\\\/levolution-de-la-demence\\\/#breadcrumb\"},\"inLanguage\":\"fr-FR\",\"potentialAction\":[{\"@type\":\"ReadAction\",\"target\":[\"https:\\\/\\\/www.deinadieu.ch\\\/fr\\\/conseiller\\\/levolution-de-la-demence\\\/\"]}]},{\"@type\":\"ImageObject\",\"inLanguage\":\"fr-FR\",\"@id\":\"https:\\\/\\\/www.deinadieu.ch\\\/fr\\\/conseiller\\\/levolution-de-la-demence\\\/#primaryimage\",\"url\":\"https:\\\/\\\/www.deinadieu.ch\\\/wp-content\\\/uploads\\\/2021\\\/06\\\/iStock-1181228916-scaled.jpg\",\"contentUrl\":\"https:\\\/\\\/www.deinadieu.ch\\\/wp-content\\\/uploads\\\/2021\\\/06\\\/iStock-1181228916-scaled.jpg\",\"width\":2560,\"height\":1708,\"caption\":\"Comment identifier la d\u00e9mence ? Quelles dispositions prenez-vous ? Apprenez-en davantage ici. (Image : istock \\\/ FG Trade)\"},{\"@type\":\"BreadcrumbList\",\"@id\":\"https:\\\/\\\/www.deinadieu.ch\\\/fr\\\/conseiller\\\/levolution-de-la-demence\\\/#breadcrumb\",\"itemListElement\":[{\"@type\":\"ListItem\",\"position\":1,\"name\":\"Home\",\"item\":\"https:\\\/\\\/www.deinadieu.ch\\\/fr\\\/deinadieu-dialog-und-serviceportal-zum-lebensende\\\/\"},{\"@type\":\"ListItem\",\"position\":2,\"name\":\"Ratgeber\",\"item\":\"https:\\\/\\\/www.deinadieu.ch\\\/fr\\\/conseiller\\\/\"},{\"@type\":\"ListItem\",\"position\":3,\"name\":\"L&#8217;\u00e9volution de la d\u00e9mence\"}]},{\"@type\":\"WebSite\",\"@id\":\"https:\\\/\\\/www.deinadieu.ch\\\/fr\\\/#website\",\"url\":\"https:\\\/\\\/www.deinadieu.ch\\\/fr\\\/\",\"name\":\"DeinAdieu.ch\",\"description\":\"Testament, Patientenverf\u00fcgung und Vorsorgeauftrag\",\"publisher\":{\"@id\":\"https:\\\/\\\/www.deinadieu.ch\\\/fr\\\/#organization\"},\"potentialAction\":[{\"@type\":\"SearchAction\",\"target\":{\"@type\":\"EntryPoint\",\"urlTemplate\":\"https:\\\/\\\/www.deinadieu.ch\\\/fr\\\/?s={search_term_string}\"},\"query-input\":{\"@type\":\"PropertyValueSpecification\",\"valueRequired\":true,\"valueName\":\"search_term_string\"}}],\"inLanguage\":\"fr-FR\"},{\"@type\":\"Organization\",\"@id\":\"https:\\\/\\\/www.deinadieu.ch\\\/fr\\\/#organization\",\"name\":\"EMNA Web GmbH\",\"url\":\"https:\\\/\\\/www.deinadieu.ch\\\/fr\\\/\",\"logo\":{\"@type\":\"ImageObject\",\"inLanguage\":\"fr-FR\",\"@id\":\"https:\\\/\\\/www.deinadieu.ch\\\/fr\\\/#\\\/schema\\\/logo\\\/image\\\/\",\"url\":\"https:\\\/\\\/www.deinadieu.ch\\\/wp-content\\\/uploads\\\/2016\\\/01\\\/DeinAdieu_Logo.png\",\"contentUrl\":\"https:\\\/\\\/www.deinadieu.ch\\\/wp-content\\\/uploads\\\/2016\\\/01\\\/DeinAdieu_Logo.png\",\"width\":300,\"height\":117,\"caption\":\"EMNA Web GmbH\"},\"image\":{\"@id\":\"https:\\\/\\\/www.deinadieu.ch\\\/fr\\\/#\\\/schema\\\/logo\\\/image\\\/\"},\"sameAs\":[\"https:\\\/\\\/www.facebook.com\\\/deinadieu\",\"https:\\\/\\\/x.com\\\/DeinAdieu\",\"https:\\\/\\\/www.instagram.com\\\/deinadieu\\\/\",\"https:\\\/\\\/www.linkedin.com\\\/company\\\/deinadieu.ch\"]}]}<\/script>","yoast_head_json":{"title":"La d\u00e9mence : \u00e9volution, sympt\u00f4mes et causes | DeinAdieu","description":"Quels sont les sympt\u00f4mes de la d\u00e9mence, comment \u00e9volue la maladie et quels en sont les signes ? Apprenez-en davantage sur l'\u00e9volution de la d\u00e9mence ici.","robots":{"index":"index","follow":"follow","max-snippet":"max-snippet:-1","max-image-preview":"max-image-preview:large","max-video-preview":"max-video-preview:-1"},"canonical":"https:\/\/www.deinadieu.ch\/fr\/conseiller\/levolution-de-la-demence\/","og_locale":"fr_FR","og_type":"article","og_title":"L'\u00e9volution de la d\u00e9mence","og_description":"Les pathologies d\u00e9mentielles ont g\u00e9n\u00e9ralement une \u00e9volution chronique. Avec le temps, les capacit\u00e9s mentales des personnes atteintes diminuent. Pour","og_url":"https:\/\/www.deinadieu.ch\/fr\/conseiller\/levolution-de-la-demence\/","og_site_name":"DeinAdieu.ch","article_publisher":"https:\/\/www.facebook.com\/deinadieu","article_modified_time":"2023-04-28T07:01:26+00:00","og_image":[{"width":2560,"height":1708,"url":"https:\/\/static.deinadieu.ch\/uploads\/2021\/06\/iStock-1181228916-scaled.jpg","type":"image\/jpeg"}],"twitter_card":"summary_large_image","twitter_site":"@DeinAdieu","twitter_misc":{"Est. reading time":"6 minutes"},"schema":{"@context":"https:\/\/schema.org","@graph":[{"@type":"WebPage","@id":"https:\/\/www.deinadieu.ch\/fr\/conseiller\/levolution-de-la-demence\/","url":"https:\/\/www.deinadieu.ch\/fr\/conseiller\/levolution-de-la-demence\/","name":"La d\u00e9mence : \u00e9volution, sympt\u00f4mes et causes | DeinAdieu","isPartOf":{"@id":"https:\/\/www.deinadieu.ch\/fr\/#website"},"primaryImageOfPage":{"@id":"https:\/\/www.deinadieu.ch\/fr\/conseiller\/levolution-de-la-demence\/#primaryimage"},"image":{"@id":"https:\/\/www.deinadieu.ch\/fr\/conseiller\/levolution-de-la-demence\/#primaryimage"},"thumbnailUrl":"https:\/\/www.deinadieu.ch\/wp-content\/uploads\/2021\/06\/iStock-1181228916-scaled.jpg","datePublished":"2021-08-31T06:00:00+00:00","dateModified":"2023-04-28T07:01:26+00:00","description":"Quels sont les sympt\u00f4mes de la d\u00e9mence, comment \u00e9volue la maladie et quels en sont les signes ? Apprenez-en davantage sur l'\u00e9volution de la d\u00e9mence ici.","breadcrumb":{"@id":"https:\/\/www.deinadieu.ch\/fr\/conseiller\/levolution-de-la-demence\/#breadcrumb"},"inLanguage":"fr-FR","potentialAction":[{"@type":"ReadAction","target":["https:\/\/www.deinadieu.ch\/fr\/conseiller\/levolution-de-la-demence\/"]}]},{"@type":"ImageObject","inLanguage":"fr-FR","@id":"https:\/\/www.deinadieu.ch\/fr\/conseiller\/levolution-de-la-demence\/#primaryimage","url":"https:\/\/www.deinadieu.ch\/wp-content\/uploads\/2021\/06\/iStock-1181228916-scaled.jpg","contentUrl":"https:\/\/www.deinadieu.ch\/wp-content\/uploads\/2021\/06\/iStock-1181228916-scaled.jpg","width":2560,"height":1708,"caption":"Comment identifier la d\u00e9mence ? Quelles dispositions prenez-vous ? Apprenez-en davantage ici. (Image : istock \/ FG Trade)"},{"@type":"BreadcrumbList","@id":"https:\/\/www.deinadieu.ch\/fr\/conseiller\/levolution-de-la-demence\/#breadcrumb","itemListElement":[{"@type":"ListItem","position":1,"name":"Home","item":"https:\/\/www.deinadieu.ch\/fr\/deinadieu-dialog-und-serviceportal-zum-lebensende\/"},{"@type":"ListItem","position":2,"name":"Ratgeber","item":"https:\/\/www.deinadieu.ch\/fr\/conseiller\/"},{"@type":"ListItem","position":3,"name":"L&#8217;\u00e9volution de la d\u00e9mence"}]},{"@type":"WebSite","@id":"https:\/\/www.deinadieu.ch\/fr\/#website","url":"https:\/\/www.deinadieu.ch\/fr\/","name":"DeinAdieu.ch","description":"Testament, Patientenverf\u00fcgung und Vorsorgeauftrag","publisher":{"@id":"https:\/\/www.deinadieu.ch\/fr\/#organization"},"potentialAction":[{"@type":"SearchAction","target":{"@type":"EntryPoint","urlTemplate":"https:\/\/www.deinadieu.ch\/fr\/?s={search_term_string}"},"query-input":{"@type":"PropertyValueSpecification","valueRequired":true,"valueName":"search_term_string"}}],"inLanguage":"fr-FR"},{"@type":"Organization","@id":"https:\/\/www.deinadieu.ch\/fr\/#organization","name":"EMNA Web GmbH","url":"https:\/\/www.deinadieu.ch\/fr\/","logo":{"@type":"ImageObject","inLanguage":"fr-FR","@id":"https:\/\/www.deinadieu.ch\/fr\/#\/schema\/logo\/image\/","url":"https:\/\/www.deinadieu.ch\/wp-content\/uploads\/2016\/01\/DeinAdieu_Logo.png","contentUrl":"https:\/\/www.deinadieu.ch\/wp-content\/uploads\/2016\/01\/DeinAdieu_Logo.png","width":300,"height":117,"caption":"EMNA Web GmbH"},"image":{"@id":"https:\/\/www.deinadieu.ch\/fr\/#\/schema\/logo\/image\/"},"sameAs":["https:\/\/www.facebook.com\/deinadieu","https:\/\/x.com\/DeinAdieu","https:\/\/www.instagram.com\/deinadieu\/","https:\/\/www.linkedin.com\/company\/deinadieu.ch"]}]}},"_links":{"self":[{"href":"https:\/\/www.deinadieu.ch\/fr\/wp-json\/wp\/v2\/ratgeber\/53483","targetHints":{"allow":["GET"]}}],"collection":[{"href":"https:\/\/www.deinadieu.ch\/fr\/wp-json\/wp\/v2\/ratgeber"}],"about":[{"href":"https:\/\/www.deinadieu.ch\/fr\/wp-json\/wp\/v2\/types\/ratgeber"}],"author":[{"embeddable":true,"href":"https:\/\/www.deinadieu.ch\/fr\/wp-json\/wp\/v2\/users\/2398"}],"replies":[{"embeddable":true,"href":"https:\/\/www.deinadieu.ch\/fr\/wp-json\/wp\/v2\/comments?post=53483"}],"version-history":[{"count":11,"href":"https:\/\/www.deinadieu.ch\/fr\/wp-json\/wp\/v2\/ratgeber\/53483\/revisions"}],"predecessor-version":[{"id":63277,"href":"https:\/\/www.deinadieu.ch\/fr\/wp-json\/wp\/v2\/ratgeber\/53483\/revisions\/63277"}],"wp:featuredmedia":[{"embeddable":true,"href":"https:\/\/www.deinadieu.ch\/fr\/wp-json\/wp\/v2\/media\/51933"}],"wp:attachment":[{"href":"https:\/\/www.deinadieu.ch\/fr\/wp-json\/wp\/v2\/media?parent=53483"}],"wp:term":[{"taxonomy":"post_tag","embeddable":true,"href":"https:\/\/www.deinadieu.ch\/fr\/wp-json\/wp\/v2\/tags?post=53483"},{"taxonomy":"ratgeber-category","embeddable":true,"href":"https:\/\/www.deinadieu.ch\/fr\/wp-json\/wp\/v2\/ratgeber-category?post=53483"}],"curies":[{"name":"wp","href":"https:\/\/api.w.org\/{rel}","templated":true}]}}