{"id":53419,"date":"2021-08-24T08:00:00","date_gmt":"2021-08-24T06:00:00","guid":{"rendered":"https:\/\/www.deinadieu.ch\/ratgeber\/quest-ce-que-la-demence-et-comment-la-gerer\/"},"modified":"2024-03-25T15:27:16","modified_gmt":"2024-03-25T14:27:16","slug":"quest-ce-que-la-demence-et-comment-la-gerer","status":"publish","type":"ratgeber","link":"https:\/\/www.deinadieu.ch\/fr\/conseiller\/quest-ce-que-la-demence-et-comment-la-gerer\/","title":{"rendered":"Qu&#8217;est-ce que la d\u00e9mence et comment la g\u00e9rer ?"},"content":{"rendered":"\n<p>La d\u00e9mence n&#8217;est pas facile \u00e0 g\u00e9rer pour les personnes qui en sont atteintes et leurs proches. C&#8217;est pr\u00e9cis\u00e9ment la raison pour laquelle il est important d&#8217;en reconna\u00eetre les signes suffisamment t\u00f4t. Cela vous permet de prendre des mesures pr\u00e9ventives efficaces et de planifier \u00e0 l&#8217;avance.<\/p>\n\n<!--more-->\n\n<div class=\"wp-block-create-block-deinadieu-simple\">\n<div class=\"wp-block-group da-pull has-lightgrey-background-color has-background is-layout-flow wp-block-group-is-layout-flow\" style=\"border-top-color:var(--wp--preset--color--da-dark);border-top-width:4px;padding-right:3rem;padding-left:3rem\">\n<h2 class=\"wp-block-heading\">L&#8217;essentiel en bref<\/h2>\n\n\n\n<ul class=\"wp-block-list\">\n<li>La d\u00e9mence est un terme g\u00e9n\u00e9rique d\u00e9signant diverses maladies dont les causes sont diff\u00e9rentes. Les principaux facteurs de risque sont la vieillesse, la pr\u00e9disposition g\u00e9n\u00e9tique et un mode de vie malsain.<\/li>\n\n\n\n<li>La d\u00e9mence touche de plus en plus de personnes en Suisse \u2013 soit directement en tant que patientes et patients, mais \u00e9galement en tant que proches \u2013 et cette tendance va continuer \u00e0 se renforcer \u00e0 l&#8217;avenir.<\/li>\n\n\n\n<li>La d\u00e9tection \u00e0 temps et la prise de dispositions sont d&#8217;une importance capitale. Le passage \u00e0 un mode de vie plus sain peut ralentir consid\u00e9rablement la progression de la maladie.<\/li>\n\n\n\n<li>Le <a href=\"https:\/\/www.deinadieu.ch\/fr\/mandat-pour-cause-d-inaptitude\/\">mandat pour cause d&#8217;inaptitude<\/a> et la <a href=\"https:\/\/www.deinadieu.ch\/fr\/directives-anticipees-du-patient\/\">directive anticip\u00e9e du patient<\/a> sont des instruments juridiques qui premettent de prendre des pr\u00e9cautions pour le cas o\u00f9 on devient atteint de d\u00e9mence.<\/li>\n<\/ul>\n<\/div>\n<\/div>\n\n<h2 class=\"wp-block-heading\" id=\"h-was-ist-demenz-und-wodurch-wird-sie-ausgelost\">Qu&#8217;est-ce que la d\u00e9mence et quelles en sont les causes ?<\/h2>\n\n<p><strong>Le terme g\u00e9n\u00e9rique \u00ab d\u00e9mence \u00bb d\u00e9signe une <a href=\"https:\/\/www.deinadieu.ch\/fr\/conseiller\/levolution-de-la-demence\/\">alt\u00e9ration persistante ou progressive<\/a> de la m\u00e9moire, de la pens\u00e9e ou d&#8217;autres fonctions c\u00e9r\u00e9brales.<\/strong> Plus de 50 manifestations diff\u00e9rentes sont connues en m\u00e9decine. La maladie d&#8217;<strong>Alzheimer<\/strong>, dont la cause est des d\u00e9p\u00f4ts de prot\u00e9ines, ou la <strong>d\u00e9mence vasculaire<\/strong>, qui est d\u00e9clench\u00e9e par des troubles de la circulation dans le cerveau, sont particuli\u00e8rement r\u00e9pandues. Dans certaines formes de d\u00e9mence, les cellules nerveuses du cerveau sont endommag\u00e9es, ce qui entra\u00eene une diminution des capacit\u00e9s mentales.<\/p>\n\n<p>Les <strong>causes de la d\u00e9mence<\/strong> peuvent \u00eatre de diff\u00e9rentes natures. Le facteur le plus important pour le d\u00e9veloppement de la d\u00e9mence est la vieillesse, de sorte que la plupart des cas de la maladie surviennent apr\u00e8s l&#8217;\u00e2ge de 70 ans (d\u00e9mence dite s\u00e9nile). Cependant, d&#8217;autres facteurs, tels que la pr\u00e9disposition g\u00e9n\u00e9tique, les maladies pr\u00e9existantes, la prise de m\u00e9dicaments, la consommation d&#8217;alcool et de tabac ou le manque d&#8217;exercice physique au quotidien peuvent \u00e9galement influencer l&#8217;\u00e9volution de la maladie.<\/p>\n\n<p><strong>Une distinction fondamentale est faite entre les d\u00e9mences primaires et les d\u00e9mences secondaires. <\/strong>Les formes primaires de d\u00e9mence sont des maladies ind\u00e9pendantes (comme la maladie d&#8217;Alzheimer) qui entra\u00eenent une r\u00e9duction des capacit\u00e9s mentales. La d\u00e9mence secondaire, en revanche, est la cons\u00e9quence d&#8217;autres maladies, p. ex. des troubles m\u00e9taboliques ou des d\u00e9pendances.<\/p>\n\n<h2 class=\"wp-block-heading\" id=\"h-wie-verbreitet-sind-demenzerkrankungen-in-der-schweiz\">Quelle est l&#8217;ampleur de la d\u00e9mence en Suisse ?<\/h2>\n\n<p>Avec l&#8217;augmentation de l&#8217;\u00e2ge moyen de la population suisse, la d\u00e9mence est un diagnostic de plus en plus fr\u00e9quent. Selon les <a href=\"https:\/\/www.alzheimer-schweiz.ch\/de\/publikationen-produkte\/produkt\/demenz-in-der-schweiz-zahlen-und-fakten\">statistiques d&#8217;Alzheimer Suisse<\/a>, 144&#8217;300 personnes \u00e9taient atteintes de d\u00e9mence dans le pays en 2020. Pr\u00e8s de deux tiers d&#8217;entre elles sont des femmes et seulement environ la moiti\u00e9 des personnes qui en sont atteintes ont re\u00e7u un diagnostic de la maladie par un sp\u00e9cialiste. Selon les pr\u00e9visions, le nombre de cas de d\u00e9mence doublera pour atteindre environ 300&#8217;000 personnes d&#8217;ici 2040.<\/p>\n\n<p>La d\u00e9mence ne touche pas seulement les personnes qui en sont atteintes, mais \u00e9galement leurs proches, qui sont souvent confront\u00e9s \u00e0 des t\u00e2ches de prise en charge et d&#8217;assistance. <strong>Le fait que la d\u00e9mence devienne progressivement une maladie largement r\u00e9pandue constitue un d\u00e9fi majeur pour le syst\u00e8me suisse de sant\u00e9 et de soins<\/strong>. En paral\u00e8lle, cela signifie toutefois que les Suissesses et les Suisses comprennent de mieux en mieux la mani\u00e8re de g\u00e9rer les patients atteints de d\u00e9mence. Afin d&#8217;am\u00e9liorer durablement l&#8217;accompagnement, la prise en charge, les soins et le traitement des personnes atteintes de d\u00e9mence, l&#8217;Office f\u00e9d\u00e9ral de la sant\u00e9 publique (OFSP) a \u00e9labor\u00e9 une <a href=\"https:\/\/www.bag.admin.ch\/dam\/bag\/de\/dokumente\/nat-gesundheitsstrategien\/nationale-demenzstrategie\/nds_uebersicht.pdf.download.pdf\/Demenzstrategie_Uebersicht_DE_191021.pdf\">strat\u00e9gie nationale en mati\u00e8re de d\u00e9mence<\/a> pour les ann\u00e9es 2014 \u00e0 2019. Sur la base de ses r\u00e9sultats, une <a href=\"https:\/\/www.gdk-cds.ch\/de\/gesundheitsversorgung\/weitere-versorgungsbereiche\/demenz\">Plateforme nationale d\u00e9mence<\/a> est actuellement en train d&#8217;\u00eatre d\u00e9velopp\u00e9e par la Conf\u00e9d\u00e9ration et les cantons.<\/p>\n\n<figure class=\"wp-block-image size-large\"><img loading=\"lazy\" decoding=\"async\" width=\"1024\" height=\"617\" src=\"https:\/\/www.deinadieu.ch\/wp-content\/uploads\/2021\/06\/Screenshot-2021-06-16-at-12.23.44-1024x617.png\" alt=\"\" class=\"wp-image-50835\" srcset=\"https:\/\/www.deinadieu.ch\/wp-content\/uploads\/2021\/06\/Screenshot-2021-06-16-at-12.23.44-1024x617.png 1024w, https:\/\/www.deinadieu.ch\/wp-content\/uploads\/2021\/06\/Screenshot-2021-06-16-at-12.23.44-300x181.png 300w, https:\/\/www.deinadieu.ch\/wp-content\/uploads\/2021\/06\/Screenshot-2021-06-16-at-12.23.44-1536x925.png 1536w, https:\/\/www.deinadieu.ch\/wp-content\/uploads\/2021\/06\/Screenshot-2021-06-16-at-12.23.44-2048x1234.png 2048w\" sizes=\"auto, (max-width: 1024px) 100vw, 1024px\" \/><figcaption class=\"wp-element-caption\">Figure 1 : Personnes atteintes de d\u00e9mence par \u00e2ge, en 2020. Pr\u00e9sentation d&#8217;<a href=\"https:\/\/www.alzheimer-schweiz.ch\/de\/publikationen-produkte\/produkt\/demenz-in-der-schweiz-zahlen-und-fakten\" target=\"_blank\" rel=\"noreferrer noopener\">Alzheimer Suisse<\/a><\/figcaption><\/figure>\n\n<h2 class=\"wp-block-heading\" id=\"h-wie-erkennt-man-demenz\">Comment identifier la d\u00e9mence ?<\/h2>\n\n<p>Les signes cliniques sont aussi divers et dynamiques que les causes de la d\u00e9mence. Ils varient \u00e9galement d&#8217;une personne \u00e0 l&#8217;autre, de sorte qu&#8217;un diagnostic n&#8217;est pas toujours facile \u00e0 \u00e9tablir. En g\u00e9n\u00e9ral, on observe <strong>au d\u00e9but une l\u00e9g\u00e8re diminution, \u00e0 peine perceptible, des capacit\u00e9s cognitives qui s&#8217;accentue avec le temps<\/strong>. Dans le cas de la maladie d&#8217;Alzheimer, on constate un d\u00e9clin progressif de la m\u00e9moire \u00e0 court terme et de la concentration. <strong>En cas de d\u00e9mence vasculaire, on identifie souvent des pouss\u00e9es plus prononc\u00e9es<\/strong>. Par la suite, ces sympt\u00f4mes s&#8217;\u00e9tendent \u00e9galement \u00e0 la m\u00e9moire \u00e0 long terme, de sorte que les personnes concern\u00e9es ont de plus en plus de peine \u00e0 faire la distinction entre le pass\u00e9 et le pr\u00e9sent. D&#8217;une part, les souvenirs des \u00e9v\u00e9nements pass\u00e9s manquent et, d&#8217;autre part, les patients atteints de d\u00e9mence ne reconnaissent parfois m\u00eame plus leurs proches.<\/p>\n\n\n        <div class=\"relative shadow-lg -mx-12 mb-4 overflow-hidden\" style=\"background-image: url('https:\/\/www.deinadieu.ch\/wp-content\/themes\/da-v4\/assets\/v4\/banner\/testament.jpg'); background-size: cover; background-position: center\">\n            <div class=\"banner-white-box md:w-3\/5 text-black -ml-16 pl-16\" style=\"background-color: rgba(255,255,255,0.75)\">\n                <div class=\"inner\">\n                    <div class=\"text-2xl p-12\"><strong>Vous n'avez pas encore r\u00e9dig\u00e9 de testament ?<\/strong> G\u00e9n\u00e9rez d\u00e8s maintenant un mod\u00e8le PDF gratuit pour<\/div>\n                    <div class=\"px-12 md:mr-16\">\n                        <a href=\"https:\/\/app.deinadieu.ch\/testament\" target=\"_blank\" class=\"btn btn-da btn-small btn-block\">moi<\/a>\n                        <a href=\"https:\/\/app.deinadieu.ch\/testament\" target=\"_blank\" class=\"mt-4 btn btn-da btn-small btn-block\">une autre personne<\/a>\n                    <\/div>\n                    <div class=\"px-12 py-8\">\n                        <img decoding=\"async\" src=\"https:\/\/www.deinadieu.ch\/wp-content\/themes\/da-v4\/assets\/v4\/deinadieu_logo_dark.svg\" class=\"h-12\">\n                    <\/div>\n                <\/div>\n            <\/div>\n        <\/div>\n        \n\n<h2 class=\"wp-block-heading\" id=\"h-wieso-ist-die-fruhzeitige-erkennung-wichtig\">Pourquoi la d\u00e9tection pr\u00e9coce est-elle importante ?<\/h2>\n\n<p>Compte tenu de ces perspectives, il est difficile d&#8217;accepter le diagnostic de la d\u00e9mence, mais il existe de nombreuses bonnes raisons d&#8217;agir \u00e0 temps. Une raison importante est de soulager les proches et de <a href=\"https:\/\/www.deinadieu.ch\/ratgeber\/vorsorgeauftrag-erstellen-zum-nulltarif\/\">prendre des dispositions<\/a> pour le cas o\u00f9 on <a href=\"https:\/\/www.deinadieu.ch\/fr\/conseiller\/lincapacite-de-discernement-comment-prendre-des-dispositions\/\">perdrait la capacit\u00e9 de discernement<\/a>, car la d\u00e9mence peut alt\u00e9rer la capacit\u00e9 de discernement des personnes qui en sont atteintes et donc leur capacit\u00e9 \u00e0 disposer au moyen d&#8217;un testament. Le <a href=\"https:\/\/www.deinadieu.ch\/fr\/mandat-pour-cause-d-inaptitude\/\">mandat pour cause d&#8217;inaptitude<\/a> et la <a href=\"https:\/\/www.deinadieu.ch\/fr\/directives-anticipees-du-patient\/\">directive anticip\u00e9e du patient<\/a> constituent des instruments juridiques permettant de r\u00e9gler \u00e0 l&#8217;avance l&#8217;assistance personnelle, la gestion du patrimoine, la repr\u00e9sentation dans les rapports juridiques avec des tiers ainsi que le consentement aux traitements m\u00e9dicaux pour le cas o\u00f9 on perdrait durablement la capacit\u00e9 de discernement.<\/p>\n\n<p><strong>La d\u00e9tection pr\u00e9coce est \u00e9galement tr\u00e8s importante pour prendre des mesures pr\u00e9ventives<\/strong> : ce n&#8217;est que si l&#8217;on est conscient du risque de d\u00e9mence que l&#8217;on peut \u00e9liminer sp\u00e9cifiquement \u2013 id\u00e9alement sous surveillance m\u00e9dicale \u2013 les facteurs qui favorisent la progression de la maladie, dont font notamment partie l&#8217;hypertension art\u00e9rielle, l&#8217;ob\u00e9sit\u00e9 ou un taux de cholest\u00e9rol \u00e9lev\u00e9. Les rem\u00e8des les plus efficaces sont aussi simples que connus : la meilleure pr\u00e9vention consiste \u00e0 adopter un mode de vie actif, \u00e0 faire de l&#8217;exercice en plein air et \u00e0 opter pour une alimentation saine avec beaucoup de fruits, de l\u00e9gumes, de poisson et de produits aux c\u00e9r\u00e9ales compl\u00e8tes. Les jeux de r\u00e9flexion \u2013 mots crois\u00e9s, sudoku ou jeux de cartes et de soci\u00e9t\u00e9 \u2013 contribuent \u00e9galement \u00e0 maintenir le corps et l&#8217;esprit en forme. Il ne faut pas non plus n\u00e9gliger le maintien des contacts sociaux : des contacts et des \u00e9changes r\u00e9guliers avec des amis et des proches cr\u00e9ent non seulement une qualit\u00e9 de vie, mais favorisent \u00e9galement la sant\u00e9 mentale de mani\u00e8re av\u00e9r\u00e9e.<\/p>\n\n<div style=\"height:50px\" aria-hidden=\"true\" class=\"wp-block-spacer\"><\/div>\n\n<div class=\"wp-block-buttons is-layout-flex wp-block-buttons-is-layout-flex\">\n<div class=\"wp-block-button\"><a class=\"wp-block-button__link wp-element-button\" href=\"https:\/\/app.deinadieu.ch\/testamentgenerator\">Prendre des dispositions et \u00e9tablir un testament ici<\/a><\/div>\n<\/div>\n\n<h2 class=\"wp-block-heading\" id=\"h-das-konnte-sie-auch-interessieren\">Ceci pourrait \u00e9galement vous int\u00e9resser<\/h2>\n\n<ul class=\"wp-block-list\">\n<li>II : <a href=\"https:\/\/www.deinadieu.ch\/fr\/conseiller\/levolution-de-la-demence\/\">Quelle est l&#8217;\u00e9volution de la maladie en ce qui concerne la d\u00e9mence ?<\/a><\/li>\n\n\n\n<li>III :<a href=\"https:\/\/www.deinadieu.ch\/fr\/conseiller\/comment-la-capacite-de-disposer-est-elle-evaluee-en-cas-de-demence\/\"> Comment la capacit\u00e9 de disposer est-elle \u00e9valu\u00e9e en cas de d\u00e9mence ?<\/a><\/li>\n\n\n\n<li>IV : <a href=\"https:\/\/www.deinadieu.ch\/ratgeber\/folgen-verfugungsunfahigkeit-bei-demenz\/\">Les cons\u00e9quences de l&#8217;incapacit\u00e9 de disposer en cas de d\u00e9mence<\/a><\/li>\n\n\n\n<li>V : <a href=\"https:\/\/www.deinadieu.ch\/ratgeber\/wie-wird-ein-testament-bei-demenz-uberpruft\/\">Comment un testament est-il contr\u00f4l\u00e9 en cas de d\u00e9mence ?<\/a><\/li>\n\n\n\n<li><a href=\"https:\/\/www.deinadieu.ch\/ihr-ehemann-ist-dement-es-war-wie-eine-faust-ins-gesicht\/\">Son mari est atteint de d\u00e9mence : \u00ab C&#8217;\u00e9tait comme un coup de poing dans la figure \u00bb.<\/a><\/li>\n\n\n\n<li><a href=\"https:\/\/www.deinadieu.ch\/demenz-alle-beduerfnisse-muessen-sofort-befriedigt-werden\/\">D\u00e9mence : \u00ab Tous les besoins doivent \u00eatre satisfaits imm\u00e9diatement \u00bb<\/a><\/li>\n\n\n\n<li><a href=\"https:\/\/www.deinadieu.ch\/demenz-wenn-der-ehemann-zum-kind-wird\/\">D\u00e9mence : quand le mari devient un enfant<\/a><\/li>\n\n\n\n<li><a href=\"https:\/\/www.deinadieu.ch\/fr\/conseiller\/lincapacite-de-discernement-comment-prendre-des-dispositions\/\">Incapacit\u00e9 de discernement \u2013 Comment prendre des dispositions ?<\/a><\/li>\n\n\n\n<li><a href=\"https:\/\/www.deinadieu.ch\/ratgeber\/unterschied-vorsorgeauftrag-und-patientenverfuegung-brauche-ich-beides\/\">Mandat pour cause d&#8217;inaptitude et directive anticip\u00e9e du patient \u2013 Ai-je besoin des deux ?<\/a><\/li>\n<\/ul>\n\n<h2 class=\"wp-block-heading\" id=\"h-externe-links\">Liens externes<\/h2>\n\n<ul class=\"wp-block-list\">\n<li><a href=\"https:\/\/www.alzheimer-schweiz.ch\/de\/publikationen-produkte\/produkt\/demenz-in-der-schweiz-zahlen-und-fakten\">Alzheimer Suisse : La d\u00e9mence en Suisse : faits et chiffres<\/a><\/li>\n\n\n\n<li><a href=\"https:\/\/www.bag.admin.ch\/bag\/de\/home\/zahlen-und-statistiken\/zahlen-fakten-demenz.html\">Office f\u00e9d\u00e9ral de la sant\u00e9 publique OFSP : Faits et chiffres sur la d\u00e9mence<\/a><\/li>\n\n\n\n<li><a href=\"https:\/\/www.bag.admin.ch\/dam\/bag\/de\/dokumente\/nat-gesundheitsstrategien\/nationale-demenzstrategie\/nds_uebersicht.pdf.download.pdf\/Demenzstrategie_Uebersicht_DE_191021.pdf\">Office f\u00e9d\u00e9ral de la sant\u00e9 publique OFSP : Aper\u00e7u des r\u00e9sultats de la strat\u00e9gie nationale en mati\u00e8re de d\u00e9mence 2014-2019<\/a><\/li>\n\n\n\n<li><a href=\"https:\/\/www.gdk-cds.ch\/de\/gesundheitsversorgung\/weitere-versorgungsbereiche\/demenz\">Conf\u00e9rence des directrices et directeurs cantonaux de la sant\u00e9 : D\u00e9mence<\/a><\/li>\n<\/ul>\n\n<p><\/p>\n","protected":false},"excerpt":{"rendered":"<p>La d\u00e9mence n&#8217;est pas facile \u00e0 g\u00e9rer pour les personnes qui en sont atteintes et leurs proches. C&#8217;est pr\u00e9cis\u00e9ment la raison pour laquelle il est important d&#8217;en reconna\u00eetre les signes suffisamment t\u00f4t. Cela vous permet de prendre des mesures pr\u00e9ventives efficaces et de planifier \u00e0 l&#8217;avance.<\/p>\n","protected":false},"author":2398,"featured_media":51927,"menu_order":0,"comment_status":"open","ping_status":"closed","template":"","tags":[2943,2932,2944,2741,2742],"ratgeber-category":[2881],"class_list":["post-53419","ratgeber","type-ratgeber","status-publish","has-post-thumbnail","hentry","tag-alzheimer-fr","tag-capacite-de-discernement","tag-demence","tag-directive-anticipee-du-patient","tag-mandat-pour-cause-dinaptitude","ratgeber-category-maladie-domaines-juridiques"],"acf":[],"yoast_head":"<title>Qu&#039;est-ce que la d\u00e9mence ? Voici comment prendre des dispositions (juridiques) | DeinAdieu<\/title>\n<meta name=\"description\" content=\"La d\u00e9mence est un terme g\u00e9n\u00e9rique d\u00e9signant les alt\u00e9rations des performances c\u00e9r\u00e9brales. Vous trouvez ici des informations sur les causes de la maladie et sur les moyens de la pr\u00e9venir.\" \/>\n<meta name=\"robots\" content=\"index, follow, max-snippet:-1, max-image-preview:large, max-video-preview:-1\" \/>\n<link rel=\"canonical\" href=\"https:\/\/www.deinadieu.ch\/fr\/conseiller\/quest-ce-que-la-demence-et-comment-la-gerer\/\" \/>\n<meta property=\"og:locale\" content=\"fr_FR\" \/>\n<meta property=\"og:type\" content=\"article\" \/>\n<meta property=\"og:title\" content=\"Qu&#039;est-ce que la d\u00e9mence et comment la g\u00e9rer ?\" \/>\n<meta property=\"og:description\" content=\"La d\u00e9mence n&#039;est pas facile \u00e0 g\u00e9rer pour les personnes qui en sont atteintes et leurs proches. C&#039;est pr\u00e9cis\u00e9ment la raison pour laquelle il est important\" \/>\n<meta property=\"og:url\" content=\"https:\/\/www.deinadieu.ch\/fr\/conseiller\/quest-ce-que-la-demence-et-comment-la-gerer\/\" \/>\n<meta property=\"og:site_name\" content=\"DeinAdieu.ch\" \/>\n<meta property=\"article:publisher\" content=\"https:\/\/www.facebook.com\/deinadieu\" \/>\n<meta property=\"article:modified_time\" content=\"2024-03-25T14:27:16+00:00\" \/>\n<meta property=\"og:image\" content=\"https:\/\/static.deinadieu.ch\/uploads\/2021\/07\/iStock-1201091115.jpg\" \/>\n\t<meta property=\"og:image:width\" content=\"1254\" \/>\n\t<meta property=\"og:image:height\" content=\"836\" \/>\n\t<meta property=\"og:image:type\" content=\"image\/jpeg\" \/>\n<meta name=\"twitter:card\" content=\"summary_large_image\" \/>\n<meta name=\"twitter:site\" content=\"@DeinAdieu\" \/>\n<meta name=\"twitter:label1\" content=\"Est. reading time\" \/>\n\t<meta name=\"twitter:data1\" content=\"7 minutes\" \/>\n<script type=\"application\/ld+json\" class=\"yoast-schema-graph\">{\"@context\":\"https:\\\/\\\/schema.org\",\"@graph\":[{\"@type\":\"WebPage\",\"@id\":\"https:\\\/\\\/www.deinadieu.ch\\\/fr\\\/conseiller\\\/quest-ce-que-la-demence-et-comment-la-gerer\\\/\",\"url\":\"https:\\\/\\\/www.deinadieu.ch\\\/fr\\\/conseiller\\\/quest-ce-que-la-demence-et-comment-la-gerer\\\/\",\"name\":\"Qu'est-ce que la d\u00e9mence ? Voici comment prendre des dispositions (juridiques) | DeinAdieu\",\"isPartOf\":{\"@id\":\"https:\\\/\\\/www.deinadieu.ch\\\/fr\\\/#website\"},\"primaryImageOfPage\":{\"@id\":\"https:\\\/\\\/www.deinadieu.ch\\\/fr\\\/conseiller\\\/quest-ce-que-la-demence-et-comment-la-gerer\\\/#primaryimage\"},\"image\":{\"@id\":\"https:\\\/\\\/www.deinadieu.ch\\\/fr\\\/conseiller\\\/quest-ce-que-la-demence-et-comment-la-gerer\\\/#primaryimage\"},\"thumbnailUrl\":\"https:\\\/\\\/www.deinadieu.ch\\\/wp-content\\\/uploads\\\/2021\\\/07\\\/iStock-1201091115.jpg\",\"datePublished\":\"2021-08-24T06:00:00+00:00\",\"dateModified\":\"2024-03-25T14:27:16+00:00\",\"description\":\"La d\u00e9mence est un terme g\u00e9n\u00e9rique d\u00e9signant les alt\u00e9rations des performances c\u00e9r\u00e9brales. Vous trouvez ici des informations sur les causes de la maladie et sur les moyens de la pr\u00e9venir.\",\"breadcrumb\":{\"@id\":\"https:\\\/\\\/www.deinadieu.ch\\\/fr\\\/conseiller\\\/quest-ce-que-la-demence-et-comment-la-gerer\\\/#breadcrumb\"},\"inLanguage\":\"fr-FR\",\"potentialAction\":[{\"@type\":\"ReadAction\",\"target\":[\"https:\\\/\\\/www.deinadieu.ch\\\/fr\\\/conseiller\\\/quest-ce-que-la-demence-et-comment-la-gerer\\\/\"]}]},{\"@type\":\"ImageObject\",\"inLanguage\":\"fr-FR\",\"@id\":\"https:\\\/\\\/www.deinadieu.ch\\\/fr\\\/conseiller\\\/quest-ce-que-la-demence-et-comment-la-gerer\\\/#primaryimage\",\"url\":\"https:\\\/\\\/www.deinadieu.ch\\\/wp-content\\\/uploads\\\/2021\\\/07\\\/iStock-1201091115.jpg\",\"contentUrl\":\"https:\\\/\\\/www.deinadieu.ch\\\/wp-content\\\/uploads\\\/2021\\\/07\\\/iStock-1201091115.jpg\",\"width\":1254,\"height\":836,\"caption\":\"Qu'est-ce que la d\u00e9mence et comment puis-je prendre des dispositions ? Vous en apprenez davantage dans cet article. (image : istock \\\/ LPETTET)\"},{\"@type\":\"BreadcrumbList\",\"@id\":\"https:\\\/\\\/www.deinadieu.ch\\\/fr\\\/conseiller\\\/quest-ce-que-la-demence-et-comment-la-gerer\\\/#breadcrumb\",\"itemListElement\":[{\"@type\":\"ListItem\",\"position\":1,\"name\":\"Home\",\"item\":\"https:\\\/\\\/www.deinadieu.ch\\\/fr\\\/deinadieu-dialog-und-serviceportal-zum-lebensende\\\/\"},{\"@type\":\"ListItem\",\"position\":2,\"name\":\"Ratgeber\",\"item\":\"https:\\\/\\\/www.deinadieu.ch\\\/fr\\\/conseiller\\\/\"},{\"@type\":\"ListItem\",\"position\":3,\"name\":\"Qu&#8217;est-ce que la d\u00e9mence et comment la g\u00e9rer ?\"}]},{\"@type\":\"WebSite\",\"@id\":\"https:\\\/\\\/www.deinadieu.ch\\\/fr\\\/#website\",\"url\":\"https:\\\/\\\/www.deinadieu.ch\\\/fr\\\/\",\"name\":\"DeinAdieu.ch\",\"description\":\"Testament, Patientenverf\u00fcgung und Vorsorgeauftrag\",\"publisher\":{\"@id\":\"https:\\\/\\\/www.deinadieu.ch\\\/fr\\\/#organization\"},\"potentialAction\":[{\"@type\":\"SearchAction\",\"target\":{\"@type\":\"EntryPoint\",\"urlTemplate\":\"https:\\\/\\\/www.deinadieu.ch\\\/fr\\\/?s={search_term_string}\"},\"query-input\":{\"@type\":\"PropertyValueSpecification\",\"valueRequired\":true,\"valueName\":\"search_term_string\"}}],\"inLanguage\":\"fr-FR\"},{\"@type\":\"Organization\",\"@id\":\"https:\\\/\\\/www.deinadieu.ch\\\/fr\\\/#organization\",\"name\":\"EMNA Web GmbH\",\"url\":\"https:\\\/\\\/www.deinadieu.ch\\\/fr\\\/\",\"logo\":{\"@type\":\"ImageObject\",\"inLanguage\":\"fr-FR\",\"@id\":\"https:\\\/\\\/www.deinadieu.ch\\\/fr\\\/#\\\/schema\\\/logo\\\/image\\\/\",\"url\":\"https:\\\/\\\/www.deinadieu.ch\\\/wp-content\\\/uploads\\\/2016\\\/01\\\/DeinAdieu_Logo.png\",\"contentUrl\":\"https:\\\/\\\/www.deinadieu.ch\\\/wp-content\\\/uploads\\\/2016\\\/01\\\/DeinAdieu_Logo.png\",\"width\":300,\"height\":117,\"caption\":\"EMNA Web GmbH\"},\"image\":{\"@id\":\"https:\\\/\\\/www.deinadieu.ch\\\/fr\\\/#\\\/schema\\\/logo\\\/image\\\/\"},\"sameAs\":[\"https:\\\/\\\/www.facebook.com\\\/deinadieu\",\"https:\\\/\\\/x.com\\\/DeinAdieu\",\"https:\\\/\\\/www.instagram.com\\\/deinadieu\\\/\",\"https:\\\/\\\/www.linkedin.com\\\/company\\\/deinadieu.ch\"]}]}<\/script>","yoast_head_json":{"title":"Qu'est-ce que la d\u00e9mence ? Voici comment prendre des dispositions (juridiques) | DeinAdieu","description":"La d\u00e9mence est un terme g\u00e9n\u00e9rique d\u00e9signant les alt\u00e9rations des performances c\u00e9r\u00e9brales. Vous trouvez ici des informations sur les causes de la maladie et sur les moyens de la pr\u00e9venir.","robots":{"index":"index","follow":"follow","max-snippet":"max-snippet:-1","max-image-preview":"max-image-preview:large","max-video-preview":"max-video-preview:-1"},"canonical":"https:\/\/www.deinadieu.ch\/fr\/conseiller\/quest-ce-que-la-demence-et-comment-la-gerer\/","og_locale":"fr_FR","og_type":"article","og_title":"Qu'est-ce que la d\u00e9mence et comment la g\u00e9rer ?","og_description":"La d\u00e9mence n'est pas facile \u00e0 g\u00e9rer pour les personnes qui en sont atteintes et leurs proches. C'est pr\u00e9cis\u00e9ment la raison pour laquelle il est important","og_url":"https:\/\/www.deinadieu.ch\/fr\/conseiller\/quest-ce-que-la-demence-et-comment-la-gerer\/","og_site_name":"DeinAdieu.ch","article_publisher":"https:\/\/www.facebook.com\/deinadieu","article_modified_time":"2024-03-25T14:27:16+00:00","og_image":[{"width":1254,"height":836,"url":"https:\/\/static.deinadieu.ch\/uploads\/2021\/07\/iStock-1201091115.jpg","type":"image\/jpeg"}],"twitter_card":"summary_large_image","twitter_site":"@DeinAdieu","twitter_misc":{"Est. reading time":"7 minutes"},"schema":{"@context":"https:\/\/schema.org","@graph":[{"@type":"WebPage","@id":"https:\/\/www.deinadieu.ch\/fr\/conseiller\/quest-ce-que-la-demence-et-comment-la-gerer\/","url":"https:\/\/www.deinadieu.ch\/fr\/conseiller\/quest-ce-que-la-demence-et-comment-la-gerer\/","name":"Qu'est-ce que la d\u00e9mence ? Voici comment prendre des dispositions (juridiques) | DeinAdieu","isPartOf":{"@id":"https:\/\/www.deinadieu.ch\/fr\/#website"},"primaryImageOfPage":{"@id":"https:\/\/www.deinadieu.ch\/fr\/conseiller\/quest-ce-que-la-demence-et-comment-la-gerer\/#primaryimage"},"image":{"@id":"https:\/\/www.deinadieu.ch\/fr\/conseiller\/quest-ce-que-la-demence-et-comment-la-gerer\/#primaryimage"},"thumbnailUrl":"https:\/\/www.deinadieu.ch\/wp-content\/uploads\/2021\/07\/iStock-1201091115.jpg","datePublished":"2021-08-24T06:00:00+00:00","dateModified":"2024-03-25T14:27:16+00:00","description":"La d\u00e9mence est un terme g\u00e9n\u00e9rique d\u00e9signant les alt\u00e9rations des performances c\u00e9r\u00e9brales. Vous trouvez ici des informations sur les causes de la maladie et sur les moyens de la pr\u00e9venir.","breadcrumb":{"@id":"https:\/\/www.deinadieu.ch\/fr\/conseiller\/quest-ce-que-la-demence-et-comment-la-gerer\/#breadcrumb"},"inLanguage":"fr-FR","potentialAction":[{"@type":"ReadAction","target":["https:\/\/www.deinadieu.ch\/fr\/conseiller\/quest-ce-que-la-demence-et-comment-la-gerer\/"]}]},{"@type":"ImageObject","inLanguage":"fr-FR","@id":"https:\/\/www.deinadieu.ch\/fr\/conseiller\/quest-ce-que-la-demence-et-comment-la-gerer\/#primaryimage","url":"https:\/\/www.deinadieu.ch\/wp-content\/uploads\/2021\/07\/iStock-1201091115.jpg","contentUrl":"https:\/\/www.deinadieu.ch\/wp-content\/uploads\/2021\/07\/iStock-1201091115.jpg","width":1254,"height":836,"caption":"Qu'est-ce que la d\u00e9mence et comment puis-je prendre des dispositions ? Vous en apprenez davantage dans cet article. (image : istock \/ LPETTET)"},{"@type":"BreadcrumbList","@id":"https:\/\/www.deinadieu.ch\/fr\/conseiller\/quest-ce-que-la-demence-et-comment-la-gerer\/#breadcrumb","itemListElement":[{"@type":"ListItem","position":1,"name":"Home","item":"https:\/\/www.deinadieu.ch\/fr\/deinadieu-dialog-und-serviceportal-zum-lebensende\/"},{"@type":"ListItem","position":2,"name":"Ratgeber","item":"https:\/\/www.deinadieu.ch\/fr\/conseiller\/"},{"@type":"ListItem","position":3,"name":"Qu&#8217;est-ce que la d\u00e9mence et comment la g\u00e9rer ?"}]},{"@type":"WebSite","@id":"https:\/\/www.deinadieu.ch\/fr\/#website","url":"https:\/\/www.deinadieu.ch\/fr\/","name":"DeinAdieu.ch","description":"Testament, Patientenverf\u00fcgung und Vorsorgeauftrag","publisher":{"@id":"https:\/\/www.deinadieu.ch\/fr\/#organization"},"potentialAction":[{"@type":"SearchAction","target":{"@type":"EntryPoint","urlTemplate":"https:\/\/www.deinadieu.ch\/fr\/?s={search_term_string}"},"query-input":{"@type":"PropertyValueSpecification","valueRequired":true,"valueName":"search_term_string"}}],"inLanguage":"fr-FR"},{"@type":"Organization","@id":"https:\/\/www.deinadieu.ch\/fr\/#organization","name":"EMNA Web GmbH","url":"https:\/\/www.deinadieu.ch\/fr\/","logo":{"@type":"ImageObject","inLanguage":"fr-FR","@id":"https:\/\/www.deinadieu.ch\/fr\/#\/schema\/logo\/image\/","url":"https:\/\/www.deinadieu.ch\/wp-content\/uploads\/2016\/01\/DeinAdieu_Logo.png","contentUrl":"https:\/\/www.deinadieu.ch\/wp-content\/uploads\/2016\/01\/DeinAdieu_Logo.png","width":300,"height":117,"caption":"EMNA Web GmbH"},"image":{"@id":"https:\/\/www.deinadieu.ch\/fr\/#\/schema\/logo\/image\/"},"sameAs":["https:\/\/www.facebook.com\/deinadieu","https:\/\/x.com\/DeinAdieu","https:\/\/www.instagram.com\/deinadieu\/","https:\/\/www.linkedin.com\/company\/deinadieu.ch"]}]}},"_links":{"self":[{"href":"https:\/\/www.deinadieu.ch\/fr\/wp-json\/wp\/v2\/ratgeber\/53419","targetHints":{"allow":["GET"]}}],"collection":[{"href":"https:\/\/www.deinadieu.ch\/fr\/wp-json\/wp\/v2\/ratgeber"}],"about":[{"href":"https:\/\/www.deinadieu.ch\/fr\/wp-json\/wp\/v2\/types\/ratgeber"}],"author":[{"embeddable":true,"href":"https:\/\/www.deinadieu.ch\/fr\/wp-json\/wp\/v2\/users\/2398"}],"replies":[{"embeddable":true,"href":"https:\/\/www.deinadieu.ch\/fr\/wp-json\/wp\/v2\/comments?post=53419"}],"version-history":[{"count":11,"href":"https:\/\/www.deinadieu.ch\/fr\/wp-json\/wp\/v2\/ratgeber\/53419\/revisions"}],"predecessor-version":[{"id":67278,"href":"https:\/\/www.deinadieu.ch\/fr\/wp-json\/wp\/v2\/ratgeber\/53419\/revisions\/67278"}],"wp:featuredmedia":[{"embeddable":true,"href":"https:\/\/www.deinadieu.ch\/fr\/wp-json\/wp\/v2\/media\/51927"}],"wp:attachment":[{"href":"https:\/\/www.deinadieu.ch\/fr\/wp-json\/wp\/v2\/media?parent=53419"}],"wp:term":[{"taxonomy":"post_tag","embeddable":true,"href":"https:\/\/www.deinadieu.ch\/fr\/wp-json\/wp\/v2\/tags?post=53419"},{"taxonomy":"ratgeber-category","embeddable":true,"href":"https:\/\/www.deinadieu.ch\/fr\/wp-json\/wp\/v2\/ratgeber-category?post=53419"}],"curies":[{"name":"wp","href":"https:\/\/api.w.org\/{rel}","templated":true}]}}