{"id":53212,"date":"2020-01-21T08:55:05","date_gmt":"2020-01-21T07:55:05","guid":{"rendered":"https:\/\/www.deinadieu.ch\/ratgeber\/heritage-le-partage-de-la-succession\/"},"modified":"2022-10-18T08:24:20","modified_gmt":"2022-10-18T06:24:20","slug":"heritage-le-partage-de-la-succession","status":"publish","type":"ratgeber","link":"https:\/\/www.deinadieu.ch\/fr\/conseiller\/heritage-le-partage-de-la-succession\/","title":{"rendered":"Succession : le partage de l&#8217;h\u00e9ritage"},"content":{"rendered":"\n<p>Apr\u00e8s le d\u00e9c\u00e8s du de cujus, il convient de clarifier qui est h\u00e9ritier. La succession est ensuite d\u00e9termin\u00e9e et r\u00e9partie entre les h\u00e9ritiers. L&#8217;ex\u00e9cuteur testamentaire partage la succession sur la base des instructions que le de cujus a fix\u00e9es dans son testament.<\/p>\n\n<!--more-->\n\n<div class=\"wp-block-create-block-deinadieu-simple\"><div class=\"inner\"><p class=\"title\">Ce \u00e0 quoi vous devez pr\u00eater attention<\/p><div class=\"content\"><ul><li>Pour votre propre succession, demandez-vous si la succession l\u00e9gale vous convient ou si vous souhaitez vous en \u00e9carter au moyen d&#8217;un testament. <\/li><li>Si votre succession contient des actifs tels que des biens immobiliers ou d&#8217;autres objets de valeur, il peut \u00eatre judicieux de d\u00e9signer un ex\u00e9cuteur testamentaire pour la liquidation de la succession. Nous le recommandons \u00e9galement s&#8217;il y a un risque que les h\u00e9ritiers se querellent. <\/li><li>Dans notre <a href=\"https:\/\/www.deinadieu.ch\/fr\/contrats-modeles-de-lettres\/\" target=\"_blank\" rel=\"noreferrer noopener\">centre de t\u00e9l\u00e9chargement<\/a>, vous trouvez, entre autres, un <a href=\"https:\/\/www.deinadieu.ch\/fr\/contrats-modeles-de-lettres\/\" target=\"_blank\" rel=\"noreferrer noopener\">mod\u00e8le pour la d\u00e9signation d&#8217;un ex\u00e9cuteur testamentaire<\/a>.<\/li><\/ul><\/div><\/div><\/div>\n\n<h2 class=\"wp-block-heading\"><b>La succession est ouverte <\/b><\/h2>\n\n<p><span style=\"font-weight: 400;\">Tout d&#8217;abord, <strong>au d\u00e9c\u00e8s du de cujus, il se pose la question de savoir qui est h\u00e9riter<\/strong>. Les <a href=\"https:\/\/www.deinadieu.ch\/ratgeber\/vererben-was-bedeutet-das-alles\/\" target=\"_blank\" rel=\"noopener\">h\u00e9ritiers<\/a> l\u00e9gaux ou institu\u00e9s par testament forment une <a href=\"https:\/\/www.deinadieu.ch\/ratgeber\/erbenvertretung-fuer-erbengemeinschaften\/\" target=\"_blank\" rel=\"noopener\"><strong>communaut\u00e9 h\u00e9r\u00e9ditaire<\/strong><\/a> \u00e0 compter du d\u00e9c\u00e8s du de cujus. Dans un premier temps, la succession leur appartient \u00e0 tous en commun. Ils r\u00e9pondent solidairement des dettes du d\u00e9funt et deviennent propri\u00e9taires communs de la succession dans son ensemble s&#8217;ils ne la <a href=\"https:\/\/www.deinadieu.ch\/ratgeber\/erbverzicht-und-ausschlagung\/\" target=\"_blank\" rel=\"noopener\">r\u00e9pudient<\/a> pas dans le d\u00e9lai imparti (propri\u00e9t\u00e9 en main commune). La communaut\u00e9 h\u00e9r\u00e9ditaire subsiste jusqu&#8217;\u00e0 ce que le partage de la succession soit termin\u00e9.<\/span><\/p>\n\n<h2 class=\"wp-block-heading\"><b>La r\u00e9partition de la succession<\/b><\/h2>\n\n<p><span style=\"font-weight: 400;\"><strong>Dans un deuxi\u00e8me temps, il convient de r\u00e9partir la succession acquise en commun.<\/strong> Chaque h\u00e9ritier peut demander le partage de la succession de mani\u00e8re ind\u00e9pendante. Si celui-ci n&#8217;est pas accept\u00e9, il est possible d&#8217;ouvrir une <a href=\"https:\/\/www.gerichte-zh.ch\/themen\/erbschaft\/klagen-nachlassabwicklung\/erbteilung-und-teilungsklage.html\" target=\"_blank\" rel=\"noopener\">action en partage<\/a>. <strong>En principe, les h\u00e9ritiers peuvent convenir librement du partage entre eux.<\/strong> Ils peuvent m\u00eame (en cas d&#8217;unanimit\u00e9) agir contrairement aux instructions que le d\u00e9funt a fix\u00e9es dans son testament. Si les h\u00e9ritiers ne parviennent pas \u00e0 se mettre d&#8217;accord sur la r\u00e9partition des biens, on a recours \u00e0 une \u00ab proc\u00e9dure de tirage au sort \u00bb, laquelle consiste \u00e0 attribuer les objets de la succession \u00e0 un h\u00e9ritier de mani\u00e8re al\u00e9atoire. <\/span><\/p>\n\n<p><span style=\"font-weight: 400;\">En principe, les h\u00e9ritiers sont <strong>trait\u00e9s de mani\u00e8re \u00e9gale<\/strong>. Cela signifie \u00e9galement que les descendants doivent <a href=\"https:\/\/www.deinadieu.ch\/ratgeber\/was-bedeutet-die-ausgleichung-von-erbvorbezuegen\/\" target=\"_blank\" rel=\"noopener\">rapporter<\/a> les lib\u00e9ralit\u00e9s qu&#8217;ils ont re\u00e7ues du vivant du d\u00e9funt et qui repr\u00e9sentent davantage que des pr\u00e9sents d&#8217;usage. Contrairement \u00e0 ce qu&#8217;on entend parfois, il n&#8217;y a pas de privil\u00e8ge du fils a\u00een\u00e9 ou quelque chose de similaire dans la <a href=\"https:\/\/www.deinadieu.ch\/fr\/conseiller\/le-chemin-vers-lheritage-comment-fonctionne-le-partage-successoral\/\">r\u00e9partition de la succession<\/a>. <\/span><\/p>\n\n<p><span style=\"font-weight: 400;\">Le partage a lieu par un partage r\u00e9el (en nature) ou par une <strong>convention de partage<\/strong>. Pour certains biens de la succession, il peut \u00e9galement \u00eatre judicieux de convenir d&#8217;une \u00ab <strong>communaut\u00e9 h\u00e9r\u00e9ditaire prolong\u00e9e<\/strong> \u00bb, par exemple si plusieurs h\u00e9ritiers souhaitent continuer \u00e0 partager une maison de vacances des parents d\u00e9c\u00e9d\u00e9s. Les h\u00e9ritiers conviennent alors que la communaut\u00e9 doit subsister en ce qui concerne la maison de vacances.<\/span><\/p>\n\n<p><span style=\"font-weight: 400;\">\n        <div class=\"relative shadow-lg -mx-12 mb-4 overflow-hidden\" style=\"background-image: url('https:\/\/www.deinadieu.ch\/wp-content\/themes\/da-v4\/assets\/v4\/banner\/testament.jpg'); background-size: cover; background-position: center\">\n            <div class=\"banner-white-box md:w-3\/5 text-black -ml-16 pl-16\" style=\"background-color: rgba(255,255,255,0.75)\">\n                <div class=\"inner\">\n                    <div class=\"text-2xl p-12\"><strong>Vous n'avez pas encore r\u00e9dig\u00e9 de testament ?<\/strong> G\u00e9n\u00e9rez d\u00e8s maintenant un mod\u00e8le PDF gratuit pour<\/div>\n                    <div class=\"px-12 md:mr-16\">\n                        <a href=\"https:\/\/app.deinadieu.ch\/testament\" target=\"_blank\" class=\"btn btn-da btn-small btn-block\">moi<\/a>\n                        <a href=\"https:\/\/app.deinadieu.ch\/testament\" target=\"_blank\" class=\"mt-4 btn btn-da btn-small btn-block\">une autre personne<\/a>\n                    <\/div>\n                    <div class=\"px-12 py-8\">\n                        <img decoding=\"async\" src=\"https:\/\/www.deinadieu.ch\/wp-content\/themes\/da-v4\/assets\/v4\/deinadieu_logo_dark.svg\" class=\"h-12\">\n                    <\/div>\n                <\/div>\n            <\/div>\n        <\/div>\n        <\/span><\/p>\n\n<h2 class=\"wp-block-heading\"><b>Soutien dans le cadre de la succession<\/b><\/h2>\n\n<p><span style=\"font-weight: 400;\">Un <a href=\"https:\/\/www.deinadieu.ch\/ratgeber\/willensvollstrecker\/\" target=\"_blank\" rel=\"noopener\">ex\u00e9cuteur testamentaire<\/a> ex\u00e9cute le testament au nom du d\u00e9funt. Lors de l&#8217;ex\u00e9cution du partage et dans l&#8217;accomplissement de ses autres fonctions, il est tenu de tenir les h\u00e9ritiers r\u00e9guli\u00e8rement inform\u00e9s de la liquidation de la succession. L&#8217;ex\u00e9cuteur testamentaire pr\u00e9pare le partage apr\u00e8s avoir obtenu un aper\u00e7u de la situation financi\u00e8re. Il soumet aux h\u00e9ritiers une ou plusieurs propositions de partage. <\/span><\/p>\n\n<p><span style=\"font-weight: 400;\">M\u00eame si la succession est r\u00e9gl\u00e9e, le partage successoral peut \u00eatre bouleversant pour les personnes endeuill\u00e9es. <strong>L&#8217;ex\u00e9cuteur testamentaire les soutient dans le <a href=\"https:\/\/www.erb-teilung.ch\/\" target=\"_blank\" rel=\"noopener\">processus du partage successoral<\/a> et les d\u00e9charge de l&#8217;administration de la succession.<\/strong> Il peut donc \u00eatre int\u00e9ressant de prendre des dispositions appropri\u00e9es pour soulager ses h\u00e9ritiers \u00e0 l&#8217;avance afin qu&#8217;ils puissent faire leur deuil au mieux. <\/span><\/p>\n\n<h2 class=\"wp-block-heading\" id=\"h-dies-konnte-sie-ebenfalls-interessieren\">Ceci pourrait \u00e9galement vous int\u00e9resser<\/h2>\n\n<ul class=\"wp-block-yoast-seo-related-links\"><li><a href=\"https:\/\/www.deinadieu.ch\/ratgeber\/die-erbrechtliche-auseinandersetzung\/\" target=\"_blank\" rel=\"noreferrer noopener\">La liquidation successorale<\/a><\/li><li><a href=\"https:\/\/www.deinadieu.ch\/ratgeber\/willensvollstrecker\/\" target=\"_blank\" rel=\"noreferrer noopener\">L&#8217;ex\u00e9cuteur testamentaire \u2013 Le gardien du testament<\/a><\/li><li><a href=\"https:\/\/www.deinadieu.ch\/ratgeber\/erbenvertretung-fuer-erbengemeinschaften\/\" target=\"_blank\" rel=\"noreferrer noopener\">La repr\u00e9sentation des h\u00e9ritiers pour les communaut\u00e9s h\u00e9r\u00e9ditaires<\/a><\/li><li><a href=\"https:\/\/www.deinadieu.ch\/ratgeber\/erbschaft-und-vorsorge-wen-wie-einbinden\/\" target=\"_blank\" rel=\"noreferrer noopener\">Succession et pr\u00e9voyance \u2013 Qui impliquer et comment ?<\/a><\/li><li><a href=\"https:\/\/www.deinadieu.ch\/ratgeber\/warum-ein-willensvollstrecker-die-erben-entlastet-und-wie-man-ihn-absetzt\/\" target=\"_blank\" rel=\"noreferrer noopener\">Pourquoi un ex\u00e9cuteur testamentaire soulage les h\u00e9ritiers et comment on le destitue<\/a><\/li><\/ul>\n\n<div style=\"height:50px\" aria-hidden=\"true\" class=\"wp-block-spacer\"><\/div>\n\n<div class=\"wp-block-buttons is-layout-flex wp-block-buttons-is-layout-flex\">\n<div class=\"wp-block-button\"><a class=\"wp-block-button__link\" href=\"https:\/\/app.deinadieu.ch\/testamentgenerator\">Etablissez votre testament ici<\/a><\/div>\n<\/div>\n","protected":false},"excerpt":{"rendered":"<p>Apr\u00e8s le d\u00e9c\u00e8s du de cujus, il convient de clarifier qui est h\u00e9ritier. La succession est ensuite d\u00e9termin\u00e9e et r\u00e9partie entre les h\u00e9ritiers. L&#8217;ex\u00e9cuteur testamentaire partage la succession sur la base des instructions que le de cujus a fix\u00e9es dans son testament.<\/p>\n","protected":false},"author":2399,"featured_media":44042,"menu_order":0,"comment_status":"open","ping_status":"closed","template":"","tags":[2108,2381,2105,2410,2107,2922,2383],"ratgeber-category":[2996],"class_list":["post-53212","ratgeber","type-ratgeber","status-publish","has-post-thumbnail","hentry","tag-communaute-des-heritiers","tag-executeur-testamentaire","tag-heritage","tag-heriter","tag-partage-successoral","tag-succession-fr","tag-succession","ratgeber-category-accepter-la-succession"],"acf":[],"yoast_head":"<title>Succession : comment se d\u00e9roule le partage successoral en Suisse ? | DeinAdieu<\/title>\n<meta name=\"description\" content=\"Comment l&#039;h\u00e9ritage est-il r\u00e9parti ? En principe, les h\u00e9ritiers sont trait\u00e9s de mani\u00e8re \u00e9gale : il n&#039;y a pas de privil\u00e8ge dans la r\u00e9partition de la succession.\" \/>\n<meta name=\"robots\" content=\"index, follow, max-snippet:-1, max-image-preview:large, max-video-preview:-1\" \/>\n<link rel=\"canonical\" href=\"https:\/\/www.deinadieu.ch\/fr\/conseiller\/heritage-le-partage-de-la-succession\/\" \/>\n<meta property=\"og:locale\" content=\"fr_FR\" \/>\n<meta property=\"og:type\" content=\"article\" \/>\n<meta property=\"og:title\" content=\"Succession : le partage de l&#039;h\u00e9ritage\" \/>\n<meta property=\"og:description\" content=\"Apr\u00e8s le d\u00e9c\u00e8s du de cujus, il convient de clarifier qui est h\u00e9ritier. La succession est ensuite d\u00e9termin\u00e9e et r\u00e9partie entre les h\u00e9ritiers. L&#039;ex\u00e9cuteur\" \/>\n<meta property=\"og:url\" content=\"https:\/\/www.deinadieu.ch\/fr\/conseiller\/heritage-le-partage-de-la-succession\/\" \/>\n<meta property=\"og:site_name\" content=\"DeinAdieu.ch\" \/>\n<meta property=\"article:publisher\" content=\"https:\/\/www.facebook.com\/deinadieu\" \/>\n<meta property=\"article:modified_time\" content=\"2022-10-18T06:24:20+00:00\" \/>\n<meta property=\"og:image\" content=\"https:\/\/static.deinadieu.ch\/uploads\/2019\/10\/erbschaft-die-aufteilung-des-erbes.jpg\" \/>\n\t<meta property=\"og:image:width\" content=\"1280\" \/>\n\t<meta property=\"og:image:height\" content=\"840\" \/>\n\t<meta property=\"og:image:type\" content=\"image\/jpeg\" \/>\n<meta name=\"twitter:card\" content=\"summary_large_image\" \/>\n<meta name=\"twitter:site\" content=\"@DeinAdieu\" \/>\n<meta name=\"twitter:label1\" content=\"Est. reading time\" \/>\n\t<meta name=\"twitter:data1\" content=\"4 minutes\" \/>\n<script type=\"application\/ld+json\" class=\"yoast-schema-graph\">{\"@context\":\"https:\\\/\\\/schema.org\",\"@graph\":[{\"@type\":\"WebPage\",\"@id\":\"https:\\\/\\\/www.deinadieu.ch\\\/fr\\\/conseiller\\\/heritage-le-partage-de-la-succession\\\/\",\"url\":\"https:\\\/\\\/www.deinadieu.ch\\\/fr\\\/conseiller\\\/heritage-le-partage-de-la-succession\\\/\",\"name\":\"Succession : comment se d\u00e9roule le partage successoral en Suisse ? | DeinAdieu\",\"isPartOf\":{\"@id\":\"https:\\\/\\\/www.deinadieu.ch\\\/fr\\\/#website\"},\"primaryImageOfPage\":{\"@id\":\"https:\\\/\\\/www.deinadieu.ch\\\/fr\\\/conseiller\\\/heritage-le-partage-de-la-succession\\\/#primaryimage\"},\"image\":{\"@id\":\"https:\\\/\\\/www.deinadieu.ch\\\/fr\\\/conseiller\\\/heritage-le-partage-de-la-succession\\\/#primaryimage\"},\"thumbnailUrl\":\"https:\\\/\\\/www.deinadieu.ch\\\/wp-content\\\/uploads\\\/2019\\\/10\\\/erbschaft-die-aufteilung-des-erbes.jpg\",\"datePublished\":\"2020-01-21T07:55:05+00:00\",\"dateModified\":\"2022-10-18T06:24:20+00:00\",\"description\":\"Comment l'h\u00e9ritage est-il r\u00e9parti ? En principe, les h\u00e9ritiers sont trait\u00e9s de mani\u00e8re \u00e9gale : il n'y a pas de privil\u00e8ge dans la r\u00e9partition de la succession.\",\"breadcrumb\":{\"@id\":\"https:\\\/\\\/www.deinadieu.ch\\\/fr\\\/conseiller\\\/heritage-le-partage-de-la-succession\\\/#breadcrumb\"},\"inLanguage\":\"fr-FR\",\"potentialAction\":[{\"@type\":\"ReadAction\",\"target\":[\"https:\\\/\\\/www.deinadieu.ch\\\/fr\\\/conseiller\\\/heritage-le-partage-de-la-succession\\\/\"]}]},{\"@type\":\"ImageObject\",\"inLanguage\":\"fr-FR\",\"@id\":\"https:\\\/\\\/www.deinadieu.ch\\\/fr\\\/conseiller\\\/heritage-le-partage-de-la-succession\\\/#primaryimage\",\"url\":\"https:\\\/\\\/www.deinadieu.ch\\\/wp-content\\\/uploads\\\/2019\\\/10\\\/erbschaft-die-aufteilung-des-erbes.jpg\",\"contentUrl\":\"https:\\\/\\\/www.deinadieu.ch\\\/wp-content\\\/uploads\\\/2019\\\/10\\\/erbschaft-die-aufteilung-des-erbes.jpg\",\"width\":1280,\"height\":840,\"caption\":\"Succession - La r\u00e9partition de la succession (image pr\u00e9texte : iStock)\"},{\"@type\":\"BreadcrumbList\",\"@id\":\"https:\\\/\\\/www.deinadieu.ch\\\/fr\\\/conseiller\\\/heritage-le-partage-de-la-succession\\\/#breadcrumb\",\"itemListElement\":[{\"@type\":\"ListItem\",\"position\":1,\"name\":\"Home\",\"item\":\"https:\\\/\\\/www.deinadieu.ch\\\/fr\\\/deinadieu-dialog-und-serviceportal-zum-lebensende\\\/\"},{\"@type\":\"ListItem\",\"position\":2,\"name\":\"Ratgeber\",\"item\":\"https:\\\/\\\/www.deinadieu.ch\\\/fr\\\/conseiller\\\/\"},{\"@type\":\"ListItem\",\"position\":3,\"name\":\"Succession : le partage de l&#8217;h\u00e9ritage\"}]},{\"@type\":\"WebSite\",\"@id\":\"https:\\\/\\\/www.deinadieu.ch\\\/fr\\\/#website\",\"url\":\"https:\\\/\\\/www.deinadieu.ch\\\/fr\\\/\",\"name\":\"DeinAdieu.ch\",\"description\":\"Testament, Patientenverf\u00fcgung und Vorsorgeauftrag\",\"publisher\":{\"@id\":\"https:\\\/\\\/www.deinadieu.ch\\\/fr\\\/#organization\"},\"potentialAction\":[{\"@type\":\"SearchAction\",\"target\":{\"@type\":\"EntryPoint\",\"urlTemplate\":\"https:\\\/\\\/www.deinadieu.ch\\\/fr\\\/?s={search_term_string}\"},\"query-input\":{\"@type\":\"PropertyValueSpecification\",\"valueRequired\":true,\"valueName\":\"search_term_string\"}}],\"inLanguage\":\"fr-FR\"},{\"@type\":\"Organization\",\"@id\":\"https:\\\/\\\/www.deinadieu.ch\\\/fr\\\/#organization\",\"name\":\"EMNA Web GmbH\",\"url\":\"https:\\\/\\\/www.deinadieu.ch\\\/fr\\\/\",\"logo\":{\"@type\":\"ImageObject\",\"inLanguage\":\"fr-FR\",\"@id\":\"https:\\\/\\\/www.deinadieu.ch\\\/fr\\\/#\\\/schema\\\/logo\\\/image\\\/\",\"url\":\"https:\\\/\\\/www.deinadieu.ch\\\/wp-content\\\/uploads\\\/2016\\\/01\\\/DeinAdieu_Logo.png\",\"contentUrl\":\"https:\\\/\\\/www.deinadieu.ch\\\/wp-content\\\/uploads\\\/2016\\\/01\\\/DeinAdieu_Logo.png\",\"width\":300,\"height\":117,\"caption\":\"EMNA Web GmbH\"},\"image\":{\"@id\":\"https:\\\/\\\/www.deinadieu.ch\\\/fr\\\/#\\\/schema\\\/logo\\\/image\\\/\"},\"sameAs\":[\"https:\\\/\\\/www.facebook.com\\\/deinadieu\",\"https:\\\/\\\/x.com\\\/DeinAdieu\",\"https:\\\/\\\/www.instagram.com\\\/deinadieu\\\/\",\"https:\\\/\\\/www.linkedin.com\\\/company\\\/deinadieu.ch\"]}]}<\/script>","yoast_head_json":{"title":"Succession : comment se d\u00e9roule le partage successoral en Suisse ? | DeinAdieu","description":"Comment l'h\u00e9ritage est-il r\u00e9parti ? En principe, les h\u00e9ritiers sont trait\u00e9s de mani\u00e8re \u00e9gale : il n'y a pas de privil\u00e8ge dans la r\u00e9partition de la succession.","robots":{"index":"index","follow":"follow","max-snippet":"max-snippet:-1","max-image-preview":"max-image-preview:large","max-video-preview":"max-video-preview:-1"},"canonical":"https:\/\/www.deinadieu.ch\/fr\/conseiller\/heritage-le-partage-de-la-succession\/","og_locale":"fr_FR","og_type":"article","og_title":"Succession : le partage de l'h\u00e9ritage","og_description":"Apr\u00e8s le d\u00e9c\u00e8s du de cujus, il convient de clarifier qui est h\u00e9ritier. La succession est ensuite d\u00e9termin\u00e9e et r\u00e9partie entre les h\u00e9ritiers. L'ex\u00e9cuteur","og_url":"https:\/\/www.deinadieu.ch\/fr\/conseiller\/heritage-le-partage-de-la-succession\/","og_site_name":"DeinAdieu.ch","article_publisher":"https:\/\/www.facebook.com\/deinadieu","article_modified_time":"2022-10-18T06:24:20+00:00","og_image":[{"width":1280,"height":840,"url":"https:\/\/static.deinadieu.ch\/uploads\/2019\/10\/erbschaft-die-aufteilung-des-erbes.jpg","type":"image\/jpeg"}],"twitter_card":"summary_large_image","twitter_site":"@DeinAdieu","twitter_misc":{"Est. reading time":"4 minutes"},"schema":{"@context":"https:\/\/schema.org","@graph":[{"@type":"WebPage","@id":"https:\/\/www.deinadieu.ch\/fr\/conseiller\/heritage-le-partage-de-la-succession\/","url":"https:\/\/www.deinadieu.ch\/fr\/conseiller\/heritage-le-partage-de-la-succession\/","name":"Succession : comment se d\u00e9roule le partage successoral en Suisse ? | DeinAdieu","isPartOf":{"@id":"https:\/\/www.deinadieu.ch\/fr\/#website"},"primaryImageOfPage":{"@id":"https:\/\/www.deinadieu.ch\/fr\/conseiller\/heritage-le-partage-de-la-succession\/#primaryimage"},"image":{"@id":"https:\/\/www.deinadieu.ch\/fr\/conseiller\/heritage-le-partage-de-la-succession\/#primaryimage"},"thumbnailUrl":"https:\/\/www.deinadieu.ch\/wp-content\/uploads\/2019\/10\/erbschaft-die-aufteilung-des-erbes.jpg","datePublished":"2020-01-21T07:55:05+00:00","dateModified":"2022-10-18T06:24:20+00:00","description":"Comment l'h\u00e9ritage est-il r\u00e9parti ? En principe, les h\u00e9ritiers sont trait\u00e9s de mani\u00e8re \u00e9gale : il n'y a pas de privil\u00e8ge dans la r\u00e9partition de la succession.","breadcrumb":{"@id":"https:\/\/www.deinadieu.ch\/fr\/conseiller\/heritage-le-partage-de-la-succession\/#breadcrumb"},"inLanguage":"fr-FR","potentialAction":[{"@type":"ReadAction","target":["https:\/\/www.deinadieu.ch\/fr\/conseiller\/heritage-le-partage-de-la-succession\/"]}]},{"@type":"ImageObject","inLanguage":"fr-FR","@id":"https:\/\/www.deinadieu.ch\/fr\/conseiller\/heritage-le-partage-de-la-succession\/#primaryimage","url":"https:\/\/www.deinadieu.ch\/wp-content\/uploads\/2019\/10\/erbschaft-die-aufteilung-des-erbes.jpg","contentUrl":"https:\/\/www.deinadieu.ch\/wp-content\/uploads\/2019\/10\/erbschaft-die-aufteilung-des-erbes.jpg","width":1280,"height":840,"caption":"Succession - La r\u00e9partition de la succession (image pr\u00e9texte : iStock)"},{"@type":"BreadcrumbList","@id":"https:\/\/www.deinadieu.ch\/fr\/conseiller\/heritage-le-partage-de-la-succession\/#breadcrumb","itemListElement":[{"@type":"ListItem","position":1,"name":"Home","item":"https:\/\/www.deinadieu.ch\/fr\/deinadieu-dialog-und-serviceportal-zum-lebensende\/"},{"@type":"ListItem","position":2,"name":"Ratgeber","item":"https:\/\/www.deinadieu.ch\/fr\/conseiller\/"},{"@type":"ListItem","position":3,"name":"Succession : le partage de l&#8217;h\u00e9ritage"}]},{"@type":"WebSite","@id":"https:\/\/www.deinadieu.ch\/fr\/#website","url":"https:\/\/www.deinadieu.ch\/fr\/","name":"DeinAdieu.ch","description":"Testament, Patientenverf\u00fcgung und Vorsorgeauftrag","publisher":{"@id":"https:\/\/www.deinadieu.ch\/fr\/#organization"},"potentialAction":[{"@type":"SearchAction","target":{"@type":"EntryPoint","urlTemplate":"https:\/\/www.deinadieu.ch\/fr\/?s={search_term_string}"},"query-input":{"@type":"PropertyValueSpecification","valueRequired":true,"valueName":"search_term_string"}}],"inLanguage":"fr-FR"},{"@type":"Organization","@id":"https:\/\/www.deinadieu.ch\/fr\/#organization","name":"EMNA Web GmbH","url":"https:\/\/www.deinadieu.ch\/fr\/","logo":{"@type":"ImageObject","inLanguage":"fr-FR","@id":"https:\/\/www.deinadieu.ch\/fr\/#\/schema\/logo\/image\/","url":"https:\/\/www.deinadieu.ch\/wp-content\/uploads\/2016\/01\/DeinAdieu_Logo.png","contentUrl":"https:\/\/www.deinadieu.ch\/wp-content\/uploads\/2016\/01\/DeinAdieu_Logo.png","width":300,"height":117,"caption":"EMNA Web GmbH"},"image":{"@id":"https:\/\/www.deinadieu.ch\/fr\/#\/schema\/logo\/image\/"},"sameAs":["https:\/\/www.facebook.com\/deinadieu","https:\/\/x.com\/DeinAdieu","https:\/\/www.instagram.com\/deinadieu\/","https:\/\/www.linkedin.com\/company\/deinadieu.ch"]}]}},"_links":{"self":[{"href":"https:\/\/www.deinadieu.ch\/fr\/wp-json\/wp\/v2\/ratgeber\/53212","targetHints":{"allow":["GET"]}}],"collection":[{"href":"https:\/\/www.deinadieu.ch\/fr\/wp-json\/wp\/v2\/ratgeber"}],"about":[{"href":"https:\/\/www.deinadieu.ch\/fr\/wp-json\/wp\/v2\/types\/ratgeber"}],"author":[{"embeddable":true,"href":"https:\/\/www.deinadieu.ch\/fr\/wp-json\/wp\/v2\/users\/2399"}],"replies":[{"embeddable":true,"href":"https:\/\/www.deinadieu.ch\/fr\/wp-json\/wp\/v2\/comments?post=53212"}],"version-history":[{"count":5,"href":"https:\/\/www.deinadieu.ch\/fr\/wp-json\/wp\/v2\/ratgeber\/53212\/revisions"}],"predecessor-version":[{"id":60565,"href":"https:\/\/www.deinadieu.ch\/fr\/wp-json\/wp\/v2\/ratgeber\/53212\/revisions\/60565"}],"wp:featuredmedia":[{"embeddable":true,"href":"https:\/\/www.deinadieu.ch\/fr\/wp-json\/wp\/v2\/media\/44042"}],"wp:attachment":[{"href":"https:\/\/www.deinadieu.ch\/fr\/wp-json\/wp\/v2\/media?parent=53212"}],"wp:term":[{"taxonomy":"post_tag","embeddable":true,"href":"https:\/\/www.deinadieu.ch\/fr\/wp-json\/wp\/v2\/tags?post=53212"},{"taxonomy":"ratgeber-category","embeddable":true,"href":"https:\/\/www.deinadieu.ch\/fr\/wp-json\/wp\/v2\/ratgeber-category?post=53212"}],"curies":[{"name":"wp","href":"https:\/\/api.w.org\/{rel}","templated":true}]}}