{"id":53017,"date":"2018-06-10T20:25:43","date_gmt":"2018-06-10T18:25:43","guid":{"rendered":"https:\/\/www.deinadieu.ch\/ratgeber\/charge-condition-et-delai-dans-un-testament\/"},"modified":"2023-03-21T22:56:17","modified_gmt":"2023-03-21T21:56:17","slug":"charge-condition-et-delai-dans-un-testament","status":"publish","type":"ratgeber","link":"https:\/\/www.deinadieu.ch\/fr\/conseiller\/charge-condition-et-delai-dans-un-testament\/","title":{"rendered":"Charge, condition et d\u00e9lai dans un testament"},"content":{"rendered":"\n<p>Une lib\u00e9ralit\u00e9 successorale est rarement due sans conditions. Au contraire, le testateur peut assortir l&#8217;h\u00e9ritage de charges, de conditions et de d\u00e9lais, individualiser ainsi les droits successoraux et donner de la valeur \u00e0 ses derni\u00e8res volont\u00e9s.<\/p>\n\n<!--more-->\n\n<h2 class=\"wp-block-heading\" id=\"h-die-auflage\"><b>La charge<\/b><\/h2>\n\n<p><span style=\"font-weight: 400;\">La d\u00e9limitation entre charge et condition n&#8217;est pas toujours facile. Dans les testaments la\u00efcs en particulier, elle ne d\u00e9coule pas du texte, mais elle doit souvent \u00eatre d\u00e9termin\u00e9e en fonction du sens de la disposition.<\/span><\/p>\n\n<p><span style=\"font-weight: 400;\">De mani\u00e8re g\u00e9n\u00e9rale<\/span>, <strong><span style=\"font-weight: 400;\">la<\/span> charge <span style=\"font-weight: 400;\">concerne souvent la libert\u00e9 de l&#8217;h\u00e9ritier de disposer de l&#8217;<a href=\"https:\/\/www.deinadieu.ch\/?s=abgrenzung&amp;submit=Suche\" target=\"_blank\" rel=\"noreferrer noopener\">h\u00e9ritage<\/a> qui lui revient.<\/span><\/strong><span style=\"font-weight: 400;\">Une charge pourrait ainsi \u00eatre formul\u00e9e de la mani\u00e8re suivante : \u00ab Ma fille doit recevoir la maison de vacances de Saint-Moritz, mais elle ne peut pas la vendre et elle doit permettre \u00e0 ses fr\u00e8res et s\u0153urs de l&#8217;utiliser \u00e9galement \u00bb.<\/span><\/p>\n\n<p><span style=\"font-weight: 400;\">Si le testateur impose une ou plusieurs charges \u00e0 un h\u00e9ritier<\/span>, le b\u00e9n\u00e9ficiaire re\u00e7oit en tout \u00e9tat de cause l&#8217;<a href=\"https:\/\/www.deinadieu.ch\/ratgeber\/der-nachlass-zusammensetzung-der-erbmasse\/\" target=\"_blank\" rel=\"noreferrer noopener\">h\u00e9ritage<\/a> qui lui est attribu\u00e9. Le non-respect de la charge n&#8217;entra\u00eene pas la perte du droit successoral. Cependant, toute personne ayant un int\u00e9r\u00eat manifeste peut ouvrir une action en justice pour que les charges soient ex\u00e9cut\u00e9es.<span style=\"font-weight: 400;\"><\/span><\/p>\n\n<h2 class=\"wp-block-heading\" id=\"h-bedingung-und-befristung\"><b>Condition et d\u00e9lai<\/b><\/h2>\n\n<p><span style=\"font-weight: 400;\">Il en va diff\u00e9remment dans le cas d&#8217;une<\/span> <strong>condition<\/strong>, d\u00e8s lors que <span style=\"font-weight: 400;\">son ex\u00e9cution est<\/span> <strong>une condition pr\u00e9alable <span style=\"font-weight: 400;\">directe<\/span> \u00e0 la r\u00e9ception de la succession ou du <a href=\"https:\/\/www.deinadieu.ch\/ratgeber\/vermaechtnis\/\" target=\"_blank\" rel=\"noreferrer noopener\">legs<\/a><\/strong> par le b\u00e9n\u00e9ficiaire<span style=\"font-weight: 400;\">. La condition ne doit pas n\u00e9cessairement \u00eatre li\u00e9e \u00e0 l&#8217;h\u00e9ritage. Elle est g\u00e9n\u00e9ralement formul\u00e9e de mani\u00e8re conditionnelle, c&#8217;est-\u00e0-dire qu&#8217;elle contient des termes tels que \u00ab si \u00bb ou \u00ab \u00e0 condition que \u00bb.<\/span><\/p>\n\n<p><span style=\"font-weight: 400;\">Par exemple, la condition suivante serait envisageable : \u00ab Mon petit-fils doit<\/span> <span style=\"font-weight: 400;\">recevoir CHF 20&#8217;000.- s&#8217;il termine ses \u00e9tudes de m\u00e9decine avec la mention summa cum laude. \u00bb <\/span><span style=\"font-weight: 400;\">Si le petit-fils ne remplit pas cette condition, son droit \u00e0 l&#8217;argent s&#8217;\u00e9teint. Cependant, avant d&#8217;obtenir son dipl\u00f4me, il dispose de ce qu&#8217;on appelle une <\/span>expectative<span style=\"font-weight: 400;\">.<\/span><\/p>\n\n<p>Le d\u00e9lai <span style=\"font-weight: 400;\">est une forme particuli\u00e8re de condition<\/span> : <strong>le d\u00e9lai est une condition qui consiste dans l&#8217;expiration d&#8217;un d\u00e9lai fix\u00e9 \u00e0 l&#8217;avance<\/strong> ou dans l&#8217;atteinte d&#8217;une date d\u00e9termin\u00e9e.<\/p>\n\n<p>D&#8217;une part, la condition ou le d\u00e9lai peut \u00eatre suspensif : \u00ab Ma femme recevra le tableau de Picasso de la maison de vacances de Saint-Moritz lors de notre 50\u00e8me anniversaire de mariage. \u00bb Cela signifie que l&#8217;effet souhait\u00e9 ne se produit qu&#8217;une fois que la condition aura \u00e9t\u00e9 satisfaite dans le futur. <\/p>\n\n<p>D&#8217;autre part, une condition ou un d\u00e9lai r\u00e9solutoire est \u00e9galement possible : \u00ab Mon fr\u00e8re re\u00e7oit ma collection de montres, mais il devra la transmettre \u00e0 mon petit-fils \u00e0 sa confirmation \u00bb. La <a href=\"https:\/\/www.deinadieu.ch\/fr\/conseiller\/transmettre-par-disposition-pour-cause-de-mort-sur-deux-generations-par-le-biais-dheritiers-appeles\/\" target=\"_blank\" rel=\"noreferrer noopener\">substitution fid\u00e9icommissaire<\/a> est une forme particuli\u00e8re de d\u00e9lai.<\/p>\n\n<h2 class=\"wp-block-heading\" id=\"h-gultigkeit-und-wirkung\"><b>Validit\u00e9 et effets<\/b><\/h2>\n\n<p><span style=\"font-weight: 400;\">Bien que la libert\u00e9 d&#8217;action du testateur soit grande, elle conna\u00eet certaines<\/span> limites<span style=\"font-weight: 400;\">. Celles-ci sont similaires \u00e0 celles de la libert\u00e9 contractuelle. Les charges et les conditions doivent rester <\/span>dans les limites de la loi.<span style=\"font-weight: 400;\"> <strong> Elles ne doivent pas \u00eatre contraires aux m\u0153urs, absurdes, inutiles, chicani\u00e8res, incompr\u00e9hensibles, intol\u00e9rables ou d&#8217;embl\u00e9e impossibles<\/strong>. Tel serait par exemple le cas de l&#8217;interdiction de se marier pour un h\u00e9ritier ou de l&#8217;obligation de veiller 24 heures sur 24 sur la tombe du testateur.<\/span><\/p>\n\n<p><span style=\"font-weight: 400;\">De telles dispositions ne sont<\/span> pas pertinentes et elles sont <span style=\"font-weight: 400;\">ainsi trait\u00e9es comme si elles ne faisaient pas partie du <a href=\"https:\/\/www.deinadieu.ch\/fr\/conseiller\/le-testament-manuscrit\/\" target=\"_blank\" rel=\"noreferrer noopener\">testament<\/a>, lequel demeure toutefois valable. En outre, les r\u00e9serves h\u00e9r\u00e9ditaires de parents ne peuvent pas faire l&#8217;objet de charges ou \u00eatre soumises \u00e0 des conditions.<\/span><\/p>\n\n<p><span style=\"font-weight: 400;\">En incluant des charges et des conditions dans votre testament, vous pouvez ainsi, en tant que testateur ou testatrice, donner \u00e0 vos <a href=\"https:\/\/www.deinadieu.ch\/?s=letzter+wille&amp;submit=Suche\" target=\"_blank\" rel=\"noreferrer noopener\">derni\u00e8res volont\u00e9s<\/a><\/span> de la valeur et de<span style=\"font-weight: 400;\"> l&#8217;importance. Afin de s&#8217;assurer que les h\u00e9ritiers respectent effectivement les charges et les conditions, il est judicieux de d\u00e9signer un <a href=\"https:\/\/www.gerichte-zh.ch\/themen\/erbschaft\/klagen-nachlassabwicklung\/willensvollstreckerin.html\" target=\"_blank\" rel=\"noreferrer noopener\">ex\u00e9cuteur testamentaire<\/a>. Ce dernier veille au respect des dispositions et, si n\u00e9cessaire, prend des mesures pour les faire appliquer.<\/span><\/p>\n\n<p><span style=\"font-weight: 300;\"><\/span><\/p>\n\n<div class=\"wp-block-create-block-deinadieu-simple\"><div class=\"inner bg-lightgrey p-4 border-t-2 border-da-dark border-solid\"><p class=\"title font-semibold text-2xl\">Ce \u00e0 quoi vous pouvez r\u00e9fl\u00e9chir<\/p><div class=\"content\"><ul><li>Faut-il transmettre pour cause de mort sans r\u00e9serves ?<\/li><li>Qu&#8217;est-ce qui est important pour moi personnellement au-del\u00e0 de la mort ?<\/li><li>Qu&#8217;est-ce qui pourrait encore \u00eatre exig\u00e9 au-del\u00e0 de la mort ?<\/li><li>Une limite temporelle a-t-elle du sens ?<\/li><li>Faut-il favoriser l&#8217;\u00e9ventuel descendant d&#8217;un h\u00e9ritier ?<\/li><li>Qui doit ex\u00e9cuter mes volont\u00e9s ?<\/li><\/ul><\/div><\/div><\/div>\n\n<div style=\"height:40px\" aria-hidden=\"true\" class=\"wp-block-spacer\"><\/div>\n\n<div class=\"wp-block-buttons is-layout-flex wp-block-buttons-is-layout-flex\">\n<div class=\"wp-block-button\"><a class=\"wp-block-button__link wp-element-button\" href=\"https:\/\/app.deinadieu.ch\/testament\">\u00c9tablir un testament en ligne<\/a><\/div>\n<\/div>\n\n<div style=\"height:40px\" aria-hidden=\"true\" class=\"wp-block-spacer\"><\/div>\n\n        <div class=\"da-servicebox relative bg-gray-200 p-4 pt-8 border-solid border-t-8 border-da-dark mb-6\">\n            <i class=\"fas fa-info-circle mx-auto fa-7x text-da-dark\"><\/i>\n            <span style=\"hyphens: auto\">\n                <\/p>\n<p>En imposant des charges, des conditions ou des d\u00e9lais, le testateur peut adapter de mani\u00e8re optimale les questions de droit successoral \u00e0 ses derni\u00e8res volont\u00e9s. Les charges constituent des droits de tiers que ceux-ci peuvent faire valoir en justice. Les conditions d\u00e9terminent la r\u00e9ception de l&#8217;h\u00e9ritage. Les d\u00e9lais sont une forme particuli\u00e8re de condition qui consiste dans l&#8217;expiration d&#8217;un d\u00e9lai d\u00e9termin\u00e9.<br \/>\nPour \u00eatre valables, ils doivent \u00eatre conformes \u00e0 la loi et aux m\u0153urs et pouvoir \u00eatre ex\u00e9cut\u00e9s. Un ex\u00e9cuteur testamentaire bien inform\u00e9 et digne de confiance peut \u00eatre charg\u00e9 de l&#8217;ex\u00e9cution de ces dispositions.<br \/>\n\n                \n                \n            <\/span>\n        <\/div>\n        \n\n<h2 class=\"wp-block-heading\" id=\"h-was-sie-ebenfalls-interessieren-konnte\"><b>Ce qui pourrait \u00e9galement vous int\u00e9resser :<\/b><\/h2>\n\n<ul class=\"wp-block-list\">\n<li><a href=\"https:\/\/www.deinadieu.ch\/ratgeber\/warum-ein-willensvollstrecker-die-erben-entlastet-und-wie-man-ihn-absetzt\/\" target=\"_blank\" rel=\"noreferrer noopener\">Pourquoi un ex\u00e9cuteur testamentaire soulage les h\u00e9ritiers et comment on le destitue<\/a><\/li>\n\n\n\n<li><a href=\"https:\/\/www.deinadieu.ch\/ratgeber\/vermaechtnis\/\">Le legs \u2013 Une alternativ<\/a><a href=\"https:\/\/www.deinadieu.ch\/ratgeber\/vermaechtnis\/\" target=\"_blank\" rel=\"noreferrer noopener\">e<\/a> <a href=\"https:\/\/www.deinadieu.ch\/ratgeber\/vermaechtnis\/\">\u00e0 l&#8217;h\u00e9ritage<\/a><\/li>\n\n\n\n<li><a href=\"https:\/\/www.deinadieu.ch\/ratgeber\/ist-eine-ungleichbehandlung-von-geschwistern-erlaubt\/\" target=\"_blank\" rel=\"noreferrer noopener\">Est-il autoris\u00e9 de traiter des fr\u00e8res et s\u0153urs de mani\u00e8re in\u00e9gale ?<\/a><\/li>\n\n\n\n<li><a href=\"https:\/\/www.deinadieu.ch\/ratgeber\/mehr-spielraum-fuer-erblasser\/\" target=\"_blank\" rel=\"noreferrer noopener\">Une plus grande marge de man\u0153uvre pour le testateur<\/a><\/li>\n\n\n\n<li><a href=\"https:\/\/www.deinadieu.ch\/ratgeber\/vorrechte-des-ehepartners\/\" target=\"_blank\" rel=\"noreferrer noopener\">Les privil\u00e8ges du conjoint<\/a><\/li>\n<\/ul>\n","protected":false},"excerpt":{"rendered":"<p>Une lib\u00e9ralit\u00e9 successorale est rarement due sans conditions. Au contraire, le testateur peut assortir l&#8217;h\u00e9ritage de charges, de conditions et de d\u00e9lais, individualiser ainsi les droits successoraux et donner de la valeur \u00e0 ses derni\u00e8res volont\u00e9s.<\/p>\n","protected":false},"author":2398,"featured_media":38174,"menu_order":0,"comment_status":"open","ping_status":"closed","template":"","tags":[2918,2183,2381,2853,2134,3503,2005],"ratgeber-category":[2010],"class_list":["post-53017","ratgeber","type-ratgeber","status-publish","has-post-thumbnail","hentry","tag-conditions","tag-dernieres-volontes-fr","tag-executeur-testamentaire","tag-liberte-de-disposer","tag-pacte-successoral","tag-petits-enfants","tag-testament-fr","ratgeber-category-testament-succession"],"acf":[],"yoast_head":"<title>Testament avec charge, condition et d\u00e9lai | DeinAdieu<\/title>\n<meta name=\"description\" content=\"Au moyen d&#039;une condition, d&#039;une charge ou d&#039;un d\u00e9lai, les testateurs peuvent individualiser les droits successoraux dans un testament ou un legs.\" \/>\n<meta name=\"robots\" content=\"index, follow, max-snippet:-1, max-image-preview:large, max-video-preview:-1\" \/>\n<link rel=\"canonical\" href=\"https:\/\/www.deinadieu.ch\/fr\/conseiller\/charge-condition-et-delai-dans-un-testament\/\" \/>\n<meta property=\"og:locale\" content=\"fr_FR\" \/>\n<meta property=\"og:type\" content=\"article\" \/>\n<meta property=\"og:title\" content=\"Charge, condition et d\u00e9lai dans un testament\" \/>\n<meta property=\"og:description\" content=\"Une lib\u00e9ralit\u00e9 successorale est rarement due sans conditions. Au contraire, le testateur peut assortir l&#039;h\u00e9ritage de charges, de conditions et de d\u00e9lais,\" \/>\n<meta property=\"og:url\" content=\"https:\/\/www.deinadieu.ch\/fr\/conseiller\/charge-condition-et-delai-dans-un-testament\/\" \/>\n<meta property=\"og:site_name\" content=\"DeinAdieu.ch\" \/>\n<meta property=\"article:publisher\" content=\"https:\/\/www.facebook.com\/deinadieu\" \/>\n<meta property=\"article:modified_time\" content=\"2023-03-21T21:56:17+00:00\" \/>\n<meta property=\"og:image\" content=\"https:\/\/static.deinadieu.ch\/uploads\/2018\/06\/iStock-625049826_high.jpg\" \/>\n\t<meta property=\"og:image:width\" content=\"1330\" \/>\n\t<meta property=\"og:image:height\" content=\"855\" \/>\n\t<meta property=\"og:image:type\" content=\"image\/jpeg\" \/>\n<meta name=\"twitter:card\" content=\"summary_large_image\" \/>\n<meta name=\"twitter:site\" content=\"@DeinAdieu\" \/>\n<meta name=\"twitter:label1\" content=\"Est. reading time\" \/>\n\t<meta name=\"twitter:data1\" content=\"5 minutes\" \/>\n<script type=\"application\/ld+json\" class=\"yoast-schema-graph\">{\"@context\":\"https:\\\/\\\/schema.org\",\"@graph\":[{\"@type\":\"WebPage\",\"@id\":\"https:\\\/\\\/www.deinadieu.ch\\\/fr\\\/conseiller\\\/charge-condition-et-delai-dans-un-testament\\\/\",\"url\":\"https:\\\/\\\/www.deinadieu.ch\\\/fr\\\/conseiller\\\/charge-condition-et-delai-dans-un-testament\\\/\",\"name\":\"Testament avec charge, condition et d\u00e9lai | DeinAdieu\",\"isPartOf\":{\"@id\":\"https:\\\/\\\/www.deinadieu.ch\\\/fr\\\/#website\"},\"primaryImageOfPage\":{\"@id\":\"https:\\\/\\\/www.deinadieu.ch\\\/fr\\\/conseiller\\\/charge-condition-et-delai-dans-un-testament\\\/#primaryimage\"},\"image\":{\"@id\":\"https:\\\/\\\/www.deinadieu.ch\\\/fr\\\/conseiller\\\/charge-condition-et-delai-dans-un-testament\\\/#primaryimage\"},\"thumbnailUrl\":\"https:\\\/\\\/www.deinadieu.ch\\\/wp-content\\\/uploads\\\/2018\\\/06\\\/iStock-625049826_high.jpg\",\"datePublished\":\"2018-06-10T18:25:43+00:00\",\"dateModified\":\"2023-03-21T21:56:17+00:00\",\"description\":\"Au moyen d'une condition, d'une charge ou d'un d\u00e9lai, les testateurs peuvent individualiser les droits successoraux dans un testament ou un legs.\",\"breadcrumb\":{\"@id\":\"https:\\\/\\\/www.deinadieu.ch\\\/fr\\\/conseiller\\\/charge-condition-et-delai-dans-un-testament\\\/#breadcrumb\"},\"inLanguage\":\"fr-FR\",\"potentialAction\":[{\"@type\":\"ReadAction\",\"target\":[\"https:\\\/\\\/www.deinadieu.ch\\\/fr\\\/conseiller\\\/charge-condition-et-delai-dans-un-testament\\\/\"]}]},{\"@type\":\"ImageObject\",\"inLanguage\":\"fr-FR\",\"@id\":\"https:\\\/\\\/www.deinadieu.ch\\\/fr\\\/conseiller\\\/charge-condition-et-delai-dans-un-testament\\\/#primaryimage\",\"url\":\"https:\\\/\\\/www.deinadieu.ch\\\/wp-content\\\/uploads\\\/2018\\\/06\\\/iStock-625049826_high.jpg\",\"contentUrl\":\"https:\\\/\\\/www.deinadieu.ch\\\/wp-content\\\/uploads\\\/2018\\\/06\\\/iStock-625049826_high.jpg\",\"width\":1330,\"height\":855,\"caption\":\"Le testateur peut imposer des charges, des conditions et des d\u00e9lais (image pr\u00e9texte : iStock)\"},{\"@type\":\"BreadcrumbList\",\"@id\":\"https:\\\/\\\/www.deinadieu.ch\\\/fr\\\/conseiller\\\/charge-condition-et-delai-dans-un-testament\\\/#breadcrumb\",\"itemListElement\":[{\"@type\":\"ListItem\",\"position\":1,\"name\":\"Home\",\"item\":\"https:\\\/\\\/www.deinadieu.ch\\\/fr\\\/deinadieu-dialog-und-serviceportal-zum-lebensende\\\/\"},{\"@type\":\"ListItem\",\"position\":2,\"name\":\"Ratgeber\",\"item\":\"https:\\\/\\\/www.deinadieu.ch\\\/fr\\\/conseiller\\\/\"},{\"@type\":\"ListItem\",\"position\":3,\"name\":\"Charge, condition et d\u00e9lai dans un testament\"}]},{\"@type\":\"WebSite\",\"@id\":\"https:\\\/\\\/www.deinadieu.ch\\\/fr\\\/#website\",\"url\":\"https:\\\/\\\/www.deinadieu.ch\\\/fr\\\/\",\"name\":\"DeinAdieu.ch\",\"description\":\"Testament, Patientenverf\u00fcgung und Vorsorgeauftrag\",\"publisher\":{\"@id\":\"https:\\\/\\\/www.deinadieu.ch\\\/fr\\\/#organization\"},\"potentialAction\":[{\"@type\":\"SearchAction\",\"target\":{\"@type\":\"EntryPoint\",\"urlTemplate\":\"https:\\\/\\\/www.deinadieu.ch\\\/fr\\\/?s={search_term_string}\"},\"query-input\":{\"@type\":\"PropertyValueSpecification\",\"valueRequired\":true,\"valueName\":\"search_term_string\"}}],\"inLanguage\":\"fr-FR\"},{\"@type\":\"Organization\",\"@id\":\"https:\\\/\\\/www.deinadieu.ch\\\/fr\\\/#organization\",\"name\":\"EMNA Web GmbH\",\"url\":\"https:\\\/\\\/www.deinadieu.ch\\\/fr\\\/\",\"logo\":{\"@type\":\"ImageObject\",\"inLanguage\":\"fr-FR\",\"@id\":\"https:\\\/\\\/www.deinadieu.ch\\\/fr\\\/#\\\/schema\\\/logo\\\/image\\\/\",\"url\":\"https:\\\/\\\/www.deinadieu.ch\\\/wp-content\\\/uploads\\\/2016\\\/01\\\/DeinAdieu_Logo.png\",\"contentUrl\":\"https:\\\/\\\/www.deinadieu.ch\\\/wp-content\\\/uploads\\\/2016\\\/01\\\/DeinAdieu_Logo.png\",\"width\":300,\"height\":117,\"caption\":\"EMNA Web GmbH\"},\"image\":{\"@id\":\"https:\\\/\\\/www.deinadieu.ch\\\/fr\\\/#\\\/schema\\\/logo\\\/image\\\/\"},\"sameAs\":[\"https:\\\/\\\/www.facebook.com\\\/deinadieu\",\"https:\\\/\\\/x.com\\\/DeinAdieu\",\"https:\\\/\\\/www.instagram.com\\\/deinadieu\\\/\",\"https:\\\/\\\/www.linkedin.com\\\/company\\\/deinadieu.ch\"]}]}<\/script>","yoast_head_json":{"title":"Testament avec charge, condition et d\u00e9lai | DeinAdieu","description":"Au moyen d'une condition, d'une charge ou d'un d\u00e9lai, les testateurs peuvent individualiser les droits successoraux dans un testament ou un legs.","robots":{"index":"index","follow":"follow","max-snippet":"max-snippet:-1","max-image-preview":"max-image-preview:large","max-video-preview":"max-video-preview:-1"},"canonical":"https:\/\/www.deinadieu.ch\/fr\/conseiller\/charge-condition-et-delai-dans-un-testament\/","og_locale":"fr_FR","og_type":"article","og_title":"Charge, condition et d\u00e9lai dans un testament","og_description":"Une lib\u00e9ralit\u00e9 successorale est rarement due sans conditions. Au contraire, le testateur peut assortir l'h\u00e9ritage de charges, de conditions et de d\u00e9lais,","og_url":"https:\/\/www.deinadieu.ch\/fr\/conseiller\/charge-condition-et-delai-dans-un-testament\/","og_site_name":"DeinAdieu.ch","article_publisher":"https:\/\/www.facebook.com\/deinadieu","article_modified_time":"2023-03-21T21:56:17+00:00","og_image":[{"width":1330,"height":855,"url":"https:\/\/static.deinadieu.ch\/uploads\/2018\/06\/iStock-625049826_high.jpg","type":"image\/jpeg"}],"twitter_card":"summary_large_image","twitter_site":"@DeinAdieu","twitter_misc":{"Est. reading time":"5 minutes"},"schema":{"@context":"https:\/\/schema.org","@graph":[{"@type":"WebPage","@id":"https:\/\/www.deinadieu.ch\/fr\/conseiller\/charge-condition-et-delai-dans-un-testament\/","url":"https:\/\/www.deinadieu.ch\/fr\/conseiller\/charge-condition-et-delai-dans-un-testament\/","name":"Testament avec charge, condition et d\u00e9lai | DeinAdieu","isPartOf":{"@id":"https:\/\/www.deinadieu.ch\/fr\/#website"},"primaryImageOfPage":{"@id":"https:\/\/www.deinadieu.ch\/fr\/conseiller\/charge-condition-et-delai-dans-un-testament\/#primaryimage"},"image":{"@id":"https:\/\/www.deinadieu.ch\/fr\/conseiller\/charge-condition-et-delai-dans-un-testament\/#primaryimage"},"thumbnailUrl":"https:\/\/www.deinadieu.ch\/wp-content\/uploads\/2018\/06\/iStock-625049826_high.jpg","datePublished":"2018-06-10T18:25:43+00:00","dateModified":"2023-03-21T21:56:17+00:00","description":"Au moyen d'une condition, d'une charge ou d'un d\u00e9lai, les testateurs peuvent individualiser les droits successoraux dans un testament ou un legs.","breadcrumb":{"@id":"https:\/\/www.deinadieu.ch\/fr\/conseiller\/charge-condition-et-delai-dans-un-testament\/#breadcrumb"},"inLanguage":"fr-FR","potentialAction":[{"@type":"ReadAction","target":["https:\/\/www.deinadieu.ch\/fr\/conseiller\/charge-condition-et-delai-dans-un-testament\/"]}]},{"@type":"ImageObject","inLanguage":"fr-FR","@id":"https:\/\/www.deinadieu.ch\/fr\/conseiller\/charge-condition-et-delai-dans-un-testament\/#primaryimage","url":"https:\/\/www.deinadieu.ch\/wp-content\/uploads\/2018\/06\/iStock-625049826_high.jpg","contentUrl":"https:\/\/www.deinadieu.ch\/wp-content\/uploads\/2018\/06\/iStock-625049826_high.jpg","width":1330,"height":855,"caption":"Le testateur peut imposer des charges, des conditions et des d\u00e9lais (image pr\u00e9texte : iStock)"},{"@type":"BreadcrumbList","@id":"https:\/\/www.deinadieu.ch\/fr\/conseiller\/charge-condition-et-delai-dans-un-testament\/#breadcrumb","itemListElement":[{"@type":"ListItem","position":1,"name":"Home","item":"https:\/\/www.deinadieu.ch\/fr\/deinadieu-dialog-und-serviceportal-zum-lebensende\/"},{"@type":"ListItem","position":2,"name":"Ratgeber","item":"https:\/\/www.deinadieu.ch\/fr\/conseiller\/"},{"@type":"ListItem","position":3,"name":"Charge, condition et d\u00e9lai dans un testament"}]},{"@type":"WebSite","@id":"https:\/\/www.deinadieu.ch\/fr\/#website","url":"https:\/\/www.deinadieu.ch\/fr\/","name":"DeinAdieu.ch","description":"Testament, Patientenverf\u00fcgung und Vorsorgeauftrag","publisher":{"@id":"https:\/\/www.deinadieu.ch\/fr\/#organization"},"potentialAction":[{"@type":"SearchAction","target":{"@type":"EntryPoint","urlTemplate":"https:\/\/www.deinadieu.ch\/fr\/?s={search_term_string}"},"query-input":{"@type":"PropertyValueSpecification","valueRequired":true,"valueName":"search_term_string"}}],"inLanguage":"fr-FR"},{"@type":"Organization","@id":"https:\/\/www.deinadieu.ch\/fr\/#organization","name":"EMNA Web GmbH","url":"https:\/\/www.deinadieu.ch\/fr\/","logo":{"@type":"ImageObject","inLanguage":"fr-FR","@id":"https:\/\/www.deinadieu.ch\/fr\/#\/schema\/logo\/image\/","url":"https:\/\/www.deinadieu.ch\/wp-content\/uploads\/2016\/01\/DeinAdieu_Logo.png","contentUrl":"https:\/\/www.deinadieu.ch\/wp-content\/uploads\/2016\/01\/DeinAdieu_Logo.png","width":300,"height":117,"caption":"EMNA Web GmbH"},"image":{"@id":"https:\/\/www.deinadieu.ch\/fr\/#\/schema\/logo\/image\/"},"sameAs":["https:\/\/www.facebook.com\/deinadieu","https:\/\/x.com\/DeinAdieu","https:\/\/www.instagram.com\/deinadieu\/","https:\/\/www.linkedin.com\/company\/deinadieu.ch"]}]}},"_links":{"self":[{"href":"https:\/\/www.deinadieu.ch\/fr\/wp-json\/wp\/v2\/ratgeber\/53017","targetHints":{"allow":["GET"]}}],"collection":[{"href":"https:\/\/www.deinadieu.ch\/fr\/wp-json\/wp\/v2\/ratgeber"}],"about":[{"href":"https:\/\/www.deinadieu.ch\/fr\/wp-json\/wp\/v2\/types\/ratgeber"}],"author":[{"embeddable":true,"href":"https:\/\/www.deinadieu.ch\/fr\/wp-json\/wp\/v2\/users\/2398"}],"replies":[{"embeddable":true,"href":"https:\/\/www.deinadieu.ch\/fr\/wp-json\/wp\/v2\/comments?post=53017"}],"version-history":[{"count":10,"href":"https:\/\/www.deinadieu.ch\/fr\/wp-json\/wp\/v2\/ratgeber\/53017\/revisions"}],"predecessor-version":[{"id":62760,"href":"https:\/\/www.deinadieu.ch\/fr\/wp-json\/wp\/v2\/ratgeber\/53017\/revisions\/62760"}],"wp:featuredmedia":[{"embeddable":true,"href":"https:\/\/www.deinadieu.ch\/fr\/wp-json\/wp\/v2\/media\/38174"}],"wp:attachment":[{"href":"https:\/\/www.deinadieu.ch\/fr\/wp-json\/wp\/v2\/media?parent=53017"}],"wp:term":[{"taxonomy":"post_tag","embeddable":true,"href":"https:\/\/www.deinadieu.ch\/fr\/wp-json\/wp\/v2\/tags?post=53017"},{"taxonomy":"ratgeber-category","embeddable":true,"href":"https:\/\/www.deinadieu.ch\/fr\/wp-json\/wp\/v2\/ratgeber-category?post=53017"}],"curies":[{"name":"wp","href":"https:\/\/api.w.org\/{rel}","templated":true}]}}