{"id":52809,"date":"2019-02-27T09:00:53","date_gmt":"2019-02-27T08:00:53","guid":{"rendered":"https:\/\/www.deinadieu.ch\/ratgeber\/linventaire-public-le-bilan-du-defunt\/"},"modified":"2024-03-25T15:27:16","modified_gmt":"2024-03-25T14:27:16","slug":"linventaire-public-le-bilan-du-defunt","status":"publish","type":"ratgeber","link":"https:\/\/www.deinadieu.ch\/fr\/conseiller\/linventaire-public-le-bilan-du-defunt\/","title":{"rendered":"L&#8217;inventaire public \u2013 Le bilan du d\u00e9funt"},"content":{"rendered":"\n<p>Le d\u00e9c\u00e8s d&#8217;une personne entra\u00eene le partage de la succession. Puisque la situation financi\u00e8re du d\u00e9funt est souvent peu claire, un inventaire public est utile. Il facilite les d\u00e9cisions relatives \u00e0 la masse successorale et permet de clarifier sa composition. <\/p>\n\n<!--more-->\n\n<h2 class=\"wp-block-heading\">Quand intervient quel inventaire ?<\/h2>\n\n<p>La d\u00e9termination de la succession commence g\u00e9n\u00e9ralement par un <a href=\"https:\/\/www.deinadieu.ch\/fr\/conseiller\/linventaire-fiscal-de-la-succession\/\" target=\"_blank\" rel=\"noreferrer noopener\">inventaire obligatoire<\/a>, lequel est n\u00e9cessaire pour calculer les imp\u00f4ts sur les successions et r\u00e9gler le partage de la succession. Dans le mois qui suit le d\u00e9c\u00e8s, chaque h\u00e9ritier a le droit de demander un inventaire public. Un tel inventaire permet \u00e0 chaque h\u00e9ritier de clarifier ses droits successoraux patrimoniaux. Cependant, il n&#8217;existe pas de droits directs sur des biens d\u00e9termin\u00e9s, \u00e0 moins que cela ne soit pr\u00e9vu dans un testament.<\/p>\n\n<p><strong>L&#8217;\u00e9tablissement d&#8217;un inventaire public est particuli\u00e8rement recommand\u00e9 en cas d&#8217;incertitude sur le rendement de la succession.<\/strong> L&#8217;inventaire doit \u00eatre demand\u00e9 \u00e0 l&#8217;autorit\u00e9 aupr\u00e8s de laquelle la r\u00e9pudiation devrait \u00eatre annonc\u00e9e. Il s&#8217;agit g\u00e9n\u00e9ralement du tribunal d&#8217;arrondissement du dernier domicile du d\u00e9funt. Des diff\u00e9rences peuvent toutefois exister entre les cantons (\u00e0 titre de comparaison : <a href=\"https:\/\/www.bern.ch\/themen\/personliches\/todesfall\/erben\" target=\"_blank\" rel=\"noreferrer noopener\">Berne<\/a>, <a href=\"https:\/\/www.notariate.zh.ch\/deu\/notariat\/erbrecht\/kann-ich-die-erbschaft-annehmen\/oeffentliches-inventar\/\" target=\"_blank\" rel=\"noreferrer noopener\">Zurich<\/a>). Dans notre centre de t\u00e9l\u00e9chargement, vous trouvez un mod\u00e8le de <a href=\"https:\/\/www.deinadieu.ch\/fr\/contrats-modeles-de-lettres\/\" target=\"_blank\" rel=\"noreferrer noopener\">demande d&#8217;\u00e9tablissement d&#8217;un inventaire public<\/a>.<\/p>\n\n<p><strong>Une fois l&#8217;inventaire public dress\u00e9, les h\u00e9ritiers disposent d&#8217;un mois pour clarifier ce qu&#8217;il adviendra d\u00e9sormais de la succession.<\/strong> L&#8217;inventaire public pr\u00e9sente l&#8217;avantage qu&#8217;en cas d&#8217;acceptation de la succession, la responsabilit\u00e9 des h\u00e9ritiers est limit\u00e9e aux dettes \u00e9num\u00e9r\u00e9es. Il s&#8217;ensuit que les h\u00e9ritiers doivent alors reprendre \u00e0 la fois l&#8217;actif et le passif du d\u00e9funt.<\/p>\n\n<h2 class=\"wp-block-heading\">La sommation publique<\/h2>\n\n<p>Tel qu&#8217;expliqu\u00e9, l&#8217;inventaire public comprend \u00e0 la fois l&#8217;actif et le passif du d\u00e9funt, ce qui signifie que l&#8217;autorit\u00e9 comp\u00e9tente <strong>invite tous les d\u00e9biteurs et cr\u00e9anciers \u00e0 d\u00e9clarer leurs dettes et \u00e0 produire leurs cr\u00e9ances<\/strong>. L&#8217;inventaire public est dress\u00e9 sur cette base. <\/p>\n\n<p>\u00c0 cette fin, l&#8217;office publie les donn\u00e9es personnelles du d\u00e9funt et <strong>fixe un d\u00e9lai<\/strong> pour les d\u00e9clarations des cr\u00e9anciers et des d\u00e9biteurs. En outre, elle rend les cr\u00e9anciers attentifs aux cons\u00e9quences du d\u00e9faut de production. A l&#8217;\u00e9ch\u00e9ance du d\u00e9lai, l&#8217;inventaire public est cl\u00f4tur\u00e9. <\/p>\n\n<h2 class=\"wp-block-heading\">Attention au pi\u00e8ge des co\u00fbts !<\/h2>\n\n<p>Normalement, les frais d&#8217;\u00e9tablissement de l&#8217;inventaire public sont directement imput\u00e9s sur la succession. Toutefois, s&#8217;il est peu probable que les liquidit\u00e9s de la succession suffisent \u00e0 couvrir les frais, l&#8217;office comp\u00e9tent exige du demandeur qu&#8217;il verse une avance de frais. Celle-ci peut s&#8217;\u00e9lever \u00e0 plusieurs milliers de francs et \u00e0 cela s&#8217;ajoutent les frais d&#8217;ordonnance des tribunaux. S&#8217;il y a suffisamment de fonds dans la succession, l&#8217;h\u00e9ritier qui a requis l&#8217;\u00e9tablissement de l&#8217;inventaire public est indemnis\u00e9 \u00e0 partir de ceux-ci. Dans le cas contraire, il supporte les co\u00fbts par l&#8217;avance de frais qu&#8217;il a vers\u00e9e. <strong>Par cons\u00e9quent, r\u00e9fl\u00e9chissez bien si cela vaut la peine de requ\u00e9rir l&#8217;\u00e9tablissement d&#8217;un inventaire public.<\/strong> Ce n&#8217;est pas n\u00e9cessairement le cas, surtout dans le cas de successions modestes.<\/p>\n\n<div class=\"wp-block-create-block-deinadieu-simple\">\n<div class=\"wp-block-group da-pull has-lightgrey-background-color has-background is-layout-flow wp-block-group-is-layout-flow\" style=\"border-top-color:var(--wp--preset--color--da-dark);border-top-width:4px;padding-right:3rem;padding-left:3rem\">\n<h2 class=\"wp-block-heading\">Ce \u00e0 quoi vous pouvez r\u00e9fl\u00e9chir :<\/h2>\n\n\n\n<ul class=\"wp-block-list\">\n<li>Le partage de la succession pourrait-il se r\u00e9v\u00e9ler in\u00e9quitable ?<\/li>\n\n\n\n<li>Y a-t-il des biens qui ont \u00e9t\u00e9 pr\u00eat\u00e9s ou donn\u00e9s \u00e0 l&#8217;origine par le d\u00e9funt ?<\/li>\n\n\n\n<li>La situation patrimoniale du d\u00e9funt est-elle claire au point que les h\u00e9ritiers peuvent en avoir une vision globale ?<\/li>\n\n\n\n<li>Les dettes (le passif) du d\u00e9funt pourraient-elles d\u00e9passer largement les biens (l&#8217;actif) ?<\/li>\n\n\n\n<li>Faudrait-il \u00e9ventuellement r\u00e9pudier la succession ?<\/li>\n\n\n\n<li>La succession est-elle susceptible de couvrir l&#8217;avance de frais ?<\/li>\n\n\n\n<li>Si la succession de couvre pas l&#8217;avance de frais, est-ce que l&#8217;investissement financier en vaut la peine ?<\/li>\n<\/ul>\n<\/div>\n<\/div>\n\n<div style=\"height:50px\" aria-hidden=\"true\" class=\"wp-block-spacer\"><\/div>\n\n<div class=\"wp-block-buttons is-layout-flex wp-block-buttons-is-layout-flex\">\n<div class=\"wp-block-button\"><a class=\"wp-block-button__link wp-element-button\" href=\"https:\/\/app.deinadieu.ch\/testamentgenerator\">Etablir un testament gratuitement<\/a><\/div>\n<\/div>\n\n<h2 class=\"wp-block-heading\" id=\"h-was-sie-ebenfalls-interessieren-konnte\">Ce qui pourrait \u00e9galement vous int\u00e9resser :<\/h2>\n\n<ul class=\"list-disc ml-4 wp-block-list\">\n<li><a href=\"https:\/\/www.deinadieu.ch\/ratgeber\/der-nachlass-zusammensetzung-der-erbmasse\/\" target=\"_blank\" rel=\"noreferrer noopener\">Composition de la masse successorale<\/a><\/li>\n\n\n\n<li><a href=\"https:\/\/www.deinadieu.ch\/ratgeber\/erbe-ausschlagen\/\" target=\"_blank\" rel=\"noreferrer noopener\">\u00ab Au secours, j&#8217;h\u00e9rite de dettes ! \u00bb \u2013 R\u00e9pudier la succession<\/a><\/li>\n\n\n\n<li><a href=\"https:\/\/www.deinadieu.ch\/fr\/conseiller\/linventaire-fiscal-de-la-succession\/\" target=\"_blank\" rel=\"noreferrer noopener\">L&#8217;inventaire fiscal de la succession<\/a><\/li>\n\n\n\n<li><a href=\"https:\/\/www.deinadieu.ch\/ratgeber\/erbverzicht-und-ausschlagung\/\" target=\"_blank\" rel=\"noreferrer noopener\">Renonciation \u00e0 succession et r\u00e9pudiation<\/a><\/li>\n\n\n\n<li><a href=\"https:\/\/www.deinadieu.ch\/fr\/conseiller\/en-cas-de-dettes-repudier-la-succession-ou-laccepter\/\" target=\"_blank\" rel=\"noreferrer noopener\">R\u00e9pudier ou accepter la succession ?<\/a><\/li>\n\n\n\n<li><a href=\"https:\/\/www.deinadieu.ch\/fr\/conseiller\/la-liquidation-officielle-de-la-succession\/\" target=\"_blank\" rel=\"noreferrer noopener\">La liquidation officielle de la succession<\/a><\/li>\n\n\n\n<li><a href=\"https:\/\/www.deinadieu.ch\/fr\/conseiller\/linventaire-fiscal-de-la-succession\/\" target=\"_blank\" rel=\"noreferrer noopener\">L&#8217;inventaire fiscal de la succession<\/a><\/li>\n<\/ul>\n\n<div style=\"height:70px\" aria-hidden=\"true\" class=\"wp-block-spacer\"><\/div>\n\n<hr class=\"wp-block-separator has-css-opacity is-style-wide\"\/>\n","protected":false},"excerpt":{"rendered":"<p>Le d\u00e9c\u00e8s d&#8217;une personne entra\u00eene le partage de la succession. Puisque la situation financi\u00e8re du d\u00e9funt est souvent peu claire, un inventaire public est utile. Il facilite les d\u00e9cisions relatives \u00e0 la masse successorale et permet de clarifier sa composition.<\/p>\n","protected":false},"author":2400,"featured_media":40751,"menu_order":0,"comment_status":"open","ping_status":"closed","template":"","tags":[2058,2105,2839,2107],"ratgeber-category":[2996],"class_list":["post-52809","ratgeber","type-ratgeber","status-publish","has-post-thumbnail","hentry","tag-dette","tag-heritage","tag-inventaire-public","tag-partage-successoral","ratgeber-category-accepter-la-succession"],"acf":[],"yoast_head":"<title>L&#039;inventaire public : le bilan de la succession | DeinAdieu<\/title>\n<meta name=\"description\" content=\"Suite \u00e0 un d\u00e9c\u00e8s, l&#039;inventaire public donne un aper\u00e7u de la situation financi\u00e8re du d\u00e9funt. Il faut y pr\u00eater attention en cas de succession.\" \/>\n<meta name=\"robots\" content=\"index, follow, max-snippet:-1, max-image-preview:large, max-video-preview:-1\" \/>\n<link rel=\"canonical\" href=\"https:\/\/www.deinadieu.ch\/fr\/conseiller\/linventaire-public-le-bilan-du-defunt\/\" \/>\n<meta property=\"og:locale\" content=\"fr_FR\" \/>\n<meta property=\"og:type\" content=\"article\" \/>\n<meta property=\"og:title\" content=\"L&#039;inventaire public \u2013 Le bilan du d\u00e9funt\" \/>\n<meta property=\"og:description\" content=\"Le d\u00e9c\u00e8s d&#039;une personne entra\u00eene le partage de la succession. Puisque la situation financi\u00e8re du d\u00e9funt est souvent peu claire, un inventaire public est\" \/>\n<meta property=\"og:url\" content=\"https:\/\/www.deinadieu.ch\/fr\/conseiller\/linventaire-public-le-bilan-du-defunt\/\" \/>\n<meta property=\"og:site_name\" content=\"DeinAdieu.ch\" \/>\n<meta property=\"article:publisher\" content=\"https:\/\/www.facebook.com\/deinadieu\" \/>\n<meta property=\"article:modified_time\" content=\"2024-03-25T14:27:16+00:00\" \/>\n<meta property=\"og:image\" content=\"https:\/\/static.deinadieu.ch\/uploads\/2017\/06\/Rat_Das_oeffentliche_Inventar_190227.jpg\" \/>\n\t<meta property=\"og:image:width\" content=\"1330\" \/>\n\t<meta property=\"og:image:height\" content=\"887\" \/>\n\t<meta property=\"og:image:type\" content=\"image\/jpeg\" \/>\n<meta name=\"twitter:card\" content=\"summary_large_image\" \/>\n<meta name=\"twitter:site\" content=\"@DeinAdieu\" \/>\n<meta name=\"twitter:label1\" content=\"Est. reading time\" \/>\n\t<meta name=\"twitter:data1\" content=\"3 minutes\" \/>\n<script type=\"application\/ld+json\" class=\"yoast-schema-graph\">{\"@context\":\"https:\\\/\\\/schema.org\",\"@graph\":[{\"@type\":\"WebPage\",\"@id\":\"https:\\\/\\\/www.deinadieu.ch\\\/fr\\\/conseiller\\\/linventaire-public-le-bilan-du-defunt\\\/\",\"url\":\"https:\\\/\\\/www.deinadieu.ch\\\/fr\\\/conseiller\\\/linventaire-public-le-bilan-du-defunt\\\/\",\"name\":\"L'inventaire public : le bilan de la succession | DeinAdieu\",\"isPartOf\":{\"@id\":\"https:\\\/\\\/www.deinadieu.ch\\\/fr\\\/#website\"},\"primaryImageOfPage\":{\"@id\":\"https:\\\/\\\/www.deinadieu.ch\\\/fr\\\/conseiller\\\/linventaire-public-le-bilan-du-defunt\\\/#primaryimage\"},\"image\":{\"@id\":\"https:\\\/\\\/www.deinadieu.ch\\\/fr\\\/conseiller\\\/linventaire-public-le-bilan-du-defunt\\\/#primaryimage\"},\"thumbnailUrl\":\"https:\\\/\\\/www.deinadieu.ch\\\/wp-content\\\/uploads\\\/2017\\\/06\\\/Rat_Das_oeffentliche_Inventar_190227.jpg\",\"datePublished\":\"2019-02-27T08:00:53+00:00\",\"dateModified\":\"2024-03-25T14:27:16+00:00\",\"description\":\"Suite \u00e0 un d\u00e9c\u00e8s, l'inventaire public donne un aper\u00e7u de la situation financi\u00e8re du d\u00e9funt. Il faut y pr\u00eater attention en cas de succession.\",\"breadcrumb\":{\"@id\":\"https:\\\/\\\/www.deinadieu.ch\\\/fr\\\/conseiller\\\/linventaire-public-le-bilan-du-defunt\\\/#breadcrumb\"},\"inLanguage\":\"fr-FR\",\"potentialAction\":[{\"@type\":\"ReadAction\",\"target\":[\"https:\\\/\\\/www.deinadieu.ch\\\/fr\\\/conseiller\\\/linventaire-public-le-bilan-du-defunt\\\/\"]}]},{\"@type\":\"ImageObject\",\"inLanguage\":\"fr-FR\",\"@id\":\"https:\\\/\\\/www.deinadieu.ch\\\/fr\\\/conseiller\\\/linventaire-public-le-bilan-du-defunt\\\/#primaryimage\",\"url\":\"https:\\\/\\\/www.deinadieu.ch\\\/wp-content\\\/uploads\\\/2017\\\/06\\\/Rat_Das_oeffentliche_Inventar_190227.jpg\",\"contentUrl\":\"https:\\\/\\\/www.deinadieu.ch\\\/wp-content\\\/uploads\\\/2017\\\/06\\\/Rat_Das_oeffentliche_Inventar_190227.jpg\",\"width\":1330,\"height\":887,\"caption\":\"L'inventaire public \u2013 Le bilan du d\u00e9funt\"},{\"@type\":\"BreadcrumbList\",\"@id\":\"https:\\\/\\\/www.deinadieu.ch\\\/fr\\\/conseiller\\\/linventaire-public-le-bilan-du-defunt\\\/#breadcrumb\",\"itemListElement\":[{\"@type\":\"ListItem\",\"position\":1,\"name\":\"Home\",\"item\":\"https:\\\/\\\/www.deinadieu.ch\\\/fr\\\/deinadieu-dialog-und-serviceportal-zum-lebensende\\\/\"},{\"@type\":\"ListItem\",\"position\":2,\"name\":\"Ratgeber\",\"item\":\"https:\\\/\\\/www.deinadieu.ch\\\/fr\\\/conseiller\\\/\"},{\"@type\":\"ListItem\",\"position\":3,\"name\":\"L&#8217;inventaire public \u2013 Le bilan du d\u00e9funt\"}]},{\"@type\":\"WebSite\",\"@id\":\"https:\\\/\\\/www.deinadieu.ch\\\/fr\\\/#website\",\"url\":\"https:\\\/\\\/www.deinadieu.ch\\\/fr\\\/\",\"name\":\"DeinAdieu.ch\",\"description\":\"Testament, Patientenverf\u00fcgung und Vorsorgeauftrag\",\"publisher\":{\"@id\":\"https:\\\/\\\/www.deinadieu.ch\\\/fr\\\/#organization\"},\"potentialAction\":[{\"@type\":\"SearchAction\",\"target\":{\"@type\":\"EntryPoint\",\"urlTemplate\":\"https:\\\/\\\/www.deinadieu.ch\\\/fr\\\/?s={search_term_string}\"},\"query-input\":{\"@type\":\"PropertyValueSpecification\",\"valueRequired\":true,\"valueName\":\"search_term_string\"}}],\"inLanguage\":\"fr-FR\"},{\"@type\":\"Organization\",\"@id\":\"https:\\\/\\\/www.deinadieu.ch\\\/fr\\\/#organization\",\"name\":\"EMNA Web GmbH\",\"url\":\"https:\\\/\\\/www.deinadieu.ch\\\/fr\\\/\",\"logo\":{\"@type\":\"ImageObject\",\"inLanguage\":\"fr-FR\",\"@id\":\"https:\\\/\\\/www.deinadieu.ch\\\/fr\\\/#\\\/schema\\\/logo\\\/image\\\/\",\"url\":\"https:\\\/\\\/www.deinadieu.ch\\\/wp-content\\\/uploads\\\/2016\\\/01\\\/DeinAdieu_Logo.png\",\"contentUrl\":\"https:\\\/\\\/www.deinadieu.ch\\\/wp-content\\\/uploads\\\/2016\\\/01\\\/DeinAdieu_Logo.png\",\"width\":300,\"height\":117,\"caption\":\"EMNA Web GmbH\"},\"image\":{\"@id\":\"https:\\\/\\\/www.deinadieu.ch\\\/fr\\\/#\\\/schema\\\/logo\\\/image\\\/\"},\"sameAs\":[\"https:\\\/\\\/www.facebook.com\\\/deinadieu\",\"https:\\\/\\\/x.com\\\/DeinAdieu\",\"https:\\\/\\\/www.instagram.com\\\/deinadieu\\\/\",\"https:\\\/\\\/www.linkedin.com\\\/company\\\/deinadieu.ch\"]}]}<\/script>","yoast_head_json":{"title":"L'inventaire public : le bilan de la succession | DeinAdieu","description":"Suite \u00e0 un d\u00e9c\u00e8s, l'inventaire public donne un aper\u00e7u de la situation financi\u00e8re du d\u00e9funt. Il faut y pr\u00eater attention en cas de succession.","robots":{"index":"index","follow":"follow","max-snippet":"max-snippet:-1","max-image-preview":"max-image-preview:large","max-video-preview":"max-video-preview:-1"},"canonical":"https:\/\/www.deinadieu.ch\/fr\/conseiller\/linventaire-public-le-bilan-du-defunt\/","og_locale":"fr_FR","og_type":"article","og_title":"L'inventaire public \u2013 Le bilan du d\u00e9funt","og_description":"Le d\u00e9c\u00e8s d'une personne entra\u00eene le partage de la succession. Puisque la situation financi\u00e8re du d\u00e9funt est souvent peu claire, un inventaire public est","og_url":"https:\/\/www.deinadieu.ch\/fr\/conseiller\/linventaire-public-le-bilan-du-defunt\/","og_site_name":"DeinAdieu.ch","article_publisher":"https:\/\/www.facebook.com\/deinadieu","article_modified_time":"2024-03-25T14:27:16+00:00","og_image":[{"width":1330,"height":887,"url":"https:\/\/static.deinadieu.ch\/uploads\/2017\/06\/Rat_Das_oeffentliche_Inventar_190227.jpg","type":"image\/jpeg"}],"twitter_card":"summary_large_image","twitter_site":"@DeinAdieu","twitter_misc":{"Est. reading time":"3 minutes"},"schema":{"@context":"https:\/\/schema.org","@graph":[{"@type":"WebPage","@id":"https:\/\/www.deinadieu.ch\/fr\/conseiller\/linventaire-public-le-bilan-du-defunt\/","url":"https:\/\/www.deinadieu.ch\/fr\/conseiller\/linventaire-public-le-bilan-du-defunt\/","name":"L'inventaire public : le bilan de la succession | DeinAdieu","isPartOf":{"@id":"https:\/\/www.deinadieu.ch\/fr\/#website"},"primaryImageOfPage":{"@id":"https:\/\/www.deinadieu.ch\/fr\/conseiller\/linventaire-public-le-bilan-du-defunt\/#primaryimage"},"image":{"@id":"https:\/\/www.deinadieu.ch\/fr\/conseiller\/linventaire-public-le-bilan-du-defunt\/#primaryimage"},"thumbnailUrl":"https:\/\/www.deinadieu.ch\/wp-content\/uploads\/2017\/06\/Rat_Das_oeffentliche_Inventar_190227.jpg","datePublished":"2019-02-27T08:00:53+00:00","dateModified":"2024-03-25T14:27:16+00:00","description":"Suite \u00e0 un d\u00e9c\u00e8s, l'inventaire public donne un aper\u00e7u de la situation financi\u00e8re du d\u00e9funt. Il faut y pr\u00eater attention en cas de succession.","breadcrumb":{"@id":"https:\/\/www.deinadieu.ch\/fr\/conseiller\/linventaire-public-le-bilan-du-defunt\/#breadcrumb"},"inLanguage":"fr-FR","potentialAction":[{"@type":"ReadAction","target":["https:\/\/www.deinadieu.ch\/fr\/conseiller\/linventaire-public-le-bilan-du-defunt\/"]}]},{"@type":"ImageObject","inLanguage":"fr-FR","@id":"https:\/\/www.deinadieu.ch\/fr\/conseiller\/linventaire-public-le-bilan-du-defunt\/#primaryimage","url":"https:\/\/www.deinadieu.ch\/wp-content\/uploads\/2017\/06\/Rat_Das_oeffentliche_Inventar_190227.jpg","contentUrl":"https:\/\/www.deinadieu.ch\/wp-content\/uploads\/2017\/06\/Rat_Das_oeffentliche_Inventar_190227.jpg","width":1330,"height":887,"caption":"L'inventaire public \u2013 Le bilan du d\u00e9funt"},{"@type":"BreadcrumbList","@id":"https:\/\/www.deinadieu.ch\/fr\/conseiller\/linventaire-public-le-bilan-du-defunt\/#breadcrumb","itemListElement":[{"@type":"ListItem","position":1,"name":"Home","item":"https:\/\/www.deinadieu.ch\/fr\/deinadieu-dialog-und-serviceportal-zum-lebensende\/"},{"@type":"ListItem","position":2,"name":"Ratgeber","item":"https:\/\/www.deinadieu.ch\/fr\/conseiller\/"},{"@type":"ListItem","position":3,"name":"L&#8217;inventaire public \u2013 Le bilan du d\u00e9funt"}]},{"@type":"WebSite","@id":"https:\/\/www.deinadieu.ch\/fr\/#website","url":"https:\/\/www.deinadieu.ch\/fr\/","name":"DeinAdieu.ch","description":"Testament, Patientenverf\u00fcgung und Vorsorgeauftrag","publisher":{"@id":"https:\/\/www.deinadieu.ch\/fr\/#organization"},"potentialAction":[{"@type":"SearchAction","target":{"@type":"EntryPoint","urlTemplate":"https:\/\/www.deinadieu.ch\/fr\/?s={search_term_string}"},"query-input":{"@type":"PropertyValueSpecification","valueRequired":true,"valueName":"search_term_string"}}],"inLanguage":"fr-FR"},{"@type":"Organization","@id":"https:\/\/www.deinadieu.ch\/fr\/#organization","name":"EMNA Web GmbH","url":"https:\/\/www.deinadieu.ch\/fr\/","logo":{"@type":"ImageObject","inLanguage":"fr-FR","@id":"https:\/\/www.deinadieu.ch\/fr\/#\/schema\/logo\/image\/","url":"https:\/\/www.deinadieu.ch\/wp-content\/uploads\/2016\/01\/DeinAdieu_Logo.png","contentUrl":"https:\/\/www.deinadieu.ch\/wp-content\/uploads\/2016\/01\/DeinAdieu_Logo.png","width":300,"height":117,"caption":"EMNA Web GmbH"},"image":{"@id":"https:\/\/www.deinadieu.ch\/fr\/#\/schema\/logo\/image\/"},"sameAs":["https:\/\/www.facebook.com\/deinadieu","https:\/\/x.com\/DeinAdieu","https:\/\/www.instagram.com\/deinadieu\/","https:\/\/www.linkedin.com\/company\/deinadieu.ch"]}]}},"_links":{"self":[{"href":"https:\/\/www.deinadieu.ch\/fr\/wp-json\/wp\/v2\/ratgeber\/52809","targetHints":{"allow":["GET"]}}],"collection":[{"href":"https:\/\/www.deinadieu.ch\/fr\/wp-json\/wp\/v2\/ratgeber"}],"about":[{"href":"https:\/\/www.deinadieu.ch\/fr\/wp-json\/wp\/v2\/types\/ratgeber"}],"author":[{"embeddable":true,"href":"https:\/\/www.deinadieu.ch\/fr\/wp-json\/wp\/v2\/users\/2400"}],"replies":[{"embeddable":true,"href":"https:\/\/www.deinadieu.ch\/fr\/wp-json\/wp\/v2\/comments?post=52809"}],"version-history":[{"count":6,"href":"https:\/\/www.deinadieu.ch\/fr\/wp-json\/wp\/v2\/ratgeber\/52809\/revisions"}],"predecessor-version":[{"id":67267,"href":"https:\/\/www.deinadieu.ch\/fr\/wp-json\/wp\/v2\/ratgeber\/52809\/revisions\/67267"}],"wp:featuredmedia":[{"embeddable":true,"href":"https:\/\/www.deinadieu.ch\/fr\/wp-json\/wp\/v2\/media\/40751"}],"wp:attachment":[{"href":"https:\/\/www.deinadieu.ch\/fr\/wp-json\/wp\/v2\/media?parent=52809"}],"wp:term":[{"taxonomy":"post_tag","embeddable":true,"href":"https:\/\/www.deinadieu.ch\/fr\/wp-json\/wp\/v2\/tags?post=52809"},{"taxonomy":"ratgeber-category","embeddable":true,"href":"https:\/\/www.deinadieu.ch\/fr\/wp-json\/wp\/v2\/ratgeber-category?post=52809"}],"curies":[{"name":"wp","href":"https:\/\/api.w.org\/{rel}","templated":true}]}}