{"id":52443,"date":"2019-04-17T15:21:12","date_gmt":"2019-04-17T13:21:12","guid":{"rendered":"https:\/\/www.deinadieu.ch\/ratgeber\/louverture-du-testament-et-le-certificat-dheritier\/"},"modified":"2023-05-08T12:18:27","modified_gmt":"2023-05-08T10:18:27","slug":"louverture-du-testament-et-le-certificat-dheritier","status":"publish","type":"ratgeber","link":"https:\/\/www.deinadieu.ch\/fr\/conseiller\/louverture-du-testament-et-le-certificat-dheritier\/","title":{"rendered":"L&#8217;ouverture du testament et le certificat d&#8217;h\u00e9ritier"},"content":{"rendered":"\n<p>Suite \u00e0 un d\u00e9c\u00e8s, les autorit\u00e9s cantonales proc\u00e8dent \u00e0 l&#8217;ouverture du testament. L&#8217;autorit\u00e9 cantonale s\u00e9curise ensuite la succession et d\u00e9livre les certificats d&#8217;h\u00e9ritier, lesquels conf\u00e8rent provisoirement aux h\u00e9ritiers un droit \u00e0 la succession.<\/p>\n\n<!--more-->\n\n<div class=\"wp-block-create-block-deinadieu-simple\"><div class=\"inner\"><p class=\"title\">L&#8217;essentiel en bref<\/p><div class=\"content\"><ul><li>Pour d\u00e9finir qui seront les h\u00e9ritiers de votre succession, vous pouvez t\u00e9l\u00e9charger des mod\u00e8les et des clauses testamentaires dans notre <a href=\"https:\/\/www.deinadieu.ch\/fr\/contrats-modeles-de-lettres\/\" target=\"_blank\" rel=\"noreferrer noopener\">centre de t\u00e9l\u00e9chargement<\/a>. <\/li><li>Vous pouvez \u00e9galement cr\u00e9er votre <a href=\"https:\/\/app.deinadieu.ch\/testamentgenerator\">testament personnel<\/a> directement dans notre g\u00e9n\u00e9rateur de testaments.<\/li><li>Vous devriez \u00e9galement r\u00e9fl\u00e9chir \u00e0 la forme dans laquelle vous souhaitez r\u00e9diger votre testament et trouver, le cas \u00e9ch\u00e9ant, un endroit s\u00fbr pour le conserver. <\/li><li>Si vous \u00eates un h\u00e9ritier, veillez \u00e0 obtenir le certificat d&#8217;h\u00e9ritier afin de pouvoir en faire usage si n\u00e9cessaire.<\/li><\/ul><\/div><\/div><\/div>\n\n<h2 class=\"wp-block-heading\"><b>D\u00e9roulement de l&#8217;ouverture du testament<\/b><\/h2>\n\n<p><span style=\"font-weight: 400;\">Lorsqu&#8217;un<\/span> testateur d\u00e9c\u00e8de <span style=\"font-weight: 400;\">et laisse un<\/span> <a href=\"https:\/\/www.deinadieu.ch\/fr\/conseiller\/le-testament-manuscrit\/\" target=\"_blank\" rel=\"noopener\">testament manuscrit<\/a>, <span style=\"font-weight: 400;\"><strong>il est obligatoire de soumettre le testament \u00e0 l&#8217;autorit\u00e9 cantonale comp\u00e9tente<\/strong> si on sait que le testament existe et o\u00f9 il se trouve<\/span>.<\/p>\n\n<p><span style=\"font-weight: 400;\">Cette obligation ne s&#8217;applique pas seulement aux h\u00e9ritiers ou aux l\u00e9gataires, mais \u00e9galement, dans certaines circonstances, aux tiers non impliqu\u00e9s qui ont connaissance du testament. Le fait de faire dispara\u00eetre le testament peut entra\u00eener une sanction. Outre les sanctions p\u00e9nales, ce comportement peut \u00e9galement avoir d&#8217;autres cons\u00e9quences (p. ex. l&#8217;<a href=\"https:\/\/www.deinadieu.ch\/fr\/conseiller\/lindignite-successorale\/\">indignit\u00e9 successorale<\/a>, l&#8217;obligation de verser des dommages-int\u00e9r\u00eats).<\/span><\/p>\n\n<p><strong><span style=\"font-weight: 400;\">Un <\/span><a href=\"https:\/\/www.deinadieu.ch\/fr\/conseiller\/le-testament-en-la-forme-authentique\/\">testament pass\u00e9 en la forme authentique<\/a> <span style=\"font-weight: 400;\">est d&#8217;embl\u00e9e<\/span> conserv\u00e9 par une personne habilit\u00e9e \u00e0 dresser des actes authentiques (p. ex. un notaire)<\/strong><span style=\"font-weight: 400;\">, de sorte que la pr\u00e9sentation et l&#8217;ouverture correcte du testament sont alors garantis avec davantage de certitude.<\/span><\/p>\n\n<p>Dans le mois qui suit la r\u00e9ception du <span style=\"font-weight: 400;\">testament<\/span>, l&#8217;autorit\u00e9 comp\u00e9tente informe <span style=\"font-weight: 400;\">en pr\u00e9sentiel les h\u00e9ritiers et, le cas \u00e9ch\u00e9ant, les l\u00e9gataires du contenu du testament et ainsi<\/span> des derni\u00e8res volont\u00e9s du d\u00e9funt<span style=\"font-weight: 400;\">. Ceux-ci re\u00e7oivent \u00e9galement une copie \u00e9crite du testament aux frais de la succession.<\/span><\/p>\n\n<h2 class=\"wp-block-heading\"><b>Qui sont les ayants droit \u00e0 la succession ?<\/b><\/h2>\n\n<p><span style=\"font-weight: 400;\">Jusqu&#8217;au partage de la succession<\/span>, plusieurs h\u00e9ritiers ne peuvent disposer de la masse successorale qu&#8217;en commun (<span style=\"font-weight: 400;\">c&#8217;est-\u00e0-dire en main commune<\/span>)<span style=\"font-weight: 400;\">. Ils forment ainsi une <a href=\"https:\/\/www.deinadieu.ch\/ratgeber\/erbenvertretung-fuer-erbengemeinschaften\/\" target=\"_blank\" rel=\"noopener\">communaut\u00e9 h\u00e9r\u00e9ditaire<\/a>. Si l&#8217;on soup\u00e7onne qu&#8217;il existe des ayants droit \u00e0 la succession inconnus, ceux-ci seront exhort\u00e9s \u00e0 s&#8217;annoncer \u00e0 l&#8217;autorit\u00e9 au moyen d&#8217;un <\/span><a href=\"https:\/\/www.jgk.be.ch\/jgk\/de\/index\/direktion\/organisation\/rsta\/formulare_bewilligungen\/erbschaft\/erbenruf.html\" target=\"_blank\" rel=\"noopener\">appel public aux h\u00e9ritiers<\/a><span style=\"font-weight: 400;\"> . Si le droit \u00e0 la succession d&#8217;un h\u00e9ritier est contest\u00e9 par des coh\u00e9ritiers (p. ex. sur la base d&#8217;un autre acte testamentaire), <\/span><span style=\"font-weight: 400;\">l&#8217;h\u00e9ritage n&#8217;est temporairement pas d\u00e9livr\u00e9 et, au besoin, il est pourvu \u00e0 l&#8217;<a href=\"https:\/\/www.deinadieu.ch\/ratgeber\/willensvollstrecker-und-erbschaftsverwalter\/\" target=\"_blank\" rel=\"noopener\">administration d&#8217;office de la succession<\/a>.<\/span><\/p>\n\n<p><span style=\"font-weight: 400;\">A d\u00e9faut, les h\u00e9ritiers peuvent demander la d\u00e9livrance d&#8217;un<\/span> <a href=\"https:\/\/www.deinadieu.ch\/ratgeber\/die-erbberechtigung-und-der-erbschein\/\" target=\"_blank\" rel=\"noopener\">certificat d&#8217;h\u00e9ritier<\/a> \u00e0 l&#8217;autorit\u00e9 qui a autoris\u00e9 l&#8217;ouverture du testament<span style=\"font-weight: 400;\">.<\/span><\/p>\n\n<h2 class=\"wp-block-heading\"><b>A quoi sert un certificat d&#8217;h\u00e9ritier et que dit-il ?<\/b><\/h2>\n\n<p><strong>Le certificat d&#8217;h\u00e9ritier est un document d&#8217;identification et une confirmation officielle que, conform\u00e9ment \u00e0 l&#8217;ouverture du testament, le titulaire a droit \u00e0 la succession en qualit\u00e9 qu&#8217;h\u00e9ritier<\/strong>. M\u00eame s&#8217;il n&#8217;y a pas de testaments, les <a href=\"https:\/\/www.deinadieu.ch\/die-erbfolge-nach-dem-gesetz\/\">h\u00e9ritiers l\u00e9gaux<\/a> (conjoints et descendants) re\u00e7oivent un certificat d&#8217;h\u00e9ritier qui \u00e9tablit leur droit de disposer de la <a href=\"https:\/\/www.ch.ch\/de\/erbschaft\/\">succession<\/a>.<\/p>\n\n<p><span style=\"font-weight: 400;\">Il est d\u00e9livr\u00e9 au plus t\u00f4t apr\u00e8s l&#8217;expiration du <a href=\"https:\/\/www.deinadieu.ch\/fr\/conseiller\/en-cas-de-dettes-repudier-la-succession-ou-laccepter\/\" target=\"_blank\" rel=\"noopener\">d\u00e9lai de r\u00e9pudiation<\/a> et \u00e0 la condition que les h\u00e9ritiers acceptent la succession. Dans l&#8217;intervalle, <\/span>les biens du d\u00e9funt sont bloqu\u00e9s<span style=\"font-weight: 400;\">car les h\u00e9ritiers ne peuvent pas en disposer sans certificat d&#8217;h\u00e9ritier, m\u00eame pas pour payer les frais fun\u00e9raires ou r\u00e9gler les factures impay\u00e9es du d\u00e9funt, par exemple. Une mani\u00e8re de garder de l&#8217;argent \u00e0 disposition sur des comptes bancaires en cas de d\u00e9c\u00e8s est d&#8217;ouvrir un compte au nom du d\u00e9funt et de son conjoint ou d&#8217;une personne de confiance.<\/span><\/p>\n\n<h2 class=\"wp-block-heading\"><strong>Nullit\u00e9 du testament<\/strong><\/h2>\n\n<p>M\u00eame un certificat d&#8217;h\u00e9ritier ne signifie toutefois pas que le droit \u00e0 la succession est d\u00e9finitif, car les h\u00e9ritiers ou d&#8217;autres personnes peuvent ouvrir une action en justice. En d&#8217;autres termes, les h\u00e9ritiers sont toujours libres d&#8217;agir en justice en faisant notamment valoir la <a href=\"https:\/\/www.deinadieu.ch\/ungueltigkeitsklage-eines-testaments\/\">nullit\u00e9<\/a> ou la <a href=\"https:\/\/www.deinadieu.ch\/fr\/conseiller\/retablir-la-reserve-hereditaire-au-moyen-de-laction-en-reduction\/\">r\u00e9duction<\/a> du testament. Dans de telles proc\u00e9dures, les certificats d&#8217;h\u00e9ritier d\u00e9livr\u00e9s peuvent am\u00e9liorer la position proc\u00e9durale de leurs titulaires, \u00e9tant donn\u00e9 qu&#8217;ils renversent le fardeau de la preuve et, le cas \u00e9ch\u00e9ant, les r\u00f4les dans le proc\u00e8s.<\/p>\n\n<p>Une fois que les droits \u00e0 la succession des h\u00e9ritiers ont \u00e9t\u00e9 d\u00e9finitivement clarifi\u00e9s, ceux-ci peuvent prendre possession et devenir (seuls) propri\u00e9taires de la fortune et des objets mat\u00e9riels.<\/p>\n\n        <div class=\"da-servicebox relative bg-gray-200 p-4 pt-8 border-solid border-t-8 border-da-dark mb-6\">\n            <i class=\"fas fa-info-circle mx-auto fa-7x text-da-dark\"><\/i>\n            <span style=\"hyphens: auto\">\n                <br \/>\nEn cas de d\u00e9c\u00e8s, un testament doit \u00eatre soumis \u00e0 l&#8217;autorit\u00e9 cantonale pour ouverture. Celle-ci informe g\u00e9n\u00e9ralement les h\u00e9ritiers du contenu du testament par oral et par \u00e9crit. Jusqu&#8217;au partage de la succession, la masse successorale est bloqu\u00e9e et les h\u00e9ritiers ne peuvent en disposer qu&#8217;en commun.<\/p>\n<p>Ils peuvent demander la d\u00e9livrance d&#8217;un certificat d&#8217;h\u00e9ritier \u00e0 leur nom afin d&#8217;obtenir des droits provisoires sur la succession. Ceux-ci peuvent cependant encore \u00eatre r\u00e9duits ou annul\u00e9s par des actions successorales.<br \/>\n\n                \n                \n            <\/span>\n        <\/div>\n        \n\n<div style=\"height:40px\" aria-hidden=\"true\" class=\"wp-block-spacer\"><\/div>\n\n<div class=\"wp-block-buttons is-layout-flex wp-block-buttons-is-layout-flex\">\n<div class=\"wp-block-button\"><a class=\"wp-block-button__link has-background wp-element-button\" href=\"https:\/\/app.deinadieu.ch\/testamentgenerator\" style=\"background-color:#816074\" target=\"_blank\" rel=\"noreferrer noopener\">Etablir un testament gratuitement<\/a><\/div>\n<\/div>\n\n<h2 class=\"wp-block-heading\" id=\"h-was-sie-ebenfalls-interessieren-konnte\">Ce qui pourrait \u00e9galement vous int\u00e9resser<\/h2>\n\n<ul class=\"list-disc ml-4 wp-block-list\">\n<li><a href=\"https:\/\/www.deinadieu.ch\/fr\/conseiller\/le-testament-en-la-forme-authentique\/\">Le testament en la forme authentique<\/a><\/li>\n\n\n\n<li><a href=\"https:\/\/www.deinadieu.ch\/die-erbfolge-nach-dem-gesetz\/\">La d\u00e9volution successorale selon la loi<\/a><\/li>\n\n\n\n<li><a href=\"https:\/\/www.deinadieu.ch\/ungueltigkeitsklage-eines-testaments\/\">L&#8217;action en nullit\u00e9 du testament<\/a><\/li>\n\n\n\n<li><a href=\"https:\/\/www.deinadieu.ch\/fr\/conseiller\/retablir-la-reserve-hereditaire-au-moyen-de-laction-en-reduction\/\">L&#8217;action en r\u00e9duction<\/a><\/li>\n\n\n\n<li><a href=\"https:\/\/www.deinadieu.ch\/fr\/conseiller\/le-testament-manuscrit\/\" target=\"_blank\" rel=\"noreferrer noopener\">Le testament manuscrit<\/a><\/li>\n\n\n\n<li><a href=\"https:\/\/www.deinadieu.ch\/ratgeber\/die-erbberechtigung-und-der-erbschein\/\" target=\"_blank\" rel=\"noreferrer noopener\">Le droit de succession et le certificat d&#8217;h\u00e9ritier<\/a><\/li>\n\n\n\n<li><a href=\"https:\/\/www.deinadieu.ch\/ratgeber\/vermaechtnis\/\" target=\"_blank\" rel=\"noreferrer noopener\">Le legs \u2013 Une alternative \u00e0 l&#8217;h\u00e9ritage<\/a><\/li>\n<\/ul>\n\n<div style=\"height:69px\" aria-hidden=\"true\" class=\"wp-block-spacer\"><\/div>\n\n<div style=\"height:69px\" aria-hidden=\"true\" class=\"wp-block-spacer\"><\/div>\n","protected":false},"excerpt":{"rendered":"<p>Suite \u00e0 un d\u00e9c\u00e8s, les autorit\u00e9s cantonales proc\u00e8dent \u00e0 l&#8217;ouverture du testament. L&#8217;autorit\u00e9 cantonale s\u00e9curise ensuite la succession et d\u00e9livre les certificats d&#8217;h\u00e9ritier, lesquels conf\u00e8rent provisoirement aux h\u00e9ritiers un droit \u00e0 la succession.<\/p>\n","protected":false},"author":2398,"featured_media":41858,"menu_order":0,"comment_status":"open","ping_status":"closed","template":"","tags":[2771,2183,2141,2142,2107,2383,2005],"ratgeber-category":[2996],"class_list":["post-52443","ratgeber","type-ratgeber","status-publish","has-post-thumbnail","hentry","tag-certificat-dheritier","tag-dernieres-volontes-fr","tag-dernieres-volontes","tag-ouverture-dun-testament","tag-partage-successoral","tag-succession","tag-testament-fr","ratgeber-category-accepter-la-succession"],"acf":[],"yoast_head":"<title>Ouverture du testament en Suisse : d\u00e9roulement et certificat d&#039;h\u00e9ritier | DeinAdieu<\/title>\n<meta name=\"description\" content=\"Comment se d\u00e9roule l&#039;ouverture du testament ? Quand le certificat d&#039;h\u00e9ritier est-il d\u00e9livr\u00e9 ? Vous trouvez d&#039;autres informations importantes dans notre guide testamentaire.\" \/>\n<meta name=\"robots\" content=\"index, follow, max-snippet:-1, max-image-preview:large, max-video-preview:-1\" \/>\n<link rel=\"canonical\" href=\"https:\/\/www.deinadieu.ch\/fr\/conseiller\/louverture-du-testament-et-le-certificat-dheritier\/\" \/>\n<meta property=\"og:locale\" content=\"fr_FR\" \/>\n<meta property=\"og:type\" content=\"article\" \/>\n<meta property=\"og:title\" content=\"L&#039;ouverture du testament et le certificat d&#039;h\u00e9ritier\" \/>\n<meta property=\"og:description\" content=\"Suite \u00e0 un d\u00e9c\u00e8s, les autorit\u00e9s cantonales proc\u00e8dent \u00e0 l&#039;ouverture du testament. L&#039;autorit\u00e9 cantonale s\u00e9curise ensuite la succession et d\u00e9livre les\" \/>\n<meta property=\"og:url\" content=\"https:\/\/www.deinadieu.ch\/fr\/conseiller\/louverture-du-testament-et-le-certificat-dheritier\/\" \/>\n<meta property=\"og:site_name\" content=\"DeinAdieu.ch\" \/>\n<meta property=\"article:publisher\" content=\"https:\/\/www.facebook.com\/deinadieu\" \/>\n<meta property=\"article:modified_time\" content=\"2023-05-08T10:18:27+00:00\" \/>\n<meta property=\"og:image\" content=\"https:\/\/static.deinadieu.ch\/uploads\/2019\/04\/Rat_Testamentseroffnung_u_Erbschein_190417.jpg\" \/>\n\t<meta property=\"og:image:width\" content=\"1300\" \/>\n\t<meta property=\"og:image:height\" content=\"867\" \/>\n\t<meta property=\"og:image:type\" content=\"image\/jpeg\" \/>\n<meta name=\"twitter:card\" content=\"summary_large_image\" \/>\n<meta name=\"twitter:site\" content=\"@DeinAdieu\" \/>\n<meta name=\"twitter:label1\" content=\"Est. reading time\" \/>\n\t<meta name=\"twitter:data1\" content=\"5 minutes\" \/>\n<script type=\"application\/ld+json\" class=\"yoast-schema-graph\">{\"@context\":\"https:\\\/\\\/schema.org\",\"@graph\":[{\"@type\":\"WebPage\",\"@id\":\"https:\\\/\\\/www.deinadieu.ch\\\/fr\\\/conseiller\\\/louverture-du-testament-et-le-certificat-dheritier\\\/\",\"url\":\"https:\\\/\\\/www.deinadieu.ch\\\/fr\\\/conseiller\\\/louverture-du-testament-et-le-certificat-dheritier\\\/\",\"name\":\"Ouverture du testament en Suisse : d\u00e9roulement et certificat d'h\u00e9ritier | DeinAdieu\",\"isPartOf\":{\"@id\":\"https:\\\/\\\/www.deinadieu.ch\\\/fr\\\/#website\"},\"primaryImageOfPage\":{\"@id\":\"https:\\\/\\\/www.deinadieu.ch\\\/fr\\\/conseiller\\\/louverture-du-testament-et-le-certificat-dheritier\\\/#primaryimage\"},\"image\":{\"@id\":\"https:\\\/\\\/www.deinadieu.ch\\\/fr\\\/conseiller\\\/louverture-du-testament-et-le-certificat-dheritier\\\/#primaryimage\"},\"thumbnailUrl\":\"https:\\\/\\\/www.deinadieu.ch\\\/wp-content\\\/uploads\\\/2019\\\/04\\\/Rat_Testamentseroffnung_u_Erbschein_190417.jpg\",\"datePublished\":\"2019-04-17T13:21:12+00:00\",\"dateModified\":\"2023-05-08T10:18:27+00:00\",\"description\":\"Comment se d\u00e9roule l'ouverture du testament ? Quand le certificat d'h\u00e9ritier est-il d\u00e9livr\u00e9 ? Vous trouvez d'autres informations importantes dans notre guide testamentaire.\",\"breadcrumb\":{\"@id\":\"https:\\\/\\\/www.deinadieu.ch\\\/fr\\\/conseiller\\\/louverture-du-testament-et-le-certificat-dheritier\\\/#breadcrumb\"},\"inLanguage\":\"fr-FR\",\"potentialAction\":[{\"@type\":\"ReadAction\",\"target\":[\"https:\\\/\\\/www.deinadieu.ch\\\/fr\\\/conseiller\\\/louverture-du-testament-et-le-certificat-dheritier\\\/\"]}]},{\"@type\":\"ImageObject\",\"inLanguage\":\"fr-FR\",\"@id\":\"https:\\\/\\\/www.deinadieu.ch\\\/fr\\\/conseiller\\\/louverture-du-testament-et-le-certificat-dheritier\\\/#primaryimage\",\"url\":\"https:\\\/\\\/www.deinadieu.ch\\\/wp-content\\\/uploads\\\/2019\\\/04\\\/Rat_Testamentseroffnung_u_Erbschein_190417.jpg\",\"contentUrl\":\"https:\\\/\\\/www.deinadieu.ch\\\/wp-content\\\/uploads\\\/2019\\\/04\\\/Rat_Testamentseroffnung_u_Erbschein_190417.jpg\",\"width\":1300,\"height\":867,\"caption\":\"L'ouverture du testament et le certificat d'h\u00e9ritier image pr\u00e9texte iStock\"},{\"@type\":\"BreadcrumbList\",\"@id\":\"https:\\\/\\\/www.deinadieu.ch\\\/fr\\\/conseiller\\\/louverture-du-testament-et-le-certificat-dheritier\\\/#breadcrumb\",\"itemListElement\":[{\"@type\":\"ListItem\",\"position\":1,\"name\":\"Home\",\"item\":\"https:\\\/\\\/www.deinadieu.ch\\\/fr\\\/deinadieu-dialog-und-serviceportal-zum-lebensende\\\/\"},{\"@type\":\"ListItem\",\"position\":2,\"name\":\"Ratgeber\",\"item\":\"https:\\\/\\\/www.deinadieu.ch\\\/fr\\\/conseiller\\\/\"},{\"@type\":\"ListItem\",\"position\":3,\"name\":\"L&#8217;ouverture du testament et le certificat d&#8217;h\u00e9ritier\"}]},{\"@type\":\"WebSite\",\"@id\":\"https:\\\/\\\/www.deinadieu.ch\\\/fr\\\/#website\",\"url\":\"https:\\\/\\\/www.deinadieu.ch\\\/fr\\\/\",\"name\":\"DeinAdieu.ch\",\"description\":\"Testament, Patientenverf\u00fcgung und Vorsorgeauftrag\",\"publisher\":{\"@id\":\"https:\\\/\\\/www.deinadieu.ch\\\/fr\\\/#organization\"},\"potentialAction\":[{\"@type\":\"SearchAction\",\"target\":{\"@type\":\"EntryPoint\",\"urlTemplate\":\"https:\\\/\\\/www.deinadieu.ch\\\/fr\\\/?s={search_term_string}\"},\"query-input\":{\"@type\":\"PropertyValueSpecification\",\"valueRequired\":true,\"valueName\":\"search_term_string\"}}],\"inLanguage\":\"fr-FR\"},{\"@type\":\"Organization\",\"@id\":\"https:\\\/\\\/www.deinadieu.ch\\\/fr\\\/#organization\",\"name\":\"EMNA Web GmbH\",\"url\":\"https:\\\/\\\/www.deinadieu.ch\\\/fr\\\/\",\"logo\":{\"@type\":\"ImageObject\",\"inLanguage\":\"fr-FR\",\"@id\":\"https:\\\/\\\/www.deinadieu.ch\\\/fr\\\/#\\\/schema\\\/logo\\\/image\\\/\",\"url\":\"https:\\\/\\\/www.deinadieu.ch\\\/wp-content\\\/uploads\\\/2016\\\/01\\\/DeinAdieu_Logo.png\",\"contentUrl\":\"https:\\\/\\\/www.deinadieu.ch\\\/wp-content\\\/uploads\\\/2016\\\/01\\\/DeinAdieu_Logo.png\",\"width\":300,\"height\":117,\"caption\":\"EMNA Web GmbH\"},\"image\":{\"@id\":\"https:\\\/\\\/www.deinadieu.ch\\\/fr\\\/#\\\/schema\\\/logo\\\/image\\\/\"},\"sameAs\":[\"https:\\\/\\\/www.facebook.com\\\/deinadieu\",\"https:\\\/\\\/x.com\\\/DeinAdieu\",\"https:\\\/\\\/www.instagram.com\\\/deinadieu\\\/\",\"https:\\\/\\\/www.linkedin.com\\\/company\\\/deinadieu.ch\"]}]}<\/script>","yoast_head_json":{"title":"Ouverture du testament en Suisse : d\u00e9roulement et certificat d'h\u00e9ritier | DeinAdieu","description":"Comment se d\u00e9roule l'ouverture du testament ? Quand le certificat d'h\u00e9ritier est-il d\u00e9livr\u00e9 ? Vous trouvez d'autres informations importantes dans notre guide testamentaire.","robots":{"index":"index","follow":"follow","max-snippet":"max-snippet:-1","max-image-preview":"max-image-preview:large","max-video-preview":"max-video-preview:-1"},"canonical":"https:\/\/www.deinadieu.ch\/fr\/conseiller\/louverture-du-testament-et-le-certificat-dheritier\/","og_locale":"fr_FR","og_type":"article","og_title":"L'ouverture du testament et le certificat d'h\u00e9ritier","og_description":"Suite \u00e0 un d\u00e9c\u00e8s, les autorit\u00e9s cantonales proc\u00e8dent \u00e0 l'ouverture du testament. L'autorit\u00e9 cantonale s\u00e9curise ensuite la succession et d\u00e9livre les","og_url":"https:\/\/www.deinadieu.ch\/fr\/conseiller\/louverture-du-testament-et-le-certificat-dheritier\/","og_site_name":"DeinAdieu.ch","article_publisher":"https:\/\/www.facebook.com\/deinadieu","article_modified_time":"2023-05-08T10:18:27+00:00","og_image":[{"width":1300,"height":867,"url":"https:\/\/static.deinadieu.ch\/uploads\/2019\/04\/Rat_Testamentseroffnung_u_Erbschein_190417.jpg","type":"image\/jpeg"}],"twitter_card":"summary_large_image","twitter_site":"@DeinAdieu","twitter_misc":{"Est. reading time":"5 minutes"},"schema":{"@context":"https:\/\/schema.org","@graph":[{"@type":"WebPage","@id":"https:\/\/www.deinadieu.ch\/fr\/conseiller\/louverture-du-testament-et-le-certificat-dheritier\/","url":"https:\/\/www.deinadieu.ch\/fr\/conseiller\/louverture-du-testament-et-le-certificat-dheritier\/","name":"Ouverture du testament en Suisse : d\u00e9roulement et certificat d'h\u00e9ritier | DeinAdieu","isPartOf":{"@id":"https:\/\/www.deinadieu.ch\/fr\/#website"},"primaryImageOfPage":{"@id":"https:\/\/www.deinadieu.ch\/fr\/conseiller\/louverture-du-testament-et-le-certificat-dheritier\/#primaryimage"},"image":{"@id":"https:\/\/www.deinadieu.ch\/fr\/conseiller\/louverture-du-testament-et-le-certificat-dheritier\/#primaryimage"},"thumbnailUrl":"https:\/\/www.deinadieu.ch\/wp-content\/uploads\/2019\/04\/Rat_Testamentseroffnung_u_Erbschein_190417.jpg","datePublished":"2019-04-17T13:21:12+00:00","dateModified":"2023-05-08T10:18:27+00:00","description":"Comment se d\u00e9roule l'ouverture du testament ? Quand le certificat d'h\u00e9ritier est-il d\u00e9livr\u00e9 ? Vous trouvez d'autres informations importantes dans notre guide testamentaire.","breadcrumb":{"@id":"https:\/\/www.deinadieu.ch\/fr\/conseiller\/louverture-du-testament-et-le-certificat-dheritier\/#breadcrumb"},"inLanguage":"fr-FR","potentialAction":[{"@type":"ReadAction","target":["https:\/\/www.deinadieu.ch\/fr\/conseiller\/louverture-du-testament-et-le-certificat-dheritier\/"]}]},{"@type":"ImageObject","inLanguage":"fr-FR","@id":"https:\/\/www.deinadieu.ch\/fr\/conseiller\/louverture-du-testament-et-le-certificat-dheritier\/#primaryimage","url":"https:\/\/www.deinadieu.ch\/wp-content\/uploads\/2019\/04\/Rat_Testamentseroffnung_u_Erbschein_190417.jpg","contentUrl":"https:\/\/www.deinadieu.ch\/wp-content\/uploads\/2019\/04\/Rat_Testamentseroffnung_u_Erbschein_190417.jpg","width":1300,"height":867,"caption":"L'ouverture du testament et le certificat d'h\u00e9ritier image pr\u00e9texte iStock"},{"@type":"BreadcrumbList","@id":"https:\/\/www.deinadieu.ch\/fr\/conseiller\/louverture-du-testament-et-le-certificat-dheritier\/#breadcrumb","itemListElement":[{"@type":"ListItem","position":1,"name":"Home","item":"https:\/\/www.deinadieu.ch\/fr\/deinadieu-dialog-und-serviceportal-zum-lebensende\/"},{"@type":"ListItem","position":2,"name":"Ratgeber","item":"https:\/\/www.deinadieu.ch\/fr\/conseiller\/"},{"@type":"ListItem","position":3,"name":"L&#8217;ouverture du testament et le certificat d&#8217;h\u00e9ritier"}]},{"@type":"WebSite","@id":"https:\/\/www.deinadieu.ch\/fr\/#website","url":"https:\/\/www.deinadieu.ch\/fr\/","name":"DeinAdieu.ch","description":"Testament, Patientenverf\u00fcgung und Vorsorgeauftrag","publisher":{"@id":"https:\/\/www.deinadieu.ch\/fr\/#organization"},"potentialAction":[{"@type":"SearchAction","target":{"@type":"EntryPoint","urlTemplate":"https:\/\/www.deinadieu.ch\/fr\/?s={search_term_string}"},"query-input":{"@type":"PropertyValueSpecification","valueRequired":true,"valueName":"search_term_string"}}],"inLanguage":"fr-FR"},{"@type":"Organization","@id":"https:\/\/www.deinadieu.ch\/fr\/#organization","name":"EMNA Web GmbH","url":"https:\/\/www.deinadieu.ch\/fr\/","logo":{"@type":"ImageObject","inLanguage":"fr-FR","@id":"https:\/\/www.deinadieu.ch\/fr\/#\/schema\/logo\/image\/","url":"https:\/\/www.deinadieu.ch\/wp-content\/uploads\/2016\/01\/DeinAdieu_Logo.png","contentUrl":"https:\/\/www.deinadieu.ch\/wp-content\/uploads\/2016\/01\/DeinAdieu_Logo.png","width":300,"height":117,"caption":"EMNA Web GmbH"},"image":{"@id":"https:\/\/www.deinadieu.ch\/fr\/#\/schema\/logo\/image\/"},"sameAs":["https:\/\/www.facebook.com\/deinadieu","https:\/\/x.com\/DeinAdieu","https:\/\/www.instagram.com\/deinadieu\/","https:\/\/www.linkedin.com\/company\/deinadieu.ch"]}]}},"_links":{"self":[{"href":"https:\/\/www.deinadieu.ch\/fr\/wp-json\/wp\/v2\/ratgeber\/52443","targetHints":{"allow":["GET"]}}],"collection":[{"href":"https:\/\/www.deinadieu.ch\/fr\/wp-json\/wp\/v2\/ratgeber"}],"about":[{"href":"https:\/\/www.deinadieu.ch\/fr\/wp-json\/wp\/v2\/types\/ratgeber"}],"author":[{"embeddable":true,"href":"https:\/\/www.deinadieu.ch\/fr\/wp-json\/wp\/v2\/users\/2398"}],"replies":[{"embeddable":true,"href":"https:\/\/www.deinadieu.ch\/fr\/wp-json\/wp\/v2\/comments?post=52443"}],"version-history":[{"count":15,"href":"https:\/\/www.deinadieu.ch\/fr\/wp-json\/wp\/v2\/ratgeber\/52443\/revisions"}],"predecessor-version":[{"id":63444,"href":"https:\/\/www.deinadieu.ch\/fr\/wp-json\/wp\/v2\/ratgeber\/52443\/revisions\/63444"}],"wp:featuredmedia":[{"embeddable":true,"href":"https:\/\/www.deinadieu.ch\/fr\/wp-json\/wp\/v2\/media\/41858"}],"wp:attachment":[{"href":"https:\/\/www.deinadieu.ch\/fr\/wp-json\/wp\/v2\/media?parent=52443"}],"wp:term":[{"taxonomy":"post_tag","embeddable":true,"href":"https:\/\/www.deinadieu.ch\/fr\/wp-json\/wp\/v2\/tags?post=52443"},{"taxonomy":"ratgeber-category","embeddable":true,"href":"https:\/\/www.deinadieu.ch\/fr\/wp-json\/wp\/v2\/ratgeber-category?post=52443"}],"curies":[{"name":"wp","href":"https:\/\/api.w.org\/{rel}","templated":true}]}}