{"id":52439,"date":"2022-12-30T09:27:53","date_gmt":"2022-12-30T08:27:53","guid":{"rendered":"https:\/\/www.deinadieu.ch\/ratgeber\/la-succession-legale-en-suisse\/"},"modified":"2023-03-01T09:16:23","modified_gmt":"2023-03-01T08:16:23","slug":"la-succession-legale-en-suisse","status":"publish","type":"ratgeber","link":"https:\/\/www.deinadieu.ch\/fr\/conseiller\/la-succession-legale-en-suisse\/","title":{"rendered":"La succession l\u00e9gale en Suisse"},"content":{"rendered":"\n<p><strong>Le Code civil pr\u00e9voit une solution pour les personnes qui ne r\u00e8glent pas leur succession de leur vivant : la succession l\u00e9gale. Si cette r\u00e9glementation ne vous convient pas, vous pouvez y d\u00e9roger dans la mesure de ce qui est autoris\u00e9. <\/strong><\/p>\n\n<!--more-->\n\n<h2 class=\"wp-block-heading\"><b>Quelle est la succession l\u00e9gale si je ne fais pas de testament ?<\/b><\/h2>\n\n<p><span style=\"font-weight: 400;\">Selon le Code civil (CC), la succession l\u00e9gale est bas\u00e9e sur ce qu&#8217;on appelle le \u00ab<\/span> <a href=\"https:\/\/www.notariate.zh.ch\/deu\/notariat\/erbrecht\/wer-erbt\/\"><span style=\"font-weight: 400;\">syst\u00e8me des parent\u00e8les<\/span><\/a><span style=\"font-weight: 400;\">\u00bb. La parent\u00e8le est un groupe de personnes qui, au sens du droit des successions, ont un <strong>certain degr\u00e9 de parent\u00e9 avec le ou la d\u00e9funt(e)<\/strong>. Les diff\u00e9rentes <strong>parent\u00e8les forment ainsi une hi\u00e9rarchie des ayants droit \u00e0 la succession<\/strong>. Les personnes issues d&#8217;une parent\u00e8le subs\u00e9quente n&#8217;ont droit \u00e0 la succession que si aucun repr\u00e9sentant de la parent\u00e8le pr\u00e9c\u00e9dente n&#8217;est h\u00e9ritier. En outre, il existe une hi\u00e9rarchie au sein d&#8217;une m\u00eame parent\u00e8le. <\/span><\/p>\n\n<p><span style=\"font-weight: 400;\"><strong>La premi\u00e8re parent\u00e8le comprend les personnes qui descendent du d\u00e9funt lui-m\u00eame, soit ses enfants.<\/strong> Si un enfant est pr\u00e9d\u00e9c\u00e9d\u00e9, il est repr\u00e9sent\u00e9 par ses propres enfants. C&#8217;est ce qu&#8217;on appele le \u00ab <strong>principe de la repr\u00e9sentation<\/strong> \u00bb, en vertu duquel les enfants de l&#8217;h\u00e9ritier reprennent son statut d&#8217;h\u00e9ritier. <strong>La deuxi\u00e8me parent\u00e8le comprend les parents du d\u00e9funt<\/strong> et, \u00e0 nouveau, leurs descendants. <strong>La troisi\u00e8me parent\u00e8le comprend les grands-parents du d\u00e9funt<\/strong> ainsi que leurs descendants, soit les tantes et les oncles et, lorsqu&#8217;ils ne sont plus en vie, les cousins du d\u00e9funt. <\/span><span style=\"font-weight: 400;\">S&#8217;il n&#8217;est pas possible de descendre plus bas, c&#8217;est-\u00e0-dire s&#8217;il n&#8217;y a pas de descendants pouvant repr\u00e9senter l&#8217;ayant droit \u00e0 la succession, sa part revient aux autres h\u00e9ritiers du m\u00eame niveau (\u00ab principe d&#8217;accroissement \u00bb). <strong>Les conjoints se situent en dehors du syst\u00e8me des parent\u00e8les<\/strong> et h\u00e9ritent dans des proportions diff\u00e9rentes en fonction des h\u00e9ritiers avec lesquels ils doivent partager la succession. <\/span><\/p>\n\n<h2 class=\"wp-block-heading\"><strong>Un exemple de succession l\u00e9gale<\/strong><\/h2>\n\n<p><span style=\"font-weight: 400;\">La d\u00e9funte Erna laisse son fils Erwin. Sa fille Erika est pr\u00e9d\u00e9c\u00e9d\u00e9e mais elle laisse elle-m\u00eame deux filles. Emile, le fils d&#8217;Erna est \u00e9galement pr\u00e9d\u00e9c\u00e9d\u00e9 mais il n&#8217;a pas eu d&#8217;enfants. Eric, le mari d&#8217;Erna est d\u00e9c\u00e9d\u00e9 l&#8217;ann\u00e9e pr\u00e9c\u00e9dente. <\/span><span style=\"font-weight: 400;\">En vertu du principe d&#8217;\u00e9galit\u00e9, les enfants d&#8217;Erna h\u00e9riteraient en principe \u00e0 parts \u00e9gales, c&#8217;est-\u00e0-dire que chacun recevrait \u2153 de la succession. Les filles d&#8217;Erika la repr\u00e9sentent. Comme Emile n&#8217;a pas d&#8217;enfants, personne ne peut le repr\u00e9senter et son droit \u00e0 la succession revient \u00e0 ses fr\u00e8res et s\u0153urs. Par cons\u00e9quenct, les filles d&#8217;Erika re\u00e7oivent chacune \u00bc et Erwin re\u00e7oit la moiti\u00e9 de la succession. <\/span><\/p>\n\n<p><span style=\"font-weight: 400;\">\n        <div class=\"relative shadow-lg -mx-12 mb-4 overflow-hidden\" style=\"background-image: url('https:\/\/www.deinadieu.ch\/wp-content\/themes\/da-v4\/assets\/v4\/banner\/testament.jpg'); background-size: cover; background-position: center\">\n            <div class=\"banner-white-box md:w-3\/5 text-black -ml-16 pl-16\" style=\"background-color: rgba(255,255,255,0.75)\">\n                <div class=\"inner\">\n                    <div class=\"text-2xl p-12\"><strong>Vous n'avez pas encore r\u00e9dig\u00e9 de testament ?<\/strong> G\u00e9n\u00e9rez d\u00e8s maintenant un mod\u00e8le PDF gratuit pour<\/div>\n                    <div class=\"px-12 md:mr-16\">\n                        <a href=\"https:\/\/app.deinadieu.ch\/testament\" target=\"_blank\" class=\"btn btn-da btn-small btn-block\">moi<\/a>\n                        <a href=\"https:\/\/app.deinadieu.ch\/testament\" target=\"_blank\" class=\"mt-4 btn btn-da btn-small btn-block\">une autre personne<\/a>\n                    <\/div>\n                    <div class=\"px-12 py-8\">\n                        <img decoding=\"async\" src=\"https:\/\/www.deinadieu.ch\/wp-content\/themes\/da-v4\/assets\/v4\/deinadieu_logo_dark.svg\" class=\"h-12\">\n                    <\/div>\n                <\/div>\n            <\/div>\n        <\/div>\n        <\/span><\/p>\n\n<h2 class=\"wp-block-heading\"><b>Puis-je d\u00e9roger \u00e0 la succession l\u00e9gale ? <\/b><\/h2>\n\n<p><span style=\"font-weight: 400;\"><strong>Oui, en Suisse, il est en principe possible de d\u00e9roger \u00e0 la succession l\u00e9gale<\/strong>. <strong>Les r\u00e9serves h\u00e9r\u00e9ditaires pr\u00e9vues par le Code civil doivent toutefois \u00eatre respect\u00e9es<\/strong>. Le de cujus peut disposer pour cause de mort au moyen d&#8217;un testament ou d&#8217;un pacte successoral pass\u00e9 en la forme authentique et d\u00e9roger ainsi \u00e0 la succession l\u00e9gale. <\/span><span style=\"font-weight: 400;\">La succession l\u00e9gale, telle que d\u00e9crite ci-dessus, ne s&#8217;applique que si le d\u00e9funt n&#8217;a pas fait lui-m\u00eame de testament valable parce qu&#8217;il ne pouvait pas ou ne voulait pas le faire. <\/span><span style=\"font-weight: 400;\">La protection des r\u00e9serves h\u00e9r\u00e9ditaires, laquelle privil\u00e9gie certains h\u00e9ritiers l\u00e9gaux, doit cependant toujours \u00eatre englob\u00e9e dans les dispositions si les h\u00e9ritiers au b\u00e9n\u00e9fice d&#8217;une r\u00e9serve h\u00e9r\u00e9ditaire ne renoncent pas valablement \u00e0 leurs pr\u00e9tentions dans un pacte successoral. <\/span><\/p>\n\n<p><span style=\"font-weight: 400;\">Les <strong>h\u00e9ritiers au b\u00e9n\u00e9fice d\u2019une r\u00e9serve h\u00e9r\u00e9ditaire<\/strong> sont les <strong>descendants du d\u00e9funt, lesquels re\u00e7oivent la moiti\u00e9 de leur droit de succession l\u00e9gal<\/strong>. Depuis 2023, les parents du d\u00e9funt ne sont plus h\u00e9ritiers au b\u00e9n\u00e9fice d\u2019une r\u00e9serve h\u00e9r\u00e9ditaire (r\u00e9vision du droit successoral). En outre, le <strong>conjoint ou le partenaire<\/strong> survivant est un h\u00e9ritier au b\u00e9n\u00e9fice d\u2019une r\u00e9serve h\u00e9r\u00e9ditaire et il re\u00e7oit \u00e9galement <strong>la moiti\u00e9 de son droit de succession<\/strong> l\u00e9gal.<\/span><\/p>\n\n<p><span style=\"font-weight: 400;\">Le droit suisse des successions suit ce qu&#8217;on appelle le \u00ab <strong>principe d&#8217;intrication<\/strong> \u00bb en mati\u00e8re de droit \u00e0 la r\u00e9serve h\u00e9r\u00e9ditaire. En vertu de ce principe, les h\u00e9ritiers au b\u00e9n\u00e9fice d&#8217;une r\u00e9serve h\u00e9r\u00e9ditaire se voient garantir une part d&#8217;h\u00e9ritage importante, car les r\u00e9serves h\u00e9r\u00e9ditaires sont d\u00e9termin\u00e9es sur la base des droits de succession l\u00e9gaux. Outre le droit \u00e0 une part appr\u00e9ciable en argent, le droit \u00e0 la r\u00e9serve h\u00e9r\u00e9ditaire comprend \u00e9galement le statut d&#8217;h\u00e9ritier dans la communaut\u00e9 h\u00e9r\u00e9ditaire.<\/span><\/p>\n\n<div style=\"height:50px\" aria-hidden=\"true\" class=\"wp-block-spacer\"><\/div>\n\n<div class=\"wp-block-buttons is-layout-flex wp-block-buttons-is-layout-flex\">\n<div class=\"wp-block-button is-style-outline is-style-outline--1\"><a class=\"wp-block-button__link wp-element-button\" href=\"https:\/\/app.deinadieu.ch\/testamentgenerator\">Cr\u00e9er ici un testament gratuitement<\/a><\/div>\n<\/div>\n\n<h2 class=\"wp-block-heading\" id=\"h-diese-artikel-konnten-sie-auch-noch-interessieren\">Ces articles pourraient \u00e9galement vous int\u00e9resser :<\/h2>\n\n<ul class=\"wp-block-list\">\n<li><a href=\"https:\/\/www.deinadieu.ch\/ratgeber\/wer-kann-wie-erben\/\" target=\"_blank\" rel=\"noreferrer noopener\">Qui peut h\u00e9riter et comment ?<\/a><\/li>\n\n\n\n<li><a href=\"https:\/\/www.deinadieu.ch\/ratgeber\/erbschaft-und-vorsorge-wen-wie-einbinden\/\">Succession et pr\u00e9voyance \u2013 Qui impliquer et comment ?<\/a><\/li>\n\n\n\n<li><a href=\"https:\/\/www.deinadieu.ch\/ratgeber\/die-erbberechtigung-und-der-erbschein\/\">Le droit de succession et le certificat d&#8217;h\u00e9ritier<\/a><\/li>\n\n\n\n<li><a href=\"https:\/\/www.deinadieu.ch\/ratgeber\/ist-eine-ungleichbehandlung-von-geschwistern-erlaubt\/\">Est-il autoris\u00e9 de traiter des fr\u00e8res et s\u0153urs de mani\u00e8re in\u00e9gale ?<\/a><\/li>\n\n\n\n<li><a href=\"https:\/\/www.deinadieu.ch\/ratgeber\/scheidung-ist-mein-testament-weiterhin-gueltig\/\">Divorce : mon testament est-il encore valable ?<\/a><\/li>\n\n\n\n<li><a href=\"https:\/\/www.deinadieu.ch\/ratgeber\/erbrechtsrevision-altes-testament-ungultig\/\">R\u00e9vision du droit des successions \u2013 Un ancien testament n&#8217;est-il plus valable ?<\/a><\/li>\n\n\n\n<li><a href=\"https:\/\/www.deinadieu.ch\/ratgeber\/damit-der-letzte-wille-geschehe\/\">Volont\u00e9s \u2013 Pour que les derni\u00e8res volont\u00e9s se r\u00e9alisent<\/a><\/li>\n\n\n\n<li><a href=\"https:\/\/www.deinadieu.ch\/ratgeber\/das-erbe-vertraglich-wegbedingen\/\">Exclure la succession contractuellement<\/a><\/li>\n<\/ul>\n","protected":false},"excerpt":{"rendered":"<p>Le Code civil pr\u00e9voit une solution pour les personnes qui ne r\u00e8glent pas leur succession de leur vivant : la succession l\u00e9gale. Si cette r\u00e9glementation ne vous convient pas, vous pouvez y d\u00e9roger dans la mesure de ce qui est autoris\u00e9.<\/p>\n","protected":false},"author":2399,"featured_media":44015,"menu_order":0,"comment_status":"open","ping_status":"closed","template":"","tags":[2658,2451,2410,2765,2134,2766,2135,2188,2005,2384],"ratgeber-category":[2999,2010],"class_list":["post-52439","ratgeber","type-ratgeber","status-publish","has-post-thumbnail","hentry","tag-descendants-fr","tag-droit-des-successions","tag-heriter","tag-heritiers-legaux","tag-pacte-successoral","tag-parentele-fr-2","tag-quote-part-obligatoire","tag-succession-legale","tag-testament-fr","tag-testateur","ratgeber-category-droit-des-successions-domaines-juridiques","ratgeber-category-testament-succession"],"acf":[],"yoast_head":"<title>La succession l\u00e9gale en Suisse | DeinAdieu<\/title>\n<meta name=\"description\" content=\"Qu&#039;est-ce que le syst\u00e8me des parent\u00e8les et quel est son rapport avec le droit des successions en Suisse ? Lisez l&#039;article informatif sp\u00e9cialis\u00e9.\" \/>\n<meta name=\"robots\" content=\"index, follow, max-snippet:-1, max-image-preview:large, max-video-preview:-1\" \/>\n<link rel=\"canonical\" href=\"https:\/\/www.deinadieu.ch\/fr\/conseiller\/la-succession-legale-en-suisse\/\" \/>\n<meta property=\"og:locale\" content=\"fr_FR\" \/>\n<meta property=\"og:type\" content=\"article\" \/>\n<meta property=\"og:title\" content=\"La succession l\u00e9gale en Suisse\" \/>\n<meta property=\"og:description\" content=\"Le Code civil pr\u00e9voit une solution pour les personnes qui ne r\u00e8glent pas leur succession de leur vivant : la succession l\u00e9gale. Si cette r\u00e9glementation ne\" \/>\n<meta property=\"og:url\" content=\"https:\/\/www.deinadieu.ch\/fr\/conseiller\/la-succession-legale-en-suisse\/\" \/>\n<meta property=\"og:site_name\" content=\"DeinAdieu.ch\" \/>\n<meta property=\"article:publisher\" content=\"https:\/\/www.facebook.com\/deinadieu\" \/>\n<meta property=\"article:modified_time\" content=\"2023-03-01T08:16:23+00:00\" \/>\n<meta property=\"og:image\" content=\"https:\/\/static.deinadieu.ch\/uploads\/2019\/10\/Rat-Grundprinzipien-bei-der-Erbberechtigung.jpg\" \/>\n\t<meta property=\"og:image:width\" content=\"1280\" \/>\n\t<meta property=\"og:image:height\" content=\"849\" \/>\n\t<meta property=\"og:image:type\" content=\"image\/jpeg\" \/>\n<meta name=\"twitter:card\" content=\"summary_large_image\" \/>\n<meta name=\"twitter:site\" content=\"@DeinAdieu\" \/>\n<meta name=\"twitter:label1\" content=\"Est. reading time\" \/>\n\t<meta name=\"twitter:data1\" content=\"5 minutes\" \/>\n<script type=\"application\/ld+json\" class=\"yoast-schema-graph\">{\"@context\":\"https:\\\/\\\/schema.org\",\"@graph\":[{\"@type\":\"WebPage\",\"@id\":\"https:\\\/\\\/www.deinadieu.ch\\\/fr\\\/conseiller\\\/la-succession-legale-en-suisse\\\/\",\"url\":\"https:\\\/\\\/www.deinadieu.ch\\\/fr\\\/conseiller\\\/la-succession-legale-en-suisse\\\/\",\"name\":\"La succession l\u00e9gale en Suisse | DeinAdieu\",\"isPartOf\":{\"@id\":\"https:\\\/\\\/www.deinadieu.ch\\\/fr\\\/#website\"},\"primaryImageOfPage\":{\"@id\":\"https:\\\/\\\/www.deinadieu.ch\\\/fr\\\/conseiller\\\/la-succession-legale-en-suisse\\\/#primaryimage\"},\"image\":{\"@id\":\"https:\\\/\\\/www.deinadieu.ch\\\/fr\\\/conseiller\\\/la-succession-legale-en-suisse\\\/#primaryimage\"},\"thumbnailUrl\":\"https:\\\/\\\/www.deinadieu.ch\\\/wp-content\\\/uploads\\\/2019\\\/10\\\/Rat-Grundprinzipien-bei-der-Erbberechtigung.jpg\",\"datePublished\":\"2022-12-30T08:27:53+00:00\",\"dateModified\":\"2023-03-01T08:16:23+00:00\",\"description\":\"Qu'est-ce que le syst\u00e8me des parent\u00e8les et quel est son rapport avec le droit des successions en Suisse ? Lisez l'article informatif sp\u00e9cialis\u00e9.\",\"breadcrumb\":{\"@id\":\"https:\\\/\\\/www.deinadieu.ch\\\/fr\\\/conseiller\\\/la-succession-legale-en-suisse\\\/#breadcrumb\"},\"inLanguage\":\"fr-FR\",\"potentialAction\":[{\"@type\":\"ReadAction\",\"target\":[\"https:\\\/\\\/www.deinadieu.ch\\\/fr\\\/conseiller\\\/la-succession-legale-en-suisse\\\/\"]}]},{\"@type\":\"ImageObject\",\"inLanguage\":\"fr-FR\",\"@id\":\"https:\\\/\\\/www.deinadieu.ch\\\/fr\\\/conseiller\\\/la-succession-legale-en-suisse\\\/#primaryimage\",\"url\":\"https:\\\/\\\/www.deinadieu.ch\\\/wp-content\\\/uploads\\\/2019\\\/10\\\/Rat-Grundprinzipien-bei-der-Erbberechtigung.jpg\",\"contentUrl\":\"https:\\\/\\\/www.deinadieu.ch\\\/wp-content\\\/uploads\\\/2019\\\/10\\\/Rat-Grundprinzipien-bei-der-Erbberechtigung.jpg\",\"width\":1280,\"height\":849,\"caption\":\"Nous expliquons ici les principes de base du droit \u00e0 la succession en Suisse\"},{\"@type\":\"BreadcrumbList\",\"@id\":\"https:\\\/\\\/www.deinadieu.ch\\\/fr\\\/conseiller\\\/la-succession-legale-en-suisse\\\/#breadcrumb\",\"itemListElement\":[{\"@type\":\"ListItem\",\"position\":1,\"name\":\"Home\",\"item\":\"https:\\\/\\\/www.deinadieu.ch\\\/fr\\\/deinadieu-dialog-und-serviceportal-zum-lebensende\\\/\"},{\"@type\":\"ListItem\",\"position\":2,\"name\":\"Ratgeber\",\"item\":\"https:\\\/\\\/www.deinadieu.ch\\\/fr\\\/conseiller\\\/\"},{\"@type\":\"ListItem\",\"position\":3,\"name\":\"La succession l\u00e9gale en Suisse\"}]},{\"@type\":\"WebSite\",\"@id\":\"https:\\\/\\\/www.deinadieu.ch\\\/fr\\\/#website\",\"url\":\"https:\\\/\\\/www.deinadieu.ch\\\/fr\\\/\",\"name\":\"DeinAdieu.ch\",\"description\":\"Testament, Patientenverf\u00fcgung und Vorsorgeauftrag\",\"publisher\":{\"@id\":\"https:\\\/\\\/www.deinadieu.ch\\\/fr\\\/#organization\"},\"potentialAction\":[{\"@type\":\"SearchAction\",\"target\":{\"@type\":\"EntryPoint\",\"urlTemplate\":\"https:\\\/\\\/www.deinadieu.ch\\\/fr\\\/?s={search_term_string}\"},\"query-input\":{\"@type\":\"PropertyValueSpecification\",\"valueRequired\":true,\"valueName\":\"search_term_string\"}}],\"inLanguage\":\"fr-FR\"},{\"@type\":\"Organization\",\"@id\":\"https:\\\/\\\/www.deinadieu.ch\\\/fr\\\/#organization\",\"name\":\"EMNA Web GmbH\",\"url\":\"https:\\\/\\\/www.deinadieu.ch\\\/fr\\\/\",\"logo\":{\"@type\":\"ImageObject\",\"inLanguage\":\"fr-FR\",\"@id\":\"https:\\\/\\\/www.deinadieu.ch\\\/fr\\\/#\\\/schema\\\/logo\\\/image\\\/\",\"url\":\"https:\\\/\\\/www.deinadieu.ch\\\/wp-content\\\/uploads\\\/2016\\\/01\\\/DeinAdieu_Logo.png\",\"contentUrl\":\"https:\\\/\\\/www.deinadieu.ch\\\/wp-content\\\/uploads\\\/2016\\\/01\\\/DeinAdieu_Logo.png\",\"width\":300,\"height\":117,\"caption\":\"EMNA Web GmbH\"},\"image\":{\"@id\":\"https:\\\/\\\/www.deinadieu.ch\\\/fr\\\/#\\\/schema\\\/logo\\\/image\\\/\"},\"sameAs\":[\"https:\\\/\\\/www.facebook.com\\\/deinadieu\",\"https:\\\/\\\/x.com\\\/DeinAdieu\",\"https:\\\/\\\/www.instagram.com\\\/deinadieu\\\/\",\"https:\\\/\\\/www.linkedin.com\\\/company\\\/deinadieu.ch\"]}]}<\/script>","yoast_head_json":{"title":"La succession l\u00e9gale en Suisse | DeinAdieu","description":"Qu'est-ce que le syst\u00e8me des parent\u00e8les et quel est son rapport avec le droit des successions en Suisse ? Lisez l'article informatif sp\u00e9cialis\u00e9.","robots":{"index":"index","follow":"follow","max-snippet":"max-snippet:-1","max-image-preview":"max-image-preview:large","max-video-preview":"max-video-preview:-1"},"canonical":"https:\/\/www.deinadieu.ch\/fr\/conseiller\/la-succession-legale-en-suisse\/","og_locale":"fr_FR","og_type":"article","og_title":"La succession l\u00e9gale en Suisse","og_description":"Le Code civil pr\u00e9voit une solution pour les personnes qui ne r\u00e8glent pas leur succession de leur vivant : la succession l\u00e9gale. Si cette r\u00e9glementation ne","og_url":"https:\/\/www.deinadieu.ch\/fr\/conseiller\/la-succession-legale-en-suisse\/","og_site_name":"DeinAdieu.ch","article_publisher":"https:\/\/www.facebook.com\/deinadieu","article_modified_time":"2023-03-01T08:16:23+00:00","og_image":[{"width":1280,"height":849,"url":"https:\/\/static.deinadieu.ch\/uploads\/2019\/10\/Rat-Grundprinzipien-bei-der-Erbberechtigung.jpg","type":"image\/jpeg"}],"twitter_card":"summary_large_image","twitter_site":"@DeinAdieu","twitter_misc":{"Est. reading time":"5 minutes"},"schema":{"@context":"https:\/\/schema.org","@graph":[{"@type":"WebPage","@id":"https:\/\/www.deinadieu.ch\/fr\/conseiller\/la-succession-legale-en-suisse\/","url":"https:\/\/www.deinadieu.ch\/fr\/conseiller\/la-succession-legale-en-suisse\/","name":"La succession l\u00e9gale en Suisse | DeinAdieu","isPartOf":{"@id":"https:\/\/www.deinadieu.ch\/fr\/#website"},"primaryImageOfPage":{"@id":"https:\/\/www.deinadieu.ch\/fr\/conseiller\/la-succession-legale-en-suisse\/#primaryimage"},"image":{"@id":"https:\/\/www.deinadieu.ch\/fr\/conseiller\/la-succession-legale-en-suisse\/#primaryimage"},"thumbnailUrl":"https:\/\/www.deinadieu.ch\/wp-content\/uploads\/2019\/10\/Rat-Grundprinzipien-bei-der-Erbberechtigung.jpg","datePublished":"2022-12-30T08:27:53+00:00","dateModified":"2023-03-01T08:16:23+00:00","description":"Qu'est-ce que le syst\u00e8me des parent\u00e8les et quel est son rapport avec le droit des successions en Suisse ? Lisez l'article informatif sp\u00e9cialis\u00e9.","breadcrumb":{"@id":"https:\/\/www.deinadieu.ch\/fr\/conseiller\/la-succession-legale-en-suisse\/#breadcrumb"},"inLanguage":"fr-FR","potentialAction":[{"@type":"ReadAction","target":["https:\/\/www.deinadieu.ch\/fr\/conseiller\/la-succession-legale-en-suisse\/"]}]},{"@type":"ImageObject","inLanguage":"fr-FR","@id":"https:\/\/www.deinadieu.ch\/fr\/conseiller\/la-succession-legale-en-suisse\/#primaryimage","url":"https:\/\/www.deinadieu.ch\/wp-content\/uploads\/2019\/10\/Rat-Grundprinzipien-bei-der-Erbberechtigung.jpg","contentUrl":"https:\/\/www.deinadieu.ch\/wp-content\/uploads\/2019\/10\/Rat-Grundprinzipien-bei-der-Erbberechtigung.jpg","width":1280,"height":849,"caption":"Nous expliquons ici les principes de base du droit \u00e0 la succession en Suisse"},{"@type":"BreadcrumbList","@id":"https:\/\/www.deinadieu.ch\/fr\/conseiller\/la-succession-legale-en-suisse\/#breadcrumb","itemListElement":[{"@type":"ListItem","position":1,"name":"Home","item":"https:\/\/www.deinadieu.ch\/fr\/deinadieu-dialog-und-serviceportal-zum-lebensende\/"},{"@type":"ListItem","position":2,"name":"Ratgeber","item":"https:\/\/www.deinadieu.ch\/fr\/conseiller\/"},{"@type":"ListItem","position":3,"name":"La succession l\u00e9gale en Suisse"}]},{"@type":"WebSite","@id":"https:\/\/www.deinadieu.ch\/fr\/#website","url":"https:\/\/www.deinadieu.ch\/fr\/","name":"DeinAdieu.ch","description":"Testament, Patientenverf\u00fcgung und Vorsorgeauftrag","publisher":{"@id":"https:\/\/www.deinadieu.ch\/fr\/#organization"},"potentialAction":[{"@type":"SearchAction","target":{"@type":"EntryPoint","urlTemplate":"https:\/\/www.deinadieu.ch\/fr\/?s={search_term_string}"},"query-input":{"@type":"PropertyValueSpecification","valueRequired":true,"valueName":"search_term_string"}}],"inLanguage":"fr-FR"},{"@type":"Organization","@id":"https:\/\/www.deinadieu.ch\/fr\/#organization","name":"EMNA Web GmbH","url":"https:\/\/www.deinadieu.ch\/fr\/","logo":{"@type":"ImageObject","inLanguage":"fr-FR","@id":"https:\/\/www.deinadieu.ch\/fr\/#\/schema\/logo\/image\/","url":"https:\/\/www.deinadieu.ch\/wp-content\/uploads\/2016\/01\/DeinAdieu_Logo.png","contentUrl":"https:\/\/www.deinadieu.ch\/wp-content\/uploads\/2016\/01\/DeinAdieu_Logo.png","width":300,"height":117,"caption":"EMNA Web GmbH"},"image":{"@id":"https:\/\/www.deinadieu.ch\/fr\/#\/schema\/logo\/image\/"},"sameAs":["https:\/\/www.facebook.com\/deinadieu","https:\/\/x.com\/DeinAdieu","https:\/\/www.instagram.com\/deinadieu\/","https:\/\/www.linkedin.com\/company\/deinadieu.ch"]}]}},"_links":{"self":[{"href":"https:\/\/www.deinadieu.ch\/fr\/wp-json\/wp\/v2\/ratgeber\/52439","targetHints":{"allow":["GET"]}}],"collection":[{"href":"https:\/\/www.deinadieu.ch\/fr\/wp-json\/wp\/v2\/ratgeber"}],"about":[{"href":"https:\/\/www.deinadieu.ch\/fr\/wp-json\/wp\/v2\/types\/ratgeber"}],"author":[{"embeddable":true,"href":"https:\/\/www.deinadieu.ch\/fr\/wp-json\/wp\/v2\/users\/2399"}],"replies":[{"embeddable":true,"href":"https:\/\/www.deinadieu.ch\/fr\/wp-json\/wp\/v2\/comments?post=52439"}],"version-history":[{"count":8,"href":"https:\/\/www.deinadieu.ch\/fr\/wp-json\/wp\/v2\/ratgeber\/52439\/revisions"}],"predecessor-version":[{"id":62222,"href":"https:\/\/www.deinadieu.ch\/fr\/wp-json\/wp\/v2\/ratgeber\/52439\/revisions\/62222"}],"wp:featuredmedia":[{"embeddable":true,"href":"https:\/\/www.deinadieu.ch\/fr\/wp-json\/wp\/v2\/media\/44015"}],"wp:attachment":[{"href":"https:\/\/www.deinadieu.ch\/fr\/wp-json\/wp\/v2\/media?parent=52439"}],"wp:term":[{"taxonomy":"post_tag","embeddable":true,"href":"https:\/\/www.deinadieu.ch\/fr\/wp-json\/wp\/v2\/tags?post=52439"},{"taxonomy":"ratgeber-category","embeddable":true,"href":"https:\/\/www.deinadieu.ch\/fr\/wp-json\/wp\/v2\/ratgeber-category?post=52439"}],"curies":[{"name":"wp","href":"https:\/\/api.w.org\/{rel}","templated":true}]}}