{"id":52336,"date":"2021-02-02T09:39:05","date_gmt":"2021-02-02T08:39:05","guid":{"rendered":"https:\/\/www.deinadieu.ch\/ratgeber\/lincapacite-de-discernement-comment-prendre-des-dispositions\/"},"modified":"2022-01-16T22:08:30","modified_gmt":"2022-01-16T21:08:30","slug":"lincapacite-de-discernement-comment-prendre-des-dispositions","status":"publish","type":"ratgeber","link":"https:\/\/www.deinadieu.ch\/fr\/conseiller\/lincapacite-de-discernement-comment-prendre-des-dispositions\/","title":{"rendered":"L&#8217;incapacit\u00e9 de discernement \u2013 Comment prendre des dispositions ?"},"content":{"rendered":"\n<p><strong>Personne n&#8217;aime r\u00e9fl\u00e9chir \u00e0 ce qui se passera si un jour il ou elle n&#8217;est plus en mesure de prendre des d\u00e9cisions autonomes ou de mener une vie autod\u00e9termin\u00e9e. Il est ainsi d&#8217;autant plus important de prendre des pr\u00e9cautions pour parer \u00e0 cette \u00e9ventualit\u00e9.<\/strong><\/p>\n\n<!--more-->\n\n<h2 class=\"wp-block-heading\" id=\"h-definition-der-urteilsunfahigkeit\">D\u00e9finition de \u00ab l&#8217;incapacit\u00e9 de discernement \u00bb<\/h2>\n\n<p>Le CC part du principe que toute personne \u00ab qui n\u2019est pas priv\u00e9e de la facult\u00e9 d\u2019agir raisonnablement en raison de son jeune \u00e2ge, de d\u00e9ficience mentale, de troubles psychiques, d\u2019ivresse ou d\u2019autres causes semblables \u00bb est capable de discernement. Ainsi \u2013 du moins en th\u00e9orie \u2013 d&#8217;autres circonstances ou causes peuvent \u00e9galement alt\u00e9rer la capacit\u00e9 de discernement. En d\u00e9finitive, pour admettre l&#8217;incapacit\u00e9 de discernement, il faut toujours proc\u00e9der \u00e0 une \u00e9valuation au cas par cas, en tenant compte des capacit\u00e9s personnelles et de la complexit\u00e9 de la situation (capacit\u00e9 de discernement relative). Si n\u00e9cessaire, la capacit\u00e9 de discernement peut \u00eatre d\u00e9termin\u00e9e sur la base d&#8217;examens ou de rapports m\u00e9dico-l\u00e9gaux.<\/p>\n\n<p>Une distinction importante concerne la <strong>dur\u00e9e de l&#8217;incapacit\u00e9 de discernement<\/strong> : celle-ci peut \u00eatre uniquement temporaire, par exemple en raison de la consommation d&#8217;alcool, ou durable, comme dans le cas d&#8217;une d\u00e9ficience ou d&#8217;une maladie mentale. Ce dernier cas surtout est probl\u00e9matique et requiert des mesures de pr\u00e9caution, car on ne sait alors pas si et, le cas \u00e9ch\u00e9ant, quand la personne concern\u00e9e retrouvera sa capacit\u00e9 de discernement et comment sa vie va \u00e9voluer jusque-l\u00e0.<\/p>\n\n<p>Il est possible de pr\u00e9venir l&#8217;incapacit\u00e9 de discernement elle-m\u00eame, mais uniquement dans une mesure tr\u00e8s limit\u00e9e, par exemple en cas de d\u00e9mence ou d&#8217;accident. En revanche, il existe des instruments appropri\u00e9s pour prendre des mesures de pr\u00e9caution juridiquement contraignantes pour parer \u00e0 cette \u00e9ventualit\u00e9.<\/p>\n\n<h2 class=\"wp-block-heading\" id=\"h-wie-vorsorgen-fur-den-fall-einer-dauerhaften-urteilsunfahigkeit\">Comment prendre des pr\u00e9cautions pour la survenance d&#8217;une incapacit\u00e9 de discernement durable ?<\/h2>\n\n<h3 class=\"wp-block-heading\" id=\"h-der-vorsorgeauftrag-person-vermogen-rechtsverkehr\">Le mandat pour cause d&#8217;inaptitude : personne, patrimoine, rapports juridiques<\/h3>\n\n<p><strong>La premi\u00e8re mesure est le <a href=\"https:\/\/www.deinadieu.ch\/fr\/mandat-pour-cause-d-inaptitude\/\">mandat pour cause d&#8217;inaptitude<\/a><\/strong> qui, depuis l&#8217;entr\u00e9e en vigueur du nouveau droit de la protection de l&#8217;adulte en 2013, vient compl\u00e9ter les institutions existantes que sont la <a href=\"https:\/\/www.deinadieu.ch\/fr\/conseiller\/la-procuration-au-nom-et-pour-le-compte-de-tiers\/\">procuration<\/a>, le mandat et la directive anticip\u00e9e du patient. Dans le mandat pour cause d&#8217;inaptitude, les personnes ayant l&#8217;exercice des droits civils peuvent prendre des <a href=\"https:\/\/www.deinadieu.ch\/ratgeber\/kesb-was-muss-ich-beim-vorsorgeauftrag-beachten\/\">dispositions \u00e0 titre pr\u00e9ventif<\/a> dans trois domaines essentiels de la vie.<\/p>\n\n<p>Le premier domaine de pr\u00e9voyance est celui de \u00ab <strong>l&#8217;assistance personnelle<\/strong> \u00bb. Cela concerne notamment <strong>le soutien et la prise en charge<\/strong> dans la vie quotidienne, par exemple pour les courses m\u00e9nag\u00e8res, l&#8217;hygi\u00e8ne personnelle ou la correspondance personnelle. L&#8217;assistance personnelle peut \u00e9galement inclure des aspects des soins m\u00e9dicaux, tels que le consentement de la personne d\u00e9sign\u00e9e comme mandataire pour les traitements m\u00e9dicaux ou le contr\u00f4le de la prise de m\u00e9dicaments.<\/p>\n\n<p><strong>Le deuxi\u00e8me domaine de pr\u00e9voyance concerne \u00ab la gestion du patrimoine \u00bb.<\/strong> Le terme de patrimoine est compris de mani\u00e8re large et inclut \u00ab tous les droits et obligations appr\u00e9ciables en argent \u00bb. La gestion du patrimoine s&#8217;entend ainsi de la <strong>gestion des actifs<\/strong> ou des affaires financi\u00e8res d&#8217;une personne qui n&#8217;est pas en mesure de s&#8217;en charger elle-m\u00eame en raison de son incapacit\u00e9 de discernement. La gestion de la fortune a pour objectif de pr\u00e9server ou \u00e9ventuellement d&#8217;augmenter les droits appr\u00e9ciables en argent d&#8217;une personne ainsi que l&#8217;utilisation appropri\u00e9e de ses actifs pour le remboursement de ses obligations financi\u00e8res.<\/p>\n\n<p><strong>Le troisi\u00e8me domaine est la \u00ab repr\u00e9sentation dans les rapports juridiques \u00bb<\/strong>. L&#8217;objet d&#8217;un mandat pour cause d&#8217;inaptitude \u00e0 cet \u00e9gard est la repr\u00e9sentation du mandant pour cause d&#8217;inaptitude dans les rapports juridiques avec les autorit\u00e9s ou d&#8217;autres personnes priv\u00e9es. \u00c0 cette fin, des connaissances juridiques sp\u00e9cialis\u00e9es ne sont pas absolument n\u00e9cessaires, car la repr\u00e9sentation dans les rapports juridiques comprend \u00e9galement des choses du quotidien, telles que la transmission et la r\u00e9ception de d\u00e9clarations de volont\u00e9 ou la conclusion de contrats. Cependant, il peut \u00e9galement s&#8217;agir de la repr\u00e9sentation dans des proc\u00e9dures civiles, p\u00e9nales ou administratives devant les autorit\u00e9s ou les tribunaux, ce qui n\u00e9cessite une meilleure connaissance du droit.<\/p>\n\n<div style=\"height:31px\" aria-hidden=\"true\" class=\"wp-block-spacer\"><\/div>\n\n<div class=\"wp-block-buttons is-layout-flex wp-block-buttons-is-layout-flex\">\n<div class=\"wp-block-button\"><a class=\"wp-block-button__link has-background\" href=\"http:\/\/www.deinadieu.ch\/vorsorgeauftrag\" style=\"background-color:#755669\" target=\"_blank\" rel=\"noreferrer noopener\">Cr\u00e9ez ici votre mandat pour cause d&#8217;inaptitude<\/a><\/div>\n<\/div>\n\n<div style=\"height:31px\" aria-hidden=\"true\" class=\"wp-block-spacer\"><\/div>\n\n<h2 class=\"wp-block-heading\" id=\"h-die-patientenverfugung-medizin-im-fokus\">La directive anticip\u00e9e du patient \u2013 La m\u00e9decine principalement<\/h2>\n\n<p><strong>Le champ d&#8217;application de la <a href=\"https:\/\/www.deinadieu.ch\/fr\/directives-anticipees-du-patient\/\">directive anticip\u00e9e du patient<\/a> est beaucoup plus limit\u00e9 que celui du mandat pour cause d&#8217;inaptitude<\/strong>. Il concerne essentiellement <strong>l&#8217;aspect m\u00e9dical de l&#8217;assistance personnelle<\/strong>. En particulier, la personne qui r\u00e9dige une directive anticip\u00e9e du patient peut y indiquer <strong>les <a href=\"https:\/\/www.deinadieu.ch\/ratgeber\/patientenverfuegung-was-sind-medizinischen-massnahmen\/\">mesures m\u00e9dicales<\/a> sp\u00e9cifiques auxquelles elle consent et celles qu&#8217;elle refuse pour le cas o\u00f9 elle perdrait sa capacit\u00e9 de discernement<\/strong>. Toutefois, elle peut \u00e9galement d\u00e9l\u00e9guer la d\u00e9cision \u00e0 ce sujet \u00e0 une autre personne physique et lui donner des indications sur la mani\u00e8re dont elle doit d\u00e9cider. Cette forme de directive anticip\u00e9e du patient est particuli\u00e8rement proche de l&#8217;assistance personelle dans le cadre du mandat pour cause d&#8217;inaptitude, de sorte qu&#8217;il est conseill\u00e9 de <a href=\"https:\/\/www.deinadieu.ch\/ratgeber\/unterschied-vorsorgeauftrag-und-patientenverfuegung-brauche-ich-beides\/\">coordonner ces deux instruments<\/a> entre eux.<\/p>\n\n<p>La directive anticip\u00e9e du patient ne d\u00e9ploie ses effets que lorsque deux conditions sont r\u00e9unies. Premi\u00e8rement, l&#8217;auteur(e) de la directive anticip\u00e9e du patient doit \u00eatre devenu(e) incapable de discernement. Secondemement, il faut que doive \u00eatre prise une d\u00e9cision relative \u00e0 l&#8217;ex\u00e9cution de mesures ou de traitements m\u00e9dicaux que la personne concern\u00e9e n&#8217;est pas en mesure de prendre en raison de son incapacit\u00e9 de discernement.<\/p>\n\n<p>Le contenu possible de la directive anticip\u00e9e du patient concerne par exemple la r\u00e9animation en cas d&#8217;arr\u00eat cardio-vasculaire, l&#8217;administration de m\u00e9dicaments antidouleur ou le recours \u00e0 des mesures de prolongation de la vie ou de maintien en vie. La question de savoir si et, le cas \u00e9ch\u00e9ant, quelles dispositions sp\u00e9cifiques doivent \u00eatre prises d\u00e9pend des souhaits et des convictions de chacun. Ind\u00e9pendamment de ceux-ci, il est conseill\u00e9 de <a href=\"https:\/\/www.deinadieu.ch\/ratgeber\/patientenverfuegung-hilft-mir-der-hausarzt\/\">consulter d&#8217;abord un professionnel de la sant\u00e9<\/a>, par exemple un m\u00e9decin en qui vous avez confiance.<\/p>\n\n<div style=\"height:30px\" aria-hidden=\"true\" class=\"wp-block-spacer\"><\/div>\n\n<div class=\"wp-block-buttons is-layout-flex wp-block-buttons-is-layout-flex\">\n<div class=\"wp-block-button\"><a class=\"wp-block-button__link has-background\" href=\"https:\/\/www.deinadieu.ch\/fr\/directives-anticipees-du-patient\/\" style=\"background-color:#755669\" target=\"_blank\" rel=\"noreferrer noopener\">Cr\u00e9ez ici votre directive anticip\u00e9e du patient<\/a><\/div>\n<\/div>\n\n<div style=\"height:70px\" aria-hidden=\"true\" class=\"wp-block-spacer\"><\/div>\n\n<hr class=\"wp-block-separator is-style-wide\"\/>\n\n<h2 class=\"wp-block-heading\" id=\"h-das-konnte-sie-auch-interessieren\">Ceci pourrait \u00e9galement vous int\u00e9resser :<\/h2>\n\n<ul class=\"list-disc ml-4 wp-block-list\"><li><a href=\"https:\/\/www.deinadieu.ch\/fr\/mandat-pour-cause-d-inaptitude\/\">Etablir un mandat pour cause d&#8217;inaptitude<\/a><\/li><li><a href=\"https:\/\/www.deinadieu.ch\/fr\/directives-anticipees-du-patient\/\">Etablir une directive anticip\u00e9e du patient<\/a><\/li><li><a href=\"https:\/\/www.deinadieu.ch\/ratgeber\/kesb-was-muss-ich-beim-vorsorgeauftrag-beachten\/\">L&#8217;APEA \u2013 \u00c0 quoi dois-je pr\u00eater attention lors de la conclusion d&#8217;un mandat pour cause d&#8217;inaptitude ?<\/a><\/li><li><a href=\"https:\/\/www.deinadieu.ch\/fr\/conseiller\/la-procuration-au-nom-et-pour-le-compte-de-tiers\/\">La procuration \u2013 Au nom et pour le compte de tiers<\/a><\/li><li><a href=\"https:\/\/www.deinadieu.ch\/ratgeber\/unterschied-vorsorgeauftrag-und-patientenverfuegung-brauche-ich-beides\/\">La diff\u00e9rence entre le mandat pour cause d&#8217;inaptitude et la directive anticip\u00e9e du patient \u2013 Ai-je besoin des deux ?<\/a><\/li><li><a href=\"https:\/\/www.deinadieu.ch\/ratgeber\/patientenverfuegung-was-sind-medizinischen-massnahmen\/\">La directive anticip\u00e9e du patient \u2013 Que sont les mesures m\u00e9dicales ?<\/a><\/li><li><a href=\"https:\/\/www.deinadieu.ch\/ratgeber\/patientenverfuegung-hilft-mir-der-hausarzt\/\">La directive anticip\u00e9e du patient \u2013 Le m\u00e9decin de famille peut-il m&#8217;aider ?<\/a><\/li><\/ul>","protected":false},"excerpt":{"rendered":"<p>Personne n&#8217;aime r\u00e9fl\u00e9chir \u00e0 ce qui se passera si un jour il ou elle n&#8217;est plus en mesure de prendre des d\u00e9cisions autonomes ou de mener une vie autod\u00e9termin\u00e9e. Il est ainsi d&#8217;autant plus important de prendre des pr\u00e9cautions pour parer \u00e0 cette \u00e9ventualit\u00e9.<\/p>\n","protected":false},"author":2398,"featured_media":29174,"menu_order":0,"comment_status":"open","ping_status":"closed","template":"","tags":[2741,2742,2087],"ratgeber-category":[2998,3005],"class_list":["post-52336","ratgeber","type-ratgeber","status-publish","has-post-thumbnail","hentry","tag-directive-anticipee-du-patient","tag-mandat-pour-cause-dinaptitude","tag-prevoyance","ratgeber-category-directives-anticipees-du-patient","ratgeber-category-mandat-pour-cause-dinaptitude-directives-anticipees-du-patient-procuration"],"acf":[],"yoast_head":"<title>Incapacit\u00e9 de discernement \u2013 La mani\u00e8re id\u00e9ale de prendre des dispositions \u00e0 ce sujet | DeinAdieu<\/title>\n<meta name=\"description\" content=\"Vous trouverez ici la d\u00e9finition de l&#039;incapacit\u00e9 de discernement et d\u00e9couvrirez comment prendre les bonnes dispositions : avec un mandat pour cause d&#039;inaptitude et une directive anticip\u00e9e du patient.\" \/>\n<meta name=\"robots\" content=\"index, follow, max-snippet:-1, max-image-preview:large, max-video-preview:-1\" \/>\n<link rel=\"canonical\" href=\"https:\/\/www.deinadieu.ch\/fr\/conseiller\/lincapacite-de-discernement-comment-prendre-des-dispositions\/\" \/>\n<meta property=\"og:locale\" content=\"fr_FR\" \/>\n<meta property=\"og:type\" content=\"article\" \/>\n<meta property=\"og:title\" content=\"L&#039;incapacit\u00e9 de discernement \u2013 Comment prendre des dispositions ?\" \/>\n<meta property=\"og:description\" content=\"Personne n&#039;aime r\u00e9fl\u00e9chir \u00e0 ce qui se passera si un jour il ou elle n&#039;est plus en mesure de prendre des d\u00e9cisions autonomes ou de mener une vie\" \/>\n<meta property=\"og:url\" content=\"https:\/\/www.deinadieu.ch\/fr\/conseiller\/lincapacite-de-discernement-comment-prendre-des-dispositions\/\" \/>\n<meta property=\"og:site_name\" content=\"DeinAdieu.ch\" \/>\n<meta property=\"article:publisher\" content=\"https:\/\/www.facebook.com\/deinadieu\" \/>\n<meta property=\"article:modified_time\" content=\"2022-01-16T21:08:30+00:00\" \/>\n<meta property=\"og:image\" content=\"https:\/\/static.deinadieu.ch\/uploads\/2021\/02\/iStock-628349242-scaled.jpg\" \/>\n\t<meta property=\"og:image:width\" content=\"2560\" \/>\n\t<meta property=\"og:image:height\" content=\"1707\" \/>\n\t<meta property=\"og:image:type\" content=\"image\/jpeg\" \/>\n<meta name=\"twitter:card\" content=\"summary_large_image\" \/>\n<meta name=\"twitter:site\" content=\"@DeinAdieu\" \/>\n<meta name=\"twitter:label1\" content=\"Est. reading time\" \/>\n\t<meta name=\"twitter:data1\" content=\"6 minutes\" \/>\n<script type=\"application\/ld+json\" class=\"yoast-schema-graph\">{\"@context\":\"https:\\\/\\\/schema.org\",\"@graph\":[{\"@type\":\"WebPage\",\"@id\":\"https:\\\/\\\/www.deinadieu.ch\\\/fr\\\/conseiller\\\/lincapacite-de-discernement-comment-prendre-des-dispositions\\\/\",\"url\":\"https:\\\/\\\/www.deinadieu.ch\\\/fr\\\/conseiller\\\/lincapacite-de-discernement-comment-prendre-des-dispositions\\\/\",\"name\":\"Incapacit\u00e9 de discernement \u2013 La mani\u00e8re id\u00e9ale de prendre des dispositions \u00e0 ce sujet | DeinAdieu\",\"isPartOf\":{\"@id\":\"https:\\\/\\\/www.deinadieu.ch\\\/fr\\\/#website\"},\"primaryImageOfPage\":{\"@id\":\"https:\\\/\\\/www.deinadieu.ch\\\/fr\\\/conseiller\\\/lincapacite-de-discernement-comment-prendre-des-dispositions\\\/#primaryimage\"},\"image\":{\"@id\":\"https:\\\/\\\/www.deinadieu.ch\\\/fr\\\/conseiller\\\/lincapacite-de-discernement-comment-prendre-des-dispositions\\\/#primaryimage\"},\"thumbnailUrl\":\"https:\\\/\\\/www.deinadieu.ch\\\/wp-content\\\/uploads\\\/2021\\\/02\\\/iStock-628349242-scaled.jpg\",\"datePublished\":\"2021-02-02T08:39:05+00:00\",\"dateModified\":\"2022-01-16T21:08:30+00:00\",\"description\":\"Vous trouverez ici la d\u00e9finition de l'incapacit\u00e9 de discernement et d\u00e9couvrirez comment prendre les bonnes dispositions : avec un mandat pour cause d'inaptitude et une directive anticip\u00e9e du patient.\",\"breadcrumb\":{\"@id\":\"https:\\\/\\\/www.deinadieu.ch\\\/fr\\\/conseiller\\\/lincapacite-de-discernement-comment-prendre-des-dispositions\\\/#breadcrumb\"},\"inLanguage\":\"fr-FR\",\"potentialAction\":[{\"@type\":\"ReadAction\",\"target\":[\"https:\\\/\\\/www.deinadieu.ch\\\/fr\\\/conseiller\\\/lincapacite-de-discernement-comment-prendre-des-dispositions\\\/\"]}]},{\"@type\":\"ImageObject\",\"inLanguage\":\"fr-FR\",\"@id\":\"https:\\\/\\\/www.deinadieu.ch\\\/fr\\\/conseiller\\\/lincapacite-de-discernement-comment-prendre-des-dispositions\\\/#primaryimage\",\"url\":\"https:\\\/\\\/www.deinadieu.ch\\\/wp-content\\\/uploads\\\/2021\\\/02\\\/iStock-628349242-scaled.jpg\",\"contentUrl\":\"https:\\\/\\\/www.deinadieu.ch\\\/wp-content\\\/uploads\\\/2021\\\/02\\\/iStock-628349242-scaled.jpg\",\"width\":2560,\"height\":1707,\"caption\":\"L'incapacit\u00e9 de discernement \u2013 Comment prendre des dispositions ?\"},{\"@type\":\"BreadcrumbList\",\"@id\":\"https:\\\/\\\/www.deinadieu.ch\\\/fr\\\/conseiller\\\/lincapacite-de-discernement-comment-prendre-des-dispositions\\\/#breadcrumb\",\"itemListElement\":[{\"@type\":\"ListItem\",\"position\":1,\"name\":\"Home\",\"item\":\"https:\\\/\\\/www.deinadieu.ch\\\/fr\\\/deinadieu-dialog-und-serviceportal-zum-lebensende\\\/\"},{\"@type\":\"ListItem\",\"position\":2,\"name\":\"Ratgeber\",\"item\":\"https:\\\/\\\/www.deinadieu.ch\\\/fr\\\/conseiller\\\/\"},{\"@type\":\"ListItem\",\"position\":3,\"name\":\"L&#8217;incapacit\u00e9 de discernement \u2013 Comment prendre des dispositions ?\"}]},{\"@type\":\"WebSite\",\"@id\":\"https:\\\/\\\/www.deinadieu.ch\\\/fr\\\/#website\",\"url\":\"https:\\\/\\\/www.deinadieu.ch\\\/fr\\\/\",\"name\":\"DeinAdieu.ch\",\"description\":\"Testament, Patientenverf\u00fcgung und Vorsorgeauftrag\",\"publisher\":{\"@id\":\"https:\\\/\\\/www.deinadieu.ch\\\/fr\\\/#organization\"},\"potentialAction\":[{\"@type\":\"SearchAction\",\"target\":{\"@type\":\"EntryPoint\",\"urlTemplate\":\"https:\\\/\\\/www.deinadieu.ch\\\/fr\\\/?s={search_term_string}\"},\"query-input\":{\"@type\":\"PropertyValueSpecification\",\"valueRequired\":true,\"valueName\":\"search_term_string\"}}],\"inLanguage\":\"fr-FR\"},{\"@type\":\"Organization\",\"@id\":\"https:\\\/\\\/www.deinadieu.ch\\\/fr\\\/#organization\",\"name\":\"EMNA Web GmbH\",\"url\":\"https:\\\/\\\/www.deinadieu.ch\\\/fr\\\/\",\"logo\":{\"@type\":\"ImageObject\",\"inLanguage\":\"fr-FR\",\"@id\":\"https:\\\/\\\/www.deinadieu.ch\\\/fr\\\/#\\\/schema\\\/logo\\\/image\\\/\",\"url\":\"https:\\\/\\\/www.deinadieu.ch\\\/wp-content\\\/uploads\\\/2016\\\/01\\\/DeinAdieu_Logo.png\",\"contentUrl\":\"https:\\\/\\\/www.deinadieu.ch\\\/wp-content\\\/uploads\\\/2016\\\/01\\\/DeinAdieu_Logo.png\",\"width\":300,\"height\":117,\"caption\":\"EMNA Web GmbH\"},\"image\":{\"@id\":\"https:\\\/\\\/www.deinadieu.ch\\\/fr\\\/#\\\/schema\\\/logo\\\/image\\\/\"},\"sameAs\":[\"https:\\\/\\\/www.facebook.com\\\/deinadieu\",\"https:\\\/\\\/x.com\\\/DeinAdieu\",\"https:\\\/\\\/www.instagram.com\\\/deinadieu\\\/\",\"https:\\\/\\\/www.linkedin.com\\\/company\\\/deinadieu.ch\"]}]}<\/script>","yoast_head_json":{"title":"Incapacit\u00e9 de discernement \u2013 La mani\u00e8re id\u00e9ale de prendre des dispositions \u00e0 ce sujet | DeinAdieu","description":"Vous trouverez ici la d\u00e9finition de l'incapacit\u00e9 de discernement et d\u00e9couvrirez comment prendre les bonnes dispositions : avec un mandat pour cause d'inaptitude et une directive anticip\u00e9e du patient.","robots":{"index":"index","follow":"follow","max-snippet":"max-snippet:-1","max-image-preview":"max-image-preview:large","max-video-preview":"max-video-preview:-1"},"canonical":"https:\/\/www.deinadieu.ch\/fr\/conseiller\/lincapacite-de-discernement-comment-prendre-des-dispositions\/","og_locale":"fr_FR","og_type":"article","og_title":"L'incapacit\u00e9 de discernement \u2013 Comment prendre des dispositions ?","og_description":"Personne n'aime r\u00e9fl\u00e9chir \u00e0 ce qui se passera si un jour il ou elle n'est plus en mesure de prendre des d\u00e9cisions autonomes ou de mener une vie","og_url":"https:\/\/www.deinadieu.ch\/fr\/conseiller\/lincapacite-de-discernement-comment-prendre-des-dispositions\/","og_site_name":"DeinAdieu.ch","article_publisher":"https:\/\/www.facebook.com\/deinadieu","article_modified_time":"2022-01-16T21:08:30+00:00","og_image":[{"width":2560,"height":1707,"url":"https:\/\/static.deinadieu.ch\/uploads\/2021\/02\/iStock-628349242-scaled.jpg","type":"image\/jpeg"}],"twitter_card":"summary_large_image","twitter_site":"@DeinAdieu","twitter_misc":{"Est. reading time":"6 minutes"},"schema":{"@context":"https:\/\/schema.org","@graph":[{"@type":"WebPage","@id":"https:\/\/www.deinadieu.ch\/fr\/conseiller\/lincapacite-de-discernement-comment-prendre-des-dispositions\/","url":"https:\/\/www.deinadieu.ch\/fr\/conseiller\/lincapacite-de-discernement-comment-prendre-des-dispositions\/","name":"Incapacit\u00e9 de discernement \u2013 La mani\u00e8re id\u00e9ale de prendre des dispositions \u00e0 ce sujet | DeinAdieu","isPartOf":{"@id":"https:\/\/www.deinadieu.ch\/fr\/#website"},"primaryImageOfPage":{"@id":"https:\/\/www.deinadieu.ch\/fr\/conseiller\/lincapacite-de-discernement-comment-prendre-des-dispositions\/#primaryimage"},"image":{"@id":"https:\/\/www.deinadieu.ch\/fr\/conseiller\/lincapacite-de-discernement-comment-prendre-des-dispositions\/#primaryimage"},"thumbnailUrl":"https:\/\/www.deinadieu.ch\/wp-content\/uploads\/2021\/02\/iStock-628349242-scaled.jpg","datePublished":"2021-02-02T08:39:05+00:00","dateModified":"2022-01-16T21:08:30+00:00","description":"Vous trouverez ici la d\u00e9finition de l'incapacit\u00e9 de discernement et d\u00e9couvrirez comment prendre les bonnes dispositions : avec un mandat pour cause d'inaptitude et une directive anticip\u00e9e du patient.","breadcrumb":{"@id":"https:\/\/www.deinadieu.ch\/fr\/conseiller\/lincapacite-de-discernement-comment-prendre-des-dispositions\/#breadcrumb"},"inLanguage":"fr-FR","potentialAction":[{"@type":"ReadAction","target":["https:\/\/www.deinadieu.ch\/fr\/conseiller\/lincapacite-de-discernement-comment-prendre-des-dispositions\/"]}]},{"@type":"ImageObject","inLanguage":"fr-FR","@id":"https:\/\/www.deinadieu.ch\/fr\/conseiller\/lincapacite-de-discernement-comment-prendre-des-dispositions\/#primaryimage","url":"https:\/\/www.deinadieu.ch\/wp-content\/uploads\/2021\/02\/iStock-628349242-scaled.jpg","contentUrl":"https:\/\/www.deinadieu.ch\/wp-content\/uploads\/2021\/02\/iStock-628349242-scaled.jpg","width":2560,"height":1707,"caption":"L'incapacit\u00e9 de discernement \u2013 Comment prendre des dispositions ?"},{"@type":"BreadcrumbList","@id":"https:\/\/www.deinadieu.ch\/fr\/conseiller\/lincapacite-de-discernement-comment-prendre-des-dispositions\/#breadcrumb","itemListElement":[{"@type":"ListItem","position":1,"name":"Home","item":"https:\/\/www.deinadieu.ch\/fr\/deinadieu-dialog-und-serviceportal-zum-lebensende\/"},{"@type":"ListItem","position":2,"name":"Ratgeber","item":"https:\/\/www.deinadieu.ch\/fr\/conseiller\/"},{"@type":"ListItem","position":3,"name":"L&#8217;incapacit\u00e9 de discernement \u2013 Comment prendre des dispositions ?"}]},{"@type":"WebSite","@id":"https:\/\/www.deinadieu.ch\/fr\/#website","url":"https:\/\/www.deinadieu.ch\/fr\/","name":"DeinAdieu.ch","description":"Testament, Patientenverf\u00fcgung und Vorsorgeauftrag","publisher":{"@id":"https:\/\/www.deinadieu.ch\/fr\/#organization"},"potentialAction":[{"@type":"SearchAction","target":{"@type":"EntryPoint","urlTemplate":"https:\/\/www.deinadieu.ch\/fr\/?s={search_term_string}"},"query-input":{"@type":"PropertyValueSpecification","valueRequired":true,"valueName":"search_term_string"}}],"inLanguage":"fr-FR"},{"@type":"Organization","@id":"https:\/\/www.deinadieu.ch\/fr\/#organization","name":"EMNA Web GmbH","url":"https:\/\/www.deinadieu.ch\/fr\/","logo":{"@type":"ImageObject","inLanguage":"fr-FR","@id":"https:\/\/www.deinadieu.ch\/fr\/#\/schema\/logo\/image\/","url":"https:\/\/www.deinadieu.ch\/wp-content\/uploads\/2016\/01\/DeinAdieu_Logo.png","contentUrl":"https:\/\/www.deinadieu.ch\/wp-content\/uploads\/2016\/01\/DeinAdieu_Logo.png","width":300,"height":117,"caption":"EMNA Web GmbH"},"image":{"@id":"https:\/\/www.deinadieu.ch\/fr\/#\/schema\/logo\/image\/"},"sameAs":["https:\/\/www.facebook.com\/deinadieu","https:\/\/x.com\/DeinAdieu","https:\/\/www.instagram.com\/deinadieu\/","https:\/\/www.linkedin.com\/company\/deinadieu.ch"]}]}},"_links":{"self":[{"href":"https:\/\/www.deinadieu.ch\/fr\/wp-json\/wp\/v2\/ratgeber\/52336","targetHints":{"allow":["GET"]}}],"collection":[{"href":"https:\/\/www.deinadieu.ch\/fr\/wp-json\/wp\/v2\/ratgeber"}],"about":[{"href":"https:\/\/www.deinadieu.ch\/fr\/wp-json\/wp\/v2\/types\/ratgeber"}],"author":[{"embeddable":true,"href":"https:\/\/www.deinadieu.ch\/fr\/wp-json\/wp\/v2\/users\/2398"}],"replies":[{"embeddable":true,"href":"https:\/\/www.deinadieu.ch\/fr\/wp-json\/wp\/v2\/comments?post=52336"}],"version-history":[{"count":8,"href":"https:\/\/www.deinadieu.ch\/fr\/wp-json\/wp\/v2\/ratgeber\/52336\/revisions"}],"predecessor-version":[{"id":55207,"href":"https:\/\/www.deinadieu.ch\/fr\/wp-json\/wp\/v2\/ratgeber\/52336\/revisions\/55207"}],"wp:featuredmedia":[{"embeddable":true,"href":"https:\/\/www.deinadieu.ch\/fr\/wp-json\/wp\/v2\/media\/29174"}],"wp:attachment":[{"href":"https:\/\/www.deinadieu.ch\/fr\/wp-json\/wp\/v2\/media?parent=52336"}],"wp:term":[{"taxonomy":"post_tag","embeddable":true,"href":"https:\/\/www.deinadieu.ch\/fr\/wp-json\/wp\/v2\/tags?post=52336"},{"taxonomy":"ratgeber-category","embeddable":true,"href":"https:\/\/www.deinadieu.ch\/fr\/wp-json\/wp\/v2\/ratgeber-category?post=52336"}],"curies":[{"name":"wp","href":"https:\/\/api.w.org\/{rel}","templated":true}]}}