{"id":26736,"date":"2017-08-08T14:58:45","date_gmt":"2017-08-08T12:58:45","guid":{"rendered":"https:\/\/www.deinadieu.ch\/ratgeber\/deces-sans-parente-qui-est-competent\/"},"modified":"2023-10-15T06:04:37","modified_gmt":"2023-10-15T04:04:37","slug":"deces-sans-parente-qui-est-competent","status":"publish","type":"ratgeber","link":"https:\/\/www.deinadieu.ch\/fr\/conseiller\/deces-sans-parente-qui-est-competent\/","title":{"rendered":"D\u00e9c\u00e8s sans parent\u00e9 \u2013 Qui est comp\u00e9tent ?"},"content":{"rendered":"\n<p>Si le d\u00e9funt n\u2019a pas de famille, la commune de r\u00e9sidence se charge dans un premier temps des fun\u00e9railles. Cependant, elle facture ensuite les co\u00fbts aux membres de la famille si elle parvient \u00e0 les retrouver.<\/p>\n\n<!--more-->\n\n<h2 class=\"wp-block-heading\">Qui s&#8217;occupe de la succession s&#8217;il n&#8217;y a pas de proches ?<\/h2>\n\n<p>En cas de d\u00e9c\u00e8s, la commune essaie, dans un premier temps, de retrouver les proches du d\u00e9funt. La commune dans laquelle le d\u00e9funt \u00e9tait domicili\u00e9 est comp\u00e9tente. <strong>Si les proches ne s&#8217;occupent pas des fun\u00e9railles ou si la personne d\u00e9c\u00e9d\u00e9e n&#8217;a pas de famille, c&#8217;est la commune, dans l&#8217;imm\u00e9diat, qui organise l&#8217;enterrement du d\u00e9funt.<\/strong> S\u2019il s\u2019av\u00e8re n\u00e9anmoins apr\u00e8s le d\u00e9c\u00e8s que la personne d\u00e9c\u00e9d\u00e9e a des proches, les frais des fun\u00e9railles leur sont alors factur\u00e9s. Cela co\u00fbte d\u2019ailleurs plus cher aux membres de la famille que s\u2019ils avaient organis\u00e9 eux-m\u00eames les fun\u00e9railles. <\/p>\n\n<h2 class=\"wp-block-heading\">\u00c0 quoi faut-il faire attention lors des fun\u00e9railles ?<\/h2>\n\n<p>L&#8217;office comp\u00e9tent pour les <a href=\"https:\/\/www.deinadieu.ch\/fr\/contrats-modeles-de-lettres\/\">fun\u00e9railles<\/a> doit d\u00e9terminer si le\/la d\u00e9funt(e) avait exprim\u00e9, sous quelque forme que soit, une volont\u00e9 particuli\u00e8re concernant les obs\u00e8ques. Il peut s&#8217;agir par exemple d&#8217;une disposition relative au <a href=\"https:\/\/www.deinadieu.ch\/ratgeber\/graeber-und-grabarten\/\">type de tombe qu&#8217;il\/elle souhaite<\/a> (p. ex. tombe \u00e0 urne, tombe en pleine terre ou tombe commune). Dans le cadre des fun\u00e9railles, il convient \u00e9galement de tenir compte de l&#8217;\u00e9ventuelle appartenance religieuse du d\u00e9funt. En effet, en fonction de cette derni\u00e8re, les fun\u00e9railles doivent suivre un rite religieux pr\u00e9cis.<\/p>\n\n<p>Si <a href=\"https:\/\/www.deinadieu.ch\/ratgeber\/ich-habe-keine-nachkommen-wer-erbt\/\" target=\"_blank\" rel=\"noreferrer noopener\">une personne d\u00e9c\u00e8de sans laisser de descendants<\/a>, la loi pr\u00e9voit que d&#8217;autres parents sont h\u00e9ritiers. Dans <a href=\"https:\/\/www.deinadieu.ch\/ratgeber\/vererben-ohne-testament-das-parentel-system\/\" target=\"_blank\" rel=\"noreferrer noopener\">le syst\u00e8me de parent\u00e8les<\/a>, on passe ainsi \u00e0 la deuxi\u00e8me parent\u00e8le des parents. Si ceux-ci sont pr\u00e9d\u00e9c\u00e9d\u00e9s, les fr\u00e8res et s\u0153urs prennent leur place. Enfin, il est judicieux d&#8217;instituer h\u00e9riti\u00e8res des personnes sans lien de parent\u00e9 ou des organisations de votre choix au moyen d&#8217;une disposition testamentaire.<\/p>\n\n        <div class=\"relative shadow-lg -mx-12 mb-4 overflow-hidden\" style=\"background-image: url('https:\/\/www.deinadieu.ch\/wp-content\/themes\/da-v4\/assets\/v4\/banner\/bestattung.jpg'); background-size: cover; background-position: center\">\n            <div class=\"banner-white-box md:w-3\/5 text-black -ml-16 pl-16\" style=\"background-color: rgba(255,255,255,0.75)\">\n                <div class=\"inner\">\n                    <div class=\"text-2xl p-12\">Je voudrais <strong>d\u00e9cider moi-m\u00eame de<\/strong> la mani\u00e8re dont mes fun\u00e9railles devraient se d\u00e9rouler.<\/div>\n                    <div class=\"px-12 md:mr-16\">\n                        <a href=\"https:\/\/www.deinadieu.ch\/vertraege-briefe\/view\/organisationshilfe-vor-der-bestattung\/\" target=\"_blank\" class=\"btn btn-da btn-small btn-block\">Planifier les fun\u00e9railles<\/a>\n                        <a href=\"https:\/\/www.deinadieu.ch\/todesfall\" target=\"_blank\" class=\"mt-4 btn btn-da btn-small btn-block\">Annoncer un d\u00e9c\u00e8s<\/a>\n                    <\/div>\n                    <div class=\"px-12 py-8\">\n                        <img decoding=\"async\" src=\"https:\/\/www.deinadieu.ch\/wp-content\/themes\/da-v4\/assets\/v4\/deinadieu_logo_dark.svg\" class=\"h-12\">\n                    <\/div>\n                <\/div>\n            <\/div>\n        <\/div>\n        \n\n<h2 class=\"wp-block-heading\" id=\"h-wer-zahlt-wenn-eine-person-ohne-vermogen-verstirbt\">Qui paie losqu&#8217;une personne sans patrimoine d\u00e9c\u00e8de ?<\/h2>\n\n<p>L\u2019objectif de l\u2019assistance sociale \u00e9tant de garantir une subsistance ad\u00e9quate, son champ d\u2019application est limit\u00e9 aux personnes vivantes et elle ne s\u2019applique pas en cas de d\u00e9c\u00e8s. L&#8217;aide financi\u00e8re des proches pour les frais fun\u00e9raires est \u00e9galement exclue par la loi, car elle ne s\u2019applique qu\u2019aux prestations de subsistance. Il incombe aux <a href=\"https:\/\/www.bern.ch\/themen\/personliches\/todesfall\/unentgeltliche-bestattung\" target=\"_blank\" rel=\"noreferrer noopener\">communes<\/a> de garantir des fun\u00e9railles d\u00e9centes \u00e0 tout le monde. En effet, toute personne a droit \u00e0 des fun\u00e9railles d\u00e9centes, car cela fait partie de la dignit\u00e9 humaine et est prot\u00e9g\u00e9 par la <a href=\"https:\/\/www.fedlex.admin.ch\/eli\/cc\/1999\/404\/de\" target=\"_blank\" rel=\"noreferrer noopener\">Constitution f\u00e9d\u00e9rale<\/a>. Tous les frais occasionn\u00e9s par un enterrement dans un lieu d\u2019inhumation officiel du lieu de r\u00e9sidence ou du lieu de d\u00e9c\u00e8s sont consid\u00e9r\u00e9s comme des frais fun\u00e9raires. <\/p>\n\n<h2 class=\"wp-block-heading\" id=\"h-woruber-man-sich-gedanken-machen-kann\">Ce \u00e0 quoi on peut r\u00e9fl\u00e9chir :<\/h2>\n\n<ul class=\"wp-block-list\">\n<li>Avez-vous d\u00e9j\u00e0 pens\u00e9 au type de tombe que vous souhaitez pour votre enterrement ?<\/li>\n\n\n\n<li>Un rite religieux particulier devrait-il \u00eatre suivi ? Si tel est le cas, une disposition aurait du sens.<\/li>\n\n\n\n<li>Avez-vous des descendants qui h\u00e9ritent de par la loi ?<\/li>\n\n\n\n<li>\u00c0 qui voulez-vous laisser quelque chose ? <\/li>\n\n\n\n<li>Un testament serait-il judicieux ?<\/li>\n<\/ul>\n\n<div style=\"height:25px\" aria-hidden=\"true\" class=\"wp-block-spacer\"><\/div>\n\n<div class=\"wp-block-buttons is-layout-flex wp-block-buttons-is-layout-flex\">\n<div class=\"wp-block-button\"><a class=\"wp-block-button__link wp-element-button\" href=\"https:\/\/app.deinadieu.ch\/testament\">Etablir un testament gratuitement<\/a><\/div>\n<\/div>\n\n<h2 class=\"wp-block-heading text-2xl\" id=\"h-das-konnte-sie-auch-interessieren\">Ceci pourrait \u00e9galement vous int\u00e9resser :<\/h2>\n\n<ul class=\"list-disc ml-4 wp-block-list\">\n<li><a href=\"https:\/\/www.deinadieu.ch\/fr\/conseiller\/que-faut-il-faire-apres-un-deces\/\">D\u00e9c\u00e8s &#8211; Que faire en cas de d\u00e9c\u00e8s ?<\/a><\/li>\n\n\n\n<li><a href=\"https:\/\/www.deinadieu.ch\/ratgeber\/graeber-und-grabarten\/\" target=\"_blank\" rel=\"noreferrer noopener\">Plus qu&#8217;une simple tombe \u2013 Un m\u00e9morial digne<\/a><\/li>\n\n\n\n<li><a href=\"https:\/\/www.deinadieu.ch\/fr\/conseiller\/de-quoi-sont-composees-les-funerailles-et-a-quoi-devraient-ressembler-les-miennes\/\" target=\"_blank\" rel=\"noreferrer noopener\">Qu&#8217;est-ce qui composent les fun\u00e9railles et \u00e0 quoi devraient ressembler les miennes ?<\/a><\/li>\n\n\n\n<li><a href=\"https:\/\/www.deinadieu.ch\/fr\/conseiller\/obligation-dannoncer-que-faire-en-cas-de-deces\/\" target=\"_blank\" rel=\"noreferrer noopener\">Obligations par la suite \u2013 Quand et \u00e0 qui dois-je annoncer le d\u00e9c\u00e8s ?<\/a><\/li>\n\n\n\n<li><a href=\"https:\/\/www.deinadieu.ch\/ratgeber\/vertraege-kuendigen\/\" target=\"_blank\" rel=\"noreferrer noopener\">R\u00e9siliation de contrats en cas de d\u00e9c\u00e8s \u2013 Les contrats prennent-ils fin automatiquement ?<\/a><\/li>\n<\/ul>\n","protected":false},"excerpt":{"rendered":"<p>Si le d\u00e9funt n\u2019a pas de famille, la commune de r\u00e9sidence se charge dans un premier temps des fun\u00e9railles. Cependant, elle facture ensuite les co\u00fbts aux membres de la famille si elle parvient \u00e0 les retrouver.<\/p>\n","protected":false},"author":2399,"featured_media":26737,"menu_order":0,"comment_status":"open","ping_status":"closed","template":"","tags":[2425,2059,2422,2421,2420,2426],"ratgeber-category":[2997,2104],"class_list":["post-26736","ratgeber","type-ratgeber","status-publish","has-post-thumbnail","hentry","tag-aide-sociale","tag-deces","tag-enterrement","tag-inhumation","tag-patrimoine","tag-soutien-de-proches","ratgeber-category-en-cas-de-deces","ratgeber-category-funerailles"],"acf":[],"yoast_head":"<title>D\u00e9c\u00e8s sans parent\u00e9 \u2013 Qui est comp\u00e9tent ? | DeinAdieu<\/title>\n<meta name=\"description\" content=\"Que se passe-t-il lorsqu&#039;une personne d\u00e9c\u00e8de sans avoir de famille ? Qui s&#039;occupe de la succession et des fun\u00e9railles ? Qui paie les frais fun\u00e9raires ?\" \/>\n<meta name=\"robots\" content=\"index, follow, max-snippet:-1, max-image-preview:large, max-video-preview:-1\" \/>\n<link rel=\"canonical\" href=\"https:\/\/www.deinadieu.ch\/fr\/conseiller\/deces-sans-parente-qui-est-competent\/\" \/>\n<meta property=\"og:locale\" content=\"fr_FR\" \/>\n<meta property=\"og:type\" content=\"article\" \/>\n<meta property=\"og:title\" content=\"D\u00e9c\u00e8s sans parent\u00e9 \u2013 Qui est comp\u00e9tent ?\" \/>\n<meta property=\"og:description\" content=\"Si le d\u00e9funt n\u2019a pas de famille, la commune de r\u00e9sidence se charge dans un premier temps des fun\u00e9railles. Cependant, elle facture ensuite les co\u00fbts aux\" \/>\n<meta property=\"og:url\" content=\"https:\/\/www.deinadieu.ch\/fr\/conseiller\/deces-sans-parente-qui-est-competent\/\" \/>\n<meta property=\"og:site_name\" content=\"DeinAdieu.ch\" \/>\n<meta property=\"article:publisher\" content=\"https:\/\/www.facebook.com\/deinadieu\" \/>\n<meta property=\"article:modified_time\" content=\"2023-10-15T04:04:37+00:00\" \/>\n<meta property=\"og:image\" content=\"https:\/\/static.deinadieu.ch\/uploads\/2017\/08\/Rat_Todesfall-ohne-Angehorige.jpg\" \/>\n\t<meta property=\"og:image:width\" content=\"1329\" \/>\n\t<meta property=\"og:image:height\" content=\"719\" \/>\n\t<meta property=\"og:image:type\" content=\"image\/jpeg\" \/>\n<meta name=\"twitter:card\" content=\"summary_large_image\" \/>\n<meta name=\"twitter:site\" content=\"@DeinAdieu\" \/>\n<meta name=\"twitter:label1\" content=\"Est. reading time\" \/>\n\t<meta name=\"twitter:data1\" content=\"3 minutes\" \/>\n<script type=\"application\/ld+json\" class=\"yoast-schema-graph\">{\"@context\":\"https:\\\/\\\/schema.org\",\"@graph\":[{\"@type\":\"WebPage\",\"@id\":\"https:\\\/\\\/www.deinadieu.ch\\\/fr\\\/conseiller\\\/deces-sans-parente-qui-est-competent\\\/\",\"url\":\"https:\\\/\\\/www.deinadieu.ch\\\/fr\\\/conseiller\\\/deces-sans-parente-qui-est-competent\\\/\",\"name\":\"D\u00e9c\u00e8s sans parent\u00e9 \u2013 Qui est comp\u00e9tent ? | DeinAdieu\",\"isPartOf\":{\"@id\":\"https:\\\/\\\/www.deinadieu.ch\\\/fr\\\/#website\"},\"primaryImageOfPage\":{\"@id\":\"https:\\\/\\\/www.deinadieu.ch\\\/fr\\\/conseiller\\\/deces-sans-parente-qui-est-competent\\\/#primaryimage\"},\"image\":{\"@id\":\"https:\\\/\\\/www.deinadieu.ch\\\/fr\\\/conseiller\\\/deces-sans-parente-qui-est-competent\\\/#primaryimage\"},\"thumbnailUrl\":\"https:\\\/\\\/www.deinadieu.ch\\\/wp-content\\\/uploads\\\/2017\\\/08\\\/Rat_Todesfall-ohne-Angehorige.jpg\",\"datePublished\":\"2017-08-08T12:58:45+00:00\",\"dateModified\":\"2023-10-15T04:04:37+00:00\",\"description\":\"Que se passe-t-il lorsqu'une personne d\u00e9c\u00e8de sans avoir de famille ? Qui s'occupe de la succession et des fun\u00e9railles ? Qui paie les frais fun\u00e9raires ?\",\"breadcrumb\":{\"@id\":\"https:\\\/\\\/www.deinadieu.ch\\\/fr\\\/conseiller\\\/deces-sans-parente-qui-est-competent\\\/#breadcrumb\"},\"inLanguage\":\"fr-FR\",\"potentialAction\":[{\"@type\":\"ReadAction\",\"target\":[\"https:\\\/\\\/www.deinadieu.ch\\\/fr\\\/conseiller\\\/deces-sans-parente-qui-est-competent\\\/\"]}]},{\"@type\":\"ImageObject\",\"inLanguage\":\"fr-FR\",\"@id\":\"https:\\\/\\\/www.deinadieu.ch\\\/fr\\\/conseiller\\\/deces-sans-parente-qui-est-competent\\\/#primaryimage\",\"url\":\"https:\\\/\\\/www.deinadieu.ch\\\/wp-content\\\/uploads\\\/2017\\\/08\\\/Rat_Todesfall-ohne-Angehorige.jpg\",\"contentUrl\":\"https:\\\/\\\/www.deinadieu.ch\\\/wp-content\\\/uploads\\\/2017\\\/08\\\/Rat_Todesfall-ohne-Angehorige.jpg\",\"width\":1329,\"height\":719,\"caption\":\"D\u00e9c\u00e9d\u00e9 sans proches : qui s'occupe de la succession ? (Photo : Daniela Friedli)\"},{\"@type\":\"BreadcrumbList\",\"@id\":\"https:\\\/\\\/www.deinadieu.ch\\\/fr\\\/conseiller\\\/deces-sans-parente-qui-est-competent\\\/#breadcrumb\",\"itemListElement\":[{\"@type\":\"ListItem\",\"position\":1,\"name\":\"Home\",\"item\":\"https:\\\/\\\/www.deinadieu.ch\\\/fr\\\/deinadieu-dialog-und-serviceportal-zum-lebensende\\\/\"},{\"@type\":\"ListItem\",\"position\":2,\"name\":\"Ratgeber\",\"item\":\"https:\\\/\\\/www.deinadieu.ch\\\/fr\\\/conseiller\\\/\"},{\"@type\":\"ListItem\",\"position\":3,\"name\":\"D\u00e9c\u00e8s sans parent\u00e9 \u2013 Qui est comp\u00e9tent ?\"}]},{\"@type\":\"WebSite\",\"@id\":\"https:\\\/\\\/www.deinadieu.ch\\\/fr\\\/#website\",\"url\":\"https:\\\/\\\/www.deinadieu.ch\\\/fr\\\/\",\"name\":\"DeinAdieu.ch\",\"description\":\"Testament, Patientenverf\u00fcgung und Vorsorgeauftrag\",\"publisher\":{\"@id\":\"https:\\\/\\\/www.deinadieu.ch\\\/fr\\\/#organization\"},\"potentialAction\":[{\"@type\":\"SearchAction\",\"target\":{\"@type\":\"EntryPoint\",\"urlTemplate\":\"https:\\\/\\\/www.deinadieu.ch\\\/fr\\\/?s={search_term_string}\"},\"query-input\":{\"@type\":\"PropertyValueSpecification\",\"valueRequired\":true,\"valueName\":\"search_term_string\"}}],\"inLanguage\":\"fr-FR\"},{\"@type\":\"Organization\",\"@id\":\"https:\\\/\\\/www.deinadieu.ch\\\/fr\\\/#organization\",\"name\":\"EMNA Web GmbH\",\"url\":\"https:\\\/\\\/www.deinadieu.ch\\\/fr\\\/\",\"logo\":{\"@type\":\"ImageObject\",\"inLanguage\":\"fr-FR\",\"@id\":\"https:\\\/\\\/www.deinadieu.ch\\\/fr\\\/#\\\/schema\\\/logo\\\/image\\\/\",\"url\":\"https:\\\/\\\/www.deinadieu.ch\\\/wp-content\\\/uploads\\\/2016\\\/01\\\/DeinAdieu_Logo.png\",\"contentUrl\":\"https:\\\/\\\/www.deinadieu.ch\\\/wp-content\\\/uploads\\\/2016\\\/01\\\/DeinAdieu_Logo.png\",\"width\":300,\"height\":117,\"caption\":\"EMNA Web GmbH\"},\"image\":{\"@id\":\"https:\\\/\\\/www.deinadieu.ch\\\/fr\\\/#\\\/schema\\\/logo\\\/image\\\/\"},\"sameAs\":[\"https:\\\/\\\/www.facebook.com\\\/deinadieu\",\"https:\\\/\\\/x.com\\\/DeinAdieu\",\"https:\\\/\\\/www.instagram.com\\\/deinadieu\\\/\",\"https:\\\/\\\/www.linkedin.com\\\/company\\\/deinadieu.ch\"]}]}<\/script>","yoast_head_json":{"title":"D\u00e9c\u00e8s sans parent\u00e9 \u2013 Qui est comp\u00e9tent ? | DeinAdieu","description":"Que se passe-t-il lorsqu'une personne d\u00e9c\u00e8de sans avoir de famille ? Qui s'occupe de la succession et des fun\u00e9railles ? Qui paie les frais fun\u00e9raires ?","robots":{"index":"index","follow":"follow","max-snippet":"max-snippet:-1","max-image-preview":"max-image-preview:large","max-video-preview":"max-video-preview:-1"},"canonical":"https:\/\/www.deinadieu.ch\/fr\/conseiller\/deces-sans-parente-qui-est-competent\/","og_locale":"fr_FR","og_type":"article","og_title":"D\u00e9c\u00e8s sans parent\u00e9 \u2013 Qui est comp\u00e9tent ?","og_description":"Si le d\u00e9funt n\u2019a pas de famille, la commune de r\u00e9sidence se charge dans un premier temps des fun\u00e9railles. Cependant, elle facture ensuite les co\u00fbts aux","og_url":"https:\/\/www.deinadieu.ch\/fr\/conseiller\/deces-sans-parente-qui-est-competent\/","og_site_name":"DeinAdieu.ch","article_publisher":"https:\/\/www.facebook.com\/deinadieu","article_modified_time":"2023-10-15T04:04:37+00:00","og_image":[{"width":1329,"height":719,"url":"https:\/\/static.deinadieu.ch\/uploads\/2017\/08\/Rat_Todesfall-ohne-Angehorige.jpg","type":"image\/jpeg"}],"twitter_card":"summary_large_image","twitter_site":"@DeinAdieu","twitter_misc":{"Est. reading time":"3 minutes"},"schema":{"@context":"https:\/\/schema.org","@graph":[{"@type":"WebPage","@id":"https:\/\/www.deinadieu.ch\/fr\/conseiller\/deces-sans-parente-qui-est-competent\/","url":"https:\/\/www.deinadieu.ch\/fr\/conseiller\/deces-sans-parente-qui-est-competent\/","name":"D\u00e9c\u00e8s sans parent\u00e9 \u2013 Qui est comp\u00e9tent ? | DeinAdieu","isPartOf":{"@id":"https:\/\/www.deinadieu.ch\/fr\/#website"},"primaryImageOfPage":{"@id":"https:\/\/www.deinadieu.ch\/fr\/conseiller\/deces-sans-parente-qui-est-competent\/#primaryimage"},"image":{"@id":"https:\/\/www.deinadieu.ch\/fr\/conseiller\/deces-sans-parente-qui-est-competent\/#primaryimage"},"thumbnailUrl":"https:\/\/www.deinadieu.ch\/wp-content\/uploads\/2017\/08\/Rat_Todesfall-ohne-Angehorige.jpg","datePublished":"2017-08-08T12:58:45+00:00","dateModified":"2023-10-15T04:04:37+00:00","description":"Que se passe-t-il lorsqu'une personne d\u00e9c\u00e8de sans avoir de famille ? Qui s'occupe de la succession et des fun\u00e9railles ? Qui paie les frais fun\u00e9raires ?","breadcrumb":{"@id":"https:\/\/www.deinadieu.ch\/fr\/conseiller\/deces-sans-parente-qui-est-competent\/#breadcrumb"},"inLanguage":"fr-FR","potentialAction":[{"@type":"ReadAction","target":["https:\/\/www.deinadieu.ch\/fr\/conseiller\/deces-sans-parente-qui-est-competent\/"]}]},{"@type":"ImageObject","inLanguage":"fr-FR","@id":"https:\/\/www.deinadieu.ch\/fr\/conseiller\/deces-sans-parente-qui-est-competent\/#primaryimage","url":"https:\/\/www.deinadieu.ch\/wp-content\/uploads\/2017\/08\/Rat_Todesfall-ohne-Angehorige.jpg","contentUrl":"https:\/\/www.deinadieu.ch\/wp-content\/uploads\/2017\/08\/Rat_Todesfall-ohne-Angehorige.jpg","width":1329,"height":719,"caption":"D\u00e9c\u00e9d\u00e9 sans proches : qui s'occupe de la succession ? (Photo : Daniela Friedli)"},{"@type":"BreadcrumbList","@id":"https:\/\/www.deinadieu.ch\/fr\/conseiller\/deces-sans-parente-qui-est-competent\/#breadcrumb","itemListElement":[{"@type":"ListItem","position":1,"name":"Home","item":"https:\/\/www.deinadieu.ch\/fr\/deinadieu-dialog-und-serviceportal-zum-lebensende\/"},{"@type":"ListItem","position":2,"name":"Ratgeber","item":"https:\/\/www.deinadieu.ch\/fr\/conseiller\/"},{"@type":"ListItem","position":3,"name":"D\u00e9c\u00e8s sans parent\u00e9 \u2013 Qui est comp\u00e9tent ?"}]},{"@type":"WebSite","@id":"https:\/\/www.deinadieu.ch\/fr\/#website","url":"https:\/\/www.deinadieu.ch\/fr\/","name":"DeinAdieu.ch","description":"Testament, Patientenverf\u00fcgung und Vorsorgeauftrag","publisher":{"@id":"https:\/\/www.deinadieu.ch\/fr\/#organization"},"potentialAction":[{"@type":"SearchAction","target":{"@type":"EntryPoint","urlTemplate":"https:\/\/www.deinadieu.ch\/fr\/?s={search_term_string}"},"query-input":{"@type":"PropertyValueSpecification","valueRequired":true,"valueName":"search_term_string"}}],"inLanguage":"fr-FR"},{"@type":"Organization","@id":"https:\/\/www.deinadieu.ch\/fr\/#organization","name":"EMNA Web GmbH","url":"https:\/\/www.deinadieu.ch\/fr\/","logo":{"@type":"ImageObject","inLanguage":"fr-FR","@id":"https:\/\/www.deinadieu.ch\/fr\/#\/schema\/logo\/image\/","url":"https:\/\/www.deinadieu.ch\/wp-content\/uploads\/2016\/01\/DeinAdieu_Logo.png","contentUrl":"https:\/\/www.deinadieu.ch\/wp-content\/uploads\/2016\/01\/DeinAdieu_Logo.png","width":300,"height":117,"caption":"EMNA Web GmbH"},"image":{"@id":"https:\/\/www.deinadieu.ch\/fr\/#\/schema\/logo\/image\/"},"sameAs":["https:\/\/www.facebook.com\/deinadieu","https:\/\/x.com\/DeinAdieu","https:\/\/www.instagram.com\/deinadieu\/","https:\/\/www.linkedin.com\/company\/deinadieu.ch"]}]}},"_links":{"self":[{"href":"https:\/\/www.deinadieu.ch\/fr\/wp-json\/wp\/v2\/ratgeber\/26736","targetHints":{"allow":["GET"]}}],"collection":[{"href":"https:\/\/www.deinadieu.ch\/fr\/wp-json\/wp\/v2\/ratgeber"}],"about":[{"href":"https:\/\/www.deinadieu.ch\/fr\/wp-json\/wp\/v2\/types\/ratgeber"}],"author":[{"embeddable":true,"href":"https:\/\/www.deinadieu.ch\/fr\/wp-json\/wp\/v2\/users\/2399"}],"replies":[{"embeddable":true,"href":"https:\/\/www.deinadieu.ch\/fr\/wp-json\/wp\/v2\/comments?post=26736"}],"version-history":[{"count":17,"href":"https:\/\/www.deinadieu.ch\/fr\/wp-json\/wp\/v2\/ratgeber\/26736\/revisions"}],"predecessor-version":[{"id":65701,"href":"https:\/\/www.deinadieu.ch\/fr\/wp-json\/wp\/v2\/ratgeber\/26736\/revisions\/65701"}],"wp:featuredmedia":[{"embeddable":true,"href":"https:\/\/www.deinadieu.ch\/fr\/wp-json\/wp\/v2\/media\/26737"}],"wp:attachment":[{"href":"https:\/\/www.deinadieu.ch\/fr\/wp-json\/wp\/v2\/media?parent=26736"}],"wp:term":[{"taxonomy":"post_tag","embeddable":true,"href":"https:\/\/www.deinadieu.ch\/fr\/wp-json\/wp\/v2\/tags?post=26736"},{"taxonomy":"ratgeber-category","embeddable":true,"href":"https:\/\/www.deinadieu.ch\/fr\/wp-json\/wp\/v2\/ratgeber-category?post=26736"}],"curies":[{"name":"wp","href":"https:\/\/api.w.org\/{rel}","templated":true}]}}