{"id":74654,"date":"2025-11-25T13:36:27","date_gmt":"2025-11-25T12:36:27","guid":{"rendered":"https:\/\/www.deinadieu.ch\/directives-anticipees-du-patient-2\/"},"modified":"2026-02-28T09:24:38","modified_gmt":"2026-02-28T08:24:38","slug":"directives-anticipees-du-patient-2","status":"publish","type":"page","link":"https:\/\/www.deinadieu.ch\/fr\/directives-anticipees-du-patient-2\/","title":{"rendered":"Directives anticip\u00e9es du patient"},"content":{"rendered":"\n<div class=\"wp-block-group alignfull has-lightgrey-background-color has-background is-layout-constrained wp-container-core-group-is-layout-119a30f9 wp-block-group-is-layout-constrained\" style=\"margin-top:var(--wp--preset--spacing--30);margin-bottom:0;padding-top:var(--wp--preset--spacing--50);padding-right:var(--wp--preset--spacing--50);padding-bottom:var(--wp--preset--spacing--50);padding-left:var(--wp--preset--spacing--50)\">\n<div class=\"wp-block-columns alignwide flex-col-reverse lg:flex-row is-layout-flex wp-container-core-columns-is-layout-08a2a807 wp-block-columns-is-layout-flex\">\n<div class=\"wp-block-column is-vertically-aligned-top is-layout-flow wp-block-column-is-layout-flow\" style=\"flex-basis:66.66%\">\n<h2 class=\"wp-block-heading\" id=\"h-wie-erstelle-ich-kostenlos-meine-patientenverfugung\">Comment puis-je r\u00e9diger gratuitement mes directives anticip\u00e9es ?<\/h2>\n\n\n\n<p>Lancez l&#8217;<a href=\"https:\/\/app.deinadieu.ch\/patientenverfuegung\">assistant de directives anticip\u00e9es<\/a> de DeinAdieu et suivez les instructions. Une fois le formulaire rempli, vous pouvez t\u00e9l\u00e9charger vos directives anticip\u00e9es sous forme de document PDF. Pour faire des modifications ult\u00e9rieures, vous pouvez continuer \u00e0 modifier le document apr\u00e8s l&#8217;avoir t\u00e9l\u00e9charg\u00e9.<\/p>\n\n\n\n<div style=\"height:2rem\" aria-hidden=\"true\" class=\"wp-block-spacer\"><\/div>\n\n\n\n<div id=\"erben\" class=\"wp-block-group is-nowrap is-layout-flex wp-container-core-group-is-layout-d90c9cc4 wp-block-group-is-layout-flex\" style=\"margin-bottom:var(--wp--preset--spacing--70)\">\n<figure class=\"wp-block-image size-full is-resized bg-da-default p-4 rounded-full\"><img decoding=\"async\" src=\"https:\/\/www.deinadieu.ch\/wp-content\/uploads\/2023\/01\/sliders-up_white.svg\" alt=\"\" class=\"wp-image-61232\" style=\"aspect-ratio:1;object-fit:cover;width:25px\"\/><\/figure>\n\n\n\n<div class=\"wp-block-group is-layout-constrained wp-block-group-is-layout-constrained\">\n<h2 class=\"wp-block-heading\" id=\"h-individuelle-vorlage\">Mod\u00e8le individuel<\/h2>\n\n\n\n<p>G\u00e9n\u00e9rez en ligne vos directives anticip\u00e9es personnalis\u00e9es. Nos documents ont \u00e9t\u00e9 \u00e9labor\u00e9s en collaboration avec des m\u00e9decins, des sp\u00e9cialistes en \u00e9thique et des juristes et sont valables en cas d&#8217;urgence. <\/p>\n<\/div>\n<\/div>\n\n\n\n<div id=\"beguenstigungen\" class=\"wp-block-group is-nowrap is-layout-flex wp-container-core-group-is-layout-d90c9cc4 wp-block-group-is-layout-flex\" style=\"margin-bottom:var(--wp--preset--spacing--70)\">\n<figure class=\"wp-block-image size-full is-resized bg-da-default p-4 rounded-full\"><img decoding=\"async\" src=\"https:\/\/www.deinadieu.ch\/wp-content\/uploads\/2023\/01\/file-heart_white.svg\" alt=\"\" class=\"wp-image-61303\" style=\"aspect-ratio:1;object-fit:cover;width:25px\"\/><\/figure>\n\n\n\n<div class=\"wp-block-group is-layout-constrained wp-block-group-is-layout-constrained\">\n<h2 class=\"wp-block-heading\" id=\"h-vertretungsperson\">Personne habilit\u00e9e \u00e0 vous repr\u00e9senter<\/h2>\n\n\n\n<p>D\u00e9signez une personne habilit\u00e9e \u00e0 vous repr\u00e9senter et discutez avec elle de vos valeurs et de vos positions concernant les soins m\u00e9dicaux. Si n\u00e9cessaire, consultez votre m\u00e9decin de famille pour vous assurer que vos souhaits sont clairs et compr\u00e9hensibles pour le personnel m\u00e9dical. <\/p>\n<\/div>\n<\/div>\n\n\n\n<div id=\"pdf\" class=\"wp-block-group is-nowrap is-layout-flex wp-container-core-group-is-layout-6695fb7f wp-block-group-is-layout-flex\" style=\"margin-bottom:var(--wp--preset--spacing--70)\">\n<figure class=\"wp-block-image size-full is-resized bg-da-default p-4 rounded-full\"><img decoding=\"async\" src=\"https:\/\/www.deinadieu.ch\/wp-content\/uploads\/2023\/01\/file-pdf-solid_white.svg\" alt=\"\" class=\"wp-image-61260\" style=\"aspect-ratio:1;object-fit:cover;width:25px\"\/><\/figure>\n\n\n\n<div class=\"wp-block-group is-layout-constrained wp-block-group-is-layout-constrained\">\n<h2 class=\"wp-block-heading\" id=\"h-aufbewahrung-amp-erneuerung\">Conservation et renouvellement<\/h2>\n\n\n\n<p>Signez vos directives anticip\u00e9es. Remettez une copie \u00e0 la personne habilit\u00e9e \u00e0 vous repr\u00e9senter et \u00e0 votre m\u00e9decin de famille. Placez votre carte dans votre porte-monnaie.  Nous vous rappelons le renouvellement n\u00e9cessaire.<br\/><strong>Nouveau : D\u00e9poser en toute s\u00e9curit\u00e9 dans le <a href=\"https:\/\/www.post-sanela.ch\/bevoelkerung\/mein-epd\/epd-eroeffnen\/online\" target=\"_blank\" rel=\"noreferrer noopener\">dossier \u00e9lectronique du patient (DEP)<\/a><\/strong>. Ainsi, les directives anticip\u00e9es sont imm\u00e9diatement disponibles en cas d&#8217;urgence et conserv\u00e9es en toute s\u00e9curit\u00e9.<\/p>\n<\/div>\n<\/div>\n<\/div>\n\n\n\n<div class=\"wp-block-column is-layout-flow wp-block-column-is-layout-flow\" style=\"flex-basis:33.33%\">\n<div class=\"wp-block-group has-border-color has-da-default-border-color is-layout-constrained wp-container-core-group-is-layout-5587f2d9 wp-block-group-is-layout-constrained\" style=\"border-width:1px;border-radius:1rem;padding-top:var(--wp--preset--spacing--70);padding-right:var(--wp--preset--spacing--70);padding-bottom:var(--wp--preset--spacing--60);padding-left:var(--wp--preset--spacing--70)\">\n<p><strong>\u00c9tablir des directives anticip\u00e9es suisses<\/strong><\/p>\n\n\n\n<ul class=\"wp-block-list is-style-check-green\">\n<li>Soulager ses proches et pr\u00e9server l&#8217;autod\u00e9termination<\/li>\n\n\n\n<li>Valables imm\u00e9diatement sans notaire<\/li>\n\n\n\n<li>Gratuit \u2013 y compris la carte de donneuse ou donneur d&#8217;organe <\/li>\n<\/ul>\n\n\n\n<div class=\"wp-block-buttons is-content-justification-left is-layout-flex wp-container-core-buttons-is-layout-fc4fd283 wp-block-buttons-is-layout-flex\">\n<div class=\"wp-block-button has-custom-width wp-block-button__width-100 aligncenter\"><a class=\"wp-block-button__link wp-element-button\" href=\"https:\/\/app.deinadieu.ch\/patientenverfuegung\">\u00c9tablir des directives anticip\u00e9es<\/a><\/div>\n<\/div>\n<\/div>\n<\/div>\n<\/div>\n<\/div>\n\n<h2 class=\"wp-block-heading\" id=\"h-vorbereitung-fur-das-ausfullen-der-patientenverfugung\">Pr\u00e9paration pour remplir les directives anticip\u00e9es<\/h2>\n\n<ul class=\"wp-block-list is-style-default\">\n<li>R\u00e9fl\u00e9chissez aux traitements m\u00e9dicaux que vous acceptez et \u00e0 ceux que vous refusez. Pensez aux situations d&#8217;urgence telles qu&#8217;un accident, une maladie soudaine ou une maladie de longue dur\u00e9e.  <\/li>\n\n\n\n<li>Choisissez une personne habilit\u00e9e \u00e0 vous repr\u00e9senter appropri\u00e9e. Cette personne doit agir avec discernement en situation d&#8217;urgence et \u00eatre capable de g\u00e9rer une \u00e9ventuelle situation de stress. R\u00e9digez les directives anticip\u00e9es avant tout pour la personne qui est habilit\u00e9e \u00e0 vous repr\u00e9senter : elle doit bien comprendre vos souhaits et vos intentions afin de pouvoir communiquer les soins que vous souhaitez. R\u00e9fl\u00e9chissez donc, avant m\u00eame de remplir le document, \u00e0 la personne que vous souhaitez d\u00e9signer comme personne habilit\u00e9e \u00e0 vous repr\u00e9senter.   <\/li>\n\n\n\n<li>Demandez conseil \u00e0 un professionnel de la sant\u00e9. Parlez-en \u00e0 votre m\u00e9decin avant ou apr\u00e8s avoir rempli les directives. <\/li>\n\n\n\n<li>Mise \u00e0 jour : Nous vous recommandons de v\u00e9rifier vos directives anticip\u00e9es tous les deux ans et de les modifier si n\u00e9cessaire. Si vous le souhaitez, nous pouvons vous le rappeler par courriel. <\/li>\n\n\n\n<li>Les directives anticip\u00e9es sont rarement r\u00e9dig\u00e9es en une seule fois. M\u00eame si vous ne traitez pas toutes les \u00e9ventualit\u00e9s, il est judicieux de r\u00e9diger des directives contenant les instructions les plus importantes. Apr\u00e8s discussion avec le m\u00e9decin ou la personne habilit\u00e9e \u00e0 vous repr\u00e9senter, de nouveaux aspects auxquels vous n&#8217;aviez pas pens\u00e9 peuvent appara\u00eetre. Vous pouvez les ajouter ult\u00e9rieurement \u00e0 vos directives anticip\u00e9es.    <\/li>\n\n\n\n<li>\u00c9tablissez vos directives anticip\u00e9es pas \u00e0 pas. Le document peut \u00eatre enregistr\u00e9 sur DeinAdieu.ch et t\u00e9l\u00e9charg\u00e9 au format PDF. Vous pourrez le modifier ult\u00e9rieurement.  <\/li>\n<\/ul>\n\n<h2 class=\"wp-block-heading has-text-align-left\" id=\"h-was-ist-eine-patientenverfugung\" style=\"margin-top:var(--wp--preset--spacing--40);margin-bottom:var(--wp--preset--spacing--40)\">Que sont des directives anticip\u00e9es ?<\/h2>\n\n<p>Dans vos directives anticip\u00e9es, vous indiquez la mani\u00e8re dont vous souhaitez \u00eatre trait\u00e9.e si vous n&#8217;\u00eates plus en mesure de d\u00e9cider par vous-m\u00eame.<\/p>\n\n<p>Les directives anticip\u00e9es pr\u00e9cisent quels traitements m\u00e9dicaux vous souhaitez recevoir en cas d&#8217;accident ou de maladie grave et quels traitements vous refusez. <strong>Ainsi, votre volont\u00e9 en tant que patient.e est prise en compte<\/strong> m\u00eame si vous n&#8217;\u00eates plus en mesure de l&#8217;exprimer vous-m\u00eame.<\/p>\n\n<p>Nous vous recommandons de d\u00e9signer une personne habilit\u00e9e \u00e0 vous repr\u00e9senter qui prendra les d\u00e9cisions en votre nom si vous devenez incapable de discernement. <strong>La personne habilit\u00e9e \u00e0 vous repr\u00e9senter sert d&#8217;interlocutrice<\/strong> pour le personnel m\u00e9dical. <strong>Discutez de vos directives anticip\u00e9es<\/strong> avec la personne habilit\u00e9e \u00e0 vous repr\u00e9senter afin qu&#8217;elle puisse transmettre correctement vos souhaits concernant les traitements. <strong>Vous pr\u00e9servez ainsi votre droit \u00e0 l&#8217;autod\u00e9termination<\/strong> et permettez aux m\u00e9decins d&#8217;agir conform\u00e9ment \u00e0 votre volont\u00e9, ce qui constitue un grand soulagement pour vos proches.  <\/p>\n\n<p>Les directives anticip\u00e9es sont formul\u00e9es de mani\u00e8re \u00e0 pouvoir \u00eatre appliqu\u00e9es dans un grand nombre de situations d&#8217;urgence. La question des mesures visant \u00e0 prolonger la vie est particuli\u00e8rement importante pour de nombreux patients et patientes. Notre assistant num\u00e9rique pour les directives anticip\u00e9es vous aide dans cette d\u00e9marche.  <\/p>\n\n<h2 class=\"wp-block-heading\" id=\"h-was-passiert-ohne-patientenverfugung\">Que se passe-t-il sans directives anticip\u00e9es ?<\/h2>\n\n<p>Si vous n&#8217;avez pas de directives anticip\u00e9es, les personnes pr\u00e9vues par la loi agissent en tant que repr\u00e9sentants m\u00e9dicaux. Seules les personnes qui \u00ab fournissent une assistance personnelle et r\u00e9guli\u00e8re \u00bb peuvent obtenir le droit de repr\u00e9sentation. L&#8217;ordre suivant est respect\u00e9 (cf. art. 378 CC) :  <\/p>\n\n<ol class=\"wp-block-list\">\n<li>la personne d\u00e9sign\u00e9e dans un <strong>mandat pour cause d&#8217;inaptitude<\/strong><\/li>\n\n\n\n<li>le <strong>curateur<\/strong> qui a un droit de repr\u00e9sentation dans le domaine m\u00e9dical<\/li>\n\n\n\n<li><strong>le ou la conjoint.e<\/strong> ou partenaire enregistr\u00e9.e<\/li>\n\n\n\n<li>la personne qui fait m\u00e9nage commun avec la personne incapable de discernement et qui lui fournit une assistance personnelle et r\u00e9guli\u00e8re<\/li>\n\n\n\n<li>les descendants<\/li>\n\n\n\n<li>les p\u00e8re et m\u00e8re<\/li>\n\n\n\n<li>les fr\u00e8res et s\u0153urs<\/li>\n<\/ol>\n\n<h2 class=\"wp-block-heading alignwide\" id=\"h-haufig-gestellte-fragen\">Questions fr\u00e9quentes<\/h2>\n\n<div class=\"wp-block-create-block-deinadieu-faq-block alignwide\" style=\"background-color:;color:\"><div class=\"container\">\n<div class=\"wp-block-create-block-deinadieu-faq-item\"><div class=\"inner\"><p class=\"title\" style=\"color:\"><span>Que sont des directives anticip\u00e9es ?<\/span><i><\/i><\/p><p class=\"text\" style=\"color:\">Les directives anticip\u00e9es sont un document de pr\u00e9voyance dans lequel une personne capable de discernement indique \u00e0 quels soins m\u00e9dicaux elle consent ou ne consent pas pour le cas o\u00f9 elle devient incapable de discernement. Elle peut d\u00e9signer une personne habilit\u00e9e \u00e0 la repr\u00e9senter qui est autoris\u00e9e \u00e0 donner des instructions aux m\u00e9decins.<\/p><\/div><\/div>\n\n\n\n<div class=\"wp-block-create-block-deinadieu-faq-item\"><div class=\"inner\"><p class=\"title\" style=\"color:\"><span>Qui a besoin de directives anticip\u00e9es ?<\/span><i><\/i><\/p><p class=\"text\" style=\"color:\">La population suisse vieillit de plus en plus et le risque de ne plus pouvoir prendre de d\u00e9cisions concernant son propre corps en raison d\u2019une incapacit\u00e9 de discernement augmente. Les soins m\u00e9dicaux d\u2019aujourd\u2019hui sont tr\u00e8s avanc\u00e9s, c\u2019est pourquoi il est recommand\u00e9 \u00e0 chacune et chacun de r\u00e9diger des directives anticip\u00e9es.<\/p><\/div><\/div>\n\n\n\n<div class=\"wp-block-create-block-deinadieu-faq-item\"><div class=\"inner\"><p class=\"title\" style=\"color:\"><span>Quand est-ce que des directives anticip\u00e9es sont vraiment valables ?<\/span><i><\/i><\/p><p class=\"text\" style=\"color:\">Ces derni\u00e8res ann\u00e9es, des rapports faisant \u00e9tat de directives anticip\u00e9es remplies de mani\u00e8re n\u00e9gligente se sont multipli\u00e9s. La raison est g\u00e9n\u00e9ralement que les soins m\u00e9dicaux y sont d\u00e9termin\u00e9s de mani\u00e8re contradictoire ou peu cr\u00e9dible. Par cons\u00e9quent, remplissez la partie m\u00e9dicale des directives anticip\u00e9es avec votre m\u00e9decin de famille.<\/p><\/div><\/div>\n\n\n\n<div class=\"wp-block-create-block-deinadieu-faq-item\"><div class=\"inner\"><p class=\"title\" style=\"color:\"><span>Puis-je remplir seul des directives anticip\u00e9es ?<\/span><i><\/i><\/p><p class=\"text\" style=\"color:\">Oui. Il est toutefois recommand\u00e9 : 1.) de remplir les questions de valeurs avec la personne habilit\u00e9e \u00e0 vous repr\u00e9senter. 2.) de ne d\u00e9finir les dispositions m\u00e9dicales qu&#8217;avec un professionnel de la sant\u00e9 ou un.e conseiller.\u00e8re sp\u00e9cialement form\u00e9.e (p. ex.: Advanced Care Planning).<\/p><\/div><\/div>\n\n\n\n<div class=\"wp-block-create-block-deinadieu-faq-item\"><div class=\"inner\"><p class=\"title\" style=\"color:\"><span>Qu&#8217;est-ce qu&#8217;une personne habilit\u00e9e \u00e0 me repr\u00e9senter ?<\/span><i><\/i><\/p><p class=\"text\" style=\"color:\">Id\u00e9alement, une personne habilit\u00e9e \u00e0 vous repr\u00e9senter conna\u00eet vos souhaits et vos valeurs. Elle est autoris\u00e9e \u00e0 donner des instructions au personnel m\u00e9dical concernant les soins m\u00e9dicaux si vous \u00eates incapable de discernement. Pour ce faire, la personne habilit\u00e9e \u00e0 vous repr\u00e9senter s&#8217;appuie sur les directives anticip\u00e9es. Lorsque vous choisissez la personne habilit\u00e9e \u00e0 vous repr\u00e9senter, assurez-vous qu&#8217;elle est capable de prendre des d\u00e9cisions importantes dans une situation de crise. Il peut donc parfois \u00eatre judicieux de choisir une personne plus jeune plut\u00f4t que son ou sa partenaire.   <\/p><\/div><\/div>\n\n\n\n<div class=\"wp-block-create-block-deinadieu-faq-item\"><div class=\"inner\"><p class=\"title\" style=\"color:\"><span>Qu&#8217;est-ce qu&#8217;une personne de remplacement ?<\/span><i><\/i><\/p><p class=\"text\" style=\"color:\">Si la personne habilit\u00e9e \u00e0 vous repr\u00e9senter n&#8217;est pas en mesure d&#8217;accomplir cette t\u00e2che, la personne de remplacement prend sa place.<\/p><\/div><\/div>\n\n\n\n<div class=\"wp-block-create-block-deinadieu-faq-item\"><div class=\"inner\"><p class=\"title\" style=\"color:\"><span>Pourquoi la personne habilit\u00e9e \u00e0 me repr\u00e9senter devrait-elle \u00eatre impliqu\u00e9e dans l&#8217;\u00e9tablissement des directives anticip\u00e9es?<\/span><i><\/i><\/p><p class=\"text\" style=\"color:\">Les questions de valeurs th\u00e9matis\u00e9es dans les directives anticip\u00e9es sont tr\u00e8s sensibles. Y r\u00e9pondre avec la personne habilit\u00e9e \u00e0 vous repr\u00e9senter dans le cadre d&#8217;un dialogue aide la personne concern\u00e9e.<\/p><\/div><\/div>\n\n\n\n<div class=\"wp-block-create-block-deinadieu-faq-item\"><div class=\"inner\"><p class=\"title\" style=\"color:\"><span>Quand le m\u00e9decin de famille\/m\u00e9decin traitant devrait-il \u00eatre impliqu\u00e9 ?<\/span><i><\/i><\/p><p class=\"text\" style=\"color:\">Si vous souhaitez d\u00e9finir des soins m\u00e9dicaux sp\u00e9cifiques, nous vous recommandons d&#8217;en discuter avec votre m\u00e9decin de famille\/m\u00e9decin traitant. Il peut facturer ce conseil \u00e0 l&#8217;assurance-maladie.<\/p><\/div><\/div>\n\n\n\n<div class=\"wp-block-create-block-deinadieu-faq-item\"><div class=\"inner\"><p class=\"title\" style=\"color:\"><span>O\u00f9 devrais-je conserver les directives anticip\u00e9es ?<\/span><i><\/i><\/p><p class=\"text\" style=\"color:\">Conservez vos directives anticip\u00e9es dans un endroit o\u00f9 on pourra les trouver facilement. Indiquez cet endroit sur votre carte individuelle.  Il est judicieux de conserver plusieurs exemplaires sign\u00e9s \u00e0 diff\u00e9rents endroits (p. ex. chez la personne habilit\u00e9e \u00e0 vous repr\u00e9senter, chez le m\u00e9decin, chez la personne de remplacement).<\/p><\/div><\/div>\n\n\n\n<div class=\"wp-block-create-block-deinadieu-faq-item\"><div class=\"inner\"><p class=\"title\" style=\"color:\"><span>A quelle fr\u00e9quence devrais-je renouveler mes directives anticip\u00e9es ?<\/span><i><\/i><\/p><p class=\"text\" style=\"color:\">Vous devriez renouveler\/v\u00e9rifier vos directives anticip\u00e9es tous les deux ans. Si vous le souhaitez, nous vous rappelons par courrier \u00e9lectronique de le faire.<\/p><\/div><\/div>\n<\/div><\/div>\n\n<h2 class=\"wp-block-heading\" id=\"h-besprechung-von-fragen-aus-der-patientenverfugung\">Discussion de questions relatives aux directives anticip\u00e9es<\/h2>\n\n<p>Dans ces deux vid\u00e9os, la Dre Barbara Loupatatzis montre comment r\u00e9diger des directives anticip\u00e9es clairement compr\u00e9hensibles. Elle discute avec Esther et Martin de questions centrales des directives anticip\u00e9es et explique leur sens et leur but pour l&#8217;interpr\u00e9tation des directives.  <strong>Regardez ces vid\u00e9os pour mieux comprendre les questions de valeurs.<\/strong> Vous vous assurez ainsi que les traitements m\u00e9dicaux seront effectu\u00e9s autant que possible conform\u00e9ment \u00e0 vos souhaits.<\/p>\n\n<div class=\"wp-block-columns is-layout-flex wp-container-core-columns-is-layout-28f84493 wp-block-columns-is-layout-flex\">\n<div class=\"wp-block-column is-layout-flow wp-block-column-is-layout-flow\">\n<figure class=\"wp-block-embed is-type-video is-provider-youtube wp-block-embed-youtube wp-embed-aspect-16-9 wp-has-aspect-ratio\"><div class=\"wp-block-embed__wrapper\">\n<iframe loading=\"lazy\" title=\"Patientenverf\u00fcgung: Werte-Gespr\u00e4ch mit Esther, 53, Lektorin &amp; Mutter\" width=\"500\" height=\"281\" src=\"https:\/\/www.youtube.com\/embed\/KmT3G0UBWo0?feature=oembed\" frameborder=\"0\" allow=\"accelerometer; autoplay; clipboard-write; encrypted-media; gyroscope; picture-in-picture; web-share\" referrerpolicy=\"strict-origin-when-cross-origin\" allowfullscreen><\/iframe>\n<\/div><\/figure>\n\n\n\n<p><strong>Esther, 53 ans, autrice &amp; m\u00e8re<\/strong><br\/>\u00ab Je peux aussi m&#8217;imaginer une vie dans laquelle mes capacit\u00e9s de r\u00e9flexion et ma mobilit\u00e9 sont r\u00e9duites et o\u00f9 je deviens d\u00e9pendante de mon entourage \u00bb<\/p>\n<\/div>\n\n\n\n<div class=\"wp-block-column is-layout-flow wp-block-column-is-layout-flow\">\n<figure class=\"wp-block-embed is-type-video is-provider-youtube wp-block-embed-youtube wp-embed-aspect-16-9 wp-has-aspect-ratio\"><div class=\"wp-block-embed__wrapper\">\n<iframe loading=\"lazy\" title=\"Patientenverf\u00fcgung: Werte-Gespr\u00e4ch mit Martin, 63, Autor\" width=\"500\" height=\"281\" src=\"https:\/\/www.youtube.com\/embed\/1YkDK0l-zM4?feature=oembed\" frameborder=\"0\" allow=\"accelerometer; autoplay; clipboard-write; encrypted-media; gyroscope; picture-in-picture; web-share\" referrerpolicy=\"strict-origin-when-cross-origin\" allowfullscreen><\/iframe>\n<\/div><\/figure>\n\n\n\n<p><strong>Martin, 63 ans, \u00e9crivain<\/strong><br\/>\u00ab Si je deviens incapable de discernement et que je ne peux plus me d\u00e9placer par mes propres moyens, je ne souhaiterais plus vivre \u00bb<\/p>\n<\/div>\n<\/div>\n\n<div class=\"wp-block-buttons alignwide is-content-justification-center is-layout-flex wp-container-core-buttons-is-layout-31558199 wp-block-buttons-is-layout-flex\" style=\"margin-top:var(--wp--preset--spacing--70);margin-bottom:var(--wp--preset--spacing--70)\">\n<div class=\"wp-block-button\"><a class=\"wp-block-button__link wp-element-button\" href=\"https:\/\/app.deinadieu.ch\/patientenverfuegung\">\u00c9tablir des directives anticip\u00e9es<\/a><\/div>\n<\/div>\n","protected":false},"excerpt":{"rendered":"<p>Comment puis-je r\u00e9diger gratuitement mes directives anticip\u00e9es ? Lancez l&#8217;assistant de directives anticip\u00e9es de DeinAdieu et suivez les instructions. Une fois le formulaire rempli, vous pouvez t\u00e9l\u00e9charger vos directives anticip\u00e9es sous forme de document PDF. Pour faire des modifications ult\u00e9rieures, vous pouvez continuer \u00e0 modifier le document apr\u00e8s l&#8217;avoir t\u00e9l\u00e9charg\u00e9. Mod\u00e8le individuel G\u00e9n\u00e9rez en ligne [&hellip;]<\/p>\n","protected":false},"author":4998,"featured_media":0,"parent":0,"menu_order":0,"comment_status":"closed","ping_status":"closed","template":"","meta":{"_acf_changed":false,"footnotes":""},"class_list":["post-74654","page","type-page","status-publish","hentry"],"acf":[],"yoast_head":"<title>Directives anticip\u00e9es du patient | DeinAdieu.ch<\/title>\n<meta name=\"description\" content=\"DeinAdieu hilft rund um die Themen Vorsorge, Testament, Patientenverf\u00fcgung, Vorsorgeauftrag und testamentarische Ber\u00fccksichtigung eines Schweizer Hilfswerks.\" \/>\n<meta name=\"robots\" content=\"index, follow, max-snippet:-1, max-image-preview:large, max-video-preview:-1\" \/>\n<link rel=\"canonical\" href=\"https:\/\/www.deinadieu.ch\/fr\/directives-anticipees-du-patient-2\/\" \/>\n<meta property=\"og:locale\" content=\"fr_FR\" \/>\n<meta property=\"og:type\" content=\"article\" \/>\n<meta property=\"og:title\" content=\"Directives anticip\u00e9es du patient\" \/>\n<meta property=\"og:description\" content=\"Comment puis-je r\u00e9diger gratuitement mes directives anticip\u00e9es ? Lancez l&#039;assistant de directives anticip\u00e9es de DeinAdieu et suivez les instructions. Une\" \/>\n<meta property=\"og:url\" content=\"https:\/\/www.deinadieu.ch\/fr\/directives-anticipees-du-patient-2\/\" \/>\n<meta property=\"og:site_name\" content=\"DeinAdieu.ch\" \/>\n<meta property=\"article:publisher\" content=\"https:\/\/www.facebook.com\/deinadieu\" \/>\n<meta property=\"article:modified_time\" content=\"2026-02-28T08:24:38+00:00\" \/>\n<meta name=\"twitter:card\" content=\"summary_large_image\" \/>\n<meta name=\"twitter:site\" content=\"@DeinAdieu\" \/>\n<meta name=\"twitter:label1\" content=\"Est. reading time\" \/>\n\t<meta name=\"twitter:data1\" content=\"8 minutes\" \/>\n<script type=\"application\/ld+json\" class=\"yoast-schema-graph\">{\"@context\":\"https:\\\/\\\/schema.org\",\"@graph\":[{\"@type\":\"WebPage\",\"@id\":\"https:\\\/\\\/www.deinadieu.ch\\\/fr\\\/directives-anticipees-du-patient-2\\\/\",\"url\":\"https:\\\/\\\/www.deinadieu.ch\\\/fr\\\/directives-anticipees-du-patient-2\\\/\",\"name\":\"Directives anticip\u00e9es du patient | DeinAdieu.ch\",\"isPartOf\":{\"@id\":\"https:\\\/\\\/www.deinadieu.ch\\\/fr\\\/#website\"},\"primaryImageOfPage\":{\"@id\":\"https:\\\/\\\/www.deinadieu.ch\\\/fr\\\/directives-anticipees-du-patient-2\\\/#primaryimage\"},\"image\":{\"@id\":\"https:\\\/\\\/www.deinadieu.ch\\\/fr\\\/directives-anticipees-du-patient-2\\\/#primaryimage\"},\"thumbnailUrl\":\"https:\\\/\\\/www.deinadieu.ch\\\/wp-content\\\/uploads\\\/2023\\\/01\\\/sliders-up_white.svg\",\"datePublished\":\"2025-11-25T12:36:27+00:00\",\"dateModified\":\"2026-02-28T08:24:38+00:00\",\"description\":\"DeinAdieu hilft rund um die Themen Vorsorge, Testament, Patientenverf\u00fcgung, Vorsorgeauftrag und testamentarische Ber\u00fccksichtigung eines Schweizer Hilfswerks.\",\"breadcrumb\":{\"@id\":\"https:\\\/\\\/www.deinadieu.ch\\\/fr\\\/directives-anticipees-du-patient-2\\\/#breadcrumb\"},\"inLanguage\":\"fr-FR\",\"potentialAction\":[{\"@type\":\"ReadAction\",\"target\":[\"https:\\\/\\\/www.deinadieu.ch\\\/fr\\\/directives-anticipees-du-patient-2\\\/\"]}]},{\"@type\":\"ImageObject\",\"inLanguage\":\"fr-FR\",\"@id\":\"https:\\\/\\\/www.deinadieu.ch\\\/fr\\\/directives-anticipees-du-patient-2\\\/#primaryimage\",\"url\":\"https:\\\/\\\/www.deinadieu.ch\\\/wp-content\\\/uploads\\\/2023\\\/01\\\/sliders-up_white.svg\",\"contentUrl\":\"https:\\\/\\\/www.deinadieu.ch\\\/wp-content\\\/uploads\\\/2023\\\/01\\\/sliders-up_white.svg\"},{\"@type\":\"BreadcrumbList\",\"@id\":\"https:\\\/\\\/www.deinadieu.ch\\\/fr\\\/directives-anticipees-du-patient-2\\\/#breadcrumb\",\"itemListElement\":[{\"@type\":\"ListItem\",\"position\":1,\"name\":\"Home\",\"item\":\"https:\\\/\\\/www.deinadieu.ch\\\/fr\\\/deinadieu-dialog-und-serviceportal-zum-lebensende\\\/\"},{\"@type\":\"ListItem\",\"position\":2,\"name\":\"Directives anticip\u00e9es du patient\"}]},{\"@type\":\"WebSite\",\"@id\":\"https:\\\/\\\/www.deinadieu.ch\\\/fr\\\/#website\",\"url\":\"https:\\\/\\\/www.deinadieu.ch\\\/fr\\\/\",\"name\":\"DeinAdieu.ch\",\"description\":\"Testament, Patientenverf\u00fcgung und Vorsorgeauftrag\",\"publisher\":{\"@id\":\"https:\\\/\\\/www.deinadieu.ch\\\/fr\\\/#organization\"},\"potentialAction\":[{\"@type\":\"SearchAction\",\"target\":{\"@type\":\"EntryPoint\",\"urlTemplate\":\"https:\\\/\\\/www.deinadieu.ch\\\/fr\\\/?s={search_term_string}\"},\"query-input\":{\"@type\":\"PropertyValueSpecification\",\"valueRequired\":true,\"valueName\":\"search_term_string\"}}],\"inLanguage\":\"fr-FR\"},{\"@type\":\"Organization\",\"@id\":\"https:\\\/\\\/www.deinadieu.ch\\\/fr\\\/#organization\",\"name\":\"EMNA Web GmbH\",\"url\":\"https:\\\/\\\/www.deinadieu.ch\\\/fr\\\/\",\"logo\":{\"@type\":\"ImageObject\",\"inLanguage\":\"fr-FR\",\"@id\":\"https:\\\/\\\/www.deinadieu.ch\\\/fr\\\/#\\\/schema\\\/logo\\\/image\\\/\",\"url\":\"https:\\\/\\\/www.deinadieu.ch\\\/wp-content\\\/uploads\\\/2016\\\/01\\\/DeinAdieu_Logo.png\",\"contentUrl\":\"https:\\\/\\\/www.deinadieu.ch\\\/wp-content\\\/uploads\\\/2016\\\/01\\\/DeinAdieu_Logo.png\",\"width\":300,\"height\":117,\"caption\":\"EMNA Web GmbH\"},\"image\":{\"@id\":\"https:\\\/\\\/www.deinadieu.ch\\\/fr\\\/#\\\/schema\\\/logo\\\/image\\\/\"},\"sameAs\":[\"https:\\\/\\\/www.facebook.com\\\/deinadieu\",\"https:\\\/\\\/x.com\\\/DeinAdieu\",\"https:\\\/\\\/www.instagram.com\\\/deinadieu\\\/\",\"https:\\\/\\\/www.linkedin.com\\\/company\\\/deinadieu.ch\"]}]}<\/script>","yoast_head_json":{"title":"Directives anticip\u00e9es du patient | DeinAdieu.ch","description":"DeinAdieu hilft rund um die Themen Vorsorge, Testament, Patientenverf\u00fcgung, Vorsorgeauftrag und testamentarische Ber\u00fccksichtigung eines Schweizer Hilfswerks.","robots":{"index":"index","follow":"follow","max-snippet":"max-snippet:-1","max-image-preview":"max-image-preview:large","max-video-preview":"max-video-preview:-1"},"canonical":"https:\/\/www.deinadieu.ch\/fr\/directives-anticipees-du-patient-2\/","og_locale":"fr_FR","og_type":"article","og_title":"Directives anticip\u00e9es du patient","og_description":"Comment puis-je r\u00e9diger gratuitement mes directives anticip\u00e9es ? Lancez l'assistant de directives anticip\u00e9es de DeinAdieu et suivez les instructions. Une","og_url":"https:\/\/www.deinadieu.ch\/fr\/directives-anticipees-du-patient-2\/","og_site_name":"DeinAdieu.ch","article_publisher":"https:\/\/www.facebook.com\/deinadieu","article_modified_time":"2026-02-28T08:24:38+00:00","twitter_card":"summary_large_image","twitter_site":"@DeinAdieu","twitter_misc":{"Est. reading time":"8 minutes"},"schema":{"@context":"https:\/\/schema.org","@graph":[{"@type":"WebPage","@id":"https:\/\/www.deinadieu.ch\/fr\/directives-anticipees-du-patient-2\/","url":"https:\/\/www.deinadieu.ch\/fr\/directives-anticipees-du-patient-2\/","name":"Directives anticip\u00e9es du patient | DeinAdieu.ch","isPartOf":{"@id":"https:\/\/www.deinadieu.ch\/fr\/#website"},"primaryImageOfPage":{"@id":"https:\/\/www.deinadieu.ch\/fr\/directives-anticipees-du-patient-2\/#primaryimage"},"image":{"@id":"https:\/\/www.deinadieu.ch\/fr\/directives-anticipees-du-patient-2\/#primaryimage"},"thumbnailUrl":"https:\/\/www.deinadieu.ch\/wp-content\/uploads\/2023\/01\/sliders-up_white.svg","datePublished":"2025-11-25T12:36:27+00:00","dateModified":"2026-02-28T08:24:38+00:00","description":"DeinAdieu hilft rund um die Themen Vorsorge, Testament, Patientenverf\u00fcgung, Vorsorgeauftrag und testamentarische Ber\u00fccksichtigung eines Schweizer Hilfswerks.","breadcrumb":{"@id":"https:\/\/www.deinadieu.ch\/fr\/directives-anticipees-du-patient-2\/#breadcrumb"},"inLanguage":"fr-FR","potentialAction":[{"@type":"ReadAction","target":["https:\/\/www.deinadieu.ch\/fr\/directives-anticipees-du-patient-2\/"]}]},{"@type":"ImageObject","inLanguage":"fr-FR","@id":"https:\/\/www.deinadieu.ch\/fr\/directives-anticipees-du-patient-2\/#primaryimage","url":"https:\/\/www.deinadieu.ch\/wp-content\/uploads\/2023\/01\/sliders-up_white.svg","contentUrl":"https:\/\/www.deinadieu.ch\/wp-content\/uploads\/2023\/01\/sliders-up_white.svg"},{"@type":"BreadcrumbList","@id":"https:\/\/www.deinadieu.ch\/fr\/directives-anticipees-du-patient-2\/#breadcrumb","itemListElement":[{"@type":"ListItem","position":1,"name":"Home","item":"https:\/\/www.deinadieu.ch\/fr\/deinadieu-dialog-und-serviceportal-zum-lebensende\/"},{"@type":"ListItem","position":2,"name":"Directives anticip\u00e9es du patient"}]},{"@type":"WebSite","@id":"https:\/\/www.deinadieu.ch\/fr\/#website","url":"https:\/\/www.deinadieu.ch\/fr\/","name":"DeinAdieu.ch","description":"Testament, Patientenverf\u00fcgung und Vorsorgeauftrag","publisher":{"@id":"https:\/\/www.deinadieu.ch\/fr\/#organization"},"potentialAction":[{"@type":"SearchAction","target":{"@type":"EntryPoint","urlTemplate":"https:\/\/www.deinadieu.ch\/fr\/?s={search_term_string}"},"query-input":{"@type":"PropertyValueSpecification","valueRequired":true,"valueName":"search_term_string"}}],"inLanguage":"fr-FR"},{"@type":"Organization","@id":"https:\/\/www.deinadieu.ch\/fr\/#organization","name":"EMNA Web GmbH","url":"https:\/\/www.deinadieu.ch\/fr\/","logo":{"@type":"ImageObject","inLanguage":"fr-FR","@id":"https:\/\/www.deinadieu.ch\/fr\/#\/schema\/logo\/image\/","url":"https:\/\/www.deinadieu.ch\/wp-content\/uploads\/2016\/01\/DeinAdieu_Logo.png","contentUrl":"https:\/\/www.deinadieu.ch\/wp-content\/uploads\/2016\/01\/DeinAdieu_Logo.png","width":300,"height":117,"caption":"EMNA Web GmbH"},"image":{"@id":"https:\/\/www.deinadieu.ch\/fr\/#\/schema\/logo\/image\/"},"sameAs":["https:\/\/www.facebook.com\/deinadieu","https:\/\/x.com\/DeinAdieu","https:\/\/www.instagram.com\/deinadieu\/","https:\/\/www.linkedin.com\/company\/deinadieu.ch"]}]}},"_links":{"self":[{"href":"https:\/\/www.deinadieu.ch\/fr\/wp-json\/wp\/v2\/pages\/74654","targetHints":{"allow":["GET"]}}],"collection":[{"href":"https:\/\/www.deinadieu.ch\/fr\/wp-json\/wp\/v2\/pages"}],"about":[{"href":"https:\/\/www.deinadieu.ch\/fr\/wp-json\/wp\/v2\/types\/page"}],"author":[{"embeddable":true,"href":"https:\/\/www.deinadieu.ch\/fr\/wp-json\/wp\/v2\/users\/4998"}],"replies":[{"embeddable":true,"href":"https:\/\/www.deinadieu.ch\/fr\/wp-json\/wp\/v2\/comments?post=74654"}],"version-history":[{"count":7,"href":"https:\/\/www.deinadieu.ch\/fr\/wp-json\/wp\/v2\/pages\/74654\/revisions"}],"predecessor-version":[{"id":74789,"href":"https:\/\/www.deinadieu.ch\/fr\/wp-json\/wp\/v2\/pages\/74654\/revisions\/74789"}],"wp:attachment":[{"href":"https:\/\/www.deinadieu.ch\/fr\/wp-json\/wp\/v2\/media?parent=74654"}],"curies":[{"name":"wp","href":"https:\/\/api.w.org\/{rel}","templated":true}]}}