{"id":68666,"date":"2024-10-23T11:11:00","date_gmt":"2024-10-23T09:11:00","guid":{"rendered":"https:\/\/www.deinadieu.ch\/demande-partenariat-avec-deinadieu\/"},"modified":"2024-10-29T12:25:55","modified_gmt":"2024-10-29T11:25:55","slug":"demande-partenariat-avec-deinadieu","status":"publish","type":"page","link":"https:\/\/www.deinadieu.ch\/fr\/demande-partenariat-avec-deinadieu\/","title":{"rendered":"Demande \u2013 Partenariat avec DeinAdieu"},"content":{"rendered":"\n<p>Nous vous contacterons volontiers pour un premier entretien sans engagement. Pour ce faire, veuillez remplir le formulaire ci-dessous. <\/p>\n\n<div class=\"wpcf7 no-js\" id=\"wpcf7-f68762-o1\" lang=\"fr-FR\" dir=\"ltr\" data-wpcf7-id=\"68762\">\n<div class=\"screen-reader-response\"><p role=\"status\" aria-live=\"polite\" aria-atomic=\"true\"><\/p> <ul><\/ul><\/div>\n<form action=\"\/fr\/wp-json\/wp\/v2\/pages\/68666#wpcf7-f68762-o1\" method=\"post\" class=\"wpcf7-form init\" aria-label=\"Contact form\" enctype=\"multipart\/form-data\" novalidate=\"novalidate\" data-status=\"init\">\n<fieldset class=\"hidden-fields-container\"><input type=\"hidden\" name=\"_wpcf7\" value=\"68762\" \/><input type=\"hidden\" name=\"_wpcf7_version\" value=\"6.1.5\" \/><input type=\"hidden\" name=\"_wpcf7_locale\" value=\"fr_FR\" \/><input type=\"hidden\" name=\"_wpcf7_unit_tag\" value=\"wpcf7-f68762-o1\" \/><input type=\"hidden\" name=\"_wpcf7_container_post\" value=\"0\" \/><input type=\"hidden\" name=\"_wpcf7_posted_data_hash\" value=\"\" \/>\n<\/fieldset>\n<p class=\"required_comment\">Les champs marqu\u00e9s d'une * sont obligatoires.\n<\/p>\n<p><label> Nom de votre organisation *<br \/>\n<span class=\"wpcf7-form-control-wrap\" data-name=\"organisation-name\"><input size=\"40\" maxlength=\"400\" class=\"wpcf7-form-control wpcf7-text wpcf7-validates-as-required\" aria-required=\"true\" aria-invalid=\"false\" value=\"\" type=\"text\" name=\"organisation-name\" \/><\/span> <\/label>\n<\/p>\n<p><label class=\"radio_label\">Votre organisation a-t-elle un si\u00e8ge en Suisse ? *<\/label><br \/>\n<span class=\"wpcf7-form-control-wrap\" data-name=\"radio-sitz-in-ch\"><span class=\"wpcf7-form-control wpcf7-radio\"><span class=\"wpcf7-list-item first last\"><label><input type=\"radio\" name=\"radio-sitz-in-ch\" value=\"Oui\" \/><span class=\"wpcf7-list-item-label\">Oui<\/span><\/label><\/span><\/span><\/span><br \/>\n<span class=\"wpcf7-form-control-wrap\" data-name=\"radio-sitz-in-ch\"><span class=\"wpcf7-form-control wpcf7-radio\"><span class=\"wpcf7-list-item first last\"><label><input type=\"radio\" name=\"radio-sitz-in-ch\" value=\"Non\" \/><span class=\"wpcf7-list-item-label\">Non<\/span><\/label><\/span><\/span><\/span>\n<\/p>\n<p><label class=\"radio_label\">Votre organisation est-elle exon\u00e9r\u00e9e d'imp\u00f4t ? *<\/label><br \/>\n<span class=\"wpcf7-form-control-wrap\" data-name=\"radio-steuerbefreit\"><span class=\"wpcf7-form-control wpcf7-radio\"><span class=\"wpcf7-list-item first last\"><label><input type=\"radio\" name=\"radio-steuerbefreit\" value=\"Oui\" \/><span class=\"wpcf7-list-item-label\">Oui<\/span><\/label><\/span><\/span><\/span><br \/>\n<span class=\"wpcf7-form-control-wrap\" data-name=\"radio-steuerbefreit\"><span class=\"wpcf7-form-control wpcf7-radio\"><span class=\"wpcf7-list-item first last\"><label><input type=\"radio\" name=\"radio-steuerbefreit\" value=\"Non\" \/><span class=\"wpcf7-list-item-label\">Non<\/span><\/label><\/span><\/span><\/span>\n<\/p>\n<div style=\"margin-bottom:60px\">\n<\/div>\n<p><label> Nom de la personne de contact *<br \/>\n<span class=\"wpcf7-form-control-wrap\" data-name=\"name-kontaktperson\"><input size=\"40\" maxlength=\"400\" class=\"wpcf7-form-control wpcf7-text wpcf7-validates-as-required\" autocomplete=\"name\" aria-required=\"true\" aria-invalid=\"false\" value=\"\" type=\"text\" name=\"name-kontaktperson\" \/><\/span> <\/label>\n<\/p>\n<p><label> Adresse \u00e9lectronique *<br \/>\n<span class=\"wpcf7-form-control-wrap\" data-name=\"your-email\"><input size=\"40\" maxlength=\"400\" class=\"wpcf7-form-control wpcf7-email wpcf7-validates-as-required wpcf7-text wpcf7-validates-as-email\" autocomplete=\"email\" aria-required=\"true\" aria-invalid=\"false\" value=\"\" type=\"email\" name=\"your-email\" \/><\/span><\/label>\n<\/p>\n<p><label>Adresse<br \/>\n<span class=\"wpcf7-form-control-wrap\" data-name=\"address\"><input size=\"40\" maxlength=\"400\" class=\"wpcf7-form-control wpcf7-text\" autocomplete=\"address\" aria-invalid=\"false\" value=\"\" type=\"text\" name=\"address\" \/><\/span> <\/label>\n<\/p>\n<p><label>T\u00e9l\u00e9phone<br \/>\n<span class=\"wpcf7-form-control-wrap\" data-name=\"telefon\"><input size=\"40\" maxlength=\"400\" class=\"wpcf7-form-control wpcf7-tel wpcf7-text wpcf7-validates-as-tel\" aria-invalid=\"false\" value=\"\" type=\"tel\" name=\"telefon\" \/><\/span><\/label>\n<\/p>\n<p><label>Comptes annuels *<br \/>\n<span class=\"wpcf7-form-control-wrap\" data-name=\"file-jahresrechnung\"><input size=\"40\" class=\"wpcf7-form-control wpcf7-file wpcf7-validates-as-required\" accept=\".doc,.docx,.pdf\" aria-required=\"true\" aria-invalid=\"false\" type=\"file\" name=\"file-jahresrechnung\" \/><\/span><\/label>\n<\/p>\n<p class=\"upload_comment\">Sur la base des comptes annuels, nous vous recommandons l'abonnement appropri\u00e9.\n<\/p>\n<p><label> Votre message<br \/>\n<span class=\"wpcf7-form-control-wrap\" data-name=\"your-message\"><textarea cols=\"20\" rows=\"5\" maxlength=\"2000\" class=\"wpcf7-form-control wpcf7-textarea\" aria-invalid=\"false\" name=\"your-message\"><\/textarea><\/span> <\/label>\n<\/p>\n<input class=\"wpcf7-form-control wpcf7-hidden\" value=\"Formulaire de contact ONG CH\" type=\"hidden\" name=\"pirsch-event\" \/>\n<p>[altcha language=\"\" \"fr\"]\n<\/p>\n<p><input class=\"wpcf7-form-control wpcf7-submit has-spinner\" type=\"submit\" value=\"Envoyer\" \/>\n<\/p><div class=\"wpcf7-response-output\" aria-hidden=\"true\"><\/div>\n<\/form>\n<\/div>\n\n","protected":false},"excerpt":{"rendered":"<p>Nous vous contacterons volontiers pour un premier entretien sans engagement. Pour ce faire, veuillez remplir le formulaire ci-dessous.<\/p>\n","protected":false},"author":4998,"featured_media":0,"parent":0,"menu_order":0,"comment_status":"closed","ping_status":"closed","template":"","meta":{"_acf_changed":false,"footnotes":""},"class_list":["post-68666","page","type-page","status-publish","hentry"],"acf":[],"yoast_head":"<title>Demande \u2013 Partenariat avec DeinAdieu | DeinAdieu.ch<\/title>\n<meta name=\"description\" content=\"DeinAdieu hilft rund um die Themen Vorsorge, Testament, Patientenverf\u00fcgung, Vorsorgeauftrag und testamentarische Ber\u00fccksichtigung eines Schweizer Hilfswerks.\" \/>\n<meta name=\"robots\" content=\"index, follow, max-snippet:-1, max-image-preview:large, max-video-preview:-1\" \/>\n<link rel=\"canonical\" href=\"https:\/\/www.deinadieu.ch\/fr\/demande-partenariat-avec-deinadieu\/\" \/>\n<meta property=\"og:locale\" content=\"fr_FR\" \/>\n<meta property=\"og:type\" content=\"article\" \/>\n<meta property=\"og:title\" content=\"Demande \u2013 Partenariat avec DeinAdieu\" \/>\n<meta property=\"og:description\" content=\"Nous vous contacterons volontiers pour un premier entretien sans engagement. Pour ce faire, veuillez remplir le formulaire ci-dessous.\" \/>\n<meta property=\"og:url\" content=\"https:\/\/www.deinadieu.ch\/fr\/demande-partenariat-avec-deinadieu\/\" \/>\n<meta property=\"og:site_name\" content=\"DeinAdieu.ch\" \/>\n<meta property=\"article:publisher\" content=\"https:\/\/www.facebook.com\/deinadieu\" \/>\n<meta property=\"article:modified_time\" content=\"2024-10-29T11:25:55+00:00\" \/>\n<meta name=\"twitter:card\" content=\"summary_large_image\" \/>\n<meta name=\"twitter:site\" content=\"@DeinAdieu\" \/>\n<script type=\"application\/ld+json\" class=\"yoast-schema-graph\">{\"@context\":\"https:\\\/\\\/schema.org\",\"@graph\":[{\"@type\":\"WebPage\",\"@id\":\"https:\\\/\\\/www.deinadieu.ch\\\/fr\\\/demande-partenariat-avec-deinadieu\\\/\",\"url\":\"https:\\\/\\\/www.deinadieu.ch\\\/fr\\\/demande-partenariat-avec-deinadieu\\\/\",\"name\":\"Demande \u2013 Partenariat avec DeinAdieu | DeinAdieu.ch\",\"isPartOf\":{\"@id\":\"https:\\\/\\\/www.deinadieu.ch\\\/fr\\\/#website\"},\"datePublished\":\"2024-10-23T09:11:00+00:00\",\"dateModified\":\"2024-10-29T11:25:55+00:00\",\"description\":\"DeinAdieu hilft rund um die Themen Vorsorge, Testament, Patientenverf\u00fcgung, Vorsorgeauftrag und testamentarische Ber\u00fccksichtigung eines Schweizer Hilfswerks.\",\"breadcrumb\":{\"@id\":\"https:\\\/\\\/www.deinadieu.ch\\\/fr\\\/demande-partenariat-avec-deinadieu\\\/#breadcrumb\"},\"inLanguage\":\"fr-FR\",\"potentialAction\":[{\"@type\":\"ReadAction\",\"target\":[\"https:\\\/\\\/www.deinadieu.ch\\\/fr\\\/demande-partenariat-avec-deinadieu\\\/\"]}]},{\"@type\":\"BreadcrumbList\",\"@id\":\"https:\\\/\\\/www.deinadieu.ch\\\/fr\\\/demande-partenariat-avec-deinadieu\\\/#breadcrumb\",\"itemListElement\":[{\"@type\":\"ListItem\",\"position\":1,\"name\":\"Home\",\"item\":\"https:\\\/\\\/www.deinadieu.ch\\\/fr\\\/deinadieu-dialog-und-serviceportal-zum-lebensende\\\/\"},{\"@type\":\"ListItem\",\"position\":2,\"name\":\"Demande \u2013 Partenariat avec DeinAdieu\"}]},{\"@type\":\"WebSite\",\"@id\":\"https:\\\/\\\/www.deinadieu.ch\\\/fr\\\/#website\",\"url\":\"https:\\\/\\\/www.deinadieu.ch\\\/fr\\\/\",\"name\":\"DeinAdieu.ch\",\"description\":\"Testament, Patientenverf\u00fcgung und Vorsorgeauftrag\",\"publisher\":{\"@id\":\"https:\\\/\\\/www.deinadieu.ch\\\/fr\\\/#organization\"},\"potentialAction\":[{\"@type\":\"SearchAction\",\"target\":{\"@type\":\"EntryPoint\",\"urlTemplate\":\"https:\\\/\\\/www.deinadieu.ch\\\/fr\\\/?s={search_term_string}\"},\"query-input\":{\"@type\":\"PropertyValueSpecification\",\"valueRequired\":true,\"valueName\":\"search_term_string\"}}],\"inLanguage\":\"fr-FR\"},{\"@type\":\"Organization\",\"@id\":\"https:\\\/\\\/www.deinadieu.ch\\\/fr\\\/#organization\",\"name\":\"EMNA Web GmbH\",\"url\":\"https:\\\/\\\/www.deinadieu.ch\\\/fr\\\/\",\"logo\":{\"@type\":\"ImageObject\",\"inLanguage\":\"fr-FR\",\"@id\":\"https:\\\/\\\/www.deinadieu.ch\\\/fr\\\/#\\\/schema\\\/logo\\\/image\\\/\",\"url\":\"https:\\\/\\\/www.deinadieu.ch\\\/wp-content\\\/uploads\\\/2016\\\/01\\\/DeinAdieu_Logo.png\",\"contentUrl\":\"https:\\\/\\\/www.deinadieu.ch\\\/wp-content\\\/uploads\\\/2016\\\/01\\\/DeinAdieu_Logo.png\",\"width\":300,\"height\":117,\"caption\":\"EMNA Web GmbH\"},\"image\":{\"@id\":\"https:\\\/\\\/www.deinadieu.ch\\\/fr\\\/#\\\/schema\\\/logo\\\/image\\\/\"},\"sameAs\":[\"https:\\\/\\\/www.facebook.com\\\/deinadieu\",\"https:\\\/\\\/x.com\\\/DeinAdieu\",\"https:\\\/\\\/www.instagram.com\\\/deinadieu\\\/\",\"https:\\\/\\\/www.linkedin.com\\\/company\\\/deinadieu.ch\"]}]}<\/script>","yoast_head_json":{"title":"Demande \u2013 Partenariat avec DeinAdieu | DeinAdieu.ch","description":"DeinAdieu hilft rund um die Themen Vorsorge, Testament, Patientenverf\u00fcgung, Vorsorgeauftrag und testamentarische Ber\u00fccksichtigung eines Schweizer Hilfswerks.","robots":{"index":"index","follow":"follow","max-snippet":"max-snippet:-1","max-image-preview":"max-image-preview:large","max-video-preview":"max-video-preview:-1"},"canonical":"https:\/\/www.deinadieu.ch\/fr\/demande-partenariat-avec-deinadieu\/","og_locale":"fr_FR","og_type":"article","og_title":"Demande \u2013 Partenariat avec DeinAdieu","og_description":"Nous vous contacterons volontiers pour un premier entretien sans engagement. Pour ce faire, veuillez remplir le formulaire ci-dessous.","og_url":"https:\/\/www.deinadieu.ch\/fr\/demande-partenariat-avec-deinadieu\/","og_site_name":"DeinAdieu.ch","article_publisher":"https:\/\/www.facebook.com\/deinadieu","article_modified_time":"2024-10-29T11:25:55+00:00","twitter_card":"summary_large_image","twitter_site":"@DeinAdieu","schema":{"@context":"https:\/\/schema.org","@graph":[{"@type":"WebPage","@id":"https:\/\/www.deinadieu.ch\/fr\/demande-partenariat-avec-deinadieu\/","url":"https:\/\/www.deinadieu.ch\/fr\/demande-partenariat-avec-deinadieu\/","name":"Demande \u2013 Partenariat avec DeinAdieu | DeinAdieu.ch","isPartOf":{"@id":"https:\/\/www.deinadieu.ch\/fr\/#website"},"datePublished":"2024-10-23T09:11:00+00:00","dateModified":"2024-10-29T11:25:55+00:00","description":"DeinAdieu hilft rund um die Themen Vorsorge, Testament, Patientenverf\u00fcgung, Vorsorgeauftrag und testamentarische Ber\u00fccksichtigung eines Schweizer Hilfswerks.","breadcrumb":{"@id":"https:\/\/www.deinadieu.ch\/fr\/demande-partenariat-avec-deinadieu\/#breadcrumb"},"inLanguage":"fr-FR","potentialAction":[{"@type":"ReadAction","target":["https:\/\/www.deinadieu.ch\/fr\/demande-partenariat-avec-deinadieu\/"]}]},{"@type":"BreadcrumbList","@id":"https:\/\/www.deinadieu.ch\/fr\/demande-partenariat-avec-deinadieu\/#breadcrumb","itemListElement":[{"@type":"ListItem","position":1,"name":"Home","item":"https:\/\/www.deinadieu.ch\/fr\/deinadieu-dialog-und-serviceportal-zum-lebensende\/"},{"@type":"ListItem","position":2,"name":"Demande \u2013 Partenariat avec DeinAdieu"}]},{"@type":"WebSite","@id":"https:\/\/www.deinadieu.ch\/fr\/#website","url":"https:\/\/www.deinadieu.ch\/fr\/","name":"DeinAdieu.ch","description":"Testament, Patientenverf\u00fcgung und Vorsorgeauftrag","publisher":{"@id":"https:\/\/www.deinadieu.ch\/fr\/#organization"},"potentialAction":[{"@type":"SearchAction","target":{"@type":"EntryPoint","urlTemplate":"https:\/\/www.deinadieu.ch\/fr\/?s={search_term_string}"},"query-input":{"@type":"PropertyValueSpecification","valueRequired":true,"valueName":"search_term_string"}}],"inLanguage":"fr-FR"},{"@type":"Organization","@id":"https:\/\/www.deinadieu.ch\/fr\/#organization","name":"EMNA Web GmbH","url":"https:\/\/www.deinadieu.ch\/fr\/","logo":{"@type":"ImageObject","inLanguage":"fr-FR","@id":"https:\/\/www.deinadieu.ch\/fr\/#\/schema\/logo\/image\/","url":"https:\/\/www.deinadieu.ch\/wp-content\/uploads\/2016\/01\/DeinAdieu_Logo.png","contentUrl":"https:\/\/www.deinadieu.ch\/wp-content\/uploads\/2016\/01\/DeinAdieu_Logo.png","width":300,"height":117,"caption":"EMNA Web GmbH"},"image":{"@id":"https:\/\/www.deinadieu.ch\/fr\/#\/schema\/logo\/image\/"},"sameAs":["https:\/\/www.facebook.com\/deinadieu","https:\/\/x.com\/DeinAdieu","https:\/\/www.instagram.com\/deinadieu\/","https:\/\/www.linkedin.com\/company\/deinadieu.ch"]}]}},"_links":{"self":[{"href":"https:\/\/www.deinadieu.ch\/fr\/wp-json\/wp\/v2\/pages\/68666","targetHints":{"allow":["GET"]}}],"collection":[{"href":"https:\/\/www.deinadieu.ch\/fr\/wp-json\/wp\/v2\/pages"}],"about":[{"href":"https:\/\/www.deinadieu.ch\/fr\/wp-json\/wp\/v2\/types\/page"}],"author":[{"embeddable":true,"href":"https:\/\/www.deinadieu.ch\/fr\/wp-json\/wp\/v2\/users\/4998"}],"replies":[{"embeddable":true,"href":"https:\/\/www.deinadieu.ch\/fr\/wp-json\/wp\/v2\/comments?post=68666"}],"version-history":[{"count":1,"href":"https:\/\/www.deinadieu.ch\/fr\/wp-json\/wp\/v2\/pages\/68666\/revisions"}],"predecessor-version":[{"id":68667,"href":"https:\/\/www.deinadieu.ch\/fr\/wp-json\/wp\/v2\/pages\/68666\/revisions\/68667"}],"wp:attachment":[{"href":"https:\/\/www.deinadieu.ch\/fr\/wp-json\/wp\/v2\/media?parent=68666"}],"curies":[{"name":"wp","href":"https:\/\/api.w.org\/{rel}","templated":true}]}}